{"id":26057,"date":"2015-12-14T09:55:00","date_gmt":"2015-12-14T08:55:00","guid":{"rendered":"https:\/\/www.storevan.com\/fr\/furgoni-dacia\/"},"modified":"2018-10-01T08:57:23","modified_gmt":"2018-10-01T08:57:23","slug":"fourgons-dacia","status":"publish","type":"page","link":"https:\/\/www.storevan.com\/fr\/amenagement-vehicules-utilitaires\/fourgons-dacia\/","title":{"rendered":"Dacia"},"content":{"rendered":"<h1 class=\"customblackTitleSmall\">Am\u00e9nagement fourgons Dacia<\/h1>\n<h2>Solutions d&rsquo;am\u00e9nagement pour v\u00e9hicules utilitaires Dacia<\/h2>\n<p><img decoding=\"async\" loading=\"lazy\" class=\"alignright wp-image-43689 size-full\" title=\"Am\u00e9nagement Dacia\" src=\"https:\/\/www.storevan.com\/wp-content\/uploads\/2017\/01\/HOME2-Allestimenti-DACIA.png\" alt=\"Am\u00e9nagement Dacia\" width=\"116\" height=\"105\" \/><br \/>\nStore Van produit des solutions d\u2019am\u00e9nagement sp\u00e9cifiques pour les fourgons Dacia. Rev\u00eatements pour la protection de l\u2019espace de chargement, galeries de toit et porte-\u00e9chelles pour transporter un chargement en toute s\u00e9curit\u00e9 sur le toit du fourgon, et nombreux rayonnages pour \u00e9quiper le v\u00e9hicule utilitaire en fonction des exigences professionnelles sp\u00e9cifiques.<\/p>\n<h3 class=\"customblackTitleExtraSmall\">S\u00c9LECTIONNEZ LE MOD\u00c8LE DE VOTRE FOURGON DACIA:<\/h3>\n<div class=\"one_third\"><\/div><div class=\"one_third last\">\n<p class=\"text-center\"><strong>DOKKER 2012<\/strong><\/p>\n<hr \/>\n<p><a href=\"https:\/\/www.storevan.com\/fr\/amenagement-vehicules-utilitaires\/fourgons-dacia\/dokker\/\" class=\"txtOrange\" title=\"Am\u00e9nagement pour Dokker\"><img decoding=\"async\" loading=\"lazy\" class=\"aligncenter size-full wp-image-54329\" src=\"https:\/\/www.storevan.com\/wp-content\/uploads\/2015\/12\/Allestimento-furgoni-Dacia-Dokker.jpg\" alt=\"Am\u00e9nagement fourgons Dacia Dokker\" width=\"350\" height=\"220\" srcset=\"https:\/\/www.storevan.com\/wp-content\/uploads\/2015\/12\/Allestimento-furgoni-Dacia-Dokker.jpg 350w, https:\/\/www.storevan.com\/wp-content\/uploads\/2015\/12\/Allestimento-furgoni-Dacia-Dokker-300x189.jpg 300w\" sizes=\"(max-width: 350px) 100vw, 350px\" \/><br \/>\nAm\u00e9nagement pour Dokker<i class=\"fa fa-angle-double-right\"><\/i><\/a><br \/>\n<a href=\"https:\/\/www.storevan.com\/fr\/amenagement-vehicules-utilitaires\/fourgons-dacia\/dokker\/planchers-habillages\/\" class=\"txtOrange\" title=\"Plancher et rev\u00eatements int\u00e9rieurs Dokker\">Plancher et rev\u00eatements int\u00e9rieurs  <i class=\"fa fa-angle-double-right\"><\/i><\/a><br \/>\n<a href=\"https:\/\/www.storevan.com\/fr\/amenagement-vehicules-utilitaires\/fourgons-dacia\/dokker\/porte-tout-porte-echelles\/\" class=\"txtOrange\" title=\"Porte-\u00e9chelles et porte-tubes pour Dokker\">Porte-\u00e9chelles et porte-tubes <i class=\"fa fa-angle-double-right\"><\/i><\/a> <\/p>\n<hr noshade=\"noshade\" size=\"1\" class=\"visible-xs\" \/>\n<\/div><div class=\"clearboth\"><\/div>\n","protected":false},"excerpt":{"rendered":"<p>Am\u00e9nagement fourgons Dacia Solutions d&rsquo;am\u00e9nagement pour v\u00e9hicules utilitaires Dacia Store Van produit des solutions d\u2019am\u00e9nagement sp\u00e9cifiques pour les fourgons Dacia. Rev\u00eatements pour la protection de l\u2019espace de chargement, galeries de.<\/p>\n","protected":false},"author":470,"featured_media":0,"parent":26069,"menu_order":0,"comment_status":"closed","ping_status":"closed","template":"","meta":[],"acf":[],"yoast_head":"<!-- This site is optimized with the Yoast SEO plugin v20.11 - https:\/\/yoast.com\/wordpress\/plugins\/seo\/ -->\n<title>Am\u00e9nagement fourgons Dacia<\/title>\n<meta name=\"description\" content=\"Store Van produit des solutions d\u2019am\u00e9nagement sp\u00e9cifiques pour les fourgons Dacia. Rev\u00eatements pour la protection de l\u2019espace de chargement,..\" \/>\n<meta name=\"robots\" content=\"index, follow, max-snippet:-1, max-image-preview:large, max-video-preview:-1\" \/>\n<link rel=\"canonical\" href=\"https:\/\/www.storevan.com\/fr\/amenagement-vehicules-utilitaires\/fourgons-dacia\/\" \/>\n<meta property=\"og:locale\" content=\"fr_FR\" \/>\n<meta property=\"og:type\" content=\"article\" \/>\n<meta property=\"og:title\" content=\"Am\u00e9nagement fourgons Dacia\" \/>\n<meta property=\"og:description\" content=\"Store Van produit des solutions d\u2019am\u00e9nagement sp\u00e9cifiques pour les fourgons Dacia. Rev\u00eatements pour la protection de l\u2019espace de chargement,..\" \/>\n<meta property=\"og:url\" content=\"https:\/\/www.storevan.com\/fr\/amenagement-vehicules-utilitaires\/fourgons-dacia\/\" \/>\n<meta property=\"og:site_name\" content=\"Store Van\" \/>\n<meta property=\"article:modified_time\" content=\"2018-10-01T08:57:23+00:00\" \/>\n<meta property=\"og:image\" content=\"https:\/\/www.storevan.com\/wp-content\/uploads\/2017\/01\/HOME2-Allestimenti-DACIA.png\" \/>\n<meta name=\"twitter:label1\" content=\"Dur\u00e9e de lecture estim\u00e9e\" \/>\n\t<meta name=\"twitter:data1\" content=\"1 minute\" \/>\n<script type=\"application\/ld+json\" class=\"yoast-schema-graph\">{\"@context\":\"https:\/\/schema.org\",\"@graph\":[{\"@type\":\"WebPage\",\"@id\":\"https:\/\/www.storevan.com\/fr\/amenagement-vehicules-utilitaires\/fourgons-dacia\/\",\"url\":\"https:\/\/www.storevan.com\/fr\/amenagement-vehicules-utilitaires\/fourgons-dacia\/\",\"name\":\"Am\u00e9nagement fourgons Dacia\",\"isPartOf\":{\"@id\":\"https:\/\/www.storevan.com\/pl\/#website\"},\"datePublished\":\"2015-12-14T08:55:00+00:00\",\"dateModified\":\"2018-10-01T08:57:23+00:00\",\"description\":\"Store Van produit des solutions d\u2019am\u00e9nagement sp\u00e9cifiques pour les fourgons Dacia. Rev\u00eatements pour la protection de l\u2019espace de chargement,..\",\"breadcrumb\":{\"@id\":\"https:\/\/www.storevan.com\/fr\/amenagement-vehicules-utilitaires\/fourgons-dacia\/#breadcrumb\"},\"inLanguage\":\"fr-FR\",\"potentialAction\":[{\"@type\":\"ReadAction\",\"target\":[\"https:\/\/www.storevan.com\/fr\/amenagement-vehicules-utilitaires\/fourgons-dacia\/\"]}]},{\"@type\":\"BreadcrumbList\",\"@id\":\"https:\/\/www.storevan.com\/fr\/amenagement-vehicules-utilitaires\/fourgons-dacia\/#breadcrumb\",\"itemListElement\":[{\"@type\":\"ListItem\",\"position\":1,\"name\":\"Home\",\"item\":\"https:\/\/www.storevan.com\/fr\/\"},{\"@type\":\"ListItem\",\"position\":2,\"name\":\"Am\u00e9nagement de v\u00e9hicule utilitaire\",\"item\":\"https:\/\/www.storevan.com\/fr\/amenagement-vehicules-utilitaires\/\"},{\"@type\":\"ListItem\",\"position\":3,\"name\":\"Dacia\"}]},{\"@type\":\"WebSite\",\"@id\":\"https:\/\/www.storevan.com\/pl\/#website\",\"url\":\"https:\/\/www.storevan.com\/pl\/\",\"name\":\"Store Van\",\"description\":\"Am\u00e9nagements fourgons\",\"potentialAction\":[{\"@type\":\"SearchAction\",\"target\":{\"@type\":\"EntryPoint\",\"urlTemplate\":\"https:\/\/www.storevan.com\/pl\/?s={search_term_string}\"},\"query-input\":\"required name=search_term_string\"}],\"inLanguage\":\"fr-FR\"}]}<\/script>\n<!-- \/ Yoast SEO plugin. -->","yoast_head_json":{"title":"Am\u00e9nagement fourgons Dacia","description":"Store Van produit des solutions d\u2019am\u00e9nagement sp\u00e9cifiques pour les fourgons Dacia. Rev\u00eatements pour la protection de l\u2019espace de chargement,..","robots":{"index":"index","follow":"follow","max-snippet":"max-snippet:-1","max-image-preview":"max-image-preview:large","max-video-preview":"max-video-preview:-1"},"canonical":"https:\/\/www.storevan.com\/fr\/amenagement-vehicules-utilitaires\/fourgons-dacia\/","og_locale":"fr_FR","og_type":"article","og_title":"Am\u00e9nagement fourgons Dacia","og_description":"Store Van produit des solutions d\u2019am\u00e9nagement sp\u00e9cifiques pour les fourgons Dacia. Rev\u00eatements pour la protection de l\u2019espace de chargement,..","og_url":"https:\/\/www.storevan.com\/fr\/amenagement-vehicules-utilitaires\/fourgons-dacia\/","og_site_name":"Store Van","article_modified_time":"2018-10-01T08:57:23+00:00","og_image":[{"url":"https:\/\/www.storevan.com\/wp-content\/uploads\/2017\/01\/HOME2-Allestimenti-DACIA.png"}],"twitter_misc":{"Dur\u00e9e de lecture estim\u00e9e":"1 minute"},"schema":{"@context":"https:\/\/schema.org","@graph":[{"@type":"WebPage","@id":"https:\/\/www.storevan.com\/fr\/amenagement-vehicules-utilitaires\/fourgons-dacia\/","url":"https:\/\/www.storevan.com\/fr\/amenagement-vehicules-utilitaires\/fourgons-dacia\/","name":"Am\u00e9nagement fourgons Dacia","isPartOf":{"@id":"https:\/\/www.storevan.com\/pl\/#website"},"datePublished":"2015-12-14T08:55:00+00:00","dateModified":"2018-10-01T08:57:23+00:00","description":"Store Van produit des solutions d\u2019am\u00e9nagement sp\u00e9cifiques pour les fourgons Dacia. Rev\u00eatements pour la protection de l\u2019espace de chargement,..","breadcrumb":{"@id":"https:\/\/www.storevan.com\/fr\/amenagement-vehicules-utilitaires\/fourgons-dacia\/#breadcrumb"},"inLanguage":"fr-FR","potentialAction":[{"@type":"ReadAction","target":["https:\/\/www.storevan.com\/fr\/amenagement-vehicules-utilitaires\/fourgons-dacia\/"]}]},{"@type":"BreadcrumbList","@id":"https:\/\/www.storevan.com\/fr\/amenagement-vehicules-utilitaires\/fourgons-dacia\/#breadcrumb","itemListElement":[{"@type":"ListItem","position":1,"name":"Home","item":"https:\/\/www.storevan.com\/fr\/"},{"@type":"ListItem","position":2,"name":"Am\u00e9nagement de v\u00e9hicule utilitaire","item":"https:\/\/www.storevan.com\/fr\/amenagement-vehicules-utilitaires\/"},{"@type":"ListItem","position":3,"name":"Dacia"}]},{"@type":"WebSite","@id":"https:\/\/www.storevan.com\/pl\/#website","url":"https:\/\/www.storevan.com\/pl\/","name":"Store Van","description":"Am\u00e9nagements fourgons","potentialAction":[{"@type":"SearchAction","target":{"@type":"EntryPoint","urlTemplate":"https:\/\/www.storevan.com\/pl\/?s={search_term_string}"},"query-input":"required name=search_term_string"}],"inLanguage":"fr-FR"}]}},"_links":{"self":[{"href":"https:\/\/www.storevan.com\/fr\/wp-json\/wp\/v2\/pages\/26057"}],"collection":[{"href":"https:\/\/www.storevan.com\/fr\/wp-json\/wp\/v2\/pages"}],"about":[{"href":"https:\/\/www.storevan.com\/fr\/wp-json\/wp\/v2\/types\/page"}],"author":[{"embeddable":true,"href":"https:\/\/www.storevan.com\/fr\/wp-json\/wp\/v2\/users\/470"}],"replies":[{"embeddable":true,"href":"https:\/\/www.storevan.com\/fr\/wp-json\/wp\/v2\/comments?post=26057"}],"version-history":[{"count":6,"href":"https:\/\/www.storevan.com\/fr\/wp-json\/wp\/v2\/pages\/26057\/revisions"}],"predecessor-version":[{"id":91218,"href":"https:\/\/www.storevan.com\/fr\/wp-json\/wp\/v2\/pages\/26057\/revisions\/91218"}],"up":[{"embeddable":true,"href":"https:\/\/www.storevan.com\/fr\/wp-json\/wp\/v2\/pages\/26069"}],"wp:attachment":[{"href":"https:\/\/www.storevan.com\/fr\/wp-json\/wp\/v2\/media?parent=26057"}],"curies":[{"name":"wp","href":"https:\/\/api.w.org\/{rel}","templated":true}]}}