{"id":26045,"date":"2015-12-09T10:02:07","date_gmt":"2015-12-09T09:02:07","guid":{"rendered":"https:\/\/www.storevan.com\/fr\/furgoni-citroen\/nemo\/"},"modified":"2022-04-20T14:19:40","modified_gmt":"2022-04-20T14:19:40","slug":"nemo","status":"publish","type":"page","link":"https:\/\/www.storevan.com\/fr\/amenagement-vehicules-utilitaires\/fourgons-citroen\/nemo\/","title":{"rendered":"Nemo"},"content":{"rendered":"<h1 class=\"customblackTitleSmall\">Am\u00e9nagements fourgons Citro\u00ebn Nemo<\/h1>\n<p>Nous r\u00e9alisons diff\u00e9rentes versions d\u2019am\u00e9nagements pour <strong>fourgons Citro\u00ebn Nemo<\/strong>, en garantissant la r\u00e9sistance, la modularit\u00e9 et la personnalisation de chaque solution d\u2019am\u00e9nagement. Nous installons dans l\u2019espace de chargement du fourgon des am\u00e9nagements qui se caract\u00e9risent pour une haute r\u00e9sistance \u00e0 la corrosion, \u00e0 la d\u00e9t\u00e9rioration et \u00e0 la d\u00e9formation. Nos modules, construits avec de la t\u00f4le recuite par galvanisation, une mati\u00e8re premi\u00e8re extr\u00eamement r\u00e9sistante \u00e0 la rouille, sont soumis au traitement de peinture par cataphor\u00e8se, qui les rend encore plus r\u00e9sistants aux agents chimiques et atmosph\u00e9riques. Store Van est le seul producteur d\u2019am\u00e9nagements pour v\u00e9hicules utilitaires AU MONDE \u00e0 utiliser cette technologie consistant \u00e0 plonger la t\u00f4le dans de la r\u00e9sine acrylique qui se d\u00e9pose de mani\u00e8re uniforme sur la surface de l\u2019\u00e9l\u00e9ment.<\/p>\n<h3 class=\"customblackTitleExtraSmall\">SOLUTIONS D\u2019AM\u00c9NAGEMENT:<\/h3>\n<section id=\"imgSlide\" class=\"regular sliderSV\">\n<div>\n<div class=\"txtBlue\">SAFETY<\/div>\n<div class=\"ts-gallery\"><a title=\"Am\u00e9nagements int\u00e9rieurs Safety pour fourgon Citro\u00ebn Nemo\" href=\"https:\/\/www.storevan.com\/wp-content\/uploads\/veicoli\/pianali-pannellature\/allestimenti-furgoni-piccoli-Safety.jpg\"><img decoding=\"async\" loading=\"lazy\" class=\"alignnone size-medium wp-image-69546\" src=\"https:\/\/www.storevan.com\/wp-content\/uploads\/veicoli\/pianali-pannellature\/allestimenti-furgoni-piccoli-Safety-300x171.jpg\" alt=\"Safety, l'am\u00e9nagement pour fourgons Citro\u00ebn Nemo\" width=\"300\" height=\"171\" \/><\/a><\/div>\n<h3 class=\"bigTxt\">Safety, rayonnages avec arrimage des charges de s\u00e9rie<\/h3>\n<div class=\"borderTitle\"><\/div>\n<p>Exemples d&rsquo;am\u00e9nagements:<\/p>\n<p><a title=\"Am\u00e9nagements int\u00e9rieurs Safety pour fourgon Citro\u00ebn Nemo L1 H1\" href=\"https:\/\/www.storevan.com\/fr\/exemples-amenagement\/citroen-nemo-l1-h1-safety\/\"><strong>L1 H1<\/strong> (Empattement 2513 mm)<\/a><\/p>\n<\/div>\n<div>\n<div class=\"txtBlue\">PROFESSIONAL<\/div>\n<div class=\"ts-gallery\"><a title=\"Am\u00e9nagements int\u00e9rieurs Professional pour fourgon Citro\u00ebn Nemo\" href=\"https:\/\/www.storevan.com\/wp-content\/uploads\/veicoli\/pianali-pannellature\/scaffalature-per-furgone-piccolo-Professional.jpg\"><img decoding=\"async\" loading=\"lazy\" class=\"alignnone size-medium wp-image-69564\" src=\"https:\/\/www.storevan.com\/wp-content\/uploads\/veicoli\/pianali-pannellature\/scaffalature-per-furgone-piccolo-Professional-300x171.jpg\" alt=\"Am\u00e9nagements int\u00e9rieurs Professional pour fourgon Citro\u00ebn Nemo\" width=\"300\" height=\"171\" \/><\/a><\/div>\n<h3 class=\"bigTxt\">Professional, rayonnages avec syst\u00e8mes de maintien Airline suppl\u00e9mentaires<\/h3>\n<div class=\"borderTitle\"><\/div>\n<p>Exemples d&rsquo;am\u00e9nagements:<\/p>\n<p><a title=\"Am\u00e9nagement professional pour fourgon Citro\u00ebn Nemo L1 H1\" href=\"https:\/\/www.storevan.com\/fr\/exemples-amenagement\/citroen-nemo-l1-h1-professional\/\"><strong>L1 H1<\/strong> (Empattement 2513 mm)<\/a><\/p>\n<\/div>\n<div>\n<div class=\"txtBlue\">MOBILE<\/div>\n<div id=\"myGallery\" class=\"ts-gallery\"><a title=\"Am\u00e9nagements int\u00e9rieurs Mobile pour fourgon Citro\u00ebn Nemo\" href=\"https:\/\/www.storevan.com\/wp-content\/uploads\/veicoli\/pianali-pannellature\/allestimento-furgoni-piccoli-Mobile.jpg\"><img decoding=\"async\" loading=\"lazy\" class=\"alignnone wp-image-69552 size-medium\" src=\"https:\/\/www.storevan.com\/wp-content\/uploads\/veicoli\/pianali-pannellature\/allestimento-furgoni-piccoli-Mobile-300x171.jpg\" alt=\"Mobile, l'allestimento furgoni Citro\u00ebn Nemo\" width=\"300\" height=\"171\" \/><\/a><\/div>\n<h3 class=\"bigTxt\">Mobile, am\u00e9nagement compl\u00e9t\u00e9 avec des mallettes pour petites pi\u00e8ces et des chariots<\/h3>\n<div class=\"borderTitle\"><\/div>\n<p>Exemples d&rsquo;am\u00e9nagements:<\/p>\n<p><a title=\"Am\u00e9nagements Mobile pour fourgon Citro\u00ebn Nemo L1 H1\" href=\"https:\/\/www.storevan.com\/fr\/exemples-amenagement\/citroen-nemo-l1-h1-mobile\/\"><strong>L1 H1<\/strong> (Empattement 2513 mm)<\/a><\/p>\n<\/div>\n<div>\n<div class=\"txtBlue\">FLOOR UP<\/div>\n<div class=\"ts-gallery\"><a title=\"Am\u00e9nagements int\u00e9rieurs Floor Up pour fourgon Citro\u00ebn Nemo\" href=\"https:\/\/www.storevan.com\/wp-content\/uploads\/veicoli\/pianali-pannellature\/pianale-rialzato-con-cassetti-Floor-up.jpg\"><img decoding=\"async\" loading=\"lazy\" class=\"alignnone size-medium wp-image-69558\" src=\"https:\/\/www.storevan.com\/wp-content\/uploads\/veicoli\/pianali-pannellature\/pianale-rialzato-con-cassetti-Floor-up-300x171.jpg\" alt=\"Floor Up, l'am\u00e9nagement pour fourgons Floor Up\" width=\"300\" height=\"171\" \/><\/a><\/div>\n<h3 class=\"bigTxt\">Floor Up, solution avec des tiroirs sous le plancher et des rayonnages pour fourgons de petite taille et de taille moyenne<\/h3>\n<div class=\"borderTitle\"><\/div>\n<p>Exemples d&rsquo;am\u00e9nagements:<\/p>\n<p><a title=\"Floor Up, am\u00e9nagement pour fourgon Citro\u00ebn Nemo L1 H1\" href=\"https:\/\/www.storevan.com\/fr\/exemples-amenagement\/citroen-nemo-l1-h1-floor-up\/\"><strong>L1 H1<\/strong> (Empattement 2513 mm)<\/a><\/p>\n<\/div>\n<\/section>\n<hr class=\"noColor\" \/>\n<p class=\"btn btnLink\" ><strong>Cliquer ici pour en savoir plus sur les solutions <a title=\"Solution d\u2019am\u00e9nagements Safety, Professional et Mobile\" href=\"https:\/\/www.storevan.com\/allestimenti-interni-furgoni\/\" style=\"margin-right:0;\">SAFETY, PROFESSIONAL, MOBILE<\/a> et <a title=\"Solution d\u2019am\u00e9nagements Floor Up\" href=\"https:\/\/www.storevan.com\/prodotti\/allestimenti-pianale-rialzato-sottopianale\/\" style=\"margin-right:0;\">FLOOR UP<\/a><\/strong><\/p>\n<h3 class=\"bigTxt text-center txtGrey\">LA BASE POUR UNE PROTECTION S\u00dbRE DES V\u00c9HICULES<\/h3>\n<hr class=\"noColor\" \/>\n<div class=\"two_third\">\n<a title=\"Rev\u00eatement int\u00e9rieur et plancher pour Citro\u00ebn Nemo\" href=\"https:\/\/www.storevan.com\/fr\/amenagement-vehicules-utilitaires\/fourgons-citroen\/nemo\/planchers-habillages\/\"><img decoding=\"async\" loading=\"lazy\" class=\"aligncenter size-full wp-image-64855\" src=\"https:\/\/www.storevan.com\/wp-content\/uploads\/veicoli\/pianali-pannellature\/pianali-furgone-rivestimento-interno.jpg\" alt=\"Rev\u00eatement int\u00e9rieur et plancher pour Citro\u00ebn Nemo\" width=\"750\" height=\"600\" \/><\/a><\/p>\n<\/div><div class=\"one_third last\">\n<div class=\"boxBorder\">\n<h4 class=\"bigTxt blue hidden-xs\">PLANCHER NEMO ET REV\u00caTEMENT INT\u00c9RIEUR<\/h4>\n<div class=\"borderTitleCenter hidden-xs\"><\/div>\n<h5 class=\"hidden-xs\">Solutions certifi\u00e9 par T\u00dcV.<img decoding=\"async\" loading=\"lazy\" class=\"alignnone size-full wp-image-67766\" src=\"https:\/\/www.storevan.com\/wp-content\/uploads\/veicoli\/pianali-pannellature\/logo-ISO9001.jpg\" alt=\"Attrito certificato T\u00dcV\" width=\"50\" height=\"50\" \/><\/h5>\n<div class=\"borderTitleCenter hidden-xs\"><\/div>\n<hr class=\"noColor hidden-xs\" \/>\n<div class=\"ts-gallery hidden-xs\"><div class=\"one_half\">\n<a href=\"https:\/\/www.storevan.com\/wp-content\/uploads\/veicoli\/pianali-pannellature\/Dettaglio-pianale-per-furgone-con-punti-ancoraggio-verticali-e-orizzontali.jpg\"><img decoding=\"async\" loading=\"lazy\" class=\"alignnone wp-image-64379 size-thumbnail\" title=\"Dettaglio pianale per furgone con punti ancoraggio\" src=\"https:\/\/www.storevan.com\/wp-content\/uploads\/veicoli\/pianali-pannellature\/Dettaglio-pianale-per-furgone-con-punti-ancoraggio-verticali-e-orizzontali-150x150.jpg\" alt=\"Dettaglio pianale per furgone con punti ancoraggio\" width=\"150\" height=\"150\" \/><\/a><br \/>\n<\/div><div class=\"one_half last\">\n<a href=\"https:\/\/www.storevan.com\/wp-content\/uploads\/veicoli\/pianali-pannellature\/allestimento-per-furgone-con-pianale-wood-floor.jpg\"><img decoding=\"async\" loading=\"lazy\" class=\"alignnone wp-image-64448 size-thumbnail\" title=\"Fissaggio del carico su pianale furgone\" src=\"https:\/\/www.storevan.com\/wp-content\/uploads\/veicoli\/pianali-pannellature\/allestimento-per-furgone-con-pianale-wood-floor-150x150.jpg\" alt=\"Fissaggio del carico su pianale furgone safety-floor\" width=\"150\" height=\"150\" \/><\/a><br \/>\n<\/div><div class=\"clearboth\"><\/div><\/div>\n<div class=\"ts-gallery hidden-xs\"><div class=\"one_half\">\n<a href=\"https:\/\/www.storevan.com\/wp-content\/uploads\/veicoli\/pianali-pannellature\/guide-airline-soffitto-furgone.jpg\"><img decoding=\"async\" loading=\"lazy\" class=\"alignnone wp-image-64391 size-thumbnail\" title=\"Pianale per furgoni Safety Floor\" src=\"https:\/\/www.storevan.com\/wp-content\/uploads\/veicoli\/pianali-pannellature\/guide-airline-soffitto-furgone-150x150.jpg\" alt=\"Pianale per furgoni Safety Floor\" width=\"150\" height=\"150\" \/><\/a><br \/>\n<\/div><div class=\"one_half last\">\n<a href=\"https:\/\/www.storevan.com\/wp-content\/uploads\/veicoli\/pianali-pannellature\/pianale-per-furgone-con-barre-fermacarico.jpg\"><img decoding=\"async\" loading=\"lazy\" class=\"alignnone wp-image-64415 size-thumbnail\" title=\"Pianale per furgone con barre fermacarico\" src=\"https:\/\/www.storevan.com\/wp-content\/uploads\/veicoli\/pianali-pannellature\/pianale-per-furgone-con-barre-fermacarico-150x150.jpg\" alt=\"Pianale per furgone con barre fermacarico\" width=\"150\" height=\"150\" \/><\/a><br \/>\n<\/div><div class=\"clearboth\"><\/div><\/div>\n<div class=\"btnFullWidth\"><a class=\"btn btn-blue\" href=\"https:\/\/www.storevan.com\/fr\/amenagement-vehicules-utilitaires\/fourgons-citroen\/nemo\/planchers-habillages\/\">PLANCHERS ET HABILLAGES POUR NEMO<i class=\"fa fa-angle-double-right\"><\/i><\/a><\/div>\n<\/div>\n<\/div><div class=\"clearboth\"><\/div>\n<p>Outillages et marchandises non arrim\u00e9s, bosses, rouille et usure\u00a0: telles sont les principales menaces pour la carrosserie int\u00e9rieure du Nemo et pour le portefeuille de son propri\u00e9taire. C\u2019est avec la plus grande minutie que Store Van a con\u00e7u les planchers et les habillages\u00a0afin d\u2019obtenir une <strong>r\u00e9sistance maximale dans la dur\u00e9e, et une protection et une s\u00e9curisation optimales de la marchandise transport\u00e9e et de la carrosserie<\/strong>.<\/p>\n<p>R\u00e9alis\u00e9 en bois ph\u00e9nolique multiplis ou en aluminium larm\u00e9, le plancher prot\u00e8ge la t\u00f4le de fond des sollicitations li\u00e9es au transport; de m\u00eame, les habillages lat\u00e9raux compos\u00e9s de plaques alv\u00e9olaires en polypropyl\u00e8ne pr\u00e9servent les parois lat\u00e9rales des bosses, souvent co\u00fbteuses \u00e0 r\u00e9parer.<\/p>\n<p>Le rev\u00eatement int\u00e9rieur peut \u00eatre compl\u00e9t\u00e9 par des <strong>rails \u00ab\u00a0Airline\u00a0\u00bb<\/strong> qui permettent de cr\u00e9er un syst\u00e8me complet d\u2019<strong>arrimage horizontal et vertical<\/strong>. La marchandise peut ainsi \u00eatre bloqu\u00e9e de mani\u00e8re flexible et s\u00fbre, en conformit\u00e9 avec la <a href=\"https:\/\/www.storevan.com\/prodotti\/sicurezza-del-carico-bloccaggio-merce\/\">directive 2014\/47\/UE<\/a> pour les standards de qualit\u00e9 les plus \u00e9lev\u00e9s.<\/p>\n<h4>LES AVANTAGES<\/h4>\n<ul class=\"arrow\">\n<li>protection de la carrosserie<\/li>\n<li>transport de la marchandise en toute s\u00e9curit\u00e9<\/li>\n<li>conformit\u00e9 \u00e0 la directive 2014\/47\/UE<\/li>\n<\/ul>\n<h3 class=\"bigTxt text-center txtGrey\">COMPL\u00c9TEZ L\u2019AM\u00c9NAGEMENT POUR NEMO AVEC<\/h3>\n<div class=\"one_half\">\n<img decoding=\"async\" loading=\"lazy\" src=\"https:\/\/www.storevan.com\/wp-content\/uploads\/veicoli\/pianali-pannellature\/portatutto-portascala-space-up.jpg\" alt=\"Des supports multifonctions et des porte-\u00e9chelles pour Nemo\" width=\"600\" height=\"265\" class=\"aligncenter size-full wp-image-127221\" \/><br \/>\n<\/div><div class=\"one_half last\">\n<h4 class=\"bigTxt blue\">DES SUPPORTS MULTIFONCTIONS ET DES PORTE-\u00c9CHELLES POUR NEMO<\/h4>\n<div class=\"borderTitle\"><\/div>\n<p>Quand le mat\u00e9riel et les outillages transport\u00e9s sont \u00e0 l\u2019\u00e9troit dans votre fourgon, vous pouvez leur faire de la place gr\u00e2ce au plancher \u00e0 deux niveaux Store Van. S\u2019il s\u2019agissait d\u2019un slogan, \u00ab\u00a0moins, c\u2019est plus\u00a0\u00bb serait appropri\u00e9\u00a0: c\u2019est ici la quintessence du design qui augmente la capacit\u00e9 de stockage dans l\u2019espace de chargement des v\u00e9hicules utilitaires de taille moyenne \u00e0 petite et de petite taille.<\/p>\n<p><a class=\"btn btn-blue\" href=\"https:\/\/www.storevan.com\/fr\/amenagement-vehicules-utilitaires\/fourgons-citroen\/nemo\/porte-tout\/\">D\u00c9COUVREZ LES SUPPORTS MULTIFONCTIONS ET LES PORTE-\u00c9CHELLES POUR NEMO<\/a><br \/>\n<\/div><div class=\"clearboth\"><\/div>\n<hr class=\"noColor\" \/>\n<div class=\"break\"><\/div>\n<hr \/>\n<div class=\"one_half\">\n<div class=\"text-center\"><a class=\"btn btn-download\" href=\"tel:+390424585455\"><i class=\"fa fa-phone\"><\/i> <span class=\"spanBtn\">Appelez-nous<\/span><br \/>\npour toute information<\/a><\/div>\n<\/div><div class=\"one_half last\">\n<div class=\"text-center\"><a class=\"btn btn-download\" href=\"https:\/\/www.storevan.com\/wp-content\/uploads\/doc\/CITROEN_NEMO_Allestimenti_Amenagements_StoreVan_itfr.pdf\" target=\"_blank\" rel=\"noopener\"><i class=\"fa fa-download\"><\/i> <span class=\"spanBtn\">T\u00e9l\u00e9chargement<\/span><br \/>\nCATALOGUE NEMO<\/a><\/div>\n<\/div><div class=\"clearboth\"><\/div>\n<hr \/>\n<h4 class=\"bigTxt text-center txtBkOrange\"><i class=\"fa fa-envelope pull-left\"><\/i>VOULEZ-VOUS EN SAVOIR PLUS?<\/h4>\n\n<div class=\"wpcf7 no-js\" id=\"wpcf7-f67673-o1\" lang=\"it-IT\" dir=\"ltr\">\n<div class=\"screen-reader-response\"><p role=\"status\" aria-live=\"polite\" aria-atomic=\"true\"><\/p> <ul><\/ul><\/div>\n<form action=\"\/fr\/wp-json\/wp\/v2\/pages\/26045#wpcf7-f67673-o1\" method=\"post\" class=\"wpcf7-form init\" aria-label=\"Modulo di contatto\" novalidate=\"novalidate\" data-status=\"init\">\n<div style=\"display: none;\">\n<input type=\"hidden\" name=\"_wpcf7\" value=\"67673\" \/>\n<input type=\"hidden\" name=\"_wpcf7_version\" value=\"5.7.7\" \/>\n<input type=\"hidden\" name=\"_wpcf7_locale\" value=\"it_IT\" \/>\n<input type=\"hidden\" name=\"_wpcf7_unit_tag\" value=\"wpcf7-f67673-o1\" \/>\n<input type=\"hidden\" name=\"_wpcf7_container_post\" value=\"0\" \/>\n<input type=\"hidden\" name=\"_wpcf7_posted_data_hash\" value=\"\" \/>\n<input type=\"hidden\" name=\"_wpcf7_recaptcha_response\" value=\"\" \/>\n<\/div>\n<span class=\"wpcf7-form-control-wrap url\" data-name=\"url\"><input type=\"hidden\" name=\"url\" size=\"40\" class=\"wpcf7-form-control wpcf7-hidden wpcf7dtx wpcf7dtx-hidden\" aria-invalid=\"false\" value=\"nemo\" autocomplete=\"off\" \/><\/span>\n<p>Pour plus d'informations, remplissez les champs suivants. L'un de nos op\u00e9rateurs vous recontactera dans les plus brefs d\u00e9lais (* champs obligatoires):\n<\/p>\n<div class=\"col-xs-12 col-md-6\">\n\t<p><span class='titoli'>Pr\u00e9nom (*)<\/span>\n\t<\/p>\n\t<p><span class=\"wpcf7-form-control-wrap\" data-name=\"your-name\"><input size=\"40\" class=\"wpcf7-form-control wpcf7-text wpcf7-validates-as-required form-control\" aria-required=\"true\" aria-invalid=\"false\" value=\"\" type=\"text\" name=\"your-name\" \/><\/span>\n\t<\/p>\n<\/div>\n<div class=\"col-xs-12 col-md-6\">\n\t<p><span class='titoli'>Nom (*)<\/span>\n\t<\/p>\n\t<p><span class=\"wpcf7-form-control-wrap\" data-name=\"your-last-name\"><input size=\"40\" class=\"wpcf7-form-control wpcf7-text wpcf7-validates-as-required form-control\" aria-required=\"true\" aria-invalid=\"false\" value=\"\" type=\"text\" name=\"your-last-name\" \/><\/span>\n\t<\/p>\n<\/div>\n<div class=\"col-xs-12 col-md-6\">\n\t<p><span class='titoli'>Entreprise (*)<\/span>\n\t<\/p>\n\t<p><span class=\"wpcf7-form-control-wrap\" data-name=\"your-company\"><input size=\"40\" class=\"wpcf7-form-control wpcf7-text wpcf7-validates-as-required form-control\" aria-required=\"true\" aria-invalid=\"false\" value=\"\" type=\"text\" name=\"your-company\" \/><\/span>\n\t<\/p>\n<\/div>\n<div class=\"col-xs-12 col-md-6\">\n\t<p><span class='titoli'>TVA<\/span>\n\t<\/p>\n\t<p><span class=\"wpcf7-form-control-wrap\" data-name=\"p-iva\"><input size=\"40\" class=\"wpcf7-form-control wpcf7-text form-control\" aria-invalid=\"false\" value=\"\" type=\"text\" name=\"p-iva\" \/><\/span>\n\t<\/p>\n<\/div>\n<div class=\"clearboth\">\n<\/div>\n<div class=\"col-xs-12 col-md-4\">\n\t<p><span class='titoli'>Code Postal (*)<\/span>\n\t<\/p>\n\t<p><span class=\"wpcf7-form-control-wrap\" data-name=\"your-zip-code\"><input size=\"40\" class=\"wpcf7-form-control wpcf7-text wpcf7-validates-as-required form-control\" aria-required=\"true\" aria-invalid=\"false\" value=\"\" type=\"text\" name=\"your-zip-code\" \/><\/span>\n\t<\/p>\n<\/div>\n<div class=\"col-xs-12 col-md-4\">\n\t<p><span class='titoli'>Adresse (*)<\/span>\n\t<\/p>\n\t<p><span class=\"wpcf7-form-control-wrap\" data-name=\"your-address\"><input size=\"40\" class=\"wpcf7-form-control wpcf7-text wpcf7-validates-as-required form-control\" aria-required=\"true\" aria-invalid=\"false\" value=\"\" type=\"text\" name=\"your-address\" \/><\/span>\n\t<\/p>\n<\/div>\n<div class=\"col-xs-12 col-md-4\">\n\t<p><span class='titoli'>Ville (*)<\/span>\n\t<\/p>\n\t<p><span class=\"wpcf7-form-control-wrap\" data-name=\"your-Town\"><input size=\"40\" class=\"wpcf7-form-control wpcf7-text wpcf7-validates-as-required form-control\" aria-required=\"true\" aria-invalid=\"false\" value=\"\" type=\"text\" name=\"your-Town\" \/><\/span>\n\t<\/p>\n<\/div>\n<div class=\"clearboth\">\n<\/div>\n<div class=\"col-xs-12 col-md-6\">\n\t<p><span class='titoli'>email (*)<\/span>\n\t<\/p>\n\t<p><span class=\"wpcf7-form-control-wrap\" data-name=\"your-email\"><input size=\"40\" class=\"wpcf7-form-control wpcf7-text wpcf7-email wpcf7-validates-as-required wpcf7-validates-as-email form-control\" aria-required=\"true\" aria-invalid=\"false\" value=\"\" type=\"email\" name=\"your-email\" \/><\/span>\n\t<\/p>\n<\/div>\n<div class=\"col-xs-12 col-md-6\">\n\t<p><span class='titoli'>T\u00e9l\u00e9phone (*)<\/span>\n\t<\/p>\n\t<p><span class=\"wpcf7-form-control-wrap\" data-name=\"telefono\"><input size=\"40\" class=\"wpcf7-form-control wpcf7-text wpcf7-tel wpcf7-validates-as-required wpcf7-validates-as-tel form-control\" aria-required=\"true\" aria-invalid=\"false\" value=\"\" type=\"tel\" name=\"telefono\" \/><\/span>\n\t<\/p>\n<\/div>\n<div class=\"clearboth\">\n<\/div>\n<div class=\"col-xs-12 col-md-6\">\n\t<p><span class='titoli'>Objet <\/span>\n\t<\/p>\n\t<p><span class=\"wpcf7-form-control-wrap\" data-name=\"oggetto\"><select class=\"wpcf7-form-control wpcf7-select wpcf7-validates-as-required\" aria-required=\"true\" aria-invalid=\"false\" name=\"oggetto\"><option value=\"Citation\">Citation<\/option><option value=\"Information technique\">Information technique<\/option><option value=\"Rendez-vous\">Rendez-vous<\/option><\/select><\/span>\n\t<\/p>\n<\/div>\n<div class=\"col-xs-12 col-md-6\">\n\t<p><br \/>\n<span class=\"titoli\"> <span class=\"wpcf7-form-control-wrap\" data-name=\"cliente\"><span class=\"wpcf7-form-control wpcf7-checkbox\"><span class=\"wpcf7-list-item first last\"><label><span class=\"wpcf7-list-item-label\">Je suis d\u00e9j\u00e0 client<\/span><input type=\"checkbox\" name=\"cliente[]\" value=\"Je suis d\u00e9j\u00e0 client\" \/><\/label><\/span><\/span><\/span><\/span>\n\t<\/p>\n<\/div>\n<div class=\"col-xs-12 col-md-12\">\n\t<p><span class='titoli'>Message (*)<\/span>\n\t<\/p>\n\t<p><span class=\"wpcf7-form-control-wrap\" data-name=\"your-message\"><textarea cols=\"40\" rows=\"10\" class=\"wpcf7-form-control wpcf7-textarea wpcf7-validates-as-required form-control\" aria-required=\"true\" aria-invalid=\"false\" name=\"your-message\"><\/textarea><\/span>\n\t<\/p>\n<\/div>\n<div class=\"col-xs-12 col-md-12\">\n\t<p><small>Les donn\u00e9es saisies seront trait\u00e9es de mani\u00e8re strictement confidentielle conform\u00e9ment \u00e0 la loi et \u00e0 notre <a href=\"https:\/\/www.storevan.com\/fr\/privacy-policy\/\">politique de confidentialit\u00e9<\/a>.<\/small>\n\t<\/p>\n\t<p><span class=\"wpcf7-form-control-wrap\" data-name=\"AccettazionePrivacy\"><span class=\"wpcf7-form-control wpcf7-acceptance\"><span class=\"wpcf7-list-item\"><input type=\"checkbox\" name=\"AccettazionePrivacy\" value=\"1\" aria-invalid=\"false\" \/><\/span><\/span><\/span> Je d\u00e9clare avoir pris connaissance de la Note Informative sur les <a href=\"https:\/\/www.storevan.com\/fr\/privacy-policy\/\">Note Informative sur les Informations priv\u00e9es<\/a> et j\u2019autorise au traitement de mes donn\u00e9es personnelles en conformit\u00e9 avec ce qui y est \u00e9crit. (*)<br \/>\n\t<span class=\"wpcf7-form-control-wrap recaptcha\" data-name=\"recaptcha\"><span data-sitekey=\"6LdfM4AUAAAAAJjsAucux5WVNA3hsk5KP0a03T_n\" class=\"wpcf7-form-control g-recaptcha wpcf7-recaptcha\"><\/span>\r\n<noscript>\r\n\t<div class=\"grecaptcha-noscript\">\r\n\t\t<iframe src=\"https:\/\/www.google.com\/recaptcha\/api\/fallback?k=6LdfM4AUAAAAAJjsAucux5WVNA3hsk5KP0a03T_n\" frameborder=\"0\" scrolling=\"no\" width=\"310\" height=\"430\">\r\n\t\t<\/iframe>\r\n\t\t<textarea name=\"g-recaptcha-response\" rows=\"3\" cols=\"40\" placeholder=\"reCaptcha Response Here\">\r\n\t\t<\/textarea>\r\n\t<\/div>\r\n<\/noscript>\r\n<\/span>\n\t<\/p>\n<\/div>\n<hr class=\"noColor\" \/>\n<p><input class=\"wpcf7-form-control has-spinner wpcf7-submit\" type=\"submit\" value=\"Envoi\" \/>\n<\/p><div class=\"wpcf7-response-output\" aria-hidden=\"true\"><\/div>\n<\/form>\n<\/div>\n\n","protected":false},"excerpt":{"rendered":"<p>Am\u00e9nagements fourgons Citro\u00ebn Nemo Nous r\u00e9alisons diff\u00e9rentes versions d\u2019am\u00e9nagements pour fourgons Citro\u00ebn Nemo, en garantissant la r\u00e9sistance, la modularit\u00e9 et la personnalisation de chaque solution d\u2019am\u00e9nagement. Nous installons dans l\u2019espace.<\/p>\n","protected":false},"author":470,"featured_media":0,"parent":26031,"menu_order":0,"comment_status":"closed","ping_status":"closed","template":"pageSlider.php","meta":[],"acf":[],"yoast_head":"<!-- This site is optimized with the Yoast SEO plugin v20.11 - https:\/\/yoast.com\/wordpress\/plugins\/seo\/ -->\n<title>Am\u00e9nagements por fourgons Citro\u00ebn Nemo<\/title>\n<meta name=\"description\" content=\"Am\u00e9nagements por fourgons Citro\u00ebn Nemo . Contactez-nous sans engagement pour obtenir un devis personnalis\u00e9 pour l\u2019am\u00e9nagement de votre Citro\u00ebn Nemo\" \/>\n<meta name=\"robots\" content=\"index, follow, max-snippet:-1, max-image-preview:large, max-video-preview:-1\" \/>\n<link rel=\"canonical\" href=\"https:\/\/www.storevan.com\/fr\/amenagement-vehicules-utilitaires\/fourgons-citroen\/nemo\/\" \/>\n<meta property=\"og:locale\" content=\"fr_FR\" \/>\n<meta property=\"og:type\" content=\"article\" \/>\n<meta property=\"og:title\" content=\"Am\u00e9nagements por fourgons Citro\u00ebn Nemo\" \/>\n<meta property=\"og:description\" content=\"Am\u00e9nagements por fourgons Citro\u00ebn Nemo . Contactez-nous sans engagement pour obtenir un devis personnalis\u00e9 pour l\u2019am\u00e9nagement de votre Citro\u00ebn Nemo\" \/>\n<meta property=\"og:url\" content=\"https:\/\/www.storevan.com\/fr\/amenagement-vehicules-utilitaires\/fourgons-citroen\/nemo\/\" \/>\n<meta property=\"og:site_name\" content=\"Store Van\" \/>\n<meta property=\"article:modified_time\" content=\"2022-04-20T14:19:40+00:00\" \/>\n<meta property=\"og:image\" content=\"https:\/\/www.storevan.com\/wp-content\/uploads\/veicoli\/pianali-pannellature\/allestimenti-furgoni-piccoli-Safety-300x171.jpg\" \/>\n<meta name=\"twitter:label1\" content=\"Dur\u00e9e de lecture estim\u00e9e\" \/>\n\t<meta name=\"twitter:data1\" content=\"3 minutes\" \/>\n<script type=\"application\/ld+json\" class=\"yoast-schema-graph\">{\"@context\":\"https:\/\/schema.org\",\"@graph\":[{\"@type\":\"WebPage\",\"@id\":\"https:\/\/www.storevan.com\/fr\/amenagement-vehicules-utilitaires\/fourgons-citroen\/nemo\/\",\"url\":\"https:\/\/www.storevan.com\/fr\/amenagement-vehicules-utilitaires\/fourgons-citroen\/nemo\/\",\"name\":\"Am\u00e9nagements por fourgons Citro\u00ebn Nemo\",\"isPartOf\":{\"@id\":\"https:\/\/www.storevan.com\/pl\/#website\"},\"datePublished\":\"2015-12-09T09:02:07+00:00\",\"dateModified\":\"2022-04-20T14:19:40+00:00\",\"description\":\"Am\u00e9nagements por fourgons Citro\u00ebn Nemo . Contactez-nous sans engagement pour obtenir un devis personnalis\u00e9 pour l\u2019am\u00e9nagement de votre Citro\u00ebn Nemo\",\"breadcrumb\":{\"@id\":\"https:\/\/www.storevan.com\/fr\/amenagement-vehicules-utilitaires\/fourgons-citroen\/nemo\/#breadcrumb\"},\"inLanguage\":\"fr-FR\",\"potentialAction\":[{\"@type\":\"ReadAction\",\"target\":[\"https:\/\/www.storevan.com\/fr\/amenagement-vehicules-utilitaires\/fourgons-citroen\/nemo\/\"]}]},{\"@type\":\"BreadcrumbList\",\"@id\":\"https:\/\/www.storevan.com\/fr\/amenagement-vehicules-utilitaires\/fourgons-citroen\/nemo\/#breadcrumb\",\"itemListElement\":[{\"@type\":\"ListItem\",\"position\":1,\"name\":\"Home\",\"item\":\"https:\/\/www.storevan.com\/fr\/\"},{\"@type\":\"ListItem\",\"position\":2,\"name\":\"Am\u00e9nagement de v\u00e9hicule utilitaire\",\"item\":\"https:\/\/www.storevan.com\/fr\/amenagement-vehicules-utilitaires\/\"},{\"@type\":\"ListItem\",\"position\":3,\"name\":\"Citro\u00ebn\",\"item\":\"https:\/\/www.storevan.com\/fr\/amenagement-vehicules-utilitaires\/fourgons-citroen\/\"},{\"@type\":\"ListItem\",\"position\":4,\"name\":\"Nemo\"}]},{\"@type\":\"WebSite\",\"@id\":\"https:\/\/www.storevan.com\/pl\/#website\",\"url\":\"https:\/\/www.storevan.com\/pl\/\",\"name\":\"Store Van\",\"description\":\"Am\u00e9nagements fourgons\",\"potentialAction\":[{\"@type\":\"SearchAction\",\"target\":{\"@type\":\"EntryPoint\",\"urlTemplate\":\"https:\/\/www.storevan.com\/pl\/?s={search_term_string}\"},\"query-input\":\"required name=search_term_string\"}],\"inLanguage\":\"fr-FR\"}]}<\/script>\n<!-- \/ Yoast SEO plugin. -->","yoast_head_json":{"title":"Am\u00e9nagements por fourgons Citro\u00ebn Nemo","description":"Am\u00e9nagements por fourgons Citro\u00ebn Nemo . Contactez-nous sans engagement pour obtenir un devis personnalis\u00e9 pour l\u2019am\u00e9nagement de votre Citro\u00ebn Nemo","robots":{"index":"index","follow":"follow","max-snippet":"max-snippet:-1","max-image-preview":"max-image-preview:large","max-video-preview":"max-video-preview:-1"},"canonical":"https:\/\/www.storevan.com\/fr\/amenagement-vehicules-utilitaires\/fourgons-citroen\/nemo\/","og_locale":"fr_FR","og_type":"article","og_title":"Am\u00e9nagements por fourgons Citro\u00ebn Nemo","og_description":"Am\u00e9nagements por fourgons Citro\u00ebn Nemo . Contactez-nous sans engagement pour obtenir un devis personnalis\u00e9 pour l\u2019am\u00e9nagement de votre Citro\u00ebn Nemo","og_url":"https:\/\/www.storevan.com\/fr\/amenagement-vehicules-utilitaires\/fourgons-citroen\/nemo\/","og_site_name":"Store Van","article_modified_time":"2022-04-20T14:19:40+00:00","og_image":[{"url":"https:\/\/www.storevan.com\/wp-content\/uploads\/veicoli\/pianali-pannellature\/allestimenti-furgoni-piccoli-Safety-300x171.jpg"}],"twitter_misc":{"Dur\u00e9e de lecture estim\u00e9e":"3 minutes"},"schema":{"@context":"https:\/\/schema.org","@graph":[{"@type":"WebPage","@id":"https:\/\/www.storevan.com\/fr\/amenagement-vehicules-utilitaires\/fourgons-citroen\/nemo\/","url":"https:\/\/www.storevan.com\/fr\/amenagement-vehicules-utilitaires\/fourgons-citroen\/nemo\/","name":"Am\u00e9nagements por fourgons Citro\u00ebn Nemo","isPartOf":{"@id":"https:\/\/www.storevan.com\/pl\/#website"},"datePublished":"2015-12-09T09:02:07+00:00","dateModified":"2022-04-20T14:19:40+00:00","description":"Am\u00e9nagements por fourgons Citro\u00ebn Nemo . Contactez-nous sans engagement pour obtenir un devis personnalis\u00e9 pour l\u2019am\u00e9nagement de votre Citro\u00ebn Nemo","breadcrumb":{"@id":"https:\/\/www.storevan.com\/fr\/amenagement-vehicules-utilitaires\/fourgons-citroen\/nemo\/#breadcrumb"},"inLanguage":"fr-FR","potentialAction":[{"@type":"ReadAction","target":["https:\/\/www.storevan.com\/fr\/amenagement-vehicules-utilitaires\/fourgons-citroen\/nemo\/"]}]},{"@type":"BreadcrumbList","@id":"https:\/\/www.storevan.com\/fr\/amenagement-vehicules-utilitaires\/fourgons-citroen\/nemo\/#breadcrumb","itemListElement":[{"@type":"ListItem","position":1,"name":"Home","item":"https:\/\/www.storevan.com\/fr\/"},{"@type":"ListItem","position":2,"name":"Am\u00e9nagement de v\u00e9hicule utilitaire","item":"https:\/\/www.storevan.com\/fr\/amenagement-vehicules-utilitaires\/"},{"@type":"ListItem","position":3,"name":"Citro\u00ebn","item":"https:\/\/www.storevan.com\/fr\/amenagement-vehicules-utilitaires\/fourgons-citroen\/"},{"@type":"ListItem","position":4,"name":"Nemo"}]},{"@type":"WebSite","@id":"https:\/\/www.storevan.com\/pl\/#website","url":"https:\/\/www.storevan.com\/pl\/","name":"Store Van","description":"Am\u00e9nagements fourgons","potentialAction":[{"@type":"SearchAction","target":{"@type":"EntryPoint","urlTemplate":"https:\/\/www.storevan.com\/pl\/?s={search_term_string}"},"query-input":"required name=search_term_string"}],"inLanguage":"fr-FR"}]}},"_links":{"self":[{"href":"https:\/\/www.storevan.com\/fr\/wp-json\/wp\/v2\/pages\/26045"}],"collection":[{"href":"https:\/\/www.storevan.com\/fr\/wp-json\/wp\/v2\/pages"}],"about":[{"href":"https:\/\/www.storevan.com\/fr\/wp-json\/wp\/v2\/types\/page"}],"author":[{"embeddable":true,"href":"https:\/\/www.storevan.com\/fr\/wp-json\/wp\/v2\/users\/470"}],"replies":[{"embeddable":true,"href":"https:\/\/www.storevan.com\/fr\/wp-json\/wp\/v2\/comments?post=26045"}],"version-history":[{"count":11,"href":"https:\/\/www.storevan.com\/fr\/wp-json\/wp\/v2\/pages\/26045\/revisions"}],"predecessor-version":[{"id":144551,"href":"https:\/\/www.storevan.com\/fr\/wp-json\/wp\/v2\/pages\/26045\/revisions\/144551"}],"up":[{"embeddable":true,"href":"https:\/\/www.storevan.com\/fr\/wp-json\/wp\/v2\/pages\/26031"}],"wp:attachment":[{"href":"https:\/\/www.storevan.com\/fr\/wp-json\/wp\/v2\/media?parent=26045"}],"curies":[{"name":"wp","href":"https:\/\/api.w.org\/{rel}","templated":true}]}}