{"id":26031,"date":"2015-12-14T09:48:07","date_gmt":"2015-12-14T08:48:07","guid":{"rendered":"https:\/\/www.storevan.com\/fr\/furgoni-citroen\/"},"modified":"2019-03-18T15:50:42","modified_gmt":"2019-03-18T15:50:42","slug":"fourgons-citroen","status":"publish","type":"page","link":"https:\/\/www.storevan.com\/fr\/amenagement-vehicules-utilitaires\/fourgons-citroen\/","title":{"rendered":"Citro\u00ebn"},"content":{"rendered":"<h1 class=\"customblackTitleSmall\">Am\u00e9nagements fourgons Citro\u00ebn<\/h1>\n<h2>Solutions d&rsquo;am\u00e9nagement pour v\u00e9hicules utilitaires Citro\u00ebn<\/h2>\n<p><img decoding=\"async\" loading=\"lazy\" class=\"lazyloaded alignright wp-image-43683 size-full\" title=\"Allestimenti furgone Citroen\" src=\"https:\/\/www.storevan.com\/wp-content\/uploads\/2017\/01\/HOME1-Allestimenti-CITROEN.png\" alt=\"Am\u00e9nagements Citro\u00ebn\" width=\"116\" height=\"105\" data-lazy-src=\"https:\/\/www.storevan.com\/wp-content\/uploads\/2017\/01\/HOME1-Allestimenti-CITROEN.png\" data-was-processed=\"true\" \/><\/p>\n<p>Store Van produit des solutions d\u2019<strong>am\u00e9nagement<\/strong> sp\u00e9cifiques pour <strong>v\u00e9hicules utilitaires Citro\u00ebn<\/strong>. Rev\u00eatements pour la protection de l\u2019espace de chargement, galeries de toit et porte-\u00e9chelles pour transporter un chargement en toute s\u00e9curit\u00e9 sur le toit du fourgon, et nombreux rayonnages pour \u00e9quiper le <strong>fourgons\u00a0<\/strong>en fonction des exigences professionnelles sp\u00e9cifiques.<\/p>\n<h3 class=\"customblackTitleExtraSmall\">S\u00c9LECTIONNEZ LE MOD\u00c8LE DE VOTRE FOURGON Citro\u00ebn:<\/h3>\n<div class=\"one_fourth\">\n<p class=\"text-center\"><strong>NEMO\u00a02007<\/strong><\/p>\n<hr class=\"hidden-xs hidden-sm\"\/>\n<a href=\"https:\/\/www.storevan.com\/fr\/amenagement-vehicules-utilitaires\/fourgons-citroen\/nemo\/\"  class=\"txtOrange\" title=\"Am\u00e9nagement pour Nemo\"><img decoding=\"async\" loading=\"lazy\" class=\"aligncenter size-full wp-image-40146\" src=\"https:\/\/www.storevan.com\/wp-content\/uploads\/2015\/12\/Allestimento-furgoni-Citroen-Nemo-2007-1.jpg\" alt=\"Am\u00e9nagement fourgons Citro\u00ebn Nemo\" width=\"350\" height=\"220\" srcset=\"https:\/\/www.storevan.com\/wp-content\/uploads\/2015\/12\/Allestimento-furgoni-Citroen-Nemo-2007-1.jpg 350w, https:\/\/www.storevan.com\/wp-content\/uploads\/2015\/12\/Allestimento-furgoni-Citroen-Nemo-2007-1-300x189.jpg 300w\" sizes=\"(max-width: 350px) 100vw, 350px\" \/><br \/>\nAm\u00e9nagement pour Nemo <i class=\"fa fa-angle-double-right\"><\/i><\/a><br \/>\n<a href=\"https:\/\/www.storevan.com\/fr\/amenagement-vehicules-utilitaires\/fourgons-citroen\/nemo\/planchers-habillages\/\" class=\"txtOrange\" title=\"Plancher et rev\u00eatements int\u00e9rieurs Nemo\">Plancher et rev\u00eatements int\u00e9rieurs  <i class=\"fa fa-angle-double-right\"><\/i><\/a><br \/>\n<a href=\"https:\/\/www.storevan.com\/fr\/amenagement-vehicules-utilitaires\/fourgons-citroen\/nemo\/porte-tout\/\" class=\"txtOrange\" title=\"Porte-\u00e9chelles et porte-tubes pour Nemo\">Porte-\u00e9chelles et porte-tubes <i class=\"fa fa-angle-double-right\"><\/i><\/a> <\/p>\n<hr noshade=\"noshade\" size=\"1\" class=\"visible-xs\" \/>\n<\/div>\n<div class=\"one_fourth\">\n<p class=\"text-center\"><strong>BERLINGO 2018<\/strong><\/p>\n<hr class=\"hidden-xs hidden-sm\"\/>\n<a href=\"https:\/\/www.storevan.com\/fr\/amenagement-vehicules-utilitaires\/fourgons-citroen\/berlingo\/\" class=\"txtOrange\" title=\"Am\u00e9nagement pour Berlingo\"><img decoding=\"async\" loading=\"lazy\" src=\"https:\/\/www.storevan.com\/wp-content\/uploads\/2019\/03\/Citroen-Berlingo-2018.jpg\" alt=\"Am\u00e9nagement fourgons Citro\u00ebn Berlingo\" width=\"350\" height=\"220\" class=\"aligncenter size-full wp-image-99301\" srcset=\"https:\/\/www.storevan.com\/wp-content\/uploads\/2019\/03\/Citroen-Berlingo-2018.jpg 350w, https:\/\/www.storevan.com\/wp-content\/uploads\/2019\/03\/Citroen-Berlingo-2018-300x189.jpg 300w\" sizes=\"(max-width: 350px) 100vw, 350px\" \/><br \/>\nAm\u00e9nagement pour Berlingo <i class=\"fa fa-angle-double-right\"><\/i><\/a><br \/>\n<a href=\"https:\/\/www.storevan.com\/fr\/amenagement-vehicules-utilitaires\/fourgons-citroen\/berlingo\/planchers-habillages\/\" class=\"txtOrange\" title=\"Plancher et rev\u00eatements int\u00e9rieurs Berlingo\">Plancher et rev\u00eatements int\u00e9rieurs  <i class=\"fa fa-angle-double-right\"><\/i><\/a><br \/>\n<a href=\"https:\/\/www.storevan.com\/fr\/amenagement-vehicules-utilitaires\/fourgons-citroen\/berlingo\/porte-tout-porte-echelles\/\" class=\"txtOrange\" title=\"Porte-\u00e9chelles et porte-tubes pour Berlingo\">Porte-\u00e9chelles et porte-tubes <i class=\"fa fa-angle-double-right\"><\/i><\/a> <\/p>\n<hr noshade=\"noshade\" size=\"1\" class=\"visible-xs\" \/>\n<\/div>\n<div class=\"one_fourth\">\n<p class=\"text-center\"><strong>JUMPER\u00a02014<\/strong><\/p>\n<hr class=\"hidden-xs hidden-sm\"\/>\n<a href=\"https:\/\/www.storevan.com\/fr\/amenagement-vehicules-utilitaires\/fourgons-citroen\/jumper\/\" class=\"txtOrange\" title=\"Am\u00e9nagement pour Jumper\"><img decoding=\"async\" loading=\"lazy\" class=\"aligncenter size-full wp-image-40140\" src=\"https:\/\/www.storevan.com\/wp-content\/uploads\/2015\/12\/Allestimento-furgoni-Citroen-Jumper-2015-1.jpg\" alt=\"Am\u00e9nagement fourgons Citro\u00ebn Jumper\" width=\"350\" height=\"220\" srcset=\"https:\/\/www.storevan.com\/wp-content\/uploads\/2015\/12\/Allestimento-furgoni-Citroen-Jumper-2015-1.jpg 350w, https:\/\/www.storevan.com\/wp-content\/uploads\/2015\/12\/Allestimento-furgoni-Citroen-Jumper-2015-1-300x189.jpg 300w\" sizes=\"(max-width: 350px) 100vw, 350px\" \/><br \/>\nAm\u00e9nagement pour Jumper <i class=\"fa fa-angle-double-right\"><\/i><\/a><br \/>\n<a href=\"https:\/\/www.storevan.com\/fr\/amenagement-vehicules-utilitaires\/fourgons-citroen\/jumper\/planchers-habillages\/\" class=\"txtOrange\" title=\"Plancher et rev\u00eatements int\u00e9rieurs Jumper\">Plancher et rev\u00eatements int\u00e9rieurs  <i class=\"fa fa-angle-double-right\"><\/i><\/a><br \/>\n<a href=\"https:\/\/www.storevan.com\/fr\/amenagement-vehicules-utilitaires\/fourgons-citroen\/jumper\/porte-tout-porte-echelles\/\" class=\"txtOrange\" title=\"Porte-\u00e9chelles et porte-tubes pour Jumper\">Porte-\u00e9chelles et porte-tubes <i class=\"fa fa-angle-double-right\"><\/i><\/a> <\/p>\n<hr noshade=\"noshade\" size=\"1\" class=\"visible-xs\" \/>\n<\/div>\n<div class=\"one_fourth last\">\n<p class=\"text-center\"><strong>JUMPY\u00a02016<\/strong><\/p>\n<hr class=\"hidden-xs hidden-sm\"\/>\n<a href=\"https:\/\/www.storevan.com\/fr\/amenagement-vehicules-utilitaires\/fourgons-citroen\/jumpy-2016\/\" class=\"txtOrange\" title=\"Am\u00e9nagement pour Jumpy\"><img decoding=\"async\" loading=\"lazy\" class=\"aligncenter size-full wp-image-43111\" src=\"https:\/\/www.storevan.com\/wp-content\/uploads\/2015\/12\/Allestimento-furgoni-Citroen-Jumpy-2016.jpg\" alt=\"Am\u00e9nagement fourgons Citro\u00ebn Jumpy 2016\" width=\"350\" height=\"220\" srcset=\"https:\/\/www.storevan.com\/wp-content\/uploads\/2015\/12\/Allestimento-furgoni-Citroen-Jumpy-2016.jpg 350w, https:\/\/www.storevan.com\/wp-content\/uploads\/2015\/12\/Allestimento-furgoni-Citroen-Jumpy-2016-300x189.jpg 300w\" sizes=\"(max-width: 350px) 100vw, 350px\" \/><br \/>\nAm\u00e9nagement pour Jumpy <i class=\"fa fa-angle-double-right\"><\/i><\/a><br \/>\n<a href=\"https:\/\/www.storevan.com\/fr\/amenagement-vehicules-utilitaires\/fourgons-citroen\/jumpy-2016\/planchers-habillages\/\" class=\"txtOrange\" title=\"Plancher et rev\u00eatements int\u00e9rieurs Jumpy\">Plancher et rev\u00eatements int\u00e9rieurs  <i class=\"fa fa-angle-double-right\"><\/i><\/a><br \/>\n<a href=\"https:\/\/www.storevan.com\/fr\/amenagement-vehicules-utilitaires\/fourgons-citroen\/jumpy-2016\/porte-tout-et-porte-echelles\/\" class=\"txtOrange\" title=\"Porte-\u00e9chelles et porte-tubes pour Jumpy\">Porte-\u00e9chelles et porte-tubes <i class=\"fa fa-angle-double-right\"><\/i><\/a> <\/p>\n<hr class=\"visible-xs\" \/>\n<\/div><div class=\"clearboth\"><\/div>\n","protected":false},"excerpt":{"rendered":"<p>Am\u00e9nagements fourgons Citro\u00ebn Solutions d&rsquo;am\u00e9nagement pour v\u00e9hicules utilitaires Citro\u00ebn Store Van produit des solutions d\u2019am\u00e9nagement sp\u00e9cifiques pour v\u00e9hicules utilitaires Citro\u00ebn. Rev\u00eatements pour la protection de l\u2019espace de chargement, galeries de.<\/p>\n","protected":false},"author":470,"featured_media":0,"parent":26069,"menu_order":0,"comment_status":"closed","ping_status":"closed","template":"","meta":[],"acf":[],"yoast_head":"<!-- This site is optimized with the Yoast SEO plugin v20.11 - https:\/\/yoast.com\/wordpress\/plugins\/seo\/ -->\n<title>Am\u00e9nagement fourgons Citro\u00ebn - V\u00e9hicule utilitaire Citro\u00ebn<\/title>\n<meta name=\"description\" content=\"Am\u00e9nagement fourgons Citro\u00ebn - V\u00e9hicule utilitaire Citro\u00ebn. Am\u00e9nagement de fourgon \u00e0 l&#039;int\u00e9rieur Citro\u00ebn\" \/>\n<meta name=\"robots\" content=\"index, follow, max-snippet:-1, max-image-preview:large, max-video-preview:-1\" \/>\n<link rel=\"canonical\" href=\"https:\/\/www.storevan.com\/fr\/amenagement-vehicules-utilitaires\/fourgons-citroen\/\" \/>\n<meta property=\"og:locale\" content=\"fr_FR\" \/>\n<meta property=\"og:type\" content=\"article\" \/>\n<meta property=\"og:title\" content=\"Am\u00e9nagement fourgons Citro\u00ebn - V\u00e9hicule utilitaire Citro\u00ebn\" \/>\n<meta property=\"og:description\" content=\"Am\u00e9nagement fourgons Citro\u00ebn - V\u00e9hicule utilitaire Citro\u00ebn. Am\u00e9nagement de fourgon \u00e0 l&#039;int\u00e9rieur Citro\u00ebn\" \/>\n<meta property=\"og:url\" content=\"https:\/\/www.storevan.com\/fr\/amenagement-vehicules-utilitaires\/fourgons-citroen\/\" \/>\n<meta property=\"og:site_name\" content=\"Store Van\" \/>\n<meta property=\"article:modified_time\" content=\"2019-03-18T15:50:42+00:00\" \/>\n<meta property=\"og:image\" content=\"https:\/\/www.storevan.com\/wp-content\/uploads\/2017\/01\/HOME1-Allestimenti-CITROEN.png\" \/>\n<meta name=\"twitter:label1\" content=\"Dur\u00e9e de lecture estim\u00e9e\" \/>\n\t<meta name=\"twitter:data1\" content=\"1 minute\" \/>\n<script type=\"application\/ld+json\" class=\"yoast-schema-graph\">{\"@context\":\"https:\/\/schema.org\",\"@graph\":[{\"@type\":\"WebPage\",\"@id\":\"https:\/\/www.storevan.com\/fr\/amenagement-vehicules-utilitaires\/fourgons-citroen\/\",\"url\":\"https:\/\/www.storevan.com\/fr\/amenagement-vehicules-utilitaires\/fourgons-citroen\/\",\"name\":\"Am\u00e9nagement fourgons Citro\u00ebn - V\u00e9hicule utilitaire Citro\u00ebn\",\"isPartOf\":{\"@id\":\"https:\/\/www.storevan.com\/pl\/#website\"},\"datePublished\":\"2015-12-14T08:48:07+00:00\",\"dateModified\":\"2019-03-18T15:50:42+00:00\",\"description\":\"Am\u00e9nagement fourgons Citro\u00ebn - V\u00e9hicule utilitaire Citro\u00ebn. Am\u00e9nagement de fourgon \u00e0 l'int\u00e9rieur Citro\u00ebn\",\"breadcrumb\":{\"@id\":\"https:\/\/www.storevan.com\/fr\/amenagement-vehicules-utilitaires\/fourgons-citroen\/#breadcrumb\"},\"inLanguage\":\"fr-FR\",\"potentialAction\":[{\"@type\":\"ReadAction\",\"target\":[\"https:\/\/www.storevan.com\/fr\/amenagement-vehicules-utilitaires\/fourgons-citroen\/\"]}]},{\"@type\":\"BreadcrumbList\",\"@id\":\"https:\/\/www.storevan.com\/fr\/amenagement-vehicules-utilitaires\/fourgons-citroen\/#breadcrumb\",\"itemListElement\":[{\"@type\":\"ListItem\",\"position\":1,\"name\":\"Home\",\"item\":\"https:\/\/www.storevan.com\/fr\/\"},{\"@type\":\"ListItem\",\"position\":2,\"name\":\"Am\u00e9nagement de v\u00e9hicule utilitaire\",\"item\":\"https:\/\/www.storevan.com\/fr\/amenagement-vehicules-utilitaires\/\"},{\"@type\":\"ListItem\",\"position\":3,\"name\":\"Citro\u00ebn\"}]},{\"@type\":\"WebSite\",\"@id\":\"https:\/\/www.storevan.com\/pl\/#website\",\"url\":\"https:\/\/www.storevan.com\/pl\/\",\"name\":\"Store Van\",\"description\":\"Am\u00e9nagements fourgons\",\"potentialAction\":[{\"@type\":\"SearchAction\",\"target\":{\"@type\":\"EntryPoint\",\"urlTemplate\":\"https:\/\/www.storevan.com\/pl\/?s={search_term_string}\"},\"query-input\":\"required name=search_term_string\"}],\"inLanguage\":\"fr-FR\"}]}<\/script>\n<!-- \/ Yoast SEO plugin. -->","yoast_head_json":{"title":"Am\u00e9nagement fourgons Citro\u00ebn - V\u00e9hicule utilitaire Citro\u00ebn","description":"Am\u00e9nagement fourgons Citro\u00ebn - V\u00e9hicule utilitaire Citro\u00ebn. Am\u00e9nagement de fourgon \u00e0 l'int\u00e9rieur Citro\u00ebn","robots":{"index":"index","follow":"follow","max-snippet":"max-snippet:-1","max-image-preview":"max-image-preview:large","max-video-preview":"max-video-preview:-1"},"canonical":"https:\/\/www.storevan.com\/fr\/amenagement-vehicules-utilitaires\/fourgons-citroen\/","og_locale":"fr_FR","og_type":"article","og_title":"Am\u00e9nagement fourgons Citro\u00ebn - V\u00e9hicule utilitaire Citro\u00ebn","og_description":"Am\u00e9nagement fourgons Citro\u00ebn - V\u00e9hicule utilitaire Citro\u00ebn. Am\u00e9nagement de fourgon \u00e0 l'int\u00e9rieur Citro\u00ebn","og_url":"https:\/\/www.storevan.com\/fr\/amenagement-vehicules-utilitaires\/fourgons-citroen\/","og_site_name":"Store Van","article_modified_time":"2019-03-18T15:50:42+00:00","og_image":[{"url":"https:\/\/www.storevan.com\/wp-content\/uploads\/2017\/01\/HOME1-Allestimenti-CITROEN.png"}],"twitter_misc":{"Dur\u00e9e de lecture estim\u00e9e":"1 minute"},"schema":{"@context":"https:\/\/schema.org","@graph":[{"@type":"WebPage","@id":"https:\/\/www.storevan.com\/fr\/amenagement-vehicules-utilitaires\/fourgons-citroen\/","url":"https:\/\/www.storevan.com\/fr\/amenagement-vehicules-utilitaires\/fourgons-citroen\/","name":"Am\u00e9nagement fourgons Citro\u00ebn - V\u00e9hicule utilitaire Citro\u00ebn","isPartOf":{"@id":"https:\/\/www.storevan.com\/pl\/#website"},"datePublished":"2015-12-14T08:48:07+00:00","dateModified":"2019-03-18T15:50:42+00:00","description":"Am\u00e9nagement fourgons Citro\u00ebn - V\u00e9hicule utilitaire Citro\u00ebn. Am\u00e9nagement de fourgon \u00e0 l'int\u00e9rieur Citro\u00ebn","breadcrumb":{"@id":"https:\/\/www.storevan.com\/fr\/amenagement-vehicules-utilitaires\/fourgons-citroen\/#breadcrumb"},"inLanguage":"fr-FR","potentialAction":[{"@type":"ReadAction","target":["https:\/\/www.storevan.com\/fr\/amenagement-vehicules-utilitaires\/fourgons-citroen\/"]}]},{"@type":"BreadcrumbList","@id":"https:\/\/www.storevan.com\/fr\/amenagement-vehicules-utilitaires\/fourgons-citroen\/#breadcrumb","itemListElement":[{"@type":"ListItem","position":1,"name":"Home","item":"https:\/\/www.storevan.com\/fr\/"},{"@type":"ListItem","position":2,"name":"Am\u00e9nagement de v\u00e9hicule utilitaire","item":"https:\/\/www.storevan.com\/fr\/amenagement-vehicules-utilitaires\/"},{"@type":"ListItem","position":3,"name":"Citro\u00ebn"}]},{"@type":"WebSite","@id":"https:\/\/www.storevan.com\/pl\/#website","url":"https:\/\/www.storevan.com\/pl\/","name":"Store Van","description":"Am\u00e9nagements fourgons","potentialAction":[{"@type":"SearchAction","target":{"@type":"EntryPoint","urlTemplate":"https:\/\/www.storevan.com\/pl\/?s={search_term_string}"},"query-input":"required name=search_term_string"}],"inLanguage":"fr-FR"}]}},"_links":{"self":[{"href":"https:\/\/www.storevan.com\/fr\/wp-json\/wp\/v2\/pages\/26031"}],"collection":[{"href":"https:\/\/www.storevan.com\/fr\/wp-json\/wp\/v2\/pages"}],"about":[{"href":"https:\/\/www.storevan.com\/fr\/wp-json\/wp\/v2\/types\/page"}],"author":[{"embeddable":true,"href":"https:\/\/www.storevan.com\/fr\/wp-json\/wp\/v2\/users\/470"}],"replies":[{"embeddable":true,"href":"https:\/\/www.storevan.com\/fr\/wp-json\/wp\/v2\/comments?post=26031"}],"version-history":[{"count":8,"href":"https:\/\/www.storevan.com\/fr\/wp-json\/wp\/v2\/pages\/26031\/revisions"}],"predecessor-version":[{"id":99333,"href":"https:\/\/www.storevan.com\/fr\/wp-json\/wp\/v2\/pages\/26031\/revisions\/99333"}],"up":[{"embeddable":true,"href":"https:\/\/www.storevan.com\/fr\/wp-json\/wp\/v2\/pages\/26069"}],"wp:attachment":[{"href":"https:\/\/www.storevan.com\/fr\/wp-json\/wp\/v2\/media?parent=26031"}],"curies":[{"name":"wp","href":"https:\/\/api.w.org\/{rel}","templated":true}]}}