{"id":25729,"date":"2016-01-19T16:10:11","date_gmt":"2016-01-19T15:10:11","guid":{"rendered":"https:\/\/www.storevan.com\/fr\/catalogues\/"},"modified":"2022-10-10T09:48:40","modified_gmt":"2022-10-10T09:48:40","slug":"catalogues","status":"publish","type":"page","link":"https:\/\/www.storevan.com\/fr\/catalogues\/","title":{"rendered":"Catalogues"},"content":{"rendered":"<h1 class=\"customblackTitleSmall\">Catalogues<\/h1>\n<hr class=\"noColor\" \/>\nParcourez les catalogues \u00e9num\u00e9r\u00e9s ci-dessous ou visitez la page des produits et de nos am\u00e9nagements int\u00e9rieurs de fourgons, o\u00f9 vous pourrez comprendre comment Store Van configure votre v\u00e9hicule utilitaire afin de lui donner ordre, protection et s\u00e9curit\u00e9.<\/p>\n<div class=\"legendaCatBlu\">\n<div class=\"catBlu\"><\/div>\n<p class=\"blue\">Nouvelle ligne<\/p>\n<\/div>\n<hr class=\"noColor\" \/>\n<div class=\"row-pdf col-xs-12 col-sm-6 -col-md-4 col-lg-4\">\n<div class=\"catalogo-sfogliabile\"><img decoding=\"async\" class=\"flip-cat-img\" src=\"https:\/\/www.storevan.com\/wp-content\/uploads\/2020\/12\/generale-it.png\"><span class=\"titolo-catalogo\">Catalogue G\u00e9n\u00e9ral 2020<\/span><a class=\"click-download\" title=\"Feuilleter en ligne\" href=\"https:\/\/online.flippingbook.com\/view\/859763\/\" target=\"_blank\" rel=\"noopener noreferrer\"><i class=\"flip-icon\"><\/i> <span class=\"spanBtn\">Feuilleter en ligne<\/span><\/a><a class=\"click-download\" title=\"T\u00e9l\u00e9charger\" href=\"https:\/\/www.storevan.com\/wp-content\/uploads\/doc\/Catalogo-Generale-StoreVan-IT-FR-2020.pdf\" target=\"_blank\" download rel=\"noopener noreferrer\"><i class=\"fa fa-download\"><\/i> <span class=\"spanBtn\">T\u00e9l\u00e9charger (4 MB)<\/span><\/a><\/div>\n<\/div>\n<div class=\"row-pdf col-xs-12 col-sm-6 -col-md-4 col-lg-4\">\n<div class=\"catalogo-sfogliabile\"><img decoding=\"async\" class=\"flip-cat-img\" src=\"https:\/\/www.storevan.com\/wp-content\/uploads\/2020\/12\/spaceup-it.png\"><span class=\"titolo-catalogo\">Space UP<\/span><a class=\"click-download\" title=\"Feuilleter en ligne\" href=\"https:\/\/online.flippingbook.com\/view\/273471\/\" target=\"_blank\" rel=\"noopener noreferrer\"><i class=\"flip-icon\"><\/i> <span class=\"spanBtn\">Feuilleter en ligne<\/span><\/a><a class=\"click-download\" title=\"T\u00e9l\u00e9charger\" href=\"https:\/\/www.storevan.com\/wp-content\/uploads\/doc\/Catalogo-SpaceUp-ITFR.pdf\" target=\"_blank\" download rel=\"noopener noreferrer\"><i class=\"fa fa-download\"><\/i> <span class=\"spanBtn\">T\u00e9l\u00e9charger (3 MB)<\/span><\/a><\/div>\n<\/div>\n<div class=\"row-pdf col-xs-12 col-sm-6 -col-md-4 col-lg-4\"><\/div>\n<div class=\"break\">\n<hr class=\"noColor\">\n<hr class=\"noColor\"><\/div>\n<h2 class=\"customblackTitleExtraSmall\">Solutions pour Courrier express:<\/h2>\n<div class=\"rowDownload\"><div class=\"one_fourth\"><span class=\"txtBlack txtUp \">Transformation &#8211; CEP <a href=\"https:\/\/www.storevan.com\/fr\/transformation-vehicules-utilitaires-pour-coursiers-express\/\"><i class=\"fa fa-info-circle blue\"><\/i><\/a><\/span><\/div>\n<div class=\"three_fourth last\">\n<span class=\"col-xs-6 col-md-3\"><a class=\"blue\" title=\"CEP Ducato\" href=\"https:\/\/www.storevan.com\/wp-content\/uploads\/doc\/CEP_Fiat_Ducato_ITFR.pdf\" target=\"_blank\" rel=\"noopener noreferrer\">Fiat Ducato<\/a><\/span><span class=\"col-xs-6 col-md-3\"><a class=\"blue\" title=\"CEP Master\" href=\"https:\/\/www.storevan.com\/wp-content\/uploads\/doc\/CEP_Renault_Master_ITFR.pdf\" target=\"_blank\" rel=\"noopener noreferrer\">Renault Master<\/a><\/span><span class=\"col-xs-6 col-md-3\"><a class=\"blue\" title=\"CEP Crafter\" href=\"https:\/\/www.storevan.com\/wp-content\/uploads\/doc\/CEP_Volkswagen_Crafter_ITFR.pdf\" target=\"_blank\" rel=\"noopener noreferrer\">Volkswagen Crafter<\/a><\/span><br \/>\n<\/div><div class=\"clearboth\"><\/div><\/div>\n<div class=\"rowDownload\">\n<div class=\"one_fourth\"><span class=\"txtBlack \">Am\u00e9nagement Light Shelf <a href=\"https:\/\/www.storevan.com\/prodotti\/ripiani-ribaltabili-per-furgoni\/\"><i class=\"fa fa-info-circle blue\"><\/i><\/a><\/span> <\/div>\n<div class=\"three_fourth last\"><span class=\"col-xs-6 col-md-3\"><a class=\"blue\" title=\"Am\u00e9nagement Light Shelf - Pdf\" href=\"https:\/\/www.storevan.com\/wp-content\/uploads\/doc\/Lightshelf_ITFR_CCT01S2600_web.pdf#page=14\" target=\"_blank\" rel=\"noopener noreferrer\">Citro\u00ebn Jumper<\/a><\/span><span class=\"col-xs-6 col-md-3\"><a class=\"blue\" title=\"Am\u00e9nagement Light Shelf - Pdf\" href=\"https:\/\/www.storevan.com\/wp-content\/uploads\/doc\/Lightshelf_ITFR_CCT01S2600_web.pdf#page=14\" target=\"_blank\" rel=\"noopener noreferrer\">Fiat Ducato<\/a><\/span><span class=\"col-xs-6 col-md-3\"><a class=\"blue\" title=\"Am\u00e9nagement Light Shelf - Pdf\" href=\"https:\/\/www.storevan.com\/wp-content\/uploads\/doc\/Lightshelf_ITFR_CCT01S2600_web.pdf#page=20\" target=\"_blank\" rel=\"noopener noreferrer\">Ford Transit<\/a><\/span><span class=\"col-xs-6 col-md-3\"><a class=\"blue\" title=\"Am\u00e9nagement Light Shelf - Pdf\" href=\"https:\/\/www.storevan.com\/wp-content\/uploads\/doc\/Lightshelf_ITFR_CCT01S2600_web.pdf#page=24\" target=\"_blank\" rel=\"noopener noreferrer\">Iveco Daily<\/a><\/span><span class=\"col-xs-6 col-md-3\"><a class=\"blue\" title=\"Am\u00e9nagement Light Shelf - Pdf\" href=\"https:\/\/www.storevan.com\/wp-content\/uploads\/doc\/Lightshelf_ITFR_CCT01S2600_web.pdf#page=36\" target=\"_blank\" rel=\"noopener noreferrer\">Man Tge<\/a><\/span><span class=\"col-xs-6 col-md-3\"><a class=\"blue\" title=\"Am\u00e9nagement Light Shelf - Pdf\" href=\"https:\/\/www.storevan.com\/wp-content\/uploads\/doc\/Lightshelf_ITFR_CCT01S2600_web.pdf#page=28\" target=\"_blank\" rel=\"noopener noreferrer\">Mercedes-Benz Sprinter<\/a><\/span><span class=\"col-xs-6 col-md-3\"><a class=\"blue\" title=\"Am\u00e9nagement Light Shelf - Pdf\" href=\"https:\/\/www.storevan.com\/wp-content\/uploads\/doc\/Lightshelf_ITFR_CCT01S2600_web.pdf#page=32\" target=\"_blank\" rel=\"noopener noreferrer\">Nissan NV400 \/ Interstar<\/a><\/span><span class=\"col-xs-6 col-md-3\"><a class=\"blue\" title=\"Am\u00e9nagement Light Shelf - Pdf\" href=\"https:\/\/www.storevan.com\/wp-content\/uploads\/doc\/Lightshelf_ITFR_CCT01S2600_web.pdf#page=32\" target=\"_blank\" rel=\"noopener noreferrer\">Opel Movano 2010<\/a><\/span><span class=\"col-xs-6 col-md-3\"><a class=\"blue\" title=\"Am\u00e9nagement Light Shelf - Pdf\" href=\"https:\/\/www.storevan.com\/wp-content\/uploads\/doc\/Lightshelf_ITFR_CCT01S2600_web.pdf#page=14\" target=\"_blank\" rel=\"noopener noreferrer\">Opel Movano 2021<\/a><\/span><span class=\"col-xs-6 col-md-3\"><a class=\"blue\" title=\"Am\u00e9nagement Light Shelf - Pdf\" href=\"https:\/\/www.storevan.com\/wp-content\/uploads\/doc\/Lightshelf_ITFR_CCT01S2600_web.pdf#page=14\" target=\"_blank\" rel=\"noopener noreferrer\">Peugeot Boxer<\/a><\/span><span class=\"col-xs-6 col-md-3\"><a class=\"blue\" title=\"Am\u00e9nagement Light Shelf - Pdf\" href=\"https:\/\/www.storevan.com\/wp-content\/uploads\/doc\/Lightshelf_ITFR_CCT01S2600_web.pdf#page=32\" target=\"_blank\" rel=\"noopener noreferrer\">Renault Master<\/a><\/span><span class=\"col-xs-6 col-md-3\"><a class=\"blue\" title=\"Am\u00e9nagement Light Shelf - Pdf\" href=\"https:\/\/www.storevan.com\/wp-content\/uploads\/doc\/Lightshelf_ITFR_CCT01S2600_web.pdf#page=36\" target=\"_blank\" rel=\"noopener noreferrer\">VW Crafter<\/a><\/span><br \/>\n<\/div><div class=\"clearboth\"><\/div>\n<\/div>\n<hr class=\"noColor\" \/>\n<h2 class=\"customblackTitleExtraSmall\">Autres catalogues:<\/h2>\n<hr class=\"noColor\"\/>\n<div class=\"rowDownload\" style=\"background-color: #f9f9f9;\">\n<div class=\"one_fourth\">\n<a class=\"blue\" title=\"STOREBOX\" href=\"https:\/\/www.storevan.com\/wp-content\/uploads\/doc\/Catalogo_Valigette_StoreBox_StoreVan_FR.pdf\" target=\"_blank\" rel=\"noopener noreferrer\">STOREBOX<\/a><br \/>\n<\/div><div class=\"one_fourth last\">\n<a class=\"blue\" title=\"DIVIDERS\" href=\"https:\/\/www.storevan.com\/wp-content\/uploads\/doc\/Dividers_StoreVan_fr.pdf\" target=\"_blank\" rel=\"noopener noreferrer\">DIVIDERS<\/a><br \/>\n<\/div><div class=\"clearboth\"><\/div>\n<\/div>\n<hr class=\"noColor\" \/>\n<h2 class=\"customblackTitleExtraSmall\">Catalogues par marque et mod\u00e8le:<\/h2>\n<hr class=\"noColor\"\/>\n<div class=\"demo-sep\" style=\"margin-top: 20px;\"><\/div>\n<div class=\"rowDownload\"><div class=\"one_fourth\"><span class=\"txtBlack \">CITRO\u00cbN<\/span><\/div>\n<div class=\"three_fourth last\">\n<div class=\"one_fourth\"><a class=\"blue\" title=\"Nemo\" href=\"https:\/\/www.storevan.com\/wp-content\/uploads\/doc\/CITROEN_NEMO_Allestimenti_Amenagements_StoreVan_itfr.pdf\" target=\"_blank\" rel=\"noopener noreferrer\">Nemo<\/a><\/div>\n<div class=\"one_fourth\"><a class=\"blue\" title=\"Berlingo\" href=\"https:\/\/www.storevan.com\/wp-content\/uploads\/doc\/CITROEN_BERLINGO_2018_Allestimenti_Amenagements_StoreVan_itfr.pdf\" target=\"_blank\" rel=\"noopener noreferrer\">Berlingo <\/a><\/div>\n<div class=\"one_fourth\"><a class=\"blue\" title=\"Jumpy\" href=\"https:\/\/www.storevan.com\/wp-content\/uploads\/doc\/CITROEN_JUMPY_2016_Allestimenti_Amenagements_StoreVan_itfr.pdf\" target=\"_blank\" rel=\"noopener noreferrer\">Jumpy<\/a><\/div>\n<div class=\"one_fourth last\"><a class=\"blue\" title=\"Jumper\" href=\"https:\/\/www.storevan.com\/wp-content\/uploads\/doc\/CITROEN_JUMPER_Allestimenti_Amenagements_StoreVan_itfr.pdf\" target=\"_blank\" rel=\"noopener noreferrer\">Jumper<\/a><\/div><div class=\"clearboth\"><\/div>\n<\/div><div class=\"clearboth\"><\/div><\/div>\n<div class=\"rowDownload\"><div class=\"one_fourth\"><span class=\"txtBlack \">DACIA<\/span><\/div>\n<div class=\"three_fourth last\">\n<div class=\"one_fourth\"><a title=\"Dokker\" href=\"https:\/\/www.storevan.com\/wp-content\/uploads\/doc\/DACIA_DOKKER_Allestimenti_Amenagements_StoreVan_itfr.pdf\" target=\"_blank\" rel=\"noopener noreferrer\">Dokker<\/a><\/div>\n<div class=\"one_fourth\"><a class=\"hidden-xs\">&#8211;<\/a><\/div>\n<div class=\"one_fourth\"><a class=\"hidden-xs\">&#8211;<\/a><\/div>\n<div class=\"one_fourth last\"><a class=\"hidden-xs\">&#8211;<\/a><\/div><div class=\"clearboth\"><\/div>\n<\/div><div class=\"clearboth\"><\/div><\/div>\n<div class=\"rowDownload\"><div class=\"one_fourth\"><span class=\"txtBlack \">FIAT<\/span><\/div>\n<div class=\"three_fourth last\">\n<div class=\"one_fourth\"><a class=\"blue\" title=\"Fiorino\" href=\"https:\/\/www.storevan.com\/wp-content\/uploads\/doc\/FIAT_FIORINO_Allestimenti_Amenagements_StoreVan_itfr.pdf\" target=\"_blank\" rel=\"noopener noreferrer\">Fiorino<\/a><\/div>\n<div class=\"one_fourth\"><a class=\"blue\" title=\"Dobl\u00f2\" href=\"https:\/\/www.storevan.com\/wp-content\/uploads\/doc\/FIAT_DOBLO_Allestimenti_Amenagements_StoreVan_itfr.pdf\" target=\"_blank\" rel=\"noopener noreferrer\">Dobl\u00f2<\/a><\/div>\n<div class=\"one_fourth\"><a class=\"blue\" title=\"Talento\" href=\"https:\/\/www.storevan.com\/wp-content\/uploads\/doc\/FIAT_TALENTO_Allestimenti_Amenagements_StoreVan_itfr.pdf\" target=\"_blank\" rel=\"noopener noreferrer\">Talento<\/a><\/div>\n<div class=\"one_fourth last\"><a class=\"blue\" title=\"Ducato\" href=\"https:\/\/www.storevan.com\/wp-content\/uploads\/doc\/FIAT_DUCATO_Allestimenti_Amenagements_StoreVan_itfr.pdf\" target=\"_blank\" rel=\"noopener noreferrer\">Ducato<\/a><\/div><div class=\"clearboth\"><\/div>\n<\/div><div class=\"clearboth\"><\/div><\/div>\n<div class=\"rowDownload\"><div class=\"one_fourth\"><span class=\"txtBlack \">FORD<\/span><\/div>\n<div class=\"three_fourth last\">\n<div class=\"one_fourth\"><a class=\"blue\" title=\"Courier\" href=\"https:\/\/www.storevan.com\/wp-content\/uploads\/doc\/FORD_COURIER_Allestimenti_Amenagements_StoreVan_itfr.pdf\" target=\"_blank\" rel=\"noopener noreferrer\">Courier<\/a><\/div>\n<div class=\"one_fourth\"><a class=\"blue\" title=\"Connect\" href=\"https:\/\/www.storevan.com\/wp-content\/uploads\/doc\/FORD_CONNECT_2013_Allestimenti_Amenagements_StoreVan_itfr.pdf\" target=\"_blank\" rel=\"noopener noreferrer\">Connect<\/a><\/div>\n<div class=\"one_fourth\"><a class=\"blue\" title=\"Custom\" href=\"https:\/\/www.storevan.com\/wp-content\/uploads\/doc\/FORD_CUSTOM_Allestimenti_Amenagements_StoreVan_itfr.pdf\" target=\"_blank\" rel=\"noopener noreferrer\">Custom<\/a><\/div>\n<div class=\"one_fourth last\"><a class=\"blue\" title=\"Transit\" href=\"https:\/\/www.storevan.com\/wp-content\/uploads\/doc\/FORD_TRANSIT_Allestimenti_Amenagements_StoreVan_itfr.pdf\" target=\"_blank\" rel=\"noopener noreferrer\">Transit<\/a><\/div><div class=\"clearboth\"><\/div>\n<\/div><div class=\"clearboth\"><\/div><\/div>\n<div class=\"rowDownload\"><div class=\"one_fourth\"><span class=\"txtBlack \">HYUNDAI<\/span><\/div>\n<div class=\"three_fourth last\">\n<div class=\"one_fourth\"><a class=\"hidden-xs\">&#8211;<\/a><\/div>\n<div class=\"one_fourth\"><a class=\"hidden-xs\">&#8211;<\/a><\/div>\n<div class=\"one_fourth\"><a class=\"hidden-xs\">&#8211;<\/a><\/div>\n<div class=\"one_fourth last\"><a class=\"blue\" title=\"H350\" href=\"https:\/\/www.storevan.com\/wp-content\/uploads\/doc\/HYUNDAI_H350_Allestimenti_Amenagements_StoreVan_itfr.pdf\" target=\"_blank\" rel=\"noopener noreferrer\">H350<\/a><\/div><div class=\"clearboth\"><\/div>\n<\/div><div class=\"clearboth\"><\/div><\/div>\n<div class=\"rowDownload\"><div class=\"one_fourth\"><span class=\"txtBlack \">IVECO<\/span><\/div>\n<div class=\"three_fourth last\">\n<div class=\"one_fourth\"><a class=\"hidden-xs\">&#8211;<\/a><\/div>\n<div class=\"one_fourth\"><a class=\"hidden-xs\">&#8211;<\/a><\/div>\n<div class=\"one_fourth\"><a class=\"hidden-xs\">&#8211;<\/a><\/div>\n<div class=\"one_fourth last\"><a class=\"blue\" title=\"Daily\" href=\"https:\/\/www.storevan.com\/wp-content\/uploads\/doc\/IVECO_DAILY_Allestimenti_Amenagements_StoreVan_itfr.pdf\" target=\"_blank\" rel=\"noopener noreferrer\">Daily<\/a><\/div><div class=\"clearboth\"><\/div>\n<\/div><div class=\"clearboth\"><\/div><\/div>\n<div class=\"rowDownload\"><div class=\"one_fourth\"><span class=\"txtBlack \">MAN<\/span><\/div>\n<div class=\"three_fourth last\">\n<div class=\"one_fourth\"><a class=\"hidden-xs\">&#8211;<\/a><\/div>\n<div class=\"one_fourth\"><a class=\"hidden-xs\">&#8211;<\/a><\/div>\n<div class=\"one_fourth\"><a class=\"hidden-xs\">&#8211;<\/a><\/div>\n<div class=\"one_fourth last\"><a class=\"blue\" title=\"TGE\" href=\"https:\/\/www.storevan.com\/wp-content\/uploads\/doc\/MAN_TGE_Allestimenti_Amenagements_StoreVan_itfr.pdf\" target=\"_blank\" rel=\"noopener noreferrer\">TGE<\/a><\/div><div class=\"clearboth\"><\/div>\n<\/div><div class=\"clearboth\"><\/div><\/div>\n<div class=\"rowDownload\"><div class=\"one_fourth\"><span class=\"txtBlack \">MERCEDES-BENZ<\/span><\/div>\n<div class=\"three_fourth last\">\n<div class=\"one_fourth\"><a class=\"hidden-xs\">&#8211;<\/a><\/div>\n<div class=\"one_fourth\"><a title=\"Citan\" href=\"https:\/\/www.storevan.com\/wp-content\/uploads\/doc\/MERCEDES-BENZ_CITAN_Allestimenti_Amenagements_StoreVan_itfr.pdf\" target=\"_blank\" rel=\"noopener noreferrer\">Citan<\/a><\/div>\n<div class=\"one_fourth\"><a class=\"blue\" title=\"Vito\" href=\"https:\/\/www.storevan.com\/wp-content\/uploads\/doc\/MERCEDES-BENZ_VITO_Allestimenti_Amenagements_StoreVan_itfr.pdf\" target=\"_blank\" rel=\"noopener noreferrer\">Vito<\/a><\/div>\n<div class=\"one_fourth last\"><a class=\"blue\" title=\"Sprinter\" href=\"https:\/\/www.storevan.com\/wp-content\/uploads\/doc\/MERCEDES-BENZ_SPRINTER_Allestimenti_Amenagements_StoreVan_itfr.pdf\" target=\"_blank\" rel=\"noopener noreferrer\">Sprinter<\/a><\/div><div class=\"clearboth\"><\/div>\n<\/div><div class=\"clearboth\"><\/div><\/div>\n<div class=\"rowDownload\"><div class=\"one_fourth\"><span class=\"txtBlack \">NISSAN<\/span><\/div>\n<div class=\"three_fourth last\">\n<div class=\"one_fourth\"><a class=\"hidden-xs\">&#8211;<\/a><\/div>\n<div class=\"one_fourth\"><a title=\"NV200\" href=\"https:\/\/www.storevan.com\/wp-content\/uploads\/doc\/NISSAN_NV200_Allestimenti_Amenagements_StoreVan_itfr.pdf\" target=\"_blank\" rel=\"noopener noreferrer\">NV200<\/a><\/div>\n<div class=\"one_fourth\"><a class=\"blue\" title=\"NV300\" href=\"https:\/\/www.storevan.com\/wp-content\/uploads\/doc\/NISSAN_NV300_Allestimenti_Amenagements_StoreVan_itfr.pdf\" target=\"_blank\" rel=\"noopener noreferrer\">NV300 \/ Primastar<\/a><\/div>\n<div class=\"one_fourth last\"><a class=\"blue\" title=\"NV400\" href=\"https:\/\/www.storevan.com\/wp-content\/uploads\/doc\/NISSAN_NV400_Allestimenti_Amenagements_StoreVan_itfr.pdf\" target=\"_blank\" rel=\"noopener noreferrer\">NV400 \/ Interstar<\/a><\/div><div class=\"clearboth\"><\/div>\n<\/div><div class=\"clearboth\"><\/div><\/div>\n<div class=\"rowDownload\"><div class=\"one_fourth\"><span class=\"txtBlack \">OPEL<\/span><\/div>\n<div class=\"three_fourth last\">\n<div class=\"one_fourth\"><a class=\"hidden-xs\">&#8211;<\/a><\/div>\n<div class=\"one_fourth\"><a class=\"blue\" title=\"Combo\" href=\"https:\/\/www.storevan.com\/wp-content\/uploads\/doc\/OPEL_COMBO_2018_Allestimenti_Amenagements_StoreVan_itfr.pdf\" target=\"_blank\" rel=\"noopener noreferrer\">Combo<\/a><\/div>\n<div class=\"one_fourth\"><a class=\"blue\" title=\"Vivaro 2019\" href=\"https:\/\/www.storevan.com\/wp-content\/uploads\/doc\/OPEL_VIVARO_Allestimenti_Amenagements_StoreVan_itfr.pdf\" target=\"_blank\" rel=\"noopener noreferrer\">Vivaro<\/a><\/div>\n<div class=\"one_fourth last\"><a class=\"blue\" title=\"Movano 2021\" href=\"https:\/\/www.storevan.com\/wp-content\/uploads\/doc\/OPEL_MOVANO_2021_Allestimenti_Amenagements_StoreVan_itfr.pdf\" target=\"_blank\" rel=\"noopener noreferrer\">Movano 2021<\/a><\/div><div class=\"clearboth\"><\/div>\n<\/div><div class=\"clearboth\"><\/div><\/div>\n<div class=\"rowDownload\"><div class=\"one_fourth\"><span class=\"txtBlack \">PEUGEOT<\/span><\/div>\n<div class=\"three_fourth last\">\n<div class=\"one_fourth\"><a class=\"blue\" title=\"Bipper\" href=\"https:\/\/www.storevan.com\/wp-content\/uploads\/doc\/PEUGEOT_BIPPER_Allestimenti_Amenagements_StoreVan_itfr.pdf\" target=\"_blank\" rel=\"noopener noreferrer\">Bipper<\/a><\/div>\n<div class=\"one_fourth\"><a class=\"blue\" title=\"Partner\" href=\"https:\/\/www.storevan.com\/wp-content\/uploads\/doc\/PEUGEOT_PARTNER_2018_Allestimenti_Amenagements_StoreVan_itfr.pdf\" target=\"_blank\" rel=\"noopener noreferrer\">Partner<\/a><\/div>\n<div class=\"one_fourth\"><a class=\"blue\" title=\"Expert\" href=\"https:\/\/www.storevan.com\/wp-content\/uploads\/doc\/PEUGEOT_EXPERT_2016_Allestimenti_Amenagements_StoreVan_itfr.pdf\" target=\"_blank\" rel=\"noopener noreferrer\">Expert<\/a><\/div>\n<div class=\"one_fourth last\"><a class=\"blue\" title=\"Boxer\" href=\"https:\/\/www.storevan.com\/wp-content\/uploads\/doc\/PEUGEOT_BOXER_Allestimenti_Amenagements_StoreVan_itfr.pdf\" target=\"_blank\" rel=\"noopener noreferrer\">Boxer<\/a><\/div><div class=\"clearboth\"><\/div>\n<\/div><div class=\"clearboth\"><\/div><\/div>\n<div class=\"rowDownload\"><div class=\"one_fourth\"><span class=\"txtBlack \">RENAULT<\/span><\/div>\n<div class=\"three_fourth last\">\n<div class=\"one_fourth\"><a class=\"hidden-xs\">&#8211;<\/a><\/div>\n<div class=\"one_fourth\"><a title=\"Kangoo\" href=\"https:\/\/www.storevan.com\/wp-content\/uploads\/doc\/RENAULT_KANGOO_Allestimenti_Amenagements_StoreVan_itfr.pdf\" target=\"_blank\" rel=\"noopener noreferrer\">Kangoo<\/a><\/div>\n<div class=\"one_fourth\"><a class=\"blue\" title=\"Trafic\" href=\"https:\/\/www.storevan.com\/wp-content\/uploads\/doc\/RENAULT_TRAFIC_Allestimenti_Amenagements_StoreVan_itfr.pdf\" target=\"_blank\" rel=\"noopener noreferrer\">Trafic<\/a><\/div>\n<div class=\"one_fourth last\"><a class=\"blue\" title=\"Master\" href=\"https:\/\/www.storevan.com\/wp-content\/uploads\/doc\/RENAULT_MASTER_Allestimenti_Amenagements_StoreVan_itfr.pdf\" target=\"_blank\" rel=\"noopener noreferrer\">Master<\/a><\/div><div class=\"clearboth\"><\/div>\n<\/div><div class=\"clearboth\"><\/div><\/div>\n<div class=\"rowDownload\"><div class=\"one_fourth\"><span class=\"txtBlack \">TOYOTA<\/span><\/div>\n<div class=\"three_fourth last\">\n<div class=\"one_fourth\"><a class=\"hidden-xs\">&#8211;<\/a><\/div>\n<div class=\"one_fourth\"><a class=\"blue\" title=\"Proace City\" href=\"https:\/\/www.storevan.com\/wp-content\/uploads\/doc\/TOYOTA_PROACE_CITY_2019_Allestimenti_Amenagements_StoreVan_itfr.pdf\" target=\"_blank\" rel=\"noopener noreferrer\">Proace City<\/a><\/div>\n<div class=\"one_fourth\"><a class=\"blue\" title=\"Proace\" href=\"https:\/\/www.storevan.com\/wp-content\/uploads\/doc\/TOYOTA_PROACE_Allestimenti_Amenagements_StoreVan_itfr.pdf\" target=\"_blank\" rel=\"noopener noreferrer\">Proace<\/a><\/div>\n<div class=\"one_fourth last\"><a class=\"hidden-xs\">&#8211;<\/a><\/div><div class=\"clearboth\"><\/div>\n<\/div><div class=\"clearboth\"><\/div><\/div>\n<div class=\"rowDownload\"><div class=\"one_fourth\"><span class=\"txtBlack \">VOLKSWAGEN<\/span><\/div>\n<div class=\"three_fourth last\">\n<div class=\"one_fourth\"><a class=\"hidden-xs\">&#8211;<\/a><\/div>\n<div class=\"one_fourth\"><a class=\"blue\" title=\"Caddy\" href=\"https:\/\/www.storevan.com\/wp-content\/uploads\/doc\/VOLKSWAGEN_CADDY_Allestimenti_Amenagements_StoreVan_itfr.pdf\" target=\"_blank\" rel=\"noopener noreferrer\">Caddy 2015<\/a><br \/><a class=\"blue\" title=\"Caddy\" href=\"https:\/\/www.storevan.com\/wp-content\/uploads\/doc\/VOLKSWAGEN_CADDY_CARGO_2021_Allestimenti_Amenagements_StoreVan_itfr.pdf\" target=\"_blank\" rel=\"noopener noreferrer\">Caddy Cargo 2021<\/a><\/div>\n<div class=\"one_fourth\"><a class=\"blue\" title=\"Transporter\" href=\"https:\/\/www.storevan.com\/wp-content\/uploads\/doc\/VOLKSWAGEN_TRANSPORTER_Allestimenti_Amenagements_StoreVan_itfr.pdf\" target=\"_blank\" rel=\"noopener noreferrer\">Transporter<\/a><\/div>\n<div class=\"one_fourth last\"><a class=\"blue\" title=\"Crafter\" href=\"https:\/\/www.storevan.com\/wp-content\/uploads\/doc\/VOLKSWAGEN_CRAFTER_2017_Allestimenti_Amenagements_StoreVan_itfr.pdf\" target=\"_blank\" rel=\"noopener noreferrer\">Crafter<\/a><\/div><div class=\"clearboth\"><\/div>\n<\/div><div class=\"clearboth\"><\/div><\/div>\n<p><!-- \n\n<hr \/>\n\n\n\n\n<h2 class=\"customblackTitleExtraSmall\">Solutions off-road:<\/h2>\n\n\n\n\n<hr class=\"noColor\"\/>\n\n\n<div class=\"rowDownload\" style=\"background-color: #f9f9f9;\">[one_fourth last=\"no\"]<span class=\"txtBlack \">PICKUP<\/span>[\/one_fourth]\n[three_fourth last=\"yes\"]\n[one_half last=\"yes\"]<a class=\"blue\" title=\"Fiat Fullback et Mitsubishi L200\" href=\"https:\/\/www.storevan.com\/wp-content\/uploads\/doc\/Fullback_it-fr_web.pdf\" target=\"_blank\" rel=\"noopener noreferrer\">Fiat Fullback et Mitsubishi L200<\/a>[\/one_half]\n[\/three_fourth]<\/div>\n\n --><\/p>\n<div class=\"break\"><\/div>\n","protected":false},"excerpt":{"rendered":"<p>Catalogues Parcourez les catalogues \u00e9num\u00e9r\u00e9s ci-dessous ou visitez la page des produits et de nos am\u00e9nagements int\u00e9rieurs de fourgons, o\u00f9 vous pourrez comprendre comment Store Van configure votre v\u00e9hicule utilitaire.<\/p>\n","protected":false},"author":470,"featured_media":0,"parent":0,"menu_order":0,"comment_status":"closed","ping_status":"closed","template":"","meta":[],"acf":[],"yoast_head":"<!-- This site is optimized with the Yoast SEO plugin v20.11 - https:\/\/yoast.com\/wordpress\/plugins\/seo\/ -->\n<title>Catalogues<\/title>\n<meta name=\"robots\" content=\"index, follow, max-snippet:-1, max-image-preview:large, max-video-preview:-1\" \/>\n<link rel=\"canonical\" href=\"https:\/\/www.storevan.com\/fr\/catalogues\/\" \/>\n<meta property=\"og:locale\" content=\"fr_FR\" \/>\n<meta property=\"og:type\" content=\"article\" \/>\n<meta property=\"og:title\" content=\"Catalogues\" \/>\n<meta property=\"og:description\" content=\"Catalogues Parcourez les catalogues \u00e9num\u00e9r\u00e9s ci-dessous ou visitez la page des produits et de nos am\u00e9nagements int\u00e9rieurs de fourgons, o\u00f9 vous pourrez comprendre comment Store Van configure votre v\u00e9hicule utilitaire.\" \/>\n<meta property=\"og:url\" content=\"https:\/\/www.storevan.com\/fr\/catalogues\/\" \/>\n<meta property=\"og:site_name\" content=\"Store Van\" \/>\n<meta property=\"article:modified_time\" content=\"2022-10-10T09:48:40+00:00\" \/>\n<meta property=\"og:image\" content=\"https:\/\/www.storevan.com\/wp-content\/uploads\/2020\/12\/generale-it.png\" \/>\n<meta name=\"twitter:label1\" content=\"Dur\u00e9e de lecture estim\u00e9e\" \/>\n\t<meta name=\"twitter:data1\" content=\"3 minutes\" \/>\n<script type=\"application\/ld+json\" class=\"yoast-schema-graph\">{\"@context\":\"https:\/\/schema.org\",\"@graph\":[{\"@type\":\"WebPage\",\"@id\":\"https:\/\/www.storevan.com\/fr\/catalogues\/\",\"url\":\"https:\/\/www.storevan.com\/fr\/catalogues\/\",\"name\":\"Catalogues\",\"isPartOf\":{\"@id\":\"https:\/\/www.storevan.com\/pl\/#website\"},\"datePublished\":\"2016-01-19T15:10:11+00:00\",\"dateModified\":\"2022-10-10T09:48:40+00:00\",\"breadcrumb\":{\"@id\":\"https:\/\/www.storevan.com\/fr\/catalogues\/#breadcrumb\"},\"inLanguage\":\"fr-FR\",\"potentialAction\":[{\"@type\":\"ReadAction\",\"target\":[\"https:\/\/www.storevan.com\/fr\/catalogues\/\"]}]},{\"@type\":\"BreadcrumbList\",\"@id\":\"https:\/\/www.storevan.com\/fr\/catalogues\/#breadcrumb\",\"itemListElement\":[{\"@type\":\"ListItem\",\"position\":1,\"name\":\"Home\",\"item\":\"https:\/\/www.storevan.com\/fr\/\"},{\"@type\":\"ListItem\",\"position\":2,\"name\":\"Catalogues\"}]},{\"@type\":\"WebSite\",\"@id\":\"https:\/\/www.storevan.com\/pl\/#website\",\"url\":\"https:\/\/www.storevan.com\/pl\/\",\"name\":\"Store Van\",\"description\":\"Am\u00e9nagements fourgons\",\"potentialAction\":[{\"@type\":\"SearchAction\",\"target\":{\"@type\":\"EntryPoint\",\"urlTemplate\":\"https:\/\/www.storevan.com\/pl\/?s={search_term_string}\"},\"query-input\":\"required name=search_term_string\"}],\"inLanguage\":\"fr-FR\"}]}<\/script>\n<!-- \/ Yoast SEO plugin. -->","yoast_head_json":{"title":"Catalogues","robots":{"index":"index","follow":"follow","max-snippet":"max-snippet:-1","max-image-preview":"max-image-preview:large","max-video-preview":"max-video-preview:-1"},"canonical":"https:\/\/www.storevan.com\/fr\/catalogues\/","og_locale":"fr_FR","og_type":"article","og_title":"Catalogues","og_description":"Catalogues Parcourez les catalogues \u00e9num\u00e9r\u00e9s ci-dessous ou visitez la page des produits et de nos am\u00e9nagements int\u00e9rieurs de fourgons, o\u00f9 vous pourrez comprendre comment Store Van configure votre v\u00e9hicule utilitaire.","og_url":"https:\/\/www.storevan.com\/fr\/catalogues\/","og_site_name":"Store Van","article_modified_time":"2022-10-10T09:48:40+00:00","og_image":[{"url":"https:\/\/www.storevan.com\/wp-content\/uploads\/2020\/12\/generale-it.png"}],"twitter_misc":{"Dur\u00e9e de lecture estim\u00e9e":"3 minutes"},"schema":{"@context":"https:\/\/schema.org","@graph":[{"@type":"WebPage","@id":"https:\/\/www.storevan.com\/fr\/catalogues\/","url":"https:\/\/www.storevan.com\/fr\/catalogues\/","name":"Catalogues","isPartOf":{"@id":"https:\/\/www.storevan.com\/pl\/#website"},"datePublished":"2016-01-19T15:10:11+00:00","dateModified":"2022-10-10T09:48:40+00:00","breadcrumb":{"@id":"https:\/\/www.storevan.com\/fr\/catalogues\/#breadcrumb"},"inLanguage":"fr-FR","potentialAction":[{"@type":"ReadAction","target":["https:\/\/www.storevan.com\/fr\/catalogues\/"]}]},{"@type":"BreadcrumbList","@id":"https:\/\/www.storevan.com\/fr\/catalogues\/#breadcrumb","itemListElement":[{"@type":"ListItem","position":1,"name":"Home","item":"https:\/\/www.storevan.com\/fr\/"},{"@type":"ListItem","position":2,"name":"Catalogues"}]},{"@type":"WebSite","@id":"https:\/\/www.storevan.com\/pl\/#website","url":"https:\/\/www.storevan.com\/pl\/","name":"Store Van","description":"Am\u00e9nagements fourgons","potentialAction":[{"@type":"SearchAction","target":{"@type":"EntryPoint","urlTemplate":"https:\/\/www.storevan.com\/pl\/?s={search_term_string}"},"query-input":"required name=search_term_string"}],"inLanguage":"fr-FR"}]}},"_links":{"self":[{"href":"https:\/\/www.storevan.com\/fr\/wp-json\/wp\/v2\/pages\/25729"}],"collection":[{"href":"https:\/\/www.storevan.com\/fr\/wp-json\/wp\/v2\/pages"}],"about":[{"href":"https:\/\/www.storevan.com\/fr\/wp-json\/wp\/v2\/types\/page"}],"author":[{"embeddable":true,"href":"https:\/\/www.storevan.com\/fr\/wp-json\/wp\/v2\/users\/470"}],"replies":[{"embeddable":true,"href":"https:\/\/www.storevan.com\/fr\/wp-json\/wp\/v2\/comments?post=25729"}],"version-history":[{"count":53,"href":"https:\/\/www.storevan.com\/fr\/wp-json\/wp\/v2\/pages\/25729\/revisions"}],"predecessor-version":[{"id":149492,"href":"https:\/\/www.storevan.com\/fr\/wp-json\/wp\/v2\/pages\/25729\/revisions\/149492"}],"wp:attachment":[{"href":"https:\/\/www.storevan.com\/fr\/wp-json\/wp\/v2\/media?parent=25729"}],"curies":[{"name":"wp","href":"https:\/\/api.w.org\/{rel}","templated":true}]}}