{"id":25714,"date":"2015-12-02T14:45:56","date_gmt":"2015-12-02T13:45:56","guid":{"rendered":"https:\/\/www.storevan.com\/fr\/products\/storage-van-tool-cases\/"},"modified":"2021-04-21T14:30:55","modified_gmt":"2021-04-21T14:30:55","slug":"mallettes-pour-outils-et-petites-pieces-pour-fourgons","status":"publish","type":"page","link":"https:\/\/www.storevan.com\/fr\/produits\/mallettes-pour-outils-et-petites-pieces-pour-fourgons\/","title":{"rendered":"StoreBox &#8211; Mallettes pour outils et petites pieces"},"content":{"rendered":"<h1 class=\"customblackTitleSmall\">Mallettes pour outils et petites pieces<\/h1>\n<h2>StoreBox<\/h2>\n<p>Store Van offre la meilleure solution pour le transport de tout type d\u2019outillage\u00a0: instruments de mesure pour les \u00e9lectriciens, outils, \u00e9quipement pour les essais, pinces, etc. Les mallettes <strong>Store-Box<\/strong>, ainsi que les chariots porte-mallette, sont plus que jamais des composants\u00a0essentiels dans votre v\u00e9hicule utilitaire. Les <strong>mallettes pour outils <\/strong>peuvent vous aider \u00e0 garder votre <strong>outillage rang\u00e9 et en s\u00e9curit\u00e9<\/strong>. \u00a0\u00a0Cette solution vous permet de disposer, \u00e0 port\u00e9e de main, de tout ce qui vous est n\u00e9cessaire, y compris lors des interventions qui se d\u00e9roulent \u00e0 distance du fourgon.<\/p>\n<p>Produites en plastique, en quatre dimensions standard diff\u00e9rentes, les mallettes pour outils et petites pi\u00e8ces <strong>Store-Box System de Store Van<\/strong> s\u2019adaptent parfaitement aux rayonnages pour <strong>atelier mobile <\/strong>dans tout type d\u2019<strong>am\u00e9nagement<\/strong> pour <strong>v\u00e9hicules utilitaires<\/strong>.\u00a0Les bacs peuvent \u00eatre <em>d\u00e9plac\u00e9s <\/em>avec un <strong>chariot<\/strong> <strong>porte-mallette<\/strong> \u00e9quip\u00e9 de quatre roues pivotantes (dont deux avec frein) ou bien avec un chariot pliant en aluminium. Elles sont organis\u00e9es \u00e0 l\u2019int\u00e9rieur en compartiments con\u00e7us pour un rangement optimal de tous les types d\u2019outillage et <strong>personnalisables <\/strong>avec un tapis en caoutchouc antid\u00e9rapant, des plateaux divis\u00e9s en bacs, un kit de compartimentation (cadre en acier galvanis\u00e9 et s\u00e9parateurs en aluminium) et les cases color\u00e9es StoreBox <strong>Divider<\/strong>, id\u00e9ales pour le stockage de vis, clous, rondelles, boulons, chevilles et \u00e9crous. Les mod\u00e8les les plus grands sont adapt\u00e9s au rangement des fraises, forets, tournevis et d\u2019autres outils \u00e9lectriques. Toutes les mallettes peuvent \u00eatre dot\u00e9es du couvercle \u00ab\u00a0Sky\u00a0\u00bb en polypropyl\u00e8ne expans\u00e9.<\/p>\n<table border=\"0\" width=\"100%\" cellspacing=\"0\" cellpadding=\"0\">\n<tbody>\n<tr>\n<td>\n<ul style=\"padding: 0px; margin: 0px; list-style: none; text-align: center; border-radius: 2px; background-image: initial; background-attachment: initial; background-size: initial; background-origin: initial; background-clip: initial; background-position: initial; background-repeat: initial;\">\n<li class=\"title-row\" style=\"border-top-left-radius: 4px; border-top-right-radius: 4px; padding: 20px 0px; text-transform: uppercase; font-size: 18px; font-weight: 900; margin: 0px !important; background: rgba(0, 0, 0, 0.0980392);\">DOWNLOAD <a href=\"https:\/\/www.storevan.com\/wp-content\/uploads\/doc\/Catalogo_Valigette_StoreBox_StoreVan_FR.pdf\">Store Box CATALOGUE<\/a><\/li>\n<\/ul>\n<\/td>\n<\/tr>\n<\/tbody>\n<\/table>\n<div class=\"one_third\">\n<div class=\"ts-gallery\" style=\"margin-top: 40px;\">\n<table border=\"0\" cellspacing=\"0\" cellpadding=\"0\">\n<tbody>\n<tr>\n<td><img decoding=\"async\" loading=\"lazy\" class=\"aligncenter wp-image-6927 size-full\" src=\"https:\/\/www.storevan.com\/wp-content\/uploads\/2015\/12\/STORE_BOX_SYSTEM_1a.jpg\" alt=\"mallettes m\u00e9talliques pour furgons\" width=\"350\" height=\"200\" \/><\/td>\n<\/tr>\n<tr>\n<td>\u00a0<div class=\"demo-sep\" style=\"margin-top: 10px;\"><\/div><\/td>\n<\/tr>\n<tr>\n<td>\n<table border=\"0\" width=\"100%\" cellspacing=\"0\" cellpadding=\"0\">\n<tbody>\n<tr>\n<td><a class=\"prettyPhoto gf-ts-img\" href=\"https:\/\/www.storevan.com\/wp-content\/uploads\/2015\/12\/STORE_BOX_SYSTEM_aG.jpg\"><img decoding=\"async\" loading=\"lazy\" class=\"aligncenter wp-image-7824 size-full\" src=\"https:\/\/www.storevan.com\/wp-content\/uploads\/2015\/12\/STORE_BOX_SYSTEM_a.jpg\" alt=\"Mallettes pour outils et petites pieces\" width=\"114\" height=\"100\" \/><\/a><\/td>\n<td><a class=\"prettyPhoto gf-ts-img\" href=\"https:\/\/www.storevan.com\/wp-content\/uploads\/2015\/12\/STORE_BOX_SYSTEM_bG.jpg\"><img decoding=\"async\" loading=\"lazy\" class=\"aligncenter wp-image-7828 size-full\" src=\"https:\/\/www.storevan.com\/wp-content\/uploads\/2015\/12\/STORE_BOX_SYSTEM_b.jpg\" alt=\"Mallettes pour outils et petites pieces - m\u00e9tal\" width=\"114\" height=\"100\" \/><\/a><\/td>\n<td><a class=\"prettyPhoto gf-ts-img\" href=\"https:\/\/www.storevan.com\/wp-content\/uploads\/2015\/12\/STORE_BOX_SYSTEM_cG.jpg\"><img decoding=\"async\" loading=\"lazy\" class=\"aligncenter wp-image-7832 size-full\" src=\"https:\/\/www.storevan.com\/wp-content\/uploads\/2015\/12\/STORE_BOX_SYSTEM_c.jpg\" alt=\"mallettes m\u00e9talliques StoreBox \" width=\"114\" height=\"100\" \/><\/a><\/td>\n<\/tr>\n<\/tbody>\n<\/table>\n<\/td>\n<\/tr>\n<tr>\n<td>\u00a0<div class=\"demo-sep\" style=\"margin-top: 10px;\"><\/div><\/td>\n<\/tr>\n<tr class=\"border_top\" bgcolor=\"#f2f2f2\">\n<td valign=\"top\" height=\"150px\">\n<p style=\"margin-left: 20pt; margin-right: 20pt; margin-top: 10pt;\"><strong>STORE-BOX | mallettes\u00a0m\u00e9talliques<\/strong><br \/>\nNouvelles mallettes\u00a0m\u00e9talliques StoreBox disponibles vides ou en plusieurs solutions.<\/p>\n<\/td>\n<\/tr>\n<\/tbody>\n<\/table>\n<\/div>\n<\/div>\n<div class=\"one_third\">\n<div class=\"ts-gallery\" style=\"margin-top: 40px;\">\n<table border=\"0\" cellspacing=\"0\" cellpadding=\"0\">\n<tbody>\n<tr>\n<td><img decoding=\"async\" loading=\"lazy\" class=\"aligncenter wp-image-6931 size-full\" src=\"https:\/\/www.storevan.com\/wp-content\/uploads\/2015\/12\/STORE_BOX_SYSTEM_1b.jpg\" alt=\"mallettes plastique StoreBox \" width=\"350\" height=\"200\" \/><\/td>\n<\/tr>\n<tr>\n<td>\u00a0<div class=\"demo-sep\" style=\"margin-top: 10px;\"><\/div><\/td>\n<\/tr>\n<tr>\n<td>\n<table border=\"0\" width=\"100%\" cellspacing=\"0\" cellpadding=\"0\">\n<tbody>\n<tr>\n<td><a class=\"prettyPhoto gf-ts-img\" href=\"https:\/\/www.storevan.com\/wp-content\/uploads\/2015\/12\/STORE_BOX_SYSTEM_dG.jpg\"><img decoding=\"async\" loading=\"lazy\" class=\"aligncenter wp-image-7842 size-full\" src=\"https:\/\/www.storevan.com\/wp-content\/uploads\/2015\/12\/STORE_BOX_SYSTEM_d.jpg\" alt=\"Commercial Vehicle Storage -Plastic Van Tool Cases\" width=\"114\" height=\"100\" \/><\/a><\/td>\n<td><a class=\"prettyPhoto gf-ts-img\" href=\"https:\/\/www.storevan.com\/wp-content\/uploads\/2015\/12\/STORE_BOX_SYSTEM_eG.jpg\"><img decoding=\"async\" loading=\"lazy\" class=\"aligncenter wp-image-7846 size-full\" src=\"https:\/\/www.storevan.com\/wp-content\/uploads\/2015\/12\/STORE_BOX_SYSTEM_e.jpg\" alt=\"mallettes plastique StoreBox pour fourgons\" width=\"114\" height=\"100\" \/><\/a><\/td>\n<td><a class=\"prettyPhoto gf-ts-img\" href=\"https:\/\/www.storevan.com\/wp-content\/uploads\/2015\/12\/STORE_BOX_SYSTEM_fG.jpg\"><img decoding=\"async\" loading=\"lazy\" class=\"aligncenter wp-image-7850 size-full\" src=\"https:\/\/www.storevan.com\/wp-content\/uploads\/2015\/12\/STORE_BOX_SYSTEM_f.jpg\" alt=\"mallettes plastique StoreBox pour fourgons\" width=\"114\" height=\"100\" \/><\/a><\/td>\n<\/tr>\n<\/tbody>\n<\/table>\n<\/td>\n<\/tr>\n<tr>\n<td>\u00a0<div class=\"demo-sep\" style=\"margin-top: 10px;\"><\/div><\/td>\n<\/tr>\n<tr class=\"border_top\" bgcolor=\"#f2f2f2\">\n<td valign=\"top\" height=\"150px\">\n<p style=\"margin-left: 20pt; margin-right: 20pt; margin-top: 10pt;\"><strong>STORE-BOX | mallettes\u00a0plastique<\/strong><br \/>\nNouvelles mallettes plastique\u00a0StoreBox disponibles vides ou en plusieurs solutions.<\/p>\n<\/td>\n<\/tr>\n<\/tbody>\n<\/table>\n<\/div>\n<\/div>\n<div class=\"one_third last\">\n<div class=\"ts-gallery\" style=\"margin-top: 40px;\">\n<table border=\"0\" cellspacing=\"0\" cellpadding=\"0\">\n<tbody>\n<tr>\n<td><img decoding=\"async\" loading=\"lazy\" class=\"aligncenter wp-image-6730 size-full\" src=\"https:\/\/www.storevan.com\/wp-content\/uploads\/2015\/12\/STORE_BOX_SYSTEM_3.jpg\" alt=\"Mobile System - Chariots porte-mallette\" width=\"350\" height=\"200\" \/><\/td>\n<\/tr>\n<tr>\n<td>\u00a0<div class=\"demo-sep\" style=\"margin-top: 10px;\"><\/div><\/td>\n<\/tr>\n<tr>\n<td>\n<table border=\"0\" width=\"100%\" cellspacing=\"0\" cellpadding=\"0\">\n<tbody>\n<tr>\n<td><\/td>\n<td><a class=\"prettyPhoto gf-ts-img\" href=\"https:\/\/www.storevan.com\/wp-content\/uploads\/2015\/12\/STORE_BOX_SYSTEM_gG.jpg\"><img decoding=\"async\" loading=\"lazy\" class=\"aligncenter wp-image-7854 size-full\" src=\"https:\/\/www.storevan.com\/wp-content\/uploads\/2015\/12\/STORE_BOX_SYSTEM_g.jpg\" alt=\"Chariots porte-mallette pour fourgon\" width=\"114\" height=\"100\" \/><\/a><\/td>\n<td><\/td>\n<\/tr>\n<\/tbody>\n<\/table>\n<\/td>\n<\/tr>\n<tr>\n<td>\u00a0<div class=\"demo-sep\" style=\"margin-top: 10px;\"><\/div><\/td>\n<\/tr>\n<tr class=\"border_top\" bgcolor=\"#f2f2f2\">\n<td valign=\"top\" height=\"150px\">\n<p style=\"margin-left: 20pt; margin-right: 20pt; margin-top: 10pt;\"><strong>Chariots<\/strong><br \/>\nChariots porte-mallette.<\/p>\n<\/td>\n<\/tr>\n<\/tbody>\n<\/table>\n<\/div>\n<\/div><div class=\"clearboth\"><\/div>\n","protected":false},"excerpt":{"rendered":"<p>Mallettes pour outils et petites pieces StoreBox Store Van offre la meilleure solution pour le transport de tout type d\u2019outillage\u00a0: instruments de mesure pour les \u00e9lectriciens, outils, \u00e9quipement pour les.<\/p>\n","protected":false},"author":470,"featured_media":0,"parent":25668,"menu_order":0,"comment_status":"closed","ping_status":"closed","template":"","meta":[],"acf":[],"yoast_head":"<!-- This site is optimized with the Yoast SEO plugin v20.11 - https:\/\/yoast.com\/wordpress\/plugins\/seo\/ -->\n<title>Mallettes pour outils et petites pieces pour fourgons<\/title>\n<meta name=\"description\" content=\"Mallettes pour outils et petites pieces. Chariots porte-mallette pour v\u00e9hicules utilitaires. Les mod\u00e8les les plus grands sont adapt\u00e9s au rangement ...\" \/>\n<meta name=\"robots\" content=\"index, follow, max-snippet:-1, max-image-preview:large, max-video-preview:-1\" \/>\n<link rel=\"canonical\" href=\"https:\/\/www.storevan.com\/fr\/produits\/mallettes-pour-outils-et-petites-pieces-pour-fourgons\/\" \/>\n<meta property=\"og:locale\" content=\"fr_FR\" \/>\n<meta property=\"og:type\" content=\"article\" \/>\n<meta property=\"og:title\" content=\"Mallettes pour outils et petites pieces pour fourgons\" \/>\n<meta property=\"og:description\" content=\"Mallettes pour outils et petites pieces. Chariots porte-mallette pour v\u00e9hicules utilitaires. Les mod\u00e8les les plus grands sont adapt\u00e9s au rangement ...\" \/>\n<meta property=\"og:url\" content=\"https:\/\/www.storevan.com\/fr\/produits\/mallettes-pour-outils-et-petites-pieces-pour-fourgons\/\" \/>\n<meta property=\"og:site_name\" content=\"Store Van\" \/>\n<meta property=\"article:modified_time\" content=\"2021-04-21T14:30:55+00:00\" \/>\n<meta property=\"og:image\" content=\"https:\/\/www.storevan.com\/wp-content\/uploads\/2015\/12\/STORE_BOX_SYSTEM_1a.jpg\" \/>\n<meta name=\"twitter:label1\" content=\"Dur\u00e9e de lecture estim\u00e9e\" \/>\n\t<meta name=\"twitter:data1\" content=\"2 minutes\" \/>\n<script type=\"application\/ld+json\" class=\"yoast-schema-graph\">{\"@context\":\"https:\/\/schema.org\",\"@graph\":[{\"@type\":\"WebPage\",\"@id\":\"https:\/\/www.storevan.com\/fr\/produits\/mallettes-pour-outils-et-petites-pieces-pour-fourgons\/\",\"url\":\"https:\/\/www.storevan.com\/fr\/produits\/mallettes-pour-outils-et-petites-pieces-pour-fourgons\/\",\"name\":\"Mallettes pour outils et petites pieces pour fourgons\",\"isPartOf\":{\"@id\":\"https:\/\/www.storevan.com\/pl\/#website\"},\"datePublished\":\"2015-12-02T13:45:56+00:00\",\"dateModified\":\"2021-04-21T14:30:55+00:00\",\"description\":\"Mallettes pour outils et petites pieces. Chariots porte-mallette pour v\u00e9hicules utilitaires. Les mod\u00e8les les plus grands sont adapt\u00e9s au rangement ...\",\"breadcrumb\":{\"@id\":\"https:\/\/www.storevan.com\/fr\/produits\/mallettes-pour-outils-et-petites-pieces-pour-fourgons\/#breadcrumb\"},\"inLanguage\":\"fr-FR\",\"potentialAction\":[{\"@type\":\"ReadAction\",\"target\":[\"https:\/\/www.storevan.com\/fr\/produits\/mallettes-pour-outils-et-petites-pieces-pour-fourgons\/\"]}]},{\"@type\":\"BreadcrumbList\",\"@id\":\"https:\/\/www.storevan.com\/fr\/produits\/mallettes-pour-outils-et-petites-pieces-pour-fourgons\/#breadcrumb\",\"itemListElement\":[{\"@type\":\"ListItem\",\"position\":1,\"name\":\"Home\",\"item\":\"https:\/\/www.storevan.com\/fr\/\"},{\"@type\":\"ListItem\",\"position\":2,\"name\":\"Produits\",\"item\":\"https:\/\/www.storevan.com\/fr\/produits\/\"},{\"@type\":\"ListItem\",\"position\":3,\"name\":\"StoreBox &#8211; Mallettes pour outils et petites pieces\"}]},{\"@type\":\"WebSite\",\"@id\":\"https:\/\/www.storevan.com\/pl\/#website\",\"url\":\"https:\/\/www.storevan.com\/pl\/\",\"name\":\"Store Van\",\"description\":\"Am\u00e9nagements fourgons\",\"potentialAction\":[{\"@type\":\"SearchAction\",\"target\":{\"@type\":\"EntryPoint\",\"urlTemplate\":\"https:\/\/www.storevan.com\/pl\/?s={search_term_string}\"},\"query-input\":\"required name=search_term_string\"}],\"inLanguage\":\"fr-FR\"}]}<\/script>\n<!-- \/ Yoast SEO plugin. -->","yoast_head_json":{"title":"Mallettes pour outils et petites pieces pour fourgons","description":"Mallettes pour outils et petites pieces. Chariots porte-mallette pour v\u00e9hicules utilitaires. Les mod\u00e8les les plus grands sont adapt\u00e9s au rangement ...","robots":{"index":"index","follow":"follow","max-snippet":"max-snippet:-1","max-image-preview":"max-image-preview:large","max-video-preview":"max-video-preview:-1"},"canonical":"https:\/\/www.storevan.com\/fr\/produits\/mallettes-pour-outils-et-petites-pieces-pour-fourgons\/","og_locale":"fr_FR","og_type":"article","og_title":"Mallettes pour outils et petites pieces pour fourgons","og_description":"Mallettes pour outils et petites pieces. Chariots porte-mallette pour v\u00e9hicules utilitaires. Les mod\u00e8les les plus grands sont adapt\u00e9s au rangement ...","og_url":"https:\/\/www.storevan.com\/fr\/produits\/mallettes-pour-outils-et-petites-pieces-pour-fourgons\/","og_site_name":"Store Van","article_modified_time":"2021-04-21T14:30:55+00:00","og_image":[{"url":"https:\/\/www.storevan.com\/wp-content\/uploads\/2015\/12\/STORE_BOX_SYSTEM_1a.jpg"}],"twitter_misc":{"Dur\u00e9e de lecture estim\u00e9e":"2 minutes"},"schema":{"@context":"https:\/\/schema.org","@graph":[{"@type":"WebPage","@id":"https:\/\/www.storevan.com\/fr\/produits\/mallettes-pour-outils-et-petites-pieces-pour-fourgons\/","url":"https:\/\/www.storevan.com\/fr\/produits\/mallettes-pour-outils-et-petites-pieces-pour-fourgons\/","name":"Mallettes pour outils et petites pieces pour fourgons","isPartOf":{"@id":"https:\/\/www.storevan.com\/pl\/#website"},"datePublished":"2015-12-02T13:45:56+00:00","dateModified":"2021-04-21T14:30:55+00:00","description":"Mallettes pour outils et petites pieces. Chariots porte-mallette pour v\u00e9hicules utilitaires. Les mod\u00e8les les plus grands sont adapt\u00e9s au rangement ...","breadcrumb":{"@id":"https:\/\/www.storevan.com\/fr\/produits\/mallettes-pour-outils-et-petites-pieces-pour-fourgons\/#breadcrumb"},"inLanguage":"fr-FR","potentialAction":[{"@type":"ReadAction","target":["https:\/\/www.storevan.com\/fr\/produits\/mallettes-pour-outils-et-petites-pieces-pour-fourgons\/"]}]},{"@type":"BreadcrumbList","@id":"https:\/\/www.storevan.com\/fr\/produits\/mallettes-pour-outils-et-petites-pieces-pour-fourgons\/#breadcrumb","itemListElement":[{"@type":"ListItem","position":1,"name":"Home","item":"https:\/\/www.storevan.com\/fr\/"},{"@type":"ListItem","position":2,"name":"Produits","item":"https:\/\/www.storevan.com\/fr\/produits\/"},{"@type":"ListItem","position":3,"name":"StoreBox &#8211; Mallettes pour outils et petites pieces"}]},{"@type":"WebSite","@id":"https:\/\/www.storevan.com\/pl\/#website","url":"https:\/\/www.storevan.com\/pl\/","name":"Store Van","description":"Am\u00e9nagements fourgons","potentialAction":[{"@type":"SearchAction","target":{"@type":"EntryPoint","urlTemplate":"https:\/\/www.storevan.com\/pl\/?s={search_term_string}"},"query-input":"required name=search_term_string"}],"inLanguage":"fr-FR"}]}},"_links":{"self":[{"href":"https:\/\/www.storevan.com\/fr\/wp-json\/wp\/v2\/pages\/25714"}],"collection":[{"href":"https:\/\/www.storevan.com\/fr\/wp-json\/wp\/v2\/pages"}],"about":[{"href":"https:\/\/www.storevan.com\/fr\/wp-json\/wp\/v2\/types\/page"}],"author":[{"embeddable":true,"href":"https:\/\/www.storevan.com\/fr\/wp-json\/wp\/v2\/users\/470"}],"replies":[{"embeddable":true,"href":"https:\/\/www.storevan.com\/fr\/wp-json\/wp\/v2\/comments?post=25714"}],"version-history":[{"count":1,"href":"https:\/\/www.storevan.com\/fr\/wp-json\/wp\/v2\/pages\/25714\/revisions"}],"predecessor-version":[{"id":125870,"href":"https:\/\/www.storevan.com\/fr\/wp-json\/wp\/v2\/pages\/25714\/revisions\/125870"}],"up":[{"embeddable":true,"href":"https:\/\/www.storevan.com\/fr\/wp-json\/wp\/v2\/pages\/25668"}],"wp:attachment":[{"href":"https:\/\/www.storevan.com\/fr\/wp-json\/wp\/v2\/media?parent=25714"}],"curies":[{"name":"wp","href":"https:\/\/api.w.org\/{rel}","templated":true}]}}