{"id":25698,"date":"2015-12-02T16:01:55","date_gmt":"2015-12-02T15:01:55","guid":{"rendered":"https:\/\/www.storevan.com\/fr\/products\/van-load-securing-safety\/"},"modified":"2019-05-21T12:35:39","modified_gmt":"2019-05-21T12:35:39","slug":"securisation-chargement","status":"publish","type":"page","link":"https:\/\/www.storevan.com\/fr\/produits\/securisation-chargement\/","title":{"rendered":"S\u00c9CURISATION DU CHARGEMENT"},"content":{"rendered":"<h1 class=\"customblackTitleSmall\">S\u00c9CURISATION DU CHARGEMENT<\/h1>\n<h2>SYST\u00c8ME DE PROTECTION DE L\u2019ESPACE DE CHARGEMENT ET DE FIXATION DU CHARGEMENT<\/h2>\n<div class=\"col-xs-12 col-sm-6 col-md-6\"><img decoding=\"async\" loading=\"lazy\" class=\"aligncenter wp-image-56482 size-full\" title=\"S\u00e9curisation du chargement\" src=\"https:\/\/www.storevan.com\/wp-content\/uploads\/2015\/12\/Sicurezza-del-carico-furgoni.jpg\" alt=\"S\u00e9curisation du chargement\" width=\"561\" height=\"694\" srcset=\"https:\/\/www.storevan.com\/wp-content\/uploads\/2015\/12\/Sicurezza-del-carico-furgoni.jpg 561w, https:\/\/www.storevan.com\/wp-content\/uploads\/2015\/12\/Sicurezza-del-carico-furgoni-243x300.jpg 243w\" sizes=\"(max-width: 561px) 100vw, 561px\" \/><\/div>\n<div class=\"col-xs-12 col-sm-6 col-md-6\">Avec la transposition de la <a href=\"http:\/\/eur-lex.europa.eu\/eli\/dir\/2014\/47\/oj\">directive 2014\/47\/EU<\/a>, les contr\u00f4les sur les v\u00e9hicules de transport de marchandises <strong>N2<\/strong> et <strong>N3<\/strong> s\u2019intensifieront et le contr\u00f4le de la fixation du chargement pour les fourgons fera l\u2019objet d\u2019une attention accrue. La directive offre aux \u00c9tats membres la possibilit\u00e9 de soumettre \u00e0 des contr\u00f4les techniques les v\u00e9hicules qui \u00e9chappent \u00e0 son champ d\u2019application, comme les v\u00e9hicules utilitaires de la cat\u00e9gorie N 1, et de contr\u00f4ler d\u2019autres aspects du transport et de la s\u00e9curit\u00e9 routi\u00e8re.<\/p>\n<p>Ce syst\u00e8me est la nouveaut\u00e9 Store Van qui, en termes de rev\u00eatement int\u00e9rieur int\u00e9gr\u00e9, est conforme aux lignes directrices de la <strong>directive 2014\/47\/EU<\/strong>. Il assure la flexibilit\u00e9 aussi bien de la fixation du chargement transport\u00e9 que des am\u00e9nagements pour les v\u00e9hicules utilitaires.<\/p>\n<p>L\u2019utilisation des composants d\u2019accrochage \u00abAirline\u00bb permet d\u2019avoir un syst\u00e8me \u00abstandardis\u00e9\u00bb et donc compatible avec toute une s\u00e9rie d\u2019\u00e9l\u00e9ments, tels que les courroies et les barres, fournis par diff\u00e9rents producteurs. Cette solution garantit \u00e0 l\u2019utilisateur final une recherche plus facile d\u2019accessoires compl\u00e9mentaires sur son march\u00e9, en toute libert\u00e9.<\/p>\n<p>Le syst\u00e8me pr\u00e9voit l\u2019utilisation:<\/p>\n<ul>\n<li>d\u2019un plancher en multiplis avec r\u00e9sine ph\u00e9nolique con\u00e7u en fonction des arrimages d\u2019origine du v\u00e9hicule et d\u2019arrimages suppl\u00e9mentaires au ras du plancher avec traction de 200 daN ;<\/li>\n<li>de barres en aluminium \u00abAirline\u00bb arrim\u00e9es au ch\u00e2ssis;<\/li>\n<li>de panneaux en polypropyl\u00e8ne tr\u00e8s flexibles et r\u00e9sistants pour prot\u00e9ger l\u2019int\u00e9rieur de la carrosserie contre les chocs accidentels.<\/li>\n<\/ul>\n<\/div>\n<div class=\"break\"><\/div>\n<hr class=\"noColor\"\/>\n<div class=\"col-xs-12 col-sm-6 col-md-6\">\nLe syst\u00e8me de fixation de la marchandise Store Van offre de nombreux avantages : en particulier, l\u2019utilisateur peut fixer le chargement en toute s\u00e9curit\u00e9 aux barres \u00ab Airline \u00bb gr\u00e2ce aux courroies de maintien. Cette solution apporte une valeur ajout\u00e9e car elle permet de conserver plus longtemps la carrosserie en bon \u00e9tat.<\/p>\n<hr class=\"noColor\"\/>\n<div class=\"ts-gallery\"><div class=\"one_fourth\"><a href=\"https:\/\/www.storevan.com\/wp-content\/uploads\/2015\/12\/Trasporto-merce-furgoni.jpg\"><img decoding=\"async\" loading=\"lazy\" class=\"aligncenter wp-image-56493 size-medium\" src=\"https:\/\/www.storevan.com\/wp-content\/uploads\/2015\/12\/Trasporto-merce-furgoni-300x300.jpg\" alt=\"S\u00e9curisation du chargement pour fourgons\" width=\"300\" height=\"300\" srcset=\"https:\/\/www.storevan.com\/wp-content\/uploads\/2015\/12\/Trasporto-merce-furgoni-300x300.jpg 300w, https:\/\/www.storevan.com\/wp-content\/uploads\/2015\/12\/Trasporto-merce-furgoni-150x150.jpg 150w, https:\/\/www.storevan.com\/wp-content\/uploads\/2015\/12\/Trasporto-merce-furgoni-768x768.jpg 768w, https:\/\/www.storevan.com\/wp-content\/uploads\/2015\/12\/Trasporto-merce-furgoni-600x600.jpg 600w, https:\/\/www.storevan.com\/wp-content\/uploads\/2015\/12\/Trasporto-merce-furgoni-48x48.jpg 48w, https:\/\/www.storevan.com\/wp-content\/uploads\/2015\/12\/Trasporto-merce-furgoni-480x480.jpg 480w, https:\/\/www.storevan.com\/wp-content\/uploads\/2015\/12\/Trasporto-merce-furgoni.jpg 800w\" sizes=\"(max-width: 300px) 100vw, 300px\" \/><\/a><\/div><div class=\"one_fourth\"><a href=\"https:\/\/www.storevan.com\/wp-content\/uploads\/2015\/12\/Bloccaggio-merce-furgoni.jpg\"><img decoding=\"async\" loading=\"lazy\" class=\"aligncenter size-medium wp-image-56499\" src=\"https:\/\/www.storevan.com\/wp-content\/uploads\/2015\/12\/Bloccaggio-merce-furgoni-300x300.jpg\" alt=\"S\u00e9curisation du chargement\" width=\"300\" height=\"300\" srcset=\"https:\/\/www.storevan.com\/wp-content\/uploads\/2015\/12\/Bloccaggio-merce-furgoni-300x300.jpg 300w, https:\/\/www.storevan.com\/wp-content\/uploads\/2015\/12\/Bloccaggio-merce-furgoni-150x150.jpg 150w, https:\/\/www.storevan.com\/wp-content\/uploads\/2015\/12\/Bloccaggio-merce-furgoni-768x768.jpg 768w, https:\/\/www.storevan.com\/wp-content\/uploads\/2015\/12\/Bloccaggio-merce-furgoni-600x600.jpg 600w, https:\/\/www.storevan.com\/wp-content\/uploads\/2015\/12\/Bloccaggio-merce-furgoni-48x48.jpg 48w, https:\/\/www.storevan.com\/wp-content\/uploads\/2015\/12\/Bloccaggio-merce-furgoni-480x480.jpg 480w, https:\/\/www.storevan.com\/wp-content\/uploads\/2015\/12\/Bloccaggio-merce-furgoni.jpg 800w\" sizes=\"(max-width: 300px) 100vw, 300px\" \/><\/a><\/div><div class=\"one_fourth\"><a href=\"https:\/\/www.storevan.com\/wp-content\/uploads\/2015\/12\/Carico-Sicuro-furgoni.jpg\"><img decoding=\"async\" loading=\"lazy\" class=\"aligncenter size-medium wp-image-56505\" src=\"https:\/\/www.storevan.com\/wp-content\/uploads\/2015\/12\/Carico-Sicuro-furgoni-300x300.jpg\" alt=\"S\u00e9curisation du chargement\" width=\"300\" height=\"300\" srcset=\"https:\/\/www.storevan.com\/wp-content\/uploads\/2015\/12\/Carico-Sicuro-furgoni-300x300.jpg 300w, https:\/\/www.storevan.com\/wp-content\/uploads\/2015\/12\/Carico-Sicuro-furgoni-150x150.jpg 150w, https:\/\/www.storevan.com\/wp-content\/uploads\/2015\/12\/Carico-Sicuro-furgoni-768x768.jpg 768w, https:\/\/www.storevan.com\/wp-content\/uploads\/2015\/12\/Carico-Sicuro-furgoni-600x600.jpg 600w, https:\/\/www.storevan.com\/wp-content\/uploads\/2015\/12\/Carico-Sicuro-furgoni-48x48.jpg 48w, https:\/\/www.storevan.com\/wp-content\/uploads\/2015\/12\/Carico-Sicuro-furgoni-480x480.jpg 480w, https:\/\/www.storevan.com\/wp-content\/uploads\/2015\/12\/Carico-Sicuro-furgoni.jpg 800w\" sizes=\"(max-width: 300px) 100vw, 300px\" \/><\/a><\/div><div class=\"one_fourth last\"><a href=\"https:\/\/www.storevan.com\/wp-content\/uploads\/2015\/12\/Fissaggio-merce-furgoni.jpg\"><img decoding=\"async\" loading=\"lazy\" class=\"aligncenter size-medium wp-image-56511\" src=\"https:\/\/www.storevan.com\/wp-content\/uploads\/2015\/12\/Fissaggio-merce-furgoni-300x300.jpg\" alt=\"S\u00e9curisation du chargement pour am\u00e9nagements de v\u00e9hicules utilitaires\" width=\"300\" height=\"300\" srcset=\"https:\/\/www.storevan.com\/wp-content\/uploads\/2015\/12\/Fissaggio-merce-furgoni-300x300.jpg 300w, https:\/\/www.storevan.com\/wp-content\/uploads\/2015\/12\/Fissaggio-merce-furgoni-150x150.jpg 150w, https:\/\/www.storevan.com\/wp-content\/uploads\/2015\/12\/Fissaggio-merce-furgoni-768x768.jpg 768w, https:\/\/www.storevan.com\/wp-content\/uploads\/2015\/12\/Fissaggio-merce-furgoni-600x600.jpg 600w, https:\/\/www.storevan.com\/wp-content\/uploads\/2015\/12\/Fissaggio-merce-furgoni-48x48.jpg 48w, https:\/\/www.storevan.com\/wp-content\/uploads\/2015\/12\/Fissaggio-merce-furgoni-480x480.jpg 480w, https:\/\/www.storevan.com\/wp-content\/uploads\/2015\/12\/Fissaggio-merce-furgoni.jpg 800w\" sizes=\"(max-width: 300px) 100vw, 300px\" \/><\/a><\/div><div class=\"clearboth\"><\/div><\/div>\n<\/div>\n<div class=\"col-xs-12 col-sm-6 col-md-6 video\">\n<iframe loading=\"lazy\" width=\"560\" height=\"315\" src=\"https:\/\/www.youtube.com\/embed\/hGDOrwuyEwI\" frameborder=\"0\" allow=\"accelerometer; autoplay; encrypted-media; gyroscope; picture-in-picture\" allowfullscreen><\/iframe><\/div>\n<div class=\"break\"><\/div>\n<hr class=\"noColor\"\/>\n<hr\/>\n<hr class=\"noColor\"\/>\n<h2>S\u00c9CURISATION DU CHARGEMENT. VID\u00c9O \u00c0 360 DEGR\u00c9S!<\/h2>\n<div class=\"intrinsic-container intrinsic-container-4x3\" style=\"margin-bottom: 20px;\"><iframe loading=\"lazy\" src=\"https:\/\/www.youtube.com\/embed\/GxEKbgrqTLw\" width=\"640\" height=\"360\" frameborder=\"0\" allowfullscreen=\"allowfullscreen\"><\/iframe><\/div>\n<p>D\u2019apr\u00e8s des \u00e9tudes fiables r\u00e9alis\u00e9es dans le secteur des transports, il appara\u00eet que <strong>25% des accidents de la route en Europe,\u00a0 impliquant des camions et v\u00e9hicules utilitaires l\u00e9g\u00e8res, sont caus\u00e9s par la manque ou l\u2019utilisation insuffisante des syst\u00e8mes de s\u00e9curisation de chargement <\/strong><em>(Source : Commission Europ\u00e9enne)<\/em>.<br \/>\nLes v\u00e9hicules utilitaires transportent le plus souvent des outils et des pi\u00e8ces de rechange qui sont ad\u00e9quatement plac\u00e9s dans les logements pr\u00e9vus dans l\u2019am\u00e9nagement des v\u00e9hicules; toutefois, dans 60% des cas, ces v\u00e9hicules transportent aussi diverses marchandises qui, en raison de leurs dimensions et de leur poids,\u00a0 ne peuvent pas \u00eatre correctement rang\u00e9es. Ces marchandises sont simplement pos\u00e9es sur le plancher du v\u00e9hicule et constituent ainsi une menace constante pour la s\u00e9curit\u00e9 du v\u00e9hicule et du conducteur.<br \/>\nCes donn\u00e9es ont conduit Fami \u00e0 concevoir et \u00e0 d\u00e9velopper une gamme de nouveaux produits pour la s\u00e9curit\u00e9 et <strong>l\u2019arrimage correct de la charge<\/strong>, que nous pr\u00e9sentons ci-dessous:<\/p>\n<h4 class=\"bigTxt txtGrey\">SERIE MEDIUM<\/h4>\n<div class=\"one_half\">\n<table border=\"0\" width=\"100%\" cellspacing=\"0\" cellpadding=\"0\">\n<tbody>\n<tr>\n<td height=\"50\"><img decoding=\"async\" loading=\"lazy\" src=\"https:\/\/www.storevan.com\/wp-content\/uploads\/img\/Sicurezza-del-carico\/sicurezza_del_carico_storevan_barra_verticale.jpg\" alt=\"BARRE VERTICALE D\u2019ARRIMAGE\" width=\"520\" height=\"30\" border=\"0\" hspace=\"0\" \/><\/td>\n<\/tr>\n<tr>\n<td>\nBARRE VERTICALE D\u2019ARRIMAGE\n<\/td>\n<\/tr>\n<\/tbody>\n<\/table>\n<\/div> <div class=\"one_half last\">\n<table border=\"0\" width=\"100%\" cellspacing=\"0\" cellpadding=\"0\">\n<tbody>\n<tr>\n<td height=\"50\"><img decoding=\"async\" loading=\"lazy\" class=\"alignnone\" src=\"https:\/\/www.storevan.com\/wp-content\/uploads\/img\/Sicurezza-del-carico\/sicurezza_del_carico_storevan_barra_telescopica.jpg\" alt=\"BARRE T\u00c9LESCOPIQUE D\u2019ARRIMAGE\" width=\"520\" height=\"30\" border=\"0\" hspace=\"0\" \/><\/td>\n<\/tr>\n<tr>\n<td>\nBARRE T\u00c9LESCOPIQUE D\u2019ARRIMAGE\n<\/td>\n<\/tr>\n<\/tbody>\n<\/table>\n<\/div><div class=\"clearboth\"><\/div><div class=\"one_half\">\n<table border=\"0\" width=\"100%\" cellspacing=\"0\" cellpadding=\"0\">\n<tbody>\n<tr>\n<td height=\"50\"><img decoding=\"async\" loading=\"lazy\" src=\"https:\/\/www.storevan.com\/wp-content\/uploads\/img\/Sicurezza-del-carico\/sicurezza_del_carico_storevan_barra_telescopica_1.jpg\" alt=\"BARRE T\u00c9LESCOPIQUE D\u2019ARRIMAGE\" width=\"520\" height=\"30\" border=\"0\" hspace=\"0\" \/><\/td>\n<\/tr>\n<tr>\n<td>\nBARRE T\u00c9LESCOPIQUE D\u2019ARRIMAGE\n<\/td>\n<\/tr>\n<\/tbody>\n<\/table>\n<\/div><div class=\"one_half last\">\n<table border=\"0\" width=\"100%\" cellspacing=\"0\" cellpadding=\"0\">\n<tbody>\n<tr>\n<td height=\"50\"><img decoding=\"async\" loading=\"lazy\" src=\"https:\/\/www.storevan.com\/wp-content\/uploads\/img\/Sicurezza-del-carico\/sicurezza_del_carico_storevan_barra_telescopica_2.jpg\" alt=\"BARRE T\u00c9LESCOPIQUE D\u2019ARRIMAGE\" width=\"520\" height=\"30\" border=\"0\" hspace=\"0\" \/><\/td>\n<\/tr>\n<tr>\n<td>\nBARRE T\u00c9LESCOPIQUE D\u2019ARRIMAGE\n<\/td>\n<\/tr>\n<\/tbody>\n<\/table>\n<\/div><div class=\"clearboth\"><\/div>\n<hr>\n<div class=\"one_fourth\">\n<img decoding=\"async\" loading=\"lazy\" src=\"https:\/\/www.storevan.com\/wp-content\/uploads\/img\/Sicurezza-del-carico\/pentolina.jpg\" alt=\"POINTS D\u2019ANCRAGE AIRLINE\" width=\"93\" height=\"85\" border=\"0\" hspace=\"0\" \/><br \/>\nPOINTS D\u2019ANCRAGE AIRLINE<br \/>\n<\/div><div class=\"one_fourth\">\n<p><img decoding=\"async\" loading=\"lazy\" src=\"https:\/\/www.storevan.com\/wp-content\/uploads\/img\/Sicurezza-del-carico\/sicurezza_del_carico_storevan_barra.jpg\" alt=\"PLAQUE \u00c0 1 FIXATION\" width=\"93\" height=\"85\" border=\"0\" hspace=\"0\" \/><br \/>\nPLAQUE \u00c0 1 FIXATION<br \/>\n<\/div><div class=\"one_fourth\">\n<p><img decoding=\"async\" loading=\"lazy\" src=\"https:\/\/www.storevan.com\/wp-content\/uploads\/img\/Sicurezza-del-carico\/sicurezza_del_carico_storevan_barra_2.jpg\" alt=\"PLAQUE \u00c0 2 FIXATIONS\" width=\"93\" height=\"85\" border=\"0\" hspace=\"0\" \/><br \/>\nPLAQUE \u00c0 2 FIXATIONS<\/p>\n<\/div><div class=\"one_fourth last\">\n<p><img decoding=\"async\" loading=\"lazy\" src=\"https:\/\/www.storevan.com\/wp-content\/uploads\/img\/Sicurezza-del-carico\/sicurezza_del_carico_storevan_attacco.jpg\" alt=\"SUPPORT POUR BARRE TRANSVERSALE S\u00c9RIE V18027\" width=\"93\" height=\"85\" border=\"0\" hspace=\"0\" \/><br \/>\nSUPPORT POUR BARRE TRANSVERSALE S\u00c9RIE V18027<\/p>\n<\/div><div class=\"clearboth\"><\/div>\n<hr>\n<div class=\"one_fourth\">\n<p><img decoding=\"async\" loading=\"lazy\" src=\"https:\/\/www.storevan.com\/wp-content\/uploads\/img\/Sicurezza-del-carico\/sicurezza-del-carico-gancio.jpg\" alt=\"ANNEAU D\u2019ARRIMAGE\" width=\"93\" height=\"85\" border=\"0\" hspace=\"0\" \/><br \/>\nANNEAU D\u2019ARRIMAGE<\/p>\n<\/div><div class=\"one_fourth\">\n<p><img decoding=\"async\" loading=\"lazy\" src=\"https:\/\/www.storevan.com\/wp-content\/uploads\/img\/Sicurezza-del-carico\/DSC3617.jpg\" alt=\"SANGLE D\u2019ARRIMAGE AVEC CROCHET\" width=\"93\" height=\"85\" border=\"0\" hspace=\"0\" \/><br \/>\nANNEAU D\u2019ARRIMAGE<\/p>\n<\/div><div class=\"one_fourth\">\n<p><img decoding=\"async\" loading=\"lazy\" src=\"https:\/\/www.storevan.com\/wp-content\/uploads\/img\/Sicurezza-del-carico\/sicurezza_del_carico_storevan_cinghia.jpg\" alt=\"SANGLE D\u2019ARRIMAGE AVEC CROCHET\" width=\"93\" height=\"85\" border=\"0\" hspace=\"0\" \/><br \/>\nSANGLE D\u2019ARRIMAGE AVEC CROCHET<\/p>\n<\/div><div class=\"one_fourth last\">\n<img decoding=\"async\" loading=\"lazy\" src=\"https:\/\/www.storevan.com\/wp-content\/uploads\/img\/Sicurezza-del-carico\/sicurezza_del_carico_storevan_cinghia_1.jpg\" alt=\"SANGLE D\u2019ARRIMAGE \u00c0 CLIQUET\" width=\"93\" height=\"85\" border=\"0\" hspace=\"0\" \/><br \/>\nSANGLE D\u2019ARRIMAGE \u00c0 CLIQUET<br \/>\n<\/div><div class=\"clearboth\"><\/div>\n<hr>\n<p><strong>BARRE HORIZONTALE<\/strong><\/p>\n<div class=\"one_fourth\">\n<p><img decoding=\"async\" src=\"https:\/\/www.storevan.com\/wp-content\/uploads\/img\/Sicurezza-del-carico\/sicurezza_del_carico_storevan_barra_3.jpg\" alt=\"BARRE HORIZONTALE EN ALUMINIUM POUR COT\u00c9S\" border=\"0\" \/><\/p>\n<p>POUR COT\u00c9S<\/p>\n<\/div><div class=\"one_fourth\">\n<p><img decoding=\"async\" src=\"https:\/\/www.storevan.com\/wp-content\/uploads\/img\/Sicurezza-del-carico\/sicurezza_del_carico_storevan_barra_4.jpg\" alt=\"BARRE HORIZONTALE EN ALUMINIUM\" border=\"0\" \/><\/p>\n<p>EN ALUMINIUM<\/p>\n<\/div><div class=\"one_fourth\">\n<p><img decoding=\"async\" src=\"https:\/\/www.storevan.com\/wp-content\/uploads\/img\/Sicurezza-del-carico\/sicurezza_del_carico_storevan_barra_5.jpg\" alt=\"BARRE HORIZONTALE EN ALUMINIUM POUR \u00caTRE INSER\u00c9E DANS LE PLANCHER D\u2019\u00c9PAISSEUR 12 mm\" border=\"0\" \/><\/p>\n<p>POUR \u00caTRE INSER\u00c9E DANS LE PLANCHER<\/p>\n<\/div><div class=\"one_fourth last\">\n<p><img decoding=\"async\" src=\"https:\/\/www.storevan.com\/wp-content\/uploads\/img\/Sicurezza-del-carico\/sicurezza_del_carico_storevan_barra_6.jpg\" alt=\"BARRE HORIZONTALE EN ALUMINIUM POUR LE TOIT DU V\u00c9HICULE\" border=\"0\" \/><\/p>\n<p>POUR LE TOIT DU V\u00c9HICULE<\/p>\n<\/div><div class=\"clearboth\"><\/div>\n<hr class=\"noColor\">\n<h4 class=\"bigTxt txtGrey\">SERIE STRONG<\/h4>\n<div class=\"one_half\">\n<p><img decoding=\"async\" loading=\"lazy\" src=\"https:\/\/www.storevan.com\/wp-content\/uploads\/img\/Sicurezza-del-carico\/sicurezza_del_carico_storevan_cinghia_2.jpg\" alt=\"SANGLE D\u2019ARRIMAGE \u00c0 CLIQUET\" width=\"93\" height=\"85\" border=\"0\" hspace=\"0\" \/><\/p>\n<p>SANGLE D\u2019ARRIMAGE \u00c0 CLIQUET<\/p>\n<\/div><div class=\"one_half last\">\n<p><img decoding=\"async\" src=\"https:\/\/www.storevan.com\/wp-content\/uploads\/img\/Sicurezza-del-carico\/sicurezza_del_carico_storevan_barra_8.jpg\" alt=\"BARRE HORIZONTAL EN ACIER GALVANIS\u00c9\" border=\"0\" hspace=\"0\" \/><\/p>\n<p>BARRE HORIZONTAL EN ACIER GALVANIS\u00c9<\/p>\n<\/div><div class=\"clearboth\"><\/div>\n<hr class=\"noColor\">\n<h4 class=\"bigTxt txtGrey\">SERIE STANDARD<\/h4>\n<div class=\"one_third\"><img decoding=\"async\" loading=\"lazy\" class=\"alignnone\" src=\"https:\/\/www.storevan.com\/wp-content\/uploads\/img\/Sicurezza-del-carico\/sicurezza_del_carico_storevan_gancio_1.jpg\" alt=\"ANNEAU D\u2019ARRIMAGE\" width=\"93\" height=\"85\" border=\"0\" hspace=\"0\" \/><\/p>\n<p>ANNEAU D\u2019ARRIMAGE<\/p>\n<\/div><div class=\"one_third\"><img decoding=\"async\" loading=\"lazy\" class=\"alignnone\" src=\"https:\/\/www.storevan.com\/wp-content\/uploads\/img\/Sicurezza-del-carico\/sicurezza_del_carico_storevan_gancio_2.jpg\" alt=\"ANNEAU D\u2019ARRIMAGE\" width=\"93\" height=\"85\" border=\"0\" hspace=\"0\" \/><\/p>\n<p>ANNEAU D\u2019ARRIMAGE<\/p>\n<\/div><div class=\"one_third last\"><img decoding=\"async\" loading=\"lazy\" class=\"alignnone\" src=\"https:\/\/www.storevan.com\/wp-content\/uploads\/img\/Sicurezza-del-carico\/sicurezza_del_carico_storevan_cinghia_3.jpg\" alt=\"SANGLE D\u2019ARRIMAGE \u00c0 CLIQUET\" width=\"93\" height=\"85\" border=\"0\" hspace=\"0\" \/><\/p>\n<p>SANGLE D\u2019ARRIMAGE \u00c0 CLIQUET<\/p>\n<\/div><div class=\"clearboth\"><\/div>\n<div class=\"one_third\"><img decoding=\"async\" loading=\"lazy\" src=\"https:\/\/www.storevan.com\/wp-content\/uploads\/img\/Sicurezza-del-carico\/sicurezza_del_carico_storevan_porta_gancio.jpg\" alt=\"SUPPORT POUR ANNEAU D\u2019ARRIMAGE\" width=\"93\" height=\"85\" border=\"0\" hspace=\"0\" \/><\/p>\n<p>SUPPORT POUR ANNEAU D\u2019ARRIMAGE<\/p>\n<\/div><div class=\"one_third\"><img decoding=\"async\" loading=\"lazy\" src=\"https:\/\/www.storevan.com\/wp-content\/uploads\/img\/Sicurezza-del-carico\/sicurezza_del_carico_storevan_porta_gancio_1.jpg\" alt=\"SUPPORT POUR ANNEAU D\u2019ARRIMAGE\" width=\"93\" height=\"85\" border=\"0\" hspace=\"0\" \/><\/p>\n<p>SUPPORT POUR ANNEAU D\u2019ARRIMAGE<\/p>\n<\/div><div class=\"one_third last\"><img decoding=\"async\" loading=\"lazy\" src=\"https:\/\/www.storevan.com\/wp-content\/uploads\/img\/Sicurezza-del-carico\/sicurezza_del_carico_storevan_porta_gancio_2.jpg\" alt=\"SUPPORT POUR ANNEAU D\u2019ARRIMAGE\" width=\"93\" height=\"85\" border=\"0\" hspace=\"0\" \/><\/p>\n<p>SUPPORT POUR ANNEAU D\u2019ARRIMAGE<\/p>\n<\/div><div class=\"clearboth\"><\/div>\n","protected":false},"excerpt":{"rendered":"<p>S\u00c9CURISATION DU CHARGEMENT SYST\u00c8ME DE PROTECTION DE L\u2019ESPACE DE CHARGEMENT ET DE FIXATION DU CHARGEMENT Avec la transposition de la directive 2014\/47\/EU, les contr\u00f4les sur les v\u00e9hicules de transport de.<\/p>\n","protected":false},"author":470,"featured_media":0,"parent":25668,"menu_order":0,"comment_status":"closed","ping_status":"closed","template":"","meta":[],"acf":[],"yoast_head":"<!-- This site is optimized with the Yoast SEO plugin v20.11 - https:\/\/yoast.com\/wordpress\/plugins\/seo\/ -->\n<title>S\u00c9CURISATION DU CHARGEMENT<\/title>\n<meta name=\"description\" content=\"S\u00e9curiser son chargement! D\u00e9couvrez les syst\u00e8me de protection de l\u2019espace de chargement et de fixation du chargement. Ce syst\u00e8me est la nouveaut\u00e9 Store Van qui, en termes de rev\u00eatement int\u00e9rieur int\u00e9gr\u00e9, est conforme aux lignes directrices de la directive 2014\/47\/EU.\" \/>\n<meta name=\"robots\" content=\"index, follow, max-snippet:-1, max-image-preview:large, max-video-preview:-1\" \/>\n<link rel=\"canonical\" href=\"https:\/\/www.storevan.com\/fr\/produits\/securisation-chargement\/\" \/>\n<meta property=\"og:locale\" content=\"fr_FR\" \/>\n<meta property=\"og:type\" content=\"article\" \/>\n<meta property=\"og:title\" content=\"S\u00c9CURISATION DU CHARGEMENT\" \/>\n<meta property=\"og:description\" content=\"S\u00e9curiser son chargement! D\u00e9couvrez les syst\u00e8me de protection de l\u2019espace de chargement et de fixation du chargement. Ce syst\u00e8me est la nouveaut\u00e9 Store Van qui, en termes de rev\u00eatement int\u00e9rieur int\u00e9gr\u00e9, est conforme aux lignes directrices de la directive 2014\/47\/EU.\" \/>\n<meta property=\"og:url\" content=\"https:\/\/www.storevan.com\/fr\/produits\/securisation-chargement\/\" \/>\n<meta property=\"og:site_name\" content=\"Store Van\" \/>\n<meta property=\"article:modified_time\" content=\"2019-05-21T12:35:39+00:00\" \/>\n<meta property=\"og:image\" content=\"https:\/\/www.storevan.com\/wp-content\/uploads\/2015\/12\/Sicurezza-del-carico-furgoni.jpg\" \/>\n<meta name=\"twitter:label1\" content=\"Dur\u00e9e de lecture estim\u00e9e\" \/>\n\t<meta name=\"twitter:data1\" content=\"4 minutes\" \/>\n<script type=\"application\/ld+json\" class=\"yoast-schema-graph\">{\"@context\":\"https:\/\/schema.org\",\"@graph\":[{\"@type\":\"WebPage\",\"@id\":\"https:\/\/www.storevan.com\/fr\/produits\/securisation-chargement\/\",\"url\":\"https:\/\/www.storevan.com\/fr\/produits\/securisation-chargement\/\",\"name\":\"S\u00c9CURISATION DU CHARGEMENT\",\"isPartOf\":{\"@id\":\"https:\/\/www.storevan.com\/pl\/#website\"},\"datePublished\":\"2015-12-02T15:01:55+00:00\",\"dateModified\":\"2019-05-21T12:35:39+00:00\",\"description\":\"S\u00e9curiser son chargement! D\u00e9couvrez les syst\u00e8me de protection de l\u2019espace de chargement et de fixation du chargement. Ce syst\u00e8me est la nouveaut\u00e9 Store Van qui, en termes de rev\u00eatement int\u00e9rieur int\u00e9gr\u00e9, est conforme aux lignes directrices de la directive 2014\/47\/EU.\",\"breadcrumb\":{\"@id\":\"https:\/\/www.storevan.com\/fr\/produits\/securisation-chargement\/#breadcrumb\"},\"inLanguage\":\"fr-FR\",\"potentialAction\":[{\"@type\":\"ReadAction\",\"target\":[\"https:\/\/www.storevan.com\/fr\/produits\/securisation-chargement\/\"]}]},{\"@type\":\"BreadcrumbList\",\"@id\":\"https:\/\/www.storevan.com\/fr\/produits\/securisation-chargement\/#breadcrumb\",\"itemListElement\":[{\"@type\":\"ListItem\",\"position\":1,\"name\":\"Home\",\"item\":\"https:\/\/www.storevan.com\/fr\/\"},{\"@type\":\"ListItem\",\"position\":2,\"name\":\"Produits\",\"item\":\"https:\/\/www.storevan.com\/fr\/produits\/\"},{\"@type\":\"ListItem\",\"position\":3,\"name\":\"S\u00c9CURISATION DU CHARGEMENT\"}]},{\"@type\":\"WebSite\",\"@id\":\"https:\/\/www.storevan.com\/pl\/#website\",\"url\":\"https:\/\/www.storevan.com\/pl\/\",\"name\":\"Store Van\",\"description\":\"Am\u00e9nagements fourgons\",\"potentialAction\":[{\"@type\":\"SearchAction\",\"target\":{\"@type\":\"EntryPoint\",\"urlTemplate\":\"https:\/\/www.storevan.com\/pl\/?s={search_term_string}\"},\"query-input\":\"required name=search_term_string\"}],\"inLanguage\":\"fr-FR\"}]}<\/script>\n<!-- \/ Yoast SEO plugin. -->","yoast_head_json":{"title":"S\u00c9CURISATION DU CHARGEMENT","description":"S\u00e9curiser son chargement! D\u00e9couvrez les syst\u00e8me de protection de l\u2019espace de chargement et de fixation du chargement. Ce syst\u00e8me est la nouveaut\u00e9 Store Van qui, en termes de rev\u00eatement int\u00e9rieur int\u00e9gr\u00e9, est conforme aux lignes directrices de la directive 2014\/47\/EU.","robots":{"index":"index","follow":"follow","max-snippet":"max-snippet:-1","max-image-preview":"max-image-preview:large","max-video-preview":"max-video-preview:-1"},"canonical":"https:\/\/www.storevan.com\/fr\/produits\/securisation-chargement\/","og_locale":"fr_FR","og_type":"article","og_title":"S\u00c9CURISATION DU CHARGEMENT","og_description":"S\u00e9curiser son chargement! D\u00e9couvrez les syst\u00e8me de protection de l\u2019espace de chargement et de fixation du chargement. Ce syst\u00e8me est la nouveaut\u00e9 Store Van qui, en termes de rev\u00eatement int\u00e9rieur int\u00e9gr\u00e9, est conforme aux lignes directrices de la directive 2014\/47\/EU.","og_url":"https:\/\/www.storevan.com\/fr\/produits\/securisation-chargement\/","og_site_name":"Store Van","article_modified_time":"2019-05-21T12:35:39+00:00","og_image":[{"url":"https:\/\/www.storevan.com\/wp-content\/uploads\/2015\/12\/Sicurezza-del-carico-furgoni.jpg"}],"twitter_misc":{"Dur\u00e9e de lecture estim\u00e9e":"4 minutes"},"schema":{"@context":"https:\/\/schema.org","@graph":[{"@type":"WebPage","@id":"https:\/\/www.storevan.com\/fr\/produits\/securisation-chargement\/","url":"https:\/\/www.storevan.com\/fr\/produits\/securisation-chargement\/","name":"S\u00c9CURISATION DU CHARGEMENT","isPartOf":{"@id":"https:\/\/www.storevan.com\/pl\/#website"},"datePublished":"2015-12-02T15:01:55+00:00","dateModified":"2019-05-21T12:35:39+00:00","description":"S\u00e9curiser son chargement! D\u00e9couvrez les syst\u00e8me de protection de l\u2019espace de chargement et de fixation du chargement. Ce syst\u00e8me est la nouveaut\u00e9 Store Van qui, en termes de rev\u00eatement int\u00e9rieur int\u00e9gr\u00e9, est conforme aux lignes directrices de la directive 2014\/47\/EU.","breadcrumb":{"@id":"https:\/\/www.storevan.com\/fr\/produits\/securisation-chargement\/#breadcrumb"},"inLanguage":"fr-FR","potentialAction":[{"@type":"ReadAction","target":["https:\/\/www.storevan.com\/fr\/produits\/securisation-chargement\/"]}]},{"@type":"BreadcrumbList","@id":"https:\/\/www.storevan.com\/fr\/produits\/securisation-chargement\/#breadcrumb","itemListElement":[{"@type":"ListItem","position":1,"name":"Home","item":"https:\/\/www.storevan.com\/fr\/"},{"@type":"ListItem","position":2,"name":"Produits","item":"https:\/\/www.storevan.com\/fr\/produits\/"},{"@type":"ListItem","position":3,"name":"S\u00c9CURISATION DU CHARGEMENT"}]},{"@type":"WebSite","@id":"https:\/\/www.storevan.com\/pl\/#website","url":"https:\/\/www.storevan.com\/pl\/","name":"Store Van","description":"Am\u00e9nagements fourgons","potentialAction":[{"@type":"SearchAction","target":{"@type":"EntryPoint","urlTemplate":"https:\/\/www.storevan.com\/pl\/?s={search_term_string}"},"query-input":"required name=search_term_string"}],"inLanguage":"fr-FR"}]}},"_links":{"self":[{"href":"https:\/\/www.storevan.com\/fr\/wp-json\/wp\/v2\/pages\/25698"}],"collection":[{"href":"https:\/\/www.storevan.com\/fr\/wp-json\/wp\/v2\/pages"}],"about":[{"href":"https:\/\/www.storevan.com\/fr\/wp-json\/wp\/v2\/types\/page"}],"author":[{"embeddable":true,"href":"https:\/\/www.storevan.com\/fr\/wp-json\/wp\/v2\/users\/470"}],"replies":[{"embeddable":true,"href":"https:\/\/www.storevan.com\/fr\/wp-json\/wp\/v2\/comments?post=25698"}],"version-history":[{"count":9,"href":"https:\/\/www.storevan.com\/fr\/wp-json\/wp\/v2\/pages\/25698\/revisions"}],"predecessor-version":[{"id":102469,"href":"https:\/\/www.storevan.com\/fr\/wp-json\/wp\/v2\/pages\/25698\/revisions\/102469"}],"up":[{"embeddable":true,"href":"https:\/\/www.storevan.com\/fr\/wp-json\/wp\/v2\/pages\/25668"}],"wp:attachment":[{"href":"https:\/\/www.storevan.com\/fr\/wp-json\/wp\/v2\/media?parent=25698"}],"curies":[{"name":"wp","href":"https:\/\/api.w.org\/{rel}","templated":true}]}}