{"id":25694,"date":"2015-12-02T15:21:36","date_gmt":"2015-12-02T14:21:36","guid":{"rendered":"https:\/\/www.storevan.com\/fr\/products\/van-loading-ramps\/"},"modified":"2026-03-30T13:10:45","modified_gmt":"2026-03-30T13:10:45","slug":"rampe-de-chargement-pliable-pour-fourgon","status":"publish","type":"page","link":"https:\/\/www.storevan.com\/fr\/produits\/rampe-de-chargement-pliable-pour-fourgon\/","title":{"rendered":"Rampe de chargement"},"content":{"rendered":"<h1 class=\"customblackTitleSmall\">Rampe de chargement pliable pour fourgon<\/h1>\n<h2>Rampes pour fourgons pliables et assist\u00e9es\u00a0: la solution id\u00e9ale pour charger sans effort et rapidement tout type de marchandise.<\/h2>\n<div class=\"col-xs-12 col-sm-4 col-md-4 ts-gallery\"><a href=\"https:\/\/www.storevan.com\/wp-content\/uploads\/2019\/07\/rampa-di-carico-per-furgoni-300x229.jpg\" title=\"Rampes de chargement pour fourgons\"><img decoding=\"async\" loading=\"lazy\" class=\"aligncenter wp-image-105322\" title=\"Rampes de chargement pour fourgons\" src=\"https:\/\/www.storevan.com\/wp-content\/uploads\/2019\/07\/rampa-di-carico-per-furgoni-300x229.jpg\" alt=\"Rampes de chargement pour fourgons\" width=\"401\" height=\"306\" srcset=\"https:\/\/www.storevan.com\/wp-content\/uploads\/2019\/07\/rampa-di-carico-per-furgoni-300x229.jpg 300w, https:\/\/www.storevan.com\/wp-content\/uploads\/2019\/07\/rampa-di-carico-per-furgoni-768x587.jpg 768w, https:\/\/www.storevan.com\/wp-content\/uploads\/2019\/07\/rampa-di-carico-per-furgoni.jpg 800w\" sizes=\"(max-width: 401px) 100vw, 401px\" \/><\/a><\/div>\n<div class=\"col-xs-12 col-sm-8 col-md-8\">\n<p>La rampe de chargement pliable pour fourgon rendent moins fatigantes et plus rapides les op\u00e9rations de chargement et de d\u00e9chargement de la marchandise de la cellule de chargement du v\u00e9hicule. Leur installation n&rsquo;exige pas de trous de fixation suppl\u00e9mentaires sur la carrosserie ou sur le <a href=\"https:\/\/www.storevan.com\/fr\/produits\/planchers-habillages-fourgons\/\" title=\"Plancher du fourgon\">plancher du fourgon<\/a>, laissant ainsi la structure d&rsquo;origine intacte. En effet, gr\u00e2ce \u00e0 un syst\u00e8me d&rsquo;accrochage sp\u00e9cial, la rampe de chargement pliable est fix\u00e9e \u00e0 une colonne t\u00e9lescopique lat\u00e9rale. Le poids est ainsi redistribu\u00e9 de fa\u00e7on \u00e9gale, pour assurer davantage de stabilit\u00e9 et de long\u00e9vit\u00e9.<\/p>\n<p>Les plateformes de chargement pour fourgons Store Van sont disponibles en deux versions\u00a0:<strong> rampes \u00e0 structure en tubes d&rsquo;acier et plateau en aluminium larm\u00e9 anti-d\u00e9rapant<\/strong>, d&rsquo;une capacit\u00e9 maximale de 1500\u00a0kg, et <a href=\"#rampe-alluminio\"><strong>rampes de chargement en aluminium pour fourgons<\/strong><\/a>, d&rsquo;une capacit\u00e9 maximale de 340\u00a0kg. <\/p>\n<\/div>\n<div class=\"break\"><\/div>\n<div class=\"break\"><\/div>\n<hr class=\"noColor\" \/>\n<div class=\"txtGrey text-center\">\n<h3 style=\"margin-bottom: 0;\">CARACT\u00c9RISTIQUES PRINCIPALES DES RAMPES DE CHARGEMENT POUR FOURGONS\u00a0:<\/h3>\n<\/div>\n<div class=\"col-xs-12 col-sm-6 col-md-3\">\n<div class=\"ts-gallery\"><a href=\"https:\/\/www.storevan.com\/wp-content\/uploads\/2019\/07\/rampa-alluminio-300x181.jpg\" title=\"Pieds r\u00e9glables\"><img decoding=\"async\" loading=\"lazy\" src=\"https:\/\/www.storevan.com\/wp-content\/uploads\/2019\/07\/rampa-alluminio-300x181.jpg\" alt=\"Pieds r\u00e9glables\" width=\"300\" height=\"181\" class=\"aligncenter size-medium wp-image-105292\" srcset=\"https:\/\/www.storevan.com\/wp-content\/uploads\/2019\/07\/rampa-alluminio-300x181.jpg 300w, https:\/\/www.storevan.com\/wp-content\/uploads\/2019\/07\/rampa-alluminio-768x464.jpg 768w, https:\/\/www.storevan.com\/wp-content\/uploads\/2019\/07\/rampa-alluminio.jpg 800w\" sizes=\"(max-width: 300px) 100vw, 300px\" \/><\/a><\/div>\n<h4 class=\"txtUp\">PIED R\u00c9GLABLE<\/h4>\n<div class=\"borderTitleOrange\"><\/div>\n<hr class=\"noColor\" \/>\n<p>Pieds r\u00e9glables en hauteur avec support \u00e0 rouleaux pour adapter la rampe de chargement pliable aux mouvements verticaux du v\u00e9hicule.<\/p>\n<\/div>\n<div class=\"col-xs-12 col-sm-6 col-md-3\">\n<div class=\"ts-gallery\"><a href=\"https:\/\/www.storevan.com\/wp-content\/uploads\/2019\/07\/rampe-pieghevoli-300x181.jpg\" title=\"Ouverture et fermeture assist\u00e9es\"><img decoding=\"async\" loading=\"lazy\" src=\"https:\/\/www.storevan.com\/wp-content\/uploads\/2019\/07\/rampe-pieghevoli-300x181.jpg\" alt=\"Ouverture et fermeture assist\u00e9es\" width=\"300\" height=\"181\" class=\"aligncenter size-medium wp-image-105304\" srcset=\"https:\/\/www.storevan.com\/wp-content\/uploads\/2019\/07\/rampe-pieghevoli-300x181.jpg 300w, https:\/\/www.storevan.com\/wp-content\/uploads\/2019\/07\/rampe-pieghevoli-768x464.jpg 768w, https:\/\/www.storevan.com\/wp-content\/uploads\/2019\/07\/rampe-pieghevoli.jpg 800w\" sizes=\"(max-width: 300px) 100vw, 300px\" \/><\/a><\/div>\n<h4 class=\"txtUp\">\u00c9QUILIBRAGE PARFAIT<\/h4>\n<div class=\"borderTitleOrange\"><\/div>\n<hr class=\"noColor\" \/>\n<p>Ouverture et fermeture assist\u00e9es par ressorts \u00e0 gaz pour faciliter sa manutention.<\/p>\n<\/div>\n<div class=\"col-xs-12 col-sm-6 col-md-3\">\n<div class=\"ts-gallery\"><a href=\"https:\/\/www.storevan.com\/wp-content\/uploads\/2019\/07\/rampa-furgone-doppio-ancoraggio-300x181.jpg\" title=\"Double ancrage\"><img decoding=\"async\" loading=\"lazy\" src=\"https:\/\/www.storevan.com\/wp-content\/uploads\/2019\/07\/rampa-furgone-doppio-ancoraggio-300x181.jpg\" alt=\"Double ancrage\" width=\"300\" height=\"181\" class=\"aligncenter size-medium wp-image-105316\" srcset=\"https:\/\/www.storevan.com\/wp-content\/uploads\/2019\/07\/rampa-furgone-doppio-ancoraggio-300x181.jpg 300w, https:\/\/www.storevan.com\/wp-content\/uploads\/2019\/07\/rampa-furgone-doppio-ancoraggio-768x464.jpg 768w, https:\/\/www.storevan.com\/wp-content\/uploads\/2019\/07\/rampa-furgone-doppio-ancoraggio.jpg 800w\" sizes=\"(max-width: 300px) 100vw, 300px\" \/><\/a><\/div>\n<h4 class=\"txtUp\">DOUBLE ANCRAGE<\/h4>\n<div class=\"borderTitleOrange\"><\/div>\n<hr class=\"noColor\" \/>\n<p>Lower fixing using the vehicle\u2019s original fixing points; therefore it is not necessary to drill holes. Upper fixing to stabilise and strengthen the structure.<\/p>\n<\/div>\n<div class=\"col-xs-12 col-sm-6 col-md-3\">\n<div class=\"ts-gallery\"><a href=\"https:\/\/www.storevan.com\/wp-content\/uploads\/2019\/07\/rampe-furgone-certificate-300x181.jpg\" title=\"Pour toutes les exigences\"><img decoding=\"async\" loading=\"lazy\" src=\"https:\/\/www.storevan.com\/wp-content\/uploads\/2019\/07\/rampe-furgone-certificate-300x181.jpg\" alt=\"Pour toutes les exigences\" width=\"300\" height=\"181\" class=\"aligncenter size-medium wp-image-105310\" srcset=\"https:\/\/www.storevan.com\/wp-content\/uploads\/2019\/07\/rampe-furgone-certificate-300x181.jpg 300w, https:\/\/www.storevan.com\/wp-content\/uploads\/2019\/07\/rampe-furgone-certificate-768x464.jpg 768w, https:\/\/www.storevan.com\/wp-content\/uploads\/2019\/07\/rampe-furgone-certificate.jpg 800w\" sizes=\"(max-width: 300px) 100vw, 300px\" \/><\/a><\/div>\n<h4 class=\"txtUp\">POUR TOUTES LES EXIGENCES<\/h4>\n<div class=\"borderTitleOrange\"><\/div>\n<hr class=\"noColor\" \/>\n<p>Vaste gamme de rampes pour v\u00e9hicules. Capacit\u00e9s de charge 1500 Kg.<\/p>\n<\/div>\n<div class=\"break\"><\/div>\n<hr class=\"noColor\" \/>\n<div class=\"hidden-xs col-sm-3 col-md-3 \">\n<hr class=\"orangeLine\" \/>\n<\/div>\n<div class=\"col-sm-6 col-md-6\">\n<h5 class=\"bigTxt text-center titBoxDivisor\">AVANTAGES:<\/h5>\n<\/div>\n<div class=\"hidden-xs col-sm-3 col-md-3\">\n<hr class=\"orangeLine\" \/>\n<\/div>\n<div class=\"break\"><\/div>\n<hr class=\"noColor\" \/>\n<div class=\"col-xs-12 col-sm-12 col-md-6\">\n<ul class=\"noList\">\n<li><i class=\"fa fa-check txtGreen\"><\/i> Fixation au v\u00e9hicule par colonne t\u00e9lescopique, avec syst\u00e8me de fixation \u00e0 3 points\u00a0;<\/li>\n<li><i class=\"fa fa-check txtGreen\"><\/i> Montage sans modification structurale de la carrosserie du v\u00e9hicule et du plancher\u00a0;<\/li>\n<li><i class=\"fa fa-check txtGreen\"><\/i> Temps de montage extr\u00eamement bref\u00a0;<\/li>\n<li><i class=\"fa fa-check txtGreen\"><\/i> Syst\u00e8me innovant de fermeture et d&rsquo;ouverture assist\u00e9\u00a0;<\/li>\n<li><i class=\"fa fa-check txtGreen\"><\/i> Ouverture suppl\u00e9mentaire par rotation verticale avec verrouillage\u00a0;<\/li>\n<\/ul>\n<\/div>\n<div class=\"col-xs-12 col-sm-12 col-md-6\">\n<ul class=\"noList\">\n<li><i class=\"fa fa-check txtGreen\"><\/i> Syst\u00e8me d&rsquo;appui par pieds auto-positionn\u00e9s\u00a0;<\/li>\n<li><i class=\"fa fa-check txtGreen\"><\/i> Largeur utile du plateau\u00a0: entre 800 et 1250\u00a0mm\u00a0;<\/li>\n<li><i class=\"fa fa-check txtGreen\"><\/i> Longueur utile du plateau\u00a0: entre 2000 et 3000\u00a0mm\u00a0;<\/li>\n<li><i class=\"fa fa-check txtGreen\"><\/i> Capacit\u00e9 jusqu&rsquo;\u00e0 1500\u00a0Kg.<\/li>\n<\/ul>\n<\/div>\n<div class=\"break\"><\/div>\n<div class=\"break\"><\/div>\n<hr class=\"noColor\" \/>\n<div class=\"col-md-12 col-sm-12 txtGrey text-center\">\n<p>Les rampes pour fourgons Store Van sont disponibles pour : <strong>Citro\u00ebn Jumper<\/strong>, <strong>Fiat Ducato<\/strong>, <strong>Pegeot Boxer<\/strong>, <strong>Opel Movano<\/strong>, <strong>Mercedes-Benz Sprinter<\/strong>.<\/p>\n<\/div>\n<div class=\"break\"><\/div>\n<hr class=\"noColor\" \/>\n<hr class=\"noColor\" \/>\n<hr \/>\n<div class=\"col-xs-12 col-sm-12 col-md-6\">\n<div class=\"text-center\"><a class=\"btn btn-download\" href=\"tel:+390424585455\"><i class=\"fa fa-phone\"><\/i> <span class=\"spanBtn\">APPELEZ-NOUS<\/span><br \/>\npour toute information<\/a><\/div>\n<\/div>\n<div class=\"col-xs-12 col-sm-12 col-md-6\">\n<div class=\"text-center\"><a class=\"btn btn-download btnToggle\" href=\"#formcontatto\"><i class=\"fa fa-envelope\"><\/i> <span class=\"spanBtn\">\u00c9CRIVEZ-NOUS<\/span><br \/>\nvous serez contact\u00e9s<\/a><\/div>\n<\/div>\n<div class=\"break\"><\/div>\n<hr \/>\n<hr class=\"noColor\" \/>\n<p><a class=\"destination\" name=\"rampe-alluminio\"><\/a><\/p>\n<div class=\"col-xs-12 col-sm-4 col-md-3 ts-gallery\"><a href=\"https:\/\/www.storevan.com\/wp-content\/uploads\/2019\/07\/rampa-per-moto-247x300.jpg\" title=\"Rampes de chargement en aluminium pliables\"><img decoding=\"async\" loading=\"lazy\" src=\"https:\/\/www.storevan.com\/wp-content\/uploads\/2019\/07\/rampa-per-moto-247x300.jpg\" alt=\"Rampes de chargement en aluminium pliables\" width=\"247\" height=\"300\" class=\"aligncenter size-medium wp-image-105286\" srcset=\"https:\/\/www.storevan.com\/wp-content\/uploads\/2019\/07\/rampa-per-moto-247x300.jpg 247w, https:\/\/www.storevan.com\/wp-content\/uploads\/2019\/07\/rampa-per-moto-768x934.jpg 768w, https:\/\/www.storevan.com\/wp-content\/uploads\/2019\/07\/rampa-per-moto.jpg 800w\" sizes=\"(max-width: 247px) 100vw, 247px\" \/><\/a><\/div>\n<div class=\"col-xs-12 col-sm-8 col-md-9\">\n<h3 class=\"txtUp\">Rampe de chargement pliable pour fourgon en aluminium<\/h3>\n<div class=\"borderTitleOrange\"><\/div>\n<hr class=\"noColor\" \/>\n<p>Store Van offre aussi des <strong>plateformes en aluminium pour fourgons<\/strong> id\u00e9ales pour tous ceux qui privil\u00e9gient des rampes l\u00e9g\u00e8res et d&rsquo;une <strong>capacit\u00e9 maximale de 340 kg<\/strong>. La plateforme en aluminium peut aussi servir de <strong>rampe pour des motos et des cyclomoteurs<\/strong>. <\/p>\n<p>Dans ce cas, la rampe n&rsquo;est pas install\u00e9e au moyen de la colonne t\u00e9lescopique lat\u00e9rale, elle est simplement pos\u00e9e sur le plancher \u00e0 l&rsquo;endroit voulu et fermement tenue en place gr\u00e2ce \u00e0 des capuchons anti-d\u00e9rapants. Les poign\u00e9es sur les c\u00f4t\u00e9s permettent de d\u00e9placer ais\u00e9ment la rampe dans n&rsquo;importe quelle position. Elle peut de plus \u00eatre repli\u00e9e pour \u00eatre rang\u00e9e \u00e0 l&rsquo;int\u00e9rieur du fourgon ou arrim\u00e9e \u00e0 un syst\u00e8me porte-tout plac\u00e9 sur le toit. <\/p>\n<p>Cette solution est surtout privil\u00e9gi\u00e9e par ceux qui s&rsquo;occupent du transport de motos et recherchent un am\u00e9nagement de fourgon ad hoc leur permettant de charger des motos sans effort et en tr\u00e8s peu de temps.<\/p>\n<\/div>\n<div class=\"break\"><\/div>\n<hr class=\"noColor\"\/>\n<a name=\"formcontatto\" class=\"destination\"><\/a><\/p>\n<div class=\"formToggle\">\n<h4 class=\"bigTxt text-center txtBkOrange\"><i class=\"fa fa-envelope pull-left\"><\/i>Blocs-tiroirs pour v\u00e9hicules utilitaires prix et informations<\/h4>\n\n<div class=\"wpcf7 no-js\" id=\"wpcf7-f67673-o1\" lang=\"it-IT\" dir=\"ltr\">\n<div class=\"screen-reader-response\"><p role=\"status\" aria-live=\"polite\" aria-atomic=\"true\"><\/p> <ul><\/ul><\/div>\n<form action=\"\/fr\/wp-json\/wp\/v2\/pages\/25694#wpcf7-f67673-o1\" method=\"post\" class=\"wpcf7-form init\" id=\"form-accessori-fr\" aria-label=\"Modulo di contatto\" novalidate=\"novalidate\" data-status=\"init\">\n<div style=\"display: none;\">\n<input type=\"hidden\" name=\"_wpcf7\" value=\"67673\" \/>\n<input type=\"hidden\" name=\"_wpcf7_version\" value=\"5.7.7\" \/>\n<input type=\"hidden\" name=\"_wpcf7_locale\" value=\"it_IT\" \/>\n<input type=\"hidden\" name=\"_wpcf7_unit_tag\" value=\"wpcf7-f67673-o1\" \/>\n<input type=\"hidden\" name=\"_wpcf7_container_post\" value=\"0\" \/>\n<input type=\"hidden\" name=\"_wpcf7_posted_data_hash\" value=\"\" \/>\n<input type=\"hidden\" name=\"_wpcf7_recaptcha_response\" value=\"\" \/>\n<\/div>\n<span class=\"wpcf7-form-control-wrap url\" data-name=\"url\"><input type=\"hidden\" name=\"url\" size=\"40\" class=\"wpcf7-form-control wpcf7-hidden wpcf7dtx wpcf7dtx-hidden\" aria-invalid=\"false\" value=\"rampe-de-chargement-pliable-pour-fourgon\" autocomplete=\"off\" \/><\/span>\n<p>Pour plus d'informations, remplissez les champs suivants. L'un de nos op\u00e9rateurs vous recontactera dans les plus brefs d\u00e9lais (* champs obligatoires):\n<\/p>\n<div class=\"col-xs-12 col-md-6\">\n\t<p><span class='titoli'>Pr\u00e9nom (*)<\/span>\n\t<\/p>\n\t<p><span class=\"wpcf7-form-control-wrap\" data-name=\"your-name\"><input size=\"40\" class=\"wpcf7-form-control wpcf7-text wpcf7-validates-as-required form-control\" aria-required=\"true\" aria-invalid=\"false\" value=\"\" type=\"text\" name=\"your-name\" \/><\/span>\n\t<\/p>\n<\/div>\n<div class=\"col-xs-12 col-md-6\">\n\t<p><span class='titoli'>Nom (*)<\/span>\n\t<\/p>\n\t<p><span class=\"wpcf7-form-control-wrap\" data-name=\"your-last-name\"><input size=\"40\" class=\"wpcf7-form-control wpcf7-text wpcf7-validates-as-required form-control\" aria-required=\"true\" aria-invalid=\"false\" value=\"\" type=\"text\" name=\"your-last-name\" \/><\/span>\n\t<\/p>\n<\/div>\n<div class=\"col-xs-12 col-md-6\">\n\t<p><span class='titoli'>Entreprise (*)<\/span>\n\t<\/p>\n\t<p><span class=\"wpcf7-form-control-wrap\" data-name=\"your-company\"><input size=\"40\" class=\"wpcf7-form-control wpcf7-text wpcf7-validates-as-required form-control\" aria-required=\"true\" aria-invalid=\"false\" value=\"\" type=\"text\" name=\"your-company\" \/><\/span>\n\t<\/p>\n<\/div>\n<div class=\"col-xs-12 col-md-6\">\n\t<p><span class='titoli'>TVA<\/span>\n\t<\/p>\n\t<p><span class=\"wpcf7-form-control-wrap\" data-name=\"p-iva\"><input size=\"40\" class=\"wpcf7-form-control wpcf7-text form-control\" aria-invalid=\"false\" value=\"\" type=\"text\" name=\"p-iva\" \/><\/span>\n\t<\/p>\n<\/div>\n<div class=\"clearboth\">\n<\/div>\n<div class=\"col-xs-12 col-md-4\">\n\t<p><span class='titoli'>Code Postal (*)<\/span>\n\t<\/p>\n\t<p><span class=\"wpcf7-form-control-wrap\" data-name=\"your-zip-code\"><input size=\"40\" class=\"wpcf7-form-control wpcf7-text wpcf7-validates-as-required form-control\" aria-required=\"true\" aria-invalid=\"false\" value=\"\" type=\"text\" name=\"your-zip-code\" \/><\/span>\n\t<\/p>\n<\/div>\n<div class=\"col-xs-12 col-md-4\">\n\t<p><span class='titoli'>Adresse (*)<\/span>\n\t<\/p>\n\t<p><span class=\"wpcf7-form-control-wrap\" data-name=\"your-address\"><input size=\"40\" class=\"wpcf7-form-control wpcf7-text wpcf7-validates-as-required form-control\" aria-required=\"true\" aria-invalid=\"false\" value=\"\" type=\"text\" name=\"your-address\" \/><\/span>\n\t<\/p>\n<\/div>\n<div class=\"col-xs-12 col-md-4\">\n\t<p><span class='titoli'>Ville (*)<\/span>\n\t<\/p>\n\t<p><span class=\"wpcf7-form-control-wrap\" data-name=\"your-Town\"><input size=\"40\" class=\"wpcf7-form-control wpcf7-text wpcf7-validates-as-required form-control\" aria-required=\"true\" aria-invalid=\"false\" value=\"\" type=\"text\" name=\"your-Town\" \/><\/span>\n\t<\/p>\n<\/div>\n<div class=\"clearboth\">\n<\/div>\n<div class=\"col-xs-12 col-md-6\">\n\t<p><span class='titoli'>email (*)<\/span>\n\t<\/p>\n\t<p><span class=\"wpcf7-form-control-wrap\" data-name=\"your-email\"><input size=\"40\" class=\"wpcf7-form-control wpcf7-text wpcf7-email wpcf7-validates-as-required wpcf7-validates-as-email form-control\" aria-required=\"true\" aria-invalid=\"false\" value=\"\" type=\"email\" name=\"your-email\" \/><\/span>\n\t<\/p>\n<\/div>\n<div class=\"col-xs-12 col-md-6\">\n\t<p><span class='titoli'>T\u00e9l\u00e9phone (*)<\/span>\n\t<\/p>\n\t<p><span class=\"wpcf7-form-control-wrap\" data-name=\"telefono\"><input size=\"40\" class=\"wpcf7-form-control wpcf7-text wpcf7-tel wpcf7-validates-as-required wpcf7-validates-as-tel form-control\" aria-required=\"true\" aria-invalid=\"false\" value=\"\" type=\"tel\" name=\"telefono\" \/><\/span>\n\t<\/p>\n<\/div>\n<div class=\"clearboth\">\n<\/div>\n<div class=\"col-xs-12 col-md-6\">\n\t<p><span class='titoli'>Objet <\/span>\n\t<\/p>\n\t<p><span class=\"wpcf7-form-control-wrap\" data-name=\"oggetto\"><select class=\"wpcf7-form-control wpcf7-select wpcf7-validates-as-required\" aria-required=\"true\" aria-invalid=\"false\" name=\"oggetto\"><option value=\"Citation\">Citation<\/option><option value=\"Information technique\">Information technique<\/option><option value=\"Rendez-vous\">Rendez-vous<\/option><\/select><\/span>\n\t<\/p>\n<\/div>\n<div class=\"col-xs-12 col-md-6\">\n\t<p><br \/>\n<span class=\"titoli\"> <span class=\"wpcf7-form-control-wrap\" data-name=\"cliente\"><span class=\"wpcf7-form-control wpcf7-checkbox\"><span class=\"wpcf7-list-item first last\"><label><span class=\"wpcf7-list-item-label\">Je suis d\u00e9j\u00e0 client<\/span><input type=\"checkbox\" name=\"cliente[]\" value=\"Je suis d\u00e9j\u00e0 client\" \/><\/label><\/span><\/span><\/span><\/span>\n\t<\/p>\n<\/div>\n<div class=\"col-xs-12 col-md-12\">\n\t<p><span class='titoli'>Message (*)<\/span>\n\t<\/p>\n\t<p><span class=\"wpcf7-form-control-wrap\" data-name=\"your-message\"><textarea cols=\"40\" rows=\"10\" class=\"wpcf7-form-control wpcf7-textarea wpcf7-validates-as-required form-control\" aria-required=\"true\" aria-invalid=\"false\" name=\"your-message\"><\/textarea><\/span>\n\t<\/p>\n<\/div>\n<div class=\"col-xs-12 col-md-12\">\n\t<p><small>Les donn\u00e9es saisies seront trait\u00e9es de mani\u00e8re strictement confidentielle conform\u00e9ment \u00e0 la loi et \u00e0 notre <a href=\"https:\/\/www.storevan.com\/fr\/privacy-policy\/\">politique de confidentialit\u00e9<\/a>.<\/small>\n\t<\/p>\n\t<p><span class=\"wpcf7-form-control-wrap\" data-name=\"AccettazionePrivacy\"><span class=\"wpcf7-form-control wpcf7-acceptance\"><span class=\"wpcf7-list-item\"><input type=\"checkbox\" name=\"AccettazionePrivacy\" value=\"1\" aria-invalid=\"false\" \/><\/span><\/span><\/span> Je d\u00e9clare avoir pris connaissance de la Note Informative sur les <a href=\"https:\/\/www.storevan.com\/fr\/privacy-policy\/\">Note Informative sur les Informations priv\u00e9es<\/a> et j\u2019autorise au traitement de mes donn\u00e9es personnelles en conformit\u00e9 avec ce qui y est \u00e9crit. (*)<br \/>\n\t<span class=\"wpcf7-form-control-wrap recaptcha\" data-name=\"recaptcha\"><span data-sitekey=\"6LdfM4AUAAAAAJjsAucux5WVNA3hsk5KP0a03T_n\" class=\"wpcf7-form-control g-recaptcha wpcf7-recaptcha\"><\/span>\r\n<noscript>\r\n\t<div class=\"grecaptcha-noscript\">\r\n\t\t<iframe src=\"https:\/\/www.google.com\/recaptcha\/api\/fallback?k=6LdfM4AUAAAAAJjsAucux5WVNA3hsk5KP0a03T_n\" frameborder=\"0\" scrolling=\"no\" width=\"310\" height=\"430\">\r\n\t\t<\/iframe>\r\n\t\t<textarea name=\"g-recaptcha-response\" rows=\"3\" cols=\"40\" placeholder=\"reCaptcha Response Here\">\r\n\t\t<\/textarea>\r\n\t<\/div>\r\n<\/noscript>\r\n<\/span>\n\t<\/p>\n<\/div>\n<hr class=\"noColor\" \/>\n<p><input class=\"wpcf7-form-control has-spinner wpcf7-submit\" type=\"submit\" value=\"Envoi\" \/>\n<\/p><div class=\"wpcf7-response-output\" aria-hidden=\"true\"><\/div>\n<\/form>\n<\/div>\n<\/div>\n","protected":false},"excerpt":{"rendered":"<p>Rampe de chargement pliable pour fourgon Rampes pour fourgons pliables et assist\u00e9es\u00a0: la solution id\u00e9ale pour charger sans effort et rapidement tout type de marchandise. La rampe de chargement pliable.<\/p>\n","protected":false},"author":470,"featured_media":0,"parent":25668,"menu_order":0,"comment_status":"closed","ping_status":"closed","template":"","meta":[],"acf":[],"yoast_head":"<!-- This site is optimized with the Yoast SEO plugin v20.11 - https:\/\/yoast.com\/wordpress\/plugins\/seo\/ -->\n<title>Rampe de chargement pliable pour fourgon<\/title>\n<meta name=\"description\" content=\"Rampe de chargement pliable pour fourgon avec structure en tube d\u2019acier et plateaux en aluminium antid\u00e9rapant.Rampe brevet\u00e9e et certifi\u00e9e T\u00dcV-GS.\" \/>\n<meta name=\"robots\" content=\"index, follow, max-snippet:-1, max-image-preview:large, max-video-preview:-1\" \/>\n<link rel=\"canonical\" href=\"https:\/\/www.storevan.com\/fr\/produits\/rampe-de-chargement-pliable-pour-fourgon\/\" \/>\n<meta property=\"og:locale\" content=\"fr_FR\" \/>\n<meta property=\"og:type\" content=\"article\" \/>\n<meta property=\"og:title\" content=\"Rampe de chargement pliable pour fourgon\" \/>\n<meta property=\"og:description\" content=\"Rampe de chargement pliable pour fourgon avec structure en tube d\u2019acier et plateaux en aluminium antid\u00e9rapant.Rampe brevet\u00e9e et certifi\u00e9e T\u00dcV-GS.\" \/>\n<meta property=\"og:url\" content=\"https:\/\/www.storevan.com\/fr\/produits\/rampe-de-chargement-pliable-pour-fourgon\/\" \/>\n<meta property=\"og:site_name\" content=\"Store Van\" \/>\n<meta property=\"article:modified_time\" content=\"2026-03-30T13:10:45+00:00\" \/>\n<meta property=\"og:image\" content=\"https:\/\/www.storevan.com\/wp-content\/uploads\/2019\/07\/rampa-di-carico-per-furgoni-300x229.jpg\" \/>\n<meta name=\"twitter:label1\" content=\"Dur\u00e9e de lecture estim\u00e9e\" \/>\n\t<meta name=\"twitter:data1\" content=\"4 minutes\" \/>\n<script type=\"application\/ld+json\" class=\"yoast-schema-graph\">{\"@context\":\"https:\/\/schema.org\",\"@graph\":[{\"@type\":\"WebPage\",\"@id\":\"https:\/\/www.storevan.com\/fr\/produits\/rampe-de-chargement-pliable-pour-fourgon\/\",\"url\":\"https:\/\/www.storevan.com\/fr\/produits\/rampe-de-chargement-pliable-pour-fourgon\/\",\"name\":\"Rampe de chargement pliable pour fourgon\",\"isPartOf\":{\"@id\":\"https:\/\/www.storevan.com\/pl\/#website\"},\"datePublished\":\"2015-12-02T14:21:36+00:00\",\"dateModified\":\"2026-03-30T13:10:45+00:00\",\"description\":\"Rampe de chargement pliable pour fourgon avec structure en tube d\u2019acier et plateaux en aluminium antid\u00e9rapant.Rampe brevet\u00e9e et certifi\u00e9e T\u00dcV-GS.\",\"breadcrumb\":{\"@id\":\"https:\/\/www.storevan.com\/fr\/produits\/rampe-de-chargement-pliable-pour-fourgon\/#breadcrumb\"},\"inLanguage\":\"fr-FR\",\"potentialAction\":[{\"@type\":\"ReadAction\",\"target\":[\"https:\/\/www.storevan.com\/fr\/produits\/rampe-de-chargement-pliable-pour-fourgon\/\"]}]},{\"@type\":\"BreadcrumbList\",\"@id\":\"https:\/\/www.storevan.com\/fr\/produits\/rampe-de-chargement-pliable-pour-fourgon\/#breadcrumb\",\"itemListElement\":[{\"@type\":\"ListItem\",\"position\":1,\"name\":\"Home\",\"item\":\"https:\/\/www.storevan.com\/fr\/\"},{\"@type\":\"ListItem\",\"position\":2,\"name\":\"Produits\",\"item\":\"https:\/\/www.storevan.com\/fr\/produits\/\"},{\"@type\":\"ListItem\",\"position\":3,\"name\":\"Rampe de chargement\"}]},{\"@type\":\"WebSite\",\"@id\":\"https:\/\/www.storevan.com\/pl\/#website\",\"url\":\"https:\/\/www.storevan.com\/pl\/\",\"name\":\"Store Van\",\"description\":\"Am\u00e9nagements fourgons\",\"potentialAction\":[{\"@type\":\"SearchAction\",\"target\":{\"@type\":\"EntryPoint\",\"urlTemplate\":\"https:\/\/www.storevan.com\/pl\/?s={search_term_string}\"},\"query-input\":\"required name=search_term_string\"}],\"inLanguage\":\"fr-FR\"}]}<\/script>\n<!-- \/ Yoast SEO plugin. -->","yoast_head_json":{"title":"Rampe de chargement pliable pour fourgon","description":"Rampe de chargement pliable pour fourgon avec structure en tube d\u2019acier et plateaux en aluminium antid\u00e9rapant.Rampe brevet\u00e9e et certifi\u00e9e T\u00dcV-GS.","robots":{"index":"index","follow":"follow","max-snippet":"max-snippet:-1","max-image-preview":"max-image-preview:large","max-video-preview":"max-video-preview:-1"},"canonical":"https:\/\/www.storevan.com\/fr\/produits\/rampe-de-chargement-pliable-pour-fourgon\/","og_locale":"fr_FR","og_type":"article","og_title":"Rampe de chargement pliable pour fourgon","og_description":"Rampe de chargement pliable pour fourgon avec structure en tube d\u2019acier et plateaux en aluminium antid\u00e9rapant.Rampe brevet\u00e9e et certifi\u00e9e T\u00dcV-GS.","og_url":"https:\/\/www.storevan.com\/fr\/produits\/rampe-de-chargement-pliable-pour-fourgon\/","og_site_name":"Store Van","article_modified_time":"2026-03-30T13:10:45+00:00","og_image":[{"url":"https:\/\/www.storevan.com\/wp-content\/uploads\/2019\/07\/rampa-di-carico-per-furgoni-300x229.jpg"}],"twitter_misc":{"Dur\u00e9e de lecture estim\u00e9e":"4 minutes"},"schema":{"@context":"https:\/\/schema.org","@graph":[{"@type":"WebPage","@id":"https:\/\/www.storevan.com\/fr\/produits\/rampe-de-chargement-pliable-pour-fourgon\/","url":"https:\/\/www.storevan.com\/fr\/produits\/rampe-de-chargement-pliable-pour-fourgon\/","name":"Rampe de chargement pliable pour fourgon","isPartOf":{"@id":"https:\/\/www.storevan.com\/pl\/#website"},"datePublished":"2015-12-02T14:21:36+00:00","dateModified":"2026-03-30T13:10:45+00:00","description":"Rampe de chargement pliable pour fourgon avec structure en tube d\u2019acier et plateaux en aluminium antid\u00e9rapant.Rampe brevet\u00e9e et certifi\u00e9e T\u00dcV-GS.","breadcrumb":{"@id":"https:\/\/www.storevan.com\/fr\/produits\/rampe-de-chargement-pliable-pour-fourgon\/#breadcrumb"},"inLanguage":"fr-FR","potentialAction":[{"@type":"ReadAction","target":["https:\/\/www.storevan.com\/fr\/produits\/rampe-de-chargement-pliable-pour-fourgon\/"]}]},{"@type":"BreadcrumbList","@id":"https:\/\/www.storevan.com\/fr\/produits\/rampe-de-chargement-pliable-pour-fourgon\/#breadcrumb","itemListElement":[{"@type":"ListItem","position":1,"name":"Home","item":"https:\/\/www.storevan.com\/fr\/"},{"@type":"ListItem","position":2,"name":"Produits","item":"https:\/\/www.storevan.com\/fr\/produits\/"},{"@type":"ListItem","position":3,"name":"Rampe de chargement"}]},{"@type":"WebSite","@id":"https:\/\/www.storevan.com\/pl\/#website","url":"https:\/\/www.storevan.com\/pl\/","name":"Store Van","description":"Am\u00e9nagements fourgons","potentialAction":[{"@type":"SearchAction","target":{"@type":"EntryPoint","urlTemplate":"https:\/\/www.storevan.com\/pl\/?s={search_term_string}"},"query-input":"required name=search_term_string"}],"inLanguage":"fr-FR"}]}},"_links":{"self":[{"href":"https:\/\/www.storevan.com\/fr\/wp-json\/wp\/v2\/pages\/25694"}],"collection":[{"href":"https:\/\/www.storevan.com\/fr\/wp-json\/wp\/v2\/pages"}],"about":[{"href":"https:\/\/www.storevan.com\/fr\/wp-json\/wp\/v2\/types\/page"}],"author":[{"embeddable":true,"href":"https:\/\/www.storevan.com\/fr\/wp-json\/wp\/v2\/users\/470"}],"replies":[{"embeddable":true,"href":"https:\/\/www.storevan.com\/fr\/wp-json\/wp\/v2\/comments?post=25694"}],"version-history":[{"count":11,"href":"https:\/\/www.storevan.com\/fr\/wp-json\/wp\/v2\/pages\/25694\/revisions"}],"predecessor-version":[{"id":165227,"href":"https:\/\/www.storevan.com\/fr\/wp-json\/wp\/v2\/pages\/25694\/revisions\/165227"}],"up":[{"embeddable":true,"href":"https:\/\/www.storevan.com\/fr\/wp-json\/wp\/v2\/pages\/25668"}],"wp:attachment":[{"href":"https:\/\/www.storevan.com\/fr\/wp-json\/wp\/v2\/media?parent=25694"}],"curies":[{"name":"wp","href":"https:\/\/api.w.org\/{rel}","templated":true}]}}