{"id":25688,"date":"2015-12-02T15:25:16","date_gmt":"2015-12-02T14:25:16","guid":{"rendered":"https:\/\/www.storevan.com\/fr\/products\/van-false-double-floor\/"},"modified":"2025-03-28T10:56:12","modified_gmt":"2025-03-28T10:56:12","slug":"plancher-deux-niveaux","status":"publish","type":"page","link":"https:\/\/www.storevan.com\/fr\/produits\/plancher-deux-niveaux\/","title":{"rendered":"Plancher \u00e0 deux niveaux"},"content":{"rendered":"<h1 class=\"customblackTitleSmall\">Plancher \u00e0 deux niveaux et bloc-tiroirs sous le plancher pour fourgons<\/h1>\n<h2>Am\u00e9nagement pour fourgons Floor Up, la solution qui comprend un plancher \u00e0 deux niveaux modulable, des tiroirs sous le plancher et des rayonnages pour fourgons<\/h2>\n<hr class=\"noColor\" \/>\n<div class=\"col-xs-12 col-sm-6 col-md-8\">\n<div class=\"easyzoom easyzoom--overlay easyzoom--with-thumbnails id1\"><a title=\"Plancher \u00e0 deux niveaux et bloc-tiroirs sous le plancher pour fourgons\" href=\"https:\/\/www.storevan.com\/wp-content\/uploads\/2022\/03\/cassettiere-sottopianale-floor-up-1-768x403.jpg\"><img decoding=\"async\" loading=\"lazy\" class=\"alignnone size-full\" src=\"https:\/\/www.storevan.com\/wp-content\/uploads\/2022\/03\/cassettiere-sottopianale-floor-up-1-768x403.jpg\" alt=\"Plancher \u00e0 deux niveaux et bloc-tiroirs sous le plancher pour fourgons\" width=\"800\" height=\"420\" \/><\/a><\/div>\n<ul class=\"thumbnails noList\">\n<li style=\"list-style-type: none;\">\n<ul class=\"thumbnails noList\">\n<li class=\"col-xs-2 col-lg-2\"><a title=\"Plancher 2 niveaux\" href=\"https:\/\/www.storevan.com\/wp-content\/uploads\/2022\/03\/cassettiere-sottopianale-floor-up-1-768x403.jpg\" data-standard=\"https:\/\/www.storevan.com\/wp-content\/uploads\/2022\/03\/cassettiere-sottopianale-floor-up-1.jpg\"><img decoding=\"async\" src=\"https:\/\/www.storevan.com\/wp-content\/uploads\/2022\/03\/cassettiere-sottopianale-floor-up-1-150x150.jpg\" alt=\"Plancher 2 niveaux\" \/><\/a><\/li>\n<li class=\"col-xs-2 col-lg-2\"><a title=\"Double plancher utilitaire fourgon\" href=\"https:\/\/www.storevan.com\/wp-content\/uploads\/2022\/03\/Floor-Up03-Vista1-150x150.jpg\" data-standard=\"https:\/\/www.storevan.com\/wp-content\/uploads\/2022\/03\/Floor-Up03-Vista1.jpg\"><img decoding=\"async\" src=\"https:\/\/www.storevan.com\/wp-content\/uploads\/2022\/03\/Floor-Up03-Vista1-150x150.jpg\" alt=\"Double plancher utilitaire fourgon\" \/><\/a><\/li>\n<li class=\"col-xs-2 col-lg-2\"><a title=\"Blocs tiroirs sous-plancher\" href=\"https:\/\/www.storevan.com\/wp-content\/uploads\/2022\/03\/Floor-Up03-Vista2-150x150.jpg\" data-standard=\"https:\/\/www.storevan.com\/wp-content\/uploads\/2022\/03\/Floor-Up03-Vista2.jpg\"><img decoding=\"async\" src=\"https:\/\/www.storevan.com\/wp-content\/uploads\/2022\/03\/Floor-Up03-Vista2-150x150.jpg\" alt=\"Blocs tiroirs sous-plancher\" \/><\/a><\/li>\n<li class=\"col-xs-2 col-lg-2\"><a title=\"Blocs-tiroirs sous-plancher pour fourgons\" href=\"https:\/\/www.storevan.com\/wp-content\/uploads\/2022\/03\/Floor-Up04-Vista1-150x150.jpg\" data-standard=\"https:\/\/www.storevan.com\/wp-content\/uploads\/2022\/03\/Floor-Up04-Vista1.jpg\"><img decoding=\"async\" src=\"https:\/\/www.storevan.com\/wp-content\/uploads\/2022\/03\/Floor-Up04-Vista1-150x150.jpg\" alt=\"Blocs-tiroirs sous-plancher pour fourgons\" \/><\/a><\/li>\n<li class=\"col-xs-2 col-lg-2\"><a title=\"Tiroirs sous plancher\" href=\"https:\/\/www.storevan.com\/wp-content\/uploads\/2022\/03\/Floor-Up05-Vista1-150x150.jpg\" data-standard=\"https:\/\/www.storevan.com\/wp-content\/uploads\/2022\/03\/Floor-Up05-Vista1.jpg\"><img decoding=\"async\" src=\"https:\/\/www.storevan.com\/wp-content\/uploads\/2022\/03\/Floor-Up05-Vista1-150x150.jpg\" alt=\"Tiroirs sous plancher\" \/><\/a><\/li>\n<li class=\"col-xs-2 col-lg-2\"><a title=\"Box de tiroirs pour fourgons\" href=\"https:\/\/www.storevan.com\/wp-content\/uploads\/2022\/03\/Floor-Up03-Vista3-150x150.jpg\" data-standard=\"https:\/\/www.storevan.com\/wp-content\/uploads\/2022\/03\/Floor-Up03-Vista3.jpg\"><img decoding=\"async\" src=\"https:\/\/www.storevan.com\/wp-content\/uploads\/2022\/03\/Floor-Up03-Vista3-150x150.jpg\" alt=\"Box de tiroirs pour fourgons\" \/><\/a><\/li>\n<\/ul>\n<\/li>\n<\/ul>\n<div class=\"break\"><\/div>\n<\/div>\n<div class=\"col-xs-12 col-sm-6 col-md-4\">\n<hr class=\"noColor\" \/>\n<h3 class=\"bigTxt\">L\u2019AM\u00c9NAGEMENT ERGONOMIQUE QUI SIMPLIFIE LE TRAVAIL EN TOUTE S\u00c9CURIT\u00c9<\/h3>\n<div class=\"borderTitle\"><\/div>\n<p>Les blocs tiroirs sous-plancher constituent l\u2019\u00e9l\u00e9ment cl\u00e9 du nouveau FLOOR UP de Store Van, l\u2019am\u00e9nagement pour utilitaires compos\u00e9 d\u2019un double plancher muni de compartiments et de blocs tiroirs sousplancher, n\u00e9 pour <strong>am\u00e9liorer la capacit\u00e9 de charge des v\u00e9hicules utilitaires dont le volume de charge est inf\u00e9rieur \u00e0 5 m3<\/strong>.<\/p>\n<p>Le syst\u00e8me de stockage et de manutention de la marchandise charg\u00e9e am\u00e9liore l\u2019ergonomie et facilite et acc\u00e9l\u00e8re le transport. Ce r\u00e9sultat est obtenu gr\u00e2ce \u00e0 l\u2019introduction de blocs tiroirs sous-plancher pour utilitaires particuli\u00e8rement longs et poss\u00e9dant un vaste volume interne, situ\u00e9s dans les parties post\u00e9rieure et lat\u00e9rales du v\u00e9hicule en correspondance des portes.<\/p>\n<p>L\u2019assemblage de FLOOR UP est ais\u00e9 et les composants en aluminium, tels que fa\u00e7ades des tiroirs et s\u00e9parateurs, lui conf\u00e8re une l\u00e9g\u00e8ret\u00e9 particuli\u00e8re.<\/p>\n<\/div>\n<div class=\"break\"><\/div>\n<hr class=\"noColor\" \/>\n<div class=\"smallTxtGrey blue\">TIROIRS SOUS LE PLANCHER<\/div>\n<p>Les blocs tiroirs sous-plancher allient la capacit\u00e9 de charge \u00e9lev\u00e9e de<strong> 80 kg par tiroir<\/strong> \u00e0 la vaste gamme de mat\u00e9riel de s\u00e9paration que repr\u00e9sentent les s\u00e9parateurs mobiles en aluminium, longitudinaux et transversaux, et les box en plastique de dimensions vari\u00e9es pour diviser et contenir la charge plac\u00e9e \u00e0 l\u2019int\u00e9rieur. Les c\u00f4t\u00e9s \u00e0 toute hauteur \u00e9vitent en outre la chute de mat\u00e9riel durant le transport.<br \/>\nComme alternative aux blocs tiroirs sous-plancher, il est possible de pr\u00e9voir une porte afin de cr\u00e9er une zone utile pour l\u2019introduction d\u2019objets de dimensions et\/ou poids majeurs par rapport \u00e0 ceux pouvant \u00eatre introduits dans les blocs tiroirs sous-plancher.<\/p>\n<div class=\"ts-gallery\">\n<div class=\"col-xs-3 col-sm-3\"><a title=\"Blocs tiroirs sous-plancher\" href=\"https:\/\/www.storevan.com\/wp-content\/uploads\/2022\/03\/Meccanismo-cassetto01-300x200.jpg\"><img decoding=\"async\" loading=\"lazy\" class=\"alignnone size-medium wp-image-142595\" src=\"https:\/\/www.storevan.com\/wp-content\/uploads\/2022\/03\/Meccanismo-cassetto01-300x200.jpg\" alt=\"Blocs tiroirs sous-plancher\" width=\"300\" height=\"200\" srcset=\"https:\/\/www.storevan.com\/wp-content\/uploads\/2022\/03\/Meccanismo-cassetto01-300x200.jpg 300w, https:\/\/www.storevan.com\/wp-content\/uploads\/2022\/03\/Meccanismo-cassetto01.jpg 768w\" sizes=\"(max-width: 300px) 100vw, 300px\" \/><\/a><\/div>\n<div class=\"col-xs-3 col-sm-3\"><a title=\"Tiroirs sous plancher\" href=\"https:\/\/www.storevan.com\/wp-content\/uploads\/2022\/03\/Meccanismo-cassetto02-300x200.jpg\"><img decoding=\"async\" loading=\"lazy\" class=\"alignnone size-medium wp-image-142607\" src=\"https:\/\/www.storevan.com\/wp-content\/uploads\/2022\/03\/Meccanismo-cassetto02-300x200.jpg\" alt=\"Tiroirs sous plancher\" width=\"300\" height=\"200\" srcset=\"https:\/\/www.storevan.com\/wp-content\/uploads\/2022\/03\/Meccanismo-cassetto02-300x200.jpg 300w, https:\/\/www.storevan.com\/wp-content\/uploads\/2022\/03\/Meccanismo-cassetto02.jpg 768w\" sizes=\"(max-width: 300px) 100vw, 300px\" \/><\/a><\/div>\n<div class=\"col-xs-3 col-sm-3\"><a title=\"Tiroirs sous le plancher pour v\u00e9hicule utilitaire\" href=\"https:\/\/www.storevan.com\/wp-content\/uploads\/2022\/03\/Meccanismo-cassetto04-300x200.jpg\"><img decoding=\"async\" loading=\"lazy\" class=\"alignnone size-medium wp-image-142583\" src=\"https:\/\/www.storevan.com\/wp-content\/uploads\/2022\/03\/Meccanismo-cassetto04-300x200.jpg\" alt=\"Tiroirs sous le plancher pour v\u00e9hicule utilitaire\" width=\"300\" height=\"200\" srcset=\"https:\/\/www.storevan.com\/wp-content\/uploads\/2022\/03\/Meccanismo-cassetto04-300x200.jpg 300w, https:\/\/www.storevan.com\/wp-content\/uploads\/2022\/03\/Meccanismo-cassetto04.jpg 768w\" sizes=\"(max-width: 300px) 100vw, 300px\" \/><\/a><\/div>\n<div class=\"col-xs-3 col-sm-3\"><a title=\"iroirs sous plancher\" href=\"https:\/\/www.storevan.com\/wp-content\/uploads\/2022\/03\/Meccanismo-cassetto05-300x200.jpg\"><img decoding=\"async\" loading=\"lazy\" class=\"alignnone size-medium wp-image-142589\" src=\"https:\/\/www.storevan.com\/wp-content\/uploads\/2022\/03\/Meccanismo-cassetto05-300x200.jpg\" alt=\"Double plancher arri\u00e8re\" width=\"300\" height=\"200\" srcset=\"https:\/\/www.storevan.com\/wp-content\/uploads\/2022\/03\/Meccanismo-cassetto05-300x200.jpg 300w, https:\/\/www.storevan.com\/wp-content\/uploads\/2022\/03\/Meccanismo-cassetto05.jpg 768w\" sizes=\"(max-width: 300px) 100vw, 300px\" \/><\/a><\/div>\n<\/div>\n<div class=\"break\"><\/div>\n<hr class=\"noColor\" \/>\n<div class=\"smallTxtGrey blue\">PLANCHER<\/div>\n<p>Le plan sup\u00e9rieur de l\u2019am\u00e9nagement est constitu\u00e9 d\u2019un plancher en bois multicouche en bouleau marin avec un rev\u00eatement haute r\u00e9sistance sp\u00e9cial, \u00e0 coefficient de frottement certifi\u00e9 T\u00dcV. Le plancher est dot\u00e9 de <strong>points d\u2019arrimage AIRLINE<\/strong> dont la traction est \u00e9gale \u00e0 200 daN, conform\u00e9ment \u00e0 la nouvelle <a title=\"Directive communautaire 2014\/47\/UE\" href=\"https:\/\/www.storevan.com\/fr\/produits\/securisation-chargement\/\">directive communautaire 2014\/47\/UE<\/a> pour la s\u00e9curit\u00e9 et la fixation des charges.<\/p>\n<hr class=\"noColor\" \/>\n<div class=\"smallTxtGrey blue\">CARACT\u00c9RISTIQUES<\/div>\n<ul class=\"noList\">\n<li style=\"list-style-type: none;\">\n<ul class=\"noList\">\n<li class=\"col-xs-12 col-sm-6 col-md-4\"><i class=\"fa fa-check txtGreen\"><\/i> Tiroir avec blocage \u00e0 l\u2019ouverture ;<\/li>\n<li class=\"col-xs-12 col-sm-6 col-md-4\"><i class=\"fa fa-check txtGreen\"><\/i> Poign\u00e9e sur toute la longueur du tiroir ;<\/li>\n<li class=\"col-xs-12 col-sm-6 col-md-4\"><i class=\"fa fa-check txtGreen\"><\/i> Tiroir enti\u00e8rement en aluminium ;<\/li>\n<li class=\"col-xs-12 col-sm-6 col-md-4\"><i class=\"fa fa-check txtGreen\"><\/i> Corps armoire \u00e0 tiroirs en structure soud\u00e9e ;<\/li>\n<li class=\"col-xs-12 col-sm-6 col-md-4\"><i class=\"fa fa-check txtGreen\"><\/i> S\u00e9parateurs transversaux et longitudinaux ;<\/li>\n<li class=\"col-xs-12 col-sm-6 col-md-4\"><i class=\"fa fa-check txtGreen\"><\/i> Tiroirs h100 et h200 ;<\/li>\n<li class=\"col-xs-12 col-sm-6 col-md-4\"><i class=\"fa fa-check txtGreen\"><\/i> Fa\u00e7ade en aluminium ;<\/li>\n<li class=\"col-xs-12 col-sm-6 col-md-4\"><i class=\"fa fa-check txtGreen\"><\/i> Porte basculante en aluminium ;<\/li>\n<li class=\"col-xs-12 col-sm-6 col-md-4\"><i class=\"fa fa-check txtGreen\"><\/i> Capacit\u00e9 de charge du tiroir 80 kg ;<\/li>\n<li class=\"col-xs-12 col-sm-6 col-md-4\"><i class=\"fa fa-check txtGreen\"><\/i> S\u00e9parateurs mobiles en aluminium ;<\/li>\n<li class=\"col-xs-12 col-sm-6 col-md-4\"><i class=\"fa fa-check txtGreen\"><\/i> Structure l\u00e9g\u00e8re et modulaire ;<\/li>\n<li class=\"col-xs-12 col-sm-6 col-md-4\"><i class=\"fa fa-check txtGreen\"><\/i> Points d\u2019arrimage AIRLINE .<\/li>\n<\/ul>\n<\/li>\n<\/ul>\n<div class=\"break\"><\/div>\n<div class=\"break\"><\/div>\n<hr class=\"noColor\" \/>\n<div class=\"smallTxtGrey blue\">SOLUTIONS DISPONIBLES POUR L\u2019AM\u00c9NAGEMENT DES FOURGONS:<\/div>\n<ul class=\"arrow\">\n<li class=\"col-xs-12 col-md-4\"><a href=\"https:\/\/www.storevan.com\/fr\/amenagement-vehicules-utilitaires\/fourgons-citroen\/berlingo\/\" title=\"Citroen Berlingo\">Citroen Berlingo<\/a><\/li>\n<li class=\"col-xs-12 col-md-4\"><a href=\"https:\/\/www.storevan.com\/fr\/amenagements-fourgon\/citroen-nemo-l1-h1-floor-up\/\" title=\"Citroen Nemo\">Citroen Nemo<\/a><\/li>\n<li class=\"col-xs-12 col-md-4\"><a href=\"https:\/\/www.storevan.com\/fr\/amenagements-fourgon\/fiat-fiorino-l1-h1-floor-up\/\" title=\"Fiat Fiorino\">Fiat Fiorino<\/a><\/li>\n<li class=\"col-xs-12 col-md-4\"><a href=\"https:\/\/www.storevan.com\/fr\/amenagement-vehicules-utilitaires\/fourgons-fiat\/doblo\/\" title=\"Fiat Dobl\u00f2\">Fiat Dobl\u00f2<\/a><\/li>\n<li class=\"col-xs-12 col-md-4\"><a href=\"https:\/\/www.storevan.com\/fr\/amenagement-vehicules-utilitaires\/fourgons-ford\/connect\/\" title=\"Ford Connect\">Ford Connect<\/a><\/li>\n<li class=\"col-xs-12 col-md-4\"><a href=\"https:\/\/www.storevan.com\/fr\/amenagement-vehicules-utilitaires\/fourgons-ford\/courier\/\" title=\"Ford Courier\">Ford Courier<\/a><\/li>\n<li class=\"col-xs-12 col-md-4\">Mercedes Citan<\/li>\n<li class=\"col-xs-12 col-md-4\"><a href=\"https:\/\/www.storevan.com\/fr\/amenagement-vehicules-utilitaires\/fourgons-opel\/combo\/\" title=\"Opel Combo\">Opel Combo<\/a><\/li>\n<li class=\"col-xs-12 col-md-4\"><a href=\"https:\/\/www.storevan.com\/fr\/amenagements-fourgon\/peugeot-bipper-l1-h1-floor-up\/\" title=\"Peugeot Bipper\">Peugeot Bipper<\/a><\/li>\n<li class=\"col-xs-12 col-md-4\"><a href=\"https:\/\/www.storevan.com\/fr\/amenagement-vehicules-utilitaires\/fourgons-peugeot\/partner\/\" title=\"Peugeot Partner\">Peugeot Partner<\/a><\/li>\n<li class=\"col-xs-12 col-md-4\">Renault Kangoo<\/li>\n<li class=\"col-xs-12 col-md-4\">Renault Express<\/li>\n<li class=\"col-xs-12 col-md-4\"><a href=\"https:\/\/www.storevan.com\/fr\/amenagement-vehicules-utilitaires\/toyota\/proace-city\/\" title=\"Toyota Proace City\">Toyota Proace City<\/a><\/li>\n<li class=\"col-xs-12 col-md-4\"><a href=\"https:\/\/www.storevan.com\/fr\/amenagement-vehicules-utilitaires\/fourgons-volkswagen\/caddy-cargo\/\" title=\"Toyota Volkswagen Caddy Cargo\">Volkswagen Caddy Cargo<\/a><\/li>\n<li class=\"col-xs-12 col-md-4\">Volkswagen  ID Buzz<\/li>\n<\/ul>\n<div class=\"break\"><\/div>\n<hr \/>\n<hr class=\"noColor\" \/>\n<div class=\"col-xs-12 col-sm-12 col-md-6\">\n<div class=\"text-center\"><a class=\"btn btn-download\" href=\"tel:390424585455\"><i class=\"fa fa-phone\"><\/i> <span class=\"spanBtn\">APPELEZ-NOUS<\/span><br \/>\nper qualsiasi informazione<\/a><\/div>\n<\/div>\n<div class=\"col-xs-12 col-sm-12 col-md-6\">\n<div class=\"text-center\"><a class=\"btn btn-download\" href=\"#formconttatto\"><i class=\"fa fa-envelope\"><\/i> <span class=\"spanBtn\">\u00c9CRIVEZ-NOUS<\/span><br \/>\nvous serez contact\u00e9s<\/a><\/div>\n<\/div>\n<div class=\"break\"><\/div>\n<hr class=\"noColor\" \/>\n<hr \/>\n<hr class=\"noColor\" \/>\n<h4 class=\"bigTxt\">Pourquoi choisir l\u2019am\u00e9nagement pour v\u00e9hicules utilitaires Floor Up?<\/h4>\n<div class=\"borderTitle\"><\/div>\n<p>Quand le mat\u00e9riel et les outillages transport\u00e9s sont \u00e0 l\u2019\u00e9troit dans votre fourgon, vous pouvez leur faire de la place gr\u00e2ce au plancher \u00e0 deux niveaux Store Van. S\u2019il s\u2019agissait d\u2019un slogan, \u00ab\u00a0moins, c\u2019est plus\u00a0\u00bb serait appropri\u00e9\u00a0: c\u2019est ici la quintessence du design qui augmente la capacit\u00e9 de stockage dans l\u2019espace de chargement des v\u00e9hicules utilitaires de taille moyenne \u00e0 petite et de petite taille.<\/p>\n<hr class=\"noColor\" \/>\n<p><a name=\"formconttatto\"><\/a><\/p>\n<div class=\"ts-gallery\">\n<div class=\"col-xs-2 col-sm-2\"><a title=\"Fa\u00e7ade en aluminium\" href=\"https:\/\/www.storevan.com\/wp-content\/uploads\/2022\/03\/cassetti-sottopianale-per-furgoni-300x200.jpg\"><img decoding=\"async\" loading=\"lazy\" class=\"alignnone size-medium wp-image-142640\" src=\"https:\/\/www.storevan.com\/wp-content\/uploads\/2022\/03\/cassetti-sottopianale-per-furgoni-300x200.jpg\" alt=\"Fa\u00e7ade en aluminium\" width=\"300\" height=\"200\" srcset=\"https:\/\/www.storevan.com\/wp-content\/uploads\/2022\/03\/cassetti-sottopianale-per-furgoni-300x200.jpg 300w, https:\/\/www.storevan.com\/wp-content\/uploads\/2022\/03\/cassetti-sottopianale-per-furgoni.jpg 768w\" sizes=\"(max-width: 300px) 100vw, 300px\" \/><\/a><\/div>\n<div class=\"col-xs-2 col-sm-2\"><a title=\"Porte basculante en aluminium\" href=\"https:\/\/www.storevan.com\/wp-content\/uploads\/2022\/03\/Sportello-aperto-02-300x200.jpg\"><img decoding=\"async\" loading=\"lazy\" class=\"alignnone size-medium wp-image-142653\" src=\"https:\/\/www.storevan.com\/wp-content\/uploads\/2022\/03\/Sportello-aperto-02-300x200.jpg\" alt=\"Porte basculante en aluminium\" width=\"300\" height=\"200\" srcset=\"https:\/\/www.storevan.com\/wp-content\/uploads\/2022\/03\/Sportello-aperto-02-300x200.jpg 300w, https:\/\/www.storevan.com\/wp-content\/uploads\/2022\/03\/Sportello-aperto-02.jpg 768w\" sizes=\"(max-width: 300px) 100vw, 300px\" \/><\/a><\/div>\n<div class=\"col-xs-2 col-sm-2\"><a title=\"Capacit\u00e9 de charge du tiroir 80 kg\" href=\"https:\/\/www.storevan.com\/wp-content\/uploads\/2022\/03\/Cassetto-divisori-cassette-300x200.jpg\"><img decoding=\"async\" loading=\"lazy\" class=\"alignnone size-medium wp-image-142659\" src=\"https:\/\/www.storevan.com\/wp-content\/uploads\/2022\/03\/Cassetto-divisori-cassette-300x200.jpg\" alt=\"Capacit\u00e9 de charge du tiroir 80 kg\" width=\"300\" height=\"200\" srcset=\"https:\/\/www.storevan.com\/wp-content\/uploads\/2022\/03\/Cassetto-divisori-cassette-300x200.jpg 300w, https:\/\/www.storevan.com\/wp-content\/uploads\/2022\/03\/Cassetto-divisori-cassette.jpg 768w\" sizes=\"(max-width: 300px) 100vw, 300px\" \/><\/a><\/div>\n<div class=\"col-xs-2 col-sm-2\"><a title=\"S\u00e9parateurs mobiles en aluminium\" href=\"https:\/\/www.storevan.com\/wp-content\/uploads\/2022\/03\/Cassetto-divisori-300x200.jpg\"><img decoding=\"async\" loading=\"lazy\" class=\"alignnone size-medium wp-image-142671\" src=\"https:\/\/www.storevan.com\/wp-content\/uploads\/2022\/03\/Cassetto-divisori-300x200.jpg\" alt=\"S\u00e9parateurs mobiles en aluminium\" width=\"300\" height=\"200\" srcset=\"https:\/\/www.storevan.com\/wp-content\/uploads\/2022\/03\/Cassetto-divisori-300x200.jpg 300w, https:\/\/www.storevan.com\/wp-content\/uploads\/2022\/03\/Cassetto-divisori.jpg 768w\" sizes=\"(max-width: 300px) 100vw, 300px\" \/><\/a><\/div>\n<div class=\"col-xs-2 col-sm-2\"><a title=\"Structure l\u00e9g\u00e8re et modulaire\" href=\"https:\/\/www.storevan.com\/wp-content\/uploads\/2022\/03\/Struttura-300x200.jpg\"><img decoding=\"async\" loading=\"lazy\" class=\"alignnone size-medium wp-image-142682\" src=\"https:\/\/www.storevan.com\/wp-content\/uploads\/2022\/03\/Struttura-300x200.jpg\" alt=\"Structure l\u00e9g\u00e8re et modulaire\" width=\"300\" height=\"200\" srcset=\"https:\/\/www.storevan.com\/wp-content\/uploads\/2022\/03\/Struttura-300x200.jpg 300w, https:\/\/www.storevan.com\/wp-content\/uploads\/2022\/03\/Struttura.jpg 768w\" sizes=\"(max-width: 300px) 100vw, 300px\" \/><\/a><\/div>\n<div class=\"col-xs-2 col-sm-2\"><a title=\"Points d\u2019arrimage AIRLINE\" href=\"https:\/\/www.storevan.com\/wp-content\/uploads\/2022\/03\/Punti-fissaggio-300x200.jpg\"><img decoding=\"async\" loading=\"lazy\" class=\"alignnone size-medium wp-image-142688\" src=\"https:\/\/www.storevan.com\/wp-content\/uploads\/2022\/03\/Punti-fissaggio-300x200.jpg\" alt=\"Points d\u2019arrimage AIRLINE\" width=\"300\" height=\"200\" srcset=\"https:\/\/www.storevan.com\/wp-content\/uploads\/2022\/03\/Punti-fissaggio-300x200.jpg 300w, https:\/\/www.storevan.com\/wp-content\/uploads\/2022\/03\/Punti-fissaggio.jpg 768w\" sizes=\"(max-width: 300px) 100vw, 300px\" \/><\/a><\/div>\n<div class=\"break\"><\/div>\n<\/div>\n<hr class=\"noColor\" \/>\n<p>Si vous avez un fourgon de petite taille, Floor Up est la solution id\u00e9ale. Avec les blocs-tiroirs pour fourgons sous le plancher, il est possible d\u2019optimiser l\u2019espace disponible avec tout le mat\u00e9riel \u00e0 port\u00e9e de main. Le plan de chargement sera ainsi d\u00e9gag\u00e9, ce qui facilitera consid\u00e9rablement les op\u00e9rations de chargement et\/ou de stockage de la marchandise. Les planchers pour fourgons Store Van sont appliqu\u00e9s sans toucher \u00e0 la carrosserie du v\u00e9hicule utilitaire, qui peut \u00eatre transform\u00e9 en un v\u00e9ritable atelier mobile gr\u00e2ce aux rayonnages pour fourgons, aux blocs-tiroirs pour outils, aux rampes de chargement, aux porte-\u00e9chelles, aux mallettes \u00e0 outils et petites pi\u00e8ces et \u00e0 tous les accessoires disponibles.<\/p>\n<div class=\"break\"><\/div>\n<hr \/>\n<h4 class=\"bigTxt text-center txtBkOrange\"><i class=\"fa fa-envelope pull-left\"><\/i>VOULEZ-VOUS EN SAVOIR PLUS?<\/h4>\n\n<div class=\"wpcf7 no-js\" id=\"wpcf7-f67673-o1\" lang=\"it-IT\" dir=\"ltr\">\n<div class=\"screen-reader-response\"><p role=\"status\" aria-live=\"polite\" aria-atomic=\"true\"><\/p> <ul><\/ul><\/div>\n<form action=\"\/fr\/wp-json\/wp\/v2\/pages\/25688#wpcf7-f67673-o1\" method=\"post\" class=\"wpcf7-form init\" id=\"form-pianali-pannellature-fr\" aria-label=\"Modulo di contatto\" novalidate=\"novalidate\" data-status=\"init\">\n<div style=\"display: none;\">\n<input type=\"hidden\" name=\"_wpcf7\" value=\"67673\" \/>\n<input type=\"hidden\" name=\"_wpcf7_version\" value=\"5.7.7\" \/>\n<input type=\"hidden\" name=\"_wpcf7_locale\" value=\"it_IT\" \/>\n<input type=\"hidden\" name=\"_wpcf7_unit_tag\" value=\"wpcf7-f67673-o1\" \/>\n<input type=\"hidden\" name=\"_wpcf7_container_post\" value=\"0\" \/>\n<input type=\"hidden\" name=\"_wpcf7_posted_data_hash\" value=\"\" \/>\n<input type=\"hidden\" name=\"_wpcf7_recaptcha_response\" value=\"\" \/>\n<\/div>\n<span class=\"wpcf7-form-control-wrap url\" data-name=\"url\"><input type=\"hidden\" name=\"url\" size=\"40\" class=\"wpcf7-form-control wpcf7-hidden wpcf7dtx wpcf7dtx-hidden\" aria-invalid=\"false\" value=\"plancher-deux-niveaux\" autocomplete=\"off\" \/><\/span>\n<p>Pour plus d'informations, remplissez les champs suivants. L'un de nos op\u00e9rateurs vous recontactera dans les plus brefs d\u00e9lais (* champs obligatoires):\n<\/p>\n<div class=\"col-xs-12 col-md-6\">\n\t<p><span class='titoli'>Pr\u00e9nom (*)<\/span>\n\t<\/p>\n\t<p><span class=\"wpcf7-form-control-wrap\" data-name=\"your-name\"><input size=\"40\" class=\"wpcf7-form-control wpcf7-text wpcf7-validates-as-required form-control\" aria-required=\"true\" aria-invalid=\"false\" value=\"\" type=\"text\" name=\"your-name\" \/><\/span>\n\t<\/p>\n<\/div>\n<div class=\"col-xs-12 col-md-6\">\n\t<p><span class='titoli'>Nom (*)<\/span>\n\t<\/p>\n\t<p><span class=\"wpcf7-form-control-wrap\" data-name=\"your-last-name\"><input size=\"40\" class=\"wpcf7-form-control wpcf7-text wpcf7-validates-as-required form-control\" aria-required=\"true\" aria-invalid=\"false\" value=\"\" type=\"text\" name=\"your-last-name\" \/><\/span>\n\t<\/p>\n<\/div>\n<div class=\"col-xs-12 col-md-6\">\n\t<p><span class='titoli'>Entreprise (*)<\/span>\n\t<\/p>\n\t<p><span class=\"wpcf7-form-control-wrap\" data-name=\"your-company\"><input size=\"40\" class=\"wpcf7-form-control wpcf7-text wpcf7-validates-as-required form-control\" aria-required=\"true\" aria-invalid=\"false\" value=\"\" type=\"text\" name=\"your-company\" \/><\/span>\n\t<\/p>\n<\/div>\n<div class=\"col-xs-12 col-md-6\">\n\t<p><span class='titoli'>TVA<\/span>\n\t<\/p>\n\t<p><span class=\"wpcf7-form-control-wrap\" data-name=\"p-iva\"><input size=\"40\" class=\"wpcf7-form-control wpcf7-text form-control\" aria-invalid=\"false\" value=\"\" type=\"text\" name=\"p-iva\" \/><\/span>\n\t<\/p>\n<\/div>\n<div class=\"clearboth\">\n<\/div>\n<div class=\"col-xs-12 col-md-4\">\n\t<p><span class='titoli'>Code Postal (*)<\/span>\n\t<\/p>\n\t<p><span class=\"wpcf7-form-control-wrap\" data-name=\"your-zip-code\"><input size=\"40\" class=\"wpcf7-form-control wpcf7-text wpcf7-validates-as-required form-control\" aria-required=\"true\" aria-invalid=\"false\" value=\"\" type=\"text\" name=\"your-zip-code\" \/><\/span>\n\t<\/p>\n<\/div>\n<div class=\"col-xs-12 col-md-4\">\n\t<p><span class='titoli'>Adresse (*)<\/span>\n\t<\/p>\n\t<p><span class=\"wpcf7-form-control-wrap\" data-name=\"your-address\"><input size=\"40\" class=\"wpcf7-form-control wpcf7-text wpcf7-validates-as-required form-control\" aria-required=\"true\" aria-invalid=\"false\" value=\"\" type=\"text\" name=\"your-address\" \/><\/span>\n\t<\/p>\n<\/div>\n<div class=\"col-xs-12 col-md-4\">\n\t<p><span class='titoli'>Ville (*)<\/span>\n\t<\/p>\n\t<p><span class=\"wpcf7-form-control-wrap\" data-name=\"your-Town\"><input size=\"40\" class=\"wpcf7-form-control wpcf7-text wpcf7-validates-as-required form-control\" aria-required=\"true\" aria-invalid=\"false\" value=\"\" type=\"text\" name=\"your-Town\" \/><\/span>\n\t<\/p>\n<\/div>\n<div class=\"clearboth\">\n<\/div>\n<div class=\"col-xs-12 col-md-6\">\n\t<p><span class='titoli'>email (*)<\/span>\n\t<\/p>\n\t<p><span class=\"wpcf7-form-control-wrap\" data-name=\"your-email\"><input size=\"40\" class=\"wpcf7-form-control wpcf7-text wpcf7-email wpcf7-validates-as-required wpcf7-validates-as-email form-control\" aria-required=\"true\" aria-invalid=\"false\" value=\"\" type=\"email\" name=\"your-email\" \/><\/span>\n\t<\/p>\n<\/div>\n<div class=\"col-xs-12 col-md-6\">\n\t<p><span class='titoli'>T\u00e9l\u00e9phone (*)<\/span>\n\t<\/p>\n\t<p><span class=\"wpcf7-form-control-wrap\" data-name=\"telefono\"><input size=\"40\" class=\"wpcf7-form-control wpcf7-text wpcf7-tel wpcf7-validates-as-required wpcf7-validates-as-tel form-control\" aria-required=\"true\" aria-invalid=\"false\" value=\"\" type=\"tel\" name=\"telefono\" \/><\/span>\n\t<\/p>\n<\/div>\n<div class=\"clearboth\">\n<\/div>\n<div class=\"col-xs-12 col-md-6\">\n\t<p><span class='titoli'>Objet <\/span>\n\t<\/p>\n\t<p><span class=\"wpcf7-form-control-wrap\" data-name=\"oggetto\"><select class=\"wpcf7-form-control wpcf7-select wpcf7-validates-as-required\" aria-required=\"true\" aria-invalid=\"false\" name=\"oggetto\"><option value=\"Citation\">Citation<\/option><option value=\"Information technique\">Information technique<\/option><option value=\"Rendez-vous\">Rendez-vous<\/option><\/select><\/span>\n\t<\/p>\n<\/div>\n<div class=\"col-xs-12 col-md-6\">\n\t<p><br \/>\n<span class=\"titoli\"> <span class=\"wpcf7-form-control-wrap\" data-name=\"cliente\"><span class=\"wpcf7-form-control wpcf7-checkbox\"><span class=\"wpcf7-list-item first last\"><label><span class=\"wpcf7-list-item-label\">Je suis d\u00e9j\u00e0 client<\/span><input type=\"checkbox\" name=\"cliente[]\" value=\"Je suis d\u00e9j\u00e0 client\" \/><\/label><\/span><\/span><\/span><\/span>\n\t<\/p>\n<\/div>\n<div class=\"col-xs-12 col-md-12\">\n\t<p><span class='titoli'>Message (*)<\/span>\n\t<\/p>\n\t<p><span class=\"wpcf7-form-control-wrap\" data-name=\"your-message\"><textarea cols=\"40\" rows=\"10\" class=\"wpcf7-form-control wpcf7-textarea wpcf7-validates-as-required form-control\" aria-required=\"true\" aria-invalid=\"false\" name=\"your-message\"><\/textarea><\/span>\n\t<\/p>\n<\/div>\n<div class=\"col-xs-12 col-md-12\">\n\t<p><small>Les donn\u00e9es saisies seront trait\u00e9es de mani\u00e8re strictement confidentielle conform\u00e9ment \u00e0 la loi et \u00e0 notre <a href=\"https:\/\/www.storevan.com\/fr\/privacy-policy\/\">politique de confidentialit\u00e9<\/a>.<\/small>\n\t<\/p>\n\t<p><span class=\"wpcf7-form-control-wrap\" data-name=\"AccettazionePrivacy\"><span class=\"wpcf7-form-control wpcf7-acceptance\"><span class=\"wpcf7-list-item\"><input type=\"checkbox\" name=\"AccettazionePrivacy\" value=\"1\" aria-invalid=\"false\" \/><\/span><\/span><\/span> Je d\u00e9clare avoir pris connaissance de la Note Informative sur les <a href=\"https:\/\/www.storevan.com\/fr\/privacy-policy\/\">Note Informative sur les Informations priv\u00e9es<\/a> et j\u2019autorise au traitement de mes donn\u00e9es personnelles en conformit\u00e9 avec ce qui y est \u00e9crit. (*)<br \/>\n\t<span class=\"wpcf7-form-control-wrap recaptcha\" data-name=\"recaptcha\"><span data-sitekey=\"6LdfM4AUAAAAAJjsAucux5WVNA3hsk5KP0a03T_n\" class=\"wpcf7-form-control g-recaptcha wpcf7-recaptcha\"><\/span>\r\n<noscript>\r\n\t<div class=\"grecaptcha-noscript\">\r\n\t\t<iframe src=\"https:\/\/www.google.com\/recaptcha\/api\/fallback?k=6LdfM4AUAAAAAJjsAucux5WVNA3hsk5KP0a03T_n\" frameborder=\"0\" scrolling=\"no\" width=\"310\" height=\"430\">\r\n\t\t<\/iframe>\r\n\t\t<textarea name=\"g-recaptcha-response\" rows=\"3\" cols=\"40\" placeholder=\"reCaptcha Response Here\">\r\n\t\t<\/textarea>\r\n\t<\/div>\r\n<\/noscript>\r\n<\/span>\n\t<\/p>\n<\/div>\n<hr class=\"noColor\" \/>\n<p><input class=\"wpcf7-form-control has-spinner wpcf7-submit\" type=\"submit\" value=\"Envoi\" \/>\n<\/p><div class=\"wpcf7-response-output\" aria-hidden=\"true\"><\/div>\n<\/form>\n<\/div>\n\n","protected":false},"excerpt":{"rendered":"<p>Plancher \u00e0 deux niveaux et bloc-tiroirs sous le plancher pour fourgons Am\u00e9nagement pour fourgons Floor Up, la solution qui comprend un plancher \u00e0 deux niveaux modulable, des tiroirs sous le.<\/p>\n","protected":false},"author":470,"featured_media":142717,"parent":25668,"menu_order":0,"comment_status":"closed","ping_status":"closed","template":"","meta":[],"acf":[],"yoast_head":"<!-- This site is optimized with the Yoast SEO plugin v20.11 - https:\/\/yoast.com\/wordpress\/plugins\/seo\/ -->\n<title>Plancher \u00e0 deux niveaux<\/title>\n<meta name=\"description\" content=\"Plancher \u00e0 deux niveaux modulable avec blocs-tiroirs sous le plancher et rayonnages modulaires. D\u00e9couvrez l&#039;am\u00e9nagement pour fourgons StoreVan!\" \/>\n<meta name=\"robots\" content=\"index, follow, max-snippet:-1, max-image-preview:large, max-video-preview:-1\" \/>\n<link rel=\"canonical\" href=\"https:\/\/www.storevan.com\/fr\/produits\/plancher-deux-niveaux\/\" \/>\n<meta property=\"og:locale\" content=\"fr_FR\" \/>\n<meta property=\"og:type\" content=\"article\" \/>\n<meta property=\"og:title\" content=\"Plancher \u00e0 deux niveaux\" \/>\n<meta property=\"og:description\" content=\"Plancher \u00e0 deux niveaux modulable avec blocs-tiroirs sous le plancher et rayonnages modulaires. D\u00e9couvrez l&#039;am\u00e9nagement pour fourgons StoreVan!\" \/>\n<meta property=\"og:url\" content=\"https:\/\/www.storevan.com\/fr\/produits\/plancher-deux-niveaux\/\" \/>\n<meta property=\"og:site_name\" content=\"Store Van\" \/>\n<meta property=\"article:modified_time\" content=\"2025-03-28T10:56:12+00:00\" \/>\n<meta property=\"og:image\" content=\"https:\/\/www.storevan.com\/wp-content\/uploads\/2022\/03\/cassettiere-sottopianale-floor-up-1.jpg\" \/>\n\t<meta property=\"og:image:width\" content=\"800\" \/>\n\t<meta property=\"og:image:height\" content=\"420\" \/>\n\t<meta property=\"og:image:type\" content=\"image\/jpeg\" \/>\n<meta name=\"twitter:label1\" content=\"Dur\u00e9e de lecture estim\u00e9e\" \/>\n\t<meta name=\"twitter:data1\" content=\"7 minutes\" \/>\n<script type=\"application\/ld+json\" class=\"yoast-schema-graph\">{\"@context\":\"https:\/\/schema.org\",\"@graph\":[{\"@type\":\"WebPage\",\"@id\":\"https:\/\/www.storevan.com\/fr\/produits\/plancher-deux-niveaux\/\",\"url\":\"https:\/\/www.storevan.com\/fr\/produits\/plancher-deux-niveaux\/\",\"name\":\"Plancher \u00e0 deux niveaux\",\"isPartOf\":{\"@id\":\"https:\/\/www.storevan.com\/pl\/#website\"},\"datePublished\":\"2015-12-02T14:25:16+00:00\",\"dateModified\":\"2025-03-28T10:56:12+00:00\",\"description\":\"Plancher \u00e0 deux niveaux modulable avec blocs-tiroirs sous le plancher et rayonnages modulaires. D\u00e9couvrez l'am\u00e9nagement pour fourgons StoreVan!\",\"breadcrumb\":{\"@id\":\"https:\/\/www.storevan.com\/fr\/produits\/plancher-deux-niveaux\/#breadcrumb\"},\"inLanguage\":\"fr-FR\",\"potentialAction\":[{\"@type\":\"ReadAction\",\"target\":[\"https:\/\/www.storevan.com\/fr\/produits\/plancher-deux-niveaux\/\"]}]},{\"@type\":\"BreadcrumbList\",\"@id\":\"https:\/\/www.storevan.com\/fr\/produits\/plancher-deux-niveaux\/#breadcrumb\",\"itemListElement\":[{\"@type\":\"ListItem\",\"position\":1,\"name\":\"Home\",\"item\":\"https:\/\/www.storevan.com\/fr\/\"},{\"@type\":\"ListItem\",\"position\":2,\"name\":\"Produits\",\"item\":\"https:\/\/www.storevan.com\/fr\/produits\/\"},{\"@type\":\"ListItem\",\"position\":3,\"name\":\"Plancher \u00e0 deux niveaux\"}]},{\"@type\":\"WebSite\",\"@id\":\"https:\/\/www.storevan.com\/pl\/#website\",\"url\":\"https:\/\/www.storevan.com\/pl\/\",\"name\":\"Store Van\",\"description\":\"Am\u00e9nagements fourgons\",\"potentialAction\":[{\"@type\":\"SearchAction\",\"target\":{\"@type\":\"EntryPoint\",\"urlTemplate\":\"https:\/\/www.storevan.com\/pl\/?s={search_term_string}\"},\"query-input\":\"required name=search_term_string\"}],\"inLanguage\":\"fr-FR\"}]}<\/script>\n<!-- \/ Yoast SEO plugin. -->","yoast_head_json":{"title":"Plancher \u00e0 deux niveaux","description":"Plancher \u00e0 deux niveaux modulable avec blocs-tiroirs sous le plancher et rayonnages modulaires. D\u00e9couvrez l'am\u00e9nagement pour fourgons StoreVan!","robots":{"index":"index","follow":"follow","max-snippet":"max-snippet:-1","max-image-preview":"max-image-preview:large","max-video-preview":"max-video-preview:-1"},"canonical":"https:\/\/www.storevan.com\/fr\/produits\/plancher-deux-niveaux\/","og_locale":"fr_FR","og_type":"article","og_title":"Plancher \u00e0 deux niveaux","og_description":"Plancher \u00e0 deux niveaux modulable avec blocs-tiroirs sous le plancher et rayonnages modulaires. D\u00e9couvrez l'am\u00e9nagement pour fourgons StoreVan!","og_url":"https:\/\/www.storevan.com\/fr\/produits\/plancher-deux-niveaux\/","og_site_name":"Store Van","article_modified_time":"2025-03-28T10:56:12+00:00","og_image":[{"width":800,"height":420,"url":"https:\/\/www.storevan.com\/wp-content\/uploads\/2022\/03\/cassettiere-sottopianale-floor-up-1.jpg","type":"image\/jpeg"}],"twitter_misc":{"Dur\u00e9e de lecture estim\u00e9e":"7 minutes"},"schema":{"@context":"https:\/\/schema.org","@graph":[{"@type":"WebPage","@id":"https:\/\/www.storevan.com\/fr\/produits\/plancher-deux-niveaux\/","url":"https:\/\/www.storevan.com\/fr\/produits\/plancher-deux-niveaux\/","name":"Plancher \u00e0 deux niveaux","isPartOf":{"@id":"https:\/\/www.storevan.com\/pl\/#website"},"datePublished":"2015-12-02T14:25:16+00:00","dateModified":"2025-03-28T10:56:12+00:00","description":"Plancher \u00e0 deux niveaux modulable avec blocs-tiroirs sous le plancher et rayonnages modulaires. D\u00e9couvrez l'am\u00e9nagement pour fourgons StoreVan!","breadcrumb":{"@id":"https:\/\/www.storevan.com\/fr\/produits\/plancher-deux-niveaux\/#breadcrumb"},"inLanguage":"fr-FR","potentialAction":[{"@type":"ReadAction","target":["https:\/\/www.storevan.com\/fr\/produits\/plancher-deux-niveaux\/"]}]},{"@type":"BreadcrumbList","@id":"https:\/\/www.storevan.com\/fr\/produits\/plancher-deux-niveaux\/#breadcrumb","itemListElement":[{"@type":"ListItem","position":1,"name":"Home","item":"https:\/\/www.storevan.com\/fr\/"},{"@type":"ListItem","position":2,"name":"Produits","item":"https:\/\/www.storevan.com\/fr\/produits\/"},{"@type":"ListItem","position":3,"name":"Plancher \u00e0 deux niveaux"}]},{"@type":"WebSite","@id":"https:\/\/www.storevan.com\/pl\/#website","url":"https:\/\/www.storevan.com\/pl\/","name":"Store Van","description":"Am\u00e9nagements fourgons","potentialAction":[{"@type":"SearchAction","target":{"@type":"EntryPoint","urlTemplate":"https:\/\/www.storevan.com\/pl\/?s={search_term_string}"},"query-input":"required name=search_term_string"}],"inLanguage":"fr-FR"}]}},"_links":{"self":[{"href":"https:\/\/www.storevan.com\/fr\/wp-json\/wp\/v2\/pages\/25688"}],"collection":[{"href":"https:\/\/www.storevan.com\/fr\/wp-json\/wp\/v2\/pages"}],"about":[{"href":"https:\/\/www.storevan.com\/fr\/wp-json\/wp\/v2\/types\/page"}],"author":[{"embeddable":true,"href":"https:\/\/www.storevan.com\/fr\/wp-json\/wp\/v2\/users\/470"}],"replies":[{"embeddable":true,"href":"https:\/\/www.storevan.com\/fr\/wp-json\/wp\/v2\/comments?post=25688"}],"version-history":[{"count":23,"href":"https:\/\/www.storevan.com\/fr\/wp-json\/wp\/v2\/pages\/25688\/revisions"}],"predecessor-version":[{"id":159045,"href":"https:\/\/www.storevan.com\/fr\/wp-json\/wp\/v2\/pages\/25688\/revisions\/159045"}],"up":[{"embeddable":true,"href":"https:\/\/www.storevan.com\/fr\/wp-json\/wp\/v2\/pages\/25668"}],"wp:featuredmedia":[{"embeddable":true,"href":"https:\/\/www.storevan.com\/fr\/wp-json\/wp\/v2\/media\/142717"}],"wp:attachment":[{"href":"https:\/\/www.storevan.com\/fr\/wp-json\/wp\/v2\/media?parent=25688"}],"curies":[{"name":"wp","href":"https:\/\/api.w.org\/{rel}","templated":true}]}}