{"id":25684,"date":"2015-12-02T13:59:29","date_gmt":"2015-12-02T12:59:29","guid":{"rendered":"https:\/\/www.storevan.com\/fr\/products\/storage-modules-for-vans\/"},"modified":"2026-05-04T07:20:56","modified_gmt":"2026-05-04T07:20:56","slug":"modules-amenagement-fourgons","status":"publish","type":"page","link":"https:\/\/www.storevan.com\/fr\/produits\/modules-amenagement-fourgons\/","title":{"rendered":"Modules &#8211; Am\u00e9nagement fourgons"},"content":{"rendered":"<h1 class=\"customblackTitleSmall\">Modules &#8211; Am\u00e9nagement fourgons<\/h1>\n<p><img decoding=\"async\" loading=\"lazy\" class=\"aligncenter wp-image-6503 size-full\" src=\"https:\/\/www.storevan.com\/wp-content\/uploads\/2016\/03\/MODULI.jpg\" alt=\"Modules - Am\u00e9nagement fourgons\" width=\"1170\" height=\"250\" \/><\/p>\n<p>Les am\u00e9nagements modulaires pour fourgons et v\u00e9hicules utilitaires Store Van \u2013 que nous sommes fiers de d\u00e9clarer <em>made in Italy <\/em>\u2013 \u00a0permettent d\u2019<strong>utiliser au mieux l\u2019espace de chargement<\/strong>. Gr\u00e2ce \u00e0 l\u2019exp\u00e9rience acquise en am\u00e9nageant l\u2019espace de chargement de milliers de fourgons chaque ann\u00e9e, le bureau d\u2019\u00e9tudes de Store Van trouve toujours, en collaboration avec le client, la solution personnalis\u00e9e d\u2019<strong>atelier mobile,<\/strong>\u00a0dont il soigne chaque aspect, dans les moindres d\u00e9tails.<\/p>\n<p><strong>Store Van<\/strong>\u00a0est\u00a0le <strong>seul producteur au monde<\/strong>\u00a0\u00e0 utiliser de la t\u00f4le <strong>recuite par galvanisation<\/strong> puis <strong>peinte par cataphor\u00e8se<\/strong>, un traitement qui limite l\u2019oxydation de l\u2019acier et la formation de rouille. \u00a0Les tiroirs\u00a0pour l\u2019<strong>am\u00e9nagement des v\u00e9hicules utilitaires Store Van<\/strong>\u00a0ont des poign\u00e9es\u00a0ergonomiques en plastique qui peuvent \u00eatre dot\u00e9es, sur demande, d\u2019une serrure \u00e0 cl\u00e9. \u00a0La structure est construite en acier,\u00a0peinte par immersion en \u00e9lectrophor\u00e8se, et\u00a0il est possible de r\u00e9gler la hauteur des divers composants avec un pas de 25 mm. Les modules sont \u00e9quip\u00e9s d\u2019\u00e9l\u00e9ments absorbants acoustiques de s\u00e9curit\u00e9 entre les diff\u00e9rents composants en m\u00e9tal. Store Van utilise un syst\u00e8me innovant d\u2019arrimage des modules \u00e0 la carrosserie constitu\u00e9 de barres en aluminium.\u00a0Contactez-nous pour obtenir un devis sans engagement.<\/p>\n<div class=\"txtGrey bigTxt\"><a href=\"https:\/\/www.storevan.com\/en\/products\/van-racking-and-shelving\/\">BLOCS-TIROIRS ET RAYONNAGES POUR FOURGONS<\/a><\/div>\n<hr \/>\n<div class=\"col-xs-12 col-sm-12 col-md-6\">\n<div class=\"text-center\"><a class=\"btn btn-download\" href=\"tel:+390424585455\"><i class=\"fa fa-phone\"><\/i> <span class=\"spanBtn\">APPELEZ-NOUS<\/span><br \/>\npour toute information<\/a><\/div>\n<\/div>\n<div class=\"col-xs-12 col-sm-12 col-md-6\">\n<div class=\"text-center\"><a class=\"btn btn-download\" href=\"#formconttatto\"><i class=\"fa fa-envelope\"><\/i> <span class=\"spanBtn\">\u00c9CRIVEZ-NOUS<\/span><br \/>\nvous serez contact\u00e9s<\/a><\/div>\n<\/div>\n<div class=\"break\"><\/div>\n<hr \/>\n<div class=\"one_half\">\n<a href=\"https:\/\/www.storevan.com\/fr\/produits\/etageres-modulables-pour-vehicules-utilitaires\/\"><img decoding=\"async\" loading=\"lazy\" class=\"aligncenter wp-image-7092 size-full\" src=\"https:\/\/www.storevan.com\/wp-content\/uploads\/2020\/06\/img_ms.jpg\" alt=\"\u00c9tag\u00e8res en acier con\u00e7ues pour le transport d\u2019une large gamme de composants\" width=\"555\" height=\"230\" \/><\/a><\/p>\n<div class=\"listProdTxt\">\n<h3><a href=\"https:\/\/www.storevan.com\/fr\/produits\/etageres-modulables-pour-vehicules-utilitaires\/\">MULTIFRAME<\/a><\/h3>\n<div class=\"borderTitleOrange dispo\"><\/div>\n<p>\u00c9tag\u00e8res en acier con\u00e7ues pour le transport d\u2019une large gamme de composants. Disponibles pour les modules suivants:<\/p>\n<p><strong>Largeur:<\/strong>\u00a0205 \/ 295 \/ 504 \/ 713 \/ 1012 \/ 1221 \/ 1520 \/ 1729 \/ 1938 \/ 2028\u00a0mm<br \/>\n<strong>Depht:<\/strong> 265 \/ 365 \/ 445 mm<\/p>\n<div class=\"break\"><\/div>\n<\/div>\n<\/div><div class=\"one_half last\">\n<img decoding=\"async\" loading=\"lazy\" class=\"alignnone wp-image-7086 size-full\" src=\"https:\/\/www.storevan.com\/wp-content\/uploads\/2020\/06\/img_fb.jpg\" alt=\"Bout\u00e9 de mallette r\u00e9glable\" width=\"555\" height=\"230\" \/><\/p>\n<div class=\"listProdTxt\">\n<h3>FRAME BLOCK<\/h3>\n<div class=\"borderTitleOrange dispo\">Disponible \u00e0 partir de fin juillet<\/div>\n<p>Bout\u00e9 de mallette r\u00e9glable. Disponibles pour les modules suivants:<\/p>\n<p><strong>Largeur:<\/strong> 508 \/ 717 \/ 1016 \/ 1225 \/ 1524 mm<br \/>\n<strong>Depht:<\/strong> 265 \/ 365 \/ 445 mm<\/p>\n<div class=\"break\"><\/div>\n<\/div>\n<\/div><div class=\"clearboth\"><\/div>\n<div class=\"one_half\">\n<img decoding=\"async\" loading=\"lazy\" class=\"aligncenter wp-image-7092 size-full\" src=\"https:\/\/www.storevan.com\/wp-content\/uploads\/2015\/12\/STORAGE_UP.jpg\" alt=\"Goulottes t\u00e9lescopiques avec porte lat\u00e9rale rabattable\" width=\"555\" height=\"230\" \/><\/p>\n<div class=\"listProdTxt\">\n<h3>STORAGE UP<\/h3>\n<p>Goulottes t\u00e9lescopiques avec porte lat\u00e9rale rabattable. Disponibles pour les modules suivants:<\/p>\n<p><strong>Largeur:<\/strong>\u00a0from 717\u00a0to 4153\u00a0mm<br \/>\n<strong>Depht:<\/strong> 265 \/ 365 mm<br \/>\n<strong>Height:<\/strong> 90 mm\u00a0dal veicolo.<\/p>\n<div class=\"break\"><\/div>\n<\/div>\n<\/div><div class=\"one_half last\">\n<img decoding=\"async\" loading=\"lazy\" class=\"alignnone wp-image-7086 size-full\" src=\"https:\/\/www.storevan.com\/wp-content\/uploads\/2015\/12\/STORAGE_TOP.jpg\" alt=\"Bacs sup\u00e9rieurs - AM\u00c9NAGEMENT FOURGONS\" width=\"555\" height=\"230\" \/><\/p>\n<div class=\"listProdTxt\">\n<h3>STORAGE TOP<\/h3>\n<p>Bacs sup\u00e9rieurs avec s\u00e9parateurs en aluminium. Disponibles pour les modules suivants:<\/p>\n<p><strong>Largeur:<\/strong> 299 \/ 508 \/ 717 \/ 1016 \/ 1225 \/ 1524 \/ 1733 \/ 1942 \/ 2032 mm<br \/>\n<strong>Depht:<\/strong> 265 \/ 365 \/ 445 mm<br \/>\n<strong>Height:<\/strong> 75 mm<\/p>\n<div class=\"break\"><\/div>\n<\/div>\n<\/div><div class=\"clearboth\"><\/div>\n<div class=\"one_half\">\n<img decoding=\"async\" loading=\"lazy\" class=\"alignnone wp-image-7088 size-full\" src=\"https:\/\/www.storevan.com\/wp-content\/uploads\/2015\/12\/STORAGE_PLUS.jpg\" alt=\"Bacs avec s\u00e9parateurs en aluminium\" width=\"555\" height=\"230\" \/><\/p>\n<div class=\"listProdTxt\">\n<h3>STORAGE PLUS<\/h3>\n<p>Bacs avec s\u00e9parateurs en aluminium. Disponibles pour les modules suivants:<\/p>\n<p><strong>Largeur:<\/strong> 508 \/ 717 \/ 1016 \/ 1225 \/ 1524 \/ 1733 \/ 1942 \/ 2032 mm<br \/>\n<strong>Profondeur:<\/strong> 265 \/ 365 \/ 445 mm<br \/>\n<strong>Hauteur frontale:<\/strong> 73 mm<br \/>\n<strong>Hauteur \u00e0 l\u2019arri\u00e8re:<\/strong> 146 mm<\/p>\n<div class=\"break\"><\/div>\n<\/div>\n<\/div>\n<div class=\"one_half last\">\n<img decoding=\"async\" loading=\"lazy\" class=\"aligncenter wp-image-6526 size-full\" src=\"https:\/\/www.storevan.com\/wp-content\/uploads\/2016\/03\/MODULI_9.jpg\" alt=\"Tablettes - AM\u00c9NAGEMENT FOURGONS\" width=\"555\" height=\"230\" \/><\/p>\n<div class=\"listProdTxt\">\n<h3>STORAGE WINDOW<\/h3>\n<p>Tablettes. (Disponible avec ou sans <a href=\"https:\/\/www.storevan.com\/fr\/produits\/bacs-rangements-fourgons\/\">caisses bacs<\/a>):<\/p>\n<p><strong>Largeur: <\/strong>508 \/ 717 \/ 1016 \/ 1225 \/ 1524 mm<strong><br \/>\nProfondeur:<\/strong> 265 \/ 365 \/ 445 mm<strong><br \/>\nHauteur:<\/strong> 50 mm<\/p>\n<div class=\"break\"><\/div>\n<\/div>\n<\/div><div class=\"clearboth\"><\/div>\n<div class=\"one_half\">\n<img decoding=\"async\" loading=\"lazy\" class=\"aligncenter wp-image-9054 size-full\" src=\"https:\/\/www.storevan.com\/wp-content\/uploads\/2015\/12\/STORAGE_EASY-2.jpg\" alt=\"STORAGE_EASY - AM\u00c9NAGEMENT FOURGONS\" width=\"555\" height=\"230\" srcset=\"https:\/\/www.storevan.com\/wp-content\/uploads\/2015\/12\/STORAGE_EASY-2.jpg 555w, https:\/\/www.storevan.com\/wp-content\/uploads\/2015\/12\/STORAGE_EASY-2-300x124.jpg 300w\" sizes=\"(max-width: 555px) 100vw, 555px\" \/><\/p>\n<div class=\"listProdTxt\">\n<h3>STORAGE EASY<\/h3>\n<p>Il\u00a0peut \u00eatre positionn\u00e9 dans les deux sens pour servir de tablette de support ou de couvercle. Il rend le module encore plus stable. Disponible pour les modules suivants\u00a0:<br \/>\n<strong><br \/>\nLargeur:<\/strong> 508 \/ 717 \/ 1016 \/ 1225 \/ 1524 mm<br \/>\n<strong>Profondeur:<\/strong> 265 \/ 365 \/ 445 mm<br \/>\n<strong>Hauteur:<\/strong> 50 mm<\/p>\n<div class=\"break\"><\/div>\n<\/div>\n<\/div>\n<div class=\"one_half last\">\n<a href=\"https:\/\/www.storevan.com\/fr\/produits\/bloc-a-tiroirs-pour-vehicules-utilitaires\/\" title=\" Bloc \u00e0 tiroirs pour v\u00e9hicules utilitaires\"><img decoding=\"async\" loading=\"lazy\" class=\"aligncenter wp-image-7081 size-full\" src=\"https:\/\/www.storevan.com\/wp-content\/uploads\/2015\/12\/DRAWER_D5.jpg\" alt=\"Tiroirs 50 Kg\" width=\"555\" height=\"230\" \/><\/a><\/p>\n<div class=\"listProdTxt\">\n<h3>DRAWER S5<\/h3>\n<p>Tiroirs \u00e0 sortie totale avec une capacit\u00e9 de charge de 50 kg et dispositif de blocage en ouverture et en fermeture.<\/p>\n<p><a href=\"https:\/\/www.storevan.com\/fr\/produits\/bloc-a-tiroirs-pour-vehicules-utilitaires\/\" title=\" Bloc \u00e0 tiroirs pour v\u00e9hicules utilitaires\">D\u00c9TAILS <i class=\"fa fa-angle-double-right\"><\/i><\/a><\/p>\n<div class=\"break\"><\/div>\n<\/div>\n<\/div><div class=\"clearboth\"><\/div><div class=\"one_half\">\n<a href=\"https:\/\/www.storevan.com\/fr\/produits\/bloc-a-tiroirs-pour-vehicules-utilitaires\/\" title=\" Bloc \u00e0 tiroirs pour v\u00e9hicules utilitaires\"><img decoding=\"async\" loading=\"lazy\" class=\"aligncenter wp-image-7083 size-full\" src=\"https:\/\/www.storevan.com\/wp-content\/uploads\/2015\/12\/DRAWER_D4.jpg\" alt=\"Tiroirs 40 Kg\" width=\"555\" height=\"230\" \/><\/a><\/p>\n<div class=\"listProdTxt\">\n<h3>DRAWER S4<\/h3>\n<p>Tiroirs \u00e0 sortie totale avec une capacit\u00e9 de charge de 40 kg et dispositif de blocage en fermeture. Disponible pour: Rayonnage pour fourgon SIDE FRAME avec ouverture des tiroirs vers les portes du milieu.<\/p>\n<p><a href=\"https:\/\/www.storevan.com\/fr\/produits\/bloc-a-tiroirs-pour-vehicules-utilitaires\/\" title=\" Bloc \u00e0 tiroirs pour v\u00e9hicules utilitaires\">D\u00c9TAILS <i class=\"fa fa-angle-double-right\"><\/i><\/a><\/p>\n<div class=\"break\"><\/div>\n<\/div>\n<\/div>\n<div class=\"one_half last\">\n<img decoding=\"async\" loading=\"lazy\" class=\"aligncenter wp-image-7366 size-full\" src=\"https:\/\/www.storevan.com\/wp-content\/uploads\/2015\/12\/CASE_PLUS.jpg\" alt=\"Tablettes extractibles\" width=\"555\" height=\"230\" \/><\/p>\n<div class=\"listProdTxt\">\n<h3>CASE PLUS<\/h3>\n<p>Tablettes extractibles.<\/p>\n<p><strong>Largeur:<\/strong>\u00a0508mm<br \/>\n<strong>Profondeur:<\/strong>\u00a0365 \/ 445\u00a0mm<br \/>\n<strong>Hauteur:<\/strong> 18 mm<\/p>\n<div class=\"break\"><\/div>\n<\/div>\n<\/div><div class=\"clearboth\"><\/div><div class=\"one_half\">\n<img decoding=\"async\" loading=\"lazy\" class=\"aligncenter wp-image-7364 size-full\" src=\"https:\/\/www.storevan.com\/wp-content\/uploads\/2015\/12\/CASE_EASY.jpg\" alt=\"Porte-mallettes\" width=\"555\" height=\"230\" \/><\/p>\n<div class=\"listProdTxt\">\n<h3>CASE\u00a0EASY<\/h3>\n<p>Porte-mallettes fixes pour une ou deux mallettes. Disponibles pour les modules suivants:<\/p>\n<p><strong>Largeur:<\/strong> 508 mm<br \/>\n<strong>Profondeur:<\/strong> 365 mm<\/p>\n<div class=\"break\"><\/div>\n<\/div>\n<\/div>\n<div class=\"one_half last\">\n<img decoding=\"async\" loading=\"lazy\" class=\"aligncenter wp-image-6532 size-full\" src=\"https:\/\/www.storevan.com\/wp-content\/uploads\/2016\/03\/MODULI_12.jpg\" alt=\"Portes sectionnelles - Am\u00e9nagement fourgons\" width=\"555\" height=\"230\" \/><\/p>\n<div class=\"listProdTxt\">\n<h3>DOOR TOP<\/h3>\n<p>Portes basculantes avec ouverture assist\u00e9e.<br \/>\nDisponibles pour les modules suivants:<\/p>\n<p><strong>Largeur:<\/strong> 508 \/ 717 \/ 1016 \/ 1225 \/ 1524 mm<br \/>\n<strong>Hauteur:<\/strong> 350 \/ 400 mm<\/p>\n<div class=\"break\"><\/div>\n<\/div>\n<\/div><div class=\"clearboth\"><\/div>\n<div class=\"one_half\">\n<img decoding=\"async\" loading=\"lazy\" class=\"aligncenter size-full wp-image-54589\" src=\"https:\/\/www.storevan.com\/wp-content\/uploads\/2015\/12\/Portello-scaffalature-furgoni-DOOR-PLUS.jpg\" alt=\"Portes levantes Am\u00e9nagements fourgons\" width=\"555\" height=\"230\" srcset=\"https:\/\/www.storevan.com\/wp-content\/uploads\/2015\/12\/Portello-scaffalature-furgoni-DOOR-PLUS.jpg 555w, https:\/\/www.storevan.com\/wp-content\/uploads\/2015\/12\/Portello-scaffalature-furgoni-DOOR-PLUS-300x124.jpg 300w\" sizes=\"(max-width: 555px) 100vw, 555px\" \/><\/p>\n<div class=\"listProdTxt\">\n<h3>DOOR PLUS<\/h3>\n<p>Portes rabattables en aluminium.<\/p>\n<p><strong>Largeur:<\/strong> 508 \/ 717 \/ 1016 \/ 1225 \/ 1524 \/ 1733 \/ 1942 \/2032 mm<br \/>\n<strong>Hauteur:<\/strong> 200 mm<\/p>\n<div class=\"break\"><\/div>\n<\/div>\n<\/div>\n<div class=\"one_half last\">\n<img decoding=\"async\" loading=\"lazy\" class=\"aligncenter size-full wp-image-55386\" src=\"https:\/\/www.storevan.com\/wp-content\/uploads\/2015\/12\/DOOR-SMALL.jpg\" alt=\"DOOR SMALL module\" width=\"555\" height=\"230\" srcset=\"https:\/\/www.storevan.com\/wp-content\/uploads\/2015\/12\/DOOR-SMALL.jpg 555w, https:\/\/www.storevan.com\/wp-content\/uploads\/2015\/12\/DOOR-SMALL-300x124.jpg 300w\" sizes=\"(max-width: 555px) 100vw, 555px\" \/><\/p>\n<div class=\"listProdTxt\">\n<h3>DOOR SMALL<\/h3>\n<p>Portes rabattables en aluminium.<\/p>\n<p><strong>Largeur:<\/strong> 508 \/ 717 \/ 1016 \/ 1225 \/ 1524 \/ 1733 \/ 1942 \/2032 mm<br \/>\n<strong>Hauteur:<\/strong>\u00a0100\u00a0mm<\/p>\n<div class=\"break\"><\/div>\n<\/div>\n<\/div><div class=\"clearboth\"><\/div>\n<div class=\"one_half\">\n<img decoding=\"async\" loading=\"lazy\" class=\"aligncenter wp-image-7097 size-full\" src=\"https:\/\/www.storevan.com\/wp-content\/uploads\/2015\/12\/ROLL_PLUS.jpg\" alt=\"ROLL PLUS - Modules\" width=\"555\" height=\"230\" \/><\/p>\n<div class=\"listProdTxt\">\n<h3>ROLL PLUS<\/h3>\n<p>Compartiment avec fermeture roulante. Disponibles pour les modules suivants:<\/p>\n<p><strong>Largeur:<\/strong> 508 \/ 717 \/ 1016 \/ 1225 mm<br \/>\n<strong>Hauteur:<\/strong> 450 \/ 650 \/ 825 mm<\/p>\n<div class=\"break\"><\/div>\n<\/div>\n<\/div>\n<div class=\"one_half last\">\n<img decoding=\"async\" loading=\"lazy\" class=\"aligncenter wp-image-7426 size-full\" src=\"https:\/\/www.storevan.com\/wp-content\/uploads\/2015\/12\/FRAME_TOP_1.jpg\" alt=\"FRAME TOP\" width=\"555\" height=\"230\" \/><\/p>\n<div class=\"listProdTxt\">\n<h3>FRAME TOP<\/h3>\n<p>\u00c9l\u00e9ment de s\u00e9paration qui peut aussi s\u2019utiliser pour renforcer encore la stabilit\u00e9 du rayonnage. Disponibles pour les modules suivants:<\/p>\n<p><strong>Largeur:<\/strong> 423 \/ 508 \/ 580 \/ 717 \/ 1016 \/ 1225 \/ 1524 mm<br \/>\n<strong>Hauteur:<\/strong>\u00a024\u00a0mm<\/p>\n<div class=\"break\"><\/div>\n<\/div>\n<\/div><div class=\"clearboth\"><\/div>\n<div class=\"one_half\">\n<img decoding=\"async\" loading=\"lazy\" class=\"aligncenter wp-image-6536 size-full\" src=\"https:\/\/www.storevan.com\/wp-content\/uploads\/2016\/03\/MODULI_14.jpg\" alt=\"Traverses avec courroie r\u00e9glable\" width=\"555\" height=\"230\" \/><\/p>\n<div class=\"listProdTxt\">\n<h3>FRAME EASY<\/h3>\n<p>Traverse de s\u00e9curit\u00e9 avec syst\u00e8me de blocage des mallettes \u00e0 courroies r\u00e9glables. Avec le syst\u00e8me de blocage des mallettes \u00e0 courroies, elle peut \u00eatre utilis\u00e9e pour l\u2019arrimage du mat\u00e9riel dans l\u2019espace de chargement. Disponibles pour les modules suivants:<\/p>\n<p><strong>Largeur:<\/strong> 508 \/ 717 \/ 1016 \/ 1225 \/ 1524 \/ 1733 \/ 1942 \/ 2032 mm<\/p>\n<div class=\"break\"><\/div>\n<\/div>\n<\/div>\n<div class=\"one_half last\">\n<img decoding=\"async\" loading=\"lazy\" class=\"aligncenter wp-image-6540 size-full\" src=\"https:\/\/www.storevan.com\/wp-content\/uploads\/2016\/03\/MODULI_16.jpg\" alt=\"\u00c9tablis basculants \" width=\"555\" height=\"230\" \/><\/p>\n<div class=\"listProdTxt\">\n<h3>WORK\u00a0TOP<\/h3>\n<p>\u00c9tablis basculants pour \u00e9taux avec appui au sol.\u00a0Possibilit\u00e9 de r\u00e9gler le plan de travail en hauteur.<\/p>\n<p><strong>Largeur des plans:<\/strong> 240 \/ 340 mm<br \/>\n<strong>Profondeur:<\/strong>\u00a0950\u00a0mm<\/p>\n<div class=\"break\"><\/div>\n<\/div>\n<\/div><div class=\"clearboth\"><\/div>\n<div class=\"one_half\">\n<img decoding=\"async\" loading=\"lazy\" class=\"aligncenter wp-image-6538 size-full\" src=\"https:\/\/www.storevan.com\/wp-content\/uploads\/2016\/03\/MODULI_15.jpg\" alt=\"WORK EASY \u00c9tablis extractibles\" width=\"555\" height=\"230\" \/><\/p>\n<div class=\"listProdTxt\">\n<h3>WORK EASY<\/h3>\n<p>\u00c9tablis extractibles pour \u00e9taux en h\u00eatre multiplis de\u00a037 mm d\u2019\u00e9paisseur. Disponibles pour les modules suivants:<\/p>\n<p><strong>Largeur:<\/strong> 717 \/ 1016 \/ 1225 \/ 1524 mm<br \/>\n<strong>Profondeur:<\/strong> 265 \/ 365 \/ 445 mm<\/p>\n<div class=\"break\"><\/div>\n<\/div>\n<\/div>\n<div class=\"one_half last\">\n<img decoding=\"async\" loading=\"lazy\" class=\"aligncenter wp-image-7107 size-full\" src=\"https:\/\/www.storevan.com\/wp-content\/uploads\/2015\/12\/WORK_LOOK.jpg\" alt=\"WORK LOOK Modules\" width=\"555\" height=\"230\" \/><\/p>\n<div class=\"listProdTxt\">\n<h3>WORK LOOK<\/h3>\n<p>Paroi perfor\u00e9e porte-outils et porte-accessoires (ex.\u00a0: bacs transparents pour petites pi\u00e8ces). Disponibles pour les modules suivants:<\/p>\n<p><strong>Largeur:<\/strong> 717 \/ 1016 \/ 1225 mm<br \/>\n<strong>Height:<\/strong> 280 \/ 340 \/ 420 \/ 700 mm<\/p>\n<div class=\"break\"><\/div>\n<\/div>\n<\/div><div class=\"clearboth\"><\/div>\n<div class=\"one_half\">\n<img decoding=\"async\" loading=\"lazy\" class=\"aligncenter wp-image-6510 size-full\" src=\"https:\/\/www.storevan.com\/wp-content\/uploads\/2016\/03\/MODULI_1.jpg\" alt=\"WORK WOOD - Plateau de travail\" width=\"555\" height=\"230\" \/><\/p>\n<div class=\"listProdTxt\">\n<h3>WORK WOOD<\/h3>\n<p>Plateau de travail en h\u00eatre multiplis de 25 mm d\u2019\u00e9paisseur. Disponible avec dessus en acier rev\u00eatu de caoutchouc. Disponibles pour les modules suivants:<br \/>\n<strong><br \/>\nLargeur:<\/strong> 508 \/ 717 \/ 1016 \/ 1225 \/ 1524 mm<br \/>\n<strong>Profondeur:<\/strong> 365 \/ 445 mm<\/p>\n<div class=\"break\"><\/div>\n<\/div>\n<\/div>\n<div class=\"one_half last\">\n<img decoding=\"async\" loading=\"lazy\" class=\"aligncenter wp-image-7109 size-full\" src=\"https:\/\/www.storevan.com\/wp-content\/uploads\/2015\/12\/PRACTIBOX.jpg\" alt=\"Visual Box caisses bacs\" width=\"555\" height=\"230\" \/><\/p>\n<div class=\"listProdTxt\">\n<h3>VISUAL BOX<\/h3>\n<p>Blocs-tiroirs Visual Box en plastique transparent avec ouverture frontale et arr\u00eat de fermeture.<\/p>\n<div class=\"break\"><\/div>\n<\/div>\n<\/div><div class=\"clearboth\"><\/div>\n<div class=\"one_half\">\n<img decoding=\"async\" loading=\"lazy\" class=\"aligncenter wp-image-7374 size-full\" src=\"https:\/\/www.storevan.com\/wp-content\/uploads\/2015\/12\/PROTECTION_TOP.jpg\" alt=\"Protection arri\u00e8re - Modules\" width=\"555\" height=\"230\" \/><\/p>\n<div class=\"listProdTxt\">\n<h3>PROTECTION TOP<\/h3>\n<p>Protection arri\u00e8re.\u00a0Disponibles pour les modules suivants:<\/p>\n<p><strong>Largeur:<\/strong> 508 \/ 717 \/ 1016 \/ 1225 \/ 1524 mm<br \/>\n<strong>Hauteur :<\/strong> 100 \/ 125 \/ 300 mm<\/p>\n<div class=\"break\"><\/div>\n<\/div>\n<\/div>\n<div class=\"one_half last\">\n<img decoding=\"async\" loading=\"lazy\" class=\"aligncenter wp-image-7424 size-full\" src=\"https:\/\/www.storevan.com\/wp-content\/uploads\/2015\/12\/ATHENA_EASY.jpg\" alt=\"EURO BOX EASY\" width=\"555\" height=\"230\" \/><\/p>\n<div class=\"listProdTxt\">\n<h3>EURO BOX EASY<\/h3>\n<p>Porte-<a href=\"https:\/\/www.famispa.com\/fr\/produit\/bacs-fermes-euro\/\" title=\"Bacs ferm\u00e9s Euro Box Classic\">caisses en plastique Euro Box<\/a>.\u00a0Disponibles pour les modules suivants:<\/p>\n<p><strong>Largeur:<\/strong>\u00a0508\u00a0mm<br \/>\n<strong>Profondeur:<\/strong>\u00a0365\u00a0mm<\/p>\n<div class=\"break\"><\/div>\n<\/div>\n<\/div><div class=\"clearboth\"><\/div>\n<div class=\"one_half last\">\n<img decoding=\"async\" loading=\"lazy\" class=\"aligncenter wp-image-7101 size-full\" src=\"https:\/\/www.storevan.com\/wp-content\/uploads\/2015\/12\/SIDE_FRAME.jpg\" alt=\"SIDE FRAME\" width=\"555\" height=\"230\" \/><\/p>\n<div class=\"listProdTxt\">\n<h3>SIDE FRAME<\/h3>\n<p><a name=\"formconttatto\"><\/a><\/p>\n<p>Les <a href=\"https:\/\/www.storevan.com\/en\/products\/van-racking-and-shelving\/\">rayonnages pour fourgons<\/a> de Store Van r\u00e9volutionnent l\u2019espace des v\u00e9hicules utilitaires avec la conception de modules dont les tiroirs s\u2019ouvrent en direction des portes du v\u00e9hicule : il est ainsi possible d\u2019acc\u00e9der directement \u00e0 l\u2019outillage rang\u00e9 \u00e0 l\u2019int\u00e9rieur des tiroirs depuis l\u2019ext\u00e9rieur du v\u00e9hicule, et d\u2019\u00e9viter ainsi la perte de temps li\u00e9e aux mont\u00e9es et descentes du fourgon.<\/p>\n<div class=\"break\"><\/div>\n<\/div>\n<\/div><div class=\"clearboth\"><\/div>\n<hr \/>\n<h4 class=\"bigTxt text-center txtBkOrange\">VOULEZ-VOUS EN SAVOIR PLUS?<\/h4>\n\n<div class=\"wpcf7 no-js\" id=\"wpcf7-f67673-o1\" lang=\"it-IT\" dir=\"ltr\">\n<div class=\"screen-reader-response\"><p role=\"status\" aria-live=\"polite\" aria-atomic=\"true\"><\/p> <ul><\/ul><\/div>\n<form action=\"\/fr\/wp-json\/wp\/v2\/pages\/25684#wpcf7-f67673-o1\" method=\"post\" class=\"wpcf7-form init\" aria-label=\"Modulo di contatto\" novalidate=\"novalidate\" data-status=\"init\">\n<div style=\"display: none;\">\n<input type=\"hidden\" name=\"_wpcf7\" value=\"67673\" \/>\n<input type=\"hidden\" name=\"_wpcf7_version\" value=\"5.7.7\" \/>\n<input type=\"hidden\" name=\"_wpcf7_locale\" value=\"it_IT\" \/>\n<input type=\"hidden\" name=\"_wpcf7_unit_tag\" value=\"wpcf7-f67673-o1\" \/>\n<input type=\"hidden\" name=\"_wpcf7_container_post\" value=\"0\" \/>\n<input type=\"hidden\" name=\"_wpcf7_posted_data_hash\" value=\"\" \/>\n<input type=\"hidden\" name=\"_wpcf7_recaptcha_response\" value=\"\" \/>\n<\/div>\n<span class=\"wpcf7-form-control-wrap url\" data-name=\"url\"><input type=\"hidden\" name=\"url\" size=\"40\" class=\"wpcf7-form-control wpcf7-hidden wpcf7dtx wpcf7dtx-hidden\" aria-invalid=\"false\" value=\"modules-amenagement-fourgons\" autocomplete=\"off\" \/><\/span>\n<p>Pour plus d'informations, remplissez les champs suivants. L'un de nos op\u00e9rateurs vous recontactera dans les plus brefs d\u00e9lais (* champs obligatoires):\n<\/p>\n<div class=\"col-xs-12 col-md-6\">\n\t<p><span class='titoli'>Pr\u00e9nom (*)<\/span>\n\t<\/p>\n\t<p><span class=\"wpcf7-form-control-wrap\" data-name=\"your-name\"><input size=\"40\" class=\"wpcf7-form-control wpcf7-text wpcf7-validates-as-required form-control\" aria-required=\"true\" aria-invalid=\"false\" value=\"\" type=\"text\" name=\"your-name\" \/><\/span>\n\t<\/p>\n<\/div>\n<div class=\"col-xs-12 col-md-6\">\n\t<p><span class='titoli'>Nom (*)<\/span>\n\t<\/p>\n\t<p><span class=\"wpcf7-form-control-wrap\" data-name=\"your-last-name\"><input size=\"40\" class=\"wpcf7-form-control wpcf7-text wpcf7-validates-as-required form-control\" aria-required=\"true\" aria-invalid=\"false\" value=\"\" type=\"text\" name=\"your-last-name\" \/><\/span>\n\t<\/p>\n<\/div>\n<div class=\"col-xs-12 col-md-6\">\n\t<p><span class='titoli'>Entreprise (*)<\/span>\n\t<\/p>\n\t<p><span class=\"wpcf7-form-control-wrap\" data-name=\"your-company\"><input size=\"40\" class=\"wpcf7-form-control wpcf7-text wpcf7-validates-as-required form-control\" aria-required=\"true\" aria-invalid=\"false\" value=\"\" type=\"text\" name=\"your-company\" \/><\/span>\n\t<\/p>\n<\/div>\n<div class=\"col-xs-12 col-md-6\">\n\t<p><span class='titoli'>TVA<\/span>\n\t<\/p>\n\t<p><span class=\"wpcf7-form-control-wrap\" data-name=\"p-iva\"><input size=\"40\" class=\"wpcf7-form-control wpcf7-text form-control\" aria-invalid=\"false\" value=\"\" type=\"text\" name=\"p-iva\" \/><\/span>\n\t<\/p>\n<\/div>\n<div class=\"clearboth\">\n<\/div>\n<div class=\"col-xs-12 col-md-4\">\n\t<p><span class='titoli'>Code Postal (*)<\/span>\n\t<\/p>\n\t<p><span class=\"wpcf7-form-control-wrap\" data-name=\"your-zip-code\"><input size=\"40\" class=\"wpcf7-form-control wpcf7-text wpcf7-validates-as-required form-control\" aria-required=\"true\" aria-invalid=\"false\" value=\"\" type=\"text\" name=\"your-zip-code\" \/><\/span>\n\t<\/p>\n<\/div>\n<div class=\"col-xs-12 col-md-4\">\n\t<p><span class='titoli'>Adresse (*)<\/span>\n\t<\/p>\n\t<p><span class=\"wpcf7-form-control-wrap\" data-name=\"your-address\"><input size=\"40\" class=\"wpcf7-form-control wpcf7-text wpcf7-validates-as-required form-control\" aria-required=\"true\" aria-invalid=\"false\" value=\"\" type=\"text\" name=\"your-address\" \/><\/span>\n\t<\/p>\n<\/div>\n<div class=\"col-xs-12 col-md-4\">\n\t<p><span class='titoli'>Ville (*)<\/span>\n\t<\/p>\n\t<p><span class=\"wpcf7-form-control-wrap\" data-name=\"your-Town\"><input size=\"40\" class=\"wpcf7-form-control wpcf7-text wpcf7-validates-as-required form-control\" aria-required=\"true\" aria-invalid=\"false\" value=\"\" type=\"text\" name=\"your-Town\" \/><\/span>\n\t<\/p>\n<\/div>\n<div class=\"clearboth\">\n<\/div>\n<div class=\"col-xs-12 col-md-6\">\n\t<p><span class='titoli'>email (*)<\/span>\n\t<\/p>\n\t<p><span class=\"wpcf7-form-control-wrap\" data-name=\"your-email\"><input size=\"40\" class=\"wpcf7-form-control wpcf7-text wpcf7-email wpcf7-validates-as-required wpcf7-validates-as-email form-control\" aria-required=\"true\" aria-invalid=\"false\" value=\"\" type=\"email\" name=\"your-email\" \/><\/span>\n\t<\/p>\n<\/div>\n<div class=\"col-xs-12 col-md-6\">\n\t<p><span class='titoli'>T\u00e9l\u00e9phone (*)<\/span>\n\t<\/p>\n\t<p><span class=\"wpcf7-form-control-wrap\" data-name=\"telefono\"><input size=\"40\" class=\"wpcf7-form-control wpcf7-text wpcf7-tel wpcf7-validates-as-required wpcf7-validates-as-tel form-control\" aria-required=\"true\" aria-invalid=\"false\" value=\"\" type=\"tel\" name=\"telefono\" \/><\/span>\n\t<\/p>\n<\/div>\n<div class=\"clearboth\">\n<\/div>\n<div class=\"col-xs-12 col-md-6\">\n\t<p><span class='titoli'>Objet <\/span>\n\t<\/p>\n\t<p><span class=\"wpcf7-form-control-wrap\" data-name=\"oggetto\"><select class=\"wpcf7-form-control wpcf7-select wpcf7-validates-as-required\" aria-required=\"true\" aria-invalid=\"false\" name=\"oggetto\"><option value=\"Citation\">Citation<\/option><option value=\"Information technique\">Information technique<\/option><option value=\"Rendez-vous\">Rendez-vous<\/option><\/select><\/span>\n\t<\/p>\n<\/div>\n<div class=\"col-xs-12 col-md-6\">\n\t<p><br \/>\n<span class=\"titoli\"> <span class=\"wpcf7-form-control-wrap\" data-name=\"cliente\"><span class=\"wpcf7-form-control wpcf7-checkbox\"><span class=\"wpcf7-list-item first last\"><label><span class=\"wpcf7-list-item-label\">Je suis d\u00e9j\u00e0 client<\/span><input type=\"checkbox\" name=\"cliente[]\" value=\"Je suis d\u00e9j\u00e0 client\" \/><\/label><\/span><\/span><\/span><\/span>\n\t<\/p>\n<\/div>\n<div class=\"col-xs-12 col-md-12\">\n\t<p><span class='titoli'>Message (*)<\/span>\n\t<\/p>\n\t<p><span class=\"wpcf7-form-control-wrap\" data-name=\"your-message\"><textarea cols=\"40\" rows=\"10\" class=\"wpcf7-form-control wpcf7-textarea wpcf7-validates-as-required form-control\" aria-required=\"true\" aria-invalid=\"false\" name=\"your-message\"><\/textarea><\/span>\n\t<\/p>\n<\/div>\n<div class=\"col-xs-12 col-md-12\">\n\t<p><small>Les donn\u00e9es saisies seront trait\u00e9es de mani\u00e8re strictement confidentielle conform\u00e9ment \u00e0 la loi et \u00e0 notre <a href=\"https:\/\/www.storevan.com\/fr\/privacy-policy\/\">politique de confidentialit\u00e9<\/a>.<\/small>\n\t<\/p>\n\t<p><span class=\"wpcf7-form-control-wrap\" data-name=\"AccettazionePrivacy\"><span class=\"wpcf7-form-control wpcf7-acceptance\"><span class=\"wpcf7-list-item\"><input type=\"checkbox\" name=\"AccettazionePrivacy\" value=\"1\" aria-invalid=\"false\" \/><\/span><\/span><\/span> Je d\u00e9clare avoir pris connaissance de la Note Informative sur les <a href=\"https:\/\/www.storevan.com\/fr\/privacy-policy\/\">Note Informative sur les Informations priv\u00e9es<\/a> et j\u2019autorise au traitement de mes donn\u00e9es personnelles en conformit\u00e9 avec ce qui y est \u00e9crit. (*)<br \/>\n\t<span class=\"wpcf7-form-control-wrap recaptcha\" data-name=\"recaptcha\"><span data-sitekey=\"6LdfM4AUAAAAAJjsAucux5WVNA3hsk5KP0a03T_n\" class=\"wpcf7-form-control g-recaptcha wpcf7-recaptcha\"><\/span>\r\n<noscript>\r\n\t<div class=\"grecaptcha-noscript\">\r\n\t\t<iframe src=\"https:\/\/www.google.com\/recaptcha\/api\/fallback?k=6LdfM4AUAAAAAJjsAucux5WVNA3hsk5KP0a03T_n\" frameborder=\"0\" scrolling=\"no\" width=\"310\" height=\"430\">\r\n\t\t<\/iframe>\r\n\t\t<textarea name=\"g-recaptcha-response\" rows=\"3\" cols=\"40\" placeholder=\"reCaptcha Response Here\">\r\n\t\t<\/textarea>\r\n\t<\/div>\r\n<\/noscript>\r\n<\/span>\n\t<\/p>\n<\/div>\n<hr class=\"noColor\" \/>\n<p><input class=\"wpcf7-form-control has-spinner wpcf7-submit\" type=\"submit\" value=\"Envoi\" \/>\n<\/p><div class=\"wpcf7-response-output\" aria-hidden=\"true\"><\/div>\n<\/form>\n<\/div>\n\n","protected":false},"excerpt":{"rendered":"<p>Modules &#8211; Am\u00e9nagement fourgons Les am\u00e9nagements modulaires pour fourgons et v\u00e9hicules utilitaires Store Van \u2013 que nous sommes fiers de d\u00e9clarer made in Italy \u2013 \u00a0permettent d\u2019utiliser au mieux l\u2019espace.<\/p>\n","protected":false},"author":470,"featured_media":0,"parent":25668,"menu_order":0,"comment_status":"closed","ping_status":"closed","template":"","meta":[],"acf":[],"yoast_head":"<!-- This site is optimized with the Yoast SEO plugin v20.11 - https:\/\/yoast.com\/wordpress\/plugins\/seo\/ -->\n<title>Modules - Am\u00e9nagement fourgons<\/title>\n<meta name=\"description\" content=\"Les am\u00e9nagements pour fourgons et v\u00e9hicules utilitaires Store Van permettent d\u2019utiliser au mieux l\u2019espace de chargement. Store Van est le seul producteur au monde \u00e0 utiliser de la t\u00f4le recuite par galvanisation puis peinte par cataphor\u00e8se, un traitement qui limite l\u2019oxydation de l\u2019acier et la formation de rouille.\" \/>\n<meta name=\"robots\" content=\"index, follow, max-snippet:-1, max-image-preview:large, max-video-preview:-1\" \/>\n<link rel=\"canonical\" href=\"https:\/\/www.storevan.com\/fr\/produits\/modules-amenagement-fourgons\/\" \/>\n<meta property=\"og:locale\" content=\"fr_FR\" \/>\n<meta property=\"og:type\" content=\"article\" \/>\n<meta property=\"og:title\" content=\"Modules - Am\u00e9nagement fourgons\" \/>\n<meta property=\"og:description\" content=\"Les am\u00e9nagements pour fourgons et v\u00e9hicules utilitaires Store Van permettent d\u2019utiliser au mieux l\u2019espace de chargement. Store Van est le seul producteur au monde \u00e0 utiliser de la t\u00f4le recuite par galvanisation puis peinte par cataphor\u00e8se, un traitement qui limite l\u2019oxydation de l\u2019acier et la formation de rouille.\" \/>\n<meta property=\"og:url\" content=\"https:\/\/www.storevan.com\/fr\/produits\/modules-amenagement-fourgons\/\" \/>\n<meta property=\"og:site_name\" content=\"Store Van\" \/>\n<meta property=\"article:modified_time\" content=\"2026-05-04T07:20:56+00:00\" \/>\n<meta property=\"og:image\" content=\"https:\/\/www.storevan.com\/wp-content\/uploads\/2016\/03\/MODULI.jpg\" \/>\n<meta name=\"twitter:label1\" content=\"Dur\u00e9e de lecture estim\u00e9e\" \/>\n\t<meta name=\"twitter:data1\" content=\"11 minutes\" \/>\n<script type=\"application\/ld+json\" class=\"yoast-schema-graph\">{\"@context\":\"https:\/\/schema.org\",\"@graph\":[{\"@type\":\"WebPage\",\"@id\":\"https:\/\/www.storevan.com\/fr\/produits\/modules-amenagement-fourgons\/\",\"url\":\"https:\/\/www.storevan.com\/fr\/produits\/modules-amenagement-fourgons\/\",\"name\":\"Modules - Am\u00e9nagement fourgons\",\"isPartOf\":{\"@id\":\"https:\/\/www.storevan.com\/pl\/#website\"},\"datePublished\":\"2015-12-02T12:59:29+00:00\",\"dateModified\":\"2026-05-04T07:20:56+00:00\",\"description\":\"Les am\u00e9nagements pour fourgons et v\u00e9hicules utilitaires Store Van permettent d\u2019utiliser au mieux l\u2019espace de chargement. Store Van est le seul producteur au monde \u00e0 utiliser de la t\u00f4le recuite par galvanisation puis peinte par cataphor\u00e8se, un traitement qui limite l\u2019oxydation de l\u2019acier et la formation de rouille.\",\"breadcrumb\":{\"@id\":\"https:\/\/www.storevan.com\/fr\/produits\/modules-amenagement-fourgons\/#breadcrumb\"},\"inLanguage\":\"fr-FR\",\"potentialAction\":[{\"@type\":\"ReadAction\",\"target\":[\"https:\/\/www.storevan.com\/fr\/produits\/modules-amenagement-fourgons\/\"]}]},{\"@type\":\"BreadcrumbList\",\"@id\":\"https:\/\/www.storevan.com\/fr\/produits\/modules-amenagement-fourgons\/#breadcrumb\",\"itemListElement\":[{\"@type\":\"ListItem\",\"position\":1,\"name\":\"Home\",\"item\":\"https:\/\/www.storevan.com\/fr\/\"},{\"@type\":\"ListItem\",\"position\":2,\"name\":\"Produits\",\"item\":\"https:\/\/www.storevan.com\/fr\/produits\/\"},{\"@type\":\"ListItem\",\"position\":3,\"name\":\"Modules &#8211; Am\u00e9nagement fourgons\"}]},{\"@type\":\"WebSite\",\"@id\":\"https:\/\/www.storevan.com\/pl\/#website\",\"url\":\"https:\/\/www.storevan.com\/pl\/\",\"name\":\"Store Van\",\"description\":\"Am\u00e9nagements fourgons\",\"potentialAction\":[{\"@type\":\"SearchAction\",\"target\":{\"@type\":\"EntryPoint\",\"urlTemplate\":\"https:\/\/www.storevan.com\/pl\/?s={search_term_string}\"},\"query-input\":\"required name=search_term_string\"}],\"inLanguage\":\"fr-FR\"}]}<\/script>\n<!-- \/ Yoast SEO plugin. -->","yoast_head_json":{"title":"Modules - Am\u00e9nagement fourgons","description":"Les am\u00e9nagements pour fourgons et v\u00e9hicules utilitaires Store Van permettent d\u2019utiliser au mieux l\u2019espace de chargement. Store Van est le seul producteur au monde \u00e0 utiliser de la t\u00f4le recuite par galvanisation puis peinte par cataphor\u00e8se, un traitement qui limite l\u2019oxydation de l\u2019acier et la formation de rouille.","robots":{"index":"index","follow":"follow","max-snippet":"max-snippet:-1","max-image-preview":"max-image-preview:large","max-video-preview":"max-video-preview:-1"},"canonical":"https:\/\/www.storevan.com\/fr\/produits\/modules-amenagement-fourgons\/","og_locale":"fr_FR","og_type":"article","og_title":"Modules - Am\u00e9nagement fourgons","og_description":"Les am\u00e9nagements pour fourgons et v\u00e9hicules utilitaires Store Van permettent d\u2019utiliser au mieux l\u2019espace de chargement. Store Van est le seul producteur au monde \u00e0 utiliser de la t\u00f4le recuite par galvanisation puis peinte par cataphor\u00e8se, un traitement qui limite l\u2019oxydation de l\u2019acier et la formation de rouille.","og_url":"https:\/\/www.storevan.com\/fr\/produits\/modules-amenagement-fourgons\/","og_site_name":"Store Van","article_modified_time":"2026-05-04T07:20:56+00:00","og_image":[{"url":"https:\/\/www.storevan.com\/wp-content\/uploads\/2016\/03\/MODULI.jpg"}],"twitter_misc":{"Dur\u00e9e de lecture estim\u00e9e":"11 minutes"},"schema":{"@context":"https:\/\/schema.org","@graph":[{"@type":"WebPage","@id":"https:\/\/www.storevan.com\/fr\/produits\/modules-amenagement-fourgons\/","url":"https:\/\/www.storevan.com\/fr\/produits\/modules-amenagement-fourgons\/","name":"Modules - Am\u00e9nagement fourgons","isPartOf":{"@id":"https:\/\/www.storevan.com\/pl\/#website"},"datePublished":"2015-12-02T12:59:29+00:00","dateModified":"2026-05-04T07:20:56+00:00","description":"Les am\u00e9nagements pour fourgons et v\u00e9hicules utilitaires Store Van permettent d\u2019utiliser au mieux l\u2019espace de chargement. Store Van est le seul producteur au monde \u00e0 utiliser de la t\u00f4le recuite par galvanisation puis peinte par cataphor\u00e8se, un traitement qui limite l\u2019oxydation de l\u2019acier et la formation de rouille.","breadcrumb":{"@id":"https:\/\/www.storevan.com\/fr\/produits\/modules-amenagement-fourgons\/#breadcrumb"},"inLanguage":"fr-FR","potentialAction":[{"@type":"ReadAction","target":["https:\/\/www.storevan.com\/fr\/produits\/modules-amenagement-fourgons\/"]}]},{"@type":"BreadcrumbList","@id":"https:\/\/www.storevan.com\/fr\/produits\/modules-amenagement-fourgons\/#breadcrumb","itemListElement":[{"@type":"ListItem","position":1,"name":"Home","item":"https:\/\/www.storevan.com\/fr\/"},{"@type":"ListItem","position":2,"name":"Produits","item":"https:\/\/www.storevan.com\/fr\/produits\/"},{"@type":"ListItem","position":3,"name":"Modules &#8211; Am\u00e9nagement fourgons"}]},{"@type":"WebSite","@id":"https:\/\/www.storevan.com\/pl\/#website","url":"https:\/\/www.storevan.com\/pl\/","name":"Store Van","description":"Am\u00e9nagements fourgons","potentialAction":[{"@type":"SearchAction","target":{"@type":"EntryPoint","urlTemplate":"https:\/\/www.storevan.com\/pl\/?s={search_term_string}"},"query-input":"required name=search_term_string"}],"inLanguage":"fr-FR"}]}},"_links":{"self":[{"href":"https:\/\/www.storevan.com\/fr\/wp-json\/wp\/v2\/pages\/25684"}],"collection":[{"href":"https:\/\/www.storevan.com\/fr\/wp-json\/wp\/v2\/pages"}],"about":[{"href":"https:\/\/www.storevan.com\/fr\/wp-json\/wp\/v2\/types\/page"}],"author":[{"embeddable":true,"href":"https:\/\/www.storevan.com\/fr\/wp-json\/wp\/v2\/users\/470"}],"replies":[{"embeddable":true,"href":"https:\/\/www.storevan.com\/fr\/wp-json\/wp\/v2\/comments?post=25684"}],"version-history":[{"count":21,"href":"https:\/\/www.storevan.com\/fr\/wp-json\/wp\/v2\/pages\/25684\/revisions"}],"predecessor-version":[{"id":165593,"href":"https:\/\/www.storevan.com\/fr\/wp-json\/wp\/v2\/pages\/25684\/revisions\/165593"}],"up":[{"embeddable":true,"href":"https:\/\/www.storevan.com\/fr\/wp-json\/wp\/v2\/pages\/25668"}],"wp:attachment":[{"href":"https:\/\/www.storevan.com\/fr\/wp-json\/wp\/v2\/media?parent=25684"}],"curies":[{"name":"wp","href":"https:\/\/api.w.org\/{rel}","templated":true}]}}