{"id":25665,"date":"2015-12-02T15:23:08","date_gmt":"2015-12-02T14:23:08","guid":{"rendered":"https:\/\/www.storevan.com\/fr\/cargo-van-equipment-accessories\/"},"modified":"2025-04-16T14:13:16","modified_gmt":"2025-04-16T14:13:16","slug":"accessoires","status":"publish","type":"page","link":"https:\/\/www.storevan.com\/fr\/produits\/accessoires\/","title":{"rendered":"Accessoires"},"content":{"rendered":"<h1 class=\"customblackTitleSmall\">Accessoires<\/h1>\n<p><img decoding=\"async\" loading=\"lazy\" class=\"aligncenter size-full wp-image-54950\" src=\"https:\/\/www.storevan.com\/wp-content\/uploads\/2015\/12\/accessori-allestimento-furgoni.jpg\" alt=\"Am\u00e9nagements pour v\u00e9hicules utilitaires Accessoires\" width=\"1170\" height=\"250\" srcset=\"https:\/\/www.storevan.com\/wp-content\/uploads\/2015\/12\/accessori-allestimento-furgoni.jpg 1170w, https:\/\/www.storevan.com\/wp-content\/uploads\/2015\/12\/accessori-allestimento-furgoni-300x64.jpg 300w, https:\/\/www.storevan.com\/wp-content\/uploads\/2015\/12\/accessori-allestimento-furgoni-768x164.jpg 768w, https:\/\/www.storevan.com\/wp-content\/uploads\/2015\/12\/accessori-allestimento-furgoni-1024x219.jpg 1024w, https:\/\/www.storevan.com\/wp-content\/uploads\/2015\/12\/accessori-allestimento-furgoni-600x128.jpg 600w\" sizes=\"(max-width: 1170px) 100vw, 1170px\" \/><\/p>\n<p>Les produits qui portent la marque <strong>Store Van<\/strong> sont le r\u00e9sultat d\u2019une conception attentive et de la connaissance parfaite des exigences de ceux qui travaillent tous les jours avec un v\u00e9hicule utilitaire.\u00a0Store Van offre une gamme <strong>d\u2019accessoires<\/strong> \u00e9tudi\u00e9s pour rendre le travail plus facile et obtenir un gain maximal de temps. De plus <strong>Store Van<\/strong> permet d\u2019avoir tout \u00e0 port\u00e9e de main, en r\u00e9duisant les encombrements, et en pla\u00e7ant le mat\u00e9riel de mani\u00e8re \u00e0 optimiser l\u2019espace et la s\u00e9curit\u00e9.<\/p>\n<div class=\"headingcase free_thirds\">\n<div class=\"one_third\">\n<img decoding=\"async\" loading=\"lazy\" src=\"https:\/\/www.storevan.com\/wp-content\/uploads\/2021\/03\/Cestino-Store-Van.jpg\" alt=\"Poubelle capacit\u00e9 25 LT\" width=\"350\" height=\"250\" class=\"aligncenter size-full wp-image-124869\" srcset=\"https:\/\/www.storevan.com\/wp-content\/uploads\/2021\/03\/Cestino-Store-Van.jpg 350w, https:\/\/www.storevan.com\/wp-content\/uploads\/2021\/03\/Cestino-Store-Van-300x214.jpg 300w\" sizes=\"(max-width: 350px) 100vw, 350px\" \/><\/p>\n<p class=\"txtGrey\">Poubelle capacit\u00e9 25 LT, 362x221x370 MM H<\/p>\n<\/div>\n<div class=\"one_third\">\n<img decoding=\"async\" loading=\"lazy\" class=\"aligncenter size-full\" src=\"https:\/\/www.storevan.com\/wp-content\/themes\/oceanplaza_2.2-child\/img\/totem\/accessori\/dispenser.jpg\" alt=\"Support r\u00e9versible pour distributeur de gel\" width=\"350\" height=\"250\" \/><\/p>\n<p class=\"txtGrey\">Support r\u00e9versible pour distributeur de gel<\/p>\n<\/div>\n<div class=\"one_third last\">\n<img decoding=\"async\" loading=\"lazy\" class=\"aligncenter size-full\" src=\"https:\/\/www.storevan.com\/wp-content\/themes\/oceanplaza_2.2-child\/img\/totem\/accessori\/gloves.jpg\" alt=\"Distributeur gants jetables\" width=\"350\" height=\"250\" \/><\/p>\n<p class=\"txtGrey\">Distributeur gants jetables<\/p>\n<\/div><div class=\"clearboth\"><\/div>\n<div class=\"one_third\">\n<a href=\"https:\/\/www.storevan.com\/fr\/produits\/etabli-pliant\/\"><img decoding=\"async\" loading=\"lazy\" class=\"aligncenter size-full\" src=\"https:\/\/www.storevan.com\/wp-content\/uploads\/2022\/01\/banchi-da-lavoro-pieghevoli-storevan.gif\" alt=\"\u00c9TABLI PLIANT\" width=\"350\" height=\"250\" \/><\/a><\/p>\n<p class=\"txtGrey\"><a href=\"https:\/\/www.storevan.com\/fr\/produits\/etabli-pliant\/\">\u00c9TABLI PLIANT<\/a><\/p>\n<\/div>\n<div class=\"one_third\">\n<img decoding=\"async\" loading=\"lazy\" class=\"aligncenter size-full\" src=\"https:\/\/www.storevan.com\/wp-content\/uploads\/2020\/04\/Portadocumenti-Sedile.jpg\" alt=\"Organisateur porte-documents pour siege\" width=\"350\" height=\"250\" \/><\/p>\n<p class=\"txtGrey\">Organisateur porte-documents pour siege<\/p>\n<\/div>\n<div class=\"one_third last\">\n<a href=\"https:\/\/www.storevan.com\/fr\/produits\/couvre-passage-de-roue\/\"><img decoding=\"async\" loading=\"lazy\" class=\"aligncenter size-full wp-image-108671\" src=\"https:\/\/www.storevan.com\/wp-content\/uploads\/2019\/09\/ACS-copripassaruota.jpg\" alt=\"COUVRE PASSAGE DE ROUE\" width=\"350\" height=\"250\" srcset=\"https:\/\/www.storevan.com\/wp-content\/uploads\/2019\/09\/ACS-copripassaruota.jpg 350w, https:\/\/www.storevan.com\/wp-content\/uploads\/2019\/09\/ACS-copripassaruota-300x214.jpg 300w\" sizes=\"(max-width: 350px) 100vw, 350px\" \/><\/a><\/p>\n<p class=\"txtGrey\"><a href=\"https:\/\/www.storevan.com\/fr\/produits\/couvre-passage-de-roue\/\">COUVRE PASSAGE DE ROUE<\/a><\/p>\n<\/div><div class=\"clearboth\"><\/div>\n<div class=\"one_third\">\n<img decoding=\"async\" loading=\"lazy\" class=\"aligncenter size-full wp-image-80830\" src=\"https:\/\/www.storevan.com\/wp-content\/uploads\/2018\/07\/ACS-01.jpg\" alt=\"BAC D\u2019ESSUIE MAINS\" width=\"350\" height=\"250\" srcset=\"https:\/\/www.storevan.com\/wp-content\/uploads\/2018\/07\/ACS-01.jpg 350w, https:\/\/www.storevan.com\/wp-content\/uploads\/2018\/07\/ACS-01-300x214.jpg 300w\" sizes=\"(max-width: 350px) 100vw, 350px\" \/><\/p>\n<p class=\"txtGrey\">BAC D\u2019ESSUIE MAINS<\/p>\n<\/div>\n<div class=\"one_third\">\n<img decoding=\"async\" loading=\"lazy\" class=\"aligncenter size-full wp-image-80836\" src=\"https:\/\/www.storevan.com\/wp-content\/uploads\/2018\/07\/ACS-02.jpg\" alt=\"JEU PORTE BAC D\u2019ESSUIE MAINS\" width=\"350\" height=\"250\" srcset=\"https:\/\/www.storevan.com\/wp-content\/uploads\/2018\/07\/ACS-02.jpg 350w, https:\/\/www.storevan.com\/wp-content\/uploads\/2018\/07\/ACS-02-300x214.jpg 300w\" sizes=\"(max-width: 350px) 100vw, 350px\" \/><\/p>\n<p class=\"txtGrey\">JEU PORTE BAC D\u2019ESSUIE MAINS<\/p>\n<\/div><div class=\"one_third last\">\n<img decoding=\"async\" loading=\"lazy\" class=\"aligncenter size-full wp-image-80843\" src=\"https:\/\/www.storevan.com\/wp-content\/uploads\/2018\/07\/ACS-03.jpg\" alt=\"JEU PORTE MALLETTE BOX 080\" width=\"350\" height=\"250\" srcset=\"https:\/\/www.storevan.com\/wp-content\/uploads\/2018\/07\/ACS-03.jpg 350w, https:\/\/www.storevan.com\/wp-content\/uploads\/2018\/07\/ACS-03-300x214.jpg 300w\" sizes=\"(max-width: 350px) 100vw, 350px\" \/><\/p>\n<p class=\"txtGrey\">JEU PORTE MALLETTE BOX 080<\/p>\n<\/div><div class=\"clearboth\"><\/div>\n<div class=\"one_third\">\n<img decoding=\"async\" loading=\"lazy\" class=\"aligncenter wp-image-7714 size-full\" src=\"https:\/\/www.storevan.com\/wp-content\/uploads\/2015\/12\/ACS_001.jpg\" alt=\"Kit lave-mains\" width=\"350\" height=\"250\" \/><\/p>\n<p class=\"txtGrey\">Kit lave-mains<\/p>\n<\/div>\n<div class=\"one_third\">\n<img decoding=\"async\" loading=\"lazy\" class=\"aligncenter wp-image-7716 size-full\" src=\"https:\/\/www.storevan.com\/wp-content\/uploads\/2015\/12\/ACS_002.jpg\" alt=\"Kit porte-bidon avec bidon en fer, contenance: 20 litres\" width=\"350\" height=\"250\" \/><\/p>\n<p class=\"txtGrey\">Kit porte-bidon avec\u00a0bidon en fer,\u00a0contenance: 20 litres<\/p>\n<\/div><div class=\"one_third last\">\n<img decoding=\"async\" loading=\"lazy\" class=\"aligncenter wp-image-7718 size-full\" src=\"https:\/\/www.storevan.com\/wp-content\/uploads\/2015\/12\/ACS_003-004.jpg\" alt=\"Extincteur\" width=\"350\" height=\"250\" \/><\/p>\n<p class=\"txtGrey\">Extincteur 4 kg<\/p>\n<\/div><div class=\"clearboth\"><\/div>\n<div class=\"one_third\">\n<img decoding=\"async\" loading=\"lazy\" class=\"aligncenter wp-image-7723 size-full\" src=\"https:\/\/www.storevan.com\/wp-content\/uploads\/2016\/04\/ACS_004.jpg\" alt=\"Kit de premiers secours\" width=\"350\" height=\"250\" \/><\/p>\n<p class=\"txtGrey\">Kit de premiers\u00a0secours<\/p>\n<\/div>\n<div class=\"one_third\">\n<img decoding=\"async\" loading=\"lazy\" class=\"aligncenter wp-image-7725 size-full\" src=\"https:\/\/www.storevan.com\/wp-content\/uploads\/2016\/04\/ACS_005.jpg\" alt=\"Porte-rouleaux de papier \u00d8 140 mm\" width=\"350\" height=\"250\" \/><\/p>\n<p class=\"txtGrey\">Porte-rouleaux de papier \u00d8 140 mm<\/p>\n<\/div><div class=\"one_third last\">\n<img decoding=\"async\" loading=\"lazy\" class=\"aligncenter wp-image-7731 size-full\" src=\"https:\/\/www.storevan.com\/wp-content\/uploads\/2016\/04\/ACS_012.jpg\" alt=\"Porte-rouleaux de papier \u00d8 240 mm\" width=\"350\" height=\"250\" \/><\/p>\n<p class=\"txtGrey\">Porte-rouleaux de\u00a0papier \u00d8 240 mm<\/p>\n<\/div><div class=\"clearboth\"><\/div>\n<div class=\"one_third\">\n<img decoding=\"async\" loading=\"lazy\" src=\"https:\/\/www.storevan.com\/wp-content\/uploads\/2019\/05\/DSC5345.jpg\" alt=\"Poche m\u00e9tallique port-tapis antid\u00e9rapantes\" width=\"350\" height=\"250\" class=\"aligncenter size-full wp-image-102028\" srcset=\"https:\/\/www.storevan.com\/wp-content\/uploads\/2019\/05\/DSC5345.jpg 350w, https:\/\/www.storevan.com\/wp-content\/uploads\/2019\/05\/DSC5345-300x214.jpg 300w\" sizes=\"(max-width: 350px) 100vw, 350px\" \/><\/p>\n<p class=\"txtGrey\">Poche m\u00e9tallique port-tapis antid\u00e9rapantes<\/p>\n<\/div>\n<div class=\"one_third\">\n<img decoding=\"async\" loading=\"lazy\" src=\"https:\/\/www.storevan.com\/wp-content\/uploads\/2019\/05\/DSC5366.jpg\" alt=\"Poche m\u00e9tallique porte-document\" width=\"350\" height=\"250\" class=\"aligncenter size-full wp-image-102034\" srcset=\"https:\/\/www.storevan.com\/wp-content\/uploads\/2019\/05\/DSC5366.jpg 350w, https:\/\/www.storevan.com\/wp-content\/uploads\/2019\/05\/DSC5366-300x214.jpg 300w\" sizes=\"(max-width: 350px) 100vw, 350px\" \/><\/p>\n<p class=\"txtGrey\">Poche m\u00e9tallique porte-document<\/p>\n<\/div>\n<div class=\"one_third last\">\n<img decoding=\"async\" loading=\"lazy\" src=\"https:\/\/www.storevan.com\/wp-content\/uploads\/2019\/05\/DSC5366-1.jpg\" alt=\"Set port-a\u00e9rosol a 2 place\" width=\"350\" height=\"250\" class=\"aligncenter size-full wp-image-102040\" srcset=\"https:\/\/www.storevan.com\/wp-content\/uploads\/2019\/05\/DSC5366-1.jpg 350w, https:\/\/www.storevan.com\/wp-content\/uploads\/2019\/05\/DSC5366-1-300x214.jpg 300w\" sizes=\"(max-width: 350px) 100vw, 350px\" \/><\/p>\n<p class=\"txtGrey\">Set port-a\u00e9rosol a 2 place<\/p>\n<\/div><div class=\"clearboth\"><\/div><div class=\"one_third\">\n<img decoding=\"async\" loading=\"lazy\" class=\"aligncenter wp-image-7729 size-full\" src=\"https:\/\/www.storevan.com\/wp-content\/uploads\/2016\/04\/ACS_007.jpg\" alt=\"Porte-a\u00e9rosols 365 \/ 445 mm\" width=\"350\" height=\"250\" \/><\/p>\n<p class=\"txtGrey\">Porte-a\u00e9rosols<br \/>\nDisponibles pour les modules suivants\u00a0365 \/ 445 mm<\/p>\n<\/div>\n<div class=\"one_third\">\n<img decoding=\"async\" loading=\"lazy\" class=\"aligncenter size-full wp-image-54742\" src=\"https:\/\/www.storevan.com\/wp-content\/uploads\/2015\/12\/accessori-furgoni-supporto-siliconi.jpg\" alt=\"Jeu porte silicone\" width=\"350\" height=\"250\" srcset=\"https:\/\/www.storevan.com\/wp-content\/uploads\/2015\/12\/accessori-furgoni-supporto-siliconi.jpg 350w, https:\/\/www.storevan.com\/wp-content\/uploads\/2015\/12\/accessori-furgoni-supporto-siliconi-300x214.jpg 300w\" sizes=\"(max-width: 350px) 100vw, 350px\" \/><\/p>\n<p class=\"txtGrey\"><a href=\"https:\/\/www.storevan.com\/fr\/support-pour-cartouches-silicone-fourgons\/\">Jeu porte silicone<\/a><br \/>\nDisponibles pour les modules suivants\u00a0365 \/ 445 mm<\/p>\n<\/div>\n<div class=\"one_third last\">\n<img decoding=\"async\" loading=\"lazy\" class=\"aligncenter size-full wp-image-54748\" src=\"https:\/\/www.storevan.com\/wp-content\/uploads\/2015\/12\/accessori-furgoni-porta-siliconi-bombolette.jpg\" alt=\"Jeu porte silicone et a\u00e9rosols\" width=\"350\" height=\"250\" srcset=\"https:\/\/www.storevan.com\/wp-content\/uploads\/2015\/12\/accessori-furgoni-porta-siliconi-bombolette.jpg 350w, https:\/\/www.storevan.com\/wp-content\/uploads\/2015\/12\/accessori-furgoni-porta-siliconi-bombolette-300x214.jpg 300w\" sizes=\"(max-width: 350px) 100vw, 350px\" \/><\/p>\n<p class=\"txtGrey\"><a href=\"https:\/\/www.storevan.com\/fr\/accessoire-aerosols-cartouches-silicone-fourgons\/\">Jeu porte silicone et\u00a0a\u00e9rosols<\/a><br \/>\nDisponibles pour les modules suivants\u00a0365 \/ 445 mm<\/p>\n<\/div><div class=\"clearboth\"><\/div><div class=\"one_third\">\n<img decoding=\"async\" loading=\"lazy\" class=\"aligncenter wp-image-7735 size-full\" src=\"https:\/\/www.storevan.com\/wp-content\/uploads\/2016\/04\/ACS_014.jpg\" alt=\"Supports pour c\u00e2bles en aluminium laqu\u00e9\" width=\"350\" height=\"250\" \/><\/p>\n<p class=\"txtGrey\">Supports pour c\u00e2bles en aluminium laqu\u00e9<br \/>\nDisponibles pour les modules suivants\u00a0265 \/ 365 \/ 445 mm<\/p>\n<\/div>\n<div class=\"one_third\">\n<img decoding=\"async\" loading=\"lazy\" class=\"aligncenter size-full wp-image-54754\" src=\"https:\/\/www.storevan.com\/wp-content\/uploads\/2015\/12\/accessori-furgoni-sella-reggicavo.jpg\" alt=\"Supports pour c\u00e2bles en aluminium laqu\u00e9.\" width=\"350\" height=\"250\" srcset=\"https:\/\/www.storevan.com\/wp-content\/uploads\/2015\/12\/accessori-furgoni-sella-reggicavo.jpg 350w, https:\/\/www.storevan.com\/wp-content\/uploads\/2015\/12\/accessori-furgoni-sella-reggicavo-300x214.jpg 300w\" sizes=\"(max-width: 350px) 100vw, 350px\" \/><\/p>\n<p class=\"txtGrey\"><a href=\"https:\/\/www.storevan.com\/fr\/support-cables-fourgons\/\">Supports pour c\u00e2bles<\/a> en aluminium laqu\u00e9<br \/>\nDisponibles pour les modules suivants\u00a0365 \/ 445 mm<\/p>\n<\/div>\n<div class=\"one_third last\">\n<img decoding=\"async\" loading=\"lazy\" class=\"aligncenter size-full wp-image-54761\" src=\"https:\/\/www.storevan.com\/wp-content\/uploads\/2015\/12\/accessori-furgoni-supporto-barre-filettate-ganci.jpg\" alt=\"Jeu porte-barres filet\u00e9es\" width=\"350\" height=\"250\" srcset=\"https:\/\/www.storevan.com\/wp-content\/uploads\/2015\/12\/accessori-furgoni-supporto-barre-filettate-ganci.jpg 350w, https:\/\/www.storevan.com\/wp-content\/uploads\/2015\/12\/accessori-furgoni-supporto-barre-filettate-ganci-300x214.jpg 300w\" sizes=\"(max-width: 350px) 100vw, 350px\" \/><\/p>\n<p class=\"txtGrey\"><a href=\"https:\/\/www.storevan.com\/fr\/support-barres-filetees-fourgons\/\">Jeu porte-barres filet\u00e9es<\/a><br \/>\nDisponibles pour les modules suivants\u00a0365 \/ 445 mm<\/p>\n<\/div><div class=\"clearboth\"><\/div><div class=\"one_third\">\n<img decoding=\"async\" loading=\"lazy\" class=\"aligncenter wp-image-7743 size-full\" src=\"https:\/\/www.storevan.com\/wp-content\/uploads\/2016\/04\/ACS_025.jpg\" alt=\"Lampe \u00e0 LED\" width=\"350\" height=\"250\" \/><\/p>\n<p class=\"txtGrey\">Lampe \u00e0 LED<\/p>\n<\/div>\n<div class=\"one_third\">\n<img decoding=\"async\" loading=\"lazy\" class=\"aligncenter wp-image-7745 size-full\" src=\"https:\/\/www.storevan.com\/wp-content\/uploads\/2016\/04\/ACS_calamite.jpg\" alt=\"Kit de 10 aimants \u00d8 10 - \u00d8 25 mm\" width=\"350\" height=\"250\" \/><\/p>\n<p class=\"txtGrey\">Kit de 10 aimants \u00d8 10\u00a0&#8211; \u00d8 25 mm<\/p>\n<\/div>\n<div class=\"one_third last\">\n<img decoding=\"async\" loading=\"lazy\" class=\"aligncenter wp-image-7747 size-full\" src=\"https:\/\/www.storevan.com\/wp-content\/uploads\/2016\/04\/ACS_cinghia1.jpg\" alt=\"Supports avec courroie\" width=\"350\" height=\"250\" \/><\/p>\n<p class=\"txtGrey\">Supports avec courroie\u00a0pour bouteilles\u00a0d\u2019extincteur<\/p>\n<\/div><div class=\"clearboth\"><\/div><div class=\"one_third\">\n<img decoding=\"async\" loading=\"lazy\" class=\"aligncenter wp-image-7751 size-full\" src=\"https:\/\/www.storevan.com\/wp-content\/uploads\/2016\/04\/ACS_cinghia4.jpg\" alt=\"Barre All Safe L= 365\/445 mm et sangle \u00e0 cliquet\" width=\"350\" height=\"250\" \/><\/p>\n<p class=\"txtGrey\">Barre All Safe L= 365\/445 mm et sangle \u00e0 cliquet<\/p>\n<\/div>\n<div class=\"one_third\">\n<img decoding=\"async\" loading=\"lazy\" class=\"aligncenter wp-image-7749 size-full\" src=\"https:\/\/www.storevan.com\/wp-content\/uploads\/2016\/04\/ACS_cinghia2.jpg\" alt=\"Barre All Safe L= 365\/445 mm et sangle avec crochet\" width=\"350\" height=\"250\" \/><\/p>\n<p class=\"txtGrey\">Barre All Safe L= 365\/445 mm et sangle avec crochet<\/p>\n<\/div>\n<div class=\"one_third last\">\n<img decoding=\"async\" loading=\"lazy\" class=\"aligncenter size-full wp-image-95864\" src=\"https:\/\/www.storevan.com\/wp-content\/uploads\/2019\/01\/F22VTV.jpg\" alt=\"Locks with certified anti-drill and anti-pick cylinder\" width=\"350\" height=\"250\" srcset=\"https:\/\/www.storevan.com\/wp-content\/uploads\/2019\/01\/F22VTV.jpg 350w, https:\/\/www.storevan.com\/wp-content\/uploads\/2019\/01\/F22VTV-300x214.jpg 300w\" sizes=\"(max-width: 350px) 100vw, 350px\" \/><\/p>\n<p class=\"txtGrey\">Locks with certified anti-drill and anti-pick cylinder<\/p>\n<\/div><div class=\"clearboth\"><\/div>\n<div class=\"one_third last\">\n<img decoding=\"async\" loading=\"lazy\" class=\"aligncenter size-full wp-image-96169\" src=\"https:\/\/www.storevan.com\/wp-content\/uploads\/2019\/01\/Copertura-acciaio-gommato.jpg\" alt=\"Dessus en acier rev\u00eatu de caoutchouc\" width=\"350\" height=\"250\" srcset=\"https:\/\/www.storevan.com\/wp-content\/uploads\/2019\/01\/Copertura-acciaio-gommato.jpg 350w, https:\/\/www.storevan.com\/wp-content\/uploads\/2019\/01\/Copertura-acciaio-gommato-300x214.jpg 300w\" sizes=\"(max-width: 350px) 100vw, 350px\" \/><\/p>\n<p class=\"txtGrey\">Dessus en acier rev\u00eatu de caoutchouc pour plateaux en multiplex <a href=\"https:\/\/www.storevan.com\/fr\/produits\/modules-amenagement-fourgons\/\">WORK WOOD<\/a><\/p>\n<\/div><div class=\"clearboth\"><\/div><\/div>\n","protected":false},"excerpt":{"rendered":"<p>Accessoires Les produits qui portent la marque Store Van sont le r\u00e9sultat d\u2019une conception attentive et de la connaissance parfaite des exigences de ceux qui travaillent tous les jours avec.<\/p>\n","protected":false},"author":470,"featured_media":0,"parent":25668,"menu_order":0,"comment_status":"closed","ping_status":"closed","template":"","meta":[],"acf":[],"yoast_head":"<!-- This site is optimized with the Yoast SEO plugin v20.11 - https:\/\/yoast.com\/wordpress\/plugins\/seo\/ -->\n<title>Accessoires pour am\u00e9nagement fourgons<\/title>\n<meta name=\"description\" content=\"Am\u00e9nagement sur mesure pour v\u00e9hicules utilitaires. Les Accessoires qui portent la marque Store Van sont le r\u00e9sultat d\u2019une conception attentive ...\" \/>\n<meta name=\"robots\" content=\"index, follow, max-snippet:-1, max-image-preview:large, max-video-preview:-1\" \/>\n<link rel=\"canonical\" href=\"https:\/\/www.storevan.com\/fr\/produits\/accessoires\/\" \/>\n<meta property=\"og:locale\" content=\"fr_FR\" \/>\n<meta property=\"og:type\" content=\"article\" \/>\n<meta property=\"og:title\" content=\"Accessoires pour am\u00e9nagement fourgons\" \/>\n<meta property=\"og:description\" content=\"Am\u00e9nagement sur mesure pour v\u00e9hicules utilitaires. Les Accessoires qui portent la marque Store Van sont le r\u00e9sultat d\u2019une conception attentive ...\" \/>\n<meta property=\"og:url\" content=\"https:\/\/www.storevan.com\/fr\/produits\/accessoires\/\" \/>\n<meta property=\"og:site_name\" content=\"Store Van\" \/>\n<meta property=\"article:modified_time\" content=\"2025-04-16T14:13:16+00:00\" \/>\n<meta property=\"og:image\" content=\"https:\/\/www.storevan.com\/wp-content\/uploads\/2015\/12\/accessori-allestimento-furgoni.jpg\" \/>\n<meta name=\"twitter:label1\" content=\"Dur\u00e9e de lecture estim\u00e9e\" \/>\n\t<meta name=\"twitter:data1\" content=\"10 minutes\" \/>\n<script type=\"application\/ld+json\" class=\"yoast-schema-graph\">{\"@context\":\"https:\/\/schema.org\",\"@graph\":[{\"@type\":\"WebPage\",\"@id\":\"https:\/\/www.storevan.com\/fr\/produits\/accessoires\/\",\"url\":\"https:\/\/www.storevan.com\/fr\/produits\/accessoires\/\",\"name\":\"Accessoires pour am\u00e9nagement fourgons\",\"isPartOf\":{\"@id\":\"https:\/\/www.storevan.com\/pl\/#website\"},\"datePublished\":\"2015-12-02T14:23:08+00:00\",\"dateModified\":\"2025-04-16T14:13:16+00:00\",\"description\":\"Am\u00e9nagement sur mesure pour v\u00e9hicules utilitaires. Les Accessoires qui portent la marque Store Van sont le r\u00e9sultat d\u2019une conception attentive ...\",\"breadcrumb\":{\"@id\":\"https:\/\/www.storevan.com\/fr\/produits\/accessoires\/#breadcrumb\"},\"inLanguage\":\"fr-FR\",\"potentialAction\":[{\"@type\":\"ReadAction\",\"target\":[\"https:\/\/www.storevan.com\/fr\/produits\/accessoires\/\"]}]},{\"@type\":\"BreadcrumbList\",\"@id\":\"https:\/\/www.storevan.com\/fr\/produits\/accessoires\/#breadcrumb\",\"itemListElement\":[{\"@type\":\"ListItem\",\"position\":1,\"name\":\"Home\",\"item\":\"https:\/\/www.storevan.com\/fr\/\"},{\"@type\":\"ListItem\",\"position\":2,\"name\":\"Produits\",\"item\":\"https:\/\/www.storevan.com\/fr\/produits\/\"},{\"@type\":\"ListItem\",\"position\":3,\"name\":\"Accessoires\"}]},{\"@type\":\"WebSite\",\"@id\":\"https:\/\/www.storevan.com\/pl\/#website\",\"url\":\"https:\/\/www.storevan.com\/pl\/\",\"name\":\"Store Van\",\"description\":\"Am\u00e9nagements fourgons\",\"potentialAction\":[{\"@type\":\"SearchAction\",\"target\":{\"@type\":\"EntryPoint\",\"urlTemplate\":\"https:\/\/www.storevan.com\/pl\/?s={search_term_string}\"},\"query-input\":\"required name=search_term_string\"}],\"inLanguage\":\"fr-FR\"}]}<\/script>\n<!-- \/ Yoast SEO plugin. -->","yoast_head_json":{"title":"Accessoires pour am\u00e9nagement fourgons","description":"Am\u00e9nagement sur mesure pour v\u00e9hicules utilitaires. Les Accessoires qui portent la marque Store Van sont le r\u00e9sultat d\u2019une conception attentive ...","robots":{"index":"index","follow":"follow","max-snippet":"max-snippet:-1","max-image-preview":"max-image-preview:large","max-video-preview":"max-video-preview:-1"},"canonical":"https:\/\/www.storevan.com\/fr\/produits\/accessoires\/","og_locale":"fr_FR","og_type":"article","og_title":"Accessoires pour am\u00e9nagement fourgons","og_description":"Am\u00e9nagement sur mesure pour v\u00e9hicules utilitaires. Les Accessoires qui portent la marque Store Van sont le r\u00e9sultat d\u2019une conception attentive ...","og_url":"https:\/\/www.storevan.com\/fr\/produits\/accessoires\/","og_site_name":"Store Van","article_modified_time":"2025-04-16T14:13:16+00:00","og_image":[{"url":"https:\/\/www.storevan.com\/wp-content\/uploads\/2015\/12\/accessori-allestimento-furgoni.jpg"}],"twitter_misc":{"Dur\u00e9e de lecture estim\u00e9e":"10 minutes"},"schema":{"@context":"https:\/\/schema.org","@graph":[{"@type":"WebPage","@id":"https:\/\/www.storevan.com\/fr\/produits\/accessoires\/","url":"https:\/\/www.storevan.com\/fr\/produits\/accessoires\/","name":"Accessoires pour am\u00e9nagement fourgons","isPartOf":{"@id":"https:\/\/www.storevan.com\/pl\/#website"},"datePublished":"2015-12-02T14:23:08+00:00","dateModified":"2025-04-16T14:13:16+00:00","description":"Am\u00e9nagement sur mesure pour v\u00e9hicules utilitaires. Les Accessoires qui portent la marque Store Van sont le r\u00e9sultat d\u2019une conception attentive ...","breadcrumb":{"@id":"https:\/\/www.storevan.com\/fr\/produits\/accessoires\/#breadcrumb"},"inLanguage":"fr-FR","potentialAction":[{"@type":"ReadAction","target":["https:\/\/www.storevan.com\/fr\/produits\/accessoires\/"]}]},{"@type":"BreadcrumbList","@id":"https:\/\/www.storevan.com\/fr\/produits\/accessoires\/#breadcrumb","itemListElement":[{"@type":"ListItem","position":1,"name":"Home","item":"https:\/\/www.storevan.com\/fr\/"},{"@type":"ListItem","position":2,"name":"Produits","item":"https:\/\/www.storevan.com\/fr\/produits\/"},{"@type":"ListItem","position":3,"name":"Accessoires"}]},{"@type":"WebSite","@id":"https:\/\/www.storevan.com\/pl\/#website","url":"https:\/\/www.storevan.com\/pl\/","name":"Store Van","description":"Am\u00e9nagements fourgons","potentialAction":[{"@type":"SearchAction","target":{"@type":"EntryPoint","urlTemplate":"https:\/\/www.storevan.com\/pl\/?s={search_term_string}"},"query-input":"required name=search_term_string"}],"inLanguage":"fr-FR"}]}},"_links":{"self":[{"href":"https:\/\/www.storevan.com\/fr\/wp-json\/wp\/v2\/pages\/25665"}],"collection":[{"href":"https:\/\/www.storevan.com\/fr\/wp-json\/wp\/v2\/pages"}],"about":[{"href":"https:\/\/www.storevan.com\/fr\/wp-json\/wp\/v2\/types\/page"}],"author":[{"embeddable":true,"href":"https:\/\/www.storevan.com\/fr\/wp-json\/wp\/v2\/users\/470"}],"replies":[{"embeddable":true,"href":"https:\/\/www.storevan.com\/fr\/wp-json\/wp\/v2\/comments?post=25665"}],"version-history":[{"count":21,"href":"https:\/\/www.storevan.com\/fr\/wp-json\/wp\/v2\/pages\/25665\/revisions"}],"predecessor-version":[{"id":159352,"href":"https:\/\/www.storevan.com\/fr\/wp-json\/wp\/v2\/pages\/25665\/revisions\/159352"}],"up":[{"embeddable":true,"href":"https:\/\/www.storevan.com\/fr\/wp-json\/wp\/v2\/pages\/25668"}],"wp:attachment":[{"href":"https:\/\/www.storevan.com\/fr\/wp-json\/wp\/v2\/media?parent=25665"}],"curies":[{"name":"wp","href":"https:\/\/api.w.org\/{rel}","templated":true}]}}