{"id":25610,"date":"2016-05-16T13:49:56","date_gmt":"2016-05-16T13:49:56","guid":{"rendered":"https:\/\/www.storevan.com\/fr\/societe\/eco-sustainability\/"},"modified":"2023-03-23T07:42:50","modified_gmt":"2023-03-23T07:42:50","slug":"eco-durabilite","status":"publish","type":"page","link":"https:\/\/www.storevan.com\/fr\/societe\/eco-durabilite\/","title":{"rendered":"ECO-DURABILITE"},"content":{"rendered":"<h1 class=\"customblackTitleSmall\">ECO-DURABILITE<\/h1>\n<p><img decoding=\"async\" loading=\"lazy\" class=\"alignnone wp-image-25611 size-full\" src=\"https:\/\/www.storevan.com\/wp-content\/uploads\/2016\/05\/Panoramica_azienda.jpg\" alt=\"Store Van - Ecosostenibilit\u00e0\" width=\"1170\" height=\"300\" srcset=\"https:\/\/www.storevan.com\/wp-content\/uploads\/2016\/05\/Panoramica_azienda.jpg 1170w, https:\/\/www.storevan.com\/wp-content\/uploads\/2016\/05\/Panoramica_azienda-300x77.jpg 300w, https:\/\/www.storevan.com\/wp-content\/uploads\/2016\/05\/Panoramica_azienda-768x197.jpg 768w, https:\/\/www.storevan.com\/wp-content\/uploads\/2016\/05\/Panoramica_azienda-1024x263.jpg 1024w, https:\/\/www.storevan.com\/wp-content\/uploads\/2016\/05\/Panoramica_azienda-600x154.jpg 600w\" sizes=\"(max-width: 1170px) 100vw, 1170px\" \/><\/p>\n<p style=\"text-align: justify;\">Store Van, spin-off de <a href=\"https:\/\/www.famispa.com\/fr\/\" title=\"Am\u00e9nagements industriels et de syst\u00e8mes de stockage\" target=\"_blank\" rel=\"noopener noreferrer\">Fami S.r.l.<\/a>, c\u00e9l\u00e8bre avec la maison m\u00e8re le premier anniversaire d\u2019un nouveau but atteint dans l\u2019emploi des technologies d\u2019avant-garde, en respectant l\u2019environnement et le d\u00e9veloppement durable. En effet, il y a environ un an, une <strong>installation photovolta\u00efque de derni\u00e8re g\u00e9n\u00e9ration<\/strong> sur une surface de couverture de 45.000 m\u00e8tres carr\u00e9s, tr\u00f4ne\u00a0 sur les halles de la maison, si\u00e8ge \u00e9galement des d\u00e9partements de production de la ligne pour les <a href=\"https:\/\/www.storevan.com\/fr\/amenagement-vehicules-utilitaires\/\" title=\"Amenagement fourgon utilitaire\"> am\u00e9nagements des v\u00e9hicules commerciaux<\/a>. L\u2019installation photovolta\u00efque <strong>se compose de 6140 panneaux en silicium polycristallin<\/strong>, excellents pour la qualit\u00e9 et la stabilit\u00e9 de la performance, stable et garantie pendant 25 ans, occupant une surface totale de 9824 m\u00e8tres carr\u00e9s.<\/p>\n<p>Les avantages d\u00e9rivant de la r\u00e9alisation de l\u2019installation photovolta\u00efque se manifestent de plusieurs fa\u00e7ons : \u00e9conomie des combustibles fossiles, exploitation du soleil et donc une source d\u2019\u00e9nergie \u00ab propre \u00bb et in\u00e9puisable, r\u00e9duction de la dispersion d\u2019\u00e9nergie \u00e9lectrique produite et imm\u00e9diatement utilis\u00e9e, co\u00fbts de fonctionnement et d&rsquo;entretien r\u00e9duit au minimum. Pour \u00eatre plus \u00e9loquents, voici un r\u00e9sum\u00e9 des chiffres r\u00e9alis\u00e9s:<\/p>\n<p style=\"text-align: justify;\"><div class=\"three_fourth\">\n<ol>\n<li>Puissance th\u00e9orique de l\u2019installation 1412,20 kWc;<\/li>\n<li>Production th\u00e9orique annuelle de l\u2019installation 1.657.800,00 kWh;<\/li>\n<li>Rapport entre Co\u00b2 non \u00e9mis par rapport aux kWh produits = 0.00065 tonnes de Co\u00b2\/kWh.<\/li>\n<li>Production des besoins annuels de la soci\u00e9t\u00e9 \u00e9gale au 24%<\/li>\n<\/ol>\n<\/div><div class=\"one_fourth last\">\n<\/div><div class=\"clearboth\"><\/div>\n<p class=\"text-right\"><a href=\"https:\/\/www.famispa.com\/fr\/societe\/developpement-durable\/responsabilite-environnementale\/\" title=\"\u00c9tiquetage environnemental des emballages\" class=\"btn btn-primary noMarg\" target=\"_blank noopener\" rel=\"noopener\">\u00c9tiquetage environnemental des emballages <i class=\"fa fa-angle-double-right\"><\/i><\/a><\/p>\n","protected":false},"excerpt":{"rendered":"<p>ECO-DURABILITE Store Van, spin-off de Fami S.r.l., c\u00e9l\u00e8bre avec la maison m\u00e8re le premier anniversaire d\u2019un nouveau but atteint dans l\u2019emploi des technologies d\u2019avant-garde, en respectant l\u2019environnement et le d\u00e9veloppement.<\/p>\n","protected":false},"author":470,"featured_media":0,"parent":25550,"menu_order":0,"comment_status":"closed","ping_status":"closed","template":"","meta":[],"acf":[],"yoast_head":"<!-- This site is optimized with the Yoast SEO plugin v20.11 - https:\/\/yoast.com\/wordpress\/plugins\/seo\/ -->\n<title>ECO-DURABILITE<\/title>\n<meta name=\"robots\" content=\"index, follow, max-snippet:-1, max-image-preview:large, max-video-preview:-1\" \/>\n<link rel=\"canonical\" href=\"https:\/\/www.storevan.com\/fr\/societe\/eco-durabilite\/\" \/>\n<meta property=\"og:locale\" content=\"fr_FR\" \/>\n<meta property=\"og:type\" content=\"article\" \/>\n<meta property=\"og:title\" content=\"ECO-DURABILITE\" \/>\n<meta property=\"og:description\" content=\"ECO-DURABILITE Store Van, spin-off de Fami S.r.l., c\u00e9l\u00e8bre avec la maison m\u00e8re le premier anniversaire d\u2019un nouveau but atteint dans l\u2019emploi des technologies d\u2019avant-garde, en respectant l\u2019environnement et le d\u00e9veloppement.\" \/>\n<meta property=\"og:url\" content=\"https:\/\/www.storevan.com\/fr\/societe\/eco-durabilite\/\" \/>\n<meta property=\"og:site_name\" content=\"Store Van\" \/>\n<meta property=\"article:modified_time\" content=\"2023-03-23T07:42:50+00:00\" \/>\n<meta property=\"og:image\" content=\"https:\/\/www.storevan.com\/wp-content\/uploads\/2016\/05\/Panoramica_azienda.jpg\" \/>\n<meta name=\"twitter:label1\" content=\"Dur\u00e9e de lecture estim\u00e9e\" \/>\n\t<meta name=\"twitter:data1\" content=\"2 minutes\" \/>\n<script type=\"application\/ld+json\" class=\"yoast-schema-graph\">{\"@context\":\"https:\/\/schema.org\",\"@graph\":[{\"@type\":\"WebPage\",\"@id\":\"https:\/\/www.storevan.com\/fr\/societe\/eco-durabilite\/\",\"url\":\"https:\/\/www.storevan.com\/fr\/societe\/eco-durabilite\/\",\"name\":\"ECO-DURABILITE\",\"isPartOf\":{\"@id\":\"https:\/\/www.storevan.com\/pl\/#website\"},\"datePublished\":\"2016-05-16T13:49:56+00:00\",\"dateModified\":\"2023-03-23T07:42:50+00:00\",\"breadcrumb\":{\"@id\":\"https:\/\/www.storevan.com\/fr\/societe\/eco-durabilite\/#breadcrumb\"},\"inLanguage\":\"fr-FR\",\"potentialAction\":[{\"@type\":\"ReadAction\",\"target\":[\"https:\/\/www.storevan.com\/fr\/societe\/eco-durabilite\/\"]}]},{\"@type\":\"BreadcrumbList\",\"@id\":\"https:\/\/www.storevan.com\/fr\/societe\/eco-durabilite\/#breadcrumb\",\"itemListElement\":[{\"@type\":\"ListItem\",\"position\":1,\"name\":\"Home\",\"item\":\"https:\/\/www.storevan.com\/fr\/\"},{\"@type\":\"ListItem\",\"position\":2,\"name\":\"Soci\u00e9t\u00e9\",\"item\":\"https:\/\/www.storevan.com\/fr\/societe\/\"},{\"@type\":\"ListItem\",\"position\":3,\"name\":\"ECO-DURABILITE\"}]},{\"@type\":\"WebSite\",\"@id\":\"https:\/\/www.storevan.com\/pl\/#website\",\"url\":\"https:\/\/www.storevan.com\/pl\/\",\"name\":\"Store Van\",\"description\":\"Am\u00e9nagements fourgons\",\"potentialAction\":[{\"@type\":\"SearchAction\",\"target\":{\"@type\":\"EntryPoint\",\"urlTemplate\":\"https:\/\/www.storevan.com\/pl\/?s={search_term_string}\"},\"query-input\":\"required name=search_term_string\"}],\"inLanguage\":\"fr-FR\"}]}<\/script>\n<!-- \/ Yoast SEO plugin. -->","yoast_head_json":{"title":"ECO-DURABILITE","robots":{"index":"index","follow":"follow","max-snippet":"max-snippet:-1","max-image-preview":"max-image-preview:large","max-video-preview":"max-video-preview:-1"},"canonical":"https:\/\/www.storevan.com\/fr\/societe\/eco-durabilite\/","og_locale":"fr_FR","og_type":"article","og_title":"ECO-DURABILITE","og_description":"ECO-DURABILITE Store Van, spin-off de Fami S.r.l., c\u00e9l\u00e8bre avec la maison m\u00e8re le premier anniversaire d\u2019un nouveau but atteint dans l\u2019emploi des technologies d\u2019avant-garde, en respectant l\u2019environnement et le d\u00e9veloppement.","og_url":"https:\/\/www.storevan.com\/fr\/societe\/eco-durabilite\/","og_site_name":"Store Van","article_modified_time":"2023-03-23T07:42:50+00:00","og_image":[{"url":"https:\/\/www.storevan.com\/wp-content\/uploads\/2016\/05\/Panoramica_azienda.jpg"}],"twitter_misc":{"Dur\u00e9e de lecture estim\u00e9e":"2 minutes"},"schema":{"@context":"https:\/\/schema.org","@graph":[{"@type":"WebPage","@id":"https:\/\/www.storevan.com\/fr\/societe\/eco-durabilite\/","url":"https:\/\/www.storevan.com\/fr\/societe\/eco-durabilite\/","name":"ECO-DURABILITE","isPartOf":{"@id":"https:\/\/www.storevan.com\/pl\/#website"},"datePublished":"2016-05-16T13:49:56+00:00","dateModified":"2023-03-23T07:42:50+00:00","breadcrumb":{"@id":"https:\/\/www.storevan.com\/fr\/societe\/eco-durabilite\/#breadcrumb"},"inLanguage":"fr-FR","potentialAction":[{"@type":"ReadAction","target":["https:\/\/www.storevan.com\/fr\/societe\/eco-durabilite\/"]}]},{"@type":"BreadcrumbList","@id":"https:\/\/www.storevan.com\/fr\/societe\/eco-durabilite\/#breadcrumb","itemListElement":[{"@type":"ListItem","position":1,"name":"Home","item":"https:\/\/www.storevan.com\/fr\/"},{"@type":"ListItem","position":2,"name":"Soci\u00e9t\u00e9","item":"https:\/\/www.storevan.com\/fr\/societe\/"},{"@type":"ListItem","position":3,"name":"ECO-DURABILITE"}]},{"@type":"WebSite","@id":"https:\/\/www.storevan.com\/pl\/#website","url":"https:\/\/www.storevan.com\/pl\/","name":"Store Van","description":"Am\u00e9nagements fourgons","potentialAction":[{"@type":"SearchAction","target":{"@type":"EntryPoint","urlTemplate":"https:\/\/www.storevan.com\/pl\/?s={search_term_string}"},"query-input":"required name=search_term_string"}],"inLanguage":"fr-FR"}]}},"_links":{"self":[{"href":"https:\/\/www.storevan.com\/fr\/wp-json\/wp\/v2\/pages\/25610"}],"collection":[{"href":"https:\/\/www.storevan.com\/fr\/wp-json\/wp\/v2\/pages"}],"about":[{"href":"https:\/\/www.storevan.com\/fr\/wp-json\/wp\/v2\/types\/page"}],"author":[{"embeddable":true,"href":"https:\/\/www.storevan.com\/fr\/wp-json\/wp\/v2\/users\/470"}],"replies":[{"embeddable":true,"href":"https:\/\/www.storevan.com\/fr\/wp-json\/wp\/v2\/comments?post=25610"}],"version-history":[{"count":8,"href":"https:\/\/www.storevan.com\/fr\/wp-json\/wp\/v2\/pages\/25610\/revisions"}],"predecessor-version":[{"id":151282,"href":"https:\/\/www.storevan.com\/fr\/wp-json\/wp\/v2\/pages\/25610\/revisions\/151282"}],"up":[{"embeddable":true,"href":"https:\/\/www.storevan.com\/fr\/wp-json\/wp\/v2\/pages\/25550"}],"wp:attachment":[{"href":"https:\/\/www.storevan.com\/fr\/wp-json\/wp\/v2\/media?parent=25610"}],"curies":[{"name":"wp","href":"https:\/\/api.w.org\/{rel}","templated":true}]}}