{"id":25550,"date":"2015-12-10T11:17:48","date_gmt":"2015-12-10T10:17:48","guid":{"rendered":"https:\/\/www.storevan.com\/fr\/company\/"},"modified":"2021-11-05T11:27:22","modified_gmt":"2021-11-05T11:27:22","slug":"societe","status":"publish","type":"page","link":"https:\/\/www.storevan.com\/fr\/societe\/","title":{"rendered":"Soci\u00e9t\u00e9"},"content":{"rendered":"<h1 class=\"customblackTitleSmall\">Soci\u00e9t\u00e9<\/h1>\n<div class=\"one_half\">\n<div class=\"iframeContent\"><iframe loading=\"lazy\" src=\"https:\/\/www.youtube.com\/embed\/VfBgTM3iSwA?rel=0\" width=\"560\" height=\"315\" frameborder=\"0\" allowfullscreen=\"allowfullscreen\"><\/iframe><\/div>\n<\/div><div class=\"one_half last\">\n<h2>Store Van est une marque du Groupe FAMI qui a \u00e9t\u00e9 cr\u00e9\u00e9e en 2003 sous l\u2019impulsion de la direction g\u00e9n\u00e9rale et suite au besoin de r\u00e9pondre \u00e0 une demande bien pr\u00e9cise du march\u00e9, \u00e0 savoir l\u2019am\u00e9nagement des v\u00e9hicules commerciaux. <\/h2>\n<p>Store Van op\u00e8re, avec ses bureaux d\u2019\u00e9tude et de production, au sein de la maison m\u00e8re FAMI et en respire le m\u00eame air d\u2019innovation, partageant avec elle \u00e9galement la philosophie et la gestion manag\u00e9riale. Store Van est pr\u00e9sente avec ses affili\u00e9s sur tout le territoire\u00a0<a href=\"https:\/\/www.storevan.com\/fr\/societe\/ou-sommes-nous\/italy\/\">Italien<\/a> et <a href=\"https:\/\/www.storevan.com\/fr\/societe\/ou-sommes-nous\/\">europ\u00e9en<\/a> et tend vers un d\u00e9veloppement toujours plus ramifi\u00e9 et\u00a0coordonn\u00e9. <strong>Store Van<\/strong> est une division jeune qui perp\u00e9tue la tradition et confirme la fiabilit\u00e9 d\u2019une grande entreprise. Elle na\u00eet sous d\u2019heureux auspices et, tout comme <strong>FAMI<\/strong>, croit et est caract\u00e9ris\u00e9e par une production souple, son trait distinctif qui la caract\u00e9rise et en a fait aujourd\u2019hui un motif de fiert\u00e9 pour l\u2019ensemble du groupe et un partenaire fiable pour ses clients.<br \/>\n<\/div><div class=\"clearboth\"><\/div>\nL\u2019accroissement de l\u2019efficacit\u00e9 de la production et du rendement, \u00e0 savoir la qualit\u00e9 du temps employ\u00e9, est d\u2019une importance fondamentale pour chaque entreprise, d\u2019o\u00f9 la raison pour laquelle Store van propose sa gamme d\u2019accessoires pour l\u2019am\u00e9nagement des fourgons commerciaux.<br \/>\nStore Van \u00e9tudie, projette, r\u00e9alise, produit et \u00e9quipe tous les espaces int\u00e9rieurs, en ayant recours \u00e0 des solutions et des accessoires con\u00e7us et personnalis\u00e9e en fonction de chaque type de demande.<\/p>\n<div class=\"break\"><\/div>\n<hr class=\"noColor\"\/>\n<div class=\"one_fourth\"><a class=\"linkBorder\" href=\"https:\/\/www.storevan.com\/fr\/societe\/eco-durabilite\/\" title=\"ECO-DURABILITE\">ECO-DURABILITE <i class=\"fa fa-angle-double-right\"><\/i><\/a><\/div>\n<div class=\"one_fourth\"><a class=\"linkBorder\" href=\"https:\/\/www.storevan.com\/fr\/societe\/technologie\/\" title=\"TECHNOLOGIE\">TECHNOLOGIE <i class=\"fa fa-angle-double-right\"><\/i><\/a><\/div>\n<div class=\"one_fourth\"><a class=\"linkBorder\" href=\"https:\/\/www.storevan.com\/fr\/societe\/certificats\/\" title=\"CERTIFICATS\">CERTIFICATS <i class=\"fa fa-angle-double-right\"><\/i><\/a><\/div>\n<div class=\"one_fourth last\"><a class=\"linkBorder\" href=\"https:\/\/www.storevan.com\/fr\/modelisation-3d-amenagement-fourgons\/\" title=\"MOD\u00c9LISATION 3D\">MOD\u00c9LISATION 3D <i class=\"fa fa-angle-double-right\"><\/i><\/a><\/div><div class=\"clearboth\"><\/div>\n<hr\/>\n<p><strong>Gallery:<\/strong><\/p>\n<div class=\"ts-gallery\">\n<div class=\"one_fourth\">\n<p style=\"text-align: justify;\"><a class=\"prettyPhoto gf-ts-img\" href=\"https:\/\/www.storevan.com\/wp-content\/uploads\/2015\/12\/azienda_1.jpg\"><img decoding=\"async\" loading=\"lazy\" class=\"alignnone size-medium wp-image-25551\" src=\"https:\/\/www.storevan.com\/wp-content\/uploads\/2015\/12\/1-tec1big-300x182.jpg\" alt=\"Store Van -si\u00e8ge social\" width=\"300\" height=\"182\" srcset=\"https:\/\/www.storevan.com\/wp-content\/uploads\/2015\/12\/1-tec1big-300x182.jpg 300w, https:\/\/www.storevan.com\/wp-content\/uploads\/2015\/12\/1-tec1big.jpg 525w\" sizes=\"(max-width: 300px) 100vw, 300px\" \/><\/a><\/p>\n<\/div>\n<div class=\"one_fourth\">\n<p style=\"text-align: justify;\"><a class=\"prettyPhoto gf-ts-img\" href=\"https:\/\/www.storevan.com\/wp-content\/uploads\/2015\/12\/azienda_2.jpg\"><img decoding=\"async\" loading=\"lazy\" class=\"alignnone size-medium wp-image-25552\" src=\"https:\/\/www.storevan.com\/wp-content\/uploads\/2015\/12\/2-tec2big-300x182.jpg\" alt=\"Store Van -si\u00e8ge social\" width=\"300\" height=\"182\" srcset=\"https:\/\/www.storevan.com\/wp-content\/uploads\/2015\/12\/2-tec2big-300x182.jpg 300w, https:\/\/www.storevan.com\/wp-content\/uploads\/2015\/12\/2-tec2big.jpg 525w\" sizes=\"(max-width: 300px) 100vw, 300px\" \/><\/a><\/p>\n<\/div>\n<div class=\"one_fourth\">\n<p style=\"text-align: justify;\"><a class=\"prettyPhoto gf-ts-img\" href=\"https:\/\/www.storevan.com\/wp-content\/uploads\/2015\/12\/azienda_3.jpg\"><img decoding=\"async\" loading=\"lazy\" class=\"alignnone size-medium wp-image-25553\" src=\"https:\/\/www.storevan.com\/wp-content\/uploads\/2015\/12\/3-tec3big-300x182.jpg\" alt=\"Store Van -si\u00e8ge social\" width=\"300\" height=\"182\" srcset=\"https:\/\/www.storevan.com\/wp-content\/uploads\/2015\/12\/3-tec3big-300x182.jpg 300w, https:\/\/www.storevan.com\/wp-content\/uploads\/2015\/12\/3-tec3big.jpg 525w\" sizes=\"(max-width: 300px) 100vw, 300px\" \/><\/a><\/p>\n<\/div>\n<div class=\"one_fourth last\">\n<p style=\"text-align: justify;\"><a class=\"prettyPhoto gf-ts-img\" href=\"https:\/\/www.storevan.com\/wp-content\/uploads\/2015\/12\/azienda_4.jpg\"><img decoding=\"async\" loading=\"lazy\" class=\"alignnone wp-image-25554 size-medium\" src=\"https:\/\/www.storevan.com\/wp-content\/uploads\/2015\/12\/4-tec4big-300x182.jpg\" alt=\"Store Van - Soci\u00e9t\u00e9\" width=\"300\" height=\"182\" srcset=\"https:\/\/www.storevan.com\/wp-content\/uploads\/2015\/12\/4-tec4big-300x182.jpg 300w, https:\/\/www.storevan.com\/wp-content\/uploads\/2015\/12\/4-tec4big.jpg 525w\" sizes=\"(max-width: 300px) 100vw, 300px\" \/><\/a><\/p>\n<\/div><div class=\"clearboth\"><\/div>\n<\/div>\n<h3 class=\"txtGrey text-left\">HISTOIRE<\/h3>\n<p style=\"text-align: justify;\">En<strong><b> 1929<\/b><\/strong>, \u00e0 Bassano del Grappa, Mario Milani fonde un atelier pour le travail du fer. En 1963 l\u2019atelier devient \u201cUsine de Fabrication d\u2019Equipements pour Meubles industriels\u201d. En 1970 Fami entre sur les march\u00e9s internationaux. Ce sont des ann\u00e9es importantes qui, gr\u00e2ce \u00e0 la diversification et l\u2019innovation des produits et des proc\u00e9d\u00e9s de production, permettent aussi \u00e0 l\u2019entreprise de s\u2019imposer \u00e0 l\u2019\u00e9tranger. Store Van est n\u00e9e du groupe <strong>FAMI<\/strong> comme soci\u00e9t\u00e9 qui produit et commercialise \u00e0 l\u2019origine des am\u00e9nagements pour tous les v\u00e9hicules utilitaires. Ensuite, incorpor\u00e9e \u00e0 la soci\u00e9t\u00e9 Capo Gruppo <strong>FAMI<\/strong> , elle devient une marque ind\u00e9pendante qui se place parmi les leaders du march\u00e9. Store Van se r\u00e9alise \u00e0 l\u2019int\u00e9rieur de <strong>FAMI<\/strong> avec ses propres bureaux de conception et avec la m\u00eame production. C\u2019est une marque en pleine expansion qui perp\u00e9tue les traditions dans la lign\u00e9e de la maison m\u00e8re tout en confirmant fiabilit\u00e9 et technologie de pointe.<\/p>\n<div class=\"ts-gallery\"><div class=\"one_fourth\">\n<a class=\"prettyPhoto gf-ts-img\" href=\"https:\/\/www.storevan.com\/wp-content\/uploads\/2015\/12\/storia_1g.jpg\"><img decoding=\"async\" loading=\"lazy\" class=\"alignnone size-medium wp-image-25564\" src=\"https:\/\/www.storevan.com\/wp-content\/uploads\/2015\/12\/storia_1-300x182.jpg\" alt=\"Fami 1953\" width=\"300\" height=\"182\" \/><\/a><br \/>\n<\/div><div class=\"one_fourth\">\n<a class=\"prettyPhoto gf-ts-img\" href=\"https:\/\/www.storevan.com\/wp-content\/uploads\/2015\/12\/storia_2g.jpg\"><img decoding=\"async\" loading=\"lazy\" class=\"alignnone size-medium wp-image-25566\" src=\"https:\/\/www.storevan.com\/wp-content\/uploads\/2015\/12\/storia_2-300x182.jpg\" alt=\"si\u00e8ge social Fami\" width=\"300\" height=\"182\" \/><\/a><br \/>\n<\/div><div class=\"one_fourth\">\n<a class=\"prettyPhoto gf-ts-img\" href=\"https:\/\/www.storevan.com\/wp-content\/uploads\/2015\/12\/storia_3g.jpg\"><img decoding=\"async\" loading=\"lazy\" class=\"alignnone size-medium wp-image-25568\" src=\"https:\/\/www.storevan.com\/wp-content\/uploads\/2015\/12\/storia_3-300x182.jpg\" alt=\"si\u00e8ge social\" width=\"300\" height=\"182\" \/><\/a><br \/>\n<\/div><div class=\"one_fourth last\">\n<a class=\"prettyPhoto gf-ts-img\" href=\"https:\/\/www.storevan.com\/wp-content\/uploads\/2015\/12\/storia_4g.jpg\"><img decoding=\"async\" loading=\"lazy\" class=\"alignnone size-medium wp-image-25570\" src=\"https:\/\/www.storevan.com\/wp-content\/uploads\/2015\/12\/storia_4-300x182.jpg\" alt=\"si\u00e8ge social Fami\" width=\"300\" height=\"182\" \/><\/a><br \/>\n<\/div><div class=\"clearboth\"><\/div><\/div>\n","protected":false},"excerpt":{"rendered":"<p>Soci\u00e9t\u00e9 L\u2019accroissement de l\u2019efficacit\u00e9 de la production et du rendement, \u00e0 savoir la qualit\u00e9 du temps employ\u00e9, est d\u2019une importance fondamentale pour chaque entreprise, d\u2019o\u00f9 la raison pour laquelle Store.<\/p>\n","protected":false},"author":470,"featured_media":0,"parent":0,"menu_order":0,"comment_status":"closed","ping_status":"closed","template":"","meta":[],"acf":[],"yoast_head":"<!-- This site is optimized with the Yoast SEO plugin v20.11 - https:\/\/yoast.com\/wordpress\/plugins\/seo\/ -->\n<title>Store Van est une marque du Groupe FAMI<\/title>\n<meta name=\"description\" content=\"Store Van produit et \u00e9quipe tous les espaces int\u00e9rieurs, en ayant recours \u00e0 des solutions et des accessoires con\u00e7us en fonction de chaque type de demande.\" \/>\n<meta name=\"robots\" content=\"index, follow, max-snippet:-1, max-image-preview:large, max-video-preview:-1\" \/>\n<link rel=\"canonical\" href=\"https:\/\/www.storevan.com\/fr\/societe\/\" \/>\n<meta property=\"og:locale\" content=\"fr_FR\" \/>\n<meta property=\"og:type\" content=\"article\" \/>\n<meta property=\"og:title\" content=\"Store Van est une marque du Groupe FAMI\" \/>\n<meta property=\"og:description\" content=\"Store Van produit et \u00e9quipe tous les espaces int\u00e9rieurs, en ayant recours \u00e0 des solutions et des accessoires con\u00e7us en fonction de chaque type de demande.\" \/>\n<meta property=\"og:url\" content=\"https:\/\/www.storevan.com\/fr\/societe\/\" \/>\n<meta property=\"og:site_name\" content=\"Store Van\" \/>\n<meta property=\"article:modified_time\" content=\"2021-11-05T11:27:22+00:00\" \/>\n<meta property=\"og:image\" content=\"https:\/\/www.storevan.com\/wp-content\/uploads\/2015\/12\/1-tec1big-300x182.jpg\" \/>\n<meta name=\"twitter:label1\" content=\"Dur\u00e9e de lecture estim\u00e9e\" \/>\n\t<meta name=\"twitter:data1\" content=\"3 minutes\" \/>\n<script type=\"application\/ld+json\" class=\"yoast-schema-graph\">{\"@context\":\"https:\/\/schema.org\",\"@graph\":[{\"@type\":\"WebPage\",\"@id\":\"https:\/\/www.storevan.com\/fr\/societe\/\",\"url\":\"https:\/\/www.storevan.com\/fr\/societe\/\",\"name\":\"Store Van est une marque du Groupe FAMI\",\"isPartOf\":{\"@id\":\"https:\/\/www.storevan.com\/pl\/#website\"},\"datePublished\":\"2015-12-10T10:17:48+00:00\",\"dateModified\":\"2021-11-05T11:27:22+00:00\",\"description\":\"Store Van produit et \u00e9quipe tous les espaces int\u00e9rieurs, en ayant recours \u00e0 des solutions et des accessoires con\u00e7us en fonction de chaque type de demande.\",\"breadcrumb\":{\"@id\":\"https:\/\/www.storevan.com\/fr\/societe\/#breadcrumb\"},\"inLanguage\":\"fr-FR\",\"potentialAction\":[{\"@type\":\"ReadAction\",\"target\":[\"https:\/\/www.storevan.com\/fr\/societe\/\"]}]},{\"@type\":\"BreadcrumbList\",\"@id\":\"https:\/\/www.storevan.com\/fr\/societe\/#breadcrumb\",\"itemListElement\":[{\"@type\":\"ListItem\",\"position\":1,\"name\":\"Home\",\"item\":\"https:\/\/www.storevan.com\/fr\/\"},{\"@type\":\"ListItem\",\"position\":2,\"name\":\"Soci\u00e9t\u00e9\"}]},{\"@type\":\"WebSite\",\"@id\":\"https:\/\/www.storevan.com\/pl\/#website\",\"url\":\"https:\/\/www.storevan.com\/pl\/\",\"name\":\"Store Van\",\"description\":\"Am\u00e9nagements fourgons\",\"potentialAction\":[{\"@type\":\"SearchAction\",\"target\":{\"@type\":\"EntryPoint\",\"urlTemplate\":\"https:\/\/www.storevan.com\/pl\/?s={search_term_string}\"},\"query-input\":\"required name=search_term_string\"}],\"inLanguage\":\"fr-FR\"}]}<\/script>\n<!-- \/ Yoast SEO plugin. -->","yoast_head_json":{"title":"Store Van est une marque du Groupe FAMI","description":"Store Van produit et \u00e9quipe tous les espaces int\u00e9rieurs, en ayant recours \u00e0 des solutions et des accessoires con\u00e7us en fonction de chaque type de demande.","robots":{"index":"index","follow":"follow","max-snippet":"max-snippet:-1","max-image-preview":"max-image-preview:large","max-video-preview":"max-video-preview:-1"},"canonical":"https:\/\/www.storevan.com\/fr\/societe\/","og_locale":"fr_FR","og_type":"article","og_title":"Store Van est une marque du Groupe FAMI","og_description":"Store Van produit et \u00e9quipe tous les espaces int\u00e9rieurs, en ayant recours \u00e0 des solutions et des accessoires con\u00e7us en fonction de chaque type de demande.","og_url":"https:\/\/www.storevan.com\/fr\/societe\/","og_site_name":"Store Van","article_modified_time":"2021-11-05T11:27:22+00:00","og_image":[{"url":"https:\/\/www.storevan.com\/wp-content\/uploads\/2015\/12\/1-tec1big-300x182.jpg"}],"twitter_misc":{"Dur\u00e9e de lecture estim\u00e9e":"3 minutes"},"schema":{"@context":"https:\/\/schema.org","@graph":[{"@type":"WebPage","@id":"https:\/\/www.storevan.com\/fr\/societe\/","url":"https:\/\/www.storevan.com\/fr\/societe\/","name":"Store Van est une marque du Groupe FAMI","isPartOf":{"@id":"https:\/\/www.storevan.com\/pl\/#website"},"datePublished":"2015-12-10T10:17:48+00:00","dateModified":"2021-11-05T11:27:22+00:00","description":"Store Van produit et \u00e9quipe tous les espaces int\u00e9rieurs, en ayant recours \u00e0 des solutions et des accessoires con\u00e7us en fonction de chaque type de demande.","breadcrumb":{"@id":"https:\/\/www.storevan.com\/fr\/societe\/#breadcrumb"},"inLanguage":"fr-FR","potentialAction":[{"@type":"ReadAction","target":["https:\/\/www.storevan.com\/fr\/societe\/"]}]},{"@type":"BreadcrumbList","@id":"https:\/\/www.storevan.com\/fr\/societe\/#breadcrumb","itemListElement":[{"@type":"ListItem","position":1,"name":"Home","item":"https:\/\/www.storevan.com\/fr\/"},{"@type":"ListItem","position":2,"name":"Soci\u00e9t\u00e9"}]},{"@type":"WebSite","@id":"https:\/\/www.storevan.com\/pl\/#website","url":"https:\/\/www.storevan.com\/pl\/","name":"Store Van","description":"Am\u00e9nagements fourgons","potentialAction":[{"@type":"SearchAction","target":{"@type":"EntryPoint","urlTemplate":"https:\/\/www.storevan.com\/pl\/?s={search_term_string}"},"query-input":"required name=search_term_string"}],"inLanguage":"fr-FR"}]}},"_links":{"self":[{"href":"https:\/\/www.storevan.com\/fr\/wp-json\/wp\/v2\/pages\/25550"}],"collection":[{"href":"https:\/\/www.storevan.com\/fr\/wp-json\/wp\/v2\/pages"}],"about":[{"href":"https:\/\/www.storevan.com\/fr\/wp-json\/wp\/v2\/types\/page"}],"author":[{"embeddable":true,"href":"https:\/\/www.storevan.com\/fr\/wp-json\/wp\/v2\/users\/470"}],"replies":[{"embeddable":true,"href":"https:\/\/www.storevan.com\/fr\/wp-json\/wp\/v2\/comments?post=25550"}],"version-history":[{"count":7,"href":"https:\/\/www.storevan.com\/fr\/wp-json\/wp\/v2\/pages\/25550\/revisions"}],"predecessor-version":[{"id":135602,"href":"https:\/\/www.storevan.com\/fr\/wp-json\/wp\/v2\/pages\/25550\/revisions\/135602"}],"wp:attachment":[{"href":"https:\/\/www.storevan.com\/fr\/wp-json\/wp\/v2\/media?parent=25550"}],"curies":[{"name":"wp","href":"https:\/\/api.w.org\/{rel}","templated":true}]}}