{"id":25544,"date":"2015-12-22T16:05:09","date_gmt":"2015-12-22T15:05:09","guid":{"rendered":"https:\/\/www.storevan.com\/fr\/italy\/"},"modified":"2026-07-30T09:43:55","modified_gmt":"2026-07-30T09:43:55","slug":"italy","status":"publish","type":"page","link":"https:\/\/www.storevan.com\/fr\/societe\/ou-sommes-nous\/italy\/","title":{"rendered":"Italy"},"content":{"rendered":"<h1 class=\"customblackTitleSmall\">O\u00f9 sommes-nous &#8211; Italia<\/h1>\n<p><a id=\"up\"><\/a><br \/>\n<a id=\"veneto\"><\/a><br \/>\n<div class=\"one_third\">\n<table class=\"table\">\n<tbody>\n<tr>\n<td>\n<table>\n<tbody>\n<tr>\n<td><strong>Si\u00e8ge social<\/strong><br \/>\n<a class=\"menusx\" href=\"#veneto\">Veneto<\/a><\/td>\n<\/tr>\n<tr>\n<td><div class=\"demo-sep\" style=\"margin-top: 40px;\"><\/div><\/td>\n<\/tr>\n<tr>\n<td><strong>Filiale<\/strong><br \/>\n<span style=\"color: #c7c5c5; line-height: 28px;\"><strong>ITALIA<\/strong><\/span><br \/>\n<a class=\"menusx\" href=\"https:\/\/www.storevan.com\/fr\/amenagements-filiale-lombardia\/\">Lombardia<\/a><br \/>\n<a class=\"menusx\" href=\"https:\/\/www.storevan.com\/fr\/amenagements-filiale-emilia\/\">Emilia Romagna<\/a><br \/>\n<a class=\"menusx\" href=\"https:\/\/www.storevan.com\/fr\/amenagements-filiale-lazio\/\">Lazio<br \/>\n<\/a><!--<a class=\"menusx\" href=\"https:\/\/www.storevan.com\/allestimento-furgoni-torino-piemonte\/\">Piemonte<\/a>--><\/td>\n<\/tr>\n<\/tbody>\n<\/table>\n<\/td>\n<td><\/td>\n<td><strong>Regions<\/strong><br \/>\n<a class=\"menusx\" href=\"#abruzzo\">Abruzzo<\/a><br \/>\n<a class=\"menusx\" href=\"#basilicata\">Basilicata<\/a><br \/>\n<a class=\"menusx\" href=\"#calabria\">Calabria<\/a><br \/>\n<a class=\"menusx\" href=\"#campania\">Campania<\/a><br \/>\n<a class=\"menusx\" href=\"#emilia-romagna\">Emilia-Romagna<\/a><br \/>\n<a class=\"menusx\" href=\"#friuli-venezia-giulia\">Friuli-Venezia Giulia<\/a><br \/>\n<a class=\"menusx\" href=\"#lazio\">Lazio<\/a><br \/>\n<a class=\"menusx\" href=\"#liguria\">Liguria<\/a><br \/>\n<a class=\"menusx\" href=\"#lombardia\">Lombardia<\/a><br \/>\n<a class=\"menusx\" href=\"#marche\">Marche <\/a><br \/>\n<a class=\"menusx\" href=\"#molise\">Molise<\/a><br \/>\n<a class=\"menusx\" href=\"#piemonte\">Piemonte<\/a><br \/>\n<a class=\"menusx\" href=\"#puglia\">Puglia<\/a><br \/>\n<a class=\"menusx\" href=\"#sardegna\">Sardegna <\/a><br \/>\n<a class=\"menusx\" href=\"#sicilia\">Sicilia<\/a><br \/>\n<a class=\"menusx\" href=\"#toscana\">Toscana<\/a><br \/>\n<a class=\"menusx\" href=\"#trentino-alto-adige\">Trentino-Alto Adige<\/a><br \/>\n<a class=\"menusx\" href=\"#umbria\">Umbria<\/a><br \/>\n<a class=\"menusx\" href=\"#valle-d-aosta\">Valle d\u2019Aosta<\/a><br \/>\n<a class=\"menusx\" href=\"#veneto\">Veneto<\/a><\/td>\n<\/tr>\n<\/tbody>\n<\/table>\n<\/div><div class=\"two_third last\">\n<div id=\"map-wrapper\">\n<p><img decoding=\"async\" id=\"mappa_italia_Map\" src=\"https:\/\/www.storevan.com\/wp-content\/uploads\/2015\/12\/map-italy.png\" alt=\"mappa italia\" usemap=\"#map\" \/><\/p>\n<map name=\"map\">\n<area title=\"Valle d'Aosta\" alt=\"Valle d'Aosta\" coords=\"10,55,10,59,16,63,15,70,19,71,33,67,39,69,46,65,46,58,44,52,37,49,26,53,12,54,10,56\" shape=\"poly\" href=\"#valle-d-aosta\/\" \/>\n<area title=\"Piemonte\" alt=\"Piemonte\" coords=\"29,71,21,73,19,78,18,84,8,89,2,89,4,93,4,98,11,102,15,110,12,114,8,119,10,121,9,127,10,132,13,131,20,136,32,135,36,138,42,139,46,136,53,120,60,121,66,121,68,117,75,120,78,114,87,117,92,115,80,99,76,101,70,95,66,85,66,80,69,78,73,81,77,77,73,71,70,59,70,54,75,47,68,40,66,34,69,29,67,28,57,36,59,41,53,49,48,50,48,58,51,60,50,66,42,72\" shape=\"poly\" href=\"#piemonte\" \/>\n<area title=\"Lombardia\" alt=\"Lombardia\" coords=\"78,47,74,56,73,61,76,66,76,72,80,79,75,86,70,83,69,84,73,95,76,97,78,95,81,96,93,112,94,106,92,104,97,95,102,93,112,95,117,92,122,94,123,97,133,100,139,105,143,100,150,104,154,102,165,104,159,98,157,98,149,88,146,89,142,79,141,72,142,68,149,64,145,62,141,63,134,52,138,47,140,44,140,37,138,34,139,32,142,32,129,24,124,28,129,30,128,41,123,41,120,38,120,35,115,35,113,39,106,38,100,27,98,29,97,41,92,44,89,49,88,53,91,55,88,60,84,60,80,54,78,51,78,47\" shape=\"poly\" href=\"#lombardia\" \/>\n<area title=\"Liguria\" alt=\"Liguria\" coords=\"28,151,29,155,39,155,46,151,52,145,56,138,59,138,64,130,71,125,89,131,110,144,112,143,117,147,118,145,112,141,107,135,103,129,100,131,97,128,98,124,92,120,89,122,82,118,81,121,75,123,71,121,67,124,61,125,57,123,52,133,51,137,46,142,38,142\" shape=\"poly\" href=\"#liguria\" \/>\n<area title=\"Veneto\" alt=\"Veneto\" coords=\"149,67,144,72,146,79,147,85,149,84,157,91,158,94,162,94,169,102,175,103,177,106,183,101,193,102,197,105,199,103,203,108,208,106,201,97,201,94,196,90,201,77,207,73,213,75,215,76,225,69,222,63,216,65,209,62,205,57,205,49,206,46,201,40,211,27,215,25,216,23,209,23,200,27,196,25,196,23,195,27,188,30,187,36,192,43,191,47,185,49,183,56,175,55,168,60,164,68,154,71,150,67\" shape=\"poly\" href=\"#veneto\" \/>\n<area title=\"Emilia Romagna\" alt=\"Emilia Romagna\" coords=\"93,117,102,119,102,127,105,127,108,129,113,124,121,126,121,130,129,135,137,138,139,142,145,140,150,145,154,141,160,144,169,137,183,145,181,151,182,157,192,161,194,153,200,153,208,150,214,156,216,155,201,139,197,124,197,113,199,109,197,107,183,106,179,110,171,106,156,107,152,108,144,106,140,108,122,101,118,98,107,99,105,97,100,98,97,103,99,105,99,113,93,117\" shape=\"poly\" href=\"#emilia-romagna\" \/>\n<area title=\"Toscana\" alt=\"Toscana\" coords=\"110,132,123,144,123,148,129,155,130,175,139,188,137,200,143,200,147,204,146,209,152,211,161,222,161,227,166,228,168,225,172,226,173,219,178,217,179,212,176,207,183,206,187,197,185,189,190,186,193,185,188,181,191,175,198,166,195,164,189,165,179,159,175,151,177,147,169,143,164,149,154,148,149,151,144,145,140,147,130,140,120,134,116,131,115,128\" shape=\"poly\" href=\"#toscana\" \/>\n<area title=\"Sardegna\" alt=\"Sardegna\" coords=\"53,361,52,367,50,373,51,379,49,381,51,386,54,387,56,392,57,395,60,393,64,396,70,391,71,383,71,378,76,382,78,380,83,381,90,386,90,380,93,380,98,342,96,336,95,333,97,328,101,324,103,321,102,318,100,313,98,309,98,305,95,303,94,301,95,297,93,296,93,293,90,292,88,288,86,289,84,285,82,290,76,292,75,294,72,296,71,299,62,302,60,305,56,306,47,303,44,305,46,307,46,312,46,311,49,312,51,317,53,326,55,335,56,339,51,345,57,347,57,359,54,361,52,359\" shape=\"poly\" href=\"#sardegna\" \/>\n<area title=\"Puglia\" alt=\"Puglia\" coords=\"308,254,340,253,344,254,340,260,333,264,333,271,336,276,349,282,382,294,394,305,405,307,413,312,422,320,431,328,434,336,432,339,430,348,426,347,421,343,420,336,416,333,414,327,409,325,398,327,389,323,393,320,388,317,378,317,373,321,370,318,369,307,358,305,355,307,348,299,343,298,342,295,333,287,329,290,324,289,321,291,313,290,313,287,313,285,310,281,308,280,308,276,301,270,309,264,306,259,306,256\" shape=\"poly\" href=\"#puglia\" \/>\n<area title=\"Campania\" alt=\"Campania\" coords=\"259,287,262,292,264,298,266,304,270,306,274,304,283,309,283,314,291,312,298,315,304,327,302,332,304,336,310,337,317,345,320,340,325,340,327,336,331,333,327,328,323,325,318,317,313,307,314,301,319,301,321,297,319,294,312,293,308,291,309,286,305,284,303,281,302,277,302,275,297,278,288,282,270,275,269,280,264,279,261,277,260,282\" shape=\"poly\" href=\"#campania\" \/>\n<area title=\"Calabria\" alt=\"Calabria\" coords=\"334,348,335,353,336,360,339,367,345,374,347,386,351,394,353,397,354,407,350,411,339,412,342,413,342,422,339,430,333,433,333,443,336,445,340,444,345,445,348,441,348,437,353,430,355,425,363,423,362,408,362,405,372,394,385,394,387,393,383,390,384,374,374,368,372,365,362,365,358,354,362,346,362,340,359,340,356,351,342,352,340,347\" shape=\"poly\" href=\"#calabria\" \/>\n<area title=\"Basilicata\" alt=\"Basilicata\" coords=\"317,305,319,310,326,324,332,326,335,332,334,336,331,342,332,345,337,343,342,343,344,346,345,347,351,346,355,344,355,336,363,336,371,325,367,322,365,310,363,309,359,310,357,312,345,302,341,303,336,299,337,295,334,293,329,295,325,293,326,297,324,302,322,305\" shape=\"poly\" href=\"#basilicata\" \/>\n<area title=\"Molise\" alt=\"Molise\" coords=\"274,256,272,258,274,261,267,265,263,265,265,269,265,274,269,271,277,274,283,276,289,276,293,274,298,273,296,266,299,263,303,261,301,254,302,253,293,249,290,253,282,263,277,258\" shape=\"poly\" href=\"#molise\" \/>\n<area title=\"Trentino Alto Adige\" alt=\"Trentino Alto Adige\" coords=\"139,18,142,21,142,26,146,30,147,35,145,37,144,48,141,53,141,60,148,57,153,58,155,63,154,66,159,65,162,60,164,54,176,49,179,52,181,44,187,44,182,38,182,34,184,31,183,27,186,25,189,25,191,21,194,18,197,19,199,22,205,21,200,16,198,14,200,11,194,9,193,4,184,7,179,6,174,8,166,7,163,12,160,17,154,17,149,16,147,12,142,13\" shape=\"poly\" href=\"#trentino-alto-adige\" \/>\n<area title=\"Sicilia\" alt=\"Sicilia\" coords=\"206,456,207,459,213,464,224,464,228,467,234,468,242,476,248,478,256,485,261,486,263,487,267,487,276,489,282,493,287,502,291,503,296,506,301,505,306,506,309,507,311,508,309,504,309,501,311,496,316,490,313,486,312,481,309,479,307,476,307,471,307,467,310,465,311,458,311,455,317,448,323,438,324,434,326,431,321,435,314,437,311,440,306,439,303,439,296,439,293,442,282,446,277,447,265,446,261,448,249,446,245,443,240,442,238,437,232,439,231,443,223,447,216,441,213,444,209,445\" shape=\"poly\" href=\"#sicilia\" \/>\n<area title=\"Friuli Venezia Giulia\" alt=\"Friuli Venezia Giulia\" coords=\"208,51,213,59,219,59,226,59,228,63,238,64,242,66,244,64,252,71,254,70,245,63,247,57,243,55,242,52,247,46,244,44,241,45,238,40,241,35,244,33,246,30,248,30,249,28,237,27,235,28,229,26,225,26,220,25,219,28,216,31,212,33,210,37,207,38,210,42,211,48\" shape=\"poly\" href=\"#friuli-venezia-giulia\" \/>\n<area title=\"Umbria\" alt=\"Umbria\" coords=\"197,189,193,189,192,192,189,193,191,196,192,199,189,202,191,204,190,206,187,208,190,211,189,213,190,215,197,215,201,220,201,223,205,223,206,227,208,228,210,228,210,226,211,224,213,225,215,223,219,221,220,219,225,218,228,216,231,216,231,213,234,211,231,211,227,207,225,209,223,207,223,204,221,204,221,200,219,196,218,193,219,192,216,184,215,181,211,181,209,181,206,177,203,177,202,175,200,175,199,172,197,174,194,179,199,184,200,188,199,189\" shape=\"poly\" href=\"#umbria\" \/>\n<area title=\"Lazio\" alt=\"Lazio\" coords=\"170,230,176,233,184,246,187,247,197,255,198,261,201,263,204,263,212,274,214,274,217,277,222,277,229,285,231,284,233,284,237,282,241,283,245,286,246,284,253,285,256,283,256,279,256,275,262,272,261,269,259,266,252,262,250,261,248,262,245,263,244,260,242,261,241,259,237,259,237,258,237,254,230,251,227,251,225,248,225,243,227,241,229,239,233,240,235,241,236,240,233,238,233,235,230,234,230,230,228,229,229,227,230,225,229,224,229,222,232,220,237,220,238,218,237,217,235,214,234,215,234,217,229,220,227,221,223,221,220,225,219,226,218,228,217,229,214,230,212,232,205,232,203,230,202,227,200,227,197,223,196,222,196,219,189,219,185,216,185,214,186,213,184,211,183,212,183,214,183,219,180,221,177,223,174,223,176,225,177,228,174,229,171,229\" shape=\"poly\" href=\"#lazio\" \/>\n<area title=\"Marche\" alt=\"Marche\" coords=\"220,156,233,168,240,171,245,174,255,196,256,204,254,204,250,208,245,208,241,212,240,213,238,212,237,208,233,207,230,203,227,203,225,201,224,197,224,196,222,195,223,191,221,189,219,182,219,176,211,176,208,172,205,172,203,168,199,170,203,167,203,163,196,160,196,158,197,157,199,157,203,156,205,159,207,159,210,157,210,160,212,161,215,162,218,157\" shape=\"poly\" href=\"#marche\" \/>\n<area title=\"Abruzzo\" alt=\"Abruzzo\" coords=\"257,207,261,215,268,226,276,233,284,241,288,242,290,246,288,249,281,259,281,255,275,251,272,252,270,254,268,255,267,260,263,262,259,261,255,257,251,257,248,258,246,258,243,256,241,256,241,252,235,248,230,247,228,245,230,244,234,245,239,244,242,240,238,235,236,233,233,232,234,224,234,223,240,223,242,221,242,217,245,215,247,212,251,212,253,211,254,209\" shape=\"poly\" href=\"#abruzzo\" \/> <\/map>\n<\/div>\n<\/div><div class=\"clearboth\"><\/div>\n<a id=\"friuli-venezia-giulia\"><\/a><\/p>\n<h2><strong>VENETO<\/strong><\/h2>\n<div class=\"tab-holder shortcode-tabs\"><div class=\"tab-hold tabs-wrapper\"><ul id=\"tabs\" class=\"tabset tabs nav-tabs\"><li><a href=\"#tab1\" data-toggle=\"tab\">Si\u00e8ge social<\/a><\/li><li><a href=\"#tab2\" data-toggle=\"tab\">Resp. de zone<\/a><\/li><li><a href=\"#tab3\" data-toggle=\"tab\">Installateurs autoris\u00e9s<\/a><\/li><\/ul><div class=\"tab-box tabs-container\">\n<div id=\"tab1\" class=\"tab tab_content\">\n<div class=\"one_half last\">\n<p><strong>ROS\u00c0, <strong>VICENZA<\/strong><\/strong><\/p>\n<p>FAMI S.r.l.<br \/>\nVia Stazione Rossano, 13 &#8211; 36027 Ros\u00e0 (VI)<br \/>\nTel. \u00a0+39 0424 585455 &#8211; Fax.\u00a0+39 0424 585482<br \/>\n<a href=\"mailto:info@storevan.com\">info@storevan.com<\/a><\/p>\n<p><strong>Geographic coordinates:<br \/>\nN 45.702833\u00a0E 11.785122<\/strong><\/p>\n<\/div><div class=\"clearboth\"><\/div>\n<\/div>\n<div id=\"tab2\" class=\"tab tab_content\">\n<div class=\"one_fourth\">\n<p><strong>PADOVA, VICENZA, VENEZIA<\/strong><\/p>\n<p>Simone Livio<br \/>\n<a href=\"mailto:simone.livio@storevan.it\">simone.livio@storevan.it<\/a><br \/>\nMob +39 348 3102014<\/p>\n<\/div><div class=\"one_fourth\">\n<p><strong>BELLUNO,\u00a0TREVISO<\/strong><\/p>\n<p>Massimo Pin<br \/>\n<a href=\"mailto:massimo.pin@storevan.it\">massimo.pin@storevan.it<\/a><br \/>\nMob +39 340 2244454<strong><br \/>\n<\/strong><\/p>\n<\/div><div class=\"one_fourth\">\n<p><strong>VERONA<\/strong><\/p>\n<p>Marco Tezza<br \/>\n<a href=\"mailto:marco.tezza@storevan.it\">marco.tezza@storevan.it<\/a><br \/>\nMob +39 331 8887083<\/p>\n<\/div><div class=\"one_fourth last\">\n<p><strong>ROVIGO<\/strong><\/p>\n<p>Mauro Manizza<br \/>\n<a href=\"mailto:mauro.manizza@storevan.it\">mauro.manizza@storevan.it<\/a><br \/>\nMob +39 366 9011216<\/p>\n<\/div><div class=\"clearboth\"><\/div>\n<\/div>\n<div id=\"tab3\" class=\"tab tab_content\">\n<div class=\"one_fourth\">\n<p><strong>AUTO31 SERVICE S.r.l.<\/strong><br \/>\nVia Lussemburgo, 31<br \/>\n35127 Padova (PD)<br \/>\nTel.  +39 049 760687<br \/>\nFax. +39 049 760304<br \/>\nRepr\u00e9sentant des ventes : Stefano Turato<br \/>\n<a href=\"mailto:stefano.turato@auto31service.it\">stefano.turato@auto31service.it<\/a><\/p>\n<\/div><div class=\"one_fourth\">\n<p><strong>BOX GROUP<br \/>\n<\/strong>Viale Italia, 315<br \/>\n31015 Conegliano (TV)<br \/>\nTel.  +39 0438 303156<br \/>\n<a href=\"mailto:info@boxgroup.itroup.it\"><span style=\"color: #000000;\">info@boxgroup.it<\/span><\/a><br \/>\n<a href=\"https:\/\/www.boxgroup.it\/\" rel=\"nofollow noreferrer\">www.boxgroup.it<\/a><br \/>\nRepr\u00e9sentant des ventes : Federico Girardi<br \/>\nMob +39 335 8184076<\/p>\n<\/div><div class=\"one_fourth\">\n<p><strong>CARROZZERIA FASANI E CASAROTTI S.n.c.<\/strong><br \/>\nVia G. Carducci, 36 Loc. Pozzo<br \/>\n37059 Campagnola di Zevio (VR)<br \/>\nTel.  +39 045 8753245<br \/>\nMob +39 349 3222510<br \/>\n<a href=\"mailto:allestimenti@fasaniecasarotti.it\">allestimenti@fasaniecasarotti.it<\/a><br \/>\n<a href=\"https:\/\/www.fasaniecasarotti.it\/\">www.fasaniecasarotti.it<\/a><\/p>\n<\/div>\n<div class=\"one_fourth last\">\n<p><strong>CARROZZERIA VIALE di Muraro Roberto<\/strong><br \/>\nVia G. Galilei, 2<br \/>\n0542 Este (PD)<br \/>\nTel.  +39 0429 670654<br \/>\nTel.  e Fax. 0429 3730<br \/>\n<a href=\"mailto:car_viale@tin.it\">car_viale@tin.it<\/a><br \/>\nRepr\u00e9sentant des ventes : Roberto Muraro<br \/>\nMob +39 333 7448991<\/p>\n<\/div><div class=\"clearboth\"><\/div>\n<div class=\"one_fourth last\">\n<p><strong>POLAR<\/strong><br \/>\nVia Marconi, 34<br \/>\n37010 Affi (VR)<br \/>\nTel.  +39 045 6245912<br \/>\n<a href=\"mailto:info@polarspecialcar.it\">info@polarspecialcar.it<\/a><\/p>\n<\/div><div class=\"clearboth\"><\/div>\n<\/div>\n<\/div><\/div><\/div>\n<div class=\"demo-sep\" style=\"margin-top: 30px;\"><\/div>\n<a id=\"trentino-alto-adige\"><\/a><\/p>\n<h2><strong>FRIULI VENEZIA GIULIA<\/strong><\/h2>\n<div class=\"tab-holder shortcode-tabs\"><div class=\"tab-hold tabs-wrapper\"><ul id=\"tabs\" class=\"tabset tabs nav-tabs\"><li><a href=\"#tab11\" data-toggle=\"tab\">Resp. de zone<\/a><\/li><li><a href=\"#tab12\" data-toggle=\"tab\">Installateurs autoris\u00e9s<\/a><\/li><\/ul><div class=\"tab-box tabs-container\">\n<div id=\"tab11\" class=\"tab tab_content\">\n<p><strong>GORIZIA, PORDENONE, TRIESTE, UDINE<\/strong><\/p>\n<p>Massimo Pin<br \/>\n<a href=\"mailto:massimo.pin@storevan.it\">massimo.pin@storevan.it<\/a><br \/>\nMob +39 340 2244454<\/p>\n<\/div>\n<div id=\"tab12\" class=\"tab tab_content\">\n<div class=\"one_third last\">\n<p><strong>Carrozzeria Cannella<\/strong><br \/>\nVia Duca D&rsquo;Aosta, 1<br \/>\n33044 Manzano (UD)<br \/>\nMob +39 329 4618147<br \/>\n<a href=\"mailto:info@carrozzeriacannella.it\">info@carrozzeriacannella.it<\/a><br \/>\n<\/div><div class=\"clearboth\"><\/div>\n<\/div>\n<\/div><\/div><\/div>\n<p><a id=\"friuli-venezia-giulia\"><\/a><br \/>\n<a id=\"lombardia\"><\/a><br \/>\n<div class=\"demo-sep\" style=\"margin-top: 30px;\"><\/div>\n<h2><strong>TRENTINO ALTO ADIGE<\/strong><\/h2>\n<div class=\"tab-holder shortcode-tabs\"><div class=\"tab-hold tabs-wrapper\"><ul id=\"tabs\" class=\"tabset tabs nav-tabs\"><li><a href=\"#tab21\" data-toggle=\"tab\">Resp. de zone<\/a><\/li><li><a href=\"#tab22\" data-toggle=\"tab\">Installateurs autoris\u00e9s<\/a><\/li><\/ul><div class=\"tab-box tabs-container\">\n<div id=\"tab21\" class=\"tab tab_content\">\n<p><strong><span style=\"color: #ff9900;\">TRENTO, BOLZANO<\/span><\/strong><\/p>\n<p><strong>MARTIN TERZER<\/strong><br \/>\n<a href=\"mailto:martin.terzer@storevan.it\">martin.terzer@storevan.it<\/a><br \/>\nMob +39 331 6770814<\/p>\n<\/div>\n<div id=\"tab22\" class=\"tab tab_content\">\n<div class=\"one_half last\">\n<strong><span style=\"color: #ff9900;\">BOLZANO<\/span><\/strong><br \/>\n<strong>TEBO ATTREZZATURE S.a.s.<\/strong><br \/>\nVia del Vigneto, 31\/c<br \/>\n39100 Bolzano (BZ)<br \/>\nTel.  +39 0471 1700970<br \/>\nFax. +39 0471 1700950<br \/>\n<a href=\"mailto:info@teboattrezzature.it\">info@teboattrezzature.it<\/a><br \/>\n<a href=\"http:\/\/www.teboattrezzature.it\">www.teboattrezzature.it<\/a><\/p>\n<p>Repr\u00e9sentant des ventes : Silvano Tessaro<br \/>\nMob +39 389 1112097<br \/>\n<a href=\"mailto:silvano@teboattrezzature.it\">silvano@teboattrezzature.it<\/a><br \/>\nRepr\u00e9sentant des ventes : Davide Bompede<br \/>\nMob +39 349 6555317<br \/>\n<\/div><div class=\"clearboth\"><\/div>\n<\/div>\n<\/div><\/div><\/div>\n<p><a id=\"emilia-romagna\"><\/a><br \/>\n<div class=\"demo-sep\" style=\"margin-top: 30px;\"><\/div>\n<h2><strong>LOMBARDIA<\/strong><\/h2>\n<div class=\"tab-holder shortcode-tabs\"><div class=\"tab-hold tabs-wrapper\"><ul id=\"tabs\" class=\"tabset tabs nav-tabs\"><li><a href=\"#tab31\" data-toggle=\"tab\">Si\u00e8ge social et Resp. de zone<\/a><\/li><\/ul><div class=\"tab-box tabs-container\">\n<div id=\"tab31\" class=\"tab tab_content\">\n<div class=\"col-xs-12 col-md-6 col-lg-6\">\n<div class=\"col-md-12\" style=\"height:150px;\">\n\t<strong>LOMBARDIA &#8211; Rivolta d&rsquo;Adda<\/strong><\/p>\n<p>\tVia delle Arti e Mestieri, 3<br \/>\n\t26027 Rivolta d&rsquo;Adda (CR)<br \/>\n\tTel.  +39 0363 79934<br \/>\n\t<span class=\"TESTOdodici\"><a href=\"mailto:info.rivolta@storevan.it\">info.rivolta@storevan.it <\/a><\/span>\n\t<\/div>\n<hr class=\"noColor\" style=\"margin-bottom:20px; clear:both;\"\/>\n<div class=\"col-xs-12 col-md-6 col-lg-6\">\n\t<strong><span style=\"color: #ff9900;\">MILANO, VARESE, COMO, LECCO, SONDRIO, MONZA BRIANZA<\/span><\/strong><br \/>\n\tRepr\u00e9sentant des ventes : ANDREA CARONNI<br \/>\n\t<a href=\"mailto:andrea.caronni@storevan.it\">andrea.caronni@storevan.it<\/a><br \/>\n\tMob +39 337 1608160\n\t<\/div>\n<div class=\"col-xs-12 col-md-6 col-lg-6\">\n\t<strong><span style=\"color: #ff9900;\">PAVIA<\/span><\/strong><br \/>\n\tRepr\u00e9sentant des ventes : DANIELE SPAGNOLO<br \/>\n\t<a href=\"mailto:daniele.spagnolo@storevan.it\">daniele.spagnolo@storevan.it<\/a><br \/>\n\tMob +39 335 1510978\n\t<\/div>\n<hr class=\"noColor\" style=\"clear:both;\"\/>\n<div class=\"col-xs-12 col-md-6 col-lg-6\">\n\t<strong><span style=\"color: #ff9900;\">LODI<\/span><\/strong><br \/>\n\tRepr\u00e9sentant des ventes : MORENO FONTANESI<br \/>\n\t<a href=\"mailto:moreno.fontanesi@storevan.it\">moreno.fontanesi@storevan.it<\/a><br \/>\n\tMob +39 335 7014833\n\t<\/div>\n<div class=\"col-xs-12 col-md-6 col-lg-6\">\n\t<strong><span style=\"color: #ff9900;\">BERGAMO, CREMONA<\/span><\/strong><br \/>\n\tRepr\u00e9sentant des ventes : MATTEO BOSCARATO<br \/>\n\t<a href=\"mailto:matteo.boscarato@storevan.it\">matteo.boscarato@storevan.it<\/a><br \/>\n\tMob. +39 346 0795016\n\t<\/div>\n<\/div>\n<div class=\"col-xs-12 col-md-6 col-lg-6\">\n<div class=\"col-md-12\" style=\"height:150px;\">\n\t\t<strong>LOMBARDIA &#8211; Brescia<\/strong><\/p>\n<p>\t\tVia del Mella, 67<br \/>\n\t\t25131 Brescia (BS)<br \/>\n\t\tTel.  +39 030 5900014<br \/>\n\t\t<a href=\"mailto:info.brescia@storevan.it\">info.brescia@storevan.it <\/a>\n\t<\/div>\n<hr class=\"noColor\" style=\"margin-bottom:20px;clear:both;\"\/>\n<div class=\"col-xs-12 col-md-6 col-lg-6\">\n\t\t<strong><span style=\"color: #ff9900;\">BRESCIA, MANTOVA<\/span><\/strong><br \/>\n\t\tRepr\u00e9sentant des ventes : ALESSANDRO LONGONI<br \/>\n\t\t<a href=\"mailto:alessandro.longoni@storevan.it\">alessandro.longoni@storevan.it <\/a><br \/>\n\t\tMob. +39 338 6166687\n\t<\/div>\n<div class=\"col-xs-12 col-md-6 col-lg-6\">\n\t\t<strong><span style=\"color: #ff9900;\">BRESCIA<\/span><\/strong><br \/>\n\t\tRepr\u00e9sentant des ventes : MARCO TEZZA<br \/>\n\t\t<a href=\"mailto:marco.tezza@storevan.it\">marco.tezza@storevan.it <\/a><br \/>\n\t\tMob. +39 331 8887083\n\t<\/div>\n<\/div>\n<hr class=\"noColor\" style=\"clear:both;\"\/>\n<hr class=\"noColor\"\/>\n<\/div>\n<\/div><\/div><\/div>\n<p><a id=\"lazio\"><\/a><br \/>\n<div class=\"demo-sep\" style=\"margin-top: 30px;\"><\/div>\n<h2><strong>EMILIA ROMAGNA<\/strong><\/h2>\n<div class=\"tab-holder shortcode-tabs\"><div class=\"tab-hold tabs-wrapper\"><ul id=\"tabs\" class=\"tabset tabs nav-tabs\"><li><a href=\"#tab41\" data-toggle=\"tab\">FILIALE<\/a><\/li><li><a href=\"#tab43\" data-toggle=\"tab\">Installateurs autoris\u00e9s<\/a><\/li><\/ul><div class=\"tab-box tabs-container\">\n<div id=\"tab41\" class=\"tab tab_content\">\n<div class=\"one_half last\">\n<p>FAMI S.r.l.<br \/>\nVia Guido Rossa, 13 &#8211; 40069\u00a0<strong>Zola Predosa<\/strong>\u00a0(BO)<br \/>\nTel.  +39 051 734826 &#8211; Fax. +39 051 6504609<br \/>\n<a href=\"mailto:commerciale.bologna@storevan.it\">commerciale.bologna@storevan.it<\/a><br \/>\n<a href=\"https:\/\/www.storevan.com\/\">www.storevan.com<\/a><\/p>\n<p><strong>Geographic coordinates:<br \/>\nN 44.498068 E 11.245103<\/strong><br \/>\n<\/div><div class=\"clearboth\"><\/div>\n<div class=\"one_third\">\n<strong><span style=\"color: #ff9900;\">BOLOGNA, MODENA<\/span><\/strong><br \/>\nRepr\u00e9sentant des ventes : MIRCO GALLONI<br \/>\n<a href=\"mailto:mirco.galloni@storevan.it\">mirco.galloni@storevan.it<\/a><br \/>\nMob +39 392 9791956<br \/>\n<\/div>\n<div class=\"one_third\">\n<strong><span style=\"color: #ff9900;\">REGGIO EMILIA, PARMA, PIACENZA<\/span><\/strong><br \/>\nRepr\u00e9sentant des ventes : MORENO FONTANESI<br \/>\n<a href=\"mailto:moreno.fontanesi@storevan.it\">moreno.fontanesi@storevan.it<\/a><br \/>\nMob +39 335 7014833<br \/>\n<\/div>\n<div class=\"one_third last\">\n<strong><span style=\"color: #ff9900;\">FERRARA, FORL\u00cc-CESENA, RAVENNA, RIMINI<\/span><\/strong><br \/>\nRepr\u00e9sentant des ventes : MAURO MANIZZA<br \/>\n<a href=\"mailto:mauro.manizza@storevan.it\">mauro.manizza@storevan.it<\/a><br \/>\nMob +39 366 9011216<br \/>\n<\/div><div class=\"clearboth\"><\/div>\n<\/div>\n<div id=\"tab43\" class=\"tab tab_content\">\n<div class=\"one_half\">\n<p><strong>AUTOCARROZZERIA COMANI PIETRO<br \/>\n<\/strong>Via Amendola, 2\/b-g<br \/>\n40011 Anzola dell\u2019Emilia (BO)<br \/>\nTel.  +39 051 731078<br \/>\nFax. +39 051 6504967<br \/>\nRepr\u00e9sentant des ventes : Comani Pietro<\/p>\n<\/div>\n<div class=\"one_half last\">\n<p><strong>CARROZZERIA POLETTI &amp; C. S.n.c.<\/strong><br \/>\nPiazza G. di\u00a0Vittorio, 15<br \/>\n43018 Sissa (PR)<br \/>\nTel.  +39 0521 879109<br \/>\nFax. +39 0521 379052<br \/>\n<a href=\"mailto:carrozzeria.poletti@alice.it\">carrozzeria.poletti@alice.it<\/a><br \/>\n<a href=\"https:\/\/carrozzeriapoletti.it\/\">carrozzeriapoletti.it<\/a><\/p>\n<p>Repr\u00e9sentant des ventes : Michele<\/p>\n<\/div><div class=\"clearboth\"><\/div>\n<\/div>\n<\/div><\/div><\/div>\n<p><a id=\"abruzzo\"><\/a><br \/>\n<div class=\"demo-sep\" style=\"margin-top: 30px;\"><\/div>\n<h2><strong>LAZIO<\/strong><\/h2>\n<div class=\"tab-holder shortcode-tabs\"><div class=\"tab-hold tabs-wrapper\"><ul id=\"tabs\" class=\"tabset tabs nav-tabs\"><li><a href=\"#tab51\" data-toggle=\"tab\">FILIALE<\/a><\/li><\/ul><div class=\"tab-box tabs-container\">\n<div id=\"tab51\" class=\"tab tab_content\">\n<div class=\"one_half last\">\n<p><strong>FAMI S.r.l.<br \/>\n<\/strong>Via Pieve Torina, 58\/60 &#8211; 00156 <strong>Roma<\/strong> (RM)<br \/>\nTel.  +39 06 41205491 &#8211; Fax. +39 06 41204138<br \/>\n<a href=\"mailto:info.roma@storevan.it\">info.roma@storevan.it<\/a>\u00a0&#8211; <a href=\"https:\/\/www.storevan.com\/\">www.storevan.com<\/a><\/p>\n<p><strong>Geographic coordinates:<br \/>\nN 41.93437 E 12.58924<\/strong><\/p>\n<\/div><div class=\"clearboth\"><\/div>\n<div class=\"one_half\">\n<p><span style=\"color: #ff9900;\"><strong>ROMA, FROSINONE, LATINA, RIETI, VITERBO<\/strong><\/span><br \/>\nRepr\u00e9sentant des ventes : Fabrizio Colangeli<br \/>\nMob +39 331 6729414<br \/>\n<a href=\"mailto:fabrizio.colangeli@storevan.it\">fabrizio.colangeli@storevan.it<\/a><br \/>\n<\/div>\n<div class=\"one_half last\">\n<p><span style=\"color: #ff9900;\"><strong>ROMA<\/strong><\/span><br \/>\nRepr\u00e9sentant des ventes : Tania Onori<br \/>\nMob +39 366 6626327<br \/>\n<a href=\"mailto:Tania.Onori@Storevan.it\">Tania.Onori@Storevan.it<\/a><br \/>\n<\/div><div class=\"clearboth\"><\/div>\n<\/div>\n<div id=\"tab52\" class=\"tab tab_content\">\n<\/div>\n<\/div><\/div><\/div>\n<p><a id=\"basilicata\"><\/a><\/p>\n<hr \/>\n<div class=\"demo-sep\" style=\"margin-top: 30px;\"><\/div>\n<h2><strong>ABRUZZO<\/strong><\/h2>\n<p><strong>VITTORIO SCARAMUZZO<\/strong><\/p>\n<p><a href=\"mailto:vittorio.scaramuzzo@storevan.it\">vittorio.scaramuzzo@storevan.it<\/a><br \/>\nMob +39 331 6771147<\/p>\n<p>&nbsp;<\/p>\n<p><a id=\"calabria\"><\/a><\/p>\n<hr \/>\n<div class=\"demo-sep\" style=\"margin-top: 30px;\"><\/div>\n<h2><strong>BASILICATA<\/strong><\/h2>\n<div class=\"one_half last\">\n<p><strong>BIELLE RAPPRESENTANZE<br \/>\n<\/strong>Via San Giuseppe, 14<br \/>\n70019 Triggiano (BA)<br \/>\nRepr\u00e9sentant des ventes : Leonardo Buttiglione<br \/>\nMob +39 329 4545274<br \/>\n<a href=\"mailto:leo.buttiglione@gmail.com\">leo.buttiglione@gmail.com<\/a><\/p>\n<\/div><div class=\"clearboth\"><\/div>\n<p><a id=\"campania\"><\/a><\/p>\n<hr \/>\n<div class=\"demo-sep\" style=\"margin-top: 30px;\"><\/div>\n<h2><strong>CALABRIA<\/strong><\/h2>\n<p>BIELLE RAPPRESENTANZE<br \/>\nVia San Giuseppe, 14<br \/>\n70019 Triggiano (BA)<br \/>\nRepr\u00e9sentant des ventes : <strong>Leonardo Buttiglione<\/strong><br \/>\nMob +39 329 4545274<br \/>\n<a href=\"mailto:leo.buttiglione@gmail.com\">leo.buttiglione@gmail.com<\/a><\/p>\n<p>&nbsp;<\/p>\n<p><a id=\"liguria\"><\/a><\/p>\n<hr \/>\n<div class=\"demo-sep\" style=\"margin-top: 30px;\"><\/div>\n<h2><strong>CAMPANIA<\/strong><\/h2>\n<div class=\"tab-holder shortcode-tabs\"><div class=\"tab-hold tabs-wrapper\"><ul id=\"tabs\" class=\"tabset tabs nav-tabs\"><li><a href=\"#tab105\" data-toggle=\"tab\">Resp. de zone<\/a><\/li><li><a href=\"#tab106\" data-toggle=\"tab\">Installateurs autoris\u00e9s<\/a><\/li><\/ul><div class=\"tab-box tabs-container\">\n<div id=\"tab105\" class=\"tab tab_content\">\n<div class=\"one_half last\">\n<strong>VITTORIO SCARAMUZZO<\/strong><\/p>\n<p><a href=\"mailto:vittorio.scaramuzzo@storevan.it\">vittorio.scaramuzzo@storevan.it<\/a><br \/>\nMob +39 331 6771147<br \/>\n<\/div><div class=\"clearboth\"><\/div>\n<\/div>\n<div id=\"tab106\" class=\"tab tab_content\">\n<div class=\"one_half last\">\n<p><span style=\"color: #ff9900;\"><strong>SALERNO<\/strong><\/span><\/p>\n<p><strong>Amato Allestimenti <\/strong><br \/>\nVia Giovanni Pepe, 13<br \/>\n84014 Nocera Inferiore (SA)<br \/>\nTel.  +39 081 925169<br \/>\n<a href=\"mailto:info@amatoallestimenti.it\">info@amatoallestimenti.it <\/a><\/p>\n<\/div><div class=\"clearboth\"><\/div>\n<\/div>\n<\/div><\/div><\/div>\n<a id=\"marche\"><\/a><br \/>\n<div class=\"demo-sep\" style=\"margin-top: 30px;\"><\/div>\n<div class=\"demo-sep\" style=\"margin-top: 30px;\"><\/div>\n<hr \/>\n<div class=\"demo-sep\" style=\"margin-top: 30px;\"><\/div>\n<h2><strong>LIGURIA<\/strong><\/h2>\n<div class=\"tab-holder shortcode-tabs\"><div class=\"tab-hold tabs-wrapper\"><ul id=\"tabs\" class=\"tabset tabs nav-tabs\"><li><a href=\"#tab61\" data-toggle=\"tab\">Resp. de zone<\/a><\/li><\/ul><div class=\"tab-box tabs-container\">\n<div id=\"tab61\" class=\"tab tab_content\">\n<div class=\"one_half\">\n<p><strong><span style=\"color: #ff9900;\">GENOVA, IMPERIA, SAVONA<\/span><\/strong><\/p>\n<p><strong>ENRICO MACINA<br \/>\n<\/strong>Mob +39\u00a0349 0797858<br \/>\n<a href=\"mailto:enrico.macina@storevan.it\">enrico.macina@storevan.it<\/a><br \/>\n<\/div>\n<div class=\"one_half last\">\n<p><strong><span style=\"color: #ff9900;\">LA SPEZIA<\/span><\/strong><\/p>\n<p><strong>AUTOIN3 S.r.l.<\/strong><br \/>\nRepr\u00e9sentant des ventes : Giacomo Capponi<br \/>\nMob +39 347 3798571<br \/>\nVia Piemonte, 2 \u2013 Z.I. Gello<br \/>\n56025 Pontedera (PI)<br \/>\nTel.  +39 0587 290609<br \/>\nFax. +39 0587 294451<br \/>\n<a href=\"mailto:allestimenti@autoin3.it\" title=\"allestimenti@autoin3.it\">allestimenti@autoin3.it<\/a><br \/>\nwww.autoin3.it<br \/>\n<\/div><div class=\"clearboth\"><\/div>\n<\/div>\n<\/div><\/div><\/div>\n<div class=\"demo-sep\" style=\"margin-top: 30px;\"><\/div>\n<hr \/>\n<p><a id=\"molise\"><\/a><br \/>\n<div class=\"demo-sep\" style=\"margin-top: 30px;\"><\/div>\n<h2><strong>MARCHE<\/strong><\/h2>\n<p><strong>DANIELE GIAPPICHINI<\/strong><\/p>\n<p><a href=\"mailto:daniele.giappichini@storevan.it\">daniele.giappichini@storevan.it<\/a><br \/>\nMob +39 338 6731674<\/p>\n<p><a id=\"piemonte\"><\/a><br \/>\n<div class=\"demo-sep\" style=\"margin-top: 30px;\"><\/div>\n<hr \/>\n<div class=\"demo-sep\" style=\"margin-top: 30px;\"><\/div>\n<h2><strong>MOLISE<\/strong><\/h2>\n<p><strong>VITTORIO SCARAMUZZO<\/strong><\/p>\n<p><a href=\"mailto:vittorio.scaramuzzo@storevan.it\">vittorio.scaramuzzo@storevan.it<\/a><br \/>\nMob +39 331 6771147<\/p>\n<p><a id=\"puglia\"><\/a><br \/>\n<div class=\"demo-sep\" style=\"margin-top: 30px;\"><\/div>\n<hr \/>\n<div class=\"demo-sep\" style=\"margin-top: 30px;\"><\/div>\n<h2><strong>PIEMONTE<\/strong><\/h2>\n<div class=\"tab-holder shortcode-tabs\"><div class=\"tab-hold tabs-wrapper\"><ul id=\"tabs\" class=\"tabset tabs nav-tabs\"><li><a href=\"#tab81\" data-toggle=\"tab\">FILIALE<\/a><\/li><li><a href=\"#tab82\" data-toggle=\"tab\">Resp. de zone<\/a><\/li><li><a href=\"#tab83\" data-toggle=\"tab\">Installateurs autoris\u00e9s<\/a><\/li><\/ul><div class=\"tab-box tabs-container\">\n<div id=\"tab81\" class=\"tab tab_content\">\n<p><strong>FAMI S.r.l.<\/strong><br \/>\nStrada del Portone, 61<br \/>\n10037 Torino<br \/>\nTel.  +39 011 30 81 992<br \/>\n<a href=\"mailto:Info.torino@storevan.it\">Info.torino@storevan.it<\/a><\/p>\n<p><strong>ENRICO MACINA<\/strong><br \/>\nMob +39\u00a0349 0797858<br \/>\n<a href=\"mailto:enrico.macina@storevan.it\">enrico.macina@storevan.it<\/a><\/p>\n<\/div>\n<div id=\"tab82\" class=\"tab tab_content\">\n<div class=\"one_half\">\n<p><span style=\"color: #ff9900;\"><strong>BIELLA, ASTI, TORINO, CUNEO<\/strong><\/span><\/p>\n<p><strong>ENRICO MACINA<\/strong><br \/>\nMob +39\u00a0349 0797858<br \/>\n<a href=\"mailto:enrico.macina@storevan.it\">enrico.macina@storevan.it<\/a><\/p>\n<\/div>\n<div class=\"one_half last\">\n<p><span style=\"color: #ff9900;\"><strong>AOSTA, ALESSANDRIA, NOVARA, VERCELLI, VERBANIA<\/strong><\/span><\/p>\n<p><strong>DANIELE SPAGNOLO<\/strong><br \/>\nMob +39 335 1510978<br \/>\n<a href=\"mailto:daniele.spagnolo@storevan.it\">daniele.spagnolo@storevan.it<\/a><\/p>\n<\/div><div class=\"clearboth\"><\/div>\n<\/div>\n<div id=\"tab83\" class=\"tab tab_content\">\n<div class=\"one_third\">\n<p><strong>CARROZZERIA DANTE S.n.c.<br \/>\n<\/strong>(Per la provincia di Asti-Alessandria)<br \/>\nCorso Alessandria, 531\/B<br \/>\n14100 Asti (AT)<br \/>\nTel.  Fax. 0141 271257<br \/>\n<a href=\"mailto:info@carrozzeriadante.it\">info@carrozzeriadante.it<\/a><br \/>\n<a href=\"http:\/\/www.carrozzeriadante.it\/\">www.carrozzeriadante.it<\/a><br \/>\nRepr\u00e9sentant des ventes : Paolo Serra<\/p>\n<\/div><div class=\"one_third\">\n<p><strong>PEROTTO PIERFRANCO<br \/>\nALLESTIMENTI SPECIALI<br \/>\n<\/strong>(Per la provincia di Cuneo)<br \/>\nVia Gianbattista Bodoni, 127<br \/>\n12037 Saluzzo (CN)<br \/>\nTel.  0175 42237<br \/>\n<a href=\"mailto:info@allestimentiperotto.it\">info@allestimentiperotto.it<\/a><br \/>\n<a href=\"http:\/\/www.allestimentiperotto.it\/\">www.allestimentiperotto.it<\/a><br \/>\nRepr\u00e9sentant des ventes : Pierfranco<\/p>\n<\/div><div class=\"one_third last\">\n<p><strong>CARROZZERIA LA GRANDA S.r.l.<br \/>\n<\/strong>(Per Cuneo e provincia)<br \/>\nVia E. Negri Di Sanfront, 14<br \/>\n12100 Madonna Dell&rsquo;Olmo (CN)<br \/>\nTel.  0171 412263<br \/>\n<a href=\"mailto:carrozzeria@fincragroup.com\">carrozzeria@fincragroup.com<\/a><br \/>\n<a href=\"http:\/\/www.lagrandacuneo.it\/\">www.lagrandacuneo.it<\/a><\/p>\n<\/div><div class=\"clearboth\"><\/div>\n<div class=\"one_third\">\n<p><strong>CARROZZERIA NUOVA RUFFINI<br \/>\ndi Giuseppe Lasalvia<br \/>\n<\/strong>Corso IV Novembre, 97<br \/>\n10098 Rivoli (TO)<br \/>\nTel.  +39 011 9592128<br \/>\nFax. +39 011 9598480<br \/>\n<a href=\"mailto:nuovaruffini@tiscalinet.it\">nuovaruffini@tiscalinet.it<br \/>\n<\/a><a href=\"http:\/\/www.carrozzerianuovaruffini.it\" target=\"_blank\" rel=\"noopener noreferrer\">www.carrozzerianuovaruffini.it<\/a><br \/>\nRepr\u00e9sentant des ventes : Giuseppe Lasalvia<\/p>\n<\/div><div class=\"one_third\">\n<p><strong>MAGGIATESE AUTO<br \/>\ndi Omarini &#8211; Possi &amp; C. S.n.c.<\/strong><br \/>\nVia Barro &#8211; Zona industriale, 131\/133<br \/>\n28045 Invorio (NO)<br \/>\nTel.  +39 0322 254109<br \/>\n<a href=\"mailto:info@maggiateseauto.com\">info@maggiateseauto.com<\/a><br \/>\n<a href=\"http:\/\/www.maggiateseauto.com\/\">www.maggiateseauto.com<\/a><br \/>\nRepr\u00e9sentant des ventes : Claudio e Franco<\/p>\n<\/div><div class=\"one_third last\">\n<\/div><div class=\"clearboth\"><\/div>\n<\/div>\n<\/div><\/div><\/div>\n<p><a id=\"sardegna\"><\/a><br \/>\n<div class=\"demo-sep\" style=\"margin-top: 30px;\"><\/div>\n<hr \/>\n<div class=\"demo-sep\" style=\"margin-top: 30px;\"><\/div>\n<h2><strong>PUGLIA<\/strong><\/h2>\n<p><strong>BIELLE RAPPRESENTANZE<br \/>\n<\/strong>Via San Giuseppe, 14<br \/>\n70019 Triggiano (BA)<br \/>\nRepr\u00e9sentant des ventes : Leonardo Buttiglione<br \/>\nMob +39 329 4545274<br \/>\n<a href=\"mailto:leo.buttiglione@gmail.com\">leo.buttiglione@gmail.com<\/a><\/p>\n<p><a id=\"sicilia\"><\/a><br \/>\n<div class=\"demo-sep\" style=\"margin-top: 30px;\"><\/div>\n<hr \/>\n<div class=\"demo-sep\" style=\"margin-top: 30px;\"><\/div>\n<h2><strong>SARDEGNA<\/strong><\/h2>\n<div class=\"tab-holder shortcode-tabs\"><div class=\"tab-hold tabs-wrapper\"><ul id=\"tabs\" class=\"tabset tabs nav-tabs\"><li><a href=\"#tab101\" data-toggle=\"tab\">Resp. de zone<\/a><\/li><li><a href=\"#tab102\" data-toggle=\"tab\">Installateurs autoris\u00e9s<\/a><\/li><\/ul><div class=\"tab-box tabs-container\">\n<div id=\"tab101\" class=\"tab tab_content\">\n<strong>Fabrizio Colangeli<\/strong><br \/>\nMob +39 331 6729414<br \/>\n<a href=\"mailto:fabrizio.colangeli@storevan.it\">fabrizio.colangeli@storevan.it<\/a><br \/>\n<\/div>\n<div id=\"tab102\" class=\"tab tab_content\">\n<strong>SUPERVAN<br \/>\n<\/strong>Viale Monastir (ex SS 131 kM. 10,600)<br \/>\n09028 Sestu (CA)<br \/>\nTel.  +39 070 7967450<br \/>\nFax. +39 070 21 29 004<br \/>\n<a href=\"mailto:info@supervan.it\">info@supervan.it<\/a><\/p>\n<\/div>\n<\/div><\/div><\/div>\n<a id=\"toscana\"><\/a><br \/>\n<div class=\"demo-sep\" style=\"margin-top: 30px;\"><\/div>\n<hr \/>\n<div class=\"demo-sep\" style=\"margin-top: 30px;\"><\/div>\n<h2><strong>SICILIA<\/strong><\/h2>\n<p><strong>AESSETI AUTOMOTIVE SRL UNIPERSONALE<\/strong><br \/>\nSi\u00e8ge social legale: Via Sacro Cuore, 103 &#8211; 97015 Modica (RG)<br \/>\nSi\u00e8ge social operativa: Via Caitina, 54 &#8211; 97015 Modica (RG)<br \/>\nTel.  +39 0932 763936<br \/>\nTel.  +39 0932 454782<br \/>\nMob +39 335 5313819 (Angelo Maltese)<br \/>\nMob +39 338 2930393 (Fabio Maltese)<\/p>\n<p><a href=\"mailto:angelo.maltese@hotmail.it\">angelo.maltese@hotmail.it<\/a><br \/>\n<a href=\"mailto:aessetiautomotive@hotmail.it\">aessetiautomotive@hotmail.it<\/a><\/p>\n<p><a id=\"umbria\"><\/a><br \/>\n<div class=\"demo-sep\" style=\"margin-top: 30px;\"><\/div>\n<hr \/>\n<div class=\"demo-sep\" style=\"margin-top: 30px;\"><\/div>\n<h2><strong>TOSCANA<\/strong><\/h2>\n<div class=\"tab-holder shortcode-tabs\"><div class=\"tab-hold tabs-wrapper\"><ul id=\"tabs\" class=\"tabset tabs nav-tabs\"><li><a href=\"#tab91\" data-toggle=\"tab\">Resp. de zone<\/a><\/li><li><a href=\"#tab92\" data-toggle=\"tab\">Installateurs autoris\u00e9s<\/a><\/li><\/ul><div class=\"tab-box tabs-container\">\n<div id=\"tab91\" class=\"tab tab_content\">\n<div class=\"one_half\">\n<p><strong><span style=\"color: #ff9900;\">LIVORNO, PISA, FIRENZE, LUCCA, MASSA-CARRARA, PISTOIA, PRATO <\/span><\/strong><\/p>\n<p><strong>AUTOIN3\u00a0S.r.l.<\/strong><br \/>\nRepr\u00e9sentant des ventes : Giacomo Capponi<br \/>\nMob +39 347 3798571<br \/>\nVia Piemonte, 2 &#8211; Z.I. Gello<br \/>\n56025\u00a0Pontedera (PI)<br \/>\nTel.  +39 0587 290609<br \/>\nFax. +39 0587 294451<br \/>\n<a href=\"mailto:allestimenti@autoin3.it\">allestimenti@autoin3.it<\/a><br \/>\nwww.autoin3.it<br \/>\n<\/div>\n<div class=\"one_half last\">\n<p><strong><span style=\"color: #ff9900;\">AREZZO, GROSSETO, SIENA<\/span><\/strong><\/p>\n<p><strong>DANIELE GIAPPICHINI<\/strong><br \/>\nMob +39 338 6731674<br \/>\n<a href=\"mailto:daniele.giappichini@storevan.it\">daniele.giappichini@storevan.it<\/a><br \/>\n<\/div><div class=\"clearboth\"><\/div>\n<\/div>\n<div id=\"tab92\" class=\"tab tab_content\">\n<p><strong>AUTOIN3\u00a0S.r.l.<br \/>\n<\/strong>Via Piemonte, 2 &#8211; Z.I. Gello<br \/>\n56025\u00a0Pontedera (PI)<br \/>\nTel.  +39 0587 290609<br \/>\nFax. +39 0587 294451<br \/>\nRepr\u00e9sentant des ventes : Giacomo Capponi<br \/>\nMob +39 347 3798571<br \/>\n<a href=\"mailto:allestimenti@autoin3.it\">allestimenti@autoin3.it<\/a><br \/>\nwww.autoin3.it<\/p>\n<\/div>\n<\/div><\/div><\/div>\n<p><a id=\"valle-d-aosta\"><\/a><br \/>\n<div class=\"demo-sep\" style=\"margin-top: 30px;\"><\/div>\n<hr \/>\n<div class=\"demo-sep\" style=\"margin-top: 30px;\"><\/div>\n<h2><strong>UMBRIA<\/strong><\/h2>\n<div class=\"tab-holder shortcode-tabs\"><div class=\"tab-hold tabs-wrapper\"><ul id=\"tabs\" class=\"tabset tabs nav-tabs\"><li><a href=\"#tab95\" data-toggle=\"tab\">Resp. de zone<\/a><\/li><li><a href=\"#tab96\" data-toggle=\"tab\">Installateurs autoris\u00e9s<\/a><\/li><\/ul><div class=\"tab-box tabs-container\">\n<div id=\"tab95\" class=\"tab tab_content\">\n<div class=\"one_half\">\n<strong>DANIELE GIAPPICHINI<\/strong><br \/>\nMob. +39 338 6731674<br \/>\n<a href=\"mailto:daniele.giappichini@storevan.it\">daniele.giappichini@storevan.it<\/a><br \/>\n<\/div>\n<div class=\"one_half last\">\n<\/div><div class=\"clearboth\"><\/div>\n<\/div>\n<div id=\"tab96\" class=\"tab tab_content\">\n<div class=\"one_half\">\n<strong>Giuseppe Chiacchiarini <\/strong><\/p>\n<p>Via Giacomo Pantaleoni, 27<br \/>\n06132 Perugia<br \/>\nMob. +39 346 7729734<br \/>\n<a href=\"mailto:giuchi1512@gmail.com\">giuchi1512@gmail.com<\/a><br \/>\n<\/div>\n<div class=\"one_half last\">\n<\/div><div class=\"clearboth\"><\/div>\n<\/div>\n<\/div><\/div><\/div>\n<div class=\"demo-sep\" style=\"margin-top: 30px;\"><\/div>\n<hr \/>\n<div class=\"demo-sep\" style=\"margin-top: 30px;\"><\/div>\n<h2><strong>VALLE D&rsquo;AOSTA<\/strong><\/h2>\n<p><strong>DANIELE SPAGNOLO<\/strong><\/p>\n<p>Mob +39\u00a0335 1510978<br \/>\n<a href=\"mailto:daniele.spagnolo@storevan.it\">daniele.spagnolo@storevan.it<\/a><\/p>\n<p style=\"text-align: right;\"><a href=\"#up\">UP <\/a><\/p>\n","protected":false},"excerpt":{"rendered":"<p>O\u00f9 sommes-nous &#8211; Italia VENETO FRIULI VENEZIA GIULIA TRENTINO ALTO ADIGE LOMBARDIA EMILIA ROMAGNA LAZIO ABRUZZO VITTORIO SCARAMUZZO vittorio.scaramuzzo@storevan.it Mob +39 331 6771147 &nbsp; BASILICATA CALABRIA BIELLE RAPPRESENTANZE Via San.<\/p>\n","protected":false},"author":470,"featured_media":0,"parent":25546,"menu_order":0,"comment_status":"closed","ping_status":"closed","template":"","meta":[],"acf":[],"yoast_head":"<!-- This site is optimized with the Yoast SEO plugin v20.11 - https:\/\/yoast.com\/wordpress\/plugins\/seo\/ -->\n<title>Si\u00e8ge, responsables de zone et installateurs agr\u00e9\u00e9s en Italie<\/title>\n<meta name=\"description\" content=\"StoreVan r\u00e9alise am\u00e9nagements pour fourgons pour toute exigence professionnelle dans l\u2019ensemble d\u2019Italie et d\u2019Europe. Trouvez maintenant votre responsable de zone!\" \/>\n<meta name=\"robots\" content=\"index, follow, max-snippet:-1, max-image-preview:large, max-video-preview:-1\" \/>\n<link rel=\"canonical\" href=\"https:\/\/www.storevan.com\/fr\/societe\/ou-sommes-nous\/italy\/\" \/>\n<meta property=\"og:locale\" content=\"fr_FR\" \/>\n<meta property=\"og:type\" content=\"article\" \/>\n<meta property=\"og:title\" content=\"Si\u00e8ge, responsables de zone et installateurs agr\u00e9\u00e9s en Italie\" \/>\n<meta property=\"og:description\" content=\"StoreVan r\u00e9alise am\u00e9nagements pour fourgons pour toute exigence professionnelle dans l\u2019ensemble d\u2019Italie et d\u2019Europe. Trouvez maintenant votre responsable de zone!\" \/>\n<meta property=\"og:url\" content=\"https:\/\/www.storevan.com\/fr\/societe\/ou-sommes-nous\/italy\/\" \/>\n<meta property=\"og:site_name\" content=\"Store Van\" \/>\n<meta property=\"article:modified_time\" content=\"2026-07-30T09:43:55+00:00\" \/>\n<meta property=\"og:image\" content=\"https:\/\/www.storevan.com\/wp-content\/uploads\/2015\/12\/map-italy.png\" \/>\n<meta name=\"twitter:label1\" content=\"Dur\u00e9e de lecture estim\u00e9e\" \/>\n\t<meta name=\"twitter:data1\" content=\"8 minutes\" \/>\n<script type=\"application\/ld+json\" class=\"yoast-schema-graph\">{\"@context\":\"https:\/\/schema.org\",\"@graph\":[{\"@type\":\"WebPage\",\"@id\":\"https:\/\/www.storevan.com\/fr\/societe\/ou-sommes-nous\/italy\/\",\"url\":\"https:\/\/www.storevan.com\/fr\/societe\/ou-sommes-nous\/italy\/\",\"name\":\"Si\u00e8ge, responsables de zone et installateurs agr\u00e9\u00e9s en Italie\",\"isPartOf\":{\"@id\":\"https:\/\/www.storevan.com\/pl\/#website\"},\"datePublished\":\"2015-12-22T15:05:09+00:00\",\"dateModified\":\"2026-07-30T09:43:55+00:00\",\"description\":\"StoreVan r\u00e9alise am\u00e9nagements pour fourgons pour toute exigence professionnelle dans l\u2019ensemble d\u2019Italie et d\u2019Europe. Trouvez maintenant votre responsable de zone!\",\"breadcrumb\":{\"@id\":\"https:\/\/www.storevan.com\/fr\/societe\/ou-sommes-nous\/italy\/#breadcrumb\"},\"inLanguage\":\"fr-FR\",\"potentialAction\":[{\"@type\":\"ReadAction\",\"target\":[\"https:\/\/www.storevan.com\/fr\/societe\/ou-sommes-nous\/italy\/\"]}]},{\"@type\":\"BreadcrumbList\",\"@id\":\"https:\/\/www.storevan.com\/fr\/societe\/ou-sommes-nous\/italy\/#breadcrumb\",\"itemListElement\":[{\"@type\":\"ListItem\",\"position\":1,\"name\":\"Home\",\"item\":\"https:\/\/www.storevan.com\/fr\/\"},{\"@type\":\"ListItem\",\"position\":2,\"name\":\"Soci\u00e9t\u00e9\",\"item\":\"https:\/\/www.storevan.com\/fr\/societe\/\"},{\"@type\":\"ListItem\",\"position\":3,\"name\":\"O\u00f9 sommes-nous\",\"item\":\"https:\/\/www.storevan.com\/fr\/societe\/ou-sommes-nous\/\"},{\"@type\":\"ListItem\",\"position\":4,\"name\":\"Italy\"}]},{\"@type\":\"WebSite\",\"@id\":\"https:\/\/www.storevan.com\/pl\/#website\",\"url\":\"https:\/\/www.storevan.com\/pl\/\",\"name\":\"Store Van\",\"description\":\"Am\u00e9nagements fourgons\",\"potentialAction\":[{\"@type\":\"SearchAction\",\"target\":{\"@type\":\"EntryPoint\",\"urlTemplate\":\"https:\/\/www.storevan.com\/pl\/?s={search_term_string}\"},\"query-input\":\"required name=search_term_string\"}],\"inLanguage\":\"fr-FR\"}]}<\/script>\n<!-- \/ Yoast SEO plugin. -->","yoast_head_json":{"title":"Si\u00e8ge, responsables de zone et installateurs agr\u00e9\u00e9s en Italie","description":"StoreVan r\u00e9alise am\u00e9nagements pour fourgons pour toute exigence professionnelle dans l\u2019ensemble d\u2019Italie et d\u2019Europe. Trouvez maintenant votre responsable de zone!","robots":{"index":"index","follow":"follow","max-snippet":"max-snippet:-1","max-image-preview":"max-image-preview:large","max-video-preview":"max-video-preview:-1"},"canonical":"https:\/\/www.storevan.com\/fr\/societe\/ou-sommes-nous\/italy\/","og_locale":"fr_FR","og_type":"article","og_title":"Si\u00e8ge, responsables de zone et installateurs agr\u00e9\u00e9s en Italie","og_description":"StoreVan r\u00e9alise am\u00e9nagements pour fourgons pour toute exigence professionnelle dans l\u2019ensemble d\u2019Italie et d\u2019Europe. Trouvez maintenant votre responsable de zone!","og_url":"https:\/\/www.storevan.com\/fr\/societe\/ou-sommes-nous\/italy\/","og_site_name":"Store Van","article_modified_time":"2026-07-30T09:43:55+00:00","og_image":[{"url":"https:\/\/www.storevan.com\/wp-content\/uploads\/2015\/12\/map-italy.png"}],"twitter_misc":{"Dur\u00e9e de lecture estim\u00e9e":"8 minutes"},"schema":{"@context":"https:\/\/schema.org","@graph":[{"@type":"WebPage","@id":"https:\/\/www.storevan.com\/fr\/societe\/ou-sommes-nous\/italy\/","url":"https:\/\/www.storevan.com\/fr\/societe\/ou-sommes-nous\/italy\/","name":"Si\u00e8ge, responsables de zone et installateurs agr\u00e9\u00e9s en Italie","isPartOf":{"@id":"https:\/\/www.storevan.com\/pl\/#website"},"datePublished":"2015-12-22T15:05:09+00:00","dateModified":"2026-07-30T09:43:55+00:00","description":"StoreVan r\u00e9alise am\u00e9nagements pour fourgons pour toute exigence professionnelle dans l\u2019ensemble d\u2019Italie et d\u2019Europe. Trouvez maintenant votre responsable de zone!","breadcrumb":{"@id":"https:\/\/www.storevan.com\/fr\/societe\/ou-sommes-nous\/italy\/#breadcrumb"},"inLanguage":"fr-FR","potentialAction":[{"@type":"ReadAction","target":["https:\/\/www.storevan.com\/fr\/societe\/ou-sommes-nous\/italy\/"]}]},{"@type":"BreadcrumbList","@id":"https:\/\/www.storevan.com\/fr\/societe\/ou-sommes-nous\/italy\/#breadcrumb","itemListElement":[{"@type":"ListItem","position":1,"name":"Home","item":"https:\/\/www.storevan.com\/fr\/"},{"@type":"ListItem","position":2,"name":"Soci\u00e9t\u00e9","item":"https:\/\/www.storevan.com\/fr\/societe\/"},{"@type":"ListItem","position":3,"name":"O\u00f9 sommes-nous","item":"https:\/\/www.storevan.com\/fr\/societe\/ou-sommes-nous\/"},{"@type":"ListItem","position":4,"name":"Italy"}]},{"@type":"WebSite","@id":"https:\/\/www.storevan.com\/pl\/#website","url":"https:\/\/www.storevan.com\/pl\/","name":"Store Van","description":"Am\u00e9nagements fourgons","potentialAction":[{"@type":"SearchAction","target":{"@type":"EntryPoint","urlTemplate":"https:\/\/www.storevan.com\/pl\/?s={search_term_string}"},"query-input":"required name=search_term_string"}],"inLanguage":"fr-FR"}]}},"_links":{"self":[{"href":"https:\/\/www.storevan.com\/fr\/wp-json\/wp\/v2\/pages\/25544"}],"collection":[{"href":"https:\/\/www.storevan.com\/fr\/wp-json\/wp\/v2\/pages"}],"about":[{"href":"https:\/\/www.storevan.com\/fr\/wp-json\/wp\/v2\/types\/page"}],"author":[{"embeddable":true,"href":"https:\/\/www.storevan.com\/fr\/wp-json\/wp\/v2\/users\/470"}],"replies":[{"embeddable":true,"href":"https:\/\/www.storevan.com\/fr\/wp-json\/wp\/v2\/comments?post=25544"}],"version-history":[{"count":56,"href":"https:\/\/www.storevan.com\/fr\/wp-json\/wp\/v2\/pages\/25544\/revisions"}],"predecessor-version":[{"id":166324,"href":"https:\/\/www.storevan.com\/fr\/wp-json\/wp\/v2\/pages\/25544\/revisions\/166324"}],"up":[{"embeddable":true,"href":"https:\/\/www.storevan.com\/fr\/wp-json\/wp\/v2\/pages\/25546"}],"wp:attachment":[{"href":"https:\/\/www.storevan.com\/fr\/wp-json\/wp\/v2\/media?parent=25544"}],"curies":[{"name":"wp","href":"https:\/\/api.w.org\/{rel}","templated":true}]}}