{"id":154743,"date":"2017-12-04T15:26:15","date_gmt":"2017-12-04T15:26:15","guid":{"rendered":"https:\/\/www.storevan.com\/van-outfitting-in-turin-piedmont-office\/"},"modified":"2026-05-07T14:21:22","modified_gmt":"2026-05-07T14:21:22","slug":"amenagement-de-fourgons-a-turin-filiale-piemont","status":"publish","type":"page","link":"https:\/\/www.storevan.com\/fr\/amenagement-de-fourgons-a-turin-filiale-piemont\/","title":{"rendered":"Am\u00e9nagement de fourgons \u00e0 Turin \u2013 Filiale Pi\u00e9mont"},"content":{"rendered":"<h1 class=\"customblackTitleSmall\">Am\u00e9nagement de fourgons \u00e0 Turin \u2013 Filiale Pi\u00e9mont<\/h1>\n<h2><strong>VOUS RECHERCHEZ UN SP\u00c9CIALISTE EN AM\u00c9NAGEMENT DE FOURGONS \u00c0 TURIN\u00a0?<\/strong><\/h2>\n<div class=\"borderTitle\"><\/div>\n<p>Venez voir la nouvelle filiale de Store Van pour l\u2019am\u00e9nagement de fourgons \u00e0 Turin. Nos syst\u00e8mes sont compl\u00e8tement adaptables, faciles \u00e0 assembler et ne demandent aucun modification du v\u00e9hicule. Nous offrons des solutions pour toutes les marques de v\u00e9hicules utilitaires. Vous trouverez une gamme compl\u00e8te de produits pour am\u00e9nager votre v\u00e9hicule\u00a0:<\/p>\n<ul class=\"arrow\">\n<li>rev\u00eatements int\u00e9rieurs pour la protection de la carrosserie\u00a0; rayonnages pour fourgons avec des \u00e9tag\u00e8res et des blocs tiroirs\u00a0;<\/li>\n<li>\u00e9tablis avec panneaux \u00e9quip\u00e9s\u00a0;<\/li>\n<li>modules personnalis\u00e9s\u00a0;<\/li>\n<li>produits pour la s\u00e9curit\u00e9 et l\u2019arrimage de la charge\u00a0: crochets, sangles, barres, etc.\u00a0;<\/li>\n<li>bacs en plastique et accessoires de toutes sortes pour garder les outils et les petites pi\u00e8ces en ordre.<\/li>\n<\/ul>\n<h3>Transformez votre fourgon en atelier mobile.<\/h3>\n<p>L\u2019atelier mobile est un fourgon enti\u00e8rement \u00e9quip\u00e9, il peut disposer d\u2019un \u00e9tabli avec des tiroirs pour les outils et les instruments, de son propre \u00e9clairage, de rayonnages, d\u2019un rev\u00eatement int\u00e9rieur avec des accessoires pour arrimer la marchandise dans le compartiment de chargement, etc. Le personnel de la filiale Store Van de Turin conna\u00eet parfaitement les besoins des professionnels des secteurs les plus vari\u00e9s qui n\u00e9cessitent l\u2019am\u00e9nagement de leur fourgon en atelier mobile pour v\u00e9hicules utilitaires.<br \/>\n<div class=\"demo-sep\" style=\"margin-top: 40px;\"><\/div>\n<div class=\"col-xs-12 col-md-6 ts-gallery\">\n<p><a class=\"col-xs-12 col-md-6\" title=\"Am\u00e9nagement de fourgons \u00e0 Turin \u2013 Filiale Pi\u00e9mont\" href=\"https:\/\/www.storevan.com\/wp-content\/uploads\/2019\/02\/IMG_4435.jpg\"><img decoding=\"async\" loading=\"lazy\" class=\"aligncenter wp-image-97431 size-full\" src=\"https:\/\/www.storevan.com\/wp-content\/uploads\/2019\/02\/IMG_4435.jpg\" alt=\"Am\u00e9nagement de fourgons \u00e0 Turin\" width=\"800\" height=\"594\" srcset=\"https:\/\/www.storevan.com\/wp-content\/uploads\/2019\/02\/IMG_4435.jpg 800w, https:\/\/www.storevan.com\/wp-content\/uploads\/2019\/02\/IMG_4435-300x223.jpg 300w, https:\/\/www.storevan.com\/wp-content\/uploads\/2019\/02\/IMG_4435-768x570.jpg 768w\" sizes=\"(max-width: 800px) 100vw, 800px\" \/><\/a><a class=\"col-xs-12 col-md-6\" title=\"Am\u00e9nagement de fourgons \u00e0 Turin\" href=\"https:\/\/www.storevan.com\/wp-content\/uploads\/2019\/02\/IMG_4434-300x223.jpg\"><img decoding=\"async\" loading=\"lazy\" class=\"aligncenter size-medium wp-image-97438\" src=\"https:\/\/www.storevan.com\/wp-content\/uploads\/2019\/02\/IMG_4434-300x223.jpg\" alt=\"Am\u00e9nagement de fourgons Pi\u00e9mont\" width=\"300\" height=\"223\" srcset=\"https:\/\/www.storevan.com\/wp-content\/uploads\/2019\/02\/IMG_4434-300x223.jpg 300w, https:\/\/www.storevan.com\/wp-content\/uploads\/2019\/02\/IMG_4434-768x570.jpg 768w, https:\/\/www.storevan.com\/wp-content\/uploads\/2019\/02\/IMG_4434.jpg 800w\" sizes=\"(max-width: 300px) 100vw, 300px\" \/><\/a><\/p>\n<div class=\"break\"><\/div>\n<\/div>\n<div class=\"col-xs-12 col-md-6\">\n<p><strong>PIEMONTE &#8211; FAMI S.r.l<\/strong>.<br \/>\nStrada del Portone, 61<br \/>\n10137 Torino (<a title=\"Conduire jusqu'\u00e0  Store Van - Torino\" href=\"https:\/\/goo.gl\/maps\/fS8U1yWZC8n\" target=\"_blank\" rel=\"nofollow noreferrer noopener\">Ouvrir la carte<\/a>)<br \/>\nTel. <a title=\"Call now\" href=\"tel:+390113081992\">+39 011 30 81 992<\/a><br \/>\nE-mail <a href=\"mailto:Info.torino@storevan.it\">Info.torino@storevan.it<\/a><br \/>\n<strong>Horaire d&rsquo;ouverture :<\/strong><br \/>\nLundi \u00e0 vendredi , de 8h30 \u00e0 12h30 et de 13h30 \u00e0 17h30<\/p>\n<\/div>\n<div class=\"break\"><\/div>\n<div class=\"demo-sep\" style=\"margin-top: 40px;\"><\/div>\n<div class=\"one_half\">\n<p><em><span style=\"color: #ff9900;\"><strong>BIELLA, ASTI, TORINO, CUNEO<\/strong><\/span><\/em><\/p>\n<p><strong>ENRICO MACINA<\/strong><br \/>\nMobile  +39\u00a0349 0797858<br \/>\n<a href=\"mailto:enrico.macina@storevan.it\">enrico.macina@storevan.it<\/a><\/p>\n<\/div>\n<div class=\"one_half last\">\n<p><em><span style=\"color: #ff9900;\"><strong>AOSTA, ALESSANDRIA, NOVARA, VERCELLI, VERBANIA<\/strong><\/span><\/em><\/p>\n<p><strong>DANIELE SPAGNOLO<\/strong><br \/>\nMobile  +39 335 1510978<br \/>\n<a href=\"mailto:daniele.spagnolo@storevan.it\">daniele.spagnolo@storevan.it<\/a><\/p>\n<\/div><div class=\"clearboth\"><\/div>\n<div class=\"break\"><\/div>\n","protected":false},"excerpt":{"rendered":"<p>Am\u00e9nagement de fourgons \u00e0 Turin \u2013 Filiale Pi\u00e9mont VOUS RECHERCHEZ UN SP\u00c9CIALISTE EN AM\u00c9NAGEMENT DE FOURGONS \u00c0 TURIN\u00a0? Venez voir la nouvelle filiale de Store Van pour l\u2019am\u00e9nagement de fourgons.<\/p>\n","protected":false},"author":470,"featured_media":0,"parent":0,"menu_order":0,"comment_status":"closed","ping_status":"closed","template":"","meta":[],"acf":[],"yoast_head":"<!-- This site is optimized with the Yoast SEO plugin v20.11 - https:\/\/yoast.com\/wordpress\/plugins\/seo\/ -->\n<title>Am\u00e9nagement de fourgons \u00e0 Turin \u2013 Filiale Pi\u00e9mont<\/title>\n<meta name=\"description\" content=\"Venez nous rendre visite \u00e0 la filiale Store Van pour l\u2019am\u00e9nagement de fourgons \u00e0 Turin. Transformez votre fourgon en atelier mobile avec nos solutions.\" \/>\n<meta name=\"robots\" content=\"index, follow, max-snippet:-1, max-image-preview:large, max-video-preview:-1\" \/>\n<link rel=\"canonical\" href=\"https:\/\/www.storevan.com\/fr\/amenagement-de-fourgons-a-turin-filiale-piemont\/\" \/>\n<meta property=\"og:locale\" content=\"fr_FR\" \/>\n<meta property=\"og:type\" content=\"article\" \/>\n<meta property=\"og:title\" content=\"Am\u00e9nagement de fourgons \u00e0 Turin \u2013 Filiale Pi\u00e9mont\" \/>\n<meta property=\"og:description\" content=\"Venez nous rendre visite \u00e0 la filiale Store Van pour l\u2019am\u00e9nagement de fourgons \u00e0 Turin. Transformez votre fourgon en atelier mobile avec nos solutions.\" \/>\n<meta property=\"og:url\" content=\"https:\/\/www.storevan.com\/fr\/amenagement-de-fourgons-a-turin-filiale-piemont\/\" \/>\n<meta property=\"og:site_name\" content=\"Store Van\" \/>\n<meta property=\"article:modified_time\" content=\"2026-05-07T14:21:22+00:00\" \/>\n<meta property=\"og:image\" content=\"https:\/\/www.storevan.com\/wp-content\/uploads\/2019\/02\/IMG_4435.jpg\" \/>\n<meta name=\"twitter:label1\" content=\"Dur\u00e9e de lecture estim\u00e9e\" \/>\n\t<meta name=\"twitter:data1\" content=\"2 minutes\" \/>\n<script type=\"application\/ld+json\" class=\"yoast-schema-graph\">{\"@context\":\"https:\/\/schema.org\",\"@graph\":[{\"@type\":\"WebPage\",\"@id\":\"https:\/\/www.storevan.com\/fr\/amenagement-de-fourgons-a-turin-filiale-piemont\/\",\"url\":\"https:\/\/www.storevan.com\/fr\/amenagement-de-fourgons-a-turin-filiale-piemont\/\",\"name\":\"Am\u00e9nagement de fourgons \u00e0 Turin \u2013 Filiale Pi\u00e9mont\",\"isPartOf\":{\"@id\":\"https:\/\/www.storevan.com\/pl\/#website\"},\"datePublished\":\"2017-12-04T15:26:15+00:00\",\"dateModified\":\"2026-05-07T14:21:22+00:00\",\"description\":\"Venez nous rendre visite \u00e0 la filiale Store Van pour l\u2019am\u00e9nagement de fourgons \u00e0 Turin. Transformez votre fourgon en atelier mobile avec nos solutions.\",\"breadcrumb\":{\"@id\":\"https:\/\/www.storevan.com\/fr\/amenagement-de-fourgons-a-turin-filiale-piemont\/#breadcrumb\"},\"inLanguage\":\"fr-FR\",\"potentialAction\":[{\"@type\":\"ReadAction\",\"target\":[\"https:\/\/www.storevan.com\/fr\/amenagement-de-fourgons-a-turin-filiale-piemont\/\"]}]},{\"@type\":\"BreadcrumbList\",\"@id\":\"https:\/\/www.storevan.com\/fr\/amenagement-de-fourgons-a-turin-filiale-piemont\/#breadcrumb\",\"itemListElement\":[{\"@type\":\"ListItem\",\"position\":1,\"name\":\"Home\",\"item\":\"https:\/\/www.storevan.com\/fr\/\"},{\"@type\":\"ListItem\",\"position\":2,\"name\":\"Am\u00e9nagement de fourgons \u00e0 Turin \u2013 Filiale Pi\u00e9mont\"}]},{\"@type\":\"WebSite\",\"@id\":\"https:\/\/www.storevan.com\/pl\/#website\",\"url\":\"https:\/\/www.storevan.com\/pl\/\",\"name\":\"Store Van\",\"description\":\"Am\u00e9nagements fourgons\",\"potentialAction\":[{\"@type\":\"SearchAction\",\"target\":{\"@type\":\"EntryPoint\",\"urlTemplate\":\"https:\/\/www.storevan.com\/pl\/?s={search_term_string}\"},\"query-input\":\"required name=search_term_string\"}],\"inLanguage\":\"fr-FR\"}]}<\/script>\n<!-- \/ Yoast SEO plugin. -->","yoast_head_json":{"title":"Am\u00e9nagement de fourgons \u00e0 Turin \u2013 Filiale Pi\u00e9mont","description":"Venez nous rendre visite \u00e0 la filiale Store Van pour l\u2019am\u00e9nagement de fourgons \u00e0 Turin. Transformez votre fourgon en atelier mobile avec nos solutions.","robots":{"index":"index","follow":"follow","max-snippet":"max-snippet:-1","max-image-preview":"max-image-preview:large","max-video-preview":"max-video-preview:-1"},"canonical":"https:\/\/www.storevan.com\/fr\/amenagement-de-fourgons-a-turin-filiale-piemont\/","og_locale":"fr_FR","og_type":"article","og_title":"Am\u00e9nagement de fourgons \u00e0 Turin \u2013 Filiale Pi\u00e9mont","og_description":"Venez nous rendre visite \u00e0 la filiale Store Van pour l\u2019am\u00e9nagement de fourgons \u00e0 Turin. Transformez votre fourgon en atelier mobile avec nos solutions.","og_url":"https:\/\/www.storevan.com\/fr\/amenagement-de-fourgons-a-turin-filiale-piemont\/","og_site_name":"Store Van","article_modified_time":"2026-05-07T14:21:22+00:00","og_image":[{"url":"https:\/\/www.storevan.com\/wp-content\/uploads\/2019\/02\/IMG_4435.jpg"}],"twitter_misc":{"Dur\u00e9e de lecture estim\u00e9e":"2 minutes"},"schema":{"@context":"https:\/\/schema.org","@graph":[{"@type":"WebPage","@id":"https:\/\/www.storevan.com\/fr\/amenagement-de-fourgons-a-turin-filiale-piemont\/","url":"https:\/\/www.storevan.com\/fr\/amenagement-de-fourgons-a-turin-filiale-piemont\/","name":"Am\u00e9nagement de fourgons \u00e0 Turin \u2013 Filiale Pi\u00e9mont","isPartOf":{"@id":"https:\/\/www.storevan.com\/pl\/#website"},"datePublished":"2017-12-04T15:26:15+00:00","dateModified":"2026-05-07T14:21:22+00:00","description":"Venez nous rendre visite \u00e0 la filiale Store Van pour l\u2019am\u00e9nagement de fourgons \u00e0 Turin. Transformez votre fourgon en atelier mobile avec nos solutions.","breadcrumb":{"@id":"https:\/\/www.storevan.com\/fr\/amenagement-de-fourgons-a-turin-filiale-piemont\/#breadcrumb"},"inLanguage":"fr-FR","potentialAction":[{"@type":"ReadAction","target":["https:\/\/www.storevan.com\/fr\/amenagement-de-fourgons-a-turin-filiale-piemont\/"]}]},{"@type":"BreadcrumbList","@id":"https:\/\/www.storevan.com\/fr\/amenagement-de-fourgons-a-turin-filiale-piemont\/#breadcrumb","itemListElement":[{"@type":"ListItem","position":1,"name":"Home","item":"https:\/\/www.storevan.com\/fr\/"},{"@type":"ListItem","position":2,"name":"Am\u00e9nagement de fourgons \u00e0 Turin \u2013 Filiale Pi\u00e9mont"}]},{"@type":"WebSite","@id":"https:\/\/www.storevan.com\/pl\/#website","url":"https:\/\/www.storevan.com\/pl\/","name":"Store Van","description":"Am\u00e9nagements fourgons","potentialAction":[{"@type":"SearchAction","target":{"@type":"EntryPoint","urlTemplate":"https:\/\/www.storevan.com\/pl\/?s={search_term_string}"},"query-input":"required name=search_term_string"}],"inLanguage":"fr-FR"}]}},"_links":{"self":[{"href":"https:\/\/www.storevan.com\/fr\/wp-json\/wp\/v2\/pages\/154743"}],"collection":[{"href":"https:\/\/www.storevan.com\/fr\/wp-json\/wp\/v2\/pages"}],"about":[{"href":"https:\/\/www.storevan.com\/fr\/wp-json\/wp\/v2\/types\/page"}],"author":[{"embeddable":true,"href":"https:\/\/www.storevan.com\/fr\/wp-json\/wp\/v2\/users\/470"}],"replies":[{"embeddable":true,"href":"https:\/\/www.storevan.com\/fr\/wp-json\/wp\/v2\/comments?post=154743"}],"version-history":[{"count":3,"href":"https:\/\/www.storevan.com\/fr\/wp-json\/wp\/v2\/pages\/154743\/revisions"}],"predecessor-version":[{"id":165659,"href":"https:\/\/www.storevan.com\/fr\/wp-json\/wp\/v2\/pages\/154743\/revisions\/165659"}],"wp:attachment":[{"href":"https:\/\/www.storevan.com\/fr\/wp-json\/wp\/v2\/media?parent=154743"}],"curies":[{"name":"wp","href":"https:\/\/api.w.org\/{rel}","templated":true}]}}