{"id":147905,"date":"2016-03-15T15:45:37","date_gmt":"2016-03-15T15:45:37","guid":{"rendered":"https:\/\/www.storevan.com\/?page_id=147905"},"modified":"2022-09-29T11:42:27","modified_gmt":"2022-09-29T11:42:27","slug":"porte-tout-et-porte-echelles","status":"publish","type":"page","link":"https:\/\/www.storevan.com\/fr\/amenagement-vehicules-utilitaires\/fourgons-volkswagen\/caddy-cargo\/porte-tout-et-porte-echelles\/","title":{"rendered":"Porte tout et Porte-\u00e9chelles"},"content":{"rendered":"<h1 class=\"customblackTitleSmall\">PORTE TOUT ET PORTE-\u00c9CHELLES POUR CADDY CARGO<\/h1>\n<p>Le <strong>porte-\u00e9chelle<\/strong> et le <strong>porte-tout<\/strong>\u00a0Store Van, \u00e0 savoir le syst\u00e8me de transport sur le toit d\u2019une \u00e9chelle et d\u2019outillages certifi\u00e9 GS, sont disponibles pour les configurations du <strong>v\u00e9hicule utilitaire Volkswagen Caddy Cargo<\/strong>. Notre syst\u00e8me, r\u00e9sistant et l\u00e9ger gr\u00e2ce \u00e0 l\u2019utilisation d\u2019aluminium et d\u2019acier inox, est s\u00fbr, pratique et facile \u00e0 utiliser gr\u00e2ce au rouleau de chargement et au chariot \u00e0 descente assist\u00e9e.<\/p>\n<hr class=\"noColor\" \/>\n<h2 class=\"customBlackSection\">BARRES PORTE TOUT POUR VOLKSWAGEN CADDY CARGO<\/h2>\n<div class=\"col-xs-12 col-sm-7 col-md-8\">\n<img decoding=\"async\" loading=\"lazy\" class=\"aligncenter size-full wp-image-6052\" src=\"https:\/\/www.storevan.com\/wp-content\/uploads\/veicoli\/volkswagen\/caddycargo2021\/CA-10H1-B1.jpg\" alt=\"Barres Porte Tout pour Caddy Cargo\" width=\"625\" height=\"260\" \/>\n<\/div>\n<div class=\"col-xs-12 col-sm-5 col-md-4\">\n<hr class=\"noColor\" \/>\n<hr class=\"noColor\" \/>\n<p>Barres Porte-Tout compl\u00e8tes de:<br \/>\n&#8211; barres en aluminium avec fixations et profil en caoutchouc<br \/>\n&#8211; visserie de fixation fournie en acier inox<\/p>\n<p><strong>Seulement pour v\u00e9hicule avec portes arri\u00e8re battantes.<\/strong><\/p>\n<\/div>\n<div class=\"break\"><\/div>\n<table class=\"table tableBorder\">\n<tbody>\n<tr class=\"border_bottomGrey\">\n<td class=\"txtBkOrange\" style=\"text-align: center;\">V\u00c9HICULE<\/td>\n<td class=\"txtBkOrange\" style=\"text-align: center;\" bgcolor=\"#0071B9\">BARRES PORTE-TOUT<\/td>\n<td class=\"TESTO12neroCX\" style=\"text-align: center;\" bgcolor=\"#e4e4e4\">DIMENSIONS<\/td>\n<td class=\"TESTO12neroCX\" style=\"text-align: center;\" bgcolor=\"#e4e4e4\">POIDS<\/td>\n<td class=\"TESTO12neroCX\" style=\"text-align: center;\" bgcolor=\"#e4e4e4\">CHARGE<\/td>\n<\/tr>\n<tr class=\"border_bottomGrey\">\n<td class=\"text-center\"><strong>MOD\u00c8LE<\/strong><\/td>\n<td class=\"text-center\"><strong>ART.<\/strong><\/td>\n<td><\/td>\n<td><\/td>\n<td><\/td>\n<\/tr>\n<tr class=\"border_bottomGrey\">\n<td style=\"text-align: center;\" bgcolor=\"#f0f0f0\">L1 H1<\/td>\n<td style=\"text-align: center;\"><span class=\"blue\"><strong>F22 KK CA10H1 B1 00<\/strong><\/span><\/td>\n<td style=\"text-align: center;\">1500&#215;1360 mm<\/td>\n<td style=\"text-align: center;\">10,00 Kg<\/td>\n<td style=\"text-align: center;\">90,00 Kg<\/td>\n<\/tr>\n<tr class=\"border_bottomGrey\">\n<td style=\"text-align: center;\" bgcolor=\"#f0f0f0\">L2 H1 Maxi<\/td>\n<td style=\"text-align: center;\"><span class=\"blue\"><strong>F22 KK CA20H1 B1 00<\/strong><\/span><\/td>\n<td style=\"text-align: center;\">1850&#215;1360 mm<\/td>\n<td style=\"text-align: center;\">13,50 Kg<\/td>\n<td style=\"text-align: center;\">86,50 Kg<\/td>\n<\/tr>\n<\/tbody>\n<\/table>\n<hr class=\"noColor\" \/>\n<hr class=\"noColor\" \/>\n<hr class=\"noColor\" \/>\n<h2 class=\"customBlackSection\">PORTE-TOUT POUR VOLKSWAGEN CADDY CARGO<\/h2>\n<div class=\"col-xs-12 col-sm-7 col-md-8\">\n<img decoding=\"async\" loading=\"lazy\" class=\"aligncenter size-full wp-image-6052\" src=\"https:\/\/www.storevan.com\/wp-content\/uploads\/veicoli\/volkswagen\/caddycargo2021\/CA-10H1-R1.jpg\" alt=\"Porte Tout pour Caddy Cargo\" width=\"625\" height=\"260\" \/>\n<\/div>\n<div class=\"col-xs-12 col-sm-5 col-md-4\">\n<hr class=\"noColor\" \/>\n<hr class=\"noColor\" \/>\n<p>Porte-Tout complet de:<br \/>\n&#8211; barres en aluminium avec fixations et profil en caoutchouc<br \/>\n&#8211; rebords lat\u00e9raux en aluminium<br \/>\n&#8211; rouleau de chargement en aluminium<br \/>\n&#8211; visserie de fixation fournie en acier inox<\/p>\n<p><strong>Seulement pour v\u00e9hicule avec portes arri\u00e8re battantes.<\/strong><\/p>\n<\/div>\n<div class=\"break\"><\/div>\n<table class=\"table tableBorder\">\n<tbody>\n<tr class=\"border_bottomGrey\">\n<td class=\"txtBkOrange\" style=\"text-align: center;\">V\u00c9HICULE<\/td>\n<td class=\"txtBkOrange\" style=\"text-align: center;\" bgcolor=\"#0071B9\">PORTE-TOUT<\/td>\n<td class=\"TESTO12neroCX\" style=\"text-align: center;\" bgcolor=\"#e4e4e4\">DIMENSIONS<\/td>\n<td class=\"TESTO12neroCX\" style=\"text-align: center;\" bgcolor=\"#e4e4e4\">POIDS<\/td>\n<td class=\"TESTO12neroCX\" style=\"text-align: center;\" bgcolor=\"#e4e4e4\">CHARGE<\/td>\n<\/tr>\n<tr class=\"border_bottomGrey\">\n<td class=\"text-center\"><strong>MOD\u00c8LE<\/strong><\/td>\n<td class=\"text-center\"><strong>ART.<\/strong><\/td>\n<td><\/td>\n<td><\/td>\n<td><\/td>\n<\/tr>\n<tr class=\"border_bottomGrey\">\n<td style=\"text-align: center;\" bgcolor=\"#f0f0f0\">L1 H1<\/td>\n<td style=\"text-align: center;\"><span class=\"blue\"><strong>F22 KK CA10H1 R1 00<\/strong><\/span><\/td>\n<td style=\"text-align: center;\">2000&#215;1400 mm<\/td>\n<td style=\"text-align: center;\">17,50 Kg<\/td>\n<td style=\"text-align: center;\">82,50 Kg<\/td>\n<\/tr>\n<tr class=\"border_bottomGrey\">\n<td style=\"text-align: center;\" bgcolor=\"#f0f0f0\">L2 H1 Maxi<\/td>\n<td style=\"text-align: center;\"><span class=\"blue\"><strong>F22 KK CA20H1 R1 00<\/strong><\/span><\/td>\n<td style=\"text-align: center;\">2500&#215;1400 mm<\/td>\n<td style=\"text-align: center;\">22,00 Kg<\/td>\n<td style=\"text-align: center;\">78,00 Kg<\/td>\n<\/tr>\n<\/tbody>\n<\/table>\n<hr class=\"noColor\" \/>\n<hr class=\"noColor\" \/>\n<hr class=\"noColor\" \/>\n<h2 class=\"customBlackSection\">PORTE-\u00c9CHELLE POUR VOLKSWAGEN CADDY CARGO<\/h2>\n<div class=\"col-xs-12 col-sm-7 col-md-8\">\n<img decoding=\"async\" loading=\"lazy\" class=\"aligncenter size-full wp-image-6054\" src=\"https:\/\/www.storevan.com\/wp-content\/uploads\/veicoli\/volkswagen\/caddycargo2021\/CA-10H1-L1.jpg\" alt=\"Porte-\u00c9chelle pour Caddy Cargo\" width=\"625\" height=\"260\" \/>\n<\/div>\n<div class=\"col-xs-12 col-sm-5 col-md-4\">\n<hr class=\"noColor\" \/>\n<hr class=\"noColor\" \/>\n<p>Porte-\u00e9chelles complet de:<br \/>\n&#8211; barres en aluminium avec fixations et profil en caoutchouc<br \/>\n&#8211; rebord lat\u00e9ral en aluminium<br \/>\n&#8211; rouleau de chargement en aluminium<br \/>\n&#8211; chariot porte-\u00e9chelles en aluminium et acier inox<br \/>\n&#8211; visserie de fixation fournie en acier inox<\/p>\n<p><strong>Seulement pour v\u00e9hicule avec portes arri\u00e8re battantes.<br \/>\nLe chariot porte-\u00e9chelles peut \u00eatre mont\u00e9 \u00e0 droite ou \u00e0 gauche.<\/strong><\/p>\n<\/div>\n<div class=\"break\"><\/div>\n<table class=\"table tableBorder\">\n<tbody>\n<tr class=\"border_bottomGrey\">\n<td class=\"txtBkOrange\" style=\"text-align: center;\">V\u00c9HICULE<\/td>\n<td class=\"txtBkOrange\" style=\"text-align: center;\" bgcolor=\"#0071B9\">PORTE-\u00c9CHELLE<\/td>\n<td class=\"TESTO12neroCX\" style=\"text-align: center;\" bgcolor=\"#e4e4e4\">DIMENSIONS<\/td>\n<td class=\"TESTO12neroCX\" style=\"text-align: center;\" bgcolor=\"#e4e4e4\">POIDS<\/td>\n<td class=\"TESTO12neroCX\" style=\"text-align: center;\" bgcolor=\"#e4e4e4\">CHARGE<\/td>\n<\/tr>\n<tr class=\"border_bottomGrey\">\n<td class=\"text-center\"><strong>MOD\u00c8LE<\/strong><\/td>\n<td class=\"text-center\"><strong>ART.<\/strong><\/td>\n<td><\/td>\n<td><\/td>\n<td><\/td>\n<\/tr>\n<tr class=\"border_bottomGrey\">\n<td style=\"text-align: center;\" bgcolor=\"#f0f0f0\">L1 H1<\/td>\n<td style=\"text-align: center;\"><span class=\"blue\"><strong>F22 KK CA10H1 L1 00<\/strong><\/span><\/td>\n<td style=\"text-align: center;\">2150&#215;1380 mm<\/td>\n<td style=\"text-align: center;\">51,50 Kg<\/td>\n<td style=\"text-align: center;\">48,50 Kg<\/td>\n<\/tr>\n<tr class=\"border_bottomGrey\">\n<td style=\"text-align: center;\" bgcolor=\"#f0f0f0\">L2 H1 Maxi<\/td>\n<td style=\"text-align: center;\"><span class=\"blue\"><strong>F22 KK CA20H1 L1 00<\/strong><\/span><\/td>\n<td style=\"text-align: center;\">2650&#215;1380 mm<\/td>\n<td style=\"text-align: center;\">61,00 Kg<\/td>\n<td style=\"text-align: center;\">39,00 Kg<\/td>\n<\/tr>\n<\/tbody>\n<\/table>\n<hr class=\"noColor\" \/>\n<hr class=\"noColor\" \/>\n<hr class=\"noColor\" \/>\n<h2 class=\"customBlackSection\">PORTE-TOUT DYNAMIQUE POUR VOLKSWAGEN CADDY CARGO<\/h2>\n<div class=\"col-xs-12 col-sm-7 col-md-8\">\n<img decoding=\"async\" loading=\"lazy\" class=\"aligncenter size-full\" src=\"https:\/\/www.storevan.com\/wp-content\/uploads\/veicoli\/volkswagen\/caddycargo2021\/CA-10H1-D1.jpg\" alt=\"Porte-Tout Dynamique pour Caddy Cargo\" width=\"625\" height=\"260\" \/>\n<\/div>\n<div class=\"col-xs-12 col-sm-5 col-md-4\">\n<hr class=\"noColor\" \/>\n<hr class=\"noColor\" \/>\n<p>Porte-Tout Dynamique complet de:<br \/>\n&#8211; ch\u00e2ssis fixe avec attelages<br \/>\n&#8211; ch\u00e2ssis coulissant avec barres et rebords lat\u00e9raux<br \/>\n&#8211; visserie de fixation fournie en acier inox<\/p>\n<p><strong>Seulement pour v\u00e9hicule avec portes arri\u00e8re battantes.<\/strong><\/p>\n<\/div>\n<div class=\"break\"><\/div>\n<table class=\"table tableBorder\">\n<tbody>\n<tr class=\"border_bottomGrey\">\n<td class=\"txtBkOrange\" style=\"text-align: center;\">V\u00c9HICULE<\/td>\n<td class=\"txtBkOrange\" style=\"text-align: center;\" bgcolor=\"#0071B9\">PORTE-TOUT DYNAMIQUE<\/td>\n<td class=\"TESTO12neroCX\" style=\"text-align: center;\" bgcolor=\"#e4e4e4\">DIMENSIONS<\/td>\n<td class=\"TESTO12neroCX\" style=\"text-align: center;\" bgcolor=\"#e4e4e4\">POIDS<\/td>\n<td class=\"TESTO12neroCX\" style=\"text-align: center;\" bgcolor=\"#e4e4e4\">CHARGE<\/td>\n<\/tr>\n<tr class=\"border_bottomGrey\">\n<td class=\"text-center\"><strong>MOD\u00c8LE<\/strong><\/td>\n<td class=\"text-center\"><strong>EXEMPLE<\/strong><\/td>\n<td><\/td>\n<td><\/td>\n<td><\/td>\n<\/tr>\n<tr class=\"border_bottomGrey\">\n<td style=\"text-align: center;\" bgcolor=\"#f0f0f0\">L1 H1<\/td>\n<td style=\"text-align: center;\"><span class=\"blue\"><strong>CA 10H1 D1<\/strong><\/span><\/td>\n<td style=\"text-align: center;\">1218&#215;2409 mm<\/td>\n<td style=\"text-align: center;\">54,00 Kg<\/td>\n<td style=\"text-align: center;\">46,00 Kg<\/td>\n<\/tr>\n<\/tbody>\n<\/table>\n<hr class=\"noColor\" \/>\n<hr class=\"noColor\" \/>\n<hr \/>\n<div class=\"col-xs-12 col-sm-12 col-md-6\">\n<div class=\"text-center\"><a class=\"btn btn-download\" title=\"APPELEZ-NOUS!\" href=\"tel:+390424585455\"><i class=\"fa fa-phone\"><\/i> <span class=\"spanBtn\">APPELEZ-NOUS<\/span><br \/>\npour toute information<\/a><\/div>\n<\/div>\n<div class=\"col-xs-12 col-sm-12 col-md-6\">\n<div class=\"text-center\"><a class=\"btn btn-download\" title=\"T\u00c9L\u00c9CHARGEMENT\" href=\"https:\/\/www.storevan.com\/wp-content\/uploads\/doc\/VOLKSWAGEN_CADDY_CARGO_2021_Allestimenti_Amenagements_StoreVan_itfr.pdf\" target=\"_blank\" rel=\"noopener noreferrer\"><i class=\"fa fa-download\"><\/i> <span class=\"spanBtn\">T\u00c9L\u00c9CHARGEMENT<\/span><br \/>\nCATALOGUE CADDY CARGO<\/a><\/div>\n<\/div>\n<div class=\"break\"><\/div>\n<div class=\"break\"><\/div>\n<hr \/>\n<h4 class=\"bigTxt text-center txtBkOrange\"><i class=\"fa fa-envelope pull-left\"><\/i>VOULEZ-VOUS EN SAVOIR PLUS?<\/h4>\n<div class=\"hidden-xs\">\n<div class=\"wpcf7 no-js\" id=\"wpcf7-f67673-o1\" lang=\"it-IT\" dir=\"ltr\">\n<div class=\"screen-reader-response\"><p role=\"status\" aria-live=\"polite\" aria-atomic=\"true\"><\/p> <ul><\/ul><\/div>\n<form action=\"\/fr\/wp-json\/wp\/v2\/pages\/147905#wpcf7-f67673-o1\" method=\"post\" class=\"wpcf7-form init\" aria-label=\"Modulo di contatto\" novalidate=\"novalidate\" data-status=\"init\">\n<div style=\"display: none;\">\n<input type=\"hidden\" name=\"_wpcf7\" value=\"67673\" \/>\n<input type=\"hidden\" name=\"_wpcf7_version\" value=\"5.7.7\" \/>\n<input type=\"hidden\" name=\"_wpcf7_locale\" value=\"it_IT\" \/>\n<input type=\"hidden\" name=\"_wpcf7_unit_tag\" value=\"wpcf7-f67673-o1\" \/>\n<input type=\"hidden\" name=\"_wpcf7_container_post\" value=\"0\" \/>\n<input type=\"hidden\" name=\"_wpcf7_posted_data_hash\" value=\"\" \/>\n<input type=\"hidden\" name=\"_wpcf7_recaptcha_response\" value=\"\" \/>\n<\/div>\n<span class=\"wpcf7-form-control-wrap url\" data-name=\"url\"><input type=\"hidden\" name=\"url\" size=\"40\" class=\"wpcf7-form-control wpcf7-hidden wpcf7dtx wpcf7dtx-hidden\" aria-invalid=\"false\" value=\"porte-tout-et-porte-echelles\" autocomplete=\"off\" \/><\/span>\n<p>Pour plus d'informations, remplissez les champs suivants. L'un de nos op\u00e9rateurs vous recontactera dans les plus brefs d\u00e9lais (* champs obligatoires):\n<\/p>\n<div class=\"col-xs-12 col-md-6\">\n\t<p><span class='titoli'>Pr\u00e9nom (*)<\/span>\n\t<\/p>\n\t<p><span class=\"wpcf7-form-control-wrap\" data-name=\"your-name\"><input size=\"40\" class=\"wpcf7-form-control wpcf7-text wpcf7-validates-as-required form-control\" aria-required=\"true\" aria-invalid=\"false\" value=\"\" type=\"text\" name=\"your-name\" \/><\/span>\n\t<\/p>\n<\/div>\n<div class=\"col-xs-12 col-md-6\">\n\t<p><span class='titoli'>Nom (*)<\/span>\n\t<\/p>\n\t<p><span class=\"wpcf7-form-control-wrap\" data-name=\"your-last-name\"><input size=\"40\" class=\"wpcf7-form-control wpcf7-text wpcf7-validates-as-required form-control\" aria-required=\"true\" aria-invalid=\"false\" value=\"\" type=\"text\" name=\"your-last-name\" \/><\/span>\n\t<\/p>\n<\/div>\n<div class=\"col-xs-12 col-md-6\">\n\t<p><span class='titoli'>Entreprise (*)<\/span>\n\t<\/p>\n\t<p><span class=\"wpcf7-form-control-wrap\" data-name=\"your-company\"><input size=\"40\" class=\"wpcf7-form-control wpcf7-text wpcf7-validates-as-required form-control\" aria-required=\"true\" aria-invalid=\"false\" value=\"\" type=\"text\" name=\"your-company\" \/><\/span>\n\t<\/p>\n<\/div>\n<div class=\"col-xs-12 col-md-6\">\n\t<p><span class='titoli'>TVA<\/span>\n\t<\/p>\n\t<p><span class=\"wpcf7-form-control-wrap\" data-name=\"p-iva\"><input size=\"40\" class=\"wpcf7-form-control wpcf7-text form-control\" aria-invalid=\"false\" value=\"\" type=\"text\" name=\"p-iva\" \/><\/span>\n\t<\/p>\n<\/div>\n<div class=\"clearboth\">\n<\/div>\n<div class=\"col-xs-12 col-md-4\">\n\t<p><span class='titoli'>Code Postal (*)<\/span>\n\t<\/p>\n\t<p><span class=\"wpcf7-form-control-wrap\" data-name=\"your-zip-code\"><input size=\"40\" class=\"wpcf7-form-control wpcf7-text wpcf7-validates-as-required form-control\" aria-required=\"true\" aria-invalid=\"false\" value=\"\" type=\"text\" name=\"your-zip-code\" \/><\/span>\n\t<\/p>\n<\/div>\n<div class=\"col-xs-12 col-md-4\">\n\t<p><span class='titoli'>Adresse (*)<\/span>\n\t<\/p>\n\t<p><span class=\"wpcf7-form-control-wrap\" data-name=\"your-address\"><input size=\"40\" class=\"wpcf7-form-control wpcf7-text wpcf7-validates-as-required form-control\" aria-required=\"true\" aria-invalid=\"false\" value=\"\" type=\"text\" name=\"your-address\" \/><\/span>\n\t<\/p>\n<\/div>\n<div class=\"col-xs-12 col-md-4\">\n\t<p><span class='titoli'>Ville (*)<\/span>\n\t<\/p>\n\t<p><span class=\"wpcf7-form-control-wrap\" data-name=\"your-Town\"><input size=\"40\" class=\"wpcf7-form-control wpcf7-text wpcf7-validates-as-required form-control\" aria-required=\"true\" aria-invalid=\"false\" value=\"\" type=\"text\" name=\"your-Town\" \/><\/span>\n\t<\/p>\n<\/div>\n<div class=\"clearboth\">\n<\/div>\n<div class=\"col-xs-12 col-md-6\">\n\t<p><span class='titoli'>email (*)<\/span>\n\t<\/p>\n\t<p><span class=\"wpcf7-form-control-wrap\" data-name=\"your-email\"><input size=\"40\" class=\"wpcf7-form-control wpcf7-text wpcf7-email wpcf7-validates-as-required wpcf7-validates-as-email form-control\" aria-required=\"true\" aria-invalid=\"false\" value=\"\" type=\"email\" name=\"your-email\" \/><\/span>\n\t<\/p>\n<\/div>\n<div class=\"col-xs-12 col-md-6\">\n\t<p><span class='titoli'>T\u00e9l\u00e9phone (*)<\/span>\n\t<\/p>\n\t<p><span class=\"wpcf7-form-control-wrap\" data-name=\"telefono\"><input size=\"40\" class=\"wpcf7-form-control wpcf7-text wpcf7-tel wpcf7-validates-as-required wpcf7-validates-as-tel form-control\" aria-required=\"true\" aria-invalid=\"false\" value=\"\" type=\"tel\" name=\"telefono\" \/><\/span>\n\t<\/p>\n<\/div>\n<div class=\"clearboth\">\n<\/div>\n<div class=\"col-xs-12 col-md-6\">\n\t<p><span class='titoli'>Objet <\/span>\n\t<\/p>\n\t<p><span class=\"wpcf7-form-control-wrap\" data-name=\"oggetto\"><select class=\"wpcf7-form-control wpcf7-select wpcf7-validates-as-required\" aria-required=\"true\" aria-invalid=\"false\" name=\"oggetto\"><option value=\"Citation\">Citation<\/option><option value=\"Information technique\">Information technique<\/option><option value=\"Rendez-vous\">Rendez-vous<\/option><\/select><\/span>\n\t<\/p>\n<\/div>\n<div class=\"col-xs-12 col-md-6\">\n\t<p><br \/>\n<span class=\"titoli\"> <span class=\"wpcf7-form-control-wrap\" data-name=\"cliente\"><span class=\"wpcf7-form-control wpcf7-checkbox\"><span class=\"wpcf7-list-item first last\"><label><span class=\"wpcf7-list-item-label\">Je suis d\u00e9j\u00e0 client<\/span><input type=\"checkbox\" name=\"cliente[]\" value=\"Je suis d\u00e9j\u00e0 client\" \/><\/label><\/span><\/span><\/span><\/span>\n\t<\/p>\n<\/div>\n<div class=\"col-xs-12 col-md-12\">\n\t<p><span class='titoli'>Message (*)<\/span>\n\t<\/p>\n\t<p><span class=\"wpcf7-form-control-wrap\" data-name=\"your-message\"><textarea cols=\"40\" rows=\"10\" class=\"wpcf7-form-control wpcf7-textarea wpcf7-validates-as-required form-control\" aria-required=\"true\" aria-invalid=\"false\" name=\"your-message\"><\/textarea><\/span>\n\t<\/p>\n<\/div>\n<div class=\"col-xs-12 col-md-12\">\n\t<p><small>Les donn\u00e9es saisies seront trait\u00e9es de mani\u00e8re strictement confidentielle conform\u00e9ment \u00e0 la loi et \u00e0 notre <a href=\"https:\/\/www.storevan.com\/fr\/privacy-policy\/\">politique de confidentialit\u00e9<\/a>.<\/small>\n\t<\/p>\n\t<p><span class=\"wpcf7-form-control-wrap\" data-name=\"AccettazionePrivacy\"><span class=\"wpcf7-form-control wpcf7-acceptance\"><span class=\"wpcf7-list-item\"><input type=\"checkbox\" name=\"AccettazionePrivacy\" value=\"1\" aria-invalid=\"false\" \/><\/span><\/span><\/span> Je d\u00e9clare avoir pris connaissance de la Note Informative sur les <a href=\"https:\/\/www.storevan.com\/fr\/privacy-policy\/\">Note Informative sur les Informations priv\u00e9es<\/a> et j\u2019autorise au traitement de mes donn\u00e9es personnelles en conformit\u00e9 avec ce qui y est \u00e9crit. (*)<br \/>\n\t<span class=\"wpcf7-form-control-wrap recaptcha\" data-name=\"recaptcha\"><span data-sitekey=\"6LdfM4AUAAAAAJjsAucux5WVNA3hsk5KP0a03T_n\" class=\"wpcf7-form-control g-recaptcha wpcf7-recaptcha\"><\/span>\r\n<noscript>\r\n\t<div class=\"grecaptcha-noscript\">\r\n\t\t<iframe src=\"https:\/\/www.google.com\/recaptcha\/api\/fallback?k=6LdfM4AUAAAAAJjsAucux5WVNA3hsk5KP0a03T_n\" frameborder=\"0\" scrolling=\"no\" width=\"310\" height=\"430\">\r\n\t\t<\/iframe>\r\n\t\t<textarea name=\"g-recaptcha-response\" rows=\"3\" cols=\"40\" placeholder=\"reCaptcha Response Here\">\r\n\t\t<\/textarea>\r\n\t<\/div>\r\n<\/noscript>\r\n<\/span>\n\t<\/p>\n<\/div>\n<hr class=\"noColor\" \/>\n<p><input class=\"wpcf7-form-control has-spinner wpcf7-submit\" type=\"submit\" value=\"Envoi\" \/>\n<\/p><div class=\"wpcf7-response-output\" aria-hidden=\"true\"><\/div>\n<\/form>\n<\/div>\n<\/div>\n","protected":false},"excerpt":{"rendered":"<p>PORTE TOUT ET PORTE-\u00c9CHELLES POUR CADDY CARGO Le porte-\u00e9chelle et le porte-tout\u00a0Store Van, \u00e0 savoir le syst\u00e8me de transport sur le toit d\u2019une \u00e9chelle et d\u2019outillages certifi\u00e9 GS, sont disponibles.<\/p>\n","protected":false},"author":522,"featured_media":0,"parent":147806,"menu_order":0,"comment_status":"closed","ping_status":"closed","template":"","meta":[],"acf":[],"yoast_head":"<!-- This site is optimized with the Yoast SEO plugin v20.11 - https:\/\/yoast.com\/wordpress\/plugins\/seo\/ -->\n<title>Porte tout et porte-\u00e9chelles pour Vivaro<\/title>\n<meta name=\"description\" content=\"Le porte-\u00e9chelle et le porte-tout\u00a0Store Van, \u00e0 savoir le syst\u00e8me de transport sur le toit d\u2019une \u00e9chelle et d\u2019outillages certifi\u00e9 GS, sont disponibles pour les deux configurations du v\u00e9hicule utilitaire Opel Vivaro (L1 H1 et L2 H1).\" \/>\n<meta name=\"robots\" content=\"index, follow, max-snippet:-1, max-image-preview:large, max-video-preview:-1\" \/>\n<link rel=\"canonical\" href=\"https:\/\/www.storevan.com\/fr\/amenagement-vehicules-utilitaires\/fourgons-volkswagen\/caddy-cargo\/porte-tout-et-porte-echelles\/\" \/>\n<meta property=\"og:locale\" content=\"fr_FR\" \/>\n<meta property=\"og:type\" content=\"article\" \/>\n<meta property=\"og:title\" content=\"Porte tout et porte-\u00e9chelles pour Vivaro\" \/>\n<meta property=\"og:description\" content=\"Le porte-\u00e9chelle et le porte-tout\u00a0Store Van, \u00e0 savoir le syst\u00e8me de transport sur le toit d\u2019une \u00e9chelle et d\u2019outillages certifi\u00e9 GS, sont disponibles pour les deux configurations du v\u00e9hicule utilitaire Opel Vivaro (L1 H1 et L2 H1).\" \/>\n<meta property=\"og:url\" content=\"https:\/\/www.storevan.com\/fr\/amenagement-vehicules-utilitaires\/fourgons-volkswagen\/caddy-cargo\/porte-tout-et-porte-echelles\/\" \/>\n<meta property=\"og:site_name\" content=\"Store Van\" \/>\n<meta property=\"article:modified_time\" content=\"2022-09-29T11:42:27+00:00\" \/>\n<meta property=\"og:image\" content=\"https:\/\/www.storevan.com\/wp-content\/uploads\/veicoli\/volkswagen\/caddycargo2021\/CA-10H1-B1.jpg\" \/>\n<meta name=\"twitter:label1\" content=\"Dur\u00e9e de lecture estim\u00e9e\" \/>\n\t<meta name=\"twitter:data1\" content=\"3 minutes\" \/>\n<script type=\"application\/ld+json\" class=\"yoast-schema-graph\">{\"@context\":\"https:\/\/schema.org\",\"@graph\":[{\"@type\":\"WebPage\",\"@id\":\"https:\/\/www.storevan.com\/fr\/amenagement-vehicules-utilitaires\/fourgons-volkswagen\/caddy-cargo\/porte-tout-et-porte-echelles\/\",\"url\":\"https:\/\/www.storevan.com\/fr\/amenagement-vehicules-utilitaires\/fourgons-volkswagen\/caddy-cargo\/porte-tout-et-porte-echelles\/\",\"name\":\"Porte tout et porte-\u00e9chelles pour Vivaro\",\"isPartOf\":{\"@id\":\"https:\/\/www.storevan.com\/pl\/#website\"},\"datePublished\":\"2016-03-15T15:45:37+00:00\",\"dateModified\":\"2022-09-29T11:42:27+00:00\",\"description\":\"Le porte-\u00e9chelle et le porte-tout\u00a0Store Van, \u00e0 savoir le syst\u00e8me de transport sur le toit d\u2019une \u00e9chelle et d\u2019outillages certifi\u00e9 GS, sont disponibles pour les deux configurations du v\u00e9hicule utilitaire Opel Vivaro (L1 H1 et L2 H1).\",\"breadcrumb\":{\"@id\":\"https:\/\/www.storevan.com\/fr\/amenagement-vehicules-utilitaires\/fourgons-volkswagen\/caddy-cargo\/porte-tout-et-porte-echelles\/#breadcrumb\"},\"inLanguage\":\"fr-FR\",\"potentialAction\":[{\"@type\":\"ReadAction\",\"target\":[\"https:\/\/www.storevan.com\/fr\/amenagement-vehicules-utilitaires\/fourgons-volkswagen\/caddy-cargo\/porte-tout-et-porte-echelles\/\"]}]},{\"@type\":\"BreadcrumbList\",\"@id\":\"https:\/\/www.storevan.com\/fr\/amenagement-vehicules-utilitaires\/fourgons-volkswagen\/caddy-cargo\/porte-tout-et-porte-echelles\/#breadcrumb\",\"itemListElement\":[{\"@type\":\"ListItem\",\"position\":1,\"name\":\"Home\",\"item\":\"https:\/\/www.storevan.com\/fr\/\"},{\"@type\":\"ListItem\",\"position\":2,\"name\":\"Am\u00e9nagement de v\u00e9hicule utilitaire\",\"item\":\"https:\/\/www.storevan.com\/fr\/amenagement-vehicules-utilitaires\/\"},{\"@type\":\"ListItem\",\"position\":3,\"name\":\"Volkswagen\",\"item\":\"https:\/\/www.storevan.com\/fr\/amenagement-vehicules-utilitaires\/fourgons-volkswagen\/\"},{\"@type\":\"ListItem\",\"position\":4,\"name\":\"Caddy Cargo\",\"item\":\"https:\/\/www.storevan.com\/fr\/amenagement-vehicules-utilitaires\/fourgons-volkswagen\/caddy-cargo\/\"},{\"@type\":\"ListItem\",\"position\":5,\"name\":\"Porte tout et Porte-\u00e9chelles\"}]},{\"@type\":\"WebSite\",\"@id\":\"https:\/\/www.storevan.com\/pl\/#website\",\"url\":\"https:\/\/www.storevan.com\/pl\/\",\"name\":\"Store Van\",\"description\":\"Am\u00e9nagements fourgons\",\"potentialAction\":[{\"@type\":\"SearchAction\",\"target\":{\"@type\":\"EntryPoint\",\"urlTemplate\":\"https:\/\/www.storevan.com\/pl\/?s={search_term_string}\"},\"query-input\":\"required name=search_term_string\"}],\"inLanguage\":\"fr-FR\"}]}<\/script>\n<!-- \/ Yoast SEO plugin. -->","yoast_head_json":{"title":"Porte tout et porte-\u00e9chelles pour Vivaro","description":"Le porte-\u00e9chelle et le porte-tout\u00a0Store Van, \u00e0 savoir le syst\u00e8me de transport sur le toit d\u2019une \u00e9chelle et d\u2019outillages certifi\u00e9 GS, sont disponibles pour les deux configurations du v\u00e9hicule utilitaire Opel Vivaro (L1 H1 et L2 H1).","robots":{"index":"index","follow":"follow","max-snippet":"max-snippet:-1","max-image-preview":"max-image-preview:large","max-video-preview":"max-video-preview:-1"},"canonical":"https:\/\/www.storevan.com\/fr\/amenagement-vehicules-utilitaires\/fourgons-volkswagen\/caddy-cargo\/porte-tout-et-porte-echelles\/","og_locale":"fr_FR","og_type":"article","og_title":"Porte tout et porte-\u00e9chelles pour Vivaro","og_description":"Le porte-\u00e9chelle et le porte-tout\u00a0Store Van, \u00e0 savoir le syst\u00e8me de transport sur le toit d\u2019une \u00e9chelle et d\u2019outillages certifi\u00e9 GS, sont disponibles pour les deux configurations du v\u00e9hicule utilitaire Opel Vivaro (L1 H1 et L2 H1).","og_url":"https:\/\/www.storevan.com\/fr\/amenagement-vehicules-utilitaires\/fourgons-volkswagen\/caddy-cargo\/porte-tout-et-porte-echelles\/","og_site_name":"Store Van","article_modified_time":"2022-09-29T11:42:27+00:00","og_image":[{"url":"https:\/\/www.storevan.com\/wp-content\/uploads\/veicoli\/volkswagen\/caddycargo2021\/CA-10H1-B1.jpg"}],"twitter_misc":{"Dur\u00e9e de lecture estim\u00e9e":"3 minutes"},"schema":{"@context":"https:\/\/schema.org","@graph":[{"@type":"WebPage","@id":"https:\/\/www.storevan.com\/fr\/amenagement-vehicules-utilitaires\/fourgons-volkswagen\/caddy-cargo\/porte-tout-et-porte-echelles\/","url":"https:\/\/www.storevan.com\/fr\/amenagement-vehicules-utilitaires\/fourgons-volkswagen\/caddy-cargo\/porte-tout-et-porte-echelles\/","name":"Porte tout et porte-\u00e9chelles pour Vivaro","isPartOf":{"@id":"https:\/\/www.storevan.com\/pl\/#website"},"datePublished":"2016-03-15T15:45:37+00:00","dateModified":"2022-09-29T11:42:27+00:00","description":"Le porte-\u00e9chelle et le porte-tout\u00a0Store Van, \u00e0 savoir le syst\u00e8me de transport sur le toit d\u2019une \u00e9chelle et d\u2019outillages certifi\u00e9 GS, sont disponibles pour les deux configurations du v\u00e9hicule utilitaire Opel Vivaro (L1 H1 et L2 H1).","breadcrumb":{"@id":"https:\/\/www.storevan.com\/fr\/amenagement-vehicules-utilitaires\/fourgons-volkswagen\/caddy-cargo\/porte-tout-et-porte-echelles\/#breadcrumb"},"inLanguage":"fr-FR","potentialAction":[{"@type":"ReadAction","target":["https:\/\/www.storevan.com\/fr\/amenagement-vehicules-utilitaires\/fourgons-volkswagen\/caddy-cargo\/porte-tout-et-porte-echelles\/"]}]},{"@type":"BreadcrumbList","@id":"https:\/\/www.storevan.com\/fr\/amenagement-vehicules-utilitaires\/fourgons-volkswagen\/caddy-cargo\/porte-tout-et-porte-echelles\/#breadcrumb","itemListElement":[{"@type":"ListItem","position":1,"name":"Home","item":"https:\/\/www.storevan.com\/fr\/"},{"@type":"ListItem","position":2,"name":"Am\u00e9nagement de v\u00e9hicule utilitaire","item":"https:\/\/www.storevan.com\/fr\/amenagement-vehicules-utilitaires\/"},{"@type":"ListItem","position":3,"name":"Volkswagen","item":"https:\/\/www.storevan.com\/fr\/amenagement-vehicules-utilitaires\/fourgons-volkswagen\/"},{"@type":"ListItem","position":4,"name":"Caddy Cargo","item":"https:\/\/www.storevan.com\/fr\/amenagement-vehicules-utilitaires\/fourgons-volkswagen\/caddy-cargo\/"},{"@type":"ListItem","position":5,"name":"Porte tout et Porte-\u00e9chelles"}]},{"@type":"WebSite","@id":"https:\/\/www.storevan.com\/pl\/#website","url":"https:\/\/www.storevan.com\/pl\/","name":"Store Van","description":"Am\u00e9nagements fourgons","potentialAction":[{"@type":"SearchAction","target":{"@type":"EntryPoint","urlTemplate":"https:\/\/www.storevan.com\/pl\/?s={search_term_string}"},"query-input":"required name=search_term_string"}],"inLanguage":"fr-FR"}]}},"_links":{"self":[{"href":"https:\/\/www.storevan.com\/fr\/wp-json\/wp\/v2\/pages\/147905"}],"collection":[{"href":"https:\/\/www.storevan.com\/fr\/wp-json\/wp\/v2\/pages"}],"about":[{"href":"https:\/\/www.storevan.com\/fr\/wp-json\/wp\/v2\/types\/page"}],"author":[{"embeddable":true,"href":"https:\/\/www.storevan.com\/fr\/wp-json\/wp\/v2\/users\/522"}],"replies":[{"embeddable":true,"href":"https:\/\/www.storevan.com\/fr\/wp-json\/wp\/v2\/comments?post=147905"}],"version-history":[{"count":2,"href":"https:\/\/www.storevan.com\/fr\/wp-json\/wp\/v2\/pages\/147905\/revisions"}],"predecessor-version":[{"id":149248,"href":"https:\/\/www.storevan.com\/fr\/wp-json\/wp\/v2\/pages\/147905\/revisions\/149248"}],"up":[{"embeddable":true,"href":"https:\/\/www.storevan.com\/fr\/wp-json\/wp\/v2\/pages\/147806"}],"wp:attachment":[{"href":"https:\/\/www.storevan.com\/fr\/wp-json\/wp\/v2\/media?parent=147905"}],"curies":[{"name":"wp","href":"https:\/\/api.w.org\/{rel}","templated":true}]}}