{"id":140079,"date":"2015-12-09T16:00:13","date_gmt":"2015-12-09T16:00:13","guid":{"rendered":"https:\/\/www.storevan.com\/?page_id=140079"},"modified":"2022-03-25T12:54:05","modified_gmt":"2022-03-25T12:54:05","slug":"movano-2021","status":"publish","type":"page","link":"https:\/\/www.storevan.com\/fr\/amenagement-vehicules-utilitaires\/fourgons-opel\/movano-2021\/","title":{"rendered":"Movano 2021"},"content":{"rendered":"<h1 class=\"customblackTitleSmall\">Am\u00e9nagements fourgons Opel Movano 2021<\/h1>\n<p>Les modules d\u2019un atelier mobile Store Van pour <strong>Opel Movano 2021<\/strong> sont tous construits avec le mat\u00e9riau le plus r\u00e9pandu dans le secteur automobile : la t\u00f4le recuite par galvanisation, peinte par cataphor\u00e8se. Nous sommes les seuls au monde \u00e0 utiliser ce proc\u00e9d\u00e9 technologique et \u00e0 produire des am\u00e9nagements pour v\u00e9hicules utilitaires dont les caract\u00e9ristiques techniques d\u00e9clar\u00e9es sont les suivantes : r\u00e9sistance \u00e0 la corrosion sup\u00e9rieure \u00e0 500 heures (<em>humidit\u00e9 ASTM D1735<\/em>) et excellente duret\u00e9 \u00e9valu\u00e9e \u00e0 2H minimum.\u00a0<strong>Am\u00e9nagement<\/strong> v\u00e9hicules utilitaires Movano 2021.<\/p>\n<h3 class=\"customblackTitleExtraSmall\">SOLUTIONS D\u2019AM\u00c9NAGEMENT:<\/h3>\n<section id=\"imgSlide\" class=\"regular sliderSV\">\n<div>\n<div class=\"txtBlue\">SAFETY<\/div>\n<div class=\"ts-gallery\"><a title=\"Am\u00e9nagements int\u00e9rieurs Safety pour fourgon Movano 2021\" href=\"https:\/\/www.storevan.com\/wp-content\/uploads\/veicoli\/pianali-pannellature\/safety-1.jpg\"><img decoding=\"async\" loading=\"lazy\" class=\"alignnone wp-image-62780 size-medium\" src=\"https:\/\/www.storevan.com\/wp-content\/uploads\/veicoli\/pianali-pannellature\/safety-1-300x280.jpg\" alt=\"Safety, l'am\u00e9nagement pour fourgons Opel Movano 2021\" width=\"300\" height=\"280\" \/><\/a><\/div>\n<h3 class=\"bigTxt\">Rayonnages avec arrimage des charges de s\u00e9rie<\/h3>\n<div class=\"borderTitle\"><\/div>\n<p>Exemples d&rsquo;am\u00e9nagements: <\/p>\n<p><a title=\"Safety L1 H1\" href=\"https:\/\/www.storevan.com\/fr\/amenagements-fourgon\/opel-movano-2021-l1-h1-s\/\"><strong>L1 H1<\/strong> (Empattement 3000 mm)<\/a><br \/>\n<a title=\"Safety L2 H1\" href=\"https:\/\/www.storevan.com\/fr\/amenagements-fourgon\/opel-movano-2021-l2-h1-s\/\"><strong>L2 H1<\/strong> (Empattement 3450 mm)<\/a><br \/>\n<a title=\"Safety L2 H2\" href=\"https:\/\/www.storevan.com\/fr\/amenagements-fourgon\/opel-movano-2021-l2-h2-s\/\"><strong>L2 H2<\/strong> (Empattement 3450 mm)<\/a><br \/>\n<a title=\"Safety L3 H2\" href=\"https:\/\/www.storevan.com\/fr\/amenagements-fourgon\/opel-movano-2021-l3-h2-s\/\"><strong>L3 H2<\/strong> (Empattement 4035 mm)<\/a><\/p>\n<\/div>\n<div>\n<div class=\"txtBlue\">PROFESSIONAL<\/div>\n<div class=\"ts-gallery\"><a title=\"Am\u00e9nagements int\u00e9rieurs Professional pour fourgon Movano 2021\" href=\"https:\/\/www.storevan.com\/wp-content\/uploads\/veicoli\/pianali-pannellature\/professional-1.jpg\"><img decoding=\"async\" loading=\"lazy\" class=\"alignnone wp-image-62786 size-medium\" src=\"https:\/\/www.storevan.com\/wp-content\/uploads\/veicoli\/pianali-pannellature\/professional-1-300x280.jpg\" alt=\"Professional, l'am\u00e9nagement pour fourgons Opel Movano 2021\" width=\"300\" height=\"280\" \/><\/a><\/div>\n<h3 class=\"bigTxt\">Rayonnages avec syst\u00e8mes de maintien Airline suppl\u00e9mentaires<\/h3>\n<div class=\"borderTitle\"><\/div>\n<p>Exemples d&rsquo;am\u00e9nagements: <\/p>\n<p><a title=\"Professional L1 H1\" href=\"https:\/\/www.storevan.com\/fr\/amenagements-fourgon\/opel-movano-2021-l1-h1-p\/\"><strong>L1 H1<\/strong> (Empattement 3000 mm)<\/a><br \/>\n<a title=\"Professional L2 H1\" href=\"https:\/\/www.storevan.com\/fr\/amenagements-fourgon\/opel-movano-2021-l2-h1-p\/\"><strong>L2 H1<\/strong> (Empattement 3450 mm)<\/a><br \/>\n<a title=\"Professional L2 H2\" href=\"https:\/\/www.storevan.com\/fr\/amenagements-fourgon\/opel-movano-2021-l2-h2-p\/\"><strong>L2 H2<\/strong> (Empattement 3450 mm)<\/a><br \/>\n<a title=\"Professional L3 H2\" href=\"https:\/\/www.storevan.com\/fr\/amenagements-fourgon\/opel-movano-2021-l3-h2-p\/\"><strong>L3 H2<\/strong> (Empattement 4035 mm)<\/a><br \/>\n<a title=\"Professional L4 H2\" href=\"https:\/\/www.storevan.com\/fr\/amenagements-fourgon\/opel-movano-2021-l4-h2-p\/\"><strong>L4 H2<\/strong> (Empattement 4035 mm)<\/a><\/p>\n<\/div>\n<div>\n<div class=\"txtBlue\">MOBILE<\/div>\n<div id=\"myGallery\" class=\"ts-gallery\"><a title=\"Am\u00e9nagements int\u00e9rieurs Mobile pour fourgon Movano 2021\" href=\"https:\/\/www.storevan.com\/wp-content\/uploads\/veicoli\/pianali-pannellature\/mobile-1.jpg\"><img decoding=\"async\" loading=\"lazy\" class=\"alignnone wp-image-62792 size-medium\" src=\"https:\/\/www.storevan.com\/wp-content\/uploads\/veicoli\/pianali-pannellature\/mobile-1-300x280.jpg\" alt=\"Mobile, l'am\u00e9nagement pour fourgons Opel Movano 2021\" width=\"300\" height=\"280\" \/><\/a><\/div>\n<h3 class=\"bigTxt\">Am\u00e9nagement compl\u00e9t\u00e9 avec des mallettes pour petites pi\u00e8ces et des chariots<\/h3>\n<div class=\"borderTitle\"><\/div>\n<p>Exemples d&rsquo;am\u00e9nagements: <\/p>\n<p><a title=\"Mobile L1 H1\" href=\"https:\/\/www.storevan.com\/fr\/amenagements-fourgon\/opel-movano-2021-l1-h1-m\/\"><strong>L1 H1<\/strong> (Empattement 3000 mm)<\/a><br \/>\n<a title=\"Mobile L2 H1\" href=\"https:\/\/www.storevan.com\/fr\/amenagements-fourgon\/opel-movano-2021-l2-h1-m\/\"><strong>L2 H1<\/strong> (Empattement 3450 mm)<\/a><br \/>\n<a title=\"Mobile L2 H2\" href=\"https:\/\/www.storevan.com\/fr\/amenagements-fourgon\/opel-movano-2021-l2-h2-m\/\"><strong>L2 H2<\/strong> (Empattement 3450 mm)<\/a><br \/>\n<a title=\"Mobile L3 H2\" href=\"https:\/\/www.storevan.com\/fr\/amenagements-fourgon\/opel-movano-2021-l3-h2-m\/\"><strong>L3 H2<\/strong> (Empattement 4035 mm)<\/a><br \/>\n<a title=\"Mobile L4 H2\" href=\"https:\/\/www.storevan.com\/fr\/amenagements-fourgon\/opel-movano-2021-l4-h2-m\/\"><strong>L4 H2<\/strong> (Empattement 4035 mm)<\/a><\/p>\n<\/div>\n<div>\n<div class=\"txtBlue\">LIGHT SHELF<\/div>\n<div id=\"myGallery\" class=\"ts-gallery\"><a title=\"Am\u00e9nagements int\u00e9rieurs Light Shelf pour fourgon Movano 2021\" href=\"https:\/\/www.storevan.com\/wp-content\/uploads\/veicoli\/pianali-pannellature\/lightshelf-1.jpg\"><img decoding=\"async\" loading=\"lazy\" src=\"https:\/\/www.storevan.com\/wp-content\/uploads\/veicoli\/pianali-pannellature\/lightshelf-1-300x280.jpg\" alt=\"Am\u00e9nagements int\u00e9rieurs Light Shelf pour fourgon Opel Movano 2021\" width=\"300\" height=\"280\" class=\"alignnone size-medium wp-image-103357\" \/><\/a><\/div>\n<h3 class=\"bigTxt\">\u00c9tag\u00e8res pliables<\/h3>\n<div class=\"borderTitle\"><\/div>\n<p>Exemples d&rsquo;am\u00e9nagements: <\/p>\n<p><a title=\"Am\u00e9nagements Light Shelf L2 H2\" href=\"https:\/\/www.storevan.com\/fr\/amenagements-fourgon\/opel-movano-2021-l2-h2-light-shelf\/\"><strong>L2 H2<\/strong> (Empattement 3450 mm)<\/a><br \/>\n<a title=\"Am\u00e9nagements Light Shelf L3 H2\" href=\"https:\/\/www.storevan.com\/fr\/amenagements-fourgon\/opel-movano-2021-l3-h2-light-shelf\/\"><strong>L3 H2<\/strong> (Empattement 4035 mm)<\/a><br \/>\n<a title=\"Am\u00e9nagements Light Shelf L4 H2\" href=\"https:\/\/www.storevan.com\/fr\/amenagements-fourgon\/opel-movano-2021-l4-h2-light-shelf\/\"><strong>L4 H2<\/strong> (Empattement 4035 mm)<\/a><\/p>\n<\/div>\n<\/section>\n<p><a class=\"btn btnLink\" title=\"Solutions d'am\u00e9nagement Safety, Professional e Mobile\" href=\"https:\/\/www.storevan.com\/fr\/amenagements-interieurs-fourgons\/\"> Cliquer ici pour en savoir plus sur les solutions <strong>SAFETY, PROFESSIONAL et MOBILE<\/strong><\/a><\/p>\n<hr class=\"noColor\" \/>\n<h3 class=\"bigTxt text-center txtGrey\">LA BASE POUR UNE PROTECTION S\u00dbRE DES V\u00c9HICULES<\/h3>\n<hr class=\"noColor\" \/>\n<div class=\"two_third\">\n<a title=\"Rev\u00eatement int\u00e9rieur et plancher pour Opel Movano 2021\" href=\"https:\/\/www.storevan.com\/fr\/amenagement-vehicules-utilitaires\/fourgons-opel\/movano-2021\/planchers-et-habillages\/\"><img decoding=\"async\" loading=\"lazy\" class=\"aligncenter size-full wp-image-64855\" src=\"https:\/\/www.storevan.com\/wp-content\/uploads\/veicoli\/pianali-pannellature\/pianali-furgone-rivestimento-interno.jpg\" alt=\"Rev\u00eatement int\u00e9rieur et plancher pour Opel Movano 2021\" width=\"750\" height=\"600\" \/><\/a><\/p>\n<\/div><div class=\"one_third last\">\n<div class=\"boxBorder\">\n<h4 class=\"bigTxt blue hidden-xs\">PLANCHER MOVANO 2021 ET REV\u00caTEMENT INT\u00c9RIEUR<\/h4>\n<div class=\"borderTitleCenter hidden-xs\"><\/div>\n<h5 class=\"hidden-xs\">Solutions certifi\u00e9 par T\u00dcV.<img decoding=\"async\" loading=\"lazy\" class=\"alignnone size-full wp-image-67766\" src=\"https:\/\/www.storevan.com\/wp-content\/uploads\/veicoli\/pianali-pannellature\/logo-ISO9001.jpg\" alt=\"certifi\u00e9 par T\u00dcV\" width=\"50\" height=\"50\" \/><\/h5>\n<div class=\"borderTitleCenter hidden-xs\"><\/div>\n<hr class=\"noColor hidden-xs\" \/>\n<div class=\"ts-gallery hidden-xs\"><div class=\"one_half\">\n<a href=\"https:\/\/www.storevan.com\/wp-content\/uploads\/veicoli\/pianali-pannellature\/Dettaglio-pianale-per-furgone-con-punti-ancoraggio-verticali-e-orizzontali.jpg\"><img decoding=\"async\" loading=\"lazy\" class=\"alignnone wp-image-64379 size-thumbnail\" title=\"planchers et habillages\" src=\"https:\/\/www.storevan.com\/wp-content\/uploads\/veicoli\/pianali-pannellature\/Dettaglio-pianale-per-furgone-con-punti-ancoraggio-verticali-e-orizzontali-150x150.jpg\" alt=\"planchers et habillages\" width=\"150\" height=\"150\" \/><\/a><br \/>\n<\/div><div class=\"one_half last\">\n<a href=\"https:\/\/www.storevan.com\/wp-content\/uploads\/veicoli\/pianali-pannellature\/allestimento-per-furgone-con-pianale-wood-floor.jpg\"><img decoding=\"async\" loading=\"lazy\" class=\"alignnone wp-image-64448 size-thumbnail\" title=\"planchers et habillages\" src=\"https:\/\/www.storevan.com\/wp-content\/uploads\/veicoli\/pianali-pannellature\/allestimento-per-furgone-con-pianale-wood-floor.jpg\" alt=\"Planchers et habillages\" width=\"150\" height=\"150\" \/><\/a><br \/>\n<\/div><div class=\"clearboth\"><\/div><\/div>\n<div class=\"ts-gallery hidden-xs\"><div class=\"one_half\">\n<a href=\"https:\/\/www.storevan.com\/wp-content\/uploads\/veicoli\/pianali-pannellature\/guide-airline-soffitto-furgone.jpg\"><img decoding=\"async\" loading=\"lazy\" class=\"alignnone wp-image-64391 size-thumbnail\" title=\"planchers Safety Floor\" src=\"https:\/\/www.storevan.com\/wp-content\/uploads\/veicoli\/pianali-pannellature\/guide-airline-soffitto-furgone-150x150.jpg\" alt=\"planchers Safety Floor\" width=\"150\" height=\"150\" \/><\/a><br \/>\n<\/div><div class=\"one_half last\">\n<a href=\"https:\/\/www.storevan.com\/wp-content\/uploads\/veicoli\/pianali-pannellature\/pianale-per-furgone-con-barre-fermacarico.jpg\"><img decoding=\"async\" loading=\"lazy\" class=\"alignnone wp-image-64415 size-thumbnail\" title=\"planchers et habillages\" src=\"https:\/\/www.storevan.com\/wp-content\/uploads\/veicoli\/pianali-pannellature\/pianale-per-furgone-con-barre-fermacarico-150x150.jpg\" alt=\"planchers et habillages\" width=\"150\" height=\"150\" \/><\/a><br \/>\n<\/div><div class=\"clearboth\"><\/div><\/div>\n<div class=\"btnFullWidth\"><a class=\"btn btn-blue\" href=\"https:\/\/www.storevan.com\/fr\/amenagement-vehicules-utilitaires\/fourgons-opel\/movano-2021\/planchers-et-habillages\/\">PLANCHERS ET HABILLAGES POUR MOVANO 2021<i class=\"fa fa-angle-double-right\"><\/i><\/a><\/div>\n<\/div>\n<\/div><div class=\"clearboth\"><\/div>\n<h3 class=\"bigTxt text-center txtGrey\">COMPL\u00c9TEZ L\u2019AM\u00c9NAGEMENT POUR MOVANO 2021 AVEC:<\/h3>\n<div class=\"one_half\">\n<img decoding=\"async\" loading=\"lazy\" class=\"aligncenter wp-image-66329 size-full\" src=\"https:\/\/www.storevan.com\/wp-content\/uploads\/veicoli\/pianali-pannellature\/portatutto-portascala-space-up.jpg\" alt=\"Support multifonction et porte-\u00e9chelles pour Fiat Ducato\" width=\"745\" height=\"200\" \/><\/p>\n<\/div><div class=\"one_half last\">\n<h4 class=\"bigTxt blue\">DES SUPPORTS MULTIFONCTIONS ET DES PORTE-\u00c9CHELLES POUR MOVANO 2021<\/h4>\n<div class=\"borderTitle\"><\/div>\n<p>L\u2019am\u00e9nagement peut \u00eatre compl\u00e9t\u00e9 avec des barres de support multifonctions, des porte-\u00e9chelles et des porte-tubes qui s\u2019installent facilement sur le toit du fourgon.<\/p>\n<p><a class=\"btn btn-blue\" title=\"D\u00e9couvrez les supports multifonctions et les porte-\u00e9chelles pour Movano\" href=\"https:\/\/www.storevan.com\/fr\/amenagement-vehicules-utilitaires\/fourgons-opel\/movano-2021\/porte-tout-et-porte-echelles\/\">D\u00c9COUVREZ LES SUPPORTS MULTIFONCTIONS ET LES PORTE-\u00c9CHELLES POUR MOVANO 2021<\/a><br \/>\n<\/div><div class=\"clearboth\"><\/div>\n<hr class=\"noColor\" \/>\n<div class=\"break\"><\/div>\n<p class=\"text-center\"><strong class=\"bigTxt\"><i>Pratique, fonctionnel et efficace, vous pensez\u00a0: \u00ab\u00a0fantastique\u00a0\u00bb\u00a0! Alors, ne vous contentez plus de r\u00eaver&#8230; Il est temps de le vouloir vraiment\u00a0! Lancez-vous dans votre am\u00e9nagement d\u00e8s maintenant!<\/i><\/strong><\/p>\n<hr \/>\n<div class=\"one_third\">\n<div class=\"text-center\"><a class=\"btn btn-download\" title=\"APPELEZ-NOUS!\" href=\"tel:+390424585455\"><i class=\"fa fa-phone\"><\/i> <span class=\"spanBtn\">APPELEZ-NOUS<\/span><br \/>\npour toute information<\/a><\/div>\n<\/div><div class=\"one_third\">\n<div class=\"text-center\"><a class=\"btn btn-download\" title=\"DOWNLOAD\" href=\"https:\/\/www.storevan.com\/wp-content\/uploads\/doc\/Lightshelf_ITFR_CCT01S2600_web.pdf\" target=\"_blank\" rel=\"noopener noreferrer\"><i class=\"fa fa-download\"><\/i> <span class=\"spanBtn\">DOWNLOAD<\/span><br \/>\nCATALOGUE LIGHT SHELF<\/a><\/div>\n<\/div><div class=\"one_third last\">\n<div class=\"text-center\"><a class=\"btn btn-download\" title=\"T\u00c9L\u00c9CHARGEMENT\" href=\"https:\/\/www.storevan.com\/wp-content\/uploads\/doc\/OPEL_MOVANO_2021_Allestimenti_Amenagements_StoreVan_itfr.pdf\" target=\"_blank\" rel=\"noopener noreferrer\"><i class=\"fa fa-download\"><\/i> <span class=\"spanBtn\">T\u00c9L\u00c9CHARGEMENT<\/span><br \/>\nCATALOGUE MOVANO 2021<\/a><\/div>\n<\/div><div class=\"clearboth\"><\/div>\n<hr \/>\n<h4 class=\"bigTxt text-center txtBkOrange\"><i class=\"fa fa-envelope pull-left\"><\/i>VOULEZ-VOUS EN SAVOIR PLUS?<\/h4>\n\n<div class=\"wpcf7 no-js\" id=\"wpcf7-f67673-o1\" lang=\"it-IT\" dir=\"ltr\">\n<div class=\"screen-reader-response\"><p role=\"status\" aria-live=\"polite\" aria-atomic=\"true\"><\/p> <ul><\/ul><\/div>\n<form action=\"\/fr\/wp-json\/wp\/v2\/pages\/140079#wpcf7-f67673-o1\" method=\"post\" class=\"wpcf7-form init\" aria-label=\"Modulo di contatto\" novalidate=\"novalidate\" data-status=\"init\">\n<div style=\"display: none;\">\n<input type=\"hidden\" name=\"_wpcf7\" value=\"67673\" \/>\n<input type=\"hidden\" name=\"_wpcf7_version\" value=\"5.7.7\" \/>\n<input type=\"hidden\" name=\"_wpcf7_locale\" value=\"it_IT\" \/>\n<input type=\"hidden\" name=\"_wpcf7_unit_tag\" value=\"wpcf7-f67673-o1\" \/>\n<input type=\"hidden\" name=\"_wpcf7_container_post\" value=\"0\" \/>\n<input type=\"hidden\" name=\"_wpcf7_posted_data_hash\" value=\"\" \/>\n<input type=\"hidden\" name=\"_wpcf7_recaptcha_response\" value=\"\" \/>\n<\/div>\n<span class=\"wpcf7-form-control-wrap url\" data-name=\"url\"><input type=\"hidden\" name=\"url\" size=\"40\" class=\"wpcf7-form-control wpcf7-hidden wpcf7dtx wpcf7dtx-hidden\" aria-invalid=\"false\" value=\"movano-2021\" autocomplete=\"off\" \/><\/span>\n<p>Pour plus d'informations, remplissez les champs suivants. L'un de nos op\u00e9rateurs vous recontactera dans les plus brefs d\u00e9lais (* champs obligatoires):\n<\/p>\n<div class=\"col-xs-12 col-md-6\">\n\t<p><span class='titoli'>Pr\u00e9nom (*)<\/span>\n\t<\/p>\n\t<p><span class=\"wpcf7-form-control-wrap\" data-name=\"your-name\"><input size=\"40\" class=\"wpcf7-form-control wpcf7-text wpcf7-validates-as-required form-control\" aria-required=\"true\" aria-invalid=\"false\" value=\"\" type=\"text\" name=\"your-name\" \/><\/span>\n\t<\/p>\n<\/div>\n<div class=\"col-xs-12 col-md-6\">\n\t<p><span class='titoli'>Nom (*)<\/span>\n\t<\/p>\n\t<p><span class=\"wpcf7-form-control-wrap\" data-name=\"your-last-name\"><input size=\"40\" class=\"wpcf7-form-control wpcf7-text wpcf7-validates-as-required form-control\" aria-required=\"true\" aria-invalid=\"false\" value=\"\" type=\"text\" name=\"your-last-name\" \/><\/span>\n\t<\/p>\n<\/div>\n<div class=\"col-xs-12 col-md-6\">\n\t<p><span class='titoli'>Entreprise (*)<\/span>\n\t<\/p>\n\t<p><span class=\"wpcf7-form-control-wrap\" data-name=\"your-company\"><input size=\"40\" class=\"wpcf7-form-control wpcf7-text wpcf7-validates-as-required form-control\" aria-required=\"true\" aria-invalid=\"false\" value=\"\" type=\"text\" name=\"your-company\" \/><\/span>\n\t<\/p>\n<\/div>\n<div class=\"col-xs-12 col-md-6\">\n\t<p><span class='titoli'>TVA<\/span>\n\t<\/p>\n\t<p><span class=\"wpcf7-form-control-wrap\" data-name=\"p-iva\"><input size=\"40\" class=\"wpcf7-form-control wpcf7-text form-control\" aria-invalid=\"false\" value=\"\" type=\"text\" name=\"p-iva\" \/><\/span>\n\t<\/p>\n<\/div>\n<div class=\"clearboth\">\n<\/div>\n<div class=\"col-xs-12 col-md-4\">\n\t<p><span class='titoli'>Code Postal (*)<\/span>\n\t<\/p>\n\t<p><span class=\"wpcf7-form-control-wrap\" data-name=\"your-zip-code\"><input size=\"40\" class=\"wpcf7-form-control wpcf7-text wpcf7-validates-as-required form-control\" aria-required=\"true\" aria-invalid=\"false\" value=\"\" type=\"text\" name=\"your-zip-code\" \/><\/span>\n\t<\/p>\n<\/div>\n<div class=\"col-xs-12 col-md-4\">\n\t<p><span class='titoli'>Adresse (*)<\/span>\n\t<\/p>\n\t<p><span class=\"wpcf7-form-control-wrap\" data-name=\"your-address\"><input size=\"40\" class=\"wpcf7-form-control wpcf7-text wpcf7-validates-as-required form-control\" aria-required=\"true\" aria-invalid=\"false\" value=\"\" type=\"text\" name=\"your-address\" \/><\/span>\n\t<\/p>\n<\/div>\n<div class=\"col-xs-12 col-md-4\">\n\t<p><span class='titoli'>Ville (*)<\/span>\n\t<\/p>\n\t<p><span class=\"wpcf7-form-control-wrap\" data-name=\"your-Town\"><input size=\"40\" class=\"wpcf7-form-control wpcf7-text wpcf7-validates-as-required form-control\" aria-required=\"true\" aria-invalid=\"false\" value=\"\" type=\"text\" name=\"your-Town\" \/><\/span>\n\t<\/p>\n<\/div>\n<div class=\"clearboth\">\n<\/div>\n<div class=\"col-xs-12 col-md-6\">\n\t<p><span class='titoli'>email (*)<\/span>\n\t<\/p>\n\t<p><span class=\"wpcf7-form-control-wrap\" data-name=\"your-email\"><input size=\"40\" class=\"wpcf7-form-control wpcf7-text wpcf7-email wpcf7-validates-as-required wpcf7-validates-as-email form-control\" aria-required=\"true\" aria-invalid=\"false\" value=\"\" type=\"email\" name=\"your-email\" \/><\/span>\n\t<\/p>\n<\/div>\n<div class=\"col-xs-12 col-md-6\">\n\t<p><span class='titoli'>T\u00e9l\u00e9phone (*)<\/span>\n\t<\/p>\n\t<p><span class=\"wpcf7-form-control-wrap\" data-name=\"telefono\"><input size=\"40\" class=\"wpcf7-form-control wpcf7-text wpcf7-tel wpcf7-validates-as-required wpcf7-validates-as-tel form-control\" aria-required=\"true\" aria-invalid=\"false\" value=\"\" type=\"tel\" name=\"telefono\" \/><\/span>\n\t<\/p>\n<\/div>\n<div class=\"clearboth\">\n<\/div>\n<div class=\"col-xs-12 col-md-6\">\n\t<p><span class='titoli'>Objet <\/span>\n\t<\/p>\n\t<p><span class=\"wpcf7-form-control-wrap\" data-name=\"oggetto\"><select class=\"wpcf7-form-control wpcf7-select wpcf7-validates-as-required\" aria-required=\"true\" aria-invalid=\"false\" name=\"oggetto\"><option value=\"Citation\">Citation<\/option><option value=\"Information technique\">Information technique<\/option><option value=\"Rendez-vous\">Rendez-vous<\/option><\/select><\/span>\n\t<\/p>\n<\/div>\n<div class=\"col-xs-12 col-md-6\">\n\t<p><br \/>\n<span class=\"titoli\"> <span class=\"wpcf7-form-control-wrap\" data-name=\"cliente\"><span class=\"wpcf7-form-control wpcf7-checkbox\"><span class=\"wpcf7-list-item first last\"><label><span class=\"wpcf7-list-item-label\">Je suis d\u00e9j\u00e0 client<\/span><input type=\"checkbox\" name=\"cliente[]\" value=\"Je suis d\u00e9j\u00e0 client\" \/><\/label><\/span><\/span><\/span><\/span>\n\t<\/p>\n<\/div>\n<div class=\"col-xs-12 col-md-12\">\n\t<p><span class='titoli'>Message (*)<\/span>\n\t<\/p>\n\t<p><span class=\"wpcf7-form-control-wrap\" data-name=\"your-message\"><textarea cols=\"40\" rows=\"10\" class=\"wpcf7-form-control wpcf7-textarea wpcf7-validates-as-required form-control\" aria-required=\"true\" aria-invalid=\"false\" name=\"your-message\"><\/textarea><\/span>\n\t<\/p>\n<\/div>\n<div class=\"col-xs-12 col-md-12\">\n\t<p><small>Les donn\u00e9es saisies seront trait\u00e9es de mani\u00e8re strictement confidentielle conform\u00e9ment \u00e0 la loi et \u00e0 notre <a href=\"https:\/\/www.storevan.com\/fr\/privacy-policy\/\">politique de confidentialit\u00e9<\/a>.<\/small>\n\t<\/p>\n\t<p><span class=\"wpcf7-form-control-wrap\" data-name=\"AccettazionePrivacy\"><span class=\"wpcf7-form-control wpcf7-acceptance\"><span class=\"wpcf7-list-item\"><input type=\"checkbox\" name=\"AccettazionePrivacy\" value=\"1\" aria-invalid=\"false\" \/><\/span><\/span><\/span> Je d\u00e9clare avoir pris connaissance de la Note Informative sur les <a href=\"https:\/\/www.storevan.com\/fr\/privacy-policy\/\">Note Informative sur les Informations priv\u00e9es<\/a> et j\u2019autorise au traitement de mes donn\u00e9es personnelles en conformit\u00e9 avec ce qui y est \u00e9crit. (*)<br \/>\n\t<span class=\"wpcf7-form-control-wrap recaptcha\" data-name=\"recaptcha\"><span data-sitekey=\"6LdfM4AUAAAAAJjsAucux5WVNA3hsk5KP0a03T_n\" class=\"wpcf7-form-control g-recaptcha wpcf7-recaptcha\"><\/span>\r\n<noscript>\r\n\t<div class=\"grecaptcha-noscript\">\r\n\t\t<iframe src=\"https:\/\/www.google.com\/recaptcha\/api\/fallback?k=6LdfM4AUAAAAAJjsAucux5WVNA3hsk5KP0a03T_n\" frameborder=\"0\" scrolling=\"no\" width=\"310\" height=\"430\">\r\n\t\t<\/iframe>\r\n\t\t<textarea name=\"g-recaptcha-response\" rows=\"3\" cols=\"40\" placeholder=\"reCaptcha Response Here\">\r\n\t\t<\/textarea>\r\n\t<\/div>\r\n<\/noscript>\r\n<\/span>\n\t<\/p>\n<\/div>\n<hr class=\"noColor\" \/>\n<p><input class=\"wpcf7-form-control has-spinner wpcf7-submit\" type=\"submit\" value=\"Envoi\" \/>\n<\/p><div class=\"wpcf7-response-output\" aria-hidden=\"true\"><\/div>\n<\/form>\n<\/div>\n\n","protected":false},"excerpt":{"rendered":"<p>Am\u00e9nagements fourgons Opel Movano 2021 Les modules d\u2019un atelier mobile Store Van pour Opel Movano 2021 sont tous construits avec le mat\u00e9riau le plus r\u00e9pandu dans le secteur automobile :.<\/p>\n","protected":false},"author":442,"featured_media":0,"parent":26151,"menu_order":0,"comment_status":"closed","ping_status":"closed","template":"pageSlider.php","meta":[],"acf":[],"yoast_head":"<!-- This site is optimized with the Yoast SEO plugin v20.11 - https:\/\/yoast.com\/wordpress\/plugins\/seo\/ -->\n<title>Am\u00e9nagements fourgons Opel Movano 2021<\/title>\n<meta name=\"description\" content=\"Am\u00e9nagement v\u00e9hicules utilitaires Movano 2021. Contactez-nous sans engagement pour obtenir un devis personnalis\u00e9 pour l\u2019am\u00e9nagement de votre Opel Movano 2021\" \/>\n<meta name=\"robots\" content=\"index, follow, max-snippet:-1, max-image-preview:large, max-video-preview:-1\" \/>\n<link rel=\"canonical\" href=\"https:\/\/www.storevan.com\/fr\/amenagement-vehicules-utilitaires\/fourgons-opel\/movano-2021\/\" \/>\n<meta property=\"og:locale\" content=\"fr_FR\" \/>\n<meta property=\"og:type\" content=\"article\" \/>\n<meta property=\"og:title\" content=\"Am\u00e9nagements fourgons Opel Movano 2021\" \/>\n<meta property=\"og:description\" content=\"Am\u00e9nagement v\u00e9hicules utilitaires Movano 2021. Contactez-nous sans engagement pour obtenir un devis personnalis\u00e9 pour l\u2019am\u00e9nagement de votre Opel Movano 2021\" \/>\n<meta property=\"og:url\" content=\"https:\/\/www.storevan.com\/fr\/amenagement-vehicules-utilitaires\/fourgons-opel\/movano-2021\/\" \/>\n<meta property=\"og:site_name\" content=\"Store Van\" \/>\n<meta property=\"article:modified_time\" content=\"2022-03-25T12:54:05+00:00\" \/>\n<meta property=\"og:image\" content=\"https:\/\/www.storevan.com\/wp-content\/uploads\/veicoli\/pianali-pannellature\/safety-1-300x280.jpg\" \/>\n<meta name=\"twitter:label1\" content=\"Dur\u00e9e de lecture estim\u00e9e\" \/>\n\t<meta name=\"twitter:data1\" content=\"2 minutes\" \/>\n<script type=\"application\/ld+json\" class=\"yoast-schema-graph\">{\"@context\":\"https:\/\/schema.org\",\"@graph\":[{\"@type\":\"WebPage\",\"@id\":\"https:\/\/www.storevan.com\/fr\/amenagement-vehicules-utilitaires\/fourgons-opel\/movano-2021\/\",\"url\":\"https:\/\/www.storevan.com\/fr\/amenagement-vehicules-utilitaires\/fourgons-opel\/movano-2021\/\",\"name\":\"Am\u00e9nagements fourgons Opel Movano 2021\",\"isPartOf\":{\"@id\":\"https:\/\/www.storevan.com\/pl\/#website\"},\"datePublished\":\"2015-12-09T16:00:13+00:00\",\"dateModified\":\"2022-03-25T12:54:05+00:00\",\"description\":\"Am\u00e9nagement v\u00e9hicules utilitaires Movano 2021. Contactez-nous sans engagement pour obtenir un devis personnalis\u00e9 pour l\u2019am\u00e9nagement de votre Opel Movano 2021\",\"breadcrumb\":{\"@id\":\"https:\/\/www.storevan.com\/fr\/amenagement-vehicules-utilitaires\/fourgons-opel\/movano-2021\/#breadcrumb\"},\"inLanguage\":\"fr-FR\",\"potentialAction\":[{\"@type\":\"ReadAction\",\"target\":[\"https:\/\/www.storevan.com\/fr\/amenagement-vehicules-utilitaires\/fourgons-opel\/movano-2021\/\"]}]},{\"@type\":\"BreadcrumbList\",\"@id\":\"https:\/\/www.storevan.com\/fr\/amenagement-vehicules-utilitaires\/fourgons-opel\/movano-2021\/#breadcrumb\",\"itemListElement\":[{\"@type\":\"ListItem\",\"position\":1,\"name\":\"Home\",\"item\":\"https:\/\/www.storevan.com\/fr\/\"},{\"@type\":\"ListItem\",\"position\":2,\"name\":\"Am\u00e9nagement de v\u00e9hicule utilitaire\",\"item\":\"https:\/\/www.storevan.com\/fr\/amenagement-vehicules-utilitaires\/\"},{\"@type\":\"ListItem\",\"position\":3,\"name\":\"Opel\",\"item\":\"https:\/\/www.storevan.com\/fr\/amenagement-vehicules-utilitaires\/fourgons-opel\/\"},{\"@type\":\"ListItem\",\"position\":4,\"name\":\"Movano 2021\"}]},{\"@type\":\"WebSite\",\"@id\":\"https:\/\/www.storevan.com\/pl\/#website\",\"url\":\"https:\/\/www.storevan.com\/pl\/\",\"name\":\"Store Van\",\"description\":\"Am\u00e9nagements fourgons\",\"potentialAction\":[{\"@type\":\"SearchAction\",\"target\":{\"@type\":\"EntryPoint\",\"urlTemplate\":\"https:\/\/www.storevan.com\/pl\/?s={search_term_string}\"},\"query-input\":\"required name=search_term_string\"}],\"inLanguage\":\"fr-FR\"}]}<\/script>\n<!-- \/ Yoast SEO plugin. -->","yoast_head_json":{"title":"Am\u00e9nagements fourgons Opel Movano 2021","description":"Am\u00e9nagement v\u00e9hicules utilitaires Movano 2021. Contactez-nous sans engagement pour obtenir un devis personnalis\u00e9 pour l\u2019am\u00e9nagement de votre Opel Movano 2021","robots":{"index":"index","follow":"follow","max-snippet":"max-snippet:-1","max-image-preview":"max-image-preview:large","max-video-preview":"max-video-preview:-1"},"canonical":"https:\/\/www.storevan.com\/fr\/amenagement-vehicules-utilitaires\/fourgons-opel\/movano-2021\/","og_locale":"fr_FR","og_type":"article","og_title":"Am\u00e9nagements fourgons Opel Movano 2021","og_description":"Am\u00e9nagement v\u00e9hicules utilitaires Movano 2021. Contactez-nous sans engagement pour obtenir un devis personnalis\u00e9 pour l\u2019am\u00e9nagement de votre Opel Movano 2021","og_url":"https:\/\/www.storevan.com\/fr\/amenagement-vehicules-utilitaires\/fourgons-opel\/movano-2021\/","og_site_name":"Store Van","article_modified_time":"2022-03-25T12:54:05+00:00","og_image":[{"url":"https:\/\/www.storevan.com\/wp-content\/uploads\/veicoli\/pianali-pannellature\/safety-1-300x280.jpg"}],"twitter_misc":{"Dur\u00e9e de lecture estim\u00e9e":"2 minutes"},"schema":{"@context":"https:\/\/schema.org","@graph":[{"@type":"WebPage","@id":"https:\/\/www.storevan.com\/fr\/amenagement-vehicules-utilitaires\/fourgons-opel\/movano-2021\/","url":"https:\/\/www.storevan.com\/fr\/amenagement-vehicules-utilitaires\/fourgons-opel\/movano-2021\/","name":"Am\u00e9nagements fourgons Opel Movano 2021","isPartOf":{"@id":"https:\/\/www.storevan.com\/pl\/#website"},"datePublished":"2015-12-09T16:00:13+00:00","dateModified":"2022-03-25T12:54:05+00:00","description":"Am\u00e9nagement v\u00e9hicules utilitaires Movano 2021. Contactez-nous sans engagement pour obtenir un devis personnalis\u00e9 pour l\u2019am\u00e9nagement de votre Opel Movano 2021","breadcrumb":{"@id":"https:\/\/www.storevan.com\/fr\/amenagement-vehicules-utilitaires\/fourgons-opel\/movano-2021\/#breadcrumb"},"inLanguage":"fr-FR","potentialAction":[{"@type":"ReadAction","target":["https:\/\/www.storevan.com\/fr\/amenagement-vehicules-utilitaires\/fourgons-opel\/movano-2021\/"]}]},{"@type":"BreadcrumbList","@id":"https:\/\/www.storevan.com\/fr\/amenagement-vehicules-utilitaires\/fourgons-opel\/movano-2021\/#breadcrumb","itemListElement":[{"@type":"ListItem","position":1,"name":"Home","item":"https:\/\/www.storevan.com\/fr\/"},{"@type":"ListItem","position":2,"name":"Am\u00e9nagement de v\u00e9hicule utilitaire","item":"https:\/\/www.storevan.com\/fr\/amenagement-vehicules-utilitaires\/"},{"@type":"ListItem","position":3,"name":"Opel","item":"https:\/\/www.storevan.com\/fr\/amenagement-vehicules-utilitaires\/fourgons-opel\/"},{"@type":"ListItem","position":4,"name":"Movano 2021"}]},{"@type":"WebSite","@id":"https:\/\/www.storevan.com\/pl\/#website","url":"https:\/\/www.storevan.com\/pl\/","name":"Store Van","description":"Am\u00e9nagements fourgons","potentialAction":[{"@type":"SearchAction","target":{"@type":"EntryPoint","urlTemplate":"https:\/\/www.storevan.com\/pl\/?s={search_term_string}"},"query-input":"required name=search_term_string"}],"inLanguage":"fr-FR"}]}},"_links":{"self":[{"href":"https:\/\/www.storevan.com\/fr\/wp-json\/wp\/v2\/pages\/140079"}],"collection":[{"href":"https:\/\/www.storevan.com\/fr\/wp-json\/wp\/v2\/pages"}],"about":[{"href":"https:\/\/www.storevan.com\/fr\/wp-json\/wp\/v2\/types\/page"}],"author":[{"embeddable":true,"href":"https:\/\/www.storevan.com\/fr\/wp-json\/wp\/v2\/users\/442"}],"replies":[{"embeddable":true,"href":"https:\/\/www.storevan.com\/fr\/wp-json\/wp\/v2\/comments?post=140079"}],"version-history":[{"count":8,"href":"https:\/\/www.storevan.com\/fr\/wp-json\/wp\/v2\/pages\/140079\/revisions"}],"predecessor-version":[{"id":143047,"href":"https:\/\/www.storevan.com\/fr\/wp-json\/wp\/v2\/pages\/140079\/revisions\/143047"}],"up":[{"embeddable":true,"href":"https:\/\/www.storevan.com\/fr\/wp-json\/wp\/v2\/pages\/26151"}],"wp:attachment":[{"href":"https:\/\/www.storevan.com\/fr\/wp-json\/wp\/v2\/media?parent=140079"}],"curies":[{"name":"wp","href":"https:\/\/api.w.org\/{rel}","templated":true}]}}