{"id":119352,"date":"2019-10-11T11:12:45","date_gmt":"2019-10-11T11:12:45","guid":{"rendered":"https:\/\/www.storevan.com\/amenagements-speciaux-pour-vehicules-utilitaires-equipes\/manutenzione\/"},"modified":"2020-07-28T06:50:55","modified_gmt":"2020-07-28T06:50:55","slug":"maintenance","status":"publish","type":"page","link":"https:\/\/www.storevan.com\/fr\/amenagements-speciaux-pour-vehicules-utilitaires-equipes\/maintenance\/","title":{"rendered":"Am\u00e9nagement sur mesure pour l&rsquo;assistance et la maintenance"},"content":{"rendered":"<h1 class=\"customblackTitleSmall\">AM\u00c9NAGEMENT SUR MESURE POUR L\u2019ASSISTANCE ET LA MAINTENANCE<\/h1>\n<h2>L\u2019ATELIER MOBILE PERSONNALIS\u00c9 QUI PERMET D\u2019ACC\u00c9L\u00c9RER ET DE FACILITER LES INTERVENTIONS<\/h2>\n<div class=\"col-xs-12 col-sm-6 col-md-6\">\n<img decoding=\"async\" src=\"https:\/\/www.storevan.com\/wp-content\/uploads\/2019\/10\/allestimenti-speciali-manutenzione.jpg\" alt=\"AM\u00c9NAGEMENT SUR MESURE POUR L\u2019ASSISTANCE ET LA MAINTENANCE\" class=\"size-full\" \/>\n<\/div>\n<div class=\"col-xs-12 col-sm-6 col-md-6\">\n<p class=\"txtBlack\">Fournir un service d\u2019<strong>assistance pour la r\u00e9paration et la maintenance directement chez le client<\/strong> repr\u00e9sente une valeur ajout\u00e9e que beaucoup de gens recherchent lorsqu\u2019ils choisissent un partenaire pour la fourniture d&rsquo;\u00e9quipements, de machines et d\u2019installations. L\u2019entreprise qui propose ces services doit se doter d\u2019un <strong>am\u00e9nagement sur mesure<\/strong> pour pouvoir avoir \u00e0 disposition tout l\u2019\u00e9quipement n\u00e9cessaire pour faire face aux \u00e9ventuels probl\u00e8mes qu\u2019il peut rencontrer. Bien souvent, les interventions de maintenance peuvent concerner des machines \u00e0 court de carburant ou d\u2019huile, la rupture de composants de diff\u00e9rentes dimensions ou le d\u00e9chargement de batteries et d&rsquo;autres appareils \u00e9lectriques.<\/p>\n<hr class=\"noColor\"\/>\n<h3 class=\"customblackTitleSmall txtSmall\">AM\u00c9NAGEMENTS SP\u00c9CIAUX ET SUR MESURE STORE VAN<\/h3>\n<p class=\"customblackTitleSmall\" style=\"font-size: 126%;\">SYST\u00c8MES POUR LA MAINTENANCE, LA R\u00c9PARATION ET L&rsquo;ASSISTANCE<\/p>\n<p class=\"txtBlack\">Gr\u00e2ce aux <strong>am\u00e9nagements personnalis\u00e9s Store Van<\/strong>, offrir un <strong>service rentable et efficace<\/strong> directement chez le client n\u2019est plus un probl\u00e8me\u00a0! Les divers composants de l\u2019am\u00e9nagement peuvent \u00eatre adapt\u00e9s et personnalis\u00e9s en fonction des diff\u00e9rentes r\u00e9parations que l\u2019utilisateur devra effectuer. <\/p>\n<hr class=\"noColor\"\/>\n<\/div>\n<div class=\"break\"><\/div>\n<hr class=\"noColor\"\/>\n<h3 class=\"txtGrey customblackTitleExtraSmall\" style=\"color:#000;\">QUELQUES EXEMPLES DE R\u00c9ALISATIONS\u00a0:<\/h3>\n<hr class=\"noColor\" \/>\n<hr class=\"noColor\"\/>\n<style>#jtg-119677 .modula-item .jtg-social a, .lightbox-socials.jtg-social a{ color: #ffffff }#jtg-119677 .modula-item .jtg-social svg, .lightbox-socials.jtg-social svg { height: 16px; width: 16px }#jtg-119677 .modula-item .jtg-social a:not(:last-child), .lightbox-socials.jtg-social a:not(:last-child) { margin-right: 10px }#jtg-119677 .modula-item .figc {color:#000000;}#jtg-119677 .modula-item .figc .jtg-title {  font-size: 18px; }#jtg-119677 .modula-item .modula-item-content { transform: scale(1) }#jtg-119677 { width:100%;}#jtg-119677 .modula-items{height:500px;}@media screen and (max-width: 992px) {#jtg-119677 .modula-items{height:500px;}}@media screen and (max-width: 768px) {#jtg-119677 .modula-items{height:500px;}}#jtg-119677 .modula-items .figc p.description { font-size:14px; }#jtg-119677 .modula-items .figc p.description { color:#000000;}#jtg-119677 .modula-items .figc .jtg-title { color:#000000; }#jtg-119677.modula-gallery .modula-item > a, #jtg-119677.modula-gallery .modula-item, #jtg-119677.modula-gallery .modula-item-content > a:not(.modula-no-follow) { cursor:pointer; } #jtg-119677.modula-gallery .modula-item-content .modula-no-follow { cursor: default; } #jtg-119677 .modula-item .modula-item-overlay, #jtg-119677 .modula-item.effect-layla, #jtg-119677  .modula-item.effect-ruby,#jtg-119677 .modula-item.effect-bubba,#jtg-119677 .modula-item.effect-sarah,#jtg-119677 .modula-item.effect-milo,#jtg-119677 .modula-item.effect-julia,#jtg-119677 .modula-item.effect-hera,#jtg-119677 .modula-item.effect-winston,#jtg-119677 .modula-item.effect-selena,#jtg-119677 .modula-item.effect-terry,#jtg-119677 .modula-item.effect-phoebe,#jtg-119677 .modula-item.effect-apollo,#jtg-119677 .modula-item.effect-steve,#jtg-119677 .modula-item.effect-ming{ background-color:#ffffff; }#jtg-119677  .modula-item.effect-oscar { background: -webkit-linear-gradient(45deg,#ffffff 0,#9b4a1b 40%,#ffffff 100%);background: linear-gradient(45deg,#ffffff 0,#9b4a1b 40%,#ffffff 100%);}#jtg-119677  .modula-item.effect-roxy {background: -webkit-linear-gradient(45deg,#ffffff 0,#05abe0 100%);background: linear-gradient(45deg,#ffffff 0,#05abe0 100%);}#jtg-119677 .modula-item.effect-dexter {background: -webkit-linear-gradient(top,#ffffff 0,rgba(104,60,19,1) 100%); background: linear-gradient(to bottom,#ffffff 0,rgba(104,60,19,1) 100%);}#jtg-119677  .modula-item.effect-jazz {background: -webkit-linear-gradient(-45deg,#ffffff 0,#f33f58 100%);background: linear-gradient(-45deg,#ffffff 0,#f33f58 100%);}#jtg-119677 .modula-item.effect-lexi {background: -webkit-linear-gradient(-45deg,#ffffff 0,#fff 100%);background: linear-gradient(-45deg,#ffffff 0,#fff 100%);}#jtg-119677 .modula-item.effect-duke {background: -webkit-linear-gradient(-45deg,#ffffff 0,#cc6055 100%);background: linear-gradient(-45deg,#ffffff 0,#cc6055 100%);}#jtg-119677 .modula-item:hover img { opacity: 0.5; }#jtg-119677 .jtg-title {font-weight:400; }#jtg-119677 p.description {font-weight:normal; }#jtg-119677:not(.modula-loaded-scale)  .modula-item .modula-item-content { transform: scale(1) translate(0px,0px) rotate(0deg); }@keyframes modulaScaling { 0% {transform: scale(1) translate(0px,p0x) rotate(0deg);} 50%{transform: scale(1) translate(0px,0px) rotate(0deg);}100%{transform: scale(1) translate(0px,p0x) rotate(0deg);}}#jtg-119677.modula-gallery .modula-item.effect-terry .jtg-social a:not(:last-child){margin-bottom:10px;}.modula-fancybox-container.modula-lightbox-jtg-119677 .modula-fancybox-caption .modula-fancybox-caption__body, .modula-fancybox-container.modula-lightbox-jtg-119677 .modula-fancybox-caption .modula-fancybox-caption__body p {text-align:left}html body .modula.modula-columns .modula-items.grid-gallery .modula-item.effect-under .modula-item-content { height:auto;}.jtg-title {font-family:ConduitITCPro-Black;}@media screen and (max-width:480px){#jtg-119677 .modula-item .figc .jtg-title {  font-size: 12px; }#jtg-119677 .modula-items .figc p.description { color:#000000;font-size:10px; }}<\/style>\n<!-- Gallery Container -->\n<div  id=\"jtg-119677\" class=\"modula modula-gallery modula-creative-gallery\" data-config=\"{&quot;height&quot;:500,&quot;tabletHeight&quot;:500,&quot;mobileHeight&quot;:500,&quot;desktopHeight&quot;:500,&quot;enableTwitter&quot;:false,&quot;enableWhatsapp&quot;:false,&quot;enableFacebook&quot;:false,&quot;enablePinterest&quot;:false,&quot;enableLinkedin&quot;:false,&quot;enableEmail&quot;:false,&quot;randomFactor&quot;:0.5,&quot;type&quot;:&quot;creative-gallery&quot;,&quot;columns&quot;:12,&quot;gutter&quot;:10,&quot;mobileGutter&quot;:10,&quot;tabletGutter&quot;:10,&quot;desktopGutter&quot;:10,&quot;enableResponsive&quot;:&quot;0&quot;,&quot;tabletColumns&quot;:&quot;2&quot;,&quot;mobileColumns&quot;:&quot;1&quot;,&quot;lazyLoad&quot;:&quot;1&quot;,&quot;lightboxOpts&quot;:{&quot;loop&quot;:false,&quot;arrows&quot;:true,&quot;toolbar&quot;:true,&quot;keyboard&quot;:false,&quot;wheel&quot;:false,&quot;buttons&quot;:[&quot;close&quot;],&quot;hash&quot;:false,&quot;lang&quot;:&quot;en&quot;,&quot;touch&quot;:false,&quot;protect&quot;:false,&quot;i18n&quot;:{&quot;en&quot;:{&quot;CLOSE&quot;:&quot;Close&quot;,&quot;NEXT&quot;:&quot;Next&quot;,&quot;PREV&quot;:&quot;Previous&quot;,&quot;Error&quot;:&quot;The requested content cannot be loaded. Please try again later.&quot;,&quot;PLAY_START&quot;:&quot;Start slideshow&quot;,&quot;PLAY_STOP&quot;:&quot;Pause slideshow&quot;,&quot;FULL_SCREEN&quot;:&quot;Full screen&quot;,&quot;THUMBS&quot;:&quot;Thumbnails&quot;,&quot;DOWNLOAD&quot;:&quot;Download&quot;,&quot;SHARE&quot;:&quot;Share&quot;,&quot;ZOOM&quot;:&quot;Zoom&quot;}},&quot;clickSlide&quot;:false,&quot;clickOutside&quot;:false,&quot;dblclickContent&quot;:false,&quot;dblclickSlide&quot;:false,&quot;dblclickOutside&quot;:false,&quot;baseTpl&quot;:&quot;&lt;div class=\\&quot;modula-fancybox-container modula-lightbox-jtg-119677\\&quot; role=\\&quot;dialog\\&quot; tabindex=\\&quot;-1\\&quot;&gt;&lt;div class=\\&quot;modula-fancybox-bg\\&quot;&gt;&lt;\\\/div&gt;&lt;div class=\\&quot;modula-fancybox-inner\\&quot;&gt;&lt;div class=\\&quot;modula-fancybox-infobar\\&quot;&gt;&lt;span data-fancybox-index&gt;&lt;\\\/span&gt;&nbsp;\\\/&nbsp;&lt;span data-fancybox-count&gt;&lt;\\\/span&gt;&lt;\\\/div&gt;&lt;div class=\\&quot;modula-fancybox-toolbar\\&quot;&gt;{{buttons}}&lt;\\\/div&gt;&lt;div class=\\&quot;modula-fancybox-navigation\\&quot;&gt;{{arrows}}&lt;\\\/div&gt;&lt;div class=\\&quot;modula-fancybox-stage\\&quot;&gt;&lt;\\\/div&gt;&lt;div class=\\&quot;modula-fancybox-caption\\&quot;&gt;&lt;div class=\\&quot;modula-fancybox-caption__body\\&quot;&gt;&lt;\\\/div&gt;&lt;\\\/div&gt;&lt;\\\/div&gt;&lt;\\\/div&gt;&quot;,&quot;infobar&quot;:true,&quot;animationEffect&quot;:false,&quot;animationDuration&quot;:366,&quot;transitionEffect&quot;:false,&quot;transitionDuration&quot;:366,&quot;thumbs&quot;:{&quot;autoStart&quot;:false,&quot;axis&quot;:&quot;y&quot;},&quot;preventCaptionOverlap&quot;:false},&quot;inView&quot;:false,&quot;email_subject&quot;:&quot;Check out this awesome image !!&quot;,&quot;email_message&quot;:&quot;Here is the link to the image : %%image_link%% and this is the link to the gallery : %%gallery_link%%&quot;,&quot;lightbox&quot;:&quot;attachment-page&quot;,&quot;filterClick&quot;:&quot;0&quot;,&quot;dropdownFilters&quot;:&quot;0&quot;,&quot;defaultActiveFilter&quot;:&quot;all&quot;,&quot;initLightbox&quot;:&quot;modula_pro_init_lightbox&quot;,&quot;haveFilters&quot;:0}\">\n\n\t\n\t<!-- Items Container -->\n\t<div  class=\"modula-items\">\n\t\t<div class=\"modula-item modula-simple-link modula-simple-link effect-zoe jtg-filter-all jtg-filter-\" >\n\t<div class=\"modula-item-overlay\"><\/div>\n\n\t<div class=\"modula-item-content\">\n\n\t\t\t\t\n\t\t\t\t\t<a data-image-id=\"109014\" class=\"modula-simple-link modula-simple-link\" aria-label=\"Open attachment page\" href=\"https:\/\/www.storevan.com\/fr\/amenagements-speciaux-pour-vehicules-utilitaires-equipes\/maintenance\/ponts-roulants-fiat-ducato\/\" data-thumb=\"https:\/\/www.storevan.com\/wp-content\/uploads\/2019\/10\/m-fiat-ducato-04-150x150.jpg\" class=\"tile-inner modula-item-link\"><\/a>\n\t\t\n\t\t<img class=\"pic wp-image-109014 lazyload\"  data-valign=\"middle\" data-halign=\"left\" alt=\"Allestimento su misura per FIAT DUCATO L2 H2\" data-full=\"https:\/\/www.storevan.com\/wp-content\/uploads\/2019\/10\/m-fiat-ducato-04.jpg\" title=\"FIAT DUCATO &lt;i class=&quot;fa fa-angle-double-right&quot;&gt;&lt;\/i&gt;\" width=\"200\" height=\"300\" data-src=\"https:\/\/www.storevan.com\/wp-content\/uploads\/2019\/10\/m-fiat-ducato-04-200x300.jpg\" data-caption=\"Scopri l&#039;allestimento su FIAT DUCATO \" data-source=\"modula\" data-srcset=\"https:\/\/www.storevan.com\/wp-content\/uploads\/2019\/10\/m-fiat-ducato-04.jpg 800w, https:\/\/www.storevan.com\/wp-content\/uploads\/2019\/10\/m-fiat-ducato-04-200x300.jpg 200w, https:\/\/www.storevan.com\/wp-content\/uploads\/2019\/10\/m-fiat-ducato-04-768x1152.jpg 768w, https:\/\/www.storevan.com\/wp-content\/uploads\/2019\/10\/m-fiat-ducato-04-683x1024.jpg 683w\" data-sizes=\"(max-width: 200px) 100vw, 200px\" \/>\n\t\t<div class=\"figc\">\n\t\t\t<div class=\"figc-inner\">\n\t\t\t\t\t\t\t\t\t<div class='jtg-title'>FIAT DUCATO <i class=\"fa fa-angle-double-right\"><\/i><\/div>\n\t\t\t\t\t\t\t\t\t\t\t\t\t\t\t<\/div>\n\t\t<\/div>\n\n\t<\/div>\n\n<\/div><div class=\"modula-item modula-simple-link modula-simple-link effect-zoe jtg-filter-all jtg-filter-\" >\n\t<div class=\"modula-item-overlay\"><\/div>\n\n\t<div class=\"modula-item-content\">\n\n\t\t\t\t\n\t\t\t\t\t<a data-image-id=\"108996\" class=\"modula-simple-link modula-simple-link\" aria-label=\"Open attachment page\" href=\"https:\/\/www.storevan.com\/fr\/amenagements-speciaux-pour-vehicules-utilitaires-equipes\/maintenance\/ponts-roulants-fiat-ducato\/\" data-thumb=\"https:\/\/www.storevan.com\/wp-content\/uploads\/2019\/10\/m-fiat-ducato-01-150x150.jpg\" class=\"tile-inner modula-item-link\"><\/a>\n\t\t\n\t\t<img class=\"pic wp-image-108996 lazyload\"  data-valign=\"middle\" data-halign=\"left\" alt=\"Allestimento su misura per FIAT DUCATO L2 H2\" data-full=\"https:\/\/www.storevan.com\/wp-content\/uploads\/2019\/10\/m-fiat-ducato-01.jpg\" title=\"FIAT DUCATO &lt;i class=&quot;fa fa-angle-double-right&quot;&gt;&lt;\/i&gt;\" width=\"200\" height=\"300\" data-src=\"https:\/\/www.storevan.com\/wp-content\/uploads\/2019\/10\/m-fiat-ducato-01-200x300.jpg\" data-caption=\"Scopri l&#039;allestimento su FIAT DUCATO \" data-source=\"modula\" data-srcset=\"https:\/\/www.storevan.com\/wp-content\/uploads\/2019\/10\/m-fiat-ducato-01.jpg 800w, https:\/\/www.storevan.com\/wp-content\/uploads\/2019\/10\/m-fiat-ducato-01-200x300.jpg 200w, https:\/\/www.storevan.com\/wp-content\/uploads\/2019\/10\/m-fiat-ducato-01-768x1152.jpg 768w, https:\/\/www.storevan.com\/wp-content\/uploads\/2019\/10\/m-fiat-ducato-01-683x1024.jpg 683w\" data-sizes=\"(max-width: 200px) 100vw, 200px\" \/>\n\t\t<div class=\"figc\">\n\t\t\t<div class=\"figc-inner\">\n\t\t\t\t\t\t\t\t\t<div class='jtg-title'>FIAT DUCATO <i class=\"fa fa-angle-double-right\"><\/i><\/div>\n\t\t\t\t\t\t\t\t\t\t\t\t\t\t\t<\/div>\n\t\t<\/div>\n\n\t<\/div>\n\n<\/div><div class=\"modula-item modula-simple-link modula-simple-link effect-zoe jtg-filter-all jtg-filter-\" >\n\t<div class=\"modula-item-overlay\"><\/div>\n\n\t<div class=\"modula-item-content\">\n\n\t\t\t\t\n\t\t\t\t\t<a data-image-id=\"108861\" class=\"modula-simple-link modula-simple-link\" aria-label=\"Open attachment page\" href=\"https:\/\/www.storevan.com\/fr\/amenagements-speciaux-pour-vehicules-utilitaires-equipes\/maintenance\/industrie-aeronautique-iveco-daily\/\" data-thumb=\"https:\/\/www.storevan.com\/wp-content\/uploads\/2019\/10\/m-iveco-daily-02-150x150.jpg\" class=\"tile-inner modula-item-link\"><\/a>\n\t\t\n\t\t<img class=\"pic wp-image-108861 lazyload\"  data-valign=\"middle\" data-halign=\"left\" alt=\"Allestimento speciale per Iveco Daily L2L H2\" data-full=\"https:\/\/www.storevan.com\/wp-content\/uploads\/2019\/10\/m-iveco-daily-02.jpg\" title=\"IVECO DAILY  &lt;i class=&quot;fa fa-angle-double-right&quot;&gt;&lt;\/i&gt;\" width=\"300\" height=\"225\" data-src=\"https:\/\/www.storevan.com\/wp-content\/uploads\/2019\/10\/m-iveco-daily-02-300x225.jpg\" data-caption=\"Scopri l&#039;allestimento su IVECO DAILY\" data-source=\"modula\" data-srcset=\"https:\/\/www.storevan.com\/wp-content\/uploads\/2019\/10\/m-iveco-daily-02.jpg 800w, https:\/\/www.storevan.com\/wp-content\/uploads\/2019\/10\/m-iveco-daily-02-300x225.jpg 300w, https:\/\/www.storevan.com\/wp-content\/uploads\/2019\/10\/m-iveco-daily-02-768x576.jpg 768w, https:\/\/www.storevan.com\/wp-content\/uploads\/2019\/10\/m-iveco-daily-02-425x320.jpg 425w\" data-sizes=\"(max-width: 300px) 100vw, 300px\" \/>\n\t\t<div class=\"figc\">\n\t\t\t<div class=\"figc-inner\">\n\t\t\t\t\t\t\t\t\t<div class='jtg-title'>IVECO DAILY  <i class=\"fa fa-angle-double-right\"><\/i><\/div>\n\t\t\t\t\t\t\t\t\t\t\t\t\t\t\t<\/div>\n\t\t<\/div>\n\n\t<\/div>\n\n<\/div><div class=\"modula-item modula-simple-link modula-simple-link effect-zoe jtg-filter-all jtg-filter-\" >\n\t<div class=\"modula-item-overlay\"><\/div>\n\n\t<div class=\"modula-item-content\">\n\n\t\t\t\t\n\t\t\t\t\t<a data-image-id=\"108930\" class=\"modula-simple-link modula-simple-link\" aria-label=\"Open attachment page\" href=\"https:\/\/www.storevan.com\/fr\/amenagements-speciaux-pour-vehicules-utilitaires-equipes\/maintenance\/ascenseurs-fiat-fiorino\/\" data-thumb=\"https:\/\/www.storevan.com\/wp-content\/uploads\/2019\/10\/m-fiat-fiorino-00-150x150.jpg\" class=\"tile-inner modula-item-link\"><\/a>\n\t\t\n\t\t<img class=\"pic wp-image-108930 lazyload\"  data-valign=\"middle\" data-halign=\"left\" alt=\"Allestimento su misura per Fiat Fiorino\" data-full=\"https:\/\/www.storevan.com\/wp-content\/uploads\/2019\/10\/m-fiat-fiorino-00.jpg\" title=\"FIAT FIORINO  &lt;i class=&quot;fa fa-angle-double-right&quot;&gt;&lt;\/i&gt;\" width=\"286\" height=\"300\" data-src=\"https:\/\/www.storevan.com\/wp-content\/uploads\/2019\/10\/m-fiat-fiorino-00-286x300.jpg\" data-caption=\"Scopri l&#039;allestimento su Fiat Fiorino \" data-source=\"modula\" data-srcset=\"https:\/\/www.storevan.com\/wp-content\/uploads\/2019\/10\/m-fiat-fiorino-00.jpg 525w, https:\/\/www.storevan.com\/wp-content\/uploads\/2019\/10\/m-fiat-fiorino-00-286x300.jpg 286w\" data-sizes=\"(max-width: 286px) 100vw, 286px\" \/>\n\t\t<div class=\"figc\">\n\t\t\t<div class=\"figc-inner\">\n\t\t\t\t\t\t\t\t\t<div class='jtg-title'>FIAT FIORINO  <i class=\"fa fa-angle-double-right\"><\/i><\/div>\n\t\t\t\t\t\t\t\t\t\t\t\t\t\t\t<\/div>\n\t\t<\/div>\n\n\t<\/div>\n\n<\/div><div class=\"modula-item modula-simple-link modula-simple-link effect-zoe jtg-filter-all jtg-filter-\" >\n\t<div class=\"modula-item-overlay\"><\/div>\n\n\t<div class=\"modula-item-content\">\n\n\t\t\t\t\n\t\t\t\t\t<a data-image-id=\"108888\" class=\"modula-simple-link modula-simple-link\" aria-label=\"Open attachment page\" href=\"https:\/\/www.storevan.com\/fr\/amenagements-speciaux-pour-vehicules-utilitaires-equipes\/maintenance\/plombiers-fiat-doblo\/\" data-thumb=\"https:\/\/www.storevan.com\/wp-content\/uploads\/2019\/10\/m-fiat-doblo-01-150x150.jpg\" class=\"tile-inner modula-item-link\"><\/a>\n\t\t\n\t\t<img class=\"pic wp-image-108888 lazyload\"  data-valign=\"middle\" data-halign=\"left\" alt=\"Allestimento speciale per Dobl\u00f2 Fiat\" data-full=\"https:\/\/www.storevan.com\/wp-content\/uploads\/2019\/10\/m-fiat-doblo-01.jpg\" title=\" FIAT DOBL\u00d2  &lt;i class=&quot;fa fa-angle-double-right&quot;&gt;&lt;\/i&gt;\" width=\"300\" height=\"225\" data-src=\"https:\/\/www.storevan.com\/wp-content\/uploads\/2019\/10\/m-fiat-doblo-01-300x225.jpg\" data-caption=\"Scopri l&#039;allestimento su Fiat Dobl\u00f2\" data-source=\"modula\" data-srcset=\"https:\/\/www.storevan.com\/wp-content\/uploads\/2019\/10\/m-fiat-doblo-01.jpg 800w, https:\/\/www.storevan.com\/wp-content\/uploads\/2019\/10\/m-fiat-doblo-01-300x225.jpg 300w, https:\/\/www.storevan.com\/wp-content\/uploads\/2019\/10\/m-fiat-doblo-01-768x576.jpg 768w, https:\/\/www.storevan.com\/wp-content\/uploads\/2019\/10\/m-fiat-doblo-01-425x320.jpg 425w\" data-sizes=\"(max-width: 300px) 100vw, 300px\" \/>\n\t\t<div class=\"figc\">\n\t\t\t<div class=\"figc-inner\">\n\t\t\t\t\t\t\t\t\t<div class='jtg-title'> FIAT DOBL\u00d2  <i class=\"fa fa-angle-double-right\"><\/i><\/div>\n\t\t\t\t\t\t\t\t\t\t\t\t\t\t\t<\/div>\n\t\t<\/div>\n\n\t<\/div>\n\n<\/div><div class=\"modula-item modula-simple-link modula-simple-link effect-zoe jtg-filter-all jtg-filter-\" >\n\t<div class=\"modula-item-overlay\"><\/div>\n\n\t<div class=\"modula-item-content\">\n\n\t\t\t\t\n\t\t\t\t\t<a data-image-id=\"108849\" class=\"modula-simple-link modula-simple-link\" aria-label=\"Open attachment page\" href=\"https:\/\/www.storevan.com\/fr\/amenagements-speciaux-pour-vehicules-utilitaires-equipes\/maintenance\/industrie-aeronautique-iveco-daily\/\" data-thumb=\"https:\/\/www.storevan.com\/wp-content\/uploads\/2019\/10\/m-iveco-daily-03-150x150.jpg\" class=\"tile-inner modula-item-link\"><\/a>\n\t\t\n\t\t<img class=\"pic wp-image-108849 lazyload\"  data-valign=\"middle\" data-halign=\"left\" alt=\"Allestimento officina mobile per Iveco Daily\" data-full=\"https:\/\/www.storevan.com\/wp-content\/uploads\/2019\/10\/m-iveco-daily-03.jpg\" title=\"IVECO DAILY &lt;i class=&quot;fa fa-angle-double-right&quot;&gt;&lt;\/i&gt;\" width=\"269\" height=\"300\" data-src=\"https:\/\/www.storevan.com\/wp-content\/uploads\/2019\/10\/m-iveco-daily-03-269x300.jpg\" data-caption=\"Scopri l&#039;allestimento speciale per Iveco Daily\" data-source=\"modula\" data-srcset=\"https:\/\/www.storevan.com\/wp-content\/uploads\/2019\/10\/m-iveco-daily-03.jpg 525w, https:\/\/www.storevan.com\/wp-content\/uploads\/2019\/10\/m-iveco-daily-03-269x300.jpg 269w\" data-sizes=\"(max-width: 269px) 100vw, 269px\" \/>\n\t\t<div class=\"figc\">\n\t\t\t<div class=\"figc-inner\">\n\t\t\t\t\t\t\t\t\t<div class='jtg-title'>IVECO DAILY <i class=\"fa fa-angle-double-right\"><\/i><\/div>\n\t\t\t\t\t\t\t\t\t\t\t\t\t\t\t<\/div>\n\t\t<\/div>\n\n\t<\/div>\n\n<\/div><div class=\"modula-item modula-simple-link modula-simple-link effect-zoe jtg-filter-all jtg-filter-\" >\n\t<div class=\"modula-item-overlay\"><\/div>\n\n\t<div class=\"modula-item-content\">\n\n\t\t\t\t\n\t\t\t\t\t<a data-image-id=\"108855\" class=\"modula-simple-link modula-simple-link\" aria-label=\"Open attachment page\" href=\"https:\/\/www.storevan.com\/fr\/amenagements-speciaux-pour-vehicules-utilitaires-equipes\/maintenance\/industrie-aeronautique-iveco-daily\/\" data-thumb=\"https:\/\/www.storevan.com\/wp-content\/uploads\/2019\/10\/m-iveco-daily-01-150x150.jpg\" class=\"tile-inner modula-item-link\"><\/a>\n\t\t\n\t\t<img class=\"pic wp-image-108855 lazyload\"  data-valign=\"middle\" data-halign=\"left\" alt=\"Allestimento speciale per Iveco Daily L2L H2\" data-full=\"https:\/\/www.storevan.com\/wp-content\/uploads\/2019\/10\/m-iveco-daily-01.jpg\" title=\" IVECO DAILY &lt;i class=&quot;fa fa-angle-double-right&quot;&gt;&lt;\/i&gt;\" width=\"300\" height=\"225\" data-src=\"https:\/\/www.storevan.com\/wp-content\/uploads\/2019\/10\/m-iveco-daily-01-300x225.jpg\" data-caption=\"Scopri l&#039;allestimento su Iveco Daily\" data-source=\"modula\" data-srcset=\"https:\/\/www.storevan.com\/wp-content\/uploads\/2019\/10\/m-iveco-daily-01.jpg 800w, https:\/\/www.storevan.com\/wp-content\/uploads\/2019\/10\/m-iveco-daily-01-300x225.jpg 300w, https:\/\/www.storevan.com\/wp-content\/uploads\/2019\/10\/m-iveco-daily-01-768x576.jpg 768w, https:\/\/www.storevan.com\/wp-content\/uploads\/2019\/10\/m-iveco-daily-01-425x320.jpg 425w\" data-sizes=\"(max-width: 300px) 100vw, 300px\" \/>\n\t\t<div class=\"figc\">\n\t\t\t<div class=\"figc-inner\">\n\t\t\t\t\t\t\t\t\t<div class='jtg-title'> IVECO DAILY <i class=\"fa fa-angle-double-right\"><\/i><\/div>\n\t\t\t\t\t\t\t\t\t\t\t\t\t\t\t<\/div>\n\t\t<\/div>\n\n\t<\/div>\n\n<\/div><div class=\"modula-item modula-simple-link modula-simple-link effect-zoe jtg-filter-all jtg-filter-\" >\n\t<div class=\"modula-item-overlay\"><\/div>\n\n\t<div class=\"modula-item-content\">\n\n\t\t\t\t\n\t\t\t\t\t<a data-image-id=\"108966\" class=\"modula-simple-link modula-simple-link\" aria-label=\"Open attachment page\" href=\"https:\/\/www.storevan.com\/fr\/amenagements-speciaux-pour-vehicules-utilitaires-equipes\/maintenance\/ascenseurs-fiat-fiorino\/\" data-thumb=\"https:\/\/www.storevan.com\/wp-content\/uploads\/2019\/10\/m-fiat-fiorino-07-150x150.jpg\" class=\"tile-inner modula-item-link\"><\/a>\n\t\t\n\t\t<img class=\"pic wp-image-108966 lazyload\"  data-valign=\"middle\" data-halign=\"left\" alt=\"Banco morsa per allestimento su misura di un Fiat fiorino\" data-full=\"https:\/\/www.storevan.com\/wp-content\/uploads\/2019\/10\/m-fiat-fiorino-07.jpg\" title=\"FIAT FIORINO &lt;i class=&quot;fa fa-angle-double-right&quot;&gt;&lt;\/i&gt;\" width=\"300\" height=\"225\" data-src=\"https:\/\/www.storevan.com\/wp-content\/uploads\/2019\/10\/m-fiat-fiorino-07-300x225.jpg\" data-caption=\"Scopri l&#039;allestimento su Fiat fiorino\" data-source=\"modula\" data-srcset=\"https:\/\/www.storevan.com\/wp-content\/uploads\/2019\/10\/m-fiat-fiorino-07.jpg 800w, https:\/\/www.storevan.com\/wp-content\/uploads\/2019\/10\/m-fiat-fiorino-07-300x225.jpg 300w, https:\/\/www.storevan.com\/wp-content\/uploads\/2019\/10\/m-fiat-fiorino-07-768x576.jpg 768w, https:\/\/www.storevan.com\/wp-content\/uploads\/2019\/10\/m-fiat-fiorino-07-425x320.jpg 425w\" data-sizes=\"(max-width: 300px) 100vw, 300px\" \/>\n\t\t<div class=\"figc\">\n\t\t\t<div class=\"figc-inner\">\n\t\t\t\t\t\t\t\t\t<div class='jtg-title'>FIAT FIORINO <i class=\"fa fa-angle-double-right\"><\/i><\/div>\n\t\t\t\t\t\t\t\t\t\t\t\t\t\t\t<\/div>\n\t\t<\/div>\n\n\t<\/div>\n\n<\/div>\t\t\n\t<\/div>\n\n\t\n\t\n\t<script type=\"application\/ld+json\">\n\t{\n\t\t\"@context\": \"http:\/\/schema.org\",\n\t\t\"@type\"   : \"ImageGallery\",\n\t\t\"id\"      : \"https:\/\/www.storevan.com\/fr\/wp-json\/wp\/v2\/pages\/119352\/\",\n\t\t\"url\"     : \"https:\/\/www.storevan.com\/fr\/wp-json\/wp\/v2\/pages\/119352\/\"\n\t}\n\n    <\/script>\n\n\t\n<\/div>\n<hr \/>\n<div class=\"col-xs-12 col-sm-12 col-md-6\">\n<div class=\"text-center\"><a class=\"btn btn-download\" href=\"tel:+390424585455\"><i class=\"fa fa-phone\"><\/i> <span class=\"spanBtn\">APPELEZ-NOUS<\/span><br \/>\npour toute information<\/a><\/div>\n<\/div>\n<div class=\"col-xs-12 col-sm-12 col-md-6\">\n<div class=\"text-center\"><a class=\"btn btn-download btnToggle\"><i class=\"fa fa-envelope\"><\/i> <span class=\"spanBtn\">\u00c9CRIVEZ-NOUS<\/span><br \/>\nvous serez contact\u00e9s<\/a><\/div>\n<\/div>\n<div class=\"break\"><\/div>\n<hr \/>\n<hr class=\"noColor\"\/>\n<p><strong>Des rayonnages pour v\u00e9hicules utilitaires et des blocs-tiroirs pour quincaillerie<\/strong> peuvent \u00eatre facilement install\u00e9s dans n\u2019importe quel v\u00e9hicule utilitaire pour garder en ordre les outils, le mat\u00e9riel de travail et la quincaillerie, tandis que les <strong>rampes de chargement<\/strong> sont un accessoire utile si l\u2019on doit d\u00e9placer des machines ou des pi\u00e8ces de rechange lourdes et de grandes dimensions. Dans un am\u00e9nagement pour la maintenance et l\u2019assistance, impossible de ne pas disposer de <strong>compartiments porte-jerrican<\/strong> pour contenir l\u2019essence, de <strong>grues \u00e9lectriques<\/strong> pour faciliter le d\u00e9placement des pi\u00e8ces de rechange lourdes, de <strong>g\u00e9n\u00e9rateurs ou batteries de secours<\/strong> pour fournir une alimentation \u00e9lectrique suppl\u00e9mentaire. Tous les \u00e9quipements pour v\u00e9hicules utilitaires peuvent \u00eatre assur\u00e9s au moyen de barres et de sangles d&rsquo;arrimage de mani\u00e8re \u00e0 pouvoir voyager en toute s\u00e9curit\u00e9 et sans endommager la charge transport\u00e9e.<br \/>\nL\u2019am\u00e9nagement pour la maintenance et l&rsquo;assistance permet d\u2019<strong>exploiter au maximum l\u2019espace int\u00e9rieur du v\u00e9hicule commercial <\/strong>pour le transformer en un v\u00e9ritable atelier mobile. Ainsi, on pourra avoir \u00e0 disposition tout le n\u00e9cessaire pour les diff\u00e9rentes interventions, ce qui permettra d\u2019optimiser le service offert au client.<\/p>\n<hr class=\"noColor\"\/>\n<h3 class=\"txtGrey customblackTitleExtraSmall\" style=\"color:#000;\">D\u00c9COUVREZ LES D\u00c9TAILS DES AM\u00c9NAGEMENTS D\u00c9J\u00c0 R\u00c9ALIS\u00c9S !<\/h3>\n<hr class=\"noColor\"\/>\n<div class=\"col-xs-12 col-sm-6 col-md-6\">\n<ul class=\"arrow txtUp\">\n<li><a href=\"https:\/\/www.storevan.com\/fr\/amenagements-speciaux-pour-vehicules-utilitaires-equipes\/maintenance\/industrie-aeronautique-iveco-daily\/\">pour industrie a\u00e9ronautique, IVECO DAILY L2L H2<\/a><\/li>\n<li><a href=\"https:\/\/www.storevan.com\/fr\/amenagements-speciaux-pour-vehicules-utilitaires-equipes\/maintenance\/plombiers-fiat-doblo\/\">pour plombiers (fabrication de machines), FIAT DOBL\u00d2 L1 H1<\/a><\/li>\n<li><a href=\"https:\/\/www.storevan.com\/fr\/amenagements-speciaux-pour-vehicules-utilitaires-equipes\/maintenance\/ascenseurs-fiat-fiorino\/\">pour la maintenance d&rsquo;ascenseurs, FIAT FIORINO L1 H1<\/a><\/li>\n<li><a href=\"https:\/\/www.storevan.com\/fr\/amenagements-speciaux-pour-vehicules-utilitaires-equipes\/maintenance\/ponts-roulants-fiat-ducato\/\">pour l\u2019assistance et la maintenance de ponts roulants, FIAT DUCATO L2 H2<\/a><\/li>\n<\/ul>\n<\/div>\n<div class=\"col-xs-12 col-sm-6 col-md-6\">\n<ul class=\"arrow txtUp\">\n<li><a href=\"https:\/\/www.storevan.com\/fr\/amenagements-speciaux-pour-vehicules-utilitaires-equipes\/maintenance\/reseaux-deau-fiat-ducato-l2h1\/\">pour la maintenance des r\u00e9seaux d\u2019eau, FIAT DUCATO L2 H1<\/a><\/li>\n<li><a href=\"https:\/\/www.storevan.com\/fr\/amenagements-speciaux-pour-vehicules-utilitaires-equipes\/maintenance\/controle-de-lodorisation-du-gaz-fiat-doblo-l2h1\/\">pour dispositif de contr\u00f4le de l\u2019odorisation du gaz, FIAT DOBL\u00d2 L2 H1<\/a><\/li>\n<li><a href=\"https:\/\/www.storevan.com\/fr\/amenagements-speciaux-pour-vehicules-utilitaires-equipes\/maintenance\/reseaux-de-gaz-fiat-fiorino-l1h1\/\">pour l\u2019assistance et la maintenance des r\u00e9seaux de gaz, FIAT FIORINO L1 H1<\/a><\/li>\n<\/ul>\n<\/div>\n<hr class=\"noColor\"\/>\n<\/div>\n<div class=\"break\"><\/div>\n<hr class=\"noColor\"\/>\n<a name=\"formcontatto\"><\/a><\/p>\n<div class=\"formToggle\">\n<h4 class=\"bigTxt text-center txtBkOrange\"><i class=\"fa fa-envelope pull-left\"><\/i>VOULEZ-VOUS EN SAVOIR PLUS?<\/h4>\n\n<div class=\"wpcf7 no-js\" id=\"wpcf7-f67673-o1\" lang=\"it-IT\" dir=\"ltr\">\n<div class=\"screen-reader-response\"><p role=\"status\" aria-live=\"polite\" aria-atomic=\"true\"><\/p> <ul><\/ul><\/div>\n<form action=\"\/fr\/wp-json\/wp\/v2\/pages\/119352#wpcf7-f67673-o1\" method=\"post\" class=\"wpcf7-form init\" aria-label=\"Modulo di contatto\" novalidate=\"novalidate\" data-status=\"init\">\n<div style=\"display: none;\">\n<input type=\"hidden\" name=\"_wpcf7\" value=\"67673\" \/>\n<input type=\"hidden\" name=\"_wpcf7_version\" value=\"5.7.7\" \/>\n<input type=\"hidden\" name=\"_wpcf7_locale\" value=\"it_IT\" \/>\n<input type=\"hidden\" name=\"_wpcf7_unit_tag\" value=\"wpcf7-f67673-o1\" \/>\n<input type=\"hidden\" name=\"_wpcf7_container_post\" value=\"0\" \/>\n<input type=\"hidden\" name=\"_wpcf7_posted_data_hash\" value=\"\" \/>\n<input type=\"hidden\" name=\"_wpcf7_recaptcha_response\" value=\"\" \/>\n<\/div>\n<span class=\"wpcf7-form-control-wrap url\" data-name=\"url\"><input type=\"hidden\" name=\"url\" size=\"40\" class=\"wpcf7-form-control wpcf7-hidden wpcf7dtx wpcf7dtx-hidden\" aria-invalid=\"false\" value=\"maintenance\" autocomplete=\"off\" \/><\/span>\n<p>Pour plus d'informations, remplissez les champs suivants. L'un de nos op\u00e9rateurs vous recontactera dans les plus brefs d\u00e9lais (* champs obligatoires):\n<\/p>\n<div class=\"col-xs-12 col-md-6\">\n\t<p><span class='titoli'>Pr\u00e9nom (*)<\/span>\n\t<\/p>\n\t<p><span class=\"wpcf7-form-control-wrap\" data-name=\"your-name\"><input size=\"40\" class=\"wpcf7-form-control wpcf7-text wpcf7-validates-as-required form-control\" aria-required=\"true\" aria-invalid=\"false\" value=\"\" type=\"text\" name=\"your-name\" \/><\/span>\n\t<\/p>\n<\/div>\n<div class=\"col-xs-12 col-md-6\">\n\t<p><span class='titoli'>Nom (*)<\/span>\n\t<\/p>\n\t<p><span class=\"wpcf7-form-control-wrap\" data-name=\"your-last-name\"><input size=\"40\" class=\"wpcf7-form-control wpcf7-text wpcf7-validates-as-required form-control\" aria-required=\"true\" aria-invalid=\"false\" value=\"\" type=\"text\" name=\"your-last-name\" \/><\/span>\n\t<\/p>\n<\/div>\n<div class=\"col-xs-12 col-md-6\">\n\t<p><span class='titoli'>Entreprise (*)<\/span>\n\t<\/p>\n\t<p><span class=\"wpcf7-form-control-wrap\" data-name=\"your-company\"><input size=\"40\" class=\"wpcf7-form-control wpcf7-text wpcf7-validates-as-required form-control\" aria-required=\"true\" aria-invalid=\"false\" value=\"\" type=\"text\" name=\"your-company\" \/><\/span>\n\t<\/p>\n<\/div>\n<div class=\"col-xs-12 col-md-6\">\n\t<p><span class='titoli'>TVA<\/span>\n\t<\/p>\n\t<p><span class=\"wpcf7-form-control-wrap\" data-name=\"p-iva\"><input size=\"40\" class=\"wpcf7-form-control wpcf7-text form-control\" aria-invalid=\"false\" value=\"\" type=\"text\" name=\"p-iva\" \/><\/span>\n\t<\/p>\n<\/div>\n<div class=\"clearboth\">\n<\/div>\n<div class=\"col-xs-12 col-md-4\">\n\t<p><span class='titoli'>Code Postal (*)<\/span>\n\t<\/p>\n\t<p><span class=\"wpcf7-form-control-wrap\" data-name=\"your-zip-code\"><input size=\"40\" class=\"wpcf7-form-control wpcf7-text wpcf7-validates-as-required form-control\" aria-required=\"true\" aria-invalid=\"false\" value=\"\" type=\"text\" name=\"your-zip-code\" \/><\/span>\n\t<\/p>\n<\/div>\n<div class=\"col-xs-12 col-md-4\">\n\t<p><span class='titoli'>Adresse (*)<\/span>\n\t<\/p>\n\t<p><span class=\"wpcf7-form-control-wrap\" data-name=\"your-address\"><input size=\"40\" class=\"wpcf7-form-control wpcf7-text wpcf7-validates-as-required form-control\" aria-required=\"true\" aria-invalid=\"false\" value=\"\" type=\"text\" name=\"your-address\" \/><\/span>\n\t<\/p>\n<\/div>\n<div class=\"col-xs-12 col-md-4\">\n\t<p><span class='titoli'>Ville (*)<\/span>\n\t<\/p>\n\t<p><span class=\"wpcf7-form-control-wrap\" data-name=\"your-Town\"><input size=\"40\" class=\"wpcf7-form-control wpcf7-text wpcf7-validates-as-required form-control\" aria-required=\"true\" aria-invalid=\"false\" value=\"\" type=\"text\" name=\"your-Town\" \/><\/span>\n\t<\/p>\n<\/div>\n<div class=\"clearboth\">\n<\/div>\n<div class=\"col-xs-12 col-md-6\">\n\t<p><span class='titoli'>email (*)<\/span>\n\t<\/p>\n\t<p><span class=\"wpcf7-form-control-wrap\" data-name=\"your-email\"><input size=\"40\" class=\"wpcf7-form-control wpcf7-text wpcf7-email wpcf7-validates-as-required wpcf7-validates-as-email form-control\" aria-required=\"true\" aria-invalid=\"false\" value=\"\" type=\"email\" name=\"your-email\" \/><\/span>\n\t<\/p>\n<\/div>\n<div class=\"col-xs-12 col-md-6\">\n\t<p><span class='titoli'>T\u00e9l\u00e9phone (*)<\/span>\n\t<\/p>\n\t<p><span class=\"wpcf7-form-control-wrap\" data-name=\"telefono\"><input size=\"40\" class=\"wpcf7-form-control wpcf7-text wpcf7-tel wpcf7-validates-as-required wpcf7-validates-as-tel form-control\" aria-required=\"true\" aria-invalid=\"false\" value=\"\" type=\"tel\" name=\"telefono\" \/><\/span>\n\t<\/p>\n<\/div>\n<div class=\"clearboth\">\n<\/div>\n<div class=\"col-xs-12 col-md-6\">\n\t<p><span class='titoli'>Objet <\/span>\n\t<\/p>\n\t<p><span class=\"wpcf7-form-control-wrap\" data-name=\"oggetto\"><select class=\"wpcf7-form-control wpcf7-select wpcf7-validates-as-required\" aria-required=\"true\" aria-invalid=\"false\" name=\"oggetto\"><option value=\"Citation\">Citation<\/option><option value=\"Information technique\">Information technique<\/option><option value=\"Rendez-vous\">Rendez-vous<\/option><\/select><\/span>\n\t<\/p>\n<\/div>\n<div class=\"col-xs-12 col-md-6\">\n\t<p><br \/>\n<span class=\"titoli\"> <span class=\"wpcf7-form-control-wrap\" data-name=\"cliente\"><span class=\"wpcf7-form-control wpcf7-checkbox\"><span class=\"wpcf7-list-item first last\"><label><span class=\"wpcf7-list-item-label\">Je suis d\u00e9j\u00e0 client<\/span><input type=\"checkbox\" name=\"cliente[]\" value=\"Je suis d\u00e9j\u00e0 client\" \/><\/label><\/span><\/span><\/span><\/span>\n\t<\/p>\n<\/div>\n<div class=\"col-xs-12 col-md-12\">\n\t<p><span class='titoli'>Message (*)<\/span>\n\t<\/p>\n\t<p><span class=\"wpcf7-form-control-wrap\" data-name=\"your-message\"><textarea cols=\"40\" rows=\"10\" class=\"wpcf7-form-control wpcf7-textarea wpcf7-validates-as-required form-control\" aria-required=\"true\" aria-invalid=\"false\" name=\"your-message\"><\/textarea><\/span>\n\t<\/p>\n<\/div>\n<div class=\"col-xs-12 col-md-12\">\n\t<p><small>Les donn\u00e9es saisies seront trait\u00e9es de mani\u00e8re strictement confidentielle conform\u00e9ment \u00e0 la loi et \u00e0 notre <a href=\"https:\/\/www.storevan.com\/fr\/privacy-policy\/\">politique de confidentialit\u00e9<\/a>.<\/small>\n\t<\/p>\n\t<p><span class=\"wpcf7-form-control-wrap\" data-name=\"AccettazionePrivacy\"><span class=\"wpcf7-form-control wpcf7-acceptance\"><span class=\"wpcf7-list-item\"><input type=\"checkbox\" name=\"AccettazionePrivacy\" value=\"1\" aria-invalid=\"false\" \/><\/span><\/span><\/span> Je d\u00e9clare avoir pris connaissance de la Note Informative sur les <a href=\"https:\/\/www.storevan.com\/fr\/privacy-policy\/\">Note Informative sur les Informations priv\u00e9es<\/a> et j\u2019autorise au traitement de mes donn\u00e9es personnelles en conformit\u00e9 avec ce qui y est \u00e9crit. (*)<br \/>\n\t<span class=\"wpcf7-form-control-wrap recaptcha\" data-name=\"recaptcha\"><span data-sitekey=\"6LdfM4AUAAAAAJjsAucux5WVNA3hsk5KP0a03T_n\" class=\"wpcf7-form-control g-recaptcha wpcf7-recaptcha\"><\/span>\r\n<noscript>\r\n\t<div class=\"grecaptcha-noscript\">\r\n\t\t<iframe src=\"https:\/\/www.google.com\/recaptcha\/api\/fallback?k=6LdfM4AUAAAAAJjsAucux5WVNA3hsk5KP0a03T_n\" frameborder=\"0\" scrolling=\"no\" width=\"310\" height=\"430\">\r\n\t\t<\/iframe>\r\n\t\t<textarea name=\"g-recaptcha-response\" rows=\"3\" cols=\"40\" placeholder=\"reCaptcha Response Here\">\r\n\t\t<\/textarea>\r\n\t<\/div>\r\n<\/noscript>\r\n<\/span>\n\t<\/p>\n<\/div>\n<hr class=\"noColor\" \/>\n<p><input class=\"wpcf7-form-control has-spinner wpcf7-submit\" type=\"submit\" value=\"Envoi\" \/>\n<\/p><div class=\"wpcf7-response-output\" aria-hidden=\"true\"><\/div>\n<\/form>\n<\/div>\n\n<\/div>\n","protected":false},"excerpt":{"rendered":"<p>AM\u00c9NAGEMENT SUR MESURE POUR L\u2019ASSISTANCE ET LA MAINTENANCE L\u2019ATELIER MOBILE PERSONNALIS\u00c9 QUI PERMET D\u2019ACC\u00c9L\u00c9RER ET DE FACILITER LES INTERVENTIONS Fournir un service d\u2019assistance pour la r\u00e9paration et la maintenance directement.<\/p>\n","protected":false},"author":470,"featured_media":110021,"parent":119343,"menu_order":0,"comment_status":"closed","ping_status":"closed","template":"","meta":[],"acf":[],"yoast_head":"<!-- This site is optimized with the Yoast SEO plugin v20.11 - https:\/\/yoast.com\/wordpress\/plugins\/seo\/ -->\n<title>Am\u00e9nagement sur mesure pour l&#039;assistance et la maintenance<\/title>\n<meta name=\"description\" content=\"Am\u00e9nagement sur mesure pour l&#039;assistance et la maintenance. L&#039;atelier mobile personnalis\u00e9 qui permet d\u2019acc\u00e9l\u00e9rer et de faciliter les interventions. Fournir un service d\u2019assistance pour la r\u00e9paration et la maintenance directement chez votre client.\" \/>\n<meta name=\"robots\" content=\"index, follow, max-snippet:-1, max-image-preview:large, max-video-preview:-1\" \/>\n<link rel=\"canonical\" href=\"https:\/\/www.storevan.com\/fr\/amenagements-speciaux-pour-vehicules-utilitaires-equipes\/maintenance\/\" \/>\n<meta property=\"og:locale\" content=\"fr_FR\" \/>\n<meta property=\"og:type\" content=\"article\" \/>\n<meta property=\"og:title\" content=\"Am\u00e9nagement sur mesure pour l&#039;assistance et la maintenance\" \/>\n<meta property=\"og:description\" content=\"Am\u00e9nagement sur mesure pour l&#039;assistance et la maintenance. L&#039;atelier mobile personnalis\u00e9 qui permet d\u2019acc\u00e9l\u00e9rer et de faciliter les interventions. Fournir un service d\u2019assistance pour la r\u00e9paration et la maintenance directement chez votre client.\" \/>\n<meta property=\"og:url\" content=\"https:\/\/www.storevan.com\/fr\/amenagements-speciaux-pour-vehicules-utilitaires-equipes\/maintenance\/\" \/>\n<meta property=\"og:site_name\" content=\"Store Van\" \/>\n<meta property=\"article:modified_time\" content=\"2020-07-28T06:50:55+00:00\" \/>\n<meta property=\"og:image\" content=\"https:\/\/www.storevan.com\/wp-content\/uploads\/2019\/10\/allestimenti-speciali-manutenzione.jpg\" \/>\n\t<meta property=\"og:image:width\" content=\"525\" \/>\n\t<meta property=\"og:image:height\" content=\"350\" \/>\n\t<meta property=\"og:image:type\" content=\"image\/jpeg\" \/>\n<meta name=\"twitter:label1\" content=\"Dur\u00e9e de lecture estim\u00e9e\" \/>\n\t<meta name=\"twitter:data1\" content=\"3 minutes\" \/>\n<script type=\"application\/ld+json\" class=\"yoast-schema-graph\">{\"@context\":\"https:\/\/schema.org\",\"@graph\":[{\"@type\":\"WebPage\",\"@id\":\"https:\/\/www.storevan.com\/fr\/amenagements-speciaux-pour-vehicules-utilitaires-equipes\/maintenance\/\",\"url\":\"https:\/\/www.storevan.com\/fr\/amenagements-speciaux-pour-vehicules-utilitaires-equipes\/maintenance\/\",\"name\":\"Am\u00e9nagement sur mesure pour l'assistance et la maintenance\",\"isPartOf\":{\"@id\":\"https:\/\/www.storevan.com\/pl\/#website\"},\"datePublished\":\"2019-10-11T11:12:45+00:00\",\"dateModified\":\"2020-07-28T06:50:55+00:00\",\"description\":\"Am\u00e9nagement sur mesure pour l'assistance et la maintenance. L'atelier mobile personnalis\u00e9 qui permet d\u2019acc\u00e9l\u00e9rer et de faciliter les interventions. Fournir un service d\u2019assistance pour la r\u00e9paration et la maintenance directement chez votre client.\",\"breadcrumb\":{\"@id\":\"https:\/\/www.storevan.com\/fr\/amenagements-speciaux-pour-vehicules-utilitaires-equipes\/maintenance\/#breadcrumb\"},\"inLanguage\":\"fr-FR\",\"potentialAction\":[{\"@type\":\"ReadAction\",\"target\":[\"https:\/\/www.storevan.com\/fr\/amenagements-speciaux-pour-vehicules-utilitaires-equipes\/maintenance\/\"]}]},{\"@type\":\"BreadcrumbList\",\"@id\":\"https:\/\/www.storevan.com\/fr\/amenagements-speciaux-pour-vehicules-utilitaires-equipes\/maintenance\/#breadcrumb\",\"itemListElement\":[{\"@type\":\"ListItem\",\"position\":1,\"name\":\"Home\",\"item\":\"https:\/\/www.storevan.com\/fr\/\"},{\"@type\":\"ListItem\",\"position\":2,\"name\":\"Am\u00e9nagements sp\u00e9ciaux pour v\u00e9hicules utilitaires \u00e9quip\u00e9s\",\"item\":\"https:\/\/www.storevan.com\/fr\/amenagements-speciaux-pour-vehicules-utilitaires-equipes\/\"},{\"@type\":\"ListItem\",\"position\":3,\"name\":\"Am\u00e9nagement sur mesure pour l&rsquo;assistance et la maintenance\"}]},{\"@type\":\"WebSite\",\"@id\":\"https:\/\/www.storevan.com\/pl\/#website\",\"url\":\"https:\/\/www.storevan.com\/pl\/\",\"name\":\"Store Van\",\"description\":\"Am\u00e9nagements fourgons\",\"potentialAction\":[{\"@type\":\"SearchAction\",\"target\":{\"@type\":\"EntryPoint\",\"urlTemplate\":\"https:\/\/www.storevan.com\/pl\/?s={search_term_string}\"},\"query-input\":\"required name=search_term_string\"}],\"inLanguage\":\"fr-FR\"}]}<\/script>\n<!-- \/ Yoast SEO plugin. -->","yoast_head_json":{"title":"Am\u00e9nagement sur mesure pour l'assistance et la maintenance","description":"Am\u00e9nagement sur mesure pour l'assistance et la maintenance. L'atelier mobile personnalis\u00e9 qui permet d\u2019acc\u00e9l\u00e9rer et de faciliter les interventions. Fournir un service d\u2019assistance pour la r\u00e9paration et la maintenance directement chez votre client.","robots":{"index":"index","follow":"follow","max-snippet":"max-snippet:-1","max-image-preview":"max-image-preview:large","max-video-preview":"max-video-preview:-1"},"canonical":"https:\/\/www.storevan.com\/fr\/amenagements-speciaux-pour-vehicules-utilitaires-equipes\/maintenance\/","og_locale":"fr_FR","og_type":"article","og_title":"Am\u00e9nagement sur mesure pour l'assistance et la maintenance","og_description":"Am\u00e9nagement sur mesure pour l'assistance et la maintenance. L'atelier mobile personnalis\u00e9 qui permet d\u2019acc\u00e9l\u00e9rer et de faciliter les interventions. Fournir un service d\u2019assistance pour la r\u00e9paration et la maintenance directement chez votre client.","og_url":"https:\/\/www.storevan.com\/fr\/amenagements-speciaux-pour-vehicules-utilitaires-equipes\/maintenance\/","og_site_name":"Store Van","article_modified_time":"2020-07-28T06:50:55+00:00","og_image":[{"width":525,"height":350,"url":"https:\/\/www.storevan.com\/wp-content\/uploads\/2019\/10\/allestimenti-speciali-manutenzione.jpg","type":"image\/jpeg"}],"twitter_misc":{"Dur\u00e9e de lecture estim\u00e9e":"3 minutes"},"schema":{"@context":"https:\/\/schema.org","@graph":[{"@type":"WebPage","@id":"https:\/\/www.storevan.com\/fr\/amenagements-speciaux-pour-vehicules-utilitaires-equipes\/maintenance\/","url":"https:\/\/www.storevan.com\/fr\/amenagements-speciaux-pour-vehicules-utilitaires-equipes\/maintenance\/","name":"Am\u00e9nagement sur mesure pour l'assistance et la maintenance","isPartOf":{"@id":"https:\/\/www.storevan.com\/pl\/#website"},"datePublished":"2019-10-11T11:12:45+00:00","dateModified":"2020-07-28T06:50:55+00:00","description":"Am\u00e9nagement sur mesure pour l'assistance et la maintenance. L'atelier mobile personnalis\u00e9 qui permet d\u2019acc\u00e9l\u00e9rer et de faciliter les interventions. Fournir un service d\u2019assistance pour la r\u00e9paration et la maintenance directement chez votre client.","breadcrumb":{"@id":"https:\/\/www.storevan.com\/fr\/amenagements-speciaux-pour-vehicules-utilitaires-equipes\/maintenance\/#breadcrumb"},"inLanguage":"fr-FR","potentialAction":[{"@type":"ReadAction","target":["https:\/\/www.storevan.com\/fr\/amenagements-speciaux-pour-vehicules-utilitaires-equipes\/maintenance\/"]}]},{"@type":"BreadcrumbList","@id":"https:\/\/www.storevan.com\/fr\/amenagements-speciaux-pour-vehicules-utilitaires-equipes\/maintenance\/#breadcrumb","itemListElement":[{"@type":"ListItem","position":1,"name":"Home","item":"https:\/\/www.storevan.com\/fr\/"},{"@type":"ListItem","position":2,"name":"Am\u00e9nagements sp\u00e9ciaux pour v\u00e9hicules utilitaires \u00e9quip\u00e9s","item":"https:\/\/www.storevan.com\/fr\/amenagements-speciaux-pour-vehicules-utilitaires-equipes\/"},{"@type":"ListItem","position":3,"name":"Am\u00e9nagement sur mesure pour l&rsquo;assistance et la maintenance"}]},{"@type":"WebSite","@id":"https:\/\/www.storevan.com\/pl\/#website","url":"https:\/\/www.storevan.com\/pl\/","name":"Store Van","description":"Am\u00e9nagements fourgons","potentialAction":[{"@type":"SearchAction","target":{"@type":"EntryPoint","urlTemplate":"https:\/\/www.storevan.com\/pl\/?s={search_term_string}"},"query-input":"required name=search_term_string"}],"inLanguage":"fr-FR"}]}},"_links":{"self":[{"href":"https:\/\/www.storevan.com\/fr\/wp-json\/wp\/v2\/pages\/119352"}],"collection":[{"href":"https:\/\/www.storevan.com\/fr\/wp-json\/wp\/v2\/pages"}],"about":[{"href":"https:\/\/www.storevan.com\/fr\/wp-json\/wp\/v2\/types\/page"}],"author":[{"embeddable":true,"href":"https:\/\/www.storevan.com\/fr\/wp-json\/wp\/v2\/users\/470"}],"replies":[{"embeddable":true,"href":"https:\/\/www.storevan.com\/fr\/wp-json\/wp\/v2\/comments?post=119352"}],"version-history":[{"count":7,"href":"https:\/\/www.storevan.com\/fr\/wp-json\/wp\/v2\/pages\/119352\/revisions"}],"predecessor-version":[{"id":119820,"href":"https:\/\/www.storevan.com\/fr\/wp-json\/wp\/v2\/pages\/119352\/revisions\/119820"}],"up":[{"embeddable":true,"href":"https:\/\/www.storevan.com\/fr\/wp-json\/wp\/v2\/pages\/119343"}],"wp:featuredmedia":[{"embeddable":true,"href":"https:\/\/www.storevan.com\/fr\/wp-json\/wp\/v2\/media\/110021"}],"wp:attachment":[{"href":"https:\/\/www.storevan.com\/fr\/wp-json\/wp\/v2\/media?parent=119352"}],"curies":[{"name":"wp","href":"https:\/\/api.w.org\/{rel}","templated":true}]}}