{"id":119347,"date":"2016-11-24T16:00:39","date_gmt":"2016-11-24T16:00:39","guid":{"rendered":"https:\/\/www.storevan.com\/allestimenti-speciali-furgoni\/rifornimento-distributori-automatici\/"},"modified":"2020-07-20T12:50:46","modified_gmt":"2020-07-20T12:50:46","slug":"reapprovisionnement-de-distributeurs-automatiques","status":"publish","type":"page","link":"https:\/\/www.storevan.com\/fr\/amenagements-speciaux-pour-vehicules-utilitaires-equipes\/reapprovisionnement-de-distributeurs-automatiques\/","title":{"rendered":"R\u00e9approvisionnement de distributeurs automatiques"},"content":{"rendered":"<h1 class=\"customblackTitleSmall\">AM\u00c9NAGEMENT DE V\u00c9HICULE UTILITAIRE POUR LE R\u00c9APPROVISIONNEMENT DE DISTRIBUTEURS AUTOMATIQUES<\/h1>\n<h2>SOLUTIONS D\u2019AM\u00c9NAGEMENT DE V\u00c9HICULES UTILITAIRES POUR LA DISTRIBUTION AUTOMATIQUE<\/h2>\n<div class=\"col-xs-12 col-sm-6 col-md-7\">\n<img decoding=\"async\" loading=\"lazy\" src=\"https:\/\/www.storevan.com\/wp-content\/uploads\/2019\/10\/allestimento-vending.jpg\" alt=\"AM\u00c9NAGEMENT DE V\u00c9HICULE UTILITAIRE POUR LE R\u00c9APPROVISIONNEMENT DE DISTRIBUTEURS AUTOMATIQUES\" width=\"485\" height=\"535\" class=\"aligncenter size-full wp-image-110116\" srcset=\"https:\/\/www.storevan.com\/wp-content\/uploads\/2019\/10\/allestimento-vending.jpg 485w, https:\/\/www.storevan.com\/wp-content\/uploads\/2019\/10\/allestimento-vending-272x300.jpg 272w\" sizes=\"(max-width: 485px) 100vw, 485px\" \/>\n<\/div>\n<div class=\"col-xs-12 col-sm-6 col-md-5\">\n<p class=\"txtBlack\">La distribution automatique, \u00e9galement connue sous le nom de vending, est le secteur qui pr\u00e9voit l\u2019installation, la maintenance et la gestion de <strong class=\"txtBlack bigTxt txtUp\">DISTRIBUTEURS AUTOMATIQUES DE BOISSONS ET D\u2019ALIMENTS<\/strong>. Les personnes qui \u00e9voluent dans cet environnement ont besoin d\u2019un am\u00e9nagement pour v\u00e9hicule utilitaire cibl\u00e9 pour l&rsquo;activit\u00e9 de maintenance des distributeurs automatiques de boissons et aliments en g\u00e9n\u00e9ral. <\/p>\n<hr class=\"noColor\"\/>\n<ul class=\"listDalia\">\n<li><span class=\"numVan\"><i class=\"fa fa-angle-double-right\"><\/i><\/span> <span class=\"txtBlack\">CAPACIT\u00c9 DES PLANCHES PERSONNALIS\u00c9E<\/span><\/li>\n<li><span class=\"numVan\"><i class=\"fa fa-angle-double-right\"><\/i><\/span> <span class=\"txtBlack\">PROFIL\u00c9S EN ACIER AUTOMOBILE<\/span><\/li>\n<li><span class=\"numVan\"><i class=\"fa fa-angle-double-right\"><\/i><\/span> <span class=\"txtBlack\">\u00c9TAG\u00c8RES R\u00c9GLABLES<\/span><\/li>\n<li><span class=\"numVan\"><i class=\"fa fa-angle-double-right\"><\/i><\/span> <span class=\"txtBlack\">STRUCTURE AUTOPORTEUSE, SANS TROUS SUPPL\u00c9MENTAIRES<\/span><\/li>\n<li><span class=\"numVan\"><i class=\"fa fa-angle-double-right\"><\/i><\/span> <span class=\"txtBlack\">FIXATION DU CHARGEMENT INT\u00c9GR\u00c9E<\/span><\/li>\n<\/ul>\n<hr class=\"noColor\"\/>\n<h3 class=\"customblackTitleSmall txtSmall\">TOUT \u00c0 PORT\u00c9E DE MAIN<\/h3>\n<p class=\"customblackTitleSmall\" style=\"font-size: 125%;\">\u00c9TUDI\u00c9 POUR GAGNER DU TEMPS ET PROT\u00c9GER LA MARCHANDISE<\/p>\n<p class=\"txtBlack\">Les am\u00e9nagements des v\u00e9hicules utilitaires pour la distribution automatique Store Van sont \u00e9tudi\u00e9s sur mesure, en tenant compte des exigences de chaque client. Habituellement compos\u00e9s d\u2019\u00e9tag\u00e8res r\u00e9glables pour v\u00e9hicules utilitaires et de compartiments pour r\u00e9frig\u00e9rateurs ou coffres-forts, ils visent \u00e0 r\u00e9duire sensiblement le temps que passe l&rsquo;op\u00e9rateur \u00e0 r\u00e9cup\u00e9rer les aliments \u00e0 l\u2019int\u00e9rieur du v\u00e9hicule commercial. <\/p>\n<hr class=\"noColor\"\/>\n<\/div>\n<div class=\"break\"><\/div>\n<\/div>\n<h3 class=\"txtGrey customblackTitleExtraSmall\" style=\"color:#000;\">QUELQUES EXEMPLES DE R\u00c9ALISATIONS POUR LE SECTEUR DE LA DISTRIBUTION AUTOMATIQUE :<\/h3>\n<hr class=\"noColor\" \/>\n<hr class=\"noColor\"\/>\n<div class=\"col-xs-12 col-sm-12 col-md-3\">\n<h3 class=\"txtBlack\">DISTRIBUTION AUTOMATIQUE POUR FIAT DUCATO<\/h3>\n<div class=\"borderTitleOrange\"><\/div>\n<hr class=\"noColor\"\/>\nL\u2019am\u00e9nagement pour la distribution automatique con\u00e7u pour un Fiat Ducato a impliqu\u00e9 la s\u00e9paration de la zone de chargement en deux parties : l\u2019une accessible depuis la porte lat\u00e9rale et l&rsquo;autre accessible depuis les portes arri\u00e8re. L\u2019espace cr\u00e9\u00e9 a \u00e9t\u00e9 partag\u00e9 au moyen d\u2019\u00e9tag\u00e8res r\u00e9glables en hauteur pour le chargement de boissons et aliments de diff\u00e9rentes dimensions. La structure autoporteuse pr\u00e9sente des points d\u2019ancrage pour transporter la marchandise en toute s\u00e9curit\u00e9 et est fix\u00e9e \u00e0 la carrosserie du v\u00e9hicule au moyen de trous pr\u00e9-existants dans la carrosserie de la zone de chargement.<\/p>\n<hr class=\"noColor\"\/>\n<a class=\"noMarg btn btn-primary\" href=\"https:\/\/www.storevan.com\/allestimenti-speciali-furgoni\/rifornimento-distributori-automatici\/vending-fiat-ducato\/\" title=\"\">ACC\u00c9DER \u00c0 LA FICHE<\/a>\n<\/div>\n<div class=\"col-xs-12 col-sm-12 col-md-9\">\n<style>#jtg-119657 .modula-item .jtg-social a, .lightbox-socials.jtg-social a{ color: #ffffff }#jtg-119657 .modula-item .jtg-social svg, .lightbox-socials.jtg-social svg { height: 16px; width: 16px }#jtg-119657 .modula-item .jtg-social a:not(:last-child), .lightbox-socials.jtg-social a:not(:last-child) { margin-right: 10px }#jtg-119657 .modula-item .figc {color:#000000;}#jtg-119657 .modula-item .figc .jtg-title {  font-size: 18px; }#jtg-119657 .modula-item .modula-item-content { transform: scale(1) }#jtg-119657 { width:100%;}#jtg-119657 .modula-items{height:450px;}@media screen and (max-width: 992px) {#jtg-119657 .modula-items{height:450px;}}@media screen and (max-width: 768px) {#jtg-119657 .modula-items{height:450px;}}#jtg-119657 .modula-items .figc p.description { font-size:18px; }#jtg-119657 .modula-items .figc p.description { color:#000000;}#jtg-119657 .modula-items .figc .jtg-title { color:#000000; }#jtg-119657.modula-gallery .modula-item > a, #jtg-119657.modula-gallery .modula-item, #jtg-119657.modula-gallery .modula-item-content > a:not(.modula-no-follow) { cursor:pointer; } #jtg-119657.modula-gallery .modula-item-content .modula-no-follow { cursor: default; } #jtg-119657 .modula-item .modula-item-overlay, #jtg-119657 .modula-item.effect-layla, #jtg-119657  .modula-item.effect-ruby,#jtg-119657 .modula-item.effect-bubba,#jtg-119657 .modula-item.effect-sarah,#jtg-119657 .modula-item.effect-milo,#jtg-119657 .modula-item.effect-julia,#jtg-119657 .modula-item.effect-hera,#jtg-119657 .modula-item.effect-winston,#jtg-119657 .modula-item.effect-selena,#jtg-119657 .modula-item.effect-terry,#jtg-119657 .modula-item.effect-phoebe,#jtg-119657 .modula-item.effect-apollo,#jtg-119657 .modula-item.effect-steve,#jtg-119657 .modula-item.effect-ming{ background-color:#ffffff; }#jtg-119657  .modula-item.effect-oscar { background: -webkit-linear-gradient(45deg,#ffffff 0,#9b4a1b 40%,#ffffff 100%);background: linear-gradient(45deg,#ffffff 0,#9b4a1b 40%,#ffffff 100%);}#jtg-119657  .modula-item.effect-roxy {background: -webkit-linear-gradient(45deg,#ffffff 0,#05abe0 100%);background: linear-gradient(45deg,#ffffff 0,#05abe0 100%);}#jtg-119657 .modula-item.effect-dexter {background: -webkit-linear-gradient(top,#ffffff 0,rgba(104,60,19,1) 100%); background: linear-gradient(to bottom,#ffffff 0,rgba(104,60,19,1) 100%);}#jtg-119657  .modula-item.effect-jazz {background: -webkit-linear-gradient(-45deg,#ffffff 0,#f33f58 100%);background: linear-gradient(-45deg,#ffffff 0,#f33f58 100%);}#jtg-119657 .modula-item.effect-lexi {background: -webkit-linear-gradient(-45deg,#ffffff 0,#fff 100%);background: linear-gradient(-45deg,#ffffff 0,#fff 100%);}#jtg-119657 .modula-item.effect-duke {background: -webkit-linear-gradient(-45deg,#ffffff 0,#cc6055 100%);background: linear-gradient(-45deg,#ffffff 0,#cc6055 100%);}#jtg-119657 .modula-item:hover img { opacity: 0.5; }#jtg-119657 .jtg-title {font-weight:400; }#jtg-119657 p.description {font-weight:normal; }#jtg-119657:not(.modula-loaded-scale)  .modula-item .modula-item-content { transform: scale(1) translate(0px,0px) rotate(0deg); }@keyframes modulaScaling { 0% {transform: scale(1) translate(0px,p0x) rotate(0deg);} 50%{transform: scale(1) translate(0px,0px) rotate(0deg);}100%{transform: scale(1) translate(0px,p0x) rotate(0deg);}}#jtg-119657.modula-gallery .modula-item.effect-terry .jtg-social a:not(:last-child){margin-bottom:10px;}.modula-fancybox-container.modula-lightbox-jtg-119657 .modula-fancybox-caption .modula-fancybox-caption__body, .modula-fancybox-container.modula-lightbox-jtg-119657 .modula-fancybox-caption .modula-fancybox-caption__body p {text-align:left}html body .modula.modula-columns .modula-items.grid-gallery .modula-item.effect-under .modula-item-content { height:auto;}.jtg-title {font-family:ConduitITCPro-Black;}@media screen and (max-width:480px){#jtg-119657 .modula-item .figc .jtg-title {  font-size: 12px; }#jtg-119657 .modula-items .figc p.description { color:#000000;font-size:10px; }}<\/style>\n<!-- Gallery Container -->\n<div  id=\"jtg-119657\" class=\"modula modula-gallery modula-creative-gallery\" data-config=\"{&quot;height&quot;:450,&quot;tabletHeight&quot;:450,&quot;mobileHeight&quot;:450,&quot;desktopHeight&quot;:450,&quot;enableTwitter&quot;:false,&quot;enableWhatsapp&quot;:true,&quot;enableFacebook&quot;:false,&quot;enablePinterest&quot;:false,&quot;enableLinkedin&quot;:false,&quot;enableEmail&quot;:false,&quot;randomFactor&quot;:0.5,&quot;type&quot;:&quot;creative-gallery&quot;,&quot;columns&quot;:12,&quot;gutter&quot;:10,&quot;mobileGutter&quot;:10,&quot;tabletGutter&quot;:10,&quot;desktopGutter&quot;:10,&quot;enableResponsive&quot;:&quot;0&quot;,&quot;tabletColumns&quot;:&quot;2&quot;,&quot;mobileColumns&quot;:&quot;1&quot;,&quot;lazyLoad&quot;:&quot;1&quot;,&quot;lightboxOpts&quot;:{&quot;loop&quot;:false,&quot;arrows&quot;:true,&quot;toolbar&quot;:true,&quot;keyboard&quot;:false,&quot;wheel&quot;:false,&quot;buttons&quot;:[&quot;close&quot;],&quot;hash&quot;:false,&quot;lang&quot;:&quot;en&quot;,&quot;touch&quot;:false,&quot;protect&quot;:false,&quot;i18n&quot;:{&quot;en&quot;:{&quot;CLOSE&quot;:&quot;Close&quot;,&quot;NEXT&quot;:&quot;Next&quot;,&quot;PREV&quot;:&quot;Previous&quot;,&quot;Error&quot;:&quot;The requested content cannot be loaded. Please try again later.&quot;,&quot;PLAY_START&quot;:&quot;Start slideshow&quot;,&quot;PLAY_STOP&quot;:&quot;Pause slideshow&quot;,&quot;FULL_SCREEN&quot;:&quot;Full screen&quot;,&quot;THUMBS&quot;:&quot;Thumbnails&quot;,&quot;DOWNLOAD&quot;:&quot;Download&quot;,&quot;SHARE&quot;:&quot;Share&quot;,&quot;ZOOM&quot;:&quot;Zoom&quot;}},&quot;clickSlide&quot;:false,&quot;clickOutside&quot;:false,&quot;dblclickContent&quot;:false,&quot;dblclickSlide&quot;:false,&quot;dblclickOutside&quot;:false,&quot;baseTpl&quot;:&quot;&lt;div class=\\&quot;modula-fancybox-container modula-lightbox-jtg-119657\\&quot; role=\\&quot;dialog\\&quot; tabindex=\\&quot;-1\\&quot;&gt;&lt;div class=\\&quot;modula-fancybox-bg\\&quot;&gt;&lt;\\\/div&gt;&lt;div class=\\&quot;modula-fancybox-inner\\&quot;&gt;&lt;div class=\\&quot;modula-fancybox-infobar\\&quot;&gt;&lt;span data-fancybox-index&gt;&lt;\\\/span&gt;&nbsp;\\\/&nbsp;&lt;span data-fancybox-count&gt;&lt;\\\/span&gt;&lt;\\\/div&gt;&lt;div class=\\&quot;modula-fancybox-toolbar\\&quot;&gt;{{buttons}}&lt;\\\/div&gt;&lt;div class=\\&quot;modula-fancybox-navigation\\&quot;&gt;{{arrows}}&lt;\\\/div&gt;&lt;div class=\\&quot;modula-fancybox-stage\\&quot;&gt;&lt;\\\/div&gt;&lt;div class=\\&quot;modula-fancybox-caption\\&quot;&gt;&lt;div class=\\&quot;modula-fancybox-caption__body\\&quot;&gt;&lt;\\\/div&gt;&lt;\\\/div&gt;&lt;\\\/div&gt;&lt;\\\/div&gt;&quot;,&quot;infobar&quot;:true,&quot;animationEffect&quot;:false,&quot;animationDuration&quot;:366,&quot;transitionEffect&quot;:false,&quot;transitionDuration&quot;:366,&quot;thumbs&quot;:{&quot;autoStart&quot;:false,&quot;axis&quot;:&quot;y&quot;},&quot;preventCaptionOverlap&quot;:false},&quot;inView&quot;:false,&quot;email_subject&quot;:&quot;Check out this awesome image !!&quot;,&quot;email_message&quot;:&quot;Here is the link to the image : %%image_link%% and this is the link to the gallery : %%gallery_link%%&quot;,&quot;lightbox&quot;:&quot;fancybox&quot;,&quot;filterClick&quot;:&quot;0&quot;,&quot;dropdownFilters&quot;:&quot;0&quot;,&quot;defaultActiveFilter&quot;:&quot;all&quot;,&quot;initLightbox&quot;:&quot;modula_pro_init_lightbox&quot;,&quot;haveFilters&quot;:0}\">\n\n\t\n\t<!-- Items Container -->\n\t<div  class=\"modula-items\">\n\t\t<div class=\"modula-item modula-simple-link effect-zoe jtg-filter-all jtg-filter-\" >\n\t<div class=\"modula-item-overlay\"><\/div>\n\n\t<div class=\"modula-item-content\">\n\n\t\t\t\t\n\t\t\t\t\t<a data-image-id=\"109340\" href=\"https:\/\/www.storevan.com\/fr\/amenagements-speciaux-pour-vehicules-utilitaires-equipes\/reapprovisionnement-de-distributeurs-automatiques\/fiat-ducato\/\" aria-label=\"Open image in lightbox\" data-thumb=\"https:\/\/www.storevan.com\/wp-content\/uploads\/2019\/10\/v-fiat-ducato-07-150x150.jpg\" class=\"modula-simple-link\" class=\"tile-inner modula-item-link\"><\/a>\n\t\t\n\t\t<img class=\"pic wp-image-109340 lazyload\"  data-valign=\"middle\" data-halign=\"left\" alt=\"Rivestimento e ripiani per vending su Fiat Ducato\" data-full=\"https:\/\/www.storevan.com\/wp-content\/uploads\/2019\/10\/v-fiat-ducato-07.jpg\" title=\"FIAT DUCATO &lt;i class=&quot;fa fa-search-plus&quot;&gt;&lt;\/i&gt;\" width=\"200\" height=\"300\" data-src=\"https:\/\/www.storevan.com\/wp-content\/uploads\/2019\/10\/v-fiat-ducato-07-200x300.jpg\" data-caption=\"Rivestimento e ripiani per vending su Fiat Ducato\" data-source=\"modula\" data-srcset=\"https:\/\/www.storevan.com\/wp-content\/uploads\/2019\/10\/v-fiat-ducato-07.jpg 534w, https:\/\/www.storevan.com\/wp-content\/uploads\/2019\/10\/v-fiat-ducato-07-200x300.jpg 200w\" data-sizes=\"(max-width: 200px) 100vw, 200px\" \/>\n\t\t<div class=\"figc\">\n\t\t\t<div class=\"figc-inner\">\n\t\t\t\t\t\t\t\t\t<div class='jtg-title'>FIAT DUCATO <i class=\"fa fa-search-plus\"><\/i><\/div>\n\t\t\t\t\t\t\t\t\t\t\t\t\t\t\t\t\t<div class=\"jtg-social\">\n\t\t\t\t\t\t\t\t\t\t\t\t\t\t\t\t\t\t\t\t\t\t\t\t\t<a class=\"modula-icon-whatsapp\"\n\t\t\t\t\t\t\t   href=\"#\"><svg aria-hidden=\"true\" focusable=\"false\" preserveAspectRatio=\"xMidYMid meet\" viewBox=\"0 0 1536 1600\"><path d=\"M985 878q13 0 97.5 44t89.5 53q2 5 2 15q0 33-17 76q-16 39-71 65.5T984 1158q-57 0-190-62q-98-45-170-118T476 793q-72-107-71-194v-8q3-91 74-158q24-22 52-22q6 0 18 1.5t19 1.5q19 0 26.5 6.5T610 448q8 20 33 88t25 75q0 21-34.5 57.5T599 715q0 7 5 15q34 73 102 137q56 53 151 101q12 7 22 7q15 0 54-48.5t52-48.5zm-203 530q127 0 243.5-50t200.5-134t134-200.5t50-243.5t-50-243.5T1226 336t-200.5-134T782 152t-243.5 50T338 336T204 536.5T154 780q0 203 120 368l-79 233l242-77q158 104 345 104zm0-1382q153 0 292.5 60T1315 247t161 240.5t60 292.5t-60 292.5t-161 240.5t-240.5 161t-292.5 60q-195 0-365-94L0 1574l136-405Q28 991 28 780q0-153 60-292.5T249 247T489.5 86T782 26z\" fill=\"currentColor\"\/><\/svg><\/a>\n\t\t\t\t\t\t\t\t\t\t\t\t\t\t\t\t\t\t\t\t\t\t\t\t\t\t\t\t\t\t\t\t\t\t\t<\/div>\n\t\t\t\t\t\t\t<\/div>\n\t\t<\/div>\n\n\t<\/div>\n\n<\/div><div class=\"modula-item modula-simple-link effect-zoe jtg-filter-all jtg-filter-\" >\n\t<div class=\"modula-item-overlay\"><\/div>\n\n\t<div class=\"modula-item-content\">\n\n\t\t\t\t\n\t\t\t\t\t<a data-image-id=\"109334\" href=\"https:\/\/www.storevan.com\/fr\/amenagements-speciaux-pour-vehicules-utilitaires-equipes\/reapprovisionnement-de-distributeurs-automatiques\/fiat-ducato\/\" aria-label=\"Open image in lightbox\" data-thumb=\"https:\/\/www.storevan.com\/wp-content\/uploads\/2019\/10\/v-fiat-ducato-06-150x150.jpg\" class=\"modula-simple-link\" class=\"tile-inner modula-item-link\"><\/a>\n\t\t\n\t\t<img class=\"pic wp-image-109334 lazyload\"  data-valign=\"middle\" data-halign=\"left\" alt=\"Ripiani per Fiat Ducato\" data-full=\"https:\/\/www.storevan.com\/wp-content\/uploads\/2019\/10\/v-fiat-ducato-06.jpg\" title=\"FIAT DUCATO &lt;i class=&quot;fa fa-search-plus&quot;&gt;&lt;\/i&gt;\" width=\"200\" height=\"300\" data-src=\"https:\/\/www.storevan.com\/wp-content\/uploads\/2019\/10\/v-fiat-ducato-06-200x300.jpg\" data-caption=\"Fissaggio dei ripiani regolabili su furgone Fiat Ducato\" data-source=\"modula\" data-srcset=\"https:\/\/www.storevan.com\/wp-content\/uploads\/2019\/10\/v-fiat-ducato-06.jpg 534w, https:\/\/www.storevan.com\/wp-content\/uploads\/2019\/10\/v-fiat-ducato-06-200x300.jpg 200w\" data-sizes=\"(max-width: 200px) 100vw, 200px\" \/>\n\t\t<div class=\"figc\">\n\t\t\t<div class=\"figc-inner\">\n\t\t\t\t\t\t\t\t\t<div class='jtg-title'>FIAT DUCATO <i class=\"fa fa-search-plus\"><\/i><\/div>\n\t\t\t\t\t\t\t\t\t\t\t\t\t\t\t\t\t<div class=\"jtg-social\">\n\t\t\t\t\t\t\t\t\t\t\t\t\t\t\t\t\t\t\t\t\t\t\t\t\t<a class=\"modula-icon-whatsapp\"\n\t\t\t\t\t\t\t   href=\"#\"><svg aria-hidden=\"true\" focusable=\"false\" preserveAspectRatio=\"xMidYMid meet\" viewBox=\"0 0 1536 1600\"><path d=\"M985 878q13 0 97.5 44t89.5 53q2 5 2 15q0 33-17 76q-16 39-71 65.5T984 1158q-57 0-190-62q-98-45-170-118T476 793q-72-107-71-194v-8q3-91 74-158q24-22 52-22q6 0 18 1.5t19 1.5q19 0 26.5 6.5T610 448q8 20 33 88t25 75q0 21-34.5 57.5T599 715q0 7 5 15q34 73 102 137q56 53 151 101q12 7 22 7q15 0 54-48.5t52-48.5zm-203 530q127 0 243.5-50t200.5-134t134-200.5t50-243.5t-50-243.5T1226 336t-200.5-134T782 152t-243.5 50T338 336T204 536.5T154 780q0 203 120 368l-79 233l242-77q158 104 345 104zm0-1382q153 0 292.5 60T1315 247t161 240.5t60 292.5t-60 292.5t-161 240.5t-240.5 161t-292.5 60q-195 0-365-94L0 1574l136-405Q28 991 28 780q0-153 60-292.5T249 247T489.5 86T782 26z\" fill=\"currentColor\"\/><\/svg><\/a>\n\t\t\t\t\t\t\t\t\t\t\t\t\t\t\t\t\t\t\t\t\t\t\t\t\t\t\t\t\t\t\t\t\t\t\t<\/div>\n\t\t\t\t\t\t\t<\/div>\n\t\t<\/div>\n\n\t<\/div>\n\n<\/div><div class=\"modula-item modula-simple-link effect-zoe jtg-filter-all jtg-filter-\" >\n\t<div class=\"modula-item-overlay\"><\/div>\n\n\t<div class=\"modula-item-content\">\n\n\t\t\t\t\n\t\t\t\t\t<a data-image-id=\"109322\" href=\"https:\/\/www.storevan.com\/fr\/amenagements-speciaux-pour-vehicules-utilitaires-equipes\/reapprovisionnement-de-distributeurs-automatiques\/fiat-ducato\/\" aria-label=\"Open image in lightbox\" data-thumb=\"https:\/\/www.storevan.com\/wp-content\/uploads\/2019\/10\/v-fiat-ducato-04-150x150.jpg\" class=\"modula-simple-link\" class=\"tile-inner modula-item-link\"><\/a>\n\t\t\n\t\t<img class=\"pic wp-image-109322 lazyload\"  data-valign=\"middle\" data-halign=\"left\" alt=\"Allestimento su misura per Ducato\" data-full=\"https:\/\/www.storevan.com\/wp-content\/uploads\/2019\/10\/v-fiat-ducato-04.jpg\" title=\"FIAT DUCATO &lt;i class=&quot;fa fa-search-plus&quot;&gt;&lt;\/i&gt;\" width=\"200\" height=\"300\" data-src=\"https:\/\/www.storevan.com\/wp-content\/uploads\/2019\/10\/v-fiat-ducato-04-200x300.jpg\" data-caption=\"Allestimento per la manutenzione di distributori automatici\" data-source=\"modula\" data-srcset=\"https:\/\/www.storevan.com\/wp-content\/uploads\/2019\/10\/v-fiat-ducato-04.jpg 534w, https:\/\/www.storevan.com\/wp-content\/uploads\/2019\/10\/v-fiat-ducato-04-200x300.jpg 200w\" data-sizes=\"(max-width: 200px) 100vw, 200px\" \/>\n\t\t<div class=\"figc\">\n\t\t\t<div class=\"figc-inner\">\n\t\t\t\t\t\t\t\t\t<div class='jtg-title'>FIAT DUCATO <i class=\"fa fa-search-plus\"><\/i><\/div>\n\t\t\t\t\t\t\t\t\t\t\t\t\t\t\t\t\t<div class=\"jtg-social\">\n\t\t\t\t\t\t\t\t\t\t\t\t\t\t\t\t\t\t\t\t\t\t\t\t\t<a class=\"modula-icon-whatsapp\"\n\t\t\t\t\t\t\t   href=\"#\"><svg aria-hidden=\"true\" focusable=\"false\" preserveAspectRatio=\"xMidYMid meet\" viewBox=\"0 0 1536 1600\"><path d=\"M985 878q13 0 97.5 44t89.5 53q2 5 2 15q0 33-17 76q-16 39-71 65.5T984 1158q-57 0-190-62q-98-45-170-118T476 793q-72-107-71-194v-8q3-91 74-158q24-22 52-22q6 0 18 1.5t19 1.5q19 0 26.5 6.5T610 448q8 20 33 88t25 75q0 21-34.5 57.5T599 715q0 7 5 15q34 73 102 137q56 53 151 101q12 7 22 7q15 0 54-48.5t52-48.5zm-203 530q127 0 243.5-50t200.5-134t134-200.5t50-243.5t-50-243.5T1226 336t-200.5-134T782 152t-243.5 50T338 336T204 536.5T154 780q0 203 120 368l-79 233l242-77q158 104 345 104zm0-1382q153 0 292.5 60T1315 247t161 240.5t60 292.5t-60 292.5t-161 240.5t-240.5 161t-292.5 60q-195 0-365-94L0 1574l136-405Q28 991 28 780q0-153 60-292.5T249 247T489.5 86T782 26z\" fill=\"currentColor\"\/><\/svg><\/a>\n\t\t\t\t\t\t\t\t\t\t\t\t\t\t\t\t\t\t\t\t\t\t\t\t\t\t\t\t\t\t\t\t\t\t\t<\/div>\n\t\t\t\t\t\t\t<\/div>\n\t\t<\/div>\n\n\t<\/div>\n\n<\/div><div class=\"modula-item modula-simple-link effect-zoe jtg-filter-all jtg-filter-\" >\n\t<div class=\"modula-item-overlay\"><\/div>\n\n\t<div class=\"modula-item-content\">\n\n\t\t\t\t\n\t\t\t\t\t<a data-image-id=\"109316\" href=\"https:\/\/www.storevan.com\/fr\/amenagements-speciaux-pour-vehicules-utilitaires-equipes\/reapprovisionnement-de-distributeurs-automatiques\/fiat-ducato\/\" aria-label=\"Open image in lightbox\" data-thumb=\"https:\/\/www.storevan.com\/wp-content\/uploads\/2019\/10\/v-fiat-ducato-03-150x150.jpg\" class=\"modula-simple-link\" class=\"tile-inner modula-item-link\"><\/a>\n\t\t\n\t\t<img class=\"pic wp-image-109316 lazyload\"  data-valign=\"middle\" data-halign=\"left\" alt=\"Allestimento su FIAT DUCATO L2 H2 \/ L3 H2\" data-full=\"https:\/\/www.storevan.com\/wp-content\/uploads\/2019\/10\/v-fiat-ducato-03.jpg\" title=\"FIAT DUCATO &lt;i class=&quot;fa fa-search-plus&quot;&gt;&lt;\/i&gt;\" width=\"300\" height=\"213\" data-src=\"https:\/\/www.storevan.com\/wp-content\/uploads\/2019\/10\/v-fiat-ducato-03-300x213.jpg\" data-caption=\"Allestimento per Vending con ripiani su Fiat Ducato \" data-source=\"modula\" data-srcset=\"https:\/\/www.storevan.com\/wp-content\/uploads\/2019\/10\/v-fiat-ducato-03.jpg 800w, https:\/\/www.storevan.com\/wp-content\/uploads\/2019\/10\/v-fiat-ducato-03-300x213.jpg 300w, https:\/\/www.storevan.com\/wp-content\/uploads\/2019\/10\/v-fiat-ducato-03-768x544.jpg 768w\" data-sizes=\"(max-width: 300px) 100vw, 300px\" \/>\n\t\t<div class=\"figc\">\n\t\t\t<div class=\"figc-inner\">\n\t\t\t\t\t\t\t\t\t<div class='jtg-title'>FIAT DUCATO <i class=\"fa fa-search-plus\"><\/i><\/div>\n\t\t\t\t\t\t\t\t\t\t\t\t\t\t\t\t\t<div class=\"jtg-social\">\n\t\t\t\t\t\t\t\t\t\t\t\t\t\t\t\t\t\t\t\t\t\t\t\t\t<a class=\"modula-icon-whatsapp\"\n\t\t\t\t\t\t\t   href=\"#\"><svg aria-hidden=\"true\" focusable=\"false\" preserveAspectRatio=\"xMidYMid meet\" viewBox=\"0 0 1536 1600\"><path d=\"M985 878q13 0 97.5 44t89.5 53q2 5 2 15q0 33-17 76q-16 39-71 65.5T984 1158q-57 0-190-62q-98-45-170-118T476 793q-72-107-71-194v-8q3-91 74-158q24-22 52-22q6 0 18 1.5t19 1.5q19 0 26.5 6.5T610 448q8 20 33 88t25 75q0 21-34.5 57.5T599 715q0 7 5 15q34 73 102 137q56 53 151 101q12 7 22 7q15 0 54-48.5t52-48.5zm-203 530q127 0 243.5-50t200.5-134t134-200.5t50-243.5t-50-243.5T1226 336t-200.5-134T782 152t-243.5 50T338 336T204 536.5T154 780q0 203 120 368l-79 233l242-77q158 104 345 104zm0-1382q153 0 292.5 60T1315 247t161 240.5t60 292.5t-60 292.5t-161 240.5t-240.5 161t-292.5 60q-195 0-365-94L0 1574l136-405Q28 991 28 780q0-153 60-292.5T249 247T489.5 86T782 26z\" fill=\"currentColor\"\/><\/svg><\/a>\n\t\t\t\t\t\t\t\t\t\t\t\t\t\t\t\t\t\t\t\t\t\t\t\t\t\t\t\t\t\t\t\t\t\t\t<\/div>\n\t\t\t\t\t\t\t<\/div>\n\t\t<\/div>\n\n\t<\/div>\n\n<\/div><div class=\"modula-item modula-simple-link effect-zoe jtg-filter-all jtg-filter-\" >\n\t<div class=\"modula-item-overlay\"><\/div>\n\n\t<div class=\"modula-item-content\">\n\n\t\t\t\t\n\t\t\t\t\t<a data-image-id=\"109298\" href=\"https:\/\/www.storevan.com\/fr\/amenagements-speciaux-pour-vehicules-utilitaires-equipes\/reapprovisionnement-de-distributeurs-automatiques\/fiat-ducato\/\" aria-label=\"Open image in lightbox\" data-thumb=\"https:\/\/www.storevan.com\/wp-content\/uploads\/2019\/10\/v-fiat-ducato-00-150x150.jpg\" class=\"modula-simple-link\" class=\"tile-inner modula-item-link\"><\/a>\n\t\t\n\t\t<img class=\"pic wp-image-109298 lazyload\"  data-valign=\"middle\" data-halign=\"left\" alt=\"FIAT DUCATO\" data-full=\"https:\/\/www.storevan.com\/wp-content\/uploads\/2019\/10\/v-fiat-ducato-00.jpg\" title=\"FIAT DUCATO &lt;i class=&quot;fa fa-search-plus&quot;&gt;&lt;\/i&gt;\" width=\"292\" height=\"300\" data-src=\"https:\/\/www.storevan.com\/wp-content\/uploads\/2019\/10\/v-fiat-ducato-00-292x300.jpg\" data-caption=\"Ducato allestito per Vending con rivestimenti interni e ripiani regolabili\" data-source=\"modula\" data-srcset=\"https:\/\/www.storevan.com\/wp-content\/uploads\/2019\/10\/v-fiat-ducato-00.jpg 525w, https:\/\/www.storevan.com\/wp-content\/uploads\/2019\/10\/v-fiat-ducato-00-292x300.jpg 292w, https:\/\/www.storevan.com\/wp-content\/uploads\/2019\/10\/v-fiat-ducato-00-48x48.jpg 48w\" data-sizes=\"(max-width: 292px) 100vw, 292px\" \/>\n\t\t<div class=\"figc\">\n\t\t\t<div class=\"figc-inner\">\n\t\t\t\t\t\t\t\t\t<div class='jtg-title'>FIAT DUCATO <i class=\"fa fa-search-plus\"><\/i><\/div>\n\t\t\t\t\t\t\t\t\t\t\t\t\t\t\t\t\t<div class=\"jtg-social\">\n\t\t\t\t\t\t\t\t\t\t\t\t\t\t\t\t\t\t\t\t\t\t\t\t\t<a class=\"modula-icon-whatsapp\"\n\t\t\t\t\t\t\t   href=\"#\"><svg aria-hidden=\"true\" focusable=\"false\" preserveAspectRatio=\"xMidYMid meet\" viewBox=\"0 0 1536 1600\"><path d=\"M985 878q13 0 97.5 44t89.5 53q2 5 2 15q0 33-17 76q-16 39-71 65.5T984 1158q-57 0-190-62q-98-45-170-118T476 793q-72-107-71-194v-8q3-91 74-158q24-22 52-22q6 0 18 1.5t19 1.5q19 0 26.5 6.5T610 448q8 20 33 88t25 75q0 21-34.5 57.5T599 715q0 7 5 15q34 73 102 137q56 53 151 101q12 7 22 7q15 0 54-48.5t52-48.5zm-203 530q127 0 243.5-50t200.5-134t134-200.5t50-243.5t-50-243.5T1226 336t-200.5-134T782 152t-243.5 50T338 336T204 536.5T154 780q0 203 120 368l-79 233l242-77q158 104 345 104zm0-1382q153 0 292.5 60T1315 247t161 240.5t60 292.5t-60 292.5t-161 240.5t-240.5 161t-292.5 60q-195 0-365-94L0 1574l136-405Q28 991 28 780q0-153 60-292.5T249 247T489.5 86T782 26z\" fill=\"currentColor\"\/><\/svg><\/a>\n\t\t\t\t\t\t\t\t\t\t\t\t\t\t\t\t\t\t\t\t\t\t\t\t\t\t\t\t\t\t\t\t\t\t\t<\/div>\n\t\t\t\t\t\t\t<\/div>\n\t\t<\/div>\n\n\t<\/div>\n\n<\/div><div class=\"modula-item modula-simple-link effect-zoe jtg-filter-all jtg-filter-\" >\n\t<div class=\"modula-item-overlay\"><\/div>\n\n\t<div class=\"modula-item-content\">\n\n\t\t\t\t\n\t\t\t\t\t<a data-image-id=\"110011\" href=\"https:\/\/www.storevan.com\/fr\/amenagements-speciaux-pour-vehicules-utilitaires-equipes\/reapprovisionnement-de-distributeurs-automatiques\/fiat-ducato\/\" aria-label=\"Open image in lightbox\" data-thumb=\"https:\/\/www.storevan.com\/wp-content\/uploads\/2019\/10\/allestimento-autoportante-ducato-vending-150x150.jpg\" class=\"modula-simple-link\" class=\"tile-inner modula-item-link\"><\/a>\n\t\t\n\t\t<img class=\"pic wp-image-110011 lazyload\"  data-valign=\"middle\" data-halign=\"left\" alt=\"FIAT DUCATO\" data-full=\"https:\/\/www.storevan.com\/wp-content\/uploads\/2019\/10\/allestimento-autoportante-ducato-vending.jpg\" title=\"FIAT DUCATO &lt;i class=&quot;fa fa-search-plus&quot;&gt;&lt;\/i&gt;\" width=\"200\" height=\"300\" data-src=\"https:\/\/www.storevan.com\/wp-content\/uploads\/2019\/10\/allestimento-autoportante-ducato-vending-200x300.jpg\" data-caption=\"Rivestimento interno e ripiani per vending \" data-source=\"modula\" data-srcset=\"https:\/\/www.storevan.com\/wp-content\/uploads\/2019\/10\/allestimento-autoportante-ducato-vending.jpg 800w, https:\/\/www.storevan.com\/wp-content\/uploads\/2019\/10\/allestimento-autoportante-ducato-vending-200x300.jpg 200w, https:\/\/www.storevan.com\/wp-content\/uploads\/2019\/10\/allestimento-autoportante-ducato-vending-768x1152.jpg 768w, https:\/\/www.storevan.com\/wp-content\/uploads\/2019\/10\/allestimento-autoportante-ducato-vending-683x1024.jpg 683w\" data-sizes=\"(max-width: 200px) 100vw, 200px\" \/>\n\t\t<div class=\"figc\">\n\t\t\t<div class=\"figc-inner\">\n\t\t\t\t\t\t\t\t\t<div class='jtg-title'>FIAT DUCATO <i class=\"fa fa-search-plus\"><\/i><\/div>\n\t\t\t\t\t\t\t\t\t\t\t\t\t\t\t\t\t<div class=\"jtg-social\">\n\t\t\t\t\t\t\t\t\t\t\t\t\t\t\t\t\t\t\t\t\t\t\t\t\t<a class=\"modula-icon-whatsapp\"\n\t\t\t\t\t\t\t   href=\"#\"><svg aria-hidden=\"true\" focusable=\"false\" preserveAspectRatio=\"xMidYMid meet\" viewBox=\"0 0 1536 1600\"><path d=\"M985 878q13 0 97.5 44t89.5 53q2 5 2 15q0 33-17 76q-16 39-71 65.5T984 1158q-57 0-190-62q-98-45-170-118T476 793q-72-107-71-194v-8q3-91 74-158q24-22 52-22q6 0 18 1.5t19 1.5q19 0 26.5 6.5T610 448q8 20 33 88t25 75q0 21-34.5 57.5T599 715q0 7 5 15q34 73 102 137q56 53 151 101q12 7 22 7q15 0 54-48.5t52-48.5zm-203 530q127 0 243.5-50t200.5-134t134-200.5t50-243.5t-50-243.5T1226 336t-200.5-134T782 152t-243.5 50T338 336T204 536.5T154 780q0 203 120 368l-79 233l242-77q158 104 345 104zm0-1382q153 0 292.5 60T1315 247t161 240.5t60 292.5t-60 292.5t-161 240.5t-240.5 161t-292.5 60q-195 0-365-94L0 1574l136-405Q28 991 28 780q0-153 60-292.5T249 247T489.5 86T782 26z\" fill=\"currentColor\"\/><\/svg><\/a>\n\t\t\t\t\t\t\t\t\t\t\t\t\t\t\t\t\t\t\t\t\t\t\t\t\t\t\t\t\t\t\t\t\t\t\t<\/div>\n\t\t\t\t\t\t\t<\/div>\n\t\t<\/div>\n\n\t<\/div>\n\n<\/div>\t\t\n\t<\/div>\n\n\t\n\t\n\t<script type=\"application\/ld+json\">\n\t{\n\t\t\"@context\": \"http:\/\/schema.org\",\n\t\t\"@type\"   : \"ImageGallery\",\n\t\t\"id\"      : \"https:\/\/www.storevan.com\/fr\/wp-json\/wp\/v2\/pages\/119347\/\",\n\t\t\"url\"     : \"https:\/\/www.storevan.com\/fr\/wp-json\/wp\/v2\/pages\/119347\/\"\n\t}\n\n    <\/script>\n\n\t\n<\/div>\n<\/div>\n<div class=\"break\"><\/div>\n<hr class=\"noColor\"\/>\n<hr class=\"visible-xs\"\/>\n<hr class=\"noColor\"\/>\n<div class=\"col-xs-12 col-sm-12 col-md-9\"><style>#jtg-119667 .modula-item .jtg-social a, .lightbox-socials.jtg-social a{ color: #ffffff }#jtg-119667 .modula-item .jtg-social svg, .lightbox-socials.jtg-social svg { height: 16px; width: 16px }#jtg-119667 .modula-item .jtg-social a:not(:last-child), .lightbox-socials.jtg-social a:not(:last-child) { margin-right: 10px }#jtg-119667 .modula-item .figc {color:#000000;}#jtg-119667 .modula-item .figc .jtg-title {  font-size: 18px; }#jtg-119667 .modula-item .modula-item-content { transform: scale(1) }#jtg-119667 { width:100%;}#jtg-119667 .modula-items{height:450px;}@media screen and (max-width: 992px) {#jtg-119667 .modula-items{height:450px;}}@media screen and (max-width: 768px) {#jtg-119667 .modula-items{height:450px;}}#jtg-119667 .modula-items .figc p.description { font-size:18px; }#jtg-119667 .modula-items .figc p.description { color:#000000;}#jtg-119667 .modula-items .figc .jtg-title { color:#000000; }#jtg-119667.modula-gallery .modula-item > a, #jtg-119667.modula-gallery .modula-item, #jtg-119667.modula-gallery .modula-item-content > a:not(.modula-no-follow) { cursor:pointer; } #jtg-119667.modula-gallery .modula-item-content .modula-no-follow { cursor: default; } #jtg-119667 .modula-item .modula-item-overlay, #jtg-119667 .modula-item.effect-layla, #jtg-119667  .modula-item.effect-ruby,#jtg-119667 .modula-item.effect-bubba,#jtg-119667 .modula-item.effect-sarah,#jtg-119667 .modula-item.effect-milo,#jtg-119667 .modula-item.effect-julia,#jtg-119667 .modula-item.effect-hera,#jtg-119667 .modula-item.effect-winston,#jtg-119667 .modula-item.effect-selena,#jtg-119667 .modula-item.effect-terry,#jtg-119667 .modula-item.effect-phoebe,#jtg-119667 .modula-item.effect-apollo,#jtg-119667 .modula-item.effect-steve,#jtg-119667 .modula-item.effect-ming{ background-color:#ffffff; }#jtg-119667  .modula-item.effect-oscar { background: -webkit-linear-gradient(45deg,#ffffff 0,#9b4a1b 40%,#ffffff 100%);background: linear-gradient(45deg,#ffffff 0,#9b4a1b 40%,#ffffff 100%);}#jtg-119667  .modula-item.effect-roxy {background: -webkit-linear-gradient(45deg,#ffffff 0,#05abe0 100%);background: linear-gradient(45deg,#ffffff 0,#05abe0 100%);}#jtg-119667 .modula-item.effect-dexter {background: -webkit-linear-gradient(top,#ffffff 0,rgba(104,60,19,1) 100%); background: linear-gradient(to bottom,#ffffff 0,rgba(104,60,19,1) 100%);}#jtg-119667  .modula-item.effect-jazz {background: -webkit-linear-gradient(-45deg,#ffffff 0,#f33f58 100%);background: linear-gradient(-45deg,#ffffff 0,#f33f58 100%);}#jtg-119667 .modula-item.effect-lexi {background: -webkit-linear-gradient(-45deg,#ffffff 0,#fff 100%);background: linear-gradient(-45deg,#ffffff 0,#fff 100%);}#jtg-119667 .modula-item.effect-duke {background: -webkit-linear-gradient(-45deg,#ffffff 0,#cc6055 100%);background: linear-gradient(-45deg,#ffffff 0,#cc6055 100%);}#jtg-119667 .modula-item:hover img { opacity: 0.5; }#jtg-119667 .jtg-title {font-weight:400; }#jtg-119667 p.description {font-weight:normal; }#jtg-119667:not(.modula-loaded-scale)  .modula-item .modula-item-content { transform: scale(1) translate(0px,0px) rotate(0deg); }@keyframes modulaScaling { 0% {transform: scale(1) translate(0px,p0x) rotate(0deg);} 50%{transform: scale(1) translate(0px,0px) rotate(0deg);}100%{transform: scale(1) translate(0px,p0x) rotate(0deg);}}#jtg-119667.modula-gallery .filters a {color: #f7a600 !important;}#jtg-119667 .menu--ceres .modula_menu__item::before, #jtg-119667 .menu--ceres .modula_menu__item::after, #jtg-119667 .menu--ceres .modula_menu__link::after,#jtg-119667 .menu--ariel .modula_menu__item::before, #jtg-119667 .menu--ariel .modula_menu__item::after, #jtg-119667 .menu--ariel .modula_menu__link::after, #jtg-119667 .menu--ariel .modula_menu__link::before{background-color: #009de0 !important;}#jtg-119667.modula-gallery .filters a:hover, #jtg-119667.modula-gallery .filters li.modula_menu__item--current a {color: #009de0 !important;border-color: #009de0 !important}#jtg-119667.modula-gallery .filters li.modula_menu__item--current a:hover:before,#jtg-119667.modula-gallery .filters li.modula_menu__item--current a:hover:after,#jtg-119667.modula-gallery .filters li.modula_menu__item--current:hover:before,#jtg-119667.modula-gallery .filters li.modula_menu__item--current:hover:after { border-color:#009de0;background-color:#009de0}#jtg-119667.modula-gallery .filters li.modula_menu__item--current a:before,#jtg-119667.modula-gallery .filters li.modula_menu__item--current a:after,#jtg-119667.modula-gallery .filters li.modula_menu__item--current:before,#jtg-119667.modula-gallery .filters li.modula_menu__item--current:after{border-color:#009de0; background-color:#009de0;}#jtg-119667.modula .menu--antonio .modula_menu__item::after, #jtg-119667.modula .menu--antonio .modula_menu__item::before, #jtg-119667.modula .menu--antonio .modula_menu__link::after, #jtg-119667.modula .menu--antonio .modula_menu__link::before{background-color:#009de0;}#jtg-119667.modula .menu--caliban .modula_menu__link::before,#jtg-119667.modula .menu--caliban .modula_menu__link::after{border-color:#009de0;}#jtg-119667.modula .menu--ferdinand .modula_menu__link::before{background-color:#009de0;}#jtg-119667.modula .menu--francisco .modula_menu__link::before, #jtg-119667.modula .menu--trinculo .modula_menu__link::before{background-color:#009de0;}#jtg-119667.modula .menu--horatio .modula_menu__item a::after, #jtg-119667.modula .menu--horatio .modula_menu__item a::before, #jtg-119667.modula .menu--horatio .modula_menu__item::after, #jtg-119667.modula .menu--horatio .modula_menu__item::before{border-color:#009de0}#jtg-119667.modula .menu--invulner .modula_menu__link::before{border-color:#009de0}#jtg-119667.modula .menu--iris .modula_menu__link::after, #jtg-119667.modula .menu--iris .modula_menu__link::before{border-color:#009de0}#jtg-119667.modula .menu--juno .modula_menu__item::after,#jtg-119667.modula .menu--juno .modula_menu__item::before,#jtg-119667.modula .menu--juno .modula_menu__link::after,#jtg-119667.modula .menu--juno .modula_menu__link::before{background-color:#009de0;}#jtg-119667.modula .menu--maria .modula_menu__item::before{background-color:#009de0;}#jtg-119667.modula .menu--miranda .modula_menu__item::after,#jtg-119667.modula .menu--miranda .modula_menu__item::before,#jtg-119667.modula .menu--miranda .modula_menu__link::after,#jtg-119667.modula .menu--miranda .modula_menu__link::before{background-color:#009de0;}#jtg-119667.modula .menu--prospero .modula_menu__link::before{background-color:#009de0;}#jtg-119667.modula .menu--sebastian .modula_menu__link::after,#jtg-119667.modula .menu--sebastian .modula_menu__link::before{background-color:#009de0;}#jtg-119667.modula .menu--shylock .modula_menu__link::after{background-color:#009de0;}#jtg-119667.modula .menu--stephano .modula_menu__item::before,#jtg-119667.modula .menu--stephano .modula_menu__link::after,#jtg-119667.modula .menu--stephano .modula_menu__link::before{background-color:#009de0;}#jtg-119667.modula .menu--tantalid .modula_menu__link::after,#jtg-119667.modula .menu--tantalid .modula_menu__link::before{border-color:#009de0}#jtg-119667.modula .menu--valentine .modula_menu__item::after,#jtg-119667.modula .menu--valentine .modula_menu__item::before,#jtg-119667.modula .menu--valentine .modula_menu__link::after,#jtg-119667.modula .menu--valentine .modula_menu__link::before{background-color:#009de0;}#jtg-119667.modula .menu--viola .modula_menu__item::after,#jtg-119667.modula .menu--viola .modula_menu__item::before,#jtg-119667.modula .menu--viola .modula_menu__link::after,#jtg-119667.modula .menu--viola .modula_menu__link::before{background-color:#009de0;}#jtg-119667.modula-gallery .modula-item.effect-terry .jtg-social a:not(:last-child){margin-bottom:10px;}.modula-fancybox-container.modula-lightbox-jtg-119667 .modula-fancybox-caption .modula-fancybox-caption__body, .modula-fancybox-container.modula-lightbox-jtg-119667 .modula-fancybox-caption .modula-fancybox-caption__body p {text-align:left}html body .modula.modula-columns .modula-items.grid-gallery .modula-item.effect-under .modula-item-content { height:auto;}.jtg-title {font-family:ConduitITCPro-Black;}@media screen and (max-width:480px){#jtg-119667 .modula-item .figc .jtg-title {  font-size: 12px; }#jtg-119667 .modula-items .figc p.description { color:#000000;font-size:10px; }}<\/style>\n<!-- Gallery Container -->\n<div  id=\"jtg-119667\" class=\"modula modula-gallery modula-creative-gallery\" data-config=\"{&quot;height&quot;:450,&quot;tabletHeight&quot;:450,&quot;mobileHeight&quot;:450,&quot;desktopHeight&quot;:450,&quot;enableTwitter&quot;:false,&quot;enableWhatsapp&quot;:false,&quot;enableFacebook&quot;:true,&quot;enablePinterest&quot;:false,&quot;enableLinkedin&quot;:true,&quot;enableEmail&quot;:false,&quot;randomFactor&quot;:0.5,&quot;type&quot;:&quot;creative-gallery&quot;,&quot;columns&quot;:12,&quot;gutter&quot;:10,&quot;mobileGutter&quot;:10,&quot;tabletGutter&quot;:10,&quot;desktopGutter&quot;:10,&quot;enableResponsive&quot;:&quot;0&quot;,&quot;tabletColumns&quot;:&quot;2&quot;,&quot;mobileColumns&quot;:&quot;1&quot;,&quot;lazyLoad&quot;:&quot;1&quot;,&quot;lightboxOpts&quot;:{&quot;loop&quot;:false,&quot;arrows&quot;:true,&quot;toolbar&quot;:true,&quot;keyboard&quot;:false,&quot;wheel&quot;:false,&quot;buttons&quot;:[&quot;close&quot;],&quot;hash&quot;:false,&quot;lang&quot;:&quot;en&quot;,&quot;touch&quot;:false,&quot;protect&quot;:false,&quot;i18n&quot;:{&quot;en&quot;:{&quot;CLOSE&quot;:&quot;Close&quot;,&quot;NEXT&quot;:&quot;Next&quot;,&quot;PREV&quot;:&quot;Previous&quot;,&quot;Error&quot;:&quot;The requested content cannot be loaded. Please try again later.&quot;,&quot;PLAY_START&quot;:&quot;Start slideshow&quot;,&quot;PLAY_STOP&quot;:&quot;Pause slideshow&quot;,&quot;FULL_SCREEN&quot;:&quot;Full screen&quot;,&quot;THUMBS&quot;:&quot;Thumbnails&quot;,&quot;DOWNLOAD&quot;:&quot;Download&quot;,&quot;SHARE&quot;:&quot;Share&quot;,&quot;ZOOM&quot;:&quot;Zoom&quot;}},&quot;clickSlide&quot;:false,&quot;clickOutside&quot;:false,&quot;dblclickContent&quot;:false,&quot;dblclickSlide&quot;:false,&quot;dblclickOutside&quot;:false,&quot;baseTpl&quot;:&quot;&lt;div class=\\&quot;modula-fancybox-container modula-lightbox-jtg-119667\\&quot; role=\\&quot;dialog\\&quot; tabindex=\\&quot;-1\\&quot;&gt;&lt;div class=\\&quot;modula-fancybox-bg\\&quot;&gt;&lt;\\\/div&gt;&lt;div class=\\&quot;modula-fancybox-inner\\&quot;&gt;&lt;div class=\\&quot;modula-fancybox-infobar\\&quot;&gt;&lt;span data-fancybox-index&gt;&lt;\\\/span&gt;&nbsp;\\\/&nbsp;&lt;span data-fancybox-count&gt;&lt;\\\/span&gt;&lt;\\\/div&gt;&lt;div class=\\&quot;modula-fancybox-toolbar\\&quot;&gt;{{buttons}}&lt;\\\/div&gt;&lt;div class=\\&quot;modula-fancybox-navigation\\&quot;&gt;{{arrows}}&lt;\\\/div&gt;&lt;div class=\\&quot;modula-fancybox-stage\\&quot;&gt;&lt;\\\/div&gt;&lt;div class=\\&quot;modula-fancybox-caption\\&quot;&gt;&lt;div class=\\&quot;modula-fancybox-caption__body\\&quot;&gt;&lt;\\\/div&gt;&lt;\\\/div&gt;&lt;\\\/div&gt;&lt;\\\/div&gt;&quot;,&quot;infobar&quot;:true,&quot;animationEffect&quot;:false,&quot;animationDuration&quot;:366,&quot;transitionEffect&quot;:false,&quot;transitionDuration&quot;:366,&quot;thumbs&quot;:{&quot;autoStart&quot;:false,&quot;axis&quot;:&quot;y&quot;},&quot;preventCaptionOverlap&quot;:false},&quot;inView&quot;:false,&quot;email_subject&quot;:&quot;Check out this awesome image !!&quot;,&quot;email_message&quot;:&quot;Here is the link to the image : %%image_link%% and this is the link to the gallery : %%gallery_link%%&quot;,&quot;lightbox&quot;:&quot;fancybox&quot;,&quot;filterClick&quot;:&quot;0&quot;,&quot;dropdownFilters&quot;:&quot;0&quot;,&quot;defaultActiveFilter&quot;:&quot;all&quot;,&quot;initLightbox&quot;:&quot;modula_pro_init_lightbox&quot;,&quot;haveFilters&quot;:0}\">\n\n\t\n\t<!-- Items Container -->\n\t<div  class=\"modula-items\">\n\t\t<div class=\"modula-item modula-simple-link effect-zoe jtg-filter-all jtg-filter-\" >\n\t<div class=\"modula-item-overlay\"><\/div>\n\n\t<div class=\"modula-item-content\">\n\n\t\t\t\t\n\t\t\t\t\t<a data-image-id=\"109354\" href=\"https:\/\/www.storevan.com\/fr\/amenagements-speciaux-pour-vehicules-utilitaires-equipes\/reapprovisionnement-de-distributeurs-automatiques\/amenagement-pour-le-transport-de-boissons-volkswagen-crafter\/\" aria-label=\"Open image in lightbox\" data-thumb=\"https:\/\/www.storevan.com\/wp-content\/uploads\/2019\/10\/v-volkswagen-crafter-01-150x150.jpg\" class=\"modula-simple-link\" class=\"tile-inner modula-item-link\"><\/a>\n\t\t\n\t\t<img class=\"pic wp-image-109354 lazyload\"  data-valign=\"middle\" data-halign=\"left\" alt=\"Vano frigorifero con ripiani per allestimento Crafter\" data-full=\"https:\/\/www.storevan.com\/wp-content\/uploads\/2019\/10\/v-volkswagen-crafter-01.jpg\" title=\"VW CRAFTER &lt;i class=&quot;fa fa-search-plus&quot;&gt;&lt;\/i&gt;\" width=\"300\" height=\"188\" data-src=\"https:\/\/www.storevan.com\/wp-content\/uploads\/2019\/10\/v-volkswagen-crafter-01-300x188.jpg\" data-caption=\"Allestimento su  VOLKSWAGEN CRAFTER L3 H2\" data-source=\"modula\" data-srcset=\"https:\/\/www.storevan.com\/wp-content\/uploads\/2019\/10\/v-volkswagen-crafter-01.jpg 800w, https:\/\/www.storevan.com\/wp-content\/uploads\/2019\/10\/v-volkswagen-crafter-01-300x188.jpg 300w, https:\/\/www.storevan.com\/wp-content\/uploads\/2019\/10\/v-volkswagen-crafter-01-768x480.jpg 768w\" data-sizes=\"(max-width: 300px) 100vw, 300px\" \/>\n\t\t<div class=\"figc\">\n\t\t\t<div class=\"figc-inner\">\n\t\t\t\t\t\t\t\t\t<div class='jtg-title'>VW CRAFTER <i class=\"fa fa-search-plus\"><\/i><\/div>\n\t\t\t\t\t\t\t\t\t\t\t\t\t\t\t<\/div>\n\t\t<\/div>\n\n\t<\/div>\n\n<\/div><div class=\"modula-item modula-simple-link effect-zoe jtg-filter-all jtg-filter-\" >\n\t<div class=\"modula-item-overlay\"><\/div>\n\n\t<div class=\"modula-item-content\">\n\n\t\t\t\t\n\t\t\t\t\t<a data-image-id=\"109986\" href=\"https:\/\/www.storevan.com\/fr\/amenagements-speciaux-pour-vehicules-utilitaires-equipes\/reapprovisionnement-de-distributeurs-automatiques\/amenagement-pour-le-transport-de-boissons-volkswagen-crafter\/\" aria-label=\"Open image in lightbox\" data-thumb=\"https:\/\/www.storevan.com\/wp-content\/uploads\/2019\/10\/v-volkswagen-crafter-04-01-150x150.jpg\" class=\"modula-simple-link\" class=\"tile-inner modula-item-link\"><\/a>\n\t\t\n\t\t<img class=\"pic wp-image-109986 lazyload\"  data-valign=\"middle\" data-halign=\"left\" alt=\"Mensole regolabili per furgone Crafter\" data-full=\"https:\/\/www.storevan.com\/wp-content\/uploads\/2019\/10\/v-volkswagen-crafter-04-01.jpg\" title=\"VW CRAFTER &lt;i class=&quot;fa fa-search-plus&quot;&gt;&lt;\/i&gt;\" width=\"300\" height=\"200\" data-src=\"https:\/\/www.storevan.com\/wp-content\/uploads\/2019\/10\/v-volkswagen-crafter-04-01-300x200.jpg\" data-caption=\"Allestimento con mensole regolabili su furgone  Crafter\" data-source=\"modula\" data-srcset=\"https:\/\/www.storevan.com\/wp-content\/uploads\/2019\/10\/v-volkswagen-crafter-04-01.jpg 800w, https:\/\/www.storevan.com\/wp-content\/uploads\/2019\/10\/v-volkswagen-crafter-04-01-300x200.jpg 300w, https:\/\/www.storevan.com\/wp-content\/uploads\/2019\/10\/v-volkswagen-crafter-04-01-768x513.jpg 768w\" data-sizes=\"(max-width: 300px) 100vw, 300px\" \/>\n\t\t<div class=\"figc\">\n\t\t\t<div class=\"figc-inner\">\n\t\t\t\t\t\t\t\t\t<div class='jtg-title'>VW CRAFTER <i class=\"fa fa-search-plus\"><\/i><\/div>\n\t\t\t\t\t\t\t\t\t\t\t\t\t\t\t<\/div>\n\t\t<\/div>\n\n\t<\/div>\n\n<\/div><div class=\"modula-item modula-simple-link effect-zoe jtg-filter-all jtg-filter-\" >\n\t<div class=\"modula-item-overlay\"><\/div>\n\n\t<div class=\"modula-item-content\">\n\n\t\t\t\t\n\t\t\t\t\t<a data-image-id=\"109980\" href=\"https:\/\/www.storevan.com\/fr\/amenagements-speciaux-pour-vehicules-utilitaires-equipes\/reapprovisionnement-de-distributeurs-automatiques\/amenagement-pour-le-transport-de-boissons-volkswagen-crafter\/\" aria-label=\"Open image in lightbox\" data-thumb=\"https:\/\/www.storevan.com\/wp-content\/uploads\/2019\/10\/v-volkswagen-crafter-03-01-150x150.jpg\" class=\"modula-simple-link\" class=\"tile-inner modula-item-link\"><\/a>\n\t\t\n\t\t<img class=\"pic wp-image-109980 lazyload\"  data-valign=\"middle\" data-halign=\"left\" alt=\"Allestimento su misura per Volkswagen Crafter\" data-full=\"https:\/\/www.storevan.com\/wp-content\/uploads\/2019\/10\/v-volkswagen-crafter-03-01.jpg\" title=\"VW CRAFTER &lt;i class=&quot;fa fa-search-plus&quot;&gt;&lt;\/i&gt;\" width=\"200\" height=\"300\" data-src=\"https:\/\/www.storevan.com\/wp-content\/uploads\/2019\/10\/v-volkswagen-crafter-03-01-200x300.jpg\" data-caption=\"Allestimento per vending su Volkswagen Crafter\" data-source=\"modula\" data-srcset=\"https:\/\/www.storevan.com\/wp-content\/uploads\/2019\/10\/v-volkswagen-crafter-03-01.jpg 534w, https:\/\/www.storevan.com\/wp-content\/uploads\/2019\/10\/v-volkswagen-crafter-03-01-200x300.jpg 200w\" data-sizes=\"(max-width: 200px) 100vw, 200px\" \/>\n\t\t<div class=\"figc\">\n\t\t\t<div class=\"figc-inner\">\n\t\t\t\t\t\t\t\t\t<div class='jtg-title'>VW CRAFTER <i class=\"fa fa-search-plus\"><\/i><\/div>\n\t\t\t\t\t\t\t\t\t\t\t\t\t\t\t<\/div>\n\t\t<\/div>\n\n\t<\/div>\n\n<\/div><div class=\"modula-item modula-simple-link effect-zoe jtg-filter-all jtg-filter-\" >\n\t<div class=\"modula-item-overlay\"><\/div>\n\n\t<div class=\"modula-item-content\">\n\n\t\t\t\t\n\t\t\t\t\t<a data-image-id=\"109348\" href=\"https:\/\/www.storevan.com\/fr\/amenagements-speciaux-pour-vehicules-utilitaires-equipes\/reapprovisionnement-de-distributeurs-automatiques\/amenagement-pour-le-transport-de-boissons-volkswagen-crafter\/\" aria-label=\"Open image in lightbox\" data-thumb=\"https:\/\/www.storevan.com\/wp-content\/uploads\/2019\/10\/v-volkswagen-crafter-00-150x150.jpg\" class=\"modula-simple-link\" class=\"tile-inner modula-item-link\"><\/a>\n\t\t\n\t\t<img class=\"pic wp-image-109348 lazyload\"  data-valign=\"middle\" data-halign=\"left\" alt=\"Allestimento con vano frigorifero per Volkswagen Crafter\" data-full=\"https:\/\/www.storevan.com\/wp-content\/uploads\/2019\/10\/v-volkswagen-crafter-00.jpg\" title=\"VW CRAFTER &lt;i class=&quot;fa fa-search-plus&quot;&gt;&lt;\/i&gt;\" width=\"300\" height=\"286\" data-src=\"https:\/\/www.storevan.com\/wp-content\/uploads\/2019\/10\/v-volkswagen-crafter-00-300x286.jpg\" data-caption=\"Vano per frigorifero e ripiani regolabili per allestimento vending\" data-source=\"modula\" data-srcset=\"https:\/\/www.storevan.com\/wp-content\/uploads\/2019\/10\/v-volkswagen-crafter-00.jpg 525w, https:\/\/www.storevan.com\/wp-content\/uploads\/2019\/10\/v-volkswagen-crafter-00-300x286.jpg 300w\" data-sizes=\"(max-width: 300px) 100vw, 300px\" \/>\n\t\t<div class=\"figc\">\n\t\t\t<div class=\"figc-inner\">\n\t\t\t\t\t\t\t\t\t<div class='jtg-title'>VW CRAFTER <i class=\"fa fa-search-plus\"><\/i><\/div>\n\t\t\t\t\t\t\t\t\t\t\t\t\t\t\t<\/div>\n\t\t<\/div>\n\n\t<\/div>\n\n<\/div><div class=\"modula-item modula-simple-link effect-zoe jtg-filter-all jtg-filter-\" >\n\t<div class=\"modula-item-overlay\"><\/div>\n\n\t<div class=\"modula-item-content\">\n\n\t\t\t\t\n\t\t\t\t\t<a data-image-id=\"109974\" href=\"https:\/\/www.storevan.com\/fr\/amenagements-speciaux-pour-vehicules-utilitaires-equipes\/reapprovisionnement-de-distributeurs-automatiques\/amenagement-pour-le-transport-de-boissons-volkswagen-crafter\/\" aria-label=\"Open image in lightbox\" data-thumb=\"https:\/\/www.storevan.com\/wp-content\/uploads\/2019\/10\/v-volkswagen-crafter-02-01-150x150.jpg\" class=\"modula-simple-link\" class=\"tile-inner modula-item-link\"><\/a>\n\t\t\n\t\t<img class=\"pic wp-image-109974 lazyload\"  data-valign=\"middle\" data-halign=\"left\" alt=\"Ripiani regolabili per Volkswagen Crafter\" data-full=\"https:\/\/www.storevan.com\/wp-content\/uploads\/2019\/10\/v-volkswagen-crafter-02-01.jpg\" title=\"VW CRAFTER &lt;i class=&quot;fa fa-search-plus&quot;&gt;&lt;\/i&gt;\" width=\"200\" height=\"300\" data-src=\"https:\/\/www.storevan.com\/wp-content\/uploads\/2019\/10\/v-volkswagen-crafter-02-01-200x300.jpg\" data-caption=\"Ripiani regolabili per Volkswagen Crafter\" data-source=\"modula\" data-srcset=\"https:\/\/www.storevan.com\/wp-content\/uploads\/2019\/10\/v-volkswagen-crafter-02-01.jpg 534w, https:\/\/www.storevan.com\/wp-content\/uploads\/2019\/10\/v-volkswagen-crafter-02-01-200x300.jpg 200w\" data-sizes=\"(max-width: 200px) 100vw, 200px\" \/>\n\t\t<div class=\"figc\">\n\t\t\t<div class=\"figc-inner\">\n\t\t\t\t\t\t\t\t\t<div class='jtg-title'>VW CRAFTER <i class=\"fa fa-search-plus\"><\/i><\/div>\n\t\t\t\t\t\t\t\t\t\t\t\t\t\t\t<\/div>\n\t\t<\/div>\n\n\t<\/div>\n\n<\/div>\t\t\n\t<\/div>\n\n\t\n\t\n\t<script type=\"application\/ld+json\">\n\t{\n\t\t\"@context\": \"http:\/\/schema.org\",\n\t\t\"@type\"   : \"ImageGallery\",\n\t\t\"id\"      : \"https:\/\/www.storevan.com\/fr\/wp-json\/wp\/v2\/pages\/119347\/\",\n\t\t\"url\"     : \"https:\/\/www.storevan.com\/fr\/wp-json\/wp\/v2\/pages\/119347\/\"\n\t}\n\n    <\/script>\n\n\t\n<\/div><\/div>\n<div class=\"col-xs-12 col-sm-12 col-md-3\">\n<h3 class=\"txtBlack\">DISTRIBUTION AUTOMATIQUE POUR VOLKSWAGEN CRAFTER<\/h3>\n<div class=\"borderTitleOrange\"><\/div>\n<hr class=\"noColor\"\/>\nL\u2019am\u00e9nagement pour la distribution automatique con\u00e7u par Store Van pour un Volkswagen Crafter pr\u00e9voit la cr\u00e9ation d\u2019une structure ext\u00e9rieure et autoporteuse, ancr\u00e9e en exploitant les \u00e9l\u00e9ments pr\u00e9vus par le fabricant du v\u00e9hicule. Les \u00e9tag\u00e8res, r\u00e9glables en hauteur, sont raccord\u00e9es \u00e0 la structure porteuse du v\u00e9hicule, mais ne sont pas fix\u00e9es \u00e0 la cloison de s\u00e9paration entre habitacle et zone de chargement. Dans un am\u00e9nagement Store Van, la s\u00e9curisation du chargement est toujours assur\u00e9e : chaque \u00e9tag\u00e8re pr\u00e9sente des points d\u2019ancrage pour pouvoir fixer la marchandise au moyen de sangles et d&rsquo;autres syst\u00e8mes de s\u00e9curit\u00e9.<br \/>\n<a class=\"noMarg btn btn-primary\" href=\"https:\/\/www.storevan.com\/allestimenti-speciali-furgoni\/rifornimento-distributori-automatici\/vending-volkswagen-crafter\/\" title=\"\">ACC\u00c9DER \u00c0 LA FICHE<\/a>\n<\/div>\n<div class=\"break\"><\/div>\n<hr class=\"noColor\"\/>\n<hr \/>\n<div class=\"col-xs-12 col-sm-12 col-md-6\">\n<div class=\"text-center\"><a class=\"btn btn-download\" href=\"tel:+390424585455\"><i class=\"fa fa-phone\"><\/i> <span class=\"spanBtn\">APPELEZ-NOUS<\/span><br \/>\npour toute information<\/a><\/div>\n<\/div>\n<div class=\"col-xs-12 col-sm-12 col-md-6\">\n<div class=\"text-center\"><a class=\"btn btn-download btnToggle\"><i class=\"fa fa-envelope\"><\/i> <span class=\"spanBtn\">\u00c9CRIVEZ-NOUS<\/span><br \/>\nvous serez contact\u00e9s<\/a><\/div>\n<\/div>\n<div class=\"break\"><\/div>\n<hr \/>\n<h3 class=\"txtGrey customblackTitleExtraSmall\" style=\"color:#000;\">D\u00c9COUVREZ LES D\u00c9TAILS DES AM\u00c9NAGEMENTS D\u00c9J\u00c0 R\u00c9ALIS\u00c9S !<\/h3>\n<hr class=\"noColor\"\/>\n<div class=\"col-xs-12 col-sm-6 col-md-6\">\n<ul class=\"arrow txtUp\">\n<li><a href=\"https:\/\/www.storevan.com\/fr\/amenagements-speciaux-pour-vehicules-utilitaires-equipes\/reapprovisionnement-de-distributeurs-automatiques\/fiat-ducato\/\">FIAT DUCATO L2 H2 \/ L3 H2<\/a><\/li>\n<li><a href=\"https:\/\/www.storevan.com\/fr\/amenagements-speciaux-pour-vehicules-utilitaires-equipes\/reapprovisionnement-de-distributeurs-automatiques\/amenagement-pour-le-transport-de-boissons-volkswagen-crafter\/\">VOLKSWAGEN CRAFTER L3 H2<\/a><\/li>\n<\/ul>\n<\/div>\n<div class=\"col-xs-12 col-sm-6 col-md-6\">\n<ul class=\"arrow txtUp\">\n<li><a href=\"https:\/\/www.storevan.com\/fr\/amenagements-speciaux-pour-vehicules-utilitaires-equipes\/reapprovisionnement-de-distributeurs-automatiques\/amenagement-pour-la-distribution-automatique-avec-compartiment-pour-refrigerateur-opel-movano\/\">OPEL MOVANO L2 H2<\/a><\/li>\n<li><a href=\"https:\/\/www.storevan.com\/allestimenti-speciali-furgoni\/rifornimento-distributori-automatici\/vending-renault-trafic\/\">RENAULT TRAFIC L2 H1<\/a><\/li>\n<li><a href=\"https:\/\/www.storevan.com\/fr\/amenagements-speciaux-pour-vehicules-utilitaires-equipes\/reapprovisionnement-de-distributeurs-automatiques\/amenagement-pour-la-distribution-automatique-renault-trafic-fibre-de-verre\/\">RENAULT TRAFIC L2 H1 fibre de verre<\/a><\/li>\n<\/ul>\n<\/div>\n<div class=\"break\"><\/div>\n<hr class=\"noColor\" \/>\n<p><a name=\"formcontatto\"><\/a><\/p>\n<div class=\"formToggle\">\n<h4 class=\"bigTxt text-center txtBkOrange\"><i class=\"fa fa-envelope pull-left\"><\/i>VOULEZ-VOUS EN SAVOIR PLUS?<\/h4>\n\n<div class=\"wpcf7 no-js\" id=\"wpcf7-f67673-o1\" lang=\"it-IT\" dir=\"ltr\">\n<div class=\"screen-reader-response\"><p role=\"status\" aria-live=\"polite\" aria-atomic=\"true\"><\/p> <ul><\/ul><\/div>\n<form action=\"\/fr\/wp-json\/wp\/v2\/pages\/119347#wpcf7-f67673-o1\" method=\"post\" class=\"wpcf7-form init\" aria-label=\"Modulo di contatto\" novalidate=\"novalidate\" data-status=\"init\">\n<div style=\"display: none;\">\n<input type=\"hidden\" name=\"_wpcf7\" value=\"67673\" \/>\n<input type=\"hidden\" name=\"_wpcf7_version\" value=\"5.7.7\" \/>\n<input type=\"hidden\" name=\"_wpcf7_locale\" value=\"it_IT\" \/>\n<input type=\"hidden\" name=\"_wpcf7_unit_tag\" value=\"wpcf7-f67673-o1\" \/>\n<input type=\"hidden\" name=\"_wpcf7_container_post\" value=\"0\" \/>\n<input type=\"hidden\" name=\"_wpcf7_posted_data_hash\" value=\"\" \/>\n<input type=\"hidden\" name=\"_wpcf7_recaptcha_response\" value=\"\" \/>\n<\/div>\n<span class=\"wpcf7-form-control-wrap url\" data-name=\"url\"><input type=\"hidden\" name=\"url\" size=\"40\" class=\"wpcf7-form-control wpcf7-hidden wpcf7dtx wpcf7dtx-hidden\" aria-invalid=\"false\" value=\"reapprovisionnement-de-distributeurs-automatiques\" autocomplete=\"off\" \/><\/span>\n<p>Pour plus d'informations, remplissez les champs suivants. L'un de nos op\u00e9rateurs vous recontactera dans les plus brefs d\u00e9lais (* champs obligatoires):\n<\/p>\n<div class=\"col-xs-12 col-md-6\">\n\t<p><span class='titoli'>Pr\u00e9nom (*)<\/span>\n\t<\/p>\n\t<p><span class=\"wpcf7-form-control-wrap\" data-name=\"your-name\"><input size=\"40\" class=\"wpcf7-form-control wpcf7-text wpcf7-validates-as-required form-control\" aria-required=\"true\" aria-invalid=\"false\" value=\"\" type=\"text\" name=\"your-name\" \/><\/span>\n\t<\/p>\n<\/div>\n<div class=\"col-xs-12 col-md-6\">\n\t<p><span class='titoli'>Nom (*)<\/span>\n\t<\/p>\n\t<p><span class=\"wpcf7-form-control-wrap\" data-name=\"your-last-name\"><input size=\"40\" class=\"wpcf7-form-control wpcf7-text wpcf7-validates-as-required form-control\" aria-required=\"true\" aria-invalid=\"false\" value=\"\" type=\"text\" name=\"your-last-name\" \/><\/span>\n\t<\/p>\n<\/div>\n<div class=\"col-xs-12 col-md-6\">\n\t<p><span class='titoli'>Entreprise (*)<\/span>\n\t<\/p>\n\t<p><span class=\"wpcf7-form-control-wrap\" data-name=\"your-company\"><input size=\"40\" class=\"wpcf7-form-control wpcf7-text wpcf7-validates-as-required form-control\" aria-required=\"true\" aria-invalid=\"false\" value=\"\" type=\"text\" name=\"your-company\" \/><\/span>\n\t<\/p>\n<\/div>\n<div class=\"col-xs-12 col-md-6\">\n\t<p><span class='titoli'>TVA<\/span>\n\t<\/p>\n\t<p><span class=\"wpcf7-form-control-wrap\" data-name=\"p-iva\"><input size=\"40\" class=\"wpcf7-form-control wpcf7-text form-control\" aria-invalid=\"false\" value=\"\" type=\"text\" name=\"p-iva\" \/><\/span>\n\t<\/p>\n<\/div>\n<div class=\"clearboth\">\n<\/div>\n<div class=\"col-xs-12 col-md-4\">\n\t<p><span class='titoli'>Code Postal (*)<\/span>\n\t<\/p>\n\t<p><span class=\"wpcf7-form-control-wrap\" data-name=\"your-zip-code\"><input size=\"40\" class=\"wpcf7-form-control wpcf7-text wpcf7-validates-as-required form-control\" aria-required=\"true\" aria-invalid=\"false\" value=\"\" type=\"text\" name=\"your-zip-code\" \/><\/span>\n\t<\/p>\n<\/div>\n<div class=\"col-xs-12 col-md-4\">\n\t<p><span class='titoli'>Adresse (*)<\/span>\n\t<\/p>\n\t<p><span class=\"wpcf7-form-control-wrap\" data-name=\"your-address\"><input size=\"40\" class=\"wpcf7-form-control wpcf7-text wpcf7-validates-as-required form-control\" aria-required=\"true\" aria-invalid=\"false\" value=\"\" type=\"text\" name=\"your-address\" \/><\/span>\n\t<\/p>\n<\/div>\n<div class=\"col-xs-12 col-md-4\">\n\t<p><span class='titoli'>Ville (*)<\/span>\n\t<\/p>\n\t<p><span class=\"wpcf7-form-control-wrap\" data-name=\"your-Town\"><input size=\"40\" class=\"wpcf7-form-control wpcf7-text wpcf7-validates-as-required form-control\" aria-required=\"true\" aria-invalid=\"false\" value=\"\" type=\"text\" name=\"your-Town\" \/><\/span>\n\t<\/p>\n<\/div>\n<div class=\"clearboth\">\n<\/div>\n<div class=\"col-xs-12 col-md-6\">\n\t<p><span class='titoli'>email (*)<\/span>\n\t<\/p>\n\t<p><span class=\"wpcf7-form-control-wrap\" data-name=\"your-email\"><input size=\"40\" class=\"wpcf7-form-control wpcf7-text wpcf7-email wpcf7-validates-as-required wpcf7-validates-as-email form-control\" aria-required=\"true\" aria-invalid=\"false\" value=\"\" type=\"email\" name=\"your-email\" \/><\/span>\n\t<\/p>\n<\/div>\n<div class=\"col-xs-12 col-md-6\">\n\t<p><span class='titoli'>T\u00e9l\u00e9phone (*)<\/span>\n\t<\/p>\n\t<p><span class=\"wpcf7-form-control-wrap\" data-name=\"telefono\"><input size=\"40\" class=\"wpcf7-form-control wpcf7-text wpcf7-tel wpcf7-validates-as-required wpcf7-validates-as-tel form-control\" aria-required=\"true\" aria-invalid=\"false\" value=\"\" type=\"tel\" name=\"telefono\" \/><\/span>\n\t<\/p>\n<\/div>\n<div class=\"clearboth\">\n<\/div>\n<div class=\"col-xs-12 col-md-6\">\n\t<p><span class='titoli'>Objet <\/span>\n\t<\/p>\n\t<p><span class=\"wpcf7-form-control-wrap\" data-name=\"oggetto\"><select class=\"wpcf7-form-control wpcf7-select wpcf7-validates-as-required\" aria-required=\"true\" aria-invalid=\"false\" name=\"oggetto\"><option value=\"Citation\">Citation<\/option><option value=\"Information technique\">Information technique<\/option><option value=\"Rendez-vous\">Rendez-vous<\/option><\/select><\/span>\n\t<\/p>\n<\/div>\n<div class=\"col-xs-12 col-md-6\">\n\t<p><br \/>\n<span class=\"titoli\"> <span class=\"wpcf7-form-control-wrap\" data-name=\"cliente\"><span class=\"wpcf7-form-control wpcf7-checkbox\"><span class=\"wpcf7-list-item first last\"><label><span class=\"wpcf7-list-item-label\">Je suis d\u00e9j\u00e0 client<\/span><input type=\"checkbox\" name=\"cliente[]\" value=\"Je suis d\u00e9j\u00e0 client\" \/><\/label><\/span><\/span><\/span><\/span>\n\t<\/p>\n<\/div>\n<div class=\"col-xs-12 col-md-12\">\n\t<p><span class='titoli'>Message (*)<\/span>\n\t<\/p>\n\t<p><span class=\"wpcf7-form-control-wrap\" data-name=\"your-message\"><textarea cols=\"40\" rows=\"10\" class=\"wpcf7-form-control wpcf7-textarea wpcf7-validates-as-required form-control\" aria-required=\"true\" aria-invalid=\"false\" name=\"your-message\"><\/textarea><\/span>\n\t<\/p>\n<\/div>\n<div class=\"col-xs-12 col-md-12\">\n\t<p><small>Les donn\u00e9es saisies seront trait\u00e9es de mani\u00e8re strictement confidentielle conform\u00e9ment \u00e0 la loi et \u00e0 notre <a href=\"https:\/\/www.storevan.com\/fr\/privacy-policy\/\">politique de confidentialit\u00e9<\/a>.<\/small>\n\t<\/p>\n\t<p><span class=\"wpcf7-form-control-wrap\" data-name=\"AccettazionePrivacy\"><span class=\"wpcf7-form-control wpcf7-acceptance\"><span class=\"wpcf7-list-item\"><input type=\"checkbox\" name=\"AccettazionePrivacy\" value=\"1\" aria-invalid=\"false\" \/><\/span><\/span><\/span> Je d\u00e9clare avoir pris connaissance de la Note Informative sur les <a href=\"https:\/\/www.storevan.com\/fr\/privacy-policy\/\">Note Informative sur les Informations priv\u00e9es<\/a> et j\u2019autorise au traitement de mes donn\u00e9es personnelles en conformit\u00e9 avec ce qui y est \u00e9crit. (*)<br \/>\n\t<span class=\"wpcf7-form-control-wrap recaptcha\" data-name=\"recaptcha\"><span data-sitekey=\"6LdfM4AUAAAAAJjsAucux5WVNA3hsk5KP0a03T_n\" class=\"wpcf7-form-control g-recaptcha wpcf7-recaptcha\"><\/span>\r\n<noscript>\r\n\t<div class=\"grecaptcha-noscript\">\r\n\t\t<iframe src=\"https:\/\/www.google.com\/recaptcha\/api\/fallback?k=6LdfM4AUAAAAAJjsAucux5WVNA3hsk5KP0a03T_n\" frameborder=\"0\" scrolling=\"no\" width=\"310\" height=\"430\">\r\n\t\t<\/iframe>\r\n\t\t<textarea name=\"g-recaptcha-response\" rows=\"3\" cols=\"40\" placeholder=\"reCaptcha Response Here\">\r\n\t\t<\/textarea>\r\n\t<\/div>\r\n<\/noscript>\r\n<\/span>\n\t<\/p>\n<\/div>\n<hr class=\"noColor\" \/>\n<p><input class=\"wpcf7-form-control has-spinner wpcf7-submit\" type=\"submit\" value=\"Envoi\" \/>\n<\/p><div class=\"wpcf7-response-output\" aria-hidden=\"true\"><\/div>\n<\/form>\n<\/div>\n\n<\/div>\n","protected":false},"excerpt":{"rendered":"<p>AM\u00c9NAGEMENT DE V\u00c9HICULE UTILITAIRE POUR LE R\u00c9APPROVISIONNEMENT DE DISTRIBUTEURS AUTOMATIQUES SOLUTIONS D\u2019AM\u00c9NAGEMENT DE V\u00c9HICULES UTILITAIRES POUR LA DISTRIBUTION AUTOMATIQUE La distribution automatique, \u00e9galement connue sous le nom de vending, est.<\/p>\n","protected":false},"author":470,"featured_media":0,"parent":119343,"menu_order":0,"comment_status":"closed","ping_status":"closed","template":"","meta":[],"acf":[],"yoast_head":"<!-- This site is optimized with the Yoast SEO plugin v20.11 - https:\/\/yoast.com\/wordpress\/plugins\/seo\/ -->\n<title>R\u00e9approvisionnement de distributeurs automatiques<\/title>\n<meta name=\"description\" content=\"D\u00e9couvrez les solutions d\u2019am\u00e9nagement pour les v\u00e9hicules utilitaires destin\u00e9s \u00e0 la maintenance des distributeurs automatiques. Exemples d&#039;am\u00e9nagement sur VW Crafter et Fiat Ducato.\" \/>\n<meta name=\"robots\" content=\"index, follow, max-snippet:-1, max-image-preview:large, max-video-preview:-1\" \/>\n<link rel=\"canonical\" href=\"https:\/\/www.storevan.com\/fr\/amenagements-speciaux-pour-vehicules-utilitaires-equipes\/reapprovisionnement-de-distributeurs-automatiques\/\" \/>\n<meta property=\"og:locale\" content=\"fr_FR\" \/>\n<meta property=\"og:type\" content=\"article\" \/>\n<meta property=\"og:title\" content=\"R\u00e9approvisionnement de distributeurs automatiques\" \/>\n<meta property=\"og:description\" content=\"D\u00e9couvrez les solutions d\u2019am\u00e9nagement pour les v\u00e9hicules utilitaires destin\u00e9s \u00e0 la maintenance des distributeurs automatiques. Exemples d&#039;am\u00e9nagement sur VW Crafter et Fiat Ducato.\" \/>\n<meta property=\"og:url\" content=\"https:\/\/www.storevan.com\/fr\/amenagements-speciaux-pour-vehicules-utilitaires-equipes\/reapprovisionnement-de-distributeurs-automatiques\/\" \/>\n<meta property=\"og:site_name\" content=\"Store Van\" \/>\n<meta property=\"article:modified_time\" content=\"2020-07-20T12:50:46+00:00\" \/>\n<meta property=\"og:image\" content=\"https:\/\/www.storevan.com\/wp-content\/uploads\/2019\/10\/allestimento-vending.jpg\" \/>\n<meta name=\"twitter:label1\" content=\"Dur\u00e9e de lecture estim\u00e9e\" \/>\n\t<meta name=\"twitter:data1\" content=\"3 minutes\" \/>\n<script type=\"application\/ld+json\" class=\"yoast-schema-graph\">{\"@context\":\"https:\/\/schema.org\",\"@graph\":[{\"@type\":\"WebPage\",\"@id\":\"https:\/\/www.storevan.com\/fr\/amenagements-speciaux-pour-vehicules-utilitaires-equipes\/reapprovisionnement-de-distributeurs-automatiques\/\",\"url\":\"https:\/\/www.storevan.com\/fr\/amenagements-speciaux-pour-vehicules-utilitaires-equipes\/reapprovisionnement-de-distributeurs-automatiques\/\",\"name\":\"R\u00e9approvisionnement de distributeurs automatiques\",\"isPartOf\":{\"@id\":\"https:\/\/www.storevan.com\/pl\/#website\"},\"datePublished\":\"2016-11-24T16:00:39+00:00\",\"dateModified\":\"2020-07-20T12:50:46+00:00\",\"description\":\"D\u00e9couvrez les solutions d\u2019am\u00e9nagement pour les v\u00e9hicules utilitaires destin\u00e9s \u00e0 la maintenance des distributeurs automatiques. Exemples d'am\u00e9nagement sur VW Crafter et Fiat Ducato.\",\"breadcrumb\":{\"@id\":\"https:\/\/www.storevan.com\/fr\/amenagements-speciaux-pour-vehicules-utilitaires-equipes\/reapprovisionnement-de-distributeurs-automatiques\/#breadcrumb\"},\"inLanguage\":\"fr-FR\",\"potentialAction\":[{\"@type\":\"ReadAction\",\"target\":[\"https:\/\/www.storevan.com\/fr\/amenagements-speciaux-pour-vehicules-utilitaires-equipes\/reapprovisionnement-de-distributeurs-automatiques\/\"]}]},{\"@type\":\"BreadcrumbList\",\"@id\":\"https:\/\/www.storevan.com\/fr\/amenagements-speciaux-pour-vehicules-utilitaires-equipes\/reapprovisionnement-de-distributeurs-automatiques\/#breadcrumb\",\"itemListElement\":[{\"@type\":\"ListItem\",\"position\":1,\"name\":\"Home\",\"item\":\"https:\/\/www.storevan.com\/fr\/\"},{\"@type\":\"ListItem\",\"position\":2,\"name\":\"Am\u00e9nagements sp\u00e9ciaux pour v\u00e9hicules utilitaires \u00e9quip\u00e9s\",\"item\":\"https:\/\/www.storevan.com\/fr\/amenagements-speciaux-pour-vehicules-utilitaires-equipes\/\"},{\"@type\":\"ListItem\",\"position\":3,\"name\":\"R\u00e9approvisionnement de distributeurs automatiques\"}]},{\"@type\":\"WebSite\",\"@id\":\"https:\/\/www.storevan.com\/pl\/#website\",\"url\":\"https:\/\/www.storevan.com\/pl\/\",\"name\":\"Store Van\",\"description\":\"Am\u00e9nagements fourgons\",\"potentialAction\":[{\"@type\":\"SearchAction\",\"target\":{\"@type\":\"EntryPoint\",\"urlTemplate\":\"https:\/\/www.storevan.com\/pl\/?s={search_term_string}\"},\"query-input\":\"required name=search_term_string\"}],\"inLanguage\":\"fr-FR\"}]}<\/script>\n<!-- \/ Yoast SEO plugin. -->","yoast_head_json":{"title":"R\u00e9approvisionnement de distributeurs automatiques","description":"D\u00e9couvrez les solutions d\u2019am\u00e9nagement pour les v\u00e9hicules utilitaires destin\u00e9s \u00e0 la maintenance des distributeurs automatiques. Exemples d'am\u00e9nagement sur VW Crafter et Fiat Ducato.","robots":{"index":"index","follow":"follow","max-snippet":"max-snippet:-1","max-image-preview":"max-image-preview:large","max-video-preview":"max-video-preview:-1"},"canonical":"https:\/\/www.storevan.com\/fr\/amenagements-speciaux-pour-vehicules-utilitaires-equipes\/reapprovisionnement-de-distributeurs-automatiques\/","og_locale":"fr_FR","og_type":"article","og_title":"R\u00e9approvisionnement de distributeurs automatiques","og_description":"D\u00e9couvrez les solutions d\u2019am\u00e9nagement pour les v\u00e9hicules utilitaires destin\u00e9s \u00e0 la maintenance des distributeurs automatiques. Exemples d'am\u00e9nagement sur VW Crafter et Fiat Ducato.","og_url":"https:\/\/www.storevan.com\/fr\/amenagements-speciaux-pour-vehicules-utilitaires-equipes\/reapprovisionnement-de-distributeurs-automatiques\/","og_site_name":"Store Van","article_modified_time":"2020-07-20T12:50:46+00:00","og_image":[{"url":"https:\/\/www.storevan.com\/wp-content\/uploads\/2019\/10\/allestimento-vending.jpg"}],"twitter_misc":{"Dur\u00e9e de lecture estim\u00e9e":"3 minutes"},"schema":{"@context":"https:\/\/schema.org","@graph":[{"@type":"WebPage","@id":"https:\/\/www.storevan.com\/fr\/amenagements-speciaux-pour-vehicules-utilitaires-equipes\/reapprovisionnement-de-distributeurs-automatiques\/","url":"https:\/\/www.storevan.com\/fr\/amenagements-speciaux-pour-vehicules-utilitaires-equipes\/reapprovisionnement-de-distributeurs-automatiques\/","name":"R\u00e9approvisionnement de distributeurs automatiques","isPartOf":{"@id":"https:\/\/www.storevan.com\/pl\/#website"},"datePublished":"2016-11-24T16:00:39+00:00","dateModified":"2020-07-20T12:50:46+00:00","description":"D\u00e9couvrez les solutions d\u2019am\u00e9nagement pour les v\u00e9hicules utilitaires destin\u00e9s \u00e0 la maintenance des distributeurs automatiques. Exemples d'am\u00e9nagement sur VW Crafter et Fiat Ducato.","breadcrumb":{"@id":"https:\/\/www.storevan.com\/fr\/amenagements-speciaux-pour-vehicules-utilitaires-equipes\/reapprovisionnement-de-distributeurs-automatiques\/#breadcrumb"},"inLanguage":"fr-FR","potentialAction":[{"@type":"ReadAction","target":["https:\/\/www.storevan.com\/fr\/amenagements-speciaux-pour-vehicules-utilitaires-equipes\/reapprovisionnement-de-distributeurs-automatiques\/"]}]},{"@type":"BreadcrumbList","@id":"https:\/\/www.storevan.com\/fr\/amenagements-speciaux-pour-vehicules-utilitaires-equipes\/reapprovisionnement-de-distributeurs-automatiques\/#breadcrumb","itemListElement":[{"@type":"ListItem","position":1,"name":"Home","item":"https:\/\/www.storevan.com\/fr\/"},{"@type":"ListItem","position":2,"name":"Am\u00e9nagements sp\u00e9ciaux pour v\u00e9hicules utilitaires \u00e9quip\u00e9s","item":"https:\/\/www.storevan.com\/fr\/amenagements-speciaux-pour-vehicules-utilitaires-equipes\/"},{"@type":"ListItem","position":3,"name":"R\u00e9approvisionnement de distributeurs automatiques"}]},{"@type":"WebSite","@id":"https:\/\/www.storevan.com\/pl\/#website","url":"https:\/\/www.storevan.com\/pl\/","name":"Store Van","description":"Am\u00e9nagements fourgons","potentialAction":[{"@type":"SearchAction","target":{"@type":"EntryPoint","urlTemplate":"https:\/\/www.storevan.com\/pl\/?s={search_term_string}"},"query-input":"required name=search_term_string"}],"inLanguage":"fr-FR"}]}},"_links":{"self":[{"href":"https:\/\/www.storevan.com\/fr\/wp-json\/wp\/v2\/pages\/119347"}],"collection":[{"href":"https:\/\/www.storevan.com\/fr\/wp-json\/wp\/v2\/pages"}],"about":[{"href":"https:\/\/www.storevan.com\/fr\/wp-json\/wp\/v2\/types\/page"}],"author":[{"embeddable":true,"href":"https:\/\/www.storevan.com\/fr\/wp-json\/wp\/v2\/users\/470"}],"replies":[{"embeddable":true,"href":"https:\/\/www.storevan.com\/fr\/wp-json\/wp\/v2\/comments?post=119347"}],"version-history":[{"count":9,"href":"https:\/\/www.storevan.com\/fr\/wp-json\/wp\/v2\/pages\/119347\/revisions"}],"predecessor-version":[{"id":119669,"href":"https:\/\/www.storevan.com\/fr\/wp-json\/wp\/v2\/pages\/119347\/revisions\/119669"}],"up":[{"embeddable":true,"href":"https:\/\/www.storevan.com\/fr\/wp-json\/wp\/v2\/pages\/119343"}],"wp:attachment":[{"href":"https:\/\/www.storevan.com\/fr\/wp-json\/wp\/v2\/media?parent=119347"}],"curies":[{"name":"wp","href":"https:\/\/api.w.org\/{rel}","templated":true}]}}