{"id":118802,"date":"2020-06-19T09:56:32","date_gmt":"2020-06-19T09:56:32","guid":{"rendered":"https:\/\/www.storevan.com\/produits\/ripiani-componibili-per-furgoni\/"},"modified":"2026-05-04T07:00:33","modified_gmt":"2026-05-04T07:00:33","slug":"etageres-modulables-pour-vehicules-utilitaires","status":"publish","type":"page","link":"https:\/\/www.storevan.com\/fr\/produits\/etageres-modulables-pour-vehicules-utilitaires\/","title":{"rendered":"\u00c9TAG\u00c8RES MODULABLES POUR V\u00c9HICULES UTILITAIRES &#8211; MULTIFRAME"},"content":{"rendered":"<style>\n.id_page2 > .container {\n    padding-bottom: 0;\n}\n<\/style>\n<h1 class=\"customblackTitleSmall\">\u00c9TAG\u00c8RES MODULABLES POUR V\u00c9HICULES UTILITAIRES &#8211; MULTIFRAME<\/h1>\n<h2>\u00c9tag\u00e8res en acier con\u00e7ues pour le transport d\u2019une large gamme de composants<\/h2>\n<div class=\"container-fluid\" style=\"background: #f0f0f0;padding: 30px 0 25px;\">\n<div class=\"row\">\n<div class=\"container\" style=\"padding-top:0;padding-bottom: 0;\">\n<div class=\"col-xs-12 col-sm-6 col-md-6\">\n<div class=\"video\"><iframe loading=\"lazy\" width=\"560\" height=\"315\" src=\"https:\/\/www.youtube.com\/embed\/J1orrQAjtqc?si=HkI87tdH1T76NiW2\" title=\"Multiframe\" frameborder=\"0\" allow=\"accelerometer; autoplay; clipboard-write; encrypted-media; gyroscope; picture-in-picture; web-share\" referrerpolicy=\"strict-origin-when-cross-origin\" allowfullscreen><\/iframe><\/div>\n<\/p><\/div>\n<div class=\"col-xs-12 col-sm-6 col-md-6\">\n\t\t\t\t&nbsp;<br \/>\n\t\t\t\tLes <strong>\u00e9tag\u00e8res modulables<\/strong> pour v\u00e9hicules utilitaires de la s\u00e9rie MULTIFRAME <strong>s\u2019adaptent<\/strong> facilement aux <strong>besoins<\/strong> \u00e9volutifs des travailleurs\u00a0: l\u2019aspect et les fonctionnalit\u00e9s du MULTIFRAME peuvent \u00eatre modifi\u00e9s \u00e0 tout moment, m\u00eame apr\u00e8s l\u2019achat, en ins\u00e9rant <strong>diff\u00e9rents composants<\/strong>. Les \u00e9tag\u00e8res modulables, en effet, peuvent \u00eatre mont\u00e9es simplement avec un profil avant ou avec les <strong>portes basculantes<\/strong> DOOR PLUS ou <a href=\"https:\/\/www.storevan.com\/fr\/portes-levantes-fourgons\/\">DOOR SMALL<\/a> pour le rangement du mat\u00e9riel de moyenne dimension\u00a0; en cas de n\u00e9cessit\u00e9 de disposer d\u2019une section de rayonnage pour v\u00e9hicules utilitaires d\u00e9di\u00e9e \u00e0 la quincaillerie ou aux pi\u00e8ces de rechange, MULTIFRAME peut accueillir des <strong>bacs<\/strong> en plastique ou des <strong><a href=\"https:\/\/www.storevan.com\/fr\/produits\/mallettes-pour-outils-et-petites-pieces-pour-fourgons\/\">mallettes<\/a><\/strong>.\n\t\t\t<\/div>\n<\/p><\/div>\n<\/p><\/div>\n<\/div>\n<div class=\"container-fluid\" style=\"padding:40px 0 30px;border-top: 5px solid #F7A600;border-bottom: 5px solid #F7A600;\">\n<div class=\"row\">\n<div class=\"container\" style=\"padding-top:0;padding-bottom: 0;\">\n<div class=\"col-xs-12 col-sm-12 col-md-6\">\n<div class=\"text-center\"><a class=\"btn btn-download\" href=\"tel:+390424585455\"><i class=\"fa fa-phone\"><\/i> <span class=\"spanBtn\">APPELEZ-NOUS<\/span><br \/>\npour toute information<\/a><\/div>\n<\/div>\n<div class=\"col-xs-12 col-sm-12 col-md-6\">\n<div class=\"text-center\"><a class=\"btn btn-download btnToggle\" href=\"#formcontatto\"><i class=\"fa fa-envelope\"><\/i> <span class=\"spanBtn\">\u00c9CRIVEZ-NOUS<\/span><br \/>\nvous serez contact\u00e9s<\/a><\/div>\n<\/p><\/div>\n<\/p><\/div>\n<\/div>\n<div class=\"container-fluid\" style=\"padding:40px 0;\">\n<div class=\"row\">\n<div class=\"container\" style=\"padding-top:0;padding-bottom: 0;\">\n<div class=\"col-xs-12 col-sm-6\">\n\t\t\t&nbsp;<\/p>\n<p>Les \u00e9tag\u00e8res pour v\u00e9hicules utilitaires MULTIFRAME sont disponibles en 3 profondeurs et 10 longueurs et peuvent \u00eatre install\u00e9es dans une large gamme de rayonnages pour v\u00e9hicules utilitaires. R\u00e9alis\u00e9es en <strong>acier automotive galvanis\u00e9 \u00ab\u00a0galvannealed\u00a0\u00bb<\/strong>, elles permettent de disposer d\u2019\u00e9tag\u00e8res pour v\u00e9hicules utilitaires ayant une <strong>capacit\u00e9 de 40\u00a0kg<\/strong>, avec une haute r\u00e9sistance \u00e0 la corrosion. MULTIFRAME peut \u00e9galement \u00eatre \u00e9quip\u00e9 d\u2019un tapis antid\u00e9rapant ou de barres Airline qui contribuent \u00e0 \u00e9viter le d\u00e9placement du mat\u00e9riel rang\u00e9 dans les rayonnages ou appuy\u00e9 sur ces derniers, augmentant ainsi la s\u00e9curit\u00e9 lorsque le v\u00e9hicule est en mouvement.<\/p>\n<p>&nbsp;\n\t\t\t<\/div>\n<div class=\"col-xs-12 col-sm-6\">\n\t\t\t<img decoding=\"async\" loading=\"lazy\" src=\"https:\/\/www.storevan.com\/wp-content\/uploads\/2026\/05\/multistorage_contenitori2.webp\" alt=\"\u00e9tag\u00e8res modulables Multiframe\" width=\"1200\" height=\"900\" class=\"alignnone size-full wp-image-165574\" srcset=\"https:\/\/www.storevan.com\/wp-content\/uploads\/2026\/05\/multistorage_contenitori2.webp 1200w, https:\/\/www.storevan.com\/wp-content\/uploads\/2026\/05\/multistorage_contenitori2-300x225.webp 300w, https:\/\/www.storevan.com\/wp-content\/uploads\/2026\/05\/multistorage_contenitori2-1024x768.webp 1024w, https:\/\/www.storevan.com\/wp-content\/uploads\/2026\/05\/multistorage_contenitori2-768x576.webp 768w, https:\/\/www.storevan.com\/wp-content\/uploads\/2026\/05\/multistorage_contenitori2-425x320.webp 425w\" sizes=\"(max-width: 1200px) 100vw, 1200px\" \/><\/p><\/div>\n<div id=\"formcontatto\"><\/div>\n<\/p><\/div>\n<\/p><\/div>\n<\/div>\n<div class=\"container-fluid\" style=\"padding:40px 0;\">\n<div class=\"row\">\n<div class=\"container\" style=\"padding-top:0;padding-bottom: 0;\">\n<h4 class=\"bigTxt text-center txtBkOrange\">VOULEZ-VOUS EN SAVOIR PLUS?<\/h4>\n\n<div class=\"wpcf7 no-js\" id=\"wpcf7-f67673-o1\" lang=\"it-IT\" dir=\"ltr\">\n<div class=\"screen-reader-response\"><p role=\"status\" aria-live=\"polite\" aria-atomic=\"true\"><\/p> <ul><\/ul><\/div>\n<form action=\"\/fr\/wp-json\/wp\/v2\/pages\/118802#wpcf7-f67673-o1\" method=\"post\" class=\"wpcf7-form init\" id=\"form-accessori-fr\" aria-label=\"Modulo di contatto\" novalidate=\"novalidate\" data-status=\"init\">\n<div style=\"display: none;\">\n<input type=\"hidden\" name=\"_wpcf7\" value=\"67673\" \/>\n<input type=\"hidden\" name=\"_wpcf7_version\" value=\"5.7.7\" \/>\n<input type=\"hidden\" name=\"_wpcf7_locale\" value=\"it_IT\" \/>\n<input type=\"hidden\" name=\"_wpcf7_unit_tag\" value=\"wpcf7-f67673-o1\" \/>\n<input type=\"hidden\" name=\"_wpcf7_container_post\" value=\"0\" \/>\n<input type=\"hidden\" name=\"_wpcf7_posted_data_hash\" value=\"\" \/>\n<input type=\"hidden\" name=\"_wpcf7_recaptcha_response\" value=\"\" \/>\n<\/div>\n<span class=\"wpcf7-form-control-wrap url\" data-name=\"url\"><input type=\"hidden\" name=\"url\" size=\"40\" class=\"wpcf7-form-control wpcf7-hidden wpcf7dtx wpcf7dtx-hidden\" aria-invalid=\"false\" value=\"etageres-modulables-pour-vehicules-utilitaires\" autocomplete=\"off\" \/><\/span>\n<p>Pour plus d'informations, remplissez les champs suivants. L'un de nos op\u00e9rateurs vous recontactera dans les plus brefs d\u00e9lais (* champs obligatoires):\n<\/p>\n<div class=\"col-xs-12 col-md-6\">\n\t<p><span class='titoli'>Pr\u00e9nom (*)<\/span>\n\t<\/p>\n\t<p><span class=\"wpcf7-form-control-wrap\" data-name=\"your-name\"><input size=\"40\" class=\"wpcf7-form-control wpcf7-text wpcf7-validates-as-required form-control\" aria-required=\"true\" aria-invalid=\"false\" value=\"\" type=\"text\" name=\"your-name\" \/><\/span>\n\t<\/p>\n<\/div>\n<div class=\"col-xs-12 col-md-6\">\n\t<p><span class='titoli'>Nom (*)<\/span>\n\t<\/p>\n\t<p><span class=\"wpcf7-form-control-wrap\" data-name=\"your-last-name\"><input size=\"40\" class=\"wpcf7-form-control wpcf7-text wpcf7-validates-as-required form-control\" aria-required=\"true\" aria-invalid=\"false\" value=\"\" type=\"text\" name=\"your-last-name\" \/><\/span>\n\t<\/p>\n<\/div>\n<div class=\"col-xs-12 col-md-6\">\n\t<p><span class='titoli'>Entreprise (*)<\/span>\n\t<\/p>\n\t<p><span class=\"wpcf7-form-control-wrap\" data-name=\"your-company\"><input size=\"40\" class=\"wpcf7-form-control wpcf7-text wpcf7-validates-as-required form-control\" aria-required=\"true\" aria-invalid=\"false\" value=\"\" type=\"text\" name=\"your-company\" \/><\/span>\n\t<\/p>\n<\/div>\n<div class=\"col-xs-12 col-md-6\">\n\t<p><span class='titoli'>TVA<\/span>\n\t<\/p>\n\t<p><span class=\"wpcf7-form-control-wrap\" data-name=\"p-iva\"><input size=\"40\" class=\"wpcf7-form-control wpcf7-text form-control\" aria-invalid=\"false\" value=\"\" type=\"text\" name=\"p-iva\" \/><\/span>\n\t<\/p>\n<\/div>\n<div class=\"clearboth\">\n<\/div>\n<div class=\"col-xs-12 col-md-4\">\n\t<p><span class='titoli'>Code Postal (*)<\/span>\n\t<\/p>\n\t<p><span class=\"wpcf7-form-control-wrap\" data-name=\"your-zip-code\"><input size=\"40\" class=\"wpcf7-form-control wpcf7-text wpcf7-validates-as-required form-control\" aria-required=\"true\" aria-invalid=\"false\" value=\"\" type=\"text\" name=\"your-zip-code\" \/><\/span>\n\t<\/p>\n<\/div>\n<div class=\"col-xs-12 col-md-4\">\n\t<p><span class='titoli'>Adresse (*)<\/span>\n\t<\/p>\n\t<p><span class=\"wpcf7-form-control-wrap\" data-name=\"your-address\"><input size=\"40\" class=\"wpcf7-form-control wpcf7-text wpcf7-validates-as-required form-control\" aria-required=\"true\" aria-invalid=\"false\" value=\"\" type=\"text\" name=\"your-address\" \/><\/span>\n\t<\/p>\n<\/div>\n<div class=\"col-xs-12 col-md-4\">\n\t<p><span class='titoli'>Ville (*)<\/span>\n\t<\/p>\n\t<p><span class=\"wpcf7-form-control-wrap\" data-name=\"your-Town\"><input size=\"40\" class=\"wpcf7-form-control wpcf7-text wpcf7-validates-as-required form-control\" aria-required=\"true\" aria-invalid=\"false\" value=\"\" type=\"text\" name=\"your-Town\" \/><\/span>\n\t<\/p>\n<\/div>\n<div class=\"clearboth\">\n<\/div>\n<div class=\"col-xs-12 col-md-6\">\n\t<p><span class='titoli'>email (*)<\/span>\n\t<\/p>\n\t<p><span class=\"wpcf7-form-control-wrap\" data-name=\"your-email\"><input size=\"40\" class=\"wpcf7-form-control wpcf7-text wpcf7-email wpcf7-validates-as-required wpcf7-validates-as-email form-control\" aria-required=\"true\" aria-invalid=\"false\" value=\"\" type=\"email\" name=\"your-email\" \/><\/span>\n\t<\/p>\n<\/div>\n<div class=\"col-xs-12 col-md-6\">\n\t<p><span class='titoli'>T\u00e9l\u00e9phone (*)<\/span>\n\t<\/p>\n\t<p><span class=\"wpcf7-form-control-wrap\" data-name=\"telefono\"><input size=\"40\" class=\"wpcf7-form-control wpcf7-text wpcf7-tel wpcf7-validates-as-required wpcf7-validates-as-tel form-control\" aria-required=\"true\" aria-invalid=\"false\" value=\"\" type=\"tel\" name=\"telefono\" \/><\/span>\n\t<\/p>\n<\/div>\n<div class=\"clearboth\">\n<\/div>\n<div class=\"col-xs-12 col-md-6\">\n\t<p><span class='titoli'>Objet <\/span>\n\t<\/p>\n\t<p><span class=\"wpcf7-form-control-wrap\" data-name=\"oggetto\"><select class=\"wpcf7-form-control wpcf7-select wpcf7-validates-as-required\" aria-required=\"true\" aria-invalid=\"false\" name=\"oggetto\"><option value=\"Citation\">Citation<\/option><option value=\"Information technique\">Information technique<\/option><option value=\"Rendez-vous\">Rendez-vous<\/option><\/select><\/span>\n\t<\/p>\n<\/div>\n<div class=\"col-xs-12 col-md-6\">\n\t<p><br \/>\n<span class=\"titoli\"> <span class=\"wpcf7-form-control-wrap\" data-name=\"cliente\"><span class=\"wpcf7-form-control wpcf7-checkbox\"><span class=\"wpcf7-list-item first last\"><label><span class=\"wpcf7-list-item-label\">Je suis d\u00e9j\u00e0 client<\/span><input type=\"checkbox\" name=\"cliente[]\" value=\"Je suis d\u00e9j\u00e0 client\" \/><\/label><\/span><\/span><\/span><\/span>\n\t<\/p>\n<\/div>\n<div class=\"col-xs-12 col-md-12\">\n\t<p><span class='titoli'>Message (*)<\/span>\n\t<\/p>\n\t<p><span class=\"wpcf7-form-control-wrap\" data-name=\"your-message\"><textarea cols=\"40\" rows=\"10\" class=\"wpcf7-form-control wpcf7-textarea wpcf7-validates-as-required form-control\" aria-required=\"true\" aria-invalid=\"false\" name=\"your-message\"><\/textarea><\/span>\n\t<\/p>\n<\/div>\n<div class=\"col-xs-12 col-md-12\">\n\t<p><small>Les donn\u00e9es saisies seront trait\u00e9es de mani\u00e8re strictement confidentielle conform\u00e9ment \u00e0 la loi et \u00e0 notre <a href=\"https:\/\/www.storevan.com\/fr\/privacy-policy\/\">politique de confidentialit\u00e9<\/a>.<\/small>\n\t<\/p>\n\t<p><span class=\"wpcf7-form-control-wrap\" data-name=\"AccettazionePrivacy\"><span class=\"wpcf7-form-control wpcf7-acceptance\"><span class=\"wpcf7-list-item\"><input type=\"checkbox\" name=\"AccettazionePrivacy\" value=\"1\" aria-invalid=\"false\" \/><\/span><\/span><\/span> Je d\u00e9clare avoir pris connaissance de la Note Informative sur les <a href=\"https:\/\/www.storevan.com\/fr\/privacy-policy\/\">Note Informative sur les Informations priv\u00e9es<\/a> et j\u2019autorise au traitement de mes donn\u00e9es personnelles en conformit\u00e9 avec ce qui y est \u00e9crit. (*)<br \/>\n\t<span class=\"wpcf7-form-control-wrap recaptcha\" data-name=\"recaptcha\"><span data-sitekey=\"6LdfM4AUAAAAAJjsAucux5WVNA3hsk5KP0a03T_n\" class=\"wpcf7-form-control g-recaptcha wpcf7-recaptcha\"><\/span>\r\n<noscript>\r\n\t<div class=\"grecaptcha-noscript\">\r\n\t\t<iframe src=\"https:\/\/www.google.com\/recaptcha\/api\/fallback?k=6LdfM4AUAAAAAJjsAucux5WVNA3hsk5KP0a03T_n\" frameborder=\"0\" scrolling=\"no\" width=\"310\" height=\"430\">\r\n\t\t<\/iframe>\r\n\t\t<textarea name=\"g-recaptcha-response\" rows=\"3\" cols=\"40\" placeholder=\"reCaptcha Response Here\">\r\n\t\t<\/textarea>\r\n\t<\/div>\r\n<\/noscript>\r\n<\/span>\n\t<\/p>\n<\/div>\n<hr class=\"noColor\" \/>\n<p><input class=\"wpcf7-form-control has-spinner wpcf7-submit\" type=\"submit\" value=\"Envoi\" \/>\n<\/p><div class=\"wpcf7-response-output\" aria-hidden=\"true\"><\/div>\n<\/form>\n<\/div>\n<\/div>\n<\/p><\/div>\n<\/div>\n","protected":false},"excerpt":{"rendered":"<p>\u00c9TAG\u00c8RES MODULABLES POUR V\u00c9HICULES UTILITAIRES &#8211; MULTIFRAME \u00c9tag\u00e8res en acier con\u00e7ues pour le transport d\u2019une large gamme de composants &nbsp; Les \u00e9tag\u00e8res modulables pour v\u00e9hicules utilitaires de la s\u00e9rie MULTIFRAME.<\/p>\n","protected":false},"author":470,"featured_media":0,"parent":25668,"menu_order":0,"comment_status":"closed","ping_status":"closed","template":"","meta":[],"acf":[],"yoast_head":"<!-- This site is optimized with the Yoast SEO plugin v20.11 - https:\/\/yoast.com\/wordpress\/plugins\/seo\/ -->\n<title>\u00c9tag\u00e8res modulables pour v\u00e9hicules utilitaires MULTIFRAME<\/title>\n<meta name=\"description\" content=\"\u00c9tag\u00e8res modulables pour v\u00e9hicules utilitaires MULTIFRAME en acier, facilement adaptables aux diff\u00e9rentes exigences professionnelles. Capacit\u00e9 jusqu\u2019\u00e0 40\u00a0kg et r\u00e9sistance \u00e0 la corrosion\" \/>\n<meta name=\"robots\" content=\"index, follow, max-snippet:-1, max-image-preview:large, max-video-preview:-1\" \/>\n<link rel=\"canonical\" href=\"https:\/\/www.storevan.com\/fr\/produits\/etageres-modulables-pour-vehicules-utilitaires\/\" \/>\n<meta property=\"og:locale\" content=\"fr_FR\" \/>\n<meta property=\"og:type\" content=\"article\" \/>\n<meta property=\"og:title\" content=\"\u00c9tag\u00e8res modulables pour v\u00e9hicules utilitaires MULTIFRAME\" \/>\n<meta property=\"og:description\" content=\"\u00c9tag\u00e8res modulables pour v\u00e9hicules utilitaires MULTIFRAME en acier, facilement adaptables aux diff\u00e9rentes exigences professionnelles. Capacit\u00e9 jusqu\u2019\u00e0 40\u00a0kg et r\u00e9sistance \u00e0 la corrosion\" \/>\n<meta property=\"og:url\" content=\"https:\/\/www.storevan.com\/fr\/produits\/etageres-modulables-pour-vehicules-utilitaires\/\" \/>\n<meta property=\"og:site_name\" content=\"Store Van\" \/>\n<meta property=\"article:modified_time\" content=\"2026-05-04T07:00:33+00:00\" \/>\n<meta property=\"og:image\" content=\"https:\/\/www.storevan.com\/wp-content\/uploads\/2026\/05\/multistorage_contenitori2.webp\" \/>\n<meta name=\"twitter:label1\" content=\"Dur\u00e9e de lecture estim\u00e9e\" \/>\n\t<meta name=\"twitter:data1\" content=\"2 minutes\" \/>\n<script type=\"application\/ld+json\" class=\"yoast-schema-graph\">{\"@context\":\"https:\/\/schema.org\",\"@graph\":[{\"@type\":\"WebPage\",\"@id\":\"https:\/\/www.storevan.com\/fr\/produits\/etageres-modulables-pour-vehicules-utilitaires\/\",\"url\":\"https:\/\/www.storevan.com\/fr\/produits\/etageres-modulables-pour-vehicules-utilitaires\/\",\"name\":\"\u00c9tag\u00e8res modulables pour v\u00e9hicules utilitaires MULTIFRAME\",\"isPartOf\":{\"@id\":\"https:\/\/www.storevan.com\/pl\/#website\"},\"datePublished\":\"2020-06-19T09:56:32+00:00\",\"dateModified\":\"2026-05-04T07:00:33+00:00\",\"description\":\"\u00c9tag\u00e8res modulables pour v\u00e9hicules utilitaires MULTIFRAME en acier, facilement adaptables aux diff\u00e9rentes exigences professionnelles. Capacit\u00e9 jusqu\u2019\u00e0 40\u00a0kg et r\u00e9sistance \u00e0 la corrosion\",\"breadcrumb\":{\"@id\":\"https:\/\/www.storevan.com\/fr\/produits\/etageres-modulables-pour-vehicules-utilitaires\/#breadcrumb\"},\"inLanguage\":\"fr-FR\",\"potentialAction\":[{\"@type\":\"ReadAction\",\"target\":[\"https:\/\/www.storevan.com\/fr\/produits\/etageres-modulables-pour-vehicules-utilitaires\/\"]}]},{\"@type\":\"BreadcrumbList\",\"@id\":\"https:\/\/www.storevan.com\/fr\/produits\/etageres-modulables-pour-vehicules-utilitaires\/#breadcrumb\",\"itemListElement\":[{\"@type\":\"ListItem\",\"position\":1,\"name\":\"Home\",\"item\":\"https:\/\/www.storevan.com\/fr\/\"},{\"@type\":\"ListItem\",\"position\":2,\"name\":\"Produits\",\"item\":\"https:\/\/www.storevan.com\/fr\/produits\/\"},{\"@type\":\"ListItem\",\"position\":3,\"name\":\"\u00c9TAG\u00c8RES MODULABLES POUR V\u00c9HICULES UTILITAIRES &#8211; MULTIFRAME\"}]},{\"@type\":\"WebSite\",\"@id\":\"https:\/\/www.storevan.com\/pl\/#website\",\"url\":\"https:\/\/www.storevan.com\/pl\/\",\"name\":\"Store Van\",\"description\":\"Am\u00e9nagements fourgons\",\"potentialAction\":[{\"@type\":\"SearchAction\",\"target\":{\"@type\":\"EntryPoint\",\"urlTemplate\":\"https:\/\/www.storevan.com\/pl\/?s={search_term_string}\"},\"query-input\":\"required name=search_term_string\"}],\"inLanguage\":\"fr-FR\"}]}<\/script>\n<!-- \/ Yoast SEO plugin. -->","yoast_head_json":{"title":"\u00c9tag\u00e8res modulables pour v\u00e9hicules utilitaires MULTIFRAME","description":"\u00c9tag\u00e8res modulables pour v\u00e9hicules utilitaires MULTIFRAME en acier, facilement adaptables aux diff\u00e9rentes exigences professionnelles. Capacit\u00e9 jusqu\u2019\u00e0 40\u00a0kg et r\u00e9sistance \u00e0 la corrosion","robots":{"index":"index","follow":"follow","max-snippet":"max-snippet:-1","max-image-preview":"max-image-preview:large","max-video-preview":"max-video-preview:-1"},"canonical":"https:\/\/www.storevan.com\/fr\/produits\/etageres-modulables-pour-vehicules-utilitaires\/","og_locale":"fr_FR","og_type":"article","og_title":"\u00c9tag\u00e8res modulables pour v\u00e9hicules utilitaires MULTIFRAME","og_description":"\u00c9tag\u00e8res modulables pour v\u00e9hicules utilitaires MULTIFRAME en acier, facilement adaptables aux diff\u00e9rentes exigences professionnelles. Capacit\u00e9 jusqu\u2019\u00e0 40\u00a0kg et r\u00e9sistance \u00e0 la corrosion","og_url":"https:\/\/www.storevan.com\/fr\/produits\/etageres-modulables-pour-vehicules-utilitaires\/","og_site_name":"Store Van","article_modified_time":"2026-05-04T07:00:33+00:00","og_image":[{"url":"https:\/\/www.storevan.com\/wp-content\/uploads\/2026\/05\/multistorage_contenitori2.webp"}],"twitter_misc":{"Dur\u00e9e de lecture estim\u00e9e":"2 minutes"},"schema":{"@context":"https:\/\/schema.org","@graph":[{"@type":"WebPage","@id":"https:\/\/www.storevan.com\/fr\/produits\/etageres-modulables-pour-vehicules-utilitaires\/","url":"https:\/\/www.storevan.com\/fr\/produits\/etageres-modulables-pour-vehicules-utilitaires\/","name":"\u00c9tag\u00e8res modulables pour v\u00e9hicules utilitaires MULTIFRAME","isPartOf":{"@id":"https:\/\/www.storevan.com\/pl\/#website"},"datePublished":"2020-06-19T09:56:32+00:00","dateModified":"2026-05-04T07:00:33+00:00","description":"\u00c9tag\u00e8res modulables pour v\u00e9hicules utilitaires MULTIFRAME en acier, facilement adaptables aux diff\u00e9rentes exigences professionnelles. Capacit\u00e9 jusqu\u2019\u00e0 40\u00a0kg et r\u00e9sistance \u00e0 la corrosion","breadcrumb":{"@id":"https:\/\/www.storevan.com\/fr\/produits\/etageres-modulables-pour-vehicules-utilitaires\/#breadcrumb"},"inLanguage":"fr-FR","potentialAction":[{"@type":"ReadAction","target":["https:\/\/www.storevan.com\/fr\/produits\/etageres-modulables-pour-vehicules-utilitaires\/"]}]},{"@type":"BreadcrumbList","@id":"https:\/\/www.storevan.com\/fr\/produits\/etageres-modulables-pour-vehicules-utilitaires\/#breadcrumb","itemListElement":[{"@type":"ListItem","position":1,"name":"Home","item":"https:\/\/www.storevan.com\/fr\/"},{"@type":"ListItem","position":2,"name":"Produits","item":"https:\/\/www.storevan.com\/fr\/produits\/"},{"@type":"ListItem","position":3,"name":"\u00c9TAG\u00c8RES MODULABLES POUR V\u00c9HICULES UTILITAIRES &#8211; MULTIFRAME"}]},{"@type":"WebSite","@id":"https:\/\/www.storevan.com\/pl\/#website","url":"https:\/\/www.storevan.com\/pl\/","name":"Store Van","description":"Am\u00e9nagements fourgons","potentialAction":[{"@type":"SearchAction","target":{"@type":"EntryPoint","urlTemplate":"https:\/\/www.storevan.com\/pl\/?s={search_term_string}"},"query-input":"required name=search_term_string"}],"inLanguage":"fr-FR"}]}},"_links":{"self":[{"href":"https:\/\/www.storevan.com\/fr\/wp-json\/wp\/v2\/pages\/118802"}],"collection":[{"href":"https:\/\/www.storevan.com\/fr\/wp-json\/wp\/v2\/pages"}],"about":[{"href":"https:\/\/www.storevan.com\/fr\/wp-json\/wp\/v2\/types\/page"}],"author":[{"embeddable":true,"href":"https:\/\/www.storevan.com\/fr\/wp-json\/wp\/v2\/users\/470"}],"replies":[{"embeddable":true,"href":"https:\/\/www.storevan.com\/fr\/wp-json\/wp\/v2\/comments?post=118802"}],"version-history":[{"count":10,"href":"https:\/\/www.storevan.com\/fr\/wp-json\/wp\/v2\/pages\/118802\/revisions"}],"predecessor-version":[{"id":165582,"href":"https:\/\/www.storevan.com\/fr\/wp-json\/wp\/v2\/pages\/118802\/revisions\/165582"}],"up":[{"embeddable":true,"href":"https:\/\/www.storevan.com\/fr\/wp-json\/wp\/v2\/pages\/25668"}],"wp:attachment":[{"href":"https:\/\/www.storevan.com\/fr\/wp-json\/wp\/v2\/media?parent=118802"}],"curies":[{"name":"wp","href":"https:\/\/api.w.org\/{rel}","templated":true}]}}