{"id":115935,"date":"2020-03-19T09:04:52","date_gmt":"2020-03-19T09:04:52","guid":{"rendered":"https:\/\/www.storevan.com\/?page_id=115935"},"modified":"2024-07-16T08:45:47","modified_gmt":"2024-07-16T08:45:47","slug":"barres-de-toit-porte-echelles-fourgons","status":"publish","type":"page","link":"https:\/\/www.storevan.com\/fr\/produits\/barres-de-toit-porte-echelles-fourgons\/","title":{"rendered":"Barres de toit et porte echelle pour fourgon"},"content":{"rendered":"<p>Les <strong>barres de tout, le porte tout, le porte tout Dynamique* et le porte echelle pour fourgon<\/strong> Store Van sont con\u00e7us pour exploiter au maximum <strong>l&rsquo;espace <\/strong>disponible sur le <strong>toit du v\u00e9hicule<\/strong>.<br \/>\nGr\u00e2ce \u00e0 l\u2019<strong>innovant syst\u00e8me toit Space Up<\/strong>, transporter plusieurs types de charges ou d&rsquo;\u00e9quipement n&rsquo;est plus un probl\u00e8me. L\u00e9ger, a\u00e9rodynamique et design, l\u2019innovant porte tout pour fourgons permet de <strong>charger et d\u00e9charger le mat\u00e9riel<\/strong> \u00e0 transporter <strong>sans effort et en toute s\u00e9curit\u00e9<\/strong>. <\/p>\n<div class=\"one_half\">\n<a href=\"https:\/\/www.storevan.com\/wp-content\/uploads\/2020\/03\/dinamico-full.jpg\" data-lightbox=\"SPACE UP \u2013 PORTE TOUT DYNAMIQUE\" data-title=\"SPACE UP \u2013 PORTE TOUT DYNAMIQUE\"><img decoding=\"async\" src=\"https:\/\/www.storevan.com\/wp-content\/uploads\/2020\/03\/dinamico-thumb.jpg\" alt=\"SPACE UP \u2013 PORTE TOUT DYNAMIQUE\"><\/a><br \/>\n<!-- \n\n<div class=\"alert alertAvailable\" role=\"alert\">Disponible \u00e0 partir du Avril 2020<\/div>\n\n --><br \/>\n<\/div>\n<div class=\"one_half last\">\n<img decoding=\"async\" loading=\"lazy\" class=\"alignleft wp-image-111858\" src=\"https:\/\/www.storevan.com\/wp-content\/uploads\/2019\/11\/SpaceUp-logo-1-300x105.jpg\" alt=\"Space Up , syst\u00e8me de toit Store Van\" width=\"199\" height=\"70\" srcset=\"https:\/\/www.storevan.com\/wp-content\/uploads\/2019\/11\/SpaceUp-logo-1-300x105.jpg 300w, https:\/\/www.storevan.com\/wp-content\/uploads\/2019\/11\/SpaceUp-logo-1.jpg 387w\" sizes=\"(max-width: 199px) 100vw, 199px\" \/>En effet, le chariot porte-\u00e9chelle tout comme le porte tout dynamique <strong>descendent jusqu&rsquo;au sol <\/strong>et permettent \u00e0 l&rsquo;op\u00e9rateur d&rsquo;adopter une <strong>posture ergonomique<\/strong> pendant le travail et d&rsquo;\u00e9viter d&rsquo;avoir recours \u00e0 des tabourets ou \u00e0 des \u00e9chelles suppl\u00e9mentaires pour atteindre le toit du v\u00e9hicule. <strong>Choisir et installer<\/strong> les barres de toit, le porte tout et le porte echelle pour fourgons, n&rsquo;a jamais \u00e9t\u00e9 aussi <strong>simple et rapide<\/strong>\u00a0: divis\u00e9s selon les dimensions du v\u00e9hicule (petit, moyen, grand), ils s&rsquo;adaptent aux diff\u00e9rentes courbes du toit gr\u00e2ce \u00e0 des supports sp\u00e9ciaux \u00e0 positionner au niveau des trous pr\u00e9vus par le fabricant.<\/p>\n<p>Disponible dans <strong>quatre mod\u00e8les diff\u00e9rents<\/strong>, le syst\u00e8me Space Up est r\u00e9alis\u00e9 dans des mat\u00e9riaux haute r\u00e9sistance de toute premi\u00e8re qualit\u00e9, tels que l&rsquo;<strong>acier inox et l&rsquo;aluminium<\/strong>.<\/p>\n<hr class=\"noColor\" \/>\n<ul class=\"listDalia\">\n<li><i class=\"fa fa-angle-double-right numVan\"><\/i> <span class=\"txtBlack\">CONFORT<\/span><\/li>\n<li><i class=\"fa fa-angle-double-right numVan\"><\/i> <span class=\"txtBlack\">S\u00c9CURIT\u00c9<\/span><\/li>\n<li><i class=\"fa fa-angle-double-right numVan\"><\/i> <span class=\"txtBlack\">ESPACE<\/span><\/li>\n<\/ul>\n<\/div><div class=\"clearboth\"><\/div>\n<h3>Le porte tout Dynamique Space Up* est disponible pour les fourgons suivantes:<\/h3>\n<hr class=\"noColor\"\/>\n<div class=\"borderTitleOrange\"><\/div>\n<hr class=\"noColor\"\/>\n<ul class=\"noListType\">\n<li class=\"col-xs-12 col-sm-6 col-md-4\"><i class=\"fa fa-angle-double-right\" aria-hidden=\"true\"><\/i> Fiat Doblo 2010 | <small>L1H1, L2H1<\/small><\/li>\n<li class=\"col-xs-12 col-sm-6 col-md-4\"><a href=\"https:\/\/www.storevan.com\/fr\/amenagement-vehicules-utilitaires\/fourgons-fiat\/talento\/porte-tout-porte-echelles\/\" title=\"Porte tout pour Fiat Talento\"><i class=\"fa fa-angle-double-right\" aria-hidden=\"true\"><\/i> Fiat Talento 2016 | <small>L1H1, L2H1<\/small><\/a><\/li>\n<li class=\"col-xs-12 col-sm-6 col-md-4\"><a href=\"https:\/\/www.storevan.com\/fr\/amenagement-vehicules-utilitaires\/fourgons-citroen\/berlingo\/porte-tout-porte-echelles\/\" title=\"Porte tout pour Citro\u00ebn Berlingo\"><i class=\"fa fa-angle-double-right\" aria-hidden=\"true\"><\/i> Citro\u00ebn Berlingo 2018 | <small>L1 (M), L2 (XL)<\/small><\/a><\/li>\n<li class=\"col-xs-12 col-sm-6 col-md-4\"><i class=\"fa fa-angle-double-right\" aria-hidden=\"true\"><\/i> Citro\u00ebn Jumpy | <small>L1 (XS), L2 (M)<\/small><\/li>\n<li class=\"col-xs-12 col-sm-6 col-md-4\"><a href=\"https:\/\/www.storevan.com\/fr\/amenagement-vehicules-utilitaires\/fourgons-opel\/combo\/porte-tout-porte-echelles\/\" title=\"Porte tout pour Opel Combo\"><i class=\"fa fa-angle-double-right\" aria-hidden=\"true\"><\/i> Opel Combo 2018 | <small>L1, L2<\/small><\/a><\/li>\n<li class=\"col-xs-12 col-sm-6 col-md-4\"><i class=\"fa fa-angle-double-right\" aria-hidden=\"true\"><\/i> Opel Vivaro 2014 | <small>L1H1, L2H1<\/small><\/li>\n<li class=\"col-xs-12 col-sm-6 col-md-4\"><i class=\"fa fa-angle-double-right\" aria-hidden=\"true\"><\/i> Opel Vivaro 2019 | <small>L1 (Compact), L2 (Standard)<\/small><\/li>\n<li class=\"col-xs-12 col-sm-6 col-md-4\"><a href=\"https:\/\/www.storevan.com\/fr\/amenagement-vehicules-utilitaires\/fourgons-peugeot\/partner\/porte-tout-porte-echelles\/\" title=\"Porte tout pour Peugeot Partner\"><i class=\"fa fa-angle-double-right\" aria-hidden=\"true\"><\/i> Peugeot Partner 2018 | <small>L1 (Standard), L2 (Long)<\/small><\/a><\/li>\n<li class=\"col-xs-12 col-sm-6 col-md-4\"><i class=\"fa fa-angle-double-right\" aria-hidden=\"true\"><\/i> Peugeot Expert 2016 | <small>L1 (Compact), L2 (Standard)<\/small><\/li>\n<li class=\"col-xs-12 col-sm-6 col-md-4\"><i class=\"fa fa-angle-double-right\" aria-hidden=\"true\"><\/i> Renault Kangoo 2013 | <small>L1, L2<\/small><\/li>\n<li class=\"col-xs-12 col-sm-6 col-md-4\"><a href=\"https:\/\/www.storevan.com\/fr\/amenagement-vehicules-utilitaires\/fourgons-renault\/trafic\/porte-tout-porte-echelles\/\" title=\"Porte tout pour Renault Trafic\"><i class=\"fa fa-angle-double-right\" aria-hidden=\"true\"><\/i> Renault Trafic 2014 | <small>L1H1, L2H1<\/small><\/a><\/li>\n<li class=\"col-xs-12 col-sm-6 col-md-4\"><i class=\"fa fa-angle-double-right\" aria-hidden=\"true\"><\/i> Toyota Proace 2016 | <small>L0 (Compact), L1 (Medium)<\/small><\/li>\n<li class=\"col-xs-12 col-sm-6 col-md-4\"><a href=\"https:\/\/www.storevan.com\/fr\/amenagement-vehicules-utilitaires\/toyota\/proace-city\/porte-tout-et-porte-echelles\/\" title=\"Porte tout pour Toyota Proace City\"><i class=\"fa fa-angle-double-right\" aria-hidden=\"true\"><\/i> Toyota Proace City | <small>L1, L2<\/small><\/a><\/li>\n<li class=\"col-xs-12 col-sm-6 col-md-4\"><i class=\"fa fa-angle-double-right\" aria-hidden=\"true\"><\/i> Nissan NV 250 | <small>L1, L2<\/small><\/li>\n<li class=\"col-xs-12 col-sm-6 col-md-4\"><a href=\"https:\/\/www.storevan.com\/fr\/amenagement-vehicules-utilitaires\/fourgons-nissan\/nv300\/porte-tout-porte-echelles\/\" title=\"Porte tout pour Nissan NV 300\"><i class=\"fa fa-angle-double-right\" aria-hidden=\"true\"><\/i> Nissan NV 300 \/ Primastar | <small>L1, L2<\/small><\/a><\/li>\n<li class=\"col-xs-12 col-sm-6 col-md-4\"><i class=\"fa fa-angle-double-right\" aria-hidden=\"true\"><\/i> Mercedes Citan | <small>L1 (Long), L2 (Extra-long)<\/small><\/li>\n<li class=\"col-xs-12 col-sm-6 col-md-4\"><a href=\"https:\/\/www.storevan.com\/fr\/amenagement-vehicules-utilitaires\/fourgons-volkswagen\/caddy-cargo\/porte-tout-et-porte-echelles\/\" title=\"Porte tout pour Volkswagen Caddy Cargo\"><i class=\"fa fa-angle-double-right\" aria-hidden=\"true\"><\/i> Volkswagen Caddy Cargo | <small>L1H1<\/small><\/a><\/li>\n<\/ul>\n<div class=\"break\"><\/div>\n<hr class=\"noColor break\" \/>\n<hr \/>\n<hr class=\"noColor break\" \/>\n<div class=\"col-xs-12 col-sm-4\">\n<div class=\"text-center\"><a class=\"btn btn-download\" href=\"tel:+390424585455\"><i class=\"fa fa-phone\"><\/i> <span class=\"spanBtn\">APPELEZ-NOUS<\/span><br \/>\npour toute information<\/a><\/div>\n<\/div>\n<div class=\"col-xs-12 col-sm-4\">\n<div class=\"text-center\"><a class=\"btn btn-download btnToggle\" href=\"#formcontatto\"><i class=\"fa fa-envelope\"><\/i> <span class=\"spanBtn\">\u00c9CRIVEZ-NOUS<\/span><br \/>\nvous serez contact\u00e9s<\/a><\/div>\n<\/div>\n<div class=\"col-xs-12 col-sm-4\">\n<div class=\"text-center\"><a class=\"btn btn-download\" target=\"_blank\" href=\"https:\/\/www.storevan.com\/wp-content\/uploads\/doc\/Catalogo-SpaceUp-ITFR.pdf\" download rel=\"noopener noreferrer\"><i class=\"fa fa-envelope\"><\/i> <span class=\"spanBtn\">DOWNLOAD<\/span><br \/>\nCatalogue Space Up<\/a><\/div>\n<\/div>\n<div class=\"break\"><\/div>\n","protected":false},"excerpt":{"rendered":"<p>Les barres de tout, le porte tout, le porte tout Dynamique* et le porte echelle pour fourgon Store Van sont con\u00e7us pour exploiter au maximum l&rsquo;espace disponible sur le toit.<\/p>\n","protected":false},"author":470,"featured_media":0,"parent":25668,"menu_order":0,"comment_status":"closed","ping_status":"closed","template":"page-spaceup.php","meta":[],"acf":[],"yoast_head":"<!-- This site is optimized with the Yoast SEO plugin v20.11 - https:\/\/yoast.com\/wordpress\/plugins\/seo\/ -->\n<title>Barres de toit et porte echelle pour fourgon<\/title>\n<meta name=\"description\" content=\"Barres de toit, porte-bagages et porte echelle pour fourgon pour charger la marchandise sans effort et en toute s\u00e9curit\u00e9.\" \/>\n<meta name=\"robots\" content=\"index, follow, max-snippet:-1, max-image-preview:large, max-video-preview:-1\" \/>\n<link rel=\"canonical\" href=\"https:\/\/www.storevan.com\/fr\/produits\/barres-de-toit-porte-echelles-fourgons\/\" \/>\n<meta property=\"og:locale\" content=\"fr_FR\" \/>\n<meta property=\"og:type\" content=\"article\" \/>\n<meta property=\"og:title\" content=\"Barres de toit et porte echelle pour fourgon\" \/>\n<meta property=\"og:description\" content=\"Barres de toit, porte-bagages et porte echelle pour fourgon pour charger la marchandise sans effort et en toute s\u00e9curit\u00e9.\" \/>\n<meta property=\"og:url\" content=\"https:\/\/www.storevan.com\/fr\/produits\/barres-de-toit-porte-echelles-fourgons\/\" \/>\n<meta property=\"og:site_name\" content=\"Store Van\" \/>\n<meta property=\"article:modified_time\" content=\"2024-07-16T08:45:47+00:00\" \/>\n<meta property=\"og:image\" content=\"https:\/\/www.storevan.com\/wp-content\/uploads\/2020\/03\/dinamico-thumb.jpg\" \/>\n<meta name=\"twitter:label1\" content=\"Dur\u00e9e de lecture estim\u00e9e\" \/>\n\t<meta name=\"twitter:data1\" content=\"3 minutes\" \/>\n<script type=\"application\/ld+json\" class=\"yoast-schema-graph\">{\"@context\":\"https:\/\/schema.org\",\"@graph\":[{\"@type\":\"WebPage\",\"@id\":\"https:\/\/www.storevan.com\/fr\/produits\/barres-de-toit-porte-echelles-fourgons\/\",\"url\":\"https:\/\/www.storevan.com\/fr\/produits\/barres-de-toit-porte-echelles-fourgons\/\",\"name\":\"Barres de toit et porte echelle pour fourgon\",\"isPartOf\":{\"@id\":\"https:\/\/www.storevan.com\/pl\/#website\"},\"datePublished\":\"2020-03-19T09:04:52+00:00\",\"dateModified\":\"2024-07-16T08:45:47+00:00\",\"description\":\"Barres de toit, porte-bagages et porte echelle pour fourgon pour charger la marchandise sans effort et en toute s\u00e9curit\u00e9.\",\"breadcrumb\":{\"@id\":\"https:\/\/www.storevan.com\/fr\/produits\/barres-de-toit-porte-echelles-fourgons\/#breadcrumb\"},\"inLanguage\":\"fr-FR\",\"potentialAction\":[{\"@type\":\"ReadAction\",\"target\":[\"https:\/\/www.storevan.com\/fr\/produits\/barres-de-toit-porte-echelles-fourgons\/\"]}]},{\"@type\":\"BreadcrumbList\",\"@id\":\"https:\/\/www.storevan.com\/fr\/produits\/barres-de-toit-porte-echelles-fourgons\/#breadcrumb\",\"itemListElement\":[{\"@type\":\"ListItem\",\"position\":1,\"name\":\"Home\",\"item\":\"https:\/\/www.storevan.com\/fr\/\"},{\"@type\":\"ListItem\",\"position\":2,\"name\":\"Produits\",\"item\":\"https:\/\/www.storevan.com\/fr\/produits\/\"},{\"@type\":\"ListItem\",\"position\":3,\"name\":\"Barres de toit et porte echelle pour fourgon\"}]},{\"@type\":\"WebSite\",\"@id\":\"https:\/\/www.storevan.com\/pl\/#website\",\"url\":\"https:\/\/www.storevan.com\/pl\/\",\"name\":\"Store Van\",\"description\":\"Am\u00e9nagements fourgons\",\"potentialAction\":[{\"@type\":\"SearchAction\",\"target\":{\"@type\":\"EntryPoint\",\"urlTemplate\":\"https:\/\/www.storevan.com\/pl\/?s={search_term_string}\"},\"query-input\":\"required name=search_term_string\"}],\"inLanguage\":\"fr-FR\"}]}<\/script>\n<!-- \/ Yoast SEO plugin. -->","yoast_head_json":{"title":"Barres de toit et porte echelle pour fourgon","description":"Barres de toit, porte-bagages et porte echelle pour fourgon pour charger la marchandise sans effort et en toute s\u00e9curit\u00e9.","robots":{"index":"index","follow":"follow","max-snippet":"max-snippet:-1","max-image-preview":"max-image-preview:large","max-video-preview":"max-video-preview:-1"},"canonical":"https:\/\/www.storevan.com\/fr\/produits\/barres-de-toit-porte-echelles-fourgons\/","og_locale":"fr_FR","og_type":"article","og_title":"Barres de toit et porte echelle pour fourgon","og_description":"Barres de toit, porte-bagages et porte echelle pour fourgon pour charger la marchandise sans effort et en toute s\u00e9curit\u00e9.","og_url":"https:\/\/www.storevan.com\/fr\/produits\/barres-de-toit-porte-echelles-fourgons\/","og_site_name":"Store Van","article_modified_time":"2024-07-16T08:45:47+00:00","og_image":[{"url":"https:\/\/www.storevan.com\/wp-content\/uploads\/2020\/03\/dinamico-thumb.jpg"}],"twitter_misc":{"Dur\u00e9e de lecture estim\u00e9e":"3 minutes"},"schema":{"@context":"https:\/\/schema.org","@graph":[{"@type":"WebPage","@id":"https:\/\/www.storevan.com\/fr\/produits\/barres-de-toit-porte-echelles-fourgons\/","url":"https:\/\/www.storevan.com\/fr\/produits\/barres-de-toit-porte-echelles-fourgons\/","name":"Barres de toit et porte echelle pour fourgon","isPartOf":{"@id":"https:\/\/www.storevan.com\/pl\/#website"},"datePublished":"2020-03-19T09:04:52+00:00","dateModified":"2024-07-16T08:45:47+00:00","description":"Barres de toit, porte-bagages et porte echelle pour fourgon pour charger la marchandise sans effort et en toute s\u00e9curit\u00e9.","breadcrumb":{"@id":"https:\/\/www.storevan.com\/fr\/produits\/barres-de-toit-porte-echelles-fourgons\/#breadcrumb"},"inLanguage":"fr-FR","potentialAction":[{"@type":"ReadAction","target":["https:\/\/www.storevan.com\/fr\/produits\/barres-de-toit-porte-echelles-fourgons\/"]}]},{"@type":"BreadcrumbList","@id":"https:\/\/www.storevan.com\/fr\/produits\/barres-de-toit-porte-echelles-fourgons\/#breadcrumb","itemListElement":[{"@type":"ListItem","position":1,"name":"Home","item":"https:\/\/www.storevan.com\/fr\/"},{"@type":"ListItem","position":2,"name":"Produits","item":"https:\/\/www.storevan.com\/fr\/produits\/"},{"@type":"ListItem","position":3,"name":"Barres de toit et porte echelle pour fourgon"}]},{"@type":"WebSite","@id":"https:\/\/www.storevan.com\/pl\/#website","url":"https:\/\/www.storevan.com\/pl\/","name":"Store Van","description":"Am\u00e9nagements fourgons","potentialAction":[{"@type":"SearchAction","target":{"@type":"EntryPoint","urlTemplate":"https:\/\/www.storevan.com\/pl\/?s={search_term_string}"},"query-input":"required name=search_term_string"}],"inLanguage":"fr-FR"}]}},"_links":{"self":[{"href":"https:\/\/www.storevan.com\/fr\/wp-json\/wp\/v2\/pages\/115935"}],"collection":[{"href":"https:\/\/www.storevan.com\/fr\/wp-json\/wp\/v2\/pages"}],"about":[{"href":"https:\/\/www.storevan.com\/fr\/wp-json\/wp\/v2\/types\/page"}],"author":[{"embeddable":true,"href":"https:\/\/www.storevan.com\/fr\/wp-json\/wp\/v2\/users\/470"}],"replies":[{"embeddable":true,"href":"https:\/\/www.storevan.com\/fr\/wp-json\/wp\/v2\/comments?post=115935"}],"version-history":[{"count":26,"href":"https:\/\/www.storevan.com\/fr\/wp-json\/wp\/v2\/pages\/115935\/revisions"}],"predecessor-version":[{"id":156301,"href":"https:\/\/www.storevan.com\/fr\/wp-json\/wp\/v2\/pages\/115935\/revisions\/156301"}],"up":[{"embeddable":true,"href":"https:\/\/www.storevan.com\/fr\/wp-json\/wp\/v2\/pages\/25668"}],"wp:attachment":[{"href":"https:\/\/www.storevan.com\/fr\/wp-json\/wp\/v2\/media?parent=115935"}],"curies":[{"name":"wp","href":"https:\/\/api.w.org\/{rel}","templated":true}]}}