{"id":107559,"date":"2019-09-30T06:37:43","date_gmt":"2019-09-30T06:37:43","guid":{"rendered":"https:\/\/www.storevan.com\/?page_id=107559"},"modified":"2019-09-30T06:37:43","modified_gmt":"2019-09-30T06:37:43","slug":"couvre-passage-de-roue","status":"publish","type":"page","link":"https:\/\/www.storevan.com\/fr\/produits\/couvre-passage-de-roue\/","title":{"rendered":"Couvre passage de roue"},"content":{"rendered":"<h1 class=\"customblackTitleSmall\">Couvre passage de roue pour v\u00e9hicules utilitaires<\/h1>\n<h2 class=\"txtUp\">Prot\u00e9gez la carrosserie de votre v\u00e9hicule avec le couvre passage de roue pour v\u00e9hicules utilitaires Store Van<\/h2>\n<p>Le couvre passage de roue pour v\u00e9hicules utilitaires Store Van est n\u00e9 de la n\u00e9cessit\u00e9 de prot\u00e9ger et d\u2019am\u00e9liorer simultan\u00e9ment l\u2019habillage int\u00e9rieur de n\u2019importe quel utilitaire.<\/p>\n<div id=\"cf3a\">\n<div id=\"galleryPassaruota\">\n\t<img decoding=\"async\" src=\"https:\/\/www.storevan.com\/wp-content\/uploads\/2019\/09\/copripassaruota-ani-03.jpg\" alt=\"Couvre passage de roue\" style=\"width:100%; opacity:0;\"\/>\n\t<\/div>\n<\/div>\n<div class=\"clearboth\"><\/div>\n<div class=\"ts-gallery col-md-10 col-md-offset-1 galleryEffect class=\">\n<div class=\"borderTitleCenterOrange\"><\/div>\n<div class=\"col-xs-4 col-md-2 galleryPage\"><a title=\"Cadre lat\u00e9ral perfor\u00e9 avec accessoires\" href=\"https:\/\/www.storevan.com\/wp-content\/uploads\/2019\/09\/e-accessori.jpg\"><span class=\"testoImgSfondo text-center\">1<\/span><img decoding=\"async\" loading=\"lazy\" class=\"aligncenter size-thumbnail wp-image-107309\" src=\"https:\/\/www.storevan.com\/wp-content\/uploads\/2019\/09\/e-accessori-150x150.jpg\" alt=\"Cadre lat\u00e9ral perfor\u00e9 avec accessoires\" width=\"150\" height=\"150\" srcset=\"https:\/\/www.storevan.com\/wp-content\/uploads\/2019\/09\/e-accessori-150x150.jpg 150w, https:\/\/www.storevan.com\/wp-content\/uploads\/2019\/09\/e-accessori-300x300.jpg 300w, https:\/\/www.storevan.com\/wp-content\/uploads\/2019\/09\/e-accessori-768x768.jpg 768w, https:\/\/www.storevan.com\/wp-content\/uploads\/2019\/09\/e-accessori-48x48.jpg 48w, https:\/\/www.storevan.com\/wp-content\/uploads\/2019\/09\/e-accessori-480x480.jpg 480w, https:\/\/www.storevan.com\/wp-content\/uploads\/2019\/09\/e-accessori.jpg 800w\" sizes=\"(max-width: 150px) 100vw, 150px\" \/><\/a><\/div>\n<div class=\"col-xs-4 col-md-2 galleryPage\"><a title=\"Compartiment technique de chargement avec barre d\u2019arrimage associ\u00e9e\" href=\"https:\/\/www.storevan.com\/wp-content\/uploads\/2019\/09\/e-barra-fermacarico.jpg\"><span class=\"testoImgSfondo text-center\">2<\/span><img decoding=\"async\" loading=\"lazy\" class=\"aligncenter size-thumbnail wp-image-107315\" src=\"https:\/\/www.storevan.com\/wp-content\/uploads\/2019\/09\/e-barra-fermacarico-150x150.jpg\" alt=\"Compartiment technique de chargement avec barre d\u2019arrimage associ\u00e9e\" width=\"150\" height=\"150\" srcset=\"https:\/\/www.storevan.com\/wp-content\/uploads\/2019\/09\/e-barra-fermacarico-150x150.jpg 150w, https:\/\/www.storevan.com\/wp-content\/uploads\/2019\/09\/e-barra-fermacarico-300x300.jpg 300w, https:\/\/www.storevan.com\/wp-content\/uploads\/2019\/09\/e-barra-fermacarico-768x768.jpg 768w, https:\/\/www.storevan.com\/wp-content\/uploads\/2019\/09\/e-barra-fermacarico-48x48.jpg 48w, https:\/\/www.storevan.com\/wp-content\/uploads\/2019\/09\/e-barra-fermacarico-480x480.jpg 480w, https:\/\/www.storevan.com\/wp-content\/uploads\/2019\/09\/e-barra-fermacarico.jpg 800w\" sizes=\"(max-width: 150px) 100vw, 150px\" \/><\/a><\/div>\n<div class=\"col-xs-4 col-md-2 galleryPage\"><a title=\"Couverture avant antichoc en bois ou acier\" href=\"https:\/\/www.storevan.com\/wp-content\/uploads\/2019\/09\/e-metallo-legno.jpg\"><span class=\"testoImgSfondo text-center\">3<\/span><img decoding=\"async\" loading=\"lazy\" class=\"aligncenter size-thumbnail wp-image-107321\" src=\"https:\/\/www.storevan.com\/wp-content\/uploads\/2019\/09\/e-metallo-legno-150x150.jpg\" alt=\"Couverture avant antichoc en bois ou acier\" width=\"150\" height=\"150\" srcset=\"https:\/\/www.storevan.com\/wp-content\/uploads\/2019\/09\/e-metallo-legno-150x150.jpg 150w, https:\/\/www.storevan.com\/wp-content\/uploads\/2019\/09\/e-metallo-legno-300x300.jpg 300w, https:\/\/www.storevan.com\/wp-content\/uploads\/2019\/09\/e-metallo-legno-768x768.jpg 768w, https:\/\/www.storevan.com\/wp-content\/uploads\/2019\/09\/e-metallo-legno-48x48.jpg 48w, https:\/\/www.storevan.com\/wp-content\/uploads\/2019\/09\/e-metallo-legno-480x480.jpg 480w, https:\/\/www.storevan.com\/wp-content\/uploads\/2019\/09\/e-metallo-legno.jpg 800w\" sizes=\"(max-width: 150px) 100vw, 150px\" \/><\/a><\/div>\n<div class=\"col-xs-4 col-md-2 galleryPage\"><a title=\"Peinture par cataphor\u00e8se antirouille\" href=\"https:\/\/www.storevan.com\/wp-content\/uploads\/2019\/09\/e-vernice.jpg\"><span class=\"testoImgSfondo text-center\">4<\/span><img decoding=\"async\" loading=\"lazy\" class=\"aligncenter size-thumbnail wp-image-107621\" src=\"https:\/\/www.storevan.com\/wp-content\/uploads\/2019\/09\/e-vernice-150x150.jpg\" alt=\"Peinture par cataphor\u00e8se antirouille\" width=\"150\" height=\"150\" srcset=\"https:\/\/www.storevan.com\/wp-content\/uploads\/2019\/09\/e-vernice-150x150.jpg 150w, https:\/\/www.storevan.com\/wp-content\/uploads\/2019\/09\/e-vernice-300x300.jpg 300w, https:\/\/www.storevan.com\/wp-content\/uploads\/2019\/09\/e-vernice-768x768.jpg 768w, https:\/\/www.storevan.com\/wp-content\/uploads\/2019\/09\/e-vernice-48x48.jpg 48w, https:\/\/www.storevan.com\/wp-content\/uploads\/2019\/09\/e-vernice-480x480.jpg 480w, https:\/\/www.storevan.com\/wp-content\/uploads\/2019\/09\/e-vernice.jpg 800w\" sizes=\"(max-width: 150px) 100vw, 150px\" \/><\/a><\/div>\n<div class=\"col-xs-4 col-md-2 galleryPage\"><a title=\"Syst\u00e8me de fixation invisible\" href=\"https:\/\/www.storevan.com\/wp-content\/uploads\/2019\/09\/e-fissaggi-a-scomparsa.jpg\"><span class=\"testoImgSfondo text-center\">5<\/span><img decoding=\"async\" loading=\"lazy\" class=\"aligncenter size-thumbnail wp-image-107615\" src=\"https:\/\/www.storevan.com\/wp-content\/uploads\/2019\/09\/e-fissaggi-a-scomparsa-150x150.jpg\" alt=\"Syst\u00e8me de fixation invisible \" width=\"150\" height=\"150\" srcset=\"https:\/\/www.storevan.com\/wp-content\/uploads\/2019\/09\/e-fissaggi-a-scomparsa-150x150.jpg 150w, https:\/\/www.storevan.com\/wp-content\/uploads\/2019\/09\/e-fissaggi-a-scomparsa-300x300.jpg 300w, https:\/\/www.storevan.com\/wp-content\/uploads\/2019\/09\/e-fissaggi-a-scomparsa-768x768.jpg 768w, https:\/\/www.storevan.com\/wp-content\/uploads\/2019\/09\/e-fissaggi-a-scomparsa-48x48.jpg 48w, https:\/\/www.storevan.com\/wp-content\/uploads\/2019\/09\/e-fissaggi-a-scomparsa-480x480.jpg 480w, https:\/\/www.storevan.com\/wp-content\/uploads\/2019\/09\/e-fissaggi-a-scomparsa.jpg 800w\" sizes=\"(max-width: 150px) 100vw, 150px\" \/><\/a><\/div>\n<div class=\"col-xs-4 col-md-2 galleryPage\"><a title=\"Bac sup\u00e9rieur avec tapis antid\u00e9rapant\" href=\"https:\/\/www.storevan.com\/wp-content\/uploads\/2019\/09\/e-tappetino.jpg\"><span class=\"testoImgSfondo text-center\">6<\/span><img decoding=\"async\" loading=\"lazy\" class=\"aligncenter size-thumbnail wp-image-107303\" src=\"https:\/\/www.storevan.com\/wp-content\/uploads\/2019\/09\/e-tappetino-150x150.jpg\" alt=\"Bac sup\u00e9rieur avec tapis antid\u00e9rapant\" width=\"150\" height=\"150\" srcset=\"https:\/\/www.storevan.com\/wp-content\/uploads\/2019\/09\/e-tappetino-150x150.jpg 150w, https:\/\/www.storevan.com\/wp-content\/uploads\/2019\/09\/e-tappetino-300x300.jpg 300w, https:\/\/www.storevan.com\/wp-content\/uploads\/2019\/09\/e-tappetino-768x768.jpg 768w, https:\/\/www.storevan.com\/wp-content\/uploads\/2019\/09\/e-tappetino-48x48.jpg 48w, https:\/\/www.storevan.com\/wp-content\/uploads\/2019\/09\/e-tappetino-480x480.jpg 480w, https:\/\/www.storevan.com\/wp-content\/uploads\/2019\/09\/e-tappetino.jpg 800w\" sizes=\"(max-width: 150px) 100vw, 150px\" \/><\/a><\/div>\n<hr class=\"noColor break\" \/>\n<div class=\"borderTitleCenterOrange\"><\/div>\n<\/div>\n<hr class=\"noColor break\" \/>\n<p>Le couvre passage de roue est un composant du v\u00e9hicule dont on ne tient habituellement pas compte lors de l\u2019installation d\u2019un am\u00e9nagement de v\u00e9hicule utilitaire. En effet, les roues arri\u00e8re sont fr\u00e9quemment englob\u00e9es dans la partie inf\u00e9rieure du rayonnage. La niche ainsi cr\u00e9\u00e9e peut ensuite \u00eatre utilis\u00e9e pour y ranger des mallettes et du mat\u00e9riel de moyenne dimension et peut \u00eatre ferm\u00e9e avec des portes basculantes ou des volets.<\/p>\n<p>En cas d\u2019am\u00e9nagement de v\u00e9hicule utilitaire compos\u00e9 uniquement d\u2019un plancher et d\u2019habillages, le passage de roue demeure apparent, augmentant ainsi la probabilit\u00e9 de dommages dus \u00e0 des chocs ou \u00e0 l\u2019usure. Pour \u00e9viter ce probl\u00e8me, Store Van a con\u00e7u un nouvel habillage int\u00e9rieur\u00a0: le couvre passage de roue avec trois c\u00f4t\u00e9s ferm\u00e9s et un bac sup\u00e9rieur. La facilit\u00e9 de montage est garantie gr\u00e2ce \u00e0 un syst\u00e8me d\u2019encastrement du profil\u00e9 au sol sur les c\u00f4t\u00e9s du passage de roue et gr\u00e2ce \u00e0 la fixation au sol invisible.<\/p>\n<div class=\"demo-sep\" style=\"margin-top: 40px;\"><\/div>\n<h3 class=\"txtGrey customblackTitleExtraSmall\">Couvre passage de roue avec panneaux avant en t\u00f4le ou en bois<\/h3>\n<div class=\"one_half\">\n<div id=\"attachment_106707\" style=\"width: 510px\" class=\"wp-caption aligncenter\"><img aria-describedby=\"caption-attachment-106707\" decoding=\"async\" loading=\"lazy\" class=\"size-full wp-image-106707\" title=\"Couvre passage de roue avec panneaux avant en t\u00f4le\" src=\"https:\/\/www.storevan.com\/wp-content\/uploads\/2019\/09\/01-copripassaruota-acciaio.jpg\" alt=\"Couvre passage de roue avec panneaux avant en t\u00f4le\" width=\"500\" height=\"489\" srcset=\"https:\/\/www.storevan.com\/wp-content\/uploads\/2019\/09\/01-copripassaruota-acciaio.jpg 500w, https:\/\/www.storevan.com\/wp-content\/uploads\/2019\/09\/01-copripassaruota-acciaio-300x293.jpg 300w, https:\/\/www.storevan.com\/wp-content\/uploads\/2019\/09\/01-copripassaruota-acciaio-48x48.jpg 48w\" sizes=\"(max-width: 500px) 100vw, 500px\" \/><p id=\"caption-attachment-106707\" class=\"wp-caption-text\">Couvre passage de roue avec panneaux avant en t\u00f4le<\/p><\/div>\n<\/div><div class=\"one_half last\">\n<div id=\"attachment_106713\" style=\"width: 510px\" class=\"wp-caption aligncenter\"><img aria-describedby=\"caption-attachment-106713\" decoding=\"async\" loading=\"lazy\" class=\"size-full wp-image-106713\" title=\"Couvre passage de roue avec panneaux avant en bois\" src=\"https:\/\/www.storevan.com\/wp-content\/uploads\/2019\/09\/02-copripassaruota-legno.jpg\" alt=\"Couvre passage de roue avec panneaux avant en bois\" width=\"500\" height=\"489\" srcset=\"https:\/\/www.storevan.com\/wp-content\/uploads\/2019\/09\/02-copripassaruota-legno.jpg 500w, https:\/\/www.storevan.com\/wp-content\/uploads\/2019\/09\/02-copripassaruota-legno-300x293.jpg 300w, https:\/\/www.storevan.com\/wp-content\/uploads\/2019\/09\/02-copripassaruota-legno-48x48.jpg 48w\" sizes=\"(max-width: 500px) 100vw, 500px\" \/><p id=\"caption-attachment-106713\" class=\"wp-caption-text\">Couvre passage de roue avec panneaux avant en bois<\/p><\/div>\n<\/div><div class=\"clearboth\"><\/div>\n<h3 class=\"txtGrey customblackTitleExtraSmall\">CARACT\u00c9RISTIQUES<\/h3>\n<p>Le couvre passage de roue pour v\u00e9hicules utilitaires devient un composant utile de l\u2019am\u00e9nagement qui permet de disposer d\u2019un module sur lequel il est possible de fixer des accessoires ou de poser du mat\u00e9riel de petite \u00e0 moyenne dimension. La structure du couvre passage de roue est constitu\u00e9e des \u00e9l\u00e9ments suivants\u00a0:<\/p>\n<ul class=\"arrow\">\n<li>Cadres lat\u00e9raux\u00a0: r\u00e9alis\u00e9s en acier 12\/10 automobile galvanis\u00e9, ce sont de robustes renforts nervur\u00e9s qui pr\u00e9sentent un panneau perfor\u00e9 permettant la fixation d\u2019accessoires tels que des supports pour bombes a\u00e9rosol, des porte-documents, des supports \u00e0 tapis.<\/li>\n<li>Couverture avant\u00a0: le panneau avant qui couvre le passage de roue peut \u00eatre en acier 12\/10 automobile galvanis\u00e9 ou en contreplaqu\u00e9 de bouleau de 9\u00a0mm, avec un rev\u00eatement ph\u00e9nolique gris.<\/li>\n<li>Bac sup\u00e9rieur\u00a0: il peut \u00eatre recouvert d\u2019un petit tapis antid\u00e9rapant sur lequel on pourra poser des outils de petite \u00e0 moyenne dimension. En pr\u00e9sence d\u2019une barre d\u2019arrimage sur la partie sup\u00e9rieure du c\u00f4t\u00e9, on pourra facilement assurer des \u00e9quipements tels que des \u00e9chelles, rampes de chargement et chariots \u00e0 l\u2019aide de sangles d\u2019arrimage.<\/li>\n<\/ul>\n<hr \/>\n<div class=\"col-xs-12 col-sm-12 col-md-6\">\n<div class=\"text-center\"><a class=\"btn btn-download\" href=\"tel:+390424585455\"><i class=\"fa fa-phone\"><\/i> <span class=\"spanBtn\">APPELEZ-NOUS<\/span><br \/>\npour toute information<\/a><\/div>\n<\/div>\n<div class=\"col-xs-12 col-sm-12 col-md-6\">\n<div class=\"text-center\"><a class=\"btn btn-download btnToggle\" href=\"#formcontatto\"><i class=\"fa fa-envelope\"><\/i> <span class=\"spanBtn\">\u00c9CRIVEZ-NOUS<\/span><br \/>\nvous serez contact\u00e9s<\/a><\/div>\n<\/div>\n<div class=\"break\"><\/div>\n<hr \/>\n<p><a class=\"destination\" name=\"formcontatto\"><\/a><\/p>\n<div class=\"formToggle\">\n<h4 class=\"bigTxt text-center txtBkOrange\">VOULEZ-VOUS EN SAVOIR PLUS?<\/h4>\n\n<div class=\"wpcf7 no-js\" id=\"wpcf7-f67673-o1\" lang=\"it-IT\" dir=\"ltr\">\n<div class=\"screen-reader-response\"><p role=\"status\" aria-live=\"polite\" aria-atomic=\"true\"><\/p> <ul><\/ul><\/div>\n<form action=\"\/fr\/wp-json\/wp\/v2\/pages\/107559#wpcf7-f67673-o1\" method=\"post\" class=\"wpcf7-form init\" aria-label=\"Modulo di contatto\" novalidate=\"novalidate\" data-status=\"init\">\n<div style=\"display: none;\">\n<input type=\"hidden\" name=\"_wpcf7\" value=\"67673\" \/>\n<input type=\"hidden\" name=\"_wpcf7_version\" value=\"5.7.7\" \/>\n<input type=\"hidden\" name=\"_wpcf7_locale\" value=\"it_IT\" \/>\n<input type=\"hidden\" name=\"_wpcf7_unit_tag\" value=\"wpcf7-f67673-o1\" \/>\n<input type=\"hidden\" name=\"_wpcf7_container_post\" value=\"0\" \/>\n<input type=\"hidden\" name=\"_wpcf7_posted_data_hash\" value=\"\" \/>\n<input type=\"hidden\" name=\"_wpcf7_recaptcha_response\" value=\"\" \/>\n<\/div>\n<span class=\"wpcf7-form-control-wrap url\" data-name=\"url\"><input type=\"hidden\" name=\"url\" size=\"40\" class=\"wpcf7-form-control wpcf7-hidden wpcf7dtx wpcf7dtx-hidden\" aria-invalid=\"false\" value=\"couvre-passage-de-roue\" autocomplete=\"off\" \/><\/span>\n<p>Pour plus d'informations, remplissez les champs suivants. L'un de nos op\u00e9rateurs vous recontactera dans les plus brefs d\u00e9lais (* champs obligatoires):\n<\/p>\n<div class=\"col-xs-12 col-md-6\">\n\t<p><span class='titoli'>Pr\u00e9nom (*)<\/span>\n\t<\/p>\n\t<p><span class=\"wpcf7-form-control-wrap\" data-name=\"your-name\"><input size=\"40\" class=\"wpcf7-form-control wpcf7-text wpcf7-validates-as-required form-control\" aria-required=\"true\" aria-invalid=\"false\" value=\"\" type=\"text\" name=\"your-name\" \/><\/span>\n\t<\/p>\n<\/div>\n<div class=\"col-xs-12 col-md-6\">\n\t<p><span class='titoli'>Nom (*)<\/span>\n\t<\/p>\n\t<p><span class=\"wpcf7-form-control-wrap\" data-name=\"your-last-name\"><input size=\"40\" class=\"wpcf7-form-control wpcf7-text wpcf7-validates-as-required form-control\" aria-required=\"true\" aria-invalid=\"false\" value=\"\" type=\"text\" name=\"your-last-name\" \/><\/span>\n\t<\/p>\n<\/div>\n<div class=\"col-xs-12 col-md-6\">\n\t<p><span class='titoli'>Entreprise (*)<\/span>\n\t<\/p>\n\t<p><span class=\"wpcf7-form-control-wrap\" data-name=\"your-company\"><input size=\"40\" class=\"wpcf7-form-control wpcf7-text wpcf7-validates-as-required form-control\" aria-required=\"true\" aria-invalid=\"false\" value=\"\" type=\"text\" name=\"your-company\" \/><\/span>\n\t<\/p>\n<\/div>\n<div class=\"col-xs-12 col-md-6\">\n\t<p><span class='titoli'>TVA<\/span>\n\t<\/p>\n\t<p><span class=\"wpcf7-form-control-wrap\" data-name=\"p-iva\"><input size=\"40\" class=\"wpcf7-form-control wpcf7-text form-control\" aria-invalid=\"false\" value=\"\" type=\"text\" name=\"p-iva\" \/><\/span>\n\t<\/p>\n<\/div>\n<div class=\"clearboth\">\n<\/div>\n<div class=\"col-xs-12 col-md-4\">\n\t<p><span class='titoli'>Code Postal (*)<\/span>\n\t<\/p>\n\t<p><span class=\"wpcf7-form-control-wrap\" data-name=\"your-zip-code\"><input size=\"40\" class=\"wpcf7-form-control wpcf7-text wpcf7-validates-as-required form-control\" aria-required=\"true\" aria-invalid=\"false\" value=\"\" type=\"text\" name=\"your-zip-code\" \/><\/span>\n\t<\/p>\n<\/div>\n<div class=\"col-xs-12 col-md-4\">\n\t<p><span class='titoli'>Adresse (*)<\/span>\n\t<\/p>\n\t<p><span class=\"wpcf7-form-control-wrap\" data-name=\"your-address\"><input size=\"40\" class=\"wpcf7-form-control wpcf7-text wpcf7-validates-as-required form-control\" aria-required=\"true\" aria-invalid=\"false\" value=\"\" type=\"text\" name=\"your-address\" \/><\/span>\n\t<\/p>\n<\/div>\n<div class=\"col-xs-12 col-md-4\">\n\t<p><span class='titoli'>Ville (*)<\/span>\n\t<\/p>\n\t<p><span class=\"wpcf7-form-control-wrap\" data-name=\"your-Town\"><input size=\"40\" class=\"wpcf7-form-control wpcf7-text wpcf7-validates-as-required form-control\" aria-required=\"true\" aria-invalid=\"false\" value=\"\" type=\"text\" name=\"your-Town\" \/><\/span>\n\t<\/p>\n<\/div>\n<div class=\"clearboth\">\n<\/div>\n<div class=\"col-xs-12 col-md-6\">\n\t<p><span class='titoli'>email (*)<\/span>\n\t<\/p>\n\t<p><span class=\"wpcf7-form-control-wrap\" data-name=\"your-email\"><input size=\"40\" class=\"wpcf7-form-control wpcf7-text wpcf7-email wpcf7-validates-as-required wpcf7-validates-as-email form-control\" aria-required=\"true\" aria-invalid=\"false\" value=\"\" type=\"email\" name=\"your-email\" \/><\/span>\n\t<\/p>\n<\/div>\n<div class=\"col-xs-12 col-md-6\">\n\t<p><span class='titoli'>T\u00e9l\u00e9phone (*)<\/span>\n\t<\/p>\n\t<p><span class=\"wpcf7-form-control-wrap\" data-name=\"telefono\"><input size=\"40\" class=\"wpcf7-form-control wpcf7-text wpcf7-tel wpcf7-validates-as-required wpcf7-validates-as-tel form-control\" aria-required=\"true\" aria-invalid=\"false\" value=\"\" type=\"tel\" name=\"telefono\" \/><\/span>\n\t<\/p>\n<\/div>\n<div class=\"clearboth\">\n<\/div>\n<div class=\"col-xs-12 col-md-6\">\n\t<p><span class='titoli'>Objet <\/span>\n\t<\/p>\n\t<p><span class=\"wpcf7-form-control-wrap\" data-name=\"oggetto\"><select class=\"wpcf7-form-control wpcf7-select wpcf7-validates-as-required\" aria-required=\"true\" aria-invalid=\"false\" name=\"oggetto\"><option value=\"Citation\">Citation<\/option><option value=\"Information technique\">Information technique<\/option><option value=\"Rendez-vous\">Rendez-vous<\/option><\/select><\/span>\n\t<\/p>\n<\/div>\n<div class=\"col-xs-12 col-md-6\">\n\t<p><br \/>\n<span class=\"titoli\"> <span class=\"wpcf7-form-control-wrap\" data-name=\"cliente\"><span class=\"wpcf7-form-control wpcf7-checkbox\"><span class=\"wpcf7-list-item first last\"><label><span class=\"wpcf7-list-item-label\">Je suis d\u00e9j\u00e0 client<\/span><input type=\"checkbox\" name=\"cliente[]\" value=\"Je suis d\u00e9j\u00e0 client\" \/><\/label><\/span><\/span><\/span><\/span>\n\t<\/p>\n<\/div>\n<div class=\"col-xs-12 col-md-12\">\n\t<p><span class='titoli'>Message (*)<\/span>\n\t<\/p>\n\t<p><span class=\"wpcf7-form-control-wrap\" data-name=\"your-message\"><textarea cols=\"40\" rows=\"10\" class=\"wpcf7-form-control wpcf7-textarea wpcf7-validates-as-required form-control\" aria-required=\"true\" aria-invalid=\"false\" name=\"your-message\"><\/textarea><\/span>\n\t<\/p>\n<\/div>\n<div class=\"col-xs-12 col-md-12\">\n\t<p><small>Les donn\u00e9es saisies seront trait\u00e9es de mani\u00e8re strictement confidentielle conform\u00e9ment \u00e0 la loi et \u00e0 notre <a href=\"https:\/\/www.storevan.com\/fr\/privacy-policy\/\">politique de confidentialit\u00e9<\/a>.<\/small>\n\t<\/p>\n\t<p><span class=\"wpcf7-form-control-wrap\" data-name=\"AccettazionePrivacy\"><span class=\"wpcf7-form-control wpcf7-acceptance\"><span class=\"wpcf7-list-item\"><input type=\"checkbox\" name=\"AccettazionePrivacy\" value=\"1\" aria-invalid=\"false\" \/><\/span><\/span><\/span> Je d\u00e9clare avoir pris connaissance de la Note Informative sur les <a href=\"https:\/\/www.storevan.com\/fr\/privacy-policy\/\">Note Informative sur les Informations priv\u00e9es<\/a> et j\u2019autorise au traitement de mes donn\u00e9es personnelles en conformit\u00e9 avec ce qui y est \u00e9crit. (*)<br \/>\n\t<span class=\"wpcf7-form-control-wrap recaptcha\" data-name=\"recaptcha\"><span data-sitekey=\"6LdfM4AUAAAAAJjsAucux5WVNA3hsk5KP0a03T_n\" class=\"wpcf7-form-control g-recaptcha wpcf7-recaptcha\"><\/span>\r\n<noscript>\r\n\t<div class=\"grecaptcha-noscript\">\r\n\t\t<iframe src=\"https:\/\/www.google.com\/recaptcha\/api\/fallback?k=6LdfM4AUAAAAAJjsAucux5WVNA3hsk5KP0a03T_n\" frameborder=\"0\" scrolling=\"no\" width=\"310\" height=\"430\">\r\n\t\t<\/iframe>\r\n\t\t<textarea name=\"g-recaptcha-response\" rows=\"3\" cols=\"40\" placeholder=\"reCaptcha Response Here\">\r\n\t\t<\/textarea>\r\n\t<\/div>\r\n<\/noscript>\r\n<\/span>\n\t<\/p>\n<\/div>\n<hr class=\"noColor\" \/>\n<p><input class=\"wpcf7-form-control has-spinner wpcf7-submit\" type=\"submit\" value=\"Envoi\" \/>\n<\/p><div class=\"wpcf7-response-output\" aria-hidden=\"true\"><\/div>\n<\/form>\n<\/div>\n<\/div>\n","protected":false},"excerpt":{"rendered":"<p>Couvre passage de roue pour v\u00e9hicules utilitaires Prot\u00e9gez la carrosserie de votre v\u00e9hicule avec le couvre passage de roue pour v\u00e9hicules utilitaires Store Van Le couvre passage de roue pour.<\/p>\n","protected":false},"author":470,"featured_media":108671,"parent":25668,"menu_order":0,"comment_status":"closed","ping_status":"closed","template":"","meta":[],"acf":[],"yoast_head":"<!-- This site is optimized with the Yoast SEO plugin v20.11 - https:\/\/yoast.com\/wordpress\/plugins\/seo\/ -->\n<title>Couvre passage de roue pour v\u00e9hicules utilitaires<\/title>\n<meta name=\"description\" content=\"Le couvre passage de roue Store Van, rev\u00eatu de panneaux en bois ou en acier perfor\u00e9, prot\u00e8ge les passages de roue et vous permet de fixer des crochets et des sangles pour utilitaire.\" \/>\n<meta name=\"robots\" content=\"index, follow, max-snippet:-1, max-image-preview:large, max-video-preview:-1\" \/>\n<link rel=\"canonical\" href=\"https:\/\/www.storevan.com\/fr\/produits\/couvre-passage-de-roue\/\" \/>\n<meta property=\"og:locale\" content=\"fr_FR\" \/>\n<meta property=\"og:type\" content=\"article\" \/>\n<meta property=\"og:title\" content=\"Couvre passage de roue pour v\u00e9hicules utilitaires\" \/>\n<meta property=\"og:description\" content=\"Le couvre passage de roue Store Van, rev\u00eatu de panneaux en bois ou en acier perfor\u00e9, prot\u00e8ge les passages de roue et vous permet de fixer des crochets et des sangles pour utilitaire.\" \/>\n<meta property=\"og:url\" content=\"https:\/\/www.storevan.com\/fr\/produits\/couvre-passage-de-roue\/\" \/>\n<meta property=\"og:site_name\" content=\"Store Van\" \/>\n<meta property=\"og:image\" content=\"https:\/\/www.storevan.com\/wp-content\/uploads\/2019\/09\/ACS-copripassaruota.jpg\" \/>\n\t<meta property=\"og:image:width\" content=\"350\" \/>\n\t<meta property=\"og:image:height\" content=\"250\" \/>\n\t<meta property=\"og:image:type\" content=\"image\/jpeg\" \/>\n<meta name=\"twitter:label1\" content=\"Dur\u00e9e de lecture estim\u00e9e\" \/>\n\t<meta name=\"twitter:data1\" content=\"3 minutes\" \/>\n<script type=\"application\/ld+json\" class=\"yoast-schema-graph\">{\"@context\":\"https:\/\/schema.org\",\"@graph\":[{\"@type\":\"WebPage\",\"@id\":\"https:\/\/www.storevan.com\/fr\/produits\/couvre-passage-de-roue\/\",\"url\":\"https:\/\/www.storevan.com\/fr\/produits\/couvre-passage-de-roue\/\",\"name\":\"Couvre passage de roue pour v\u00e9hicules utilitaires\",\"isPartOf\":{\"@id\":\"https:\/\/www.storevan.com\/pl\/#website\"},\"datePublished\":\"2019-09-30T06:37:43+00:00\",\"dateModified\":\"2019-09-30T06:37:43+00:00\",\"description\":\"Le couvre passage de roue Store Van, rev\u00eatu de panneaux en bois ou en acier perfor\u00e9, prot\u00e8ge les passages de roue et vous permet de fixer des crochets et des sangles pour utilitaire.\",\"breadcrumb\":{\"@id\":\"https:\/\/www.storevan.com\/fr\/produits\/couvre-passage-de-roue\/#breadcrumb\"},\"inLanguage\":\"fr-FR\",\"potentialAction\":[{\"@type\":\"ReadAction\",\"target\":[\"https:\/\/www.storevan.com\/fr\/produits\/couvre-passage-de-roue\/\"]}]},{\"@type\":\"BreadcrumbList\",\"@id\":\"https:\/\/www.storevan.com\/fr\/produits\/couvre-passage-de-roue\/#breadcrumb\",\"itemListElement\":[{\"@type\":\"ListItem\",\"position\":1,\"name\":\"Home\",\"item\":\"https:\/\/www.storevan.com\/fr\/\"},{\"@type\":\"ListItem\",\"position\":2,\"name\":\"Produits\",\"item\":\"https:\/\/www.storevan.com\/fr\/produits\/\"},{\"@type\":\"ListItem\",\"position\":3,\"name\":\"Couvre passage de roue\"}]},{\"@type\":\"WebSite\",\"@id\":\"https:\/\/www.storevan.com\/pl\/#website\",\"url\":\"https:\/\/www.storevan.com\/pl\/\",\"name\":\"Store Van\",\"description\":\"Am\u00e9nagements fourgons\",\"potentialAction\":[{\"@type\":\"SearchAction\",\"target\":{\"@type\":\"EntryPoint\",\"urlTemplate\":\"https:\/\/www.storevan.com\/pl\/?s={search_term_string}\"},\"query-input\":\"required name=search_term_string\"}],\"inLanguage\":\"fr-FR\"}]}<\/script>\n<!-- \/ Yoast SEO plugin. -->","yoast_head_json":{"title":"Couvre passage de roue pour v\u00e9hicules utilitaires","description":"Le couvre passage de roue Store Van, rev\u00eatu de panneaux en bois ou en acier perfor\u00e9, prot\u00e8ge les passages de roue et vous permet de fixer des crochets et des sangles pour utilitaire.","robots":{"index":"index","follow":"follow","max-snippet":"max-snippet:-1","max-image-preview":"max-image-preview:large","max-video-preview":"max-video-preview:-1"},"canonical":"https:\/\/www.storevan.com\/fr\/produits\/couvre-passage-de-roue\/","og_locale":"fr_FR","og_type":"article","og_title":"Couvre passage de roue pour v\u00e9hicules utilitaires","og_description":"Le couvre passage de roue Store Van, rev\u00eatu de panneaux en bois ou en acier perfor\u00e9, prot\u00e8ge les passages de roue et vous permet de fixer des crochets et des sangles pour utilitaire.","og_url":"https:\/\/www.storevan.com\/fr\/produits\/couvre-passage-de-roue\/","og_site_name":"Store Van","og_image":[{"width":350,"height":250,"url":"https:\/\/www.storevan.com\/wp-content\/uploads\/2019\/09\/ACS-copripassaruota.jpg","type":"image\/jpeg"}],"twitter_misc":{"Dur\u00e9e de lecture estim\u00e9e":"3 minutes"},"schema":{"@context":"https:\/\/schema.org","@graph":[{"@type":"WebPage","@id":"https:\/\/www.storevan.com\/fr\/produits\/couvre-passage-de-roue\/","url":"https:\/\/www.storevan.com\/fr\/produits\/couvre-passage-de-roue\/","name":"Couvre passage de roue pour v\u00e9hicules utilitaires","isPartOf":{"@id":"https:\/\/www.storevan.com\/pl\/#website"},"datePublished":"2019-09-30T06:37:43+00:00","dateModified":"2019-09-30T06:37:43+00:00","description":"Le couvre passage de roue Store Van, rev\u00eatu de panneaux en bois ou en acier perfor\u00e9, prot\u00e8ge les passages de roue et vous permet de fixer des crochets et des sangles pour utilitaire.","breadcrumb":{"@id":"https:\/\/www.storevan.com\/fr\/produits\/couvre-passage-de-roue\/#breadcrumb"},"inLanguage":"fr-FR","potentialAction":[{"@type":"ReadAction","target":["https:\/\/www.storevan.com\/fr\/produits\/couvre-passage-de-roue\/"]}]},{"@type":"BreadcrumbList","@id":"https:\/\/www.storevan.com\/fr\/produits\/couvre-passage-de-roue\/#breadcrumb","itemListElement":[{"@type":"ListItem","position":1,"name":"Home","item":"https:\/\/www.storevan.com\/fr\/"},{"@type":"ListItem","position":2,"name":"Produits","item":"https:\/\/www.storevan.com\/fr\/produits\/"},{"@type":"ListItem","position":3,"name":"Couvre passage de roue"}]},{"@type":"WebSite","@id":"https:\/\/www.storevan.com\/pl\/#website","url":"https:\/\/www.storevan.com\/pl\/","name":"Store Van","description":"Am\u00e9nagements fourgons","potentialAction":[{"@type":"SearchAction","target":{"@type":"EntryPoint","urlTemplate":"https:\/\/www.storevan.com\/pl\/?s={search_term_string}"},"query-input":"required name=search_term_string"}],"inLanguage":"fr-FR"}]}},"_links":{"self":[{"href":"https:\/\/www.storevan.com\/fr\/wp-json\/wp\/v2\/pages\/107559"}],"collection":[{"href":"https:\/\/www.storevan.com\/fr\/wp-json\/wp\/v2\/pages"}],"about":[{"href":"https:\/\/www.storevan.com\/fr\/wp-json\/wp\/v2\/types\/page"}],"author":[{"embeddable":true,"href":"https:\/\/www.storevan.com\/fr\/wp-json\/wp\/v2\/users\/470"}],"replies":[{"embeddable":true,"href":"https:\/\/www.storevan.com\/fr\/wp-json\/wp\/v2\/comments?post=107559"}],"version-history":[{"count":15,"href":"https:\/\/www.storevan.com\/fr\/wp-json\/wp\/v2\/pages\/107559\/revisions"}],"predecessor-version":[{"id":107949,"href":"https:\/\/www.storevan.com\/fr\/wp-json\/wp\/v2\/pages\/107559\/revisions\/107949"}],"up":[{"embeddable":true,"href":"https:\/\/www.storevan.com\/fr\/wp-json\/wp\/v2\/pages\/25668"}],"wp:featuredmedia":[{"embeddable":true,"href":"https:\/\/www.storevan.com\/fr\/wp-json\/wp\/v2\/media\/108671"}],"wp:attachment":[{"href":"https:\/\/www.storevan.com\/fr\/wp-json\/wp\/v2\/media?parent=107559"}],"curies":[{"name":"wp","href":"https:\/\/api.w.org\/{rel}","templated":true}]}}