{"id":107512,"date":"2019-09-30T06:37:47","date_gmt":"2019-09-30T06:37:47","guid":{"rendered":"https:\/\/www.storevan.com\/?page_id=107512"},"modified":"2022-01-18T14:33:37","modified_gmt":"2022-01-18T14:33:37","slug":"etabli-pliant","status":"publish","type":"page","link":"https:\/\/www.storevan.com\/fr\/produits\/etabli-pliant\/","title":{"rendered":"\u00c9tabli pliant"},"content":{"rendered":"<h1 class=\"customblackTitleSmall\">\u00c9tabli pliant\u00a0: deux dimensions pour mille usages<\/h1>\n<h2>\u00c9tablis pliants, l\u00e9gers et transportables\u00a0: nous sommes pr\u00eats en cas de besoin\u00a0!<\/h2>\n<hr class=\"noColor\" \/>\n<p><img decoding=\"async\" loading=\"lazy\" class=\"aligncenter size-full wp-image-137971\" src=\"https:\/\/www.storevan.com\/wp-content\/uploads\/2022\/01\/banchi-lavoro-pieghevoli.jpg\" alt=\"\u00c9tablis pliants\" width=\"1100\" height=\"273\" srcset=\"https:\/\/www.storevan.com\/wp-content\/uploads\/2022\/01\/banchi-lavoro-pieghevoli.jpg 1100w, https:\/\/www.storevan.com\/wp-content\/uploads\/2022\/01\/banchi-lavoro-pieghevoli-300x74.jpg 300w, https:\/\/www.storevan.com\/wp-content\/uploads\/2022\/01\/banchi-lavoro-pieghevoli-1024x254.jpg 1024w, https:\/\/www.storevan.com\/wp-content\/uploads\/2022\/01\/banchi-lavoro-pieghevoli-768x191.jpg 768w\" sizes=\"(max-width: 1100px) 100vw, 1100px\" \/><\/p>\n<hr class=\"noColor\" \/>\n<p>Un \u00e9tabli pliant est la solution id\u00e9ale pour faire face au besoin de r\u00e9aliser de petits travaux lors de votre activit\u00e9 professionnelle.<\/p>\n<p>Les \u00e9tablis pliants Store Van sont con\u00e7us pour occuper l\u2019encombrement le plus faible possible, m\u00eame repli\u00e9s, et sont fabriqu\u00e9s avec des mat\u00e9riaux de grande qualit\u00e9 qui garantissent leur stabilit\u00e9 et leur dur\u00e9e dans le temps.<\/p>\n<p>Les pieds sont dot\u00e9s d&rsquo;un <strong>syst\u00e8me pratique de repliage<\/strong> et le <strong>plateau en bois perfor\u00e9<\/strong> permet la fixation et l\u2019utilisation de pinces et autres outils de travail.<\/p>\n<p><strong>Solide, \u00e9pur\u00e9e et l\u00e9g\u00e8re<\/strong>, dans les deux cas, la table de travail pliante Store Van peut \u00eatre utilis\u00e9e en toute situation et est id\u00e9ale \u00e9galement comme \u00e9tabli de bricolage pliant.<\/p>\n<hr class=\"noColor\" \/>\n<hr class=\"noColor\" \/>\n<div class=\"tabsBanchi\"><div class=\"tab-holder shortcode-tabs\"><div class=\"tab-hold tabs-wrapper\"><ul id=\"tabs\" class=\"tabset tabs nav-tabs\"><li><a href=\"#tab1\" data-toggle=\"tab\"><span class='hidden-xs'>\u00c9TABLI PLIANT WORK TABLE - <\/span><span class='txtOrange customblackTitleExtraSmall'>LARGE<\/span><\/a><\/li><li><a href=\"#tab2\" data-toggle=\"tab\"><span class='hidden-xs'\u00c9TABLI PORTABLE - <\/span><span class='txtOrange customblackTitleExtraSmall'>SMALL<\/span><\/a><\/li><\/ul><div class=\"tab-box tabs-container\">\n<div id=\"tab1\" class=\"tab tab_content\">\n<div id=\"bancoLarge\" class=\"ts-gallery\">\n<div class=\"col-xs-12 col-md-6\"><a href=\"https:\/\/www.storevan.com\/wp-content\/uploads\/2021\/12\/banco-lavoro-pieghevole-large.jpg\" title=\"\u00c9tabli pliant Large\"><img decoding=\"async\" loading=\"lazy\" class=\"aligncenter wp-image-137233\" src=\"https:\/\/www.storevan.com\/wp-content\/uploads\/2021\/12\/banco-lavoro-pieghevole-large.jpg\" alt=\"\u00c9tabli pliant Large\" width=\"746\" height=\"500\" srcset=\"https:\/\/www.storevan.com\/wp-content\/uploads\/2021\/12\/banco-lavoro-pieghevole-large.jpg 800w, https:\/\/www.storevan.com\/wp-content\/uploads\/2021\/12\/banco-lavoro-pieghevole-large-300x201.jpg 300w, https:\/\/www.storevan.com\/wp-content\/uploads\/2021\/12\/banco-lavoro-pieghevole-large-768x515.jpg 768w\" sizes=\"(max-width: 746px) 100vw, 746px\" \/><\/a><\/div>\n<div class=\"col-xs-12 col-md-6\">\n<p>Le nouvel <strong>\u00e9tabli pliant WORK TABLE<\/strong> est con\u00e7u pour ceux qui ont besoin d\u2019un plateau aux dimensions et \u00e0 la capacit\u00e9 importantes, \u00e0 utiliser tant \u00e0 l&rsquo;int\u00e9rieur qu&rsquo;\u00e0 l\u2019ext\u00e9rieur du fourgon.<\/p>\n<hr class=\"noColor\" \/>\n<ul class=\"listDalia\" style=\"margin: 0;\">\n<li><i class=\"fa fa-angle-double-right numVan\"><\/i> <span class=\"txtBlack\">TABLE DE TRAVAIL D\u00c9PLI\u00c9E : <span class=\"customblackTitleExtraSmall\">1184 x 590 x 896 mm<\/span><\/span><\/li>\n<li><i class=\"fa fa-angle-double-right numVan\"><\/i> <span class=\"txtBlack\">TABLE DE TRAVAIL REPLI\u00c9E : <span class=\"customblackTitleExtraSmall\">1100 x 590 x 60 mm<\/span><\/span><\/li>\n<li><i class=\"fa fa-angle-double-right numVan\"><\/i> <span class=\"txtBlack\">POIDS : <span class=\"customblackTitleExtraSmall\">20kg<\/span><\/span><\/li>\n<li><i class=\"fa fa-angle-double-right numVan\"><\/i> <span class=\"txtBlack\">CAPACIT\u00c9 : <span class=\"customblackTitleExtraSmall\">400kg<\/span><\/span><\/li>\n<\/ul>\n<hr class=\"noColor\" \/>\n<p>Une fois repli\u00e9, il occupe un espace de seulement 60\u00a0mm et la robustesse des pieds conf\u00e8re \u00e0 la table de travail pliante Work Table une capacit\u00e9 de 400\u00a0kg.<\/p>\n<p>Toujours repli\u00e9, il peut \u00eatre facilement fix\u00e9, au moyen des trois\u00a0crochets de support fournis, aux trous carr\u00e9s des panneaux perfor\u00e9s situ\u00e9s \u00e0 l\u2019int\u00e9rieur de la zone de chargement.<\/p>\n<p>Compte tenu des dimensions, la table de travail pliante n\u2019est pas compatible avec le <a href=\"https:\/\/www.storevan.com\/fr\/produits\/amenagement-cloison\/\" title=\"Am\u00e9nagement de cloison\">syst\u00e8me de cloison<\/a>.<\/p>\n<\/div>\n<div class=\"break\"><\/div>\n<hr class=\"noColor\" \/>\n<hr \/>\n<hr class=\"noColor\" \/>\n<h3 class=\"col-xs-12 col-md-12 text-left\">CARACT\u00c9RISTIQUES:<\/h3>\n<div class=\"break\"><\/div>\n<hr class=\"noColor\" \/>\n<div class=\"contentVantaggi col-md-7\">\n<div class=\"inner_desc\">\n<div class=\"single_area fadeInUp wow\" data-wow-duration=\".5s\" data-wow-delay=\"0.6s\">\n<p><input id=\"area1\" class=\"read-more-state\" type=\"checkbox\" \/><\/p>\n<div class=\"BigNumber\">1<\/div>\n<p><strong class=\"txtUp text-left\">\u00c9triers de fixation universels<\/strong><\/p>\n<\/div>\n<div class=\"single_area fadeInUp wow\" data-wow-duration=\".5s\" data-wow-delay=\"0.8s\">\n<p><input id=\"area2\" class=\"read-more-state\" type=\"checkbox\" \/><\/p>\n<div class=\"BigNumber\">2<\/div>\n<p><strong class=\"txtUp text-left\">Protection des ar\u00eates sur tout le tour<\/strong><\/p>\n<\/div>\n<div class=\"single_area fadeInUp wow\" data-wow-duration=\".5s\" data-wow-delay=\"1s\">\n<p><input id=\"area3\" class=\"read-more-state\" type=\"checkbox\" \/><\/p>\n<div class=\"BigNumber\">3<\/div>\n<p><strong class=\"txtUp text-left\">Barres de renfort<\/strong><\/p>\n<\/div>\n<div class=\"single_area fadeInUp wow\" data-wow-duration=\".5s\" data-wow-delay=\"1.2s\">\n<p><input id=\"area4\" class=\"read-more-state\" type=\"checkbox\" \/><\/p>\n<div class=\"BigNumber\">4<\/div>\n<p><strong class=\"txtUp text-left\">Trous pour supports de fixation<\/strong><\/p>\n<\/div>\n<\/div>\n<\/div>\n<div class=\"col-xs-12 col-md-5\"><a href=\"https:\/\/www.storevan.com\/wp-content\/uploads\/2022\/01\/banco-lavoro-pieghevole-large.jpg\" title=\"\u00c9tabli gain de place - Large\"><img decoding=\"async\" loading=\"lazy\" src=\"https:\/\/www.storevan.com\/wp-content\/uploads\/2022\/01\/banco-lavoro-pieghevole-large-300x225.jpg\" alt=\"\u00c9tabli gain de place - Large\" width=\"300\" height=\"225\" class=\"aligncenter size-medium wp-image-138093\" srcset=\"https:\/\/www.storevan.com\/wp-content\/uploads\/2022\/01\/banco-lavoro-pieghevole-large-300x225.jpg 300w, https:\/\/www.storevan.com\/wp-content\/uploads\/2022\/01\/banco-lavoro-pieghevole-large-768x576.jpg 768w, https:\/\/www.storevan.com\/wp-content\/uploads\/2022\/01\/banco-lavoro-pieghevole-large-425x320.jpg 425w, https:\/\/www.storevan.com\/wp-content\/uploads\/2022\/01\/banco-lavoro-pieghevole-large.jpg 800w\" sizes=\"(max-width: 300px) 100vw, 300px\" \/><\/a>\n<\/div>\n<div class=\"break\"><\/div>\n<hr class=\"noColor\" \/>\n<hr \/>\n<hr class=\"noColor\" \/>\n<h3 class=\"col-xs-12 col-md-12 text-left\">VIDEO:<\/h3>\n<div class=\"break\"><\/div>\n<hr class=\"noColor\" \/>\n<div class=\"col-xs-12 col-md-6\">\n<div class=\"iframeContent video\"><iframe loading=\"lazy\" width=\"560\" height=\"315\" src=\"https:\/\/www.youtube.com\/embed\/xzTFo2QMEs4\" title=\"YouTube video player\" frameborder=\"0\" allow=\"accelerometer; autoplay; clipboard-write; encrypted-media; gyroscope; picture-in-picture\" allowfullscreen><\/iframe><\/div>\n<\/div>\n<div class=\"break\"><\/div>\n<hr \/>\n<hr class=\"noColor\" \/>\n<h3 class=\"col-xs-12 col-md-12 text-left\">GALLERY:<\/h3>\n<div class=\"break\"><\/div>\n<hr class=\"noColor\" \/>\n<div class=\"ts-gallery col-md-10 col-md-offset-1 galleryEffect mai\">\n<div class=\"col-xs-4 col-md-2\"><a href=\"https:\/\/www.storevan.com\/wp-content\/uploads\/2021\/12\/banco-da-lavoro-pieghevole.jpg\" title=\"Table de travail pliante - Large\"><img decoding=\"async\" loading=\"lazy\" class=\"aligncenter size-full wp-image-137475\" src=\"https:\/\/www.storevan.com\/wp-content\/uploads\/2021\/12\/banco-da-lavoro-pieghevole.jpg\" alt=\"Table de travail pliante\" width=\"150\" height=\"150\" srcset=\"https:\/\/www.storevan.com\/wp-content\/uploads\/2021\/12\/banco-da-lavoro-pieghevole.jpg 690w, https:\/\/www.storevan.com\/wp-content\/uploads\/2021\/12\/banco-da-lavoro-pieghevole-300x300.jpg 300w, https:\/\/www.storevan.com\/wp-content\/uploads\/2021\/12\/banco-da-lavoro-pieghevole-150x150.jpg 150w, https:\/\/www.storevan.com\/wp-content\/uploads\/2021\/12\/banco-da-lavoro-pieghevole-48x48.jpg 48w, https:\/\/www.storevan.com\/wp-content\/uploads\/2021\/12\/banco-da-lavoro-pieghevole-480x480.jpg 480w\" sizes=\"(max-width: 150px) 100vw, 150px\" \/><\/a><\/div>\n<div class=\"col-xs-4 col-md-2\"><a href=\"https:\/\/www.storevan.com\/wp-content\/uploads\/2021\/12\/2.jpg\" title=\"\u00c9tabli Work Table - Large\"><img decoding=\"async\" loading=\"lazy\" class=\"aligncenter size-full wp-image-137487\" src=\"https:\/\/www.storevan.com\/wp-content\/uploads\/2021\/12\/2.jpg\" alt=\"\u00c9tabli Work Table\" width=\"150\" height=\"150\" srcset=\"https:\/\/www.storevan.com\/wp-content\/uploads\/2021\/12\/2.jpg 690w, https:\/\/www.storevan.com\/wp-content\/uploads\/2021\/12\/2-300x300.jpg 300w, https:\/\/www.storevan.com\/wp-content\/uploads\/2021\/12\/2-150x150.jpg 150w, https:\/\/www.storevan.com\/wp-content\/uploads\/2021\/12\/2-48x48.jpg 48w, https:\/\/www.storevan.com\/wp-content\/uploads\/2021\/12\/2-480x480.jpg 480w\" sizes=\"(max-width: 150px) 100vw, 150px\" \/><\/a><\/div>\n<div class=\"col-xs-4 col-md-2\"><a href=\"https:\/\/www.storevan.com\/wp-content\/uploads\/2021\/12\/3.jpg\" title=\" - Large\"><img decoding=\"async\" loading=\"lazy\" class=\"aligncenter size-full wp-image-137493\" src=\"https:\/\/www.storevan.com\/wp-content\/uploads\/2021\/12\/3.jpg\" alt=\"\" width=\"150\" height=\"150\" srcset=\"https:\/\/www.storevan.com\/wp-content\/uploads\/2021\/12\/3.jpg 690w, https:\/\/www.storevan.com\/wp-content\/uploads\/2021\/12\/3-300x300.jpg 300w, https:\/\/www.storevan.com\/wp-content\/uploads\/2021\/12\/3-150x150.jpg 150w, https:\/\/www.storevan.com\/wp-content\/uploads\/2021\/12\/3-48x48.jpg 48w, https:\/\/www.storevan.com\/wp-content\/uploads\/2021\/12\/3-480x480.jpg 480w\" sizes=\"(max-width: 150px) 100vw, 150px\" \/><\/a><\/div>\n<div class=\"col-xs-4 col-md-2\"><a href=\"https:\/\/www.storevan.com\/wp-content\/uploads\/2021\/12\/5.jpg\" title=\"Barres de renfort pour \u00c9tabli\n- Large\"><img decoding=\"async\" loading=\"lazy\" class=\"aligncenter size-full wp-image-137469\" src=\"https:\/\/www.storevan.com\/wp-content\/uploads\/2021\/12\/5.jpg\" alt=\"Barres de renfort pour \u00c9tabli\" width=\"150\" height=\"150\" srcset=\"https:\/\/www.storevan.com\/wp-content\/uploads\/2021\/12\/5.jpg 690w, https:\/\/www.storevan.com\/wp-content\/uploads\/2021\/12\/5-300x300.jpg 300w, https:\/\/www.storevan.com\/wp-content\/uploads\/2021\/12\/5-150x150.jpg 150w, https:\/\/www.storevan.com\/wp-content\/uploads\/2021\/12\/5-48x48.jpg 48w, https:\/\/www.storevan.com\/wp-content\/uploads\/2021\/12\/5-480x480.jpg 480w\" sizes=\"(max-width: 150px) 100vw, 150px\" \/><\/a><\/div>\n<div class=\"col-xs-4 col-md-2\"><a href=\"https:\/\/www.storevan.com\/wp-content\/uploads\/2021\/12\/4.jpg\" title=\"\u00c9tabli gain de place - Large\"><img decoding=\"async\" loading=\"lazy\" class=\"aligncenter size-full wp-image-137463\" src=\"https:\/\/www.storevan.com\/wp-content\/uploads\/2021\/12\/4.jpg\" alt=\"\u00c9tabli\" width=\"150\" height=\"150\" srcset=\"https:\/\/www.storevan.com\/wp-content\/uploads\/2021\/12\/4.jpg 690w, https:\/\/www.storevan.com\/wp-content\/uploads\/2021\/12\/4-300x300.jpg 300w, https:\/\/www.storevan.com\/wp-content\/uploads\/2021\/12\/4-150x150.jpg 150w, https:\/\/www.storevan.com\/wp-content\/uploads\/2021\/12\/4-48x48.jpg 48w, https:\/\/www.storevan.com\/wp-content\/uploads\/2021\/12\/4-480x480.jpg 480w\" sizes=\"(max-width: 150px) 100vw, 150px\" \/><\/a><\/div>\n<div class=\"col-xs-4 col-md-2\"><a href=\"https:\/\/www.storevan.com\/wp-content\/uploads\/2021\/12\/tavolo-da-lavoro-pieghevole-work-table.jpg\"  title=\"\u00c9tabli pliant gain de place - Large\"><img decoding=\"async\" loading=\"lazy\" class=\"aligncenter size-full wp-image-137481\" src=\"https:\/\/www.storevan.com\/wp-content\/uploads\/2021\/12\/tavolo-da-lavoro-pieghevole-work-table.jpg\" alt=\"\u00c9tabli pliant gain de place\" width=\"150\" height=\"150\" srcset=\"https:\/\/www.storevan.com\/wp-content\/uploads\/2021\/12\/tavolo-da-lavoro-pieghevole-work-table.jpg 800w, https:\/\/www.storevan.com\/wp-content\/uploads\/2021\/12\/tavolo-da-lavoro-pieghevole-work-table-300x300.jpg 300w, https:\/\/www.storevan.com\/wp-content\/uploads\/2021\/12\/tavolo-da-lavoro-pieghevole-work-table-150x150.jpg 150w, https:\/\/www.storevan.com\/wp-content\/uploads\/2021\/12\/tavolo-da-lavoro-pieghevole-work-table-768x768.jpg 768w, https:\/\/www.storevan.com\/wp-content\/uploads\/2021\/12\/tavolo-da-lavoro-pieghevole-work-table-48x48.jpg 48w, https:\/\/www.storevan.com\/wp-content\/uploads\/2021\/12\/tavolo-da-lavoro-pieghevole-work-table-480x480.jpg 480w\" sizes=\"(max-width: 150px) 100vw, 150px\" \/><\/a><\/div>\n<hr class=\"noColor break\" \/>\n<\/div>\n<hr class=\"noColor break\" \/>\n<\/div>\n<\/div>\n<div id=\"tab2\" class=\"tab tab_content\">\n<div id=\"bancoSmall\" class=\"\">\n<div class=\"col-xs-12 col-md-6 ts-gallery\"><a href=\"https:\/\/www.storevan.com\/wp-content\/uploads\/2021\/12\/banco-da-lavoro-pieghevole-1.jpg\" title=\"\u00c9TABLI PORTABLE POUR FOURGON - Small\"><img decoding=\"async\" loading=\"lazy\" class=\"aligncenter wp-image-137619\" src=\"https:\/\/www.storevan.com\/wp-content\/uploads\/2021\/12\/banco-da-lavoro-pieghevole-1.jpg\" alt=\"\u00c9TABLI PORTABLE POUR FOURGON\" width=\"345\" height=\"345\" srcset=\"https:\/\/www.storevan.com\/wp-content\/uploads\/2021\/12\/banco-da-lavoro-pieghevole-1.jpg 690w, https:\/\/www.storevan.com\/wp-content\/uploads\/2021\/12\/banco-da-lavoro-pieghevole-1-300x300.jpg 300w, https:\/\/www.storevan.com\/wp-content\/uploads\/2021\/12\/banco-da-lavoro-pieghevole-1-150x150.jpg 150w, https:\/\/www.storevan.com\/wp-content\/uploads\/2021\/12\/banco-da-lavoro-pieghevole-1-48x48.jpg 48w, https:\/\/www.storevan.com\/wp-content\/uploads\/2021\/12\/banco-da-lavoro-pieghevole-1-480x480.jpg 480w\" sizes=\"(max-width: 345px) 100vw, 345px\" \/><\/a><\/div>\n<div class=\"col-xs-12 col-md-6\">\n<p>L\u2019\u00e9tabli pliant portable est n\u00e9 pour r\u00e9pondre \u00e0 la demande de ceux dont l\u2019activit\u00e9 implique l\u2019utilisation d&rsquo;un plan de travail qui soit, au besoin, rapidement disponible, et qui occupe peu d\u2019espace lorsqu\u2019il n\u2019est pas utilis\u00e9.<\/p>\n<ul class=\"listDalia\">\n<li><i class=\"fa fa-angle-double-right numVan\"><\/i> <span class=\"txtBlack\">TABLE DE TRAVAIL D\u00c9PLI\u00c9E : <span class=\"customblackTitleExtraSmall\">802 x 980 x 423 mm<\/span><\/span><\/li>\n<li><i class=\"fa fa-angle-double-right numVan\"><\/i> <span class=\"txtBlack\">TABLE DE TRAVAIL REPLI\u00c9E : <span class=\"customblackTitleExtraSmall\">55 x 980 x 423 mm<\/span><\/span><\/li>\n<li><i class=\"fa fa-angle-double-right numVan\"><\/i> <span class=\"txtBlack\">POIDS : <span class=\"customblackTitleExtraSmall\">15kg<\/span><\/span><\/li>\n<li><i class=\"fa fa-angle-double-right numVan\"><\/i> <span class=\"txtBlack\">CAPACIT\u00c9 : <span class=\"customblackTitleExtraSmall\">150kg<\/span><\/span><\/li>\n<\/ul>\n<p>Avec ses dimensions r\u00e9duites, l\u2019\u00e9tabli portable est maniable et peut \u00eatre transport\u00e9 sans difficult\u00e9 \u00e0 bord d&rsquo;un fourgon gr\u00e2ce \u00e0 la possibilit\u00e9 d&rsquo;insertion dans l\u2019am\u00e9nagement de cloison Store Van.<\/p>\n<hr class=\"noColor\" \/>\n<\/div>\n<div class=\"break\"><\/div>\n<hr class=\"noColor\" \/>\n<hr \/>\n<hr class=\"noColor\" \/>\n<h3 class=\"col-xs-12 col-md-12 text-left\">CARACT\u00c9RISTIQUES :<\/h3>\n<div class=\"break\"><\/div>\n<hr class=\"noColor\" \/>\n<div class=\"contentVantaggi col-md-7\">\n<div class=\"inner_desc\">\n<div class=\"single_area fadeInUp wow\" data-wow-duration=\".5s\" data-wow-delay=\"0.6s\">\n<p><input id=\"area1\" class=\"read-more-state\" type=\"checkbox\" \/><\/p>\n<div class=\"BigNumber\">1<\/div>\n<p><strong class=\"txtUp text-left\">A\u00c7ONNAGE LAT\u00c9RAL POUR ENCASTREMENT RAPIDE SUR L\u2019AM\u00c9NAGEMENT DE CLOISON<\/strong><\/p>\n<\/div>\n<div class=\"single_area fadeInUp wow\" data-wow-duration=\".5s\" data-wow-delay=\"0.8s\">\n<p><input id=\"area2\" class=\"read-more-state\" type=\"checkbox\" \/><\/p>\n<div class=\"BigNumber\">2<\/div>\n<p><strong class=\"txtUp text-left\">PIEDS REPLIABLES GAIN DE PLACE \u00c0 BLOCAGE RAPIDE<\/strong><\/p>\n<\/div>\n<div class=\"single_area fadeInUp wow\" data-wow-duration=\".5s\" data-wow-delay=\"1s\">\n<p><input id=\"area3\" class=\"read-more-state\" type=\"checkbox\" \/><\/p>\n<div class=\"BigNumber\">3<\/div>\n<p><strong class=\"txtUp text-left\">PERFORATION TECHNIQUE POUR PINCES ET TRANSPORT<\/strong><\/p>\n<\/div>\n<div class=\"single_area fadeInUp wow\" data-wow-duration=\".5s\" data-wow-delay=\"1.2s\">\n<p><input id=\"area4\" class=\"read-more-state\" type=\"checkbox\" \/><\/p>\n<div class=\"BigNumber\">4<\/div>\n<p><strong class=\"txtUp text-left\">PLAQUE PORTE TOUT POUR CROCHETS AIRLINE<\/strong><\/p>\n<\/div>\n<\/div>\n<\/div>\n<div class=\"col-xs-12 col-md-5 ts-gallery\"><a href=\"https:\/\/www.storevan.com\/wp-content\/uploads\/2021\/12\/banco-lavoro-furgone.jpg\" title=\"\u00c9TABLI PORTABLE POUR FOURGON - Small\"><img decoding=\"async\" loading=\"lazy\" class=\"aligncenter size-full wp-image-137596\" src=\"https:\/\/www.storevan.com\/wp-content\/uploads\/2021\/12\/banco-lavoro-furgone.jpg\" alt=\"\u00c9TABLI PORTABLE POUR FOURGON - Small\" width=\"300\" height=\"300\" srcset=\"https:\/\/www.storevan.com\/wp-content\/uploads\/2021\/12\/banco-lavoro-furgone.jpg 690w, https:\/\/www.storevan.com\/wp-content\/uploads\/2021\/12\/banco-lavoro-furgone-300x300.jpg 300w, https:\/\/www.storevan.com\/wp-content\/uploads\/2021\/12\/banco-lavoro-furgone-150x150.jpg 150w, https:\/\/www.storevan.com\/wp-content\/uploads\/2021\/12\/banco-lavoro-furgone-48x48.jpg 48w, https:\/\/www.storevan.com\/wp-content\/uploads\/2021\/12\/banco-lavoro-furgone-480x480.jpg 480w\" sizes=\"(max-width: 300px) 100vw, 300px\" \/><\/a><\/div>\n<div class=\"break\"><\/div>\n<hr class=\"noColor\" \/>\n<\/div>\n<div class=\"break\"><\/div>\n<hr \/>\n<hr class=\"noColor\" \/>\n<h3 class=\"col-xs-12 col-md-12 text-left\">VIDEO:<\/h3>\n<hr class=\"noColor\" \/>\n<div class=\"iframeContent video\"><iframe loading=\"lazy\" src=\"https:\/\/www.youtube.com\/embed\/WDxLvnLrlAo\" width=\"560\" height=\"315\" frameborder=\"0\" allowfullscreen=\"allowfullscreen\"><\/iframe><\/div>\n<hr class=\"noColor\" \/>\n<hr \/>\n<hr class=\"noColor\" \/>\n<h3 class=\"col-xs-12 col-md-12 text-left\">GALLERY:<\/h3>\n<div class=\"break\"><\/div>\n<hr class=\"noColor\" \/>\n<div class=\"ts-gallery col-md-10 col-md-offset-1 galleryEffect mai\">\n<div class=\"col-xs-4 col-md-2\"><a href=\"https:\/\/www.storevan.com\/wp-content\/uploads\/2021\/12\/banchetto-lavoro-pieghevole.jpg\" title=\"\u00c9tabli pliant portable - Small\"><img decoding=\"async\" loading=\"lazy\" class=\"aligncenter wp-image-137608 size-thumbnail\" title=\"Banchetto da lavoro pieghevole\" src=\"https:\/\/www.storevan.com\/wp-content\/uploads\/2021\/12\/banchetto-lavoro-pieghevole-150x150.jpg\" alt=\"\u00c9tabli pliant portable\" width=\"150\" height=\"150\" srcset=\"https:\/\/www.storevan.com\/wp-content\/uploads\/2021\/12\/banchetto-lavoro-pieghevole-150x150.jpg 150w, https:\/\/www.storevan.com\/wp-content\/uploads\/2021\/12\/banchetto-lavoro-pieghevole-300x300.jpg 300w, https:\/\/www.storevan.com\/wp-content\/uploads\/2021\/12\/banchetto-lavoro-pieghevole-48x48.jpg 48w, https:\/\/www.storevan.com\/wp-content\/uploads\/2021\/12\/banchetto-lavoro-pieghevole-480x480.jpg 480w, https:\/\/www.storevan.com\/wp-content\/uploads\/2021\/12\/banchetto-lavoro-pieghevole.jpg 690w\" sizes=\"(max-width: 150px) 100vw, 150px\" \/><\/a><\/div>\n<div class=\"col-xs-4 col-md-2\"><a href=\"https:\/\/www.storevan.com\/wp-content\/uploads\/2021\/12\/tavolo-da-lavoro-portatile.jpg\" title=\"Table de travail pliante - Small\"><img decoding=\"async\" loading=\"lazy\" class=\"aligncenter wp-image-137602 size-thumbnail\" title=\"Table de travail pliante\" src=\"https:\/\/www.storevan.com\/wp-content\/uploads\/2021\/12\/tavolo-da-lavoro-portatile-150x150.jpg\" alt=\"Table de travail pliante - Small\" width=\"150\" height=\"150\" srcset=\"https:\/\/www.storevan.com\/wp-content\/uploads\/2021\/12\/tavolo-da-lavoro-portatile-150x150.jpg 150w, https:\/\/www.storevan.com\/wp-content\/uploads\/2021\/12\/tavolo-da-lavoro-portatile-300x300.jpg 300w, https:\/\/www.storevan.com\/wp-content\/uploads\/2021\/12\/tavolo-da-lavoro-portatile-48x48.jpg 48w, https:\/\/www.storevan.com\/wp-content\/uploads\/2021\/12\/tavolo-da-lavoro-portatile-480x480.jpg 480w, https:\/\/www.storevan.com\/wp-content\/uploads\/2021\/12\/tavolo-da-lavoro-portatile.jpg 690w\" sizes=\"(max-width: 150px) 100vw, 150px\" \/><\/a><\/div>\n<div class=\"col-xs-4 col-md-2\"><a href=\"https:\/\/www.storevan.com\/wp-content\/uploads\/2019\/09\/Banco-lavoro-incastro-rapido.jpg\" title=\"Fa\u00e7onnage lat\u00e9ral pour encastrement rapide sur l\u2019am\u00e9nagement de cloison - Small\"><img decoding=\"async\" loading=\"lazy\" class=\"aligncenter wp-image-107000 size-thumbnail\" title=\"Fa\u00e7onnage lat\u00e9ral pour encastrement rapide sur l\u2019am\u00e9nagement de cloiso\" src=\"https:\/\/www.storevan.com\/wp-content\/uploads\/2019\/09\/Banco-lavoro-incastro-rapido-150x150.jpg\" alt=\"Fa\u00e7onnage lat\u00e9ral pour encastrement rapide sur l\u2019am\u00e9nagement de cloiso\" width=\"150\" height=\"150\" srcset=\"https:\/\/www.storevan.com\/wp-content\/uploads\/2019\/09\/Banco-lavoro-incastro-rapido-150x150.jpg 150w, https:\/\/www.storevan.com\/wp-content\/uploads\/2019\/09\/Banco-lavoro-incastro-rapido-300x300.jpg 300w, https:\/\/www.storevan.com\/wp-content\/uploads\/2019\/09\/Banco-lavoro-incastro-rapido-768x768.jpg 768w, https:\/\/www.storevan.com\/wp-content\/uploads\/2019\/09\/Banco-lavoro-incastro-rapido-48x48.jpg 48w, https:\/\/www.storevan.com\/wp-content\/uploads\/2019\/09\/Banco-lavoro-incastro-rapido-480x480.jpg 480w, https:\/\/www.storevan.com\/wp-content\/uploads\/2019\/09\/Banco-lavoro-incastro-rapido.jpg 800w\" sizes=\"(max-width: 150px) 100vw, 150px\" \/><\/a><\/div>\n<div class=\"col-xs-4 col-md-2\"><a href=\"https:\/\/www.storevan.com\/wp-content\/uploads\/2019\/09\/Tavolo-da-lavoro-pieghevole.jpg\" title=\"Pieds repliables gain de place \u00e0 blocage rapide - Small\"><img decoding=\"async\" loading=\"lazy\" class=\"aligncenter wp-image-107012 size-thumbnail\" title=\"Pieds repliables gain de place \u00e0 blocage rapide\" src=\"https:\/\/www.storevan.com\/wp-content\/uploads\/2019\/09\/Tavolo-da-lavoro-pieghevole-150x150.jpg\" alt=\"Pieds repliables gain de place \u00e0 blocage rapide\" width=\"150\" height=\"150\" srcset=\"https:\/\/www.storevan.com\/wp-content\/uploads\/2019\/09\/Tavolo-da-lavoro-pieghevole-150x150.jpg 150w, https:\/\/www.storevan.com\/wp-content\/uploads\/2019\/09\/Tavolo-da-lavoro-pieghevole-300x300.jpg 300w, https:\/\/www.storevan.com\/wp-content\/uploads\/2019\/09\/Tavolo-da-lavoro-pieghevole-768x768.jpg 768w, https:\/\/www.storevan.com\/wp-content\/uploads\/2019\/09\/Tavolo-da-lavoro-pieghevole-48x48.jpg 48w, https:\/\/www.storevan.com\/wp-content\/uploads\/2019\/09\/Tavolo-da-lavoro-pieghevole-480x480.jpg 480w, https:\/\/www.storevan.com\/wp-content\/uploads\/2019\/09\/Tavolo-da-lavoro-pieghevole.jpg 800w\" sizes=\"(max-width: 150px) 100vw, 150px\" \/><\/a><\/div>\n<div class=\"col-xs-4 col-md-2\"><a href=\"https:\/\/www.storevan.com\/wp-content\/uploads\/2019\/09\/Banco-per-morsetti.jpg\" title=\"Perforation technique pour pinces et transport - Small\"><img decoding=\"async\" loading=\"lazy\" class=\"aligncenter wp-image-107006 size-thumbnail\" title=\"Perforation technique pour pinces et transport\" src=\"https:\/\/www.storevan.com\/wp-content\/uploads\/2019\/09\/Banco-per-morsetti-150x150.jpg\" alt=\"Perforation technique pour pinces et transport\" width=\"150\" height=\"150\" srcset=\"https:\/\/www.storevan.com\/wp-content\/uploads\/2019\/09\/Banco-per-morsetti-150x150.jpg 150w, https:\/\/www.storevan.com\/wp-content\/uploads\/2019\/09\/Banco-per-morsetti-300x300.jpg 300w, https:\/\/www.storevan.com\/wp-content\/uploads\/2019\/09\/Banco-per-morsetti-768x768.jpg 768w, https:\/\/www.storevan.com\/wp-content\/uploads\/2019\/09\/Banco-per-morsetti-48x48.jpg 48w, https:\/\/www.storevan.com\/wp-content\/uploads\/2019\/09\/Banco-per-morsetti-480x480.jpg 480w, https:\/\/www.storevan.com\/wp-content\/uploads\/2019\/09\/Banco-per-morsetti.jpg 800w\" sizes=\"(max-width: 150px) 100vw, 150px\" \/><\/a><\/div>\n<div class=\"col-xs-4 col-md-2\"><a href=\"https:\/\/www.storevan.com\/wp-content\/uploads\/2019\/09\/piastra-tavolo.jpg\" title=\"Plaque porte tout pour crochets airline - Small\"><img decoding=\"async\" loading=\"lazy\" class=\"aligncenter wp-image-107709 size-thumbnail\" title=\"Plaque porte tout pour crochets airline\" src=\"https:\/\/www.storevan.com\/wp-content\/uploads\/2019\/09\/piastra-tavolo-150x150.jpg\" alt=\"Plaque porte tout pour crochets airline\" width=\"150\" height=\"150\" srcset=\"https:\/\/www.storevan.com\/wp-content\/uploads\/2019\/09\/piastra-tavolo-150x150.jpg 150w, https:\/\/www.storevan.com\/wp-content\/uploads\/2019\/09\/piastra-tavolo-300x300.jpg 300w, https:\/\/www.storevan.com\/wp-content\/uploads\/2019\/09\/piastra-tavolo-768x768.jpg 768w, https:\/\/www.storevan.com\/wp-content\/uploads\/2019\/09\/piastra-tavolo-48x48.jpg 48w, https:\/\/www.storevan.com\/wp-content\/uploads\/2019\/09\/piastra-tavolo-480x480.jpg 480w, https:\/\/www.storevan.com\/wp-content\/uploads\/2019\/09\/piastra-tavolo.jpg 800w\" sizes=\"(max-width: 150px) 100vw, 150px\" \/><\/a><\/div>\n<div class=\"break\"><\/div>\n<hr class=\"noColor\" \/>\n<\/div>\n<div class=\"break\"><\/div>\n<hr class=\"noColor\" \/>\n<\/div>\n<\/div><\/div><\/div>\n<div class=\"break\"><\/div>\n<hr \/>\n<div class=\"col-xs-12 col-sm-12 col-md-6\">\n<div class=\"text-center\"><a class=\"btn btn-download\" href=\"tel:+390424585455\"><i class=\"fa fa-phone\"><\/i> <span class=\"spanBtn\">APPELEZ-NOUS<\/span><br \/>\npour toute information<\/a><\/div>\n<\/div>\n<div class=\"col-xs-12 col-sm-12 col-md-6\">\n<div class=\"text-center\"><a class=\"btn btn-download btnToggle\" href=\"#formcontatto\"><i class=\"fa fa-envelope\"><\/i> <span class=\"spanBtn\">\u00c9CRIVEZ-NOUS<\/span><br \/>\nvous serez contact\u00e9s<\/a><\/div>\n<\/div>\n<div class=\"break\"><\/div>\n<hr \/>\n<p><a class=\"destination\" name=\"formcontatto\"><\/a><\/p>\n<div class=\"formToggle\">\n<h4 class=\"bigTxt text-center txtBkOrange\">VOULEZ-VOUS EN SAVOIR PLUS?<\/h4>\n\n<div class=\"wpcf7 no-js\" id=\"wpcf7-f67673-o1\" lang=\"it-IT\" dir=\"ltr\">\n<div class=\"screen-reader-response\"><p role=\"status\" aria-live=\"polite\" aria-atomic=\"true\"><\/p> <ul><\/ul><\/div>\n<form action=\"\/fr\/wp-json\/wp\/v2\/pages\/107512#wpcf7-f67673-o1\" method=\"post\" class=\"wpcf7-form init\" aria-label=\"Modulo di contatto\" novalidate=\"novalidate\" data-status=\"init\">\n<div style=\"display: none;\">\n<input type=\"hidden\" name=\"_wpcf7\" value=\"67673\" \/>\n<input type=\"hidden\" name=\"_wpcf7_version\" value=\"5.7.7\" \/>\n<input type=\"hidden\" name=\"_wpcf7_locale\" value=\"it_IT\" \/>\n<input type=\"hidden\" name=\"_wpcf7_unit_tag\" value=\"wpcf7-f67673-o1\" \/>\n<input type=\"hidden\" name=\"_wpcf7_container_post\" value=\"0\" \/>\n<input type=\"hidden\" name=\"_wpcf7_posted_data_hash\" value=\"\" \/>\n<input type=\"hidden\" name=\"_wpcf7_recaptcha_response\" value=\"\" \/>\n<\/div>\n<span class=\"wpcf7-form-control-wrap url\" data-name=\"url\"><input type=\"hidden\" name=\"url\" size=\"40\" class=\"wpcf7-form-control wpcf7-hidden wpcf7dtx wpcf7dtx-hidden\" aria-invalid=\"false\" value=\"etabli-pliant\" autocomplete=\"off\" \/><\/span>\n<p>Pour plus d'informations, remplissez les champs suivants. L'un de nos op\u00e9rateurs vous recontactera dans les plus brefs d\u00e9lais (* champs obligatoires):\n<\/p>\n<div class=\"col-xs-12 col-md-6\">\n\t<p><span class='titoli'>Pr\u00e9nom (*)<\/span>\n\t<\/p>\n\t<p><span class=\"wpcf7-form-control-wrap\" data-name=\"your-name\"><input size=\"40\" class=\"wpcf7-form-control wpcf7-text wpcf7-validates-as-required form-control\" aria-required=\"true\" aria-invalid=\"false\" value=\"\" type=\"text\" name=\"your-name\" \/><\/span>\n\t<\/p>\n<\/div>\n<div class=\"col-xs-12 col-md-6\">\n\t<p><span class='titoli'>Nom (*)<\/span>\n\t<\/p>\n\t<p><span class=\"wpcf7-form-control-wrap\" data-name=\"your-last-name\"><input size=\"40\" class=\"wpcf7-form-control wpcf7-text wpcf7-validates-as-required form-control\" aria-required=\"true\" aria-invalid=\"false\" value=\"\" type=\"text\" name=\"your-last-name\" \/><\/span>\n\t<\/p>\n<\/div>\n<div class=\"col-xs-12 col-md-6\">\n\t<p><span class='titoli'>Entreprise (*)<\/span>\n\t<\/p>\n\t<p><span class=\"wpcf7-form-control-wrap\" data-name=\"your-company\"><input size=\"40\" class=\"wpcf7-form-control wpcf7-text wpcf7-validates-as-required form-control\" aria-required=\"true\" aria-invalid=\"false\" value=\"\" type=\"text\" name=\"your-company\" \/><\/span>\n\t<\/p>\n<\/div>\n<div class=\"col-xs-12 col-md-6\">\n\t<p><span class='titoli'>TVA<\/span>\n\t<\/p>\n\t<p><span class=\"wpcf7-form-control-wrap\" data-name=\"p-iva\"><input size=\"40\" class=\"wpcf7-form-control wpcf7-text form-control\" aria-invalid=\"false\" value=\"\" type=\"text\" name=\"p-iva\" \/><\/span>\n\t<\/p>\n<\/div>\n<div class=\"clearboth\">\n<\/div>\n<div class=\"col-xs-12 col-md-4\">\n\t<p><span class='titoli'>Code Postal (*)<\/span>\n\t<\/p>\n\t<p><span class=\"wpcf7-form-control-wrap\" data-name=\"your-zip-code\"><input size=\"40\" class=\"wpcf7-form-control wpcf7-text wpcf7-validates-as-required form-control\" aria-required=\"true\" aria-invalid=\"false\" value=\"\" type=\"text\" name=\"your-zip-code\" \/><\/span>\n\t<\/p>\n<\/div>\n<div class=\"col-xs-12 col-md-4\">\n\t<p><span class='titoli'>Adresse (*)<\/span>\n\t<\/p>\n\t<p><span class=\"wpcf7-form-control-wrap\" data-name=\"your-address\"><input size=\"40\" class=\"wpcf7-form-control wpcf7-text wpcf7-validates-as-required form-control\" aria-required=\"true\" aria-invalid=\"false\" value=\"\" type=\"text\" name=\"your-address\" \/><\/span>\n\t<\/p>\n<\/div>\n<div class=\"col-xs-12 col-md-4\">\n\t<p><span class='titoli'>Ville (*)<\/span>\n\t<\/p>\n\t<p><span class=\"wpcf7-form-control-wrap\" data-name=\"your-Town\"><input size=\"40\" class=\"wpcf7-form-control wpcf7-text wpcf7-validates-as-required form-control\" aria-required=\"true\" aria-invalid=\"false\" value=\"\" type=\"text\" name=\"your-Town\" \/><\/span>\n\t<\/p>\n<\/div>\n<div class=\"clearboth\">\n<\/div>\n<div class=\"col-xs-12 col-md-6\">\n\t<p><span class='titoli'>email (*)<\/span>\n\t<\/p>\n\t<p><span class=\"wpcf7-form-control-wrap\" data-name=\"your-email\"><input size=\"40\" class=\"wpcf7-form-control wpcf7-text wpcf7-email wpcf7-validates-as-required wpcf7-validates-as-email form-control\" aria-required=\"true\" aria-invalid=\"false\" value=\"\" type=\"email\" name=\"your-email\" \/><\/span>\n\t<\/p>\n<\/div>\n<div class=\"col-xs-12 col-md-6\">\n\t<p><span class='titoli'>T\u00e9l\u00e9phone (*)<\/span>\n\t<\/p>\n\t<p><span class=\"wpcf7-form-control-wrap\" data-name=\"telefono\"><input size=\"40\" class=\"wpcf7-form-control wpcf7-text wpcf7-tel wpcf7-validates-as-required wpcf7-validates-as-tel form-control\" aria-required=\"true\" aria-invalid=\"false\" value=\"\" type=\"tel\" name=\"telefono\" \/><\/span>\n\t<\/p>\n<\/div>\n<div class=\"clearboth\">\n<\/div>\n<div class=\"col-xs-12 col-md-6\">\n\t<p><span class='titoli'>Objet <\/span>\n\t<\/p>\n\t<p><span class=\"wpcf7-form-control-wrap\" data-name=\"oggetto\"><select class=\"wpcf7-form-control wpcf7-select wpcf7-validates-as-required\" aria-required=\"true\" aria-invalid=\"false\" name=\"oggetto\"><option value=\"Citation\">Citation<\/option><option value=\"Information technique\">Information technique<\/option><option value=\"Rendez-vous\">Rendez-vous<\/option><\/select><\/span>\n\t<\/p>\n<\/div>\n<div class=\"col-xs-12 col-md-6\">\n\t<p><br \/>\n<span class=\"titoli\"> <span class=\"wpcf7-form-control-wrap\" data-name=\"cliente\"><span class=\"wpcf7-form-control wpcf7-checkbox\"><span class=\"wpcf7-list-item first last\"><label><span class=\"wpcf7-list-item-label\">Je suis d\u00e9j\u00e0 client<\/span><input type=\"checkbox\" name=\"cliente[]\" value=\"Je suis d\u00e9j\u00e0 client\" \/><\/label><\/span><\/span><\/span><\/span>\n\t<\/p>\n<\/div>\n<div class=\"col-xs-12 col-md-12\">\n\t<p><span class='titoli'>Message (*)<\/span>\n\t<\/p>\n\t<p><span class=\"wpcf7-form-control-wrap\" data-name=\"your-message\"><textarea cols=\"40\" rows=\"10\" class=\"wpcf7-form-control wpcf7-textarea wpcf7-validates-as-required form-control\" aria-required=\"true\" aria-invalid=\"false\" name=\"your-message\"><\/textarea><\/span>\n\t<\/p>\n<\/div>\n<div class=\"col-xs-12 col-md-12\">\n\t<p><small>Les donn\u00e9es saisies seront trait\u00e9es de mani\u00e8re strictement confidentielle conform\u00e9ment \u00e0 la loi et \u00e0 notre <a href=\"https:\/\/www.storevan.com\/fr\/privacy-policy\/\">politique de confidentialit\u00e9<\/a>.<\/small>\n\t<\/p>\n\t<p><span class=\"wpcf7-form-control-wrap\" data-name=\"AccettazionePrivacy\"><span class=\"wpcf7-form-control wpcf7-acceptance\"><span class=\"wpcf7-list-item\"><input type=\"checkbox\" name=\"AccettazionePrivacy\" value=\"1\" aria-invalid=\"false\" \/><\/span><\/span><\/span> Je d\u00e9clare avoir pris connaissance de la Note Informative sur les <a href=\"https:\/\/www.storevan.com\/fr\/privacy-policy\/\">Note Informative sur les Informations priv\u00e9es<\/a> et j\u2019autorise au traitement de mes donn\u00e9es personnelles en conformit\u00e9 avec ce qui y est \u00e9crit. (*)<br \/>\n\t<span class=\"wpcf7-form-control-wrap recaptcha\" data-name=\"recaptcha\"><span data-sitekey=\"6LdfM4AUAAAAAJjsAucux5WVNA3hsk5KP0a03T_n\" class=\"wpcf7-form-control g-recaptcha wpcf7-recaptcha\"><\/span>\r\n<noscript>\r\n\t<div class=\"grecaptcha-noscript\">\r\n\t\t<iframe src=\"https:\/\/www.google.com\/recaptcha\/api\/fallback?k=6LdfM4AUAAAAAJjsAucux5WVNA3hsk5KP0a03T_n\" frameborder=\"0\" scrolling=\"no\" width=\"310\" height=\"430\">\r\n\t\t<\/iframe>\r\n\t\t<textarea name=\"g-recaptcha-response\" rows=\"3\" cols=\"40\" placeholder=\"reCaptcha Response Here\">\r\n\t\t<\/textarea>\r\n\t<\/div>\r\n<\/noscript>\r\n<\/span>\n\t<\/p>\n<\/div>\n<hr class=\"noColor\" \/>\n<p><input class=\"wpcf7-form-control has-spinner wpcf7-submit\" type=\"submit\" value=\"Envoi\" \/>\n<\/p><div class=\"wpcf7-response-output\" aria-hidden=\"true\"><\/div>\n<\/form>\n<\/div>\n<\/div>\n","protected":false},"excerpt":{"rendered":"<p>\u00c9tabli pliant\u00a0: deux dimensions pour mille usages \u00c9tablis pliants, l\u00e9gers et transportables\u00a0: nous sommes pr\u00eats en cas de besoin\u00a0! Un \u00e9tabli pliant est la solution id\u00e9ale pour faire face au.<\/p>\n","protected":false},"author":470,"featured_media":137602,"parent":25668,"menu_order":0,"comment_status":"closed","ping_status":"closed","template":"","meta":[],"acf":[],"yoast_head":"<!-- This site is optimized with the Yoast SEO plugin v20.11 - https:\/\/yoast.com\/wordpress\/plugins\/seo\/ -->\n<title>\u00c9tabli pliant<\/title>\n<meta name=\"description\" content=\"\u00c9tabli pliant disponible en deux versions, selon l\u2019utilisation et la capacit\u00e9. Id\u00e9al pour l\u2019am\u00e9nagement d\u2019ateliers mobiles et comme \u00e9tabli de bricolage.\" \/>\n<meta name=\"robots\" content=\"index, follow, max-snippet:-1, max-image-preview:large, max-video-preview:-1\" \/>\n<link rel=\"canonical\" href=\"https:\/\/www.storevan.com\/fr\/produits\/etabli-pliant\/\" \/>\n<meta property=\"og:locale\" content=\"fr_FR\" \/>\n<meta property=\"og:type\" content=\"article\" \/>\n<meta property=\"og:title\" content=\"\u00c9tabli pliant\" \/>\n<meta property=\"og:description\" content=\"\u00c9tabli pliant disponible en deux versions, selon l\u2019utilisation et la capacit\u00e9. Id\u00e9al pour l\u2019am\u00e9nagement d\u2019ateliers mobiles et comme \u00e9tabli de bricolage.\" \/>\n<meta property=\"og:url\" content=\"https:\/\/www.storevan.com\/fr\/produits\/etabli-pliant\/\" \/>\n<meta property=\"og:site_name\" content=\"Store Van\" \/>\n<meta property=\"article:modified_time\" content=\"2022-01-18T14:33:37+00:00\" \/>\n<meta property=\"og:image\" content=\"https:\/\/www.storevan.com\/wp-content\/uploads\/2021\/12\/tavolo-da-lavoro-portatile.jpg\" \/>\n\t<meta property=\"og:image:width\" content=\"690\" \/>\n\t<meta property=\"og:image:height\" content=\"690\" \/>\n\t<meta property=\"og:image:type\" content=\"image\/jpeg\" \/>\n<meta name=\"twitter:label1\" content=\"Dur\u00e9e de lecture estim\u00e9e\" \/>\n\t<meta name=\"twitter:data1\" content=\"1 minute\" \/>\n<script type=\"application\/ld+json\" class=\"yoast-schema-graph\">{\"@context\":\"https:\/\/schema.org\",\"@graph\":[{\"@type\":\"WebPage\",\"@id\":\"https:\/\/www.storevan.com\/fr\/produits\/etabli-pliant\/\",\"url\":\"https:\/\/www.storevan.com\/fr\/produits\/etabli-pliant\/\",\"name\":\"\u00c9tabli pliant\",\"isPartOf\":{\"@id\":\"https:\/\/www.storevan.com\/pl\/#website\"},\"datePublished\":\"2019-09-30T06:37:47+00:00\",\"dateModified\":\"2022-01-18T14:33:37+00:00\",\"description\":\"\u00c9tabli pliant disponible en deux versions, selon l\u2019utilisation et la capacit\u00e9. Id\u00e9al pour l\u2019am\u00e9nagement d\u2019ateliers mobiles et comme \u00e9tabli de bricolage.\",\"breadcrumb\":{\"@id\":\"https:\/\/www.storevan.com\/fr\/produits\/etabli-pliant\/#breadcrumb\"},\"inLanguage\":\"fr-FR\",\"potentialAction\":[{\"@type\":\"ReadAction\",\"target\":[\"https:\/\/www.storevan.com\/fr\/produits\/etabli-pliant\/\"]}]},{\"@type\":\"BreadcrumbList\",\"@id\":\"https:\/\/www.storevan.com\/fr\/produits\/etabli-pliant\/#breadcrumb\",\"itemListElement\":[{\"@type\":\"ListItem\",\"position\":1,\"name\":\"Home\",\"item\":\"https:\/\/www.storevan.com\/fr\/\"},{\"@type\":\"ListItem\",\"position\":2,\"name\":\"Produits\",\"item\":\"https:\/\/www.storevan.com\/fr\/produits\/\"},{\"@type\":\"ListItem\",\"position\":3,\"name\":\"\u00c9tabli pliant\"}]},{\"@type\":\"WebSite\",\"@id\":\"https:\/\/www.storevan.com\/pl\/#website\",\"url\":\"https:\/\/www.storevan.com\/pl\/\",\"name\":\"Store Van\",\"description\":\"Am\u00e9nagements fourgons\",\"potentialAction\":[{\"@type\":\"SearchAction\",\"target\":{\"@type\":\"EntryPoint\",\"urlTemplate\":\"https:\/\/www.storevan.com\/pl\/?s={search_term_string}\"},\"query-input\":\"required name=search_term_string\"}],\"inLanguage\":\"fr-FR\"}]}<\/script>\n<!-- \/ Yoast SEO plugin. -->","yoast_head_json":{"title":"\u00c9tabli pliant","description":"\u00c9tabli pliant disponible en deux versions, selon l\u2019utilisation et la capacit\u00e9. Id\u00e9al pour l\u2019am\u00e9nagement d\u2019ateliers mobiles et comme \u00e9tabli de bricolage.","robots":{"index":"index","follow":"follow","max-snippet":"max-snippet:-1","max-image-preview":"max-image-preview:large","max-video-preview":"max-video-preview:-1"},"canonical":"https:\/\/www.storevan.com\/fr\/produits\/etabli-pliant\/","og_locale":"fr_FR","og_type":"article","og_title":"\u00c9tabli pliant","og_description":"\u00c9tabli pliant disponible en deux versions, selon l\u2019utilisation et la capacit\u00e9. Id\u00e9al pour l\u2019am\u00e9nagement d\u2019ateliers mobiles et comme \u00e9tabli de bricolage.","og_url":"https:\/\/www.storevan.com\/fr\/produits\/etabli-pliant\/","og_site_name":"Store Van","article_modified_time":"2022-01-18T14:33:37+00:00","og_image":[{"width":690,"height":690,"url":"https:\/\/www.storevan.com\/wp-content\/uploads\/2021\/12\/tavolo-da-lavoro-portatile.jpg","type":"image\/jpeg"}],"twitter_misc":{"Dur\u00e9e de lecture estim\u00e9e":"1 minute"},"schema":{"@context":"https:\/\/schema.org","@graph":[{"@type":"WebPage","@id":"https:\/\/www.storevan.com\/fr\/produits\/etabli-pliant\/","url":"https:\/\/www.storevan.com\/fr\/produits\/etabli-pliant\/","name":"\u00c9tabli pliant","isPartOf":{"@id":"https:\/\/www.storevan.com\/pl\/#website"},"datePublished":"2019-09-30T06:37:47+00:00","dateModified":"2022-01-18T14:33:37+00:00","description":"\u00c9tabli pliant disponible en deux versions, selon l\u2019utilisation et la capacit\u00e9. Id\u00e9al pour l\u2019am\u00e9nagement d\u2019ateliers mobiles et comme \u00e9tabli de bricolage.","breadcrumb":{"@id":"https:\/\/www.storevan.com\/fr\/produits\/etabli-pliant\/#breadcrumb"},"inLanguage":"fr-FR","potentialAction":[{"@type":"ReadAction","target":["https:\/\/www.storevan.com\/fr\/produits\/etabli-pliant\/"]}]},{"@type":"BreadcrumbList","@id":"https:\/\/www.storevan.com\/fr\/produits\/etabli-pliant\/#breadcrumb","itemListElement":[{"@type":"ListItem","position":1,"name":"Home","item":"https:\/\/www.storevan.com\/fr\/"},{"@type":"ListItem","position":2,"name":"Produits","item":"https:\/\/www.storevan.com\/fr\/produits\/"},{"@type":"ListItem","position":3,"name":"\u00c9tabli pliant"}]},{"@type":"WebSite","@id":"https:\/\/www.storevan.com\/pl\/#website","url":"https:\/\/www.storevan.com\/pl\/","name":"Store Van","description":"Am\u00e9nagements fourgons","potentialAction":[{"@type":"SearchAction","target":{"@type":"EntryPoint","urlTemplate":"https:\/\/www.storevan.com\/pl\/?s={search_term_string}"},"query-input":"required name=search_term_string"}],"inLanguage":"fr-FR"}]}},"_links":{"self":[{"href":"https:\/\/www.storevan.com\/fr\/wp-json\/wp\/v2\/pages\/107512"}],"collection":[{"href":"https:\/\/www.storevan.com\/fr\/wp-json\/wp\/v2\/pages"}],"about":[{"href":"https:\/\/www.storevan.com\/fr\/wp-json\/wp\/v2\/types\/page"}],"author":[{"embeddable":true,"href":"https:\/\/www.storevan.com\/fr\/wp-json\/wp\/v2\/users\/470"}],"replies":[{"embeddable":true,"href":"https:\/\/www.storevan.com\/fr\/wp-json\/wp\/v2\/comments?post=107512"}],"version-history":[{"count":8,"href":"https:\/\/www.storevan.com\/fr\/wp-json\/wp\/v2\/pages\/107512\/revisions"}],"predecessor-version":[{"id":138568,"href":"https:\/\/www.storevan.com\/fr\/wp-json\/wp\/v2\/pages\/107512\/revisions\/138568"}],"up":[{"embeddable":true,"href":"https:\/\/www.storevan.com\/fr\/wp-json\/wp\/v2\/pages\/25668"}],"wp:featuredmedia":[{"embeddable":true,"href":"https:\/\/www.storevan.com\/fr\/wp-json\/wp\/v2\/media\/137602"}],"wp:attachment":[{"href":"https:\/\/www.storevan.com\/fr\/wp-json\/wp\/v2\/media?parent=107512"}],"curies":[{"name":"wp","href":"https:\/\/api.w.org\/{rel}","templated":true}]}}