{"id":107510,"date":"2019-09-04T11:51:03","date_gmt":"2019-09-04T11:51:03","guid":{"rendered":"https:\/\/www.storevan.com\/?page_id=107510"},"modified":"2020-12-18T11:26:49","modified_gmt":"2020-12-18T11:26:49","slug":"amenagement-cloison","status":"publish","type":"page","link":"https:\/\/www.storevan.com\/fr\/produits\/amenagement-cloison\/","title":{"rendered":"Am\u00e9nagement de cloison"},"content":{"rendered":"<h1 class=\"customblackTitleSmall\">Am\u00e9nagement de cloison pour utilitaire<\/h1>\n<h2>Comment prot\u00e9ger les cloisons de s\u00e9paration des utilitaires en optimisant les espaces<\/h2>\n<div class=\"one_half\">\n<div class=\"iframeContent\">\n<iframe loading=\"lazy\" src=\"https:\/\/www.youtube.com\/embed\/KqvIOrHREHA\" width=\"560\" height=\"315\" frameborder=\"0\"allowfullscreen=\"allowfullscreen\"><\/iframe><\/div>\n<\/div>\n<div class=\"one_half last\">\n<p>Avec l\u2019am\u00e9nagement de cloison, non seulement vous <strong class=\"txtBlack bigTxt txtUp\">prot\u00e9gez<\/strong> la carrosserie, mais vous <strong class=\"txtBlack bigTxt txtUp\">optimisez<\/strong> \u00e9galement l\u2019espace en transportant en toute <strong class=\"txtBlack bigTxt txtUp\">s\u00e9curit\u00e9<\/strong> vos accessoires et votre mat\u00e9riel\u00a0!<\/p>\n<hr class=\"noColor\" \/>\n<ul class=\"listDalia\">\n<li><span class=\"numVan\"><i class=\"fa fa-angle-double-right\"><\/i><\/span> <span class=\"txtBlack\">2\u00a0hauteurs disponibles<\/span><\/li>\n<li><span class=\"numVan\"><i class=\"fa fa-angle-double-right\"><\/i><\/span> <span class=\"txtBlack\">3\u00a0longueurs disponibles<\/span><\/li>\n<li><span class=\"numVan\"><i class=\"fa fa-angle-double-right\"><\/i><\/span> <span class=\"txtBlack\">Barres \u00ab\u00a0Airline\u00a0\u00bb pour sangles et crochets<\/span><\/li>\n<li><span class=\"numVan\"><i class=\"fa fa-angle-double-right\"><\/i><\/span> <span class=\"txtBlack\">Modularit\u00e9 des panneaux en bois ou en acier perfor\u00e9<\/span><\/li>\n<li><span class=\"numVan\"><i class=\"fa fa-angle-double-right\"><\/i><\/span> <span class=\"txtBlack\">Vaste gamme d\u2019accessoires \u00e0 fixer<\/span><\/li>\n<\/ul>\n<\/div><div class=\"clearboth\"><\/div>\n<div class=\"ts-gallery col-md-10 col-md-offset-1 galleryEffect class=\">\n<div class=\"borderTitleCenterOrange\"><\/div>\n<div class=\"col-xs-4 col-md-2\"><a href=\"https:\/\/www.storevan.com\/wp-content\/uploads\/2019\/09\/01-copriparatia.jpg\"><img decoding=\"async\" loading=\"lazy\" class=\"aligncenter size-thumbnail wp-image-106472\" src=\"https:\/\/www.storevan.com\/wp-content\/uploads\/2019\/09\/01-copriparatia-150x150.jpg\" alt=\"Am\u00e9nagement de cloison avec panneaux en bois et en acier perfor\u00e9\" width=\"150\" height=\"150\" srcset=\"https:\/\/www.storevan.com\/wp-content\/uploads\/2019\/09\/01-copriparatia-150x150.jpg 150w, https:\/\/www.storevan.com\/wp-content\/uploads\/2019\/09\/01-copriparatia-300x300.jpg 300w, https:\/\/www.storevan.com\/wp-content\/uploads\/2019\/09\/01-copriparatia-768x768.jpg 768w, https:\/\/www.storevan.com\/wp-content\/uploads\/2019\/09\/01-copriparatia-48x48.jpg 48w, https:\/\/www.storevan.com\/wp-content\/uploads\/2019\/09\/01-copriparatia-480x480.jpg 480w, https:\/\/www.storevan.com\/wp-content\/uploads\/2019\/09\/01-copriparatia.jpg 800w\" sizes=\"(max-width: 150px) 100vw, 150px\" \/><\/a><\/div>\n<div class=\"col-xs-4 col-md-2\"><a href=\"https:\/\/www.storevan.com\/wp-content\/uploads\/2019\/09\/02-copriparatia.jpg\"><img decoding=\"async\" loading=\"lazy\" class=\"aligncenter size-thumbnail wp-image-106478\" src=\"https:\/\/www.storevan.com\/wp-content\/uploads\/2019\/09\/02-copriparatia-150x150.jpg\" alt=\"Am\u00e9nagement de cloison avec accessoires et mat\u00e9riel fix\u00e9s en toute s\u00e9curit\u00e9\" width=\"150\" height=\"150\" srcset=\"https:\/\/www.storevan.com\/wp-content\/uploads\/2019\/09\/02-copriparatia-150x150.jpg 150w, https:\/\/www.storevan.com\/wp-content\/uploads\/2019\/09\/02-copriparatia-300x300.jpg 300w, https:\/\/www.storevan.com\/wp-content\/uploads\/2019\/09\/02-copriparatia-768x768.jpg 768w, https:\/\/www.storevan.com\/wp-content\/uploads\/2019\/09\/02-copriparatia-48x48.jpg 48w, https:\/\/www.storevan.com\/wp-content\/uploads\/2019\/09\/02-copriparatia-480x480.jpg 480w, https:\/\/www.storevan.com\/wp-content\/uploads\/2019\/09\/02-copriparatia.jpg 800w\" sizes=\"(max-width: 150px) 100vw, 150px\" \/><\/a><\/div>\n<div class=\"col-xs-4 col-md-2\"><a href=\"https:\/\/www.storevan.com\/wp-content\/uploads\/2019\/09\/03-copriparatia.jpg\"><img decoding=\"async\" loading=\"lazy\" class=\"aligncenter size-thumbnail wp-image-106484\" src=\"https:\/\/www.storevan.com\/wp-content\/uploads\/2019\/09\/03-copriparatia-150x150.jpg\" alt=\"Am\u00e9nagement de cloison avec accessoires et mat\u00e9riel fix\u00e9s en toute s\u00e9curit\u00e9\" width=\"150\" height=\"150\" srcset=\"https:\/\/www.storevan.com\/wp-content\/uploads\/2019\/09\/03-copriparatia-150x150.jpg 150w, https:\/\/www.storevan.com\/wp-content\/uploads\/2019\/09\/03-copriparatia-300x300.jpg 300w, https:\/\/www.storevan.com\/wp-content\/uploads\/2019\/09\/03-copriparatia-768x768.jpg 768w, https:\/\/www.storevan.com\/wp-content\/uploads\/2019\/09\/03-copriparatia-48x48.jpg 48w, https:\/\/www.storevan.com\/wp-content\/uploads\/2019\/09\/03-copriparatia-480x480.jpg 480w, https:\/\/www.storevan.com\/wp-content\/uploads\/2019\/09\/03-copriparatia.jpg 800w\" sizes=\"(max-width: 150px) 100vw, 150px\" \/><\/a><\/div>\n<div class=\"col-xs-4 col-md-2\"><a href=\"https:\/\/www.storevan.com\/wp-content\/uploads\/2019\/09\/05-copriparatia.jpg\"><img decoding=\"async\" loading=\"lazy\" class=\"aligncenter size-thumbnail wp-image-106496\" src=\"https:\/\/www.storevan.com\/wp-content\/uploads\/2019\/09\/05-copriparatia-150x150.jpg\" alt=\"Am\u00e9nagement de cloison avec accessoires et mat\u00e9riel fix\u00e9s en toute s\u00e9curit\u00e9\" width=\"150\" height=\"150\" srcset=\"https:\/\/www.storevan.com\/wp-content\/uploads\/2019\/09\/05-copriparatia-150x150.jpg 150w, https:\/\/www.storevan.com\/wp-content\/uploads\/2019\/09\/05-copriparatia-300x300.jpg 300w, https:\/\/www.storevan.com\/wp-content\/uploads\/2019\/09\/05-copriparatia-768x768.jpg 768w, https:\/\/www.storevan.com\/wp-content\/uploads\/2019\/09\/05-copriparatia-48x48.jpg 48w, https:\/\/www.storevan.com\/wp-content\/uploads\/2019\/09\/05-copriparatia-480x480.jpg 480w, https:\/\/www.storevan.com\/wp-content\/uploads\/2019\/09\/05-copriparatia.jpg 800w\" sizes=\"(max-width: 150px) 100vw, 150px\" \/><\/a><\/div>\n<div class=\"col-xs-4 col-md-2\"><a href=\"https:\/\/www.storevan.com\/wp-content\/uploads\/2019\/09\/Banco-pieghevole-incastro-rapido.jpg\"><img decoding=\"async\" loading=\"lazy\" class=\"aligncenter size-thumbnail wp-image-106850\" src=\"https:\/\/www.storevan.com\/wp-content\/uploads\/2019\/09\/Banco-pieghevole-incastro-rapido-150x150.jpg\" alt=\"Am\u00e9nagement de cloison avec \u00e9tabli pliant\" width=\"150\" height=\"150\" srcset=\"https:\/\/www.storevan.com\/wp-content\/uploads\/2019\/09\/Banco-pieghevole-incastro-rapido-150x150.jpg 150w, https:\/\/www.storevan.com\/wp-content\/uploads\/2019\/09\/Banco-pieghevole-incastro-rapido-300x300.jpg 300w, https:\/\/www.storevan.com\/wp-content\/uploads\/2019\/09\/Banco-pieghevole-incastro-rapido-768x768.jpg 768w, https:\/\/www.storevan.com\/wp-content\/uploads\/2019\/09\/Banco-pieghevole-incastro-rapido-48x48.jpg 48w, https:\/\/www.storevan.com\/wp-content\/uploads\/2019\/09\/Banco-pieghevole-incastro-rapido-480x480.jpg 480w, https:\/\/www.storevan.com\/wp-content\/uploads\/2019\/09\/Banco-pieghevole-incastro-rapido.jpg 800w\" sizes=\"(max-width: 150px) 100vw, 150px\" \/><\/a><\/div>\n<div class=\"col-xs-4 col-md-2\"><a href=\"https:\/\/www.storevan.com\/wp-content\/uploads\/2019\/09\/banco-02.jpg\"><img decoding=\"async\" loading=\"lazy\" class=\"aligncenter size-thumbnail wp-image-106537\" src=\"https:\/\/www.storevan.com\/wp-content\/uploads\/2019\/09\/banco-02-150x150.jpg\" alt=\"Pieds repliables gain de place \u00e0 blocage rapide\" width=\"150\" height=\"150\" srcset=\"https:\/\/www.storevan.com\/wp-content\/uploads\/2019\/09\/banco-02-150x150.jpg 150w, https:\/\/www.storevan.com\/wp-content\/uploads\/2019\/09\/banco-02-300x300.jpg 300w, https:\/\/www.storevan.com\/wp-content\/uploads\/2019\/09\/banco-02-768x768.jpg 768w, https:\/\/www.storevan.com\/wp-content\/uploads\/2019\/09\/banco-02-48x48.jpg 48w, https:\/\/www.storevan.com\/wp-content\/uploads\/2019\/09\/banco-02-480x480.jpg 480w, https:\/\/www.storevan.com\/wp-content\/uploads\/2019\/09\/banco-02.jpg 800w\" sizes=\"(max-width: 150px) 100vw, 150px\" \/><\/a><\/div>\n<hr class=\"noColor break\" \/>\n<div class=\"borderTitleCenterOrange\"><\/div>\n<\/div>\n<hr class=\"noColor break\" \/>\n<p>L\u2019am\u00e9nagement de cloison est l\u2019un derniers produits con\u00e7us par Store Van pour offrir \u00e0 ses clients des <strong>habillages int\u00e9rieurs de plus en plus utiles et innovants.<\/strong> Id\u00e9al comme paroi porte-outils et pour fixer des \u00e9chelles et des rampes de chargement, l\u2019am\u00e9nagement de cloison pour utilitaires con\u00e7u par Store Van vise \u00e0 exploiter au maximum la zone de l\u2019espace de chargement adjacente \u00e0 la cloison de s\u00e9paration de l\u2019arri\u00e8re de cabine, d\u2019habitude exclusivement r\u00e9serv\u00e9e \u00e0 la \u00ab\u00a0mont\u00e9e-descente\u00a0\u00bb de l\u2019op\u00e9rateur.<\/p>\n<p>L\u2019am\u00e9nagement de cloison pour utilitaire permet d\u2019optimiser l\u2019am\u00e9nagement du v\u00e9hicule commercial gr\u00e2ce aux trous pour crochets et sangles et \u00e0 la version avec \u00e9tabli pliant inclus. <strong>Disponible en 3\u00a0longueurs et 2\u00a0hauteurs et personnalisable avec une finition \u00e0 l\u2019avant en bois ou m\u00e9tal perfor\u00e9<\/strong>, l\u2019am\u00e9nagement de cloison Store Van, avec son syst\u00e8me de fixation stable, atteint une capacit\u00e9 de pas moins de 200\u00a0daN par m\u00e8tre lin\u00e9aire.<\/p>\n<hr class=\"noColor\" \/>\n<hr \/>\n<div class=\"col-xs-12 col-sm-12 col-md-6\">\n<div class=\"text-center\"><a class=\"btn btn-download\" href=\"tel:+390424585455\"><i class=\"fa fa-phone\"><\/i> <span class=\"spanBtn\">APPELEZ-NOUS<\/span><br \/>\npour toute information<\/a><\/div>\n<\/div>\n<div class=\"col-xs-12 col-sm-12 col-md-6\">\n<div class=\"text-center\"><a class=\"btn btn-download\" href=\"#formcontatto\"><i class=\"fa fa-envelope\"><\/i> <span class=\"spanBtn\">\u00c9CRIVEZ-NOUS<\/span><br \/>\nvous serez contact\u00e9s<\/a><\/div>\n<\/div>\n<div class=\"break\"><\/div>\n<hr \/>\n<hr class=\"noColor\" \/>\n<h3 class=\"txtGrey customblackTitleExtraSmall\">Les avantages<\/h3>\n<p>L\u2019am\u00e9nagement de cloison pour arri\u00e8re de cabine \u00e9tudi\u00e9 par Store Van offre trois fonctionnalit\u00e9s pr\u00e9cieuses:<\/p>\n<hr class=\"noColor\" \/>\n<div class=\"row\">\n<div class=\"contentVantaggi col-md-6\">\n<div class=\"inner_desc\">\n<div class=\"single_area fadeInUp  wow\" data-wow-duration=\".5s\" data-wow-delay=\"1s\"><input id=\"area1\" class=\"read-more-state\" type=\"checkbox\" \/><\/p>\n<div class=\"BigNumber\">1<\/div>\n<h5>PROT\u00c9GER LA CLOISON DE L\u2019UTILITAIRE DES MARQUES ET DES RAYURES:<\/h5>\n<p class=\"read-more-wrap\">Vous est-il d\u00e9j\u00e0 arriv\u00e9 de devoir remplacer la cloison de s\u00e9paration de votre utilitaire\u00a0? Cette pi\u00e8ce de carrosserie, d\u2019une \u00e9paisseur vraiment d\u00e9risoire, est habituellement remplac\u00e9e d\u2019un bloc, ce qui engendre un co\u00fbt important qui, en cas de revente du v\u00e9hicule, <span class=\"read-more-target\"> doit \u00eatre support\u00e9 afin de pr\u00e9server la valeur du v\u00e9hicule. Store Van vous permet de pr\u00e9venir ce probl\u00e8me avec un produit de qualit\u00e9 innovant et modulable. Disponible avec des panneaux en bois ou en acier perfor\u00e9, l\u2019am\u00e9nagement de cloison pour utilitaire est bien plus qu\u2019une simple protection pour la cloison\u00a0: l\u2019int\u00e9gration de traverses horizontales, avec des<strong>points d\u2019ancrage de type \u00ab\u00a0Airline\u00a0\u00bb en acier<\/strong>, et de <strong> renforts lat\u00e9raux nervur\u00e9s<\/strong>, eux aussi en acier, augmente d\u2019une part la rigidit\u00e9 de la cloison \u00e9quip\u00e9e et permet d\u2019autre part d\u2019avoir \u00e0 sa disposition de nombreux points de fixation. Les diff\u00e9rents composants font de <strong>l\u2019am\u00e9nagement de cloison une solution beaucoup plus performante qu\u2019un simple habillage int\u00e9rieur.<\/strong><\/span><label class=\"read-more-trigger\" for=\"area1\">D\u00e9tail&#8230;<\/label><\/p>\n<\/div>\n<div class=\"single_area fadeInUp  wow\" data-wow-duration=\".5s\" data-wow-delay=\"1s\"><input id=\"area2\" class=\"read-more-state\" type=\"checkbox\" \/>    <\/p>\n<div class=\"BigNumber\">2<\/div>\n<h5>EXPLOITER AU MAXIMUM LA PLACE DISPONIBLE DANS L\u2019ESPACE DE CHARGEMENT<\/h5>\n<p class=\"read-more-wrap\">En tant que sp\u00e9cialistes de l\u2019am\u00e9nagement des utilitaires, nous pla\u00e7ons toujours au premier plan l\u2019objectif qui consiste \u00e0 optimiser au maximum la place disponible \u00e0 l\u2019int\u00e9rieur des v\u00e9hicules utilitaires. L\u2019am\u00e9nagement de cloison Store Van, en plus de prot\u00e9ger la carrosserie de la cloison de s\u00e9paration entre <span class=\"read-more-target\">l\u2019espace de chargement et la cabine, permet d\u2019exploiter la zone de l\u2019arri\u00e8re de cabine habituellement inutilis\u00e9e, en organisant son mat\u00e9riel et ses outils de mani\u00e8re optimale. \u00c9chelles, rampes de chargement, bombes a\u00e9rosol, chariots et \u00e9chafaudages peuvent \u00eatre fix\u00e9s en toute s\u00e9curit\u00e9, sans occuper l\u2019espace utile. Les trous pr\u00e9sents sur les panneaux permettent le positionnement de crochets pour utilitaires, porte-documents, supports de c\u00e2bles, supports pour bombes a\u00e9rosol et autres <a title=\"accessoires Store Van\" href=\"https:\/\/www.storevan.com\/fr\/produits\/accessoires\/\">accessoires Store Van<\/a>, tandis que l\u2019\u00e9tabli pliant, situ\u00e9 dans la partie inf\u00e9rieure de l\u2019am\u00e9nagement de cloison, permet d\u2019avoir toujours \u00e0 disposition un plan de travail parfait d\u2019une capacit\u00e9 de 150\u00a0kg et dot\u00e9 de trous pour la fixation de pinces et d\u2019autre mat\u00e9riel.<\/span><label class=\"read-more-trigger\" for=\"area2\">D\u00e9tail&#8230;<\/label><\/p>\n<\/div>\n<div class=\"single_area fadeInUp  wow\" data-wow-duration=\".5s\" data-wow-delay=\"1s\">\n<div class=\"BigNumber\">3<\/div>\n<h5>AUGMENTER LA S\u00c9CURIT\u00c9 LORS DU TRANSPORT DE LA MARCHANDISE:<\/h5>\n<p class=\"read-more-wrap\">Gr\u00e2ce aux traverses en acier avec points d\u2019ancrage \u00ab\u00a0Airline\u00a0\u00bb, il est possible de <strong>fixer le chargement \u00e0 l\u2019aide de sangles et de barres d\u2019arrimage<\/strong>. S\u2019il n\u2019est pas fix\u00e9, le mat\u00e9riel peut se d\u00e9placer \u00e0 l\u2019int\u00e9rieur du v\u00e9hicule pendant le transport, risquant ainsi de heurter les panneaux lat\u00e9raux ou la cloison de s\u00e9paration de l\u2019arri\u00e8re de cabine.<\/p>\n<\/div>\n<\/div>\n<\/div>\n<div class=\"col-md-6\">\n<div class=\"area_img wow fadeInRight\" data-wow-duration=\"1s\" data-wow-delay=\".5s\"><img decoding=\"async\" src=\"https:\/\/www.storevan.com\/wp-content\/uploads\/2019\/09\/vantaggio-02-copriparatia.jpg\" \/><\/div>\n<\/div>\n<\/div>\n<div class=\"break\"><\/div>\n<hr class=\"noColor\" \/>\n<h3 class=\"txtGrey customblackTitleExtraSmall\">Exemples d\u2019am\u00e9nagement de cloison pour utilitaire<\/h3>\n<hr class=\"noColor\" \/>\n<p>Les am\u00e9nagements de cloison antichoc Store Van se distinguent par leur <strong>modularit\u00e9 et par les nombreux accessoires dont ils peuvent \u00eatre \u00e9quip\u00e9s<\/strong>En fonction de la largeur souhait\u00e9e (et de la hauteur), il est possible de choisir librement comment composer son am\u00e9nagement\u00a0: <strong>panneaux lisses en contreplaqu\u00e9 de bouleau ou panneaux perfor\u00e9s en acier peint<\/strong>. Les am\u00e9nagements de cloison de 1016\u00a0mm et 1524\u00a0mm de long peuvent \u00eatre enrichis en y ins\u00e9rant l\u2019\u00e9tabli pliant\u00a0:<\/p>\n<hr class=\"noColor\" \/>\n<div class=\"one_third\">\n<h6 class=\"text-center txtUp\">Long 1016mm<\/h6>\n<div class=\"easyzoom easyzoom--overlay easyzoom--with-thumbnails id1\"><a href=\"https:\/\/www.storevan.com\/wp-content\/uploads\/2019\/09\/1016_DSC0220.jpg\"><img decoding=\"async\" loading=\"lazy\" src=\"https:\/\/www.storevan.com\/wp-content\/uploads\/2019\/09\/1016_DSC0220.jpg\" alt=\"Am\u00e9nagement de cloison avec panneaux en bois et en acier perfor\u00e9\" width=\"340\" height=\"248\" \/><\/a><\/div>\n<ul id=\"id1\" class=\"thumbnails thumbsBox\">\n<li><a href=\"https:\/\/www.storevan.com\/wp-content\/uploads\/2019\/09\/1016_DSC0220.jpg\" data-standard=\"https:\/\/www.storevan.com\/wp-content\/uploads\/2019\/09\/1016_DSC0220.jpg\"><img decoding=\"async\" src=\"https:\/\/www.storevan.com\/wp-content\/uploads\/2019\/09\/1016_DSC0220-150x150.jpg\" alt=\"1016_DSC0220\" \/><\/a><\/li>\n<li><a href=\"https:\/\/www.storevan.com\/wp-content\/uploads\/2019\/09\/1016_DSC0216.jpg\" data-standard=\"https:\/\/www.storevan.com\/wp-content\/uploads\/2019\/09\/1016_DSC0216-480x350.jpg\"><img decoding=\"async\" src=\"https:\/\/www.storevan.com\/wp-content\/uploads\/2019\/09\/1016_DSC0216-150x150.jpg\" alt=\"1016_DSC0216\" \/><\/a><\/li>\n<li><a href=\"https:\/\/www.storevan.com\/wp-content\/uploads\/2019\/09\/1016_DSC0218.jpg\" data-standard=\"https:\/\/www.storevan.com\/wp-content\/uploads\/2019\/09\/1016_DSC0218-480x350.jpg\"><img decoding=\"async\" src=\"https:\/\/www.storevan.com\/wp-content\/uploads\/2019\/09\/1016_DSC0218-150x150.jpg\" alt=\"1016_DSC0218\" \/><\/a><\/li>\n<li><a href=\"https:\/\/www.storevan.com\/wp-content\/uploads\/2019\/09\/1016_DSC0225.jpg\" data-standard=\"https:\/\/www.storevan.com\/wp-content\/uploads\/2019\/09\/1016_DSC0225-480x350.jpg\"><img decoding=\"async\" src=\"https:\/\/www.storevan.com\/wp-content\/uploads\/2019\/09\/1016_DSC0225-150x150.jpg\" alt=\"1016_DSC0225\" \/><\/a><\/li>\n<li><a href=\"https:\/\/www.storevan.com\/wp-content\/uploads\/2019\/09\/1016_DSC0227.jpg\" data-standard=\"https:\/\/www.storevan.com\/wp-content\/uploads\/2019\/09\/1016_DSC0227-480x350.jpg\"><img decoding=\"async\" src=\"https:\/\/www.storevan.com\/wp-content\/uploads\/2019\/09\/1016_DSC0227-150x150.jpg\" alt=\"1016_DSC0227\" \/><\/a><\/li>\n<\/ul>\n<div class=\"break\"><\/div>\n<\/div><div class=\"one_third\">\n<h6 class=\"text-center txtUp\">Long 1225mm<\/h6>\n<div class=\"easyzoom easyzoom--overlay easyzoom--with-thumbnails id2\"><a href=\"https:\/\/www.storevan.com\/wp-content\/uploads\/2019\/09\/1225_DSC0213.jpg\"><img decoding=\"async\" loading=\"lazy\" src=\"https:\/\/www.storevan.com\/wp-content\/uploads\/2019\/09\/1225_DSC0213.jpg\" alt=\"1225_DSC0213\" width=\"340\" height=\"248\" \/><\/a><\/div>\n<ul id=\"id2\" class=\"thumbnails thumbsBox\">\n<li><a href=\"https:\/\/www.storevan.com\/wp-content\/uploads\/2019\/09\/1225_DSC0213.jpg\" data-standard=\"https:\/\/www.storevan.com\/wp-content\/uploads\/2019\/09\/1225_DSC0213.jpg\"><img decoding=\"async\" src=\"https:\/\/www.storevan.com\/wp-content\/uploads\/2019\/09\/1225_DSC0213-150x150.jpg\" alt=\"1225_DSC0213\" \/><\/a><\/li>\n<li><a href=\"https:\/\/www.storevan.com\/wp-content\/uploads\/2019\/09\/1225_DSC0214.jpg\" data-standard=\"https:\/\/www.storevan.com\/wp-content\/uploads\/2019\/09\/1225_DSC0214-480x350.jpg\"><img decoding=\"async\" src=\"https:\/\/www.storevan.com\/wp-content\/uploads\/2019\/09\/1225_DSC0214-150x150.jpg\" alt=\"1225_DSC0214\" \/><\/a><\/li>\n<li><a href=\"https:\/\/www.storevan.com\/wp-content\/uploads\/2019\/09\/1225_DSC0215.jpg\" data-standard=\"https:\/\/www.storevan.com\/wp-content\/uploads\/2019\/09\/1225_DSC0215-480x350.jpg\"><img decoding=\"async\" src=\"https:\/\/www.storevan.com\/wp-content\/uploads\/2019\/09\/1225_DSC0215-150x150.jpg\" alt=\"1225_DSC0215\" \/><\/a><\/li>\n<li><a href=\"https:\/\/www.storevan.com\/wp-content\/uploads\/2019\/09\/1225_DSC0223.jpg\" data-standard=\"https:\/\/www.storevan.com\/wp-content\/uploads\/2019\/09\/1225_DSC0223-480x350.jpg\"><img decoding=\"async\" src=\"https:\/\/www.storevan.com\/wp-content\/uploads\/2019\/09\/1225_DSC0223-150x150.jpg\" alt=\"1225_DSC0223\" \/><\/a><\/li>\n<\/ul>\n<div class=\"break\"><\/div>\n<\/div><div class=\"one_third last\">\n<h6 class=\"text-center txtUp\">Long 1524mm<\/h6>\n<div class=\"easyzoom easyzoom--overlay easyzoom--with-thumbnails id3\"><a href=\"https:\/\/www.storevan.com\/wp-content\/uploads\/2019\/09\/1524_DSC0205.jpg\"><img decoding=\"async\" loading=\"lazy\" src=\"https:\/\/www.storevan.com\/wp-content\/uploads\/2019\/09\/1524_DSC0205.jpg\" alt=\"1524_DS0205\" width=\"340\" height=\"248\" \/><\/a><\/div>\n<ul id=\"id3\" class=\"thumbnails thumbsBox\">\n<li><a href=\"https:\/\/www.storevan.com\/wp-content\/uploads\/2019\/09\/1524_DSC0205.jpg\" data-standard=\"https:\/\/www.storevan.com\/wp-content\/uploads\/2019\/09\/1524_DSC0205.jpg\"><img decoding=\"async\" src=\"https:\/\/www.storevan.com\/wp-content\/uploads\/2019\/09\/1524_DSC0205-150x150.jpg\" alt=\"1524_DSC0205\" \/><\/a><\/li>\n<li><a href=\"https:\/\/www.storevan.com\/wp-content\/uploads\/2019\/09\/1524_DSC0209.jpg\" data-standard=\"https:\/\/www.storevan.com\/wp-content\/uploads\/2019\/09\/1524_DSC0209-480x350.jpg\"><img decoding=\"async\" src=\"https:\/\/www.storevan.com\/wp-content\/uploads\/2019\/09\/1524_DSC0209-150x150.jpg\" alt=\"1524_DSC0209\" \/><\/a><\/li>\n<li><a href=\"https:\/\/www.storevan.com\/wp-content\/uploads\/2019\/09\/1524_DSC0210.jpg\" data-standard=\"https:\/\/www.storevan.com\/wp-content\/uploads\/2019\/09\/1524_DSC0210-480x350.jpg\"><img decoding=\"async\" src=\"https:\/\/www.storevan.com\/wp-content\/uploads\/2019\/09\/1524_DSC0210-150x150.jpg\" alt=\"1524_DSC0210\" \/><\/a><\/li>\n<li><a href=\"https:\/\/www.storevan.com\/wp-content\/uploads\/2019\/09\/1524_DSC0221.jpg\" data-standard=\"https:\/\/www.storevan.com\/wp-content\/uploads\/2019\/09\/1524_DSC0221-480x350.jpg\"><img decoding=\"async\" src=\"https:\/\/www.storevan.com\/wp-content\/uploads\/2019\/09\/1524_DSC0221-150x150.jpg\" alt=\"1524_DSC0221\" \/><\/a><\/li>\n<li><a href=\"https:\/\/www.storevan.com\/wp-content\/uploads\/2019\/09\/1524_DSC0222.jpg\" data-standard=\"https:\/\/www.storevan.com\/wp-content\/uploads\/2019\/09\/1524_DSC0222-480x350.jpg\"><img decoding=\"async\" src=\"https:\/\/www.storevan.com\/wp-content\/uploads\/2019\/09\/1524_DSC0222-150x150.jpg\" alt=\"1524_DSC0222\" \/><\/a><\/li>\n<\/ul>\n<div class=\"break\"><\/div>\n<\/div><div class=\"clearboth\"><\/div>\n<hr class=\"noColor\" \/>\n<div class=\"hidden-xs col-sm-3 col-md-3 \">\n<hr class=\"orangeLine\" \/>\n<\/div>\n<div class=\"col-sm-6 col-md-6 \">\n<h3 class=\"bigTxt text-center titBoxDivisor\">Solution avec \u00e9tabli pliant:<\/h3>\n<\/div>\n<div class=\"hidden-xs col-sm-3 col-md-3 \">\n<hr class=\"orangeLine\" \/>\n<\/div>\n<div class=\"break\"><\/div>\n<hr class=\"noColor\" \/>\n<div class=\"col-md-6\">\n<div class=\"iframeContent video\"><iframe loading=\"lazy\" src=\"https:\/\/www.youtube.com\/embed\/WDxLvnLrlAo\" width=\"560\" height=\"315\" frameborder=\"0\" allowfullscreen=\"allowfullscreen\"><\/iframe><\/div>\n<\/div>\n<div class=\"col-md-6\">\n<p>Outre les panneaux perfor\u00e9s porte-outils, l\u2019am\u00e9nagement de cloison pour utilitaire peut accueillir l\u2019<strong>\u00e9tabli pliant avec plan de travail en bois perfor\u00e9 et pieds en m\u00e9tal<\/strong>. Ins\u00e9r\u00e9 \u00e0 l\u2019int\u00e9rieur de l\u2019<strong>am\u00e9nagement de cloison<\/strong>, occupant l\u2019espace inutilis\u00e9 qui se situe entre la cloison elle-m\u00eame et la paroi de l\u2019arri\u00e8re de cabine, l\u2019\u00e9tabli pliant peut \u00eatre sorti et transport\u00e9 facilement et rapidement, m\u00eame \u00e0 l\u2019ext\u00e9rieur. Gr\u00e2ce \u00e0 sa structure particuli\u00e8rement stable, sa <strong>capacit\u00e9 de charge est \u00e9gale \u00e0 150\u00a0kg<\/strong> et permet d\u2019ex\u00e9cuter des travaux et\/ou r\u00e9parations sans aucune difficult\u00e9. <strong>Les trous pr\u00e9sents sur le plan de travail permettent de fixer des pinces ou d\u2019autres outils pratiques<\/strong>, transformant le produit en un v\u00e9ritable \u00e9tabli pliant professionnel\u00a0!<\/p>\n<p><a class=\"btn btn-primary pull-right\" href=\"https:\/\/www.storevan.com\/fr\/produits\/etabli-pliant\/\">D\u00e9tail <i class=\"fa fa-angle-double-right\"><\/i><\/a><\/p>\n<\/div>\n<div class=\"break\"><\/div>\n<hr \/>\n<p><a name=\"formcontatto\"><\/a><\/p>\n<h4 class=\"bigTxt text-center txtBkOrange\">VOULEZ-VOUS EN SAVOIR PLUS?<\/h4>\n\n<div class=\"wpcf7 no-js\" id=\"wpcf7-f67673-o1\" lang=\"it-IT\" dir=\"ltr\">\n<div class=\"screen-reader-response\"><p role=\"status\" aria-live=\"polite\" aria-atomic=\"true\"><\/p> <ul><\/ul><\/div>\n<form action=\"\/fr\/wp-json\/wp\/v2\/pages\/107510#wpcf7-f67673-o1\" method=\"post\" class=\"wpcf7-form init\" id=\"form-pianali-pannellature-fr\" aria-label=\"Modulo di contatto\" novalidate=\"novalidate\" data-status=\"init\">\n<div style=\"display: none;\">\n<input type=\"hidden\" name=\"_wpcf7\" value=\"67673\" \/>\n<input type=\"hidden\" name=\"_wpcf7_version\" value=\"5.7.7\" \/>\n<input type=\"hidden\" name=\"_wpcf7_locale\" value=\"it_IT\" \/>\n<input type=\"hidden\" name=\"_wpcf7_unit_tag\" value=\"wpcf7-f67673-o1\" \/>\n<input type=\"hidden\" name=\"_wpcf7_container_post\" value=\"0\" \/>\n<input type=\"hidden\" name=\"_wpcf7_posted_data_hash\" value=\"\" \/>\n<input type=\"hidden\" name=\"_wpcf7_recaptcha_response\" value=\"\" \/>\n<\/div>\n<span class=\"wpcf7-form-control-wrap url\" data-name=\"url\"><input type=\"hidden\" name=\"url\" size=\"40\" class=\"wpcf7-form-control wpcf7-hidden wpcf7dtx wpcf7dtx-hidden\" aria-invalid=\"false\" value=\"amenagement-cloison\" autocomplete=\"off\" \/><\/span>\n<p>Pour plus d'informations, remplissez les champs suivants. L'un de nos op\u00e9rateurs vous recontactera dans les plus brefs d\u00e9lais (* champs obligatoires):\n<\/p>\n<div class=\"col-xs-12 col-md-6\">\n\t<p><span class='titoli'>Pr\u00e9nom (*)<\/span>\n\t<\/p>\n\t<p><span class=\"wpcf7-form-control-wrap\" data-name=\"your-name\"><input size=\"40\" class=\"wpcf7-form-control wpcf7-text wpcf7-validates-as-required form-control\" aria-required=\"true\" aria-invalid=\"false\" value=\"\" type=\"text\" name=\"your-name\" \/><\/span>\n\t<\/p>\n<\/div>\n<div class=\"col-xs-12 col-md-6\">\n\t<p><span class='titoli'>Nom (*)<\/span>\n\t<\/p>\n\t<p><span class=\"wpcf7-form-control-wrap\" data-name=\"your-last-name\"><input size=\"40\" class=\"wpcf7-form-control wpcf7-text wpcf7-validates-as-required form-control\" aria-required=\"true\" aria-invalid=\"false\" value=\"\" type=\"text\" name=\"your-last-name\" \/><\/span>\n\t<\/p>\n<\/div>\n<div class=\"col-xs-12 col-md-6\">\n\t<p><span class='titoli'>Entreprise (*)<\/span>\n\t<\/p>\n\t<p><span class=\"wpcf7-form-control-wrap\" data-name=\"your-company\"><input size=\"40\" class=\"wpcf7-form-control wpcf7-text wpcf7-validates-as-required form-control\" aria-required=\"true\" aria-invalid=\"false\" value=\"\" type=\"text\" name=\"your-company\" \/><\/span>\n\t<\/p>\n<\/div>\n<div class=\"col-xs-12 col-md-6\">\n\t<p><span class='titoli'>TVA<\/span>\n\t<\/p>\n\t<p><span class=\"wpcf7-form-control-wrap\" data-name=\"p-iva\"><input size=\"40\" class=\"wpcf7-form-control wpcf7-text form-control\" aria-invalid=\"false\" value=\"\" type=\"text\" name=\"p-iva\" \/><\/span>\n\t<\/p>\n<\/div>\n<div class=\"clearboth\">\n<\/div>\n<div class=\"col-xs-12 col-md-4\">\n\t<p><span class='titoli'>Code Postal (*)<\/span>\n\t<\/p>\n\t<p><span class=\"wpcf7-form-control-wrap\" data-name=\"your-zip-code\"><input size=\"40\" class=\"wpcf7-form-control wpcf7-text wpcf7-validates-as-required form-control\" aria-required=\"true\" aria-invalid=\"false\" value=\"\" type=\"text\" name=\"your-zip-code\" \/><\/span>\n\t<\/p>\n<\/div>\n<div class=\"col-xs-12 col-md-4\">\n\t<p><span class='titoli'>Adresse (*)<\/span>\n\t<\/p>\n\t<p><span class=\"wpcf7-form-control-wrap\" data-name=\"your-address\"><input size=\"40\" class=\"wpcf7-form-control wpcf7-text wpcf7-validates-as-required form-control\" aria-required=\"true\" aria-invalid=\"false\" value=\"\" type=\"text\" name=\"your-address\" \/><\/span>\n\t<\/p>\n<\/div>\n<div class=\"col-xs-12 col-md-4\">\n\t<p><span class='titoli'>Ville (*)<\/span>\n\t<\/p>\n\t<p><span class=\"wpcf7-form-control-wrap\" data-name=\"your-Town\"><input size=\"40\" class=\"wpcf7-form-control wpcf7-text wpcf7-validates-as-required form-control\" aria-required=\"true\" aria-invalid=\"false\" value=\"\" type=\"text\" name=\"your-Town\" \/><\/span>\n\t<\/p>\n<\/div>\n<div class=\"clearboth\">\n<\/div>\n<div class=\"col-xs-12 col-md-6\">\n\t<p><span class='titoli'>email (*)<\/span>\n\t<\/p>\n\t<p><span class=\"wpcf7-form-control-wrap\" data-name=\"your-email\"><input size=\"40\" class=\"wpcf7-form-control wpcf7-text wpcf7-email wpcf7-validates-as-required wpcf7-validates-as-email form-control\" aria-required=\"true\" aria-invalid=\"false\" value=\"\" type=\"email\" name=\"your-email\" \/><\/span>\n\t<\/p>\n<\/div>\n<div class=\"col-xs-12 col-md-6\">\n\t<p><span class='titoli'>T\u00e9l\u00e9phone (*)<\/span>\n\t<\/p>\n\t<p><span class=\"wpcf7-form-control-wrap\" data-name=\"telefono\"><input size=\"40\" class=\"wpcf7-form-control wpcf7-text wpcf7-tel wpcf7-validates-as-required wpcf7-validates-as-tel form-control\" aria-required=\"true\" aria-invalid=\"false\" value=\"\" type=\"tel\" name=\"telefono\" \/><\/span>\n\t<\/p>\n<\/div>\n<div class=\"clearboth\">\n<\/div>\n<div class=\"col-xs-12 col-md-6\">\n\t<p><span class='titoli'>Objet <\/span>\n\t<\/p>\n\t<p><span class=\"wpcf7-form-control-wrap\" data-name=\"oggetto\"><select class=\"wpcf7-form-control wpcf7-select wpcf7-validates-as-required\" aria-required=\"true\" aria-invalid=\"false\" name=\"oggetto\"><option value=\"Citation\">Citation<\/option><option value=\"Information technique\">Information technique<\/option><option value=\"Rendez-vous\">Rendez-vous<\/option><\/select><\/span>\n\t<\/p>\n<\/div>\n<div class=\"col-xs-12 col-md-6\">\n\t<p><br \/>\n<span class=\"titoli\"> <span class=\"wpcf7-form-control-wrap\" data-name=\"cliente\"><span class=\"wpcf7-form-control wpcf7-checkbox\"><span class=\"wpcf7-list-item first last\"><label><span class=\"wpcf7-list-item-label\">Je suis d\u00e9j\u00e0 client<\/span><input type=\"checkbox\" name=\"cliente[]\" value=\"Je suis d\u00e9j\u00e0 client\" \/><\/label><\/span><\/span><\/span><\/span>\n\t<\/p>\n<\/div>\n<div class=\"col-xs-12 col-md-12\">\n\t<p><span class='titoli'>Message (*)<\/span>\n\t<\/p>\n\t<p><span class=\"wpcf7-form-control-wrap\" data-name=\"your-message\"><textarea cols=\"40\" rows=\"10\" class=\"wpcf7-form-control wpcf7-textarea wpcf7-validates-as-required form-control\" aria-required=\"true\" aria-invalid=\"false\" name=\"your-message\"><\/textarea><\/span>\n\t<\/p>\n<\/div>\n<div class=\"col-xs-12 col-md-12\">\n\t<p><small>Les donn\u00e9es saisies seront trait\u00e9es de mani\u00e8re strictement confidentielle conform\u00e9ment \u00e0 la loi et \u00e0 notre <a href=\"https:\/\/www.storevan.com\/fr\/privacy-policy\/\">politique de confidentialit\u00e9<\/a>.<\/small>\n\t<\/p>\n\t<p><span class=\"wpcf7-form-control-wrap\" data-name=\"AccettazionePrivacy\"><span class=\"wpcf7-form-control wpcf7-acceptance\"><span class=\"wpcf7-list-item\"><input type=\"checkbox\" name=\"AccettazionePrivacy\" value=\"1\" aria-invalid=\"false\" \/><\/span><\/span><\/span> Je d\u00e9clare avoir pris connaissance de la Note Informative sur les <a href=\"https:\/\/www.storevan.com\/fr\/privacy-policy\/\">Note Informative sur les Informations priv\u00e9es<\/a> et j\u2019autorise au traitement de mes donn\u00e9es personnelles en conformit\u00e9 avec ce qui y est \u00e9crit. (*)<br \/>\n\t<span class=\"wpcf7-form-control-wrap recaptcha\" data-name=\"recaptcha\"><span data-sitekey=\"6LdfM4AUAAAAAJjsAucux5WVNA3hsk5KP0a03T_n\" class=\"wpcf7-form-control g-recaptcha wpcf7-recaptcha\"><\/span>\r\n<noscript>\r\n\t<div class=\"grecaptcha-noscript\">\r\n\t\t<iframe src=\"https:\/\/www.google.com\/recaptcha\/api\/fallback?k=6LdfM4AUAAAAAJjsAucux5WVNA3hsk5KP0a03T_n\" frameborder=\"0\" scrolling=\"no\" width=\"310\" height=\"430\">\r\n\t\t<\/iframe>\r\n\t\t<textarea name=\"g-recaptcha-response\" rows=\"3\" cols=\"40\" placeholder=\"reCaptcha Response Here\">\r\n\t\t<\/textarea>\r\n\t<\/div>\r\n<\/noscript>\r\n<\/span>\n\t<\/p>\n<\/div>\n<hr class=\"noColor\" \/>\n<p><input class=\"wpcf7-form-control has-spinner wpcf7-submit\" type=\"submit\" value=\"Envoi\" \/>\n<\/p><div class=\"wpcf7-response-output\" aria-hidden=\"true\"><\/div>\n<\/form>\n<\/div>\n\n","protected":false},"excerpt":{"rendered":"<p>Am\u00e9nagement de cloison pour utilitaire Comment prot\u00e9ger les cloisons de s\u00e9paration des utilitaires en optimisant les espaces L\u2019am\u00e9nagement de cloison est l\u2019un derniers produits con\u00e7us par Store Van pour offrir.<\/p>\n","protected":false},"author":470,"featured_media":107879,"parent":25668,"menu_order":0,"comment_status":"closed","ping_status":"closed","template":"","meta":[],"acf":[],"yoast_head":"<!-- This site is optimized with the Yoast SEO plugin v20.11 - https:\/\/yoast.com\/wordpress\/plugins\/seo\/ -->\n<title>Am\u00e9nagement de cloison protecteur pour utilitaires<\/title>\n<meta name=\"description\" content=\"Prot\u00e9gez la cloison de s\u00e9paration de votre utilitaire et optimisez l\u2019arri\u00e8re de cabine avec l\u2019am\u00e9nagement de cloison perfor\u00e9 avec \u00e9tabli pliant StoreVan!\" \/>\n<meta name=\"robots\" content=\"index, follow, max-snippet:-1, max-image-preview:large, max-video-preview:-1\" \/>\n<link rel=\"canonical\" href=\"https:\/\/www.storevan.com\/fr\/produits\/amenagement-cloison\/\" \/>\n<meta property=\"og:locale\" content=\"fr_FR\" \/>\n<meta property=\"og:type\" content=\"article\" \/>\n<meta property=\"og:title\" content=\"Am\u00e9nagement de cloison protecteur pour utilitaires\" \/>\n<meta property=\"og:description\" content=\"Prot\u00e9gez la cloison de s\u00e9paration de votre utilitaire et optimisez l\u2019arri\u00e8re de cabine avec l\u2019am\u00e9nagement de cloison perfor\u00e9 avec \u00e9tabli pliant StoreVan!\" \/>\n<meta property=\"og:url\" content=\"https:\/\/www.storevan.com\/fr\/produits\/amenagement-cloison\/\" \/>\n<meta property=\"og:site_name\" content=\"Store Van\" \/>\n<meta property=\"article:modified_time\" content=\"2020-12-18T11:26:49+00:00\" \/>\n<meta property=\"og:image\" content=\"https:\/\/www.storevan.com\/wp-content\/uploads\/2019\/09\/rivestimento-paratia-divisoria-furgone.jpg\" \/>\n\t<meta property=\"og:image:width\" content=\"300\" \/>\n\t<meta property=\"og:image:height\" content=\"300\" \/>\n\t<meta property=\"og:image:type\" content=\"image\/jpeg\" \/>\n<meta name=\"twitter:label1\" content=\"Dur\u00e9e de lecture estim\u00e9e\" \/>\n\t<meta name=\"twitter:data1\" content=\"5 minutes\" \/>\n<script type=\"application\/ld+json\" class=\"yoast-schema-graph\">{\"@context\":\"https:\/\/schema.org\",\"@graph\":[{\"@type\":\"WebPage\",\"@id\":\"https:\/\/www.storevan.com\/fr\/produits\/amenagement-cloison\/\",\"url\":\"https:\/\/www.storevan.com\/fr\/produits\/amenagement-cloison\/\",\"name\":\"Am\u00e9nagement de cloison protecteur pour utilitaires\",\"isPartOf\":{\"@id\":\"https:\/\/www.storevan.com\/pl\/#website\"},\"datePublished\":\"2019-09-04T11:51:03+00:00\",\"dateModified\":\"2020-12-18T11:26:49+00:00\",\"description\":\"Prot\u00e9gez la cloison de s\u00e9paration de votre utilitaire et optimisez l\u2019arri\u00e8re de cabine avec l\u2019am\u00e9nagement de cloison perfor\u00e9 avec \u00e9tabli pliant StoreVan!\",\"breadcrumb\":{\"@id\":\"https:\/\/www.storevan.com\/fr\/produits\/amenagement-cloison\/#breadcrumb\"},\"inLanguage\":\"fr-FR\",\"potentialAction\":[{\"@type\":\"ReadAction\",\"target\":[\"https:\/\/www.storevan.com\/fr\/produits\/amenagement-cloison\/\"]}]},{\"@type\":\"BreadcrumbList\",\"@id\":\"https:\/\/www.storevan.com\/fr\/produits\/amenagement-cloison\/#breadcrumb\",\"itemListElement\":[{\"@type\":\"ListItem\",\"position\":1,\"name\":\"Home\",\"item\":\"https:\/\/www.storevan.com\/fr\/\"},{\"@type\":\"ListItem\",\"position\":2,\"name\":\"Produits\",\"item\":\"https:\/\/www.storevan.com\/fr\/produits\/\"},{\"@type\":\"ListItem\",\"position\":3,\"name\":\"Am\u00e9nagement de cloison\"}]},{\"@type\":\"WebSite\",\"@id\":\"https:\/\/www.storevan.com\/pl\/#website\",\"url\":\"https:\/\/www.storevan.com\/pl\/\",\"name\":\"Store Van\",\"description\":\"Am\u00e9nagements fourgons\",\"potentialAction\":[{\"@type\":\"SearchAction\",\"target\":{\"@type\":\"EntryPoint\",\"urlTemplate\":\"https:\/\/www.storevan.com\/pl\/?s={search_term_string}\"},\"query-input\":\"required name=search_term_string\"}],\"inLanguage\":\"fr-FR\"}]}<\/script>\n<!-- \/ Yoast SEO plugin. -->","yoast_head_json":{"title":"Am\u00e9nagement de cloison protecteur pour utilitaires","description":"Prot\u00e9gez la cloison de s\u00e9paration de votre utilitaire et optimisez l\u2019arri\u00e8re de cabine avec l\u2019am\u00e9nagement de cloison perfor\u00e9 avec \u00e9tabli pliant StoreVan!","robots":{"index":"index","follow":"follow","max-snippet":"max-snippet:-1","max-image-preview":"max-image-preview:large","max-video-preview":"max-video-preview:-1"},"canonical":"https:\/\/www.storevan.com\/fr\/produits\/amenagement-cloison\/","og_locale":"fr_FR","og_type":"article","og_title":"Am\u00e9nagement de cloison protecteur pour utilitaires","og_description":"Prot\u00e9gez la cloison de s\u00e9paration de votre utilitaire et optimisez l\u2019arri\u00e8re de cabine avec l\u2019am\u00e9nagement de cloison perfor\u00e9 avec \u00e9tabli pliant StoreVan!","og_url":"https:\/\/www.storevan.com\/fr\/produits\/amenagement-cloison\/","og_site_name":"Store Van","article_modified_time":"2020-12-18T11:26:49+00:00","og_image":[{"width":300,"height":300,"url":"https:\/\/www.storevan.com\/wp-content\/uploads\/2019\/09\/rivestimento-paratia-divisoria-furgone.jpg","type":"image\/jpeg"}],"twitter_misc":{"Dur\u00e9e de lecture estim\u00e9e":"5 minutes"},"schema":{"@context":"https:\/\/schema.org","@graph":[{"@type":"WebPage","@id":"https:\/\/www.storevan.com\/fr\/produits\/amenagement-cloison\/","url":"https:\/\/www.storevan.com\/fr\/produits\/amenagement-cloison\/","name":"Am\u00e9nagement de cloison protecteur pour utilitaires","isPartOf":{"@id":"https:\/\/www.storevan.com\/pl\/#website"},"datePublished":"2019-09-04T11:51:03+00:00","dateModified":"2020-12-18T11:26:49+00:00","description":"Prot\u00e9gez la cloison de s\u00e9paration de votre utilitaire et optimisez l\u2019arri\u00e8re de cabine avec l\u2019am\u00e9nagement de cloison perfor\u00e9 avec \u00e9tabli pliant StoreVan!","breadcrumb":{"@id":"https:\/\/www.storevan.com\/fr\/produits\/amenagement-cloison\/#breadcrumb"},"inLanguage":"fr-FR","potentialAction":[{"@type":"ReadAction","target":["https:\/\/www.storevan.com\/fr\/produits\/amenagement-cloison\/"]}]},{"@type":"BreadcrumbList","@id":"https:\/\/www.storevan.com\/fr\/produits\/amenagement-cloison\/#breadcrumb","itemListElement":[{"@type":"ListItem","position":1,"name":"Home","item":"https:\/\/www.storevan.com\/fr\/"},{"@type":"ListItem","position":2,"name":"Produits","item":"https:\/\/www.storevan.com\/fr\/produits\/"},{"@type":"ListItem","position":3,"name":"Am\u00e9nagement de cloison"}]},{"@type":"WebSite","@id":"https:\/\/www.storevan.com\/pl\/#website","url":"https:\/\/www.storevan.com\/pl\/","name":"Store Van","description":"Am\u00e9nagements fourgons","potentialAction":[{"@type":"SearchAction","target":{"@type":"EntryPoint","urlTemplate":"https:\/\/www.storevan.com\/pl\/?s={search_term_string}"},"query-input":"required name=search_term_string"}],"inLanguage":"fr-FR"}]}},"_links":{"self":[{"href":"https:\/\/www.storevan.com\/fr\/wp-json\/wp\/v2\/pages\/107510"}],"collection":[{"href":"https:\/\/www.storevan.com\/fr\/wp-json\/wp\/v2\/pages"}],"about":[{"href":"https:\/\/www.storevan.com\/fr\/wp-json\/wp\/v2\/types\/page"}],"author":[{"embeddable":true,"href":"https:\/\/www.storevan.com\/fr\/wp-json\/wp\/v2\/users\/470"}],"replies":[{"embeddable":true,"href":"https:\/\/www.storevan.com\/fr\/wp-json\/wp\/v2\/comments?post=107510"}],"version-history":[{"count":15,"href":"https:\/\/www.storevan.com\/fr\/wp-json\/wp\/v2\/pages\/107510\/revisions"}],"predecessor-version":[{"id":122896,"href":"https:\/\/www.storevan.com\/fr\/wp-json\/wp\/v2\/pages\/107510\/revisions\/122896"}],"up":[{"embeddable":true,"href":"https:\/\/www.storevan.com\/fr\/wp-json\/wp\/v2\/pages\/25668"}],"wp:featuredmedia":[{"embeddable":true,"href":"https:\/\/www.storevan.com\/fr\/wp-json\/wp\/v2\/media\/107879"}],"wp:attachment":[{"href":"https:\/\/www.storevan.com\/fr\/wp-json\/wp\/v2\/media?parent=107510"}],"curies":[{"name":"wp","href":"https:\/\/api.w.org\/{rel}","templated":true}]}}