{"id":105166,"date":"2019-06-25T13:10:05","date_gmt":"2019-06-25T13:10:05","guid":{"rendered":"https:\/\/www.storevan.com\/produits\/etageres-pliables-pour-vehicules-utilitaires\/trasporto-elettrodomestici\/"},"modified":"2019-07-22T09:51:42","modified_gmt":"2019-07-22T09:51:42","slug":"transport-electromenagers","status":"publish","type":"page","link":"https:\/\/www.storevan.com\/fr\/produits\/etageres-pliables-pour-vehicules-utilitaires\/transport-electromenagers\/","title":{"rendered":"Am\u00e9nagement pour transport \u00e9lectrom\u00e9nagers"},"content":{"rendered":"<h1 class=\"customblackTitleSmall\">Am\u00e9nagement pour transport \u00e9lectrom\u00e9nagers<\/h1>\n<hr class=\"noColor\" \/>\n<div class=\"col-xs-12 col-sm-6 col-md-6\">\n<h2 class=\"txtBlack\">Comment exp\u00e9dier un \u00e9lectrom\u00e9nager<\/h2>\n<div class=\"borderTitle\"><\/div>\n<p>Le transport d&rsquo;\u00e9lectrom\u00e9nagers ou, en g\u00e9n\u00e9ral, d&rsquo;articles de tailles diverses et parfois fragiles, peut entra\u00eener un certain nombre de risques. La marchandise doit \u00eatre <strong>charg\u00e9e en tenant compte de ses dimensions, de son poids et de ses possibilit\u00e9s de superposition<\/strong>. Si ces produits sont transport\u00e9s horizontalement, la face avant ou arri\u00e8re ne doit jamais \u00eatre pos\u00e9e au sol. De plus, les produits devront \u00eatre emball\u00e9s avec soin et attention. L&rsquo;id\u00e9al est de stabiliser et prot\u00e9ger la marchandise \u00e0 l&rsquo;aide de polystyr\u00e8ne, carton, pellicules et films, feuillards et palettes.<\/p>\n<h3>Light Shelf, la solution id\u00e9ale pour le transport des \u00e9lectrom\u00e9nagers<\/h3>\n<p>Le syst\u00e8me d&rsquo;<a href=\"https:\/\/www.storevan.com\/fr\/produits\/etageres-pliables-pour-vehicules-utilitaires\/\" title=\"\u00c9tag\u00e8res pliables Light Shelf \">\u00e9tag\u00e8res pliables Light Shelf<\/a> repr\u00e9sente la solution id\u00e9ale non seulement pour les magasins d&rsquo;\u00e9lectrom\u00e9nagers, mais aussi pour tous ceux qui s&rsquo;occupent du <strong>transport et de l&rsquo;installation d&rsquo;appareils \u00e9lectrom\u00e9nagers<\/strong>. Les \u00e9tag\u00e8res pour v\u00e9hicules utilitaires peuvent \u00eatre repli\u00e9es en fonction de la quantit\u00e9 et des dimensions des produits \u00e0 transporter. Par exemple, lorsqu&rsquo;elles sont baiss\u00e9es, <strong>les \u00e9tag\u00e8res peuvent accueillir des articles de petite &#8211; moyenne taille<\/strong>, comme des fers \u00e0 repasser, des grille-pain, tandis que l&rsquo;<strong>espace central peut \u00eatre utilis\u00e9 pour y loger des machines \u00e0 laver, lave-vaisselle<\/strong>, etc. Lorsqu&rsquo;elles sont ferm\u00e9es, l&rsquo;espace libre augmente significativement, permettant de charger des objets plus volumineux\u00a0: une solution id\u00e9ale pour <strong>transporter des r\u00e9frig\u00e9rateurs ou des cong\u00e9lateurs coffres<\/strong>.<\/p>\n<div class=\"ts-gallery col-md-10 col-md-offset-1\">\n<div class=\"borderTitleCenterOrange\"><\/div>\n<div class=\"col-xs-6 col-md-3\"><a href=\"https:\/\/www.storevan.com\/wp-content\/uploads\/2019\/06\/ripiani-ribaltabili-trasporto-elettrodomestici.jpg\"><img decoding=\"async\" loading=\"lazy\" src=\"https:\/\/www.storevan.com\/wp-content\/uploads\/2019\/06\/ripiani-ribaltabili-trasporto-elettrodomestici-150x150.jpg\" alt=\"\u00c9tag\u00e8res pliables id\u00e9ales pour le transport du mat\u00e9riel et des \u00e9lectrom\u00e9nagers\" width=\"150\" height=\"150\" class=\"aligncenter size-thumbnail wp-image-104448\" srcset=\"https:\/\/www.storevan.com\/wp-content\/uploads\/2019\/06\/ripiani-ribaltabili-trasporto-elettrodomestici-150x150.jpg 150w, https:\/\/www.storevan.com\/wp-content\/uploads\/2019\/06\/ripiani-ribaltabili-trasporto-elettrodomestici-48x48.jpg 48w, https:\/\/www.storevan.com\/wp-content\/uploads\/2019\/06\/ripiani-ribaltabili-trasporto-elettrodomestici-480x480.jpg 480w\" sizes=\"(max-width: 150px) 100vw, 150px\" \/><\/a><\/div>\n<div class=\"col-xs-6 col-md-3\"><a href=\"https:\/\/www.storevan.com\/wp-content\/uploads\/2019\/06\/furgoni-negozi-elettrodomestici.jpg\"><img decoding=\"async\" loading=\"lazy\" src=\"https:\/\/www.storevan.com\/wp-content\/uploads\/2019\/06\/furgoni-negozi-elettrodomestici-150x150.jpg\" alt=\"Transport \u00e9lectrom\u00e9nagers\" width=\"150\" height=\"150\" class=\"aligncenter size-thumbnail wp-image-104442\" srcset=\"https:\/\/www.storevan.com\/wp-content\/uploads\/2019\/06\/furgoni-negozi-elettrodomestici-150x150.jpg 150w, https:\/\/www.storevan.com\/wp-content\/uploads\/2019\/06\/furgoni-negozi-elettrodomestici-48x48.jpg 48w, https:\/\/www.storevan.com\/wp-content\/uploads\/2019\/06\/furgoni-negozi-elettrodomestici-480x480.jpg 480w\" sizes=\"(max-width: 150px) 100vw, 150px\" \/><\/a><\/div>\n<hr class=\"noColor break visible-xs\"\/>\n<div class=\"col-xs-6 col-md-3\"><a href=\"https:\/\/www.storevan.com\/wp-content\/uploads\/2019\/06\/consegna-elettrodomestici.jpg\"><img decoding=\"async\" loading=\"lazy\" src=\"https:\/\/www.storevan.com\/wp-content\/uploads\/2019\/06\/consegna-elettrodomestici-150x150.jpg\" alt=\"\u00c9tag\u00e8res pliables Light Shelf\" width=\"150\" height=\"150\" class=\"aligncenter size-thumbnail wp-image-104463\" srcset=\"https:\/\/www.storevan.com\/wp-content\/uploads\/2019\/06\/consegna-elettrodomestici-150x150.jpg 150w, https:\/\/www.storevan.com\/wp-content\/uploads\/2019\/06\/consegna-elettrodomestici-48x48.jpg 48w\" sizes=\"(max-width: 150px) 100vw, 150px\" \/><\/a><\/div>\n<div class=\"col-xs-6 col-md-3\"><a href=\"https:\/\/www.storevan.com\/wp-content\/uploads\/2019\/06\/ripiano-scaffalatura.jpg\"><img decoding=\"async\" loading=\"lazy\" src=\"https:\/\/www.storevan.com\/wp-content\/uploads\/2019\/06\/ripiano-scaffalatura-150x150.jpg\" alt=\"\u00c9tag\u00e8res pliables pour \u00e9lectrom\u00e9nagers\" width=\"150\" height=\"150\" class=\"aligncenter size-thumbnail wp-image-104469\" srcset=\"https:\/\/www.storevan.com\/wp-content\/uploads\/2019\/06\/ripiano-scaffalatura-150x150.jpg 150w, https:\/\/www.storevan.com\/wp-content\/uploads\/2019\/06\/ripiano-scaffalatura-48x48.jpg 48w, https:\/\/www.storevan.com\/wp-content\/uploads\/2019\/06\/ripiano-scaffalatura-480x480.jpg 480w\" sizes=\"(max-width: 150px) 100vw, 150px\" \/><\/a><\/div>\n<div class=\"break\"><\/div>\n<div class=\"borderTitleCenterOrange\"><\/div>\n<hr class=\"noColor \" \/>\n<\/div>\n<\/div>\n<div class=\"col-xs-12 col-sm-6 col-md-6 text-center\"><img decoding=\"async\" loading=\"lazy\" src=\"https:\/\/www.storevan.com\/wp-content\/uploads\/2019\/06\/allestimento-trasporto-elettrodomestici.jpg\" alt=\"Am\u00e9nagement pour transport \u00e9lectrom\u00e9nagers\" width=\"550\" height=\"520\" class=\"aligncenter size-full wp-image-104436\" srcset=\"https:\/\/www.storevan.com\/wp-content\/uploads\/2019\/06\/allestimento-trasporto-elettrodomestici.jpg 550w, https:\/\/www.storevan.com\/wp-content\/uploads\/2019\/06\/allestimento-trasporto-elettrodomestici-300x284.jpg 300w\" sizes=\"(max-width: 550px) 100vw, 550px\" \/><a href=\"#formcontatto\" class=\"btn btn-primary btnToggle noMarg\" title=\"Demandez plus d'informations\">Light Shelf vous int\u00e9resse\u00a0? Demandez plus d&rsquo;informations\u00a0!  <i class=\"fa fa-angle-double-right\"><\/i><\/a><\/div>\n<div class=\"break\"><\/div>\n<hr class=\"noColor\"\/>\n<hr class=\"noColor\"\/>\n<div class=\"col-xs-12 col-sm-12 col-md-12\">\n<p class=\"text-justify\"><strong>La s\u00e9curit\u00e9 du chargement<\/strong> pendant le transport est assur\u00e9e par des <strong>sangles d&rsquo;arrimage et des barres t\u00e9lescopiques<\/strong>, compl\u00e9t\u00e9es par les points de fixation situ\u00e9s sur le plancher et sous les \u00e9tag\u00e8res. L&rsquo;int\u00e9gration de ces \u00e9l\u00e9ments permet de cr\u00e9er un am\u00e9nagement s\u00e9curis\u00e9 qui \u00e9vite le d\u00e9placement ou le renversement des produits lors du d\u00e9placement du v\u00e9hicule. En cas d&rsquo;utilisation de palettes, la friction entre ces derni\u00e8res et le plancher peut \u00eatre am\u00e9lior\u00e9e en utilisant des tapis anti-d\u00e9rapants en caoutchouc.<\/p>\n<p>Les <a href=\"https:\/\/www.storevan.com\/fr\/produits\/rampe-de-chargement-pliable-pour-fourgon\/\" title=\"Rampes de chargement\">rampes de chargement<\/a> Store Van peuvent \u00eatre ajout\u00e9es \u00e0 n&rsquo;importe quel am\u00e9nagement, devenant ainsi un alli\u00e9 indispensable pour le chargement et le d\u00e9chargement lors des op\u00e9rations de transport des \u00e9lectrom\u00e9nagers. Le porte-\u00e9chelle et la barre de toit sont \u00e9galement deux \u00e9l\u00e9ments utiles si l&rsquo;installation des \u00e9lectrom\u00e9nagers doit \u00eatre effectu\u00e9e en hauteur (climatiseurs, hottes, etc.).<\/p>\n<hr class=\"noColor\"\/>\n<div class=\"hidden-xs col-sm-2 col-md-3\">\n<hr class=\"orangeLine\">\n<\/div>\n<div class=\"col-xs-12 col-sm-8 col-md-6\">\n<h3 class=\"text-center titBoxDivisor\">Avantages du syst\u00e8me d\u2019\u00e9tag\u00e8res pliables<\/h3>\n<\/div>\n<div class=\"hidden-xs col-sm-2 col-md-3\">\n<hr class=\"orangeLine\">\n<\/div>\n<div class=\"break\"><\/div>\n<hr class=\"noColor\"\/>\n<ul class=\"noList\">\n<li class=\"col-xs-12 col-sm-6 col-md-4\"><i class=\"fa fa-check txtGreen\"><\/i> 6 \u00e9tag\u00e8res en hauteur<\/li>\n<li class=\"col-xs-12 col-sm-6 col-md-4\"><i class=\"fa fa-check txtGreen\"><\/i> Port\u00e9e maximale 120 kg<\/li>\n<li class=\"col-xs-12 col-sm-6 col-md-4\"><i class=\"fa fa-check txtGreen\"><\/i> Id\u00e9ale pour les longs transports de marchandises<\/li>\n<li class=\"col-xs-12 col-sm-6 col-md-4\"><i class=\"fa fa-check txtGreen\"><\/i> Fermeture compl\u00e8te ou partielle<\/li>\n<li class=\"col-xs-12 col-sm-6 col-md-4\"><i class=\"fa fa-check txtGreen\"><\/i> Id\u00e9ale pour les longs transports de marchandises<\/li>\n<li class=\"col-xs-12 col-sm-6 col-md-4\"><i class=\"fa fa-check txtGreen\"><\/i> Possibilit\u00e9 d\u2019ins\u00e9rer des tapis antid\u00e9rapants<\/li>\n<\/ul>\n<\/div>\n<div class=\"break\"><\/div>\n<hr class=\"noColor\" \/>\n<hr \/>\n<div class=\"col-xs-12 col-sm-12 col-md-6\">\n<div class=\"text-center\"><a class=\"btn btn-download\" href=\"tel:+390424585455\"><i class=\"fa fa-phone\"><\/i> <span class=\"spanBtn\">APPELEZ-NOUS<\/span><br \/>\npour toute information<\/a><\/div>\n<\/div>\n<div class=\"col-xs-12 col-sm-12 col-md-6\">\n<div class=\"text-center\"><a class=\"btn btn-download btnToggle\" href=\"#formcontatto\"><i class=\"fa fa-envelope\"><\/i> <span class=\"spanBtn\">\u00c9CRIVEZ-NOUS<\/span><br \/>\nvous serez contact\u00e9s<\/a><\/div>\n<\/div>\n<div class=\"break\"><\/div>\n<hr class=\"noColor\"\/>\n<a name=\"formcontatto\" class=\"destination\"><\/a><\/p>\n<div class=\"formToggle\">\n<h4 class=\"bigTxt text-center txtBkOrange\"><i class=\"fa fa-envelope pull-left\"><\/i>VOULEZ-VOUS EN SAVOIR PLUS ?<\/h4>\n\n<div class=\"wpcf7 no-js\" id=\"wpcf7-f67673-o1\" lang=\"it-IT\" dir=\"ltr\">\n<div class=\"screen-reader-response\"><p role=\"status\" aria-live=\"polite\" aria-atomic=\"true\"><\/p> <ul><\/ul><\/div>\n<form action=\"\/fr\/wp-json\/wp\/v2\/pages\/105166#wpcf7-f67673-o1\" method=\"post\" class=\"wpcf7-form init\" aria-label=\"Modulo di contatto\" novalidate=\"novalidate\" data-status=\"init\">\n<div style=\"display: none;\">\n<input type=\"hidden\" name=\"_wpcf7\" value=\"67673\" \/>\n<input type=\"hidden\" name=\"_wpcf7_version\" value=\"5.7.7\" \/>\n<input type=\"hidden\" name=\"_wpcf7_locale\" value=\"it_IT\" \/>\n<input type=\"hidden\" name=\"_wpcf7_unit_tag\" value=\"wpcf7-f67673-o1\" \/>\n<input type=\"hidden\" name=\"_wpcf7_container_post\" value=\"0\" \/>\n<input type=\"hidden\" name=\"_wpcf7_posted_data_hash\" value=\"\" \/>\n<input type=\"hidden\" name=\"_wpcf7_recaptcha_response\" value=\"\" \/>\n<\/div>\n<span class=\"wpcf7-form-control-wrap url\" data-name=\"url\"><input type=\"hidden\" name=\"url\" size=\"40\" class=\"wpcf7-form-control wpcf7-hidden wpcf7dtx wpcf7dtx-hidden\" aria-invalid=\"false\" value=\"transport-electromenagers\" autocomplete=\"off\" \/><\/span>\n<p>Pour plus d'informations, remplissez les champs suivants. L'un de nos op\u00e9rateurs vous recontactera dans les plus brefs d\u00e9lais (* champs obligatoires):\n<\/p>\n<div class=\"col-xs-12 col-md-6\">\n\t<p><span class='titoli'>Pr\u00e9nom (*)<\/span>\n\t<\/p>\n\t<p><span class=\"wpcf7-form-control-wrap\" data-name=\"your-name\"><input size=\"40\" class=\"wpcf7-form-control wpcf7-text wpcf7-validates-as-required form-control\" aria-required=\"true\" aria-invalid=\"false\" value=\"\" type=\"text\" name=\"your-name\" \/><\/span>\n\t<\/p>\n<\/div>\n<div class=\"col-xs-12 col-md-6\">\n\t<p><span class='titoli'>Nom (*)<\/span>\n\t<\/p>\n\t<p><span class=\"wpcf7-form-control-wrap\" data-name=\"your-last-name\"><input size=\"40\" class=\"wpcf7-form-control wpcf7-text wpcf7-validates-as-required form-control\" aria-required=\"true\" aria-invalid=\"false\" value=\"\" type=\"text\" name=\"your-last-name\" \/><\/span>\n\t<\/p>\n<\/div>\n<div class=\"col-xs-12 col-md-6\">\n\t<p><span class='titoli'>Entreprise (*)<\/span>\n\t<\/p>\n\t<p><span class=\"wpcf7-form-control-wrap\" data-name=\"your-company\"><input size=\"40\" class=\"wpcf7-form-control wpcf7-text wpcf7-validates-as-required form-control\" aria-required=\"true\" aria-invalid=\"false\" value=\"\" type=\"text\" name=\"your-company\" \/><\/span>\n\t<\/p>\n<\/div>\n<div class=\"col-xs-12 col-md-6\">\n\t<p><span class='titoli'>TVA<\/span>\n\t<\/p>\n\t<p><span class=\"wpcf7-form-control-wrap\" data-name=\"p-iva\"><input size=\"40\" class=\"wpcf7-form-control wpcf7-text form-control\" aria-invalid=\"false\" value=\"\" type=\"text\" name=\"p-iva\" \/><\/span>\n\t<\/p>\n<\/div>\n<div class=\"clearboth\">\n<\/div>\n<div class=\"col-xs-12 col-md-4\">\n\t<p><span class='titoli'>Code Postal (*)<\/span>\n\t<\/p>\n\t<p><span class=\"wpcf7-form-control-wrap\" data-name=\"your-zip-code\"><input size=\"40\" class=\"wpcf7-form-control wpcf7-text wpcf7-validates-as-required form-control\" aria-required=\"true\" aria-invalid=\"false\" value=\"\" type=\"text\" name=\"your-zip-code\" \/><\/span>\n\t<\/p>\n<\/div>\n<div class=\"col-xs-12 col-md-4\">\n\t<p><span class='titoli'>Adresse (*)<\/span>\n\t<\/p>\n\t<p><span class=\"wpcf7-form-control-wrap\" data-name=\"your-address\"><input size=\"40\" class=\"wpcf7-form-control wpcf7-text wpcf7-validates-as-required form-control\" aria-required=\"true\" aria-invalid=\"false\" value=\"\" type=\"text\" name=\"your-address\" \/><\/span>\n\t<\/p>\n<\/div>\n<div class=\"col-xs-12 col-md-4\">\n\t<p><span class='titoli'>Ville (*)<\/span>\n\t<\/p>\n\t<p><span class=\"wpcf7-form-control-wrap\" data-name=\"your-Town\"><input size=\"40\" class=\"wpcf7-form-control wpcf7-text wpcf7-validates-as-required form-control\" aria-required=\"true\" aria-invalid=\"false\" value=\"\" type=\"text\" name=\"your-Town\" \/><\/span>\n\t<\/p>\n<\/div>\n<div class=\"clearboth\">\n<\/div>\n<div class=\"col-xs-12 col-md-6\">\n\t<p><span class='titoli'>email (*)<\/span>\n\t<\/p>\n\t<p><span class=\"wpcf7-form-control-wrap\" data-name=\"your-email\"><input size=\"40\" class=\"wpcf7-form-control wpcf7-text wpcf7-email wpcf7-validates-as-required wpcf7-validates-as-email form-control\" aria-required=\"true\" aria-invalid=\"false\" value=\"\" type=\"email\" name=\"your-email\" \/><\/span>\n\t<\/p>\n<\/div>\n<div class=\"col-xs-12 col-md-6\">\n\t<p><span class='titoli'>T\u00e9l\u00e9phone (*)<\/span>\n\t<\/p>\n\t<p><span class=\"wpcf7-form-control-wrap\" data-name=\"telefono\"><input size=\"40\" class=\"wpcf7-form-control wpcf7-text wpcf7-tel wpcf7-validates-as-required wpcf7-validates-as-tel form-control\" aria-required=\"true\" aria-invalid=\"false\" value=\"\" type=\"tel\" name=\"telefono\" \/><\/span>\n\t<\/p>\n<\/div>\n<div class=\"clearboth\">\n<\/div>\n<div class=\"col-xs-12 col-md-6\">\n\t<p><span class='titoli'>Objet <\/span>\n\t<\/p>\n\t<p><span class=\"wpcf7-form-control-wrap\" data-name=\"oggetto\"><select class=\"wpcf7-form-control wpcf7-select wpcf7-validates-as-required\" aria-required=\"true\" aria-invalid=\"false\" name=\"oggetto\"><option value=\"Citation\">Citation<\/option><option value=\"Information technique\">Information technique<\/option><option value=\"Rendez-vous\">Rendez-vous<\/option><\/select><\/span>\n\t<\/p>\n<\/div>\n<div class=\"col-xs-12 col-md-6\">\n\t<p><br \/>\n<span class=\"titoli\"> <span class=\"wpcf7-form-control-wrap\" data-name=\"cliente\"><span class=\"wpcf7-form-control wpcf7-checkbox\"><span class=\"wpcf7-list-item first last\"><label><span class=\"wpcf7-list-item-label\">Je suis d\u00e9j\u00e0 client<\/span><input type=\"checkbox\" name=\"cliente[]\" value=\"Je suis d\u00e9j\u00e0 client\" \/><\/label><\/span><\/span><\/span><\/span>\n\t<\/p>\n<\/div>\n<div class=\"col-xs-12 col-md-12\">\n\t<p><span class='titoli'>Message (*)<\/span>\n\t<\/p>\n\t<p><span class=\"wpcf7-form-control-wrap\" data-name=\"your-message\"><textarea cols=\"40\" rows=\"10\" class=\"wpcf7-form-control wpcf7-textarea wpcf7-validates-as-required form-control\" aria-required=\"true\" aria-invalid=\"false\" name=\"your-message\"><\/textarea><\/span>\n\t<\/p>\n<\/div>\n<div class=\"col-xs-12 col-md-12\">\n\t<p><small>Les donn\u00e9es saisies seront trait\u00e9es de mani\u00e8re strictement confidentielle conform\u00e9ment \u00e0 la loi et \u00e0 notre <a href=\"https:\/\/www.storevan.com\/fr\/privacy-policy\/\">politique de confidentialit\u00e9<\/a>.<\/small>\n\t<\/p>\n\t<p><span class=\"wpcf7-form-control-wrap\" data-name=\"AccettazionePrivacy\"><span class=\"wpcf7-form-control wpcf7-acceptance\"><span class=\"wpcf7-list-item\"><input type=\"checkbox\" name=\"AccettazionePrivacy\" value=\"1\" aria-invalid=\"false\" \/><\/span><\/span><\/span> Je d\u00e9clare avoir pris connaissance de la Note Informative sur les <a href=\"https:\/\/www.storevan.com\/fr\/privacy-policy\/\">Note Informative sur les Informations priv\u00e9es<\/a> et j\u2019autorise au traitement de mes donn\u00e9es personnelles en conformit\u00e9 avec ce qui y est \u00e9crit. (*)<br \/>\n\t<span class=\"wpcf7-form-control-wrap recaptcha\" data-name=\"recaptcha\"><span data-sitekey=\"6LdfM4AUAAAAAJjsAucux5WVNA3hsk5KP0a03T_n\" class=\"wpcf7-form-control g-recaptcha wpcf7-recaptcha\"><\/span>\r\n<noscript>\r\n\t<div class=\"grecaptcha-noscript\">\r\n\t\t<iframe src=\"https:\/\/www.google.com\/recaptcha\/api\/fallback?k=6LdfM4AUAAAAAJjsAucux5WVNA3hsk5KP0a03T_n\" frameborder=\"0\" scrolling=\"no\" width=\"310\" height=\"430\">\r\n\t\t<\/iframe>\r\n\t\t<textarea name=\"g-recaptcha-response\" rows=\"3\" cols=\"40\" placeholder=\"reCaptcha Response Here\">\r\n\t\t<\/textarea>\r\n\t<\/div>\r\n<\/noscript>\r\n<\/span>\n\t<\/p>\n<\/div>\n<hr class=\"noColor\" \/>\n<p><input class=\"wpcf7-form-control has-spinner wpcf7-submit\" type=\"submit\" value=\"Envoi\" \/>\n<\/p><div class=\"wpcf7-response-output\" aria-hidden=\"true\"><\/div>\n<\/form>\n<\/div>\n<\/div>\n","protected":false},"excerpt":{"rendered":"<p>Am\u00e9nagement pour transport \u00e9lectrom\u00e9nagers Comment exp\u00e9dier un \u00e9lectrom\u00e9nager Le transport d&rsquo;\u00e9lectrom\u00e9nagers ou, en g\u00e9n\u00e9ral, d&rsquo;articles de tailles diverses et parfois fragiles, peut entra\u00eener un certain nombre de risques. La marchandise.<\/p>\n","protected":false},"author":470,"featured_media":0,"parent":86571,"menu_order":0,"comment_status":"closed","ping_status":"closed","template":"","meta":[],"acf":[],"yoast_head":"<!-- This site is optimized with the Yoast SEO plugin v20.11 - https:\/\/yoast.com\/wordpress\/plugins\/seo\/ -->\n<title>Am\u00e9nagement pour transport \u00e9lectrom\u00e9nagers<\/title>\n<meta name=\"description\" content=\"\u00c9tag\u00e8res pliables Light Shelf, la solution id\u00e9ale pour tous ceux qui s&#039;occupent du transport et de l&#039;installation d&#039;appareils \u00e9lectrom\u00e9nagers.\" \/>\n<meta name=\"robots\" content=\"index, follow, max-snippet:-1, max-image-preview:large, max-video-preview:-1\" \/>\n<link rel=\"canonical\" href=\"https:\/\/www.storevan.com\/fr\/produits\/etageres-pliables-pour-vehicules-utilitaires\/transport-electromenagers\/\" \/>\n<meta property=\"og:locale\" content=\"fr_FR\" \/>\n<meta property=\"og:type\" content=\"article\" \/>\n<meta property=\"og:title\" content=\"Am\u00e9nagement pour transport \u00e9lectrom\u00e9nagers\" \/>\n<meta property=\"og:description\" content=\"\u00c9tag\u00e8res pliables Light Shelf, la solution id\u00e9ale pour tous ceux qui s&#039;occupent du transport et de l&#039;installation d&#039;appareils \u00e9lectrom\u00e9nagers.\" \/>\n<meta property=\"og:url\" content=\"https:\/\/www.storevan.com\/fr\/produits\/etageres-pliables-pour-vehicules-utilitaires\/transport-electromenagers\/\" \/>\n<meta property=\"og:site_name\" content=\"Store Van\" \/>\n<meta property=\"article:modified_time\" content=\"2019-07-22T09:51:42+00:00\" \/>\n<meta property=\"og:image\" content=\"https:\/\/www.storevan.com\/wp-content\/uploads\/2019\/06\/ripiani-ribaltabili-trasporto-elettrodomestici-150x150.jpg\" \/>\n<meta name=\"twitter:label1\" content=\"Dur\u00e9e de lecture estim\u00e9e\" \/>\n\t<meta name=\"twitter:data1\" content=\"2 minutes\" \/>\n<script type=\"application\/ld+json\" class=\"yoast-schema-graph\">{\"@context\":\"https:\/\/schema.org\",\"@graph\":[{\"@type\":\"WebPage\",\"@id\":\"https:\/\/www.storevan.com\/fr\/produits\/etageres-pliables-pour-vehicules-utilitaires\/transport-electromenagers\/\",\"url\":\"https:\/\/www.storevan.com\/fr\/produits\/etageres-pliables-pour-vehicules-utilitaires\/transport-electromenagers\/\",\"name\":\"Am\u00e9nagement pour transport \u00e9lectrom\u00e9nagers\",\"isPartOf\":{\"@id\":\"https:\/\/www.storevan.com\/pl\/#website\"},\"datePublished\":\"2019-06-25T13:10:05+00:00\",\"dateModified\":\"2019-07-22T09:51:42+00:00\",\"description\":\"\u00c9tag\u00e8res pliables Light Shelf, la solution id\u00e9ale pour tous ceux qui s'occupent du transport et de l'installation d'appareils \u00e9lectrom\u00e9nagers.\",\"breadcrumb\":{\"@id\":\"https:\/\/www.storevan.com\/fr\/produits\/etageres-pliables-pour-vehicules-utilitaires\/transport-electromenagers\/#breadcrumb\"},\"inLanguage\":\"fr-FR\",\"potentialAction\":[{\"@type\":\"ReadAction\",\"target\":[\"https:\/\/www.storevan.com\/fr\/produits\/etageres-pliables-pour-vehicules-utilitaires\/transport-electromenagers\/\"]}]},{\"@type\":\"BreadcrumbList\",\"@id\":\"https:\/\/www.storevan.com\/fr\/produits\/etageres-pliables-pour-vehicules-utilitaires\/transport-electromenagers\/#breadcrumb\",\"itemListElement\":[{\"@type\":\"ListItem\",\"position\":1,\"name\":\"Home\",\"item\":\"https:\/\/www.storevan.com\/fr\/\"},{\"@type\":\"ListItem\",\"position\":2,\"name\":\"Produits\",\"item\":\"https:\/\/www.storevan.com\/fr\/produits\/\"},{\"@type\":\"ListItem\",\"position\":3,\"name\":\"\u00c9tag\u00e8res pliables pour v\u00e9hicules utilitaires\",\"item\":\"https:\/\/www.storevan.com\/fr\/produits\/etageres-pliables-pour-vehicules-utilitaires\/\"},{\"@type\":\"ListItem\",\"position\":4,\"name\":\"Am\u00e9nagement pour transport \u00e9lectrom\u00e9nagers\"}]},{\"@type\":\"WebSite\",\"@id\":\"https:\/\/www.storevan.com\/pl\/#website\",\"url\":\"https:\/\/www.storevan.com\/pl\/\",\"name\":\"Store Van\",\"description\":\"Am\u00e9nagements fourgons\",\"potentialAction\":[{\"@type\":\"SearchAction\",\"target\":{\"@type\":\"EntryPoint\",\"urlTemplate\":\"https:\/\/www.storevan.com\/pl\/?s={search_term_string}\"},\"query-input\":\"required name=search_term_string\"}],\"inLanguage\":\"fr-FR\"}]}<\/script>\n<!-- \/ Yoast SEO plugin. -->","yoast_head_json":{"title":"Am\u00e9nagement pour transport \u00e9lectrom\u00e9nagers","description":"\u00c9tag\u00e8res pliables Light Shelf, la solution id\u00e9ale pour tous ceux qui s'occupent du transport et de l'installation d'appareils \u00e9lectrom\u00e9nagers.","robots":{"index":"index","follow":"follow","max-snippet":"max-snippet:-1","max-image-preview":"max-image-preview:large","max-video-preview":"max-video-preview:-1"},"canonical":"https:\/\/www.storevan.com\/fr\/produits\/etageres-pliables-pour-vehicules-utilitaires\/transport-electromenagers\/","og_locale":"fr_FR","og_type":"article","og_title":"Am\u00e9nagement pour transport \u00e9lectrom\u00e9nagers","og_description":"\u00c9tag\u00e8res pliables Light Shelf, la solution id\u00e9ale pour tous ceux qui s'occupent du transport et de l'installation d'appareils \u00e9lectrom\u00e9nagers.","og_url":"https:\/\/www.storevan.com\/fr\/produits\/etageres-pliables-pour-vehicules-utilitaires\/transport-electromenagers\/","og_site_name":"Store Van","article_modified_time":"2019-07-22T09:51:42+00:00","og_image":[{"url":"https:\/\/www.storevan.com\/wp-content\/uploads\/2019\/06\/ripiani-ribaltabili-trasporto-elettrodomestici-150x150.jpg"}],"twitter_misc":{"Dur\u00e9e de lecture estim\u00e9e":"2 minutes"},"schema":{"@context":"https:\/\/schema.org","@graph":[{"@type":"WebPage","@id":"https:\/\/www.storevan.com\/fr\/produits\/etageres-pliables-pour-vehicules-utilitaires\/transport-electromenagers\/","url":"https:\/\/www.storevan.com\/fr\/produits\/etageres-pliables-pour-vehicules-utilitaires\/transport-electromenagers\/","name":"Am\u00e9nagement pour transport \u00e9lectrom\u00e9nagers","isPartOf":{"@id":"https:\/\/www.storevan.com\/pl\/#website"},"datePublished":"2019-06-25T13:10:05+00:00","dateModified":"2019-07-22T09:51:42+00:00","description":"\u00c9tag\u00e8res pliables Light Shelf, la solution id\u00e9ale pour tous ceux qui s'occupent du transport et de l'installation d'appareils \u00e9lectrom\u00e9nagers.","breadcrumb":{"@id":"https:\/\/www.storevan.com\/fr\/produits\/etageres-pliables-pour-vehicules-utilitaires\/transport-electromenagers\/#breadcrumb"},"inLanguage":"fr-FR","potentialAction":[{"@type":"ReadAction","target":["https:\/\/www.storevan.com\/fr\/produits\/etageres-pliables-pour-vehicules-utilitaires\/transport-electromenagers\/"]}]},{"@type":"BreadcrumbList","@id":"https:\/\/www.storevan.com\/fr\/produits\/etageres-pliables-pour-vehicules-utilitaires\/transport-electromenagers\/#breadcrumb","itemListElement":[{"@type":"ListItem","position":1,"name":"Home","item":"https:\/\/www.storevan.com\/fr\/"},{"@type":"ListItem","position":2,"name":"Produits","item":"https:\/\/www.storevan.com\/fr\/produits\/"},{"@type":"ListItem","position":3,"name":"\u00c9tag\u00e8res pliables pour v\u00e9hicules utilitaires","item":"https:\/\/www.storevan.com\/fr\/produits\/etageres-pliables-pour-vehicules-utilitaires\/"},{"@type":"ListItem","position":4,"name":"Am\u00e9nagement pour transport \u00e9lectrom\u00e9nagers"}]},{"@type":"WebSite","@id":"https:\/\/www.storevan.com\/pl\/#website","url":"https:\/\/www.storevan.com\/pl\/","name":"Store Van","description":"Am\u00e9nagements fourgons","potentialAction":[{"@type":"SearchAction","target":{"@type":"EntryPoint","urlTemplate":"https:\/\/www.storevan.com\/pl\/?s={search_term_string}"},"query-input":"required name=search_term_string"}],"inLanguage":"fr-FR"}]}},"_links":{"self":[{"href":"https:\/\/www.storevan.com\/fr\/wp-json\/wp\/v2\/pages\/105166"}],"collection":[{"href":"https:\/\/www.storevan.com\/fr\/wp-json\/wp\/v2\/pages"}],"about":[{"href":"https:\/\/www.storevan.com\/fr\/wp-json\/wp\/v2\/types\/page"}],"author":[{"embeddable":true,"href":"https:\/\/www.storevan.com\/fr\/wp-json\/wp\/v2\/users\/470"}],"replies":[{"embeddable":true,"href":"https:\/\/www.storevan.com\/fr\/wp-json\/wp\/v2\/comments?post=105166"}],"version-history":[{"count":8,"href":"https:\/\/www.storevan.com\/fr\/wp-json\/wp\/v2\/pages\/105166\/revisions"}],"predecessor-version":[{"id":105174,"href":"https:\/\/www.storevan.com\/fr\/wp-json\/wp\/v2\/pages\/105166\/revisions\/105174"}],"up":[{"embeddable":true,"href":"https:\/\/www.storevan.com\/fr\/wp-json\/wp\/v2\/pages\/86571"}],"wp:attachment":[{"href":"https:\/\/www.storevan.com\/fr\/wp-json\/wp\/v2\/media?parent=105166"}],"curies":[{"name":"wp","href":"https:\/\/api.w.org\/{rel}","templated":true}]}}