{"id":104110,"date":"2019-05-24T13:54:11","date_gmt":"2019-05-24T13:54:11","guid":{"rendered":"https:\/\/www.storevan.com\/produits\/etageres-pliables-pour-vehicules-utilitaires\/blumen-und-pflanzentransport\/"},"modified":"2019-06-12T15:01:09","modified_gmt":"2019-06-12T15:01:09","slug":"transport-fleurs-et-plantes","status":"publish","type":"page","link":"https:\/\/www.storevan.com\/fr\/produits\/etageres-pliables-pour-vehicules-utilitaires\/transport-fleurs-et-plantes\/","title":{"rendered":"Transport de fleurs et de plantes"},"content":{"rendered":"<h1 class=\"customblackTitleSmall\">Am\u00e9nagement pour le transport de fleurs et de plantes<\/h1>\n<hr class=\"noColor\" \/>\n<div class=\"col-xs-12 col-sm-6 col-md-6\">\n<h2 class=\"txtBlack\">Comment simplifier le transport des fleurs et des plantes<\/h2>\n<p><img decoding=\"async\" loading=\"lazy\" src=\"https:\/\/www.storevan.com\/wp-content\/uploads\/2019\/05\/allestimento-furgone-trasporto-fiori-480x480.jpg\" alt=\"Am\u00e9nagement pour le transport de fleurs et de plantes\" width=\"480\" height=\"480\" class=\"visible-xs aligncenter size-full wp-image-102500\" srcset=\"https:\/\/www.storevan.com\/wp-content\/uploads\/2019\/05\/allestimento-furgone-trasporto-fiori-480x480.jpg 480w, https:\/\/www.storevan.com\/wp-content\/uploads\/2019\/05\/allestimento-furgone-trasporto-fiori-150x150.jpg 150w, https:\/\/www.storevan.com\/wp-content\/uploads\/2019\/05\/allestimento-furgone-trasporto-fiori-48x48.jpg 48w\" sizes=\"(max-width: 480px) 100vw, 480px\" \/><\/p>\n<div class=\"borderTitle\"><\/div>\n<p>Le <strong>transport de fleurs, de plantes ou de petits arbustes<\/strong> semble \u00eatre un travail simple, mais en r\u00e9alit\u00e9, il peut poser de <strong>nombreux probl\u00e8mes<\/strong>. Au moment du chargement des plantes dans le v\u00e9hicule utilitaire, il faut tenir compte de nombreux facteurs : de leur dimension au volume qu&rsquo;elles occupent, des modalit\u00e9s de protection au degr\u00e9 de facilit\u00e9 de les arroser.<\/p>\n<h3>Light Shelf est l\u2019am\u00e9nagement pour v\u00e9hicules utilitaires qui nous aide \u00e0 transporter en toute s\u00e9curit\u00e9 les produits les plus fragiles et d\u00e9licats<\/h3>\n<p>Le syst\u00e8me d&rsquo;\u00e9tag\u00e8res pliables Light Shelf est la solution id\u00e9ale pour le transport de fleurs, de plantes et de petits arbustes. Pour en faciliter le transport, les plantes doivent \u00eatre plac\u00e9es dans des plateaux pour jardini\u00e8res en plastique thermoform\u00e9, en augmentant ainsi la surface d\u2019appui et \u00e9vitant les renversements. Il est conseill\u00e9 d&rsquo;utiliser des caisses en bois ou en plastique, plut\u00f4t que des grandes bo\u00eetes, dont la hauteur <strong>emp\u00eache les branches et les feuilles de se briser<\/strong> lors de la livraison \u00e0 domicile. Le placement des plantes sur les \u00e9tag\u00e8res sera donc plus pratique et devra \u00eatre de mani\u00e8re \u00e0 <strong>faciliter l&rsquo;arrosage<\/strong> lorsque le transport dure plus d&rsquo;une journ\u00e9e.<\/p>\n<div class=\"ts-gallery col-md-10 col-md-offset-1\">\n<div class=\"borderTitleCenterOrange\"><\/div>\n<div class=\"col-xs-6 col-md-3\"><a href=\"https:\/\/www.storevan.com\/wp-content\/uploads\/2019\/05\/cinghia-fermacarico-furgone-fiorista.jpg\" title=\"Sangle d\u2019arrimage pour v\u00e9hicule utilitaire de fleuriste\"><img decoding=\"async\" loading=\"lazy\" src=\"https:\/\/www.storevan.com\/wp-content\/uploads\/2019\/05\/cinghia-fermacarico-furgone-fiorista-150x150.jpg\" alt=\"Sangle d\u2019arrimage pour v\u00e9hicule utilitaire de fleuriste\" width=\"150\" height=\"150\" class=\"aligncenter size-thumbnail wp-image-102507\" srcset=\"https:\/\/www.storevan.com\/wp-content\/uploads\/2019\/05\/cinghia-fermacarico-furgone-fiorista-150x150.jpg 150w, https:\/\/www.storevan.com\/wp-content\/uploads\/2019\/05\/cinghia-fermacarico-furgone-fiorista-300x300.jpg 300w, https:\/\/www.storevan.com\/wp-content\/uploads\/2019\/05\/cinghia-fermacarico-furgone-fiorista-48x48.jpg 48w, https:\/\/www.storevan.com\/wp-content\/uploads\/2019\/05\/cinghia-fermacarico-furgone-fiorista.jpg 442w\" sizes=\"(max-width: 150px) 100vw, 150px\" \/><\/a><\/div>\n<div class=\"col-xs-6 col-md-3\"><a href=\"https:\/\/www.storevan.com\/wp-content\/uploads\/2019\/05\/trasporto-fiori-mensole.jpg\" title=\"Transport de fleurs sur des \u00e9tag\u00e8res pliables\n\"><img decoding=\"async\" loading=\"lazy\" src=\"https:\/\/www.storevan.com\/wp-content\/uploads\/2019\/05\/trasporto-fiori-mensole-150x150.jpg\" alt=\"Transport de fleurs sur des \u00e9tag\u00e8res pliables\" width=\"150\" height=\"150\" class=\"aligncenter size-thumbnail wp-image-102525\" srcset=\"https:\/\/www.storevan.com\/wp-content\/uploads\/2019\/05\/trasporto-fiori-mensole-150x150.jpg 150w, https:\/\/www.storevan.com\/wp-content\/uploads\/2019\/05\/trasporto-fiori-mensole-300x300.jpg 300w, https:\/\/www.storevan.com\/wp-content\/uploads\/2019\/05\/trasporto-fiori-mensole-48x48.jpg 48w, https:\/\/www.storevan.com\/wp-content\/uploads\/2019\/05\/trasporto-fiori-mensole.jpg 454w\" sizes=\"(max-width: 150px) 100vw, 150px\" \/><\/a><\/div>\n<hr class=\"noColor break visible-xs\"\/>\n<div class=\"col-xs-6 col-md-3\"><a href=\"https:\/\/www.storevan.com\/wp-content\/uploads\/2019\/05\/ripiano-ribaltabile-furgone.jpg\" title=\"\u00c9tag\u00e8res pour v\u00e9hicules utilitaires d'une capacit\u00e9 de 80 kg\/120 kg\"><img decoding=\"async\" loading=\"lazy\" src=\"https:\/\/www.storevan.com\/wp-content\/uploads\/2019\/05\/ripiano-ribaltabile-furgone-150x150.jpg\" alt=\"\u00c9tag\u00e8res pour v\u00e9hicules utilitaires d'une capacit\u00e9 de 80 kg\/120 kg\" width=\"150\" height=\"150\" class=\"aligncenter size-thumbnail wp-image-102519\" srcset=\"https:\/\/www.storevan.com\/wp-content\/uploads\/2019\/05\/ripiano-ribaltabile-furgone-150x150.jpg 150w, https:\/\/www.storevan.com\/wp-content\/uploads\/2019\/05\/ripiano-ribaltabile-furgone-300x300.jpg 300w, https:\/\/www.storevan.com\/wp-content\/uploads\/2019\/05\/ripiano-ribaltabile-furgone-48x48.jpg 48w, https:\/\/www.storevan.com\/wp-content\/uploads\/2019\/05\/ripiano-ribaltabile-furgone.jpg 368w\" sizes=\"(max-width: 150px) 100vw, 150px\" \/><\/a><\/div>\n<div class=\"col-xs-6 col-md-3\"><a href=\"https:\/\/www.storevan.com\/wp-content\/uploads\/2019\/05\/ripiani-ribaltabili-per-fioristi.jpg\" title=\"S\u00e9parateurs pour \u00e9tag\u00e8res pour v\u00e9hicules utilitaires\n\"><img decoding=\"async\" loading=\"lazy\" src=\"https:\/\/www.storevan.com\/wp-content\/uploads\/2019\/05\/ripiani-ribaltabili-per-fioristi-150x150.jpg\" alt=\"S\u00e9parateurs pour \u00e9tag\u00e8res pour v\u00e9hicules utilitaires\" width=\"150\" height=\"150\" class=\"aligncenter size-thumbnail wp-image-102513\" srcset=\"https:\/\/www.storevan.com\/wp-content\/uploads\/2019\/05\/ripiani-ribaltabili-per-fioristi-150x150.jpg 150w, https:\/\/www.storevan.com\/wp-content\/uploads\/2019\/05\/ripiani-ribaltabili-per-fioristi-300x300.jpg 300w, https:\/\/www.storevan.com\/wp-content\/uploads\/2019\/05\/ripiani-ribaltabili-per-fioristi-48x48.jpg 48w, https:\/\/www.storevan.com\/wp-content\/uploads\/2019\/05\/ripiani-ribaltabili-per-fioristi.jpg 397w\" sizes=\"(max-width: 150px) 100vw, 150px\" \/><\/a><\/div>\n<div class=\"break\"><\/div>\n<div class=\"borderTitleCenterOrange\"><\/div>\n<hr class=\"noColor \" \/>\n<\/div>\n<\/div>\n<div class=\"col-xs-12 col-sm-6 col-md-6 text-center\"><img decoding=\"async\" loading=\"lazy\" src=\"https:\/\/www.storevan.com\/wp-content\/uploads\/2019\/05\/allestimento-furgone-trasporto-fiori.jpg\" alt=\"Am\u00e9nagement pour fleuristes\" width=\"550\" height=\"520\" class=\"hidden-xs aligncenter size-full wp-image-102500\" srcset=\"https:\/\/www.storevan.com\/wp-content\/uploads\/2019\/05\/allestimento-furgone-trasporto-fiori.jpg 550w, https:\/\/www.storevan.com\/wp-content\/uploads\/2019\/05\/allestimento-furgone-trasporto-fiori-300x284.jpg 300w\" sizes=\"(max-width: 550px) 100vw, 550px\" \/><\/div>\n<div class=\"break\"><\/div>\n<hr class=\"noColor\"\/>\n<hr class=\"noColor\"\/>\n<div class=\"col-xs-12 col-sm-12 col-md-12\">\n<p class=\"text-justify\">Les produits plus petits et moins encombrants peuvent facilement \u00eatre plac\u00e9s sur les \u00e9tag\u00e8res sup\u00e9rieures, tandis que les plantes plus grandes peuvent \u00eatre plac\u00e9es sur le plancher, en pliant l&rsquo;\u00e9tag\u00e8re inf\u00e9rieure. Tout le mat\u00e9riel transport\u00e9 est facilement ancr\u00e9 gr\u00e2ce aux sangles d&rsquo;arrimage ou aux diviseurs vout\u00e9s. Le rebord sur\u00e9lev\u00e9 des \u00e9tag\u00e8res permet de soutenir davantage les plantes, et de contenir \u00e9galement d&rsquo;\u00e9ventuels d\u00e9versements d&rsquo;eau ou de terre pendant le transport.<\/p>\n<p>Disponibles en 7 longueurs diff\u00e9rentes, les \u00e9tag\u00e8res pliables Light Shelf peuvent contenir des plateaux pour jardini\u00e8res en plastique thermoform\u00e9 de diff\u00e9rentes tailles. Par exemple, une \u00e9tag\u00e8re de 1 125 \u00d7 406 mm peut contenir :<\/p>\n<ul class=\"arrow\">\n<li>2 plateaux de 520 x 330 mm avec 6 trous pour des vases de 15 cm de diam\u00e8tre<\/li>\n<li>3 plateaux de 340 \u00d7 260 mm avec 12 trous pour des vases de 10 cm de diam\u00e8tre<\/li>\n<li>2 plateaux de 545 x 310 mm avec 10 trous pour des pots de 12 cm de diam\u00e8tre<\/li>\n<\/ul>\n<p>Pour le transport de tout \u00e9quipement et outils, il est possible d&rsquo;installer un rayonnage avec des tiroirs et des bacs pour l&rsquo;insertion du mat\u00e9riel de travail.<\/p>\n<hr class=\"noColor\"\/>\n<div class=\"hidden-xs col-sm-2 col-md-3\">\n<hr class=\"orangeLine\">\n<\/div>\n<div class=\"col-xs-12 col-sm-8 col-md-6\">\n<h3 class=\"text-center titBoxDivisor\">Alcuni vantaggi dei ripiani per furgoni Light Shelf<\/h3>\n<\/div>\n<div class=\"hidden-xs col-sm-2 col-md-3\">\n<hr class=\"orangeLine\">\n<\/div>\n<div class=\"break\"><\/div>\n<hr class=\"noColor\"\/>\n<ul class=\"noList\">\n<li class=\"col-xs-12 col-sm-6 col-md-4\"><i class=\"fa fa-check txtGreen\"><\/i> 6 \u00e9tag\u00e8res en hauteur ;<\/li>\n<li class=\"col-xs-12 col-sm-6 col-md-4\"><i class=\"fa fa-check txtGreen\"><\/i> Fermeture compl\u00e8te ou partielle ;<\/li>\n<li class=\"col-xs-12 col-sm-6 col-md-4\"><i class=\"fa fa-check txtGreen\"><\/i> Port\u00e9e maximale 120 kg ;<\/li>\n<li class=\"col-xs-12 col-sm-6 col-md-4\"><i class=\"fa fa-check txtGreen\"><\/i> Syst\u00e8me de suspension en acier sans fils ni sangles ;<\/li>\n<li class=\"col-xs-12 col-sm-6 col-md-4\"><i class=\"fa fa-check txtGreen\"><\/i> Id\u00e9ale pour les longs transports de marchandises ;<\/li>\n<li class=\"col-xs-12 col-sm-6 col-md-4\"><i class=\"fa fa-check txtGreen\"><\/i> Compatible avec les conteneurs de tailles standard europ\u00e9ennes .<\/li>\n<\/ul>\n<\/div>\n<div class=\"break\"><\/div>\n<hr class=\"noColor\" \/>\n<hr class=\"noColor\"\/>\n<hr \/>\n<div class=\"col-xs-12 col-sm-12 col-md-6\">\n<div class=\"text-center\"><a class=\"btn btn-download\" href=\"tel:+390424585455\"><i class=\"fa fa-phone\"><\/i> <span class=\"spanBtn\">APPELEZ-NOUS<\/span><br \/>\npour toute information<\/a><\/div>\n<\/div>\n<div class=\"col-xs-12 col-sm-12 col-md-6\">\n<div class=\"text-center\"><a class=\"btn btn-download btnToggle\" href=\"#formconttatto\"><i class=\"fa fa-envelope\"><\/i> <span class=\"spanBtn\">\u00c9CRIVEZ-NOUS<\/span><br \/>\nvous serez contact\u00e9s<\/a><\/div>\n<\/div>\n<div class=\"break\"><\/div>\n<hr \/>\n<div class=\"formToggle\">\n<h4 class=\"bigTxt text-center txtBkOrange\">VOULEZ-VOUS EN SAVOIR PLUS?<\/h4>\n\n<div class=\"wpcf7 no-js\" id=\"wpcf7-f67673-o1\" lang=\"it-IT\" dir=\"ltr\">\n<div class=\"screen-reader-response\"><p role=\"status\" aria-live=\"polite\" aria-atomic=\"true\"><\/p> <ul><\/ul><\/div>\n<form action=\"\/fr\/wp-json\/wp\/v2\/pages\/104110#wpcf7-f67673-o1\" method=\"post\" class=\"wpcf7-form init\" aria-label=\"Modulo di contatto\" novalidate=\"novalidate\" data-status=\"init\">\n<div style=\"display: none;\">\n<input type=\"hidden\" name=\"_wpcf7\" value=\"67673\" \/>\n<input type=\"hidden\" name=\"_wpcf7_version\" value=\"5.7.7\" \/>\n<input type=\"hidden\" name=\"_wpcf7_locale\" value=\"it_IT\" \/>\n<input type=\"hidden\" name=\"_wpcf7_unit_tag\" value=\"wpcf7-f67673-o1\" \/>\n<input type=\"hidden\" name=\"_wpcf7_container_post\" value=\"0\" \/>\n<input type=\"hidden\" name=\"_wpcf7_posted_data_hash\" value=\"\" \/>\n<input type=\"hidden\" name=\"_wpcf7_recaptcha_response\" value=\"\" \/>\n<\/div>\n<span class=\"wpcf7-form-control-wrap url\" data-name=\"url\"><input type=\"hidden\" name=\"url\" size=\"40\" class=\"wpcf7-form-control wpcf7-hidden wpcf7dtx wpcf7dtx-hidden\" aria-invalid=\"false\" value=\"transport-fleurs-et-plantes\" autocomplete=\"off\" \/><\/span>\n<p>Pour plus d'informations, remplissez les champs suivants. L'un de nos op\u00e9rateurs vous recontactera dans les plus brefs d\u00e9lais (* champs obligatoires):\n<\/p>\n<div class=\"col-xs-12 col-md-6\">\n\t<p><span class='titoli'>Pr\u00e9nom (*)<\/span>\n\t<\/p>\n\t<p><span class=\"wpcf7-form-control-wrap\" data-name=\"your-name\"><input size=\"40\" class=\"wpcf7-form-control wpcf7-text wpcf7-validates-as-required form-control\" aria-required=\"true\" aria-invalid=\"false\" value=\"\" type=\"text\" name=\"your-name\" \/><\/span>\n\t<\/p>\n<\/div>\n<div class=\"col-xs-12 col-md-6\">\n\t<p><span class='titoli'>Nom (*)<\/span>\n\t<\/p>\n\t<p><span class=\"wpcf7-form-control-wrap\" data-name=\"your-last-name\"><input size=\"40\" class=\"wpcf7-form-control wpcf7-text wpcf7-validates-as-required form-control\" aria-required=\"true\" aria-invalid=\"false\" value=\"\" type=\"text\" name=\"your-last-name\" \/><\/span>\n\t<\/p>\n<\/div>\n<div class=\"col-xs-12 col-md-6\">\n\t<p><span class='titoli'>Entreprise (*)<\/span>\n\t<\/p>\n\t<p><span class=\"wpcf7-form-control-wrap\" data-name=\"your-company\"><input size=\"40\" class=\"wpcf7-form-control wpcf7-text wpcf7-validates-as-required form-control\" aria-required=\"true\" aria-invalid=\"false\" value=\"\" type=\"text\" name=\"your-company\" \/><\/span>\n\t<\/p>\n<\/div>\n<div class=\"col-xs-12 col-md-6\">\n\t<p><span class='titoli'>TVA<\/span>\n\t<\/p>\n\t<p><span class=\"wpcf7-form-control-wrap\" data-name=\"p-iva\"><input size=\"40\" class=\"wpcf7-form-control wpcf7-text form-control\" aria-invalid=\"false\" value=\"\" type=\"text\" name=\"p-iva\" \/><\/span>\n\t<\/p>\n<\/div>\n<div class=\"clearboth\">\n<\/div>\n<div class=\"col-xs-12 col-md-4\">\n\t<p><span class='titoli'>Code Postal (*)<\/span>\n\t<\/p>\n\t<p><span class=\"wpcf7-form-control-wrap\" data-name=\"your-zip-code\"><input size=\"40\" class=\"wpcf7-form-control wpcf7-text wpcf7-validates-as-required form-control\" aria-required=\"true\" aria-invalid=\"false\" value=\"\" type=\"text\" name=\"your-zip-code\" \/><\/span>\n\t<\/p>\n<\/div>\n<div class=\"col-xs-12 col-md-4\">\n\t<p><span class='titoli'>Adresse (*)<\/span>\n\t<\/p>\n\t<p><span class=\"wpcf7-form-control-wrap\" data-name=\"your-address\"><input size=\"40\" class=\"wpcf7-form-control wpcf7-text wpcf7-validates-as-required form-control\" aria-required=\"true\" aria-invalid=\"false\" value=\"\" type=\"text\" name=\"your-address\" \/><\/span>\n\t<\/p>\n<\/div>\n<div class=\"col-xs-12 col-md-4\">\n\t<p><span class='titoli'>Ville (*)<\/span>\n\t<\/p>\n\t<p><span class=\"wpcf7-form-control-wrap\" data-name=\"your-Town\"><input size=\"40\" class=\"wpcf7-form-control wpcf7-text wpcf7-validates-as-required form-control\" aria-required=\"true\" aria-invalid=\"false\" value=\"\" type=\"text\" name=\"your-Town\" \/><\/span>\n\t<\/p>\n<\/div>\n<div class=\"clearboth\">\n<\/div>\n<div class=\"col-xs-12 col-md-6\">\n\t<p><span class='titoli'>email (*)<\/span>\n\t<\/p>\n\t<p><span class=\"wpcf7-form-control-wrap\" data-name=\"your-email\"><input size=\"40\" class=\"wpcf7-form-control wpcf7-text wpcf7-email wpcf7-validates-as-required wpcf7-validates-as-email form-control\" aria-required=\"true\" aria-invalid=\"false\" value=\"\" type=\"email\" name=\"your-email\" \/><\/span>\n\t<\/p>\n<\/div>\n<div class=\"col-xs-12 col-md-6\">\n\t<p><span class='titoli'>T\u00e9l\u00e9phone (*)<\/span>\n\t<\/p>\n\t<p><span class=\"wpcf7-form-control-wrap\" data-name=\"telefono\"><input size=\"40\" class=\"wpcf7-form-control wpcf7-text wpcf7-tel wpcf7-validates-as-required wpcf7-validates-as-tel form-control\" aria-required=\"true\" aria-invalid=\"false\" value=\"\" type=\"tel\" name=\"telefono\" \/><\/span>\n\t<\/p>\n<\/div>\n<div class=\"clearboth\">\n<\/div>\n<div class=\"col-xs-12 col-md-6\">\n\t<p><span class='titoli'>Objet <\/span>\n\t<\/p>\n\t<p><span class=\"wpcf7-form-control-wrap\" data-name=\"oggetto\"><select class=\"wpcf7-form-control wpcf7-select wpcf7-validates-as-required\" aria-required=\"true\" aria-invalid=\"false\" name=\"oggetto\"><option value=\"Citation\">Citation<\/option><option value=\"Information technique\">Information technique<\/option><option value=\"Rendez-vous\">Rendez-vous<\/option><\/select><\/span>\n\t<\/p>\n<\/div>\n<div class=\"col-xs-12 col-md-6\">\n\t<p><br \/>\n<span class=\"titoli\"> <span class=\"wpcf7-form-control-wrap\" data-name=\"cliente\"><span class=\"wpcf7-form-control wpcf7-checkbox\"><span class=\"wpcf7-list-item first last\"><label><span class=\"wpcf7-list-item-label\">Je suis d\u00e9j\u00e0 client<\/span><input type=\"checkbox\" name=\"cliente[]\" value=\"Je suis d\u00e9j\u00e0 client\" \/><\/label><\/span><\/span><\/span><\/span>\n\t<\/p>\n<\/div>\n<div class=\"col-xs-12 col-md-12\">\n\t<p><span class='titoli'>Message (*)<\/span>\n\t<\/p>\n\t<p><span class=\"wpcf7-form-control-wrap\" data-name=\"your-message\"><textarea cols=\"40\" rows=\"10\" class=\"wpcf7-form-control wpcf7-textarea wpcf7-validates-as-required form-control\" aria-required=\"true\" aria-invalid=\"false\" name=\"your-message\"><\/textarea><\/span>\n\t<\/p>\n<\/div>\n<div class=\"col-xs-12 col-md-12\">\n\t<p><small>Les donn\u00e9es saisies seront trait\u00e9es de mani\u00e8re strictement confidentielle conform\u00e9ment \u00e0 la loi et \u00e0 notre <a href=\"https:\/\/www.storevan.com\/fr\/privacy-policy\/\">politique de confidentialit\u00e9<\/a>.<\/small>\n\t<\/p>\n\t<p><span class=\"wpcf7-form-control-wrap\" data-name=\"AccettazionePrivacy\"><span class=\"wpcf7-form-control wpcf7-acceptance\"><span class=\"wpcf7-list-item\"><input type=\"checkbox\" name=\"AccettazionePrivacy\" value=\"1\" aria-invalid=\"false\" \/><\/span><\/span><\/span> Je d\u00e9clare avoir pris connaissance de la Note Informative sur les <a href=\"https:\/\/www.storevan.com\/fr\/privacy-policy\/\">Note Informative sur les Informations priv\u00e9es<\/a> et j\u2019autorise au traitement de mes donn\u00e9es personnelles en conformit\u00e9 avec ce qui y est \u00e9crit. (*)<br \/>\n\t<span class=\"wpcf7-form-control-wrap recaptcha\" data-name=\"recaptcha\"><span data-sitekey=\"6LdfM4AUAAAAAJjsAucux5WVNA3hsk5KP0a03T_n\" class=\"wpcf7-form-control g-recaptcha wpcf7-recaptcha\"><\/span>\r\n<noscript>\r\n\t<div class=\"grecaptcha-noscript\">\r\n\t\t<iframe src=\"https:\/\/www.google.com\/recaptcha\/api\/fallback?k=6LdfM4AUAAAAAJjsAucux5WVNA3hsk5KP0a03T_n\" frameborder=\"0\" scrolling=\"no\" width=\"310\" height=\"430\">\r\n\t\t<\/iframe>\r\n\t\t<textarea name=\"g-recaptcha-response\" rows=\"3\" cols=\"40\" placeholder=\"reCaptcha Response Here\">\r\n\t\t<\/textarea>\r\n\t<\/div>\r\n<\/noscript>\r\n<\/span>\n\t<\/p>\n<\/div>\n<hr class=\"noColor\" \/>\n<p><input class=\"wpcf7-form-control has-spinner wpcf7-submit\" type=\"submit\" value=\"Envoi\" \/>\n<\/p><div class=\"wpcf7-response-output\" aria-hidden=\"true\"><\/div>\n<\/form>\n<\/div>\n<\/div>\n","protected":false},"excerpt":{"rendered":"<p>Am\u00e9nagement pour le transport de fleurs et de plantes Comment simplifier le transport des fleurs et des plantes Le transport de fleurs, de plantes ou de petits arbustes semble \u00eatre.<\/p>\n","protected":false},"author":470,"featured_media":0,"parent":86571,"menu_order":0,"comment_status":"closed","ping_status":"closed","template":"","meta":[],"acf":[],"yoast_head":"<!-- This site is optimized with the Yoast SEO plugin v20.11 - https:\/\/yoast.com\/wordpress\/plugins\/seo\/ -->\n<title>Am\u00e9nagement pour le transport de fleurs et de plantes<\/title>\n<meta name=\"description\" content=\"Transportez en toute s\u00e9curit\u00e9 les fleurs et les plantes avec l\u2019am\u00e9nagement pour v\u00e9hicules utilitaires Light Shelf. Vos livraisons \u00e0 domicile n&#039;auront plus de mauvaises surprises !\" \/>\n<meta name=\"robots\" content=\"index, follow, max-snippet:-1, max-image-preview:large, max-video-preview:-1\" \/>\n<link rel=\"canonical\" href=\"https:\/\/www.storevan.com\/fr\/produits\/etageres-pliables-pour-vehicules-utilitaires\/transport-fleurs-et-plantes\/\" \/>\n<meta property=\"og:locale\" content=\"fr_FR\" \/>\n<meta property=\"og:type\" content=\"article\" \/>\n<meta property=\"og:title\" content=\"Am\u00e9nagement pour le transport de fleurs et de plantes\" \/>\n<meta property=\"og:description\" content=\"Transportez en toute s\u00e9curit\u00e9 les fleurs et les plantes avec l\u2019am\u00e9nagement pour v\u00e9hicules utilitaires Light Shelf. Vos livraisons \u00e0 domicile n&#039;auront plus de mauvaises surprises !\" \/>\n<meta property=\"og:url\" content=\"https:\/\/www.storevan.com\/fr\/produits\/etageres-pliables-pour-vehicules-utilitaires\/transport-fleurs-et-plantes\/\" \/>\n<meta property=\"og:site_name\" content=\"Store Van\" \/>\n<meta property=\"article:modified_time\" content=\"2019-06-12T15:01:09+00:00\" \/>\n<meta property=\"og:image\" content=\"https:\/\/www.storevan.com\/wp-content\/uploads\/2019\/05\/allestimento-furgone-trasporto-fiori-480x480.jpg\" \/>\n<meta name=\"twitter:label1\" content=\"Dur\u00e9e de lecture estim\u00e9e\" \/>\n\t<meta name=\"twitter:data1\" content=\"2 minutes\" \/>\n<script type=\"application\/ld+json\" class=\"yoast-schema-graph\">{\"@context\":\"https:\/\/schema.org\",\"@graph\":[{\"@type\":\"WebPage\",\"@id\":\"https:\/\/www.storevan.com\/fr\/produits\/etageres-pliables-pour-vehicules-utilitaires\/transport-fleurs-et-plantes\/\",\"url\":\"https:\/\/www.storevan.com\/fr\/produits\/etageres-pliables-pour-vehicules-utilitaires\/transport-fleurs-et-plantes\/\",\"name\":\"Am\u00e9nagement pour le transport de fleurs et de plantes\",\"isPartOf\":{\"@id\":\"https:\/\/www.storevan.com\/pl\/#website\"},\"datePublished\":\"2019-05-24T13:54:11+00:00\",\"dateModified\":\"2019-06-12T15:01:09+00:00\",\"description\":\"Transportez en toute s\u00e9curit\u00e9 les fleurs et les plantes avec l\u2019am\u00e9nagement pour v\u00e9hicules utilitaires Light Shelf. Vos livraisons \u00e0 domicile n'auront plus de mauvaises surprises !\",\"breadcrumb\":{\"@id\":\"https:\/\/www.storevan.com\/fr\/produits\/etageres-pliables-pour-vehicules-utilitaires\/transport-fleurs-et-plantes\/#breadcrumb\"},\"inLanguage\":\"fr-FR\",\"potentialAction\":[{\"@type\":\"ReadAction\",\"target\":[\"https:\/\/www.storevan.com\/fr\/produits\/etageres-pliables-pour-vehicules-utilitaires\/transport-fleurs-et-plantes\/\"]}]},{\"@type\":\"BreadcrumbList\",\"@id\":\"https:\/\/www.storevan.com\/fr\/produits\/etageres-pliables-pour-vehicules-utilitaires\/transport-fleurs-et-plantes\/#breadcrumb\",\"itemListElement\":[{\"@type\":\"ListItem\",\"position\":1,\"name\":\"Home\",\"item\":\"https:\/\/www.storevan.com\/fr\/\"},{\"@type\":\"ListItem\",\"position\":2,\"name\":\"Produits\",\"item\":\"https:\/\/www.storevan.com\/fr\/produits\/\"},{\"@type\":\"ListItem\",\"position\":3,\"name\":\"\u00c9tag\u00e8res pliables pour v\u00e9hicules utilitaires\",\"item\":\"https:\/\/www.storevan.com\/fr\/produits\/etageres-pliables-pour-vehicules-utilitaires\/\"},{\"@type\":\"ListItem\",\"position\":4,\"name\":\"Transport de fleurs et de plantes\"}]},{\"@type\":\"WebSite\",\"@id\":\"https:\/\/www.storevan.com\/pl\/#website\",\"url\":\"https:\/\/www.storevan.com\/pl\/\",\"name\":\"Store Van\",\"description\":\"Am\u00e9nagements fourgons\",\"potentialAction\":[{\"@type\":\"SearchAction\",\"target\":{\"@type\":\"EntryPoint\",\"urlTemplate\":\"https:\/\/www.storevan.com\/pl\/?s={search_term_string}\"},\"query-input\":\"required name=search_term_string\"}],\"inLanguage\":\"fr-FR\"}]}<\/script>\n<!-- \/ Yoast SEO plugin. -->","yoast_head_json":{"title":"Am\u00e9nagement pour le transport de fleurs et de plantes","description":"Transportez en toute s\u00e9curit\u00e9 les fleurs et les plantes avec l\u2019am\u00e9nagement pour v\u00e9hicules utilitaires Light Shelf. Vos livraisons \u00e0 domicile n'auront plus de mauvaises surprises !","robots":{"index":"index","follow":"follow","max-snippet":"max-snippet:-1","max-image-preview":"max-image-preview:large","max-video-preview":"max-video-preview:-1"},"canonical":"https:\/\/www.storevan.com\/fr\/produits\/etageres-pliables-pour-vehicules-utilitaires\/transport-fleurs-et-plantes\/","og_locale":"fr_FR","og_type":"article","og_title":"Am\u00e9nagement pour le transport de fleurs et de plantes","og_description":"Transportez en toute s\u00e9curit\u00e9 les fleurs et les plantes avec l\u2019am\u00e9nagement pour v\u00e9hicules utilitaires Light Shelf. Vos livraisons \u00e0 domicile n'auront plus de mauvaises surprises !","og_url":"https:\/\/www.storevan.com\/fr\/produits\/etageres-pliables-pour-vehicules-utilitaires\/transport-fleurs-et-plantes\/","og_site_name":"Store Van","article_modified_time":"2019-06-12T15:01:09+00:00","og_image":[{"url":"https:\/\/www.storevan.com\/wp-content\/uploads\/2019\/05\/allestimento-furgone-trasporto-fiori-480x480.jpg"}],"twitter_misc":{"Dur\u00e9e de lecture estim\u00e9e":"2 minutes"},"schema":{"@context":"https:\/\/schema.org","@graph":[{"@type":"WebPage","@id":"https:\/\/www.storevan.com\/fr\/produits\/etageres-pliables-pour-vehicules-utilitaires\/transport-fleurs-et-plantes\/","url":"https:\/\/www.storevan.com\/fr\/produits\/etageres-pliables-pour-vehicules-utilitaires\/transport-fleurs-et-plantes\/","name":"Am\u00e9nagement pour le transport de fleurs et de plantes","isPartOf":{"@id":"https:\/\/www.storevan.com\/pl\/#website"},"datePublished":"2019-05-24T13:54:11+00:00","dateModified":"2019-06-12T15:01:09+00:00","description":"Transportez en toute s\u00e9curit\u00e9 les fleurs et les plantes avec l\u2019am\u00e9nagement pour v\u00e9hicules utilitaires Light Shelf. Vos livraisons \u00e0 domicile n'auront plus de mauvaises surprises !","breadcrumb":{"@id":"https:\/\/www.storevan.com\/fr\/produits\/etageres-pliables-pour-vehicules-utilitaires\/transport-fleurs-et-plantes\/#breadcrumb"},"inLanguage":"fr-FR","potentialAction":[{"@type":"ReadAction","target":["https:\/\/www.storevan.com\/fr\/produits\/etageres-pliables-pour-vehicules-utilitaires\/transport-fleurs-et-plantes\/"]}]},{"@type":"BreadcrumbList","@id":"https:\/\/www.storevan.com\/fr\/produits\/etageres-pliables-pour-vehicules-utilitaires\/transport-fleurs-et-plantes\/#breadcrumb","itemListElement":[{"@type":"ListItem","position":1,"name":"Home","item":"https:\/\/www.storevan.com\/fr\/"},{"@type":"ListItem","position":2,"name":"Produits","item":"https:\/\/www.storevan.com\/fr\/produits\/"},{"@type":"ListItem","position":3,"name":"\u00c9tag\u00e8res pliables pour v\u00e9hicules utilitaires","item":"https:\/\/www.storevan.com\/fr\/produits\/etageres-pliables-pour-vehicules-utilitaires\/"},{"@type":"ListItem","position":4,"name":"Transport de fleurs et de plantes"}]},{"@type":"WebSite","@id":"https:\/\/www.storevan.com\/pl\/#website","url":"https:\/\/www.storevan.com\/pl\/","name":"Store Van","description":"Am\u00e9nagements fourgons","potentialAction":[{"@type":"SearchAction","target":{"@type":"EntryPoint","urlTemplate":"https:\/\/www.storevan.com\/pl\/?s={search_term_string}"},"query-input":"required name=search_term_string"}],"inLanguage":"fr-FR"}]}},"_links":{"self":[{"href":"https:\/\/www.storevan.com\/fr\/wp-json\/wp\/v2\/pages\/104110"}],"collection":[{"href":"https:\/\/www.storevan.com\/fr\/wp-json\/wp\/v2\/pages"}],"about":[{"href":"https:\/\/www.storevan.com\/fr\/wp-json\/wp\/v2\/types\/page"}],"author":[{"embeddable":true,"href":"https:\/\/www.storevan.com\/fr\/wp-json\/wp\/v2\/users\/470"}],"replies":[{"embeddable":true,"href":"https:\/\/www.storevan.com\/fr\/wp-json\/wp\/v2\/comments?post=104110"}],"version-history":[{"count":3,"href":"https:\/\/www.storevan.com\/fr\/wp-json\/wp\/v2\/pages\/104110\/revisions"}],"predecessor-version":[{"id":104120,"href":"https:\/\/www.storevan.com\/fr\/wp-json\/wp\/v2\/pages\/104110\/revisions\/104120"}],"up":[{"embeddable":true,"href":"https:\/\/www.storevan.com\/fr\/wp-json\/wp\/v2\/pages\/86571"}],"wp:attachment":[{"href":"https:\/\/www.storevan.com\/fr\/wp-json\/wp\/v2\/media?parent=104110"}],"curies":[{"name":"wp","href":"https:\/\/api.w.org\/{rel}","templated":true}]}}