{"id":104071,"date":"2019-05-24T10:28:38","date_gmt":"2019-05-24T10:28:38","guid":{"rendered":"https:\/\/www.storevan.com\/produits\/etageres-pliables-pour-vehicules-utilitaires\/corriere-espresso\/"},"modified":"2019-06-12T14:18:01","modified_gmt":"2019-06-12T14:18:01","slug":"coursier-express","status":"publish","type":"page","link":"https:\/\/www.storevan.com\/fr\/produits\/etageres-pliables-pour-vehicules-utilitaires\/coursier-express\/","title":{"rendered":"Coursier express"},"content":{"rendered":"<h1 class=\"customblackTitleSmall\">Am\u00e9nagement pour coursier et chauffeur ind\u00e9pendant<\/h1>\n<hr class=\"noColor\" \/>\n<div class=\"col-xs-12 col-sm-6 col-md-6\">\n<h2 class=\"txtBlack\">Transports express et chauffeurs ind\u00e9pendants : comment rendre la livraison des marchandises facile et rapide<\/h2>\n<p><img decoding=\"async\" loading=\"lazy\" class=\"visible-xs aligncenter size-thumbnail\" src=\"https:\/\/www.storevan.com\/wp-content\/uploads\/2019\/05\/allestimento-furgone-consegne-padroncino-480x480.jpg\" alt=\"Am\u00e9nagement pour coursier et chauffeur ind\u00e9pendant\" width=\"150\" height=\"150\" \/><\/p>\n<div class=\"borderTitle\"><\/div>\n<p>Le transport de marchandises est \u00e0 la base du commerce, sans cela il ne serait pas possible de trouver les produits qui nous int\u00e9ressent dans les magasins ou de recevoir ceux command\u00e9s en ligne. Le travail du coursier est caract\u00e9ris\u00e9 par la fr\u00e9n\u00e9sie et le trafic. La <strong>r\u00e9duction des temps de chargement et de d\u00e9chargement des marchandises<\/strong> et l\u2019<strong>organisation des livraisons<\/strong> sont donc cruciales. La disposition correcte des colis \u00e0 l&rsquo;int\u00e9rieur de la zone de chargement permet de r\u00e9duire les d\u00e9lais de livraison et d&rsquo;accroitre la productivit\u00e9 des op\u00e9rateurs.<\/p>\n<h3>Light Shelf, l\u2019am\u00e9nagement pour coursier et chauffeur ind\u00e9pendant qui s\u2019adapte \u00e0 vos besoins<\/h3>\n<p>Habituellement, au moment de l\u2019achat d\u2019un v\u00e9hicule utilitaire, l\u2019utilisateur en choisit la dimension en fonction de son utilisation future. La capacit\u00e9 de la zone de chargement doit donc \u00eatre adapt\u00e9e au mat\u00e9riel \u00e0 ins\u00e9rer. Avec l\u2019<a href=\"https:\/\/www.storevan.com\/fr\/produits\/etageres-pliables-pour-vehicules-utilitaires\/\" title=\"am\u00e9nagement pour v\u00e9hicules utilitaires Light Shelf\">am\u00e9nagement pour v\u00e9hicules utilitaires Light Shelf<\/a>, le probl\u00e8me est r\u00e9duit, car le syst\u00e8me d\u2019\u00e9tag\u00e8res pliables permet de modifier facilement l\u2019espace disponible, garantissant ainsi une <strong>flexibilit\u00e9 maximale pour l\u2019utilisateur<\/strong>, tandis que l\u2019efficacit\u00e9 peut \u00eatre atteinte gr\u00e2ce \u00e0 la <strong>capacit\u00e9 garantie de 80 kg par \u00e9tag\u00e8re<\/strong>, <strong>qui peut \u00eatre augment\u00e9e jusqu\u2019\u00e0 120 kg <\/strong>gr\u00e2ce \u00e0 l\u2019emploi de montants sp\u00e9ciaux.<\/p>\n<div class=\"ts-gallery col-xs-12 col-sm-12 col-md-10 col-md-offset-1\">\n<div class=\"borderTitleCenterOrange\"><\/div>\n<div class=\"col-xs-6 col-sm-3 col-md-3\"><a href=\"https:\/\/www.storevan.com\/wp-content\/uploads\/2018\/08\/allestimento-furgone-last-mile.jpg\"><img decoding=\"async\" loading=\"lazy\" class=\"aligncenter size-thumbnail\" src=\"https:\/\/www.storevan.com\/wp-content\/uploads\/2018\/08\/allestimento-furgone-last-mile-150x150.jpg\" alt=\"Am\u00e9nagement pour coursier et chauffeur ind\u00e9pendant\" width=\"150\" height=\"150\" \/><\/a><\/div>\n<div class=\"col-xs-6 col-sm-3 col-md-3\"><a href=\"https:\/\/www.storevan.com\/wp-content\/uploads\/2019\/05\/furgone-trasporto-merci.jpg\"><img decoding=\"async\" loading=\"lazy\" class=\"aligncenter size-thumbnail wp-image-103111\" src=\"https:\/\/www.storevan.com\/wp-content\/uploads\/2019\/05\/furgone-trasporto-merci-150x150.jpg\" alt=\"V\u00e9hicules utilitaires pour livraisons\" width=\"150\" height=\"150\" srcset=\"https:\/\/www.storevan.com\/wp-content\/uploads\/2019\/05\/furgone-trasporto-merci-150x150.jpg 150w, https:\/\/www.storevan.com\/wp-content\/uploads\/2019\/05\/furgone-trasporto-merci-300x300.jpg 300w, https:\/\/www.storevan.com\/wp-content\/uploads\/2019\/05\/furgone-trasporto-merci-48x48.jpg 48w, https:\/\/www.storevan.com\/wp-content\/uploads\/2019\/05\/furgone-trasporto-merci-480x480.jpg 480w, https:\/\/www.storevan.com\/wp-content\/uploads\/2019\/05\/furgone-trasporto-merci.jpg 600w\" sizes=\"(max-width: 150px) 100vw, 150px\" \/><\/a><\/div>\n<hr class=\"noColor break visible-xs\" \/>\n<div class=\"col-xs-6 col-sm-3 col-md-3\"><a href=\"https:\/\/www.storevan.com\/wp-content\/uploads\/2019\/05\/allestimento-trasporti-espressi.jpg\"><img decoding=\"async\" loading=\"lazy\" class=\"aligncenter size-thumbnail wp-image-103118\" src=\"https:\/\/www.storevan.com\/wp-content\/uploads\/2019\/05\/allestimento-trasporti-espressi-150x150.jpg\" alt=\"Transport de marchandises avec v\u00e9hicule utilitaire\" width=\"150\" height=\"150\" srcset=\"https:\/\/www.storevan.com\/wp-content\/uploads\/2019\/05\/allestimento-trasporti-espressi-150x150.jpg 150w, https:\/\/www.storevan.com\/wp-content\/uploads\/2019\/05\/allestimento-trasporti-espressi-300x300.jpg 300w, https:\/\/www.storevan.com\/wp-content\/uploads\/2019\/05\/allestimento-trasporti-espressi-48x48.jpg 48w, https:\/\/www.storevan.com\/wp-content\/uploads\/2019\/05\/allestimento-trasporti-espressi-480x480.jpg 480w, https:\/\/www.storevan.com\/wp-content\/uploads\/2019\/05\/allestimento-trasporti-espressi.jpg 600w\" sizes=\"(max-width: 150px) 100vw, 150px\" \/><\/a><\/div>\n<div class=\"col-xs-6 col-sm-3 col-md-3\"><a href=\"https:\/\/www.storevan.com\/wp-content\/uploads\/2018\/08\/trasformazione-veicolo-commerciale-corrieri-espressi-3.jpg\"><img decoding=\"async\" loading=\"lazy\" class=\"aligncenter size-thumbnail\" src=\"https:\/\/www.storevan.com\/wp-content\/uploads\/2018\/08\/trasformazione-veicolo-commerciale-corrieri-espressi-3-150x150.jpg\" alt=\"Am\u00e9nagement v\u00e9hicules utilitaires pour transports d\u00e9di\u00e9s\" width=\"150\" height=\"150\" \/><\/a><\/div>\n<div class=\"break\"><\/div>\n<div class=\"borderTitleCenterOrange\"><\/div>\n<hr class=\"noColor \" \/>\n<\/div>\n<\/div>\n<div class=\"col-sm-6 col-md-6 text-center\"><img decoding=\"async\" loading=\"lazy\" class=\"hidden-xs aligncenter size-full wp-image-103065\" src=\"https:\/\/www.storevan.com\/wp-content\/uploads\/2019\/05\/allestimento-furgone-consegne-padroncino.jpg\" alt=\"Am\u00e9nagement pour chauffeur ind\u00e9pendant\" width=\"550\" height=\"520\" srcset=\"https:\/\/www.storevan.com\/wp-content\/uploads\/2019\/05\/allestimento-furgone-consegne-padroncino.jpg 550w, https:\/\/www.storevan.com\/wp-content\/uploads\/2019\/05\/allestimento-furgone-consegne-padroncino-300x284.jpg 300w\" sizes=\"(max-width: 550px) 100vw, 550px\" \/><\/div>\n<div class=\"break\"><\/div>\n<hr class=\"visible-xs noColor\" \/>\n<div class=\"col-xs-12 col-sm-12 col-md-12\">\n<p class=\"text-justify\">La possibilit\u00e9 d\u2019int\u00e9grer <strong>jusqu\u2019\u00e0 6 \u00e9tag\u00e8res pliables<\/strong> par c\u00f4t\u00e9 permet de mieux organiser le chargement, en disposant les diff\u00e9rents colis en fonction de leur taille ou de la priorit\u00e9 de livraison, en les ancrant avec des sangles d\u2019arrimage et en les s\u00e9parant par des diviseurs transversaux ou vout\u00e9s. Il sera donc <strong>plus rapide et plus clair d\u2019identifier le colis \u00e0 livrer<\/strong>. La dimension des \u00e9tag\u00e8res est con\u00e7ue pour maintenir les grandes bo\u00eetes et les conteneurs ayant des mesures standards europ\u00e9ennes, tandis que le rebord sur\u00e9lev\u00e9 et l\u2019\u00e9tag\u00e8re l\u00e9g\u00e8rement inclin\u00e9e vers le haut constituent un outil suppl\u00e9mentaire pour emp\u00eacher le mouvement des produits pendant le transport.<\/p>\n<p>Pour les transporteurs express les plus exigeants, Store Van <a href=\"https:\/\/www.storevan.com\/fr\/transformation-vehicules-utilitaires-pour-coursiers-express\/\" title=\"Transformation de v\u00e9hicules utilitaires pour coursiers express\">transforme compl\u00e8tement le v\u00e9hicule commercial<\/a> : une cloison de s\u00e9paration est ins\u00e9r\u00e9e entre l&rsquo;habitacle et la zone de chargement, assurant la vitesse maximale dans la r\u00e9cup\u00e9ration des colis et la s\u00e9curit\u00e9 maximale pour l&rsquo;op\u00e9rateur. Le v\u00e9hicule ainsi modifi\u00e9 sera restitu\u00e9 au client avec le certificat sp\u00e9cial COC, n\u00e9cessaire lorsqu&rsquo;un v\u00e9hicule subit des modifications de la structure.<\/p>\n<\/div>\n<div class=\"break\"><\/div>\n<hr class=\"noColor\" \/>\n<div class=\"hidden-xs col-sm-2 col-md-3\">\n<hr class=\"orangeLine\" \/>\n<\/div>\n<div class=\"col-xs-12 col-sm-8 col-md-6\">\n<h3 class=\"text-center titBoxDivisor\">Avantages du syst\u00e8me d\u2019\u00e9tag\u00e8res pliables<\/h3>\n<\/div>\n<div class=\"hidden-xs col-sm-2 col-md-3\">\n<hr class=\"orangeLine\" \/>\n<\/div>\n<div class=\"break\"><\/div>\n<hr class=\"noColor\" \/>\n<ul class=\"noList\">\n<li class=\"col-xs-12 col-sm-6 col-md-4\"><i class=\"fa fa-check txtGreen\"><\/i> 6 \u00e9tag\u00e8res en hauteur ;<\/li>\n<li class=\"col-xs-12 col-sm-6 col-md-4\"><i class=\"fa fa-check txtGreen\"><\/i> Fermeture compl\u00e8te ou partielle ;<\/li>\n<li class=\"col-xs-12 col-sm-6 col-md-4\"><i class=\"fa fa-check txtGreen\"><\/i> Syst\u00e8me de suspension en acier sans fils ni sangles ;<\/li>\n<li class=\"col-xs-12 col-sm-6 col-md-4\"><i class=\"fa fa-check txtGreen\"><\/i> Port\u00e9e maximale 120 kg ;<\/li>\n<li class=\"col-xs-12 col-sm-6 col-md-4\"><i class=\"fa fa-check txtGreen\"><\/i> Id\u00e9ale pour les longs transports de marchandises ;<\/li>\n<li class=\"col-xs-12 col-sm-6 col-md-4\"><i class=\"fa fa-check txtGreen\"><\/i> Compatible avec les conteneurs de tailles standard europ\u00e9ennes ;<\/li>\n<\/ul>\n<div class=\"break\"><\/div>\n<hr class=\"noColor\" \/>\n<p><a class=\"destination\" name=\"formconttatto\"><\/a><\/p>\n<hr \/>\n<div class=\"col-xs-12 col-sm-12 col-md-6\">\n<div class=\"text-center\"><a class=\"btn btn-download\" href=\"tel:+390424585455\"><i class=\"fa fa-phone\"><\/i> <span class=\"spanBtn\">APPELEZ-NOUS<\/span><br \/>\npour toute information<\/a><\/div>\n<\/div>\n<div class=\"col-xs-12 col-sm-12 col-md-6\">\n<div class=\"text-center\"><a class=\"btn btn-download btnToggle\" href=\"#formconttatto\"><i class=\"fa fa-envelope\"><\/i> <span class=\"spanBtn\">\u00c9CRIVEZ-NOUS<\/span><br \/>\nvous serez contact\u00e9s<\/a><\/div>\n<\/div>\n<div class=\"break\"><\/div>\n<hr \/>\n<div class=\"formToggle\">\n<h4 class=\"bigTxt text-center txtBkOrange\">VOULEZ-VOUS EN SAVOIR PLUS?<\/h4>\n\n<div class=\"wpcf7 no-js\" id=\"wpcf7-f67673-o1\" lang=\"it-IT\" dir=\"ltr\">\n<div class=\"screen-reader-response\"><p role=\"status\" aria-live=\"polite\" aria-atomic=\"true\"><\/p> <ul><\/ul><\/div>\n<form action=\"\/fr\/wp-json\/wp\/v2\/pages\/104071#wpcf7-f67673-o1\" method=\"post\" class=\"wpcf7-form init\" aria-label=\"Modulo di contatto\" novalidate=\"novalidate\" data-status=\"init\">\n<div style=\"display: none;\">\n<input type=\"hidden\" name=\"_wpcf7\" value=\"67673\" \/>\n<input type=\"hidden\" name=\"_wpcf7_version\" value=\"5.7.7\" \/>\n<input type=\"hidden\" name=\"_wpcf7_locale\" value=\"it_IT\" \/>\n<input type=\"hidden\" name=\"_wpcf7_unit_tag\" value=\"wpcf7-f67673-o1\" \/>\n<input type=\"hidden\" name=\"_wpcf7_container_post\" value=\"0\" \/>\n<input type=\"hidden\" name=\"_wpcf7_posted_data_hash\" value=\"\" \/>\n<input type=\"hidden\" name=\"_wpcf7_recaptcha_response\" value=\"\" \/>\n<\/div>\n<span class=\"wpcf7-form-control-wrap url\" data-name=\"url\"><input type=\"hidden\" name=\"url\" size=\"40\" class=\"wpcf7-form-control wpcf7-hidden wpcf7dtx wpcf7dtx-hidden\" aria-invalid=\"false\" value=\"coursier-express\" autocomplete=\"off\" \/><\/span>\n<p>Pour plus d'informations, remplissez les champs suivants. L'un de nos op\u00e9rateurs vous recontactera dans les plus brefs d\u00e9lais (* champs obligatoires):\n<\/p>\n<div class=\"col-xs-12 col-md-6\">\n\t<p><span class='titoli'>Pr\u00e9nom (*)<\/span>\n\t<\/p>\n\t<p><span class=\"wpcf7-form-control-wrap\" data-name=\"your-name\"><input size=\"40\" class=\"wpcf7-form-control wpcf7-text wpcf7-validates-as-required form-control\" aria-required=\"true\" aria-invalid=\"false\" value=\"\" type=\"text\" name=\"your-name\" \/><\/span>\n\t<\/p>\n<\/div>\n<div class=\"col-xs-12 col-md-6\">\n\t<p><span class='titoli'>Nom (*)<\/span>\n\t<\/p>\n\t<p><span class=\"wpcf7-form-control-wrap\" data-name=\"your-last-name\"><input size=\"40\" class=\"wpcf7-form-control wpcf7-text wpcf7-validates-as-required form-control\" aria-required=\"true\" aria-invalid=\"false\" value=\"\" type=\"text\" name=\"your-last-name\" \/><\/span>\n\t<\/p>\n<\/div>\n<div class=\"col-xs-12 col-md-6\">\n\t<p><span class='titoli'>Entreprise (*)<\/span>\n\t<\/p>\n\t<p><span class=\"wpcf7-form-control-wrap\" data-name=\"your-company\"><input size=\"40\" class=\"wpcf7-form-control wpcf7-text wpcf7-validates-as-required form-control\" aria-required=\"true\" aria-invalid=\"false\" value=\"\" type=\"text\" name=\"your-company\" \/><\/span>\n\t<\/p>\n<\/div>\n<div class=\"col-xs-12 col-md-6\">\n\t<p><span class='titoli'>TVA<\/span>\n\t<\/p>\n\t<p><span class=\"wpcf7-form-control-wrap\" data-name=\"p-iva\"><input size=\"40\" class=\"wpcf7-form-control wpcf7-text form-control\" aria-invalid=\"false\" value=\"\" type=\"text\" name=\"p-iva\" \/><\/span>\n\t<\/p>\n<\/div>\n<div class=\"clearboth\">\n<\/div>\n<div class=\"col-xs-12 col-md-4\">\n\t<p><span class='titoli'>Code Postal (*)<\/span>\n\t<\/p>\n\t<p><span class=\"wpcf7-form-control-wrap\" data-name=\"your-zip-code\"><input size=\"40\" class=\"wpcf7-form-control wpcf7-text wpcf7-validates-as-required form-control\" aria-required=\"true\" aria-invalid=\"false\" value=\"\" type=\"text\" name=\"your-zip-code\" \/><\/span>\n\t<\/p>\n<\/div>\n<div class=\"col-xs-12 col-md-4\">\n\t<p><span class='titoli'>Adresse (*)<\/span>\n\t<\/p>\n\t<p><span class=\"wpcf7-form-control-wrap\" data-name=\"your-address\"><input size=\"40\" class=\"wpcf7-form-control wpcf7-text wpcf7-validates-as-required form-control\" aria-required=\"true\" aria-invalid=\"false\" value=\"\" type=\"text\" name=\"your-address\" \/><\/span>\n\t<\/p>\n<\/div>\n<div class=\"col-xs-12 col-md-4\">\n\t<p><span class='titoli'>Ville (*)<\/span>\n\t<\/p>\n\t<p><span class=\"wpcf7-form-control-wrap\" data-name=\"your-Town\"><input size=\"40\" class=\"wpcf7-form-control wpcf7-text wpcf7-validates-as-required form-control\" aria-required=\"true\" aria-invalid=\"false\" value=\"\" type=\"text\" name=\"your-Town\" \/><\/span>\n\t<\/p>\n<\/div>\n<div class=\"clearboth\">\n<\/div>\n<div class=\"col-xs-12 col-md-6\">\n\t<p><span class='titoli'>email (*)<\/span>\n\t<\/p>\n\t<p><span class=\"wpcf7-form-control-wrap\" data-name=\"your-email\"><input size=\"40\" class=\"wpcf7-form-control wpcf7-text wpcf7-email wpcf7-validates-as-required wpcf7-validates-as-email form-control\" aria-required=\"true\" aria-invalid=\"false\" value=\"\" type=\"email\" name=\"your-email\" \/><\/span>\n\t<\/p>\n<\/div>\n<div class=\"col-xs-12 col-md-6\">\n\t<p><span class='titoli'>T\u00e9l\u00e9phone (*)<\/span>\n\t<\/p>\n\t<p><span class=\"wpcf7-form-control-wrap\" data-name=\"telefono\"><input size=\"40\" class=\"wpcf7-form-control wpcf7-text wpcf7-tel wpcf7-validates-as-required wpcf7-validates-as-tel form-control\" aria-required=\"true\" aria-invalid=\"false\" value=\"\" type=\"tel\" name=\"telefono\" \/><\/span>\n\t<\/p>\n<\/div>\n<div class=\"clearboth\">\n<\/div>\n<div class=\"col-xs-12 col-md-6\">\n\t<p><span class='titoli'>Objet <\/span>\n\t<\/p>\n\t<p><span class=\"wpcf7-form-control-wrap\" data-name=\"oggetto\"><select class=\"wpcf7-form-control wpcf7-select wpcf7-validates-as-required\" aria-required=\"true\" aria-invalid=\"false\" name=\"oggetto\"><option value=\"Citation\">Citation<\/option><option value=\"Information technique\">Information technique<\/option><option value=\"Rendez-vous\">Rendez-vous<\/option><\/select><\/span>\n\t<\/p>\n<\/div>\n<div class=\"col-xs-12 col-md-6\">\n\t<p><br \/>\n<span class=\"titoli\"> <span class=\"wpcf7-form-control-wrap\" data-name=\"cliente\"><span class=\"wpcf7-form-control wpcf7-checkbox\"><span class=\"wpcf7-list-item first last\"><label><span class=\"wpcf7-list-item-label\">Je suis d\u00e9j\u00e0 client<\/span><input type=\"checkbox\" name=\"cliente[]\" value=\"Je suis d\u00e9j\u00e0 client\" \/><\/label><\/span><\/span><\/span><\/span>\n\t<\/p>\n<\/div>\n<div class=\"col-xs-12 col-md-12\">\n\t<p><span class='titoli'>Message (*)<\/span>\n\t<\/p>\n\t<p><span class=\"wpcf7-form-control-wrap\" data-name=\"your-message\"><textarea cols=\"40\" rows=\"10\" class=\"wpcf7-form-control wpcf7-textarea wpcf7-validates-as-required form-control\" aria-required=\"true\" aria-invalid=\"false\" name=\"your-message\"><\/textarea><\/span>\n\t<\/p>\n<\/div>\n<div class=\"col-xs-12 col-md-12\">\n\t<p><small>Les donn\u00e9es saisies seront trait\u00e9es de mani\u00e8re strictement confidentielle conform\u00e9ment \u00e0 la loi et \u00e0 notre <a href=\"https:\/\/www.storevan.com\/fr\/privacy-policy\/\">politique de confidentialit\u00e9<\/a>.<\/small>\n\t<\/p>\n\t<p><span class=\"wpcf7-form-control-wrap\" data-name=\"AccettazionePrivacy\"><span class=\"wpcf7-form-control wpcf7-acceptance\"><span class=\"wpcf7-list-item\"><input type=\"checkbox\" name=\"AccettazionePrivacy\" value=\"1\" aria-invalid=\"false\" \/><\/span><\/span><\/span> Je d\u00e9clare avoir pris connaissance de la Note Informative sur les <a href=\"https:\/\/www.storevan.com\/fr\/privacy-policy\/\">Note Informative sur les Informations priv\u00e9es<\/a> et j\u2019autorise au traitement de mes donn\u00e9es personnelles en conformit\u00e9 avec ce qui y est \u00e9crit. (*)<br \/>\n\t<span class=\"wpcf7-form-control-wrap recaptcha\" data-name=\"recaptcha\"><span data-sitekey=\"6LdfM4AUAAAAAJjsAucux5WVNA3hsk5KP0a03T_n\" class=\"wpcf7-form-control g-recaptcha wpcf7-recaptcha\"><\/span>\r\n<noscript>\r\n\t<div class=\"grecaptcha-noscript\">\r\n\t\t<iframe src=\"https:\/\/www.google.com\/recaptcha\/api\/fallback?k=6LdfM4AUAAAAAJjsAucux5WVNA3hsk5KP0a03T_n\" frameborder=\"0\" scrolling=\"no\" width=\"310\" height=\"430\">\r\n\t\t<\/iframe>\r\n\t\t<textarea name=\"g-recaptcha-response\" rows=\"3\" cols=\"40\" placeholder=\"reCaptcha Response Here\">\r\n\t\t<\/textarea>\r\n\t<\/div>\r\n<\/noscript>\r\n<\/span>\n\t<\/p>\n<\/div>\n<hr class=\"noColor\" \/>\n<p><input class=\"wpcf7-form-control has-spinner wpcf7-submit\" type=\"submit\" value=\"Envoi\" \/>\n<\/p><div class=\"wpcf7-response-output\" aria-hidden=\"true\"><\/div>\n<\/form>\n<\/div>\n<\/div>\n","protected":false},"excerpt":{"rendered":"<p>Am\u00e9nagement pour coursier et chauffeur ind\u00e9pendant Transports express et chauffeurs ind\u00e9pendants : comment rendre la livraison des marchandises facile et rapide Le transport de marchandises est \u00e0 la base du.<\/p>\n","protected":false},"author":470,"featured_media":0,"parent":86571,"menu_order":0,"comment_status":"closed","ping_status":"closed","template":"","meta":[],"acf":[],"yoast_head":"<!-- This site is optimized with the Yoast SEO plugin v20.11 - https:\/\/yoast.com\/wordpress\/plugins\/seo\/ -->\n<title>Am\u00e9nagement transports express<\/title>\n<meta name=\"description\" content=\"Am\u00e9nagement pour coursiers et chauffeurs ind\u00e9pendants avec \u00e9tag\u00e8res pliables pour les v\u00e9hicules utilitaires avec capacit\u00e9 maximale de 120 kg.\" \/>\n<meta name=\"robots\" content=\"index, follow, max-snippet:-1, max-image-preview:large, max-video-preview:-1\" \/>\n<link rel=\"canonical\" href=\"https:\/\/www.storevan.com\/fr\/produits\/etageres-pliables-pour-vehicules-utilitaires\/coursier-express\/\" \/>\n<meta property=\"og:locale\" content=\"fr_FR\" \/>\n<meta property=\"og:type\" content=\"article\" \/>\n<meta property=\"og:title\" content=\"Am\u00e9nagement transports express\" \/>\n<meta property=\"og:description\" content=\"Am\u00e9nagement pour coursiers et chauffeurs ind\u00e9pendants avec \u00e9tag\u00e8res pliables pour les v\u00e9hicules utilitaires avec capacit\u00e9 maximale de 120 kg.\" \/>\n<meta property=\"og:url\" content=\"https:\/\/www.storevan.com\/fr\/produits\/etageres-pliables-pour-vehicules-utilitaires\/coursier-express\/\" \/>\n<meta property=\"og:site_name\" content=\"Store Van\" \/>\n<meta property=\"article:modified_time\" content=\"2019-06-12T14:18:01+00:00\" \/>\n<meta property=\"og:image\" content=\"https:\/\/www.storevan.com\/wp-content\/uploads\/2019\/05\/allestimento-furgone-consegne-padroncino-480x480.jpg\" \/>\n<meta name=\"twitter:label1\" content=\"Dur\u00e9e de lecture estim\u00e9e\" \/>\n\t<meta name=\"twitter:data1\" content=\"3 minutes\" \/>\n<script type=\"application\/ld+json\" class=\"yoast-schema-graph\">{\"@context\":\"https:\/\/schema.org\",\"@graph\":[{\"@type\":\"WebPage\",\"@id\":\"https:\/\/www.storevan.com\/fr\/produits\/etageres-pliables-pour-vehicules-utilitaires\/coursier-express\/\",\"url\":\"https:\/\/www.storevan.com\/fr\/produits\/etageres-pliables-pour-vehicules-utilitaires\/coursier-express\/\",\"name\":\"Am\u00e9nagement transports express\",\"isPartOf\":{\"@id\":\"https:\/\/www.storevan.com\/pl\/#website\"},\"datePublished\":\"2019-05-24T10:28:38+00:00\",\"dateModified\":\"2019-06-12T14:18:01+00:00\",\"description\":\"Am\u00e9nagement pour coursiers et chauffeurs ind\u00e9pendants avec \u00e9tag\u00e8res pliables pour les v\u00e9hicules utilitaires avec capacit\u00e9 maximale de 120 kg.\",\"breadcrumb\":{\"@id\":\"https:\/\/www.storevan.com\/fr\/produits\/etageres-pliables-pour-vehicules-utilitaires\/coursier-express\/#breadcrumb\"},\"inLanguage\":\"fr-FR\",\"potentialAction\":[{\"@type\":\"ReadAction\",\"target\":[\"https:\/\/www.storevan.com\/fr\/produits\/etageres-pliables-pour-vehicules-utilitaires\/coursier-express\/\"]}]},{\"@type\":\"BreadcrumbList\",\"@id\":\"https:\/\/www.storevan.com\/fr\/produits\/etageres-pliables-pour-vehicules-utilitaires\/coursier-express\/#breadcrumb\",\"itemListElement\":[{\"@type\":\"ListItem\",\"position\":1,\"name\":\"Home\",\"item\":\"https:\/\/www.storevan.com\/fr\/\"},{\"@type\":\"ListItem\",\"position\":2,\"name\":\"Produits\",\"item\":\"https:\/\/www.storevan.com\/fr\/produits\/\"},{\"@type\":\"ListItem\",\"position\":3,\"name\":\"\u00c9tag\u00e8res pliables pour v\u00e9hicules utilitaires\",\"item\":\"https:\/\/www.storevan.com\/fr\/produits\/etageres-pliables-pour-vehicules-utilitaires\/\"},{\"@type\":\"ListItem\",\"position\":4,\"name\":\"Coursier express\"}]},{\"@type\":\"WebSite\",\"@id\":\"https:\/\/www.storevan.com\/pl\/#website\",\"url\":\"https:\/\/www.storevan.com\/pl\/\",\"name\":\"Store Van\",\"description\":\"Am\u00e9nagements fourgons\",\"potentialAction\":[{\"@type\":\"SearchAction\",\"target\":{\"@type\":\"EntryPoint\",\"urlTemplate\":\"https:\/\/www.storevan.com\/pl\/?s={search_term_string}\"},\"query-input\":\"required name=search_term_string\"}],\"inLanguage\":\"fr-FR\"}]}<\/script>\n<!-- \/ Yoast SEO plugin. -->","yoast_head_json":{"title":"Am\u00e9nagement transports express","description":"Am\u00e9nagement pour coursiers et chauffeurs ind\u00e9pendants avec \u00e9tag\u00e8res pliables pour les v\u00e9hicules utilitaires avec capacit\u00e9 maximale de 120 kg.","robots":{"index":"index","follow":"follow","max-snippet":"max-snippet:-1","max-image-preview":"max-image-preview:large","max-video-preview":"max-video-preview:-1"},"canonical":"https:\/\/www.storevan.com\/fr\/produits\/etageres-pliables-pour-vehicules-utilitaires\/coursier-express\/","og_locale":"fr_FR","og_type":"article","og_title":"Am\u00e9nagement transports express","og_description":"Am\u00e9nagement pour coursiers et chauffeurs ind\u00e9pendants avec \u00e9tag\u00e8res pliables pour les v\u00e9hicules utilitaires avec capacit\u00e9 maximale de 120 kg.","og_url":"https:\/\/www.storevan.com\/fr\/produits\/etageres-pliables-pour-vehicules-utilitaires\/coursier-express\/","og_site_name":"Store Van","article_modified_time":"2019-06-12T14:18:01+00:00","og_image":[{"url":"https:\/\/www.storevan.com\/wp-content\/uploads\/2019\/05\/allestimento-furgone-consegne-padroncino-480x480.jpg"}],"twitter_misc":{"Dur\u00e9e de lecture estim\u00e9e":"3 minutes"},"schema":{"@context":"https:\/\/schema.org","@graph":[{"@type":"WebPage","@id":"https:\/\/www.storevan.com\/fr\/produits\/etageres-pliables-pour-vehicules-utilitaires\/coursier-express\/","url":"https:\/\/www.storevan.com\/fr\/produits\/etageres-pliables-pour-vehicules-utilitaires\/coursier-express\/","name":"Am\u00e9nagement transports express","isPartOf":{"@id":"https:\/\/www.storevan.com\/pl\/#website"},"datePublished":"2019-05-24T10:28:38+00:00","dateModified":"2019-06-12T14:18:01+00:00","description":"Am\u00e9nagement pour coursiers et chauffeurs ind\u00e9pendants avec \u00e9tag\u00e8res pliables pour les v\u00e9hicules utilitaires avec capacit\u00e9 maximale de 120 kg.","breadcrumb":{"@id":"https:\/\/www.storevan.com\/fr\/produits\/etageres-pliables-pour-vehicules-utilitaires\/coursier-express\/#breadcrumb"},"inLanguage":"fr-FR","potentialAction":[{"@type":"ReadAction","target":["https:\/\/www.storevan.com\/fr\/produits\/etageres-pliables-pour-vehicules-utilitaires\/coursier-express\/"]}]},{"@type":"BreadcrumbList","@id":"https:\/\/www.storevan.com\/fr\/produits\/etageres-pliables-pour-vehicules-utilitaires\/coursier-express\/#breadcrumb","itemListElement":[{"@type":"ListItem","position":1,"name":"Home","item":"https:\/\/www.storevan.com\/fr\/"},{"@type":"ListItem","position":2,"name":"Produits","item":"https:\/\/www.storevan.com\/fr\/produits\/"},{"@type":"ListItem","position":3,"name":"\u00c9tag\u00e8res pliables pour v\u00e9hicules utilitaires","item":"https:\/\/www.storevan.com\/fr\/produits\/etageres-pliables-pour-vehicules-utilitaires\/"},{"@type":"ListItem","position":4,"name":"Coursier express"}]},{"@type":"WebSite","@id":"https:\/\/www.storevan.com\/pl\/#website","url":"https:\/\/www.storevan.com\/pl\/","name":"Store Van","description":"Am\u00e9nagements fourgons","potentialAction":[{"@type":"SearchAction","target":{"@type":"EntryPoint","urlTemplate":"https:\/\/www.storevan.com\/pl\/?s={search_term_string}"},"query-input":"required name=search_term_string"}],"inLanguage":"fr-FR"}]}},"_links":{"self":[{"href":"https:\/\/www.storevan.com\/fr\/wp-json\/wp\/v2\/pages\/104071"}],"collection":[{"href":"https:\/\/www.storevan.com\/fr\/wp-json\/wp\/v2\/pages"}],"about":[{"href":"https:\/\/www.storevan.com\/fr\/wp-json\/wp\/v2\/types\/page"}],"author":[{"embeddable":true,"href":"https:\/\/www.storevan.com\/fr\/wp-json\/wp\/v2\/users\/470"}],"replies":[{"embeddable":true,"href":"https:\/\/www.storevan.com\/fr\/wp-json\/wp\/v2\/comments?post=104071"}],"version-history":[{"count":6,"href":"https:\/\/www.storevan.com\/fr\/wp-json\/wp\/v2\/pages\/104071\/revisions"}],"predecessor-version":[{"id":104091,"href":"https:\/\/www.storevan.com\/fr\/wp-json\/wp\/v2\/pages\/104071\/revisions\/104091"}],"up":[{"embeddable":true,"href":"https:\/\/www.storevan.com\/fr\/wp-json\/wp\/v2\/pages\/86571"}],"wp:attachment":[{"href":"https:\/\/www.storevan.com\/fr\/wp-json\/wp\/v2\/media?parent=104071"}],"curies":[{"name":"wp","href":"https:\/\/api.w.org\/{rel}","templated":true}]}}