{"id":101324,"date":"2019-04-16T13:15:57","date_gmt":"2019-04-16T13:15:57","guid":{"rendered":"https:\/\/www.storevan.com\/amenagement-vehicules-utilitaires\/fourgons-opel\/vivaro-2014\/portatutto-e-portascale\/"},"modified":"2019-04-16T13:25:24","modified_gmt":"2019-04-16T13:25:24","slug":"porte-tout-porte-echelles","status":"publish","type":"page","link":"https:\/\/www.storevan.com\/fr\/amenagement-vehicules-utilitaires\/fourgons-opel\/vivaro-2014\/porte-tout-porte-echelles\/","title":{"rendered":"Porte tout et Porte-\u00e9chelles"},"content":{"rendered":"<h1 class=\"customblackTitleSmall\">PORTE TOUT ET PORTE-\u00c9CHELLES POUR VIVARO 2014<\/h1>\n<p>Le <strong>porte-\u00e9chelle<\/strong> et le <strong>porte-tout<\/strong>\u00a0Store Van, \u00e0 savoir le syst\u00e8me de transport sur le toit d\u2019une \u00e9chelle et d\u2019outillages certifi\u00e9 GS, sont disponibles pour les deux configurations du <strong>v\u00e9hicule utilitaire Opel Vivaro<\/strong> (<em>L1 H1 et L2 H1<\/em>). Notre syst\u00e8me, r\u00e9sistant et l\u00e9ger gr\u00e2ce \u00e0 l\u2019utilisation d\u2019aluminium et d\u2019acier inox, est s\u00fbr, pratique et facile \u00e0 utiliser gr\u00e2ce au rouleau de chargement et au chariot \u00e0 descente assist\u00e9e.<\/p>\n<hr class=\"noColor\" \/>\n<p><img decoding=\"async\" loading=\"lazy\" class=\"aligncenter size-full wp-image-6052\" src=\"https:\/\/www.storevan.com\/wp-content\/uploads\/2016\/03\/StoreVan_Vivaro_2014_portatutto.jpg\" alt=\"PORTE TOUT ET PORTE-\u00c9CHELLES POUR VIVARO\" width=\"625\" height=\"260\" \/><\/p>\n<h2 class=\"bigTxt\">PORTE TOUT<\/h2>\n<div class=\"borderTitle\"><\/div>\n<table class=\"table tableBorder\">\n<tbody>\n<tr class=\"border_bottomGrey\">\n<td class=\"txtBkOrange\">V\u00c9HICULE<\/td>\n<td class=\"TESTO12biancoCX\" style=\"text-align: center;\" bgcolor=\"#0071B9\">PORTE TOUT<\/td>\n<td class=\"TESTO12neroCX\" style=\"text-align: center;\" bgcolor=\"#e4e4e4\">DIMENSIONS<\/td>\n<td class=\"TESTO12neroCX\" style=\"text-align: center;\" bgcolor=\"#e4e4e4\">POIDS<\/td>\n<td class=\"TESTO12neroCX\" style=\"text-align: center;\" bgcolor=\"#e4e4e4\">CHARGE<\/td>\n<\/tr>\n<tr class=\"border_bottomGrey\">\n<td><\/td>\n<td><strong>ART.<\/strong><\/td>\n<td><\/td>\n<td><\/td>\n<td><\/td>\n<\/tr>\n<tr class=\"border_bottomGrey\">\n<td style=\"vertical-align: middle;\" bgcolor=\"#f0f0f0\">L1 H1<\/td>\n<td style=\"text-align: center;\"><span class=\"blue\">POT 222<\/span><\/td>\n<td>2750\u00d71700 mm<\/td>\n<td>30,30 Kg<\/td>\n<td>169,00 Kg<\/td>\n<\/tr>\n<tr class=\"border_bottomGrey\">\n<td style=\"vertical-align: middle;\" bgcolor=\"#f0f0f0\">L2 H1<\/td>\n<td style=\"text-align: center;\"><span class=\"blue\">POT 223<\/span><\/td>\n<td>3000\u00d71700 mm<\/td>\n<td>31,14 Kg<\/td>\n<td>168,00 Kg<\/td>\n<\/tr>\n<tr>\n<td class=\"TESTO12neroSX\" colspan=\"5\" height=\"18\"> Seulement pour v\u00e9hicule avec portes arri\u00e8re battantes.<\/td>\n<\/tr>\n<\/tbody>\n<\/table>\n<p><img decoding=\"async\" loading=\"lazy\" class=\"aligncenter size-full wp-image-6054\" src=\"https:\/\/www.storevan.com\/wp-content\/uploads\/2016\/03\/StoreVan_Vivaro_2014_portascale.jpg\" alt=\"Portes-\u00e9chelles pour Opel Vivaro\" width=\"625\" height=\"260\" \/><\/p>\n<h2 class=\"bigTxt\">Portes-\u00e9chelles pour Opel Vivaro<\/h2>\n<div class=\"borderTitle\"><\/div>\n<table class=\"table tableBorder\">\n<tbody>\n<tr class=\"border_bottomGrey\">\n<td class=\"txtBkOrange\">V\u00c9HICULE<\/td>\n<td class=\"TESTO12biancoCX\" style=\"text-align: center;\" bgcolor=\"#0071B9\">PORTE-\u00c9CHELLES<\/td>\n<td class=\"TESTO12neroCX\" style=\"text-align: center;\" bgcolor=\"#e4e4e4\">DIMENSIONS<\/td>\n<td class=\"TESTO12neroCX\" style=\"text-align: center;\" bgcolor=\"#e4e4e4\">POIDS<\/td>\n<td class=\"TESTO12neroCX\" style=\"text-align: center;\" bgcolor=\"#e4e4e4\">CHARGE<\/td>\n<\/tr>\n<tr class=\"border_bottomGrey\">\n<td><\/td>\n<td><strong>ART.<\/strong><\/td>\n<td><\/td>\n<td><\/td>\n<td><\/td>\n<\/tr>\n<tr class=\"border_bottomGrey\">\n<td style=\"vertical-align: middle;\" bgcolor=\"#f0f0f0\">L1 H1<\/td>\n<td style=\"text-align: center;\"><span class=\"blue\">POS 222<\/span><\/td>\n<td>3240\u00d71680 mm<\/td>\n<td>57,20 Kg<\/td>\n<td>142,00 Kg<\/td>\n<\/tr>\n<tr class=\"border_bottomGrey\">\n<td style=\"vertical-align: middle;\" bgcolor=\"#f0f0f0\">L2 H1<\/td>\n<td style=\"text-align: center;\"><span class=\"blue\">POS 223<\/span><\/td>\n<td>3240\u00d71680 mm<\/td>\n<td>57,62 Kg<\/td>\n<td>142,00 Kg<\/td>\n<\/tr>\n<tr>\n<td class=\"TESTO12neroSX\" colspan=\"5\" height=\"18\">Seulement pour v\u00e9hicule avec portes arri\u00e8re battantes. Le chariot porte-\u00e9chelles peut \u00eatre mont\u00e9 \u00e0 droite ou \u00e0 gauche.<\/td>\n<\/tr>\n<\/tbody>\n<\/table>\n","protected":false},"excerpt":{"rendered":"<p>PORTE TOUT ET PORTE-\u00c9CHELLES POUR VIVARO 2014 Le porte-\u00e9chelle et le porte-tout\u00a0Store Van, \u00e0 savoir le syst\u00e8me de transport sur le toit d\u2019une \u00e9chelle et d\u2019outillages certifi\u00e9 GS, sont disponibles.<\/p>\n","protected":false},"author":470,"featured_media":0,"parent":101295,"menu_order":0,"comment_status":"closed","ping_status":"closed","template":"","meta":[],"acf":[],"yoast_head":"<!-- This site is optimized with the Yoast SEO plugin v20.11 - https:\/\/yoast.com\/wordpress\/plugins\/seo\/ -->\n<title>Portatutto e portascale per Vivaro 2014<\/title>\n<meta name=\"description\" content=\"Portatutto e portascale per Vivaro 2014, resistente e leggero, in alluminio e acciaio inox con rullo di caricamento e slitta a discesa servoassistita.\" \/>\n<meta name=\"robots\" content=\"index, follow, max-snippet:-1, max-image-preview:large, max-video-preview:-1\" \/>\n<link rel=\"canonical\" href=\"https:\/\/www.storevan.com\/fr\/amenagement-vehicules-utilitaires\/fourgons-opel\/vivaro-2014\/porte-tout-porte-echelles\/\" \/>\n<meta property=\"og:locale\" content=\"fr_FR\" \/>\n<meta property=\"og:type\" content=\"article\" \/>\n<meta property=\"og:title\" content=\"Portatutto e portascale per Vivaro 2014\" \/>\n<meta property=\"og:description\" content=\"Portatutto e portascale per Vivaro 2014, resistente e leggero, in alluminio e acciaio inox con rullo di caricamento e slitta a discesa servoassistita.\" \/>\n<meta property=\"og:url\" content=\"https:\/\/www.storevan.com\/fr\/amenagement-vehicules-utilitaires\/fourgons-opel\/vivaro-2014\/porte-tout-porte-echelles\/\" \/>\n<meta property=\"og:site_name\" content=\"Store Van\" \/>\n<meta property=\"article:modified_time\" content=\"2019-04-16T13:25:24+00:00\" \/>\n<meta property=\"og:image\" content=\"https:\/\/www.storevan.com\/wp-content\/uploads\/2016\/03\/StoreVan_Vivaro_2014_portatutto.jpg\" \/>\n<meta name=\"twitter:label1\" content=\"Dur\u00e9e de lecture estim\u00e9e\" \/>\n\t<meta name=\"twitter:data1\" content=\"1 minute\" \/>\n<script type=\"application\/ld+json\" class=\"yoast-schema-graph\">{\"@context\":\"https:\/\/schema.org\",\"@graph\":[{\"@type\":\"WebPage\",\"@id\":\"https:\/\/www.storevan.com\/fr\/amenagement-vehicules-utilitaires\/fourgons-opel\/vivaro-2014\/porte-tout-porte-echelles\/\",\"url\":\"https:\/\/www.storevan.com\/fr\/amenagement-vehicules-utilitaires\/fourgons-opel\/vivaro-2014\/porte-tout-porte-echelles\/\",\"name\":\"Portatutto e portascale per Vivaro 2014\",\"isPartOf\":{\"@id\":\"https:\/\/www.storevan.com\/pl\/#website\"},\"datePublished\":\"2019-04-16T13:15:57+00:00\",\"dateModified\":\"2019-04-16T13:25:24+00:00\",\"description\":\"Portatutto e portascale per Vivaro 2014, resistente e leggero, in alluminio e acciaio inox con rullo di caricamento e slitta a discesa servoassistita.\",\"breadcrumb\":{\"@id\":\"https:\/\/www.storevan.com\/fr\/amenagement-vehicules-utilitaires\/fourgons-opel\/vivaro-2014\/porte-tout-porte-echelles\/#breadcrumb\"},\"inLanguage\":\"fr-FR\",\"potentialAction\":[{\"@type\":\"ReadAction\",\"target\":[\"https:\/\/www.storevan.com\/fr\/amenagement-vehicules-utilitaires\/fourgons-opel\/vivaro-2014\/porte-tout-porte-echelles\/\"]}]},{\"@type\":\"BreadcrumbList\",\"@id\":\"https:\/\/www.storevan.com\/fr\/amenagement-vehicules-utilitaires\/fourgons-opel\/vivaro-2014\/porte-tout-porte-echelles\/#breadcrumb\",\"itemListElement\":[{\"@type\":\"ListItem\",\"position\":1,\"name\":\"Home\",\"item\":\"https:\/\/www.storevan.com\/fr\/\"},{\"@type\":\"ListItem\",\"position\":2,\"name\":\"Am\u00e9nagement de v\u00e9hicule utilitaire\",\"item\":\"https:\/\/www.storevan.com\/fr\/amenagement-vehicules-utilitaires\/\"},{\"@type\":\"ListItem\",\"position\":3,\"name\":\"Opel\",\"item\":\"https:\/\/www.storevan.com\/fr\/amenagement-vehicules-utilitaires\/fourgons-opel\/\"},{\"@type\":\"ListItem\",\"position\":4,\"name\":\"Vivaro 2014\",\"item\":\"https:\/\/www.storevan.com\/fr\/amenagement-vehicules-utilitaires\/fourgons-opel\/vivaro-2014\/\"},{\"@type\":\"ListItem\",\"position\":5,\"name\":\"Porte tout et Porte-\u00e9chelles\"}]},{\"@type\":\"WebSite\",\"@id\":\"https:\/\/www.storevan.com\/pl\/#website\",\"url\":\"https:\/\/www.storevan.com\/pl\/\",\"name\":\"Store Van\",\"description\":\"Am\u00e9nagements fourgons\",\"potentialAction\":[{\"@type\":\"SearchAction\",\"target\":{\"@type\":\"EntryPoint\",\"urlTemplate\":\"https:\/\/www.storevan.com\/pl\/?s={search_term_string}\"},\"query-input\":\"required name=search_term_string\"}],\"inLanguage\":\"fr-FR\"}]}<\/script>\n<!-- \/ Yoast SEO plugin. -->","yoast_head_json":{"title":"Portatutto e portascale per Vivaro 2014","description":"Portatutto e portascale per Vivaro 2014, resistente e leggero, in alluminio e acciaio inox con rullo di caricamento e slitta a discesa servoassistita.","robots":{"index":"index","follow":"follow","max-snippet":"max-snippet:-1","max-image-preview":"max-image-preview:large","max-video-preview":"max-video-preview:-1"},"canonical":"https:\/\/www.storevan.com\/fr\/amenagement-vehicules-utilitaires\/fourgons-opel\/vivaro-2014\/porte-tout-porte-echelles\/","og_locale":"fr_FR","og_type":"article","og_title":"Portatutto e portascale per Vivaro 2014","og_description":"Portatutto e portascale per Vivaro 2014, resistente e leggero, in alluminio e acciaio inox con rullo di caricamento e slitta a discesa servoassistita.","og_url":"https:\/\/www.storevan.com\/fr\/amenagement-vehicules-utilitaires\/fourgons-opel\/vivaro-2014\/porte-tout-porte-echelles\/","og_site_name":"Store Van","article_modified_time":"2019-04-16T13:25:24+00:00","og_image":[{"url":"https:\/\/www.storevan.com\/wp-content\/uploads\/2016\/03\/StoreVan_Vivaro_2014_portatutto.jpg"}],"twitter_misc":{"Dur\u00e9e de lecture estim\u00e9e":"1 minute"},"schema":{"@context":"https:\/\/schema.org","@graph":[{"@type":"WebPage","@id":"https:\/\/www.storevan.com\/fr\/amenagement-vehicules-utilitaires\/fourgons-opel\/vivaro-2014\/porte-tout-porte-echelles\/","url":"https:\/\/www.storevan.com\/fr\/amenagement-vehicules-utilitaires\/fourgons-opel\/vivaro-2014\/porte-tout-porte-echelles\/","name":"Portatutto e portascale per Vivaro 2014","isPartOf":{"@id":"https:\/\/www.storevan.com\/pl\/#website"},"datePublished":"2019-04-16T13:15:57+00:00","dateModified":"2019-04-16T13:25:24+00:00","description":"Portatutto e portascale per Vivaro 2014, resistente e leggero, in alluminio e acciaio inox con rullo di caricamento e slitta a discesa servoassistita.","breadcrumb":{"@id":"https:\/\/www.storevan.com\/fr\/amenagement-vehicules-utilitaires\/fourgons-opel\/vivaro-2014\/porte-tout-porte-echelles\/#breadcrumb"},"inLanguage":"fr-FR","potentialAction":[{"@type":"ReadAction","target":["https:\/\/www.storevan.com\/fr\/amenagement-vehicules-utilitaires\/fourgons-opel\/vivaro-2014\/porte-tout-porte-echelles\/"]}]},{"@type":"BreadcrumbList","@id":"https:\/\/www.storevan.com\/fr\/amenagement-vehicules-utilitaires\/fourgons-opel\/vivaro-2014\/porte-tout-porte-echelles\/#breadcrumb","itemListElement":[{"@type":"ListItem","position":1,"name":"Home","item":"https:\/\/www.storevan.com\/fr\/"},{"@type":"ListItem","position":2,"name":"Am\u00e9nagement de v\u00e9hicule utilitaire","item":"https:\/\/www.storevan.com\/fr\/amenagement-vehicules-utilitaires\/"},{"@type":"ListItem","position":3,"name":"Opel","item":"https:\/\/www.storevan.com\/fr\/amenagement-vehicules-utilitaires\/fourgons-opel\/"},{"@type":"ListItem","position":4,"name":"Vivaro 2014","item":"https:\/\/www.storevan.com\/fr\/amenagement-vehicules-utilitaires\/fourgons-opel\/vivaro-2014\/"},{"@type":"ListItem","position":5,"name":"Porte tout et Porte-\u00e9chelles"}]},{"@type":"WebSite","@id":"https:\/\/www.storevan.com\/pl\/#website","url":"https:\/\/www.storevan.com\/pl\/","name":"Store Van","description":"Am\u00e9nagements fourgons","potentialAction":[{"@type":"SearchAction","target":{"@type":"EntryPoint","urlTemplate":"https:\/\/www.storevan.com\/pl\/?s={search_term_string}"},"query-input":"required name=search_term_string"}],"inLanguage":"fr-FR"}]}},"_links":{"self":[{"href":"https:\/\/www.storevan.com\/fr\/wp-json\/wp\/v2\/pages\/101324"}],"collection":[{"href":"https:\/\/www.storevan.com\/fr\/wp-json\/wp\/v2\/pages"}],"about":[{"href":"https:\/\/www.storevan.com\/fr\/wp-json\/wp\/v2\/types\/page"}],"author":[{"embeddable":true,"href":"https:\/\/www.storevan.com\/fr\/wp-json\/wp\/v2\/users\/470"}],"replies":[{"embeddable":true,"href":"https:\/\/www.storevan.com\/fr\/wp-json\/wp\/v2\/comments?post=101324"}],"version-history":[{"count":2,"href":"https:\/\/www.storevan.com\/fr\/wp-json\/wp\/v2\/pages\/101324\/revisions"}],"predecessor-version":[{"id":101347,"href":"https:\/\/www.storevan.com\/fr\/wp-json\/wp\/v2\/pages\/101324\/revisions\/101347"}],"up":[{"embeddable":true,"href":"https:\/\/www.storevan.com\/fr\/wp-json\/wp\/v2\/pages\/101295"}],"wp:attachment":[{"href":"https:\/\/www.storevan.com\/fr\/wp-json\/wp\/v2\/media?parent=101324"}],"curies":[{"name":"wp","href":"https:\/\/api.w.org\/{rel}","templated":true}]}}