{"id":100495,"date":"2019-04-11T11:59:40","date_gmt":"2019-04-11T11:59:40","guid":{"rendered":"https:\/\/www.storevan.com\/?page_id=100495"},"modified":"2019-07-12T14:51:53","modified_gmt":"2019-07-12T14:51:53","slug":"solutions-damenagement","status":"publish","type":"page","link":"https:\/\/www.storevan.com\/fr\/solutions-damenagement\/","title":{"rendered":"Solutions d&rsquo;am\u00e9nagement"},"content":{"rendered":"<h1 class=\"customblackTitleSmall\">Solutions d&rsquo;am\u00e9nagement<\/h1>\n<h2>Professionalit\u00e0 in movimento<\/h2>\n<p>Les am\u00e9nagements Store Van sont con\u00e7us en fonction des attentes des clients: productivit\u00e9 accrue, augmentation de la rentabilit\u00e9 et s\u00e9curit\u00e9 aux plus hauts niveaux sont \u00e0 la base de tout projet. Comp\u00e9tence et exp\u00e9rience font de nous des professionnels du travail en mouvement!<\/p>\n<p>Que vous soyez \u00e9lectricien n\u00e9cessitant de rayonnage pour le rangement de petites pi\u00e8ces, ou plombier contraint de toujours transporter des tuyaux et des outillages lourds ou bien coursier express charg\u00e9 de transporter de la marchandise en toute s\u00e9curit\u00e9, Store Van a la solution id\u00e9ale, pour tout type de v\u00e9hicule utilitaire.<\/p>\n<p>D\u00e9couvrez nos trois types d&rsquo;am\u00e9nagement!<\/p>\n<h3 class=\"customblackTitleExtraSmall\">Am\u00e9nager votre v\u00e9hicule utilitaire avec:<\/h3>\n<div class=\"col-xs-12 col-sm-4 col-md-4\">\n<figure><a class=\"itemImg\" title=\"Am\u00e9nagements int\u00e9rieurs pour fourgons\" href=\"https:\/\/www.storevan.com\/fr\/amenagements-interieurs-fourgons\/\"><img decoding=\"async\" loading=\"lazy\" class=\"aligncenter wp-image-98073 size-full\" title=\"RAYONNAGE MODULABLE\" src=\"https:\/\/www.storevan.com\/wp-content\/uploads\/2019\/03\/scaffalatura-per-furgoni.jpg\" alt=\"RAYONNAGE MODULABLE\" width=\"500\" height=\"500\" \/><\/a><\/figure>\n<h3 class=\"txtUp\">SYST\u00c8MES DE RAYONNAGE MODULABLE<\/h3>\n<div class=\"borderTitleOrange\"><\/div>\n<p class=\"tag\">V\u00c9HICULES UTILITAIRES PETITS, MOYENS ET GRANDS<\/p>\n<hr class=\"noColor\" \/>\n<p>D\u00e9couvrez les solutions Safety, Professional et Mobile: trois niveaux d&rsquo;am\u00e9nagement int\u00e9rieur avec \u00e9tag\u00e8res, bloc-tiroirs, \u00e9tablis et tout ce qu&rsquo;il faut pour transformer votre v\u00e9hicule en un atelier mobile parfait\u00a0!<br \/>\n<a class=\"btn btn-primary noMarg\" title=\"Am\u00e9nagements int\u00e9rieurs pour fourgons\" href=\"https:\/\/www.storevan.com\/fr\/amenagements-interieurs-fourgons\/\">D\u00c9TAILS<\/a><\/p>\n<\/div>\n<div class=\"col-xs-12 col-sm-4 col-md-4\">\n<figure><a class=\"itemImg\" title=\"Plancher \u00e0 deux niveaux avec bloc-tiroirs sous-plancher\" href=\"https:\/\/www.storevan.com\/fr\/produits\/plancher-deux-niveaux\/\"><img decoding=\"async\" loading=\"lazy\" src=\"https:\/\/www.storevan.com\/wp-content\/uploads\/2019\/07\/Cassettiera-sottopianale-per-furgoni.jpg\" alt=\"PLANCHER ET BLOC-TIROIRS SOUS-PLANCHER\" width=\"500\" height=\"500\" class=\"aligncenter size-full wp-image-105047\" srcset=\"https:\/\/www.storevan.com\/wp-content\/uploads\/2019\/07\/Cassettiera-sottopianale-per-furgoni.jpg 500w, https:\/\/www.storevan.com\/wp-content\/uploads\/2019\/07\/Cassettiera-sottopianale-per-furgoni-150x150.jpg 150w, https:\/\/www.storevan.com\/wp-content\/uploads\/2019\/07\/Cassettiera-sottopianale-per-furgoni-300x300.jpg 300w, https:\/\/www.storevan.com\/wp-content\/uploads\/2019\/07\/Cassettiera-sottopianale-per-furgoni-48x48.jpg 48w, https:\/\/www.storevan.com\/wp-content\/uploads\/2019\/07\/Cassettiera-sottopianale-per-furgoni-480x480.jpg 480w\" sizes=\"(max-width: 500px) 100vw, 500px\" \/><\/a><\/figure>\n<h3 class=\"txtUp\">PLANCHER ET BLOC-TIROIRS SOUS-PLANCHER<\/h3>\n<div class=\"borderTitleOrange\"><\/div>\n<p class=\"tag\">V\u00c9HICULES UTILITAIRES PETITS ET MOYENS<\/p>\n<hr class=\"noColor\" \/>\n<p>Parfaits pour des v\u00e9hicules utilitaires de petites et moyennes dimensions, ils permettent d&rsquo;optimiser l&rsquo;espace pour transporter en toute s\u00e9curit\u00e9 tout ce qu&rsquo;il faut\u00a0!<\/p>\n<p><a class=\"btn btn-primary noMarg\" title=\"Plancher \u00e0 deux niveaux avec bloc-tiroirs sous-plancher\" href=\"https:\/\/www.storevan.com\/fr\/produits\/plancher-deux-niveaux\/\">D\u00c9TAILS<\/a><\/p>\n<\/div>\n<div class=\"col-xs-12 col-sm-4 col-md-4\">\n<figure><a class=\"itemImg\" title=\"\u00c9tag\u00e8res pliables pour coursiers express\" href=\"https:\/\/www.storevan.com\/fr\/produits\/etageres-pliables-pour-vehicules-utilitaires\/\"><img decoding=\"async\" loading=\"lazy\" class=\"aligncenter wp-image-98085 size-full\" title=\"\u00c9tag\u00e8res pliables\" src=\"https:\/\/www.storevan.com\/wp-content\/uploads\/2019\/03\/ripiani-ribaltabili-store-van.jpg\" alt=\"\u00c9tag\u00e8res pliables \" width=\"500\" height=\"500\" \/><\/a><\/figure>\n<h3 class=\"txtUp\">\u00c9TAG\u00c8RES PLIABLES<\/h3>\n<div class=\"borderTitleOrange\"><\/div>\n<p class=\"tag\">V\u00c9HICULES UTILITAIRES MOYENS ET GRANDS<\/p>\n<hr class=\"noColor\" \/>\n<p>Une solution parfaite pour les coursiers express, les vendeurs ambulants, les entreprises travaillant dans la distribution et dans le service de restauration. Les \u00e9tag\u00e8res pliables permettent de transporter des marchandises longues et encombrantes.<\/p>\n<p><a class=\"btn btn-primary noMarg\" title=\"\u00c9tag\u00e8res pliables pour coursiers express\" href=\"https:\/\/www.storevan.com\/fr\/produits\/etageres-pliables-pour-vehicules-utilitaires\/\">D\u00c9TAILS<\/a><\/p>\n<\/div>\n<div class=\"break\"><\/div>\n<hr class=\"noColor\" \/>\n<hr class=\"noColor\" \/>\n<h4 class=\"text-center txtBlack\"><i class=\"fa fa-angle-right\"><\/i> Ou bien s\u00e9lectionnez directement votre v\u00e9hicule pour voir quels sont les am\u00e9nagements disponibles <i class=\"fa fa-angle-right\"><\/i><\/h4>\n<div class=\"selMarca txtBlue\"><div class=\"col-xs-12 col-sm-12 col-md-4\"><p>S\u00e9lectionnez l'am\u00e9nagement pour: <\/p><\/div>\n\t<div class=\"col-xs-12 col-sm-6 col-md-3\"><select id=\"make\" class=\"form-control\"><option value=\"0\">Marque<\/option><option value=\"1\">Citroen<\/option><option value=\"2\">Dacia<\/option><option value=\"3\">Fiat<\/option><option value=\"4\">Ford<\/option><option value=\"5\">Hyundai<\/option><option value=\"6\">Iveco<\/option><option value=\"7\">Man<\/option><option value=\"8\">Mercedes-benz<\/option><option value=\"9\">Nissan<\/option><option value=\"10\">Opel<\/option><option value=\"11\">Peugeot<\/option><option value=\"12\">Renault<\/option><option value=\"13\">Toyota<\/option><option value=\"14\">Volkswagen<\/option><\/select><\/div><hr class=\"noColor break visible-xs\"\/>\n\t<div class=\"col-xs-12 col-sm-6 col-md-3\"><select id=\"model\" class=\"form-control\"><option value=\"0\">Mod\u00e8le\u00a0<\/option><option id=\"https:\/\/www.storevan.com\/fr\/amenagement-vehicules-utilitaires\/fourgons-citroen\/nemo\/\" class=\"Nemo\" value=\"1\">Nemo<\/option><option id=\"https:\/\/www.storevan.com\/fr\/amenagement-vehicules-utilitaires\/fourgons-citroen\/jumpy-2016\/\" class=\"Jumpy\" value=\"1\">Jumpy<\/option><option id=\"https:\/\/www.storevan.com\/fr\/amenagement-vehicules-utilitaires\/fourgons-citroen\/jumper\/\" class=\"Jumper\" value=\"1\">Jumper<\/option><option id=\"https:\/\/www.storevan.com\/fr\/amenagement-vehicules-utilitaires\/fourgons-citroen\/berlingo\/\" class=\"Berlingo\" value=\"1\">Berlingo<\/option><option id=\"https:\/\/www.storevan.com\/fr\/amenagement-vehicules-utilitaires\/fourgons-citroen\/jumpy-2016\/\" class=\"Jumpy\" value=\"1\">Jumpy<\/option><option id=\"https:\/\/www.storevan.com\/fr\/amenagement-vehicules-utilitaires\/fourgons-dacia\/dokker\/\" class=\"Dokker\" value=\"2\">Dokker<\/option><option id=\"https:\/\/www.storevan.com\/fr\/amenagement-vehicules-utilitaires\/fourgons-fiat\/doblo\/\" class=\"Dobl\u00f2\" value=\"3\">Dobl\u00f2<\/option><option id=\"https:\/\/www.storevan.com\/fr\/amenagement-vehicules-utilitaires\/fourgons-fiat\/ducato\/\" class=\"Ducato\" value=\"3\">Ducato<\/option><option id=\"https:\/\/www.storevan.com\/fr\/amenagement-vehicules-utilitaires\/fourgons-fiat\/fiorino\/\" class=\"Fiorino\" value=\"3\">Fiorino<\/option><option id=\"https:\/\/www.storevan.com\/fr\/amenagement-vehicules-utilitaires\/fourgons-fiat\/talento\/\" class=\"Talento\" value=\"3\">Talento<\/option><option id=\"https:\/\/www.storevan.com\/fr\/amenagement-vehicules-utilitaires\/fourgons-ford\/courier\/\" class=\"Courier\" value=\"4\">Courier<\/option><option id=\"https:\/\/www.storevan.com\/fr\/amenagement-vehicules-utilitaires\/fourgons-ford\/connect\/\" class=\"Connect\" value=\"4\">Connect<\/option><option id=\"https:\/\/www.storevan.com\/fr\/amenagement-vehicules-utilitaires\/fourgons-ford\/custom\/\" class=\"Custom\" value=\"4\">Custom<\/option><option id=\"https:\/\/www.storevan.com\/fr\/amenagement-vehicules-utilitaires\/fourgons-ford\/transit\/\" class=\"Transit\" value=\"4\">Transit<\/option><option id=\"https:\/\/www.storevan.com\/fr\/amenagement-vehicules-utilitaires\/fourgons-hyundai\/h350\/\" class=\"H350\" value=\"5\">H350<\/option><option id=\"https:\/\/www.storevan.com\/fr\/amenagement-vehicules-utilitaires\/fourgons-iveco\/daily\/\" class=\"Daily\" value=\"6\">Daily<\/option><option id=\"https:\/\/www.storevan.com\/fr\/amenagement-vehicules-utilitaires\/man\/tge\/\" class=\"TGE\" value=\"7\">TGE<\/option><option id=\"https:\/\/www.storevan.com\/fr\/amenagement-vehicules-utilitaires\/fourgons-mercedes-benz\/citan\/\" class=\"Citan\" value=\"8\">Citan<\/option><option id=\"https:\/\/www.storevan.com\/fr\/amenagement-vehicules-utilitaires\/fourgons-mercedes-benz\/vito\/\" class=\"Vito\" value=\"8\">Vito<\/option><option id=\"https:\/\/www.storevan.com\/fr\/amenagement-vehicules-utilitaires\/fourgons-mercedes-benz\/sprinter\/\" class=\"Sprinter\" value=\"8\">Sprinter<\/option><option id=\"https:\/\/www.storevan.com\/fr\/amenagement-vehicules-utilitaires\/fourgons-nissan\/nv200\/\" class=\"NV200\" value=\"9\">NV200<\/option><option id=\"https:\/\/www.storevan.com\/fr\/amenagement-vehicules-utilitaires\/fourgons-nissan\/nv300\/\" class=\"NV300\" value=\"9\">NV300<\/option><option id=\"https:\/\/www.storevan.com\/fr\/amenagement-vehicules-utilitaires\/fourgons-nissan\/nv400\/\" class=\"NV400\" value=\"9\">NV400<\/option><option id=\"https:\/\/www.storevan.com\/fr\/amenagement-vehicules-utilitaires\/fourgons-opel\/combo\/\" class=\"Combo\" value=\"10\">Combo<\/option><option id=\"https:\/\/www.storevan.com\/fr\/amenagement-vehicules-utilitaires\/fourgons-opel\/vivaro\/\" class=\"Vivaro\" value=\"10\">Vivaro<\/option><option id=\"https:\/\/www.storevan.com\/fr\/amenagement-vehicules-utilitaires\/fourgons-opel\/movano\/\" class=\"Movano\" value=\"10\">Movano<\/option><option id=\"https:\/\/www.storevan.com\/fr\/amenagement-vehicules-utilitaires\/fourgons-opel\/movano-2021\/\" class=\"Movano 2021\" value=\"10\">Movano 2021<\/option><option id=\"https:\/\/www.storevan.com\/fr\/amenagement-vehicules-utilitaires\/fourgons-peugeot\/bipper\/\" class=\"Bipper\" value=\"11\">Bipper<\/option><option id=\"https:\/\/www.storevan.com\/fr\/amenagement-vehicules-utilitaires\/fourgons-peugeot\/partner\/\" class=\"Partner\" value=\"11\">Partner<\/option><option id=\"https:\/\/www.storevan.com\/fr\/amenagement-vehicules-utilitaires\/fourgons-peugeot\/boxer\/\" class=\"Boxer\" value=\"11\">Boxer<\/option><option id=\"https:\/\/www.storevan.com\/fr\/amenagement-vehicules-utilitaires\/fourgons-peugeot\/expert-2016\/\" class=\"Expert\" value=\"11\">Expert<\/option><option id=\"https:\/\/www.storevan.com\/fr\/amenagement-vehicules-utilitaires\/fourgons-renault\/kangoo\/\" class=\"Kangoo\" value=\"12\">Kangoo<\/option><option id=\"https:\/\/www.storevan.com\/fr\/amenagement-vehicules-utilitaires\/fourgons-renault\/trafic\/\" class=\"Trafic\" value=\"12\">Trafic<\/option><option id=\"https:\/\/www.storevan.com\/fr\/amenagement-vehicules-utilitaires\/fourgons-renault\/master\/\" class=\"Master\" value=\"12\">Master<\/option><option id=\"https:\/\/www.storevan.com\/fr\/amenagement-vehicules-utilitaires\/toyota\/proace\/\" class=\"Proace\" value=\"13\">Proace<\/option><option id=\"https:\/\/www.storevan.com\/fr\/amenagement-vehicules-utilitaires\/toyota\/proace-city\/\" class=\"Proace City\" value=\"13\">Proace City<\/option><option id=\"https:\/\/www.storevan.com\/fr\/amenagement-vehicules-utilitaires\/fourgons-volkswagen\/caddy\/\" class=\"Caddy\" value=\"14\">Caddy<\/option><option id=\"https:\/\/www.storevan.com\/fr\/amenagement-vehicules-utilitaires\/fourgons-volkswagen\/transporter\/\" class=\"Transporter\" value=\"14\">Transporter<\/option><option id=\"https:\/\/www.storevan.com\/fr\/amenagement-vehicules-utilitaires\/fourgons-volkswagen\/crafter-2017\/\" class=\"Crafter 2017\" value=\"14\">Crafter 2017<\/option><option id=\"https:\/\/www.storevan.com\/fr\/amenagement-vehicules-utilitaires\/fourgons-volkswagen\/crafter\/\" class=\"Crafter 2006\" value=\"14\">Crafter 2006<\/option><option id=\"https:\/\/www.storevan.com\/fr\/amenagement-vehicules-utilitaires\/fourgons-volkswagen\/caddy-cargo\/\" class=\"Caddy Cargo\" value=\"14\">Caddy Cargo<\/option><\/select><\/div><hr class=\"noColor break visible-xs\"\/>\n\t<div id=\"pagina\" class=\"col-xs-12 col-sm-12 col-md-2\"><input class=\"btn btn-primary\" type=\"submit\" name=\"button\" id=\"button\" value=\"Cherche \" onclick=\"showURL();\" \/><\/div>\n\t<div class=\"break\"><\/div><\/div>\n","protected":false},"excerpt":{"rendered":"<p>Solutions d&rsquo;am\u00e9nagement Professionalit\u00e0 in movimento Les am\u00e9nagements Store Van sont con\u00e7us en fonction des attentes des clients: productivit\u00e9 accrue, augmentation de la rentabilit\u00e9 et s\u00e9curit\u00e9 aux plus hauts niveaux sont.<\/p>\n","protected":false},"author":470,"featured_media":0,"parent":0,"menu_order":0,"comment_status":"closed","ping_status":"closed","template":"","meta":[],"acf":[],"yoast_head":"<!-- This site is optimized with the Yoast SEO plugin v20.11 - https:\/\/yoast.com\/wordpress\/plugins\/seo\/ -->\n<title>Solutions d&#039;am\u00e9nagement<\/title>\n<meta name=\"description\" content=\"Solutions d&#039;am\u00e9nagement pour v\u00e9hicules utilitaires petits, moyens et grands: d\u00e9couvrez l&#039;am\u00e9nagement qui vous convient avec rayonnages et \u00e9tag\u00e8res pliables!\" \/>\n<meta name=\"robots\" content=\"index, follow, max-snippet:-1, max-image-preview:large, max-video-preview:-1\" \/>\n<link rel=\"canonical\" href=\"https:\/\/www.storevan.com\/fr\/solutions-damenagement\/\" \/>\n<meta property=\"og:locale\" content=\"fr_FR\" \/>\n<meta property=\"og:type\" content=\"article\" \/>\n<meta property=\"og:title\" content=\"Solutions d&#039;am\u00e9nagement\" \/>\n<meta property=\"og:description\" content=\"Solutions d&#039;am\u00e9nagement pour v\u00e9hicules utilitaires petits, moyens et grands: d\u00e9couvrez l&#039;am\u00e9nagement qui vous convient avec rayonnages et \u00e9tag\u00e8res pliables!\" \/>\n<meta property=\"og:url\" content=\"https:\/\/www.storevan.com\/fr\/solutions-damenagement\/\" \/>\n<meta property=\"og:site_name\" content=\"Store Van\" \/>\n<meta property=\"article:modified_time\" content=\"2019-07-12T14:51:53+00:00\" \/>\n<meta property=\"og:image\" content=\"https:\/\/www.storevan.com\/wp-content\/uploads\/2019\/03\/scaffalatura-per-furgoni.jpg\" \/>\n<meta name=\"twitter:label1\" content=\"Dur\u00e9e de lecture estim\u00e9e\" \/>\n\t<meta name=\"twitter:data1\" content=\"1 minute\" \/>\n<script type=\"application\/ld+json\" class=\"yoast-schema-graph\">{\"@context\":\"https:\/\/schema.org\",\"@graph\":[{\"@type\":\"WebPage\",\"@id\":\"https:\/\/www.storevan.com\/fr\/solutions-damenagement\/\",\"url\":\"https:\/\/www.storevan.com\/fr\/solutions-damenagement\/\",\"name\":\"Solutions d'am\u00e9nagement\",\"isPartOf\":{\"@id\":\"https:\/\/www.storevan.com\/pl\/#website\"},\"datePublished\":\"2019-04-11T11:59:40+00:00\",\"dateModified\":\"2019-07-12T14:51:53+00:00\",\"description\":\"Solutions d'am\u00e9nagement pour v\u00e9hicules utilitaires petits, moyens et grands: d\u00e9couvrez l'am\u00e9nagement qui vous convient avec rayonnages et \u00e9tag\u00e8res pliables!\",\"breadcrumb\":{\"@id\":\"https:\/\/www.storevan.com\/fr\/solutions-damenagement\/#breadcrumb\"},\"inLanguage\":\"fr-FR\",\"potentialAction\":[{\"@type\":\"ReadAction\",\"target\":[\"https:\/\/www.storevan.com\/fr\/solutions-damenagement\/\"]}]},{\"@type\":\"BreadcrumbList\",\"@id\":\"https:\/\/www.storevan.com\/fr\/solutions-damenagement\/#breadcrumb\",\"itemListElement\":[{\"@type\":\"ListItem\",\"position\":1,\"name\":\"Home\",\"item\":\"https:\/\/www.storevan.com\/fr\/\"},{\"@type\":\"ListItem\",\"position\":2,\"name\":\"Solutions d&rsquo;am\u00e9nagement\"}]},{\"@type\":\"WebSite\",\"@id\":\"https:\/\/www.storevan.com\/pl\/#website\",\"url\":\"https:\/\/www.storevan.com\/pl\/\",\"name\":\"Store Van\",\"description\":\"Am\u00e9nagements fourgons\",\"potentialAction\":[{\"@type\":\"SearchAction\",\"target\":{\"@type\":\"EntryPoint\",\"urlTemplate\":\"https:\/\/www.storevan.com\/pl\/?s={search_term_string}\"},\"query-input\":\"required name=search_term_string\"}],\"inLanguage\":\"fr-FR\"}]}<\/script>\n<!-- \/ Yoast SEO plugin. -->","yoast_head_json":{"title":"Solutions d'am\u00e9nagement","description":"Solutions d'am\u00e9nagement pour v\u00e9hicules utilitaires petits, moyens et grands: d\u00e9couvrez l'am\u00e9nagement qui vous convient avec rayonnages et \u00e9tag\u00e8res pliables!","robots":{"index":"index","follow":"follow","max-snippet":"max-snippet:-1","max-image-preview":"max-image-preview:large","max-video-preview":"max-video-preview:-1"},"canonical":"https:\/\/www.storevan.com\/fr\/solutions-damenagement\/","og_locale":"fr_FR","og_type":"article","og_title":"Solutions d'am\u00e9nagement","og_description":"Solutions d'am\u00e9nagement pour v\u00e9hicules utilitaires petits, moyens et grands: d\u00e9couvrez l'am\u00e9nagement qui vous convient avec rayonnages et \u00e9tag\u00e8res pliables!","og_url":"https:\/\/www.storevan.com\/fr\/solutions-damenagement\/","og_site_name":"Store Van","article_modified_time":"2019-07-12T14:51:53+00:00","og_image":[{"url":"https:\/\/www.storevan.com\/wp-content\/uploads\/2019\/03\/scaffalatura-per-furgoni.jpg"}],"twitter_misc":{"Dur\u00e9e de lecture estim\u00e9e":"1 minute"},"schema":{"@context":"https:\/\/schema.org","@graph":[{"@type":"WebPage","@id":"https:\/\/www.storevan.com\/fr\/solutions-damenagement\/","url":"https:\/\/www.storevan.com\/fr\/solutions-damenagement\/","name":"Solutions d'am\u00e9nagement","isPartOf":{"@id":"https:\/\/www.storevan.com\/pl\/#website"},"datePublished":"2019-04-11T11:59:40+00:00","dateModified":"2019-07-12T14:51:53+00:00","description":"Solutions d'am\u00e9nagement pour v\u00e9hicules utilitaires petits, moyens et grands: d\u00e9couvrez l'am\u00e9nagement qui vous convient avec rayonnages et \u00e9tag\u00e8res pliables!","breadcrumb":{"@id":"https:\/\/www.storevan.com\/fr\/solutions-damenagement\/#breadcrumb"},"inLanguage":"fr-FR","potentialAction":[{"@type":"ReadAction","target":["https:\/\/www.storevan.com\/fr\/solutions-damenagement\/"]}]},{"@type":"BreadcrumbList","@id":"https:\/\/www.storevan.com\/fr\/solutions-damenagement\/#breadcrumb","itemListElement":[{"@type":"ListItem","position":1,"name":"Home","item":"https:\/\/www.storevan.com\/fr\/"},{"@type":"ListItem","position":2,"name":"Solutions d&rsquo;am\u00e9nagement"}]},{"@type":"WebSite","@id":"https:\/\/www.storevan.com\/pl\/#website","url":"https:\/\/www.storevan.com\/pl\/","name":"Store Van","description":"Am\u00e9nagements fourgons","potentialAction":[{"@type":"SearchAction","target":{"@type":"EntryPoint","urlTemplate":"https:\/\/www.storevan.com\/pl\/?s={search_term_string}"},"query-input":"required name=search_term_string"}],"inLanguage":"fr-FR"}]}},"_links":{"self":[{"href":"https:\/\/www.storevan.com\/fr\/wp-json\/wp\/v2\/pages\/100495"}],"collection":[{"href":"https:\/\/www.storevan.com\/fr\/wp-json\/wp\/v2\/pages"}],"about":[{"href":"https:\/\/www.storevan.com\/fr\/wp-json\/wp\/v2\/types\/page"}],"author":[{"embeddable":true,"href":"https:\/\/www.storevan.com\/fr\/wp-json\/wp\/v2\/users\/470"}],"replies":[{"embeddable":true,"href":"https:\/\/www.storevan.com\/fr\/wp-json\/wp\/v2\/comments?post=100495"}],"version-history":[{"count":5,"href":"https:\/\/www.storevan.com\/fr\/wp-json\/wp\/v2\/pages\/100495\/revisions"}],"predecessor-version":[{"id":105058,"href":"https:\/\/www.storevan.com\/fr\/wp-json\/wp\/v2\/pages\/100495\/revisions\/105058"}],"wp:attachment":[{"href":"https:\/\/www.storevan.com\/fr\/wp-json\/wp\/v2\/media?parent=100495"}],"curies":[{"name":"wp","href":"https:\/\/api.w.org\/{rel}","templated":true}]}}