{"id":87724,"date":"2018-09-04T14:30:10","date_gmt":"2018-09-04T14:30:10","guid":{"rendered":"https:\/\/www.storevan.com\/trasformazione-veicoli-commerciali-cep\/"},"modified":"2026-06-22T07:33:22","modified_gmt":"2026-06-22T07:33:22","slug":"transformacion-vehiculos-comerciales-paqueteria","status":"publish","type":"page","link":"https:\/\/www.storevan.com\/es\/transformacion-vehiculos-comerciales-paqueteria\/","title":{"rendered":"Transformaci\u00f3n de veh\u00edculos comerciales paqueter\u00eda"},"content":{"rendered":"<h1 class=\"customblackTitleSmall\">Transformaci\u00f3n de veh\u00edculos comerciales para empresas de paqueter\u00eda CEP<\/h1>\n<h2>Transformaci\u00f3n de furgonetas de paqueter\u00eda<\/h2>\n<div id=\"bannerCep\" class=\"text-center\">\n<div class=\"col-md-5 pull-right\">\n<hr class=\"noColor\" \/>\n<hr class=\"noColor\" \/>\n<p class=\"text-center\"><strong style=\"color: #f7a600; font-size: 2.1rem;\">CEP &#8211; Courier Express Parcel<\/strong><\/p>\n<hr class=\"noColor\" \/>\n<h3 class=\"txtBannerCep\">CEP, transformaci\u00f3n de veh\u00edculos comerciales para empresas de paqueter\u00eda expr\u00e9s y venta ambulante con repisas abatibles y mampara divisoria con puerta corredera.<\/h3>\n<\/div>\n<\/div>\n<div class=\"break\"><\/div>\n<hr class=\"noColor\" \/>\n<h3 class=\"bigTxt\">TRANSFORMACI\u00d3N DE VEH\u00cdCULOS COMERCIALES PARA EMPRESAS DE PAQUETER\u00cdA Y VENTA AMBULANTE<\/h3>\n<div class=\"borderTitle\"><\/div>\n<p>Las transformaciones para veh\u00edculos comerciales destinados a servicios CEP (courier express parcel) dise\u00f1adas y realizadas por Store Van son la soluci\u00f3n ideal para el transporte de mercanc\u00edas de forma segura, pr\u00e1ctica y r\u00e1pida gracias a un uso \u00f3ptimo y flexible del espacio. De acuerdo a las necesidades, ofrecemos el <a href=\"https:\/\/www.storevan.com\/es\/productos\/repisas-abatibles-para-furgonetas\/\">equipamiento Light Shelf<\/a>, repisas abatibles disponibles en diferentes longitudes y configurables seg\u00fan las necesidades, y la transformaci\u00f3n del veh\u00edculo para servicio CEP, para obtener la mayor seguridad en el trabajo gracias a la mampara divisoria con puerta corredera, al acceso antirrobo al compartimento de carga y a las repisas abatibles con una capacidad de carga de hasta 80 kg.<\/p>\n<hr class=\"noColor\" \/>\n<div class=\"one_third\">\n<div class=\"text-center cepBlock\"><a title=\"Transformaci\u00f3n VW Crafter - DESCARGAR PDF\" href=\"https:\/\/www.storevan.com\/wp-content\/uploads\/doc\/CEP_Volkswagen_Crafter_ESPL.pdf\"><br \/>\n<img decoding=\"async\" loading=\"lazy\" class=\"aligncenter size-full wp-image-85299\" src=\"https:\/\/www.storevan.com\/wp-content\/uploads\/2018\/09\/trasformazione-corriere-per-crafter-1.jpg\" alt=\"Transformaci\u00f3n VW Crafter per corriere espresso (CEP)\" width=\"600\" height=\"422\" srcset=\"https:\/\/www.storevan.com\/wp-content\/uploads\/2018\/09\/trasformazione-corriere-per-crafter-1.jpg 600w, https:\/\/www.storevan.com\/wp-content\/uploads\/2018\/09\/trasformazione-corriere-per-crafter-1-300x211.jpg 300w\" sizes=\"(max-width: 600px) 100vw, 600px\" \/><br \/>\n<span class=\"noMarg\">TRANSFORMACI\u00d3N <strong style=\"color: #f7a600;\">VW CRAFTER <i class=\"fa fa-download\"><\/i><\/strong><\/span><\/a><\/div>\n<\/div>\n<div class=\"one_third\">\n<div class=\"text-center cepBlock\"><a title=\"Transformaci\u00f3n Renault Master - DESCARGAR PDF\" href=\"https:\/\/www.storevan.com\/wp-content\/uploads\/doc\/CEP_Renault_Master_ESPL.pdf\"><br \/>\n<img decoding=\"async\" loading=\"lazy\" class=\"aligncenter size-full wp-image-85311\" src=\"https:\/\/www.storevan.com\/wp-content\/uploads\/2018\/09\/trasformazione-corriere-per-master-1.jpg\" alt=\"Transformaci\u00f3n Renault Master per corrieri espressi e furgoni ambulanti (CEP)\" width=\"600\" height=\"422\" srcset=\"https:\/\/www.storevan.com\/wp-content\/uploads\/2018\/09\/trasformazione-corriere-per-master-1.jpg 600w, https:\/\/www.storevan.com\/wp-content\/uploads\/2018\/09\/trasformazione-corriere-per-master-1-300x211.jpg 300w\" sizes=\"(max-width: 600px) 100vw, 600px\" \/><br \/>\n<span class=\"noMarg\">TRANSFORMACI\u00d3N <strong style=\"color: #f7a600;\">RENAULT MASTER <i class=\"fa fa-download\"><\/i><\/strong><\/span><\/a><\/div>\n<\/div>\n<div class=\"one_third last\">\n<div class=\"text-center cepBlock\"><a title=\"Transformaci\u00f3n Fiat Ducato - DESCARGAR PDF\" href=\"https:\/\/www.storevan.com\/wp-content\/uploads\/doc\/CEP_Fiat_Ducato_ESPL.pdf\"><br \/>\n<img decoding=\"async\" loading=\"lazy\" class=\"aligncenter size-full wp-image-85305\" src=\"https:\/\/www.storevan.com\/wp-content\/uploads\/2018\/09\/trasformazione-corriere-per-ducato-1.jpg\" alt=\"Transformaci\u00f3n Fiat Ducato per spedizionieri (CEP)\" width=\"600\" height=\"422\" srcset=\"https:\/\/www.storevan.com\/wp-content\/uploads\/2018\/09\/trasformazione-corriere-per-ducato-1.jpg 600w, https:\/\/www.storevan.com\/wp-content\/uploads\/2018\/09\/trasformazione-corriere-per-ducato-1-300x211.jpg 300w\" sizes=\"(max-width: 600px) 100vw, 600px\" \/><br \/>\n<span class=\"noMarg\">TRANSFORMACI\u00d3N <strong style=\"color: #f7a600;\">FIAT DUCATO <i class=\"fa fa-download\"><\/i><\/strong><\/span><\/a><\/div>\n<\/div><div class=\"clearboth\"><\/div>\n<div class=\"bigTxt txtGrey\">CARACTER\u00cdSTICAS DE LA TRANSFORMACI\u00d3N DE VEH\u00cdCULOS COMERCIALES<\/div>\n<hr class=\"noColor\" \/>\n<div class=\"invert\"><div class=\"one_half\">\n<img decoding=\"async\" loading=\"lazy\" class=\"aligncenter size-full wp-image-85319\" src=\"https:\/\/www.storevan.com\/wp-content\/uploads\/2018\/09\/paratia-divisoria-con-porta-scorrevole-1.jpg\" alt=\"Mampara divisoria\" width=\"800\" height=\"595\" srcset=\"https:\/\/www.storevan.com\/wp-content\/uploads\/2018\/09\/paratia-divisoria-con-porta-scorrevole-1.jpg 800w, https:\/\/www.storevan.com\/wp-content\/uploads\/2018\/09\/paratia-divisoria-con-porta-scorrevole-1-300x223.jpg 300w, https:\/\/www.storevan.com\/wp-content\/uploads\/2018\/09\/paratia-divisoria-con-porta-scorrevole-1-768x571.jpg 768w\" sizes=\"(max-width: 800px) 100vw, 800px\" \/><br \/>\n<\/div>\n<div class=\"one_half last\">\n<strong>MAMPARA DIVISORIA<\/strong><\/p>\n<div class=\"borderTitle\"><\/div>\n<p>La mampara divisoria Store Van nace de una demanda del mercado cada vez m\u00e1s exigente por parte del mundo de los agentes de transporte. Los plazos de entrega cada vez m\u00e1s r\u00edgidos y r\u00e1pidos requieren una soluci\u00f3n de transporte sencilla, flexible y eficiente. Por esta raz\u00f3n, Store Van se ha centrado en la seguridad, la fiabilidad y la calidad con la puesta en marcha del servicio CEP (Corriere Package Espresso). El acceso directo a la zona de carga desde la cabina de conducci\u00f3n garantiza un uso \u00f3ptimo y flexible del espacio y una entrada ergon\u00f3mica y segura.<br \/>\nEl sistema de mampara consiste en el uso de:<\/p>\n<ul>\n<li class=\"noMarg\">Paneles de contrachapado fen\u00f3lico laminados de color gris, perfilados y perforados para su fijaci\u00f3n;<\/li>\n<li class=\"noMarg\">Barras de acero para la fijaci\u00f3n y estanqueidad que anclan el chasis a la pared y permiten una conexi\u00f3n con los principales elementos estructurales del veh\u00edculo reforzando los puntos principales;<\/li>\n<li class=\"noMarg\"><strong>Transport\u00edn de pasajeros fijado a la mampara con reposacabezas incorporado;*<\/strong><\/li>\n<li class=\"noMarg\">Cerradura mec\u00e1nica con llave de seguridad en puerta corredera y manilla de apertura y cierre. Posibilidad de implementar con cerradura electr\u00f3nica y c\u00f3digo num\u00e9rico;\/li>\n<li class=\"noMarg\">Suelo de aluminio almendrado perfilado para la cabina de conducci\u00f3n;<\/li>\n<li class=\"noMarg\">Techo con nuevo perfil para adaptarse a la mampara divisoria.<\/li>\n<\/ul>\n<\/div><div class=\"clearboth\"><\/div>\n<\/div>\n<div class=\"alert notice\">\n<div class=\"msg\">\n<p><strong>* Volkswagen Crafter \/ Renault Master:<\/strong><\/p>\n<p>La opci\u00f3n Transportin solo est\u00e1 disponible con la emision de un certificado de conformidad (COC) en un sitio aprobado Store Van.<br \/>\nPara obtener m\u00e1s detalles, comun\u00edquese con la oficina de ventas de Store Van.<\/p>\n<\/div>\n<\/div>\n<div class=\"alert notice\">\n<div class=\"msg\">\n<p><strong>Fiat Ducato:<\/strong><\/p>\n<p>Conversi\u00f3n de veh\u00edculos disponible solo con la emisi\u00f3n de un certificado de conformidad (COC) en un sitio aprobado Store Van.<br \/>\nPara m\u00e1s detalles, p\u00f3ngase en contacto con el departamento comercial de Store Van.<\/p>\n<\/div>\n<\/div>\n<div class=\"one_half\">\n<strong>REPISAS ABATIBLES<\/strong><\/p>\n<div class=\"borderTitle\"><\/div>\n<p>Repisas abatibles con una capacidad de carga de hasta 80 kg por metro lineal y apertura amortiguada mediante pistones a gas.<br \/>\nConfigurables seg\u00fan las necesidades del cliente hasta una longitud de 4.000 mm y una profundidad de 600 mm en una sola pieza.<br \/>\nSuministrables con alfombrilla antideslizante, borde delantero de fricci\u00f3n aumentada y divisores met\u00e1licos de 200 mm de altura testados por el T\u00dcV para soportar una carga de 80 kg cada uno en caso de frenada de emergencia.<br \/>\nLos montantes de tubo de acero se pliegan seg\u00fan la forma del veh\u00edculo para aprovechar al m\u00e1ximo la profundidad de los estantes sin afectar el paso por el pasillo central.El sistema se fija al veh\u00edculo mediante tornillos y no se suelda. Este sistema de fijaci\u00f3n permite transferir las estanter\u00edas a un veh\u00edculo nuevo sin comprometer la integridad de la estructura.<\/p>\n<\/div>\n<div class=\"one_half last\">\n<img decoding=\"async\" loading=\"lazy\" class=\"aligncenter size-full wp-image-85325\" src=\"https:\/\/www.storevan.com\/wp-content\/uploads\/2018\/09\/ripiani-abbattibili-per-furgoni-1.jpg\" alt=\"Repisas abatibles para furgonetas\" width=\"800\" height=\"492\" srcset=\"https:\/\/www.storevan.com\/wp-content\/uploads\/2018\/09\/ripiani-abbattibili-per-furgoni-1.jpg 800w, https:\/\/www.storevan.com\/wp-content\/uploads\/2018\/09\/ripiani-abbattibili-per-furgoni-1-300x185.jpg 300w, https:\/\/www.storevan.com\/wp-content\/uploads\/2018\/09\/ripiani-abbattibili-per-furgoni-1-768x472.jpg 768w\" sizes=\"(max-width: 800px) 100vw, 800px\" \/><br \/>\n<\/div><div class=\"clearboth\"><\/div>\n<div class=\"invert2\"><div class=\"one_half\"><img decoding=\"async\" loading=\"lazy\" class=\"aligncenter size-full wp-image-85331\" src=\"https:\/\/www.storevan.com\/wp-content\/uploads\/2018\/09\/sicurezza-vano-di-carico-furgone.jpg\" alt=\"Seguridad en el acceso al compartimento de carga\" width=\"800\" height=\"356\" srcset=\"https:\/\/www.storevan.com\/wp-content\/uploads\/2018\/09\/sicurezza-vano-di-carico-furgone.jpg 800w, https:\/\/www.storevan.com\/wp-content\/uploads\/2018\/09\/sicurezza-vano-di-carico-furgone-300x134.jpg 300w, https:\/\/www.storevan.com\/wp-content\/uploads\/2018\/09\/sicurezza-vano-di-carico-furgone-768x342.jpg 768w\" sizes=\"(max-width: 800px) 100vw, 800px\" \/><\/div>\n<div class=\"one_half last\">\n<strong>SEGURIDAD EN EL ACCESO AL COMPARTIMENTO DE CARGA<\/strong><\/p>\n<div class=\"borderTitle\"><\/div>\n<p>Sistema de cierre con tres niveles de seguridad: cierre mec\u00e1nico con llave, cierre electr\u00f3nico con teclado num\u00e9rico y memoria de los \u00faltimos 1000 eventos y cierre con mando a distancia adicional.<br \/>\nApertura del compartimento de la cabina mediante manilla ergon\u00f3mica con cerradura integrada con posibilidad de utilizar sensores de luz.<br \/>\n<\/div><div class=\"clearboth\"><\/div>\n<\/div>\n<div class=\"one_half\">\n<strong>CERTIFICACIONES<\/strong><\/p>\n<div class=\"borderTitle\"><\/div>\n<p>Store Van es capaz de transformar el veh\u00edculo con mampara divisoria de un modo completo y fiable gracias tambi\u00e9n a la emisi\u00f3n del certificado COC para la transformaci\u00f3n del veh\u00edculo. Store Van es una de las pocas empresas en Europa que dispone de todas las certificaciones y pruebas realizadas para el suministro y aplicaci\u00f3n de este producto.<br \/>\nA fin de cumplir los requisitos de homologaci\u00f3n, un organismo autorizado ha realizado los siguientes ensayos:<\/p>\n<ul>\n<li class=\"noMarg\">Pruebas seg\u00fan el Reglamento ECE R14 en los anclajes de los cinturones de seguridad de la cabina de conducci\u00f3n (asiento original del conductor \/ asiento Fami del<br \/>\nacompa\u00f1ante; prueba SIMULT\u00c1NEA realizada sobre un bastidor);<\/li>\n<li class=\"noMarg\">Prueba de absorci\u00f3n de energ\u00eda del reposacabezas Fami fijado a la mampara, de conformidad con el Reglamento ECE R25, seg\u00fan lo dispuesto para los veh\u00edculos de la<br \/>\ncategor\u00eda N1;<\/li>\n<li class=\"noMarg\">Prueba completa de comprobaci\u00f3n de la mampara en conformidad con la normativa ISO 27956:2009 &#8211; como se establece en el Anexo II de la Directiva 2007\/46\/CE para<br \/>\nveh\u00edculos de categor\u00eda N1<\/li>\n<\/ul>\n<\/div>\n<div class=\"one_half last\">\n<img decoding=\"async\" loading=\"lazy\" class=\"aligncenter size-full wp-image-85337\" src=\"https:\/\/www.storevan.com\/wp-content\/uploads\/2018\/09\/certificazioni-furgoni-per-spedizionieri-1.jpg\" alt=\"CERTIFICACIONES\" width=\"800\" height=\"533\" srcset=\"https:\/\/www.storevan.com\/wp-content\/uploads\/2018\/09\/certificazioni-furgoni-per-spedizionieri-1.jpg 800w, https:\/\/www.storevan.com\/wp-content\/uploads\/2018\/09\/certificazioni-furgoni-per-spedizionieri-1-300x200.jpg 300w, https:\/\/www.storevan.com\/wp-content\/uploads\/2018\/09\/certificazioni-furgoni-per-spedizionieri-1-768x512.jpg 768w\" sizes=\"(max-width: 800px) 100vw, 800px\" \/><br \/>\n<\/div><div class=\"clearboth\"><\/div>\n<hr \/>\n<div class=\"col-xs-12 col-sm-12 col-md-6\">\n<div class=\"text-center\"><a class=\"btn btn-download\" href=\"tel:+390424585455\"><i class=\"fa fa-phone\"><\/i> <span class=\"spanBtn\">LLAME AHORA<\/span><br \/>\npara cualquier informaci\u00f3n<\/a><\/div>\n<\/div>\n<div class=\"col-xs-12 col-sm-12 col-md-6\">\n<div class=\"text-center\"><a class=\"btn btn-download btnToggle\"><i class=\"fa fa-envelope\"><\/i> <span class=\"spanBtn\">ESCR\u00cdBANOS<\/span><br \/>\nle contactaremos lo antes posible<\/a><\/div>\n<\/div>\n<div class=\"break\"><\/div>\n<hr \/>\n<div class=\"formToggle\">\n<h4 class=\"bigTxt text-center txtBkOrange\"><i class=\"fa fa-envelope pull-left\"><\/i>\u00bfQUIERES SABER M\u00c1S?<\/h4>\n\n<div class=\"wpcf7 no-js\" id=\"wpcf7-f67674-o1\" lang=\"it-IT\" dir=\"ltr\">\n<div class=\"screen-reader-response\"><p role=\"status\" aria-live=\"polite\" aria-atomic=\"true\"><\/p> <ul><\/ul><\/div>\n<form action=\"\/es\/wp-json\/wp\/v2\/pages\/87724#wpcf7-f67674-o1\" method=\"post\" class=\"wpcf7-form init\" id=\"form-trasformazioni-es\" aria-label=\"Modulo di contatto\" novalidate=\"novalidate\" data-status=\"init\">\n<div style=\"display: none;\">\n<input type=\"hidden\" name=\"_wpcf7\" value=\"67674\" \/>\n<input type=\"hidden\" name=\"_wpcf7_version\" value=\"5.7.7\" \/>\n<input type=\"hidden\" name=\"_wpcf7_locale\" value=\"it_IT\" \/>\n<input type=\"hidden\" name=\"_wpcf7_unit_tag\" value=\"wpcf7-f67674-o1\" \/>\n<input type=\"hidden\" name=\"_wpcf7_container_post\" value=\"0\" \/>\n<input type=\"hidden\" name=\"_wpcf7_posted_data_hash\" value=\"\" \/>\n<input type=\"hidden\" name=\"_wpcf7_recaptcha_response\" value=\"\" \/>\n<\/div>\n<span class=\"wpcf7-form-control-wrap url\" data-name=\"url\"><input type=\"hidden\" name=\"url\" size=\"40\" class=\"wpcf7-form-control wpcf7-hidden wpcf7dtx wpcf7dtx-hidden\" aria-invalid=\"false\" value=\"transformacion-vehiculos-comerciales-paqueteria\" autocomplete=\"off\" \/><\/span>\n<p>Complete los siguientes campos para recibir m\u00e1s informaci\u00f3n. Uno de nuestros operadores se pondr\u00e1 en contacto con usted lo antes posible (* campos obligatorios):\n<\/p>\n<div class=\"col-xs-12 col-md-6\">\n\t<p><span class='titoli'>Nombre (*)<\/span>\n\t<\/p>\n\t<p><span class=\"wpcf7-form-control-wrap\" data-name=\"your-name\"><input size=\"40\" class=\"wpcf7-form-control wpcf7-text wpcf7-validates-as-required form-control\" aria-required=\"true\" aria-invalid=\"false\" value=\"\" type=\"text\" name=\"your-name\" \/><\/span>\n\t<\/p>\n<\/div>\n<div class=\"col-xs-12 col-md-6\">\n\t<p><span class='titoli'>Apellidos (*)<\/span>\n\t<\/p>\n\t<p><span class=\"wpcf7-form-control-wrap\" data-name=\"your-last-name\"><input size=\"40\" class=\"wpcf7-form-control wpcf7-text wpcf7-validates-as-required form-control\" aria-required=\"true\" aria-invalid=\"false\" value=\"\" type=\"text\" name=\"your-last-name\" \/><\/span>\n\t<\/p>\n<\/div>\n<div class=\"col-xs-12 col-md-6\">\n\t<p><span class='titoli'>Empresa(*)<\/span>\n\t<\/p>\n\t<p><span class=\"wpcf7-form-control-wrap\" data-name=\"your-company\"><input size=\"40\" class=\"wpcf7-form-control wpcf7-text wpcf7-validates-as-required form-control\" aria-required=\"true\" aria-invalid=\"false\" value=\"\" type=\"text\" name=\"your-company\" \/><\/span>\n\t<\/p>\n<\/div>\n<div class=\"col-xs-12 col-md-6\">\n\t<p><span class='titoli'>C\u00f3d. NIF<\/span>\n\t<\/p>\n\t<p><span class=\"wpcf7-form-control-wrap\" data-name=\"p-iva\"><input size=\"40\" class=\"wpcf7-form-control wpcf7-text form-control\" aria-invalid=\"false\" value=\"\" type=\"text\" name=\"p-iva\" \/><\/span>\n\t<\/p>\n<\/div>\n<div class=\"clearboth\">\n<\/div>\n<div class=\"col-xs-12 col-md-4\">\n\t<p><span class='titoli'>C\u00f3digo Postal(*)<\/span>\n\t<\/p>\n\t<p><span class=\"wpcf7-form-control-wrap\" data-name=\"your-zip-code\"><input size=\"40\" class=\"wpcf7-form-control wpcf7-text wpcf7-validates-as-required form-control\" aria-required=\"true\" aria-invalid=\"false\" value=\"\" type=\"text\" name=\"your-zip-code\" \/><\/span>\n\t<\/p>\n<\/div>\n<div class=\"col-xs-12 col-md-4\">\n\t<p><span class='titoli'>Direcci\u00f3n (*)<\/span>\n\t<\/p>\n\t<p><span class=\"wpcf7-form-control-wrap\" data-name=\"your-address\"><input size=\"40\" class=\"wpcf7-form-control wpcf7-text wpcf7-validates-as-required form-control\" aria-required=\"true\" aria-invalid=\"false\" value=\"\" type=\"text\" name=\"your-address\" \/><\/span>\n\t<\/p>\n<\/div>\n<div class=\"col-xs-12 col-md-4\">\n\t<p><span class='titoli'>Ciudad (*)<\/span>\n\t<\/p>\n\t<p><span class=\"wpcf7-form-control-wrap\" data-name=\"your-Town\"><input size=\"40\" class=\"wpcf7-form-control wpcf7-text wpcf7-validates-as-required form-control\" aria-required=\"true\" aria-invalid=\"false\" value=\"\" type=\"text\" name=\"your-Town\" \/><\/span>\n\t<\/p>\n<\/div>\n<div class=\"clearboth\">\n<\/div>\n<div class=\"col-xs-12 col-md-6\">\n\t<p><span class='titoli'>email (*)<\/span>\n\t<\/p>\n\t<p><span class=\"wpcf7-form-control-wrap\" data-name=\"your-email\"><input size=\"40\" class=\"wpcf7-form-control wpcf7-text wpcf7-email wpcf7-validates-as-required wpcf7-validates-as-email form-control\" aria-required=\"true\" aria-invalid=\"false\" value=\"\" type=\"email\" name=\"your-email\" \/><\/span>\n\t<\/p>\n<\/div>\n<div class=\"col-xs-12 col-md-6\">\n\t<p><span class='titoli'>Tel\u00e9fono (*)<\/span>\n\t<\/p>\n\t<p><span class=\"wpcf7-form-control-wrap\" data-name=\"telefono\"><input size=\"40\" class=\"wpcf7-form-control wpcf7-text wpcf7-tel wpcf7-validates-as-required wpcf7-validates-as-tel form-control\" aria-required=\"true\" aria-invalid=\"false\" value=\"\" type=\"tel\" name=\"telefono\" \/><\/span>\n\t<\/p>\n<\/div>\n<div class=\"clearboth\">\n<\/div>\n<div class=\"col-xs-12 col-md-6\">\n\t<p><span class='titoli'>Objeto <\/span>\n\t<\/p>\n\t<p><span class=\"wpcf7-form-control-wrap\" data-name=\"oggetto\"><select class=\"wpcf7-form-control wpcf7-select wpcf7-validates-as-required\" aria-required=\"true\" aria-invalid=\"false\" name=\"oggetto\"><option value=\"Solicitud de presupuesto\">Solicitud de presupuesto<\/option><option value=\"Informaci\u00f3n t\u00e9cnica\">Informaci\u00f3n t\u00e9cnica<\/option><option value=\"Cita\">Cita<\/option><\/select><\/span>\n\t<\/p>\n<\/div>\n<div class=\"col-xs-12 col-md-6\">\n\t<p><br \/>\n<span class=\"titoli\"> <span class=\"wpcf7-form-control-wrap\" data-name=\"cliente\"><span class=\"wpcf7-form-control wpcf7-checkbox\"><span class=\"wpcf7-list-item first last\"><label><span class=\"wpcf7-list-item-label\">Soy un cliente<\/span><input type=\"checkbox\" name=\"cliente[]\" value=\"Soy un cliente\" \/><\/label><\/span><\/span><\/span><\/span>\n\t<\/p>\n<\/div>\n<div class=\"col-xs-12 col-md-12\">\n\t<p><span class='titoli'>Mensaje (*)<\/span>\n\t<\/p>\n\t<p><span class=\"wpcf7-form-control-wrap\" data-name=\"your-message\"><textarea cols=\"40\" rows=\"10\" class=\"wpcf7-form-control wpcf7-textarea wpcf7-validates-as-required form-control\" aria-required=\"true\" aria-invalid=\"false\" name=\"your-message\"><\/textarea><\/span>\n\t<\/p>\n<\/div>\n<div class=\"col-xs-12 col-md-12\">\n\t<p><small>Los datos introducidos ser\u00e1n tratados con estricta confidencialidad de acuerdo con la ley y con nuestra <a href=\"https:\/\/www.storevan.com\/es\/privacy-policy\/\">pol\u00edtica de privacidad<\/a>.<\/small>\n\t<\/p>\n\t<p><span class=\"wpcf7-form-control-wrap\" data-name=\"AccettazionePrivacy\"><span class=\"wpcf7-form-control wpcf7-acceptance\"><span class=\"wpcf7-list-item\"><input type=\"checkbox\" name=\"AccettazionePrivacy\" value=\"1\" aria-invalid=\"false\" \/><\/span><\/span><\/span> Declaro haber le\u00eddo la Informaci\u00f3n sobre la <a href=\"https:\/\/www.storevan.com\/es\/privacy-policy\/\">Privacy<\/a> y autorizo el tratamiento de mis datos personales de conformidad con aquello aqu\u00ed descrito.(*)<br \/>\n\t<span class=\"wpcf7-form-control-wrap recaptcha\" data-name=\"recaptcha\"><span data-sitekey=\"6LdfM4AUAAAAAJjsAucux5WVNA3hsk5KP0a03T_n\" class=\"wpcf7-form-control g-recaptcha wpcf7-recaptcha\"><\/span>\r\n<noscript>\r\n\t<div class=\"grecaptcha-noscript\">\r\n\t\t<iframe src=\"https:\/\/www.google.com\/recaptcha\/api\/fallback?k=6LdfM4AUAAAAAJjsAucux5WVNA3hsk5KP0a03T_n\" frameborder=\"0\" scrolling=\"no\" width=\"310\" height=\"430\">\r\n\t\t<\/iframe>\r\n\t\t<textarea name=\"g-recaptcha-response\" rows=\"3\" cols=\"40\" placeholder=\"Aqu\u00ed la respuesta de reCAPTCHA\">\r\n\t\t<\/textarea>\r\n\t<\/div>\r\n<\/noscript>\r\n<\/span>\n\t<\/p>\n<\/div>\n<hr class=\"noColor\" \/>\n<p><input class=\"wpcf7-form-control has-spinner wpcf7-submit\" type=\"submit\" value=\"Env\u00edo\" \/>\n<\/p><div class=\"wpcf7-response-output\" aria-hidden=\"true\"><\/div>\n<\/form>\n<\/div>\n\n<\/div>\n","protected":false},"excerpt":{"rendered":"<p>Transformaci\u00f3n de veh\u00edculos comerciales para empresas de paqueter\u00eda CEP Transformaci\u00f3n de furgonetas de paqueter\u00eda CEP &#8211; Courier Express Parcel CEP, transformaci\u00f3n de veh\u00edculos comerciales para empresas de paqueter\u00eda expr\u00e9s y.<\/p>\n","protected":false},"author":470,"featured_media":0,"parent":0,"menu_order":0,"comment_status":"closed","ping_status":"closed","template":"","meta":[],"acf":[],"yoast_head":"<!-- This site is optimized with the Yoast SEO plugin v20.11 - https:\/\/yoast.com\/wordpress\/plugins\/seo\/ -->\n<title>Transformaci\u00f3n de veh\u00edculos comerciales paqueter\u00eda<\/title>\n<meta name=\"description\" content=\"CEP, transformaci\u00f3n de veh\u00edculos comerciales para empresas de paqueter\u00eda expr\u00e9s y venta ambulante con repisas abatibles y mampara divisoria.\" \/>\n<meta name=\"robots\" content=\"index, follow, max-snippet:-1, max-image-preview:large, max-video-preview:-1\" \/>\n<link rel=\"canonical\" href=\"https:\/\/www.storevan.com\/es\/transformacion-vehiculos-comerciales-paqueteria\/\" \/>\n<meta property=\"og:locale\" content=\"es_ES\" \/>\n<meta property=\"og:type\" content=\"article\" \/>\n<meta property=\"og:title\" content=\"Transformaci\u00f3n de veh\u00edculos comerciales paqueter\u00eda\" \/>\n<meta property=\"og:description\" content=\"CEP, transformaci\u00f3n de veh\u00edculos comerciales para empresas de paqueter\u00eda expr\u00e9s y venta ambulante con repisas abatibles y mampara divisoria.\" \/>\n<meta property=\"og:url\" content=\"https:\/\/www.storevan.com\/es\/transformacion-vehiculos-comerciales-paqueteria\/\" \/>\n<meta property=\"og:site_name\" content=\"Store Van\" \/>\n<meta property=\"article:modified_time\" content=\"2026-06-22T07:33:22+00:00\" \/>\n<meta property=\"og:image\" content=\"https:\/\/www.storevan.com\/wp-content\/uploads\/2018\/09\/trasformazione-per-corrieri-fb.jpg\" \/>\n\t<meta property=\"og:image:width\" content=\"1200\" \/>\n\t<meta property=\"og:image:height\" content=\"630\" \/>\n\t<meta property=\"og:image:type\" content=\"image\/jpeg\" \/>\n<meta name=\"twitter:label1\" content=\"Tiempo de lectura\" \/>\n\t<meta name=\"twitter:data1\" content=\"6 minutos\" \/>\n<script type=\"application\/ld+json\" class=\"yoast-schema-graph\">{\"@context\":\"https:\/\/schema.org\",\"@graph\":[{\"@type\":\"WebPage\",\"@id\":\"https:\/\/www.storevan.com\/es\/transformacion-vehiculos-comerciales-paqueteria\/\",\"url\":\"https:\/\/www.storevan.com\/es\/transformacion-vehiculos-comerciales-paqueteria\/\",\"name\":\"Transformaci\u00f3n de veh\u00edculos comerciales paqueter\u00eda\",\"isPartOf\":{\"@id\":\"https:\/\/www.storevan.com\/pl\/#website\"},\"datePublished\":\"2018-09-04T14:30:10+00:00\",\"dateModified\":\"2026-06-22T07:33:22+00:00\",\"description\":\"CEP, transformaci\u00f3n de veh\u00edculos comerciales para empresas de paqueter\u00eda expr\u00e9s y venta ambulante con repisas abatibles y mampara divisoria.\",\"breadcrumb\":{\"@id\":\"https:\/\/www.storevan.com\/es\/transformacion-vehiculos-comerciales-paqueteria\/#breadcrumb\"},\"inLanguage\":\"es\",\"potentialAction\":[{\"@type\":\"ReadAction\",\"target\":[\"https:\/\/www.storevan.com\/es\/transformacion-vehiculos-comerciales-paqueteria\/\"]}]},{\"@type\":\"BreadcrumbList\",\"@id\":\"https:\/\/www.storevan.com\/es\/transformacion-vehiculos-comerciales-paqueteria\/#breadcrumb\",\"itemListElement\":[{\"@type\":\"ListItem\",\"position\":1,\"name\":\"Home\",\"item\":\"https:\/\/www.storevan.com\/es\/\"},{\"@type\":\"ListItem\",\"position\":2,\"name\":\"Transformaci\u00f3n de veh\u00edculos comerciales paqueter\u00eda\"}]},{\"@type\":\"WebSite\",\"@id\":\"https:\/\/www.storevan.com\/pl\/#website\",\"url\":\"https:\/\/www.storevan.com\/pl\/\",\"name\":\"Store Van\",\"description\":\"Equipamientos furgonetas\",\"potentialAction\":[{\"@type\":\"SearchAction\",\"target\":{\"@type\":\"EntryPoint\",\"urlTemplate\":\"https:\/\/www.storevan.com\/pl\/?s={search_term_string}\"},\"query-input\":\"required name=search_term_string\"}],\"inLanguage\":\"es\"}]}<\/script>\n<!-- \/ Yoast SEO plugin. -->","yoast_head_json":{"title":"Transformaci\u00f3n de veh\u00edculos comerciales paqueter\u00eda","description":"CEP, transformaci\u00f3n de veh\u00edculos comerciales para empresas de paqueter\u00eda expr\u00e9s y venta ambulante con repisas abatibles y mampara divisoria.","robots":{"index":"index","follow":"follow","max-snippet":"max-snippet:-1","max-image-preview":"max-image-preview:large","max-video-preview":"max-video-preview:-1"},"canonical":"https:\/\/www.storevan.com\/es\/transformacion-vehiculos-comerciales-paqueteria\/","og_locale":"es_ES","og_type":"article","og_title":"Transformaci\u00f3n de veh\u00edculos comerciales paqueter\u00eda","og_description":"CEP, transformaci\u00f3n de veh\u00edculos comerciales para empresas de paqueter\u00eda expr\u00e9s y venta ambulante con repisas abatibles y mampara divisoria.","og_url":"https:\/\/www.storevan.com\/es\/transformacion-vehiculos-comerciales-paqueteria\/","og_site_name":"Store Van","article_modified_time":"2026-06-22T07:33:22+00:00","og_image":[{"width":1200,"height":630,"url":"https:\/\/www.storevan.com\/wp-content\/uploads\/2018\/09\/trasformazione-per-corrieri-fb.jpg","type":"image\/jpeg"}],"twitter_misc":{"Tiempo de lectura":"6 minutos"},"schema":{"@context":"https:\/\/schema.org","@graph":[{"@type":"WebPage","@id":"https:\/\/www.storevan.com\/es\/transformacion-vehiculos-comerciales-paqueteria\/","url":"https:\/\/www.storevan.com\/es\/transformacion-vehiculos-comerciales-paqueteria\/","name":"Transformaci\u00f3n de veh\u00edculos comerciales paqueter\u00eda","isPartOf":{"@id":"https:\/\/www.storevan.com\/pl\/#website"},"datePublished":"2018-09-04T14:30:10+00:00","dateModified":"2026-06-22T07:33:22+00:00","description":"CEP, transformaci\u00f3n de veh\u00edculos comerciales para empresas de paqueter\u00eda expr\u00e9s y venta ambulante con repisas abatibles y mampara divisoria.","breadcrumb":{"@id":"https:\/\/www.storevan.com\/es\/transformacion-vehiculos-comerciales-paqueteria\/#breadcrumb"},"inLanguage":"es","potentialAction":[{"@type":"ReadAction","target":["https:\/\/www.storevan.com\/es\/transformacion-vehiculos-comerciales-paqueteria\/"]}]},{"@type":"BreadcrumbList","@id":"https:\/\/www.storevan.com\/es\/transformacion-vehiculos-comerciales-paqueteria\/#breadcrumb","itemListElement":[{"@type":"ListItem","position":1,"name":"Home","item":"https:\/\/www.storevan.com\/es\/"},{"@type":"ListItem","position":2,"name":"Transformaci\u00f3n de veh\u00edculos comerciales paqueter\u00eda"}]},{"@type":"WebSite","@id":"https:\/\/www.storevan.com\/pl\/#website","url":"https:\/\/www.storevan.com\/pl\/","name":"Store Van","description":"Equipamientos furgonetas","potentialAction":[{"@type":"SearchAction","target":{"@type":"EntryPoint","urlTemplate":"https:\/\/www.storevan.com\/pl\/?s={search_term_string}"},"query-input":"required name=search_term_string"}],"inLanguage":"es"}]}},"_links":{"self":[{"href":"https:\/\/www.storevan.com\/es\/wp-json\/wp\/v2\/pages\/87724"}],"collection":[{"href":"https:\/\/www.storevan.com\/es\/wp-json\/wp\/v2\/pages"}],"about":[{"href":"https:\/\/www.storevan.com\/es\/wp-json\/wp\/v2\/types\/page"}],"author":[{"embeddable":true,"href":"https:\/\/www.storevan.com\/es\/wp-json\/wp\/v2\/users\/470"}],"replies":[{"embeddable":true,"href":"https:\/\/www.storevan.com\/es\/wp-json\/wp\/v2\/comments?post=87724"}],"version-history":[{"count":10,"href":"https:\/\/www.storevan.com\/es\/wp-json\/wp\/v2\/pages\/87724\/revisions"}],"predecessor-version":[{"id":166030,"href":"https:\/\/www.storevan.com\/es\/wp-json\/wp\/v2\/pages\/87724\/revisions\/166030"}],"wp:attachment":[{"href":"https:\/\/www.storevan.com\/es\/wp-json\/wp\/v2\/media?parent=87724"}],"curies":[{"name":"wp","href":"https:\/\/api.w.org\/{rel}","templated":true}]}}