{"id":86574,"date":"2018-09-07T09:24:08","date_gmt":"2018-09-07T09:24:08","guid":{"rendered":"https:\/\/www.storevan.com\/productos\/ripiani-ribaltabili-per-furgoni\/"},"modified":"2023-02-23T07:50:41","modified_gmt":"2023-02-23T07:50:41","slug":"repisas-abatibles-para-furgonetas","status":"publish","type":"page","link":"https:\/\/www.storevan.com\/es\/productos\/repisas-abatibles-para-furgonetas\/","title":{"rendered":"Repisas abatibles para furgonetas"},"content":{"rendered":"<style>#bannerLS{ height:287px; background-position:center; background-image:url(\"\/wp-content\/uploads\/2019\/05\/ripiani-ribaltabili-light-shelf.jpg\");}<\/style>\n<h1 class=\"customblackTitleSmall\">Repisas abatibles para furgonetas Light Shelf<\/h1>\n<h2>Repisas abatibles para el equipamiento de furgonetas de empresas de paqueter\u00eda expr\u00e9s, florister\u00edas, furgones de venta ambulante y para todos aquellos que buscan flexibilidad y resistencia.<\/h2>\n<div id=\"bannerLS\" class=\"text-center\">\n<div class=\"hidden-xs col-md-6 pull-right\" style=\"background-color: rgba(0, 0, 0, 0.8); margin: 1.2%;\">\n<hr class=\"noColor\" \/>\n<hr class=\"noColor\" \/>\n<p class=\"text-center\"><strong style=\"color: #f7a600; font-size: 3.5rem;\">LIGHT SHELF<\/strong><\/p>\n<hr class=\"noColor\" \/>\n<h3 class=\"titBannerImg txtWhite\">Light Shelf es la nueva l\u00ednea de equipamiento para furgonetas dise\u00f1ada por Store Van: robustas repisas abatibles que permiten transportar diferentes tipos de mercanc\u00edas seg\u00fan las necesidades.<\/h3>\n<\/div>\n<\/div>\n<div class=\"break\"><\/div>\n<hr class=\"noColor\" \/>\n<div class=\"col-xs-12 col-sm-6 col-md-6\">\n<h3 class=\"txtBlack\">Light Shelf, para el equipamiento de veh\u00edculos de paqueter\u00eda expr\u00e9s.<\/h3>\n<div class=\"borderTitle\"><\/div>\n<p class=\"text-justify\">Las repisas Light Shelf han sido probadas desde hace varios a\u00f1os en miles de veh\u00edculos utilizados por empresas de mensajer\u00eda con excelentes resultados en t\u00e9rminos de <strong>robustez<\/strong> y <strong>fiabilidad<\/strong>. Disponibles en <strong>diferentes longitudes y configurables seg\u00fan las necesidades del cliente<\/strong>, estas repisas plegables permiten optimizar y aumentar significativamente la capacidad de carga de la furgoneta.<\/p>\n<p>El sistema de repisas abatibles Light Shelf puede acomodar <strong>hasta 6 repisas en altura<\/strong> y, para transportar la mercanc\u00eda con total seguridad, permite la integraci\u00f3n de gu\u00edas \u00abairline\u00bb para el anclaje de la carga a trav\u00e9s de correas y barras de sujeci\u00f3n.<\/p>\n<div class=\"ts-gallery col-md-10 col-md-offset-1\">\n<div class=\"borderTitleCenterOrange\"><\/div>\n<div class=\"col-xs-3 col-md-3\"><a href=\"https:\/\/www.storevan.com\/wp-content\/uploads\/2018\/08\/ripiani-richiudibili-per-furgoni-1-150x150.jpg\"><img decoding=\"async\" loading=\"lazy\" class=\"aligncenter wp-image-84826 size-thumbnail\" title=\"Estante cerrado en la posici\u00f3n 1\" src=\"https:\/\/www.storevan.com\/wp-content\/uploads\/2018\/08\/ripiani-richiudibili-per-furgoni-1-150x150.jpg\" alt=\"Estante cerrado en la posici\u00f3n 1\" width=\"150\" height=\"150\" srcset=\"https:\/\/www.storevan.com\/wp-content\/uploads\/2018\/08\/ripiani-richiudibili-per-furgoni-1-150x150.jpg 150w, https:\/\/www.storevan.com\/wp-content\/uploads\/2018\/08\/ripiani-richiudibili-per-furgoni-1-48x48.jpg 48w, https:\/\/www.storevan.com\/wp-content\/uploads\/2018\/08\/ripiani-richiudibili-per-furgoni-1-480x480.jpg 480w\" sizes=\"(max-width: 150px) 100vw, 150px\" \/><\/a><\/div>\n<div class=\"col-xs-3 col-md-3\"><a href=\"https:\/\/www.storevan.com\/wp-content\/uploads\/2018\/08\/ripiani-richiudibili-corrieri-espressi-2-150x150.jpg\"><img decoding=\"async\" loading=\"lazy\" class=\"aligncenter wp-image-84820 size-thumbnail\" title=\"Estante abierto\" src=\"https:\/\/www.storevan.com\/wp-content\/uploads\/2018\/08\/ripiani-richiudibili-corrieri-espressi-2-150x150.jpg\" alt=\"Estante abierto\" width=\"150\" height=\"150\" srcset=\"https:\/\/www.storevan.com\/wp-content\/uploads\/2018\/08\/ripiani-richiudibili-corrieri-espressi-2-150x150.jpg 150w, https:\/\/www.storevan.com\/wp-content\/uploads\/2018\/08\/ripiani-richiudibili-corrieri-espressi-2-48x48.jpg 48w, https:\/\/www.storevan.com\/wp-content\/uploads\/2018\/08\/ripiani-richiudibili-corrieri-espressi-2-480x480.jpg 480w\" sizes=\"(max-width: 150px) 100vw, 150px\" \/><\/a><\/div>\n<div class=\"col-xs-3 col-md-3\"><a href=\"https:\/\/www.storevan.com\/wp-content\/uploads\/2018\/08\/mensola-abbattibile-con-tappetino-antiscivolo-1-150x150.jpg\"><img decoding=\"async\" loading=\"lazy\" class=\"aligncenter wp-image-84788 size-thumbnail\" title=\"Alfombrillas antideslizantes\" src=\"https:\/\/www.storevan.com\/wp-content\/uploads\/2018\/08\/mensola-abbattibile-con-tappetino-antiscivolo-1-150x150.jpg\" alt=\"Alfombrillas antideslizantes\" width=\"150\" height=\"150\" srcset=\"https:\/\/www.storevan.com\/wp-content\/uploads\/2018\/08\/mensola-abbattibile-con-tappetino-antiscivolo-1-150x150.jpg 150w, https:\/\/www.storevan.com\/wp-content\/uploads\/2018\/08\/mensola-abbattibile-con-tappetino-antiscivolo-1-48x48.jpg 48w\" sizes=\"(max-width: 150px) 100vw, 150px\" \/><\/a><\/div>\n<div class=\"col-xs-3 col-md-3\"><a href=\"https:\/\/www.storevan.com\/wp-content\/uploads\/2018\/08\/sistema-chiusura-ripiano-ribaltabile-1-150x150.jpg\"><img decoding=\"async\" loading=\"lazy\" class=\"aligncenter wp-image-84812 size-thumbnail\" title=\"Apertura del estante con una mano\" src=\"https:\/\/www.storevan.com\/wp-content\/uploads\/2018\/08\/sistema-chiusura-ripiano-ribaltabile-1-150x150.jpg\" alt=\"Apertura del estante con una mano\" width=\"150\" height=\"150\" srcset=\"https:\/\/www.storevan.com\/wp-content\/uploads\/2018\/08\/sistema-chiusura-ripiano-ribaltabile-1-150x150.jpg 150w, https:\/\/www.storevan.com\/wp-content\/uploads\/2018\/08\/sistema-chiusura-ripiano-ribaltabile-1-48x48.jpg 48w\" sizes=\"(max-width: 150px) 100vw, 150px\" \/><\/a><\/div>\n<hr class=\"noColor break\" \/>\n<div class=\"col-xs-3 col-md-3\"><a href=\"https:\/\/www.storevan.com\/wp-content\/uploads\/2018\/08\/divisori-ripiani-furgone-1-150x150.jpg\"><img decoding=\"async\" loading=\"lazy\" class=\"aligncenter wp-image-84782 size-thumbnail\" title=\"Separadores est\u00e1ndar de aluminio\" src=\"https:\/\/www.storevan.com\/wp-content\/uploads\/2018\/08\/divisori-ripiani-furgone-1-150x150.jpg\" alt=\"Separadores est\u00e1ndar de aluminio\" width=\"150\" height=\"150\" srcset=\"https:\/\/www.storevan.com\/wp-content\/uploads\/2018\/08\/divisori-ripiani-furgone-1-150x150.jpg 150w, https:\/\/www.storevan.com\/wp-content\/uploads\/2018\/08\/divisori-ripiani-furgone-1-48x48.jpg 48w\" sizes=\"(max-width: 150px) 100vw, 150px\" \/><\/a><\/div>\n<div class=\"col-xs-3 col-md-3\"><a href=\"https:\/\/www.storevan.com\/wp-content\/uploads\/2018\/08\/cinghia-fermacarico-per-corriere-espresso-1-150x150.jpg\"><img decoding=\"async\" loading=\"lazy\" class=\"aligncenter wp-image-84776 size-thumbnail\" title=\"Trav\u00e9s de correas para furgonetas\" src=\"https:\/\/www.storevan.com\/wp-content\/uploads\/2018\/08\/cinghia-fermacarico-per-corriere-espresso-1-150x150.jpg\" alt=\"Trav\u00e9s de correas para furgonetas\" width=\"150\" height=\"150\" srcset=\"https:\/\/www.storevan.com\/wp-content\/uploads\/2018\/08\/cinghia-fermacarico-per-corriere-espresso-1-150x150.jpg 150w, https:\/\/www.storevan.com\/wp-content\/uploads\/2018\/08\/cinghia-fermacarico-per-corriere-espresso-1-48x48.jpg 48w\" sizes=\"(max-width: 150px) 100vw, 150px\" \/><\/a><\/div>\n<div class=\"col-xs-3 col-md-3\"><a href=\"https:\/\/www.storevan.com\/wp-content\/uploads\/2018\/08\/mensole-per-corrieri-espressi-150x150.jpg\"><img decoding=\"async\" loading=\"lazy\" class=\"aligncenter wp-image-84794 size-thumbnail\" title=\"Barras de sujeci\u00f3n para empresa de paqueter\u00eda \" src=\"https:\/\/www.storevan.com\/wp-content\/uploads\/2018\/08\/mensole-per-corrieri-espressi-150x150.jpg\" alt=\"Barras de sujeci\u00f3n para empresa de paqueter\u00eda \" width=\"150\" height=\"150\" srcset=\"https:\/\/www.storevan.com\/wp-content\/uploads\/2018\/08\/mensole-per-corrieri-espressi-150x150.jpg 150w, https:\/\/www.storevan.com\/wp-content\/uploads\/2018\/08\/mensole-per-corrieri-espressi-48x48.jpg 48w\" sizes=\"(max-width: 150px) 100vw, 150px\" \/><\/a><\/div>\n<div class=\"col-xs-3 col-md-3\"><a href=\"https:\/\/www.storevan.com\/wp-content\/uploads\/2018\/08\/allestimento-furgone-last-mile-150x150.jpg\"><img decoding=\"async\" loading=\"lazy\" class=\"aligncenter wp-image-84834 size-thumbnail\" title=\"Transporte de mercanc\u00edas especialmente largas\" src=\"https:\/\/www.storevan.com\/wp-content\/uploads\/2018\/08\/allestimento-furgone-last-mile-150x150.jpg\" alt=\"Transporte de mercanc\u00edas especialmente largas\" width=\"150\" height=\"150\" srcset=\"https:\/\/www.storevan.com\/wp-content\/uploads\/2018\/08\/allestimento-furgone-last-mile-150x150.jpg 150w, https:\/\/www.storevan.com\/wp-content\/uploads\/2018\/08\/allestimento-furgone-last-mile-48x48.jpg 48w\" sizes=\"(max-width: 150px) 100vw, 150px\" \/><\/a><\/div>\n<div class=\"break\"><\/div>\n<div class=\"borderTitleCenterOrange\"><\/div>\n<\/div>\n<div class=\"break\"><\/div>\n<\/div>\n<div class=\"col-xs-12 col-sm-6 col-md-6\"><img decoding=\"async\" loading=\"lazy\" class=\"aligncenter size-full wp-image-103331\" src=\"https:\/\/www.storevan.com\/wp-content\/uploads\/2019\/05\/mensole-pieghevoli-per-furgoni.jpg\" alt=\"Repisas abatibles para furgonetas Light Shelf\" width=\"525\" height=\"420\" srcset=\"https:\/\/www.storevan.com\/wp-content\/uploads\/2019\/05\/mensole-pieghevoli-per-furgoni.jpg 525w, https:\/\/www.storevan.com\/wp-content\/uploads\/2019\/05\/mensole-pieghevoli-per-furgoni-300x240.jpg 300w\" sizes=\"(max-width: 525px) 100vw, 525px\" \/><\/div>\n<div class=\"break\"><\/div>\n<hr class=\"noColor hidden-xs\" \/>\n<hr class=\"noColor hidden-xs\" \/>\n<div class=\"col-md-12\">\n<p class=\"text-justify\">Dise\u00f1ada para el transporte de <strong>contenedores y cajas de dimensiones est\u00e1ndar europeas<\/strong> (400&#215;300 mm y 600&#215;400\u00a0mm), la l\u00ednea de repisas para furgonetas Light Shelf tambi\u00e9n satisface perfectamente las necesidades de transporte de piezas de repuesto para veh\u00edculos, electrodom\u00e9sticos, cuberter\u00edas y vajillas para servicios de catering, etc.<\/p>\n<p class=\"text-justify\">El cierre total o parcial de las repisas tambi\u00e9n permite t<strong>ransportar mercanc\u00edas voluminosas en europalets<\/strong>. Light Shelf utiliza como bloqueo de seguridad un perno espec\u00edfico que permite <strong>abrir la repisa con una sola mano<\/strong>.<\/p>\n<p class=\"text-justify\">La capacidad de cada repisa es de <strong>80 kg por metro lineal<\/strong>. <\/p>\n<p class=\"text-justify\">El sistema de suspensi\u00f3n de las repisas Light Shelf <strong>no requiere cables de acero o correas<\/strong>, que a menudo act\u00faan como obst\u00e1culos para la disposici\u00f3n longitudinal de los paquetes. Esto permite transformar varias repisas alineadas a la misma altura en una \u00fanica superficie de carga, lo que facilita el <strong>transporte de mercanc\u00edas especialmente largas<\/strong>.<\/p>\n<\/div>\n<div class=\"break\"><\/div>\n<hr class=\"noColor\" \/>\n<div class=\"hidden-xs col-sm-3 col-md-3 \">\n<hr class=\"orangeLine\" \/>\n<\/div>\n<div class=\"hidden-xs col-sm-8 col-md-6 \">\n<h2 class=\"text-center titBoxDivisor\">Descubra las soluciones de equipamiento Light Shelf<\/h2>\n<\/div>\n<div class=\"hidden-xs col-sm-3 col-md-3 \">\n<hr class=\"orangeLine\" \/>\n<\/div>\n<div class=\"break\"><\/div>\n<hr class=\"noColor\" \/>\n<section class=\"row row-equal\">\n<div class=\"col-xs-12 col-sm-4 col-md-4 borderGrey boxAll\">\n<hr class=\"noColor\" \/>\n<figure><a class=\"itemImg\" title=\"Equipamiento para empresas de paqueter\u00eda expr\u00e9s\" href=\"https:\/\/www.storevan.com\/es\/productos\/repisas-abatibles-para-furgonetas\/empresa-de-paqueteria\/\"><img decoding=\"async\" class=\"aligncenter size-full\" src=\"https:\/\/www.storevan.com\/wp-content\/uploads\/2019\/05\/allestimento-furgone-consegne-padroncino.jpg\" alt=\"Equipamiento para empresas de paqueter\u00eda expr\u00e9s\" \/><\/a><\/figure>\n<h3 class=\"txtUp text-left\">PARA EMPRESAS DE PAQUETER\u00cdA EXPR\u00c9S<\/h3>\n<div class=\"borderTitleOrange\"><\/div>\n<p class=\"tag\">CAJAS PEQUE\u00d1AS Y GRANDES, \u00a1TODAS EN SU LUGAR!<\/p>\n<hr class=\"noColor\" \/>\n<a class=\"btn btn-primary noMarg\" title=\"Equipamiento para empresas de paqueter\u00eda expr\u00e9s\" href=\"https:\/\/www.storevan.com\/es\/productos\/repisas-abatibles-para-furgonetas\/empresa-de-paqueteria\/\">DETALLES<\/a><\/p>\n<hr class=\"noColor\" \/>\n<\/div>\n<div class=\"col-xs-12 col-sm-4 col-md-4 borderGrey boxAll\">\n<hr class=\"noColor\" \/>\n<figure><a class=\"itemImg\" title=\"Equipamiento para el transporte de flores y plantas\" href=\"https:\/\/www.storevan.com\/es\/productos\/repisas-abatibles-para-furgonetas\/transporte-flores-y-plantas\/\"><img decoding=\"async\" class=\"aligncenter size-full\" src=\"https:\/\/www.storevan.com\/wp-content\/uploads\/2019\/05\/allestimento-furgone-trasporto-fiori.jpg\" alt=\"Equipamiento para el transporte de flores y plantas\" \/><\/a><\/figure>\n<h3 class=\"txtUp text-left\">PARA FLORISTER\u00cdAS<\/h3>\n<div class=\"borderTitleOrange\"><\/div>\n<p class=\"tag\">\u00a1TRANSPORTE FLORES Y PLANTAS A CUALQUIER LUGAR SIN DA\u00d1ARLAS!<\/p>\n<hr class=\"noColor\" \/>\n<a class=\"btn btn-primary noMarg\" title=\"Equipamiento para el transporte de flores y plantas\" href=\"https:\/\/www.storevan.com\/es\/productos\/repisas-abatibles-para-furgonetas\/transporte-flores-y-plantas\/\">DETALLES<\/a><\/p>\n<hr class=\"noColor\" \/>\n<\/div>\n<div class=\"col-xs-12 col-sm-4 col-md-4 borderGrey boxAll\">\n<hr class=\"noColor\" \/>\n<figure><a class=\"itemImg\" title=\"Equipamiento para el transporte de electrodom\u00e9sticos\" href=\"https:\/\/www.storevan.com\/es\/productos\/repisas-abatibles-para-furgonetas\/transporte-electrodomesticos\/\"><img decoding=\"async\" class=\"aligncenter size-full\" src=\"https:\/\/www.storevan.com\/wp-content\/uploads\/2019\/06\/allestimento-trasporto-elettrodomestici.jpg\" alt=\"Equipamiento para el transporte de electrodom\u00e9sticos\" \/><\/a><\/figure>\n<h3 class=\"txtUp text-left\">PARA COMERCIANTES<\/h3>\n<div class=\"borderTitleOrange\"><\/div>\n<p class=\"tag\">TRANSPORTE DE ELECTRODOM\u00c9STICOS DE CUALQUIER TAMA\u00d1O<\/p>\n<hr class=\"noColor\" \/>\n<a class=\"btn btn-primary noMarg\" title=\"Equipamiento para el transporte de electrodom\u00e9sticos\" href=\"https:\/\/www.storevan.com\/es\/productos\/repisas-abatibles-para-furgonetas\/transporte-electrodomesticos\/\">DETALLES<\/a><\/p>\n<hr class=\"noColor\" \/>\n<\/div>\n<div class=\"break\"><\/div>\n<\/section>\n<hr class=\"noColor\" \/>\n<hr class=\"noColor\" \/>\n<div class=\"hidden-xs col-sm-2 col-md-2\">\n<hr class=\"orangeLine\" \/>\n<\/div>\n<div class=\"col-xs-12 col-sm-8 col-md-8 \">\n<h2 class=\"text-center titBoxDivisor\">Ventajas del sistema de repisas plegables para furgonetas Light Shelf:<\/h2>\n<\/div>\n<div class=\"hidden-xs col-sm-2 col-md-2\">\n<hr class=\"orangeLine\" \/>\n<\/div>\n<div class=\"break\"><\/div>\n<hr class=\"noColor\" \/>\n<hr class=\"noColor\" \/>\n<hr class=\"noColor\" \/>\n<hr class=\"noColor\" \/>\n<div class=\"col-md-5\">\n<p><img decoding=\"async\" loading=\"lazy\" src=\"https:\/\/www.storevan.com\/wp-content\/uploads\/2019\/06\/ripiani-per-furgoni.jpg\" alt=\"Repisas para furgonetas\" width=\"600\" height=\"600\" class=\"aligncenter size-full wp-image-104421\" srcset=\"https:\/\/www.storevan.com\/wp-content\/uploads\/2019\/06\/ripiani-per-furgoni.jpg 600w, https:\/\/www.storevan.com\/wp-content\/uploads\/2019\/06\/ripiani-per-furgoni-150x150.jpg 150w, https:\/\/www.storevan.com\/wp-content\/uploads\/2019\/06\/ripiani-per-furgoni-300x300.jpg 300w, https:\/\/www.storevan.com\/wp-content\/uploads\/2019\/06\/ripiani-per-furgoni-48x48.jpg 48w, https:\/\/www.storevan.com\/wp-content\/uploads\/2019\/06\/ripiani-per-furgoni-480x480.jpg 480w\" sizes=\"(max-width: 600px) 100vw, 600px\" \/><\/p>\n<hr class=\"noColor hidden-xs\" \/>\n<hr class=\"noColor hidden-xs\" \/>\n<\/div>\n<div class=\"col-md-7\">\n<ul class=\"noList\">\n<li><i class=\"fa fa-check txtGreen\"><\/i> 6 repisas de altura;<\/li>\n<li><i class=\"fa fa-check txtGreen\"><\/i> Cierre completo o parcial;<\/li>\n<li><i class=\"fa fa-check txtGreen\"><\/i> Capacidad de carga hasta 80 kg\/ml;<\/li>\n<li><i class=\"fa fa-check txtGreen\"><\/i> Sistema de suspensi\u00f3n sin cables de acero o correas;<\/li>\n<li><i class=\"fa fa-check txtGreen\"><\/i> Ideal para el transporte de mercanc\u00edas largas;<\/li>\n<li><i class=\"fa fa-check txtGreen\"><\/i> Compatible con contenedores con medidas est\u00e1ndar europeas;<\/li>\n<li><i class=\"fa fa-check txtGreen\"><\/i> Perforaci\u00f3n en todas las repisas para alojar y fijar separadores est\u00e1ndar de aluminio h 50\u00a0mm o separadores de arco h 300\u00a0mm;<\/li>\n<li><i class=\"fa fa-check txtGreen\"><\/i> Posibilidad de regular las repisas y de a\u00f1adirles en altura de paso 38\u00a0mm gracias a los soportes laterales encastrados sobre los montantes perforados;<\/li>\n<li><i class=\"fa fa-check txtGreen\"><\/i> Ausencia de aristas afiladas en todos los bordes y orificios;<\/li>\n<li><i class=\"fa fa-check txtGreen\"><\/i> Pintura de las repisas por inmersi\u00f3n CATAFORESIS (tecnolog\u00eda difundida en el sector automovil\u00edstico) capaz de aportar una mayor resistencia a la corrosi\u00f3n y a los agentes qu\u00edmicos respecto a la pintura tradicional con fosfodesengrasado y polvo de poli\u00e9ster;<\/li>\n<li><i class=\"fa fa-check txtGreen\"><\/i> Posibilidad de insertar alfombrillas antideslizantes.<\/li>\n<\/ul>\n<hr class=\"noColor\" \/>\n<\/div>\n<div class=\"break\"><\/div>\n<div class=\"bigTxt txtGrey\">SOLUCIONES DISPONIBLES PARA EL EQUIPAMIENTO DE LAS FURGONETAS:<\/div>\n<hr class=\"noColor\" \/>\n<ul class=\"noListType\">\n<li class=\"col-xs-12 col-md-4\"><a title=\"Citroen Jumper L2 H2\" href=\"https:\/\/www.storevan.com\/es\/equipamiento-para-furgonetas\/jumper-l2h2-l\/\"><i class=\"fa fa-angle-double-right\" aria-hidden=\"true\"><\/i> Citroen Jumper L2 H2<\/a><\/li>\n<li class=\"col-xs-12 col-md-4\"><a title=\"Citroen Jumper L3 H2\" href=\"https:\/\/www.storevan.com\/es\/equipamiento-para-furgonetas\/jumper-l3h2-l\/\"><i class=\"fa fa-angle-double-right\" aria-hidden=\"true\"><\/i> Citroen Jumper L3 H2<\/a><\/li>\n<li class=\"col-xs-12 col-md-4\"><a title=\"Citroen Jumper L4 H2\" href=\"https:\/\/www.storevan.com\/es\/equipamiento-para-furgonetas\/jumper-l4h2-l\/\"><i class=\"fa fa-angle-double-right\" aria-hidden=\"true\"><\/i> Citroen Jumper L4 H2<\/a><\/li>\n<li class=\"col-xs-12 col-md-4\"><a title=\"Fiat Ducato L2 H2 \/ MH2\" href=\"https:\/\/www.storevan.com\/es\/equipamiento-para-furgonetas\/ducato-l2h2mh2-l\/\"><i class=\"fa fa-angle-double-right\" aria-hidden=\"true\"><\/i> Fiat Ducato L2 H2 \/ MH2<\/a><\/li>\n<li class=\"col-xs-12 col-md-4\"><a title=\"Fiat Ducato L4 H2 \/ LH2\" href=\"https:\/\/www.storevan.com\/es\/equipamiento-para-furgonetas\/ducato-l4h2lh2-l\/\"><i class=\"fa fa-angle-double-right\" aria-hidden=\"true\"><\/i> Fiat Ducato L4 H2 \/ LH2<\/a><\/li>\n<li class=\"col-xs-12 col-md-4\"><a title=\"Fiat Ducato L5 H2 \/ XLH2\" href=\"https:\/\/www.storevan.com\/es\/equipamiento-para-furgonetas\/ducato-l5h2xlh2-l\/\"><i class=\"fa fa-angle-double-right\" aria-hidden=\"true\"><\/i> Fiat Ducato L5 H2 \/ XLH2<\/a><\/li>\n<li class=\"col-xs-12 col-md-4\"><a title=\"Ford Transit L2 H2 FWD\" href=\"https:\/\/www.storevan.com\/es\/equipamiento-para-furgonetas\/transit-l2h2-l\/\"><i class=\"fa fa-angle-double-right\" aria-hidden=\"true\"><\/i> Ford Transit L2 H2 FWD<\/a><\/li>\n<li class=\"col-xs-12 col-md-4\"><a title=\"Ford Transit L3 H2 FWD\" href=\"https:\/\/www.storevan.com\/es\/equipamiento-para-furgonetas\/transit-l3h2-l\/\"><i class=\"fa fa-angle-double-right\" aria-hidden=\"true\"><\/i> Ford Transit L3 H2 FWD<\/a><\/li>\n<li class=\"break\"><\/li>\n<li class=\"col-xs-12 col-md-4\"><a title=\"Man TGE Est\u00e1ndar, techo elevado\" href=\"https:\/\/www.storevan.com\/es\/equipamiento-para-furgonetas\/tge-sa-l\/\"><i class=\"fa fa-angle-double-right\" aria-hidden=\"true\"><\/i> Man TGE Est\u00e1ndar, techo elevado<\/a><\/li>\n<li class=\"col-xs-12 col-md-4\"><a title=\"Man TGE Lungo Largo, techo elevado\" href=\"https:\/\/www.storevan.com\/es\/equipamiento-para-furgonetas\/tge-la-l\/\"><i class=\"fa fa-angle-double-right\" aria-hidden=\"true\"><\/i> Man TGE Largo, techo elevado<\/a><\/li>\n<li class=\"break\"><\/li>\n<li class=\"col-xs-12 col-md-4\"><a title=\"Mercedes Sprinter L2 H2 FWD\" href=\"https:\/\/www.storevan.com\/es\/equipamiento-para-furgonetas\/sprinter-l2h2-l\/\"><i class=\"fa fa-angle-double-right\" aria-hidden=\"true\"><\/i> Mercedes Sprinter L2 H2 FWD<\/a><\/li>\n<li class=\"col-xs-12 col-md-4\"><a title=\"Mercedes Sprinter L3 H2 RWD\" href=\"https:\/\/www.storevan.com\/es\/equipamiento-para-furgonetas\/sprinter-l3h2-l\/\"><i class=\"fa fa-angle-double-right\" aria-hidden=\"true\"><\/i> Mercedes Sprinter L3 H2 RWD<\/a><\/li>\n<li class=\"break\"><\/li>\n<li class=\"col-xs-12 col-md-4\"><a title=\"Nissan NV400 \/ Interstar L2 H2 \/ H3\" href=\"https:\/\/www.storevan.com\/es\/equipamiento-para-furgonetas\/nv400-l2h2-l\/\"><i class=\"fa fa-angle-double-right\" aria-hidden=\"true\"><\/i> Nissan NV400 \/ Interstar L2 H2 \/ H3<\/a><\/li>\n<li class=\"col-xs-12 col-md-4\"><a title=\"Nissan NV400 \/ Interstar L3 H2 \/ H3\" href=\"https:\/\/www.storevan.com\/es\/equipamiento-para-furgonetas\/nv400-l3h2-l\/\"><i class=\"fa fa-angle-double-right\" aria-hidden=\"true\"><\/i> Nissan NV400 \/ Interstar L3 H2 \/ H3<\/a><\/li>\n<li class=\"break\"><\/li>\n<li class=\"col-xs-12 col-md-4\"><a title=\"Opel Movano L2 H2 \/ H3\" href=\"https:\/\/www.storevan.com\/es\/equipamiento-para-furgonetas\/movano-l2h2-l\/\"><i class=\"fa fa-angle-double-right\" aria-hidden=\"true\"><\/i> Opel Movano L2 H2 \/ H3<\/a><\/li>\n<li class=\"col-xs-12 col-md-4\"><a title=\"Opel Movano L3 H2 \/ H3\" href=\"https:\/\/www.storevan.com\/es\/equipamiento-para-furgonetas\/movano-l3h2-l\/\"><i class=\"fa fa-angle-double-right\" aria-hidden=\"true\"><\/i> Opel Movano L3 H2 \/ H3<\/a><\/li>\n<li class=\"break\"><\/li>\n<li class=\"col-xs-12 col-md-4\"><a title=\"Opel Movano 2021 L2 H2\" href=\"https:\/\/www.storevan.com\/es\/equipamiento-para-furgonetas\/opel-movano-2021-l2-h2-light-shelf\/\"><i class=\"fa fa-angle-double-right\" aria-hidden=\"true\"><\/i> Opel Movano 2021 L2 H2<\/a><\/li>\n<li class=\"col-xs-12 col-md-4\"><a title=\"Opel Movano 2021 L4 H2\" href=\"https:\/\/www.storevan.com\/es\/equipamiento-para-furgonetas\/opel-movano-2021-l3-h2-light-shelf\/\"><i class=\"fa fa-angle-double-right\" aria-hidden=\"true\"><\/i> Opel Movano 2021 L4 H2<\/a><\/li>\n<li class=\"col-xs-12 col-md-4\"><a title=\"Opel Movano 2021 L5 H2\" href=\"https:\/\/www.storevan.com\/es\/equipamiento-para-furgonetas\/opel-movano-2021-l4-h2-light-shelf\/\"><i class=\"fa fa-angle-double-right\" aria-hidden=\"true\"><\/i> Opel Movano 2021 L5 H2<\/a><\/li>\n<li class=\"break\"><\/li>\n<li class=\"col-xs-12 col-md-4\"><a title=\"Peugeot Boxer L2 H2\" href=\"https:\/\/www.storevan.com\/es\/equipamiento-para-furgonetas\/boxer-l2h2-l\/\"><i class=\"fa fa-angle-double-right\" aria-hidden=\"true\"><\/i> Peugeot Boxer L2 H2<\/a><\/li>\n<li class=\"col-xs-12 col-md-4\"><a title=\"Peugeot Boxer L3 H2\" href=\"https:\/\/www.storevan.com\/es\/equipamiento-para-furgonetas\/boxer-l3h2-l\/\"><i class=\"fa fa-angle-double-right\" aria-hidden=\"true\"><\/i> Peugeot Boxer L3 H2<\/a><\/li>\n<li class=\"col-xs-12 col-md-4\"><a title=\"Peugeot Boxer L4 H2\" href=\"https:\/\/www.storevan.com\/es\/equipamiento-para-furgonetas\/boxer-l4h2-l\/\"><i class=\"fa fa-angle-double-right\" aria-hidden=\"true\"><\/i> Peugeot Boxer L4 H2<\/a><\/li>\n<li class=\"col-xs-12 col-md-4\"><a title=\"Renault Master L2 H2 \/ H3\" href=\"https:\/\/www.storevan.com\/es\/equipamiento-para-furgonetas\/master-l2h2-l\/\"><i class=\"fa fa-angle-double-right\" aria-hidden=\"true\"><\/i> Renault Master L2 H2 \/ H3<\/a><\/li>\n<li class=\"col-xs-12 col-md-4\"><a title=\"Renault Master L3 H2 \/ H3\" href=\"https:\/\/www.storevan.com\/es\/equipamiento-para-furgonetas\/master-l3h2-l\/\"><i class=\"fa fa-angle-double-right\" aria-hidden=\"true\"><\/i> Renault Master L3 H2 \/ H3<\/a><\/li>\n<li class=\"break\"><\/li>\n<li class=\"col-xs-12 col-md-4\"><a title=\"Volkswagen Crafter L3 H3\" href=\"https:\/\/www.storevan.com\/es\/equipamiento-para-furgonetas\/crafter-l3h3-l\/\"><i class=\"fa fa-angle-double-right\" aria-hidden=\"true\"><\/i> Volkswagen Crafter L3 H3<\/a><\/li>\n<li class=\"col-xs-12 col-md-4\"><a title=\"Volkswagen Crafter L4 H3\" href=\"https:\/\/www.storevan.com\/es\/equipamiento-para-furgonetas\/crafter-l4h3-l\/\"><i class=\"fa fa-angle-double-right\" aria-hidden=\"true\"><\/i> Volkswagen Crafter L4 H3<\/a><\/li>\n<li class=\"break\"><\/li>\n<\/ul>\n<div class=\"break\"><\/div>\n<hr class=\"noColor\" \/>\n<div style=\"background-color: #555; color: #fff; padding: 2rem;\">\n<p class=\"text-center\"><span class=\"bigTxt\">Organizar la mercanc\u00eda en la furgoneta nunca ha sido tan f\u00e1cil!<\/span><\/p>\n<div class=\"borderTitleCenter\"><\/div>\n<p class=\"text-center\">una sola instalaci\u00f3n para cargar cajas peque\u00f1as o mercanc\u00edas voluminosas, \u00a1seg\u00fan las necesidades del d\u00eda! Hasta 6 repisas de altura con cierre total o parcial, sin cables de acero ni ganchos que impidan el posicionamiento de la mercanc\u00eda y con una capacidad de carga de hasta 120 kg. \u00bfQu\u00e9 espera? \u00a1Pida un presupuesto y descubra <span class=\"bigTxt\">Light Shelf<\/span> en vivo!<\/p>\n<\/div>\n<hr class=\"noColor\" \/>\n<hr \/>\n<div class=\"col-xs-12 col-sm-12 col-md-6\">\n<div class=\"text-center\"><a class=\"btn btn-download\" href=\"tel:+390424585455\"><i class=\"fa fa-phone\"><\/i> <span class=\"spanBtn\">LLAME AHORA<\/span><br \/>\npara cualquier informaci\u00f3n<\/a><\/div>\n<\/div>\n<div class=\"col-xs-12 col-sm-12 col-md-6\">\n<div class=\"text-center\"><a class=\"btn btn-download btnToggle\"><i class=\"fa fa-envelope\"><\/i> <span class=\"spanBtn\">ESCR\u00cdBANOS<\/span><br \/>\nle contactaremos lo antes posible<\/a><\/div>\n<\/div>\n<div class=\"break\"><\/div>\n<hr \/>\n<div class=\"formToggle\">\n<h4 class=\"bigTxt text-center txtBkOrange\"><i class=\"fa fa-envelope pull-left\"><\/i>\u00bfQUIERES SABER M\u00c1S?<\/h4>\n\n<div class=\"wpcf7 no-js\" id=\"wpcf7-f67674-o1\" lang=\"it-IT\" dir=\"ltr\">\n<div class=\"screen-reader-response\"><p role=\"status\" aria-live=\"polite\" aria-atomic=\"true\"><\/p> <ul><\/ul><\/div>\n<form action=\"\/es\/wp-json\/wp\/v2\/pages\/86574#wpcf7-f67674-o1\" method=\"post\" class=\"wpcf7-form init\" id=\"form-scaffalature-es\" aria-label=\"Modulo di contatto\" novalidate=\"novalidate\" data-status=\"init\">\n<div style=\"display: none;\">\n<input type=\"hidden\" name=\"_wpcf7\" value=\"67674\" \/>\n<input type=\"hidden\" name=\"_wpcf7_version\" value=\"5.7.7\" \/>\n<input type=\"hidden\" name=\"_wpcf7_locale\" value=\"it_IT\" \/>\n<input type=\"hidden\" name=\"_wpcf7_unit_tag\" value=\"wpcf7-f67674-o1\" \/>\n<input type=\"hidden\" name=\"_wpcf7_container_post\" value=\"0\" \/>\n<input type=\"hidden\" name=\"_wpcf7_posted_data_hash\" value=\"\" \/>\n<input type=\"hidden\" name=\"_wpcf7_recaptcha_response\" value=\"\" \/>\n<\/div>\n<span class=\"wpcf7-form-control-wrap url\" data-name=\"url\"><input type=\"hidden\" name=\"url\" size=\"40\" class=\"wpcf7-form-control wpcf7-hidden wpcf7dtx wpcf7dtx-hidden\" aria-invalid=\"false\" value=\"repisas-abatibles-para-furgonetas\" autocomplete=\"off\" \/><\/span>\n<p>Complete los siguientes campos para recibir m\u00e1s informaci\u00f3n. Uno de nuestros operadores se pondr\u00e1 en contacto con usted lo antes posible (* campos obligatorios):\n<\/p>\n<div class=\"col-xs-12 col-md-6\">\n\t<p><span class='titoli'>Nombre (*)<\/span>\n\t<\/p>\n\t<p><span class=\"wpcf7-form-control-wrap\" data-name=\"your-name\"><input size=\"40\" class=\"wpcf7-form-control wpcf7-text wpcf7-validates-as-required form-control\" aria-required=\"true\" aria-invalid=\"false\" value=\"\" type=\"text\" name=\"your-name\" \/><\/span>\n\t<\/p>\n<\/div>\n<div class=\"col-xs-12 col-md-6\">\n\t<p><span class='titoli'>Apellidos (*)<\/span>\n\t<\/p>\n\t<p><span class=\"wpcf7-form-control-wrap\" data-name=\"your-last-name\"><input size=\"40\" class=\"wpcf7-form-control wpcf7-text wpcf7-validates-as-required form-control\" aria-required=\"true\" aria-invalid=\"false\" value=\"\" type=\"text\" name=\"your-last-name\" \/><\/span>\n\t<\/p>\n<\/div>\n<div class=\"col-xs-12 col-md-6\">\n\t<p><span class='titoli'>Empresa(*)<\/span>\n\t<\/p>\n\t<p><span class=\"wpcf7-form-control-wrap\" data-name=\"your-company\"><input size=\"40\" class=\"wpcf7-form-control wpcf7-text wpcf7-validates-as-required form-control\" aria-required=\"true\" aria-invalid=\"false\" value=\"\" type=\"text\" name=\"your-company\" \/><\/span>\n\t<\/p>\n<\/div>\n<div class=\"col-xs-12 col-md-6\">\n\t<p><span class='titoli'>C\u00f3d. NIF<\/span>\n\t<\/p>\n\t<p><span class=\"wpcf7-form-control-wrap\" data-name=\"p-iva\"><input size=\"40\" class=\"wpcf7-form-control wpcf7-text form-control\" aria-invalid=\"false\" value=\"\" type=\"text\" name=\"p-iva\" \/><\/span>\n\t<\/p>\n<\/div>\n<div class=\"clearboth\">\n<\/div>\n<div class=\"col-xs-12 col-md-4\">\n\t<p><span class='titoli'>C\u00f3digo Postal(*)<\/span>\n\t<\/p>\n\t<p><span class=\"wpcf7-form-control-wrap\" data-name=\"your-zip-code\"><input size=\"40\" class=\"wpcf7-form-control wpcf7-text wpcf7-validates-as-required form-control\" aria-required=\"true\" aria-invalid=\"false\" value=\"\" type=\"text\" name=\"your-zip-code\" \/><\/span>\n\t<\/p>\n<\/div>\n<div class=\"col-xs-12 col-md-4\">\n\t<p><span class='titoli'>Direcci\u00f3n (*)<\/span>\n\t<\/p>\n\t<p><span class=\"wpcf7-form-control-wrap\" data-name=\"your-address\"><input size=\"40\" class=\"wpcf7-form-control wpcf7-text wpcf7-validates-as-required form-control\" aria-required=\"true\" aria-invalid=\"false\" value=\"\" type=\"text\" name=\"your-address\" \/><\/span>\n\t<\/p>\n<\/div>\n<div class=\"col-xs-12 col-md-4\">\n\t<p><span class='titoli'>Ciudad (*)<\/span>\n\t<\/p>\n\t<p><span class=\"wpcf7-form-control-wrap\" data-name=\"your-Town\"><input size=\"40\" class=\"wpcf7-form-control wpcf7-text wpcf7-validates-as-required form-control\" aria-required=\"true\" aria-invalid=\"false\" value=\"\" type=\"text\" name=\"your-Town\" \/><\/span>\n\t<\/p>\n<\/div>\n<div class=\"clearboth\">\n<\/div>\n<div class=\"col-xs-12 col-md-6\">\n\t<p><span class='titoli'>email (*)<\/span>\n\t<\/p>\n\t<p><span class=\"wpcf7-form-control-wrap\" data-name=\"your-email\"><input size=\"40\" class=\"wpcf7-form-control wpcf7-text wpcf7-email wpcf7-validates-as-required wpcf7-validates-as-email form-control\" aria-required=\"true\" aria-invalid=\"false\" value=\"\" type=\"email\" name=\"your-email\" \/><\/span>\n\t<\/p>\n<\/div>\n<div class=\"col-xs-12 col-md-6\">\n\t<p><span class='titoli'>Tel\u00e9fono (*)<\/span>\n\t<\/p>\n\t<p><span class=\"wpcf7-form-control-wrap\" data-name=\"telefono\"><input size=\"40\" class=\"wpcf7-form-control wpcf7-text wpcf7-tel wpcf7-validates-as-required wpcf7-validates-as-tel form-control\" aria-required=\"true\" aria-invalid=\"false\" value=\"\" type=\"tel\" name=\"telefono\" \/><\/span>\n\t<\/p>\n<\/div>\n<div class=\"clearboth\">\n<\/div>\n<div class=\"col-xs-12 col-md-6\">\n\t<p><span class='titoli'>Objeto <\/span>\n\t<\/p>\n\t<p><span class=\"wpcf7-form-control-wrap\" data-name=\"oggetto\"><select class=\"wpcf7-form-control wpcf7-select wpcf7-validates-as-required\" aria-required=\"true\" aria-invalid=\"false\" name=\"oggetto\"><option value=\"Solicitud de presupuesto\">Solicitud de presupuesto<\/option><option value=\"Informaci\u00f3n t\u00e9cnica\">Informaci\u00f3n t\u00e9cnica<\/option><option value=\"Cita\">Cita<\/option><\/select><\/span>\n\t<\/p>\n<\/div>\n<div class=\"col-xs-12 col-md-6\">\n\t<p><br \/>\n<span class=\"titoli\"> <span class=\"wpcf7-form-control-wrap\" data-name=\"cliente\"><span class=\"wpcf7-form-control wpcf7-checkbox\"><span class=\"wpcf7-list-item first last\"><label><span class=\"wpcf7-list-item-label\">Soy un cliente<\/span><input type=\"checkbox\" name=\"cliente[]\" value=\"Soy un cliente\" \/><\/label><\/span><\/span><\/span><\/span>\n\t<\/p>\n<\/div>\n<div class=\"col-xs-12 col-md-12\">\n\t<p><span class='titoli'>Mensaje (*)<\/span>\n\t<\/p>\n\t<p><span class=\"wpcf7-form-control-wrap\" data-name=\"your-message\"><textarea cols=\"40\" rows=\"10\" class=\"wpcf7-form-control wpcf7-textarea wpcf7-validates-as-required form-control\" aria-required=\"true\" aria-invalid=\"false\" name=\"your-message\"><\/textarea><\/span>\n\t<\/p>\n<\/div>\n<div class=\"col-xs-12 col-md-12\">\n\t<p><small>Los datos introducidos ser\u00e1n tratados con estricta confidencialidad de acuerdo con la ley y con nuestra <a href=\"https:\/\/www.storevan.com\/es\/privacy-policy\/\">pol\u00edtica de privacidad<\/a>.<\/small>\n\t<\/p>\n\t<p><span class=\"wpcf7-form-control-wrap\" data-name=\"AccettazionePrivacy\"><span class=\"wpcf7-form-control wpcf7-acceptance\"><span class=\"wpcf7-list-item\"><input type=\"checkbox\" name=\"AccettazionePrivacy\" value=\"1\" aria-invalid=\"false\" \/><\/span><\/span><\/span> Declaro haber le\u00eddo la Informaci\u00f3n sobre la <a href=\"https:\/\/www.storevan.com\/es\/privacy-policy\/\">Privacy<\/a> y autorizo el tratamiento de mis datos personales de conformidad con aquello aqu\u00ed descrito.(*)<br \/>\n\t<span class=\"wpcf7-form-control-wrap recaptcha\" data-name=\"recaptcha\"><span data-sitekey=\"6LdfM4AUAAAAAJjsAucux5WVNA3hsk5KP0a03T_n\" class=\"wpcf7-form-control g-recaptcha wpcf7-recaptcha\"><\/span>\r\n<noscript>\r\n\t<div class=\"grecaptcha-noscript\">\r\n\t\t<iframe src=\"https:\/\/www.google.com\/recaptcha\/api\/fallback?k=6LdfM4AUAAAAAJjsAucux5WVNA3hsk5KP0a03T_n\" frameborder=\"0\" scrolling=\"no\" width=\"310\" height=\"430\">\r\n\t\t<\/iframe>\r\n\t\t<textarea name=\"g-recaptcha-response\" rows=\"3\" cols=\"40\" placeholder=\"Aqu\u00ed la respuesta de reCAPTCHA\">\r\n\t\t<\/textarea>\r\n\t<\/div>\r\n<\/noscript>\r\n<\/span>\n\t<\/p>\n<\/div>\n<hr class=\"noColor\" \/>\n<p><input class=\"wpcf7-form-control has-spinner wpcf7-submit\" type=\"submit\" value=\"Env\u00edo\" \/>\n<\/p><div class=\"wpcf7-response-output\" aria-hidden=\"true\"><\/div>\n<\/form>\n<\/div>\n\n<\/div>\n","protected":false},"excerpt":{"rendered":"<p>Repisas abatibles para furgonetas Light Shelf Repisas abatibles para el equipamiento de furgonetas de empresas de paqueter\u00eda expr\u00e9s, florister\u00edas, furgones de venta ambulante y para todos aquellos que buscan flexibilidad.<\/p>\n","protected":false},"author":470,"featured_media":0,"parent":25669,"menu_order":0,"comment_status":"closed","ping_status":"closed","template":"","meta":[],"acf":[],"yoast_head":"<!-- This site is optimized with the Yoast SEO plugin v20.11 - https:\/\/yoast.com\/wordpress\/plugins\/seo\/ -->\n<title>Repisas abatibles para furgonetas<\/title>\n<meta name=\"description\" content=\"Repisas abatibles para furgonetas ideales para empresas de paqueter\u00eda expr\u00e9s, agencias de transportes y vendedores ambulantes. Perfectas para el transporte de mercanc\u00edas largas con una capacidad de carga de hasta 120 kg.\" \/>\n<meta name=\"robots\" content=\"index, follow, max-snippet:-1, max-image-preview:large, max-video-preview:-1\" \/>\n<link rel=\"canonical\" href=\"https:\/\/www.storevan.com\/es\/productos\/repisas-abatibles-para-furgonetas\/\" \/>\n<meta property=\"og:locale\" content=\"es_ES\" \/>\n<meta property=\"og:type\" content=\"article\" \/>\n<meta property=\"og:title\" content=\"Repisas abatibles para furgonetas\" \/>\n<meta property=\"og:description\" content=\"Repisas abatibles para furgonetas ideales para empresas de paqueter\u00eda expr\u00e9s, agencias de transportes y vendedores ambulantes. Perfectas para el transporte de mercanc\u00edas largas con una capacidad de carga de hasta 120 kg.\" \/>\n<meta property=\"og:url\" content=\"https:\/\/www.storevan.com\/es\/productos\/repisas-abatibles-para-furgonetas\/\" \/>\n<meta property=\"og:site_name\" content=\"Store Van\" \/>\n<meta property=\"article:modified_time\" content=\"2023-02-23T07:50:41+00:00\" \/>\n<meta property=\"og:image\" content=\"https:\/\/www.storevan.com\/wp-content\/uploads\/2018\/08\/ripiani-richiudibili-per-furgoni-1-150x150.jpg\" \/>\n<meta name=\"twitter:label1\" content=\"Tiempo de lectura\" \/>\n\t<meta name=\"twitter:data1\" content=\"7 minutos\" \/>\n<script type=\"application\/ld+json\" class=\"yoast-schema-graph\">{\"@context\":\"https:\/\/schema.org\",\"@graph\":[{\"@type\":\"WebPage\",\"@id\":\"https:\/\/www.storevan.com\/es\/productos\/repisas-abatibles-para-furgonetas\/\",\"url\":\"https:\/\/www.storevan.com\/es\/productos\/repisas-abatibles-para-furgonetas\/\",\"name\":\"Repisas abatibles para furgonetas\",\"isPartOf\":{\"@id\":\"https:\/\/www.storevan.com\/pl\/#website\"},\"datePublished\":\"2018-09-07T09:24:08+00:00\",\"dateModified\":\"2023-02-23T07:50:41+00:00\",\"description\":\"Repisas abatibles para furgonetas ideales para empresas de paqueter\u00eda expr\u00e9s, agencias de transportes y vendedores ambulantes. Perfectas para el transporte de mercanc\u00edas largas con una capacidad de carga de hasta 120 kg.\",\"breadcrumb\":{\"@id\":\"https:\/\/www.storevan.com\/es\/productos\/repisas-abatibles-para-furgonetas\/#breadcrumb\"},\"inLanguage\":\"es\",\"potentialAction\":[{\"@type\":\"ReadAction\",\"target\":[\"https:\/\/www.storevan.com\/es\/productos\/repisas-abatibles-para-furgonetas\/\"]}]},{\"@type\":\"BreadcrumbList\",\"@id\":\"https:\/\/www.storevan.com\/es\/productos\/repisas-abatibles-para-furgonetas\/#breadcrumb\",\"itemListElement\":[{\"@type\":\"ListItem\",\"position\":1,\"name\":\"Home\",\"item\":\"https:\/\/www.storevan.com\/es\/\"},{\"@type\":\"ListItem\",\"position\":2,\"name\":\"Productos\",\"item\":\"https:\/\/www.storevan.com\/es\/productos\/\"},{\"@type\":\"ListItem\",\"position\":3,\"name\":\"Repisas abatibles para furgonetas\"}]},{\"@type\":\"WebSite\",\"@id\":\"https:\/\/www.storevan.com\/pl\/#website\",\"url\":\"https:\/\/www.storevan.com\/pl\/\",\"name\":\"Store Van\",\"description\":\"Equipamientos furgonetas\",\"potentialAction\":[{\"@type\":\"SearchAction\",\"target\":{\"@type\":\"EntryPoint\",\"urlTemplate\":\"https:\/\/www.storevan.com\/pl\/?s={search_term_string}\"},\"query-input\":\"required name=search_term_string\"}],\"inLanguage\":\"es\"}]}<\/script>\n<!-- \/ Yoast SEO plugin. -->","yoast_head_json":{"title":"Repisas abatibles para furgonetas","description":"Repisas abatibles para furgonetas ideales para empresas de paqueter\u00eda expr\u00e9s, agencias de transportes y vendedores ambulantes. Perfectas para el transporte de mercanc\u00edas largas con una capacidad de carga de hasta 120 kg.","robots":{"index":"index","follow":"follow","max-snippet":"max-snippet:-1","max-image-preview":"max-image-preview:large","max-video-preview":"max-video-preview:-1"},"canonical":"https:\/\/www.storevan.com\/es\/productos\/repisas-abatibles-para-furgonetas\/","og_locale":"es_ES","og_type":"article","og_title":"Repisas abatibles para furgonetas","og_description":"Repisas abatibles para furgonetas ideales para empresas de paqueter\u00eda expr\u00e9s, agencias de transportes y vendedores ambulantes. Perfectas para el transporte de mercanc\u00edas largas con una capacidad de carga de hasta 120 kg.","og_url":"https:\/\/www.storevan.com\/es\/productos\/repisas-abatibles-para-furgonetas\/","og_site_name":"Store Van","article_modified_time":"2023-02-23T07:50:41+00:00","og_image":[{"url":"https:\/\/www.storevan.com\/wp-content\/uploads\/2018\/08\/ripiani-richiudibili-per-furgoni-1-150x150.jpg"}],"twitter_misc":{"Tiempo de lectura":"7 minutos"},"schema":{"@context":"https:\/\/schema.org","@graph":[{"@type":"WebPage","@id":"https:\/\/www.storevan.com\/es\/productos\/repisas-abatibles-para-furgonetas\/","url":"https:\/\/www.storevan.com\/es\/productos\/repisas-abatibles-para-furgonetas\/","name":"Repisas abatibles para furgonetas","isPartOf":{"@id":"https:\/\/www.storevan.com\/pl\/#website"},"datePublished":"2018-09-07T09:24:08+00:00","dateModified":"2023-02-23T07:50:41+00:00","description":"Repisas abatibles para furgonetas ideales para empresas de paqueter\u00eda expr\u00e9s, agencias de transportes y vendedores ambulantes. Perfectas para el transporte de mercanc\u00edas largas con una capacidad de carga de hasta 120 kg.","breadcrumb":{"@id":"https:\/\/www.storevan.com\/es\/productos\/repisas-abatibles-para-furgonetas\/#breadcrumb"},"inLanguage":"es","potentialAction":[{"@type":"ReadAction","target":["https:\/\/www.storevan.com\/es\/productos\/repisas-abatibles-para-furgonetas\/"]}]},{"@type":"BreadcrumbList","@id":"https:\/\/www.storevan.com\/es\/productos\/repisas-abatibles-para-furgonetas\/#breadcrumb","itemListElement":[{"@type":"ListItem","position":1,"name":"Home","item":"https:\/\/www.storevan.com\/es\/"},{"@type":"ListItem","position":2,"name":"Productos","item":"https:\/\/www.storevan.com\/es\/productos\/"},{"@type":"ListItem","position":3,"name":"Repisas abatibles para furgonetas"}]},{"@type":"WebSite","@id":"https:\/\/www.storevan.com\/pl\/#website","url":"https:\/\/www.storevan.com\/pl\/","name":"Store Van","description":"Equipamientos furgonetas","potentialAction":[{"@type":"SearchAction","target":{"@type":"EntryPoint","urlTemplate":"https:\/\/www.storevan.com\/pl\/?s={search_term_string}"},"query-input":"required name=search_term_string"}],"inLanguage":"es"}]}},"_links":{"self":[{"href":"https:\/\/www.storevan.com\/es\/wp-json\/wp\/v2\/pages\/86574"}],"collection":[{"href":"https:\/\/www.storevan.com\/es\/wp-json\/wp\/v2\/pages"}],"about":[{"href":"https:\/\/www.storevan.com\/es\/wp-json\/wp\/v2\/types\/page"}],"author":[{"embeddable":true,"href":"https:\/\/www.storevan.com\/es\/wp-json\/wp\/v2\/users\/470"}],"replies":[{"embeddable":true,"href":"https:\/\/www.storevan.com\/es\/wp-json\/wp\/v2\/comments?post=86574"}],"version-history":[{"count":18,"href":"https:\/\/www.storevan.com\/es\/wp-json\/wp\/v2\/pages\/86574\/revisions"}],"predecessor-version":[{"id":151001,"href":"https:\/\/www.storevan.com\/es\/wp-json\/wp\/v2\/pages\/86574\/revisions\/151001"}],"up":[{"embeddable":true,"href":"https:\/\/www.storevan.com\/es\/wp-json\/wp\/v2\/pages\/25669"}],"wp:attachment":[{"href":"https:\/\/www.storevan.com\/es\/wp-json\/wp\/v2\/media?parent=86574"}],"curies":[{"name":"wp","href":"https:\/\/api.w.org\/{rel}","templated":true}]}}