{"id":74036,"date":"2018-06-05T09:10:50","date_gmt":"2018-06-05T09:10:50","guid":{"rendered":"https:\/\/www.storevan.com\/?page_id=74036"},"modified":"2021-10-14T12:49:44","modified_gmt":"2021-10-14T12:49:44","slug":"suelos-paneles","status":"publish","type":"page","link":"https:\/\/www.storevan.com\/es\/equipamientos-vehiculos-comerciales\/man\/tge\/suelos-paneles\/","title":{"rendered":"Suelos y paneles"},"content":{"rendered":"<h1 class=\"customblackTitleSmall\">PANELES Y SUELO TGE MAN<\/h1>\n<h2>Suelos y revestimientos interiores para TGE MAN para un sistema de carga integrado y seguro<\/h2>\n<div class=\"borderTitle\"><\/div>\n<p>La protecci\u00f3n del suelo de la furgoneta, de las paredes laterales y de las puertas con los paneles y los suelos de Store Van, protegen y garantizan una larga vida \u00fatil a la furgoneta TGE MAN. Actuando como protecci\u00f3n y como base para el montaje del equipamiento para furgoneta TGE Man, los suelos de madera marina y los paneles de polipropileno alveolar se adaptan perfectamente a la zona de carga del veh\u00edculo, incluso en caso de dilataci\u00f3n t\u00e9rmica. Store Van, con su gran experiencia, fabrica equipamientos interiores extremadamente resistentes, impermeables y f\u00e1ciles de limpiar.  Gracias a los numerosos puntos de anclaje, a las gu\u00edas \u201cairline\u201d y a las barras sujeta carga, es posible sujetar la carga transportada de forma r\u00e1pida, segura y flexible. <\/p>\n<p>P\u00f3ngase en contacto con nosotros para solicitar sin compromiso un presupuesto personalizado para el revestimiento interior de su furgoneta MAN TGE.<\/p>\n<hr class=\"noColor\" \/>\n<h3 class=\"bigTxt\">PANELES Y REVESTIMIENTO INTERIOR MAN TGE:<\/h3>\n<div class=\"txtBlue\">HONEYCOMB<\/div>\n<hr class=\"noColor\" \/>\n<div class=\"one_half\">\n<img decoding=\"async\" loading=\"lazy\" class=\"alignnone size-full wp-image-64518\" src=\"https:\/\/www.storevan.com\/wp-content\/uploads\/veicoli\/pianali-pannellature\/pannellature-per-furgoni-Ducato-honeycomb.jpg\" alt=\"Paneles Man TGE - Honeycomb\" width=\"625\" height=\"390\" \/><\/p>\n<div class=\"smallTxtGrey blue\">HONEYCOMB PANEL &#8211; A<\/div>\n<p>Paneles de polipropileno para:<br \/>\n&#8211; pared lateral izquierda<br \/>\n&#8211; pared lateral derecha y puerta<\/p>\n<div class=\"smallTxtGrey blue\">HONEYCOMB PANEL &#8211; B<\/div>\n<p>Paneles de polipropileno para:<br \/>\n&#8211; parte inferior de las puertas<\/p>\n<div class=\"smallTxtGrey blue\">HONEYCOMB PANEL &#8211; C<\/div>\n<p>Paneles de polipropileno para:<br \/>\n&#8211; parte superior de las puertas<\/p>\n<\/div><div class=\"one_half last\">\n<p>TABLA C\u00d3DIGOS ART\u00cdCULO PARA MODELO:<\/p>\n<table class=\"table tableBorder\">\n<thead>\n<tr>\n<th class=\"txtBkOrange\" width=\"20%\">VEH\u00cdCULO<\/th>\n<th class=\"txtGrey\" style=\"text-align: center;\" colspan=\"2\" rowspan=\"1\">PANELES<\/th>\n<\/tr>\n<tr>\n<th><\/th>\n<th class=\"TESTO12biancoCX\" style=\"text-align: center;\" bgcolor=\"#8d8d8d\">A + B<\/th>\n<th class=\"TESTO12biancoCX\" style=\"text-align: center;\" bgcolor=\"#8d8d8d\">C<\/th>\n<\/tr>\n<tr>\n<th><\/th>\n<th style=\"text-align: center;\">ART.<\/th>\n<th style=\"text-align: center;\">ART.<\/th>\n<\/tr>\n<\/thead>\n<tbody>\n<tr class=\"border_bottomGrey\">\n<td style=\"vertical-align: middle;\" bgcolor=\"#f0f0f0\">Est\u00e1ndar, techo normal<\/td>\n<td style=\"text-align: center;\"><span class=\"blue\">F22 HP CR30H2 A0 01<\/span><br \/>\n<span class=\"TESTO12neroCX\">18,34 kg<\/span><\/td>\n<td style=\"text-align: center;\"><span class=\"blue\">F22 HP CR30H2 A0 011<\/span><br \/>\n<span class=\"TESTO12neroCX\">1,85 kg<\/span><\/td>\n<\/tr>\n<tr class=\"border_bottomGrey\">\n<td style=\"vertical-align: middle;\" bgcolor=\"#f0f0f0\">Est\u00e1ndar, techo elevado<\/td>\n<td style=\"text-align: center;\"><span class=\"blue\">F22 HP CR30H3 A0 01<\/span><br \/>\n<span class=\"TESTO12neroCX\">21,21 kg<\/span><\/td>\n<td style=\"text-align: center;\"><span class=\"blue\">F22 HP CRDRH3 A0 01<\/span><br \/>\n<span class=\"TESTO12neroCX\">2,95 kg<\/span><\/td>\n<\/tr>\n<tr class=\"border_bottomGrey\">\n<td style=\"vertical-align: middle;\" bgcolor=\"#f0f0f0\">Largo, techo elevado<\/td>\n<td style=\"text-align: center;\"><span class=\"blue\">F22 HP CR40H3 A0 01<\/span><br \/>\n<span class=\"TESTO12neroCX\">27,34 kg<\/span><\/td>\n<td style=\"text-align: center;\"><span class=\"blue\">F22 HP CRDRH3 A0 01<\/span><br \/>\n<span class=\"TESTO12neroCX\">2,95 kg<\/span><\/td>\n<\/tr>\n<tr class=\"border_bottomGrey\">\n<td style=\"vertical-align: middle;\" bgcolor=\"#f0f0f0\">S\u00faper-largo, techo elevado<\/td>\n<td style=\"text-align: center;\"><span class=\"blue\">F22 HP CR4LH3 A0 01<\/span><br \/>\n<span class=\"TESTO12neroCX\">31,34 kg<\/span><\/td>\n<td style=\"text-align: center;\"><span class=\"blue\">F22 HP CRDRH3 A0 01<\/span><br \/>\n<span class=\"TESTO12neroCX\">2,95 kg<\/span><\/td>\n<\/tr>\n<\/tbody>\n<\/table>\n<\/div><div class=\"clearboth\"><\/div>\n<div class=\"txtBlue\">ALUMINIUM PANEL<\/div>\n<hr class=\"noColor\" \/>\n<div class=\"one_half\">\n<img decoding=\"async\" loading=\"lazy\" class=\"alignnone size-full wp-image-64518\" src=\"https:\/\/www.storevan.com\/wp-content\/uploads\/veicoli\/pianali-pannellature\/pannellature-per-furgoni-Ducato-alluminio.jpg\" alt=\"Pannellature per Man TGE - Aluminium\" width=\"738\" height=\"438\" \/><\/p>\n<div class=\"smallTxtGrey blue\">ALUMINIUM PANEL &#8211; A<\/div>\n<p>Paneles de aluminio para:<br \/>\n&#8211; pared lateral izquierda<br \/>\n&#8211; pared lateral derecha y puerta corredera<\/p>\n<div class=\"smallTxtGrey blue\">ALUMINIUM PANEL &#8211; B<\/div>\n<p>Paneles de aluminio para:<br \/>\n&#8211; parte inferior de las puertas traseras batientes<\/p>\n<div class=\"smallTxtGrey blue\">ALUMINIUM PANEL &#8211; C<\/div>\n<p>Paneles de aluminio para:<br \/>\n&#8211; parte superior de las puertas traseras batientes<\/p>\n<\/div><div class=\"one_half last\">\n<p>TABLA C\u00d3DIGOS ART\u00cdCULO PARA MODELO:<\/p>\n<table class=\"table tableBorder\">\n<thead>\n<tr>\n<th class=\"txtBkOrange\" width=\"20%\">VEH\u00cdCULO<\/th>\n<th class=\"txtGrey\" style=\"text-align: center;\" colspan=\"2\" rowspan=\"1\">PANELES DE ALUMINIO<\/th>\n<\/tr>\n<tr>\n<th><\/th>\n<th class=\"TESTO12biancoCX\" style=\"text-align: center;\" bgcolor=\"#8d8d8d\">A + B<\/th>\n<th class=\"TESTO12biancoCX\" style=\"text-align: center;\" bgcolor=\"#8d8d8d\">C<\/th>\n<\/tr>\n<tr>\n<th><\/th>\n<th style=\"text-align: center;\">ART.<\/th>\n<th style=\"text-align: center;\">ART.<\/th>\n<\/tr>\n<\/thead>\n<tbody>\n<tr class=\"border_bottomGrey\">\n<td style=\"vertical-align: middle;\" bgcolor=\"#f0f0f0\">Est\u00e1ndar, techo normal<\/td>\n<td style=\"text-align: center;\"><span class=\"blue\">F22 AP CR30H2 A0 00<\/span><br \/>\n<span class=\"TESTO12neroCX\">32,14 kg<\/span><\/td>\n<td style=\"text-align: center;\"><span class=\"blue\">F22 AP CRDRH2 A0 00<\/span><br \/>\n<span class=\"TESTO12neroCX\">3,17 kg<\/span><\/td>\n<\/tr>\n<tr class=\"border_bottomGrey\">\n<td style=\"vertical-align: middle;\" bgcolor=\"#f0f0f0\">Est\u00e1ndar, techo elevado<\/td>\n<td style=\"text-align: center;\"><span class=\"blue\">F22 AP CR30H3 A0 00<\/span><br \/>\n<span class=\"TESTO12neroCX\">36,74 kg<\/span><\/td>\n<td style=\"text-align: center;\"><span class=\"blue\">F22 AP CRDRH3 A0 00<\/span><br \/>\n<span class=\"TESTO12neroCX\">5,08 kg<\/span><\/td>\n<\/tr>\n<tr class=\"border_bottomGrey\">\n<td style=\"vertical-align: middle;\" bgcolor=\"#f0f0f0\">Largo, techo elevado<\/td>\n<td style=\"text-align: center;\"><span class=\"blue\">F22 AP CR40H3 A0 00<\/span><br \/>\n<span class=\"TESTO12neroCX\">47,27 kg<\/span><\/td>\n<td style=\"text-align: center;\"><span class=\"blue\">F22 AP CRDRH3 A0 00<\/span><br \/>\n<span class=\"TESTO12neroCX\">5,08 kg<\/span><\/td>\n<\/tr>\n<tr class=\"border_bottomGrey\">\n<td style=\"vertical-align: middle;\" bgcolor=\"#f0f0f0\">S\u00faper-largo, techo elevado<\/td>\n<td style=\"text-align: center;\"><span class=\"blue\">F22 AP CR4LH3 A0 00<\/span><br \/>\n<span class=\"TESTO12neroCX\">54,91 kg<\/span><\/td>\n<td style=\"text-align: center;\"><span class=\"blue\">F22 AP CRDRH3 A0 00<\/span><br \/>\n<span class=\"TESTO12neroCX\">5,08 kg<\/span><\/td>\n<\/tr>\n<\/tbody>\n<\/table>\n<\/div><div class=\"clearboth\"><\/div>\n<hr \/>\n<h3 class=\"bigTxt\">SOLUCIONES DE SUELO PARA MAN TGE:<\/h3>\n<div class=\"txtBlue\">WOOD FLOOR<\/div>\n<hr class=\"noColor\" \/>\n<div class=\"one_half\">\n<img decoding=\"async\" loading=\"lazy\" src=\"https:\/\/www.storevan.com\/wp-content\/uploads\/veicoli\/pianali-pannellature\/pianale-furgone-tge-wood-floor.jpg\" alt=\"Suelos Man TGE - Wood Floor\" width=\"547\" height=\"325\" class=\"aligncenter size-full wp-image-126967\" \/><\/p>\n<div class=\"smallTxtGrey blue\">WOOD FLOOR &#8211; D<\/div>\n<p>Suelo de madera de 9\/12 mm de espesor, con revestimiento fen\u00f3lico y predisposici\u00f3n para los anclajes originales del veh\u00edculo<\/p>\n<div class=\"smallTxtGrey blue\">WOOD FLOOR &#8211; F<\/div>\n<p>Panel de mampara de madera de 12 mm de espesor, con recubrimiento fen\u00f3lico<\/p>\n<\/div><div class=\"one_half last\">\n<hr class=\"noColor\" \/>\n<p>TABLA C\u00d3DIGOS ART\u00cdCULO PARA MODELO:<\/p>\n<table class=\"table tableBorder\">\n<thead>\n<tr>\n<th class=\"txtBkOrange\" width=\"20%\">VEH\u00cdCULO<\/th>\n<th class=\"txtGrey\" style=\"text-align: center;\" colspan=\"2\" rowspan=\"1\">SUELO<\/th>\n<th class=\"txtGrey\" style=\"text-align: center;\">DETR\u00c1S CABINA<\/th>\n<\/tr>\n<tr>\n<th><\/th>\n<th class=\"TESTO12biancoCX\" style=\"text-align: center;\" bgcolor=\"#8d8d8d\">D (9 mm)<\/th>\n<th class=\"TESTO12biancoCX\" style=\"text-align: center;\" bgcolor=\"#8d8d8d\">D (12 mm)<\/th>\n<th class=\"TESTO12biancoCX\" style=\"text-align: center;\" bgcolor=\"#8d8d8d\">F (1500-650&#215;12 mm)<\/th>\n<\/tr>\n<tr>\n<th><\/th>\n<th style=\"text-align: center;\" scope=\"col\">ART.<\/th>\n<th style=\"text-align: center;\" scope=\"col\">ART.<\/th>\n<th style=\"text-align: center;\" scope=\"col\">ART.<\/th>\n<\/tr>\n<\/thead>\n<tbody>\n<tr class=\"border_bottomGrey\">\n<td style=\"vertical-align: middle;\" bgcolor=\"#f0f0f0\">Est\u00e1ndar<\/td>\n<td style=\"text-align: center;\"><span class=\"blue\">F22WFCR30D1A01S<\/span><br \/>\n<span class=\"TESTO12neroCX\">37,64 kg<\/span><\/td>\n<td style=\"text-align: center;\"><span class=\"blue\">F22WFCR30T1A01S<\/span><br \/>\n<span class=\"TESTO12neroCX\">46,61 kg<\/span><\/td>\n<td style=\"text-align: center;\"><span class=\"blue\">F22WFCRWBT1A01S<\/span><br \/>\n<span class=\"TESTO12neroCX\">8,40 kg<\/span><\/td>\n<\/tr>\n<tr class=\"border_bottomGrey\">\n<td style=\"vertical-align: middle;\" bgcolor=\"#f0f0f0\">Largo<\/td>\n<td style=\"text-align: center;\"><span class=\"blue\">F22WFCR40D1A01S<\/span><br \/>\n<span class=\"TESTO12neroCX\">47,84 kg<\/span><\/td>\n<td style=\"text-align: center;\"><span class=\"blue\">F22WFCR40T1A01S<\/span><br \/>\n<span class=\"TESTO12neroCX\">59,85 kg<\/span><\/td>\n<td style=\"text-align: center;\"><span class=\"blue\">F22WFCRWBT1A01S<\/span><br \/>\n<span class=\"TESTO12neroCX\">8,40 kg<\/span><\/td>\n<\/tr>\n<tr class=\"border_bottomGrey\">\n<td style=\"vertical-align: middle;\" bgcolor=\"#f0f0f0\">S\u00faper-largo<\/td>\n<td style=\"text-align: center;\"><span class=\"blue\">F22WFCR4LD1A01S<\/span><br \/>\n<span class=\"TESTO12neroCX\">54,80 kg<\/span><\/td>\n<td style=\"text-align: center;\"><span class=\"blue\">F22WFCR4LT1A01S<\/span><br \/>\n<span class=\"TESTO12neroCX\">67,99 kg<\/span><\/td>\n<td style=\"text-align: center;\"><span class=\"blue\">F22WFCRWBT1A01S<\/span><br \/>\n<span class=\"TESTO12neroCX\">8,40 kg<\/span><\/td>\n<\/tr>\n<\/tbody>\n<\/table>\n<p>Suelo para veh\u00edculo con puerta lateral derecha y paredes de chapa.<\/p>\n<table class=\"table tableBorder\">\n<tbody>\n<tr class=\"border_bottomGrey\">\n<td><img decoding=\"async\" loading=\"lazy\" src=\"https:\/\/www.storevan.com\/wp-content\/uploads\/veicoli\/pianali-pannellature\/logo-ISO9001.jpg\" alt=\"T\u00dcV-certified\" width=\"120\" height=\"120\" \/><\/td>\n<td style=\"vertical-align: middle;\">Suelos de madera con coeficiente de fricci\u00f3n certificado <strong>T\u00dcV<\/strong><\/td>\n<\/tr>\n<\/tbody>\n<\/table>\n<\/div><div class=\"clearboth\"><\/div>\n<div class=\"txtBlue\">ALUMINIUM FLOOR<\/div>\n<hr class=\"noColor\" \/>\n<div class=\"one_half\">\n<img decoding=\"async\" loading=\"lazy\" class=\"alignnone size-full wp-image-64506\" src=\"https:\/\/www.storevan.com\/wp-content\/uploads\/veicoli\/pianali-pannellature\/pianale-per-furgoni-Ducato-alluminio.jpg\" alt=\"Suelo para Man TGE - Aluminium\" width=\"738\" height=\"438\" \/><\/p>\n<div class=\"smallTxtGrey blue\">ALUMINIUM FLOOR &#8211; D<\/div>\n<p>Suelo de madera de 9 mm de espesor, revestido de aluminio lagrimado de 2 mm y predisposici\u00f3n para los anclajes originales del veh\u00edculo<\/p>\n<\/div><div class=\"one_half last\">\n<hr class=\"noColor\" \/>\n<p>TABLA C\u00d3DIGOS ART\u00cdCULO PARA MODELO:<\/p>\n<table class=\"table tableBorder\">\n<thead>\n<tr>\n<th class=\"txtBkOrange\" width=\"20%\">VEH\u00cdCULO<\/th>\n<th class=\"txtGrey\" style=\"text-align: center;\" colspan=\"2\" rowspan=\"1\">SUELOS DE ALUMINIO (Madera + Aluminio)<\/th>\n<\/tr>\n<tr>\n<th><\/th>\n<th class=\"TESTO12biancoCX\" style=\"text-align: center;\" bgcolor=\"#8d8d8d\">D (9 mm)<\/th>\n<\/tr>\n<tr>\n<th><\/th>\n<th style=\"text-align: center;\" scope=\"col\">ART.<\/th>\n<\/tr>\n<\/thead>\n<tbody>\n<tr class=\"border_bottomGrey\">\n<td style=\"vertical-align: middle;\" bgcolor=\"#f0f0f0\">Est\u00e1ndar<\/td>\n<td style=\"text-align: center;\"><span class=\"blue\">F22 AF CR30A1 A0 00 + F22 AF CR30B1 A0 00<\/span><br \/>\n<span class=\"TESTO12neroCX\">38,38 kg + 41,35 kg<\/span><\/td>\n<\/tr>\n<tr class=\"border_bottomGrey\">\n<td style=\"vertical-align: middle;\" bgcolor=\"#f0f0f0\">Largo<\/td>\n<td style=\"text-align: center;\"><span class=\"blue\">F22 AF CR40A1 A0 00 + F22 AF CR40B1 A0 00<\/span><br \/>\n<span class=\"TESTO12neroCX\">48,05 kg + 58,57 kg<\/span><\/td>\n<\/tr>\n<tr class=\"border_bottomGrey\">\n<td style=\"vertical-align: middle;\" bgcolor=\"#f0f0f0\">S\u00faper-largo<\/td>\n<td style=\"text-align: center;\"><span class=\"blue\">F22 AF CR4LA1 A0 00 + F22 AF CR4LB1 A0 00<\/span><br \/>\n<span class=\"TESTO12neroCX\">54,18 kg + 58,16 kg<\/span><\/td>\n<\/tr>\n<\/tbody>\n<\/table>\n<p>Suelo para veh\u00edculo con puerta lateral derecha y paredes de chapa.<br \/>\n<\/div><div class=\"clearboth\"><\/div>\n<div class=\"txtBlue\">SAFETY FLOOR<\/div>\n<hr class=\"noColor\" \/>\n<div class=\"one_half\">\n<img decoding=\"async\" loading=\"lazy\" src=\"https:\/\/www.storevan.com\/wp-content\/uploads\/veicoli\/pianali-pannellature\/pianale-furgone-tge-safety-floor.jpg\" alt=\"Suelos Man TGE - Safety Floor\" width=\"547\" height=\"343\" class=\"aligncenter size-full wp-image-126968\" \/><\/p>\n<div class=\"smallTxtGrey blue\">SUELO SAFETY FLOOR &#8211; D<\/div>\n<p>Suelo de madera de 9 mm de espesor, con recubrimiento fen\u00f3lico y sistema de anclaje adicional<\/p>\n<div class=\"smallTxtGrey blue\">SUELO SAFETY FLOOR &#8211; F<\/div>\n<p>Panel de mampara de madera de 12 mm de espesor, con recubrimiento fen\u00f3lico<br \/>\n<\/div><div class=\"one_half last\">\n<hr class=\"noColor\" \/>\n<p>TABLA C\u00d3DIGOS ART\u00cdCULO PARA MODELO:<\/p>\n<table class=\"table tableBorder\">\n<thead>\n<tr>\n<th class=\"txtBkOrange\" width=\"20%\">VEH\u00cdCULO<\/th>\n<th class=\"txtGrey\" style=\"text-align: center;\">SUELO<\/th>\n<th class=\"txtGrey\" style=\"text-align: center;\">DETR\u00c1S CABINA<\/th>\n<\/tr>\n<tr>\n<th><\/th>\n<th class=\"TESTO12biancoCX\" style=\"text-align: center;\" bgcolor=\"#8d8d8d\">D (9 mm)<\/th>\n<th class=\"TESTO12biancoCX\" style=\"text-align: center;\" bgcolor=\"#8d8d8d\">F (1500x650x12 mm)<\/th>\n<\/tr>\n<tr>\n<th><\/th>\n<th style=\"text-align: center;\">ART.<\/th>\n<th style=\"text-align: center;\">ART.<\/th>\n<\/tr>\n<\/thead>\n<tbody>\n<tr class=\"border_bottomGrey\">\n<td style=\"vertical-align: middle;\" bgcolor=\"#f0f0f0\">Est\u00e1ndar<\/td>\n<td style=\"text-align: center;\"><span class=\"blue\">F22 SF CR30G1 A0 1S<\/span><br \/>\n<span class=\"TESTO12neroCX\">43,10 kg<\/span><\/td>\n<td style=\"text-align: center;\"><span class=\"blue\">F22 WF CRWBT1 A0 1S<\/span><br \/>\n<span class=\"TESTO12neroCX\">8,40 kg<\/span><\/td>\n<\/tr>\n<tr class=\"border_bottomGrey\">\n<td style=\"vertical-align: middle;\" bgcolor=\"#f0f0f0\">Largo<\/td>\n<td style=\"text-align: center;\"><span class=\"blue\">F22 SF CR40G1 A0 1S<\/span><br \/>\n<span class=\"TESTO12neroCX\">55,16 kg<\/span><\/td>\n<td style=\"text-align: center;\"><span class=\"blue\">F22 WF CRWBT1 A0 1S<\/span><br \/>\n<span class=\"TESTO12neroCX\">8,40 kg<\/span><\/td>\n<\/tr>\n<tr class=\"border_bottomGrey\">\n<td style=\"vertical-align: middle;\" bgcolor=\"#f0f0f0\">S\u00faper-largo<\/td>\n<td style=\"text-align: center;\"><span class=\"blue\">F22 SF CR4LG1 A0 1S<\/span><br \/>\n<span class=\"TESTO12neroCX\">62,19 kg<\/span><\/td>\n<td style=\"text-align: center;\"><span class=\"blue\">F22 WF CRWBT1 A0 1S<\/span><br \/>\n<span class=\"TESTO12neroCX\">8,40 kg<\/span><\/td>\n<\/tr>\n<\/tbody>\n<\/table>\n<p>Suelo para veh\u00edculo con puerta lateral derecha y paredes de chapa.<\/p>\n<div class=\"alert notice\">\n<div class=\"msg\">El suelo debe encolarse al veh\u00edculo.<\/div>\n<\/div>\n<table class=\"table tableBorder\">\n<tbody>\n<tr class=\"border_bottomGrey\">\n<td><img decoding=\"async\" loading=\"lazy\" src=\"https:\/\/www.storevan.com\/wp-content\/uploads\/veicoli\/pianali-pannellature\/logo-ISO9001.jpg\" alt=\"T\u00dcV-certified\" width=\"120\" height=\"120\" \/><\/td>\n<td style=\"vertical-align: middle;\">Suelos de madera con coeficiente de fricci\u00f3n certificado <strong>T\u00dcV<\/strong><\/td>\n<\/tr>\n<\/tbody>\n<\/table>\n<\/div><div class=\"clearboth\"><\/div>\n<div class=\"smallTxtGrey blue\">ACCESORIOS PARA LA SEGURIDAD DE LA CARGA &#8211; (1-9)<\/div>\n<div class=\"col-xs-6 col-sm-4 col-md-3 col-lg-2 galleryPage text-center\"><span class=\"testoImgSfondo\">1<\/span><img decoding=\"async\" loading=\"lazy\" src=\"https:\/\/www.storevan.com\/wp-content\/uploads\/veicoli\/pianali-pannellature\/01-barra.jpg\" alt=\"Barra horizontal de aluminio\" width=\"200\" height=\"125\" border=\"0\" \/><span class=\"smaller\">Barra horizontal de aluminio<\/span><\/div>\n<div class=\"col-xs-6 col-sm-4 col-md-3 col-lg-2 galleryPage text-center\"><span class=\"testoImgSfondo\">2<\/span><img decoding=\"async\" loading=\"lazy\" src=\"https:\/\/www.storevan.com\/wp-content\/uploads\/veicoli\/pianali-pannellature\/02-barra.jpg\" alt=\"Barra horizontal de aluminio\" width=\"200\" height=\"125\" border=\"0\" \/><span class=\"smaller\">Barra horizontal de aluminio<\/span><\/div>\n<div class=\"col-xs-6 col-sm-4 col-md-3 col-lg-2 galleryPage text-center\"><span class=\"testoImgSfondo\">3<\/span><img decoding=\"async\" loading=\"lazy\" src=\"https:\/\/www.storevan.com\/wp-content\/uploads\/veicoli\/pianali-pannellature\/03-barra.jpg\" alt=\"Barra horizontal de aluminio\" width=\"200\" height=\"125\" border=\"0\" \/><span class=\"smaller\">Barra horizontal de aluminio<\/span><\/div>\n<div class=\"col-xs-6 col-sm-4 col-md-3 col-lg-2 galleryPage text-center\"><span class=\"testoImgSfondo\">4<\/span><img decoding=\"async\" loading=\"lazy\" src=\"https:\/\/www.storevan.com\/wp-content\/uploads\/veicoli\/pianali-pannellature\/04-barra-telescopica.jpg\" alt=\"Barra telescopica sujeta carga sujeta carga\" width=\"200\" height=\"125\" border=\"0\" hspace=\"0\" \/><span class=\"smaller\">Barra telescopica sujeta carga<\/span><\/div>\n<div class=\"col-xs-6 col-sm-4 col-md-3 col-lg-2 galleryPage text-center\"><span class=\"testoImgSfondo\">5<\/span><img decoding=\"async\" loading=\"lazy\" src=\"https:\/\/www.storevan.com\/wp-content\/uploads\/veicoli\/pianali-pannellature\/05-finale-plastica.jpg\" alt=\"Finale per barra in plastica\" width=\"200\" height=\"125\" border=\"0\" hspace=\"0\" \/><span class=\"smaller\">Terminaci\u00f3n de plastico para barras<\/span><\/div>\n<div class=\"col-xs-6 col-sm-4 col-md-3 col-lg-2 galleryPage text-center\"><span class=\"testoImgSfondo\">6<\/span><img decoding=\"async\" loading=\"lazy\" src=\"https:\/\/www.storevan.com\/wp-content\/uploads\/veicoli\/pianali-pannellature\/06-anello-fermacarico.jpg\" alt=\"Anillo sujeta carga\" width=\"200\" height=\"125\" border=\"0\" hspace=\"0\" \/><span class=\"smaller\">Anillo sujeta carga<\/span><\/div>\n<div class=\"col-xs-6 col-sm-4 col-md-3 col-lg-2 galleryPage text-center\"><span class=\"testoImgSfondo\">7<\/span><img decoding=\"async\" loading=\"lazy\" src=\"https:\/\/www.storevan.com\/wp-content\/uploads\/veicoli\/pianali-pannellature\/07-cinghia-fermacarico.jpg\" alt=\"Cinta para fijaci\u00f3n de la carga con hebilla de presi\u00f3n\" width=\"200\" height=\"125\" border=\"0\" hspace=\"0\" \/><span class=\"smaller\">Cinta para fijaci\u00f3n de la carga con hebilla de presi\u00f3n<\/span><\/div>\n<div class=\"col-xs-6 col-sm-4 col-md-3 col-lg-2 galleryPage text-center\"><span class=\"testoImgSfondo\">8<\/span><img decoding=\"async\" loading=\"lazy\" src=\"https:\/\/www.storevan.com\/wp-content\/uploads\/veicoli\/pianali-pannellature\/08-cinghia-fermacarico.jpg\" alt=\"Cinta para fijaci\u00f3n de la carga con trinquete\" width=\"200\" height=\"125\" border=\"0\" hspace=\"0\" \/><span class=\"smaller\">Cinta para fijaci\u00f3n de la carga con trinquete<\/span><\/div>\n<div class=\"col-xs-6 col-sm-4 col-md-3 col-lg-2 galleryPage text-center\"><span class=\"testoImgSfondo\">9<\/span><img decoding=\"async\" loading=\"lazy\" src=\"https:\/\/www.storevan.com\/wp-content\/uploads\/veicoli\/pianali-pannellature\/09-cinghia-fermacarico.jpg\" alt=\"Cinta para fijaci\u00f3n de la carga con trinquete\" width=\"200\" height=\"125\" border=\"0\" \/><span class=\"smaller\">Cinta para fijaci\u00f3n de la carga con trinquete<\/span><\/div>\n<div class=\"break\"><\/div>\n<p><a class=\"btn btn-blue\" title=\"\u00a1Descubre toda la gama de accesorios!\" href=\"https:\/\/www.storevan.com\/es\/productos\/furgonetas-seguridad-carga\/\">\u00a1Descubre toda la gama de accesorios!<\/a><\/p>\n<hr \/>\n<div class=\"col-xs-12 col-sm-12 col-md-6\">\n<div class=\"text-center\"><a class=\"btn btn-download\" title=\"LLAME AHORA\" href=\"tel:+390424585455\"><i class=\"fa fa-phone\"><\/i> <span class=\"spanBtn\">LLAME AHORA<\/span><br \/>\npara cualquier informaci\u00f3n<\/a><\/div>\n<\/div>\n<div class=\"col-xs-12 col-sm-12 col-md-6\">\n<div class=\"text-center\"><a class=\"btn btn-download\" title=\"DESCARGAR\" href=\"https:\/\/www.storevan.com\/wp-content\/uploads\/doc\/MAN_TGE_Equipamiento_Wyposazenie_StoreVan_espl.pdf\" target=\"_blank\" rel=\"noopener\"><i class=\"fa fa-download\"><\/i> <span class=\"spanBtn\">DESCARGAR<\/span><br \/>\nCAT\u00c1LOGO TGE<\/a><\/div>\n<\/div>\n<div class=\"break\"><\/div>\n<hr \/>\n<h4 class=\"bigTxt text-center txtBkOrange\"><i class=\"fa fa-envelope pull-left\"><\/i> \u00bfQUIERES SABER M\u00c1S?<\/h4>\n\n<div class=\"wpcf7 no-js\" id=\"wpcf7-f67674-o1\" lang=\"it-IT\" dir=\"ltr\">\n<div class=\"screen-reader-response\"><p role=\"status\" aria-live=\"polite\" aria-atomic=\"true\"><\/p> <ul><\/ul><\/div>\n<form action=\"\/es\/wp-json\/wp\/v2\/pages\/74036#wpcf7-f67674-o1\" method=\"post\" class=\"wpcf7-form init\" aria-label=\"Modulo di contatto\" novalidate=\"novalidate\" data-status=\"init\">\n<div style=\"display: none;\">\n<input type=\"hidden\" name=\"_wpcf7\" value=\"67674\" \/>\n<input type=\"hidden\" name=\"_wpcf7_version\" value=\"5.7.7\" \/>\n<input type=\"hidden\" name=\"_wpcf7_locale\" value=\"it_IT\" \/>\n<input type=\"hidden\" name=\"_wpcf7_unit_tag\" value=\"wpcf7-f67674-o1\" \/>\n<input type=\"hidden\" name=\"_wpcf7_container_post\" value=\"0\" \/>\n<input type=\"hidden\" name=\"_wpcf7_posted_data_hash\" value=\"\" \/>\n<input type=\"hidden\" name=\"_wpcf7_recaptcha_response\" value=\"\" \/>\n<\/div>\n<span class=\"wpcf7-form-control-wrap url\" data-name=\"url\"><input type=\"hidden\" name=\"url\" size=\"40\" class=\"wpcf7-form-control wpcf7-hidden wpcf7dtx wpcf7dtx-hidden\" aria-invalid=\"false\" value=\"suelos-paneles\" autocomplete=\"off\" \/><\/span>\n<p>Complete los siguientes campos para recibir m\u00e1s informaci\u00f3n. Uno de nuestros operadores se pondr\u00e1 en contacto con usted lo antes posible (* campos obligatorios):\n<\/p>\n<div class=\"col-xs-12 col-md-6\">\n\t<p><span class='titoli'>Nombre (*)<\/span>\n\t<\/p>\n\t<p><span class=\"wpcf7-form-control-wrap\" data-name=\"your-name\"><input size=\"40\" class=\"wpcf7-form-control wpcf7-text wpcf7-validates-as-required form-control\" aria-required=\"true\" aria-invalid=\"false\" value=\"\" type=\"text\" name=\"your-name\" \/><\/span>\n\t<\/p>\n<\/div>\n<div class=\"col-xs-12 col-md-6\">\n\t<p><span class='titoli'>Apellidos (*)<\/span>\n\t<\/p>\n\t<p><span class=\"wpcf7-form-control-wrap\" data-name=\"your-last-name\"><input size=\"40\" class=\"wpcf7-form-control wpcf7-text wpcf7-validates-as-required form-control\" aria-required=\"true\" aria-invalid=\"false\" value=\"\" type=\"text\" name=\"your-last-name\" \/><\/span>\n\t<\/p>\n<\/div>\n<div class=\"col-xs-12 col-md-6\">\n\t<p><span class='titoli'>Empresa(*)<\/span>\n\t<\/p>\n\t<p><span class=\"wpcf7-form-control-wrap\" data-name=\"your-company\"><input size=\"40\" class=\"wpcf7-form-control wpcf7-text wpcf7-validates-as-required form-control\" aria-required=\"true\" aria-invalid=\"false\" value=\"\" type=\"text\" name=\"your-company\" \/><\/span>\n\t<\/p>\n<\/div>\n<div class=\"col-xs-12 col-md-6\">\n\t<p><span class='titoli'>C\u00f3d. NIF<\/span>\n\t<\/p>\n\t<p><span class=\"wpcf7-form-control-wrap\" data-name=\"p-iva\"><input size=\"40\" class=\"wpcf7-form-control wpcf7-text form-control\" aria-invalid=\"false\" value=\"\" type=\"text\" name=\"p-iva\" \/><\/span>\n\t<\/p>\n<\/div>\n<div class=\"clearboth\">\n<\/div>\n<div class=\"col-xs-12 col-md-4\">\n\t<p><span class='titoli'>C\u00f3digo Postal(*)<\/span>\n\t<\/p>\n\t<p><span class=\"wpcf7-form-control-wrap\" data-name=\"your-zip-code\"><input size=\"40\" class=\"wpcf7-form-control wpcf7-text wpcf7-validates-as-required form-control\" aria-required=\"true\" aria-invalid=\"false\" value=\"\" type=\"text\" name=\"your-zip-code\" \/><\/span>\n\t<\/p>\n<\/div>\n<div class=\"col-xs-12 col-md-4\">\n\t<p><span class='titoli'>Direcci\u00f3n (*)<\/span>\n\t<\/p>\n\t<p><span class=\"wpcf7-form-control-wrap\" data-name=\"your-address\"><input size=\"40\" class=\"wpcf7-form-control wpcf7-text wpcf7-validates-as-required form-control\" aria-required=\"true\" aria-invalid=\"false\" value=\"\" type=\"text\" name=\"your-address\" \/><\/span>\n\t<\/p>\n<\/div>\n<div class=\"col-xs-12 col-md-4\">\n\t<p><span class='titoli'>Ciudad (*)<\/span>\n\t<\/p>\n\t<p><span class=\"wpcf7-form-control-wrap\" data-name=\"your-Town\"><input size=\"40\" class=\"wpcf7-form-control wpcf7-text wpcf7-validates-as-required form-control\" aria-required=\"true\" aria-invalid=\"false\" value=\"\" type=\"text\" name=\"your-Town\" \/><\/span>\n\t<\/p>\n<\/div>\n<div class=\"clearboth\">\n<\/div>\n<div class=\"col-xs-12 col-md-6\">\n\t<p><span class='titoli'>email (*)<\/span>\n\t<\/p>\n\t<p><span class=\"wpcf7-form-control-wrap\" data-name=\"your-email\"><input size=\"40\" class=\"wpcf7-form-control wpcf7-text wpcf7-email wpcf7-validates-as-required wpcf7-validates-as-email form-control\" aria-required=\"true\" aria-invalid=\"false\" value=\"\" type=\"email\" name=\"your-email\" \/><\/span>\n\t<\/p>\n<\/div>\n<div class=\"col-xs-12 col-md-6\">\n\t<p><span class='titoli'>Tel\u00e9fono (*)<\/span>\n\t<\/p>\n\t<p><span class=\"wpcf7-form-control-wrap\" data-name=\"telefono\"><input size=\"40\" class=\"wpcf7-form-control wpcf7-text wpcf7-tel wpcf7-validates-as-required wpcf7-validates-as-tel form-control\" aria-required=\"true\" aria-invalid=\"false\" value=\"\" type=\"tel\" name=\"telefono\" \/><\/span>\n\t<\/p>\n<\/div>\n<div class=\"clearboth\">\n<\/div>\n<div class=\"col-xs-12 col-md-6\">\n\t<p><span class='titoli'>Objeto <\/span>\n\t<\/p>\n\t<p><span class=\"wpcf7-form-control-wrap\" data-name=\"oggetto\"><select class=\"wpcf7-form-control wpcf7-select wpcf7-validates-as-required\" aria-required=\"true\" aria-invalid=\"false\" name=\"oggetto\"><option value=\"Solicitud de presupuesto\">Solicitud de presupuesto<\/option><option value=\"Informaci\u00f3n t\u00e9cnica\">Informaci\u00f3n t\u00e9cnica<\/option><option value=\"Cita\">Cita<\/option><\/select><\/span>\n\t<\/p>\n<\/div>\n<div class=\"col-xs-12 col-md-6\">\n\t<p><br \/>\n<span class=\"titoli\"> <span class=\"wpcf7-form-control-wrap\" data-name=\"cliente\"><span class=\"wpcf7-form-control wpcf7-checkbox\"><span class=\"wpcf7-list-item first last\"><label><span class=\"wpcf7-list-item-label\">Soy un cliente<\/span><input type=\"checkbox\" name=\"cliente[]\" value=\"Soy un cliente\" \/><\/label><\/span><\/span><\/span><\/span>\n\t<\/p>\n<\/div>\n<div class=\"col-xs-12 col-md-12\">\n\t<p><span class='titoli'>Mensaje (*)<\/span>\n\t<\/p>\n\t<p><span class=\"wpcf7-form-control-wrap\" data-name=\"your-message\"><textarea cols=\"40\" rows=\"10\" class=\"wpcf7-form-control wpcf7-textarea wpcf7-validates-as-required form-control\" aria-required=\"true\" aria-invalid=\"false\" name=\"your-message\"><\/textarea><\/span>\n\t<\/p>\n<\/div>\n<div class=\"col-xs-12 col-md-12\">\n\t<p><small>Los datos introducidos ser\u00e1n tratados con estricta confidencialidad de acuerdo con la ley y con nuestra <a href=\"https:\/\/www.storevan.com\/es\/privacy-policy\/\">pol\u00edtica de privacidad<\/a>.<\/small>\n\t<\/p>\n\t<p><span class=\"wpcf7-form-control-wrap\" data-name=\"AccettazionePrivacy\"><span class=\"wpcf7-form-control wpcf7-acceptance\"><span class=\"wpcf7-list-item\"><input type=\"checkbox\" name=\"AccettazionePrivacy\" value=\"1\" aria-invalid=\"false\" \/><\/span><\/span><\/span> Declaro haber le\u00eddo la Informaci\u00f3n sobre la <a href=\"https:\/\/www.storevan.com\/es\/privacy-policy\/\">Privacy<\/a> y autorizo el tratamiento de mis datos personales de conformidad con aquello aqu\u00ed descrito.(*)<br \/>\n\t<span class=\"wpcf7-form-control-wrap recaptcha\" data-name=\"recaptcha\"><span data-sitekey=\"6LdfM4AUAAAAAJjsAucux5WVNA3hsk5KP0a03T_n\" class=\"wpcf7-form-control g-recaptcha wpcf7-recaptcha\"><\/span>\r\n<noscript>\r\n\t<div class=\"grecaptcha-noscript\">\r\n\t\t<iframe src=\"https:\/\/www.google.com\/recaptcha\/api\/fallback?k=6LdfM4AUAAAAAJjsAucux5WVNA3hsk5KP0a03T_n\" frameborder=\"0\" scrolling=\"no\" width=\"310\" height=\"430\">\r\n\t\t<\/iframe>\r\n\t\t<textarea name=\"g-recaptcha-response\" rows=\"3\" cols=\"40\" placeholder=\"Aqu\u00ed la respuesta de reCAPTCHA\">\r\n\t\t<\/textarea>\r\n\t<\/div>\r\n<\/noscript>\r\n<\/span>\n\t<\/p>\n<\/div>\n<hr class=\"noColor\" \/>\n<p><input class=\"wpcf7-form-control has-spinner wpcf7-submit\" type=\"submit\" value=\"Env\u00edo\" \/>\n<\/p><div class=\"wpcf7-response-output\" aria-hidden=\"true\"><\/div>\n<\/form>\n<\/div>\n\n","protected":false},"excerpt":{"rendered":"<p>PANELES Y SUELO TGE MAN Suelos y revestimientos interiores para TGE MAN para un sistema de carga integrado y seguro La protecci\u00f3n del suelo de la furgoneta, de las paredes.<\/p>\n","protected":false},"author":470,"featured_media":0,"parent":74004,"menu_order":0,"comment_status":"closed","ping_status":"closed","template":"","meta":[],"acf":[],"yoast_head":"<!-- This site is optimized with the Yoast SEO plugin v20.11 - https:\/\/yoast.com\/wordpress\/plugins\/seo\/ -->\n<title>Suelos y paneles para furgonetas MAN TGE<\/title>\n<meta name=\"description\" content=\"Suelos y paneles para furgonetas MAN TGE. Dise\u00f1o y seguridad para un sistema de carga integrado con los revestimientos interiores para TGE de Store Van\" \/>\n<meta name=\"robots\" content=\"index, follow, max-snippet:-1, max-image-preview:large, max-video-preview:-1\" \/>\n<link rel=\"canonical\" href=\"https:\/\/www.storevan.com\/es\/equipamientos-vehiculos-comerciales\/man\/tge\/suelos-paneles\/\" \/>\n<meta property=\"og:locale\" content=\"es_ES\" \/>\n<meta property=\"og:type\" content=\"article\" \/>\n<meta property=\"og:title\" content=\"Suelos y paneles para furgonetas MAN TGE\" \/>\n<meta property=\"og:description\" content=\"Suelos y paneles para furgonetas MAN TGE. Dise\u00f1o y seguridad para un sistema de carga integrado con los revestimientos interiores para TGE de Store Van\" \/>\n<meta property=\"og:url\" content=\"https:\/\/www.storevan.com\/es\/equipamientos-vehiculos-comerciales\/man\/tge\/suelos-paneles\/\" \/>\n<meta property=\"og:site_name\" content=\"Store Van\" \/>\n<meta property=\"article:modified_time\" content=\"2021-10-14T12:49:44+00:00\" \/>\n<meta property=\"og:image\" content=\"https:\/\/www.storevan.com\/wp-content\/uploads\/veicoli\/pianali-pannellature\/pannellature-per-furgoni-Ducato-honeycomb.jpg\" \/>\n<meta name=\"twitter:label1\" content=\"Tiempo de lectura\" \/>\n\t<meta name=\"twitter:data1\" content=\"5 minutos\" \/>\n<script type=\"application\/ld+json\" class=\"yoast-schema-graph\">{\"@context\":\"https:\/\/schema.org\",\"@graph\":[{\"@type\":\"WebPage\",\"@id\":\"https:\/\/www.storevan.com\/es\/equipamientos-vehiculos-comerciales\/man\/tge\/suelos-paneles\/\",\"url\":\"https:\/\/www.storevan.com\/es\/equipamientos-vehiculos-comerciales\/man\/tge\/suelos-paneles\/\",\"name\":\"Suelos y paneles para furgonetas MAN TGE\",\"isPartOf\":{\"@id\":\"https:\/\/www.storevan.com\/pl\/#website\"},\"datePublished\":\"2018-06-05T09:10:50+00:00\",\"dateModified\":\"2021-10-14T12:49:44+00:00\",\"description\":\"Suelos y paneles para furgonetas MAN TGE. Dise\u00f1o y seguridad para un sistema de carga integrado con los revestimientos interiores para TGE de Store Van\",\"breadcrumb\":{\"@id\":\"https:\/\/www.storevan.com\/es\/equipamientos-vehiculos-comerciales\/man\/tge\/suelos-paneles\/#breadcrumb\"},\"inLanguage\":\"es\",\"potentialAction\":[{\"@type\":\"ReadAction\",\"target\":[\"https:\/\/www.storevan.com\/es\/equipamientos-vehiculos-comerciales\/man\/tge\/suelos-paneles\/\"]}]},{\"@type\":\"BreadcrumbList\",\"@id\":\"https:\/\/www.storevan.com\/es\/equipamientos-vehiculos-comerciales\/man\/tge\/suelos-paneles\/#breadcrumb\",\"itemListElement\":[{\"@type\":\"ListItem\",\"position\":1,\"name\":\"Home\",\"item\":\"https:\/\/www.storevan.com\/es\/\"},{\"@type\":\"ListItem\",\"position\":2,\"name\":\"Equipamientos veh\u00edculos comerciales\",\"item\":\"https:\/\/www.storevan.com\/es\/equipamientos-vehiculos-comerciales\/\"},{\"@type\":\"ListItem\",\"position\":3,\"name\":\"Man\",\"item\":\"https:\/\/www.storevan.com\/es\/equipamientos-vehiculos-comerciales\/man\/\"},{\"@type\":\"ListItem\",\"position\":4,\"name\":\"TGE\",\"item\":\"https:\/\/www.storevan.com\/es\/equipamientos-vehiculos-comerciales\/man\/tge\/\"},{\"@type\":\"ListItem\",\"position\":5,\"name\":\"Suelos y paneles\"}]},{\"@type\":\"WebSite\",\"@id\":\"https:\/\/www.storevan.com\/pl\/#website\",\"url\":\"https:\/\/www.storevan.com\/pl\/\",\"name\":\"Store Van\",\"description\":\"Equipamientos furgonetas\",\"potentialAction\":[{\"@type\":\"SearchAction\",\"target\":{\"@type\":\"EntryPoint\",\"urlTemplate\":\"https:\/\/www.storevan.com\/pl\/?s={search_term_string}\"},\"query-input\":\"required name=search_term_string\"}],\"inLanguage\":\"es\"}]}<\/script>\n<!-- \/ Yoast SEO plugin. -->","yoast_head_json":{"title":"Suelos y paneles para furgonetas MAN TGE","description":"Suelos y paneles para furgonetas MAN TGE. Dise\u00f1o y seguridad para un sistema de carga integrado con los revestimientos interiores para TGE de Store Van","robots":{"index":"index","follow":"follow","max-snippet":"max-snippet:-1","max-image-preview":"max-image-preview:large","max-video-preview":"max-video-preview:-1"},"canonical":"https:\/\/www.storevan.com\/es\/equipamientos-vehiculos-comerciales\/man\/tge\/suelos-paneles\/","og_locale":"es_ES","og_type":"article","og_title":"Suelos y paneles para furgonetas MAN TGE","og_description":"Suelos y paneles para furgonetas MAN TGE. Dise\u00f1o y seguridad para un sistema de carga integrado con los revestimientos interiores para TGE de Store Van","og_url":"https:\/\/www.storevan.com\/es\/equipamientos-vehiculos-comerciales\/man\/tge\/suelos-paneles\/","og_site_name":"Store Van","article_modified_time":"2021-10-14T12:49:44+00:00","og_image":[{"url":"https:\/\/www.storevan.com\/wp-content\/uploads\/veicoli\/pianali-pannellature\/pannellature-per-furgoni-Ducato-honeycomb.jpg"}],"twitter_misc":{"Tiempo de lectura":"5 minutos"},"schema":{"@context":"https:\/\/schema.org","@graph":[{"@type":"WebPage","@id":"https:\/\/www.storevan.com\/es\/equipamientos-vehiculos-comerciales\/man\/tge\/suelos-paneles\/","url":"https:\/\/www.storevan.com\/es\/equipamientos-vehiculos-comerciales\/man\/tge\/suelos-paneles\/","name":"Suelos y paneles para furgonetas MAN TGE","isPartOf":{"@id":"https:\/\/www.storevan.com\/pl\/#website"},"datePublished":"2018-06-05T09:10:50+00:00","dateModified":"2021-10-14T12:49:44+00:00","description":"Suelos y paneles para furgonetas MAN TGE. Dise\u00f1o y seguridad para un sistema de carga integrado con los revestimientos interiores para TGE de Store Van","breadcrumb":{"@id":"https:\/\/www.storevan.com\/es\/equipamientos-vehiculos-comerciales\/man\/tge\/suelos-paneles\/#breadcrumb"},"inLanguage":"es","potentialAction":[{"@type":"ReadAction","target":["https:\/\/www.storevan.com\/es\/equipamientos-vehiculos-comerciales\/man\/tge\/suelos-paneles\/"]}]},{"@type":"BreadcrumbList","@id":"https:\/\/www.storevan.com\/es\/equipamientos-vehiculos-comerciales\/man\/tge\/suelos-paneles\/#breadcrumb","itemListElement":[{"@type":"ListItem","position":1,"name":"Home","item":"https:\/\/www.storevan.com\/es\/"},{"@type":"ListItem","position":2,"name":"Equipamientos veh\u00edculos comerciales","item":"https:\/\/www.storevan.com\/es\/equipamientos-vehiculos-comerciales\/"},{"@type":"ListItem","position":3,"name":"Man","item":"https:\/\/www.storevan.com\/es\/equipamientos-vehiculos-comerciales\/man\/"},{"@type":"ListItem","position":4,"name":"TGE","item":"https:\/\/www.storevan.com\/es\/equipamientos-vehiculos-comerciales\/man\/tge\/"},{"@type":"ListItem","position":5,"name":"Suelos y paneles"}]},{"@type":"WebSite","@id":"https:\/\/www.storevan.com\/pl\/#website","url":"https:\/\/www.storevan.com\/pl\/","name":"Store Van","description":"Equipamientos furgonetas","potentialAction":[{"@type":"SearchAction","target":{"@type":"EntryPoint","urlTemplate":"https:\/\/www.storevan.com\/pl\/?s={search_term_string}"},"query-input":"required name=search_term_string"}],"inLanguage":"es"}]}},"_links":{"self":[{"href":"https:\/\/www.storevan.com\/es\/wp-json\/wp\/v2\/pages\/74036"}],"collection":[{"href":"https:\/\/www.storevan.com\/es\/wp-json\/wp\/v2\/pages"}],"about":[{"href":"https:\/\/www.storevan.com\/es\/wp-json\/wp\/v2\/types\/page"}],"author":[{"embeddable":true,"href":"https:\/\/www.storevan.com\/es\/wp-json\/wp\/v2\/users\/470"}],"replies":[{"embeddable":true,"href":"https:\/\/www.storevan.com\/es\/wp-json\/wp\/v2\/comments?post=74036"}],"version-history":[{"count":2,"href":"https:\/\/www.storevan.com\/es\/wp-json\/wp\/v2\/pages\/74036\/revisions"}],"predecessor-version":[{"id":133509,"href":"https:\/\/www.storevan.com\/es\/wp-json\/wp\/v2\/pages\/74036\/revisions\/133509"}],"up":[{"embeddable":true,"href":"https:\/\/www.storevan.com\/es\/wp-json\/wp\/v2\/pages\/74004"}],"wp:attachment":[{"href":"https:\/\/www.storevan.com\/es\/wp-json\/wp\/v2\/media?parent=74036"}],"curies":[{"name":"wp","href":"https:\/\/api.w.org\/{rel}","templated":true}]}}