{"id":67658,"date":"2018-03-13T15:02:50","date_gmt":"2018-03-13T15:02:50","guid":{"rendered":"https:\/\/www.storevan.com\/allestimenti-interni-furgoni\/"},"modified":"2022-01-26T13:58:09","modified_gmt":"2022-01-26T13:58:09","slug":"equipamientos-interiores-furgonetas","status":"publish","type":"page","link":"https:\/\/www.storevan.com\/es\/equipamientos-interiores-furgonetas\/","title":{"rendered":"Equipamientos interiores para furgonetas"},"content":{"rendered":"<h1 class=\"customblackTitleSmall\">Equipamientos interiores para furgonetas<\/h1>\n<p>Store Van ofrece soluciones de equipamientos interiores para furgonetas de cualquier modelo y tama\u00f1o, que permiten moverse con mayor comodidad durante la jornada de trabajo a bordo de un veh\u00edculo comercial. Un equipamiento profesional protege su furgoneta, maximiza el espacio a disposici\u00f3n, ordena las herramientas, sujeta la mercanc\u00eda, contiene el material de trabajo y las piezas de repuesto.<\/p>\n<h2>Equipamientos interiores de acuerdo con las \u00faltimas normativas sobre la seguridad de la carga<\/h2>\n<div class=\"borderTitle\"><\/div>\n<p>Con la incorporaci\u00f3n de la <strong>Directiva 2014\/47\/UE<\/strong> se intensificar\u00e1n los controles de los veh\u00edculos de transporte de las categor\u00edas N2 y N3 y se sensibilizar\u00e1 el control de la seguridad de la carga para furgonetas. Todas las soluciones de equipamiento Store Van respetan las nuevas normas sobre el <a href=\"https:\/\/www.storevan.com\/es\/productos\/furgonetas-seguridad-carga\/\">bloqueo de mercanc\u00edas<\/a> y permiten implementar sistemas de fijaci\u00f3n de la carga, tanto verticales como horizontales, gracias al uso del suelo <a href=\"https:\/\/www.storevan.com\/es\/productos\/paneles-suelos-furgonetas\/\">SAFETY FLOOR<\/a>.<\/p>\n<hr class=\"noColor\"\/>\n<div class=\"col-xs-12 col-sm-4 col-md-4\"><input id=\"post-safety\" class=\"read-more-state\" type=\"checkbox\" \/><\/p>\n<div class=\"titBoxSol text-center\">\n<h4 class=\"txtBlack bigTxt txtUP\"><span class=\"txtOrange\">SAFETY<\/span>, estanter\u00edas con fijaci\u00f3n de la carga de serie<\/h4>\n<\/div>\n<div class=\"easyzoom easyzoom--overlay easyzoom--with-thumbnails id1\"><a title=\"SAFETY, estanter\u00edas con fijaci\u00f3n de la carga de serie\" href=\"https:\/\/www.storevan.com\/wp-content\/uploads\/2018\/02\/safety-1.jpg\"><img decoding=\"async\" loading=\"lazy\" title=\"Standard shelving with load fixing\" src=\"https:\/\/www.storevan.com\/wp-content\/uploads\/2018\/02\/safety-1-480x480.jpg\" alt=\"Estanter\u00edas para furgonetas con fijaci\u00f3n de la carga de serieg\" width=\"350\" height=\"327\" \/><\/a>\n<\/div>\n<ul id=\"1\" class=\"thumbnails thumbsBox\">\n<li><a href=\"https:\/\/www.storevan.com\/wp-content\/uploads\/2018\/02\/safety-1.jpg\" data-standard=\"https:\/\/www.storevan.com\/wp-content\/uploads\/2018\/02\/safety-1-480x480.jpg\" title=\"Equipamientos interiores SAFETY\"><img decoding=\"async\" src=\"https:\/\/www.storevan.com\/wp-content\/uploads\/2018\/02\/safety-1-150x150.jpg\" alt=\"Equipamientos interiores SAFETY\" \/><\/a><\/li>\n<li><a href=\"https:\/\/www.storevan.com\/wp-content\/uploads\/2022\/01\/DU-2014-04.jpg\" data-standard=\"https:\/\/www.storevan.com\/wp-content\/uploads\/2022\/01\/DU-2014-04-480x480-1.jpg\" title=\"Safety - Fiat Ducato L1 H1\/CH1 - DU 2014 04\"><img decoding=\"async\" src=\"https:\/\/www.storevan.com\/wp-content\/uploads\/2022\/01\/DU-2014-04-150x150-1.jpg\" alt=\"Safety - Fiat Ducato L1 H1\/CH1 - DU 2014 04\" \/><\/a><\/li>\n<li><a href=\"https:\/\/www.storevan.com\/wp-content\/uploads\/2022\/01\/CU-2013-01.jpg\" data-standard=\"https:\/\/www.storevan.com\/wp-content\/uploads\/2022\/01\/CU-2013-01-480x480-1.jpg\" title=\"Safety - Custom L1 H1 - CU 2013 01\"><img decoding=\"async\" src=\"https:\/\/www.storevan.com\/wp-content\/uploads\/2022\/01\/CU-2013-01-150x150-1.jpg\" alt=\"Safety - Custom L1 H1 - CU 2013 01\" \/><\/a><\/li>\n<li><a href=\"https:\/\/www.storevan.com\/wp-content\/uploads\/2022\/01\/DO-1210-01.jpg\" data-standard=\"https:\/\/www.storevan.com\/wp-content\/uploads\/2022\/01\/DO-1210-01-480x480-1.jpg\" title=\"Safety - Dobl\u00f2 L1 H1 - D0 1210 01\"><img decoding=\"async\" src=\"https:\/\/www.storevan.com\/wp-content\/uploads\/2022\/01\/DO-1210-01-150x150-1.jpg\" alt=\"Safety - Dobl\u00f2 L1 H1 - D0 1210 01\" \/><\/a><\/li>\n<li><a href=\"https:\/\/www.storevan.com\/wp-content\/uploads\/2022\/01\/FI-1009-06.jpg\" data-standard=\"https:\/\/www.storevan.com\/wp-content\/uploads\/2022\/01\/FI-1009-06-480x480-1.jpg\" title=\"Safety - Fiorino L1 H1 - FI-1009-06\"><img decoding=\"async\" src=\"https:\/\/www.storevan.com\/wp-content\/uploads\/2022\/01\/FI-1009-06-150x150-1.jpg\" alt=\"Safety - Fiorino L1 H1 - FI-1009-06\" \/><\/a><\/li>\n<\/ul>\n<div class=\"break\"><\/div>\n<p class=\"read-more-wrap\">La soluci\u00f3n para el equipamiento de furgonetas SAFETY de Store Van nace para satisfacer los requisitos de las nuevas directivas sobre la seguridad de la carga. <span class=\"read-more-target\">En los m\u00f3dulos se integran elementos estructurales que permiten el uso de sistemas de sujeci\u00f3n \u201cAirline\u201d, tales como cinturones, redes y barras elesc\u00f3picas. Este nuevo nivel de equipamiento para veh\u00edculos comerciales facilita la sujeci\u00f3n de objetos peque\u00f1os y medianos incluso all\u00ec donde hayan suelos para furgonetas sin sistemas de anclaje, garantizando as\u00ed la seguridad de la carga. Los elementos de anclaje \u201cAirline\u201d del nivel SAFETY aumentan la estabilidad del m\u00f3dulo sin aumentar su peso, ya que est\u00e1n integrados en la misma estructura del equipamiento. <\/span><label class=\"read-more-trigger\" for=\"post-safety\">Leer m\u00e1s&#8230;<\/label><\/p>\n<\/div>\n<div class=\"col-xs-12 col-sm-4 col-md-4\"><input id=\"post-professional\" class=\"read-more-state\" type=\"checkbox\" \/><\/p>\n<div class=\"titBoxSol text-center\">\n<h4 class=\"txtBlack bigTxt txtUP\"><span class=\"txtOrange\">PROFESSIONAL<\/span>, estanter\u00edas con sistemas de fijaci\u00f3n Airline adicionales<\/h4>\n<\/div>\n<div class=\"easyzoom easyzoom--overlay easyzoom--with-thumbnails id2\"><a title=\"Estanter\u00edas con sistemas de fijaci\u00f3n Airline adicionales\" href=\"https:\/\/www.storevan.com\/wp-content\/uploads\/2018\/02\/professional-1.jpg\"><img decoding=\"async\" loading=\"lazy\" title=\"Equipamientos interiores Professional\" src=\"https:\/\/www.storevan.com\/wp-content\/uploads\/2018\/02\/professional-1-480x480.jpg\" alt=\"Equipamientos interiores Professional\" width=\"350\" height=\"327\" \/><\/a>\n<\/div>\n<ul id=\"2\" class=\"thumbnails thumbsBox\">\n<li><a href=\"https:\/\/www.storevan.com\/wp-content\/uploads\/2018\/02\/professional-1.jpg\" data-standard=\"https:\/\/www.storevan.com\/wp-content\/uploads\/2018\/02\/professional-1-480x480.jpg\" title=\"Equipamiento Professional\"><img decoding=\"async\" src=\"https:\/\/www.storevan.com\/wp-content\/uploads\/2018\/02\/professional-1-150x150.jpg\" alt=\"Equipamiento Professional\" \/><\/a><\/li>\n<li><a href=\"https:\/\/www.storevan.com\/wp-content\/uploads\/2022\/01\/DU-L1H1-P1.jpg\" data-standard=\"https:\/\/www.storevan.com\/wp-content\/uploads\/2022\/01\/DU-L1H1-P1-480x480-1.jpg\" title=\"Professional - Ducato L1 H1\/CH1 - DU L1H1 P1\"><img decoding=\"async\" src=\"https:\/\/www.storevan.com\/wp-content\/uploads\/2022\/01\/DU-L1H1-P1-150x150-1.jpg\" alt=\"Professional - Ducato L1 H1\/CH1 - DU L1H1 P1\" \/><\/a><\/li>\n<li><a href=\"https:\/\/www.storevan.com\/wp-content\/uploads\/2022\/01\/CU-L1H1-P1.jpg\" data-standard=\"https:\/\/www.storevan.com\/wp-content\/uploads\/2022\/01\/CU-L1H1-P1-480x480-1.jpg\" title=\"Professional - Ford Custom L1 H1 - CU L1H1 P1\"><img decoding=\"async\" src=\"https:\/\/www.storevan.com\/wp-content\/uploads\/2022\/01\/CU-L1H1-P1-150x150-1.jpg\" alt=\"Professional - Ford Custom L1 H1 - CU L1H1 P1\" \/><\/a><\/li>\n<li><a href=\"https:\/\/www.storevan.com\/wp-content\/uploads\/2022\/01\/DO-L1H1-P1.jpg\" data-standard=\"https:\/\/www.storevan.com\/wp-content\/uploads\/2022\/01\/DO-L1H1-P1-480x480-1.jpg\" title=\"Professional - Fiat Dobl\u00f2 L1 H1 - DO L1H1 P1\"><img decoding=\"async\" src=\"https:\/\/www.storevan.com\/wp-content\/uploads\/2022\/01\/DO-L1H1-P1-150x150-1.jpg\" alt=\"Professional - Fiat Dobl\u00f2 L1 H1 - DO L1H1 P1\" \/><\/a><\/li>\n<li><a href=\"https:\/\/www.storevan.com\/wp-content\/uploads\/2022\/01\/FI-L1H1-P1.jpg\" data-standard=\"https:\/\/www.storevan.com\/wp-content\/uploads\/2022\/01\/FI-L1H1-P1-480x480-1.jpg\" title=\"Professional - Fiorino L1H1 - FI L1H1 P1\"><img decoding=\"async\" src=\"https:\/\/www.storevan.com\/wp-content\/uploads\/2022\/01\/FI-L1H1-P1-150x150-1.jpg\" alt=\"Professional - Fiorino L1H1 - FI L1H1 P1\" \/><\/a><\/li>\n<\/ul>\n<div class=\"break\"><\/div>\n<p class=\"read-more-wrap\">El equipamiento para furgonetas PROFESSIONAL dise\u00f1ado por Store Van est\u00e1 perfectamente integrado en el veh\u00edculo y est\u00e1 estudiado espec\u00edficamente para resaltar <span class=\"read-more-target\">las caracter\u00edsticas estructurales y din\u00e1micas. Los m\u00f3dulos de este nuevo nivel de equipamiento para veh\u00edculos comerciales, tales como las estanter\u00edas para furgonetas, integran, de serie, elementos para una sujeci\u00f3n perfecta de la carga al chasis del veh\u00edculo utilizando los sistemas de sujeci\u00f3n \u201cAirline\u201d. Hay disponibles sistemas verticales y horizontales de sujeci\u00f3n de la carga gracias al nuevo suelo SAFETY FLOOR. <\/span><label class=\"read-more-trigger\" for=\"post-professional\">Leer m\u00e1s&#8230;<\/label><\/p>\n<\/div>\n<div class=\"col-xs-12 col-sm-4 col-md-4\"><input id=\"post-mobile\" class=\"read-more-state\" type=\"checkbox\" \/><\/p>\n<div class=\"titBoxSol text-center\">\n<h4 class=\"txtBlack bigTxt txtUP\"><span class=\"txtOrange\">MOBILE<\/span>, equipamiento integrado con maletines para piezas peque\u00f1as y carros<\/h4>\n<\/div>\n<div class=\"easyzoom easyzoom--overlay easyzoom--with-thumbnails id3\"><a title=\"Equipamientos interiores Mobile\" href=\"https:\/\/www.storevan.com\/wp-content\/uploads\/2018\/02\/mobile-1-480x480.jpg\"><img decoding=\"async\" loading=\"lazy\" title=\"Equipamientos integrado con maletines para piezas peque\u00f1as y carros\" src=\"https:\/\/www.storevan.com\/wp-content\/uploads\/2018\/02\/mobile-1-480x480.jpg\" alt=\"Equipamientos interiores Mobile\" width=\"350\" height=\"327\" \/><\/a>\n<\/div>\n<ul id=\"3\" class=\"thumbnails thumbsBox\">\n<li><a href=\"https:\/\/www.storevan.com\/wp-content\/uploads\/2018\/02\/mobile-1.jpg\" data-standard=\"https:\/\/www.storevan.com\/wp-content\/uploads\/2018\/02\/mobile-1-480x480.jpg\" title=\"Equipamiento  Mobile\"><img decoding=\"async\" src=\"https:\/\/www.storevan.com\/wp-content\/uploads\/2018\/02\/mobile-1-150x150.jpg\" alt=\"Equipamiento Mobile\" \/><\/a><\/li>\n<li><a href=\"https:\/\/www.storevan.com\/wp-content\/uploads\/2022\/01\/DU-L1H1-M1.jpg\" data-standard=\"https:\/\/www.storevan.com\/wp-content\/uploads\/2022\/01\/DU-L1H1-M1-480x480-1.jpg\" title=\"Mobile - Fiat Ducato L1 H1\/CH1 - DU L1H1 M1\"><img decoding=\"async\" src=\"https:\/\/www.storevan.com\/wp-content\/uploads\/2022\/01\/DU-L1H1-M1-150x150-1.jpg\" alt=\"Mobile - Fiat Ducato L1 H1\/CH1 - DU L1H1 M1\" \/><\/a><\/li>\n<li><a href=\"https:\/\/www.storevan.com\/wp-content\/uploads\/2022\/01\/CU-L1H1-M1.jpg\" data-standard=\"https:\/\/www.storevan.com\/wp-content\/uploads\/2022\/01\/CU-L1H1-M1-480x480-1.jpg\" title=\"Mobile - Ford Custom L1 H1 -CU L1H1 M1\"><img decoding=\"async\" src=\"https:\/\/www.storevan.com\/wp-content\/uploads\/2022\/01\/CU-L1H1-M1-150x150-1.jpg\" alt=\"Mobile - Ford Custom L1 H1 -CU L1H1 M1\" \/><\/a><\/li>\n<li><a href=\"https:\/\/www.storevan.com\/wp-content\/uploads\/2022\/01\/DO-L1H1-M1.jpg\" data-standard=\"https:\/\/www.storevan.com\/wp-content\/uploads\/2022\/01\/DO-L1H1-M1-480x480-1.jpg\" title=\"Mobile, Fiat Dobl\u00f2 L1 H1 - DO L1H1 M1\"><img decoding=\"async\" src=\"https:\/\/www.storevan.com\/wp-content\/uploads\/2022\/01\/DO-L1H1-M1-150x150-1.jpg\" alt=\"Mobile, Fiat Dobl\u00f2 L1 H1 - DO L1H1 M1\" \/><\/a><\/li>\n<li><a href=\"https:\/\/www.storevan.com\/wp-content\/uploads\/2022\/01\/FI-L1H1-M1.jpg\" data-standard=\"https:\/\/www.storevan.com\/wp-content\/uploads\/2022\/01\/FI-L1H1-M1-480x480-1.jpg\" title=\"Mobile - Fiat Fiorino - FI L1H1 M1\"><img decoding=\"async\" src=\"https:\/\/www.storevan.com\/wp-content\/uploads\/2022\/01\/FI-L1H1-M1-150x150-1.jpg\" alt=\"Mobile - Fiat Fiorino - FI L1H1 M1\" \/><\/a><\/li>\n<\/ul>\n<div class=\"break\"><\/div>\n<p class=\"read-more-wrap\">La soluci\u00f3n MOBILE integra los equipamientos para veh\u00edculos comerciales Store Van con los maletines para piezas peque\u00f1as y su carro, <span class=\"read-more-target\"> para facilitar al usuario del taller m\u00f3vil el transporte de la mercanc\u00eda y de las herramientas desde el veh\u00edculo al lugar de trabajo. Los nuevos elementos de anclaje \u201cAirline\u201d aumentan la estabilidad del m\u00f3dulo sin modificar el peso. Tambi\u00e9n en este caso, en la estanter\u00eda est\u00e1n integrados los elementos que permiten utilizar los sistemas de sujeci\u00f3n \u201cAirline\u201d. Se pueden elegir sistemas de sujeci\u00f3n de la carga tanto verticales como horizontales gracias a la introducci\u00f3n del suelo SAFETY FLOOR. <\/span><label class=\"read-more-trigger\" for=\"post-mobile\">Leer m\u00e1s&#8230;<\/label><\/p>\n<\/div>\n<div class=\"break\"><\/div>\n<hr class=\"noColor\"\/>\n<div class=\"selMarca txtBlue\"><div class=\"col-xs-12 col-sm-12 col-md-4\"><p>Seleccione el equipamiento para:<\/p><\/div>\n\t<div class=\"col-xs-12 col-sm-6 col-md-3\"><select id=\"make\" class=\"form-control\"><option value=\"0\">Marca<\/option><option value=\"1\">Citroen<\/option><option value=\"2\">Dacia<\/option><option value=\"3\">Fiat<\/option><option value=\"4\">Ford<\/option><option value=\"5\">Hyundai<\/option><option value=\"6\">Iveco<\/option><option value=\"7\">Man<\/option><option value=\"8\">Mercedes-benz<\/option><option value=\"9\">Nissan<\/option><option value=\"10\">Opel<\/option><option value=\"11\">Peugeot<\/option><option value=\"12\">Renault<\/option><option value=\"13\">Toyota<\/option><option value=\"14\">Volkswagen<\/option><\/select><\/div><hr class=\"noColor break visible-xs\"\/>\n\t<div class=\"col-xs-12 col-sm-6 col-md-3\"><select id=\"model\" class=\"form-control\"><option value=\"0\">Modelo<\/option><option id=\"https:\/\/www.storevan.com\/es\/equipamientos-vehiculos-comerciales\/furgonetas-citroen\/nemo\/\" class=\"Nemo\" value=\"1\">Nemo<\/option><option id=\"https:\/\/www.storevan.com\/es\/equipamientos-vehiculos-comerciales\/furgonetas-citroen\/jumpy-2016\/\" class=\"Jumpy\" value=\"1\">Jumpy<\/option><option id=\"https:\/\/www.storevan.com\/es\/equipamientos-vehiculos-comerciales\/furgonetas-citroen\/jumper\/\" class=\"Jumper\" value=\"1\">Jumper<\/option><option id=\"https:\/\/www.storevan.com\/es\/equipamientos-vehiculos-comerciales\/furgonetas-citroen\/berlingo\/\" class=\"Berlingo\" value=\"1\">Berlingo<\/option><option id=\"https:\/\/www.storevan.com\/es\/equipamientos-vehiculos-comerciales\/furgonetas-citroen\/jumpy-2016\/\" class=\"Jumpy\" value=\"1\">Jumpy<\/option><option id=\"https:\/\/www.storevan.com\/es\/equipamientos-vehiculos-comerciales\/furgonetas-dacia\/dokker\/\" class=\"Dokker\" value=\"2\">Dokker<\/option><option id=\"https:\/\/www.storevan.com\/es\/equipamientos-vehiculos-comerciales\/furgonetas-fiat\/doblo\/\" class=\"Dobl\u00f2\" value=\"3\">Dobl\u00f2<\/option><option id=\"https:\/\/www.storevan.com\/es\/equipamientos-vehiculos-comerciales\/furgonetas-fiat\/ducato\/\" class=\"Ducato\" value=\"3\">Ducato<\/option><option id=\"https:\/\/www.storevan.com\/es\/equipamientos-vehiculos-comerciales\/furgonetas-fiat\/fiorino\/\" class=\"Fiorino\" value=\"3\">Fiorino<\/option><option id=\"https:\/\/www.storevan.com\/es\/equipamientos-vehiculos-comerciales\/furgonetas-fiat\/talento\/\" class=\"Talento\" value=\"3\">Talento<\/option><option id=\"https:\/\/www.storevan.com\/es\/equipamientos-vehiculos-comerciales\/furgonetas-ford\/courier\/\" class=\"Courier\" value=\"4\">Courier<\/option><option id=\"https:\/\/www.storevan.com\/es\/equipamientos-vehiculos-comerciales\/furgonetas-ford\/connect\/\" class=\"Connect\" value=\"4\">Connect<\/option><option id=\"https:\/\/www.storevan.com\/es\/equipamientos-vehiculos-comerciales\/furgonetas-ford\/custom\/\" class=\"Custom\" value=\"4\">Custom<\/option><option id=\"https:\/\/www.storevan.com\/es\/equipamientos-vehiculos-comerciales\/furgonetas-ford\/transit\/\" class=\"Transit\" value=\"4\">Transit<\/option><option id=\"https:\/\/www.storevan.com\/es\/equipamientos-vehiculos-comerciales\/furgonetas-hyundai\/h350\/\" class=\"H350\" value=\"5\">H350<\/option><option id=\"https:\/\/www.storevan.com\/es\/equipamientos-vehiculos-comerciales\/furgonetas-iveco\/daily\/\" class=\"Daily\" value=\"6\">Daily<\/option><option id=\"https:\/\/www.storevan.com\/es\/equipamientos-vehiculos-comerciales\/man\/tge\/\" class=\"TGE\" value=\"7\">TGE<\/option><option id=\"https:\/\/www.storevan.com\/es\/equipamientos-vehiculos-comerciales\/furgonetas-mercedes-benz\/citan\/\" class=\"Citan\" value=\"8\">Citan<\/option><option id=\"https:\/\/www.storevan.com\/es\/equipamientos-vehiculos-comerciales\/furgonetas-mercedes-benz\/vito\/\" class=\"Vito\" value=\"8\">Vito<\/option><option id=\"https:\/\/www.storevan.com\/es\/equipamientos-vehiculos-comerciales\/furgonetas-mercedes-benz\/sprinter\/\" class=\"Sprinter\" value=\"8\">Sprinter<\/option><option id=\"https:\/\/www.storevan.com\/es\/equipamientos-vehiculos-comerciales\/furgonetas-nissan\/nv200\/\" class=\"NV200\" value=\"9\">NV200<\/option><option id=\"https:\/\/www.storevan.com\/es\/equipamientos-vehiculos-comerciales\/furgonetas-nissan\/nv300\/\" class=\"NV300\" value=\"9\">NV300<\/option><option id=\"https:\/\/www.storevan.com\/es\/equipamientos-vehiculos-comerciales\/furgonetas-nissan\/nv400\/\" class=\"NV400\" value=\"9\">NV400<\/option><option id=\"https:\/\/www.storevan.com\/es\/equipamientos-vehiculos-comerciales\/furgonetas-opel\/combo\/\" class=\"Combo\" value=\"10\">Combo<\/option><option id=\"https:\/\/www.storevan.com\/es\/equipamientos-vehiculos-comerciales\/furgonetas-opel\/vivaro\/\" class=\"Vivaro\" value=\"10\">Vivaro<\/option><option id=\"https:\/\/www.storevan.com\/es\/equipamientos-vehiculos-comerciales\/furgonetas-opel\/movano\/\" class=\"Movano\" value=\"10\">Movano<\/option><option id=\"https:\/\/www.storevan.com\/es\/equipamientos-vehiculos-comerciales\/furgonetas-opel\/movano-2021\/\" class=\"Movano 2021\" value=\"10\">Movano 2021<\/option><option id=\"https:\/\/www.storevan.com\/es\/equipamientos-vehiculos-comerciales\/furgonetas-peugeot\/bipper\/\" class=\"Bipper\" value=\"11\">Bipper<\/option><option id=\"https:\/\/www.storevan.com\/es\/equipamientos-vehiculos-comerciales\/furgonetas-peugeot\/partner\/\" class=\"Partner\" value=\"11\">Partner<\/option><option id=\"https:\/\/www.storevan.com\/es\/equipamientos-vehiculos-comerciales\/furgonetas-peugeot\/boxer\/\" class=\"Boxer\" value=\"11\">Boxer<\/option><option id=\"https:\/\/www.storevan.com\/es\/equipamientos-vehiculos-comerciales\/furgonetas-peugeot\/expert-2016\/\" class=\"Expert\" value=\"11\">Expert<\/option><option id=\"https:\/\/www.storevan.com\/es\/equipamientos-vehiculos-comerciales\/furgonetas-renault\/kangoo\/\" class=\"Kangoo\" value=\"12\">Kangoo<\/option><option id=\"https:\/\/www.storevan.com\/es\/equipamientos-vehiculos-comerciales\/furgonetas-renault\/trafic\/\" class=\"Trafic\" value=\"12\">Trafic<\/option><option id=\"https:\/\/www.storevan.com\/es\/equipamientos-vehiculos-comerciales\/furgonetas-renault\/master\/\" class=\"Master\" value=\"12\">Master<\/option><option id=\"https:\/\/www.storevan.com\/es\/equipamientos-vehiculos-comerciales\/toyota\/proace\/\" class=\"Proace\" value=\"13\">Proace<\/option><option id=\"https:\/\/www.storevan.com\/es\/equipamientos-vehiculos-comerciales\/toyota\/proace-city\/\" class=\"Proace City\" value=\"13\">Proace City<\/option><option id=\"https:\/\/www.storevan.com\/es\/equipamientos-vehiculos-comerciales\/furgonetas-volkswagen\/caddy\/\" class=\"Caddy\" value=\"14\">Caddy<\/option><option id=\"https:\/\/www.storevan.com\/es\/equipamientos-vehiculos-comerciales\/furgonetas-volkswagen\/transporter\/\" class=\"Transporter\" value=\"14\">Transporter<\/option><option id=\"https:\/\/www.storevan.com\/es\/equipamientos-vehiculos-comerciales\/furgonetas-volkswagen\/crafter-2017\/\" class=\"Crafter 2017\" value=\"14\">Crafter 2017<\/option><option id=\"https:\/\/www.storevan.com\/es\/equipamientos-vehiculos-comerciales\/furgonetas-volkswagen\/crafter\/\" class=\"Crafter 2006\" value=\"14\">Crafter 2006<\/option><option id=\"https:\/\/www.storevan.com\/es\/equipamientos-vehiculos-comerciales\/furgonetas-volkswagen\/caddy-cargo\/\" class=\"Caddy Cargo\" value=\"14\">Caddy Cargo<\/option><\/select><\/div><hr class=\"noColor break visible-xs\"\/>\n\t<div id=\"pagina\" class=\"col-xs-12 col-sm-12 col-md-2\"><input class=\"btn btn-primary\" type=\"submit\" name=\"button\" id=\"button\" value=\"Busca\" onclick=\"showURL();\" \/><\/div>\n\t<div class=\"break\"><\/div><\/div>\n<p class=\"text-center\">O<\/p>\n<div class=\"text-center\"><a href=\"https:\/\/www.storevan.com\/es\/productos\/estanterias-para-furgonetas\/\" title=\"Seleccione c\u00f3mo componer su estanter\u00eda\" class=\"btn btn-custom\">SELECCIONE C\u00d3MO COMPONER SU ESTANTER\u00cdA!<\/a><\/div>\n<hr \/>\n<div class=\"col-xs-12 col-sm-12 col-md-6\">\n<div class=\"text-center\"><a class=\"btn btn-download\" href=\"tel:+390424585455\"><i class=\"fa fa-phone\"><\/i> <span class=\"spanBtn\">LLAME AHORA<\/span><br \/>\npara cualquier informaci\u00f3n<\/a><\/div>\n<\/div>\n<div class=\"col-xs-12 col-sm-12 col-md-6\">\n<div class=\"text-center\"><a class=\"btn btn-download btnToggle\"><i class=\"fa fa-envelope\"><\/i> <span class=\"spanBtn\">ESCR\u00cdBANOS<\/span><br \/>\nle contactaremos lo antes posible<\/a><\/div>\n<\/div>\n<div class=\"break\"><\/div>\n<hr \/>\n<div class=\"formToggle\">\n<h4 class=\"bigTxt text-center txtBkOrange\"><i class=\"fa fa-envelope pull-left\"><\/i>\u00bfQuieres saber m\u00e1s? Escr\u00edbanos, uno de nuestros asesores lo ayudar\u00e1 a encontrar su soluci\u00f3n.<\/h4>\n\n<div class=\"wpcf7 no-js\" id=\"wpcf7-f67674-o1\" lang=\"it-IT\" dir=\"ltr\">\n<div class=\"screen-reader-response\"><p role=\"status\" aria-live=\"polite\" aria-atomic=\"true\"><\/p> <ul><\/ul><\/div>\n<form action=\"\/es\/wp-json\/wp\/v2\/pages\/67658#wpcf7-f67674-o1\" method=\"post\" class=\"wpcf7-form init\" aria-label=\"Modulo di contatto\" novalidate=\"novalidate\" data-status=\"init\">\n<div style=\"display: none;\">\n<input type=\"hidden\" name=\"_wpcf7\" value=\"67674\" \/>\n<input type=\"hidden\" name=\"_wpcf7_version\" value=\"5.7.7\" \/>\n<input type=\"hidden\" name=\"_wpcf7_locale\" value=\"it_IT\" \/>\n<input type=\"hidden\" name=\"_wpcf7_unit_tag\" value=\"wpcf7-f67674-o1\" \/>\n<input type=\"hidden\" name=\"_wpcf7_container_post\" value=\"0\" \/>\n<input type=\"hidden\" name=\"_wpcf7_posted_data_hash\" value=\"\" \/>\n<input type=\"hidden\" name=\"_wpcf7_recaptcha_response\" value=\"\" \/>\n<\/div>\n<span class=\"wpcf7-form-control-wrap url\" data-name=\"url\"><input type=\"hidden\" name=\"url\" size=\"40\" class=\"wpcf7-form-control wpcf7-hidden wpcf7dtx wpcf7dtx-hidden\" aria-invalid=\"false\" value=\"equipamientos-interiores-furgonetas\" autocomplete=\"off\" \/><\/span>\n<p>Complete los siguientes campos para recibir m\u00e1s informaci\u00f3n. Uno de nuestros operadores se pondr\u00e1 en contacto con usted lo antes posible (* campos obligatorios):\n<\/p>\n<div class=\"col-xs-12 col-md-6\">\n\t<p><span class='titoli'>Nombre (*)<\/span>\n\t<\/p>\n\t<p><span class=\"wpcf7-form-control-wrap\" data-name=\"your-name\"><input size=\"40\" class=\"wpcf7-form-control wpcf7-text wpcf7-validates-as-required form-control\" aria-required=\"true\" aria-invalid=\"false\" value=\"\" type=\"text\" name=\"your-name\" \/><\/span>\n\t<\/p>\n<\/div>\n<div class=\"col-xs-12 col-md-6\">\n\t<p><span class='titoli'>Apellidos (*)<\/span>\n\t<\/p>\n\t<p><span class=\"wpcf7-form-control-wrap\" data-name=\"your-last-name\"><input size=\"40\" class=\"wpcf7-form-control wpcf7-text wpcf7-validates-as-required form-control\" aria-required=\"true\" aria-invalid=\"false\" value=\"\" type=\"text\" name=\"your-last-name\" \/><\/span>\n\t<\/p>\n<\/div>\n<div class=\"col-xs-12 col-md-6\">\n\t<p><span class='titoli'>Empresa(*)<\/span>\n\t<\/p>\n\t<p><span class=\"wpcf7-form-control-wrap\" data-name=\"your-company\"><input size=\"40\" class=\"wpcf7-form-control wpcf7-text wpcf7-validates-as-required form-control\" aria-required=\"true\" aria-invalid=\"false\" value=\"\" type=\"text\" name=\"your-company\" \/><\/span>\n\t<\/p>\n<\/div>\n<div class=\"col-xs-12 col-md-6\">\n\t<p><span class='titoli'>C\u00f3d. NIF<\/span>\n\t<\/p>\n\t<p><span class=\"wpcf7-form-control-wrap\" data-name=\"p-iva\"><input size=\"40\" class=\"wpcf7-form-control wpcf7-text form-control\" aria-invalid=\"false\" value=\"\" type=\"text\" name=\"p-iva\" \/><\/span>\n\t<\/p>\n<\/div>\n<div class=\"clearboth\">\n<\/div>\n<div class=\"col-xs-12 col-md-4\">\n\t<p><span class='titoli'>C\u00f3digo Postal(*)<\/span>\n\t<\/p>\n\t<p><span class=\"wpcf7-form-control-wrap\" data-name=\"your-zip-code\"><input size=\"40\" class=\"wpcf7-form-control wpcf7-text wpcf7-validates-as-required form-control\" aria-required=\"true\" aria-invalid=\"false\" value=\"\" type=\"text\" name=\"your-zip-code\" \/><\/span>\n\t<\/p>\n<\/div>\n<div class=\"col-xs-12 col-md-4\">\n\t<p><span class='titoli'>Direcci\u00f3n (*)<\/span>\n\t<\/p>\n\t<p><span class=\"wpcf7-form-control-wrap\" data-name=\"your-address\"><input size=\"40\" class=\"wpcf7-form-control wpcf7-text wpcf7-validates-as-required form-control\" aria-required=\"true\" aria-invalid=\"false\" value=\"\" type=\"text\" name=\"your-address\" \/><\/span>\n\t<\/p>\n<\/div>\n<div class=\"col-xs-12 col-md-4\">\n\t<p><span class='titoli'>Ciudad (*)<\/span>\n\t<\/p>\n\t<p><span class=\"wpcf7-form-control-wrap\" data-name=\"your-Town\"><input size=\"40\" class=\"wpcf7-form-control wpcf7-text wpcf7-validates-as-required form-control\" aria-required=\"true\" aria-invalid=\"false\" value=\"\" type=\"text\" name=\"your-Town\" \/><\/span>\n\t<\/p>\n<\/div>\n<div class=\"clearboth\">\n<\/div>\n<div class=\"col-xs-12 col-md-6\">\n\t<p><span class='titoli'>email (*)<\/span>\n\t<\/p>\n\t<p><span class=\"wpcf7-form-control-wrap\" data-name=\"your-email\"><input size=\"40\" class=\"wpcf7-form-control wpcf7-text wpcf7-email wpcf7-validates-as-required wpcf7-validates-as-email form-control\" aria-required=\"true\" aria-invalid=\"false\" value=\"\" type=\"email\" name=\"your-email\" \/><\/span>\n\t<\/p>\n<\/div>\n<div class=\"col-xs-12 col-md-6\">\n\t<p><span class='titoli'>Tel\u00e9fono (*)<\/span>\n\t<\/p>\n\t<p><span class=\"wpcf7-form-control-wrap\" data-name=\"telefono\"><input size=\"40\" class=\"wpcf7-form-control wpcf7-text wpcf7-tel wpcf7-validates-as-required wpcf7-validates-as-tel form-control\" aria-required=\"true\" aria-invalid=\"false\" value=\"\" type=\"tel\" name=\"telefono\" \/><\/span>\n\t<\/p>\n<\/div>\n<div class=\"clearboth\">\n<\/div>\n<div class=\"col-xs-12 col-md-6\">\n\t<p><span class='titoli'>Objeto <\/span>\n\t<\/p>\n\t<p><span class=\"wpcf7-form-control-wrap\" data-name=\"oggetto\"><select class=\"wpcf7-form-control wpcf7-select wpcf7-validates-as-required\" aria-required=\"true\" aria-invalid=\"false\" name=\"oggetto\"><option value=\"Solicitud de presupuesto\">Solicitud de presupuesto<\/option><option value=\"Informaci\u00f3n t\u00e9cnica\">Informaci\u00f3n t\u00e9cnica<\/option><option value=\"Cita\">Cita<\/option><\/select><\/span>\n\t<\/p>\n<\/div>\n<div class=\"col-xs-12 col-md-6\">\n\t<p><br \/>\n<span class=\"titoli\"> <span class=\"wpcf7-form-control-wrap\" data-name=\"cliente\"><span class=\"wpcf7-form-control wpcf7-checkbox\"><span class=\"wpcf7-list-item first last\"><label><span class=\"wpcf7-list-item-label\">Soy un cliente<\/span><input type=\"checkbox\" name=\"cliente[]\" value=\"Soy un cliente\" \/><\/label><\/span><\/span><\/span><\/span>\n\t<\/p>\n<\/div>\n<div class=\"col-xs-12 col-md-12\">\n\t<p><span class='titoli'>Mensaje (*)<\/span>\n\t<\/p>\n\t<p><span class=\"wpcf7-form-control-wrap\" data-name=\"your-message\"><textarea cols=\"40\" rows=\"10\" class=\"wpcf7-form-control wpcf7-textarea wpcf7-validates-as-required form-control\" aria-required=\"true\" aria-invalid=\"false\" name=\"your-message\"><\/textarea><\/span>\n\t<\/p>\n<\/div>\n<div class=\"col-xs-12 col-md-12\">\n\t<p><small>Los datos introducidos ser\u00e1n tratados con estricta confidencialidad de acuerdo con la ley y con nuestra <a href=\"https:\/\/www.storevan.com\/es\/privacy-policy\/\">pol\u00edtica de privacidad<\/a>.<\/small>\n\t<\/p>\n\t<p><span class=\"wpcf7-form-control-wrap\" data-name=\"AccettazionePrivacy\"><span class=\"wpcf7-form-control wpcf7-acceptance\"><span class=\"wpcf7-list-item\"><input type=\"checkbox\" name=\"AccettazionePrivacy\" value=\"1\" aria-invalid=\"false\" \/><\/span><\/span><\/span> Declaro haber le\u00eddo la Informaci\u00f3n sobre la <a href=\"https:\/\/www.storevan.com\/es\/privacy-policy\/\">Privacy<\/a> y autorizo el tratamiento de mis datos personales de conformidad con aquello aqu\u00ed descrito.(*)<br \/>\n\t<span class=\"wpcf7-form-control-wrap recaptcha\" data-name=\"recaptcha\"><span data-sitekey=\"6LdfM4AUAAAAAJjsAucux5WVNA3hsk5KP0a03T_n\" class=\"wpcf7-form-control g-recaptcha wpcf7-recaptcha\"><\/span>\r\n<noscript>\r\n\t<div class=\"grecaptcha-noscript\">\r\n\t\t<iframe src=\"https:\/\/www.google.com\/recaptcha\/api\/fallback?k=6LdfM4AUAAAAAJjsAucux5WVNA3hsk5KP0a03T_n\" frameborder=\"0\" scrolling=\"no\" width=\"310\" height=\"430\">\r\n\t\t<\/iframe>\r\n\t\t<textarea name=\"g-recaptcha-response\" rows=\"3\" cols=\"40\" placeholder=\"Aqu\u00ed la respuesta de reCAPTCHA\">\r\n\t\t<\/textarea>\r\n\t<\/div>\r\n<\/noscript>\r\n<\/span>\n\t<\/p>\n<\/div>\n<hr class=\"noColor\" \/>\n<p><input class=\"wpcf7-form-control has-spinner wpcf7-submit\" type=\"submit\" value=\"Env\u00edo\" \/>\n<\/p><div class=\"wpcf7-response-output\" aria-hidden=\"true\"><\/div>\n<\/form>\n<\/div>\n\n<\/div>\n","protected":false},"excerpt":{"rendered":"<p>Equipamientos interiores para furgonetas Store Van ofrece soluciones de equipamientos interiores para furgonetas de cualquier modelo y tama\u00f1o, que permiten moverse con mayor comodidad durante la jornada de trabajo a.<\/p>\n","protected":false},"author":470,"featured_media":0,"parent":0,"menu_order":0,"comment_status":"closed","ping_status":"closed","template":"","meta":[],"acf":[],"yoast_head":"<!-- This site is optimized with the Yoast SEO plugin v20.11 - https:\/\/yoast.com\/wordpress\/plugins\/seo\/ -->\n<title>Equipamientos interiores para furgonetas<\/title>\n<meta name=\"description\" content=\"\u00a1Descubra las soluciones de equipamientos interiores para furgonetas! Estanter\u00edas con fijaci\u00f3n de la carga de serie, suelos de madera con coeficiente de fricci\u00f3n certificado T\u00dcV, revestimientos interiores resistente a los golpes y flexibles, todo dise\u00f1ado para la m\u00e1xima seguridad de la carga y del veh\u00edculo.\" \/>\n<meta name=\"robots\" content=\"index, follow, max-snippet:-1, max-image-preview:large, max-video-preview:-1\" \/>\n<link rel=\"canonical\" href=\"https:\/\/www.storevan.com\/es\/equipamientos-interiores-furgonetas\/\" \/>\n<meta property=\"og:locale\" content=\"es_ES\" \/>\n<meta property=\"og:type\" content=\"article\" \/>\n<meta property=\"og:title\" content=\"Equipamientos interiores para furgonetas\" \/>\n<meta property=\"og:description\" content=\"\u00a1Descubra las soluciones de equipamientos interiores para furgonetas! Estanter\u00edas con fijaci\u00f3n de la carga de serie, suelos de madera con coeficiente de fricci\u00f3n certificado T\u00dcV, revestimientos interiores resistente a los golpes y flexibles, todo dise\u00f1ado para la m\u00e1xima seguridad de la carga y del veh\u00edculo.\" \/>\n<meta property=\"og:url\" content=\"https:\/\/www.storevan.com\/es\/equipamientos-interiores-furgonetas\/\" \/>\n<meta property=\"og:site_name\" content=\"Store Van\" \/>\n<meta property=\"article:modified_time\" content=\"2022-01-26T13:58:09+00:00\" \/>\n<meta property=\"og:image\" content=\"https:\/\/www.storevan.com\/wp-content\/uploads\/2018\/02\/safety-1-480x480.jpg\" \/>\n<meta name=\"twitter:label1\" content=\"Tiempo de lectura\" \/>\n\t<meta name=\"twitter:data1\" content=\"3 minutos\" \/>\n<script type=\"application\/ld+json\" class=\"yoast-schema-graph\">{\"@context\":\"https:\/\/schema.org\",\"@graph\":[{\"@type\":\"WebPage\",\"@id\":\"https:\/\/www.storevan.com\/es\/equipamientos-interiores-furgonetas\/\",\"url\":\"https:\/\/www.storevan.com\/es\/equipamientos-interiores-furgonetas\/\",\"name\":\"Equipamientos interiores para furgonetas\",\"isPartOf\":{\"@id\":\"https:\/\/www.storevan.com\/pl\/#website\"},\"datePublished\":\"2018-03-13T15:02:50+00:00\",\"dateModified\":\"2022-01-26T13:58:09+00:00\",\"description\":\"\u00a1Descubra las soluciones de equipamientos interiores para furgonetas! Estanter\u00edas con fijaci\u00f3n de la carga de serie, suelos de madera con coeficiente de fricci\u00f3n certificado T\u00dcV, revestimientos interiores resistente a los golpes y flexibles, todo dise\u00f1ado para la m\u00e1xima seguridad de la carga y del veh\u00edculo.\",\"breadcrumb\":{\"@id\":\"https:\/\/www.storevan.com\/es\/equipamientos-interiores-furgonetas\/#breadcrumb\"},\"inLanguage\":\"es\",\"potentialAction\":[{\"@type\":\"ReadAction\",\"target\":[\"https:\/\/www.storevan.com\/es\/equipamientos-interiores-furgonetas\/\"]}]},{\"@type\":\"BreadcrumbList\",\"@id\":\"https:\/\/www.storevan.com\/es\/equipamientos-interiores-furgonetas\/#breadcrumb\",\"itemListElement\":[{\"@type\":\"ListItem\",\"position\":1,\"name\":\"Home\",\"item\":\"https:\/\/www.storevan.com\/es\/\"},{\"@type\":\"ListItem\",\"position\":2,\"name\":\"Equipamientos interiores para furgonetas\"}]},{\"@type\":\"WebSite\",\"@id\":\"https:\/\/www.storevan.com\/pl\/#website\",\"url\":\"https:\/\/www.storevan.com\/pl\/\",\"name\":\"Store Van\",\"description\":\"Equipamientos furgonetas\",\"potentialAction\":[{\"@type\":\"SearchAction\",\"target\":{\"@type\":\"EntryPoint\",\"urlTemplate\":\"https:\/\/www.storevan.com\/pl\/?s={search_term_string}\"},\"query-input\":\"required name=search_term_string\"}],\"inLanguage\":\"es\"}]}<\/script>\n<!-- \/ Yoast SEO plugin. -->","yoast_head_json":{"title":"Equipamientos interiores para furgonetas","description":"\u00a1Descubra las soluciones de equipamientos interiores para furgonetas! Estanter\u00edas con fijaci\u00f3n de la carga de serie, suelos de madera con coeficiente de fricci\u00f3n certificado T\u00dcV, revestimientos interiores resistente a los golpes y flexibles, todo dise\u00f1ado para la m\u00e1xima seguridad de la carga y del veh\u00edculo.","robots":{"index":"index","follow":"follow","max-snippet":"max-snippet:-1","max-image-preview":"max-image-preview:large","max-video-preview":"max-video-preview:-1"},"canonical":"https:\/\/www.storevan.com\/es\/equipamientos-interiores-furgonetas\/","og_locale":"es_ES","og_type":"article","og_title":"Equipamientos interiores para furgonetas","og_description":"\u00a1Descubra las soluciones de equipamientos interiores para furgonetas! Estanter\u00edas con fijaci\u00f3n de la carga de serie, suelos de madera con coeficiente de fricci\u00f3n certificado T\u00dcV, revestimientos interiores resistente a los golpes y flexibles, todo dise\u00f1ado para la m\u00e1xima seguridad de la carga y del veh\u00edculo.","og_url":"https:\/\/www.storevan.com\/es\/equipamientos-interiores-furgonetas\/","og_site_name":"Store Van","article_modified_time":"2022-01-26T13:58:09+00:00","og_image":[{"url":"https:\/\/www.storevan.com\/wp-content\/uploads\/2018\/02\/safety-1-480x480.jpg"}],"twitter_misc":{"Tiempo de lectura":"3 minutos"},"schema":{"@context":"https:\/\/schema.org","@graph":[{"@type":"WebPage","@id":"https:\/\/www.storevan.com\/es\/equipamientos-interiores-furgonetas\/","url":"https:\/\/www.storevan.com\/es\/equipamientos-interiores-furgonetas\/","name":"Equipamientos interiores para furgonetas","isPartOf":{"@id":"https:\/\/www.storevan.com\/pl\/#website"},"datePublished":"2018-03-13T15:02:50+00:00","dateModified":"2022-01-26T13:58:09+00:00","description":"\u00a1Descubra las soluciones de equipamientos interiores para furgonetas! Estanter\u00edas con fijaci\u00f3n de la carga de serie, suelos de madera con coeficiente de fricci\u00f3n certificado T\u00dcV, revestimientos interiores resistente a los golpes y flexibles, todo dise\u00f1ado para la m\u00e1xima seguridad de la carga y del veh\u00edculo.","breadcrumb":{"@id":"https:\/\/www.storevan.com\/es\/equipamientos-interiores-furgonetas\/#breadcrumb"},"inLanguage":"es","potentialAction":[{"@type":"ReadAction","target":["https:\/\/www.storevan.com\/es\/equipamientos-interiores-furgonetas\/"]}]},{"@type":"BreadcrumbList","@id":"https:\/\/www.storevan.com\/es\/equipamientos-interiores-furgonetas\/#breadcrumb","itemListElement":[{"@type":"ListItem","position":1,"name":"Home","item":"https:\/\/www.storevan.com\/es\/"},{"@type":"ListItem","position":2,"name":"Equipamientos interiores para furgonetas"}]},{"@type":"WebSite","@id":"https:\/\/www.storevan.com\/pl\/#website","url":"https:\/\/www.storevan.com\/pl\/","name":"Store Van","description":"Equipamientos furgonetas","potentialAction":[{"@type":"SearchAction","target":{"@type":"EntryPoint","urlTemplate":"https:\/\/www.storevan.com\/pl\/?s={search_term_string}"},"query-input":"required name=search_term_string"}],"inLanguage":"es"}]}},"_links":{"self":[{"href":"https:\/\/www.storevan.com\/es\/wp-json\/wp\/v2\/pages\/67658"}],"collection":[{"href":"https:\/\/www.storevan.com\/es\/wp-json\/wp\/v2\/pages"}],"about":[{"href":"https:\/\/www.storevan.com\/es\/wp-json\/wp\/v2\/types\/page"}],"author":[{"embeddable":true,"href":"https:\/\/www.storevan.com\/es\/wp-json\/wp\/v2\/users\/470"}],"replies":[{"embeddable":true,"href":"https:\/\/www.storevan.com\/es\/wp-json\/wp\/v2\/comments?post=67658"}],"version-history":[{"count":11,"href":"https:\/\/www.storevan.com\/es\/wp-json\/wp\/v2\/pages\/67658\/revisions"}],"predecessor-version":[{"id":139863,"href":"https:\/\/www.storevan.com\/es\/wp-json\/wp\/v2\/pages\/67658\/revisions\/139863"}],"wp:attachment":[{"href":"https:\/\/www.storevan.com\/es\/wp-json\/wp\/v2\/media?parent=67658"}],"curies":[{"name":"wp","href":"https:\/\/api.w.org\/{rel}","templated":true}]}}