{"id":53522,"date":"2017-03-21T09:15:51","date_gmt":"2017-03-21T09:15:51","guid":{"rendered":"https:\/\/www.storevan.com\/divisori-valigie-cassettiere-furgoni\/"},"modified":"2017-03-28T15:21:32","modified_gmt":"2017-03-28T15:21:32","slug":"divisores-maletines-cajoneras-furgonetas","status":"publish","type":"page","link":"https:\/\/www.storevan.com\/es\/divisores-maletines-cajoneras-furgonetas\/","title":{"rendered":"Divisores para maletines y cajoneras para furgonetas"},"content":{"rendered":"<h1 class=\"customblackTitleSmall\">Divisores para maletines y cajoneras para furgonetas<\/h1>\n<p style=\"text-align: justify;\"><strong>STORE-BOX DIVIDER<\/strong> es el nuevo sistema <strong>de divisores para maletines <a href=\"https:\/\/www.storevan.com\/es\/productos\/store-box-system-maletines-furgonetas\/\">STORE-BOX<\/a><\/strong>\u00a0y <strong>cajoneras para furgonetas<\/strong>, estudiado por Store Van para aumentar la funcionalidad del almacenamiento m\u00f3vil en tu veh\u00edculo comercial. En efecto, mantener en orden las herramientas y las piezas peque\u00f1as no ser\u00e1 m\u00e1s un problema gracias al conjunto de compartimientos de pl\u00e1stico y divisores de metal que se encastran perfectamente en cualquier punto del caj\u00f3n, en cantidad variable seg\u00fan las necesidades, o de los maletines para furgonetas con los que se pueden intercambiar.<\/p>\n<p style=\"text-align: justify;\">La naturaleza modular del innovador<strong> sistema de subdivisi\u00f3n Store Van<\/strong> proporciona un impulso importante a la eficiencia y a la optimizaci\u00f3n de la organizaci\u00f3n del almacenamiento de piezas peque\u00f1as y herramientas que, cada una en su propio compartimento, son trasladadas en un instante desde el caj\u00f3n al malet\u00edn, listas para que el operador las pueda llevar consigo.<\/p>\n<p style=\"text-align: justify;\"><strong>En todo Europa, solo Store Van, y muy pocos fabricantes de equipamientos para veh\u00edculos comerciales, <\/strong>distribuye un producto que hace ahorrar al usuario un 70% del tiempo \u00fatil para la organizaci\u00f3n de los <a href=\"https:\/\/www.storevan.com\/es\/productos\/maletines-portaherramientas-portaminuterias\/\">maletines para piezas peque\u00f1as<\/a>.<\/p>\n<p style=\"text-align: justify;\">Los Dividers, hechos en varios colores y formatos y propuestos para varios tipos de caj\u00f3n, componen hasta <strong>180 combinaciones de subdivisi\u00f3n.<\/strong>\u00a0 Hojea el cat\u00e1logo Dividers y descubre las combinaciones ofrecidas para los diferentes tipos de maletines y cajones.<\/p>\n<table border=\"0\" width=\"100%\" cellspacing=\"0\" cellpadding=\"0\">\n<tbody>\n<tr>\n<td>\n<ul style=\"padding: 0px; margin: 0px; list-style: none; text-align: center; border-radius: 2px; background-image: initial; background-attachment: initial; background-size: initial; background-origin: initial; background-clip: initial; background-position: initial; background-repeat: initial;\">\n<li class=\"title-row\" style=\"border-top-left-radius: 4px; border-top-right-radius: 4px; padding: 20px 0px; text-transform: uppercase; font-size: 18px; font-weight: 900; margin: 0px !important; background: rgba(0, 0, 0, 0.0980392);\">DOWNLOAD <a href=\"https:\/\/www.storevan.com\/wp-content\/uploads\/doc\/Dividers_StoreVan_es.pdf\">CATALOGO Dividers<\/a><\/li>\n<\/ul>\n<\/td>\n<\/tr>\n<\/tbody>\n<\/table>\n<div class=\"demo-sep\" style=\"margin-top: 30px;\"><\/div>\n<h2 style=\"text-align: justify;\"><strong>Ejemplos para maletines<\/strong><\/h2>\n<div class=\"ts-gallery\">\n<div class=\"one_third\">\n<table border=\"0\" cellspacing=\"0\" cellpadding=\"0\">\n<tbody>\n<tr>\n<td style=\"text-align: center;\"><img decoding=\"async\" loading=\"lazy\" class=\"aligncenter wp-image-53103 size-full\" src=\"https:\/\/www.storevan.com\/wp-content\/uploads\/2017\/03\/Divisori-valigie-metallo.jpg\" alt=\"Ejemplos para maletines con divisores serie 067\" width=\"350\" height=\"200\" srcset=\"https:\/\/www.storevan.com\/wp-content\/uploads\/2017\/03\/Divisori-valigie-metallo.jpg 350w, https:\/\/www.storevan.com\/wp-content\/uploads\/2017\/03\/Divisori-valigie-metallo-300x171.jpg 300w\" sizes=\"(max-width: 350px) 100vw, 350px\" \/><\/td>\n<\/tr>\n<tr>\n<td height=\"5px\"><\/td>\n<\/tr>\n<tr>\n<td>\n<table border=\"0\" width=\"100%\" cellspacing=\"0\" cellpadding=\"0\">\n<tbody>\n<tr>\n<td><a href=\"https:\/\/www.storevan.com\/wp-content\/uploads\/2017\/03\/Divisori-valigie-metallo-1.jpg\"><img decoding=\"async\" loading=\"lazy\" class=\"aligncenter wp-image-53109 size-thumbnail\" title=\"Divisori per valige in metallo\" src=\"https:\/\/www.storevan.com\/wp-content\/uploads\/2017\/03\/Divisori-valigie-metallo-1-150x150.jpg\" alt=\"Ejemplos para maletines 1\" width=\"150\" height=\"150\" srcset=\"https:\/\/www.storevan.com\/wp-content\/uploads\/2017\/03\/Divisori-valigie-metallo-1-150x150.jpg 150w, https:\/\/www.storevan.com\/wp-content\/uploads\/2017\/03\/Divisori-valigie-metallo-1-300x300.jpg 300w, https:\/\/www.storevan.com\/wp-content\/uploads\/2017\/03\/Divisori-valigie-metallo-1-768x768.jpg 768w, https:\/\/www.storevan.com\/wp-content\/uploads\/2017\/03\/Divisori-valigie-metallo-1-600x600.jpg 600w, https:\/\/www.storevan.com\/wp-content\/uploads\/2017\/03\/Divisori-valigie-metallo-1-48x48.jpg 48w, https:\/\/www.storevan.com\/wp-content\/uploads\/2017\/03\/Divisori-valigie-metallo-1-480x480.jpg 480w, https:\/\/www.storevan.com\/wp-content\/uploads\/2017\/03\/Divisori-valigie-metallo-1.jpg 800w\" sizes=\"(max-width: 150px) 100vw, 150px\" \/><\/a><\/td>\n<td><a href=\"https:\/\/www.storevan.com\/wp-content\/uploads\/2017\/03\/Divisori-valigie-metallo-2.jpg\"><img decoding=\"async\" loading=\"lazy\" class=\"aligncenter wp-image-53115 size-thumbnail\" src=\"https:\/\/www.storevan.com\/wp-content\/uploads\/2017\/03\/Divisori-valigie-metallo-2-150x150.jpg\" alt=\"Ejemplos para maletines 2\" width=\"150\" height=\"150\" srcset=\"https:\/\/www.storevan.com\/wp-content\/uploads\/2017\/03\/Divisori-valigie-metallo-2-150x150.jpg 150w, https:\/\/www.storevan.com\/wp-content\/uploads\/2017\/03\/Divisori-valigie-metallo-2-300x300.jpg 300w, https:\/\/www.storevan.com\/wp-content\/uploads\/2017\/03\/Divisori-valigie-metallo-2-768x768.jpg 768w, https:\/\/www.storevan.com\/wp-content\/uploads\/2017\/03\/Divisori-valigie-metallo-2-600x600.jpg 600w, https:\/\/www.storevan.com\/wp-content\/uploads\/2017\/03\/Divisori-valigie-metallo-2-48x48.jpg 48w, https:\/\/www.storevan.com\/wp-content\/uploads\/2017\/03\/Divisori-valigie-metallo-2-480x480.jpg 480w, https:\/\/www.storevan.com\/wp-content\/uploads\/2017\/03\/Divisori-valigie-metallo-2.jpg 800w\" sizes=\"(max-width: 150px) 100vw, 150px\" \/><\/a><\/td>\n<td><a href=\"https:\/\/www.storevan.com\/wp-content\/uploads\/2017\/03\/Divisori-valigie-metallo-3.jpg\"><img decoding=\"async\" loading=\"lazy\" class=\"aligncenter wp-image-53121 size-thumbnail\" src=\"https:\/\/www.storevan.com\/wp-content\/uploads\/2017\/03\/Divisori-valigie-metallo-3-150x150.jpg\" alt=\"Ejemplos para maletines 3\" width=\"150\" height=\"150\" srcset=\"https:\/\/www.storevan.com\/wp-content\/uploads\/2017\/03\/Divisori-valigie-metallo-3-150x150.jpg 150w, https:\/\/www.storevan.com\/wp-content\/uploads\/2017\/03\/Divisori-valigie-metallo-3-300x300.jpg 300w, https:\/\/www.storevan.com\/wp-content\/uploads\/2017\/03\/Divisori-valigie-metallo-3-768x768.jpg 768w, https:\/\/www.storevan.com\/wp-content\/uploads\/2017\/03\/Divisori-valigie-metallo-3-600x600.jpg 600w, https:\/\/www.storevan.com\/wp-content\/uploads\/2017\/03\/Divisori-valigie-metallo-3-48x48.jpg 48w, https:\/\/www.storevan.com\/wp-content\/uploads\/2017\/03\/Divisori-valigie-metallo-3-480x480.jpg 480w, https:\/\/www.storevan.com\/wp-content\/uploads\/2017\/03\/Divisori-valigie-metallo-3.jpg 800w\" sizes=\"(max-width: 150px) 100vw, 150px\" \/><\/a><\/td>\n<\/tr>\n<\/tbody>\n<\/table>\n<\/td>\n<\/tr>\n<tr>\n<td style=\"text-align: center;\"><strong>Divisores serie 067<\/strong><\/td>\n<\/tr>\n<\/tbody>\n<\/table>\n<\/div><div class=\"one_third\">\n<table border=\"0\" cellspacing=\"0\" cellpadding=\"0\">\n<tbody>\n<tr>\n<td style=\"text-align: center;\"><img decoding=\"async\" loading=\"lazy\" class=\"aligncenter wp-image-53127 size-full\" src=\"https:\/\/www.storevan.com\/wp-content\/uploads\/2017\/03\/Divisori-valigie-plastica-080.jpg\" alt=\"Ejemplos para maletines con divisores serie 080\" width=\"350\" height=\"200\" srcset=\"https:\/\/www.storevan.com\/wp-content\/uploads\/2017\/03\/Divisori-valigie-plastica-080.jpg 350w, https:\/\/www.storevan.com\/wp-content\/uploads\/2017\/03\/Divisori-valigie-plastica-080-300x171.jpg 300w\" sizes=\"(max-width: 350px) 100vw, 350px\" \/><\/td>\n<\/tr>\n<tr>\n<td height=\"5px\"><\/td>\n<\/tr>\n<tr>\n<td>\n<table border=\"0\" width=\"100%\" cellspacing=\"0\" cellpadding=\"0\">\n<tbody>\n<tr>\n<td><a href=\"https:\/\/www.storevan.com\/wp-content\/uploads\/2017\/03\/Divisori-valigie-plastica-080-1.jpg\"><img decoding=\"async\" loading=\"lazy\" class=\"aligncenter wp-image-53133 size-thumbnail\" src=\"https:\/\/www.storevan.com\/wp-content\/uploads\/2017\/03\/Divisori-valigie-plastica-080-1-150x150.jpg\" alt=\"Ejemplos para maletines 4\" width=\"150\" height=\"150\" srcset=\"https:\/\/www.storevan.com\/wp-content\/uploads\/2017\/03\/Divisori-valigie-plastica-080-1-150x150.jpg 150w, https:\/\/www.storevan.com\/wp-content\/uploads\/2017\/03\/Divisori-valigie-plastica-080-1-300x300.jpg 300w, https:\/\/www.storevan.com\/wp-content\/uploads\/2017\/03\/Divisori-valigie-plastica-080-1-768x768.jpg 768w, https:\/\/www.storevan.com\/wp-content\/uploads\/2017\/03\/Divisori-valigie-plastica-080-1-600x600.jpg 600w, https:\/\/www.storevan.com\/wp-content\/uploads\/2017\/03\/Divisori-valigie-plastica-080-1-48x48.jpg 48w, https:\/\/www.storevan.com\/wp-content\/uploads\/2017\/03\/Divisori-valigie-plastica-080-1-480x480.jpg 480w, https:\/\/www.storevan.com\/wp-content\/uploads\/2017\/03\/Divisori-valigie-plastica-080-1.jpg 800w\" sizes=\"(max-width: 150px) 100vw, 150px\" \/><\/a><\/td>\n<td><a href=\"https:\/\/www.storevan.com\/wp-content\/uploads\/2017\/03\/Divisori-valigie-plastica-080-2.jpg\"><img decoding=\"async\" loading=\"lazy\" class=\"aligncenter wp-image-53139 size-thumbnail\" src=\"https:\/\/www.storevan.com\/wp-content\/uploads\/2017\/03\/Divisori-valigie-plastica-080-2-150x150.jpg\" alt=\"Ejemplos para maletines 5\" width=\"150\" height=\"150\" srcset=\"https:\/\/www.storevan.com\/wp-content\/uploads\/2017\/03\/Divisori-valigie-plastica-080-2-150x150.jpg 150w, https:\/\/www.storevan.com\/wp-content\/uploads\/2017\/03\/Divisori-valigie-plastica-080-2-300x300.jpg 300w, https:\/\/www.storevan.com\/wp-content\/uploads\/2017\/03\/Divisori-valigie-plastica-080-2-768x768.jpg 768w, https:\/\/www.storevan.com\/wp-content\/uploads\/2017\/03\/Divisori-valigie-plastica-080-2-600x600.jpg 600w, https:\/\/www.storevan.com\/wp-content\/uploads\/2017\/03\/Divisori-valigie-plastica-080-2-48x48.jpg 48w, https:\/\/www.storevan.com\/wp-content\/uploads\/2017\/03\/Divisori-valigie-plastica-080-2-480x480.jpg 480w, https:\/\/www.storevan.com\/wp-content\/uploads\/2017\/03\/Divisori-valigie-plastica-080-2.jpg 800w\" sizes=\"(max-width: 150px) 100vw, 150px\" \/><\/a><\/td>\n<td><a href=\"https:\/\/www.storevan.com\/wp-content\/uploads\/2017\/03\/Divisori-valigie-plastica-080-3.jpg\"><img decoding=\"async\" loading=\"lazy\" class=\"aligncenter wp-image-53145 size-thumbnail\" src=\"https:\/\/www.storevan.com\/wp-content\/uploads\/2017\/03\/Divisori-valigie-plastica-080-3-150x150.jpg\" alt=\"Ejemplos para maletines 6\" width=\"150\" height=\"150\" srcset=\"https:\/\/www.storevan.com\/wp-content\/uploads\/2017\/03\/Divisori-valigie-plastica-080-3-150x150.jpg 150w, https:\/\/www.storevan.com\/wp-content\/uploads\/2017\/03\/Divisori-valigie-plastica-080-3-300x300.jpg 300w, https:\/\/www.storevan.com\/wp-content\/uploads\/2017\/03\/Divisori-valigie-plastica-080-3-768x768.jpg 768w, https:\/\/www.storevan.com\/wp-content\/uploads\/2017\/03\/Divisori-valigie-plastica-080-3-600x600.jpg 600w, https:\/\/www.storevan.com\/wp-content\/uploads\/2017\/03\/Divisori-valigie-plastica-080-3-48x48.jpg 48w, https:\/\/www.storevan.com\/wp-content\/uploads\/2017\/03\/Divisori-valigie-plastica-080-3-480x480.jpg 480w, https:\/\/www.storevan.com\/wp-content\/uploads\/2017\/03\/Divisori-valigie-plastica-080-3.jpg 800w\" sizes=\"(max-width: 150px) 100vw, 150px\" \/><\/a><\/td>\n<\/tr>\n<\/tbody>\n<\/table>\n<\/td>\n<\/tr>\n<tr>\n<td style=\"text-align: center;\"><strong>Divisores serie 080<\/strong><\/td>\n<\/tr>\n<\/tbody>\n<\/table>\n<\/div><div class=\"one_third last\">\n<table border=\"0\" cellspacing=\"0\" cellpadding=\"0\">\n<tbody>\n<tr>\n<td style=\"text-align: center;\"><img decoding=\"async\" loading=\"lazy\" class=\"aligncenter wp-image-53151 size-full\" title=\"Divisori per valigie in plastica\" src=\"https:\/\/www.storevan.com\/wp-content\/uploads\/2017\/03\/Divisori-valigie-plastica.jpg\" alt=\"Ejemplos para maletines con divisores serie 102-374\" width=\"350\" height=\"200\" srcset=\"https:\/\/www.storevan.com\/wp-content\/uploads\/2017\/03\/Divisori-valigie-plastica.jpg 350w, https:\/\/www.storevan.com\/wp-content\/uploads\/2017\/03\/Divisori-valigie-plastica-300x171.jpg 300w\" sizes=\"(max-width: 350px) 100vw, 350px\" \/><\/td>\n<\/tr>\n<tr>\n<td height=\"5px\"><\/td>\n<\/tr>\n<tr>\n<td>\n<table border=\"0\" width=\"100%\" cellspacing=\"0\" cellpadding=\"0\">\n<tbody>\n<tr>\n<td><a href=\"https:\/\/www.storevan.com\/wp-content\/uploads\/2017\/03\/Divisori-valigie-plastica-1.jpg\"><img decoding=\"async\" loading=\"lazy\" class=\"aligncenter wp-image-53157 size-thumbnail\" src=\"https:\/\/www.storevan.com\/wp-content\/uploads\/2017\/03\/Divisori-valigie-plastica-1-150x150.jpg\" alt=\"Ejemplos para maletines 7\" width=\"150\" height=\"150\" srcset=\"https:\/\/www.storevan.com\/wp-content\/uploads\/2017\/03\/Divisori-valigie-plastica-1-150x150.jpg 150w, https:\/\/www.storevan.com\/wp-content\/uploads\/2017\/03\/Divisori-valigie-plastica-1-300x300.jpg 300w, https:\/\/www.storevan.com\/wp-content\/uploads\/2017\/03\/Divisori-valigie-plastica-1-768x768.jpg 768w, https:\/\/www.storevan.com\/wp-content\/uploads\/2017\/03\/Divisori-valigie-plastica-1-600x600.jpg 600w, https:\/\/www.storevan.com\/wp-content\/uploads\/2017\/03\/Divisori-valigie-plastica-1-48x48.jpg 48w, https:\/\/www.storevan.com\/wp-content\/uploads\/2017\/03\/Divisori-valigie-plastica-1-480x480.jpg 480w, https:\/\/www.storevan.com\/wp-content\/uploads\/2017\/03\/Divisori-valigie-plastica-1.jpg 800w\" sizes=\"(max-width: 150px) 100vw, 150px\" \/><\/a><\/td>\n<td><a href=\"https:\/\/www.storevan.com\/wp-content\/uploads\/2017\/03\/Divisori-valigie-plastica-2.jpg\"><img decoding=\"async\" loading=\"lazy\" class=\"aligncenter wp-image-53163 size-thumbnail\" src=\"https:\/\/www.storevan.com\/wp-content\/uploads\/2017\/03\/Divisori-valigie-plastica-2-150x150.jpg\" alt=\"Ejemplos para maletines 8\" width=\"150\" height=\"150\" srcset=\"https:\/\/www.storevan.com\/wp-content\/uploads\/2017\/03\/Divisori-valigie-plastica-2-150x150.jpg 150w, https:\/\/www.storevan.com\/wp-content\/uploads\/2017\/03\/Divisori-valigie-plastica-2-300x300.jpg 300w, https:\/\/www.storevan.com\/wp-content\/uploads\/2017\/03\/Divisori-valigie-plastica-2-768x768.jpg 768w, https:\/\/www.storevan.com\/wp-content\/uploads\/2017\/03\/Divisori-valigie-plastica-2-600x600.jpg 600w, https:\/\/www.storevan.com\/wp-content\/uploads\/2017\/03\/Divisori-valigie-plastica-2-48x48.jpg 48w, https:\/\/www.storevan.com\/wp-content\/uploads\/2017\/03\/Divisori-valigie-plastica-2-480x480.jpg 480w, https:\/\/www.storevan.com\/wp-content\/uploads\/2017\/03\/Divisori-valigie-plastica-2.jpg 800w\" sizes=\"(max-width: 150px) 100vw, 150px\" \/><\/a><\/td>\n<td><a href=\"https:\/\/www.storevan.com\/wp-content\/uploads\/2017\/03\/Divisori-valigie-plastica-3.jpg\"><img decoding=\"async\" loading=\"lazy\" class=\"aligncenter wp-image-53169 size-thumbnail\" src=\"https:\/\/www.storevan.com\/wp-content\/uploads\/2017\/03\/Divisori-valigie-plastica-3-150x150.jpg\" alt=\"Ejemplos para maletines 9\" width=\"150\" height=\"150\" srcset=\"https:\/\/www.storevan.com\/wp-content\/uploads\/2017\/03\/Divisori-valigie-plastica-3-150x150.jpg 150w, https:\/\/www.storevan.com\/wp-content\/uploads\/2017\/03\/Divisori-valigie-plastica-3-300x300.jpg 300w, https:\/\/www.storevan.com\/wp-content\/uploads\/2017\/03\/Divisori-valigie-plastica-3-768x768.jpg 768w, https:\/\/www.storevan.com\/wp-content\/uploads\/2017\/03\/Divisori-valigie-plastica-3-600x600.jpg 600w, https:\/\/www.storevan.com\/wp-content\/uploads\/2017\/03\/Divisori-valigie-plastica-3-48x48.jpg 48w, https:\/\/www.storevan.com\/wp-content\/uploads\/2017\/03\/Divisori-valigie-plastica-3-480x480.jpg 480w, https:\/\/www.storevan.com\/wp-content\/uploads\/2017\/03\/Divisori-valigie-plastica-3.jpg 800w\" sizes=\"(max-width: 150px) 100vw, 150px\" \/><\/a><\/td>\n<\/tr>\n<\/tbody>\n<\/table>\n<\/td>\n<\/tr>\n<tr>\n<td style=\"text-align: center;\"><strong>Divisores serie\u00a0102-374<\/strong><\/td>\n<\/tr>\n<\/tbody>\n<\/table>\n<\/div><div class=\"clearboth\"><\/div>\n<\/div>\n<div class=\"demo-sep\" style=\"margin-top: 30px;\"><\/div>\n<h2 style=\"text-align: justify;\"><strong>Ejemplos para cajones<\/strong><\/h2>\n<div class=\"ts-gallery\">\n<div class=\"one_third\">\n<table border=\"0\" cellspacing=\"0\" cellpadding=\"0\">\n<tbody>\n<tr>\n<td style=\"text-align: center;\"><img decoding=\"async\" loading=\"lazy\" class=\"aligncenter wp-image-52949 size-full\" title=\"Divisori per cassettiere furgoni\" src=\"https:\/\/www.storevan.com\/wp-content\/uploads\/2017\/03\/divisori-valigie-cassettiere-E4.jpg\" alt=\"Ejemplo divisores E4 para cajones serie S4\" width=\"350\" height=\"200\" srcset=\"https:\/\/www.storevan.com\/wp-content\/uploads\/2017\/03\/divisori-valigie-cassettiere-E4.jpg 350w, https:\/\/www.storevan.com\/wp-content\/uploads\/2017\/03\/divisori-valigie-cassettiere-E4-300x171.jpg 300w\" sizes=\"(max-width: 350px) 100vw, 350px\" \/><\/td>\n<\/tr>\n<tr>\n<td height=\"5px\"><\/td>\n<\/tr>\n<tr>\n<td>\n<table border=\"0\" width=\"100%\" cellspacing=\"0\" cellpadding=\"0\">\n<tbody>\n<tr>\n<td><a href=\"https:\/\/www.storevan.com\/wp-content\/uploads\/2017\/03\/divisori-valigie-cassettiere-E4-1.jpg\"><img decoding=\"async\" loading=\"lazy\" class=\"aligncenter wp-image-52956 size-thumbnail\" title=\"Contenitori e divisori per cassettiere per furgoni E4\" src=\"https:\/\/www.storevan.com\/wp-content\/uploads\/2017\/03\/divisori-valigie-cassettiere-E4-1-150x150.jpg\" alt=\"Ejemplo para cajones 1\" width=\"150\" height=\"150\" srcset=\"https:\/\/www.storevan.com\/wp-content\/uploads\/2017\/03\/divisori-valigie-cassettiere-E4-1-150x150.jpg 150w, https:\/\/www.storevan.com\/wp-content\/uploads\/2017\/03\/divisori-valigie-cassettiere-E4-1-300x300.jpg 300w, https:\/\/www.storevan.com\/wp-content\/uploads\/2017\/03\/divisori-valigie-cassettiere-E4-1-768x768.jpg 768w, https:\/\/www.storevan.com\/wp-content\/uploads\/2017\/03\/divisori-valigie-cassettiere-E4-1-600x600.jpg 600w, https:\/\/www.storevan.com\/wp-content\/uploads\/2017\/03\/divisori-valigie-cassettiere-E4-1-48x48.jpg 48w, https:\/\/www.storevan.com\/wp-content\/uploads\/2017\/03\/divisori-valigie-cassettiere-E4-1-480x480.jpg 480w, https:\/\/www.storevan.com\/wp-content\/uploads\/2017\/03\/divisori-valigie-cassettiere-E4-1.jpg 800w\" sizes=\"(max-width: 150px) 100vw, 150px\" \/><\/a><\/td>\n<td><a href=\"https:\/\/www.storevan.com\/wp-content\/uploads\/2017\/03\/divisori-valigie-cassettiere-E4_2.jpg\"><img decoding=\"async\" loading=\"lazy\" class=\"aligncenter wp-image-52962 size-thumbnail\" title=\"Contenitori e divisori per cassetti E4\" src=\"https:\/\/www.storevan.com\/wp-content\/uploads\/2017\/03\/divisori-valigie-cassettiere-E4_2-150x150.jpg\" alt=\"Ejemplo para cajones 2\" width=\"150\" height=\"150\" srcset=\"https:\/\/www.storevan.com\/wp-content\/uploads\/2017\/03\/divisori-valigie-cassettiere-E4_2-150x150.jpg 150w, https:\/\/www.storevan.com\/wp-content\/uploads\/2017\/03\/divisori-valigie-cassettiere-E4_2-300x300.jpg 300w, https:\/\/www.storevan.com\/wp-content\/uploads\/2017\/03\/divisori-valigie-cassettiere-E4_2-768x768.jpg 768w, https:\/\/www.storevan.com\/wp-content\/uploads\/2017\/03\/divisori-valigie-cassettiere-E4_2-600x600.jpg 600w, https:\/\/www.storevan.com\/wp-content\/uploads\/2017\/03\/divisori-valigie-cassettiere-E4_2-48x48.jpg 48w, https:\/\/www.storevan.com\/wp-content\/uploads\/2017\/03\/divisori-valigie-cassettiere-E4_2-480x480.jpg 480w, https:\/\/www.storevan.com\/wp-content\/uploads\/2017\/03\/divisori-valigie-cassettiere-E4_2.jpg 800w\" sizes=\"(max-width: 150px) 100vw, 150px\" \/><\/a><\/td>\n<td><a href=\"https:\/\/www.storevan.com\/wp-content\/uploads\/2017\/03\/divisori-valigie-cassettiere-E4-3.jpg\"><img decoding=\"async\" loading=\"lazy\" class=\"aligncenter wp-image-52968 size-thumbnail\" title=\"Divisori per valigie e cassettiere per furgoni E4\" src=\"https:\/\/www.storevan.com\/wp-content\/uploads\/2017\/03\/divisori-valigie-cassettiere-E4-3-150x150.jpg\" alt=\"Ejemplo para cajones 3\" width=\"150\" height=\"150\" srcset=\"https:\/\/www.storevan.com\/wp-content\/uploads\/2017\/03\/divisori-valigie-cassettiere-E4-3-150x150.jpg 150w, https:\/\/www.storevan.com\/wp-content\/uploads\/2017\/03\/divisori-valigie-cassettiere-E4-3-300x300.jpg 300w, https:\/\/www.storevan.com\/wp-content\/uploads\/2017\/03\/divisori-valigie-cassettiere-E4-3-768x768.jpg 768w, https:\/\/www.storevan.com\/wp-content\/uploads\/2017\/03\/divisori-valigie-cassettiere-E4-3-600x600.jpg 600w, https:\/\/www.storevan.com\/wp-content\/uploads\/2017\/03\/divisori-valigie-cassettiere-E4-3-48x48.jpg 48w, https:\/\/www.storevan.com\/wp-content\/uploads\/2017\/03\/divisori-valigie-cassettiere-E4-3-480x480.jpg 480w, https:\/\/www.storevan.com\/wp-content\/uploads\/2017\/03\/divisori-valigie-cassettiere-E4-3.jpg 800w\" sizes=\"(max-width: 150px) 100vw, 150px\" \/><\/a><\/td>\n<\/tr>\n<\/tbody>\n<\/table>\n<\/td>\n<\/tr>\n<tr>\n<td style=\"text-align: center;\"><strong>Divisores E4 para cajones serie S4<\/strong><\/td>\n<\/tr>\n<\/tbody>\n<\/table>\n<\/div><div class=\"one_third\">\n<table border=\"0\" cellspacing=\"0\" cellpadding=\"0\">\n<tbody>\n<tr>\n<td style=\"text-align: center;\"><img decoding=\"async\" loading=\"lazy\" class=\"aligncenter wp-image-52974 size-full\" title=\"Divisori per cassettiere furgoni\" src=\"https:\/\/www.storevan.com\/wp-content\/uploads\/2017\/03\/divisori-valigie-cassettiere-E5.jpg\" alt=\"Ejemplo divisores E5 para cajones serie S5\" width=\"350\" height=\"200\" srcset=\"https:\/\/www.storevan.com\/wp-content\/uploads\/2017\/03\/divisori-valigie-cassettiere-E5.jpg 350w, https:\/\/www.storevan.com\/wp-content\/uploads\/2017\/03\/divisori-valigie-cassettiere-E5-300x171.jpg 300w\" sizes=\"(max-width: 350px) 100vw, 350px\" \/><\/td>\n<\/tr>\n<tr>\n<td height=\"5px\"><\/td>\n<\/tr>\n<tr>\n<td>\n<table border=\"0\" width=\"100%\" cellspacing=\"0\" cellpadding=\"0\">\n<tbody>\n<tr>\n<td><a href=\"https:\/\/www.storevan.com\/wp-content\/uploads\/2017\/03\/divisori-valigie-cassettiere-E5-1.jpg\"><img decoding=\"async\" loading=\"lazy\" class=\"aligncenter wp-image-52980 size-thumbnail\" title=\"Contenitori portaminuteria e divisori portautensili per cassetti\" src=\"https:\/\/www.storevan.com\/wp-content\/uploads\/2017\/03\/divisori-valigie-cassettiere-E5-1-150x150.jpg\" alt=\"Ejemplo para cajones 4\" width=\"150\" height=\"150\" srcset=\"https:\/\/www.storevan.com\/wp-content\/uploads\/2017\/03\/divisori-valigie-cassettiere-E5-1-150x150.jpg 150w, https:\/\/www.storevan.com\/wp-content\/uploads\/2017\/03\/divisori-valigie-cassettiere-E5-1-300x300.jpg 300w, https:\/\/www.storevan.com\/wp-content\/uploads\/2017\/03\/divisori-valigie-cassettiere-E5-1-768x768.jpg 768w, https:\/\/www.storevan.com\/wp-content\/uploads\/2017\/03\/divisori-valigie-cassettiere-E5-1-600x600.jpg 600w, https:\/\/www.storevan.com\/wp-content\/uploads\/2017\/03\/divisori-valigie-cassettiere-E5-1-48x48.jpg 48w, https:\/\/www.storevan.com\/wp-content\/uploads\/2017\/03\/divisori-valigie-cassettiere-E5-1-480x480.jpg 480w, https:\/\/www.storevan.com\/wp-content\/uploads\/2017\/03\/divisori-valigie-cassettiere-E5-1.jpg 800w\" sizes=\"(max-width: 150px) 100vw, 150px\" \/><\/a><\/td>\n<td><a href=\"https:\/\/www.storevan.com\/wp-content\/uploads\/2017\/03\/divisori-valigie-cassettiere-E5-2.jpg\"><img decoding=\"async\" loading=\"lazy\" class=\"aligncenter wp-image-52986 size-thumbnail\" title=\"Contenitori e divisori per cassetti - E5\" src=\"https:\/\/www.storevan.com\/wp-content\/uploads\/2017\/03\/divisori-valigie-cassettiere-E5-2-150x150.jpg\" alt=\"Ejemplo para cajones 5\" width=\"150\" height=\"150\" srcset=\"https:\/\/www.storevan.com\/wp-content\/uploads\/2017\/03\/divisori-valigie-cassettiere-E5-2-150x150.jpg 150w, https:\/\/www.storevan.com\/wp-content\/uploads\/2017\/03\/divisori-valigie-cassettiere-E5-2-300x300.jpg 300w, https:\/\/www.storevan.com\/wp-content\/uploads\/2017\/03\/divisori-valigie-cassettiere-E5-2-768x768.jpg 768w, https:\/\/www.storevan.com\/wp-content\/uploads\/2017\/03\/divisori-valigie-cassettiere-E5-2-600x600.jpg 600w, https:\/\/www.storevan.com\/wp-content\/uploads\/2017\/03\/divisori-valigie-cassettiere-E5-2-48x48.jpg 48w, https:\/\/www.storevan.com\/wp-content\/uploads\/2017\/03\/divisori-valigie-cassettiere-E5-2-480x480.jpg 480w, https:\/\/www.storevan.com\/wp-content\/uploads\/2017\/03\/divisori-valigie-cassettiere-E5-2.jpg 800w\" sizes=\"(max-width: 150px) 100vw, 150px\" \/><\/a><\/td>\n<td><a href=\"https:\/\/www.storevan.com\/wp-content\/uploads\/2017\/03\/divisori-valigie-cassettiere-E5-3.jpg\"><img decoding=\"async\" loading=\"lazy\" class=\"aligncenter wp-image-52992 size-thumbnail\" title=\"Contenitori e divisori per cassetti - E5\" src=\"https:\/\/www.storevan.com\/wp-content\/uploads\/2017\/03\/divisori-valigie-cassettiere-E5-3-150x150.jpg\" alt=\"Ejemplo para cajones 6\" width=\"150\" height=\"150\" srcset=\"https:\/\/www.storevan.com\/wp-content\/uploads\/2017\/03\/divisori-valigie-cassettiere-E5-3-150x150.jpg 150w, https:\/\/www.storevan.com\/wp-content\/uploads\/2017\/03\/divisori-valigie-cassettiere-E5-3-300x300.jpg 300w, https:\/\/www.storevan.com\/wp-content\/uploads\/2017\/03\/divisori-valigie-cassettiere-E5-3-768x768.jpg 768w, https:\/\/www.storevan.com\/wp-content\/uploads\/2017\/03\/divisori-valigie-cassettiere-E5-3-600x600.jpg 600w, https:\/\/www.storevan.com\/wp-content\/uploads\/2017\/03\/divisori-valigie-cassettiere-E5-3-48x48.jpg 48w, https:\/\/www.storevan.com\/wp-content\/uploads\/2017\/03\/divisori-valigie-cassettiere-E5-3-480x480.jpg 480w, https:\/\/www.storevan.com\/wp-content\/uploads\/2017\/03\/divisori-valigie-cassettiere-E5-3.jpg 800w\" sizes=\"(max-width: 150px) 100vw, 150px\" \/><\/a><\/td>\n<\/tr>\n<\/tbody>\n<\/table>\n<\/td>\n<\/tr>\n<tr>\n<td style=\"text-align: center;\"><strong>Divisores E5 para cajones serie S5<\/strong><\/td>\n<\/tr>\n<\/tbody>\n<\/table>\n<\/div><div class=\"one_third last\">\n<table border=\"0\" cellspacing=\"0\" cellpadding=\"0\">\n<tbody>\n<tr>\n<td style=\"text-align: center;\"><img decoding=\"async\" loading=\"lazy\" class=\"aligncenter wp-image-52998 size-full\" src=\"https:\/\/www.storevan.com\/wp-content\/uploads\/2017\/03\/divisori-valigie-cassettiere-E8.jpg\" alt=\"Ejemplo divisores E8 para cajones serie S8\" width=\"350\" height=\"200\" srcset=\"https:\/\/www.storevan.com\/wp-content\/uploads\/2017\/03\/divisori-valigie-cassettiere-E8.jpg 350w, https:\/\/www.storevan.com\/wp-content\/uploads\/2017\/03\/divisori-valigie-cassettiere-E8-300x171.jpg 300w\" sizes=\"(max-width: 350px) 100vw, 350px\" \/><\/td>\n<\/tr>\n<tr>\n<td height=\"5px\"><\/td>\n<\/tr>\n<tr>\n<td>\n<table border=\"0\" width=\"100%\" cellspacing=\"0\" cellpadding=\"0\">\n<tbody>\n<tr>\n<td><a href=\"https:\/\/www.storevan.com\/wp-content\/uploads\/2017\/03\/divisori-valigie-cassettiere-E8-1.jpg\"><img decoding=\"async\" loading=\"lazy\" class=\"aligncenter wp-image-53004 size-thumbnail\" title=\"Contenitori e divisori per cassetti e valigie - E8\" src=\"https:\/\/www.storevan.com\/wp-content\/uploads\/2017\/03\/divisori-valigie-cassettiere-E8-1-150x150.jpg\" alt=\"Ejemplo para cajones 7\" width=\"150\" height=\"150\" srcset=\"https:\/\/www.storevan.com\/wp-content\/uploads\/2017\/03\/divisori-valigie-cassettiere-E8-1-150x150.jpg 150w, https:\/\/www.storevan.com\/wp-content\/uploads\/2017\/03\/divisori-valigie-cassettiere-E8-1-300x300.jpg 300w, https:\/\/www.storevan.com\/wp-content\/uploads\/2017\/03\/divisori-valigie-cassettiere-E8-1-768x768.jpg 768w, https:\/\/www.storevan.com\/wp-content\/uploads\/2017\/03\/divisori-valigie-cassettiere-E8-1-600x600.jpg 600w, https:\/\/www.storevan.com\/wp-content\/uploads\/2017\/03\/divisori-valigie-cassettiere-E8-1-48x48.jpg 48w, https:\/\/www.storevan.com\/wp-content\/uploads\/2017\/03\/divisori-valigie-cassettiere-E8-1-480x480.jpg 480w, https:\/\/www.storevan.com\/wp-content\/uploads\/2017\/03\/divisori-valigie-cassettiere-E8-1.jpg 800w\" sizes=\"(max-width: 150px) 100vw, 150px\" \/><\/a><\/td>\n<td><a href=\"https:\/\/www.storevan.com\/wp-content\/uploads\/2017\/03\/divisori-valigie-cassettiere-E8-2.jpg\"><img decoding=\"async\" loading=\"lazy\" class=\"aligncenter wp-image-53010 size-thumbnail\" title=\"Contenitori e divisori per cassetti e valigie - E8\" src=\"https:\/\/www.storevan.com\/wp-content\/uploads\/2017\/03\/divisori-valigie-cassettiere-E8-2-150x150.jpg\" alt=\"Ejemplo para cajones 8\" width=\"150\" height=\"150\" srcset=\"https:\/\/www.storevan.com\/wp-content\/uploads\/2017\/03\/divisori-valigie-cassettiere-E8-2-150x150.jpg 150w, https:\/\/www.storevan.com\/wp-content\/uploads\/2017\/03\/divisori-valigie-cassettiere-E8-2-300x300.jpg 300w, https:\/\/www.storevan.com\/wp-content\/uploads\/2017\/03\/divisori-valigie-cassettiere-E8-2-768x768.jpg 768w, https:\/\/www.storevan.com\/wp-content\/uploads\/2017\/03\/divisori-valigie-cassettiere-E8-2-600x600.jpg 600w, https:\/\/www.storevan.com\/wp-content\/uploads\/2017\/03\/divisori-valigie-cassettiere-E8-2-48x48.jpg 48w, https:\/\/www.storevan.com\/wp-content\/uploads\/2017\/03\/divisori-valigie-cassettiere-E8-2-480x480.jpg 480w, https:\/\/www.storevan.com\/wp-content\/uploads\/2017\/03\/divisori-valigie-cassettiere-E8-2.jpg 800w\" sizes=\"(max-width: 150px) 100vw, 150px\" \/><\/a><\/td>\n<td><a href=\"https:\/\/www.storevan.com\/wp-content\/uploads\/2017\/03\/divisori-valigie-cassettiere-E8-3.jpg\"><img decoding=\"async\" loading=\"lazy\" class=\"aligncenter wp-image-53016 size-thumbnail\" title=\"Contenitori e divisori per cassetti e valigie - E8\" src=\"https:\/\/www.storevan.com\/wp-content\/uploads\/2017\/03\/divisori-valigie-cassettiere-E8-3-150x150.jpg\" alt=\"Ejemplo para cajones 9\" width=\"150\" height=\"150\" srcset=\"https:\/\/www.storevan.com\/wp-content\/uploads\/2017\/03\/divisori-valigie-cassettiere-E8-3-150x150.jpg 150w, https:\/\/www.storevan.com\/wp-content\/uploads\/2017\/03\/divisori-valigie-cassettiere-E8-3-300x300.jpg 300w, https:\/\/www.storevan.com\/wp-content\/uploads\/2017\/03\/divisori-valigie-cassettiere-E8-3-768x768.jpg 768w, https:\/\/www.storevan.com\/wp-content\/uploads\/2017\/03\/divisori-valigie-cassettiere-E8-3-600x600.jpg 600w, https:\/\/www.storevan.com\/wp-content\/uploads\/2017\/03\/divisori-valigie-cassettiere-E8-3-48x48.jpg 48w, https:\/\/www.storevan.com\/wp-content\/uploads\/2017\/03\/divisori-valigie-cassettiere-E8-3-480x480.jpg 480w, https:\/\/www.storevan.com\/wp-content\/uploads\/2017\/03\/divisori-valigie-cassettiere-E8-3.jpg 800w\" sizes=\"(max-width: 150px) 100vw, 150px\" \/><\/a><\/td>\n<\/tr>\n<\/tbody>\n<\/table>\n<\/td>\n<\/tr>\n<tr>\n<td style=\"text-align: center;\"><strong>Divisores E8 para cajones serie S8<\/strong><\/td>\n<\/tr>\n<\/tbody>\n<\/table>\n<\/div><div class=\"clearboth\"><\/div>\n<\/div>\n","protected":false},"excerpt":{"rendered":"<p>Divisores para maletines y cajoneras para furgonetas STORE-BOX DIVIDER es el nuevo sistema de divisores para maletines STORE-BOX\u00a0y cajoneras para furgonetas, estudiado por Store Van para aumentar la funcionalidad del.<\/p>\n","protected":false},"author":470,"featured_media":0,"parent":0,"menu_order":0,"comment_status":"closed","ping_status":"closed","template":"","meta":[],"acf":[],"yoast_head":"<!-- This site is optimized with the Yoast SEO plugin v20.11 - https:\/\/yoast.com\/wordpress\/plugins\/seo\/ -->\n<title>Divisores para maletines y cajoneras para furgonetas<\/title>\n<meta name=\"description\" content=\"Divisores para maletines y cajoneras para furgonetas, estudiado para aumentar la funcionalidad del almacenamiento m\u00f3vil en tu veh\u00edculo comercial\" \/>\n<meta name=\"robots\" content=\"index, follow, max-snippet:-1, max-image-preview:large, max-video-preview:-1\" \/>\n<link rel=\"canonical\" href=\"https:\/\/www.storevan.com\/es\/divisores-maletines-cajoneras-furgonetas\/\" \/>\n<meta property=\"og:locale\" content=\"es_ES\" \/>\n<meta property=\"og:type\" content=\"article\" \/>\n<meta property=\"og:title\" content=\"Divisores para maletines y cajoneras para furgonetas\" \/>\n<meta property=\"og:description\" content=\"Divisores para maletines y cajoneras para furgonetas, estudiado para aumentar la funcionalidad del almacenamiento m\u00f3vil en tu veh\u00edculo comercial\" \/>\n<meta property=\"og:url\" content=\"https:\/\/www.storevan.com\/es\/divisores-maletines-cajoneras-furgonetas\/\" \/>\n<meta property=\"og:site_name\" content=\"Store Van\" \/>\n<meta property=\"article:modified_time\" content=\"2017-03-28T15:21:32+00:00\" \/>\n<meta property=\"og:image\" content=\"https:\/\/www.storevan.com\/wp-content\/uploads\/2017\/03\/Divisori-valigie-metallo.jpg\" \/>\n<meta name=\"twitter:label1\" content=\"Tiempo de lectura\" \/>\n\t<meta name=\"twitter:data1\" content=\"2 minutos\" \/>\n<script type=\"application\/ld+json\" class=\"yoast-schema-graph\">{\"@context\":\"https:\/\/schema.org\",\"@graph\":[{\"@type\":\"WebPage\",\"@id\":\"https:\/\/www.storevan.com\/es\/divisores-maletines-cajoneras-furgonetas\/\",\"url\":\"https:\/\/www.storevan.com\/es\/divisores-maletines-cajoneras-furgonetas\/\",\"name\":\"Divisores para maletines y cajoneras para furgonetas\",\"isPartOf\":{\"@id\":\"https:\/\/www.storevan.com\/pl\/#website\"},\"datePublished\":\"2017-03-21T09:15:51+00:00\",\"dateModified\":\"2017-03-28T15:21:32+00:00\",\"description\":\"Divisores para maletines y cajoneras para furgonetas, estudiado para aumentar la funcionalidad del almacenamiento m\u00f3vil en tu veh\u00edculo comercial\",\"breadcrumb\":{\"@id\":\"https:\/\/www.storevan.com\/es\/divisores-maletines-cajoneras-furgonetas\/#breadcrumb\"},\"inLanguage\":\"es\",\"potentialAction\":[{\"@type\":\"ReadAction\",\"target\":[\"https:\/\/www.storevan.com\/es\/divisores-maletines-cajoneras-furgonetas\/\"]}]},{\"@type\":\"BreadcrumbList\",\"@id\":\"https:\/\/www.storevan.com\/es\/divisores-maletines-cajoneras-furgonetas\/#breadcrumb\",\"itemListElement\":[{\"@type\":\"ListItem\",\"position\":1,\"name\":\"Home\",\"item\":\"https:\/\/www.storevan.com\/es\/\"},{\"@type\":\"ListItem\",\"position\":2,\"name\":\"Divisores para maletines y cajoneras para furgonetas\"}]},{\"@type\":\"WebSite\",\"@id\":\"https:\/\/www.storevan.com\/pl\/#website\",\"url\":\"https:\/\/www.storevan.com\/pl\/\",\"name\":\"Store Van\",\"description\":\"Equipamientos furgonetas\",\"potentialAction\":[{\"@type\":\"SearchAction\",\"target\":{\"@type\":\"EntryPoint\",\"urlTemplate\":\"https:\/\/www.storevan.com\/pl\/?s={search_term_string}\"},\"query-input\":\"required name=search_term_string\"}],\"inLanguage\":\"es\"}]}<\/script>\n<!-- \/ Yoast SEO plugin. -->","yoast_head_json":{"title":"Divisores para maletines y cajoneras para furgonetas","description":"Divisores para maletines y cajoneras para furgonetas, estudiado para aumentar la funcionalidad del almacenamiento m\u00f3vil en tu veh\u00edculo comercial","robots":{"index":"index","follow":"follow","max-snippet":"max-snippet:-1","max-image-preview":"max-image-preview:large","max-video-preview":"max-video-preview:-1"},"canonical":"https:\/\/www.storevan.com\/es\/divisores-maletines-cajoneras-furgonetas\/","og_locale":"es_ES","og_type":"article","og_title":"Divisores para maletines y cajoneras para furgonetas","og_description":"Divisores para maletines y cajoneras para furgonetas, estudiado para aumentar la funcionalidad del almacenamiento m\u00f3vil en tu veh\u00edculo comercial","og_url":"https:\/\/www.storevan.com\/es\/divisores-maletines-cajoneras-furgonetas\/","og_site_name":"Store Van","article_modified_time":"2017-03-28T15:21:32+00:00","og_image":[{"url":"https:\/\/www.storevan.com\/wp-content\/uploads\/2017\/03\/Divisori-valigie-metallo.jpg"}],"twitter_misc":{"Tiempo de lectura":"2 minutos"},"schema":{"@context":"https:\/\/schema.org","@graph":[{"@type":"WebPage","@id":"https:\/\/www.storevan.com\/es\/divisores-maletines-cajoneras-furgonetas\/","url":"https:\/\/www.storevan.com\/es\/divisores-maletines-cajoneras-furgonetas\/","name":"Divisores para maletines y cajoneras para furgonetas","isPartOf":{"@id":"https:\/\/www.storevan.com\/pl\/#website"},"datePublished":"2017-03-21T09:15:51+00:00","dateModified":"2017-03-28T15:21:32+00:00","description":"Divisores para maletines y cajoneras para furgonetas, estudiado para aumentar la funcionalidad del almacenamiento m\u00f3vil en tu veh\u00edculo comercial","breadcrumb":{"@id":"https:\/\/www.storevan.com\/es\/divisores-maletines-cajoneras-furgonetas\/#breadcrumb"},"inLanguage":"es","potentialAction":[{"@type":"ReadAction","target":["https:\/\/www.storevan.com\/es\/divisores-maletines-cajoneras-furgonetas\/"]}]},{"@type":"BreadcrumbList","@id":"https:\/\/www.storevan.com\/es\/divisores-maletines-cajoneras-furgonetas\/#breadcrumb","itemListElement":[{"@type":"ListItem","position":1,"name":"Home","item":"https:\/\/www.storevan.com\/es\/"},{"@type":"ListItem","position":2,"name":"Divisores para maletines y cajoneras para furgonetas"}]},{"@type":"WebSite","@id":"https:\/\/www.storevan.com\/pl\/#website","url":"https:\/\/www.storevan.com\/pl\/","name":"Store Van","description":"Equipamientos furgonetas","potentialAction":[{"@type":"SearchAction","target":{"@type":"EntryPoint","urlTemplate":"https:\/\/www.storevan.com\/pl\/?s={search_term_string}"},"query-input":"required name=search_term_string"}],"inLanguage":"es"}]}},"_links":{"self":[{"href":"https:\/\/www.storevan.com\/es\/wp-json\/wp\/v2\/pages\/53522"}],"collection":[{"href":"https:\/\/www.storevan.com\/es\/wp-json\/wp\/v2\/pages"}],"about":[{"href":"https:\/\/www.storevan.com\/es\/wp-json\/wp\/v2\/types\/page"}],"author":[{"embeddable":true,"href":"https:\/\/www.storevan.com\/es\/wp-json\/wp\/v2\/users\/470"}],"replies":[{"embeddable":true,"href":"https:\/\/www.storevan.com\/es\/wp-json\/wp\/v2\/comments?post=53522"}],"version-history":[{"count":0,"href":"https:\/\/www.storevan.com\/es\/wp-json\/wp\/v2\/pages\/53522\/revisions"}],"wp:attachment":[{"href":"https:\/\/www.storevan.com\/es\/wp-json\/wp\/v2\/media?parent=53522"}],"curies":[{"name":"wp","href":"https:\/\/api.w.org\/{rel}","templated":true}]}}