{"id":53407,"date":"2017-02-21T09:03:11","date_gmt":"2017-02-21T09:03:11","guid":{"rendered":"https:\/\/www.storevan.com\/allestimento-furgoni-filiale-emilia\/"},"modified":"2024-02-01T15:15:38","modified_gmt":"2024-02-01T15:15:38","slug":"equipamiento-furgonetas-filial-emilia","status":"publish","type":"page","link":"https:\/\/www.storevan.com\/es\/equipamiento-furgonetas-filial-emilia\/","title":{"rendered":"Equipamiento para furgonetas StoreVan Filial Emilia Roma\u00f1a"},"content":{"rendered":"<h1 class=\"customblackTitleSmall\">Equipamiento para furgonetas StoreVan Filial Emilia Roma\u00f1a<\/h1>\n<p style=\"text-align: justify;\"><strong>Equipamientos para veh\u00edculos comerciales<\/strong> StoreVan en <strong>Emilia Roma\u00f1a<\/strong>. Montaje de soluciones personalizadas de equipamiento para furgonetas de todas las marcas, estanter\u00edas, recubrimientos interiores para la protecci\u00f3n de la zona de carga, cajoneras, bancos de trabajo, contenedores de pl\u00e1stico para piezas peque\u00f1as, paredes perforadas para colgar las herramientas, bacas y portaescaleras. La fijaci\u00f3n de la mercanc\u00eda es fundamental para la <a href=\"https:\/\/www.storevan.com\/es\/productos\/furgonetas-seguridad-carga\/\">seguridad de la carga<\/a> y es por dicha raz\u00f3n que la filial de Emilia Roma\u00f1a proporciona todo lo necesario para bloquear la mercanc\u00eda durante el transporte: ganchos y correas para la fijaci\u00f3n de la carga, barras telesc\u00f3picas, etc.<\/p>\n<div class=\"one_half\">\n<p><img decoding=\"async\" loading=\"lazy\" class=\"aligncenter wp-image-52406 size-full\" title=\"Equipamiento para furgonetas Store Van Filial Emilia Roma\u00f1a\" src=\"https:\/\/www.storevan.com\/wp-content\/uploads\/2022\/01\/sede-Zola-Pedrosa.jpg\" alt=\"Equipamiento para furgonetas Store Van Filial Emilia Roma\u00f1a\" width=\"555\" height=\"230\" \/><\/p>\n<\/div><div class=\"one_half last\">\n<p style=\"text-align: justify;\">Para estar siempre presente en el mercado italiano del <strong>equipamiento de furgonetas<\/strong>, StoreVan ha abierto una filial en <strong>Zola Predosa (Bolonia)<\/strong>, demostrando ser una empresa en continua expansi\u00f3n y que desea dar un mayor servicio a los concesionarios y compradores de equipamientos para veh\u00edculos comerciales.<\/p>\n<p style=\"text-align: justify;\">El personal de la filial StoreVan de Zola Predosa te espera para proyectar juntos el equipamiento ideal para tu veh\u00edculo. Las propuestas est\u00e1n acompa\u00f1adas por dibujos en 3D del modelo espec\u00edfico requerido, lo que permite tener una simulaci\u00f3n realista del interior en los m\u00ednimos detalles.<\/p>\n<p style=\"text-align: justify;\">El <strong>taller m\u00f3vil<\/strong> StoreVan es tu mejor tarjeta de visita profesional. Ven a visitarnos a nuestra filial de Emilia Roma\u00f1a. \u00a1Te esperamos!<\/p>\n<\/div><div class=\"clearboth\"><\/div>\n<p><strong>EMILIA ROMAGNA &#8211; FAMI S.r.l.<\/strong><br \/>\nVia Guido Rossa, 13 &#8211; 40069 Zola Predosa (BO)<br \/>\nTel. +39 051 734826 &#8211; Fax. +39 051 6504609<br \/>\n<a class=\"TESTlinkmenu\" href=\"mailto:commerciale.bologna@storevan.it\">commerciale.bologna@storevan.it<\/a><br \/>\n<div class=\"demo-sep\" style=\"margin-top: 40px;\"><\/div>\n<div class=\"one_third\">\n<strong><em><span style=\"color: #ff9900;\">BOLOGNA, MODENA<\/span><\/em><\/strong><\/p>\n<p>Persona de contacto : Sig. MIRCO GALLONI<br \/>\n<a class=\"TESTlinkmenu\" href=\"mailto:mirco.galloni@storevan.it\">mirco.galloni@storevan.it<\/a><br \/>\nCell. +39 392 9791956<br \/>\n<\/div>\n<div class=\"one_third\">\n<strong><em><span style=\"color: #ff9900;\">REGGIO EMILIA, PARMA, PIACENZA<\/span><\/em><\/strong><\/p>\n<p>Persona de contacto : Sig. MORENO FONTANESI<br \/>\n<a class=\"TESTlinkmenu\" href=\"mailto:moreno.fontanesi@storevan.it\">moreno.fontanesi@storevan.it<\/a><br \/>\nCell. +39 335 7014833<br \/>\n<\/div>\n<div class=\"one_third last\">\n<strong><em><span style=\"color: #ff9900;\">FERRARA, FORLI&#8217;-CESENA, RAVENNA, RIMINI <\/span><\/em><\/strong><\/p>\n<p>Persona de contacto: Sig. MAURO MANIZZA<br \/>\n<a class=\"TESTlinkmenu\" href=\"mailto:mauro.manizza@storevan.it\">mauro.manizza@storevan.it<\/a><br \/>\nCell. +39 366 9011216<br \/>\n<\/div><div class=\"clearboth\"><\/div>\n<p>&nbsp;<\/p>\n","protected":false},"excerpt":{"rendered":"<p>Equipamiento para furgonetas StoreVan Filial Emilia Roma\u00f1a Equipamientos para veh\u00edculos comerciales StoreVan en Emilia Roma\u00f1a. Montaje de soluciones personalizadas de equipamiento para furgonetas de todas las marcas, estanter\u00edas, recubrimientos interiores.<\/p>\n","protected":false},"author":470,"featured_media":0,"parent":0,"menu_order":0,"comment_status":"closed","ping_status":"closed","template":"","meta":[],"acf":[],"yoast_head":"<!-- This site is optimized with the Yoast SEO plugin v20.11 - https:\/\/yoast.com\/wordpress\/plugins\/seo\/ -->\n<title>Equipamiento para furgonetas StoreVan Filial Emilia Roma\u00f1a<\/title>\n<meta name=\"description\" content=\"Equipamientos para furgonetas StoreVan en Emilia Roma\u00f1a. Montaje de estanter\u00edas, recubrimientos interiores, cajoneras, portaescaleras veh\u00edculos comerciales\" \/>\n<meta name=\"robots\" content=\"index, follow, max-snippet:-1, max-image-preview:large, max-video-preview:-1\" \/>\n<link rel=\"canonical\" href=\"https:\/\/www.storevan.com\/es\/equipamiento-furgonetas-filial-emilia\/\" \/>\n<meta property=\"og:locale\" content=\"es_ES\" \/>\n<meta property=\"og:type\" content=\"article\" \/>\n<meta property=\"og:title\" content=\"Equipamiento para furgonetas StoreVan Filial Emilia Roma\u00f1a\" \/>\n<meta property=\"og:description\" content=\"Equipamientos para furgonetas StoreVan en Emilia Roma\u00f1a. Montaje de estanter\u00edas, recubrimientos interiores, cajoneras, portaescaleras veh\u00edculos comerciales\" \/>\n<meta property=\"og:url\" content=\"https:\/\/www.storevan.com\/es\/equipamiento-furgonetas-filial-emilia\/\" \/>\n<meta property=\"og:site_name\" content=\"Store Van\" \/>\n<meta property=\"article:modified_time\" content=\"2024-02-01T15:15:38+00:00\" \/>\n<meta property=\"og:image\" content=\"https:\/\/www.storevan.com\/wp-content\/uploads\/2022\/01\/sede-Zola-Pedrosa.jpg\" \/>\n<meta name=\"twitter:label1\" content=\"Tiempo de lectura\" \/>\n\t<meta name=\"twitter:data1\" content=\"2 minutos\" \/>\n<script type=\"application\/ld+json\" class=\"yoast-schema-graph\">{\"@context\":\"https:\/\/schema.org\",\"@graph\":[{\"@type\":\"WebPage\",\"@id\":\"https:\/\/www.storevan.com\/es\/equipamiento-furgonetas-filial-emilia\/\",\"url\":\"https:\/\/www.storevan.com\/es\/equipamiento-furgonetas-filial-emilia\/\",\"name\":\"Equipamiento para furgonetas StoreVan Filial Emilia Roma\u00f1a\",\"isPartOf\":{\"@id\":\"https:\/\/www.storevan.com\/pl\/#website\"},\"datePublished\":\"2017-02-21T09:03:11+00:00\",\"dateModified\":\"2024-02-01T15:15:38+00:00\",\"description\":\"Equipamientos para furgonetas StoreVan en Emilia Roma\u00f1a. Montaje de estanter\u00edas, recubrimientos interiores, cajoneras, portaescaleras veh\u00edculos comerciales\",\"breadcrumb\":{\"@id\":\"https:\/\/www.storevan.com\/es\/equipamiento-furgonetas-filial-emilia\/#breadcrumb\"},\"inLanguage\":\"es\",\"potentialAction\":[{\"@type\":\"ReadAction\",\"target\":[\"https:\/\/www.storevan.com\/es\/equipamiento-furgonetas-filial-emilia\/\"]}]},{\"@type\":\"BreadcrumbList\",\"@id\":\"https:\/\/www.storevan.com\/es\/equipamiento-furgonetas-filial-emilia\/#breadcrumb\",\"itemListElement\":[{\"@type\":\"ListItem\",\"position\":1,\"name\":\"Home\",\"item\":\"https:\/\/www.storevan.com\/es\/\"},{\"@type\":\"ListItem\",\"position\":2,\"name\":\"Equipamiento para furgonetas StoreVan Filial Emilia Roma\u00f1a\"}]},{\"@type\":\"WebSite\",\"@id\":\"https:\/\/www.storevan.com\/pl\/#website\",\"url\":\"https:\/\/www.storevan.com\/pl\/\",\"name\":\"Store Van\",\"description\":\"Equipamientos furgonetas\",\"potentialAction\":[{\"@type\":\"SearchAction\",\"target\":{\"@type\":\"EntryPoint\",\"urlTemplate\":\"https:\/\/www.storevan.com\/pl\/?s={search_term_string}\"},\"query-input\":\"required name=search_term_string\"}],\"inLanguage\":\"es\"}]}<\/script>\n<!-- \/ Yoast SEO plugin. -->","yoast_head_json":{"title":"Equipamiento para furgonetas StoreVan Filial Emilia Roma\u00f1a","description":"Equipamientos para furgonetas StoreVan en Emilia Roma\u00f1a. Montaje de estanter\u00edas, recubrimientos interiores, cajoneras, portaescaleras veh\u00edculos comerciales","robots":{"index":"index","follow":"follow","max-snippet":"max-snippet:-1","max-image-preview":"max-image-preview:large","max-video-preview":"max-video-preview:-1"},"canonical":"https:\/\/www.storevan.com\/es\/equipamiento-furgonetas-filial-emilia\/","og_locale":"es_ES","og_type":"article","og_title":"Equipamiento para furgonetas StoreVan Filial Emilia Roma\u00f1a","og_description":"Equipamientos para furgonetas StoreVan en Emilia Roma\u00f1a. Montaje de estanter\u00edas, recubrimientos interiores, cajoneras, portaescaleras veh\u00edculos comerciales","og_url":"https:\/\/www.storevan.com\/es\/equipamiento-furgonetas-filial-emilia\/","og_site_name":"Store Van","article_modified_time":"2024-02-01T15:15:38+00:00","og_image":[{"url":"https:\/\/www.storevan.com\/wp-content\/uploads\/2022\/01\/sede-Zola-Pedrosa.jpg"}],"twitter_misc":{"Tiempo de lectura":"2 minutos"},"schema":{"@context":"https:\/\/schema.org","@graph":[{"@type":"WebPage","@id":"https:\/\/www.storevan.com\/es\/equipamiento-furgonetas-filial-emilia\/","url":"https:\/\/www.storevan.com\/es\/equipamiento-furgonetas-filial-emilia\/","name":"Equipamiento para furgonetas StoreVan Filial Emilia Roma\u00f1a","isPartOf":{"@id":"https:\/\/www.storevan.com\/pl\/#website"},"datePublished":"2017-02-21T09:03:11+00:00","dateModified":"2024-02-01T15:15:38+00:00","description":"Equipamientos para furgonetas StoreVan en Emilia Roma\u00f1a. Montaje de estanter\u00edas, recubrimientos interiores, cajoneras, portaescaleras veh\u00edculos comerciales","breadcrumb":{"@id":"https:\/\/www.storevan.com\/es\/equipamiento-furgonetas-filial-emilia\/#breadcrumb"},"inLanguage":"es","potentialAction":[{"@type":"ReadAction","target":["https:\/\/www.storevan.com\/es\/equipamiento-furgonetas-filial-emilia\/"]}]},{"@type":"BreadcrumbList","@id":"https:\/\/www.storevan.com\/es\/equipamiento-furgonetas-filial-emilia\/#breadcrumb","itemListElement":[{"@type":"ListItem","position":1,"name":"Home","item":"https:\/\/www.storevan.com\/es\/"},{"@type":"ListItem","position":2,"name":"Equipamiento para furgonetas StoreVan Filial Emilia Roma\u00f1a"}]},{"@type":"WebSite","@id":"https:\/\/www.storevan.com\/pl\/#website","url":"https:\/\/www.storevan.com\/pl\/","name":"Store Van","description":"Equipamientos furgonetas","potentialAction":[{"@type":"SearchAction","target":{"@type":"EntryPoint","urlTemplate":"https:\/\/www.storevan.com\/pl\/?s={search_term_string}"},"query-input":"required name=search_term_string"}],"inLanguage":"es"}]}},"_links":{"self":[{"href":"https:\/\/www.storevan.com\/es\/wp-json\/wp\/v2\/pages\/53407"}],"collection":[{"href":"https:\/\/www.storevan.com\/es\/wp-json\/wp\/v2\/pages"}],"about":[{"href":"https:\/\/www.storevan.com\/es\/wp-json\/wp\/v2\/types\/page"}],"author":[{"embeddable":true,"href":"https:\/\/www.storevan.com\/es\/wp-json\/wp\/v2\/users\/470"}],"replies":[{"embeddable":true,"href":"https:\/\/www.storevan.com\/es\/wp-json\/wp\/v2\/comments?post=53407"}],"version-history":[{"count":11,"href":"https:\/\/www.storevan.com\/es\/wp-json\/wp\/v2\/pages\/53407\/revisions"}],"predecessor-version":[{"id":154665,"href":"https:\/\/www.storevan.com\/es\/wp-json\/wp\/v2\/pages\/53407\/revisions\/154665"}],"wp:attachment":[{"href":"https:\/\/www.storevan.com\/es\/wp-json\/wp\/v2\/media?parent=53407"}],"curies":[{"name":"wp","href":"https:\/\/api.w.org\/{rel}","templated":true}]}}