{"id":43482,"date":"2017-01-18T10:56:13","date_gmt":"2017-01-18T10:56:13","guid":{"rendered":"https:\/\/www.storevan.com\/equipamientos-vehiculos-comerciales\/furgoni-toyota\/"},"modified":"2022-07-25T09:41:55","modified_gmt":"2022-07-25T09:41:55","slug":"toyota","status":"publish","type":"page","link":"https:\/\/www.storevan.com\/es\/equipamientos-vehiculos-comerciales\/toyota\/","title":{"rendered":"Toyota"},"content":{"rendered":"<h1 class=\"customblackTitleSmall\">Equipamientos furgonetas Toyota<\/h1>\n<h2>Taller m\u00f3vil y equipamiento para veh\u00edculos comerciales Toyota<\/h2>\n<p><img decoding=\"async\" loading=\"lazy\" class=\"alignright wp-image-43754 size-full\" title=\"Equipamiento Toyota\" src=\"https:\/\/www.storevan.com\/wp-content\/uploads\/2017\/01\/HOME12-Allestimenti-TOYOTA.png\" alt=\"Equipamiento Toyota\" width=\"116\" height=\"105\" \/><\/p>\n<p>Store Van produce soluciones de <strong>equipamiento<\/strong> espec\u00edficas para <strong>veh\u00edculos comerciales Toyota<\/strong>. <strong>Revestimientos <\/strong>para la protecci\u00f3n de la zona de carga, <strong>bacas<\/strong> y <strong>portaescaleras<\/strong> para cargar con seguridad en el techo de la <strong>furgoneta<\/strong> y numerosas estanter\u00edas para equipar el veh\u00edculo comercial de acuerdo con las necesidades espec\u00edficas profesionales. Tenemos todas las soluciones de equipamientos para furgonetas Toyota: \u00a1ll\u00e1menos para solicitar un presupuesto gratuito!<\/p>\n<h3 class=\"customblackTitleExtraSmall\">SELECCIONE EL MODELO DE SU FURGONETA:<\/h3>\n<div class=\"one_third\">\n<p class=\"text-center\"><strong>PROACE CITY<\/strong><\/p>\n<hr class=\"hidden-xs hidden-sm\"\/>\n<p><a href=\"https:\/\/www.storevan.com\/es\/equipamientos-vehiculos-comerciales\/toyota\/proace-city\/\" class=\"txtOrange\" title=\"Equipamientos para Proace City\"><img decoding=\"async\" loading=\"lazy\" class=\"aligncenter wp-image-43394 size-full\" src=\"https:\/\/www.storevan.com\/wp-content\/uploads\/veicoli\/toyota\/proace-city-2019\/Allestimento-furgoni-Toyota-Proace-City-2019.jpg\" alt=\"Equipamientos furgonetas Toyota Proace City\" width=\"350\" height=\"220\" \/><br \/>\nEquipamientos para Proace City<i class=\"fa fa-angle-double-right\"><\/i><\/a><br \/>\n<a href=\"https:\/\/www.storevan.com\/es\/equipamientos-vehiculos-comerciales\/toyota\/proace-city\/suelos-y-paneles\/\" class=\"txtOrange\" title=\"Suelo y revestimiento interior para Proace City\">Suelo y revestimiento interior  <i class=\"fa fa-angle-double-right\"><\/i><\/a><br \/>\n<a href=\"https:\/\/www.storevan.com\/es\/equipamientos-vehiculos-comerciales\/toyota\/proace-city\/bacas-y-portaescaleras\/\" class=\"txtOrange\" title=\"Bacas y portaescaleras para Proace City\">Bacas y portaescaleras <i class=\"fa fa-angle-double-right\"><\/i><\/a> <\/p>\n<hr class=\"visible-xs\" \/>\n<\/div><div class=\"one_third last\">\n<p class=\"text-center\"><strong>PROACE<\/strong><\/p>\n<hr class=\"hidden-xs hidden-sm\"\/>\n<p><a href=\"https:\/\/www.storevan.com\/es\/equipamientos-vehiculos-comerciales\/toyota\/proace\/\" class=\"txtOrange\" title=\"Equipamientos para Proace\"><img decoding=\"async\" loading=\"lazy\" class=\"aligncenter wp-image-43394 size-full\" src=\"https:\/\/www.storevan.com\/wp-content\/uploads\/2017\/01\/Allestimento-furgoni-Toyota-Proace-2016.jpg\" alt=\"Equipamientos furgonetas Toyota Proace\" width=\"350\" height=\"220\" srcset=\"https:\/\/www.storevan.com\/wp-content\/uploads\/2017\/01\/Allestimento-furgoni-Toyota-Proace-2016.jpg 350w, https:\/\/www.storevan.com\/wp-content\/uploads\/2017\/01\/Allestimento-furgoni-Toyota-Proace-2016-300x189.jpg 300w\" sizes=\"(max-width: 350px) 100vw, 350px\" \/><br \/>\nEquipamientos para Proace <i class=\"fa fa-angle-double-right\"><\/i><\/a><br \/>\n<a href=\"https:\/\/www.storevan.com\/es\/equipamientos-vehiculos-comerciales\/toyota\/proace\/suelos-paneles\/\" class=\"txtOrange\" title=\"Suelo y revestimiento interior para Proace\">Suelo y revestimiento interior  <i class=\"fa fa-angle-double-right\"><\/i><\/a><br \/>\n<a href=\"https:\/\/www.storevan.com\/es\/equipamientos-vehiculos-comerciales\/toyota\/proace\/bacas-portaescaleras\/\" class=\"txtOrange\" title=\"Bacas y portaescaleras para Proace\">Bacas y portaescaleras <i class=\"fa fa-angle-double-right\"><\/i><\/a> <\/p>\n<hr class=\"visible-xs\" \/>\n<\/div><div class=\"clearboth\"><\/div>\n","protected":false},"excerpt":{"rendered":"<p>Equipamientos furgonetas Toyota Taller m\u00f3vil y equipamiento para veh\u00edculos comerciales Toyota Store Van produce soluciones de equipamiento espec\u00edficas para veh\u00edculos comerciales Toyota. Revestimientos para la protecci\u00f3n de la zona de.<\/p>\n","protected":false},"author":470,"featured_media":0,"parent":26070,"menu_order":0,"comment_status":"closed","ping_status":"closed","template":"","meta":[],"acf":[],"yoast_head":"<!-- This site is optimized with the Yoast SEO plugin v20.11 - https:\/\/yoast.com\/wordpress\/plugins\/seo\/ -->\n<title>Equipamientos furgonetas Toyota<\/title>\n<meta name=\"description\" content=\"Store Van produce soluciones de equipamientos furgonetas Toyota con suelos, estanter\u00edas, bacas, rampas de carga y sistemas extra\u00edbles.\" \/>\n<meta name=\"robots\" content=\"index, follow, max-snippet:-1, max-image-preview:large, max-video-preview:-1\" \/>\n<link rel=\"canonical\" href=\"https:\/\/www.storevan.com\/es\/equipamientos-vehiculos-comerciales\/toyota\/\" \/>\n<meta property=\"og:locale\" content=\"es_ES\" \/>\n<meta property=\"og:type\" content=\"article\" \/>\n<meta property=\"og:title\" content=\"Equipamientos furgonetas Toyota\" \/>\n<meta property=\"og:description\" content=\"Store Van produce soluciones de equipamientos furgonetas Toyota con suelos, estanter\u00edas, bacas, rampas de carga y sistemas extra\u00edbles.\" \/>\n<meta property=\"og:url\" content=\"https:\/\/www.storevan.com\/es\/equipamientos-vehiculos-comerciales\/toyota\/\" \/>\n<meta property=\"og:site_name\" content=\"Store Van\" \/>\n<meta property=\"article:modified_time\" content=\"2022-07-25T09:41:55+00:00\" \/>\n<meta property=\"og:image\" content=\"https:\/\/www.storevan.com\/wp-content\/uploads\/2017\/01\/HOME12-Allestimenti-TOYOTA.png\" \/>\n<meta name=\"twitter:label1\" content=\"Tiempo de lectura\" \/>\n\t<meta name=\"twitter:data1\" content=\"1 minuto\" \/>\n<script type=\"application\/ld+json\" class=\"yoast-schema-graph\">{\"@context\":\"https:\/\/schema.org\",\"@graph\":[{\"@type\":\"WebPage\",\"@id\":\"https:\/\/www.storevan.com\/es\/equipamientos-vehiculos-comerciales\/toyota\/\",\"url\":\"https:\/\/www.storevan.com\/es\/equipamientos-vehiculos-comerciales\/toyota\/\",\"name\":\"Equipamientos furgonetas Toyota\",\"isPartOf\":{\"@id\":\"https:\/\/www.storevan.com\/pl\/#website\"},\"datePublished\":\"2017-01-18T10:56:13+00:00\",\"dateModified\":\"2022-07-25T09:41:55+00:00\",\"description\":\"Store Van produce soluciones de equipamientos furgonetas Toyota con suelos, estanter\u00edas, bacas, rampas de carga y sistemas extra\u00edbles.\",\"breadcrumb\":{\"@id\":\"https:\/\/www.storevan.com\/es\/equipamientos-vehiculos-comerciales\/toyota\/#breadcrumb\"},\"inLanguage\":\"es\",\"potentialAction\":[{\"@type\":\"ReadAction\",\"target\":[\"https:\/\/www.storevan.com\/es\/equipamientos-vehiculos-comerciales\/toyota\/\"]}]},{\"@type\":\"BreadcrumbList\",\"@id\":\"https:\/\/www.storevan.com\/es\/equipamientos-vehiculos-comerciales\/toyota\/#breadcrumb\",\"itemListElement\":[{\"@type\":\"ListItem\",\"position\":1,\"name\":\"Home\",\"item\":\"https:\/\/www.storevan.com\/es\/\"},{\"@type\":\"ListItem\",\"position\":2,\"name\":\"Equipamientos veh\u00edculos comerciales\",\"item\":\"https:\/\/www.storevan.com\/es\/equipamientos-vehiculos-comerciales\/\"},{\"@type\":\"ListItem\",\"position\":3,\"name\":\"Toyota\"}]},{\"@type\":\"WebSite\",\"@id\":\"https:\/\/www.storevan.com\/pl\/#website\",\"url\":\"https:\/\/www.storevan.com\/pl\/\",\"name\":\"Store Van\",\"description\":\"Equipamientos furgonetas\",\"potentialAction\":[{\"@type\":\"SearchAction\",\"target\":{\"@type\":\"EntryPoint\",\"urlTemplate\":\"https:\/\/www.storevan.com\/pl\/?s={search_term_string}\"},\"query-input\":\"required name=search_term_string\"}],\"inLanguage\":\"es\"}]}<\/script>\n<!-- \/ Yoast SEO plugin. -->","yoast_head_json":{"title":"Equipamientos furgonetas Toyota","description":"Store Van produce soluciones de equipamientos furgonetas Toyota con suelos, estanter\u00edas, bacas, rampas de carga y sistemas extra\u00edbles.","robots":{"index":"index","follow":"follow","max-snippet":"max-snippet:-1","max-image-preview":"max-image-preview:large","max-video-preview":"max-video-preview:-1"},"canonical":"https:\/\/www.storevan.com\/es\/equipamientos-vehiculos-comerciales\/toyota\/","og_locale":"es_ES","og_type":"article","og_title":"Equipamientos furgonetas Toyota","og_description":"Store Van produce soluciones de equipamientos furgonetas Toyota con suelos, estanter\u00edas, bacas, rampas de carga y sistemas extra\u00edbles.","og_url":"https:\/\/www.storevan.com\/es\/equipamientos-vehiculos-comerciales\/toyota\/","og_site_name":"Store Van","article_modified_time":"2022-07-25T09:41:55+00:00","og_image":[{"url":"https:\/\/www.storevan.com\/wp-content\/uploads\/2017\/01\/HOME12-Allestimenti-TOYOTA.png"}],"twitter_misc":{"Tiempo de lectura":"1 minuto"},"schema":{"@context":"https:\/\/schema.org","@graph":[{"@type":"WebPage","@id":"https:\/\/www.storevan.com\/es\/equipamientos-vehiculos-comerciales\/toyota\/","url":"https:\/\/www.storevan.com\/es\/equipamientos-vehiculos-comerciales\/toyota\/","name":"Equipamientos furgonetas Toyota","isPartOf":{"@id":"https:\/\/www.storevan.com\/pl\/#website"},"datePublished":"2017-01-18T10:56:13+00:00","dateModified":"2022-07-25T09:41:55+00:00","description":"Store Van produce soluciones de equipamientos furgonetas Toyota con suelos, estanter\u00edas, bacas, rampas de carga y sistemas extra\u00edbles.","breadcrumb":{"@id":"https:\/\/www.storevan.com\/es\/equipamientos-vehiculos-comerciales\/toyota\/#breadcrumb"},"inLanguage":"es","potentialAction":[{"@type":"ReadAction","target":["https:\/\/www.storevan.com\/es\/equipamientos-vehiculos-comerciales\/toyota\/"]}]},{"@type":"BreadcrumbList","@id":"https:\/\/www.storevan.com\/es\/equipamientos-vehiculos-comerciales\/toyota\/#breadcrumb","itemListElement":[{"@type":"ListItem","position":1,"name":"Home","item":"https:\/\/www.storevan.com\/es\/"},{"@type":"ListItem","position":2,"name":"Equipamientos veh\u00edculos comerciales","item":"https:\/\/www.storevan.com\/es\/equipamientos-vehiculos-comerciales\/"},{"@type":"ListItem","position":3,"name":"Toyota"}]},{"@type":"WebSite","@id":"https:\/\/www.storevan.com\/pl\/#website","url":"https:\/\/www.storevan.com\/pl\/","name":"Store Van","description":"Equipamientos furgonetas","potentialAction":[{"@type":"SearchAction","target":{"@type":"EntryPoint","urlTemplate":"https:\/\/www.storevan.com\/pl\/?s={search_term_string}"},"query-input":"required name=search_term_string"}],"inLanguage":"es"}]}},"_links":{"self":[{"href":"https:\/\/www.storevan.com\/es\/wp-json\/wp\/v2\/pages\/43482"}],"collection":[{"href":"https:\/\/www.storevan.com\/es\/wp-json\/wp\/v2\/pages"}],"about":[{"href":"https:\/\/www.storevan.com\/es\/wp-json\/wp\/v2\/types\/page"}],"author":[{"embeddable":true,"href":"https:\/\/www.storevan.com\/es\/wp-json\/wp\/v2\/users\/470"}],"replies":[{"embeddable":true,"href":"https:\/\/www.storevan.com\/es\/wp-json\/wp\/v2\/comments?post=43482"}],"version-history":[{"count":3,"href":"https:\/\/www.storevan.com\/es\/wp-json\/wp\/v2\/pages\/43482\/revisions"}],"predecessor-version":[{"id":146779,"href":"https:\/\/www.storevan.com\/es\/wp-json\/wp\/v2\/pages\/43482\/revisions\/146779"}],"up":[{"embeddable":true,"href":"https:\/\/www.storevan.com\/es\/wp-json\/wp\/v2\/pages\/26070"}],"wp:attachment":[{"href":"https:\/\/www.storevan.com\/es\/wp-json\/wp\/v2\/media?parent=43482"}],"curies":[{"name":"wp","href":"https:\/\/api.w.org\/{rel}","templated":true}]}}