{"id":40972,"date":"2016-11-15T13:58:32","date_gmt":"2016-11-15T13:58:32","guid":{"rendered":"https:\/\/www.storevan.com\/es\/equipamientos-vehiculos-comerciales\/furgonetas-mercedes-benz\/vito\/"},"modified":"2021-11-03T12:59:27","modified_gmt":"2021-11-03T12:59:27","slug":"vito","status":"publish","type":"page","link":"https:\/\/www.storevan.com\/es\/equipamientos-vehiculos-comerciales\/furgonetas-mercedes-benz\/vito\/","title":{"rendered":"Vito"},"content":{"rendered":"<h1 class=\"customblackTitleSmall\">Equipamientos furgoneta Mercedes-benz Vito<\/h1>\n<p><img decoding=\"async\" loading=\"lazy\" class=\"aligncenter wp-image-40952 size-full\" src=\"https:\/\/www.storevan.com\/wp-content\/uploads\/veicoli\/pianali-pannellature\/Mercedes-Benz_Vito_2015_top.jpg\" alt=\"Equipamiento para furgonetas Mercedes-Benz Vito\" width=\"1170\" height=\"199\" \/><\/p>\n<p>Store Van realiza los <strong>equipamientos para\u00a0furgoneta Mercedes-Benz Vito<\/strong>\u00a0usando la chapa galvannealed utilizada en el sector del autom\u00f3vil, esta chapa no es m\u00e1s que la variante de la chapa de acero galvanizado en\u00a0caliente sometida a un calentamiento adicional a una temperatura de aprox 550 \u00b0 C.<\/p>\n<p style=\"text-align: justify;\">A trav\u00e9s de este proceso, el zinc se suelda\u00a0a la superficie\u00a0de la chapa formando una aleaci\u00f3n con el acero y una capa de zinc uniforme; Posteriormente, la chapa\u00a0se refuerza a\u00fan m\u00e1s mediante el recubrimiento por\u00a0cataforesis, tratamiento que deposita una capa uniforme de\u00a0resina acr\u00edlica en la superficie de la chapa aumentando la protecci\u00f3n contra la oxidaci\u00f3n. Es por eso que \u00a0los equipamientos Store Van poseen una calidad superior y un alto grado de <strong>resistencia a la corrosi\u00f3n<\/strong> y son claramente superiores a los dem\u00e1s. Ofrecemos soluciones personalizadas\u00a0para el recubrimiento de las paredes interiores, suelos\u00a0y m\u00f3dulos. Ll\u00e1menos para un presupuesto gratuito para el equipamiento\u00a0de su furgoneta Vito.<\/p>\n<h3 class=\"customblackTitleExtraSmall\">SOLUCIONES DE EQUIPAMIENTO:<\/h3>\n<section id=\"imgSlide\" class=\"regular sliderSV\">\n<div>\n<div class=\"txtBlue\">SAFETY<\/div>\n<div class=\"ts-gallery\"><a title=\"Equipamiento interior Safety para furgonetas Vito\" href=\"https:\/\/www.storevan.com\/wp-content\/uploads\/veicoli\/pianali-pannellature\/safety-1.jpg\"><img decoding=\"async\" loading=\"lazy\" class=\"alignnone wp-image-62783 size-medium\" src=\"https:\/\/www.storevan.com\/wp-content\/uploads\/veicoli\/pianali-pannellature\/safety-1-300x280.jpg\" alt=\"Safety, el equipamiento para furgonetas MERCEDES-BENZ VITO\" width=\"300\" height=\"280\" \/><\/a><\/div>\n<h3 class=\"bigTxt\">Estanter\u00edas con fijaci\u00f3n de la carga de serie<\/h3>\n<div class=\"borderTitle\"><\/div>\n<p>Ejemplo equipamientos: <\/p>\n<p><a title=\"Equipamiento Safety Compacto\" href=\"https:\/\/www.storevan.com\/es\/equipamiento-para-furgonetas\/vito-l1h1-s\/\"><strong>Compacto<\/strong> (batalla 3200 mm)<\/a><br \/>\n<a title=\"Equipamiento Safety Largo\" href=\"https:\/\/www.storevan.com\/es\/equipamiento-para-furgonetas\/vito-l1lh1-s\/\"><strong>Largo<\/strong> (batalla 3200 mm)<\/a><br \/>\n<a title=\"Equipamiento Safety Extralargo\" href=\"https:\/\/www.storevan.com\/es\/equipamiento-para-furgonetas\/vito-l2h1-s\/\"><strong>Extralargo<\/strong> (batalla 3430 mm)<\/a><\/p>\n<\/div>\n<div>\n<div class=\"txtBlue\">PROFESSIONAL<\/div>\n<div class=\"ts-gallery\"><a title=\"Equipamiento interior Professional para furgonetas Vito\" href=\"https:\/\/www.storevan.com\/wp-content\/uploads\/veicoli\/pianali-pannellature\/professional-1.jpg\"><img decoding=\"async\" loading=\"lazy\" class=\"alignnone wp-image-62789 size-medium\" src=\"https:\/\/www.storevan.com\/wp-content\/uploads\/veicoli\/pianali-pannellature\/professional-1-300x280.jpg\" alt=\"Professional, el equipamiento para furgonetas MERCEDES-BENZ VITO\" width=\"300\" height=\"280\" \/><\/a><\/div>\n<h3 class=\"bigTxt\">Estanter\u00edas con sistemas de fijaci\u00f3n Airline adicionales<\/h3>\n<div class=\"borderTitle\"><\/div>\n<p>Ejemplo equipamientos: <\/p>\n<p><a title=\"Equipamiento Professional Compacto\" href=\"https:\/\/www.storevan.com\/es\/equipamiento-para-furgonetas\/vito-l1h1-p\/\"><strong>Compacto<\/strong> (batalla 3200 mm)<\/a><br \/>\n<a title=\"Equipamiento Professional Largo\" href=\"https:\/\/www.storevan.com\/es\/equipamiento-para-furgonetas\/vito-l1lh1-p\/\"><strong>Largo<\/strong> (batalla 3200 mm)<\/a><\/p>\n<\/div>\n<div>\n<div class=\"txtBlue\">MOBILE<\/div>\n<div id=\"myGallery\" class=\"ts-gallery\"><a title=\"Equipamiento interior Mobile para furgonetas Vito\" href=\"https:\/\/www.storevan.com\/wp-content\/uploads\/veicoli\/pianali-pannellature\/mobile-1.jpg\"><img decoding=\"async\" loading=\"lazy\" class=\"alignnone wp-image-62795 size-medium\" src=\"https:\/\/www.storevan.com\/wp-content\/uploads\/veicoli\/pianali-pannellature\/mobile-1-300x280.jpg\" alt=\"Mobile, el equipamiento para furgonetas MERCEDES-BENZ VITO\" width=\"300\" height=\"280\" \/><\/a><\/div>\n<h3 class=\"bigTxt\">Equipamiento integrado con maletines para piezas peque\u00f1as y carros<\/h3>\n<div class=\"borderTitle\"><\/div>\n<p>Ejemplo equipamientos: <\/p>\n<p><a title=\"Equipamiento Mobile Compacto\" href=\"https:\/\/www.storevan.com\/es\/equipamiento-para-furgonetas\/vito-l1h1-m\/\"><strong>Compacto<\/strong> (batalla 3200 mm)<\/a><br \/>\n<a title=\"Equipamiento Mobile Largo\" href=\"https:\/\/www.storevan.com\/es\/equipamiento-para-furgonetas\/vito-l1lh1-m\/\"><strong>Largo<\/strong> (batalla 3200 mm)<\/a><\/p>\n<\/div>\n<\/section>\n<hr class=\"noColor\" \/>\n<p><a class=\"btn btnLink\" title=\"Haga clic aqu\u00ed para saber m\u00e1s sobre las soluciones Safety, Professional e Mobile\" href=\"https:\/\/www.storevan.com\/es\/equipamientos-interiores-furgonetas\/\"> Haga clic aqu\u00ed para saber m\u00e1s sobre las soluciones <strong>SAFETY, PROFESSIONAL e MOBILE<\/strong><\/a><\/p>\n<hr class=\"noColor\" \/>\n<h3 class=\"bigTxt text-center txtGrey\">LA BASE PARA LA PROTECCI\u00d3N SEGURA DE LOS VEH\u00cdCULOS<\/h3>\n<hr class=\"noColor\" \/>\n<div class=\"two_third\">\n<a href=\"https:\/\/www.storevan.com\/es\/equipamientos-vehiculos-comerciales\/furgonetas-mercedes-benz\/vito\/suelos-paneles\/\"><img decoding=\"async\" loading=\"lazy\" class=\"aligncenter size-full wp-image-64855\" src=\"https:\/\/www.storevan.com\/wp-content\/uploads\/veicoli\/pianali-pannellature\/pianali-furgone-rivestimento-interno.jpg\" alt=\"Revestimiento interior y suelo para MERCEDES-BENZ VITO\" width=\"750\" height=\"600\" \/><\/a><\/p>\n<\/div><div class=\"one_third last\">\n<div class=\"boxBorder\">\n<h4 class=\"bigTxt blue hidden-xs\">SUELO VITO Y REVESTIMIENTO INTERIOR<\/h4>\n<div class=\"borderTitleCenter hidden-xs\"><\/div>\n<h5 class=\"hidden-xs\">Soluciones certificadas T\u00dcV.<img decoding=\"async\" loading=\"lazy\" class=\"alignnone size-full wp-image-67769\" src=\"https:\/\/www.storevan.com\/wp-content\/uploads\/veicoli\/pianali-pannellature\/logo-ISO9001.jpg\" alt=\"Soluciones certificados T\u00dcV\" width=\"50\" height=\"50\" \/><\/h5>\n<div class=\"borderTitleCenter hidden-xs\"><\/div>\n<hr class=\"noColor hidden-xs\" \/>\n<div class=\"ts-gallery hidden-xs\"><div class=\"one_half\">\n<a href=\"https:\/\/www.storevan.com\/wp-content\/uploads\/veicoli\/pianali-pannellature\/Dettaglio-pianale-per-furgone-con-punti-ancoraggio-verticali-e-orizzontali.jpg\"><img decoding=\"async\" loading=\"lazy\" class=\"alignnone wp-image-64382 size-thumbnail\" title=\"Suelos y paneles\" src=\"https:\/\/www.storevan.com\/wp-content\/uploads\/veicoli\/pianali-pannellature\/Dettaglio-pianale-per-furgone-con-punti-ancoraggio-verticali-e-orizzontali-150x150.jpg\" alt=\"Suelos y paneles\" width=\"150\" height=\"150\" \/><\/a><br \/>\n<\/div><div class=\"one_half last\">\n<a href=\"https:\/\/www.storevan.com\/wp-content\/uploads\/veicoli\/pianali-pannellature\/allestimento-per-furgone-con-pianale-wood-floor.jpg\"><img decoding=\"async\" loading=\"lazy\" class=\"alignnone wp-image-64451 size-thumbnail\" title=\"Suelos y paneles\" src=\"https:\/\/www.storevan.com\/wp-content\/uploads\/veicoli\/pianali-pannellature\/allestimento-per-furgone-con-pianale-wood-floor-150x150.jpg\" alt=\"Suelos y paneles\" width=\"150\" height=\"150\" \/><\/a><br \/>\n<\/div><div class=\"clearboth\"><\/div><\/div>\n<div class=\"ts-gallery hidden-xs\"><div class=\"one_half\">\n<a href=\"https:\/\/www.storevan.com\/wp-content\/uploads\/veicoli\/pianali-pannellature\/guide-airline-soffitto-furgone.jpg\"><img decoding=\"async\" loading=\"lazy\" class=\"alignnone wp-image-64394 size-thumbnail\" title=\"Suelos Safety Floor\" src=\"https:\/\/www.storevan.com\/wp-content\/uploads\/veicoli\/pianali-pannellature\/guide-airline-soffitto-furgone-150x150.jpg\" alt=\"Suelos Safety Floor\" width=\"150\" height=\"150\" \/><\/a><br \/>\n<\/div><div class=\"one_half last\">\n<a href=\"https:\/\/www.storevan.com\/wp-content\/uploads\/veicoli\/pianali-pannellature\/pianale-per-furgone-con-barre-fermacarico.jpg\"><img decoding=\"async\" loading=\"lazy\" class=\"alignnone wp-image-64418 size-thumbnail\" title=\"Suelos y paneles\" src=\"https:\/\/www.storevan.com\/wp-content\/uploads\/veicoli\/pianali-pannellature\/pianale-per-furgone-con-barre-fermacarico-150x150.jpg\" alt=\"Suelos y paneles\" width=\"150\" height=\"150\" \/><\/a><br \/>\n<\/div><div class=\"clearboth\"><\/div><\/div>\n<div class=\"btnFullWidth\"><a class=\"btn btn-blue\" href=\"https:\/\/www.storevan.com\/es\/equipamientos-vehiculos-comerciales\/furgonetas-mercedes-benz\/vito\/suelos-paneles\/\">DESCUBRA LOS SUELOS Y PANELES PARA VITO <i class=\"fa fa-angle-double-right\"><\/i><\/a><\/div>\n<\/div>\n<\/div><div class=\"clearboth\"><\/div>\n<h3 class=\"bigTxt text-center txtGrey\">COMPLETE EL EQUIPAMIENTO PARA VITO CON:<\/h3>\n<hr class=\"noColor\" \/>\n<div class=\"two_third\">\n<img decoding=\"async\" loading=\"lazy\" class=\"aligncenter wp-image-66332 size-full\" src=\"https:\/\/www.storevan.com\/wp-content\/uploads\/veicoli\/pianali-pannellature\/portatutto-portascala-space-up.jpg\" alt=\"Bacas y portaescaleras para MERCEDES-BENZ VITO\" width=\"745\" height=\"200\" \/><br \/>\n<\/div><div class=\"one_third last\">\n<h4 class=\"bigTxt blue\">BACAS Y PORTAESCALERAS PARA MERCEDES-BENZ VITO<\/h4>\n<div class=\"borderTitle\"><\/div>\n<p>Para transportar mercanc\u00edas y equipos de medidas largas, Store Van propone bacas y portaescaleras de acero. Indispensables para enfrentar el trabajo diario, las indestructibles bacas de Store Van son sencillas de instalar y f\u00e1ciles de usar.<\/p>\n<p><a class=\"btn btn-blue\" title=\"Descubra las bacas y portaescaleras para MERCEDES-BENZ VITO\" href=\"https:\/\/www.storevan.com\/es\/equipamientos-vehiculos-comerciales\/furgonetas-mercedes-benz\/vito\/bacas-portaescaleras\/\">DESCUBRA LAS BACAS Y PORTAESCALERAS PARA VITO<\/a><br \/>\n<\/div><div class=\"clearboth\"><\/div>\n<hr class=\"noColor\" \/>\n<div class=\"break\"><\/div>\n<hr \/>\n<div class=\"one_half\">\n<div class=\"text-center\"><a class=\"btn btn-download\" title=\"LLAME AHORA!\" href=\"tel:+390424585455\"><i class=\"fa fa-phone\"><\/i> <span class=\"spanBtn\">LLAME AHORA<\/span><br \/>\npara cualquier informaci\u00f3n<\/a><\/div>\n<\/div><div class=\"one_half last\">\n<div class=\"text-center\"><a class=\"btn btn-download\" title=\"DOWNLOAD\" href=\"https:\/\/www.storevan.com\/wp-content\/uploads\/doc\/MERCEDES-BENZ_VITO_Equipamiento_Wyposazenie_StoreVan_espl.pdf\" target=\"_blank\" rel=\"noopener noreferrer\"><i class=\"fa fa-download\"><\/i> <span class=\"spanBtn\">DOWNLOAD<\/span><br \/>\nCAT\u00c1LOGO VITO<\/a><\/div>\n<\/div><div class=\"clearboth\"><\/div>\n<hr \/>\n<h4 class=\"bigTxt text-center txtBkOrange\"><i class=\"fa fa-envelope pull-left\"><\/i>\u00bfQUIERES SABER M\u00c1S?<\/h4>\n\n<div class=\"wpcf7 no-js\" id=\"wpcf7-f67674-o1\" lang=\"it-IT\" dir=\"ltr\">\n<div class=\"screen-reader-response\"><p role=\"status\" aria-live=\"polite\" aria-atomic=\"true\"><\/p> <ul><\/ul><\/div>\n<form action=\"\/es\/wp-json\/wp\/v2\/pages\/40972#wpcf7-f67674-o1\" method=\"post\" class=\"wpcf7-form init\" aria-label=\"Modulo di contatto\" novalidate=\"novalidate\" data-status=\"init\">\n<div style=\"display: none;\">\n<input type=\"hidden\" name=\"_wpcf7\" value=\"67674\" \/>\n<input type=\"hidden\" name=\"_wpcf7_version\" value=\"5.7.7\" \/>\n<input type=\"hidden\" name=\"_wpcf7_locale\" value=\"it_IT\" \/>\n<input type=\"hidden\" name=\"_wpcf7_unit_tag\" value=\"wpcf7-f67674-o1\" \/>\n<input type=\"hidden\" name=\"_wpcf7_container_post\" value=\"0\" \/>\n<input type=\"hidden\" name=\"_wpcf7_posted_data_hash\" value=\"\" \/>\n<input type=\"hidden\" name=\"_wpcf7_recaptcha_response\" value=\"\" \/>\n<\/div>\n<span class=\"wpcf7-form-control-wrap url\" data-name=\"url\"><input type=\"hidden\" name=\"url\" size=\"40\" class=\"wpcf7-form-control wpcf7-hidden wpcf7dtx wpcf7dtx-hidden\" aria-invalid=\"false\" value=\"vito\" autocomplete=\"off\" \/><\/span>\n<p>Complete los siguientes campos para recibir m\u00e1s informaci\u00f3n. Uno de nuestros operadores se pondr\u00e1 en contacto con usted lo antes posible (* campos obligatorios):\n<\/p>\n<div class=\"col-xs-12 col-md-6\">\n\t<p><span class='titoli'>Nombre (*)<\/span>\n\t<\/p>\n\t<p><span class=\"wpcf7-form-control-wrap\" data-name=\"your-name\"><input size=\"40\" class=\"wpcf7-form-control wpcf7-text wpcf7-validates-as-required form-control\" aria-required=\"true\" aria-invalid=\"false\" value=\"\" type=\"text\" name=\"your-name\" \/><\/span>\n\t<\/p>\n<\/div>\n<div class=\"col-xs-12 col-md-6\">\n\t<p><span class='titoli'>Apellidos (*)<\/span>\n\t<\/p>\n\t<p><span class=\"wpcf7-form-control-wrap\" data-name=\"your-last-name\"><input size=\"40\" class=\"wpcf7-form-control wpcf7-text wpcf7-validates-as-required form-control\" aria-required=\"true\" aria-invalid=\"false\" value=\"\" type=\"text\" name=\"your-last-name\" \/><\/span>\n\t<\/p>\n<\/div>\n<div class=\"col-xs-12 col-md-6\">\n\t<p><span class='titoli'>Empresa(*)<\/span>\n\t<\/p>\n\t<p><span class=\"wpcf7-form-control-wrap\" data-name=\"your-company\"><input size=\"40\" class=\"wpcf7-form-control wpcf7-text wpcf7-validates-as-required form-control\" aria-required=\"true\" aria-invalid=\"false\" value=\"\" type=\"text\" name=\"your-company\" \/><\/span>\n\t<\/p>\n<\/div>\n<div class=\"col-xs-12 col-md-6\">\n\t<p><span class='titoli'>C\u00f3d. NIF<\/span>\n\t<\/p>\n\t<p><span class=\"wpcf7-form-control-wrap\" data-name=\"p-iva\"><input size=\"40\" class=\"wpcf7-form-control wpcf7-text form-control\" aria-invalid=\"false\" value=\"\" type=\"text\" name=\"p-iva\" \/><\/span>\n\t<\/p>\n<\/div>\n<div class=\"clearboth\">\n<\/div>\n<div class=\"col-xs-12 col-md-4\">\n\t<p><span class='titoli'>C\u00f3digo Postal(*)<\/span>\n\t<\/p>\n\t<p><span class=\"wpcf7-form-control-wrap\" data-name=\"your-zip-code\"><input size=\"40\" class=\"wpcf7-form-control wpcf7-text wpcf7-validates-as-required form-control\" aria-required=\"true\" aria-invalid=\"false\" value=\"\" type=\"text\" name=\"your-zip-code\" \/><\/span>\n\t<\/p>\n<\/div>\n<div class=\"col-xs-12 col-md-4\">\n\t<p><span class='titoli'>Direcci\u00f3n (*)<\/span>\n\t<\/p>\n\t<p><span class=\"wpcf7-form-control-wrap\" data-name=\"your-address\"><input size=\"40\" class=\"wpcf7-form-control wpcf7-text wpcf7-validates-as-required form-control\" aria-required=\"true\" aria-invalid=\"false\" value=\"\" type=\"text\" name=\"your-address\" \/><\/span>\n\t<\/p>\n<\/div>\n<div class=\"col-xs-12 col-md-4\">\n\t<p><span class='titoli'>Ciudad (*)<\/span>\n\t<\/p>\n\t<p><span class=\"wpcf7-form-control-wrap\" data-name=\"your-Town\"><input size=\"40\" class=\"wpcf7-form-control wpcf7-text wpcf7-validates-as-required form-control\" aria-required=\"true\" aria-invalid=\"false\" value=\"\" type=\"text\" name=\"your-Town\" \/><\/span>\n\t<\/p>\n<\/div>\n<div class=\"clearboth\">\n<\/div>\n<div class=\"col-xs-12 col-md-6\">\n\t<p><span class='titoli'>email (*)<\/span>\n\t<\/p>\n\t<p><span class=\"wpcf7-form-control-wrap\" data-name=\"your-email\"><input size=\"40\" class=\"wpcf7-form-control wpcf7-text wpcf7-email wpcf7-validates-as-required wpcf7-validates-as-email form-control\" aria-required=\"true\" aria-invalid=\"false\" value=\"\" type=\"email\" name=\"your-email\" \/><\/span>\n\t<\/p>\n<\/div>\n<div class=\"col-xs-12 col-md-6\">\n\t<p><span class='titoli'>Tel\u00e9fono (*)<\/span>\n\t<\/p>\n\t<p><span class=\"wpcf7-form-control-wrap\" data-name=\"telefono\"><input size=\"40\" class=\"wpcf7-form-control wpcf7-text wpcf7-tel wpcf7-validates-as-required wpcf7-validates-as-tel form-control\" aria-required=\"true\" aria-invalid=\"false\" value=\"\" type=\"tel\" name=\"telefono\" \/><\/span>\n\t<\/p>\n<\/div>\n<div class=\"clearboth\">\n<\/div>\n<div class=\"col-xs-12 col-md-6\">\n\t<p><span class='titoli'>Objeto <\/span>\n\t<\/p>\n\t<p><span class=\"wpcf7-form-control-wrap\" data-name=\"oggetto\"><select class=\"wpcf7-form-control wpcf7-select wpcf7-validates-as-required\" aria-required=\"true\" aria-invalid=\"false\" name=\"oggetto\"><option value=\"Solicitud de presupuesto\">Solicitud de presupuesto<\/option><option value=\"Informaci\u00f3n t\u00e9cnica\">Informaci\u00f3n t\u00e9cnica<\/option><option value=\"Cita\">Cita<\/option><\/select><\/span>\n\t<\/p>\n<\/div>\n<div class=\"col-xs-12 col-md-6\">\n\t<p><br \/>\n<span class=\"titoli\"> <span class=\"wpcf7-form-control-wrap\" data-name=\"cliente\"><span class=\"wpcf7-form-control wpcf7-checkbox\"><span class=\"wpcf7-list-item first last\"><label><span class=\"wpcf7-list-item-label\">Soy un cliente<\/span><input type=\"checkbox\" name=\"cliente[]\" value=\"Soy un cliente\" \/><\/label><\/span><\/span><\/span><\/span>\n\t<\/p>\n<\/div>\n<div class=\"col-xs-12 col-md-12\">\n\t<p><span class='titoli'>Mensaje (*)<\/span>\n\t<\/p>\n\t<p><span class=\"wpcf7-form-control-wrap\" data-name=\"your-message\"><textarea cols=\"40\" rows=\"10\" class=\"wpcf7-form-control wpcf7-textarea wpcf7-validates-as-required form-control\" aria-required=\"true\" aria-invalid=\"false\" name=\"your-message\"><\/textarea><\/span>\n\t<\/p>\n<\/div>\n<div class=\"col-xs-12 col-md-12\">\n\t<p><small>Los datos introducidos ser\u00e1n tratados con estricta confidencialidad de acuerdo con la ley y con nuestra <a href=\"https:\/\/www.storevan.com\/es\/privacy-policy\/\">pol\u00edtica de privacidad<\/a>.<\/small>\n\t<\/p>\n\t<p><span class=\"wpcf7-form-control-wrap\" data-name=\"AccettazionePrivacy\"><span class=\"wpcf7-form-control wpcf7-acceptance\"><span class=\"wpcf7-list-item\"><input type=\"checkbox\" name=\"AccettazionePrivacy\" value=\"1\" aria-invalid=\"false\" \/><\/span><\/span><\/span> Declaro haber le\u00eddo la Informaci\u00f3n sobre la <a href=\"https:\/\/www.storevan.com\/es\/privacy-policy\/\">Privacy<\/a> y autorizo el tratamiento de mis datos personales de conformidad con aquello aqu\u00ed descrito.(*)<br \/>\n\t<span class=\"wpcf7-form-control-wrap recaptcha\" data-name=\"recaptcha\"><span data-sitekey=\"6LdfM4AUAAAAAJjsAucux5WVNA3hsk5KP0a03T_n\" class=\"wpcf7-form-control g-recaptcha wpcf7-recaptcha\"><\/span>\r\n<noscript>\r\n\t<div class=\"grecaptcha-noscript\">\r\n\t\t<iframe src=\"https:\/\/www.google.com\/recaptcha\/api\/fallback?k=6LdfM4AUAAAAAJjsAucux5WVNA3hsk5KP0a03T_n\" frameborder=\"0\" scrolling=\"no\" width=\"310\" height=\"430\">\r\n\t\t<\/iframe>\r\n\t\t<textarea name=\"g-recaptcha-response\" rows=\"3\" cols=\"40\" placeholder=\"Aqu\u00ed la respuesta de reCAPTCHA\">\r\n\t\t<\/textarea>\r\n\t<\/div>\r\n<\/noscript>\r\n<\/span>\n\t<\/p>\n<\/div>\n<hr class=\"noColor\" \/>\n<p><input class=\"wpcf7-form-control has-spinner wpcf7-submit\" type=\"submit\" value=\"Env\u00edo\" \/>\n<\/p><div class=\"wpcf7-response-output\" aria-hidden=\"true\"><\/div>\n<\/form>\n<\/div>\n\n","protected":false},"excerpt":{"rendered":"<p>Equipamientos furgoneta Mercedes-benz Vito Store Van realiza los equipamientos para\u00a0furgoneta Mercedes-Benz Vito\u00a0usando la chapa galvannealed utilizada en el sector del autom\u00f3vil, esta chapa no es m\u00e1s que la variante de.<\/p>\n","protected":false},"author":470,"featured_media":0,"parent":26124,"menu_order":0,"comment_status":"closed","ping_status":"closed","template":"pageSlider.php","meta":[],"acf":[],"yoast_head":"<!-- This site is optimized with the Yoast SEO plugin v20.11 - https:\/\/yoast.com\/wordpress\/plugins\/seo\/ -->\n<title>Equipamientos furgoneta Mercedes-benz Vito<\/title>\n<meta name=\"description\" content=\"Store Van realiza los equipamientos para\u00a0furgoneta Mercedes-Benz Vito con soluciones personalizadas de estanter\u00edas, cajoneras y suelos.\" \/>\n<meta name=\"robots\" content=\"index, follow, max-snippet:-1, max-image-preview:large, max-video-preview:-1\" \/>\n<link rel=\"canonical\" href=\"https:\/\/www.storevan.com\/es\/equipamientos-vehiculos-comerciales\/furgonetas-mercedes-benz\/vito\/\" \/>\n<meta property=\"og:locale\" content=\"es_ES\" \/>\n<meta property=\"og:type\" content=\"article\" \/>\n<meta property=\"og:title\" content=\"Equipamientos furgoneta Mercedes-benz Vito\" \/>\n<meta property=\"og:description\" content=\"Store Van realiza los equipamientos para\u00a0furgoneta Mercedes-Benz Vito con soluciones personalizadas de estanter\u00edas, cajoneras y suelos.\" \/>\n<meta property=\"og:url\" content=\"https:\/\/www.storevan.com\/es\/equipamientos-vehiculos-comerciales\/furgonetas-mercedes-benz\/vito\/\" \/>\n<meta property=\"og:site_name\" content=\"Store Van\" \/>\n<meta property=\"article:modified_time\" content=\"2021-11-03T12:59:27+00:00\" \/>\n<meta property=\"og:image\" content=\"https:\/\/www.storevan.com\/wp-content\/uploads\/veicoli\/pianali-pannellature\/Mercedes-Benz_Vito_2015_top.jpg\" \/>\n<meta name=\"twitter:label1\" content=\"Tiempo de lectura\" \/>\n\t<meta name=\"twitter:data1\" content=\"2 minutos\" \/>\n<script type=\"application\/ld+json\" class=\"yoast-schema-graph\">{\"@context\":\"https:\/\/schema.org\",\"@graph\":[{\"@type\":\"WebPage\",\"@id\":\"https:\/\/www.storevan.com\/es\/equipamientos-vehiculos-comerciales\/furgonetas-mercedes-benz\/vito\/\",\"url\":\"https:\/\/www.storevan.com\/es\/equipamientos-vehiculos-comerciales\/furgonetas-mercedes-benz\/vito\/\",\"name\":\"Equipamientos furgoneta Mercedes-benz Vito\",\"isPartOf\":{\"@id\":\"https:\/\/www.storevan.com\/pl\/#website\"},\"datePublished\":\"2016-11-15T13:58:32+00:00\",\"dateModified\":\"2021-11-03T12:59:27+00:00\",\"description\":\"Store Van realiza los equipamientos para\u00a0furgoneta Mercedes-Benz Vito con soluciones personalizadas de estanter\u00edas, cajoneras y suelos.\",\"breadcrumb\":{\"@id\":\"https:\/\/www.storevan.com\/es\/equipamientos-vehiculos-comerciales\/furgonetas-mercedes-benz\/vito\/#breadcrumb\"},\"inLanguage\":\"es\",\"potentialAction\":[{\"@type\":\"ReadAction\",\"target\":[\"https:\/\/www.storevan.com\/es\/equipamientos-vehiculos-comerciales\/furgonetas-mercedes-benz\/vito\/\"]}]},{\"@type\":\"BreadcrumbList\",\"@id\":\"https:\/\/www.storevan.com\/es\/equipamientos-vehiculos-comerciales\/furgonetas-mercedes-benz\/vito\/#breadcrumb\",\"itemListElement\":[{\"@type\":\"ListItem\",\"position\":1,\"name\":\"Home\",\"item\":\"https:\/\/www.storevan.com\/es\/\"},{\"@type\":\"ListItem\",\"position\":2,\"name\":\"Equipamientos veh\u00edculos comerciales\",\"item\":\"https:\/\/www.storevan.com\/es\/equipamientos-vehiculos-comerciales\/\"},{\"@type\":\"ListItem\",\"position\":3,\"name\":\"Mercedes-benz\",\"item\":\"https:\/\/www.storevan.com\/es\/equipamientos-vehiculos-comerciales\/furgonetas-mercedes-benz\/\"},{\"@type\":\"ListItem\",\"position\":4,\"name\":\"Vito\"}]},{\"@type\":\"WebSite\",\"@id\":\"https:\/\/www.storevan.com\/pl\/#website\",\"url\":\"https:\/\/www.storevan.com\/pl\/\",\"name\":\"Store Van\",\"description\":\"Equipamientos furgonetas\",\"potentialAction\":[{\"@type\":\"SearchAction\",\"target\":{\"@type\":\"EntryPoint\",\"urlTemplate\":\"https:\/\/www.storevan.com\/pl\/?s={search_term_string}\"},\"query-input\":\"required name=search_term_string\"}],\"inLanguage\":\"es\"}]}<\/script>\n<!-- \/ Yoast SEO plugin. -->","yoast_head_json":{"title":"Equipamientos furgoneta Mercedes-benz Vito","description":"Store Van realiza los equipamientos para\u00a0furgoneta Mercedes-Benz Vito con soluciones personalizadas de estanter\u00edas, cajoneras y suelos.","robots":{"index":"index","follow":"follow","max-snippet":"max-snippet:-1","max-image-preview":"max-image-preview:large","max-video-preview":"max-video-preview:-1"},"canonical":"https:\/\/www.storevan.com\/es\/equipamientos-vehiculos-comerciales\/furgonetas-mercedes-benz\/vito\/","og_locale":"es_ES","og_type":"article","og_title":"Equipamientos furgoneta Mercedes-benz Vito","og_description":"Store Van realiza los equipamientos para\u00a0furgoneta Mercedes-Benz Vito con soluciones personalizadas de estanter\u00edas, cajoneras y suelos.","og_url":"https:\/\/www.storevan.com\/es\/equipamientos-vehiculos-comerciales\/furgonetas-mercedes-benz\/vito\/","og_site_name":"Store Van","article_modified_time":"2021-11-03T12:59:27+00:00","og_image":[{"url":"https:\/\/www.storevan.com\/wp-content\/uploads\/veicoli\/pianali-pannellature\/Mercedes-Benz_Vito_2015_top.jpg"}],"twitter_misc":{"Tiempo de lectura":"2 minutos"},"schema":{"@context":"https:\/\/schema.org","@graph":[{"@type":"WebPage","@id":"https:\/\/www.storevan.com\/es\/equipamientos-vehiculos-comerciales\/furgonetas-mercedes-benz\/vito\/","url":"https:\/\/www.storevan.com\/es\/equipamientos-vehiculos-comerciales\/furgonetas-mercedes-benz\/vito\/","name":"Equipamientos furgoneta Mercedes-benz Vito","isPartOf":{"@id":"https:\/\/www.storevan.com\/pl\/#website"},"datePublished":"2016-11-15T13:58:32+00:00","dateModified":"2021-11-03T12:59:27+00:00","description":"Store Van realiza los equipamientos para\u00a0furgoneta Mercedes-Benz Vito con soluciones personalizadas de estanter\u00edas, cajoneras y suelos.","breadcrumb":{"@id":"https:\/\/www.storevan.com\/es\/equipamientos-vehiculos-comerciales\/furgonetas-mercedes-benz\/vito\/#breadcrumb"},"inLanguage":"es","potentialAction":[{"@type":"ReadAction","target":["https:\/\/www.storevan.com\/es\/equipamientos-vehiculos-comerciales\/furgonetas-mercedes-benz\/vito\/"]}]},{"@type":"BreadcrumbList","@id":"https:\/\/www.storevan.com\/es\/equipamientos-vehiculos-comerciales\/furgonetas-mercedes-benz\/vito\/#breadcrumb","itemListElement":[{"@type":"ListItem","position":1,"name":"Home","item":"https:\/\/www.storevan.com\/es\/"},{"@type":"ListItem","position":2,"name":"Equipamientos veh\u00edculos comerciales","item":"https:\/\/www.storevan.com\/es\/equipamientos-vehiculos-comerciales\/"},{"@type":"ListItem","position":3,"name":"Mercedes-benz","item":"https:\/\/www.storevan.com\/es\/equipamientos-vehiculos-comerciales\/furgonetas-mercedes-benz\/"},{"@type":"ListItem","position":4,"name":"Vito"}]},{"@type":"WebSite","@id":"https:\/\/www.storevan.com\/pl\/#website","url":"https:\/\/www.storevan.com\/pl\/","name":"Store Van","description":"Equipamientos furgonetas","potentialAction":[{"@type":"SearchAction","target":{"@type":"EntryPoint","urlTemplate":"https:\/\/www.storevan.com\/pl\/?s={search_term_string}"},"query-input":"required name=search_term_string"}],"inLanguage":"es"}]}},"_links":{"self":[{"href":"https:\/\/www.storevan.com\/es\/wp-json\/wp\/v2\/pages\/40972"}],"collection":[{"href":"https:\/\/www.storevan.com\/es\/wp-json\/wp\/v2\/pages"}],"about":[{"href":"https:\/\/www.storevan.com\/es\/wp-json\/wp\/v2\/types\/page"}],"author":[{"embeddable":true,"href":"https:\/\/www.storevan.com\/es\/wp-json\/wp\/v2\/users\/470"}],"replies":[{"embeddable":true,"href":"https:\/\/www.storevan.com\/es\/wp-json\/wp\/v2\/comments?post=40972"}],"version-history":[{"count":8,"href":"https:\/\/www.storevan.com\/es\/wp-json\/wp\/v2\/pages\/40972\/revisions"}],"predecessor-version":[{"id":135509,"href":"https:\/\/www.storevan.com\/es\/wp-json\/wp\/v2\/pages\/40972\/revisions\/135509"}],"up":[{"embeddable":true,"href":"https:\/\/www.storevan.com\/es\/wp-json\/wp\/v2\/pages\/26124"}],"wp:attachment":[{"href":"https:\/\/www.storevan.com\/es\/wp-json\/wp\/v2\/media?parent=40972"}],"curies":[{"name":"wp","href":"https:\/\/api.w.org\/{rel}","templated":true}]}}