{"id":30526,"date":"2016-03-02T14:16:02","date_gmt":"2016-03-02T13:16:02","guid":{"rendered":"https:\/\/www.storevan.com\/es\/home-gb\/"},"modified":"2018-07-09T07:18:38","modified_gmt":"2018-07-09T07:18:38","slug":"home-es","status":"publish","type":"page","link":"https:\/\/www.storevan.com\/es\/","title":{"rendered":"Home ES"},"content":{"rendered":"","protected":false},"excerpt":{"rendered":"","protected":false},"author":470,"featured_media":0,"parent":0,"menu_order":0,"comment_status":"closed","ping_status":"closed","template":"home-index.php","meta":[],"acf":[],"yoast_head":"<!-- This site is optimized with the Yoast SEO plugin v20.11 - https:\/\/yoast.com\/wordpress\/plugins\/seo\/ -->\n<title>Equipamiento para furgonetas y veh\u00edculos comerciales, taller m\u00f3vil<\/title>\n<meta name=\"description\" content=\"\u00a1Store Van realiza equipamiento para furgonetas y veh\u00edculos comerciales creando su taller m\u00f3vil! Estanter\u00edas, suelos y muchos equipamientos para furgonetas\" \/>\n<meta name=\"robots\" content=\"index, follow, max-snippet:-1, max-image-preview:large, max-video-preview:-1\" \/>\n<link rel=\"canonical\" href=\"https:\/\/www.storevan.com\/es\/\" \/>\n<meta property=\"og:locale\" content=\"es_ES\" \/>\n<meta property=\"og:type\" content=\"article\" \/>\n<meta property=\"og:title\" content=\"Equipamiento para furgonetas y veh\u00edculos comerciales, taller m\u00f3vil\" \/>\n<meta property=\"og:description\" content=\"\u00a1Store Van realiza equipamiento para furgonetas y veh\u00edculos comerciales creando su taller m\u00f3vil! Estanter\u00edas, suelos y muchos equipamientos para furgonetas\" \/>\n<meta property=\"og:url\" content=\"https:\/\/www.storevan.com\/es\/\" \/>\n<meta property=\"og:site_name\" content=\"Store Van\" \/>\n<meta property=\"article:modified_time\" content=\"2018-07-09T07:18:38+00:00\" \/>\n<script type=\"application\/ld+json\" class=\"yoast-schema-graph\">{\"@context\":\"https:\/\/schema.org\",\"@graph\":[{\"@type\":\"WebPage\",\"@id\":\"https:\/\/www.storevan.com\/es\/\",\"url\":\"https:\/\/www.storevan.com\/es\/\",\"name\":\"Equipamiento para furgonetas y veh\u00edculos comerciales, taller m\u00f3vil\",\"isPartOf\":{\"@id\":\"https:\/\/www.storevan.com\/pl\/#website\"},\"datePublished\":\"2016-03-02T13:16:02+00:00\",\"dateModified\":\"2018-07-09T07:18:38+00:00\",\"description\":\"\u00a1Store Van realiza equipamiento para furgonetas y veh\u00edculos comerciales creando su taller m\u00f3vil! Estanter\u00edas, suelos y muchos equipamientos para furgonetas\",\"breadcrumb\":{\"@id\":\"https:\/\/www.storevan.com\/es\/#breadcrumb\"},\"inLanguage\":\"es\",\"potentialAction\":[{\"@type\":\"ReadAction\",\"target\":[\"https:\/\/www.storevan.com\/es\/\"]}]},{\"@type\":\"BreadcrumbList\",\"@id\":\"https:\/\/www.storevan.com\/es\/#breadcrumb\",\"itemListElement\":[{\"@type\":\"ListItem\",\"position\":1,\"name\":\"Home\",\"item\":\"https:\/\/www.storevan.com\/es\/\"},{\"@type\":\"ListItem\",\"position\":2,\"name\":\"Home ES\"}]},{\"@type\":\"WebSite\",\"@id\":\"https:\/\/www.storevan.com\/pl\/#website\",\"url\":\"https:\/\/www.storevan.com\/pl\/\",\"name\":\"Store Van\",\"description\":\"Equipamientos furgonetas\",\"potentialAction\":[{\"@type\":\"SearchAction\",\"target\":{\"@type\":\"EntryPoint\",\"urlTemplate\":\"https:\/\/www.storevan.com\/pl\/?s={search_term_string}\"},\"query-input\":\"required name=search_term_string\"}],\"inLanguage\":\"es\"}]}<\/script>\n<!-- \/ Yoast SEO plugin. -->","yoast_head_json":{"title":"Equipamiento para furgonetas y veh\u00edculos comerciales, taller m\u00f3vil","description":"\u00a1Store Van realiza equipamiento para furgonetas y veh\u00edculos comerciales creando su taller m\u00f3vil! Estanter\u00edas, suelos y muchos equipamientos para furgonetas","robots":{"index":"index","follow":"follow","max-snippet":"max-snippet:-1","max-image-preview":"max-image-preview:large","max-video-preview":"max-video-preview:-1"},"canonical":"https:\/\/www.storevan.com\/es\/","og_locale":"es_ES","og_type":"article","og_title":"Equipamiento para furgonetas y veh\u00edculos comerciales, taller m\u00f3vil","og_description":"\u00a1Store Van realiza equipamiento para furgonetas y veh\u00edculos comerciales creando su taller m\u00f3vil! Estanter\u00edas, suelos y muchos equipamientos para furgonetas","og_url":"https:\/\/www.storevan.com\/es\/","og_site_name":"Store Van","article_modified_time":"2018-07-09T07:18:38+00:00","schema":{"@context":"https:\/\/schema.org","@graph":[{"@type":"WebPage","@id":"https:\/\/www.storevan.com\/es\/","url":"https:\/\/www.storevan.com\/es\/","name":"Equipamiento para furgonetas y veh\u00edculos comerciales, taller m\u00f3vil","isPartOf":{"@id":"https:\/\/www.storevan.com\/pl\/#website"},"datePublished":"2016-03-02T13:16:02+00:00","dateModified":"2018-07-09T07:18:38+00:00","description":"\u00a1Store Van realiza equipamiento para furgonetas y veh\u00edculos comerciales creando su taller m\u00f3vil! Estanter\u00edas, suelos y muchos equipamientos para furgonetas","breadcrumb":{"@id":"https:\/\/www.storevan.com\/es\/#breadcrumb"},"inLanguage":"es","potentialAction":[{"@type":"ReadAction","target":["https:\/\/www.storevan.com\/es\/"]}]},{"@type":"BreadcrumbList","@id":"https:\/\/www.storevan.com\/es\/#breadcrumb","itemListElement":[{"@type":"ListItem","position":1,"name":"Home","item":"https:\/\/www.storevan.com\/es\/"},{"@type":"ListItem","position":2,"name":"Home ES"}]},{"@type":"WebSite","@id":"https:\/\/www.storevan.com\/pl\/#website","url":"https:\/\/www.storevan.com\/pl\/","name":"Store Van","description":"Equipamientos furgonetas","potentialAction":[{"@type":"SearchAction","target":{"@type":"EntryPoint","urlTemplate":"https:\/\/www.storevan.com\/pl\/?s={search_term_string}"},"query-input":"required name=search_term_string"}],"inLanguage":"es"}]}},"_links":{"self":[{"href":"https:\/\/www.storevan.com\/es\/wp-json\/wp\/v2\/pages\/30526"}],"collection":[{"href":"https:\/\/www.storevan.com\/es\/wp-json\/wp\/v2\/pages"}],"about":[{"href":"https:\/\/www.storevan.com\/es\/wp-json\/wp\/v2\/types\/page"}],"author":[{"embeddable":true,"href":"https:\/\/www.storevan.com\/es\/wp-json\/wp\/v2\/users\/470"}],"replies":[{"embeddable":true,"href":"https:\/\/www.storevan.com\/es\/wp-json\/wp\/v2\/comments?post=30526"}],"version-history":[{"count":1,"href":"https:\/\/www.storevan.com\/es\/wp-json\/wp\/v2\/pages\/30526\/revisions"}],"predecessor-version":[{"id":78680,"href":"https:\/\/www.storevan.com\/es\/wp-json\/wp\/v2\/pages\/30526\/revisions\/78680"}],"wp:attachment":[{"href":"https:\/\/www.storevan.com\/es\/wp-json\/wp\/v2\/media?parent=30526"}],"curies":[{"name":"wp","href":"https:\/\/api.w.org\/{rel}","templated":true}]}}