{"id":26244,"date":"2016-03-15T10:11:57","date_gmt":"2016-03-15T09:11:57","guid":{"rendered":"https:\/\/www.storevan.com\/es\/allestimenti-veicoli-commerciali\/furgoni-volkswagen\/crafter\/pianali-pannellature\/"},"modified":"2019-10-21T12:53:37","modified_gmt":"2019-10-21T12:53:37","slug":"suelos-paneles","status":"publish","type":"page","link":"https:\/\/www.storevan.com\/es\/equipamientos-vehiculos-comerciales\/furgonetas-volkswagen\/crafter\/suelos-paneles\/","title":{"rendered":"Suelos y paneles"},"content":{"rendered":"<h1 class=\"customblackTitleSmall\">Suelos y paneles para furgonetas Volkswagen Crafter<\/h1>\n<p><strong>Volkswagen Crafter<\/strong> es uno de los veh\u00edculos comerciales ligeros m\u00e1s grandes y vers\u00e1tiles del mercado, puede ofrecer hasta 17 m3 de espacio de carga en la versi\u00f3n furgoneta. Para proteger la chapa contra el desgaste de una zona de almacenamiento de mercanc\u00eda tan amplia utilizamos los <strong>revestimientos interiores<\/strong> Store Van. Un buen <strong>equipamiento para taller m\u00f3vil<\/strong> siempre comienza con el montaje de los <strong>paneles<\/strong> laterales de polipropileno y del <strong>suelo<\/strong> de madera de 12 mm de espesor con recubrimiento fen\u00f3lico contrachapado y predisposici\u00f3n para los anclajes originales del veh\u00edculo.<\/p>\n<p><img decoding=\"async\" loading=\"lazy\" class=\"aligncenter size-full\" src=\"https:\/\/www.storevan.com\/wp-content\/uploads\/2015\/12\/storevan_pianali_pannellature_3B.jpg\" alt=\"Suelos y paneles para Volkswagen Crafter 2006\" width=\"625\" height=\"407\" \/><\/p>\n<table class=\"table tableBorder\">\n<tbody>\n<tr>\n<td class=\"txtBkOrange\">VEH\u00cdCULO<\/td>\n<td class=\"TESTO12biancoCX text-center\" bgcolor=\"#0071B9\">SUELOS 12 mm<\/td>\n<td class=\"TESTO12neroCX text-center\" bgcolor=\"#e4e4e4\">PANELES<\/td>\n<td class=\"TESTO12neroCX text-center\" bgcolor=\"#e4e4e4\">PANELES<\/td>\n<td class=\"TESTO12neroCX text-center\" bgcolor=\"#e4e4e4\">DETR\u00c1S CABINA<\/td>\n<\/tr>\n<tr class=\"border_bottomGrey\">\n<td><\/td>\n<td bgcolor=\"#8d8d8d\" class=\"TESTO12biancoCX text-center\"><strong>D<\/strong><\/td>\n<td bgcolor=\"#8d8d8d\" class=\"TESTO12biancoCX text-center\"><strong>A+B<\/strong><\/td>\n<td bgcolor=\"#8d8d8d\" class=\"TESTO12biancoCX text-center\"><strong>C<\/strong><\/td>\n<td bgcolor=\"#8d8d8d\" class=\"TESTO12biancoCX text-center\"><strong>F<\/strong><\/td>\n<\/tr>\n<tr class=\"border_bottomGrey\">\n<td><\/td>\n<td class=\"TESTO12neroCX\"><strong>ART.<\/strong><\/td>\n<td class=\"TESTO12neroCX\"><strong>ART.<\/strong><\/td>\n<td class=\"TESTO12neroCX\"><strong>ART.<\/strong><\/td>\n<td class=\"TESTO12neroCX\"><strong>ART.<\/strong><\/td>\n<\/tr>\n<tr>\n<td style=\"vertical-align: middle;\" bgcolor=\"#f0f0f0\">L1 H1 Corta, Techo Normal<\/td>\n<td style=\"text-align: center;\"><span class=\"blue\">PIL 107<\/span><br \/>\n33,26 Kg<\/td>\n<td style=\"text-align: center;\"><span class=\"blue\">PAN 113<\/span><br \/>\n13,61 Kg<\/td>\n<td style=\"text-align: center;\"><span class=\"blue\">PAR 107<\/span><br \/>\n1,63 Kg<\/td>\n<td style=\"text-align: center;\"><span class=\"blue\">PIR 103<\/span><br \/>\n8,95 Kg<\/td>\n<\/tr>\n<tr>\n<td style=\"vertical-align: middle;\" bgcolor=\"#f0f0f0\">L1 H2 Corta, Techo Alto<\/td>\n<td style=\"text-align: center;\"><span class=\"blue\">PIL 107<\/span><br \/>\n33,26 Kg<\/td>\n<td style=\"text-align: center;\"><span class=\"blue\">PAN 119<\/span><br \/>\n16,11 Kg<\/td>\n<td style=\"text-align: center;\"><span class=\"blue\">PAR 108<\/span><br \/>\n2,81 Kg<\/td>\n<td style=\"text-align: center;\"><span class=\"blue\">PIR 103<\/span><br \/>\n8,95 Kg<\/td>\n<\/tr>\n<tr>\n<td style=\"vertical-align: middle;\" bgcolor=\"#f0f0f0\">L2 H1 ruedas simples<br \/>\nMedia, Techo Normal<\/td>\n<td style=\"text-align: center;\"><span class=\"blue\">PIL 108<\/span><br \/>\n41,92 Kg<\/td>\n<td style=\"text-align: center;\"><span class=\"blue\">PAN 114<\/span><br \/>\n16,71 Kg<\/td>\n<td style=\"text-align: center;\"><span class=\"blue\">PAR 107<\/span><br \/>\n1,63 Kg<\/td>\n<td style=\"text-align: center;\"><span class=\"blue\">PIR 103<\/span><br \/>\n8,95 Kg<\/td>\n<\/tr>\n<tr>\n<td style=\"vertical-align: middle;\" bgcolor=\"#f0f0f0\">L2 H1 ruedas dobles<br \/>\nMedia, Techo Normal<\/td>\n<td style=\"text-align: center;\"><span class=\"blue\">PIL 109<\/span><br \/>\n38,98 Kg<\/td>\n<td style=\"text-align: center;\"><span class=\"blue\">PAN 114<\/span><br \/>\n16,71 Kg<\/td>\n<td style=\"text-align: center;\"><span class=\"blue\">PAR 107<\/span><br \/>\n1,63 Kg<\/td>\n<td style=\"text-align: center;\"><span class=\"blue\">PIR 103<\/span><br \/>\n8,95 Kg<\/td>\n<\/tr>\n<tr>\n<td style=\"vertical-align: middle;\" bgcolor=\"#f0f0f0\">L2 H2 \u2013 H3 ruedas simples<br \/>\nMedia, Techo Alto \/ Sobreelevado<\/td>\n<td style=\"text-align: center;\"><span class=\"blue\">PIL 108<\/span><br \/>\n41,92 Kg<\/td>\n<td style=\"text-align: center;\"><span class=\"blue\">PAN 115<\/span><br \/>\n22,44 Kg<\/td>\n<td style=\"text-align: center;\"><span class=\"blue\">PAR 108<\/span><br \/>\n2,81 Kg<\/td>\n<td style=\"text-align: center;\"><span class=\"blue\">PIR 103<\/span><br \/>\n8,95 Kg<\/td>\n<\/tr>\n<tr>\n<td style=\"vertical-align: middle;\" bgcolor=\"#f0f0f0\">L2 H2 \u2013 H3 ruedas dobles<br \/>\nMedia, Techo Alto \/ Sobreelevado<\/td>\n<td style=\"text-align: center;\"><span class=\"blue\">PIL 109<\/span><br \/>\n38,98 Kg<\/td>\n<td style=\"text-align: center;\"><span class=\"blue\">PAN 115<\/span><br \/>\n22,44 Kg<\/td>\n<td style=\"text-align: center;\"><span class=\"blue\">PAR 108<\/span><br \/>\n2,81 Kg<\/td>\n<td style=\"text-align: center;\"><span class=\"blue\">PIR 103<\/span><br \/>\n8,95 Kg<\/td>\n<\/tr>\n<tr>\n<td style=\"vertical-align: middle;\" bgcolor=\"#f0f0f0\">L3 H2 \u2013 H3 ruedas simples<br \/>\nLarga, Techo Alto \/ Sobreelevado<\/td>\n<td style=\"text-align: center;\"><span class=\"blue\">PIL 110<\/span><br \/>\n57,12 Kg<\/td>\n<td style=\"text-align: center;\"><span class=\"blue\">PAN 116<\/span><br \/>\n29,98 Kg<\/td>\n<td style=\"text-align: center;\"><span class=\"blue\">PAR 108<\/span><br \/>\n2,81 Kg<\/td>\n<td style=\"text-align: center;\"><span class=\"blue\">PIR 103<\/span><br \/>\n8,95 Kg<\/td>\n<\/tr>\n<tr>\n<td style=\"vertical-align: middle;\" bgcolor=\"#f0f0f0\">L3 H2 \u2013 H3 ruedas dobles<br \/>\nLarga, Techo Alto \/ Sobreelevado<\/td>\n<td style=\"text-align: center;\"><span class=\"blue\">PIL 111<\/span><br \/>\n54,26 Kg<\/td>\n<td style=\"text-align: center;\"><span class=\"blue\">PAN 116<\/span><br \/>\n29,98 Kg<\/td>\n<td style=\"text-align: center;\"><span class=\"blue\">PAR 108<\/span><br \/>\n2,81 Kg<\/td>\n<td style=\"text-align: center;\"><span class=\"blue\">PIR 103<\/span><br \/>\n8,95 Kg<\/td>\n<\/tr>\n<tr>\n<td style=\"vertical-align: middle;\" bgcolor=\"#f0f0f0\">L4 H2 \u2013 H3 ruedas simples<br \/>\nLarga con Voladizo, Techo Alto \/ Sobreelevado<\/td>\n<td style=\"text-align: center;\"><span class=\"blue\">PIL 112<\/span><br \/>\n62,92 Kg<\/td>\n<td style=\"text-align: center;\"><span class=\"blue\">PAN 117<\/span><br \/>\n30,89 Kg<\/td>\n<td style=\"text-align: center;\"><span class=\"blue\">PAR 108<\/span><br \/>\n2,81 Kg<\/td>\n<td style=\"text-align: center;\"><span class=\"blue\">PIR 103<\/span><br \/>\n8,95 Kg<\/td>\n<\/tr>\n<tr>\n<td style=\"vertical-align: middle;\" bgcolor=\"#f0f0f0\">L4 H2 \u2013 H3 ruedas dobles<br \/>\nLarga con Voladizo, Techo Alto \/ Sobreelevado<\/td>\n<td style=\"text-align: center;\"><span class=\"blue\">PIL 113<\/span><br \/>\n60,14 Kg<\/td>\n<td style=\"text-align: center;\"><span class=\"blue\">PAN 117<\/span><br \/>\n30,89 Kg<\/td>\n<td style=\"text-align: center;\"><span class=\"blue\">PAR 108<\/span><br \/>\n2,81 Kg<\/td>\n<td style=\"text-align: center;\"><span class=\"blue\">PIR 103<\/span><br \/>\n8,95 Kg<\/td>\n<\/tr>\n<\/tbody>\n<\/table>\n<hr class=\"noColor\" \/>\n","protected":false},"excerpt":{"rendered":"<p>Suelos y paneles para furgonetas Volkswagen Crafter Volkswagen Crafter es uno de los veh\u00edculos comerciales ligeros m\u00e1s grandes y vers\u00e1tiles del mercado, puede ofrecer hasta 17 m3 de espacio de.<\/p>\n","protected":false},"author":470,"featured_media":0,"parent":26242,"menu_order":0,"comment_status":"closed","ping_status":"closed","template":"","meta":[],"acf":[],"yoast_head":"<!-- This site is optimized with the Yoast SEO plugin v20.11 - https:\/\/yoast.com\/wordpress\/plugins\/seo\/ -->\n<title>Suelos y paneles para furgonetas Volkswagen Crafter<\/title>\n<meta name=\"description\" content=\"Para proteger la chapa contra el desgaste de una zona de almacenamiento de mercanc\u00eda Store Van ofrece los revestimientos interiores para furgonetas Crafter\" \/>\n<meta name=\"robots\" content=\"index, follow, max-snippet:-1, max-image-preview:large, max-video-preview:-1\" \/>\n<link rel=\"canonical\" href=\"https:\/\/www.storevan.com\/es\/equipamientos-vehiculos-comerciales\/furgonetas-volkswagen\/crafter-2017\/suelos-paneles\/\" \/>\n<meta property=\"og:locale\" content=\"es_ES\" \/>\n<meta property=\"og:type\" content=\"article\" \/>\n<meta property=\"og:title\" content=\"Suelos y paneles para furgonetas Volkswagen Crafter\" \/>\n<meta property=\"og:description\" content=\"Para proteger la chapa contra el desgaste de una zona de almacenamiento de mercanc\u00eda Store Van ofrece los revestimientos interiores para furgonetas Crafter\" \/>\n<meta property=\"og:url\" content=\"https:\/\/www.storevan.com\/es\/equipamientos-vehiculos-comerciales\/furgonetas-volkswagen\/crafter-2017\/suelos-paneles\/\" \/>\n<meta property=\"og:site_name\" content=\"Store Van\" \/>\n<meta property=\"article:modified_time\" content=\"2019-10-21T12:53:37+00:00\" \/>\n<meta property=\"og:image\" content=\"https:\/\/www.storevan.com\/wp-content\/uploads\/2015\/12\/storevan_pianali_pannellature_3B.jpg\" \/>\n<meta name=\"twitter:label1\" content=\"Tiempo de lectura\" \/>\n\t<meta name=\"twitter:data1\" content=\"1 minuto\" \/>\n<script type=\"application\/ld+json\" class=\"yoast-schema-graph\">{\"@context\":\"https:\/\/schema.org\",\"@graph\":[{\"@type\":\"WebPage\",\"@id\":\"https:\/\/www.storevan.com\/es\/equipamientos-vehiculos-comerciales\/furgonetas-volkswagen\/crafter\/suelos-paneles\/\",\"url\":\"https:\/\/www.storevan.com\/es\/equipamientos-vehiculos-comerciales\/furgonetas-volkswagen\/crafter-2017\/suelos-paneles\/\",\"name\":\"Suelos y paneles para furgonetas Volkswagen Crafter\",\"isPartOf\":{\"@id\":\"https:\/\/www.storevan.com\/pl\/#website\"},\"datePublished\":\"2016-03-15T09:11:57+00:00\",\"dateModified\":\"2019-10-21T12:53:37+00:00\",\"description\":\"Para proteger la chapa contra el desgaste de una zona de almacenamiento de mercanc\u00eda Store Van ofrece los revestimientos interiores para furgonetas Crafter\",\"breadcrumb\":{\"@id\":\"https:\/\/www.storevan.com\/es\/equipamientos-vehiculos-comerciales\/furgonetas-volkswagen\/crafter-2017\/suelos-paneles\/#breadcrumb\"},\"inLanguage\":\"es\",\"potentialAction\":[{\"@type\":\"ReadAction\",\"target\":[\"https:\/\/www.storevan.com\/es\/equipamientos-vehiculos-comerciales\/furgonetas-volkswagen\/crafter-2017\/suelos-paneles\/\"]}]},{\"@type\":\"BreadcrumbList\",\"@id\":\"https:\/\/www.storevan.com\/es\/equipamientos-vehiculos-comerciales\/furgonetas-volkswagen\/crafter-2017\/suelos-paneles\/#breadcrumb\",\"itemListElement\":[{\"@type\":\"ListItem\",\"position\":1,\"name\":\"Home\",\"item\":\"https:\/\/www.storevan.com\/es\/\"},{\"@type\":\"ListItem\",\"position\":2,\"name\":\"Equipamientos veh\u00edculos comerciales\",\"item\":\"https:\/\/www.storevan.com\/es\/equipamientos-vehiculos-comerciales\/\"},{\"@type\":\"ListItem\",\"position\":3,\"name\":\"Volkswagen\",\"item\":\"https:\/\/www.storevan.com\/es\/equipamientos-vehiculos-comerciales\/furgonetas-volkswagen\/\"},{\"@type\":\"ListItem\",\"position\":4,\"name\":\"Crafter 2006\",\"item\":\"https:\/\/www.storevan.com\/es\/equipamientos-vehiculos-comerciales\/furgonetas-volkswagen\/crafter\/\"},{\"@type\":\"ListItem\",\"position\":5,\"name\":\"Suelos y paneles\"}]},{\"@type\":\"WebSite\",\"@id\":\"https:\/\/www.storevan.com\/pl\/#website\",\"url\":\"https:\/\/www.storevan.com\/pl\/\",\"name\":\"Store Van\",\"description\":\"Equipamientos furgonetas\",\"potentialAction\":[{\"@type\":\"SearchAction\",\"target\":{\"@type\":\"EntryPoint\",\"urlTemplate\":\"https:\/\/www.storevan.com\/pl\/?s={search_term_string}\"},\"query-input\":\"required name=search_term_string\"}],\"inLanguage\":\"es\"}]}<\/script>\n<!-- \/ Yoast SEO plugin. -->","yoast_head_json":{"title":"Suelos y paneles para furgonetas Volkswagen Crafter","description":"Para proteger la chapa contra el desgaste de una zona de almacenamiento de mercanc\u00eda Store Van ofrece los revestimientos interiores para furgonetas Crafter","robots":{"index":"index","follow":"follow","max-snippet":"max-snippet:-1","max-image-preview":"max-image-preview:large","max-video-preview":"max-video-preview:-1"},"canonical":"https:\/\/www.storevan.com\/es\/equipamientos-vehiculos-comerciales\/furgonetas-volkswagen\/crafter-2017\/suelos-paneles\/","og_locale":"es_ES","og_type":"article","og_title":"Suelos y paneles para furgonetas Volkswagen Crafter","og_description":"Para proteger la chapa contra el desgaste de una zona de almacenamiento de mercanc\u00eda Store Van ofrece los revestimientos interiores para furgonetas Crafter","og_url":"https:\/\/www.storevan.com\/es\/equipamientos-vehiculos-comerciales\/furgonetas-volkswagen\/crafter-2017\/suelos-paneles\/","og_site_name":"Store Van","article_modified_time":"2019-10-21T12:53:37+00:00","og_image":[{"url":"https:\/\/www.storevan.com\/wp-content\/uploads\/2015\/12\/storevan_pianali_pannellature_3B.jpg"}],"twitter_misc":{"Tiempo de lectura":"1 minuto"},"schema":{"@context":"https:\/\/schema.org","@graph":[{"@type":"WebPage","@id":"https:\/\/www.storevan.com\/es\/equipamientos-vehiculos-comerciales\/furgonetas-volkswagen\/crafter\/suelos-paneles\/","url":"https:\/\/www.storevan.com\/es\/equipamientos-vehiculos-comerciales\/furgonetas-volkswagen\/crafter-2017\/suelos-paneles\/","name":"Suelos y paneles para furgonetas Volkswagen Crafter","isPartOf":{"@id":"https:\/\/www.storevan.com\/pl\/#website"},"datePublished":"2016-03-15T09:11:57+00:00","dateModified":"2019-10-21T12:53:37+00:00","description":"Para proteger la chapa contra el desgaste de una zona de almacenamiento de mercanc\u00eda Store Van ofrece los revestimientos interiores para furgonetas Crafter","breadcrumb":{"@id":"https:\/\/www.storevan.com\/es\/equipamientos-vehiculos-comerciales\/furgonetas-volkswagen\/crafter-2017\/suelos-paneles\/#breadcrumb"},"inLanguage":"es","potentialAction":[{"@type":"ReadAction","target":["https:\/\/www.storevan.com\/es\/equipamientos-vehiculos-comerciales\/furgonetas-volkswagen\/crafter-2017\/suelos-paneles\/"]}]},{"@type":"BreadcrumbList","@id":"https:\/\/www.storevan.com\/es\/equipamientos-vehiculos-comerciales\/furgonetas-volkswagen\/crafter-2017\/suelos-paneles\/#breadcrumb","itemListElement":[{"@type":"ListItem","position":1,"name":"Home","item":"https:\/\/www.storevan.com\/es\/"},{"@type":"ListItem","position":2,"name":"Equipamientos veh\u00edculos comerciales","item":"https:\/\/www.storevan.com\/es\/equipamientos-vehiculos-comerciales\/"},{"@type":"ListItem","position":3,"name":"Volkswagen","item":"https:\/\/www.storevan.com\/es\/equipamientos-vehiculos-comerciales\/furgonetas-volkswagen\/"},{"@type":"ListItem","position":4,"name":"Crafter 2006","item":"https:\/\/www.storevan.com\/es\/equipamientos-vehiculos-comerciales\/furgonetas-volkswagen\/crafter\/"},{"@type":"ListItem","position":5,"name":"Suelos y paneles"}]},{"@type":"WebSite","@id":"https:\/\/www.storevan.com\/pl\/#website","url":"https:\/\/www.storevan.com\/pl\/","name":"Store Van","description":"Equipamientos furgonetas","potentialAction":[{"@type":"SearchAction","target":{"@type":"EntryPoint","urlTemplate":"https:\/\/www.storevan.com\/pl\/?s={search_term_string}"},"query-input":"required name=search_term_string"}],"inLanguage":"es"}]}},"_links":{"self":[{"href":"https:\/\/www.storevan.com\/es\/wp-json\/wp\/v2\/pages\/26244"}],"collection":[{"href":"https:\/\/www.storevan.com\/es\/wp-json\/wp\/v2\/pages"}],"about":[{"href":"https:\/\/www.storevan.com\/es\/wp-json\/wp\/v2\/types\/page"}],"author":[{"embeddable":true,"href":"https:\/\/www.storevan.com\/es\/wp-json\/wp\/v2\/users\/470"}],"replies":[{"embeddable":true,"href":"https:\/\/www.storevan.com\/es\/wp-json\/wp\/v2\/comments?post=26244"}],"version-history":[{"count":2,"href":"https:\/\/www.storevan.com\/es\/wp-json\/wp\/v2\/pages\/26244\/revisions"}],"predecessor-version":[{"id":110445,"href":"https:\/\/www.storevan.com\/es\/wp-json\/wp\/v2\/pages\/26244\/revisions\/110445"}],"up":[{"embeddable":true,"href":"https:\/\/www.storevan.com\/es\/wp-json\/wp\/v2\/pages\/26242"}],"wp:attachment":[{"href":"https:\/\/www.storevan.com\/es\/wp-json\/wp\/v2\/media?parent=26244"}],"curies":[{"name":"wp","href":"https:\/\/api.w.org\/{rel}","templated":true}]}}