{"id":26234,"date":"2015-12-14T10:12:12","date_gmt":"2015-12-14T09:12:12","guid":{"rendered":"https:\/\/www.storevan.com\/es\/allestimenti-veicoli-commerciali\/furgoni-volkswagen\/"},"modified":"2022-09-28T12:36:58","modified_gmt":"2022-09-28T12:36:58","slug":"furgonetas-volkswagen","status":"publish","type":"page","link":"https:\/\/www.storevan.com\/es\/equipamientos-vehiculos-comerciales\/furgonetas-volkswagen\/","title":{"rendered":"Volkswagen"},"content":{"rendered":"<h1 class=\"customblackTitleSmall\">Equipamientos furgonetas Volkswagen<\/h1>\n<h2>Equipamiento para taller m\u00f3vil: la soluci\u00f3n perfecta para su veh\u00edculo comercial Volkswagen<\/h2>\n<p><img decoding=\"async\" loading=\"lazy\" class=\"alignright wp-image-43760 size-full\" title=\"Equipamiento Volkswagen\" src=\"https:\/\/www.storevan.com\/wp-content\/uploads\/2017\/01\/HOME13-Allestimenti-VOLKSWAGEN.png\" alt=\"Equipamiento Volkswagen\" width=\"116\" height=\"105\" \/><br \/>\nStore Van fabrica soluciones de equipamiento para furgonetas Volkswagen, revestimientos para la protecci\u00f3n de la zona de carga, bacas y portaescaleras para cargar con seguridad el techo de la furgoneta y numerosas estanter\u00edas para equipar el veh\u00edculo comercial de acuerdo con las necesidades espec\u00edficas profesionales. En cada centro de montaje Store Van ya es tiempo de equipamientos para su furgoneta Volkswagen, para convertirla en un taller m\u00f3vil personalizado, eligiendo el suelo y los paneles de protecci\u00f3n de la carrocer\u00eda de la zona de carga, la composici\u00f3n de estanter\u00edas a medida para sus necesidades y el sistema de bacas y portaescaleras.<\/p>\n<h3 class=\"customblackTitleExtraSmall\">SELECCIONE EL MODELO DE SU FURGONETA:<\/h3>\n<div class=\"one_fourth\">\n<p style=\"text-align: center;\"><strong>CADDY 2015<\/strong><\/p>\n<hr class=\"hidden-xs hidden-sm\"\/>\n<p><a href=\"https:\/\/www.storevan.com\/es\/equipamientos-vehiculos-comerciales\/furgonetas-volkswagen\/caddy\/\" class=\"txtOrange\" title=\"Equipamientos para Caddy\"><img decoding=\"async\" loading=\"lazy\" class=\"aligncenter size-full wp-image-40370\" src=\"https:\/\/www.storevan.com\/wp-content\/uploads\/2015\/12\/Allestimento-furgoni-Volkswagen-Caddy-2015-1.jpg\" alt=\"Equipamiento furgonetas Volkswagen Caddy\" width=\"350\" height=\"220\" srcset=\"https:\/\/www.storevan.com\/wp-content\/uploads\/2015\/12\/Allestimento-furgoni-Volkswagen-Caddy-2015-1.jpg 350w, https:\/\/www.storevan.com\/wp-content\/uploads\/2015\/12\/Allestimento-furgoni-Volkswagen-Caddy-2015-1-300x189.jpg 300w\" sizes=\"(max-width: 350px) 100vw, 350px\" \/><br \/>\nEquipamientos para Caddy <i class=\"fa fa-angle-double-right\"><\/i><\/a><br \/>\n<a href=\"https:\/\/www.storevan.com\/es\/equipamientos-vehiculos-comerciales\/furgonetas-volkswagen\/caddy\/suelos-paneles\/\" class=\"txtOrange\" title=\"Suelo y revestimiento interior para Caddy\">Suelo y revestimiento interior  <i class=\"fa fa-angle-double-right\"><\/i><\/a><br \/>\n<a href=\"https:\/\/www.storevan.com\/es\/equipamientos-vehiculos-comerciales\/furgonetas-volkswagen\/caddy\/bacas-portaescaleras\/\" class=\"txtOrange\" title=\"Bacas y portaescaleras para Caddy\">Bacas y portaescaleras <i class=\"fa fa-angle-double-right\"><\/i><\/a> <\/p>\n<hr noshade=\"noshade\" size=\"1\" class=\"visible-xs\" \/>\n<\/div><div class=\"one_fourth\">\n<p style=\"text-align: center;\"><strong>CADDY CARGO 2021<\/strong><\/p>\n<hr class=\"hidden-xs hidden-sm\"\/>\n<p><a href=\"https:\/\/www.storevan.com\/es\/equipamientos-vehiculos-comerciales\/furgonetas-volkswagen\/caddy-cargo\/\" class=\"txtOrange\" title=\"Equipamientos para Caddy Cargo\"><img decoding=\"async\" loading=\"lazy\" class=\"aligncenter wp-image-40376 size-full\" src=\"https:\/\/www.storevan.com\/wp-content\/uploads\/veicoli\/volkswagen\/caddycargo2021\/Allestimento-furgoni-Volkswagen-Caddy-Cargo-2021.jpg\" alt=\"Equipamiento furgonetas Volkswagen Caddy Cargo\" width=\"350\" height=\"220\" \/><br \/>\nEquipamientos para Caddy Cargo <i class=\"fa fa-angle-double-right\"><\/i><\/a><br \/>\n<a href=\"https:\/\/www.storevan.com\/es\/equipamientos-vehiculos-comerciales\/furgonetas-volkswagen\/caddy-cargo\/suelos-y-paneles\/\" class=\"txtOrange\" title=\"Suelo y revestimiento interior para Caddy Cargo\">Suelo y revestimiento interior  <i class=\"fa fa-angle-double-right\"><\/i><\/a><br \/>\n<a href=\"https:\/\/www.storevan.com\/es\/equipamientos-vehiculos-comerciales\/furgonetas-volkswagen\/caddy-cargo\/bacas-y-portaescaleras\/\" class=\"txtOrange\" title=\"Bacas y portaescaleras para Caddy Cargo\">Bacas y portaescaleras <i class=\"fa fa-angle-double-right\"><\/i><\/a> <\/p>\n<hr noshade=\"noshade\" size=\"1\" class=\"visible-xs\" \/>\n<\/div><div class=\"one_fourth\">\n<p style=\"text-align: center;\"><strong>TRANSPORTER 2015<\/strong><\/p>\n<hr class=\"hidden-xs hidden-sm\"\/>\n<p><a href=\"https:\/\/www.storevan.com\/es\/equipamientos-vehiculos-comerciales\/furgonetas-volkswagen\/transporter\/\" class=\"txtOrange\" title=\"Equipamientos para Transporter\"><img decoding=\"async\" loading=\"lazy\" class=\"aligncenter wp-image-40376 size-full\" src=\"https:\/\/www.storevan.com\/wp-content\/uploads\/2015\/12\/Allestimento-furgoni-Volkswagen-Transporter-2015-1.jpg\" alt=\"Equipamiento furgonetas Volkswagen Transporter\" width=\"350\" height=\"220\" srcset=\"https:\/\/www.storevan.com\/wp-content\/uploads\/2015\/12\/Allestimento-furgoni-Volkswagen-Transporter-2015-1.jpg 350w, https:\/\/www.storevan.com\/wp-content\/uploads\/2015\/12\/Allestimento-furgoni-Volkswagen-Transporter-2015-1-300x189.jpg 300w\" sizes=\"(max-width: 350px) 100vw, 350px\" \/><br \/>\nEquipamientos para Transporter <i class=\"fa fa-angle-double-right\"><\/i><\/a><br \/>\n<a href=\"https:\/\/www.storevan.com\/es\/equipamientos-vehiculos-comerciales\/furgonetas-volkswagen\/transporter\/suelos-paneles\/\" class=\"txtOrange\" title=\"Suelo y revestimiento interior para Transporter\">Suelo y revestimiento interior  <i class=\"fa fa-angle-double-right\"><\/i><\/a><br \/>\n<a href=\"https:\/\/www.storevan.com\/es\/equipamientos-vehiculos-comerciales\/furgonetas-volkswagen\/transporter\/bacas-portaescaleras\/\" class=\"txtOrange\" title=\"Bacas y portaescaleras para Transporter\">Bacas y portaescaleras <i class=\"fa fa-angle-double-right\"><\/i><\/a> <\/p>\n<hr noshade=\"noshade\" size=\"1\" class=\"visible-xs\" \/>\n<\/div><div class=\"one_fourth last\">\n<p style=\"text-align: center;\"><strong>CRAFTER 2017<\/strong><\/p>\n<hr class=\"hidden-xs hidden-sm\"\/>\n<p><a href=\"https:\/\/www.storevan.com\/es\/equipamientos-vehiculos-comerciales\/furgonetas-volkswagen\/crafter-2017\/\" class=\"txtOrange\" title=\"Equipamientos para Crafter 2017\"><img decoding=\"async\" loading=\"lazy\" class=\"aligncenter size-full wp-image-57485\" src=\"https:\/\/www.storevan.com\/wp-content\/uploads\/2015\/12\/Allestimento-furgoni-Volkswagen-Crafter-2017.jpg\" alt=\"Equipamientos furgonetas Volkswagen Crafter 2017\" width=\"350\" height=\"220\" srcset=\"https:\/\/www.storevan.com\/wp-content\/uploads\/2015\/12\/Allestimento-furgoni-Volkswagen-Crafter-2017.jpg 350w, https:\/\/www.storevan.com\/wp-content\/uploads\/2015\/12\/Allestimento-furgoni-Volkswagen-Crafter-2017-300x189.jpg 300w\" sizes=\"(max-width: 350px) 100vw, 350px\" \/><br \/>\nEquipamientos para Crafter <i class=\"fa fa-angle-double-right\"><\/i><\/a><br \/>\n<a href=\"https:\/\/www.storevan.com\/es\/equipamientos-vehiculos-comerciales\/furgonetas-volkswagen\/crafter-2017\/suelos-paneles\/\" class=\"txtOrange\" title=\"Suelo y revestimiento interior para Crafter 2017\">Suelo y revestimiento interior  <i class=\"fa fa-angle-double-right\"><\/i><\/a><br \/>\n<a href=\"https:\/\/www.storevan.com\/es\/equipamientos-vehiculos-comerciales\/furgonetas-volkswagen\/crafter-2017\/bacas-portaescaleras\/\" class=\"txtOrange\" title=\"Bacas y portaescaleras para Crafter 2017\">Bacas y portaescaleras <i class=\"fa fa-angle-double-right\"><\/i><\/a> <\/p>\n<hr noshade=\"noshade\" size=\"1\" class=\"visible-xs\" \/>\n<\/div><div class=\"clearboth\"><\/div><div class=\"one_fourth last\">\n<p style=\"text-align: center;\"><strong>CRAFTER 2006<\/strong><\/p>\n<hr class=\"hidden-xs hidden-sm\"\/>\n<p><a href=\"https:\/\/www.storevan.com\/es\/equipamientos-vehiculos-comerciales\/furgonetas-volkswagen\/crafter\/\" class=\"txtOrange\" title=\"Equipamientos para Crafter 2006\"><img decoding=\"async\" loading=\"lazy\" class=\"aligncenter size-full wp-image-40382\" src=\"https:\/\/www.storevan.com\/wp-content\/uploads\/2015\/12\/Allestimento-furgoni-Volkswagen-Crafter-2006-1.jpg\" alt=\"Equipamiento furgonetas Volkswagen Crafter 2006\" width=\"350\" height=\"220\" srcset=\"https:\/\/www.storevan.com\/wp-content\/uploads\/2015\/12\/Allestimento-furgoni-Volkswagen-Crafter-2006-1.jpg 350w, https:\/\/www.storevan.com\/wp-content\/uploads\/2015\/12\/Allestimento-furgoni-Volkswagen-Crafter-2006-1-300x189.jpg 300w\" sizes=\"(max-width: 350px) 100vw, 350px\" \/><br \/>\nEquipamientos para Crafter 2006 <i class=\"fa fa-angle-double-right\"><\/i><\/a><br \/>\n<a href=\"https:\/\/www.storevan.com\/es\/equipamientos-vehiculos-comerciales\/furgonetas-volkswagen\/crafter\/suelos-paneles\/\" class=\"txtOrange\" title=\"Suelo y revestimiento interior para Crafter 2006\">Suelo y revestimiento interior  <i class=\"fa fa-angle-double-right\"><\/i><\/a><br \/>\n<a href=\"https:\/\/www.storevan.com\/es\/equipamientos-vehiculos-comerciales\/furgonetas-volkswagen\/crafter\/bacas-portaescaleras\/\" class=\"txtOrange\" title=\"Bacas y portaescaleras para Crafter 2006\">Bacas y portaescaleras <i class=\"fa fa-angle-double-right\"><\/i><\/a> <\/p>\n<hr noshade=\"noshade\" size=\"1\" class=\"visible-xs\" \/>\n<\/div><div class=\"clearboth\"><\/div>\n<p>Es posible reforzar y proteger la carrocer\u00eda interior del veh\u00edculo con el suelo de madera contraplacada y los paneles de polipropileno para los laterales, el espacio se puede organizar con un estanter\u00eda. La mercader\u00eda y los equipos est\u00e1n bien protegidos, bien ordenados y, por lo tanto, r\u00e1pidamente disponibles en cajones, compartimentos con puerta, bandejas con divisores, estantes con cajas, bandejas para maletines para piezas peque\u00f1as. De esta manera el profesional no pierde ni tiempo ni energ\u00eda y la furgoneta se convierte en un soporte de primera importancia.<\/p>\n","protected":false},"excerpt":{"rendered":"<p>Equipamientos furgonetas Volkswagen Equipamiento para taller m\u00f3vil: la soluci\u00f3n perfecta para su veh\u00edculo comercial Volkswagen Store Van fabrica soluciones de equipamiento para furgonetas Volkswagen, revestimientos para la protecci\u00f3n de la.<\/p>\n","protected":false},"author":470,"featured_media":0,"parent":26070,"menu_order":0,"comment_status":"closed","ping_status":"closed","template":"","meta":[],"acf":[],"yoast_head":"<!-- This site is optimized with the Yoast SEO plugin v20.11 - https:\/\/yoast.com\/wordpress\/plugins\/seo\/ -->\n<title>Equipamientos furgonetas Volkswagen<\/title>\n<meta name=\"description\" content=\"Store Van produce soluciones de equipamientos espec\u00edficas para veh\u00edculos comerciales Volkswagen. Revestimientos interiores, bacas y portaescaleras, etc.\" \/>\n<meta name=\"robots\" content=\"index, follow, max-snippet:-1, max-image-preview:large, max-video-preview:-1\" \/>\n<link rel=\"canonical\" href=\"https:\/\/www.storevan.com\/es\/equipamientos-vehiculos-comerciales\/furgonetas-volkswagen\/\" \/>\n<meta property=\"og:locale\" content=\"es_ES\" \/>\n<meta property=\"og:type\" content=\"article\" \/>\n<meta property=\"og:title\" content=\"Equipamientos furgonetas Volkswagen\" \/>\n<meta property=\"og:description\" content=\"Store Van produce soluciones de equipamientos espec\u00edficas para veh\u00edculos comerciales Volkswagen. Revestimientos interiores, bacas y portaescaleras, etc.\" \/>\n<meta property=\"og:url\" content=\"https:\/\/www.storevan.com\/es\/equipamientos-vehiculos-comerciales\/furgonetas-volkswagen\/\" \/>\n<meta property=\"og:site_name\" content=\"Store Van\" \/>\n<meta property=\"article:modified_time\" content=\"2022-09-28T12:36:58+00:00\" \/>\n<meta property=\"og:image\" content=\"https:\/\/www.storevan.com\/wp-content\/uploads\/2017\/01\/HOME13-Allestimenti-VOLKSWAGEN.png\" \/>\n<meta name=\"twitter:label1\" content=\"Tiempo de lectura\" \/>\n\t<meta name=\"twitter:data1\" content=\"3 minutos\" \/>\n<script type=\"application\/ld+json\" class=\"yoast-schema-graph\">{\"@context\":\"https:\/\/schema.org\",\"@graph\":[{\"@type\":\"WebPage\",\"@id\":\"https:\/\/www.storevan.com\/es\/equipamientos-vehiculos-comerciales\/furgonetas-volkswagen\/\",\"url\":\"https:\/\/www.storevan.com\/es\/equipamientos-vehiculos-comerciales\/furgonetas-volkswagen\/\",\"name\":\"Equipamientos furgonetas Volkswagen\",\"isPartOf\":{\"@id\":\"https:\/\/www.storevan.com\/pl\/#website\"},\"datePublished\":\"2015-12-14T09:12:12+00:00\",\"dateModified\":\"2022-09-28T12:36:58+00:00\",\"description\":\"Store Van produce soluciones de equipamientos espec\u00edficas para veh\u00edculos comerciales Volkswagen. Revestimientos interiores, bacas y portaescaleras, etc.\",\"breadcrumb\":{\"@id\":\"https:\/\/www.storevan.com\/es\/equipamientos-vehiculos-comerciales\/furgonetas-volkswagen\/#breadcrumb\"},\"inLanguage\":\"es\",\"potentialAction\":[{\"@type\":\"ReadAction\",\"target\":[\"https:\/\/www.storevan.com\/es\/equipamientos-vehiculos-comerciales\/furgonetas-volkswagen\/\"]}]},{\"@type\":\"BreadcrumbList\",\"@id\":\"https:\/\/www.storevan.com\/es\/equipamientos-vehiculos-comerciales\/furgonetas-volkswagen\/#breadcrumb\",\"itemListElement\":[{\"@type\":\"ListItem\",\"position\":1,\"name\":\"Home\",\"item\":\"https:\/\/www.storevan.com\/es\/\"},{\"@type\":\"ListItem\",\"position\":2,\"name\":\"Equipamientos veh\u00edculos comerciales\",\"item\":\"https:\/\/www.storevan.com\/es\/equipamientos-vehiculos-comerciales\/\"},{\"@type\":\"ListItem\",\"position\":3,\"name\":\"Volkswagen\"}]},{\"@type\":\"WebSite\",\"@id\":\"https:\/\/www.storevan.com\/pl\/#website\",\"url\":\"https:\/\/www.storevan.com\/pl\/\",\"name\":\"Store Van\",\"description\":\"Equipamientos furgonetas\",\"potentialAction\":[{\"@type\":\"SearchAction\",\"target\":{\"@type\":\"EntryPoint\",\"urlTemplate\":\"https:\/\/www.storevan.com\/pl\/?s={search_term_string}\"},\"query-input\":\"required name=search_term_string\"}],\"inLanguage\":\"es\"}]}<\/script>\n<!-- \/ Yoast SEO plugin. -->","yoast_head_json":{"title":"Equipamientos furgonetas Volkswagen","description":"Store Van produce soluciones de equipamientos espec\u00edficas para veh\u00edculos comerciales Volkswagen. Revestimientos interiores, bacas y portaescaleras, etc.","robots":{"index":"index","follow":"follow","max-snippet":"max-snippet:-1","max-image-preview":"max-image-preview:large","max-video-preview":"max-video-preview:-1"},"canonical":"https:\/\/www.storevan.com\/es\/equipamientos-vehiculos-comerciales\/furgonetas-volkswagen\/","og_locale":"es_ES","og_type":"article","og_title":"Equipamientos furgonetas Volkswagen","og_description":"Store Van produce soluciones de equipamientos espec\u00edficas para veh\u00edculos comerciales Volkswagen. Revestimientos interiores, bacas y portaescaleras, etc.","og_url":"https:\/\/www.storevan.com\/es\/equipamientos-vehiculos-comerciales\/furgonetas-volkswagen\/","og_site_name":"Store Van","article_modified_time":"2022-09-28T12:36:58+00:00","og_image":[{"url":"https:\/\/www.storevan.com\/wp-content\/uploads\/2017\/01\/HOME13-Allestimenti-VOLKSWAGEN.png"}],"twitter_misc":{"Tiempo de lectura":"3 minutos"},"schema":{"@context":"https:\/\/schema.org","@graph":[{"@type":"WebPage","@id":"https:\/\/www.storevan.com\/es\/equipamientos-vehiculos-comerciales\/furgonetas-volkswagen\/","url":"https:\/\/www.storevan.com\/es\/equipamientos-vehiculos-comerciales\/furgonetas-volkswagen\/","name":"Equipamientos furgonetas Volkswagen","isPartOf":{"@id":"https:\/\/www.storevan.com\/pl\/#website"},"datePublished":"2015-12-14T09:12:12+00:00","dateModified":"2022-09-28T12:36:58+00:00","description":"Store Van produce soluciones de equipamientos espec\u00edficas para veh\u00edculos comerciales Volkswagen. Revestimientos interiores, bacas y portaescaleras, etc.","breadcrumb":{"@id":"https:\/\/www.storevan.com\/es\/equipamientos-vehiculos-comerciales\/furgonetas-volkswagen\/#breadcrumb"},"inLanguage":"es","potentialAction":[{"@type":"ReadAction","target":["https:\/\/www.storevan.com\/es\/equipamientos-vehiculos-comerciales\/furgonetas-volkswagen\/"]}]},{"@type":"BreadcrumbList","@id":"https:\/\/www.storevan.com\/es\/equipamientos-vehiculos-comerciales\/furgonetas-volkswagen\/#breadcrumb","itemListElement":[{"@type":"ListItem","position":1,"name":"Home","item":"https:\/\/www.storevan.com\/es\/"},{"@type":"ListItem","position":2,"name":"Equipamientos veh\u00edculos comerciales","item":"https:\/\/www.storevan.com\/es\/equipamientos-vehiculos-comerciales\/"},{"@type":"ListItem","position":3,"name":"Volkswagen"}]},{"@type":"WebSite","@id":"https:\/\/www.storevan.com\/pl\/#website","url":"https:\/\/www.storevan.com\/pl\/","name":"Store Van","description":"Equipamientos furgonetas","potentialAction":[{"@type":"SearchAction","target":{"@type":"EntryPoint","urlTemplate":"https:\/\/www.storevan.com\/pl\/?s={search_term_string}"},"query-input":"required name=search_term_string"}],"inLanguage":"es"}]}},"_links":{"self":[{"href":"https:\/\/www.storevan.com\/es\/wp-json\/wp\/v2\/pages\/26234"}],"collection":[{"href":"https:\/\/www.storevan.com\/es\/wp-json\/wp\/v2\/pages"}],"about":[{"href":"https:\/\/www.storevan.com\/es\/wp-json\/wp\/v2\/types\/page"}],"author":[{"embeddable":true,"href":"https:\/\/www.storevan.com\/es\/wp-json\/wp\/v2\/users\/470"}],"replies":[{"embeddable":true,"href":"https:\/\/www.storevan.com\/es\/wp-json\/wp\/v2\/comments?post=26234"}],"version-history":[{"count":6,"href":"https:\/\/www.storevan.com\/es\/wp-json\/wp\/v2\/pages\/26234\/revisions"}],"predecessor-version":[{"id":149171,"href":"https:\/\/www.storevan.com\/es\/wp-json\/wp\/v2\/pages\/26234\/revisions\/149171"}],"up":[{"embeddable":true,"href":"https:\/\/www.storevan.com\/es\/wp-json\/wp\/v2\/pages\/26070"}],"wp:attachment":[{"href":"https:\/\/www.storevan.com\/es\/wp-json\/wp\/v2\/media?parent=26234"}],"curies":[{"name":"wp","href":"https:\/\/api.w.org\/{rel}","templated":true}]}}