{"id":26152,"date":"2015-12-14T10:07:04","date_gmt":"2015-12-14T09:07:04","guid":{"rendered":"https:\/\/www.storevan.com\/es\/allestimenti-veicoli-commerciali\/furgoni-opel\/"},"modified":"2022-03-10T15:57:51","modified_gmt":"2022-03-10T15:57:51","slug":"furgonetas-opel","status":"publish","type":"page","link":"https:\/\/www.storevan.com\/es\/equipamientos-vehiculos-comerciales\/furgonetas-opel\/","title":{"rendered":"Opel"},"content":{"rendered":"<h1 class=\"customblackTitleSmall\">Equipamientos furgonetas Opel<\/h1>\n<h2>Equipamiento Opel con sistemas de sujeci\u00f3n de la carga integrados en el suelo<\/h2>\n<p><img decoding=\"async\" loading=\"lazy\" class=\"alignright wp-image-43736 size-full\" title=\"Equipamiento Opel\" src=\"https:\/\/www.storevan.com\/wp-content\/uploads\/2017\/01\/HOME9-Allestimenti-OPEL.png\" alt=\"Equipamiento Opel\" width=\"116\" height=\"105\" \/><\/p>\n<p>Store Van fabrica soluciones de equipamientos para furgonetas Opel. Revestimientos para la protecci\u00f3n de la zona de carga, bacas y portaescaleras para cargar con seguridad en el techo de la furgoneta y numerosas estanter\u00edas para equipar el veh\u00edculo comercial de acuerdo con las necesidades espec\u00edficas profesionales.<\/p>\n<h3 class=\"customblackTitleExtraSmall\">SELECCIONE EL MODELO DE SU FURGONETA:<\/h3>\n<div class=\"one_fourth\">\n<p class=\"text-center\"><strong>COMBO 2018<\/strong><\/p>\n<hr class=\"hidden-xs hidden-sm\"\/>\n<a href=\"https:\/\/www.storevan.com\/es\/equipamientos-vehiculos-comerciales\/furgonetas-opel\/combo\/\" class=\"txtOrange\" title=\"Equipamientos para Combo\"><img decoding=\"async\" loading=\"lazy\" src=\"https:\/\/www.storevan.com\/wp-content\/uploads\/2019\/03\/Opel-Combo-2018.jpg\" alt=\"Equipamiento furgonetas Opel Combo\" width=\"350\" height=\"220\" class=\"aligncenter size-full wp-image-98826\" srcset=\"https:\/\/www.storevan.com\/wp-content\/uploads\/2019\/03\/Opel-Combo-2018.jpg 350w, https:\/\/www.storevan.com\/wp-content\/uploads\/2019\/03\/Opel-Combo-2018-300x189.jpg 300w\" sizes=\"(max-width: 350px) 100vw, 350px\" \/><br \/>\nEquipamientos para Combo <i class=\"fa fa-angle-double-right\"><\/i><\/a><br \/>\n<a href=\"https:\/\/www.storevan.com\/es\/equipamientos-vehiculos-comerciales\/furgonetas-opel\/combo\/suelos-paneles\/\" class=\"txtOrange\" title=\"Suelo y revestimiento interior para Combo\">Suelo y revestimiento interior  <i class=\"fa fa-angle-double-right\"><\/i><\/a><br \/>\n<a href=\"https:\/\/www.storevan.com\/es\/equipamientos-vehiculos-comerciales\/furgonetas-opel\/combo\/bacas-portaescaleras\/\" class=\"txtOrange\" title=\"Bacas y portaescaleras para Combo\">Bacas y portaescaleras <i class=\"fa fa-angle-double-right\"><\/i><\/a> <\/p>\n<hr class=\"visible-xs\" \/>\n<\/div>\n<div class=\"one_fourth\">\n<p class=\"text-center\"><strong>VIVARO 2014<\/strong><\/p>\n<hr class=\"hidden-xs hidden-sm\" \/>\n<a  class=\"txtOrange\" title=\"Equipamientos para Vivaro 2014\" href=\"https:\/\/www.storevan.com\/es\/equipamientos-vehiculos-comerciales\/furgonetas-opel\/vivaro-2014\/\"><img decoding=\"async\" loading=\"lazy\" class=\"aligncenter size-full wp-image-40304\" src=\"https:\/\/www.storevan.com\/wp-content\/uploads\/2015\/12\/Allestimento-furgoni-Opel-Vivaro-2014-1.jpg\" alt=\"Equipamientos para Opel Vivaro\" width=\"350\" height=\"220\" srcset=\"https:\/\/www.storevan.com\/wp-content\/uploads\/2015\/12\/Allestimento-furgoni-Opel-Vivaro-2014-1.jpg 350w, https:\/\/www.storevan.com\/wp-content\/uploads\/2015\/12\/Allestimento-furgoni-Opel-Vivaro-2014-1-300x189.jpg 300w\" sizes=\"(max-width: 350px) 100vw, 350px\" \/><\/a><br \/>\n<a href=\"https:\/\/www.storevan.com\/es\/equipamientos-vehiculos-comerciales\/furgonetas-opel\/vivaro-2014\/\" title=\"Equipamientos para Vivaro 2014\">Equipamientos para Vivaro 2014 <i class=\"fa fa-angle-double-right\"><\/i><\/a><br \/>\n<a href=\"https:\/\/www.storevan.com\/es\/equipamientos-vehiculos-comerciales\/furgonetas-opel\/vivaro-2014\/suelos-paneles\/\" title=\"Suelo y revestimiento interior Vivaro 2014\">Suelo y revestimiento interior <i class=\"fa fa-angle-double-right\"><\/i><\/a><br \/>\n<a href=\"https:\/\/www.storevan.com\/es\/equipamientos-vehiculos-comerciales\/furgonetas-opel\/vivaro-2014\/bacas-portaescaleras\/\" title=\"Bacas y portaescaleras para Vivaro 2014\">Bacas y portaescaleras <i class=\"fa fa-angle-double-right\"><\/i><\/a><\/p>\n<hr class=\"visible-xs\" \/>\n<\/div>\n<div class=\"one_fourth\">\n<p class=\"text-center\"><strong>VIVARO 2019<\/strong><\/p>\n<hr class=\"hidden-xs hidden-sm\"\/>\n<a href=\"https:\/\/www.storevan.com\/es\/equipamientos-vehiculos-comerciales\/furgonetas-opel\/vivaro\/\" class=\"txtOrange\" title=\"Equipamientos para Vivaro\"><img decoding=\"async\" loading=\"lazy\" src=\"https:\/\/www.storevan.com\/wp-content\/uploads\/2019\/04\/Opel-Vivaro-2019.jpg\" alt=\"Equipamientos para furgoneta Opel Vivaro\" width=\"350\" height=\"220\" class=\"aligncenter size-full wp-image-101080\" srcset=\"https:\/\/www.storevan.com\/wp-content\/uploads\/2019\/04\/Opel-Vivaro-2019.jpg 350w, https:\/\/www.storevan.com\/wp-content\/uploads\/2019\/04\/Opel-Vivaro-2019-300x189.jpg 300w\" sizes=\"(max-width: 350px) 100vw, 350px\" \/><br \/>\nEquipamientos para Vivaro <i class=\"fa fa-angle-double-right\"><\/i><\/a><br \/>\n<a href=\"https:\/\/www.storevan.com\/es\/equipamientos-vehiculos-comerciales\/furgonetas-opel\/vivaro\/suelos-paneles\/\" class=\"txtOrange\" title=\"Suelo y revestimiento interior para Vivaro\">Suelo y revestimiento interior  <i class=\"fa fa-angle-double-right\"><\/i><\/a><br \/>\n<a href=\"https:\/\/www.storevan.com\/es\/equipamientos-vehiculos-comerciales\/furgonetas-opel\/vivaro\/bacas-portaescaleras\/\" class=\"txtOrange\" title=\"Bacas y portaescaleras para Vivaro\">Bacas y portaescaleras <i class=\"fa fa-angle-double-right\"><\/i><\/a> <\/p>\n<hr class=\"visible-xs\" \/>\n<\/div>\n<div class=\"one_fourth last\">\n<p class=\"text-center\"><strong>MOVANO 2010<\/strong><\/p>\n<hr class=\"hidden-xs hidden-sm\"\/>\n<a href=\"https:\/\/www.storevan.com\/es\/equipamientos-vehiculos-comerciales\/furgonetas-opel\/movano\/\" class=\"txtOrange\" title=\"Equipamientos para Movano 2010\"><img decoding=\"async\" loading=\"lazy\" class=\"aligncenter size-full wp-image-40292\" src=\"https:\/\/www.storevan.com\/wp-content\/uploads\/2015\/12\/Allestimento-furgoni-Opel-Movano-2010-1.jpg\" alt=\"Equipamientos furgoneta Opel Movano 2010\" width=\"350\" height=\"220\" srcset=\"https:\/\/www.storevan.com\/wp-content\/uploads\/2015\/12\/Allestimento-furgoni-Opel-Movano-2010-1.jpg 350w, https:\/\/www.storevan.com\/wp-content\/uploads\/2015\/12\/Allestimento-furgoni-Opel-Movano-2010-1-300x189.jpg 300w\" sizes=\"(max-width: 350px) 100vw, 350px\" \/><br \/>\nEquipamientos para Movano 2010 <i class=\"fa fa-angle-double-right\"><\/i><\/a><br \/>\n<a href=\"https:\/\/www.storevan.com\/es\/equipamientos-vehiculos-comerciales\/furgonetas-opel\/movano\/suelos-paneles\/\" class=\"txtOrange\" title=\"Suelo y revestimiento interior para Movano\">Suelo y revestimiento interior <i class=\"fa fa-angle-double-right\"><\/i><\/a><br \/>\n<a href=\"https:\/\/www.storevan.com\/es\/equipamientos-vehiculos-comerciales\/furgonetas-opel\/movano\/bacas-portaescaleras\/\" class=\"txtOrange\" title=\"Bacas y portaescaleras para Movano\">Bacas y portaescaleras <i class=\"fa fa-angle-double-right\"><\/i><\/a> <\/p>\n<hr class=\"visible-xs\" \/>\n<\/div><div class=\"clearboth\"><\/div>\n<div class=\"one_fourth last\">\n<p class=\"text-center\"><strong>MOVANO 2021<\/strong><\/p>\n<hr class=\"hidden-xs hidden-sm\"\/>\n<a href=\"https:\/\/www.storevan.com\/es\/equipamientos-vehiculos-comerciales\/furgonetas-opel\/movano-2021\/\" class=\"txtOrange\" title=\"Equipamientos para Movano 2021\"><img decoding=\"async\" loading=\"lazy\" class=\"aligncenter size-full wp-image-40292\" src=\"https:\/\/www.storevan.com\/wp-content\/uploads\/veicoli\/opel\/movano2021\/Allestimento-furgoni-Opel-Movano-2021.jpg\" alt=\"Equipamientos furgoneta Opel Movano 2021\" width=\"350\" height=\"220\" \/><br \/>\nEquipamientos para Movano 2021 <i class=\"fa fa-angle-double-right\"><\/i><\/a><br \/>\n<a href=\"https:\/\/www.storevan.com\/es\/equipamientos-vehiculos-comerciales\/furgonetas-opel\/movano-2021\/suelos-y-paneles\/\" class=\"txtOrange\" title=\"Suelo y revestimiento interior para Movano 2021\">Suelo y revestimiento interior  <i class=\"fa fa-angle-double-right\"><\/i><\/a><br \/>\n<a href=\"https:\/\/www.storevan.com\/es\/equipamientos-vehiculos-comerciales\/furgonetas-opel\/movano-2021\/bacas-y-portaescaleras\/\" class=\"txtOrange\" title=\"Bacas y portaescaleras para Movano 2021\">Bacas y portaescaleras <i class=\"fa fa-angle-double-right\"><\/i><\/a> <\/p>\n<hr class=\"visible-xs\" \/>\n<\/div><div class=\"clearboth\"><\/div>\n<p>Como fabricante de equipamientos para furgonetas, Store Van propone sus innovadores sistemas de equipamientos que redefinen la \u201c<em>log\u00edstica a bordo<\/em>\u201d, dando un paso adelante con respecto a las series tradicionales con los sistemas de sujeci\u00f3n de la carga integrados en el suelo, que mejoran el rendimiento de la zona de carga reconfigurando la interfaz capacidad-seguridad en funci\u00f3n de las cargas transportadas vez por vez.<br \/>\n<strong>\u00bfProblemas de humedad e infiltraciones que luego corroen la chapa de la zona de carga de su furgoneta Opel? <\/strong><\/p>\n<p>Le explicamos c\u00f3mo hemos resuelto este fastidioso inconveniente. Ofrecemos soluciones de suelos y paneles laterales resistentes de la zona de carga. De esta manera, ni la colocaci\u00f3n del equipamiento met\u00e1lico ni la manipulaci\u00f3n de la carga, o su hipot\u00e9tico vuelco accidental, pueden arruinar la pintura del piso lo cual dejar\u00eda paso a las infiltraciones de los agentes atmosf\u00e9ricos y qu\u00edmicos.<\/p>\n<p>Para la gesti\u00f3n de mantenimientos gen\u00e9ricos se necesitan herramientas, equipos, piezas de repuesto y un espacio para los efectos personales de los operadores. Nuestras estanter\u00edas, que re\u00fanen lo mejor de la producci\u00f3n Store Van en t\u00e9rminos de almacenamiento, pueden estar formadas por: compartimento con puerta abatible de aluminio anodizado, estantes con divisores de aluminio regulables y con esterilla antideslizante de goma, cajas extra\u00edbles, travesa\u00f1o con cinta de bloqueo de maletines, armarios con estantes y cerradura y sistema de almacenamiento para maletines Store Box con cajas para piezas peque\u00f1as. Pensando tambi\u00e9n en la carga m\u00e1s \u201cparticular\u201d, como la escalera, las botellas o el material pesado y voluminoso, tenemos un sistema de anclaje seguro por medio de gu\u00edas y barras sujeta carga y cintas con trinquete.<\/p>\n","protected":false},"excerpt":{"rendered":"<p>Equipamientos furgonetas Opel Equipamiento Opel con sistemas de sujeci\u00f3n de la carga integrados en el suelo Store Van fabrica soluciones de equipamientos para furgonetas Opel. Revestimientos para la protecci\u00f3n de.<\/p>\n","protected":false},"author":470,"featured_media":0,"parent":26070,"menu_order":0,"comment_status":"closed","ping_status":"closed","template":"","meta":[],"acf":[],"yoast_head":"<!-- This site is optimized with the Yoast SEO plugin v20.11 - https:\/\/yoast.com\/wordpress\/plugins\/seo\/ -->\n<title>Equipamientos furgonetas Opel<\/title>\n<meta name=\"description\" content=\"Equipamientos furgonetas Opel. Store Van produce equipamientos para veh\u00edculos comerciales Opel. Revestimientos para la zona de carga, bacas, portaescaleras.\" \/>\n<meta name=\"robots\" content=\"index, follow, max-snippet:-1, max-image-preview:large, max-video-preview:-1\" \/>\n<link rel=\"canonical\" href=\"https:\/\/www.storevan.com\/es\/equipamientos-vehiculos-comerciales\/furgonetas-opel\/\" \/>\n<meta property=\"og:locale\" content=\"es_ES\" \/>\n<meta property=\"og:type\" content=\"article\" \/>\n<meta property=\"og:title\" content=\"Equipamientos furgonetas Opel\" \/>\n<meta property=\"og:description\" content=\"Equipamientos furgonetas Opel. Store Van produce equipamientos para veh\u00edculos comerciales Opel. Revestimientos para la zona de carga, bacas, portaescaleras.\" \/>\n<meta property=\"og:url\" content=\"https:\/\/www.storevan.com\/es\/equipamientos-vehiculos-comerciales\/furgonetas-opel\/\" \/>\n<meta property=\"og:site_name\" content=\"Store Van\" \/>\n<meta property=\"article:modified_time\" content=\"2022-03-10T15:57:51+00:00\" \/>\n<meta property=\"og:image\" content=\"https:\/\/www.storevan.com\/wp-content\/uploads\/2017\/01\/HOME9-Allestimenti-OPEL.png\" \/>\n<meta name=\"twitter:label1\" content=\"Tiempo de lectura\" \/>\n\t<meta name=\"twitter:data1\" content=\"2 minutos\" \/>\n<script type=\"application\/ld+json\" class=\"yoast-schema-graph\">{\"@context\":\"https:\/\/schema.org\",\"@graph\":[{\"@type\":\"WebPage\",\"@id\":\"https:\/\/www.storevan.com\/es\/equipamientos-vehiculos-comerciales\/furgonetas-opel\/\",\"url\":\"https:\/\/www.storevan.com\/es\/equipamientos-vehiculos-comerciales\/furgonetas-opel\/\",\"name\":\"Equipamientos furgonetas Opel\",\"isPartOf\":{\"@id\":\"https:\/\/www.storevan.com\/pl\/#website\"},\"datePublished\":\"2015-12-14T09:07:04+00:00\",\"dateModified\":\"2022-03-10T15:57:51+00:00\",\"description\":\"Equipamientos furgonetas Opel. Store Van produce equipamientos para veh\u00edculos comerciales Opel. Revestimientos para la zona de carga, bacas, portaescaleras.\",\"breadcrumb\":{\"@id\":\"https:\/\/www.storevan.com\/es\/equipamientos-vehiculos-comerciales\/furgonetas-opel\/#breadcrumb\"},\"inLanguage\":\"es\",\"potentialAction\":[{\"@type\":\"ReadAction\",\"target\":[\"https:\/\/www.storevan.com\/es\/equipamientos-vehiculos-comerciales\/furgonetas-opel\/\"]}]},{\"@type\":\"BreadcrumbList\",\"@id\":\"https:\/\/www.storevan.com\/es\/equipamientos-vehiculos-comerciales\/furgonetas-opel\/#breadcrumb\",\"itemListElement\":[{\"@type\":\"ListItem\",\"position\":1,\"name\":\"Home\",\"item\":\"https:\/\/www.storevan.com\/es\/\"},{\"@type\":\"ListItem\",\"position\":2,\"name\":\"Equipamientos veh\u00edculos comerciales\",\"item\":\"https:\/\/www.storevan.com\/es\/equipamientos-vehiculos-comerciales\/\"},{\"@type\":\"ListItem\",\"position\":3,\"name\":\"Opel\"}]},{\"@type\":\"WebSite\",\"@id\":\"https:\/\/www.storevan.com\/pl\/#website\",\"url\":\"https:\/\/www.storevan.com\/pl\/\",\"name\":\"Store Van\",\"description\":\"Equipamientos furgonetas\",\"potentialAction\":[{\"@type\":\"SearchAction\",\"target\":{\"@type\":\"EntryPoint\",\"urlTemplate\":\"https:\/\/www.storevan.com\/pl\/?s={search_term_string}\"},\"query-input\":\"required name=search_term_string\"}],\"inLanguage\":\"es\"}]}<\/script>\n<!-- \/ Yoast SEO plugin. -->","yoast_head_json":{"title":"Equipamientos furgonetas Opel","description":"Equipamientos furgonetas Opel. Store Van produce equipamientos para veh\u00edculos comerciales Opel. Revestimientos para la zona de carga, bacas, portaescaleras.","robots":{"index":"index","follow":"follow","max-snippet":"max-snippet:-1","max-image-preview":"max-image-preview:large","max-video-preview":"max-video-preview:-1"},"canonical":"https:\/\/www.storevan.com\/es\/equipamientos-vehiculos-comerciales\/furgonetas-opel\/","og_locale":"es_ES","og_type":"article","og_title":"Equipamientos furgonetas Opel","og_description":"Equipamientos furgonetas Opel. Store Van produce equipamientos para veh\u00edculos comerciales Opel. Revestimientos para la zona de carga, bacas, portaescaleras.","og_url":"https:\/\/www.storevan.com\/es\/equipamientos-vehiculos-comerciales\/furgonetas-opel\/","og_site_name":"Store Van","article_modified_time":"2022-03-10T15:57:51+00:00","og_image":[{"url":"https:\/\/www.storevan.com\/wp-content\/uploads\/2017\/01\/HOME9-Allestimenti-OPEL.png"}],"twitter_misc":{"Tiempo de lectura":"2 minutos"},"schema":{"@context":"https:\/\/schema.org","@graph":[{"@type":"WebPage","@id":"https:\/\/www.storevan.com\/es\/equipamientos-vehiculos-comerciales\/furgonetas-opel\/","url":"https:\/\/www.storevan.com\/es\/equipamientos-vehiculos-comerciales\/furgonetas-opel\/","name":"Equipamientos furgonetas Opel","isPartOf":{"@id":"https:\/\/www.storevan.com\/pl\/#website"},"datePublished":"2015-12-14T09:07:04+00:00","dateModified":"2022-03-10T15:57:51+00:00","description":"Equipamientos furgonetas Opel. Store Van produce equipamientos para veh\u00edculos comerciales Opel. Revestimientos para la zona de carga, bacas, portaescaleras.","breadcrumb":{"@id":"https:\/\/www.storevan.com\/es\/equipamientos-vehiculos-comerciales\/furgonetas-opel\/#breadcrumb"},"inLanguage":"es","potentialAction":[{"@type":"ReadAction","target":["https:\/\/www.storevan.com\/es\/equipamientos-vehiculos-comerciales\/furgonetas-opel\/"]}]},{"@type":"BreadcrumbList","@id":"https:\/\/www.storevan.com\/es\/equipamientos-vehiculos-comerciales\/furgonetas-opel\/#breadcrumb","itemListElement":[{"@type":"ListItem","position":1,"name":"Home","item":"https:\/\/www.storevan.com\/es\/"},{"@type":"ListItem","position":2,"name":"Equipamientos veh\u00edculos comerciales","item":"https:\/\/www.storevan.com\/es\/equipamientos-vehiculos-comerciales\/"},{"@type":"ListItem","position":3,"name":"Opel"}]},{"@type":"WebSite","@id":"https:\/\/www.storevan.com\/pl\/#website","url":"https:\/\/www.storevan.com\/pl\/","name":"Store Van","description":"Equipamientos furgonetas","potentialAction":[{"@type":"SearchAction","target":{"@type":"EntryPoint","urlTemplate":"https:\/\/www.storevan.com\/pl\/?s={search_term_string}"},"query-input":"required name=search_term_string"}],"inLanguage":"es"}]}},"_links":{"self":[{"href":"https:\/\/www.storevan.com\/es\/wp-json\/wp\/v2\/pages\/26152"}],"collection":[{"href":"https:\/\/www.storevan.com\/es\/wp-json\/wp\/v2\/pages"}],"about":[{"href":"https:\/\/www.storevan.com\/es\/wp-json\/wp\/v2\/types\/page"}],"author":[{"embeddable":true,"href":"https:\/\/www.storevan.com\/es\/wp-json\/wp\/v2\/users\/470"}],"replies":[{"embeddable":true,"href":"https:\/\/www.storevan.com\/es\/wp-json\/wp\/v2\/comments?post=26152"}],"version-history":[{"count":11,"href":"https:\/\/www.storevan.com\/es\/wp-json\/wp\/v2\/pages\/26152\/revisions"}],"predecessor-version":[{"id":141870,"href":"https:\/\/www.storevan.com\/es\/wp-json\/wp\/v2\/pages\/26152\/revisions\/141870"}],"up":[{"embeddable":true,"href":"https:\/\/www.storevan.com\/es\/wp-json\/wp\/v2\/pages\/26070"}],"wp:attachment":[{"href":"https:\/\/www.storevan.com\/es\/wp-json\/wp\/v2\/media?parent=26152"}],"curies":[{"name":"wp","href":"https:\/\/api.w.org\/{rel}","templated":true}]}}