{"id":26098,"date":"2015-12-09T15:26:53","date_gmt":"2015-12-09T14:26:53","guid":{"rendered":"https:\/\/www.storevan.com\/es\/allestimenti-veicoli-commerciali\/furgoni-ford\/custom\/"},"modified":"2022-01-13T10:21:40","modified_gmt":"2022-01-13T10:21:40","slug":"custom","status":"publish","type":"page","link":"https:\/\/www.storevan.com\/es\/equipamientos-vehiculos-comerciales\/furgonetas-ford\/custom\/","title":{"rendered":"Custom"},"content":{"rendered":"<h1 class=\"customblackTitleSmall\">Equipamientos furgonetas Ford Custom<\/h1>\n<h2>Soluciones para talleres m\u00f3viles para tomar como referencia para realizar el equipamiento de su furgoneta Custom que har\u00e1 su tarea organizada y su jornada de trabajo ligera!<\/h2>\n<p>StoreVan dise\u00f1a y fabrica <strong>equipamientos<\/strong> para <strong>veh\u00edculos comerciales<\/strong> espec\u00edficos para <strong>Ford Custom<\/strong>. Industria, peque\u00f1a industria, servicios m\u00faltiples: cualquiera sea el sector de su actividad, Store Van logra personalizar su <strong>furgoneta\u00a0Custom<\/strong> con el equipamiento de taller m\u00f3vil que mejor se adapte a sus necesidades profesionales, haciendo que la furgoneta sea su mejor tarjeta de visita para mostrar a los clientes.<\/p>\n<h3 class=\"customblackTitleExtraSmall\">SOLUCIONES DE EQUIPAMIENTO:<\/h3>\n<section id=\"imgSlide\" class=\"regular sliderSV\">\n<div>\n<div class=\"txtBlue\">SAFETY<\/div>\n<div class=\"ts-gallery\"><a title=\"Equipamiento interior Safety para furgonetas Custom\" href=\"https:\/\/www.storevan.com\/wp-content\/uploads\/2018\/02\/safety-1.jpg\"><img decoding=\"async\" loading=\"lazy\" class=\"alignnone wp-image-62783 size-medium\" src=\"https:\/\/www.storevan.com\/wp-content\/uploads\/2018\/02\/safety-1-300x280.jpg\" alt=\"Safety, el equipamiento para furgonetas Ford Custom\" width=\"300\" height=\"280\" srcset=\"https:\/\/www.storevan.com\/wp-content\/uploads\/2018\/02\/safety-1-300x280.jpg 300w, https:\/\/www.storevan.com\/wp-content\/uploads\/2018\/02\/safety-1-600x560.jpg 600w, https:\/\/www.storevan.com\/wp-content\/uploads\/2018\/02\/safety-1.jpg 750w\" sizes=\"(max-width: 300px) 100vw, 300px\" \/><\/a><\/div>\n<h3 class=\"bigTxt\">Safety, Estanter\u00edas con fijaci\u00f3n de la carga de serie<\/h3>\n<div class=\"borderTitle\"><\/div>\n<p>Ejemplo equipamientos: <\/p>\n<p><a title=\"Safety L1 H1\" href=\"https:\/\/www.storevan.com\/es\/equipamiento-para-furgonetas\/custom-l1h1-s\/\"><strong>L1 H1<\/strong>(Batalla 2933 mm)<\/a><br \/>\n<a title=\"Safety L1 H2\" href=\"https:\/\/www.storevan.com\/es\/equipamiento-para-furgonetas\/custom-l1h2-s\/\"><strong>L1 H2<\/strong>(Batalla 2933 mm)<\/a><br \/>\n<a title=\"Safety L2 H1\" href=\"https:\/\/www.storevan.com\/es\/equipamiento-para-furgonetas\/custom-l2h1-s\/\"><strong>L2 H1<\/strong>(Batalla 3300 mm)<\/a><br \/>\n<a title=\"Safety L2 H2\" href=\"https:\/\/www.storevan.com\/es\/equipamiento-para-furgonetas\/custom-l2h2-s\/\"><strong>L2 H2<\/strong>(Batalla 3300 mm)<\/a><\/p>\n<\/div>\n<div>\n<div class=\"txtBlue\">PROFESSIONAL<\/div>\n<div class=\"ts-gallery\"><a title=\"Equipamiento interior Professional para furgonetas Custom\" href=\"https:\/\/www.storevan.com\/wp-content\/uploads\/2018\/02\/professional-1.jpg\"><img decoding=\"async\" loading=\"lazy\" class=\"alignnone wp-image-62789 size-medium\" src=\"https:\/\/www.storevan.com\/wp-content\/uploads\/2018\/02\/professional-1-300x280.jpg\" alt=\"Professional, el equipamiento para furgonetas Ford Custom\" width=\"300\" height=\"280\" srcset=\"https:\/\/www.storevan.com\/wp-content\/uploads\/2018\/02\/professional-1-300x280.jpg 300w, https:\/\/www.storevan.com\/wp-content\/uploads\/2018\/02\/professional-1-600x560.jpg 600w, https:\/\/www.storevan.com\/wp-content\/uploads\/2018\/02\/professional-1.jpg 750w\" sizes=\"(max-width: 300px) 100vw, 300px\" \/><\/a><\/div>\n<h3 class=\"bigTxt\">Professional, Estanter\u00edas con sistemas de fijaci\u00f3n Airline adicionales<\/h3>\n<div class=\"borderTitle\"><\/div>\n<p>Ejemplo equipamientos: <\/p>\n<p><a title=\"Professional L1 H1\" href=\"https:\/\/www.storevan.com\/es\/equipamiento-para-furgonetas\/custom-l1h1-p\/\"><strong>L1 H1<\/strong>(Batalla 2933 mm)<\/a><br \/>\n<a title=\"Professional L2 H1\" href=\"https:\/\/www.storevan.com\/es\/equipamiento-para-furgonetas\/custom-l2h1-p\/\"><strong>L2 H1<\/strong>(Batalla 3300 mm)<\/a><\/p>\n<\/div>\n<div>\n<div class=\"txtBlue\">MOBILE<\/div>\n<div id=\"myGallery\" class=\"ts-gallery\"><a title=\"Equipamiento interior Mobile para furgonetas Custom\" href=\"https:\/\/www.storevan.com\/wp-content\/uploads\/2018\/02\/mobile-1.jpg\"><img decoding=\"async\" loading=\"lazy\" class=\"alignnone wp-image-62795 size-medium\" src=\"https:\/\/www.storevan.com\/wp-content\/uploads\/2018\/02\/mobile-1-300x280.jpg\" alt=\"Mobile, el equipamiento para furgonetas Ford Custom\" width=\"300\" height=\"280\" srcset=\"https:\/\/www.storevan.com\/wp-content\/uploads\/2018\/02\/mobile-1-300x280.jpg 300w, https:\/\/www.storevan.com\/wp-content\/uploads\/2018\/02\/mobile-1-600x560.jpg 600w, https:\/\/www.storevan.com\/wp-content\/uploads\/2018\/02\/mobile-1.jpg 750w\" sizes=\"(max-width: 300px) 100vw, 300px\" \/><\/a><\/div>\n<h3 class=\"bigTxt\">Mobile, Equipamiento integrado con maletines para piezas peque\u00f1as y carros<\/h3>\n<div class=\"borderTitle\"><\/div>\n<p>Ejemplo equipamientos: <\/p>\n<p><a title=\"Mobile L1 H1\" href=\"https:\/\/www.storevan.com\/es\/equipamiento-para-furgonetas\/custom-l1h1-m\/\"><strong>L1 H1<\/strong>(Batalla 2933 mm)<\/a><br \/>\n<a title=\"Mobile L2 H1\" href=\"https:\/\/www.storevan.com\/es\/equipamiento-para-furgonetas\/custom-l2h1-m\/\"><strong>L2 H1<\/strong>(Batalla 3300 mm)<\/a><\/p>\n<\/div>\n<\/section>\n<hr class=\"noColor\" \/>\n<p><a class=\"btn btnLink\" title=\"Haga clic aqu\u00ed para saber m\u00e1s sobre las soluciones Safety, Professional e Mobile\" href=\"https:\/\/www.storevan.com\/es\/equipamientos-interiores-furgonetas\/\"> Haga clic aqu\u00ed para saber m\u00e1s sobre las soluciones <strong>SAFETY, PROFESSIONAL e MOBILE<\/strong><\/a><\/p>\n<hr class=\"noColor\" \/>\n<h3 class=\"bigTxt text-center txtGrey\">LA BASE PARA LA PROTECCI\u00d3N SEGURA DE LOS VEH\u00cdCULOS<\/h3>\n<hr class=\"noColor\" \/>\n<div class=\"two_third\">\n<a title=\"Revestimiento interior y suelo para Ford Custom\" href=\"https:\/\/www.storevan.com\/es\/equipamientos-vehiculos-comerciales\/furgonetas-ford\/custom\/suelos-paneles\/\"><img decoding=\"async\" loading=\"lazy\" class=\"aligncenter size-full wp-image-64855\" src=\"https:\/\/www.storevan.com\/wp-content\/uploads\/2018\/03\/pianali-furgone-rivestimento-interno.jpg\" alt=\"Revestimiento interior y suelo para Ford Custom\" width=\"750\" height=\"600\" srcset=\"https:\/\/www.storevan.com\/wp-content\/uploads\/2018\/03\/pianali-furgone-rivestimento-interno.jpg 750w, https:\/\/www.storevan.com\/wp-content\/uploads\/2018\/03\/pianali-furgone-rivestimento-interno-300x240.jpg 300w, https:\/\/www.storevan.com\/wp-content\/uploads\/2018\/03\/pianali-furgone-rivestimento-interno-600x480.jpg 600w\" sizes=\"(max-width: 750px) 100vw, 750px\" \/><\/a><\/p>\n<\/div><div class=\"one_third last\">\n<div class=\"boxBorder\">\n<h4 class=\"bigTxt blue hidden-xs\">SUELO CUSTOM Y REVESTIMIENTO INTERIOR<\/h4>\n<div class=\"borderTitleCenter hidden-xs\"><\/div>\n<h5 class=\"hidden-xs\">Soluciones certificadas T\u00dcV.<img decoding=\"async\" loading=\"lazy\" class=\"alignnone size-full wp-image-67769\" src=\"https:\/\/www.storevan.com\/wp-content\/uploads\/2018\/05\/logo-ISO9001.jpg\" alt=\"Soluciones certificados T\u00dcV\" width=\"50\" height=\"50\" srcset=\"https:\/\/www.storevan.com\/wp-content\/uploads\/2018\/05\/logo-ISO9001.jpg 120w, https:\/\/www.storevan.com\/wp-content\/uploads\/2018\/05\/logo-ISO9001-48x48.jpg 48w\" sizes=\"(max-width: 50px) 100vw, 50px\" \/><\/h5>\n<div class=\"borderTitleCenter hidden-xs\"><\/div>\n<hr class=\"noColor hidden-xs\" \/>\n<div class=\"ts-gallery hidden-xs\"><div class=\"one_half\">\n<a href=\"https:\/\/www.storevan.com\/wp-content\/uploads\/2018\/03\/Dettaglio-pianale-per-furgone-con-punti-ancoraggio-verticali-e-orizzontali.jpg\"><img decoding=\"async\" loading=\"lazy\" class=\"alignnone wp-image-64382 size-thumbnail\" title=\"Suelos y paneles\" src=\"https:\/\/www.storevan.com\/wp-content\/uploads\/2018\/03\/Dettaglio-pianale-per-furgone-con-punti-ancoraggio-verticali-e-orizzontali-150x150.jpg\" alt=\"Suelos y paneles\" width=\"150\" height=\"150\" srcset=\"https:\/\/www.storevan.com\/wp-content\/uploads\/2018\/03\/Dettaglio-pianale-per-furgone-con-punti-ancoraggio-verticali-e-orizzontali-150x150.jpg 150w, https:\/\/www.storevan.com\/wp-content\/uploads\/2018\/03\/Dettaglio-pianale-per-furgone-con-punti-ancoraggio-verticali-e-orizzontali-300x300.jpg 300w, https:\/\/www.storevan.com\/wp-content\/uploads\/2018\/03\/Dettaglio-pianale-per-furgone-con-punti-ancoraggio-verticali-e-orizzontali-768x768.jpg 768w, https:\/\/www.storevan.com\/wp-content\/uploads\/2018\/03\/Dettaglio-pianale-per-furgone-con-punti-ancoraggio-verticali-e-orizzontali-600x600.jpg 600w, https:\/\/www.storevan.com\/wp-content\/uploads\/2018\/03\/Dettaglio-pianale-per-furgone-con-punti-ancoraggio-verticali-e-orizzontali-48x48.jpg 48w, https:\/\/www.storevan.com\/wp-content\/uploads\/2018\/03\/Dettaglio-pianale-per-furgone-con-punti-ancoraggio-verticali-e-orizzontali-480x480.jpg 480w, https:\/\/www.storevan.com\/wp-content\/uploads\/2018\/03\/Dettaglio-pianale-per-furgone-con-punti-ancoraggio-verticali-e-orizzontali.jpg 800w\" sizes=\"(max-width: 150px) 100vw, 150px\" \/><\/a><br \/>\n<\/div><div class=\"one_half last\">\n<a href=\"https:\/\/www.storevan.com\/wp-content\/uploads\/2018\/03\/allestimento-per-furgone-con-pianale-wood-floor.jpg\"><img decoding=\"async\" loading=\"lazy\" class=\"alignnone wp-image-64451 size-thumbnail\" title=\"Suelos y paneles\" src=\"https:\/\/www.storevan.com\/wp-content\/uploads\/2018\/03\/allestimento-per-furgone-con-pianale-wood-floor-150x150.jpg\" alt=\"Suelos y paneles\" width=\"150\" height=\"150\" srcset=\"https:\/\/www.storevan.com\/wp-content\/uploads\/2018\/03\/allestimento-per-furgone-con-pianale-wood-floor-150x150.jpg 150w, https:\/\/www.storevan.com\/wp-content\/uploads\/2018\/03\/allestimento-per-furgone-con-pianale-wood-floor-300x300.jpg 300w, https:\/\/www.storevan.com\/wp-content\/uploads\/2018\/03\/allestimento-per-furgone-con-pianale-wood-floor-768x768.jpg 768w, https:\/\/www.storevan.com\/wp-content\/uploads\/2018\/03\/allestimento-per-furgone-con-pianale-wood-floor-600x600.jpg 600w, https:\/\/www.storevan.com\/wp-content\/uploads\/2018\/03\/allestimento-per-furgone-con-pianale-wood-floor-48x48.jpg 48w, https:\/\/www.storevan.com\/wp-content\/uploads\/2018\/03\/allestimento-per-furgone-con-pianale-wood-floor-480x480.jpg 480w, https:\/\/www.storevan.com\/wp-content\/uploads\/2018\/03\/allestimento-per-furgone-con-pianale-wood-floor.jpg 800w\" sizes=\"(max-width: 150px) 100vw, 150px\" \/><\/a><br \/>\n<\/div><div class=\"clearboth\"><\/div><\/div>\n<div class=\"ts-gallery hidden-xs\"><div class=\"one_half\">\n<a href=\"https:\/\/www.storevan.com\/wp-content\/uploads\/2018\/03\/guide-airline-soffitto-furgone.jpg\"><img decoding=\"async\" loading=\"lazy\" class=\"alignnone wp-image-64394 size-thumbnail\" title=\"Suelos Safety Floor\" src=\"https:\/\/www.storevan.com\/wp-content\/uploads\/2018\/03\/guide-airline-soffitto-furgone-150x150.jpg\" alt=\"Suelos Safety Floor\" width=\"150\" height=\"150\" srcset=\"https:\/\/www.storevan.com\/wp-content\/uploads\/2018\/03\/guide-airline-soffitto-furgone-150x150.jpg 150w, https:\/\/www.storevan.com\/wp-content\/uploads\/2018\/03\/guide-airline-soffitto-furgone-300x300.jpg 300w, https:\/\/www.storevan.com\/wp-content\/uploads\/2018\/03\/guide-airline-soffitto-furgone-768x768.jpg 768w, https:\/\/www.storevan.com\/wp-content\/uploads\/2018\/03\/guide-airline-soffitto-furgone-600x600.jpg 600w, https:\/\/www.storevan.com\/wp-content\/uploads\/2018\/03\/guide-airline-soffitto-furgone-48x48.jpg 48w, https:\/\/www.storevan.com\/wp-content\/uploads\/2018\/03\/guide-airline-soffitto-furgone-480x480.jpg 480w, https:\/\/www.storevan.com\/wp-content\/uploads\/2018\/03\/guide-airline-soffitto-furgone.jpg 800w\" sizes=\"(max-width: 150px) 100vw, 150px\" \/><\/a><br \/>\n<\/div><div class=\"one_half last\">\n<a href=\"https:\/\/www.storevan.com\/wp-content\/uploads\/2018\/03\/pianale-per-furgone-con-barre-fermacarico.jpg\"><img decoding=\"async\" loading=\"lazy\" class=\"alignnone wp-image-64418 size-thumbnail\" title=\"Suelos y paneles\" src=\"https:\/\/www.storevan.com\/wp-content\/uploads\/2018\/03\/pianale-per-furgone-con-barre-fermacarico-150x150.jpg\" alt=\"Suelos y paneles\" width=\"150\" height=\"150\" srcset=\"https:\/\/www.storevan.com\/wp-content\/uploads\/2018\/03\/pianale-per-furgone-con-barre-fermacarico-150x150.jpg 150w, https:\/\/www.storevan.com\/wp-content\/uploads\/2018\/03\/pianale-per-furgone-con-barre-fermacarico-300x300.jpg 300w, https:\/\/www.storevan.com\/wp-content\/uploads\/2018\/03\/pianale-per-furgone-con-barre-fermacarico-768x768.jpg 768w, https:\/\/www.storevan.com\/wp-content\/uploads\/2018\/03\/pianale-per-furgone-con-barre-fermacarico-600x600.jpg 600w, https:\/\/www.storevan.com\/wp-content\/uploads\/2018\/03\/pianale-per-furgone-con-barre-fermacarico-48x48.jpg 48w, https:\/\/www.storevan.com\/wp-content\/uploads\/2018\/03\/pianale-per-furgone-con-barre-fermacarico-480x480.jpg 480w, https:\/\/www.storevan.com\/wp-content\/uploads\/2018\/03\/pianale-per-furgone-con-barre-fermacarico.jpg 800w\" sizes=\"(max-width: 150px) 100vw, 150px\" \/><\/a><br \/>\n<\/div><div class=\"clearboth\"><\/div><\/div>\n<div class=\"btnFullWidth\"><a class=\"btn btn-blue\" href=\"https:\/\/www.storevan.com\/es\/equipamientos-vehiculos-comerciales\/furgonetas-ford\/custom\/suelos-paneles\/\">DESCUBRA LOS SUELOS Y PANELES PARA CUSTOM <i class=\"fa fa-angle-double-right\"><\/i><\/a><\/div>\n<\/div>\n<\/div><div class=\"clearboth\"><\/div>\n<hr\/>\n<p>Compacta por afuera y muy espaciosa por adentro, la Ford Custom se destaca por su capacidad de carga, versatilidad y agilidad. Para <strong>optimizar los espacios<\/strong>, <strong>proteger la carrocer\u00eda<\/strong> y mejorar la zona de carga, StoreVan recomienda el equipamiento de un <strong>taller m\u00f3vil personalizado<\/strong> para Ford Custom que resalta su funcionalidad, rentabilidad y seguridad, proponiendo estanter\u00edas modulares para furgonetas y soluciones espec\u00edficas.<br \/>\n<strong>Suelo de madera y paneles laterales<\/strong> de polipropileno para el revestimiento interior de la zona de carga, bacas y portaescaleras para el transporte seguro de la mercanc\u00eda en el techo y sistemas de estanter\u00edas modulares para furgonetas para el almacenamiento ordenado y seguro de las herramientas del oficio: hay mil maneras de configurar la soluci\u00f3n personalizada para su Custom. Especificaciones t\u00e9cnicas y varios ejemplos de dise\u00f1o lo ayudar\u00e1n a comprender sus necesidades.<\/p>\n<hr\/>\n<h3 class=\"bigTxt text-center txtGrey\">COMPLETE EL EQUIPAMIENTO PARA CUSTOM CON:<\/h3>\n<div class=\"one_half\">\n<img decoding=\"async\" loading=\"lazy\" src=\"https:\/\/www.storevan.com\/wp-content\/uploads\/veicoli\/pianali-pannellature\/portatutto-portascala-space-up.jpg\" alt=\"Barre portatutto e portascala per Ducato Space Up\" width=\"600\" height=\"265\" class=\"aligncenter size-full wp-image-127221\" \/><br \/>\n<\/div><div class=\"one_half last\">\n<h4 class=\"bigTxt blue\">BACAS Y PORTAESCALERAS PARA CUSTOM<\/h4>\n<div class=\"borderTitle\"><\/div>\n<p>A menudo los profesionales como fontaneros, electricistas o mantenedores utilizan equipos r\u00edgidos y voluminosos, por lo que aprovechar el techo de la furgoneta es una de sus principales necesidades. Es por eso que Store Van ha dise\u00f1ado una soluci\u00f3n completa para portaescaleras y bacas para furgonetas.<\/p>\n<p><a class=\"btn btn-blue\" title=\"Descubra las bacas y portaescaleras para Custom\" href=\"https:\/\/www.storevan.com\/es\/equipamientos-vehiculos-comerciales\/furgonetas-ford\/custom\/bacas-portaescaleras\/\">DESCUBRA LAS BACAS Y PORTAESCALERAS PARA CUSTOM<\/a><br \/>\n<\/div><div class=\"clearboth\"><\/div>\n<hr class=\"noColor\" \/>\n<div class=\"break\"><\/div>\n<hr \/>\n<hr class=\"noColor\" \/>\n<div class=\"col-xs-12 col-sm-12 col-md-6\">\n<div class=\"text-center\"><a class=\"btn btn-download\" title=\"LLAME AHORA!\" href=\"tel:+390424585455\"><i class=\"fa fa-phone\"><\/i> <span class=\"spanBtn\">LLAME AHORA<\/span><br \/>\npara cualquier informaci\u00f3n<\/a><\/div>\n<\/div>\n<div class=\"col-xs-12 col-sm-12 col-md-6\">\n<div class=\"text-center\"><a class=\"btn btn-download\" href=\"https:\/\/www.storevan.com\/wp-content\/uploads\/doc\/FORD_CUSTOM_Equipamiento_Wyposazenie_StoreVan_espl.pdf\" target=\"_blank\" rel=\"noopener\"><i class=\"fa fa-download\"><\/i> <span class=\"spanBtn\">DESCARGAR<\/span><br \/>\nCAT\u00c1LOGO CUSTOM<\/a><\/div>\n<\/div>\n<div class=\"break\"><\/div>\n<hr class=\"noColor\" \/>\n<hr \/>\n<h4 class=\"bigTxt text-center txtBkOrange\"><i class=\"fa fa-envelope pull-left\"><\/i>\u00bfQUIERES SABER M\u00c1S?<\/h4>\n\n<div class=\"wpcf7 no-js\" id=\"wpcf7-f67674-o1\" lang=\"it-IT\" dir=\"ltr\">\n<div class=\"screen-reader-response\"><p role=\"status\" aria-live=\"polite\" aria-atomic=\"true\"><\/p> <ul><\/ul><\/div>\n<form action=\"\/es\/wp-json\/wp\/v2\/pages\/26098#wpcf7-f67674-o1\" method=\"post\" class=\"wpcf7-form init\" aria-label=\"Modulo di contatto\" novalidate=\"novalidate\" data-status=\"init\">\n<div style=\"display: none;\">\n<input type=\"hidden\" name=\"_wpcf7\" value=\"67674\" \/>\n<input type=\"hidden\" name=\"_wpcf7_version\" value=\"5.7.7\" \/>\n<input type=\"hidden\" name=\"_wpcf7_locale\" value=\"it_IT\" \/>\n<input type=\"hidden\" name=\"_wpcf7_unit_tag\" value=\"wpcf7-f67674-o1\" \/>\n<input type=\"hidden\" name=\"_wpcf7_container_post\" value=\"0\" \/>\n<input type=\"hidden\" name=\"_wpcf7_posted_data_hash\" value=\"\" \/>\n<input type=\"hidden\" name=\"_wpcf7_recaptcha_response\" value=\"\" \/>\n<\/div>\n<span class=\"wpcf7-form-control-wrap url\" data-name=\"url\"><input type=\"hidden\" name=\"url\" size=\"40\" class=\"wpcf7-form-control wpcf7-hidden wpcf7dtx wpcf7dtx-hidden\" aria-invalid=\"false\" value=\"custom\" autocomplete=\"off\" \/><\/span>\n<p>Complete los siguientes campos para recibir m\u00e1s informaci\u00f3n. Uno de nuestros operadores se pondr\u00e1 en contacto con usted lo antes posible (* campos obligatorios):\n<\/p>\n<div class=\"col-xs-12 col-md-6\">\n\t<p><span class='titoli'>Nombre (*)<\/span>\n\t<\/p>\n\t<p><span class=\"wpcf7-form-control-wrap\" data-name=\"your-name\"><input size=\"40\" class=\"wpcf7-form-control wpcf7-text wpcf7-validates-as-required form-control\" aria-required=\"true\" aria-invalid=\"false\" value=\"\" type=\"text\" name=\"your-name\" \/><\/span>\n\t<\/p>\n<\/div>\n<div class=\"col-xs-12 col-md-6\">\n\t<p><span class='titoli'>Apellidos (*)<\/span>\n\t<\/p>\n\t<p><span class=\"wpcf7-form-control-wrap\" data-name=\"your-last-name\"><input size=\"40\" class=\"wpcf7-form-control wpcf7-text wpcf7-validates-as-required form-control\" aria-required=\"true\" aria-invalid=\"false\" value=\"\" type=\"text\" name=\"your-last-name\" \/><\/span>\n\t<\/p>\n<\/div>\n<div class=\"col-xs-12 col-md-6\">\n\t<p><span class='titoli'>Empresa(*)<\/span>\n\t<\/p>\n\t<p><span class=\"wpcf7-form-control-wrap\" data-name=\"your-company\"><input size=\"40\" class=\"wpcf7-form-control wpcf7-text wpcf7-validates-as-required form-control\" aria-required=\"true\" aria-invalid=\"false\" value=\"\" type=\"text\" name=\"your-company\" \/><\/span>\n\t<\/p>\n<\/div>\n<div class=\"col-xs-12 col-md-6\">\n\t<p><span class='titoli'>C\u00f3d. NIF<\/span>\n\t<\/p>\n\t<p><span class=\"wpcf7-form-control-wrap\" data-name=\"p-iva\"><input size=\"40\" class=\"wpcf7-form-control wpcf7-text form-control\" aria-invalid=\"false\" value=\"\" type=\"text\" name=\"p-iva\" \/><\/span>\n\t<\/p>\n<\/div>\n<div class=\"clearboth\">\n<\/div>\n<div class=\"col-xs-12 col-md-4\">\n\t<p><span class='titoli'>C\u00f3digo Postal(*)<\/span>\n\t<\/p>\n\t<p><span class=\"wpcf7-form-control-wrap\" data-name=\"your-zip-code\"><input size=\"40\" class=\"wpcf7-form-control wpcf7-text wpcf7-validates-as-required form-control\" aria-required=\"true\" aria-invalid=\"false\" value=\"\" type=\"text\" name=\"your-zip-code\" \/><\/span>\n\t<\/p>\n<\/div>\n<div class=\"col-xs-12 col-md-4\">\n\t<p><span class='titoli'>Direcci\u00f3n (*)<\/span>\n\t<\/p>\n\t<p><span class=\"wpcf7-form-control-wrap\" data-name=\"your-address\"><input size=\"40\" class=\"wpcf7-form-control wpcf7-text wpcf7-validates-as-required form-control\" aria-required=\"true\" aria-invalid=\"false\" value=\"\" type=\"text\" name=\"your-address\" \/><\/span>\n\t<\/p>\n<\/div>\n<div class=\"col-xs-12 col-md-4\">\n\t<p><span class='titoli'>Ciudad (*)<\/span>\n\t<\/p>\n\t<p><span class=\"wpcf7-form-control-wrap\" data-name=\"your-Town\"><input size=\"40\" class=\"wpcf7-form-control wpcf7-text wpcf7-validates-as-required form-control\" aria-required=\"true\" aria-invalid=\"false\" value=\"\" type=\"text\" name=\"your-Town\" \/><\/span>\n\t<\/p>\n<\/div>\n<div class=\"clearboth\">\n<\/div>\n<div class=\"col-xs-12 col-md-6\">\n\t<p><span class='titoli'>email (*)<\/span>\n\t<\/p>\n\t<p><span class=\"wpcf7-form-control-wrap\" data-name=\"your-email\"><input size=\"40\" class=\"wpcf7-form-control wpcf7-text wpcf7-email wpcf7-validates-as-required wpcf7-validates-as-email form-control\" aria-required=\"true\" aria-invalid=\"false\" value=\"\" type=\"email\" name=\"your-email\" \/><\/span>\n\t<\/p>\n<\/div>\n<div class=\"col-xs-12 col-md-6\">\n\t<p><span class='titoli'>Tel\u00e9fono (*)<\/span>\n\t<\/p>\n\t<p><span class=\"wpcf7-form-control-wrap\" data-name=\"telefono\"><input size=\"40\" class=\"wpcf7-form-control wpcf7-text wpcf7-tel wpcf7-validates-as-required wpcf7-validates-as-tel form-control\" aria-required=\"true\" aria-invalid=\"false\" value=\"\" type=\"tel\" name=\"telefono\" \/><\/span>\n\t<\/p>\n<\/div>\n<div class=\"clearboth\">\n<\/div>\n<div class=\"col-xs-12 col-md-6\">\n\t<p><span class='titoli'>Objeto <\/span>\n\t<\/p>\n\t<p><span class=\"wpcf7-form-control-wrap\" data-name=\"oggetto\"><select class=\"wpcf7-form-control wpcf7-select wpcf7-validates-as-required\" aria-required=\"true\" aria-invalid=\"false\" name=\"oggetto\"><option value=\"Solicitud de presupuesto\">Solicitud de presupuesto<\/option><option value=\"Informaci\u00f3n t\u00e9cnica\">Informaci\u00f3n t\u00e9cnica<\/option><option value=\"Cita\">Cita<\/option><\/select><\/span>\n\t<\/p>\n<\/div>\n<div class=\"col-xs-12 col-md-6\">\n\t<p><br \/>\n<span class=\"titoli\"> <span class=\"wpcf7-form-control-wrap\" data-name=\"cliente\"><span class=\"wpcf7-form-control wpcf7-checkbox\"><span class=\"wpcf7-list-item first last\"><label><span class=\"wpcf7-list-item-label\">Soy un cliente<\/span><input type=\"checkbox\" name=\"cliente[]\" value=\"Soy un cliente\" \/><\/label><\/span><\/span><\/span><\/span>\n\t<\/p>\n<\/div>\n<div class=\"col-xs-12 col-md-12\">\n\t<p><span class='titoli'>Mensaje (*)<\/span>\n\t<\/p>\n\t<p><span class=\"wpcf7-form-control-wrap\" data-name=\"your-message\"><textarea cols=\"40\" rows=\"10\" class=\"wpcf7-form-control wpcf7-textarea wpcf7-validates-as-required form-control\" aria-required=\"true\" aria-invalid=\"false\" name=\"your-message\"><\/textarea><\/span>\n\t<\/p>\n<\/div>\n<div class=\"col-xs-12 col-md-12\">\n\t<p><small>Los datos introducidos ser\u00e1n tratados con estricta confidencialidad de acuerdo con la ley y con nuestra <a href=\"https:\/\/www.storevan.com\/es\/privacy-policy\/\">pol\u00edtica de privacidad<\/a>.<\/small>\n\t<\/p>\n\t<p><span class=\"wpcf7-form-control-wrap\" data-name=\"AccettazionePrivacy\"><span class=\"wpcf7-form-control wpcf7-acceptance\"><span class=\"wpcf7-list-item\"><input type=\"checkbox\" name=\"AccettazionePrivacy\" value=\"1\" aria-invalid=\"false\" \/><\/span><\/span><\/span> Declaro haber le\u00eddo la Informaci\u00f3n sobre la <a href=\"https:\/\/www.storevan.com\/es\/privacy-policy\/\">Privacy<\/a> y autorizo el tratamiento de mis datos personales de conformidad con aquello aqu\u00ed descrito.(*)<br \/>\n\t<span class=\"wpcf7-form-control-wrap recaptcha\" data-name=\"recaptcha\"><span data-sitekey=\"6LdfM4AUAAAAAJjsAucux5WVNA3hsk5KP0a03T_n\" class=\"wpcf7-form-control g-recaptcha wpcf7-recaptcha\"><\/span>\r\n<noscript>\r\n\t<div class=\"grecaptcha-noscript\">\r\n\t\t<iframe src=\"https:\/\/www.google.com\/recaptcha\/api\/fallback?k=6LdfM4AUAAAAAJjsAucux5WVNA3hsk5KP0a03T_n\" frameborder=\"0\" scrolling=\"no\" width=\"310\" height=\"430\">\r\n\t\t<\/iframe>\r\n\t\t<textarea name=\"g-recaptcha-response\" rows=\"3\" cols=\"40\" placeholder=\"Aqu\u00ed la respuesta de reCAPTCHA\">\r\n\t\t<\/textarea>\r\n\t<\/div>\r\n<\/noscript>\r\n<\/span>\n\t<\/p>\n<\/div>\n<hr class=\"noColor\" \/>\n<p><input class=\"wpcf7-form-control has-spinner wpcf7-submit\" type=\"submit\" value=\"Env\u00edo\" \/>\n<\/p><div class=\"wpcf7-response-output\" aria-hidden=\"true\"><\/div>\n<\/form>\n<\/div>\n\n","protected":false},"excerpt":{"rendered":"<p>Equipamientos furgonetas Ford Custom Soluciones para talleres m\u00f3viles para tomar como referencia para realizar el equipamiento de su furgoneta Custom que har\u00e1 su tarea organizada y su jornada de trabajo.<\/p>\n","protected":false},"author":470,"featured_media":0,"parent":26088,"menu_order":0,"comment_status":"closed","ping_status":"closed","template":"pageSlider.php","meta":[],"acf":[],"yoast_head":"<!-- This site is optimized with the Yoast SEO plugin v20.11 - https:\/\/yoast.com\/wordpress\/plugins\/seo\/ -->\n<title>Equipamientos furgonetas Ford Custom<\/title>\n<meta name=\"description\" content=\"Store Van logra personalizar su furgoneta Custom con el equipamiento de taller m\u00f3vil que mejor se adapte a sus necesidades profesionales.\" \/>\n<meta name=\"robots\" content=\"index, follow, max-snippet:-1, max-image-preview:large, max-video-preview:-1\" \/>\n<link rel=\"canonical\" href=\"https:\/\/www.storevan.com\/es\/equipamientos-vehiculos-comerciales\/furgonetas-ford\/custom\/\" \/>\n<meta property=\"og:locale\" content=\"es_ES\" \/>\n<meta property=\"og:type\" content=\"article\" \/>\n<meta property=\"og:title\" content=\"Equipamientos furgonetas Ford Custom\" \/>\n<meta property=\"og:description\" content=\"Store Van logra personalizar su furgoneta Custom con el equipamiento de taller m\u00f3vil que mejor se adapte a sus necesidades profesionales.\" \/>\n<meta property=\"og:url\" content=\"https:\/\/www.storevan.com\/es\/equipamientos-vehiculos-comerciales\/furgonetas-ford\/custom\/\" \/>\n<meta property=\"og:site_name\" content=\"Store Van\" \/>\n<meta property=\"article:modified_time\" content=\"2022-01-13T10:21:40+00:00\" \/>\n<meta property=\"og:image\" content=\"https:\/\/www.storevan.com\/wp-content\/uploads\/2018\/02\/safety-1-300x280.jpg\" \/>\n<meta name=\"twitter:label1\" content=\"Tiempo de lectura\" \/>\n\t<meta name=\"twitter:data1\" content=\"2 minutos\" \/>\n<script type=\"application\/ld+json\" class=\"yoast-schema-graph\">{\"@context\":\"https:\/\/schema.org\",\"@graph\":[{\"@type\":\"WebPage\",\"@id\":\"https:\/\/www.storevan.com\/es\/equipamientos-vehiculos-comerciales\/furgonetas-ford\/custom\/\",\"url\":\"https:\/\/www.storevan.com\/es\/equipamientos-vehiculos-comerciales\/furgonetas-ford\/custom\/\",\"name\":\"Equipamientos furgonetas Ford Custom\",\"isPartOf\":{\"@id\":\"https:\/\/www.storevan.com\/pl\/#website\"},\"datePublished\":\"2015-12-09T14:26:53+00:00\",\"dateModified\":\"2022-01-13T10:21:40+00:00\",\"description\":\"Store Van logra personalizar su furgoneta Custom con el equipamiento de taller m\u00f3vil que mejor se adapte a sus necesidades profesionales.\",\"breadcrumb\":{\"@id\":\"https:\/\/www.storevan.com\/es\/equipamientos-vehiculos-comerciales\/furgonetas-ford\/custom\/#breadcrumb\"},\"inLanguage\":\"es\",\"potentialAction\":[{\"@type\":\"ReadAction\",\"target\":[\"https:\/\/www.storevan.com\/es\/equipamientos-vehiculos-comerciales\/furgonetas-ford\/custom\/\"]}]},{\"@type\":\"BreadcrumbList\",\"@id\":\"https:\/\/www.storevan.com\/es\/equipamientos-vehiculos-comerciales\/furgonetas-ford\/custom\/#breadcrumb\",\"itemListElement\":[{\"@type\":\"ListItem\",\"position\":1,\"name\":\"Home\",\"item\":\"https:\/\/www.storevan.com\/es\/\"},{\"@type\":\"ListItem\",\"position\":2,\"name\":\"Equipamientos veh\u00edculos comerciales\",\"item\":\"https:\/\/www.storevan.com\/es\/equipamientos-vehiculos-comerciales\/\"},{\"@type\":\"ListItem\",\"position\":3,\"name\":\"Ford\",\"item\":\"https:\/\/www.storevan.com\/es\/equipamientos-vehiculos-comerciales\/furgonetas-ford\/\"},{\"@type\":\"ListItem\",\"position\":4,\"name\":\"Custom\"}]},{\"@type\":\"WebSite\",\"@id\":\"https:\/\/www.storevan.com\/pl\/#website\",\"url\":\"https:\/\/www.storevan.com\/pl\/\",\"name\":\"Store Van\",\"description\":\"Equipamientos furgonetas\",\"potentialAction\":[{\"@type\":\"SearchAction\",\"target\":{\"@type\":\"EntryPoint\",\"urlTemplate\":\"https:\/\/www.storevan.com\/pl\/?s={search_term_string}\"},\"query-input\":\"required name=search_term_string\"}],\"inLanguage\":\"es\"}]}<\/script>\n<!-- \/ Yoast SEO plugin. -->","yoast_head_json":{"title":"Equipamientos furgonetas Ford Custom","description":"Store Van logra personalizar su furgoneta Custom con el equipamiento de taller m\u00f3vil que mejor se adapte a sus necesidades profesionales.","robots":{"index":"index","follow":"follow","max-snippet":"max-snippet:-1","max-image-preview":"max-image-preview:large","max-video-preview":"max-video-preview:-1"},"canonical":"https:\/\/www.storevan.com\/es\/equipamientos-vehiculos-comerciales\/furgonetas-ford\/custom\/","og_locale":"es_ES","og_type":"article","og_title":"Equipamientos furgonetas Ford Custom","og_description":"Store Van logra personalizar su furgoneta Custom con el equipamiento de taller m\u00f3vil que mejor se adapte a sus necesidades profesionales.","og_url":"https:\/\/www.storevan.com\/es\/equipamientos-vehiculos-comerciales\/furgonetas-ford\/custom\/","og_site_name":"Store Van","article_modified_time":"2022-01-13T10:21:40+00:00","og_image":[{"url":"https:\/\/www.storevan.com\/wp-content\/uploads\/2018\/02\/safety-1-300x280.jpg"}],"twitter_misc":{"Tiempo de lectura":"2 minutos"},"schema":{"@context":"https:\/\/schema.org","@graph":[{"@type":"WebPage","@id":"https:\/\/www.storevan.com\/es\/equipamientos-vehiculos-comerciales\/furgonetas-ford\/custom\/","url":"https:\/\/www.storevan.com\/es\/equipamientos-vehiculos-comerciales\/furgonetas-ford\/custom\/","name":"Equipamientos furgonetas Ford Custom","isPartOf":{"@id":"https:\/\/www.storevan.com\/pl\/#website"},"datePublished":"2015-12-09T14:26:53+00:00","dateModified":"2022-01-13T10:21:40+00:00","description":"Store Van logra personalizar su furgoneta Custom con el equipamiento de taller m\u00f3vil que mejor se adapte a sus necesidades profesionales.","breadcrumb":{"@id":"https:\/\/www.storevan.com\/es\/equipamientos-vehiculos-comerciales\/furgonetas-ford\/custom\/#breadcrumb"},"inLanguage":"es","potentialAction":[{"@type":"ReadAction","target":["https:\/\/www.storevan.com\/es\/equipamientos-vehiculos-comerciales\/furgonetas-ford\/custom\/"]}]},{"@type":"BreadcrumbList","@id":"https:\/\/www.storevan.com\/es\/equipamientos-vehiculos-comerciales\/furgonetas-ford\/custom\/#breadcrumb","itemListElement":[{"@type":"ListItem","position":1,"name":"Home","item":"https:\/\/www.storevan.com\/es\/"},{"@type":"ListItem","position":2,"name":"Equipamientos veh\u00edculos comerciales","item":"https:\/\/www.storevan.com\/es\/equipamientos-vehiculos-comerciales\/"},{"@type":"ListItem","position":3,"name":"Ford","item":"https:\/\/www.storevan.com\/es\/equipamientos-vehiculos-comerciales\/furgonetas-ford\/"},{"@type":"ListItem","position":4,"name":"Custom"}]},{"@type":"WebSite","@id":"https:\/\/www.storevan.com\/pl\/#website","url":"https:\/\/www.storevan.com\/pl\/","name":"Store Van","description":"Equipamientos furgonetas","potentialAction":[{"@type":"SearchAction","target":{"@type":"EntryPoint","urlTemplate":"https:\/\/www.storevan.com\/pl\/?s={search_term_string}"},"query-input":"required name=search_term_string"}],"inLanguage":"es"}]}},"_links":{"self":[{"href":"https:\/\/www.storevan.com\/es\/wp-json\/wp\/v2\/pages\/26098"}],"collection":[{"href":"https:\/\/www.storevan.com\/es\/wp-json\/wp\/v2\/pages"}],"about":[{"href":"https:\/\/www.storevan.com\/es\/wp-json\/wp\/v2\/types\/page"}],"author":[{"embeddable":true,"href":"https:\/\/www.storevan.com\/es\/wp-json\/wp\/v2\/users\/470"}],"replies":[{"embeddable":true,"href":"https:\/\/www.storevan.com\/es\/wp-json\/wp\/v2\/comments?post=26098"}],"version-history":[{"count":4,"href":"https:\/\/www.storevan.com\/es\/wp-json\/wp\/v2\/pages\/26098\/revisions"}],"predecessor-version":[{"id":138185,"href":"https:\/\/www.storevan.com\/es\/wp-json\/wp\/v2\/pages\/26098\/revisions\/138185"}],"up":[{"embeddable":true,"href":"https:\/\/www.storevan.com\/es\/wp-json\/wp\/v2\/pages\/26088"}],"wp:attachment":[{"href":"https:\/\/www.storevan.com\/es\/wp-json\/wp\/v2\/media?parent=26098"}],"curies":[{"name":"wp","href":"https:\/\/api.w.org\/{rel}","templated":true}]}}