{"id":26070,"date":"2015-12-09T09:42:40","date_gmt":"2015-12-09T08:42:40","guid":{"rendered":"https:\/\/www.storevan.com\/es\/allestimenti-veicoli-commerciali\/"},"modified":"2018-11-09T08:25:58","modified_gmt":"2018-11-09T08:25:58","slug":"equipamientos-vehiculos-comerciales","status":"publish","type":"page","link":"https:\/\/www.storevan.com\/es\/equipamientos-vehiculos-comerciales\/","title":{"rendered":"Equipamientos veh\u00edculos comerciales"},"content":{"rendered":"<h1 class=\"customblackTitleSmall\">Equipamiento para furgonetas y veh\u00edculos comerciales<\/h1>\n<h2>Desde hace m\u00e1s de diez a\u00f1os, Store Van produce<strong> equipamiento para furgonetas de trabajo y veh\u00edculos comerciales<\/strong>.<\/h2>\n<p>Los principios b\u00e1sicos son el dise\u00f1o, la calidad de los materiales y la organizaci\u00f3n de los equipamientos, para un <strong>transporte de mercanc\u00eda seguro y ordenado<\/strong> dentro de la zona de carga de su veh\u00edculo, optimizando el espacio y garantizando una larga vida \u00fatil gracias a su resistencia a la corrosi\u00f3n , muy por encima de la media.<\/p>\n<h3 class=\"customblackTitleExtraSmall\">C\u00f3mo elegir el equipamiento para veh\u00edculos comerciales adecuado para usted<\/h3>\n<p>Store Van le puede proporcionar un <strong>equipamiento perfecto para las furgonetas<\/strong> de estas y otras marcas:<\/p>\n<section class=\"clearfix\">\n<ul id=\"filters\" class=\"option-set clearfix unstyled listBrand\" data-option-key=\"filter\">\n<li><a title=\"Equipamiento para furgonetas furgonetas Citroen\" href=\"https:\/\/www.storevan.com\/es\/equipamientos-vehiculos-comerciales\/furgonetas-citroen\/\"><img decoding=\"async\" loading=\"lazy\" class=\"alignnone size-full wp-image-43683\" src=\"https:\/\/www.storevan.com\/wp-content\/uploads\/2017\/01\/HOME1-Allestimenti-CITROEN.png\" alt=\"Equipamiento para furgonetas furgonetas Citroen\" width=\"116\" height=\"105\" \/><\/a><\/li>\n<li><a title=\"Equipamiento para furgonetas furgonetas Dacia\" href=\"https:\/\/www.storevan.com\/es\/equipamientos-vehiculos-comerciales\/furgonetas-dacia\/\"><img decoding=\"async\" loading=\"lazy\" class=\"alignnone size-full wp-image-43689\" src=\"https:\/\/www.storevan.com\/wp-content\/uploads\/2017\/01\/HOME2-Allestimenti-DACIA.png\" alt=\"Equipamiento para furgonetas furgonetas Dacia\" width=\"116\" height=\"105\" \/><\/a><\/li>\n<li><a title=\"title=\" href=\"https:\/\/www.storevan.com\/es\/equipamientos-vehiculos-comerciales\/furgonetas-fiat\/\"><img decoding=\"async\" loading=\"lazy\" class=\"alignnone size-full wp-image-43695\" src=\"https:\/\/www.storevan.com\/wp-content\/uploads\/2017\/01\/HOME3-Allestimenti-FIAT.png\" alt=\"Equipamiento para furgonetas furgonetas Fiat\" width=\"116\" height=\"105\" \/><\/a><\/li>\n<li><a title=\"Equipamientos veh\u00edculos comerciales y furgonetas Ford\" href=\"https:\/\/www.storevan.com\/es\/equipamientos-vehiculos-comerciales\/furgonetas-ford\/\"><img decoding=\"async\" loading=\"lazy\" class=\"alignnone size-full wp-image-43701\" src=\"https:\/\/www.storevan.com\/wp-content\/uploads\/2017\/01\/HOME4-Allestimenti-FORD.png\" alt=\"Equipamientos veh\u00edculos comerciales y furgonetas Ford\" width=\"116\" height=\"105\" \/><\/a><\/li>\n<li><a title=\"Equipamientos veh\u00edculos comerciales Hyundai\" href=\"https:\/\/www.storevan.com\/es\/equipamientos-vehiculos-comerciales\/furgonetas-hyundai\/\"><img decoding=\"async\" loading=\"lazy\" class=\"alignnone size-full wp-image-43707\" src=\"https:\/\/www.storevan.com\/wp-content\/uploads\/2017\/01\/HOME5-Allestimenti-HYUNDAI.png\" alt=\"Equipamientos veh\u00edculos comerciales Hyundai\" width=\"116\" height=\"105\" \/><\/a><\/li>\n<li><a title=\"Equipamientos veh\u00edculos comerciales y furgonetas Iveco\" href=\"https:\/\/www.storevan.com\/es\/equipamientos-vehiculos-comerciales\/furgonetas-iveco\/\"><img decoding=\"async\" loading=\"lazy\" class=\"alignnone size-full wp-image-43713\" src=\"https:\/\/www.storevan.com\/wp-content\/uploads\/2017\/01\/HOME6-Allestimenti-IVECO.png\" alt=\"Equipamientos veh\u00edculos comerciales y furgonetas Iveco\" width=\"116\" height=\"105\" \/><\/a><\/li>\n<li><a title=\"Equipamientos furgonetas MAN\" href=\"https:\/\/www.storevan.com\/es\/equipamientos-vehiculos-comerciales\/man\/\"><img decoding=\"async\" loading=\"lazy\" class=\"alignnone size-full wp-image-74411\" title=\"Equipamientos furgonetas MAN\" src=\"https:\/\/www.storevan.com\/wp-content\/uploads\/2018\/06\/HOME14-Allestimenti-MAN.png\" alt=\"Equipamientos furgonetas MAN\" width=\"116\" height=\"105\" \/><\/a><\/li>\n<li><a title=\"Equipamientos furgonetas Mercedes-Benz\" href=\"https:\/\/www.storevan.com\/es\/equipamientos-vehiculos-comerciales\/furgonetas-mercedes-benz\/\"><img decoding=\"async\" loading=\"lazy\" class=\"alignnone size-full wp-image-43719\" src=\"https:\/\/www.storevan.com\/wp-content\/uploads\/2017\/01\/HOME7-Allestimenti-MERCEDES-BENZ.png\" alt=\"Equipamientos furgonetas Mercedes-Benz\" width=\"116\" height=\"105\" \/><\/a><\/li>\n<li><a title=\"Equipamientos furgonetas Nissan\" href=\"https:\/\/www.storevan.com\/es\/equipamientos-vehiculos-comerciales\/furgonetas-nissan\/\"><img decoding=\"async\" loading=\"lazy\" class=\"alignnone size-full wp-image-43725\" src=\"https:\/\/www.storevan.com\/wp-content\/uploads\/2017\/01\/HOME8-Allestimenti-NISSAN.png\" alt=\"Equipamientos furgonetas Nissan\" width=\"116\" height=\"105\" \/><\/a><\/li>\n<li><a title=\"Equipamientos veh\u00edculos comerciales y furgonetas Opel\" href=\"https:\/\/www.storevan.com\/es\/equipamientos-vehiculos-comerciales\/furgonetas-opel\/\"><img decoding=\"async\" loading=\"lazy\" class=\"alignnone size-full wp-image-43731\" src=\"https:\/\/www.storevan.com\/wp-content\/uploads\/2017\/01\/HOME9-Allestimenti-OPEL.png\" alt=\"Equipamientos veh\u00edculos comerciales y furgonetas Opel\" width=\"116\" height=\"105\" \/><\/a><\/li>\n<li><a title=\"Equipamientos veh\u00edculos comerciales Peugeot\" href=\"https:\/\/www.storevan.com\/es\/equipamientos-vehiculos-comerciales\/furgonetas-peugeot\/\"><img decoding=\"async\" loading=\"lazy\" class=\"alignnone size-full wp-image-43737\" src=\"https:\/\/www.storevan.com\/wp-content\/uploads\/2017\/01\/HOME10-Allestimenti-PEUGEOT.png\" alt=\"Equipamientos veh\u00edculos comerciales Peugeot\" width=\"116\" height=\"105\" \/><\/a><\/li>\n<li><a title=\"Equipamientos veh\u00edculos comerciales y furgonetas Renault\" href=\"https:\/\/www.storevan.com\/es\/equipamientos-vehiculos-comerciales\/furgonetas-peugeot\/\"><img decoding=\"async\" loading=\"lazy\" class=\"alignnone size-full wp-image-43743\" src=\"https:\/\/www.storevan.com\/wp-content\/uploads\/2017\/01\/HOME11-Allestimenti-RENAULT.png\" alt=\"Equipamientos veh\u00edculos comerciales y furgonetas Renault\" width=\"116\" height=\"105\" \/><\/a><\/li>\n<li><a title=\"Equipamiento furgoneta Toyota\" href=\"https:\/\/www.storevan.com\/es\/equipamientos-vehiculos-comerciales\/toyota\/\"><img decoding=\"async\" loading=\"lazy\" class=\"alignnone size-full wp-image-43749\" src=\"https:\/\/www.storevan.com\/wp-content\/uploads\/2017\/01\/HOME12-Allestimenti-TOYOTA.png\" alt=\"Equipamiento furgoneta Toyota\" width=\"116\" height=\"105\" \/><\/a><\/li>\n<li><a title=\"Equipamiento furgoneta VOLKSWAGEN\" href=\"https:\/\/www.storevan.com\/es\/equipamientos-vehiculos-comerciales\/furgonetas-volkswagen\/\"><img decoding=\"async\" loading=\"lazy\" class=\"alignnone size-full wp-image-43755\" src=\"https:\/\/www.storevan.com\/wp-content\/uploads\/2017\/01\/HOME13-Allestimenti-VOLKSWAGEN.png\" alt=\"Equipamiento furgoneta VOLKSWAGEN\" width=\"116\" height=\"105\" \/><\/a><\/li>\n<\/ul>\n<\/section>\n<p>Previamente a la configuraci\u00f3n de un equipamiento para furgonetas Store Van, se realiza un real\u00edstico dise\u00f1o 3D como <a title=\"Dise\u00f1o 3D - Store Van\" href=\"https:\/\/www.storevan.com\/es\/modelacion-3d-furgonetas-vehiculos-profesionales\/\">este<\/a>, que le permitir\u00e1 elegir la mejor soluci\u00f3n para un taller m\u00f3vil adecuado para usted. <a title=\"Ejemplos de equipamientos para furgonas\" href=\"https:\/\/www.storevan.com\/es\/equipamientos-furgonetas-gallery\/\">\u00a1Visite la galer\u00eda<\/a> para ver algunos ejemplos de equipamientos Store Van!<\/p>\n<p>Con Store Van, l\u00edder en el sector del equipamiento para furgonetas de trabajo, usted podr\u00e1 elegir entre una <a href=\"https:\/\/www.storevan.com\/es\/productos\/\" title=\"Productos Store Van\">amplia gama de m\u00f3dulos<\/a>, estanter\u00edas para furgonetas, suelos para furgonetas, maletines para piezas peque\u00f1as y divisores, pero tambi\u00e9n productos como la rampa de carga, bacas, suelos sobreelevados y muchos otros accesorios para transformar su furgoneta de trabajo en un taller m\u00f3vil propiamente dicho. Es lo mismo que sean furgonetas Fiat o furgonetas Ford: usted tendr\u00e1 su equipamiento a medida, incluso en una furgoneta usada.<\/p>\n<hr \/>\n<div class=\"col-xs-12 col-sm-12 col-md-6\">\n<div class=\"text-center\"><a class=\"btn btn-download\" href=\"tel:800645506\"><i class=\"fa fa-phone\"><\/i> <span class=\"spanBtn\">LLAME AHORA<\/span><br \/>\npara cualquier informaci\u00f3n<\/a><\/div>\n<\/div>\n<div class=\"col-xs-12 col-sm-12 col-md-6\">\n<div class=\"text-center\"><a class=\"btn btn-download\" href=\"#formconttatto\"><i class=\"fa fa-envelope\"><\/i> <span class=\"spanBtn\">ESCR\u00cdBANOS<\/span><br \/>\nle contactaremos lo antes posible<\/a><\/div>\n<\/div>\n<div class=\"break\"><\/div>\n<hr \/>\n<h3 class=\"customblackTitleExtraSmall\">Los equipamientos para veh\u00edculos comerciales es nuestra especialidad<\/h3>\n<div class=\"two_third\">\nLas <strong>materias primas<\/strong> y las <strong>tecnolog\u00edas avanzadas<\/strong> que utilizamos son el resultado de una larga historia de investigaci\u00f3n y desarrollo continuo, que comenz\u00f3 con la fabricaci\u00f3n y producci\u00f3n de mobiliario industrial de acero, aluminio y pl\u00e1stico, y que la empresa matriz Fami S.r.l. sigue desarrollando constantemente.<\/p>\n<p>Store Van cuenta con <strong>instalaciones industriales de \u00faltima generaci\u00f3n y aplicaciones tecnol\u00f3gicas de vanguardia<\/strong> como el recubrimiento por inmersi\u00f3n cat\u00f3dico con resina acr\u00edlica que hace que la producci\u00f3n sea \u00fanica, garantizando una alta calidad y optimizando tambi\u00e9n el precio.<\/p>\n<p>Gracias a la <strong>profesionalidad<\/strong> y <strong>experiencia<\/strong>, todos los d\u00edas se realizan <strong>diferentes soluciones para cada necesidad de trabajo<\/strong>, incluso especial, como el equipamiento para veh\u00edculos comerciales para el transporte de alimentos, donde los recubrimientos internos de la carrocer\u00eda y los sistemas de sujeci\u00f3n para la seguridad de la carga son elementos prioritarios. Nuestros crash tests demuestran la atenci\u00f3n que ponemos en la seguridad, asegur\u00e1ndonos que el equipamiento de su furgoneta no da\u00f1e la zona de carga del veh\u00edculo en caso de accidente. <strong>Nuestros m\u00f3dulos est\u00e1n certificados<\/strong> y se venden en Espa\u00f1a,\u00a0en Italia y en todo el mundo.<br \/>\n<a name=\"formconttatto\"><\/a><br \/>\nSi desea saber m\u00e1s, no dude en ponerse en contacto con nosotros, le explicaremos todos los detalles de nuestros equipamientos Store Van.<br \/>\n<\/div><div class=\"one_third last\"><img decoding=\"async\" loading=\"lazy\" src=\"https:\/\/www.storevan.com\/wp-content\/uploads\/2018\/07\/allestimento-furgoni-store-van.jpg\" alt=\"Equipamiento para veh\u00edculos comerciales Store Van\" width=\"667\" height=\"667\" class=\"alignright size-full wp-image-78520\" srcset=\"https:\/\/www.storevan.com\/wp-content\/uploads\/2018\/07\/allestimento-furgoni-store-van.jpg 667w, https:\/\/www.storevan.com\/wp-content\/uploads\/2018\/07\/allestimento-furgoni-store-van-150x150.jpg 150w, https:\/\/www.storevan.com\/wp-content\/uploads\/2018\/07\/allestimento-furgoni-store-van-300x300.jpg 300w, https:\/\/www.storevan.com\/wp-content\/uploads\/2018\/07\/allestimento-furgoni-store-van-48x48.jpg 48w, https:\/\/www.storevan.com\/wp-content\/uploads\/2018\/07\/allestimento-furgoni-store-van-480x480.jpg 480w\" sizes=\"(max-width: 667px) 100vw, 667px\" \/><\/div><div class=\"clearboth\"><\/div>\n<hr \/>\n<h4 class=\"bigTxt text-center txtBkOrange\">\u00bfQUIERES SABER M\u00c1S?<\/h4>\n\n<div class=\"wpcf7 no-js\" id=\"wpcf7-f67674-o1\" lang=\"it-IT\" dir=\"ltr\">\n<div class=\"screen-reader-response\"><p role=\"status\" aria-live=\"polite\" aria-atomic=\"true\"><\/p> <ul><\/ul><\/div>\n<form action=\"\/es\/wp-json\/wp\/v2\/pages\/26070#wpcf7-f67674-o1\" method=\"post\" class=\"wpcf7-form init\" aria-label=\"Modulo di contatto\" novalidate=\"novalidate\" data-status=\"init\">\n<div style=\"display: none;\">\n<input type=\"hidden\" name=\"_wpcf7\" value=\"67674\" \/>\n<input type=\"hidden\" name=\"_wpcf7_version\" value=\"5.7.7\" \/>\n<input type=\"hidden\" name=\"_wpcf7_locale\" value=\"it_IT\" \/>\n<input type=\"hidden\" name=\"_wpcf7_unit_tag\" value=\"wpcf7-f67674-o1\" \/>\n<input type=\"hidden\" name=\"_wpcf7_container_post\" value=\"0\" \/>\n<input type=\"hidden\" name=\"_wpcf7_posted_data_hash\" value=\"\" \/>\n<input type=\"hidden\" name=\"_wpcf7_recaptcha_response\" value=\"\" \/>\n<\/div>\n<span class=\"wpcf7-form-control-wrap url\" data-name=\"url\"><input type=\"hidden\" name=\"url\" size=\"40\" class=\"wpcf7-form-control wpcf7-hidden wpcf7dtx wpcf7dtx-hidden\" aria-invalid=\"false\" value=\"equipamientos-vehiculos-comerciales\" autocomplete=\"off\" \/><\/span>\n<p>Complete los siguientes campos para recibir m\u00e1s informaci\u00f3n. Uno de nuestros operadores se pondr\u00e1 en contacto con usted lo antes posible (* campos obligatorios):\n<\/p>\n<div class=\"col-xs-12 col-md-6\">\n\t<p><span class='titoli'>Nombre (*)<\/span>\n\t<\/p>\n\t<p><span class=\"wpcf7-form-control-wrap\" data-name=\"your-name\"><input size=\"40\" class=\"wpcf7-form-control wpcf7-text wpcf7-validates-as-required form-control\" aria-required=\"true\" aria-invalid=\"false\" value=\"\" type=\"text\" name=\"your-name\" \/><\/span>\n\t<\/p>\n<\/div>\n<div class=\"col-xs-12 col-md-6\">\n\t<p><span class='titoli'>Apellidos (*)<\/span>\n\t<\/p>\n\t<p><span class=\"wpcf7-form-control-wrap\" data-name=\"your-last-name\"><input size=\"40\" class=\"wpcf7-form-control wpcf7-text wpcf7-validates-as-required form-control\" aria-required=\"true\" aria-invalid=\"false\" value=\"\" type=\"text\" name=\"your-last-name\" \/><\/span>\n\t<\/p>\n<\/div>\n<div class=\"col-xs-12 col-md-6\">\n\t<p><span class='titoli'>Empresa(*)<\/span>\n\t<\/p>\n\t<p><span class=\"wpcf7-form-control-wrap\" data-name=\"your-company\"><input size=\"40\" class=\"wpcf7-form-control wpcf7-text wpcf7-validates-as-required form-control\" aria-required=\"true\" aria-invalid=\"false\" value=\"\" type=\"text\" name=\"your-company\" \/><\/span>\n\t<\/p>\n<\/div>\n<div class=\"col-xs-12 col-md-6\">\n\t<p><span class='titoli'>C\u00f3d. NIF<\/span>\n\t<\/p>\n\t<p><span class=\"wpcf7-form-control-wrap\" data-name=\"p-iva\"><input size=\"40\" class=\"wpcf7-form-control wpcf7-text form-control\" aria-invalid=\"false\" value=\"\" type=\"text\" name=\"p-iva\" \/><\/span>\n\t<\/p>\n<\/div>\n<div class=\"clearboth\">\n<\/div>\n<div class=\"col-xs-12 col-md-4\">\n\t<p><span class='titoli'>C\u00f3digo Postal(*)<\/span>\n\t<\/p>\n\t<p><span class=\"wpcf7-form-control-wrap\" data-name=\"your-zip-code\"><input size=\"40\" class=\"wpcf7-form-control wpcf7-text wpcf7-validates-as-required form-control\" aria-required=\"true\" aria-invalid=\"false\" value=\"\" type=\"text\" name=\"your-zip-code\" \/><\/span>\n\t<\/p>\n<\/div>\n<div class=\"col-xs-12 col-md-4\">\n\t<p><span class='titoli'>Direcci\u00f3n (*)<\/span>\n\t<\/p>\n\t<p><span class=\"wpcf7-form-control-wrap\" data-name=\"your-address\"><input size=\"40\" class=\"wpcf7-form-control wpcf7-text wpcf7-validates-as-required form-control\" aria-required=\"true\" aria-invalid=\"false\" value=\"\" type=\"text\" name=\"your-address\" \/><\/span>\n\t<\/p>\n<\/div>\n<div class=\"col-xs-12 col-md-4\">\n\t<p><span class='titoli'>Ciudad (*)<\/span>\n\t<\/p>\n\t<p><span class=\"wpcf7-form-control-wrap\" data-name=\"your-Town\"><input size=\"40\" class=\"wpcf7-form-control wpcf7-text wpcf7-validates-as-required form-control\" aria-required=\"true\" aria-invalid=\"false\" value=\"\" type=\"text\" name=\"your-Town\" \/><\/span>\n\t<\/p>\n<\/div>\n<div class=\"clearboth\">\n<\/div>\n<div class=\"col-xs-12 col-md-6\">\n\t<p><span class='titoli'>email (*)<\/span>\n\t<\/p>\n\t<p><span class=\"wpcf7-form-control-wrap\" data-name=\"your-email\"><input size=\"40\" class=\"wpcf7-form-control wpcf7-text wpcf7-email wpcf7-validates-as-required wpcf7-validates-as-email form-control\" aria-required=\"true\" aria-invalid=\"false\" value=\"\" type=\"email\" name=\"your-email\" \/><\/span>\n\t<\/p>\n<\/div>\n<div class=\"col-xs-12 col-md-6\">\n\t<p><span class='titoli'>Tel\u00e9fono (*)<\/span>\n\t<\/p>\n\t<p><span class=\"wpcf7-form-control-wrap\" data-name=\"telefono\"><input size=\"40\" class=\"wpcf7-form-control wpcf7-text wpcf7-tel wpcf7-validates-as-required wpcf7-validates-as-tel form-control\" aria-required=\"true\" aria-invalid=\"false\" value=\"\" type=\"tel\" name=\"telefono\" \/><\/span>\n\t<\/p>\n<\/div>\n<div class=\"clearboth\">\n<\/div>\n<div class=\"col-xs-12 col-md-6\">\n\t<p><span class='titoli'>Objeto <\/span>\n\t<\/p>\n\t<p><span class=\"wpcf7-form-control-wrap\" data-name=\"oggetto\"><select class=\"wpcf7-form-control wpcf7-select wpcf7-validates-as-required\" aria-required=\"true\" aria-invalid=\"false\" name=\"oggetto\"><option value=\"Solicitud de presupuesto\">Solicitud de presupuesto<\/option><option value=\"Informaci\u00f3n t\u00e9cnica\">Informaci\u00f3n t\u00e9cnica<\/option><option value=\"Cita\">Cita<\/option><\/select><\/span>\n\t<\/p>\n<\/div>\n<div class=\"col-xs-12 col-md-6\">\n\t<p><br \/>\n<span class=\"titoli\"> <span class=\"wpcf7-form-control-wrap\" data-name=\"cliente\"><span class=\"wpcf7-form-control wpcf7-checkbox\"><span class=\"wpcf7-list-item first last\"><label><span class=\"wpcf7-list-item-label\">Soy un cliente<\/span><input type=\"checkbox\" name=\"cliente[]\" value=\"Soy un cliente\" \/><\/label><\/span><\/span><\/span><\/span>\n\t<\/p>\n<\/div>\n<div class=\"col-xs-12 col-md-12\">\n\t<p><span class='titoli'>Mensaje (*)<\/span>\n\t<\/p>\n\t<p><span class=\"wpcf7-form-control-wrap\" data-name=\"your-message\"><textarea cols=\"40\" rows=\"10\" class=\"wpcf7-form-control wpcf7-textarea wpcf7-validates-as-required form-control\" aria-required=\"true\" aria-invalid=\"false\" name=\"your-message\"><\/textarea><\/span>\n\t<\/p>\n<\/div>\n<div class=\"col-xs-12 col-md-12\">\n\t<p><small>Los datos introducidos ser\u00e1n tratados con estricta confidencialidad de acuerdo con la ley y con nuestra <a href=\"https:\/\/www.storevan.com\/es\/privacy-policy\/\">pol\u00edtica de privacidad<\/a>.<\/small>\n\t<\/p>\n\t<p><span class=\"wpcf7-form-control-wrap\" data-name=\"AccettazionePrivacy\"><span class=\"wpcf7-form-control wpcf7-acceptance\"><span class=\"wpcf7-list-item\"><input type=\"checkbox\" name=\"AccettazionePrivacy\" value=\"1\" aria-invalid=\"false\" \/><\/span><\/span><\/span> Declaro haber le\u00eddo la Informaci\u00f3n sobre la <a href=\"https:\/\/www.storevan.com\/es\/privacy-policy\/\">Privacy<\/a> y autorizo el tratamiento de mis datos personales de conformidad con aquello aqu\u00ed descrito.(*)<br \/>\n\t<span class=\"wpcf7-form-control-wrap recaptcha\" data-name=\"recaptcha\"><span data-sitekey=\"6LdfM4AUAAAAAJjsAucux5WVNA3hsk5KP0a03T_n\" class=\"wpcf7-form-control g-recaptcha wpcf7-recaptcha\"><\/span>\r\n<noscript>\r\n\t<div class=\"grecaptcha-noscript\">\r\n\t\t<iframe src=\"https:\/\/www.google.com\/recaptcha\/api\/fallback?k=6LdfM4AUAAAAAJjsAucux5WVNA3hsk5KP0a03T_n\" frameborder=\"0\" scrolling=\"no\" width=\"310\" height=\"430\">\r\n\t\t<\/iframe>\r\n\t\t<textarea name=\"g-recaptcha-response\" rows=\"3\" cols=\"40\" placeholder=\"Aqu\u00ed la respuesta de reCAPTCHA\">\r\n\t\t<\/textarea>\r\n\t<\/div>\r\n<\/noscript>\r\n<\/span>\n\t<\/p>\n<\/div>\n<hr class=\"noColor\" \/>\n<p><input class=\"wpcf7-form-control has-spinner wpcf7-submit\" type=\"submit\" value=\"Env\u00edo\" \/>\n<\/p><div class=\"wpcf7-response-output\" aria-hidden=\"true\"><\/div>\n<\/form>\n<\/div>\n\n","protected":false},"excerpt":{"rendered":"<p>Equipamiento para furgonetas y veh\u00edculos comerciales Desde hace m\u00e1s de diez a\u00f1os, Store Van produce equipamiento para furgonetas de trabajo y veh\u00edculos comerciales. Los principios b\u00e1sicos son el dise\u00f1o, la.<\/p>\n","protected":false},"author":470,"featured_media":0,"parent":0,"menu_order":0,"comment_status":"closed","ping_status":"closed","template":"","meta":[],"acf":[],"yoast_head":"<!-- This site is optimized with the Yoast SEO plugin v20.11 - https:\/\/yoast.com\/wordpress\/plugins\/seo\/ -->\n<title>Equipamiento para furgonetas y veh\u00edculos comerciales<\/title>\n<meta name=\"description\" content=\"Equipamiento para furgonetas y veh\u00edculos comerciales Store Van. Soluciones est\u00e1ndar y personalizadas para todos las furgonetas, visita nuestro catalogo.\" \/>\n<meta name=\"robots\" content=\"index, follow, max-snippet:-1, max-image-preview:large, max-video-preview:-1\" \/>\n<link rel=\"canonical\" href=\"https:\/\/www.storevan.com\/es\/equipamientos-vehiculos-comerciales\/\" \/>\n<meta property=\"og:locale\" content=\"es_ES\" \/>\n<meta property=\"og:type\" content=\"article\" \/>\n<meta property=\"og:title\" content=\"Equipamiento para furgonetas y veh\u00edculos comerciales\" \/>\n<meta property=\"og:description\" content=\"Equipamiento para furgonetas y veh\u00edculos comerciales Store Van. Soluciones est\u00e1ndar y personalizadas para todos las furgonetas, visita nuestro catalogo.\" \/>\n<meta property=\"og:url\" content=\"https:\/\/www.storevan.com\/es\/equipamientos-vehiculos-comerciales\/\" \/>\n<meta property=\"og:site_name\" content=\"Store Van\" \/>\n<meta property=\"article:modified_time\" content=\"2018-11-09T08:25:58+00:00\" \/>\n<meta property=\"og:image\" content=\"https:\/\/www.storevan.com\/wp-content\/uploads\/2017\/01\/HOME1-Allestimenti-CITROEN.png\" \/>\n<meta name=\"twitter:label1\" content=\"Tiempo de lectura\" \/>\n\t<meta name=\"twitter:data1\" content=\"3 minutos\" \/>\n<script type=\"application\/ld+json\" class=\"yoast-schema-graph\">{\"@context\":\"https:\/\/schema.org\",\"@graph\":[{\"@type\":\"WebPage\",\"@id\":\"https:\/\/www.storevan.com\/es\/equipamientos-vehiculos-comerciales\/\",\"url\":\"https:\/\/www.storevan.com\/es\/equipamientos-vehiculos-comerciales\/\",\"name\":\"Equipamiento para furgonetas y veh\u00edculos comerciales\",\"isPartOf\":{\"@id\":\"https:\/\/www.storevan.com\/pl\/#website\"},\"datePublished\":\"2015-12-09T08:42:40+00:00\",\"dateModified\":\"2018-11-09T08:25:58+00:00\",\"description\":\"Equipamiento para furgonetas y veh\u00edculos comerciales Store Van. Soluciones est\u00e1ndar y personalizadas para todos las furgonetas, visita nuestro catalogo.\",\"breadcrumb\":{\"@id\":\"https:\/\/www.storevan.com\/es\/equipamientos-vehiculos-comerciales\/#breadcrumb\"},\"inLanguage\":\"es\",\"potentialAction\":[{\"@type\":\"ReadAction\",\"target\":[\"https:\/\/www.storevan.com\/es\/equipamientos-vehiculos-comerciales\/\"]}]},{\"@type\":\"BreadcrumbList\",\"@id\":\"https:\/\/www.storevan.com\/es\/equipamientos-vehiculos-comerciales\/#breadcrumb\",\"itemListElement\":[{\"@type\":\"ListItem\",\"position\":1,\"name\":\"Home\",\"item\":\"https:\/\/www.storevan.com\/es\/\"},{\"@type\":\"ListItem\",\"position\":2,\"name\":\"Equipamientos veh\u00edculos comerciales\"}]},{\"@type\":\"WebSite\",\"@id\":\"https:\/\/www.storevan.com\/pl\/#website\",\"url\":\"https:\/\/www.storevan.com\/pl\/\",\"name\":\"Store Van\",\"description\":\"Equipamientos furgonetas\",\"potentialAction\":[{\"@type\":\"SearchAction\",\"target\":{\"@type\":\"EntryPoint\",\"urlTemplate\":\"https:\/\/www.storevan.com\/pl\/?s={search_term_string}\"},\"query-input\":\"required name=search_term_string\"}],\"inLanguage\":\"es\"}]}<\/script>\n<!-- \/ Yoast SEO plugin. -->","yoast_head_json":{"title":"Equipamiento para furgonetas y veh\u00edculos comerciales","description":"Equipamiento para furgonetas y veh\u00edculos comerciales Store Van. Soluciones est\u00e1ndar y personalizadas para todos las furgonetas, visita nuestro catalogo.","robots":{"index":"index","follow":"follow","max-snippet":"max-snippet:-1","max-image-preview":"max-image-preview:large","max-video-preview":"max-video-preview:-1"},"canonical":"https:\/\/www.storevan.com\/es\/equipamientos-vehiculos-comerciales\/","og_locale":"es_ES","og_type":"article","og_title":"Equipamiento para furgonetas y veh\u00edculos comerciales","og_description":"Equipamiento para furgonetas y veh\u00edculos comerciales Store Van. Soluciones est\u00e1ndar y personalizadas para todos las furgonetas, visita nuestro catalogo.","og_url":"https:\/\/www.storevan.com\/es\/equipamientos-vehiculos-comerciales\/","og_site_name":"Store Van","article_modified_time":"2018-11-09T08:25:58+00:00","og_image":[{"url":"https:\/\/www.storevan.com\/wp-content\/uploads\/2017\/01\/HOME1-Allestimenti-CITROEN.png"}],"twitter_misc":{"Tiempo de lectura":"3 minutos"},"schema":{"@context":"https:\/\/schema.org","@graph":[{"@type":"WebPage","@id":"https:\/\/www.storevan.com\/es\/equipamientos-vehiculos-comerciales\/","url":"https:\/\/www.storevan.com\/es\/equipamientos-vehiculos-comerciales\/","name":"Equipamiento para furgonetas y veh\u00edculos comerciales","isPartOf":{"@id":"https:\/\/www.storevan.com\/pl\/#website"},"datePublished":"2015-12-09T08:42:40+00:00","dateModified":"2018-11-09T08:25:58+00:00","description":"Equipamiento para furgonetas y veh\u00edculos comerciales Store Van. Soluciones est\u00e1ndar y personalizadas para todos las furgonetas, visita nuestro catalogo.","breadcrumb":{"@id":"https:\/\/www.storevan.com\/es\/equipamientos-vehiculos-comerciales\/#breadcrumb"},"inLanguage":"es","potentialAction":[{"@type":"ReadAction","target":["https:\/\/www.storevan.com\/es\/equipamientos-vehiculos-comerciales\/"]}]},{"@type":"BreadcrumbList","@id":"https:\/\/www.storevan.com\/es\/equipamientos-vehiculos-comerciales\/#breadcrumb","itemListElement":[{"@type":"ListItem","position":1,"name":"Home","item":"https:\/\/www.storevan.com\/es\/"},{"@type":"ListItem","position":2,"name":"Equipamientos veh\u00edculos comerciales"}]},{"@type":"WebSite","@id":"https:\/\/www.storevan.com\/pl\/#website","url":"https:\/\/www.storevan.com\/pl\/","name":"Store Van","description":"Equipamientos furgonetas","potentialAction":[{"@type":"SearchAction","target":{"@type":"EntryPoint","urlTemplate":"https:\/\/www.storevan.com\/pl\/?s={search_term_string}"},"query-input":"required name=search_term_string"}],"inLanguage":"es"}]}},"_links":{"self":[{"href":"https:\/\/www.storevan.com\/es\/wp-json\/wp\/v2\/pages\/26070"}],"collection":[{"href":"https:\/\/www.storevan.com\/es\/wp-json\/wp\/v2\/pages"}],"about":[{"href":"https:\/\/www.storevan.com\/es\/wp-json\/wp\/v2\/types\/page"}],"author":[{"embeddable":true,"href":"https:\/\/www.storevan.com\/es\/wp-json\/wp\/v2\/users\/470"}],"replies":[{"embeddable":true,"href":"https:\/\/www.storevan.com\/es\/wp-json\/wp\/v2\/comments?post=26070"}],"version-history":[{"count":4,"href":"https:\/\/www.storevan.com\/es\/wp-json\/wp\/v2\/pages\/26070\/revisions"}],"predecessor-version":[{"id":94427,"href":"https:\/\/www.storevan.com\/es\/wp-json\/wp\/v2\/pages\/26070\/revisions\/94427"}],"wp:attachment":[{"href":"https:\/\/www.storevan.com\/es\/wp-json\/wp\/v2\/media?parent=26070"}],"curies":[{"name":"wp","href":"https:\/\/api.w.org\/{rel}","templated":true}]}}