{"id":26062,"date":"2015-12-09T15:16:46","date_gmt":"2015-12-09T14:16:46","guid":{"rendered":"https:\/\/www.storevan.com\/es\/furgoni-fiat\/doblo\/"},"modified":"2022-07-22T11:33:29","modified_gmt":"2022-07-22T11:33:29","slug":"doblo","status":"publish","type":"page","link":"https:\/\/www.storevan.com\/es\/equipamientos-vehiculos-comerciales\/furgonetas-fiat\/doblo\/","title":{"rendered":"Dobl\u00f2"},"content":{"rendered":"<h1 class=\"customblackTitleSmall\">Equipamiento para furgonetas Fiat Dobl\u00f2<\/h1>\n<h2>Soluciones de equipamiento Dobl\u00f2 con suelos, revestimientos interiores y estanter\u00edas<\/h2>\n<p>Entre las furgonetas m\u00e1s vendidas marca Fiat se encuentra la Dobl\u00f2, disponible tanto en la versi\u00f3n de pasajeros como en la versi\u00f3n de carga (Cargo) para uso comercial. El <strong>equipamiento Dobl\u00f2 Cargo<\/strong> de Store Van puede montarse en las furgonetas nuevas y usadas, con <strong>soluciones personalizadas<\/strong> para cualquier necesidad de trabajo.<\/p>\n<p>Equipada con <strong>estanter\u00edas para furgonetas con una gran cantidad de accesorios disponibles<\/strong>, la Dobl\u00f2 Cargo es una excelente soluci\u00f3n para talleres m\u00f3viles.<\/p>\n<p><strong>Suelos y revestimientos interiores han sido dise\u00f1ados ad hoc<\/strong> para proteger la carrocer\u00eda, ofreciendo la posibilidad de <strong>fijar la carga con total seguridad<\/strong>. El suelo para Fiat Dobl\u00f2 tambi\u00e9n est\u00e1 disponible en la versi\u00f3n Floor Up: un equipamiento Dobl\u00f2 con <strong>suelo sobreelevado, cajones debajo del suelo y estanter\u00eda<\/strong>, ideal para optimizar el espacio de una furgoneta de dimensiones peque\u00f1as como esta.<\/p>\n<p>El equipamiento se puede integrar con <strong>bacas, portaescaleras y portatubos<\/strong> que se instalan f\u00e1cilmente en el techo de la furgoneta.<\/p>\n<h3 class=\"customblackTitleExtraSmall\">SOLUCIONES DE EQUIPAMIENTO:<\/h3>\n<section id=\"imgSlide\" class=\"regular sliderSV\">\n<div>\n<div class=\"txtBlue\">SAFETY<\/div>\n<div class=\"ts-gallery\"><a title=\"Equipamiento interior Safety para furgonetas Dobl\u00f2\" href=\"https:\/\/www.storevan.com\/wp-content\/uploads\/veicoli\/pianali-pannellature\/allestimenti-furgoni-piccoli-Safety.jpg\"><img decoding=\"async\" loading=\"lazy\" class=\"alignnone size-medium wp-image-69544\" src=\"https:\/\/www.storevan.com\/wp-content\/uploads\/veicoli\/pianali-pannellature\/allestimenti-furgoni-piccoli-Safety-300x171.jpg\" alt=\"Safety, el equipamiento para furgonetas Fiat Dobl\u00f2\" width=\"300\" height=\"280\" \/><\/a><\/div>\n<h3 class=\"bigTxt\">Safety, Estanter\u00edas con fijaci\u00f3n de la carga de serie<\/h3>\n<div class=\"borderTitle\"><\/div>\n<p>Ejemplo equipamientos: <\/p>\n<p><a title=\"Equipamiento interior Safety para L1 H1\" href=\"https:\/\/www.storevan.com\/allestimento-furgoni\/doblo-l1h1-s\/\"><strong>L1 H1<\/strong> (Batalla 2755 mm)<\/a><br \/>\n<a title=\"Equipamiento interior Safety para L2 H1 MAXI\" href=\"https:\/\/www.storevan.com\/allestimento-furgoni\/doblo-l2h1-s\/\"><strong>L2 H1 MAXI<\/strong> (Batalla 3105 mm)<\/a><\/p>\n<\/div>\n<div>\n<div class=\"txtBlue\">PROFESSIONAL<\/div>\n<div class=\"ts-gallery\"><a title=\"Equipamiento interior Professional para furgonetas Dobl\u00f2\" href=\"https:\/\/www.storevan.com\/wp-content\/uploads\/veicoli\/pianali-pannellature\/scaffalature-per-furgone-piccolo-Professional.jpg\"><img decoding=\"async\" loading=\"lazy\" class=\"alignnone size-medium wp-image-69562\" src=\"https:\/\/www.storevan.com\/wp-content\/uploads\/veicoli\/pianali-pannellature\/scaffalature-per-furgone-piccolo-Professional-300x171.jpg\" alt=\"Professional, el equipamiento para furgonetas Fiat Dobl\u00f2\" width=\"300\" height=\"280\" \/><\/a><\/div>\n<h3 class=\"bigTxt\">Professional, Estanter\u00edas con sistemas de fijaci\u00f3n Airline adicionales<\/h3>\n<div class=\"borderTitle\"><\/div>\n<p>Ejemplo equipamientos:<\/p>\n<p><a title=\"Equipamiento para furgonetas Professional para Dobl\u00f2 L1 H1\" href=\"https:\/\/www.storevan.com\/allestimento-furgoni\/doblo-l1h1-p\/\"><strong>L1 H1<\/strong> (Batalla 2755mm)<\/a><br \/>\n<a title=\"Equipamiento para furgonetas Professional para Dobl\u00f2 L2 H1 MAXI\" href=\"https:\/\/www.storevan.com\/allestimento-furgoni\/doblo-l2h1-p\/\"><strong>L2 H1 MAXI<\/strong> (Batalla 3105 mm)<\/a><\/p>\n<\/div>\n<div>\n<div class=\"txtBlue\">MOBILE<\/div>\n<div id=\"myGallery\" class=\"ts-gallery\"><a title=\"Equipamiento interior Mobile para furgonetas Dobl\u00f2\" href=\"https:\/\/www.storevan.com\/wp-content\/uploads\/veicoli\/pianali-pannellature\/allestimento-furgoni-piccoli-Mobile.jpg\"><img decoding=\"async\" loading=\"lazy\" class=\"alignnone wp-image-69550 size-medium\" src=\"https:\/\/www.storevan.com\/wp-content\/uploads\/veicoli\/pianali-pannellature\/allestimento-furgoni-piccoli-Mobile-300x171.jpg\" alt=\"Mobile, el equipamiento para furgonetas Fiat Dobl\u00f2\" width=\"300\" height=\"280\" \/><\/a><\/div>\n<h3 class=\"bigTxt\">Mobile, Equipamiento integrado con maletines para piezas peque\u00f1as y carros<\/h3>\n<div class=\"borderTitle\"><\/div>\n<p>Ejemplo equipamientos:<\/p>\n<p><a title=\"Equipos Mobile para Dobl\u00f2 L1 H1\" href=\"https:\/\/www.storevan.com\/allestimento-furgoni\/doblo-l1h1-m\/\"><strong>L1 H1<\/strong> (Batalla 2755mm)<\/a><br \/>\n<a title=\"Equipos Mobile para Dobl\u00f2 L2 H1 MAXI\" href=\"https:\/\/www.storevan.com\/allestimento-furgoni\/doblo-l2h1-m\/\"><strong>L2 H1 MAXI<\/strong> (Batalla 3105 mm)<\/a><\/p>\n<\/div>\n<div>\n<div class=\"txtBlue\">FLOOR UP<\/div>\n<div class=\"ts-gallery\"><a title=\"Equipamiento interior Floor up para furgonetas Dobl\u00f2\" href=\"https:\/\/www.storevan.com\/wp-content\/uploads\/veicoli\/pianali-pannellature\/pianale-rialzato-con-cassetti-Floor-up.jpg\"><img decoding=\"async\" loading=\"lazy\" class=\"alignnone size-medium wp-image-69556\" src=\"https:\/\/www.storevan.com\/wp-content\/uploads\/veicoli\/pianali-pannellature\/pianale-rialzato-con-cassetti-Floor-up-300x171.jpg\" alt=\"Allestimento interni furgone Floor Up\" alt=\"Floor Up, el equipamiento para furgonetas Fiat Dobl\u00f2\" width=\"300\" height=\"280\" \/><\/a><\/div>\n<h3 class=\"bigTxt\">Floor Up, Soluci\u00f3n con cajones debajo del suelo y estanter\u00edas para furgonetas peque\u00f1as y medianas<\/h3>\n<div class=\"borderTitle\"><\/div>\n<p>Ejemplo equipamientos:<\/p>\n<p><a title=\"Equipamientos para furgonetas Floor Up para Dobl\u00f2 L1 H1\" href=\"https:\/\/www.storevan.com\/allestimento-furgoni\/doblo-l1h1-f\/\"><strong>L1 H1<\/strong> (Batalla 2755mm)<\/a><br \/>\n<a title=\"Equipamientos para furgonetas Floor Up para Dobl\u00f2 L2 H1 MAXI\" href=\"https:\/\/www.storevan.com\/allestimento-furgoni\/doblo-l2h1-f\/\"><strong>L2 H1 MAXI<\/strong> (Batalla 3105 mm)<\/a><\/p>\n<\/div>\n<\/section>\n<hr class=\"noColor\" \/>\n<p class=\"btn btnLink\" >Haga clic aqu\u00ed para saber m\u00e1s sobre las soluciones <strong><a title=\"Soluciones de equipamiento interior Safety, Professional, Mobile\" href=\"https:\/\/www.storevan.com\/es\/equipamientos-interiores-furgonetas\/\"style=\"margin-right:0;\">SAFETY, PROFESSIONAL, MOBILE<\/a> y <a href=\"https:\/\/www.storevan.com\/es\/productos\/suelo-sobreelevado-furgonetas\/\" title=\"Equipamientos para furgonetas Floor Up\">FLOOR UP<\/a><\/strong><\/p>\n<hr class=\"noColor\"\/>\n<h3 class=\"bigTxt text-center txtGrey\">LA BASE PARA LA PROTECCI\u00d3N SEGURA DE LOS VEH\u00cdCULOS<\/h3>\n<hr class=\"noColor\" \/>\n<div class=\"two_third\">\n<a title=\"Revestimiento interior y suelo para Fiat Dobl\u00f2\" href=\"https:\/\/www.storevan.com\/es\/equipamientos-vehiculos-comerciales\/furgonetas-fiat\/doblo\/suelos-paneles\/\"><img decoding=\"async\" loading=\"lazy\" class=\"aligncenter size-full wp-image-64855\" src=\"https:\/\/www.storevan.com\/wp-content\/uploads\/veicoli\/pianali-pannellature\/pianali-furgone-rivestimento-interno.jpg\" alt=\"Revestimiento interior y suelo para Fiat Dobl\u00f2\" width=\"750\" height=\"600\" \/><\/a><\/p>\n<\/div><div class=\"one_third last\">\n<div class=\"boxBorder\">\n<h4 class=\"bigTxt blue hidden-xs\">SUELO DOBL\u00d2 Y REVESTIMIENTO INTERIOR<\/h4>\n<div class=\"borderTitleCenter hidden-xs\"><\/div>\n<h5 class=\"hidden-xs\">Soluciones certificadas T\u00dcV.<img decoding=\"async\" loading=\"lazy\" class=\"alignnone size-full wp-image-67769\" src=\"https:\/\/www.storevan.com\/wp-content\/uploads\/veicoli\/pianali-pannellature\/logo-ISO9001.jpg\" alt=\"Soluciones certificados T\u00dcV\" width=\"50\" height=\"50\" \/><\/h5>\n<div class=\"borderTitleCenter hidden-xs\"><\/div>\n<hr class=\"noColor hidden-xs\" \/>\n<div class=\"ts-gallery hidden-xs\"><div class=\"one_half\">\n<a href=\"https:\/\/www.storevan.com\/wp-content\/uploads\/veicoli\/pianali-pannellature\/Dettaglio-pianale-per-furgone-con-punti-ancoraggio-verticali-e-orizzontali.jpg\"><img decoding=\"async\" loading=\"lazy\" class=\"alignnone wp-image-64382 size-thumbnail\" title=\"Suelos y paneles para Dobl\u00f2\" src=\"https:\/\/www.storevan.com\/wp-content\/uploads\/veicoli\/pianali-pannellature\/Dettaglio-pianale-per-furgone-con-punti-ancoraggio-verticali-e-orizzontali-150x150.jpg\" alt=\"Suelos y paneles para Dobl\u00f2\" width=\"150\" height=\"150\" \/><\/a><br \/>\n<\/div><div class=\"one_half last\">\n<a href=\"https:\/\/www.storevan.com\/wp-content\/uploads\/veicoli\/pianali-pannellature\/allestimento-per-furgone-con-pianale-wood-floor.jpg\"><img decoding=\"async\" loading=\"lazy\" class=\"alignnone wp-image-64451 size-thumbnail\" title=\"Suelos y paneles\" src=\"https:\/\/www.storevan.com\/wp-content\/uploads\/veicoli\/pianali-pannellature\/allestimento-per-furgone-con-pianale-wood-floor-150x150.jpg\" alt=\"Suelos y paneles\" width=\"150\" height=\"150\" \/><\/a><br \/>\n<\/div><div class=\"clearboth\"><\/div><\/div>\n<div class=\"ts-gallery hidden-xs\"><div class=\"one_half\">\n<a href=\"https:\/\/www.storevan.com\/wp-content\/uploads\/veicoli\/pianali-pannellature\/guide-airline-soffitto-furgone.jpg\"><img decoding=\"async\" loading=\"lazy\" class=\"alignnone wp-image-64394 size-thumbnail\" title=\"Suelos Safety Floor\" src=\"https:\/\/www.storevan.com\/wp-content\/uploads\/veicoli\/pianali-pannellature\/guide-airline-soffitto-furgone-150x150.jpg\" alt=\"Suelos Safety Floor\" width=\"150\" height=\"150\" \/><\/a><br \/>\n<\/div><div class=\"one_half last\">\n<a href=\"https:\/\/www.storevan.com\/wp-content\/uploads\/veicoli\/pianali-pannellature\/pianale-per-furgone-con-barre-fermacarico.jpg\"><img decoding=\"async\" loading=\"lazy\" class=\"alignnone wp-image-64418 size-thumbnail\" title=\"Suelos y paneles para Dobl\u00f2\" src=\"https:\/\/www.storevan.com\/wp-content\/uploads\/veicoli\/pianali-pannellature\/pianale-per-furgone-con-barre-fermacarico-150x150.jpg\" alt=\"Suelos y paneles para Dobl\u00f2\" width=\"150\" height=\"150\" \/><\/a><br \/>\n<\/div><div class=\"clearboth\"><\/div><\/div>\n<div class=\"btnFullWidth\"><a class=\"btn btn-blue\" href=\"https:\/\/www.storevan.com\/es\/equipamientos-vehiculos-comerciales\/furgonetas-fiat\/doblo\/suelos-paneles\/\">DESCUBRA LOS SUELOS Y PANELES PARA DOBL\u00d2 <i class=\"fa fa-angle-double-right\"><\/i><\/a><\/div>\n<\/div>\n<\/div><div class=\"clearboth\"><\/div>\n<p>Equipos y mercanc\u00edas sueltas, golpes, \u00f3xido y desgaste son las principales amenazas para la carrocer\u00eda interior de la Dobl\u00f2 y para el bolsillo de su propietario. Store Van ha dise\u00f1ado meticulosamente suelos y paneles, obteniendo la <strong>m\u00e1xima resistencia, durabilidad, protecci\u00f3n y seguridad de la mercanc\u00eda transportada y de la carrocer\u00eda<\/strong>.<br \/>\nEl suelo, de madera fen\u00f3lica contraplacada o de aluminio lagrimado, protege la superficie practicable de las tensiones de transporte; del mismo modo, los paneles laterales de placa alveolar de polipropileno protegen los laterales de abolladuras, a menudo costosas de reparar.<\/p>\n<p>El revestimiento puede integrar las <strong>gu\u00edas \u201cAirline\u201d<\/strong> creando un sistema completo de <strong>fijaci\u00f3n horizontal y vertical<\/strong>.<\/p>\n<p>De esta manera, la mercanc\u00eda puede fijarse de forma flexible y segura, de conformidad con la <a href=\"https:\/\/www.storevan.com\/es\/productos\/furgonetas-seguridad-carga\/\">Directiva 2014\/47\/UE<\/a> para los m\u00e1s altos est\u00e1ndares de calidad.<\/p>\n<h4>LAS VENTAJAS<\/h4>\n<ul class=\"arrow\">\n<li>protecci\u00f3n para la carrocer\u00eda<\/li>\n<li>transporte seguro de la mercanc\u00eda<\/li>\n<li>conformidad con la Directiva 2014\/47\/UE<\/li>\n<\/ul>\n<h3 class=\"bigTxt text-center txtGrey\">COMPLETE EL EQUIPAMIENTO PARA DOBL\u00d2 CARGO CON<\/h3>\n<div class=\"one_half\">\n<img decoding=\"async\" loading=\"lazy\" class=\"aligncenter wp-image-66332 size-full\" src=\"https:\/\/www.storevan.com\/wp-content\/uploads\/veicoli\/pianali-pannellature\/portatutto-portascala-space-up.jpg\" alt=\"BACAS Y PORTAESCALERAS PARA DOBL\u00d2\" width=\"745\" height=\"200\" \/><br \/>\n<\/div><div class=\"one_half last\">\n<h4 class=\"bigTxt blue\">BACAS Y PORTAESCALERAS PARA DOBL\u00d2<\/h4>\n<div class=\"borderTitle\"><\/div>\n<p>Cuando la furgoneta queda peque\u00f1a para transportar material y equipos, haga espacio con las bacas y portaescaleras Store Van. Si fuera un eslogan, ser\u00eda \u201cless is more\u201d (\u201cmenos es m\u00e1s\u201d), mientras que, por el contrario, es la quintaesencia del dise\u00f1o que aumenta la capacidad de almacenamiento en la zona de carga.<\/p>\n<p><a class=\"btn btn-blue\" title=\"Descubra las bacas y portaescaleras para dobl\u00f2\" href=\"https:\/\/www.storevan.com\/es\/equipamientos-vehiculos-comerciales\/furgonetas-fiat\/doblo\/bacas-portaescaleras\/\">DESCUBRA LAS BACAS Y PORTAESCALERAS PARA DOBL\u00d2<\/a><br \/>\n<\/div><div class=\"clearboth\"><\/div>\n<hr class=\"noColor\" \/>\n<div class=\"break\"><\/div>\n<hr \/>\n<div class=\"one_half\">\n<div class=\"text-center\"><a class=\"btn btn-download\" href=\"tel:+390424585455\"><i class=\"fa fa-phone\"><\/i> <span class=\"spanBtn\">LLAME AHORA<\/span><br \/>\npara cualquier informaci\u00f3n<\/a><\/div>\n<\/div><div class=\"one_half last\">\n<div class=\"text-center\"><a class=\"btn btn-download\" href=\"https:\/\/www.storevan.com\/wp-content\/uploads\/doc\/FIAT_DOBLO_Equipamiento_Wyposazenie_StoreVan_espl.pdf\" target=\"_blank\" rel=\"noopener\"><i class=\"fa fa-download\"><\/i> <span class=\"spanBtn\">DESCARGAR<\/span><br \/>\nCAT\u00c1LOGO DOBL\u00d2<\/a><\/div>\n<\/div><div class=\"clearboth\"><\/div>\n<hr \/>\n<h4 class=\"bigTxt\">Transformaci\u00f3n de su furgoneta Fiat Dobl\u00f2 en un taller m\u00f3vil.<\/h4>\n<div class=\"borderTitle\"><\/div>\n<p>Store Van realiza las soluciones m\u00e1s diversas de taller m\u00f3vil, cualquiera que sea la actividad que se debe realizar con la furgoneta. Es el \u00fanico fabricante del mundo que utiliza la chapa \u201cgalvannealed\u201d con recubrimiento por cataforesis, que limita la agresi\u00f3n del \u00f3xido. La satisfacci\u00f3n de un cliente por el servicio recibido depende de la habilidad del artesano y de la competencia, prontitud y puntualidad con la que desempe\u00f1a su trabajo. En esta perspectiva, un buen equipamiento se convierte en una credencial respetable, s\u00edmbolo de profesionalidad que cuadra el c\u00edrculo y se convierte en un boca a boca con colegas y amigos que buscan un \u201cbuen consejo\u201d.<\/p>\n<p><strong><em>Una inversi\u00f3n que aumenta la productividad de la empresa.<\/em><\/strong><\/p>\n<p>Identificados los numerosos beneficios ofrecidos, un empresario no pierde la oportunidad de estar un paso adelante de la competencia y ahorrar invirtiendo en innovaci\u00f3n tecnol\u00f3gica. De hecho, un equipamiento para furgonetas Dobl\u00f2, al reducir la inactividad, mejora las relaciones con los clientes y disminuye los costes: la <strong>matriculaci\u00f3n del veh\u00edculo como un taller m\u00f3vil<\/strong> produce un <strong>ahorro del 30%<\/strong> del precio del seguro.<\/p>\n<p><a class=\"btn btn-blue\" title=\"Visite la galer\u00eda\" href=\"https:\/\/www.storevan.com\/es\/equipamientos-furgonetas-gallery\/fiat\/\" target=\"_blank\" rel=\"noopener\">Visite la galer\u00eda <i class=\"fa fa-angle-double-right\"><\/i><\/a><\/p>\n<hr \/>\n<h4 class=\"bigTxt text-center txtBkOrange\"><i class=\"fa fa-envelope pull-left\"><\/i>\u00bfQUIERES SABER M\u00c1S?<\/h4>\n\n<div class=\"wpcf7 no-js\" id=\"wpcf7-f67674-o1\" lang=\"it-IT\" dir=\"ltr\">\n<div class=\"screen-reader-response\"><p role=\"status\" aria-live=\"polite\" aria-atomic=\"true\"><\/p> <ul><\/ul><\/div>\n<form action=\"\/es\/wp-json\/wp\/v2\/pages\/26062#wpcf7-f67674-o1\" method=\"post\" class=\"wpcf7-form init\" aria-label=\"Modulo di contatto\" novalidate=\"novalidate\" data-status=\"init\">\n<div style=\"display: none;\">\n<input type=\"hidden\" name=\"_wpcf7\" value=\"67674\" \/>\n<input type=\"hidden\" name=\"_wpcf7_version\" value=\"5.7.7\" \/>\n<input type=\"hidden\" name=\"_wpcf7_locale\" value=\"it_IT\" \/>\n<input type=\"hidden\" name=\"_wpcf7_unit_tag\" value=\"wpcf7-f67674-o1\" \/>\n<input type=\"hidden\" name=\"_wpcf7_container_post\" value=\"0\" \/>\n<input type=\"hidden\" name=\"_wpcf7_posted_data_hash\" value=\"\" \/>\n<input type=\"hidden\" name=\"_wpcf7_recaptcha_response\" value=\"\" \/>\n<\/div>\n<span class=\"wpcf7-form-control-wrap url\" data-name=\"url\"><input type=\"hidden\" name=\"url\" size=\"40\" class=\"wpcf7-form-control wpcf7-hidden wpcf7dtx wpcf7dtx-hidden\" aria-invalid=\"false\" value=\"doblo\" autocomplete=\"off\" \/><\/span>\n<p>Complete los siguientes campos para recibir m\u00e1s informaci\u00f3n. Uno de nuestros operadores se pondr\u00e1 en contacto con usted lo antes posible (* campos obligatorios):\n<\/p>\n<div class=\"col-xs-12 col-md-6\">\n\t<p><span class='titoli'>Nombre (*)<\/span>\n\t<\/p>\n\t<p><span class=\"wpcf7-form-control-wrap\" data-name=\"your-name\"><input size=\"40\" class=\"wpcf7-form-control wpcf7-text wpcf7-validates-as-required form-control\" aria-required=\"true\" aria-invalid=\"false\" value=\"\" type=\"text\" name=\"your-name\" \/><\/span>\n\t<\/p>\n<\/div>\n<div class=\"col-xs-12 col-md-6\">\n\t<p><span class='titoli'>Apellidos (*)<\/span>\n\t<\/p>\n\t<p><span class=\"wpcf7-form-control-wrap\" data-name=\"your-last-name\"><input size=\"40\" class=\"wpcf7-form-control wpcf7-text wpcf7-validates-as-required form-control\" aria-required=\"true\" aria-invalid=\"false\" value=\"\" type=\"text\" name=\"your-last-name\" \/><\/span>\n\t<\/p>\n<\/div>\n<div class=\"col-xs-12 col-md-6\">\n\t<p><span class='titoli'>Empresa(*)<\/span>\n\t<\/p>\n\t<p><span class=\"wpcf7-form-control-wrap\" data-name=\"your-company\"><input size=\"40\" class=\"wpcf7-form-control wpcf7-text wpcf7-validates-as-required form-control\" aria-required=\"true\" aria-invalid=\"false\" value=\"\" type=\"text\" name=\"your-company\" \/><\/span>\n\t<\/p>\n<\/div>\n<div class=\"col-xs-12 col-md-6\">\n\t<p><span class='titoli'>C\u00f3d. NIF<\/span>\n\t<\/p>\n\t<p><span class=\"wpcf7-form-control-wrap\" data-name=\"p-iva\"><input size=\"40\" class=\"wpcf7-form-control wpcf7-text form-control\" aria-invalid=\"false\" value=\"\" type=\"text\" name=\"p-iva\" \/><\/span>\n\t<\/p>\n<\/div>\n<div class=\"clearboth\">\n<\/div>\n<div class=\"col-xs-12 col-md-4\">\n\t<p><span class='titoli'>C\u00f3digo Postal(*)<\/span>\n\t<\/p>\n\t<p><span class=\"wpcf7-form-control-wrap\" data-name=\"your-zip-code\"><input size=\"40\" class=\"wpcf7-form-control wpcf7-text wpcf7-validates-as-required form-control\" aria-required=\"true\" aria-invalid=\"false\" value=\"\" type=\"text\" name=\"your-zip-code\" \/><\/span>\n\t<\/p>\n<\/div>\n<div class=\"col-xs-12 col-md-4\">\n\t<p><span class='titoli'>Direcci\u00f3n (*)<\/span>\n\t<\/p>\n\t<p><span class=\"wpcf7-form-control-wrap\" data-name=\"your-address\"><input size=\"40\" class=\"wpcf7-form-control wpcf7-text wpcf7-validates-as-required form-control\" aria-required=\"true\" aria-invalid=\"false\" value=\"\" type=\"text\" name=\"your-address\" \/><\/span>\n\t<\/p>\n<\/div>\n<div class=\"col-xs-12 col-md-4\">\n\t<p><span class='titoli'>Ciudad (*)<\/span>\n\t<\/p>\n\t<p><span class=\"wpcf7-form-control-wrap\" data-name=\"your-Town\"><input size=\"40\" class=\"wpcf7-form-control wpcf7-text wpcf7-validates-as-required form-control\" aria-required=\"true\" aria-invalid=\"false\" value=\"\" type=\"text\" name=\"your-Town\" \/><\/span>\n\t<\/p>\n<\/div>\n<div class=\"clearboth\">\n<\/div>\n<div class=\"col-xs-12 col-md-6\">\n\t<p><span class='titoli'>email (*)<\/span>\n\t<\/p>\n\t<p><span class=\"wpcf7-form-control-wrap\" data-name=\"your-email\"><input size=\"40\" class=\"wpcf7-form-control wpcf7-text wpcf7-email wpcf7-validates-as-required wpcf7-validates-as-email form-control\" aria-required=\"true\" aria-invalid=\"false\" value=\"\" type=\"email\" name=\"your-email\" \/><\/span>\n\t<\/p>\n<\/div>\n<div class=\"col-xs-12 col-md-6\">\n\t<p><span class='titoli'>Tel\u00e9fono (*)<\/span>\n\t<\/p>\n\t<p><span class=\"wpcf7-form-control-wrap\" data-name=\"telefono\"><input size=\"40\" class=\"wpcf7-form-control wpcf7-text wpcf7-tel wpcf7-validates-as-required wpcf7-validates-as-tel form-control\" aria-required=\"true\" aria-invalid=\"false\" value=\"\" type=\"tel\" name=\"telefono\" \/><\/span>\n\t<\/p>\n<\/div>\n<div class=\"clearboth\">\n<\/div>\n<div class=\"col-xs-12 col-md-6\">\n\t<p><span class='titoli'>Objeto <\/span>\n\t<\/p>\n\t<p><span class=\"wpcf7-form-control-wrap\" data-name=\"oggetto\"><select class=\"wpcf7-form-control wpcf7-select wpcf7-validates-as-required\" aria-required=\"true\" aria-invalid=\"false\" name=\"oggetto\"><option value=\"Solicitud de presupuesto\">Solicitud de presupuesto<\/option><option value=\"Informaci\u00f3n t\u00e9cnica\">Informaci\u00f3n t\u00e9cnica<\/option><option value=\"Cita\">Cita<\/option><\/select><\/span>\n\t<\/p>\n<\/div>\n<div class=\"col-xs-12 col-md-6\">\n\t<p><br \/>\n<span class=\"titoli\"> <span class=\"wpcf7-form-control-wrap\" data-name=\"cliente\"><span class=\"wpcf7-form-control wpcf7-checkbox\"><span class=\"wpcf7-list-item first last\"><label><span class=\"wpcf7-list-item-label\">Soy un cliente<\/span><input type=\"checkbox\" name=\"cliente[]\" value=\"Soy un cliente\" \/><\/label><\/span><\/span><\/span><\/span>\n\t<\/p>\n<\/div>\n<div class=\"col-xs-12 col-md-12\">\n\t<p><span class='titoli'>Mensaje (*)<\/span>\n\t<\/p>\n\t<p><span class=\"wpcf7-form-control-wrap\" data-name=\"your-message\"><textarea cols=\"40\" rows=\"10\" class=\"wpcf7-form-control wpcf7-textarea wpcf7-validates-as-required form-control\" aria-required=\"true\" aria-invalid=\"false\" name=\"your-message\"><\/textarea><\/span>\n\t<\/p>\n<\/div>\n<div class=\"col-xs-12 col-md-12\">\n\t<p><small>Los datos introducidos ser\u00e1n tratados con estricta confidencialidad de acuerdo con la ley y con nuestra <a href=\"https:\/\/www.storevan.com\/es\/privacy-policy\/\">pol\u00edtica de privacidad<\/a>.<\/small>\n\t<\/p>\n\t<p><span class=\"wpcf7-form-control-wrap\" data-name=\"AccettazionePrivacy\"><span class=\"wpcf7-form-control wpcf7-acceptance\"><span class=\"wpcf7-list-item\"><input type=\"checkbox\" name=\"AccettazionePrivacy\" value=\"1\" aria-invalid=\"false\" \/><\/span><\/span><\/span> Declaro haber le\u00eddo la Informaci\u00f3n sobre la <a href=\"https:\/\/www.storevan.com\/es\/privacy-policy\/\">Privacy<\/a> y autorizo el tratamiento de mis datos personales de conformidad con aquello aqu\u00ed descrito.(*)<br \/>\n\t<span class=\"wpcf7-form-control-wrap recaptcha\" data-name=\"recaptcha\"><span data-sitekey=\"6LdfM4AUAAAAAJjsAucux5WVNA3hsk5KP0a03T_n\" class=\"wpcf7-form-control g-recaptcha wpcf7-recaptcha\"><\/span>\r\n<noscript>\r\n\t<div class=\"grecaptcha-noscript\">\r\n\t\t<iframe src=\"https:\/\/www.google.com\/recaptcha\/api\/fallback?k=6LdfM4AUAAAAAJjsAucux5WVNA3hsk5KP0a03T_n\" frameborder=\"0\" scrolling=\"no\" width=\"310\" height=\"430\">\r\n\t\t<\/iframe>\r\n\t\t<textarea name=\"g-recaptcha-response\" rows=\"3\" cols=\"40\" placeholder=\"Aqu\u00ed la respuesta de reCAPTCHA\">\r\n\t\t<\/textarea>\r\n\t<\/div>\r\n<\/noscript>\r\n<\/span>\n\t<\/p>\n<\/div>\n<hr class=\"noColor\" \/>\n<p><input class=\"wpcf7-form-control has-spinner wpcf7-submit\" type=\"submit\" value=\"Env\u00edo\" \/>\n<\/p><div class=\"wpcf7-response-output\" aria-hidden=\"true\"><\/div>\n<\/form>\n<\/div>\n\n","protected":false},"excerpt":{"rendered":"<p>Equipamiento para furgonetas Fiat Dobl\u00f2 Soluciones de equipamiento Dobl\u00f2 con suelos, revestimientos interiores y estanter\u00edas Entre las furgonetas m\u00e1s vendidas marca Fiat se encuentra la Dobl\u00f2, disponible tanto en la.<\/p>\n","protected":false},"author":470,"featured_media":0,"parent":26060,"menu_order":0,"comment_status":"closed","ping_status":"closed","template":"pageSlider.php","meta":[],"acf":[],"yoast_head":"<!-- This site is optimized with the Yoast SEO plugin v20.11 - https:\/\/yoast.com\/wordpress\/plugins\/seo\/ -->\n<title>Equipamientos furgonetas Fiat Dobl\u00f2<\/title>\n<meta name=\"description\" content=\"Soluciones de equipamiento para Dobl\u00f2 Cargo con estanter\u00edas para furgonetas, suelos, revestimientos interiores, bacas y portaescaleras. \u00a1Configure con Store Van su equipamiento personalizado para furgonetas Dobl\u00f2!\" \/>\n<meta name=\"robots\" content=\"index, follow, max-snippet:-1, max-image-preview:large, max-video-preview:-1\" \/>\n<link rel=\"canonical\" href=\"https:\/\/www.storevan.com\/es\/equipamientos-vehiculos-comerciales\/furgonetas-fiat\/doblo\/\" \/>\n<meta property=\"og:locale\" content=\"es_ES\" \/>\n<meta property=\"og:type\" content=\"article\" \/>\n<meta property=\"og:title\" content=\"Equipamientos furgonetas Fiat Dobl\u00f2\" \/>\n<meta property=\"og:description\" content=\"Soluciones de equipamiento para Dobl\u00f2 Cargo con estanter\u00edas para furgonetas, suelos, revestimientos interiores, bacas y portaescaleras. \u00a1Configure con Store Van su equipamiento personalizado para furgonetas Dobl\u00f2!\" \/>\n<meta property=\"og:url\" content=\"https:\/\/www.storevan.com\/es\/equipamientos-vehiculos-comerciales\/furgonetas-fiat\/doblo\/\" \/>\n<meta property=\"og:site_name\" content=\"Store Van\" \/>\n<meta property=\"article:modified_time\" content=\"2022-07-22T11:33:29+00:00\" \/>\n<meta property=\"og:image\" content=\"https:\/\/www.storevan.com\/wp-content\/uploads\/veicoli\/pianali-pannellature\/allestimenti-furgoni-piccoli-Safety-300x171.jpg\" \/>\n<meta name=\"twitter:label1\" content=\"Tiempo de lectura\" \/>\n\t<meta name=\"twitter:data1\" content=\"4 minutos\" \/>\n<script type=\"application\/ld+json\" class=\"yoast-schema-graph\">{\"@context\":\"https:\/\/schema.org\",\"@graph\":[{\"@type\":\"WebPage\",\"@id\":\"https:\/\/www.storevan.com\/es\/equipamientos-vehiculos-comerciales\/furgonetas-fiat\/doblo\/\",\"url\":\"https:\/\/www.storevan.com\/es\/equipamientos-vehiculos-comerciales\/furgonetas-fiat\/doblo\/\",\"name\":\"Equipamientos furgonetas Fiat Dobl\u00f2\",\"isPartOf\":{\"@id\":\"https:\/\/www.storevan.com\/pl\/#website\"},\"datePublished\":\"2015-12-09T14:16:46+00:00\",\"dateModified\":\"2022-07-22T11:33:29+00:00\",\"description\":\"Soluciones de equipamiento para Dobl\u00f2 Cargo con estanter\u00edas para furgonetas, suelos, revestimientos interiores, bacas y portaescaleras. \u00a1Configure con Store Van su equipamiento personalizado para furgonetas Dobl\u00f2!\",\"breadcrumb\":{\"@id\":\"https:\/\/www.storevan.com\/es\/equipamientos-vehiculos-comerciales\/furgonetas-fiat\/doblo\/#breadcrumb\"},\"inLanguage\":\"es\",\"potentialAction\":[{\"@type\":\"ReadAction\",\"target\":[\"https:\/\/www.storevan.com\/es\/equipamientos-vehiculos-comerciales\/furgonetas-fiat\/doblo\/\"]}]},{\"@type\":\"BreadcrumbList\",\"@id\":\"https:\/\/www.storevan.com\/es\/equipamientos-vehiculos-comerciales\/furgonetas-fiat\/doblo\/#breadcrumb\",\"itemListElement\":[{\"@type\":\"ListItem\",\"position\":1,\"name\":\"Home\",\"item\":\"https:\/\/www.storevan.com\/es\/\"},{\"@type\":\"ListItem\",\"position\":2,\"name\":\"Equipamientos veh\u00edculos comerciales\",\"item\":\"https:\/\/www.storevan.com\/es\/equipamientos-vehiculos-comerciales\/\"},{\"@type\":\"ListItem\",\"position\":3,\"name\":\"Fiat\",\"item\":\"https:\/\/www.storevan.com\/es\/equipamientos-vehiculos-comerciales\/furgonetas-fiat\/\"},{\"@type\":\"ListItem\",\"position\":4,\"name\":\"Dobl\u00f2\"}]},{\"@type\":\"WebSite\",\"@id\":\"https:\/\/www.storevan.com\/pl\/#website\",\"url\":\"https:\/\/www.storevan.com\/pl\/\",\"name\":\"Store Van\",\"description\":\"Equipamientos furgonetas\",\"potentialAction\":[{\"@type\":\"SearchAction\",\"target\":{\"@type\":\"EntryPoint\",\"urlTemplate\":\"https:\/\/www.storevan.com\/pl\/?s={search_term_string}\"},\"query-input\":\"required name=search_term_string\"}],\"inLanguage\":\"es\"}]}<\/script>\n<!-- \/ Yoast SEO plugin. -->","yoast_head_json":{"title":"Equipamientos furgonetas Fiat Dobl\u00f2","description":"Soluciones de equipamiento para Dobl\u00f2 Cargo con estanter\u00edas para furgonetas, suelos, revestimientos interiores, bacas y portaescaleras. \u00a1Configure con Store Van su equipamiento personalizado para furgonetas Dobl\u00f2!","robots":{"index":"index","follow":"follow","max-snippet":"max-snippet:-1","max-image-preview":"max-image-preview:large","max-video-preview":"max-video-preview:-1"},"canonical":"https:\/\/www.storevan.com\/es\/equipamientos-vehiculos-comerciales\/furgonetas-fiat\/doblo\/","og_locale":"es_ES","og_type":"article","og_title":"Equipamientos furgonetas Fiat Dobl\u00f2","og_description":"Soluciones de equipamiento para Dobl\u00f2 Cargo con estanter\u00edas para furgonetas, suelos, revestimientos interiores, bacas y portaescaleras. \u00a1Configure con Store Van su equipamiento personalizado para furgonetas Dobl\u00f2!","og_url":"https:\/\/www.storevan.com\/es\/equipamientos-vehiculos-comerciales\/furgonetas-fiat\/doblo\/","og_site_name":"Store Van","article_modified_time":"2022-07-22T11:33:29+00:00","og_image":[{"url":"https:\/\/www.storevan.com\/wp-content\/uploads\/veicoli\/pianali-pannellature\/allestimenti-furgoni-piccoli-Safety-300x171.jpg"}],"twitter_misc":{"Tiempo de lectura":"4 minutos"},"schema":{"@context":"https:\/\/schema.org","@graph":[{"@type":"WebPage","@id":"https:\/\/www.storevan.com\/es\/equipamientos-vehiculos-comerciales\/furgonetas-fiat\/doblo\/","url":"https:\/\/www.storevan.com\/es\/equipamientos-vehiculos-comerciales\/furgonetas-fiat\/doblo\/","name":"Equipamientos furgonetas Fiat Dobl\u00f2","isPartOf":{"@id":"https:\/\/www.storevan.com\/pl\/#website"},"datePublished":"2015-12-09T14:16:46+00:00","dateModified":"2022-07-22T11:33:29+00:00","description":"Soluciones de equipamiento para Dobl\u00f2 Cargo con estanter\u00edas para furgonetas, suelos, revestimientos interiores, bacas y portaescaleras. \u00a1Configure con Store Van su equipamiento personalizado para furgonetas Dobl\u00f2!","breadcrumb":{"@id":"https:\/\/www.storevan.com\/es\/equipamientos-vehiculos-comerciales\/furgonetas-fiat\/doblo\/#breadcrumb"},"inLanguage":"es","potentialAction":[{"@type":"ReadAction","target":["https:\/\/www.storevan.com\/es\/equipamientos-vehiculos-comerciales\/furgonetas-fiat\/doblo\/"]}]},{"@type":"BreadcrumbList","@id":"https:\/\/www.storevan.com\/es\/equipamientos-vehiculos-comerciales\/furgonetas-fiat\/doblo\/#breadcrumb","itemListElement":[{"@type":"ListItem","position":1,"name":"Home","item":"https:\/\/www.storevan.com\/es\/"},{"@type":"ListItem","position":2,"name":"Equipamientos veh\u00edculos comerciales","item":"https:\/\/www.storevan.com\/es\/equipamientos-vehiculos-comerciales\/"},{"@type":"ListItem","position":3,"name":"Fiat","item":"https:\/\/www.storevan.com\/es\/equipamientos-vehiculos-comerciales\/furgonetas-fiat\/"},{"@type":"ListItem","position":4,"name":"Dobl\u00f2"}]},{"@type":"WebSite","@id":"https:\/\/www.storevan.com\/pl\/#website","url":"https:\/\/www.storevan.com\/pl\/","name":"Store Van","description":"Equipamientos furgonetas","potentialAction":[{"@type":"SearchAction","target":{"@type":"EntryPoint","urlTemplate":"https:\/\/www.storevan.com\/pl\/?s={search_term_string}"},"query-input":"required name=search_term_string"}],"inLanguage":"es"}]}},"_links":{"self":[{"href":"https:\/\/www.storevan.com\/es\/wp-json\/wp\/v2\/pages\/26062"}],"collection":[{"href":"https:\/\/www.storevan.com\/es\/wp-json\/wp\/v2\/pages"}],"about":[{"href":"https:\/\/www.storevan.com\/es\/wp-json\/wp\/v2\/types\/page"}],"author":[{"embeddable":true,"href":"https:\/\/www.storevan.com\/es\/wp-json\/wp\/v2\/users\/470"}],"replies":[{"embeddable":true,"href":"https:\/\/www.storevan.com\/es\/wp-json\/wp\/v2\/comments?post=26062"}],"version-history":[{"count":7,"href":"https:\/\/www.storevan.com\/es\/wp-json\/wp\/v2\/pages\/26062\/revisions"}],"predecessor-version":[{"id":146759,"href":"https:\/\/www.storevan.com\/es\/wp-json\/wp\/v2\/pages\/26062\/revisions\/146759"}],"up":[{"embeddable":true,"href":"https:\/\/www.storevan.com\/es\/wp-json\/wp\/v2\/pages\/26060"}],"wp:attachment":[{"href":"https:\/\/www.storevan.com\/es\/wp-json\/wp\/v2\/media?parent=26062"}],"curies":[{"name":"wp","href":"https:\/\/api.w.org\/{rel}","templated":true}]}}