{"id":26058,"date":"2015-12-14T09:55:00","date_gmt":"2015-12-14T08:55:00","guid":{"rendered":"https:\/\/www.storevan.com\/es\/furgoni-dacia\/"},"modified":"2018-10-01T10:05:13","modified_gmt":"2018-10-01T10:05:13","slug":"furgonetas-dacia","status":"publish","type":"page","link":"https:\/\/www.storevan.com\/es\/equipamientos-vehiculos-comerciales\/furgonetas-dacia\/","title":{"rendered":"Dacia"},"content":{"rendered":"<h1 class=\"customblackTitleSmall\">Equipamiento furgonetas Dacia<\/h1>\n<p><img decoding=\"async\" loading=\"lazy\" class=\"alignright wp-image-43689 size-full\" title=\"Equipamiento Dacia\" src=\"https:\/\/www.storevan.com\/wp-content\/uploads\/2017\/01\/HOME2-Allestimenti-DACIA.png\" alt=\"Equipamiento Dacia\" width=\"116\" height=\"105\" \/><\/p>\n<p>Store Van produce soluciones de <strong>equipamientos<\/strong> espec\u00edficas para <strong>furgonetas Dacia<\/strong>. Revestimientos\u00a0para la protecci\u00f3n de la zona de carga, bacas y portaescaleras para cargar con seguridad en el techo de la furgoneta y numerosas estanter\u00edas para equipar el veh\u00edculo comercial de acuerdo con las necesidades espec\u00edficas profesionales.<\/p>\n<h3 class=\"customblackTitleExtraSmall\">SELECCIONE EL MODELO DE SU FURGONETA DACIA:<\/h3>\n<div class=\"one_third\"><\/div><div class=\"one_third last\">\n<p class=\"text-center\"><strong>DOKKER 2012<\/strong><\/p>\n<hr \/>\n<p><a href=\"https:\/\/www.storevan.com\/es\/equipamientos-vehiculos-comerciales\/furgonetas-dacia\/dokker\/\" class=\"txtOrange\" title=\"Equipamientos para Dokker\"><img decoding=\"async\" loading=\"lazy\" class=\"aligncenter size-full wp-image-54332\" src=\"https:\/\/www.storevan.com\/wp-content\/uploads\/2015\/12\/Allestimento-furgoni-Dacia-Dokker.jpg\" alt=\"Equipamientos para furgonetas Dacia Dokker\" width=\"350\" height=\"220\" srcset=\"https:\/\/www.storevan.com\/wp-content\/uploads\/2015\/12\/Allestimento-furgoni-Dacia-Dokker.jpg 350w, https:\/\/www.storevan.com\/wp-content\/uploads\/2015\/12\/Allestimento-furgoni-Dacia-Dokker-300x189.jpg 300w\" sizes=\"(max-width: 350px) 100vw, 350px\" \/><br \/>\nEquipamientos para Dokker<i class=\"fa fa-angle-double-right\"><\/i><\/a><br \/>\n<a href=\"https:\/\/www.storevan.com\/es\/equipamientos-vehiculos-comerciales\/furgonetas-dacia\/dokker\/suelos-paneles\/\" class=\"txtOrange\" title=\"Suelo y revestimiento interior para Dokker\">Suelo y revestimiento interior  <i class=\"fa fa-angle-double-right\"><\/i><\/a><br \/>\n<a href=\"https:\/\/www.storevan.com\/es\/equipamientos-vehiculos-comerciales\/furgonetas-dacia\/dokker\/bacas-portaescaleras\/\" class=\"txtOrange\" title=\"Bacas y portaescaleras para Dokker\">Bacas y portaescaleras <i class=\"fa fa-angle-double-right\"><\/i><\/a> <\/p>\n<hr class=\"visible-xs\" \/>\n<\/div><div class=\"clearboth\"><\/div>\n","protected":false},"excerpt":{"rendered":"<p>Equipamiento furgonetas Dacia Store Van produce soluciones de equipamientos espec\u00edficas para furgonetas Dacia. Revestimientos\u00a0para la protecci\u00f3n de la zona de carga, bacas y portaescaleras para cargar con seguridad en el.<\/p>\n","protected":false},"author":470,"featured_media":0,"parent":26070,"menu_order":0,"comment_status":"closed","ping_status":"closed","template":"","meta":[],"acf":[],"yoast_head":"<!-- This site is optimized with the Yoast SEO plugin v20.11 - https:\/\/yoast.com\/wordpress\/plugins\/seo\/ -->\n<title>Equipamiento furgonetas Dacia<\/title>\n<meta name=\"description\" content=\"Store Van produce soluciones de equipamientos espec\u00edficas para furgonetas Dacia. P\u00f3ngase en contacto con nosotros para un presupuesto gratuito.\" \/>\n<meta name=\"robots\" content=\"index, follow, max-snippet:-1, max-image-preview:large, max-video-preview:-1\" \/>\n<link rel=\"canonical\" href=\"https:\/\/www.storevan.com\/es\/equipamientos-vehiculos-comerciales\/furgonetas-dacia\/\" \/>\n<meta property=\"og:locale\" content=\"es_ES\" \/>\n<meta property=\"og:type\" content=\"article\" \/>\n<meta property=\"og:title\" content=\"Equipamiento furgonetas Dacia\" \/>\n<meta property=\"og:description\" content=\"Store Van produce soluciones de equipamientos espec\u00edficas para furgonetas Dacia. P\u00f3ngase en contacto con nosotros para un presupuesto gratuito.\" \/>\n<meta property=\"og:url\" content=\"https:\/\/www.storevan.com\/es\/equipamientos-vehiculos-comerciales\/furgonetas-dacia\/\" \/>\n<meta property=\"og:site_name\" content=\"Store Van\" \/>\n<meta property=\"article:modified_time\" content=\"2018-10-01T10:05:13+00:00\" \/>\n<meta property=\"og:image\" content=\"https:\/\/www.storevan.com\/wp-content\/uploads\/2017\/01\/HOME2-Allestimenti-DACIA.png\" \/>\n<script type=\"application\/ld+json\" class=\"yoast-schema-graph\">{\"@context\":\"https:\/\/schema.org\",\"@graph\":[{\"@type\":\"WebPage\",\"@id\":\"https:\/\/www.storevan.com\/es\/equipamientos-vehiculos-comerciales\/furgonetas-dacia\/\",\"url\":\"https:\/\/www.storevan.com\/es\/equipamientos-vehiculos-comerciales\/furgonetas-dacia\/\",\"name\":\"Equipamiento furgonetas Dacia\",\"isPartOf\":{\"@id\":\"https:\/\/www.storevan.com\/pl\/#website\"},\"datePublished\":\"2015-12-14T08:55:00+00:00\",\"dateModified\":\"2018-10-01T10:05:13+00:00\",\"description\":\"Store Van produce soluciones de equipamientos espec\u00edficas para furgonetas Dacia. P\u00f3ngase en contacto con nosotros para un presupuesto gratuito.\",\"breadcrumb\":{\"@id\":\"https:\/\/www.storevan.com\/es\/equipamientos-vehiculos-comerciales\/furgonetas-dacia\/#breadcrumb\"},\"inLanguage\":\"es\",\"potentialAction\":[{\"@type\":\"ReadAction\",\"target\":[\"https:\/\/www.storevan.com\/es\/equipamientos-vehiculos-comerciales\/furgonetas-dacia\/\"]}]},{\"@type\":\"BreadcrumbList\",\"@id\":\"https:\/\/www.storevan.com\/es\/equipamientos-vehiculos-comerciales\/furgonetas-dacia\/#breadcrumb\",\"itemListElement\":[{\"@type\":\"ListItem\",\"position\":1,\"name\":\"Home\",\"item\":\"https:\/\/www.storevan.com\/es\/\"},{\"@type\":\"ListItem\",\"position\":2,\"name\":\"Equipamientos veh\u00edculos comerciales\",\"item\":\"https:\/\/www.storevan.com\/es\/equipamientos-vehiculos-comerciales\/\"},{\"@type\":\"ListItem\",\"position\":3,\"name\":\"Dacia\"}]},{\"@type\":\"WebSite\",\"@id\":\"https:\/\/www.storevan.com\/pl\/#website\",\"url\":\"https:\/\/www.storevan.com\/pl\/\",\"name\":\"Store Van\",\"description\":\"Equipamientos furgonetas\",\"potentialAction\":[{\"@type\":\"SearchAction\",\"target\":{\"@type\":\"EntryPoint\",\"urlTemplate\":\"https:\/\/www.storevan.com\/pl\/?s={search_term_string}\"},\"query-input\":\"required name=search_term_string\"}],\"inLanguage\":\"es\"}]}<\/script>\n<!-- \/ Yoast SEO plugin. -->","yoast_head_json":{"title":"Equipamiento furgonetas Dacia","description":"Store Van produce soluciones de equipamientos espec\u00edficas para furgonetas Dacia. P\u00f3ngase en contacto con nosotros para un presupuesto gratuito.","robots":{"index":"index","follow":"follow","max-snippet":"max-snippet:-1","max-image-preview":"max-image-preview:large","max-video-preview":"max-video-preview:-1"},"canonical":"https:\/\/www.storevan.com\/es\/equipamientos-vehiculos-comerciales\/furgonetas-dacia\/","og_locale":"es_ES","og_type":"article","og_title":"Equipamiento furgonetas Dacia","og_description":"Store Van produce soluciones de equipamientos espec\u00edficas para furgonetas Dacia. P\u00f3ngase en contacto con nosotros para un presupuesto gratuito.","og_url":"https:\/\/www.storevan.com\/es\/equipamientos-vehiculos-comerciales\/furgonetas-dacia\/","og_site_name":"Store Van","article_modified_time":"2018-10-01T10:05:13+00:00","og_image":[{"url":"https:\/\/www.storevan.com\/wp-content\/uploads\/2017\/01\/HOME2-Allestimenti-DACIA.png"}],"schema":{"@context":"https:\/\/schema.org","@graph":[{"@type":"WebPage","@id":"https:\/\/www.storevan.com\/es\/equipamientos-vehiculos-comerciales\/furgonetas-dacia\/","url":"https:\/\/www.storevan.com\/es\/equipamientos-vehiculos-comerciales\/furgonetas-dacia\/","name":"Equipamiento furgonetas Dacia","isPartOf":{"@id":"https:\/\/www.storevan.com\/pl\/#website"},"datePublished":"2015-12-14T08:55:00+00:00","dateModified":"2018-10-01T10:05:13+00:00","description":"Store Van produce soluciones de equipamientos espec\u00edficas para furgonetas Dacia. P\u00f3ngase en contacto con nosotros para un presupuesto gratuito.","breadcrumb":{"@id":"https:\/\/www.storevan.com\/es\/equipamientos-vehiculos-comerciales\/furgonetas-dacia\/#breadcrumb"},"inLanguage":"es","potentialAction":[{"@type":"ReadAction","target":["https:\/\/www.storevan.com\/es\/equipamientos-vehiculos-comerciales\/furgonetas-dacia\/"]}]},{"@type":"BreadcrumbList","@id":"https:\/\/www.storevan.com\/es\/equipamientos-vehiculos-comerciales\/furgonetas-dacia\/#breadcrumb","itemListElement":[{"@type":"ListItem","position":1,"name":"Home","item":"https:\/\/www.storevan.com\/es\/"},{"@type":"ListItem","position":2,"name":"Equipamientos veh\u00edculos comerciales","item":"https:\/\/www.storevan.com\/es\/equipamientos-vehiculos-comerciales\/"},{"@type":"ListItem","position":3,"name":"Dacia"}]},{"@type":"WebSite","@id":"https:\/\/www.storevan.com\/pl\/#website","url":"https:\/\/www.storevan.com\/pl\/","name":"Store Van","description":"Equipamientos furgonetas","potentialAction":[{"@type":"SearchAction","target":{"@type":"EntryPoint","urlTemplate":"https:\/\/www.storevan.com\/pl\/?s={search_term_string}"},"query-input":"required name=search_term_string"}],"inLanguage":"es"}]}},"_links":{"self":[{"href":"https:\/\/www.storevan.com\/es\/wp-json\/wp\/v2\/pages\/26058"}],"collection":[{"href":"https:\/\/www.storevan.com\/es\/wp-json\/wp\/v2\/pages"}],"about":[{"href":"https:\/\/www.storevan.com\/es\/wp-json\/wp\/v2\/types\/page"}],"author":[{"embeddable":true,"href":"https:\/\/www.storevan.com\/es\/wp-json\/wp\/v2\/users\/470"}],"replies":[{"embeddable":true,"href":"https:\/\/www.storevan.com\/es\/wp-json\/wp\/v2\/comments?post=26058"}],"version-history":[{"count":6,"href":"https:\/\/www.storevan.com\/es\/wp-json\/wp\/v2\/pages\/26058\/revisions"}],"predecessor-version":[{"id":91221,"href":"https:\/\/www.storevan.com\/es\/wp-json\/wp\/v2\/pages\/26058\/revisions\/91221"}],"up":[{"embeddable":true,"href":"https:\/\/www.storevan.com\/es\/wp-json\/wp\/v2\/pages\/26070"}],"wp:attachment":[{"href":"https:\/\/www.storevan.com\/es\/wp-json\/wp\/v2\/media?parent=26058"}],"curies":[{"name":"wp","href":"https:\/\/api.w.org\/{rel}","templated":true}]}}