{"id":26032,"date":"2015-12-14T09:48:07","date_gmt":"2015-12-14T08:48:07","guid":{"rendered":"https:\/\/www.storevan.com\/es\/furgoni-citroen\/"},"modified":"2019-03-18T15:51:22","modified_gmt":"2019-03-18T15:51:22","slug":"furgonetas-citroen","status":"publish","type":"page","link":"https:\/\/www.storevan.com\/es\/equipamientos-vehiculos-comerciales\/furgonetas-citroen\/","title":{"rendered":"Citro\u00ebn"},"content":{"rendered":"<h1 class=\"customblackTitleSmall\">Equipamientos furgonetas Citro\u00ebn<\/h1>\n<h2>Equipamiento para veh\u00edculos comerciales Citro\u00ebn<\/h2>\n<p><img decoding=\"async\" loading=\"lazy\" class=\"lazyloaded alignright wp-image-43683 size-full\" title=\"Allestimenti furgone Citroen\" src=\"https:\/\/www.storevan.com\/wp-content\/uploads\/2017\/01\/HOME1-Allestimenti-CITROEN.png\" alt=\"Equipamientos Citro\u00ebn\" width=\"116\" height=\"105\" data-lazy-src=\"https:\/\/www.storevan.com\/wp-content\/uploads\/2017\/01\/HOME1-Allestimenti-CITROEN.png\" data-was-processed=\"true\" \/><\/p>\n<p>Store Van produce soluciones de <strong>equipamientos<\/strong> espec\u00edficas para <strong>veh\u00edculos comerciales Citro\u00ebn<\/strong>. Recubrimientos para la protecci\u00f3n de la zona de carga, bacas y portaescaleras para cargar con seguridad en el techo de la <strong>furgoneta<\/strong> y numerosas estanter\u00edas para equipar el veh\u00edculo comercial de acuerdo con las necesidades espec\u00edficas profesionales.<\/p>\n<h3 class=\"customblackTitleExtraSmall\">SELECCIONE EL MODELO DE SU FURGONETA:<\/h3>\n<div class=\"one_fourth\">\n<p class=\"text-center\"><strong>NEMO\u00a02007<\/strong><\/p>\n<hr class=\"hidden-xs hidden-sm\"\/>\n<a href=\"https:\/\/www.storevan.com\/es\/equipamientos-vehiculos-comerciales\/furgonetas-citroen\/nemo\/\"  class=\"txtOrange\" title=\"Equipamientos para Nemo\"><img decoding=\"async\" loading=\"lazy\" class=\"aligncenter size-full wp-image-40148\" src=\"https:\/\/www.storevan.com\/wp-content\/uploads\/2015\/12\/Allestimento-furgoni-Citroen-Nemo-2007-1.jpg\" alt=\"Equipamiento furgonetas Citro\u00ebn Nemo\" width=\"350\" height=\"220\" srcset=\"https:\/\/www.storevan.com\/wp-content\/uploads\/2015\/12\/Allestimento-furgoni-Citroen-Nemo-2007-1.jpg 350w, https:\/\/www.storevan.com\/wp-content\/uploads\/2015\/12\/Allestimento-furgoni-Citroen-Nemo-2007-1-300x189.jpg 300w\" sizes=\"(max-width: 350px) 100vw, 350px\" \/><br \/>\nEquipamientos para Nemo <i class=\"fa fa-angle-double-right\"><\/i><\/a><br \/>\n<a href=\"https:\/\/www.storevan.com\/es\/equipamientos-vehiculos-comerciales\/furgonetas-citroen\/nemo\/suelos-paneles\/\" class=\"txtOrange\" title=\"Suelo y revestimiento interior para Nemo\">Suelo y revestimiento interior  <i class=\"fa fa-angle-double-right\"><\/i><\/a><br \/>\n<a href=\"https:\/\/www.storevan.com\/es\/equipamientos-vehiculos-comerciales\/furgonetas-citroen\/nemo\/bacas\/\" class=\"txtOrange\" title=\"Bacas y portaescaleras para Nemo\">Bacas y portaescaleras <i class=\"fa fa-angle-double-right\"><\/i><\/a> <\/p>\n<hr class=\"visible-xs\" \/>\n<\/div>\n<div class=\"one_fourth\">\n<p style=\"text-align: center;\"><strong>BERLINGO 2018<\/strong><\/p>\n<hr class=\"hidden-xs hidden-sm\"\/>\n<a href=\"https:\/\/www.storevan.com\/es\/equipamientos-vehiculos-comerciales\/furgonetas-citroen\/berlingo\/\" class=\"txtOrange\" title=\"Equipamientos para Berlingo\"><img decoding=\"async\" loading=\"lazy\" src=\"https:\/\/www.storevan.com\/wp-content\/uploads\/2019\/03\/Citroen-Berlingo-2018.jpg\" alt=\"Equipamiento furgonetas Citro\u00ebn Berlingo\" width=\"350\" height=\"220\" class=\"aligncenter size-full wp-image-99301\" srcset=\"https:\/\/www.storevan.com\/wp-content\/uploads\/2019\/03\/Citroen-Berlingo-2018.jpg 350w, https:\/\/www.storevan.com\/wp-content\/uploads\/2019\/03\/Citroen-Berlingo-2018-300x189.jpg 300w\" sizes=\"(max-width: 350px) 100vw, 350px\" \/><br \/>\nEquipamientos para Berlingo <i class=\"fa fa-angle-double-right\"><\/i><\/a><br \/>\n<a href=\"https:\/\/www.storevan.com\/es\/equipamientos-vehiculos-comerciales\/furgonetas-citroen\/berlingo\/suelos-paneles\/\" class=\"txtOrange\" title=\"Suelo y revestimiento interior para Berlingo\">Suelo y revestimiento interior  <i class=\"fa fa-angle-double-right\"><\/i><\/a><br \/>\n<a href=\"https:\/\/www.storevan.com\/es\/equipamientos-vehiculos-comerciales\/furgonetas-citroen\/berlingo\/bacas-portaescaleras\/\" class=\"txtOrange\" title=\"Bacas y portaescaleras para Berlingo\">Bacas y portaescaleras <i class=\"fa fa-angle-double-right\"><\/i><\/a> <\/p>\n<hr class=\"visible-xs\" \/>\n<\/div>\n<div class=\"one_fourth\">\n<p class=\"text-center\"><strong>JUMPER\u00a02014<\/strong><\/p>\n<hr class=\"hidden-xs hidden-sm\"\/>\n<a href=\"https:\/\/www.storevan.com\/es\/equipamientos-vehiculos-comerciales\/furgonetas-citroen\/jumper\/\" class=\"txtOrange\" title=\"Equipamientos para Jumper\"><img decoding=\"async\" loading=\"lazy\" class=\"aligncenter size-full wp-image-40142\" src=\"https:\/\/www.storevan.com\/wp-content\/uploads\/2015\/12\/Allestimento-furgoni-Citroen-Jumper-2015-1.jpg\" alt=\"Equipamiento furgonetas Citro\u00ebn Jumper\" width=\"350\" height=\"220\" srcset=\"https:\/\/www.storevan.com\/wp-content\/uploads\/2015\/12\/Allestimento-furgoni-Citroen-Jumper-2015-1.jpg 350w, https:\/\/www.storevan.com\/wp-content\/uploads\/2015\/12\/Allestimento-furgoni-Citroen-Jumper-2015-1-300x189.jpg 300w\" sizes=\"(max-width: 350px) 100vw, 350px\" \/><br \/>\nEquipamientos para Jumper <i class=\"fa fa-angle-double-right\"><\/i><\/a><br \/>\n<a href=\"https:\/\/www.storevan.com\/es\/equipamientos-vehiculos-comerciales\/furgonetas-citroen\/jumper\/suelos-paneles\/\" class=\"txtOrange\" title=\"Suelo y revestimiento interior para Jumper\">Suelo y revestimiento interior  <i class=\"fa fa-angle-double-right\"><\/i><\/a><br \/>\n<a href=\"https:\/\/www.storevan.com\/es\/equipamientos-vehiculos-comerciales\/furgonetas-citroen\/jumper\/bacas-portaescaleras\/\" class=\"txtOrange\" title=\"Bacas y portaescaleras para Jumper\">Bacas y portaescaleras <i class=\"fa fa-angle-double-right\"><\/i><\/a> <\/p>\n<hr class=\"visible-xs\" \/>\n<\/div>\n<div class=\"one_fourth last\">\n<p class=\"text-center\"><strong>JUMPY\u00a02016<\/strong><\/p>\n<hr class=\"hidden-xs hidden-sm\"\/>\n<a href=\"https:\/\/www.storevan.com\/es\/equipamientos-vehiculos-comerciales\/furgonetas-citroen\/jumpy-2016\/\" class=\"txtOrange\" title=\"Equipamientos para Jumpy\"><img decoding=\"async\" loading=\"lazy\" class=\"aligncenter size-full wp-image-43114\" src=\"https:\/\/www.storevan.com\/wp-content\/uploads\/2015\/12\/Allestimento-furgoni-Citroen-Jumpy-2016.jpg\" alt=\"Equipamiento furgonetas Citro\u00ebn Jumpy 2016\" width=\"350\" height=\"220\" srcset=\"https:\/\/www.storevan.com\/wp-content\/uploads\/2015\/12\/Allestimento-furgoni-Citroen-Jumpy-2016.jpg 350w, https:\/\/www.storevan.com\/wp-content\/uploads\/2015\/12\/Allestimento-furgoni-Citroen-Jumpy-2016-300x189.jpg 300w\" sizes=\"(max-width: 350px) 100vw, 350px\" \/><br \/>\nEquipamientos para Jumpy <i class=\"fa fa-angle-double-right\"><\/i><\/a><br \/>\n<a href=\"https:\/\/www.storevan.com\/es\/equipamientos-vehiculos-comerciales\/furgonetas-citroen\/jumpy-2016\/suelos-paneles\/\" class=\"txtOrange\" title=\"Suelo y revestimiento interior para Jumpy\">Suelo y revestimiento interior  <i class=\"fa fa-angle-double-right\"><\/i><\/a><br \/>\n<a href=\"https:\/\/www.storevan.com\/es\/equipamientos-vehiculos-comerciales\/furgonetas-citroen\/jumpy-2016\/bacas-portaescaleras\/\" class=\"txtOrange\" title=\"Bacas y portaescaleras para Jumpy\">Bacas y portaescaleras <i class=\"fa fa-angle-double-right\"><\/i><\/a> <\/p>\n<hr class=\"visible-xs\" \/>\n<\/div><div class=\"clearboth\"><\/div>\n","protected":false},"excerpt":{"rendered":"<p>Equipamientos furgonetas Citro\u00ebn Equipamiento para veh\u00edculos comerciales Citro\u00ebn Store Van produce soluciones de equipamientos espec\u00edficas para veh\u00edculos comerciales Citro\u00ebn. Recubrimientos para la protecci\u00f3n de la zona de carga, bacas y.<\/p>\n","protected":false},"author":470,"featured_media":0,"parent":26070,"menu_order":0,"comment_status":"closed","ping_status":"closed","template":"","meta":[],"acf":[],"yoast_head":"<!-- This site is optimized with the Yoast SEO plugin v20.11 - https:\/\/yoast.com\/wordpress\/plugins\/seo\/ -->\n<title>Equipamientos furgonetas Citro\u00ebn<\/title>\n<meta name=\"description\" content=\"Equipamientos furgonetas Citro\u00ebn. Store Van produce equipamiento para veh\u00edculos comerciales Citro\u00ebn. Recubrimientos, m\u00f3dulos, bacas y portaescaleras.\" \/>\n<meta name=\"robots\" content=\"index, follow, max-snippet:-1, max-image-preview:large, max-video-preview:-1\" \/>\n<link rel=\"canonical\" href=\"https:\/\/www.storevan.com\/es\/equipamientos-vehiculos-comerciales\/furgonetas-citroen\/\" \/>\n<meta property=\"og:locale\" content=\"es_ES\" \/>\n<meta property=\"og:type\" content=\"article\" \/>\n<meta property=\"og:title\" content=\"Equipamientos furgonetas Citro\u00ebn\" \/>\n<meta property=\"og:description\" content=\"Equipamientos furgonetas Citro\u00ebn. Store Van produce equipamiento para veh\u00edculos comerciales Citro\u00ebn. Recubrimientos, m\u00f3dulos, bacas y portaescaleras.\" \/>\n<meta property=\"og:url\" content=\"https:\/\/www.storevan.com\/es\/equipamientos-vehiculos-comerciales\/furgonetas-citroen\/\" \/>\n<meta property=\"og:site_name\" content=\"Store Van\" \/>\n<meta property=\"article:modified_time\" content=\"2019-03-18T15:51:22+00:00\" \/>\n<meta property=\"og:image\" content=\"https:\/\/www.storevan.com\/wp-content\/uploads\/2017\/01\/HOME1-Allestimenti-CITROEN.png\" \/>\n<meta name=\"twitter:label1\" content=\"Tiempo de lectura\" \/>\n\t<meta name=\"twitter:data1\" content=\"1 minuto\" \/>\n<script type=\"application\/ld+json\" class=\"yoast-schema-graph\">{\"@context\":\"https:\/\/schema.org\",\"@graph\":[{\"@type\":\"WebPage\",\"@id\":\"https:\/\/www.storevan.com\/es\/equipamientos-vehiculos-comerciales\/furgonetas-citroen\/\",\"url\":\"https:\/\/www.storevan.com\/es\/equipamientos-vehiculos-comerciales\/furgonetas-citroen\/\",\"name\":\"Equipamientos furgonetas Citro\u00ebn\",\"isPartOf\":{\"@id\":\"https:\/\/www.storevan.com\/pl\/#website\"},\"datePublished\":\"2015-12-14T08:48:07+00:00\",\"dateModified\":\"2019-03-18T15:51:22+00:00\",\"description\":\"Equipamientos furgonetas Citro\u00ebn. Store Van produce equipamiento para veh\u00edculos comerciales Citro\u00ebn. Recubrimientos, m\u00f3dulos, bacas y portaescaleras.\",\"breadcrumb\":{\"@id\":\"https:\/\/www.storevan.com\/es\/equipamientos-vehiculos-comerciales\/furgonetas-citroen\/#breadcrumb\"},\"inLanguage\":\"es\",\"potentialAction\":[{\"@type\":\"ReadAction\",\"target\":[\"https:\/\/www.storevan.com\/es\/equipamientos-vehiculos-comerciales\/furgonetas-citroen\/\"]}]},{\"@type\":\"BreadcrumbList\",\"@id\":\"https:\/\/www.storevan.com\/es\/equipamientos-vehiculos-comerciales\/furgonetas-citroen\/#breadcrumb\",\"itemListElement\":[{\"@type\":\"ListItem\",\"position\":1,\"name\":\"Home\",\"item\":\"https:\/\/www.storevan.com\/es\/\"},{\"@type\":\"ListItem\",\"position\":2,\"name\":\"Equipamientos veh\u00edculos comerciales\",\"item\":\"https:\/\/www.storevan.com\/es\/equipamientos-vehiculos-comerciales\/\"},{\"@type\":\"ListItem\",\"position\":3,\"name\":\"Citro\u00ebn\"}]},{\"@type\":\"WebSite\",\"@id\":\"https:\/\/www.storevan.com\/pl\/#website\",\"url\":\"https:\/\/www.storevan.com\/pl\/\",\"name\":\"Store Van\",\"description\":\"Equipamientos furgonetas\",\"potentialAction\":[{\"@type\":\"SearchAction\",\"target\":{\"@type\":\"EntryPoint\",\"urlTemplate\":\"https:\/\/www.storevan.com\/pl\/?s={search_term_string}\"},\"query-input\":\"required name=search_term_string\"}],\"inLanguage\":\"es\"}]}<\/script>\n<!-- \/ Yoast SEO plugin. -->","yoast_head_json":{"title":"Equipamientos furgonetas Citro\u00ebn","description":"Equipamientos furgonetas Citro\u00ebn. Store Van produce equipamiento para veh\u00edculos comerciales Citro\u00ebn. Recubrimientos, m\u00f3dulos, bacas y portaescaleras.","robots":{"index":"index","follow":"follow","max-snippet":"max-snippet:-1","max-image-preview":"max-image-preview:large","max-video-preview":"max-video-preview:-1"},"canonical":"https:\/\/www.storevan.com\/es\/equipamientos-vehiculos-comerciales\/furgonetas-citroen\/","og_locale":"es_ES","og_type":"article","og_title":"Equipamientos furgonetas Citro\u00ebn","og_description":"Equipamientos furgonetas Citro\u00ebn. Store Van produce equipamiento para veh\u00edculos comerciales Citro\u00ebn. Recubrimientos, m\u00f3dulos, bacas y portaescaleras.","og_url":"https:\/\/www.storevan.com\/es\/equipamientos-vehiculos-comerciales\/furgonetas-citroen\/","og_site_name":"Store Van","article_modified_time":"2019-03-18T15:51:22+00:00","og_image":[{"url":"https:\/\/www.storevan.com\/wp-content\/uploads\/2017\/01\/HOME1-Allestimenti-CITROEN.png"}],"twitter_misc":{"Tiempo de lectura":"1 minuto"},"schema":{"@context":"https:\/\/schema.org","@graph":[{"@type":"WebPage","@id":"https:\/\/www.storevan.com\/es\/equipamientos-vehiculos-comerciales\/furgonetas-citroen\/","url":"https:\/\/www.storevan.com\/es\/equipamientos-vehiculos-comerciales\/furgonetas-citroen\/","name":"Equipamientos furgonetas Citro\u00ebn","isPartOf":{"@id":"https:\/\/www.storevan.com\/pl\/#website"},"datePublished":"2015-12-14T08:48:07+00:00","dateModified":"2019-03-18T15:51:22+00:00","description":"Equipamientos furgonetas Citro\u00ebn. Store Van produce equipamiento para veh\u00edculos comerciales Citro\u00ebn. Recubrimientos, m\u00f3dulos, bacas y portaescaleras.","breadcrumb":{"@id":"https:\/\/www.storevan.com\/es\/equipamientos-vehiculos-comerciales\/furgonetas-citroen\/#breadcrumb"},"inLanguage":"es","potentialAction":[{"@type":"ReadAction","target":["https:\/\/www.storevan.com\/es\/equipamientos-vehiculos-comerciales\/furgonetas-citroen\/"]}]},{"@type":"BreadcrumbList","@id":"https:\/\/www.storevan.com\/es\/equipamientos-vehiculos-comerciales\/furgonetas-citroen\/#breadcrumb","itemListElement":[{"@type":"ListItem","position":1,"name":"Home","item":"https:\/\/www.storevan.com\/es\/"},{"@type":"ListItem","position":2,"name":"Equipamientos veh\u00edculos comerciales","item":"https:\/\/www.storevan.com\/es\/equipamientos-vehiculos-comerciales\/"},{"@type":"ListItem","position":3,"name":"Citro\u00ebn"}]},{"@type":"WebSite","@id":"https:\/\/www.storevan.com\/pl\/#website","url":"https:\/\/www.storevan.com\/pl\/","name":"Store Van","description":"Equipamientos furgonetas","potentialAction":[{"@type":"SearchAction","target":{"@type":"EntryPoint","urlTemplate":"https:\/\/www.storevan.com\/pl\/?s={search_term_string}"},"query-input":"required name=search_term_string"}],"inLanguage":"es"}]}},"_links":{"self":[{"href":"https:\/\/www.storevan.com\/es\/wp-json\/wp\/v2\/pages\/26032"}],"collection":[{"href":"https:\/\/www.storevan.com\/es\/wp-json\/wp\/v2\/pages"}],"about":[{"href":"https:\/\/www.storevan.com\/es\/wp-json\/wp\/v2\/types\/page"}],"author":[{"embeddable":true,"href":"https:\/\/www.storevan.com\/es\/wp-json\/wp\/v2\/users\/470"}],"replies":[{"embeddable":true,"href":"https:\/\/www.storevan.com\/es\/wp-json\/wp\/v2\/comments?post=26032"}],"version-history":[{"count":11,"href":"https:\/\/www.storevan.com\/es\/wp-json\/wp\/v2\/pages\/26032\/revisions"}],"predecessor-version":[{"id":99335,"href":"https:\/\/www.storevan.com\/es\/wp-json\/wp\/v2\/pages\/26032\/revisions\/99335"}],"up":[{"embeddable":true,"href":"https:\/\/www.storevan.com\/es\/wp-json\/wp\/v2\/pages\/26070"}],"wp:attachment":[{"href":"https:\/\/www.storevan.com\/es\/wp-json\/wp\/v2\/media?parent=26032"}],"curies":[{"name":"wp","href":"https:\/\/api.w.org\/{rel}","templated":true}]}}