{"id":25695,"date":"2015-12-02T15:21:36","date_gmt":"2015-12-02T14:21:36","guid":{"rendered":"https:\/\/www.storevan.com\/es\/products\/van-loading-ramps\/"},"modified":"2026-03-30T13:11:28","modified_gmt":"2026-03-30T13:11:28","slug":"rampas-carga-furgonetas","status":"publish","type":"page","link":"https:\/\/www.storevan.com\/es\/productos\/rampas-carga-furgonetas\/","title":{"rendered":"Rampas de carga para furgonetas"},"content":{"rendered":"<h1 class=\"customblackTitleSmall\">Rampas para furgonetas<\/h1>\n<h2>Rampas para furgonetas plegables y servoasistidas: la soluci\u00f3n ideal para la carga r\u00e1pida y sin esfuerzo de todo tipo de mercanc\u00edas.<\/h2>\n<div class=\"col-xs-12 col-sm-4 col-md-4 ts-gallery\"><a href=\"https:\/\/www.storevan.com\/wp-content\/uploads\/2019\/07\/rampa-di-carico-per-furgoni-300x229.jpg\" title=\"Rampas para furgonetas\"><img decoding=\"async\" loading=\"lazy\" class=\"aligncenter wp-image-105325\" title=\"Rampas para furgonetas\" src=\"https:\/\/www.storevan.com\/wp-content\/uploads\/2019\/07\/rampa-di-carico-per-furgoni-300x229.jpg\" alt=\"Rampas para furgonetas\" width=\"401\" height=\"306\" srcset=\"https:\/\/www.storevan.com\/wp-content\/uploads\/2019\/07\/rampa-di-carico-per-furgoni-300x229.jpg 300w, https:\/\/www.storevan.com\/wp-content\/uploads\/2019\/07\/rampa-di-carico-per-furgoni-768x587.jpg 768w, https:\/\/www.storevan.com\/wp-content\/uploads\/2019\/07\/rampa-di-carico-per-furgoni.jpg 800w\" sizes=\"(max-width: 401px) 100vw, 401px\" \/><\/a><\/div>\n<div class=\"col-xs-12 col-sm-8 col-md-8\">\n<p>Las rampas para furgonetas hacen que el proceso de carga y descarga de mercanc\u00edas desde el \u00e1rea de carga del veh\u00edculo sea menos fatigoso y m\u00e1s r\u00e1pido. La instalaci\u00f3n se realiza sin agujeros de fijaci\u00f3n adicionales en la carrocer\u00eda o en el <a href=\"https:\/\/www.storevan.com\/es\/productos\/paneles-suelos-furgonetas\/\" title=\"Suelo para furgonetas StoreVan\">suelo de la furgoneta<\/a>, lo que permite dejar intacta la estructura original. De hecho, gracias a un sistema especial de enganche, la rampa se fija a una columna telesc\u00f3pica lateral. De esta manera, el peso se redistribuye de forma equilibrada para garantizar una mayor <strong>estabilidad y durabilidad<\/strong>.<\/p>\n<p>Las plataformas de carga para furgonetas Store Van est\u00e1n disponibles en dos variantes:<strong> rampas con estructura tubular de acero y tablero de aluminio damero antideslizante<\/strong>, con una capacidad de carga m\u00e1xima de 1500\u00a0kg, y <a href=\"#rampe-alluminio\"><strong>rampas de aluminio para furgonetas<\/strong><\/a>, con una capacidad de carga m\u00e1xima de 340\u00a0kg. <\/p>\n<\/div>\n<div class=\"break\"><\/div>\n<div class=\"break\"><\/div>\n<hr class=\"noColor\" \/>\n<div class=\"txtGrey text-center\">\n<h3 style=\"margin-bottom: 0;\">CARACTER\u00cdSTICAS PRINCIPALES DE LAS RAMPAS PARA FURGONETAS:<\/h3>\n<\/div>\n<div class=\"col-xs-12 col-sm-6 col-md-3\">\n<div class=\"ts-gallery\"><a href=\"https:\/\/www.storevan.com\/wp-content\/uploads\/2019\/07\/rampa-alluminio-300x181.jpg\" title=\"Pata regulable\"><img decoding=\"async\" loading=\"lazy\" src=\"https:\/\/www.storevan.com\/wp-content\/uploads\/2019\/07\/rampa-alluminio-300x181.jpg\" alt=\"Pata regulable\" width=\"300\" height=\"181\" class=\"aligncenter size-medium wp-image-105295\" srcset=\"https:\/\/www.storevan.com\/wp-content\/uploads\/2019\/07\/rampa-alluminio-300x181.jpg 300w, https:\/\/www.storevan.com\/wp-content\/uploads\/2019\/07\/rampa-alluminio-768x464.jpg 768w, https:\/\/www.storevan.com\/wp-content\/uploads\/2019\/07\/rampa-alluminio.jpg 800w\" sizes=\"(max-width: 300px) 100vw, 300px\" \/><\/a><\/div>\n<h4 class=\"txtUp\">PATA REGULABLE<\/h4>\n<div class=\"borderTitleOrange\"><\/div>\n<hr class=\"noColor\" \/>\n<p>Patas de altura regulable con apoyo sobre rodillos para adaptar la rampa a los movimientos verticales del veh\u00edculo.<\/p>\n<\/div>\n<div class=\"col-xs-12 col-sm-6 col-md-3\">\n<div class=\"ts-gallery\"><a href=\"https:\/\/www.storevan.com\/wp-content\/uploads\/2019\/07\/rampe-pieghevoli-300x181.jpg\" title=\"Equilibrado perfecto\"><img decoding=\"async\" loading=\"lazy\" src=\"https:\/\/www.storevan.com\/wp-content\/uploads\/2019\/07\/rampe-pieghevoli-300x181.jpg\" alt=\"Equilibrado perfecto\" width=\"300\" height=\"181\" class=\"aligncenter size-medium wp-image-105307\" srcset=\"https:\/\/www.storevan.com\/wp-content\/uploads\/2019\/07\/rampe-pieghevoli-300x181.jpg 300w, https:\/\/www.storevan.com\/wp-content\/uploads\/2019\/07\/rampe-pieghevoli-768x464.jpg 768w, https:\/\/www.storevan.com\/wp-content\/uploads\/2019\/07\/rampe-pieghevoli.jpg 800w\" sizes=\"(max-width: 300px) 100vw, 300px\" \/><\/a><\/div>\n<h4 class=\"txtUp\">Equilibrado perfecto<\/h4>\n<div class=\"borderTitleOrange\"><\/div>\n<hr class=\"noColor\" \/>\n<p>Apertura y cierre asistido con muelles de gas para facilitar su manipulaci\u00f3n.<\/p>\n<\/div>\n<div class=\"col-xs-12 col-sm-6 col-md-3\">\n<div class=\"ts-gallery\"><a href=\"https:\/\/www.storevan.com\/wp-content\/uploads\/2019\/07\/rampa-furgone-doppio-ancoraggio-300x181.jpg\" title=\"Doble anclaje\"><img decoding=\"async\" loading=\"lazy\" src=\"https:\/\/www.storevan.com\/wp-content\/uploads\/2019\/07\/rampa-furgone-doppio-ancoraggio-300x181.jpg\" alt=\"Doble anclaje\" width=\"300\" height=\"181\" class=\"aligncenter size-medium wp-image-105319\" srcset=\"https:\/\/www.storevan.com\/wp-content\/uploads\/2019\/07\/rampa-furgone-doppio-ancoraggio-300x181.jpg 300w, https:\/\/www.storevan.com\/wp-content\/uploads\/2019\/07\/rampa-furgone-doppio-ancoraggio-768x464.jpg 768w, https:\/\/www.storevan.com\/wp-content\/uploads\/2019\/07\/rampa-furgone-doppio-ancoraggio.jpg 800w\" sizes=\"(max-width: 300px) 100vw, 300px\" \/><\/a><\/div>\n<h4 class=\"txtUp\">Doble anclaje<\/h4>\n<div class=\"borderTitleOrange\"><\/div>\n<hr class=\"noColor\" \/>\n<p>Anclaje inferior sin agujeros mediante la predisposici\u00f3n original del veh\u00edculo. Anclaje superior para estabilizar y reforzar la estructura.<\/p>\n<\/div>\n<div class=\"col-xs-12 col-sm-6 col-md-3\">\n<div class=\"ts-gallery\"><a href=\"https:\/\/www.storevan.com\/wp-content\/uploads\/2019\/07\/rampe-furgone-certificate-300x181.jpg\" title=\"Para todas las necesidades\"><img decoding=\"async\" loading=\"lazy\" src=\"https:\/\/www.storevan.com\/wp-content\/uploads\/2019\/07\/rampe-furgone-certificate-300x181.jpg\" alt=\"Para todas las necesidades\" width=\"300\" height=\"181\" class=\"aligncenter size-medium wp-image-105313\" srcset=\"https:\/\/www.storevan.com\/wp-content\/uploads\/2019\/07\/rampe-furgone-certificate-300x181.jpg 300w, https:\/\/www.storevan.com\/wp-content\/uploads\/2019\/07\/rampe-furgone-certificate-768x464.jpg 768w, https:\/\/www.storevan.com\/wp-content\/uploads\/2019\/07\/rampe-furgone-certificate.jpg 800w\" sizes=\"(max-width: 300px) 100vw, 300px\" \/><\/a><\/div>\n<h4 class=\"txtUp\">Para todas las necesidades<\/h4>\n<div class=\"borderTitleOrange\"><\/div>\n<hr class=\"noColor\" \/>\n<p>Amplia gama de rampas para veh\u00edculos: Fiat, Peugeot, Citro\u00ebn, Volkswagen, Mercedes, Ford, Renault, Opel, Nissan, Iveco. Capacidades de carga 1500 Kg.<\/p>\n<\/div>\n<div class=\"break\"><\/div>\n<hr class=\"noColor\" \/>\n<div class=\"hidden-xs col-sm-3 col-md-3 \">\n<hr class=\"orangeLine\" \/>\n<\/div>\n<div class=\"col-sm-6 col-md-6\">\n<h5 class=\"bigTxt text-center titBoxDivisor\">VENTAJAS:<\/h5>\n<\/div>\n<div class=\"hidden-xs col-sm-3 col-md-3\">\n<hr class=\"orangeLine\" \/>\n<\/div>\n<div class=\"break\"><\/div>\n<hr class=\"noColor\" \/>\n<div class=\"col-xs-12 col-sm-12 col-md-6\">\n<ul class=\"noList\">\n<li><i class=\"fa fa-check txtGreen\"><\/i> Anclaje al veh\u00edculo mediante columna telesc\u00f3pica con sistema de fijaci\u00f3n en 3 puntos;<\/li>\n<li><i class=\"fa fa-check txtGreen\"><\/i> Montaje sin modificaci\u00f3n estructural de la carrocer\u00eda ni del suelo del veh\u00edculo;<\/li>\n<li><i class=\"fa fa-check txtGreen\"><\/i> Tiempo de montaje extremadamente corto;<\/li>\n<li><i class=\"fa fa-check txtGreen\"><\/i> Innovador sistema servoasistido de apertura y cierre;<\/li>\n<li><i class=\"fa fa-check txtGreen\"><\/i> Apertura adicional de rotaci\u00f3n vertical con bloqueo;<\/li>\n<\/ul>\n<\/div>\n<div class=\"col-xs-12 col-sm-12 col-md-6\">\n<ul class=\"noList\">\n<li><i class=\"fa fa-check txtGreen\"><\/i> Sistema de apoyo mediante patas autoposicionables;<\/li>\n<li><i class=\"fa fa-check txtGreen\"><\/i> Anchura \u00fatil del tablero: desde 800 hasta 1250 mm;;<\/li>\n<li><i class=\"fa fa-check txtGreen\"><\/i> Longitud \u00fatil del tablero: desde 2000 hasta 3000 mm;<\/li>\n<li><i class=\"fa fa-check txtGreen\"><\/i> Capacidad de carga de hasta 1500 kg;<\/li>\n<\/ul>\n<\/div>\n<div class=\"break\"><\/div>\n<div class=\"break\"><\/div>\n<hr class=\"noColor\" \/>\n<div class=\"col-md-12 col-sm-12 txtGrey text-center\">\n<p>Las rampas para furgones Store Van est\u00e1n disponibles para: <strong>Citro\u00ebn Jumper<\/strong>, <strong>Fiat Ducato<\/strong>, <strong>Pegeot Boxer<\/strong>, <strong>Opel Movano<\/strong>, <strong>Mercedes-Benz Sprinter<\/strong>.<\/p>\n<\/div>\n<div class=\"break\"><\/div>\n<hr class=\"noColor\" \/>\n<hr class=\"noColor\" \/>\n<hr \/>\n<div class=\"col-xs-12 col-sm-12 col-md-6\">\n<div class=\"text-center\"><a class=\"btn btn-download\" href=\"tel:+390424585455\"><i class=\"fa fa-phone\"><\/i> <span class=\"spanBtn\">LLAME AHORA<\/span><br \/>\npara cualquier informaci\u00f3n<\/a><\/div>\n<\/div>\n<div class=\"col-xs-12 col-sm-12 col-md-6\">\n<div class=\"text-center\"><a class=\"btn btn-download btnToggle\" href=\"#formcontatto\"><i class=\"fa fa-envelope\"><\/i> <span class=\"spanBtn\">ESCR\u00cdBANOS<\/span><br \/>\nle contactaremos lo antes posible<\/a><\/div>\n<\/div>\n<div class=\"break\"><\/div>\n<hr \/>\n<hr class=\"noColor\" \/>\n<p><a class=\"destination\" name=\"rampe-alluminio\"><\/a><\/p>\n<div class=\"col-xs-12 col-sm-4 col-md-3 ts-gallery\"><a href=\"https:\/\/www.storevan.com\/wp-content\/uploads\/2019\/07\/rampa-per-moto-247x300.jpg\" title=\"Rampas de aluminio plegables para furgonetas\"><img decoding=\"async\" loading=\"lazy\" src=\"https:\/\/www.storevan.com\/wp-content\/uploads\/2019\/07\/rampa-per-moto-247x300.jpg\" alt=\"Rampas de aluminio plegables para furgonetas\" width=\"247\" height=\"300\" class=\"aligncenter size-medium wp-image-105289\" srcset=\"https:\/\/www.storevan.com\/wp-content\/uploads\/2019\/07\/rampa-per-moto-247x300.jpg 247w, https:\/\/www.storevan.com\/wp-content\/uploads\/2019\/07\/rampa-per-moto-768x934.jpg 768w, https:\/\/www.storevan.com\/wp-content\/uploads\/2019\/07\/rampa-per-moto.jpg 800w\" sizes=\"(max-width: 247px) 100vw, 247px\" \/><\/a><\/div>\n<div class=\"col-xs-12 col-sm-8 col-md-9\">\n<h3 class=\"txtUp\">RAMPAS PLEGABLES DE ALUMINIO<\/h3>\n<div class=\"borderTitleOrange\"><\/div>\n<hr class=\"noColor\" \/>\n<p>Store Van tambi\u00e9n ofrece <strong>plataformas de aluminio para furgonetas<\/strong> ideales para todos aquellos que buscan rampas ligeras con una capacidad de <strong>carga m\u00e1xima de 340\u00a0kg<\/strong>. La plataforma de aluminio se puede utilizar como <strong>rampa para motocicletas y ciclomotores<\/strong>. En este caso, la rampa no se instala mediante la columna telesc\u00f3pica lateral, sino que simplemente se apoya en el suelo en el punto deseado y se sujeta firmemente gracias a unos tapones antideslizantes especiales. <\/p>\n<p>Las a<strong>sas laterales<\/strong> permiten mover f\u00e1cilmente la rampa a cualquier posici\u00f3n. Adem\u00e1s, tambi\u00e9n se puede plegar para guardarla en el interior de la furgoneta o anclarla a un eventual sistema de baca situado en el techo. <\/p>\n<p>Esta soluci\u00f3n es utilizada principalmente por aquellos que se ocupan del transporte de motocicletas y buscan un equipamiento de furgoneta ad hoc que les permita cargar las motocicletas sin esfuerzo y en poqu\u00edsimo tiempo.<\/p>\n<\/div>\n<div class=\"break\"><\/div>\n<hr class=\"noColor\"\/>\n<a class=\"destination\" name=\"formcontatto\"><\/a><\/p>\n<div class=\"formToggle\">\n<h4 class=\"bigTxt text-center txtBkOrange\"><i class=\"fa fa-envelope pull-left\"><\/i>Cajoneras para furgonetas precios e informaci\u00f3n<\/h4>\n\n<div class=\"wpcf7 no-js\" id=\"wpcf7-f67674-o1\" lang=\"it-IT\" dir=\"ltr\">\n<div class=\"screen-reader-response\"><p role=\"status\" aria-live=\"polite\" aria-atomic=\"true\"><\/p> <ul><\/ul><\/div>\n<form action=\"\/es\/wp-json\/wp\/v2\/pages\/25695#wpcf7-f67674-o1\" method=\"post\" class=\"wpcf7-form init\" id=\"form-accessori-es\" aria-label=\"Modulo di contatto\" novalidate=\"novalidate\" data-status=\"init\">\n<div style=\"display: none;\">\n<input type=\"hidden\" name=\"_wpcf7\" value=\"67674\" \/>\n<input type=\"hidden\" name=\"_wpcf7_version\" value=\"5.7.7\" \/>\n<input type=\"hidden\" name=\"_wpcf7_locale\" value=\"it_IT\" \/>\n<input type=\"hidden\" name=\"_wpcf7_unit_tag\" value=\"wpcf7-f67674-o1\" \/>\n<input type=\"hidden\" name=\"_wpcf7_container_post\" value=\"0\" \/>\n<input type=\"hidden\" name=\"_wpcf7_posted_data_hash\" value=\"\" \/>\n<input type=\"hidden\" name=\"_wpcf7_recaptcha_response\" value=\"\" \/>\n<\/div>\n<span class=\"wpcf7-form-control-wrap url\" data-name=\"url\"><input type=\"hidden\" name=\"url\" size=\"40\" class=\"wpcf7-form-control wpcf7-hidden wpcf7dtx wpcf7dtx-hidden\" aria-invalid=\"false\" value=\"rampas-carga-furgonetas\" autocomplete=\"off\" \/><\/span>\n<p>Complete los siguientes campos para recibir m\u00e1s informaci\u00f3n. Uno de nuestros operadores se pondr\u00e1 en contacto con usted lo antes posible (* campos obligatorios):\n<\/p>\n<div class=\"col-xs-12 col-md-6\">\n\t<p><span class='titoli'>Nombre (*)<\/span>\n\t<\/p>\n\t<p><span class=\"wpcf7-form-control-wrap\" data-name=\"your-name\"><input size=\"40\" class=\"wpcf7-form-control wpcf7-text wpcf7-validates-as-required form-control\" aria-required=\"true\" aria-invalid=\"false\" value=\"\" type=\"text\" name=\"your-name\" \/><\/span>\n\t<\/p>\n<\/div>\n<div class=\"col-xs-12 col-md-6\">\n\t<p><span class='titoli'>Apellidos (*)<\/span>\n\t<\/p>\n\t<p><span class=\"wpcf7-form-control-wrap\" data-name=\"your-last-name\"><input size=\"40\" class=\"wpcf7-form-control wpcf7-text wpcf7-validates-as-required form-control\" aria-required=\"true\" aria-invalid=\"false\" value=\"\" type=\"text\" name=\"your-last-name\" \/><\/span>\n\t<\/p>\n<\/div>\n<div class=\"col-xs-12 col-md-6\">\n\t<p><span class='titoli'>Empresa(*)<\/span>\n\t<\/p>\n\t<p><span class=\"wpcf7-form-control-wrap\" data-name=\"your-company\"><input size=\"40\" class=\"wpcf7-form-control wpcf7-text wpcf7-validates-as-required form-control\" aria-required=\"true\" aria-invalid=\"false\" value=\"\" type=\"text\" name=\"your-company\" \/><\/span>\n\t<\/p>\n<\/div>\n<div class=\"col-xs-12 col-md-6\">\n\t<p><span class='titoli'>C\u00f3d. NIF<\/span>\n\t<\/p>\n\t<p><span class=\"wpcf7-form-control-wrap\" data-name=\"p-iva\"><input size=\"40\" class=\"wpcf7-form-control wpcf7-text form-control\" aria-invalid=\"false\" value=\"\" type=\"text\" name=\"p-iva\" \/><\/span>\n\t<\/p>\n<\/div>\n<div class=\"clearboth\">\n<\/div>\n<div class=\"col-xs-12 col-md-4\">\n\t<p><span class='titoli'>C\u00f3digo Postal(*)<\/span>\n\t<\/p>\n\t<p><span class=\"wpcf7-form-control-wrap\" data-name=\"your-zip-code\"><input size=\"40\" class=\"wpcf7-form-control wpcf7-text wpcf7-validates-as-required form-control\" aria-required=\"true\" aria-invalid=\"false\" value=\"\" type=\"text\" name=\"your-zip-code\" \/><\/span>\n\t<\/p>\n<\/div>\n<div class=\"col-xs-12 col-md-4\">\n\t<p><span class='titoli'>Direcci\u00f3n (*)<\/span>\n\t<\/p>\n\t<p><span class=\"wpcf7-form-control-wrap\" data-name=\"your-address\"><input size=\"40\" class=\"wpcf7-form-control wpcf7-text wpcf7-validates-as-required form-control\" aria-required=\"true\" aria-invalid=\"false\" value=\"\" type=\"text\" name=\"your-address\" \/><\/span>\n\t<\/p>\n<\/div>\n<div class=\"col-xs-12 col-md-4\">\n\t<p><span class='titoli'>Ciudad (*)<\/span>\n\t<\/p>\n\t<p><span class=\"wpcf7-form-control-wrap\" data-name=\"your-Town\"><input size=\"40\" class=\"wpcf7-form-control wpcf7-text wpcf7-validates-as-required form-control\" aria-required=\"true\" aria-invalid=\"false\" value=\"\" type=\"text\" name=\"your-Town\" \/><\/span>\n\t<\/p>\n<\/div>\n<div class=\"clearboth\">\n<\/div>\n<div class=\"col-xs-12 col-md-6\">\n\t<p><span class='titoli'>email (*)<\/span>\n\t<\/p>\n\t<p><span class=\"wpcf7-form-control-wrap\" data-name=\"your-email\"><input size=\"40\" class=\"wpcf7-form-control wpcf7-text wpcf7-email wpcf7-validates-as-required wpcf7-validates-as-email form-control\" aria-required=\"true\" aria-invalid=\"false\" value=\"\" type=\"email\" name=\"your-email\" \/><\/span>\n\t<\/p>\n<\/div>\n<div class=\"col-xs-12 col-md-6\">\n\t<p><span class='titoli'>Tel\u00e9fono (*)<\/span>\n\t<\/p>\n\t<p><span class=\"wpcf7-form-control-wrap\" data-name=\"telefono\"><input size=\"40\" class=\"wpcf7-form-control wpcf7-text wpcf7-tel wpcf7-validates-as-required wpcf7-validates-as-tel form-control\" aria-required=\"true\" aria-invalid=\"false\" value=\"\" type=\"tel\" name=\"telefono\" \/><\/span>\n\t<\/p>\n<\/div>\n<div class=\"clearboth\">\n<\/div>\n<div class=\"col-xs-12 col-md-6\">\n\t<p><span class='titoli'>Objeto <\/span>\n\t<\/p>\n\t<p><span class=\"wpcf7-form-control-wrap\" data-name=\"oggetto\"><select class=\"wpcf7-form-control wpcf7-select wpcf7-validates-as-required\" aria-required=\"true\" aria-invalid=\"false\" name=\"oggetto\"><option value=\"Solicitud de presupuesto\">Solicitud de presupuesto<\/option><option value=\"Informaci\u00f3n t\u00e9cnica\">Informaci\u00f3n t\u00e9cnica<\/option><option value=\"Cita\">Cita<\/option><\/select><\/span>\n\t<\/p>\n<\/div>\n<div class=\"col-xs-12 col-md-6\">\n\t<p><br \/>\n<span class=\"titoli\"> <span class=\"wpcf7-form-control-wrap\" data-name=\"cliente\"><span class=\"wpcf7-form-control wpcf7-checkbox\"><span class=\"wpcf7-list-item first last\"><label><span class=\"wpcf7-list-item-label\">Soy un cliente<\/span><input type=\"checkbox\" name=\"cliente[]\" value=\"Soy un cliente\" \/><\/label><\/span><\/span><\/span><\/span>\n\t<\/p>\n<\/div>\n<div class=\"col-xs-12 col-md-12\">\n\t<p><span class='titoli'>Mensaje (*)<\/span>\n\t<\/p>\n\t<p><span class=\"wpcf7-form-control-wrap\" data-name=\"your-message\"><textarea cols=\"40\" rows=\"10\" class=\"wpcf7-form-control wpcf7-textarea wpcf7-validates-as-required form-control\" aria-required=\"true\" aria-invalid=\"false\" name=\"your-message\"><\/textarea><\/span>\n\t<\/p>\n<\/div>\n<div class=\"col-xs-12 col-md-12\">\n\t<p><small>Los datos introducidos ser\u00e1n tratados con estricta confidencialidad de acuerdo con la ley y con nuestra <a href=\"https:\/\/www.storevan.com\/es\/privacy-policy\/\">pol\u00edtica de privacidad<\/a>.<\/small>\n\t<\/p>\n\t<p><span class=\"wpcf7-form-control-wrap\" data-name=\"AccettazionePrivacy\"><span class=\"wpcf7-form-control wpcf7-acceptance\"><span class=\"wpcf7-list-item\"><input type=\"checkbox\" name=\"AccettazionePrivacy\" value=\"1\" aria-invalid=\"false\" \/><\/span><\/span><\/span> Declaro haber le\u00eddo la Informaci\u00f3n sobre la <a href=\"https:\/\/www.storevan.com\/es\/privacy-policy\/\">Privacy<\/a> y autorizo el tratamiento de mis datos personales de conformidad con aquello aqu\u00ed descrito.(*)<br \/>\n\t<span class=\"wpcf7-form-control-wrap recaptcha\" data-name=\"recaptcha\"><span data-sitekey=\"6LdfM4AUAAAAAJjsAucux5WVNA3hsk5KP0a03T_n\" class=\"wpcf7-form-control g-recaptcha wpcf7-recaptcha\"><\/span>\r\n<noscript>\r\n\t<div class=\"grecaptcha-noscript\">\r\n\t\t<iframe src=\"https:\/\/www.google.com\/recaptcha\/api\/fallback?k=6LdfM4AUAAAAAJjsAucux5WVNA3hsk5KP0a03T_n\" frameborder=\"0\" scrolling=\"no\" width=\"310\" height=\"430\">\r\n\t\t<\/iframe>\r\n\t\t<textarea name=\"g-recaptcha-response\" rows=\"3\" cols=\"40\" placeholder=\"Aqu\u00ed la respuesta de reCAPTCHA\">\r\n\t\t<\/textarea>\r\n\t<\/div>\r\n<\/noscript>\r\n<\/span>\n\t<\/p>\n<\/div>\n<hr class=\"noColor\" \/>\n<p><input class=\"wpcf7-form-control has-spinner wpcf7-submit\" type=\"submit\" value=\"Env\u00edo\" \/>\n<\/p><div class=\"wpcf7-response-output\" aria-hidden=\"true\"><\/div>\n<\/form>\n<\/div>\n<\/div>\n","protected":false},"excerpt":{"rendered":"<p>Rampas para furgonetas Rampas para furgonetas plegables y servoasistidas: la soluci\u00f3n ideal para la carga r\u00e1pida y sin esfuerzo de todo tipo de mercanc\u00edas. Las rampas para furgonetas hacen que.<\/p>\n","protected":false},"author":470,"featured_media":0,"parent":25669,"menu_order":0,"comment_status":"closed","ping_status":"closed","template":"","meta":[],"acf":[],"yoast_head":"<!-- This site is optimized with the Yoast SEO plugin v20.11 - https:\/\/yoast.com\/wordpress\/plugins\/seo\/ -->\n<title>Rampas de carga para furgonetas<\/title>\n<meta name=\"description\" content=\"Rampas para furgonetas de aluminio o aluminio y acero, m\u00e1ximo soportable 1500 kg. Gracias a las rampas plegable se puede cargar mercanc\u00eda sin esfuerzo.\" \/>\n<meta name=\"robots\" content=\"index, follow, max-snippet:-1, max-image-preview:large, max-video-preview:-1\" \/>\n<link rel=\"canonical\" href=\"https:\/\/www.storevan.com\/es\/productos\/rampas-carga-furgonetas\/\" \/>\n<meta property=\"og:locale\" content=\"es_ES\" \/>\n<meta property=\"og:type\" content=\"article\" \/>\n<meta property=\"og:title\" content=\"Rampas de carga para furgonetas\" \/>\n<meta property=\"og:description\" content=\"Rampas para furgonetas de aluminio o aluminio y acero, m\u00e1ximo soportable 1500 kg. Gracias a las rampas plegable se puede cargar mercanc\u00eda sin esfuerzo.\" \/>\n<meta property=\"og:url\" content=\"https:\/\/www.storevan.com\/es\/productos\/rampas-carga-furgonetas\/\" \/>\n<meta property=\"og:site_name\" content=\"Store Van\" \/>\n<meta property=\"article:modified_time\" content=\"2026-03-30T13:11:28+00:00\" \/>\n<meta property=\"og:image\" content=\"https:\/\/www.storevan.com\/wp-content\/uploads\/2019\/07\/rampa-di-carico-per-furgoni-300x229.jpg\" \/>\n<meta name=\"twitter:label1\" content=\"Tiempo de lectura\" \/>\n\t<meta name=\"twitter:data1\" content=\"4 minutos\" \/>\n<script type=\"application\/ld+json\" class=\"yoast-schema-graph\">{\"@context\":\"https:\/\/schema.org\",\"@graph\":[{\"@type\":\"WebPage\",\"@id\":\"https:\/\/www.storevan.com\/es\/productos\/rampas-carga-furgonetas\/\",\"url\":\"https:\/\/www.storevan.com\/es\/productos\/rampas-carga-furgonetas\/\",\"name\":\"Rampas de carga para furgonetas\",\"isPartOf\":{\"@id\":\"https:\/\/www.storevan.com\/pl\/#website\"},\"datePublished\":\"2015-12-02T14:21:36+00:00\",\"dateModified\":\"2026-03-30T13:11:28+00:00\",\"description\":\"Rampas para furgonetas de aluminio o aluminio y acero, m\u00e1ximo soportable 1500 kg. Gracias a las rampas plegable se puede cargar mercanc\u00eda sin esfuerzo.\",\"breadcrumb\":{\"@id\":\"https:\/\/www.storevan.com\/es\/productos\/rampas-carga-furgonetas\/#breadcrumb\"},\"inLanguage\":\"es\",\"potentialAction\":[{\"@type\":\"ReadAction\",\"target\":[\"https:\/\/www.storevan.com\/es\/productos\/rampas-carga-furgonetas\/\"]}]},{\"@type\":\"BreadcrumbList\",\"@id\":\"https:\/\/www.storevan.com\/es\/productos\/rampas-carga-furgonetas\/#breadcrumb\",\"itemListElement\":[{\"@type\":\"ListItem\",\"position\":1,\"name\":\"Home\",\"item\":\"https:\/\/www.storevan.com\/es\/\"},{\"@type\":\"ListItem\",\"position\":2,\"name\":\"Productos\",\"item\":\"https:\/\/www.storevan.com\/es\/productos\/\"},{\"@type\":\"ListItem\",\"position\":3,\"name\":\"Rampas de carga para furgonetas\"}]},{\"@type\":\"WebSite\",\"@id\":\"https:\/\/www.storevan.com\/pl\/#website\",\"url\":\"https:\/\/www.storevan.com\/pl\/\",\"name\":\"Store Van\",\"description\":\"Equipamientos furgonetas\",\"potentialAction\":[{\"@type\":\"SearchAction\",\"target\":{\"@type\":\"EntryPoint\",\"urlTemplate\":\"https:\/\/www.storevan.com\/pl\/?s={search_term_string}\"},\"query-input\":\"required name=search_term_string\"}],\"inLanguage\":\"es\"}]}<\/script>\n<!-- \/ Yoast SEO plugin. -->","yoast_head_json":{"title":"Rampas de carga para furgonetas","description":"Rampas para furgonetas de aluminio o aluminio y acero, m\u00e1ximo soportable 1500 kg. Gracias a las rampas plegable se puede cargar mercanc\u00eda sin esfuerzo.","robots":{"index":"index","follow":"follow","max-snippet":"max-snippet:-1","max-image-preview":"max-image-preview:large","max-video-preview":"max-video-preview:-1"},"canonical":"https:\/\/www.storevan.com\/es\/productos\/rampas-carga-furgonetas\/","og_locale":"es_ES","og_type":"article","og_title":"Rampas de carga para furgonetas","og_description":"Rampas para furgonetas de aluminio o aluminio y acero, m\u00e1ximo soportable 1500 kg. Gracias a las rampas plegable se puede cargar mercanc\u00eda sin esfuerzo.","og_url":"https:\/\/www.storevan.com\/es\/productos\/rampas-carga-furgonetas\/","og_site_name":"Store Van","article_modified_time":"2026-03-30T13:11:28+00:00","og_image":[{"url":"https:\/\/www.storevan.com\/wp-content\/uploads\/2019\/07\/rampa-di-carico-per-furgoni-300x229.jpg"}],"twitter_misc":{"Tiempo de lectura":"4 minutos"},"schema":{"@context":"https:\/\/schema.org","@graph":[{"@type":"WebPage","@id":"https:\/\/www.storevan.com\/es\/productos\/rampas-carga-furgonetas\/","url":"https:\/\/www.storevan.com\/es\/productos\/rampas-carga-furgonetas\/","name":"Rampas de carga para furgonetas","isPartOf":{"@id":"https:\/\/www.storevan.com\/pl\/#website"},"datePublished":"2015-12-02T14:21:36+00:00","dateModified":"2026-03-30T13:11:28+00:00","description":"Rampas para furgonetas de aluminio o aluminio y acero, m\u00e1ximo soportable 1500 kg. Gracias a las rampas plegable se puede cargar mercanc\u00eda sin esfuerzo.","breadcrumb":{"@id":"https:\/\/www.storevan.com\/es\/productos\/rampas-carga-furgonetas\/#breadcrumb"},"inLanguage":"es","potentialAction":[{"@type":"ReadAction","target":["https:\/\/www.storevan.com\/es\/productos\/rampas-carga-furgonetas\/"]}]},{"@type":"BreadcrumbList","@id":"https:\/\/www.storevan.com\/es\/productos\/rampas-carga-furgonetas\/#breadcrumb","itemListElement":[{"@type":"ListItem","position":1,"name":"Home","item":"https:\/\/www.storevan.com\/es\/"},{"@type":"ListItem","position":2,"name":"Productos","item":"https:\/\/www.storevan.com\/es\/productos\/"},{"@type":"ListItem","position":3,"name":"Rampas de carga para furgonetas"}]},{"@type":"WebSite","@id":"https:\/\/www.storevan.com\/pl\/#website","url":"https:\/\/www.storevan.com\/pl\/","name":"Store Van","description":"Equipamientos furgonetas","potentialAction":[{"@type":"SearchAction","target":{"@type":"EntryPoint","urlTemplate":"https:\/\/www.storevan.com\/pl\/?s={search_term_string}"},"query-input":"required name=search_term_string"}],"inLanguage":"es"}]}},"_links":{"self":[{"href":"https:\/\/www.storevan.com\/es\/wp-json\/wp\/v2\/pages\/25695"}],"collection":[{"href":"https:\/\/www.storevan.com\/es\/wp-json\/wp\/v2\/pages"}],"about":[{"href":"https:\/\/www.storevan.com\/es\/wp-json\/wp\/v2\/types\/page"}],"author":[{"embeddable":true,"href":"https:\/\/www.storevan.com\/es\/wp-json\/wp\/v2\/users\/470"}],"replies":[{"embeddable":true,"href":"https:\/\/www.storevan.com\/es\/wp-json\/wp\/v2\/comments?post=25695"}],"version-history":[{"count":10,"href":"https:\/\/www.storevan.com\/es\/wp-json\/wp\/v2\/pages\/25695\/revisions"}],"predecessor-version":[{"id":165228,"href":"https:\/\/www.storevan.com\/es\/wp-json\/wp\/v2\/pages\/25695\/revisions\/165228"}],"up":[{"embeddable":true,"href":"https:\/\/www.storevan.com\/es\/wp-json\/wp\/v2\/pages\/25669"}],"wp:attachment":[{"href":"https:\/\/www.storevan.com\/es\/wp-json\/wp\/v2\/media?parent=25695"}],"curies":[{"name":"wp","href":"https:\/\/api.w.org\/{rel}","templated":true}]}}