{"id":25612,"date":"2016-05-16T13:49:56","date_gmt":"2016-05-16T13:49:56","guid":{"rendered":"https:\/\/www.storevan.com\/es\/empresa\/eco-sustainability\/"},"modified":"2023-03-23T07:43:30","modified_gmt":"2023-03-23T07:43:30","slug":"eco-sostenibilidad","status":"publish","type":"page","link":"https:\/\/www.storevan.com\/es\/empresa\/eco-sostenibilidad\/","title":{"rendered":"ECO-SOSTENIBILIDAD"},"content":{"rendered":"<h1 class=\"customblackTitleSmall\">ECO-SOSTENIBILIDAD<\/h1>\n<p><img decoding=\"async\" loading=\"lazy\" class=\"alignnone wp-image-25613 size-full\" src=\"https:\/\/www.storevan.com\/wp-content\/uploads\/2016\/05\/Panoramica_azienda.jpg\" alt=\"Store Van - ECO-SOSTENIBILIDAD\" width=\"1170\" height=\"300\" srcset=\"https:\/\/www.storevan.com\/wp-content\/uploads\/2016\/05\/Panoramica_azienda.jpg 1170w, https:\/\/www.storevan.com\/wp-content\/uploads\/2016\/05\/Panoramica_azienda-300x77.jpg 300w, https:\/\/www.storevan.com\/wp-content\/uploads\/2016\/05\/Panoramica_azienda-768x197.jpg 768w, https:\/\/www.storevan.com\/wp-content\/uploads\/2016\/05\/Panoramica_azienda-1024x263.jpg 1024w, https:\/\/www.storevan.com\/wp-content\/uploads\/2016\/05\/Panoramica_azienda-600x154.jpg 600w\" sizes=\"(max-width: 1170px) 100vw, 1170px\" \/><\/p>\n<p style=\"text-align: justify;\">Store Van, (spin-off de Fami S.r.l.) empresa perteneciente al grupo <a href=\"https:\/\/www.famispa.com\/es\/\" target=\"_blank\" title=\"Equipamientos industriales y mobiliario de taller profesionales\" rel=\"noopener noreferrer\">Fami<\/a>, celebra con la empresa matriz su primero a\u00f1o de una nueva meta alcanzada con el uso de tecnolog\u00edas de vanguardia respetando el medio ambiente y el desarrollo sostenible. De hecho, desde hace un a\u00f1o, se ha instalado y destaca encima de las naves de la empresa, que son tambi\u00e9n sede de los departamentos de producci\u00f3n de la l\u00ednea de <a href=\"https:\/\/www.storevan.com\/es\/equipamientos-vehiculos-comerciales\/\" title=\"Equipamiento para furgonetas\">equipamientos de veh\u00edculos comerciales<\/a>, una <strong>planta fotovoltaica de \u00faltima generaci\u00f3n<\/strong>, sobre una superficie de 45.000 m2 de cobertura. La planta fotovoltaica consiste en no menos de <strong>6.140 paneles de silicio cristalino<\/strong>, excelentes por calidad y estabilidad de rendimiento, estable y garantizado durante 25 a\u00f1os, ocupando una superficie total de 9824 metros cuadrados.<\/p>\n<p style=\"text-align: justify;\">Las ventajas que derivan de la instalaci\u00f3n de la planta fotovoltaica se manifiestan en m\u00faltiples aspectos: ahorro de combustibles f\u00f3siles, explotaci\u00f3n del sol y consecuentemente una fuente de energ\u00eda \u201climpia\u201d e inagotable, reducci\u00f3n de la dispersi\u00f3n de energ\u00eda el\u00e9ctrica producida e inmediatamente reutilizada, costos operativos y de mantenimiento reducidos al m\u00ednimo. Para ser m\u00e1s elocuentes, aqu\u00ed est\u00e1 el resumen de los n\u00fameros registrados:<\/p>\n<p style=\"text-align: justify;\"><div class=\"three_fourth\">\n<ol>\n<li>Potencia te\u00f3rica de la planta 1.412,20 kWp<\/li>\n<li>Producci\u00f3n te\u00f3rica anual de la planta 1.657.800,00 kWh;<\/li>\n<li>Relaci\u00f3n entre Co\u00b2 no emitido comparado con los kWh producidos = 0.00065 toneladas de Co\u00b2\/kWh<\/li>\n<li>Producci\u00f3n de las necesidades anuales de la empresa igual al 24%<\/li>\n<\/ol>\n<\/div><div class=\"one_fourth last\">\n<\/div><div class=\"clearboth\"><\/div>\n<p class=\"text-right\"><a href=\"https:\/\/www.famispa.com\/es\/empresa\/certificaciones-y-sostenibilidad\/responsabilidad-ambiental\/\" title=\"Etiquetado ambiental de los embalajes\" class=\"btn btn-primary noMarg\" target=\"_blank noopener\" rel=\"noopener\">Etiquetado ambiental de los embalajes <i class=\"fa fa-angle-double-right\"><\/i><\/a><\/p>\n","protected":false},"excerpt":{"rendered":"<p>ECO-SOSTENIBILIDAD Store Van, (spin-off de Fami S.r.l.) empresa perteneciente al grupo Fami, celebra con la empresa matriz su primero a\u00f1o de una nueva meta alcanzada con el uso de tecnolog\u00edas.<\/p>\n","protected":false},"author":470,"featured_media":0,"parent":25572,"menu_order":0,"comment_status":"closed","ping_status":"closed","template":"","meta":[],"acf":[],"yoast_head":"<!-- This site is optimized with the Yoast SEO plugin v20.11 - https:\/\/yoast.com\/wordpress\/plugins\/seo\/ -->\n<title>ECO-SOSTENIBILIDAD<\/title>\n<meta name=\"robots\" content=\"index, follow, max-snippet:-1, max-image-preview:large, max-video-preview:-1\" \/>\n<link rel=\"canonical\" href=\"https:\/\/www.storevan.com\/es\/empresa\/eco-sostenibilidad\/\" \/>\n<meta property=\"og:locale\" content=\"es_ES\" \/>\n<meta property=\"og:type\" content=\"article\" \/>\n<meta property=\"og:title\" content=\"ECO-SOSTENIBILIDAD\" \/>\n<meta property=\"og:description\" content=\"ECO-SOSTENIBILIDAD Store Van, (spin-off de Fami S.r.l.) empresa perteneciente al grupo Fami, celebra con la empresa matriz su primero a\u00f1o de una nueva meta alcanzada con el uso de tecnolog\u00edas.\" \/>\n<meta property=\"og:url\" content=\"https:\/\/www.storevan.com\/es\/empresa\/eco-sostenibilidad\/\" \/>\n<meta property=\"og:site_name\" content=\"Store Van\" \/>\n<meta property=\"article:modified_time\" content=\"2023-03-23T07:43:30+00:00\" \/>\n<meta property=\"og:image\" content=\"https:\/\/www.storevan.com\/wp-content\/uploads\/2016\/05\/Panoramica_azienda.jpg\" \/>\n<meta name=\"twitter:label1\" content=\"Tiempo de lectura\" \/>\n\t<meta name=\"twitter:data1\" content=\"2 minutos\" \/>\n<script type=\"application\/ld+json\" class=\"yoast-schema-graph\">{\"@context\":\"https:\/\/schema.org\",\"@graph\":[{\"@type\":\"WebPage\",\"@id\":\"https:\/\/www.storevan.com\/es\/empresa\/eco-sostenibilidad\/\",\"url\":\"https:\/\/www.storevan.com\/es\/empresa\/eco-sostenibilidad\/\",\"name\":\"ECO-SOSTENIBILIDAD\",\"isPartOf\":{\"@id\":\"https:\/\/www.storevan.com\/pl\/#website\"},\"datePublished\":\"2016-05-16T13:49:56+00:00\",\"dateModified\":\"2023-03-23T07:43:30+00:00\",\"breadcrumb\":{\"@id\":\"https:\/\/www.storevan.com\/es\/empresa\/eco-sostenibilidad\/#breadcrumb\"},\"inLanguage\":\"es\",\"potentialAction\":[{\"@type\":\"ReadAction\",\"target\":[\"https:\/\/www.storevan.com\/es\/empresa\/eco-sostenibilidad\/\"]}]},{\"@type\":\"BreadcrumbList\",\"@id\":\"https:\/\/www.storevan.com\/es\/empresa\/eco-sostenibilidad\/#breadcrumb\",\"itemListElement\":[{\"@type\":\"ListItem\",\"position\":1,\"name\":\"Home\",\"item\":\"https:\/\/www.storevan.com\/es\/\"},{\"@type\":\"ListItem\",\"position\":2,\"name\":\"Empresa\",\"item\":\"https:\/\/www.storevan.com\/azienda\/\"},{\"@type\":\"ListItem\",\"position\":3,\"name\":\"ECO-SOSTENIBILIDAD\"}]},{\"@type\":\"WebSite\",\"@id\":\"https:\/\/www.storevan.com\/pl\/#website\",\"url\":\"https:\/\/www.storevan.com\/pl\/\",\"name\":\"Store Van\",\"description\":\"Equipamientos furgonetas\",\"potentialAction\":[{\"@type\":\"SearchAction\",\"target\":{\"@type\":\"EntryPoint\",\"urlTemplate\":\"https:\/\/www.storevan.com\/pl\/?s={search_term_string}\"},\"query-input\":\"required name=search_term_string\"}],\"inLanguage\":\"es\"}]}<\/script>\n<!-- \/ Yoast SEO plugin. -->","yoast_head_json":{"title":"ECO-SOSTENIBILIDAD","robots":{"index":"index","follow":"follow","max-snippet":"max-snippet:-1","max-image-preview":"max-image-preview:large","max-video-preview":"max-video-preview:-1"},"canonical":"https:\/\/www.storevan.com\/es\/empresa\/eco-sostenibilidad\/","og_locale":"es_ES","og_type":"article","og_title":"ECO-SOSTENIBILIDAD","og_description":"ECO-SOSTENIBILIDAD Store Van, (spin-off de Fami S.r.l.) empresa perteneciente al grupo Fami, celebra con la empresa matriz su primero a\u00f1o de una nueva meta alcanzada con el uso de tecnolog\u00edas.","og_url":"https:\/\/www.storevan.com\/es\/empresa\/eco-sostenibilidad\/","og_site_name":"Store Van","article_modified_time":"2023-03-23T07:43:30+00:00","og_image":[{"url":"https:\/\/www.storevan.com\/wp-content\/uploads\/2016\/05\/Panoramica_azienda.jpg"}],"twitter_misc":{"Tiempo de lectura":"2 minutos"},"schema":{"@context":"https:\/\/schema.org","@graph":[{"@type":"WebPage","@id":"https:\/\/www.storevan.com\/es\/empresa\/eco-sostenibilidad\/","url":"https:\/\/www.storevan.com\/es\/empresa\/eco-sostenibilidad\/","name":"ECO-SOSTENIBILIDAD","isPartOf":{"@id":"https:\/\/www.storevan.com\/pl\/#website"},"datePublished":"2016-05-16T13:49:56+00:00","dateModified":"2023-03-23T07:43:30+00:00","breadcrumb":{"@id":"https:\/\/www.storevan.com\/es\/empresa\/eco-sostenibilidad\/#breadcrumb"},"inLanguage":"es","potentialAction":[{"@type":"ReadAction","target":["https:\/\/www.storevan.com\/es\/empresa\/eco-sostenibilidad\/"]}]},{"@type":"BreadcrumbList","@id":"https:\/\/www.storevan.com\/es\/empresa\/eco-sostenibilidad\/#breadcrumb","itemListElement":[{"@type":"ListItem","position":1,"name":"Home","item":"https:\/\/www.storevan.com\/es\/"},{"@type":"ListItem","position":2,"name":"Empresa","item":"https:\/\/www.storevan.com\/azienda\/"},{"@type":"ListItem","position":3,"name":"ECO-SOSTENIBILIDAD"}]},{"@type":"WebSite","@id":"https:\/\/www.storevan.com\/pl\/#website","url":"https:\/\/www.storevan.com\/pl\/","name":"Store Van","description":"Equipamientos furgonetas","potentialAction":[{"@type":"SearchAction","target":{"@type":"EntryPoint","urlTemplate":"https:\/\/www.storevan.com\/pl\/?s={search_term_string}"},"query-input":"required name=search_term_string"}],"inLanguage":"es"}]}},"_links":{"self":[{"href":"https:\/\/www.storevan.com\/es\/wp-json\/wp\/v2\/pages\/25612"}],"collection":[{"href":"https:\/\/www.storevan.com\/es\/wp-json\/wp\/v2\/pages"}],"about":[{"href":"https:\/\/www.storevan.com\/es\/wp-json\/wp\/v2\/types\/page"}],"author":[{"embeddable":true,"href":"https:\/\/www.storevan.com\/es\/wp-json\/wp\/v2\/users\/470"}],"replies":[{"embeddable":true,"href":"https:\/\/www.storevan.com\/es\/wp-json\/wp\/v2\/comments?post=25612"}],"version-history":[{"count":9,"href":"https:\/\/www.storevan.com\/es\/wp-json\/wp\/v2\/pages\/25612\/revisions"}],"predecessor-version":[{"id":151283,"href":"https:\/\/www.storevan.com\/es\/wp-json\/wp\/v2\/pages\/25612\/revisions\/151283"}],"up":[{"embeddable":true,"href":"https:\/\/www.storevan.com\/es\/wp-json\/wp\/v2\/pages\/25572"}],"wp:attachment":[{"href":"https:\/\/www.storevan.com\/es\/wp-json\/wp\/v2\/media?parent=25612"}],"curies":[{"name":"wp","href":"https:\/\/api.w.org\/{rel}","templated":true}]}}