{"id":25572,"date":"2015-12-10T11:17:48","date_gmt":"2015-12-10T10:17:48","guid":{"rendered":"https:\/\/www.storevan.com\/es\/company\/"},"modified":"2022-09-27T13:18:05","modified_gmt":"2022-09-27T13:18:05","slug":"empresa","status":"publish","type":"page","link":"https:\/\/www.storevan.com\/es\/empresa\/","title":{"rendered":"Empresa"},"content":{"rendered":"<h1 class=\"customblackTitleSmall\">Empresa<\/h1>\n<div class=\"one_half\">\n<div class=\"iframeContent\"><iframe loading=\"lazy\" src=\"https:\/\/www.youtube.com\/embed\/VfBgTM3iSwA?rel=0\" width=\"560\" height=\"315\" frameborder=\"0\" allowfullscreen=\"allowfullscreen\"><\/iframe><\/div>\n<\/div><div class=\"one_half last\">\n<h2>Store Van es una marca del grupo FAMI, que nace en 2003 con el fin de cubrir una demanda\u00a0de mercado muy precisa: el equipamiento de los veh\u00edculos comerciales<\/h2>\n<p>Store Van crece, con sus estudios de proyecto y producci\u00f3n, dentro de la casa madre\u00a0<strong>FAMI<\/strong>, respira el mismo aire innovador y comparte su filosof\u00eda y la gesti\u00f3n directiva.\u00a0<strong>Store Van<\/strong> est\u00e1 presente con sus afiliados en todo el territorio <a href=\"https:\/\/www.storevan.com\/es\/empresa\/donde-estamos\/italy\/\">Italiano <\/a>y\u00a0<a href=\"https:\/\/www.storevan.com\/es\/empresa\/donde-estamos\/\">Europeo<\/a> y est\u00e1\u00a0proyectada hacia un desarrollo m\u00e1s vasto y coordinado. Es una divisi\u00f3n joven, que\u00a0contin\u00faa la tradici\u00f3n y confirma la fiabilidad de una gran empresa. El camino de Store\u00a0Van ha comenzado con buenos auspicios y como <strong>FAMI<\/strong>, cree y se caracteriza por la\u00a0ductilidad del propio producto, elemento que la distingue y que le ha permitido ser el\u00a0orgullo del entero grupo industrial y socio v\u00e1lido para sus clientes.<br \/>\n<\/div><div class=\"clearboth\"><\/div>\nEl incremento de la eficiencia productiva y el rendimiento, definido como calidad del tiempo empleado, son de suma importancia para las empresas, por esta raz\u00f3n Store Van propone su serie de accesorios para furgonetas comerciales. Store Van estudia, proyecta, produce y monta todos los espacios internos, utilizando<br \/>\nsoluciones y accesorios proyectados y personalizados ante cada demanda.<\/p>\n<div class=\"break\"><\/div>\n<hr class=\"noColor\"\/>\n<div class=\"one_fourth\"><a class=\"linkBorder\" href=\"https:\/\/www.storevan.com\/es\/empresa\/eco-sostenibilidad\/\" title=\"ECO-SOSTENIBILIDAD\">ECO-SOSTENIBILIDAD <i class=\"fa fa-angle-double-right\"><\/i><\/a><\/div>\n<div class=\"one_fourth\"><a class=\"linkBorder\" href=\"https:\/\/www.storevan.com\/es\/empresa\/tecnologia\/\" title=\"TECNOLOG\u00cdA\">TECNOLOG\u00cdA <i class=\"fa fa-angle-double-right\"><\/i><\/a><\/div>\n<div class=\"one_fourth\"><a class=\"linkBorder\" href=\"https:\/\/www.storevan.com\/es\/empresa\/certificados\/\" title=\"CERTIFICADOS\">CERTIFICADOS <i class=\"fa fa-angle-double-right\"><\/i><\/a><\/div>\n<div class=\"one_fourth last\"><a class=\"linkBorder\" href=\"https:\/\/www.storevan.com\/es\/modelacion-3d-furgonetas-vehiculos-profesionales\/\" title=\"MODELACI\u00d3N 3D\">MODELACI\u00d3N 3D  <i class=\"fa fa-angle-double-right\"><\/i><\/a><\/div><div class=\"clearboth\"><\/div>\n<hr\/>\n<p><strong>Gallery:<\/strong><\/p>\n<div class=\"ts-gallery\">\n<div class=\"one_fourth\">\n<p style=\"text-align: justify;\"><a class=\"prettyPhoto gf-ts-img\" href=\"https:\/\/www.storevan.com\/wp-content\/uploads\/2015\/12\/azienda_1.jpg\"><img decoding=\"async\" loading=\"lazy\" class=\"alignnone size-medium wp-image-25573\" src=\"https:\/\/www.storevan.com\/wp-content\/uploads\/2015\/12\/1-tec1big-300x182.jpg\" alt=\"Store Van - Establecimientos\" width=\"300\" height=\"182\" srcset=\"https:\/\/www.storevan.com\/wp-content\/uploads\/2015\/12\/1-tec1big-300x182.jpg 300w, https:\/\/www.storevan.com\/wp-content\/uploads\/2015\/12\/1-tec1big.jpg 525w\" sizes=\"(max-width: 300px) 100vw, 300px\" \/><\/a><\/p>\n<\/div>\n<div class=\"one_fourth\">\n<p style=\"text-align: justify;\"><a class=\"prettyPhoto gf-ts-img\" href=\"https:\/\/www.storevan.com\/wp-content\/uploads\/2015\/12\/azienda_2.jpg\"><img decoding=\"async\" loading=\"lazy\" class=\"alignnone size-medium wp-image-25574\" src=\"https:\/\/www.storevan.com\/wp-content\/uploads\/2015\/12\/2-tec2big-300x182.jpg\" alt=\"Store Van -Establecimientos\" width=\"300\" height=\"182\" srcset=\"https:\/\/www.storevan.com\/wp-content\/uploads\/2015\/12\/2-tec2big-300x182.jpg 300w, https:\/\/www.storevan.com\/wp-content\/uploads\/2015\/12\/2-tec2big.jpg 525w\" sizes=\"(max-width: 300px) 100vw, 300px\" \/><\/a><\/p>\n<\/div>\n<div class=\"one_fourth\">\n<p style=\"text-align: justify;\"><a class=\"prettyPhoto gf-ts-img\" href=\"https:\/\/www.storevan.com\/wp-content\/uploads\/2015\/12\/azienda_3.jpg\"><img decoding=\"async\" loading=\"lazy\" class=\"alignnone size-medium wp-image-25575\" src=\"https:\/\/www.storevan.com\/wp-content\/uploads\/2015\/12\/3-tec3big-300x182.jpg\" alt=\"Store Van -Establecimientos\" width=\"300\" height=\"182\" srcset=\"https:\/\/www.storevan.com\/wp-content\/uploads\/2015\/12\/3-tec3big-300x182.jpg 300w, https:\/\/www.storevan.com\/wp-content\/uploads\/2015\/12\/3-tec3big.jpg 525w\" sizes=\"(max-width: 300px) 100vw, 300px\" \/><\/a><\/p>\n<\/div>\n<div class=\"one_fourth last\">\n<p style=\"text-align: justify;\"><a class=\"prettyPhoto gf-ts-img\" href=\"https:\/\/www.storevan.com\/wp-content\/uploads\/2015\/12\/azienda_4.jpg\"><img decoding=\"async\" loading=\"lazy\" class=\"alignnone size-medium wp-image-25576\" src=\"https:\/\/www.storevan.com\/wp-content\/uploads\/2015\/12\/4-tec4big-300x182.jpg\" alt=\"Store Van -Establecimientos\" width=\"300\" height=\"182\" srcset=\"https:\/\/www.storevan.com\/wp-content\/uploads\/2015\/12\/4-tec4big-300x182.jpg 300w, https:\/\/www.storevan.com\/wp-content\/uploads\/2015\/12\/4-tec4big.jpg 525w\" sizes=\"(max-width: 300px) 100vw, 300px\" \/><\/a><\/p>\n<\/div><div class=\"clearboth\"><\/div>\n<\/div>\n<h3 class=\"txtGrey text-left\">HISTORIA<\/h3>\n<p style=\"text-align: justify;\">En <strong>1929<\/strong>, en Bassano del Grappa, Mario Milani fund\u00f3 un taller para trabajar el hierro. En 1963 el taller se convierte en \u201cFabbrica Attrezzature Mobili Industriali\u201d. En 1970 <a href=\"https:\/\/www.famispa.com\/it\/\"><strong>FAMI<\/strong><\/a> entra en los mercados internacionales. Son a\u00f1os importantes que, gracias a la diversificaci\u00f3n y a la innovaci\u00f3n de los productos y de los procesos productivos, permiten que la empresa se imponga tambi\u00e9n en el extranjero. \u00a0<strong>Store Van<\/strong> nace del grupo <strong>FAMI<\/strong> en un principio como sociedad que produce y comercializa equipamientos para todos los veh\u00edculos comerciales. Posteriormente, incorporada en la sociedad madre Grupo Fami, se convierte en marca independiente y se sit\u00faa entre los l\u00edderes del sector. Store Van se fabrica en las plantas de Fami con sus estudios de dise\u00f1o y con la misma producci\u00f3n. Es una marca que evoluciona y expande continuamente la tradici\u00f3n de la casa madre confirmando la fiabilidad y la gran tecnolog\u00eda.<\/p>\n<div class=\"ts-gallery\"><div class=\"one_fourth\">\n<a class=\"prettyPhoto gf-ts-img\" href=\"https:\/\/www.storevan.com\/wp-content\/uploads\/2015\/12\/storia_1g.jpg\"><img decoding=\"async\" loading=\"lazy\" class=\"alignnone size-medium wp-image-25586\" src=\"https:\/\/www.storevan.com\/wp-content\/uploads\/2015\/12\/storia_1-300x182.jpg\" alt=\"Fami a\u00f1o fundacion 1953\" width=\"300\" height=\"182\" \/><\/a><br \/>\n<\/div><div class=\"one_fourth\">\n<a class=\"prettyPhoto gf-ts-img\" href=\"https:\/\/www.storevan.com\/wp-content\/uploads\/2015\/12\/storia_2g.jpg\"><img decoding=\"async\" loading=\"lazy\" class=\"alignnone size-medium wp-image-25588\" src=\"https:\/\/www.storevan.com\/wp-content\/uploads\/2015\/12\/storia_2-300x182.jpg\" alt=\"historia empresa Fami\" width=\"300\" height=\"182\" \/><\/a><br \/>\n<\/div><div class=\"one_fourth\">\n<a class=\"prettyPhoto gf-ts-img\" href=\"https:\/\/www.storevan.com\/wp-content\/uploads\/2015\/12\/storia_3g.jpg\"><img decoding=\"async\" loading=\"lazy\" class=\"alignnone size-medium wp-image-25590\" src=\"https:\/\/www.storevan.com\/wp-content\/uploads\/2015\/12\/storia_3-300x182.jpg\" alt=\"historia empresa Fami\" width=\"300\" height=\"182\" \/><\/a><br \/>\n<\/div><div class=\"one_fourth last\">\n<a class=\"prettyPhoto gf-ts-img\" href=\"https:\/\/www.storevan.com\/wp-content\/uploads\/2015\/12\/storia_4g.jpg\"><img decoding=\"async\" loading=\"lazy\" class=\"alignnone size-medium wp-image-25592\" src=\"https:\/\/www.storevan.com\/wp-content\/uploads\/2015\/12\/storia_4-300x182.jpg\" alt=\"historia empresa Fami\" width=\"300\" height=\"182\" \/><\/a><br \/>\n<\/div><div class=\"clearboth\"><\/div><\/div>\n","protected":false},"excerpt":{"rendered":"<p>Empresa El incremento de la eficiencia productiva y el rendimiento, definido como calidad del tiempo empleado, son de suma importancia para las empresas, por esta raz\u00f3n Store Van propone su.<\/p>\n","protected":false},"author":470,"featured_media":0,"parent":0,"menu_order":0,"comment_status":"closed","ping_status":"closed","template":"","meta":[],"acf":[],"yoast_head":"<!-- This site is optimized with the Yoast SEO plugin v20.11 - https:\/\/yoast.com\/wordpress\/plugins\/seo\/ -->\n<title>Empresa para el equipamiento de los veh\u00edculos comerciales<\/title>\n<meta name=\"description\" content=\"StoreVan es una marca del grupo FAMI, que nace con el fin de cubrir una demanda de mercado muy precisa: el equipamiento para furgonetas.\" \/>\n<meta name=\"robots\" content=\"index, follow, max-snippet:-1, max-image-preview:large, max-video-preview:-1\" \/>\n<link rel=\"canonical\" href=\"https:\/\/www.storevan.com\/azienda\/\" \/>\n<meta property=\"og:locale\" content=\"es_ES\" \/>\n<meta property=\"og:type\" content=\"article\" \/>\n<meta property=\"og:title\" content=\"Empresa para el equipamiento de los veh\u00edculos comerciales\" \/>\n<meta property=\"og:description\" content=\"StoreVan es una marca del grupo FAMI, que nace con el fin de cubrir una demanda de mercado muy precisa: el equipamiento para furgonetas.\" \/>\n<meta property=\"og:url\" content=\"https:\/\/www.storevan.com\/azienda\/\" \/>\n<meta property=\"og:site_name\" content=\"Store Van\" \/>\n<meta property=\"article:modified_time\" content=\"2022-09-27T13:18:05+00:00\" \/>\n<meta property=\"og:image\" content=\"https:\/\/www.storevan.com\/wp-content\/uploads\/2015\/12\/1-tec1big-300x182.jpg\" \/>\n<meta name=\"twitter:label1\" content=\"Tiempo de lectura\" \/>\n\t<meta name=\"twitter:data1\" content=\"2 minutos\" \/>\n<script type=\"application\/ld+json\" class=\"yoast-schema-graph\">{\"@context\":\"https:\/\/schema.org\",\"@graph\":[{\"@type\":\"WebPage\",\"@id\":\"https:\/\/www.storevan.com\/azienda\/\",\"url\":\"https:\/\/www.storevan.com\/azienda\/\",\"name\":\"Empresa para el equipamiento de los veh\u00edculos comerciales\",\"isPartOf\":{\"@id\":\"https:\/\/www.storevan.com\/pl\/#website\"},\"datePublished\":\"2015-12-10T10:17:48+00:00\",\"dateModified\":\"2022-09-27T13:18:05+00:00\",\"description\":\"StoreVan es una marca del grupo FAMI, que nace con el fin de cubrir una demanda de mercado muy precisa: el equipamiento para furgonetas.\",\"breadcrumb\":{\"@id\":\"https:\/\/www.storevan.com\/azienda\/#breadcrumb\"},\"inLanguage\":\"es\",\"potentialAction\":[{\"@type\":\"ReadAction\",\"target\":[\"https:\/\/www.storevan.com\/azienda\/\"]}]},{\"@type\":\"BreadcrumbList\",\"@id\":\"https:\/\/www.storevan.com\/azienda\/#breadcrumb\",\"itemListElement\":[{\"@type\":\"ListItem\",\"position\":1,\"name\":\"Home\",\"item\":\"https:\/\/www.storevan.com\/es\/\"},{\"@type\":\"ListItem\",\"position\":2,\"name\":\"Empresa\"}]},{\"@type\":\"WebSite\",\"@id\":\"https:\/\/www.storevan.com\/pl\/#website\",\"url\":\"https:\/\/www.storevan.com\/pl\/\",\"name\":\"Store Van\",\"description\":\"Equipamientos furgonetas\",\"potentialAction\":[{\"@type\":\"SearchAction\",\"target\":{\"@type\":\"EntryPoint\",\"urlTemplate\":\"https:\/\/www.storevan.com\/pl\/?s={search_term_string}\"},\"query-input\":\"required name=search_term_string\"}],\"inLanguage\":\"es\"}]}<\/script>\n<!-- \/ Yoast SEO plugin. -->","yoast_head_json":{"title":"Empresa para el equipamiento de los veh\u00edculos comerciales","description":"StoreVan es una marca del grupo FAMI, que nace con el fin de cubrir una demanda de mercado muy precisa: el equipamiento para furgonetas.","robots":{"index":"index","follow":"follow","max-snippet":"max-snippet:-1","max-image-preview":"max-image-preview:large","max-video-preview":"max-video-preview:-1"},"canonical":"https:\/\/www.storevan.com\/azienda\/","og_locale":"es_ES","og_type":"article","og_title":"Empresa para el equipamiento de los veh\u00edculos comerciales","og_description":"StoreVan es una marca del grupo FAMI, que nace con el fin de cubrir una demanda de mercado muy precisa: el equipamiento para furgonetas.","og_url":"https:\/\/www.storevan.com\/azienda\/","og_site_name":"Store Van","article_modified_time":"2022-09-27T13:18:05+00:00","og_image":[{"url":"https:\/\/www.storevan.com\/wp-content\/uploads\/2015\/12\/1-tec1big-300x182.jpg"}],"twitter_misc":{"Tiempo de lectura":"2 minutos"},"schema":{"@context":"https:\/\/schema.org","@graph":[{"@type":"WebPage","@id":"https:\/\/www.storevan.com\/azienda\/","url":"https:\/\/www.storevan.com\/azienda\/","name":"Empresa para el equipamiento de los veh\u00edculos comerciales","isPartOf":{"@id":"https:\/\/www.storevan.com\/pl\/#website"},"datePublished":"2015-12-10T10:17:48+00:00","dateModified":"2022-09-27T13:18:05+00:00","description":"StoreVan es una marca del grupo FAMI, que nace con el fin de cubrir una demanda de mercado muy precisa: el equipamiento para furgonetas.","breadcrumb":{"@id":"https:\/\/www.storevan.com\/azienda\/#breadcrumb"},"inLanguage":"es","potentialAction":[{"@type":"ReadAction","target":["https:\/\/www.storevan.com\/azienda\/"]}]},{"@type":"BreadcrumbList","@id":"https:\/\/www.storevan.com\/azienda\/#breadcrumb","itemListElement":[{"@type":"ListItem","position":1,"name":"Home","item":"https:\/\/www.storevan.com\/es\/"},{"@type":"ListItem","position":2,"name":"Empresa"}]},{"@type":"WebSite","@id":"https:\/\/www.storevan.com\/pl\/#website","url":"https:\/\/www.storevan.com\/pl\/","name":"Store Van","description":"Equipamientos furgonetas","potentialAction":[{"@type":"SearchAction","target":{"@type":"EntryPoint","urlTemplate":"https:\/\/www.storevan.com\/pl\/?s={search_term_string}"},"query-input":"required name=search_term_string"}],"inLanguage":"es"}]}},"_links":{"self":[{"href":"https:\/\/www.storevan.com\/es\/wp-json\/wp\/v2\/pages\/25572"}],"collection":[{"href":"https:\/\/www.storevan.com\/es\/wp-json\/wp\/v2\/pages"}],"about":[{"href":"https:\/\/www.storevan.com\/es\/wp-json\/wp\/v2\/types\/page"}],"author":[{"embeddable":true,"href":"https:\/\/www.storevan.com\/es\/wp-json\/wp\/v2\/users\/470"}],"replies":[{"embeddable":true,"href":"https:\/\/www.storevan.com\/es\/wp-json\/wp\/v2\/comments?post=25572"}],"version-history":[{"count":9,"href":"https:\/\/www.storevan.com\/es\/wp-json\/wp\/v2\/pages\/25572\/revisions"}],"predecessor-version":[{"id":148910,"href":"https:\/\/www.storevan.com\/es\/wp-json\/wp\/v2\/pages\/25572\/revisions\/148910"}],"wp:attachment":[{"href":"https:\/\/www.storevan.com\/es\/wp-json\/wp\/v2\/media?parent=25572"}],"curies":[{"name":"wp","href":"https:\/\/api.w.org\/{rel}","templated":true}]}}