{"id":119435,"date":"2019-10-11T11:29:53","date_gmt":"2019-10-11T11:29:53","guid":{"rendered":"https:\/\/www.storevan.com\/equipamientos-especiales-de-furgonetas-equipadas\/vendita\/"},"modified":"2020-07-28T07:11:15","modified_gmt":"2020-07-28T07:11:15","slug":"venta","status":"publish","type":"page","link":"https:\/\/www.storevan.com\/es\/equipamientos-especiales-de-furgonetas-equipadas\/venta\/","title":{"rendered":"Equipamiento especial para la venta"},"content":{"rendered":"<h1 class=\"customblackTitleSmall\">EQUIPAMIENTO ESPECIAL PARA FURGONETAS DEDICADAS A LA REPRESENTACI\u00d3N, LA EXPOSICI\u00d3N Y LA VENTA<\/h1>\n<h2>EL EQUIPAMIENTO PERSONALIZADO QUE PERMITE TENER UNA TIENDA SOBRE RUEDAS<\/h2>\n<div class=\"col-xs-12 col-sm-6 col-md-6\">\n<img decoding=\"async\" src=\"https:\/\/www.storevan.com\/wp-content\/uploads\/2019\/10\/allestimenti-speciali-vendita.jpg\" alt=\"EQUIPAMIENTO ESPECIAL PARA FURGONETAS DEDICADAS A LA REPRESENTACI\u00d3N, LA EXPOSICI\u00d3N Y LA VENTA\" class=\"size-full\" \/>\n<\/div>\n<div class=\"col-xs-12 col-sm-6 col-md-6\">\n<p class=\"txtBlack\">Comprar directamente desde casa ya es normal para la mayor\u00eda de la gente, pero para las empresas es muy importante poder ver y tocar con la mano las herramientas, los equipos y todo lo que utilizan cotidianamente en su trabajo. Cada vez m\u00e1s fabricantes buscan m\u00e9todos y soluciones para presentar sus productos directamente a sus clientes. El transporte de los art\u00edculos debe realizarse con <strong>total seguridad<\/strong>, con un <strong>\u00e1rea expositiva<\/strong> donde mostrar los productos y realizar demostraciones pr\u00e1cticas.\n<\/p>\n<hr class=\"noColor\"\/>\n<h3 class=\"customblackTitleSmall txtSmall\">LAS SOLUCIONES STORE VAN<\/h3>\n<p class=\"customblackTitleSmall\" style=\"font-size: 126%;\">PARA TENER UNA TIENDA SOBRE RUEDAS<\/p>\n<p class=\"txtBlack\">Los equipamientos especiales ideados por Store Van permiten combinar m\u00f3dulos y componentes para realizar verdaderas tiendas sobre ruedas, seguras y funcionales. Repisas, cajones y paredes perforadas con ganchos y accesorios portaherramientas, integrados con eficaces revestimientos internos, transforman cualquier furgoneta en un perfecto espacio expositivo ideal para vendedores y representantes. <\/p>\n<hr class=\"noColor\"\/>\n<\/div>\n<div class=\"break\"><\/div>\n<hr class=\"noColor\"\/>\n<h3 class=\"txtGrey customblackTitleExtraSmall\" style=\"color:#000;\">ALGUNOS EJEMPLOS DE REALIZACI\u00d3N:<\/h3>\n<hr class=\"noColor\" \/>\n<hr class=\"noColor\"\/>\n<style>#jtg-119697 .modula-item .jtg-social a, .lightbox-socials.jtg-social a{ color: #ffffff }#jtg-119697 .modula-item .jtg-social svg, .lightbox-socials.jtg-social svg { height: 16px; width: 16px }#jtg-119697 .modula-item .jtg-social a:not(:last-child), .lightbox-socials.jtg-social a:not(:last-child) { margin-right: 10px }#jtg-119697 .modula-item .figc {color:#000000;}#jtg-119697 .modula-item .figc .jtg-title {  font-size: 18px; }#jtg-119697 .modula-item .modula-item-content { transform: scale(1) }#jtg-119697 { width:100%;}#jtg-119697 .modula-items{height:500px;}@media screen and (max-width: 992px) {#jtg-119697 .modula-items{height:500px;}}@media screen and (max-width: 768px) {#jtg-119697 .modula-items{height:500px;}}#jtg-119697 .modula-items .figc p.description { font-size:14px; }#jtg-119697 .modula-items .figc p.description { color:#000000;}#jtg-119697 .modula-items .figc .jtg-title { color:#000000; }#jtg-119697.modula-gallery .modula-item > a, #jtg-119697.modula-gallery .modula-item, #jtg-119697.modula-gallery .modula-item-content > a:not(.modula-no-follow) { cursor:pointer; } #jtg-119697.modula-gallery .modula-item-content .modula-no-follow { cursor: default; } #jtg-119697 .modula-item .modula-item-overlay, #jtg-119697 .modula-item.effect-layla, #jtg-119697  .modula-item.effect-ruby,#jtg-119697 .modula-item.effect-bubba,#jtg-119697 .modula-item.effect-sarah,#jtg-119697 .modula-item.effect-milo,#jtg-119697 .modula-item.effect-julia,#jtg-119697 .modula-item.effect-hera,#jtg-119697 .modula-item.effect-winston,#jtg-119697 .modula-item.effect-selena,#jtg-119697 .modula-item.effect-terry,#jtg-119697 .modula-item.effect-phoebe,#jtg-119697 .modula-item.effect-apollo,#jtg-119697 .modula-item.effect-steve,#jtg-119697 .modula-item.effect-ming{ background-color:#ffffff; }#jtg-119697  .modula-item.effect-oscar { background: -webkit-linear-gradient(45deg,#ffffff 0,#9b4a1b 40%,#ffffff 100%);background: linear-gradient(45deg,#ffffff 0,#9b4a1b 40%,#ffffff 100%);}#jtg-119697  .modula-item.effect-roxy {background: -webkit-linear-gradient(45deg,#ffffff 0,#05abe0 100%);background: linear-gradient(45deg,#ffffff 0,#05abe0 100%);}#jtg-119697 .modula-item.effect-dexter {background: -webkit-linear-gradient(top,#ffffff 0,rgba(104,60,19,1) 100%); background: linear-gradient(to bottom,#ffffff 0,rgba(104,60,19,1) 100%);}#jtg-119697  .modula-item.effect-jazz {background: -webkit-linear-gradient(-45deg,#ffffff 0,#f33f58 100%);background: linear-gradient(-45deg,#ffffff 0,#f33f58 100%);}#jtg-119697 .modula-item.effect-lexi {background: -webkit-linear-gradient(-45deg,#ffffff 0,#fff 100%);background: linear-gradient(-45deg,#ffffff 0,#fff 100%);}#jtg-119697 .modula-item.effect-duke {background: -webkit-linear-gradient(-45deg,#ffffff 0,#cc6055 100%);background: linear-gradient(-45deg,#ffffff 0,#cc6055 100%);}#jtg-119697 .modula-item:hover img { opacity: 0.5; }#jtg-119697 .jtg-title {font-weight:400; }#jtg-119697 p.description {font-weight:normal; }#jtg-119697:not(.modula-loaded-scale)  .modula-item .modula-item-content { transform: scale(1) translate(0px,0px) rotate(0deg); }@keyframes modulaScaling { 0% {transform: scale(1) translate(0px,p0x) rotate(0deg);} 50%{transform: scale(1) translate(0px,0px) rotate(0deg);}100%{transform: scale(1) translate(0px,p0x) rotate(0deg);}}#jtg-119697.modula-gallery .modula-item.effect-terry .jtg-social a:not(:last-child){margin-bottom:10px;}.modula-fancybox-container.modula-lightbox-jtg-119697 .modula-fancybox-caption .modula-fancybox-caption__body, .modula-fancybox-container.modula-lightbox-jtg-119697 .modula-fancybox-caption .modula-fancybox-caption__body p {text-align:left}html body .modula.modula-columns .modula-items.grid-gallery .modula-item.effect-under .modula-item-content { height:auto;}.jtg-title {font-family:ConduitITCPro-Black;}@media screen and (max-width:480px){#jtg-119697 .modula-item .figc .jtg-title {  font-size: 12px; }#jtg-119697 .modula-items .figc p.description { color:#000000;font-size:10px; }}<\/style>\n<!-- Gallery Container -->\n<div  id=\"jtg-119697\" class=\"modula modula-gallery modula-creative-gallery\" data-config=\"{&quot;height&quot;:500,&quot;tabletHeight&quot;:500,&quot;mobileHeight&quot;:500,&quot;desktopHeight&quot;:500,&quot;enableTwitter&quot;:false,&quot;enableWhatsapp&quot;:false,&quot;enableFacebook&quot;:false,&quot;enablePinterest&quot;:false,&quot;enableLinkedin&quot;:false,&quot;enableEmail&quot;:false,&quot;randomFactor&quot;:0.5,&quot;type&quot;:&quot;creative-gallery&quot;,&quot;columns&quot;:12,&quot;gutter&quot;:10,&quot;mobileGutter&quot;:10,&quot;tabletGutter&quot;:10,&quot;desktopGutter&quot;:10,&quot;enableResponsive&quot;:&quot;0&quot;,&quot;tabletColumns&quot;:&quot;2&quot;,&quot;mobileColumns&quot;:&quot;1&quot;,&quot;lazyLoad&quot;:&quot;1&quot;,&quot;lightboxOpts&quot;:{&quot;loop&quot;:false,&quot;arrows&quot;:true,&quot;toolbar&quot;:true,&quot;keyboard&quot;:false,&quot;wheel&quot;:false,&quot;buttons&quot;:[&quot;close&quot;],&quot;hash&quot;:false,&quot;lang&quot;:&quot;en&quot;,&quot;touch&quot;:false,&quot;protect&quot;:false,&quot;i18n&quot;:{&quot;en&quot;:{&quot;CLOSE&quot;:&quot;Close&quot;,&quot;NEXT&quot;:&quot;Next&quot;,&quot;PREV&quot;:&quot;Previous&quot;,&quot;Error&quot;:&quot;The requested content cannot be loaded. Please try again later.&quot;,&quot;PLAY_START&quot;:&quot;Start slideshow&quot;,&quot;PLAY_STOP&quot;:&quot;Pause slideshow&quot;,&quot;FULL_SCREEN&quot;:&quot;Full screen&quot;,&quot;THUMBS&quot;:&quot;Thumbnails&quot;,&quot;DOWNLOAD&quot;:&quot;Download&quot;,&quot;SHARE&quot;:&quot;Share&quot;,&quot;ZOOM&quot;:&quot;Zoom&quot;}},&quot;clickSlide&quot;:false,&quot;clickOutside&quot;:false,&quot;dblclickContent&quot;:false,&quot;dblclickSlide&quot;:false,&quot;dblclickOutside&quot;:false,&quot;baseTpl&quot;:&quot;&lt;div class=\\&quot;modula-fancybox-container modula-lightbox-jtg-119697\\&quot; role=\\&quot;dialog\\&quot; tabindex=\\&quot;-1\\&quot;&gt;&lt;div class=\\&quot;modula-fancybox-bg\\&quot;&gt;&lt;\\\/div&gt;&lt;div class=\\&quot;modula-fancybox-inner\\&quot;&gt;&lt;div class=\\&quot;modula-fancybox-infobar\\&quot;&gt;&lt;span data-fancybox-index&gt;&lt;\\\/span&gt;&nbsp;\\\/&nbsp;&lt;span data-fancybox-count&gt;&lt;\\\/span&gt;&lt;\\\/div&gt;&lt;div class=\\&quot;modula-fancybox-toolbar\\&quot;&gt;{{buttons}}&lt;\\\/div&gt;&lt;div class=\\&quot;modula-fancybox-navigation\\&quot;&gt;{{arrows}}&lt;\\\/div&gt;&lt;div class=\\&quot;modula-fancybox-stage\\&quot;&gt;&lt;\\\/div&gt;&lt;div class=\\&quot;modula-fancybox-caption\\&quot;&gt;&lt;div class=\\&quot;modula-fancybox-caption__body\\&quot;&gt;&lt;\\\/div&gt;&lt;\\\/div&gt;&lt;\\\/div&gt;&lt;\\\/div&gt;&quot;,&quot;infobar&quot;:true,&quot;animationEffect&quot;:false,&quot;animationDuration&quot;:366,&quot;transitionEffect&quot;:false,&quot;transitionDuration&quot;:366,&quot;thumbs&quot;:{&quot;autoStart&quot;:false,&quot;axis&quot;:&quot;y&quot;},&quot;preventCaptionOverlap&quot;:false},&quot;inView&quot;:false,&quot;email_subject&quot;:&quot;Check out this awesome image !!&quot;,&quot;email_message&quot;:&quot;Here is the link to the image : %%image_link%% and this is the link to the gallery : %%gallery_link%%&quot;,&quot;lightbox&quot;:&quot;attachment-page&quot;,&quot;filterClick&quot;:&quot;0&quot;,&quot;dropdownFilters&quot;:&quot;0&quot;,&quot;defaultActiveFilter&quot;:&quot;all&quot;,&quot;initLightbox&quot;:&quot;modula_pro_init_lightbox&quot;,&quot;haveFilters&quot;:0}\">\n\n\t\n\t<!-- Items Container -->\n\t<div  class=\"modula-items\">\n\t\t<div class=\"modula-item modula-simple-link modula-simple-link effect-zoe jtg-filter-all jtg-filter-\" >\n\t<div class=\"modula-item-overlay\"><\/div>\n\n\t<div class=\"modula-item-content\">\n\n\t\t\t\t\n\t\t\t\t\t<a data-image-id=\"109217\" class=\"modula-simple-link modula-simple-link\" aria-label=\"Open attachment page\" href=\"https:\/\/www.storevan.com\/es\/equipamientos-especiales-de-furgonetas-equipadas\/venta\/herrajes-ford-transit-connect\/\" data-thumb=\"https:\/\/www.storevan.com\/wp-content\/uploads\/2019\/10\/v-ford-connect-08-150x150.jpg\" class=\"tile-inner modula-item-link\"><\/a>\n\t\t\n\t\t<img class=\"pic wp-image-109217 lazyload\"  data-valign=\"middle\" data-halign=\"left\" alt=\"Allestimento speciale Ford Connect\" data-full=\"https:\/\/www.storevan.com\/wp-content\/uploads\/2019\/10\/v-ford-connect-08.jpg\" title=\"FORD CONNECT &lt;i class=&quot;fa fa-angle-double-right&quot;&gt;&lt;\/i&gt;\" width=\"300\" height=\"300\" data-src=\"https:\/\/www.storevan.com\/wp-content\/uploads\/2019\/10\/v-ford-connect-08-300x300.jpg\" data-caption=\"Scopri l&#039;allestimento speciale su Ford Connect\" data-source=\"modula\" data-srcset=\"https:\/\/www.storevan.com\/wp-content\/uploads\/2019\/10\/v-ford-connect-08.jpg 800w, https:\/\/www.storevan.com\/wp-content\/uploads\/2019\/10\/v-ford-connect-08-150x150.jpg 150w, https:\/\/www.storevan.com\/wp-content\/uploads\/2019\/10\/v-ford-connect-08-300x300.jpg 300w, https:\/\/www.storevan.com\/wp-content\/uploads\/2019\/10\/v-ford-connect-08-768x768.jpg 768w, https:\/\/www.storevan.com\/wp-content\/uploads\/2019\/10\/v-ford-connect-08-48x48.jpg 48w, https:\/\/www.storevan.com\/wp-content\/uploads\/2019\/10\/v-ford-connect-08-480x480.jpg 480w\" data-sizes=\"(max-width: 300px) 100vw, 300px\" \/>\n\t\t<div class=\"figc\">\n\t\t\t<div class=\"figc-inner\">\n\t\t\t\t\t\t\t\t\t<div class='jtg-title'>FORD CONNECT <i class=\"fa fa-angle-double-right\"><\/i><\/div>\n\t\t\t\t\t\t\t\t\t\t\t\t\t\t\t<\/div>\n\t\t<\/div>\n\n\t<\/div>\n\n<\/div><div class=\"modula-item modula-simple-link modula-simple-link effect-zoe jtg-filter-all jtg-filter-\" >\n\t<div class=\"modula-item-overlay\"><\/div>\n\n\t<div class=\"modula-item-content\">\n\n\t\t\t\t\n\t\t\t\t\t<a data-image-id=\"109199\" class=\"modula-simple-link modula-simple-link\" aria-label=\"Open attachment page\" href=\"https:\/\/www.storevan.com\/es\/equipamientos-especiales-de-furgonetas-equipadas\/venta\/herrajes-ford-transit-connect\/\" data-thumb=\"https:\/\/www.storevan.com\/wp-content\/uploads\/2019\/10\/v-ford-connect-04-150x150.jpg\" class=\"tile-inner modula-item-link\"><\/a>\n\t\t\n\t\t<img class=\"pic wp-image-109199 lazyload\"  data-valign=\"middle\" data-halign=\"left\" alt=\"Ripiano ribaltabile per Ford Connect\" data-full=\"https:\/\/www.storevan.com\/wp-content\/uploads\/2019\/10\/v-ford-connect-04.jpg\" title=\"FORD CONNECT &lt;i class=&quot;fa fa-angle-double-right&quot;&gt;&lt;\/i&gt;\" width=\"300\" height=\"182\" data-src=\"https:\/\/www.storevan.com\/wp-content\/uploads\/2019\/10\/v-ford-connect-04-300x182.jpg\" data-caption=\"Scopri l&#039;allestimento speciale su Ford Connect\" data-source=\"modula\" data-srcset=\"https:\/\/www.storevan.com\/wp-content\/uploads\/2019\/10\/v-ford-connect-04.jpg 800w, https:\/\/www.storevan.com\/wp-content\/uploads\/2019\/10\/v-ford-connect-04-300x182.jpg 300w, https:\/\/www.storevan.com\/wp-content\/uploads\/2019\/10\/v-ford-connect-04-768x466.jpg 768w\" data-sizes=\"(max-width: 300px) 100vw, 300px\" \/>\n\t\t<div class=\"figc\">\n\t\t\t<div class=\"figc-inner\">\n\t\t\t\t\t\t\t\t\t<div class='jtg-title'>FORD CONNECT <i class=\"fa fa-angle-double-right\"><\/i><\/div>\n\t\t\t\t\t\t\t\t\t\t\t\t\t\t\t<\/div>\n\t\t<\/div>\n\n\t<\/div>\n\n<\/div><div class=\"modula-item modula-simple-link modula-simple-link effect-zoe jtg-filter-all jtg-filter-\" >\n\t<div class=\"modula-item-overlay\"><\/div>\n\n\t<div class=\"modula-item-content\">\n\n\t\t\t\t\n\t\t\t\t\t<a data-image-id=\"95683\" class=\"modula-simple-link modula-simple-link\" aria-label=\"Open attachment page\" href=\"https:\/\/www.storevan.com\/es\/equipamientos-especiales-de-furgonetas-equipadas\/venta\/einhell-volkswagen-crafter\/\" data-thumb=\"https:\/\/www.storevan.com\/wp-content\/uploads\/2019\/01\/allestimento-furgone-Einhell-150x150.jpg\" class=\"tile-inner modula-item-link\"><\/a>\n\t\t\n\t\t<img class=\"pic wp-image-95683 lazyload\"  data-valign=\"middle\" data-halign=\"left\" alt=\"Allestimento con pareti attrezzate su VW Crafter\" data-full=\"https:\/\/www.storevan.com\/wp-content\/uploads\/2019\/01\/allestimento-furgone-Einhell.jpg\" title=\"VOLKSWAGEN CRAFTER &lt;i class=&quot;fa fa-angle-double-right&quot;&gt;&lt;\/i&gt;\" width=\"300\" height=\"300\" data-src=\"https:\/\/www.storevan.com\/wp-content\/uploads\/2019\/01\/allestimento-furgone-Einhell-300x300.jpg\" data-caption=\"Scopri l&#039;allestimento su misura realizzato per Einhell\" data-source=\"modula\" data-srcset=\"https:\/\/www.storevan.com\/wp-content\/uploads\/2019\/01\/allestimento-furgone-Einhell.jpg 800w, https:\/\/www.storevan.com\/wp-content\/uploads\/2019\/01\/allestimento-furgone-Einhell-150x150.jpg 150w, https:\/\/www.storevan.com\/wp-content\/uploads\/2019\/01\/allestimento-furgone-Einhell-300x300.jpg 300w, https:\/\/www.storevan.com\/wp-content\/uploads\/2019\/01\/allestimento-furgone-Einhell-768x768.jpg 768w, https:\/\/www.storevan.com\/wp-content\/uploads\/2019\/01\/allestimento-furgone-Einhell-48x48.jpg 48w, https:\/\/www.storevan.com\/wp-content\/uploads\/2019\/01\/allestimento-furgone-Einhell-480x480.jpg 480w\" data-sizes=\"(max-width: 300px) 100vw, 300px\" \/>\n\t\t<div class=\"figc\">\n\t\t\t<div class=\"figc-inner\">\n\t\t\t\t\t\t\t\t\t<div class='jtg-title'>VOLKSWAGEN CRAFTER <i class=\"fa fa-angle-double-right\"><\/i><\/div>\n\t\t\t\t\t\t\t\t\t\t\t\t\t\t\t<\/div>\n\t\t<\/div>\n\n\t<\/div>\n\n<\/div><div class=\"modula-item modula-simple-link modula-simple-link effect-zoe jtg-filter-all jtg-filter-\" >\n\t<div class=\"modula-item-overlay\"><\/div>\n\n\t<div class=\"modula-item-content\">\n\n\t\t\t\t\n\t\t\t\t\t<a data-image-id=\"95755\" class=\"modula-simple-link modula-simple-link\" aria-label=\"Open attachment page\" href=\"https:\/\/www.storevan.com\/es\/equipamientos-especiales-de-furgonetas-equipadas\/venta\/einhell-volkswagen-crafter\/\" data-thumb=\"https:\/\/www.storevan.com\/wp-content\/uploads\/2019\/01\/pianale-in-legno-per-crafter-150x150.jpg\" class=\"tile-inner modula-item-link\"><\/a>\n\t\t\n\t\t<img class=\"pic wp-image-95755 lazyload\"  data-valign=\"middle\" data-halign=\"left\" alt=\"Allestimento speciale per Einhel\" data-full=\"https:\/\/www.storevan.com\/wp-content\/uploads\/2019\/01\/pianale-in-legno-per-crafter.jpg\" title=\"VOLKSWAGEN CRAFTER &lt;i class=&quot;fa fa-angle-double-right&quot;&gt;&lt;\/i&gt;\" width=\"300\" height=\"300\" data-src=\"https:\/\/www.storevan.com\/wp-content\/uploads\/2019\/01\/pianale-in-legno-per-crafter-300x300.jpg\" data-caption=\"Scopri l&#039;allestimento su misura realizzato per Einhell\" data-source=\"modula\" data-srcset=\"https:\/\/www.storevan.com\/wp-content\/uploads\/2019\/01\/pianale-in-legno-per-crafter.jpg 800w, https:\/\/www.storevan.com\/wp-content\/uploads\/2019\/01\/pianale-in-legno-per-crafter-150x150.jpg 150w, https:\/\/www.storevan.com\/wp-content\/uploads\/2019\/01\/pianale-in-legno-per-crafter-300x300.jpg 300w, https:\/\/www.storevan.com\/wp-content\/uploads\/2019\/01\/pianale-in-legno-per-crafter-768x768.jpg 768w, https:\/\/www.storevan.com\/wp-content\/uploads\/2019\/01\/pianale-in-legno-per-crafter-48x48.jpg 48w, https:\/\/www.storevan.com\/wp-content\/uploads\/2019\/01\/pianale-in-legno-per-crafter-480x480.jpg 480w\" data-sizes=\"(max-width: 300px) 100vw, 300px\" \/>\n\t\t<div class=\"figc\">\n\t\t\t<div class=\"figc-inner\">\n\t\t\t\t\t\t\t\t\t<div class='jtg-title'>VOLKSWAGEN CRAFTER <i class=\"fa fa-angle-double-right\"><\/i><\/div>\n\t\t\t\t\t\t\t\t\t\t\t\t\t\t\t<\/div>\n\t\t<\/div>\n\n\t<\/div>\n\n<\/div><div class=\"modula-item modula-simple-link modula-simple-link effect-zoe jtg-filter-all jtg-filter-\" >\n\t<div class=\"modula-item-overlay\"><\/div>\n\n\t<div class=\"modula-item-content\">\n\n\t\t\t\t\n\t\t\t\t\t<a data-image-id=\"109223\" class=\"modula-simple-link modula-simple-link\" aria-label=\"Open attachment page\" href=\"https:\/\/www.storevan.com\/es\/equipamientos-especiales-de-furgonetas-equipadas\/venta\/herrajes-ford-transit-connect\/\" data-thumb=\"https:\/\/www.storevan.com\/wp-content\/uploads\/2019\/10\/v-ford-connect-0120-150x150.jpg\" class=\"tile-inner modula-item-link\"><\/a>\n\t\t\n\t\t<img class=\"pic wp-image-109223 lazyload\"  data-valign=\"middle\" data-halign=\"left\" alt=\"Ripiano ribaltabile per retrocabina Ford Connect\" data-full=\"https:\/\/www.storevan.com\/wp-content\/uploads\/2019\/10\/v-ford-connect-0120.jpg\" title=\"FORD CONNECT &lt;i class=&quot;fa fa-angle-double-right&quot;&gt;&lt;\/i&gt;\" width=\"200\" height=\"300\" data-src=\"https:\/\/www.storevan.com\/wp-content\/uploads\/2019\/10\/v-ford-connect-0120-200x300.jpg\" data-caption=\"Scopri l&#039;allestimento ideato per la vendita di utensileria\" data-source=\"modula\" data-srcset=\"https:\/\/www.storevan.com\/wp-content\/uploads\/2019\/10\/v-ford-connect-0120.jpg 533w, https:\/\/www.storevan.com\/wp-content\/uploads\/2019\/10\/v-ford-connect-0120-200x300.jpg 200w\" data-sizes=\"(max-width: 200px) 100vw, 200px\" \/>\n\t\t<div class=\"figc\">\n\t\t\t<div class=\"figc-inner\">\n\t\t\t\t\t\t\t\t\t<div class='jtg-title'>FORD CONNECT <i class=\"fa fa-angle-double-right\"><\/i><\/div>\n\t\t\t\t\t\t\t\t\t\t\t\t\t\t\t<\/div>\n\t\t<\/div>\n\n\t<\/div>\n\n<\/div><div class=\"modula-item modula-simple-link modula-simple-link effect-zoe jtg-filter-all jtg-filter-\" >\n\t<div class=\"modula-item-overlay\"><\/div>\n\n\t<div class=\"modula-item-content\">\n\n\t\t\t\t\n\t\t\t\t\t<a data-image-id=\"109186\" class=\"modula-simple-link modula-simple-link\" aria-label=\"Open attachment page\" href=\"https:\/\/www.storevan.com\/es\/equipamientos-especiales-de-furgonetas-equipadas\/venta\/herrajes-ford-transit-connect\/\" data-thumb=\"https:\/\/www.storevan.com\/wp-content\/uploads\/2019\/10\/v-ford-connect-02-150x150.jpg\" class=\"tile-inner modula-item-link\"><\/a>\n\t\t\n\t\t<img class=\"pic wp-image-109186 lazyload\"  data-valign=\"middle\" data-halign=\"left\" alt=\"Allestimento speciale su Ford Connect\" data-full=\"https:\/\/www.storevan.com\/wp-content\/uploads\/2019\/10\/v-ford-connect-02.jpg\" title=\"FORD CONNECT &lt;i class=&quot;fa fa-angle-double-right&quot;&gt;&lt;\/i&gt;\" width=\"300\" height=\"166\" data-src=\"https:\/\/www.storevan.com\/wp-content\/uploads\/2019\/10\/v-ford-connect-02-300x166.jpg\" data-caption=\"Scopri l&#039;allestimento ideato per la vendita di utensileria\" data-source=\"modula\" data-srcset=\"https:\/\/www.storevan.com\/wp-content\/uploads\/2019\/10\/v-ford-connect-02.jpg 800w, https:\/\/www.storevan.com\/wp-content\/uploads\/2019\/10\/v-ford-connect-02-300x166.jpg 300w, https:\/\/www.storevan.com\/wp-content\/uploads\/2019\/10\/v-ford-connect-02-768x424.jpg 768w\" data-sizes=\"(max-width: 300px) 100vw, 300px\" \/>\n\t\t<div class=\"figc\">\n\t\t\t<div class=\"figc-inner\">\n\t\t\t\t\t\t\t\t\t<div class='jtg-title'>FORD CONNECT <i class=\"fa fa-angle-double-right\"><\/i><\/div>\n\t\t\t\t\t\t\t\t\t\t\t\t\t\t\t<\/div>\n\t\t<\/div>\n\n\t<\/div>\n\n<\/div><div class=\"modula-item modula-simple-link modula-simple-link effect-zoe jtg-filter-all jtg-filter-\" >\n\t<div class=\"modula-item-overlay\"><\/div>\n\n\t<div class=\"modula-item-content\">\n\n\t\t\t\t\n\t\t\t\t\t<a data-image-id=\"95713\" class=\"modula-simple-link modula-simple-link\" aria-label=\"Open attachment page\" href=\"https:\/\/www.storevan.com\/es\/equipamientos-especiales-de-furgonetas-equipadas\/venta\/einhell-volkswagen-crafter\/\" data-thumb=\"https:\/\/www.storevan.com\/wp-content\/uploads\/2019\/01\/cassettiere-e-scaffali-per-furgoni-150x150.jpg\" class=\"tile-inner modula-item-link\"><\/a>\n\t\t\n\t\t<img class=\"pic wp-image-95713 lazyload\"  data-valign=\"middle\" data-halign=\"left\" alt=\"Cassettiere e scaffali per furgoni\" data-full=\"https:\/\/www.storevan.com\/wp-content\/uploads\/2019\/01\/cassettiere-e-scaffali-per-furgoni.jpg\" title=\"VOLKSWAGEN CRAFTER &lt;i class=&quot;fa fa-angle-double-right&quot;&gt;&lt;\/i&gt;\" width=\"300\" height=\"300\" data-src=\"https:\/\/www.storevan.com\/wp-content\/uploads\/2019\/01\/cassettiere-e-scaffali-per-furgoni-300x300.jpg\" data-caption=\"Scopri l&#039;allestimento speciale realizzato per Einhell\" data-source=\"modula\" data-srcset=\"https:\/\/www.storevan.com\/wp-content\/uploads\/2019\/01\/cassettiere-e-scaffali-per-furgoni.jpg 800w, https:\/\/www.storevan.com\/wp-content\/uploads\/2019\/01\/cassettiere-e-scaffali-per-furgoni-150x150.jpg 150w, https:\/\/www.storevan.com\/wp-content\/uploads\/2019\/01\/cassettiere-e-scaffali-per-furgoni-300x300.jpg 300w, https:\/\/www.storevan.com\/wp-content\/uploads\/2019\/01\/cassettiere-e-scaffali-per-furgoni-768x768.jpg 768w, https:\/\/www.storevan.com\/wp-content\/uploads\/2019\/01\/cassettiere-e-scaffali-per-furgoni-48x48.jpg 48w, https:\/\/www.storevan.com\/wp-content\/uploads\/2019\/01\/cassettiere-e-scaffali-per-furgoni-480x480.jpg 480w\" data-sizes=\"(max-width: 300px) 100vw, 300px\" \/>\n\t\t<div class=\"figc\">\n\t\t\t<div class=\"figc-inner\">\n\t\t\t\t\t\t\t\t\t<div class='jtg-title'>VOLKSWAGEN CRAFTER <i class=\"fa fa-angle-double-right\"><\/i><\/div>\n\t\t\t\t\t\t\t\t\t\t\t\t\t\t\t<\/div>\n\t\t<\/div>\n\n\t<\/div>\n\n<\/div>\t\t\n\t<\/div>\n\n\t\n\t\n\t<script type=\"application\/ld+json\">\n\t{\n\t\t\"@context\": \"http:\/\/schema.org\",\n\t\t\"@type\"   : \"ImageGallery\",\n\t\t\"id\"      : \"https:\/\/www.storevan.com\/es\/wp-json\/wp\/v2\/pages\/119435\/\",\n\t\t\"url\"     : \"https:\/\/www.storevan.com\/es\/wp-json\/wp\/v2\/pages\/119435\/\"\n\t}\n\n    <\/script>\n\n\t\n<\/div>\n<hr \/>\n<div class=\"col-xs-12 col-sm-12 col-md-6\">\n<div class=\"text-center\"><a class=\"btn btn-download\" href=\"tel:+390424585455\"><i class=\"fa fa-phone\"><\/i> <span class=\"spanBtn\">LLAME AHORA<\/span><br \/>\npara cualquier informaci\u00f3n<\/a><\/div>\n<\/div>\n<div class=\"col-xs-12 col-sm-12 col-md-6\">\n<div class=\"text-center\"><a class=\"btn btn-download btnToggle\"><i class=\"fa fa-envelope\"><\/i> <span class=\"spanBtn\">ESCR\u00cdBANOS<\/span><br \/>\nle contactaremos lo antes posible<\/a><\/div>\n<\/div>\n<div class=\"break\"><\/div>\n<hr \/>\n<hr class=\"noColor\"\/>\n<p>El compartimento de carga se puede equipar con repisas abatibles para furgonetas donde colocar cajas o maletines. Los paneles portaherramientas pueden utilizarse como expositores con ganchos donde colgar productos. Las repisas para furgonetas pueden tener tambi\u00e9n un compartimento para ordenador, para la presentaci\u00f3n de fichas t\u00e9cnicas o productos, o para otros equipos.<br \/>\nLa compra de un veh\u00edculo comercial y la instalaci\u00f3n de un equipamiento de furgoneta para la venta permiten llegar a los clientes c\u00f3modamente, en cualquier lugar. La tienda sobre ruedas facilita el trabajo cotidiano de agentes y vendedores gracias a la posibilidad de presentarse ante posibles compradores con un veh\u00edculo bien equipado y en orden.\n<\/p>\n<hr class=\"noColor\"\/>\n<h3 class=\"txtGrey customblackTitleExtraSmall\" style=\"color:#000;\">\u00a1DESCUBRE LOS DETALLES DE LOS EQUIPAMIENTOS REALIZADOS!<\/h3>\n<hr class=\"noColor\"\/>\n<div class=\"col-xs-12 col-sm-12 col-md-12\">\n<ul class=\"arrow txtUp\">\n<li><a href=\"https:\/\/www.storevan.com\/allestimenti-speciali-furgoni\/vendita\/vendita-ford-transit-connect\/\">Para herrajes \/ herramientas, sobre FORD TRANSIT CONNECT L1 H1<\/a><\/li>\n<li><a href=\"https:\/\/www.storevan.com\/allestimenti-speciali-furgoni\/vendita\/vendita-volkswagen-crafter\/\">Para herrajes, comisionado por Einhell, sobre VOLKSWAGEN CRAFTER L3 H3<\/a><\/li>\n<\/ul>\n<hr class=\"noColor\"\/>\n<\/div>\n<div class=\"break\"><\/div>\n<hr class=\"noColor\"\/>\n<a name=\"formcontatto\"><\/a><\/p>\n<div class=\"formToggle\">\n<h4 class=\"bigTxt text-center txtBkOrange\"><i class=\"fa fa-envelope pull-left\"><\/i>\u00bfQuieres saber m\u00e1s? Escr\u00edbanos, uno de nuestros asesores lo ayudar\u00e1 a encontrar su soluci\u00f3n.<\/h4>\n\n<div class=\"wpcf7 no-js\" id=\"wpcf7-f67674-o1\" lang=\"it-IT\" dir=\"ltr\">\n<div class=\"screen-reader-response\"><p role=\"status\" aria-live=\"polite\" aria-atomic=\"true\"><\/p> <ul><\/ul><\/div>\n<form action=\"\/es\/wp-json\/wp\/v2\/pages\/119435#wpcf7-f67674-o1\" method=\"post\" class=\"wpcf7-form init\" aria-label=\"Modulo di contatto\" novalidate=\"novalidate\" data-status=\"init\">\n<div style=\"display: none;\">\n<input type=\"hidden\" name=\"_wpcf7\" value=\"67674\" \/>\n<input type=\"hidden\" name=\"_wpcf7_version\" value=\"5.7.7\" \/>\n<input type=\"hidden\" name=\"_wpcf7_locale\" value=\"it_IT\" \/>\n<input type=\"hidden\" name=\"_wpcf7_unit_tag\" value=\"wpcf7-f67674-o1\" \/>\n<input type=\"hidden\" name=\"_wpcf7_container_post\" value=\"0\" \/>\n<input type=\"hidden\" name=\"_wpcf7_posted_data_hash\" value=\"\" \/>\n<input type=\"hidden\" name=\"_wpcf7_recaptcha_response\" value=\"\" \/>\n<\/div>\n<span class=\"wpcf7-form-control-wrap url\" data-name=\"url\"><input type=\"hidden\" name=\"url\" size=\"40\" class=\"wpcf7-form-control wpcf7-hidden wpcf7dtx wpcf7dtx-hidden\" aria-invalid=\"false\" value=\"venta\" autocomplete=\"off\" \/><\/span>\n<p>Complete los siguientes campos para recibir m\u00e1s informaci\u00f3n. Uno de nuestros operadores se pondr\u00e1 en contacto con usted lo antes posible (* campos obligatorios):\n<\/p>\n<div class=\"col-xs-12 col-md-6\">\n\t<p><span class='titoli'>Nombre (*)<\/span>\n\t<\/p>\n\t<p><span class=\"wpcf7-form-control-wrap\" data-name=\"your-name\"><input size=\"40\" class=\"wpcf7-form-control wpcf7-text wpcf7-validates-as-required form-control\" aria-required=\"true\" aria-invalid=\"false\" value=\"\" type=\"text\" name=\"your-name\" \/><\/span>\n\t<\/p>\n<\/div>\n<div class=\"col-xs-12 col-md-6\">\n\t<p><span class='titoli'>Apellidos (*)<\/span>\n\t<\/p>\n\t<p><span class=\"wpcf7-form-control-wrap\" data-name=\"your-last-name\"><input size=\"40\" class=\"wpcf7-form-control wpcf7-text wpcf7-validates-as-required form-control\" aria-required=\"true\" aria-invalid=\"false\" value=\"\" type=\"text\" name=\"your-last-name\" \/><\/span>\n\t<\/p>\n<\/div>\n<div class=\"col-xs-12 col-md-6\">\n\t<p><span class='titoli'>Empresa(*)<\/span>\n\t<\/p>\n\t<p><span class=\"wpcf7-form-control-wrap\" data-name=\"your-company\"><input size=\"40\" class=\"wpcf7-form-control wpcf7-text wpcf7-validates-as-required form-control\" aria-required=\"true\" aria-invalid=\"false\" value=\"\" type=\"text\" name=\"your-company\" \/><\/span>\n\t<\/p>\n<\/div>\n<div class=\"col-xs-12 col-md-6\">\n\t<p><span class='titoli'>C\u00f3d. NIF<\/span>\n\t<\/p>\n\t<p><span class=\"wpcf7-form-control-wrap\" data-name=\"p-iva\"><input size=\"40\" class=\"wpcf7-form-control wpcf7-text form-control\" aria-invalid=\"false\" value=\"\" type=\"text\" name=\"p-iva\" \/><\/span>\n\t<\/p>\n<\/div>\n<div class=\"clearboth\">\n<\/div>\n<div class=\"col-xs-12 col-md-4\">\n\t<p><span class='titoli'>C\u00f3digo Postal(*)<\/span>\n\t<\/p>\n\t<p><span class=\"wpcf7-form-control-wrap\" data-name=\"your-zip-code\"><input size=\"40\" class=\"wpcf7-form-control wpcf7-text wpcf7-validates-as-required form-control\" aria-required=\"true\" aria-invalid=\"false\" value=\"\" type=\"text\" name=\"your-zip-code\" \/><\/span>\n\t<\/p>\n<\/div>\n<div class=\"col-xs-12 col-md-4\">\n\t<p><span class='titoli'>Direcci\u00f3n (*)<\/span>\n\t<\/p>\n\t<p><span class=\"wpcf7-form-control-wrap\" data-name=\"your-address\"><input size=\"40\" class=\"wpcf7-form-control wpcf7-text wpcf7-validates-as-required form-control\" aria-required=\"true\" aria-invalid=\"false\" value=\"\" type=\"text\" name=\"your-address\" \/><\/span>\n\t<\/p>\n<\/div>\n<div class=\"col-xs-12 col-md-4\">\n\t<p><span class='titoli'>Ciudad (*)<\/span>\n\t<\/p>\n\t<p><span class=\"wpcf7-form-control-wrap\" data-name=\"your-Town\"><input size=\"40\" class=\"wpcf7-form-control wpcf7-text wpcf7-validates-as-required form-control\" aria-required=\"true\" aria-invalid=\"false\" value=\"\" type=\"text\" name=\"your-Town\" \/><\/span>\n\t<\/p>\n<\/div>\n<div class=\"clearboth\">\n<\/div>\n<div class=\"col-xs-12 col-md-6\">\n\t<p><span class='titoli'>email (*)<\/span>\n\t<\/p>\n\t<p><span class=\"wpcf7-form-control-wrap\" data-name=\"your-email\"><input size=\"40\" class=\"wpcf7-form-control wpcf7-text wpcf7-email wpcf7-validates-as-required wpcf7-validates-as-email form-control\" aria-required=\"true\" aria-invalid=\"false\" value=\"\" type=\"email\" name=\"your-email\" \/><\/span>\n\t<\/p>\n<\/div>\n<div class=\"col-xs-12 col-md-6\">\n\t<p><span class='titoli'>Tel\u00e9fono (*)<\/span>\n\t<\/p>\n\t<p><span class=\"wpcf7-form-control-wrap\" data-name=\"telefono\"><input size=\"40\" class=\"wpcf7-form-control wpcf7-text wpcf7-tel wpcf7-validates-as-required wpcf7-validates-as-tel form-control\" aria-required=\"true\" aria-invalid=\"false\" value=\"\" type=\"tel\" name=\"telefono\" \/><\/span>\n\t<\/p>\n<\/div>\n<div class=\"clearboth\">\n<\/div>\n<div class=\"col-xs-12 col-md-6\">\n\t<p><span class='titoli'>Objeto <\/span>\n\t<\/p>\n\t<p><span class=\"wpcf7-form-control-wrap\" data-name=\"oggetto\"><select class=\"wpcf7-form-control wpcf7-select wpcf7-validates-as-required\" aria-required=\"true\" aria-invalid=\"false\" name=\"oggetto\"><option value=\"Solicitud de presupuesto\">Solicitud de presupuesto<\/option><option value=\"Informaci\u00f3n t\u00e9cnica\">Informaci\u00f3n t\u00e9cnica<\/option><option value=\"Cita\">Cita<\/option><\/select><\/span>\n\t<\/p>\n<\/div>\n<div class=\"col-xs-12 col-md-6\">\n\t<p><br \/>\n<span class=\"titoli\"> <span class=\"wpcf7-form-control-wrap\" data-name=\"cliente\"><span class=\"wpcf7-form-control wpcf7-checkbox\"><span class=\"wpcf7-list-item first last\"><label><span class=\"wpcf7-list-item-label\">Soy un cliente<\/span><input type=\"checkbox\" name=\"cliente[]\" value=\"Soy un cliente\" \/><\/label><\/span><\/span><\/span><\/span>\n\t<\/p>\n<\/div>\n<div class=\"col-xs-12 col-md-12\">\n\t<p><span class='titoli'>Mensaje (*)<\/span>\n\t<\/p>\n\t<p><span class=\"wpcf7-form-control-wrap\" data-name=\"your-message\"><textarea cols=\"40\" rows=\"10\" class=\"wpcf7-form-control wpcf7-textarea wpcf7-validates-as-required form-control\" aria-required=\"true\" aria-invalid=\"false\" name=\"your-message\"><\/textarea><\/span>\n\t<\/p>\n<\/div>\n<div class=\"col-xs-12 col-md-12\">\n\t<p><small>Los datos introducidos ser\u00e1n tratados con estricta confidencialidad de acuerdo con la ley y con nuestra <a href=\"https:\/\/www.storevan.com\/es\/privacy-policy\/\">pol\u00edtica de privacidad<\/a>.<\/small>\n\t<\/p>\n\t<p><span class=\"wpcf7-form-control-wrap\" data-name=\"AccettazionePrivacy\"><span class=\"wpcf7-form-control wpcf7-acceptance\"><span class=\"wpcf7-list-item\"><input type=\"checkbox\" name=\"AccettazionePrivacy\" value=\"1\" aria-invalid=\"false\" \/><\/span><\/span><\/span> Declaro haber le\u00eddo la Informaci\u00f3n sobre la <a href=\"https:\/\/www.storevan.com\/es\/privacy-policy\/\">Privacy<\/a> y autorizo el tratamiento de mis datos personales de conformidad con aquello aqu\u00ed descrito.(*)<br \/>\n\t<span class=\"wpcf7-form-control-wrap recaptcha\" data-name=\"recaptcha\"><span data-sitekey=\"6LdfM4AUAAAAAJjsAucux5WVNA3hsk5KP0a03T_n\" class=\"wpcf7-form-control g-recaptcha wpcf7-recaptcha\"><\/span>\r\n<noscript>\r\n\t<div class=\"grecaptcha-noscript\">\r\n\t\t<iframe src=\"https:\/\/www.google.com\/recaptcha\/api\/fallback?k=6LdfM4AUAAAAAJjsAucux5WVNA3hsk5KP0a03T_n\" frameborder=\"0\" scrolling=\"no\" width=\"310\" height=\"430\">\r\n\t\t<\/iframe>\r\n\t\t<textarea name=\"g-recaptcha-response\" rows=\"3\" cols=\"40\" placeholder=\"Aqu\u00ed la respuesta de reCAPTCHA\">\r\n\t\t<\/textarea>\r\n\t<\/div>\r\n<\/noscript>\r\n<\/span>\n\t<\/p>\n<\/div>\n<hr class=\"noColor\" \/>\n<p><input class=\"wpcf7-form-control has-spinner wpcf7-submit\" type=\"submit\" value=\"Env\u00edo\" \/>\n<\/p><div class=\"wpcf7-response-output\" aria-hidden=\"true\"><\/div>\n<\/form>\n<\/div>\n\n<\/div>\n","protected":false},"excerpt":{"rendered":"<p>EQUIPAMIENTO ESPECIAL PARA FURGONETAS DEDICADAS A LA REPRESENTACI\u00d3N, LA EXPOSICI\u00d3N Y LA VENTA EL EQUIPAMIENTO PERSONALIZADO QUE PERMITE TENER UNA TIENDA SOBRE RUEDAS Comprar directamente desde casa ya es normal.<\/p>\n","protected":false},"author":470,"featured_media":0,"parent":119429,"menu_order":0,"comment_status":"closed","ping_status":"closed","template":"","meta":[],"acf":[],"yoast_head":"<!-- This site is optimized with the Yoast SEO plugin v20.11 - https:\/\/yoast.com\/wordpress\/plugins\/seo\/ -->\n<title>Equipamiento especial para furgonetas dedicadas a la representaci\u00f3n, la exposici\u00f3n y la venta<\/title>\n<meta name=\"description\" content=\"Equipamiento especial para furgonetas dedicadas a la representaci\u00f3n, la exposici\u00f3n y la venta. El equipamiento personalizado que permite tener una tienda sobre ruedas.\" \/>\n<meta name=\"robots\" content=\"index, follow, max-snippet:-1, max-image-preview:large, max-video-preview:-1\" \/>\n<link rel=\"canonical\" href=\"https:\/\/www.storevan.com\/es\/equipamientos-especiales-de-furgonetas-equipadas\/venta\/\" \/>\n<meta property=\"og:locale\" content=\"es_ES\" \/>\n<meta property=\"og:type\" content=\"article\" \/>\n<meta property=\"og:title\" content=\"Equipamiento especial para furgonetas dedicadas a la representaci\u00f3n, la exposici\u00f3n y la venta\" \/>\n<meta property=\"og:description\" content=\"Equipamiento especial para furgonetas dedicadas a la representaci\u00f3n, la exposici\u00f3n y la venta. El equipamiento personalizado que permite tener una tienda sobre ruedas.\" \/>\n<meta property=\"og:url\" content=\"https:\/\/www.storevan.com\/es\/equipamientos-especiales-de-furgonetas-equipadas\/venta\/\" \/>\n<meta property=\"og:site_name\" content=\"Store Van\" \/>\n<meta property=\"article:modified_time\" content=\"2020-07-28T07:11:15+00:00\" \/>\n<meta property=\"og:image\" content=\"https:\/\/www.storevan.com\/wp-content\/uploads\/2019\/10\/allestimenti-speciali-vendita.jpg\" \/>\n<meta name=\"twitter:label1\" content=\"Tiempo de lectura\" \/>\n\t<meta name=\"twitter:data1\" content=\"2 minutos\" \/>\n<script type=\"application\/ld+json\" class=\"yoast-schema-graph\">{\"@context\":\"https:\/\/schema.org\",\"@graph\":[{\"@type\":\"WebPage\",\"@id\":\"https:\/\/www.storevan.com\/es\/equipamientos-especiales-de-furgonetas-equipadas\/venta\/\",\"url\":\"https:\/\/www.storevan.com\/es\/equipamientos-especiales-de-furgonetas-equipadas\/venta\/\",\"name\":\"Equipamiento especial para furgonetas dedicadas a la representaci\u00f3n, la exposici\u00f3n y la venta\",\"isPartOf\":{\"@id\":\"https:\/\/www.storevan.com\/pl\/#website\"},\"datePublished\":\"2019-10-11T11:29:53+00:00\",\"dateModified\":\"2020-07-28T07:11:15+00:00\",\"description\":\"Equipamiento especial para furgonetas dedicadas a la representaci\u00f3n, la exposici\u00f3n y la venta. El equipamiento personalizado que permite tener una tienda sobre ruedas.\",\"breadcrumb\":{\"@id\":\"https:\/\/www.storevan.com\/es\/equipamientos-especiales-de-furgonetas-equipadas\/venta\/#breadcrumb\"},\"inLanguage\":\"es\",\"potentialAction\":[{\"@type\":\"ReadAction\",\"target\":[\"https:\/\/www.storevan.com\/es\/equipamientos-especiales-de-furgonetas-equipadas\/venta\/\"]}]},{\"@type\":\"BreadcrumbList\",\"@id\":\"https:\/\/www.storevan.com\/es\/equipamientos-especiales-de-furgonetas-equipadas\/venta\/#breadcrumb\",\"itemListElement\":[{\"@type\":\"ListItem\",\"position\":1,\"name\":\"Home\",\"item\":\"https:\/\/www.storevan.com\/es\/\"},{\"@type\":\"ListItem\",\"position\":2,\"name\":\"Equipamientos especiales de furgonetas equipadas\",\"item\":\"https:\/\/www.storevan.com\/es\/equipamientos-especiales-de-furgonetas-equipadas\/\"},{\"@type\":\"ListItem\",\"position\":3,\"name\":\"Equipamiento especial para la venta\"}]},{\"@type\":\"WebSite\",\"@id\":\"https:\/\/www.storevan.com\/pl\/#website\",\"url\":\"https:\/\/www.storevan.com\/pl\/\",\"name\":\"Store Van\",\"description\":\"Equipamientos furgonetas\",\"potentialAction\":[{\"@type\":\"SearchAction\",\"target\":{\"@type\":\"EntryPoint\",\"urlTemplate\":\"https:\/\/www.storevan.com\/pl\/?s={search_term_string}\"},\"query-input\":\"required name=search_term_string\"}],\"inLanguage\":\"es\"}]}<\/script>\n<!-- \/ Yoast SEO plugin. -->","yoast_head_json":{"title":"Equipamiento especial para furgonetas dedicadas a la representaci\u00f3n, la exposici\u00f3n y la venta","description":"Equipamiento especial para furgonetas dedicadas a la representaci\u00f3n, la exposici\u00f3n y la venta. El equipamiento personalizado que permite tener una tienda sobre ruedas.","robots":{"index":"index","follow":"follow","max-snippet":"max-snippet:-1","max-image-preview":"max-image-preview:large","max-video-preview":"max-video-preview:-1"},"canonical":"https:\/\/www.storevan.com\/es\/equipamientos-especiales-de-furgonetas-equipadas\/venta\/","og_locale":"es_ES","og_type":"article","og_title":"Equipamiento especial para furgonetas dedicadas a la representaci\u00f3n, la exposici\u00f3n y la venta","og_description":"Equipamiento especial para furgonetas dedicadas a la representaci\u00f3n, la exposici\u00f3n y la venta. El equipamiento personalizado que permite tener una tienda sobre ruedas.","og_url":"https:\/\/www.storevan.com\/es\/equipamientos-especiales-de-furgonetas-equipadas\/venta\/","og_site_name":"Store Van","article_modified_time":"2020-07-28T07:11:15+00:00","og_image":[{"url":"https:\/\/www.storevan.com\/wp-content\/uploads\/2019\/10\/allestimenti-speciali-vendita.jpg"}],"twitter_misc":{"Tiempo de lectura":"2 minutos"},"schema":{"@context":"https:\/\/schema.org","@graph":[{"@type":"WebPage","@id":"https:\/\/www.storevan.com\/es\/equipamientos-especiales-de-furgonetas-equipadas\/venta\/","url":"https:\/\/www.storevan.com\/es\/equipamientos-especiales-de-furgonetas-equipadas\/venta\/","name":"Equipamiento especial para furgonetas dedicadas a la representaci\u00f3n, la exposici\u00f3n y la venta","isPartOf":{"@id":"https:\/\/www.storevan.com\/pl\/#website"},"datePublished":"2019-10-11T11:29:53+00:00","dateModified":"2020-07-28T07:11:15+00:00","description":"Equipamiento especial para furgonetas dedicadas a la representaci\u00f3n, la exposici\u00f3n y la venta. El equipamiento personalizado que permite tener una tienda sobre ruedas.","breadcrumb":{"@id":"https:\/\/www.storevan.com\/es\/equipamientos-especiales-de-furgonetas-equipadas\/venta\/#breadcrumb"},"inLanguage":"es","potentialAction":[{"@type":"ReadAction","target":["https:\/\/www.storevan.com\/es\/equipamientos-especiales-de-furgonetas-equipadas\/venta\/"]}]},{"@type":"BreadcrumbList","@id":"https:\/\/www.storevan.com\/es\/equipamientos-especiales-de-furgonetas-equipadas\/venta\/#breadcrumb","itemListElement":[{"@type":"ListItem","position":1,"name":"Home","item":"https:\/\/www.storevan.com\/es\/"},{"@type":"ListItem","position":2,"name":"Equipamientos especiales de furgonetas equipadas","item":"https:\/\/www.storevan.com\/es\/equipamientos-especiales-de-furgonetas-equipadas\/"},{"@type":"ListItem","position":3,"name":"Equipamiento especial para la venta"}]},{"@type":"WebSite","@id":"https:\/\/www.storevan.com\/pl\/#website","url":"https:\/\/www.storevan.com\/pl\/","name":"Store Van","description":"Equipamientos furgonetas","potentialAction":[{"@type":"SearchAction","target":{"@type":"EntryPoint","urlTemplate":"https:\/\/www.storevan.com\/pl\/?s={search_term_string}"},"query-input":"required name=search_term_string"}],"inLanguage":"es"}]}},"_links":{"self":[{"href":"https:\/\/www.storevan.com\/es\/wp-json\/wp\/v2\/pages\/119435"}],"collection":[{"href":"https:\/\/www.storevan.com\/es\/wp-json\/wp\/v2\/pages"}],"about":[{"href":"https:\/\/www.storevan.com\/es\/wp-json\/wp\/v2\/types\/page"}],"author":[{"embeddable":true,"href":"https:\/\/www.storevan.com\/es\/wp-json\/wp\/v2\/users\/470"}],"replies":[{"embeddable":true,"href":"https:\/\/www.storevan.com\/es\/wp-json\/wp\/v2\/comments?post=119435"}],"version-history":[{"count":5,"href":"https:\/\/www.storevan.com\/es\/wp-json\/wp\/v2\/pages\/119435\/revisions"}],"predecessor-version":[{"id":119825,"href":"https:\/\/www.storevan.com\/es\/wp-json\/wp\/v2\/pages\/119435\/revisions\/119825"}],"up":[{"embeddable":true,"href":"https:\/\/www.storevan.com\/es\/wp-json\/wp\/v2\/pages\/119429"}],"wp:attachment":[{"href":"https:\/\/www.storevan.com\/es\/wp-json\/wp\/v2\/media?parent=119435"}],"curies":[{"name":"wp","href":"https:\/\/api.w.org\/{rel}","templated":true}]}}