{"id":119433,"date":"2016-11-24T16:00:39","date_gmt":"2016-11-24T16:00:39","guid":{"rendered":"https:\/\/www.storevan.com\/equipamientos-especiales-de-furgonetas-equipadas\/rifornimento-distributori-automatici\/"},"modified":"2020-07-20T14:39:25","modified_gmt":"2020-07-20T14:39:25","slug":"maquinas-expendedoras","status":"publish","type":"page","link":"https:\/\/www.storevan.com\/es\/equipamientos-especiales-de-furgonetas-equipadas\/maquinas-expendedoras\/","title":{"rendered":"Abastecimiento de m\u00e1quinas expendedoras"},"content":{"rendered":"<h1 class=\"customblackTitleSmall\">EQUIPAMIENTO DE FURGONETA PARA EL ABASTECIMIENTO DE M\u00c1QUINAS EXPENDEDORAS<\/h1>\n<h2>SOLUCIONES DE EQUIPAMIENTO DE FURGONETAS PARA DISTRIBUCI\u00d3N AUTOM\u00c1TICA<\/h2>\n<div class=\"col-xs-12 col-sm-6 col-md-7\">\n<img decoding=\"async\" loading=\"lazy\" src=\"https:\/\/www.storevan.com\/wp-content\/uploads\/2019\/10\/allestimento-vending.jpg\" alt=\"EQUIPAMIENTO DE FURGONETA PARA EL ABASTECIMIENTO DE M\u00c1QUINAS EXPENDEDORAS\" width=\"485\" height=\"535\" class=\"aligncenter size-full wp-image-110116\" srcset=\"https:\/\/www.storevan.com\/wp-content\/uploads\/2019\/10\/allestimento-vending.jpg 485w, https:\/\/www.storevan.com\/wp-content\/uploads\/2019\/10\/allestimento-vending-272x300.jpg 272w\" sizes=\"(max-width: 485px) 100vw, 485px\" \/>\n<\/div>\n<div class=\"col-xs-12 col-sm-6 col-md-5\">\n<p class=\"txtBlack\">La distribuci\u00f3n autom\u00e1tica es un sector que requiere la instalaci\u00f3n, el mantenimiento y la gesti\u00f3n de <strong class=\"txtBlack bigTxt txtUp\">mantenimiento y la gesti\u00f3n de M\u00c1QUINAS EXPENDEDORAS DE ALIMENTOS Y BEBIDAS<\/strong>. Quienes trabajan en este \u00e1mbito necesitan un equipamiento de furgoneta espec\u00edfico para la actividad de mantenimiento de las m\u00e1quinas expendedoras. <\/p>\n<hr class=\"noColor\"\/>\n<ul class=\"listDalia\">\n<li><span class=\"numVan\"><i class=\"fa fa-angle-double-right\"><\/i><\/span> <span class=\"txtBlack\">CAPACIDAD POR NIVEL PERSONALIZADA<\/span><\/li>\n<li><span class=\"numVan\"><i class=\"fa fa-angle-double-right\"><\/i><\/span> <span class=\"txtBlack\">PERFILES DE ACERO PARA VEH\u00cdCULOS AUTOMOTORES<\/span><\/li>\n<li><span class=\"numVan\"><i class=\"fa fa-angle-double-right\"><\/i><\/span> <span class=\"txtBlack\">REPISAS REGULABLES<\/span><\/li>\n<li><span class=\"numVan\"><i class=\"fa fa-angle-double-right\"><\/i><\/span> <span class=\"txtBlack\">ESTRUCTURA AUTOPORTANTE, SIN ORIFICIOS ADICIONALES<\/span><\/li>\n<li><span class=\"numVan\"><i class=\"fa fa-angle-double-right\"><\/i><\/span> <span class=\"txtBlack\">FIJACI\u00d3N DE LA CARGA INTEGRADA<\/span><\/li>\n<\/ul>\n<hr class=\"noColor\"\/>\n<h3 class=\"customblackTitleSmall txtSmall\">TODO AL ALCANCE DE LA MANO<\/h3>\n<p class=\"customblackTitleSmall\" style=\"font-size: 125%;\">ESTUDIADO PARA AHORRAR TIEMPO Y PROTEGER LA MERCANC\u00cdA<\/p>\n<p class=\"txtBlack\">Los equipamientos de furgonetas para el sector de la distribuci\u00f3n autom\u00e1tica Store Van son dise\u00f1ados a medida seg\u00fan las exigencias de cada cliente. Generalmente compuestos por repisas regulables y compartimentos para frigor\u00edficos o cajas fuertes, apuntan a reducir considerablemente el tiempo que el operador tarda en retirar la mercanc\u00eda del interior del veh\u00edculo comercial. <\/p>\n<hr class=\"noColor\"\/>\n<\/div>\n<div class=\"break\"><\/div>\n<\/div>\n<h3 class=\"txtGrey customblackTitleExtraSmall\" style=\"color:#000;\">ALGUNOS EJEMPLOS PARA EL SECTOR DE LA DISTRIBUCI\u00d3N AUTOM\u00c1TICA:<\/h3>\n<hr class=\"noColor\" \/>\n<hr class=\"noColor\"\/>\n<div class=\"col-xs-12 col-sm-12 col-md-3\">\n<h3 class=\"txtBlack\">DISTRIBUCI\u00d3N AUTOM\u00c1TICA CON FIAT DUCATO<\/h3>\n<div class=\"borderTitleOrange\"><\/div>\n<hr class=\"noColor\"\/>\nEl equipamiento de un Fiat Ducato para el sector de la distribuci\u00f3n autom\u00e1tica ha requerido la divisi\u00f3n del compartimento de carga en dos zonas: una accesible por la puerta lateral y la otra accesible por las puertas posteriores. El espacio creado se ha dividido con repisas de altura regulable para la carga de bebidas y alimentos de diferentes dimensiones. La estructura autoportante presenta puntos de anclaje para transportar la mercanc\u00eda en total seguridad y est\u00e1 fijada a la carrocer\u00eda del veh\u00edculo mediante los orificios preexistentes en el compartimento de carga.<\/p>\n<hr class=\"noColor\"\/>\n<a class=\"noMarg btn btn-primary\" href=\"https:\/\/www.storevan.com\/es\/equipamientos-especiales-de-furgonetas-equipadas\/maquinas-expendedoras\/equipamiento-para-el-transporte-de-bebidas-fiat-ducato\/\" title=\"Fiat Ducato L2 H2\/L3 H3\">IR A LA FICHA<\/a>\n<\/div>\n<div class=\"col-xs-12 col-sm-12 col-md-9\">\n<style>#jtg-119690 .modula-item .jtg-social a, .lightbox-socials.jtg-social a{ color: #ffffff }#jtg-119690 .modula-item .jtg-social svg, .lightbox-socials.jtg-social svg { height: 16px; width: 16px }#jtg-119690 .modula-item .jtg-social a:not(:last-child), .lightbox-socials.jtg-social a:not(:last-child) { margin-right: 10px }#jtg-119690 .modula-item .figc {color:#000000;}#jtg-119690 .modula-item .figc .jtg-title {  font-size: 18px; }#jtg-119690 .modula-item .modula-item-content { transform: scale(1) }#jtg-119690 { width:100%;}#jtg-119690 .modula-items{height:450px;}@media screen and (max-width: 992px) {#jtg-119690 .modula-items{height:450px;}}@media screen and (max-width: 768px) {#jtg-119690 .modula-items{height:450px;}}#jtg-119690 .modula-items .figc p.description { font-size:18px; }#jtg-119690 .modula-items .figc p.description { color:#000000;}#jtg-119690 .modula-items .figc .jtg-title { color:#000000; }#jtg-119690.modula-gallery .modula-item > a, #jtg-119690.modula-gallery .modula-item, #jtg-119690.modula-gallery .modula-item-content > a:not(.modula-no-follow) { cursor:pointer; } #jtg-119690.modula-gallery .modula-item-content .modula-no-follow { cursor: default; } #jtg-119690 .modula-item .modula-item-overlay, #jtg-119690 .modula-item.effect-layla, #jtg-119690  .modula-item.effect-ruby,#jtg-119690 .modula-item.effect-bubba,#jtg-119690 .modula-item.effect-sarah,#jtg-119690 .modula-item.effect-milo,#jtg-119690 .modula-item.effect-julia,#jtg-119690 .modula-item.effect-hera,#jtg-119690 .modula-item.effect-winston,#jtg-119690 .modula-item.effect-selena,#jtg-119690 .modula-item.effect-terry,#jtg-119690 .modula-item.effect-phoebe,#jtg-119690 .modula-item.effect-apollo,#jtg-119690 .modula-item.effect-steve,#jtg-119690 .modula-item.effect-ming{ background-color:#ffffff; }#jtg-119690  .modula-item.effect-oscar { background: -webkit-linear-gradient(45deg,#ffffff 0,#9b4a1b 40%,#ffffff 100%);background: linear-gradient(45deg,#ffffff 0,#9b4a1b 40%,#ffffff 100%);}#jtg-119690  .modula-item.effect-roxy {background: -webkit-linear-gradient(45deg,#ffffff 0,#05abe0 100%);background: linear-gradient(45deg,#ffffff 0,#05abe0 100%);}#jtg-119690 .modula-item.effect-dexter {background: -webkit-linear-gradient(top,#ffffff 0,rgba(104,60,19,1) 100%); background: linear-gradient(to bottom,#ffffff 0,rgba(104,60,19,1) 100%);}#jtg-119690  .modula-item.effect-jazz {background: -webkit-linear-gradient(-45deg,#ffffff 0,#f33f58 100%);background: linear-gradient(-45deg,#ffffff 0,#f33f58 100%);}#jtg-119690 .modula-item.effect-lexi {background: -webkit-linear-gradient(-45deg,#ffffff 0,#fff 100%);background: linear-gradient(-45deg,#ffffff 0,#fff 100%);}#jtg-119690 .modula-item.effect-duke {background: -webkit-linear-gradient(-45deg,#ffffff 0,#cc6055 100%);background: linear-gradient(-45deg,#ffffff 0,#cc6055 100%);}#jtg-119690 .modula-item:hover img { opacity: 0.5; }#jtg-119690 .jtg-title {font-weight:400; }#jtg-119690 p.description {font-weight:normal; }#jtg-119690:not(.modula-loaded-scale)  .modula-item .modula-item-content { transform: scale(1) translate(0px,0px) rotate(0deg); }@keyframes modulaScaling { 0% {transform: scale(1) translate(0px,p0x) rotate(0deg);} 50%{transform: scale(1) translate(0px,0px) rotate(0deg);}100%{transform: scale(1) translate(0px,p0x) rotate(0deg);}}#jtg-119690.modula-gallery .modula-item.effect-terry .jtg-social a:not(:last-child){margin-bottom:10px;}.modula-fancybox-container.modula-lightbox-jtg-119690 .modula-fancybox-caption .modula-fancybox-caption__body, .modula-fancybox-container.modula-lightbox-jtg-119690 .modula-fancybox-caption .modula-fancybox-caption__body p {text-align:left}html body .modula.modula-columns .modula-items.grid-gallery .modula-item.effect-under .modula-item-content { height:auto;}.jtg-title {font-family:ConduitITCPro-Black;}@media screen and (max-width:480px){#jtg-119690 .modula-item .figc .jtg-title {  font-size: 12px; }#jtg-119690 .modula-items .figc p.description { color:#000000;font-size:10px; }}<\/style>\n<!-- Gallery Container -->\n<div  id=\"jtg-119690\" class=\"modula modula-gallery modula-creative-gallery\" data-config=\"{&quot;height&quot;:450,&quot;tabletHeight&quot;:450,&quot;mobileHeight&quot;:450,&quot;desktopHeight&quot;:450,&quot;enableTwitter&quot;:false,&quot;enableWhatsapp&quot;:true,&quot;enableFacebook&quot;:false,&quot;enablePinterest&quot;:false,&quot;enableLinkedin&quot;:false,&quot;enableEmail&quot;:false,&quot;randomFactor&quot;:0.5,&quot;type&quot;:&quot;creative-gallery&quot;,&quot;columns&quot;:12,&quot;gutter&quot;:10,&quot;mobileGutter&quot;:10,&quot;tabletGutter&quot;:10,&quot;desktopGutter&quot;:10,&quot;enableResponsive&quot;:&quot;0&quot;,&quot;tabletColumns&quot;:&quot;2&quot;,&quot;mobileColumns&quot;:&quot;1&quot;,&quot;lazyLoad&quot;:&quot;1&quot;,&quot;lightboxOpts&quot;:{&quot;loop&quot;:false,&quot;arrows&quot;:true,&quot;toolbar&quot;:true,&quot;keyboard&quot;:false,&quot;wheel&quot;:false,&quot;buttons&quot;:[&quot;close&quot;],&quot;hash&quot;:false,&quot;lang&quot;:&quot;en&quot;,&quot;touch&quot;:false,&quot;protect&quot;:false,&quot;i18n&quot;:{&quot;en&quot;:{&quot;CLOSE&quot;:&quot;Close&quot;,&quot;NEXT&quot;:&quot;Next&quot;,&quot;PREV&quot;:&quot;Previous&quot;,&quot;Error&quot;:&quot;The requested content cannot be loaded. Please try again later.&quot;,&quot;PLAY_START&quot;:&quot;Start slideshow&quot;,&quot;PLAY_STOP&quot;:&quot;Pause slideshow&quot;,&quot;FULL_SCREEN&quot;:&quot;Full screen&quot;,&quot;THUMBS&quot;:&quot;Thumbnails&quot;,&quot;DOWNLOAD&quot;:&quot;Download&quot;,&quot;SHARE&quot;:&quot;Share&quot;,&quot;ZOOM&quot;:&quot;Zoom&quot;}},&quot;clickSlide&quot;:false,&quot;clickOutside&quot;:false,&quot;dblclickContent&quot;:false,&quot;dblclickSlide&quot;:false,&quot;dblclickOutside&quot;:false,&quot;baseTpl&quot;:&quot;&lt;div class=\\&quot;modula-fancybox-container modula-lightbox-jtg-119690\\&quot; role=\\&quot;dialog\\&quot; tabindex=\\&quot;-1\\&quot;&gt;&lt;div class=\\&quot;modula-fancybox-bg\\&quot;&gt;&lt;\\\/div&gt;&lt;div class=\\&quot;modula-fancybox-inner\\&quot;&gt;&lt;div class=\\&quot;modula-fancybox-infobar\\&quot;&gt;&lt;span data-fancybox-index&gt;&lt;\\\/span&gt;&nbsp;\\\/&nbsp;&lt;span data-fancybox-count&gt;&lt;\\\/span&gt;&lt;\\\/div&gt;&lt;div class=\\&quot;modula-fancybox-toolbar\\&quot;&gt;{{buttons}}&lt;\\\/div&gt;&lt;div class=\\&quot;modula-fancybox-navigation\\&quot;&gt;{{arrows}}&lt;\\\/div&gt;&lt;div class=\\&quot;modula-fancybox-stage\\&quot;&gt;&lt;\\\/div&gt;&lt;div class=\\&quot;modula-fancybox-caption\\&quot;&gt;&lt;div class=\\&quot;modula-fancybox-caption__body\\&quot;&gt;&lt;\\\/div&gt;&lt;\\\/div&gt;&lt;\\\/div&gt;&lt;\\\/div&gt;&quot;,&quot;infobar&quot;:true,&quot;animationEffect&quot;:false,&quot;animationDuration&quot;:366,&quot;transitionEffect&quot;:false,&quot;transitionDuration&quot;:366,&quot;thumbs&quot;:{&quot;autoStart&quot;:false,&quot;axis&quot;:&quot;y&quot;},&quot;preventCaptionOverlap&quot;:false},&quot;inView&quot;:false,&quot;email_subject&quot;:&quot;Check out this awesome image !!&quot;,&quot;email_message&quot;:&quot;Here is the link to the image : %%image_link%% and this is the link to the gallery : %%gallery_link%%&quot;,&quot;lightbox&quot;:&quot;fancybox&quot;,&quot;filterClick&quot;:&quot;0&quot;,&quot;dropdownFilters&quot;:&quot;0&quot;,&quot;defaultActiveFilter&quot;:&quot;all&quot;,&quot;initLightbox&quot;:&quot;modula_pro_init_lightbox&quot;,&quot;haveFilters&quot;:0}\">\n\n\t\n\t<!-- Items Container -->\n\t<div  class=\"modula-items\">\n\t\t<div class=\"modula-item modula-simple-link effect-zoe jtg-filter-all jtg-filter-\" >\n\t<div class=\"modula-item-overlay\"><\/div>\n\n\t<div class=\"modula-item-content\">\n\n\t\t\t\t\n\t\t\t\t\t<a data-image-id=\"109340\" href=\"https:\/\/www.storevan.com\/es\/equipamientos-especiales-de-furgonetas-equipadas\/maquinas-expendedoras\/equipamiento-para-el-transporte-de-bebidas-fiat-ducato\/\" aria-label=\"Open image in lightbox\" data-thumb=\"https:\/\/www.storevan.com\/wp-content\/uploads\/2019\/10\/v-fiat-ducato-07-150x150.jpg\" class=\"modula-simple-link\" class=\"tile-inner modula-item-link\"><\/a>\n\t\t\n\t\t<img class=\"pic wp-image-109340 lazyload\"  data-valign=\"middle\" data-halign=\"left\" alt=\"Rivestimento e ripiani per vending su Fiat Ducato\" data-full=\"https:\/\/www.storevan.com\/wp-content\/uploads\/2019\/10\/v-fiat-ducato-07.jpg\" title=\"FIAT DUCATO &lt;i class=&quot;fa fa-search-plus&quot;&gt;&lt;\/i&gt;\" width=\"200\" height=\"300\" data-src=\"https:\/\/www.storevan.com\/wp-content\/uploads\/2019\/10\/v-fiat-ducato-07-200x300.jpg\" data-caption=\"Rivestimento e ripiani per vending su Fiat Ducato\" data-source=\"modula\" data-srcset=\"https:\/\/www.storevan.com\/wp-content\/uploads\/2019\/10\/v-fiat-ducato-07.jpg 534w, https:\/\/www.storevan.com\/wp-content\/uploads\/2019\/10\/v-fiat-ducato-07-200x300.jpg 200w\" data-sizes=\"(max-width: 200px) 100vw, 200px\" \/>\n\t\t<div class=\"figc\">\n\t\t\t<div class=\"figc-inner\">\n\t\t\t\t\t\t\t\t\t<div class='jtg-title'>FIAT DUCATO <i class=\"fa fa-search-plus\"><\/i><\/div>\n\t\t\t\t\t\t\t\t\t\t\t\t\t\t\t\t\t<div class=\"jtg-social\">\n\t\t\t\t\t\t\t\t\t\t\t\t\t\t\t\t\t\t\t\t\t\t\t\t\t<a class=\"modula-icon-whatsapp\"\n\t\t\t\t\t\t\t   href=\"#\"><svg aria-hidden=\"true\" focusable=\"false\" preserveAspectRatio=\"xMidYMid meet\" viewBox=\"0 0 1536 1600\"><path d=\"M985 878q13 0 97.5 44t89.5 53q2 5 2 15q0 33-17 76q-16 39-71 65.5T984 1158q-57 0-190-62q-98-45-170-118T476 793q-72-107-71-194v-8q3-91 74-158q24-22 52-22q6 0 18 1.5t19 1.5q19 0 26.5 6.5T610 448q8 20 33 88t25 75q0 21-34.5 57.5T599 715q0 7 5 15q34 73 102 137q56 53 151 101q12 7 22 7q15 0 54-48.5t52-48.5zm-203 530q127 0 243.5-50t200.5-134t134-200.5t50-243.5t-50-243.5T1226 336t-200.5-134T782 152t-243.5 50T338 336T204 536.5T154 780q0 203 120 368l-79 233l242-77q158 104 345 104zm0-1382q153 0 292.5 60T1315 247t161 240.5t60 292.5t-60 292.5t-161 240.5t-240.5 161t-292.5 60q-195 0-365-94L0 1574l136-405Q28 991 28 780q0-153 60-292.5T249 247T489.5 86T782 26z\" fill=\"currentColor\"\/><\/svg><\/a>\n\t\t\t\t\t\t\t\t\t\t\t\t\t\t\t\t\t\t\t\t\t\t\t\t\t\t\t\t\t\t\t\t\t\t\t<\/div>\n\t\t\t\t\t\t\t<\/div>\n\t\t<\/div>\n\n\t<\/div>\n\n<\/div><div class=\"modula-item modula-simple-link effect-zoe jtg-filter-all jtg-filter-\" >\n\t<div class=\"modula-item-overlay\"><\/div>\n\n\t<div class=\"modula-item-content\">\n\n\t\t\t\t\n\t\t\t\t\t<a data-image-id=\"109334\" href=\"https:\/\/www.storevan.com\/es\/equipamientos-especiales-de-furgonetas-equipadas\/maquinas-expendedoras\/equipamiento-para-el-transporte-de-bebidas-fiat-ducato\/\" aria-label=\"Open image in lightbox\" data-thumb=\"https:\/\/www.storevan.com\/wp-content\/uploads\/2019\/10\/v-fiat-ducato-06-150x150.jpg\" class=\"modula-simple-link\" class=\"tile-inner modula-item-link\"><\/a>\n\t\t\n\t\t<img class=\"pic wp-image-109334 lazyload\"  data-valign=\"middle\" data-halign=\"left\" alt=\"Ripiani per Fiat Ducato\" data-full=\"https:\/\/www.storevan.com\/wp-content\/uploads\/2019\/10\/v-fiat-ducato-06.jpg\" title=\"FIAT DUCATO &lt;i class=&quot;fa fa-search-plus&quot;&gt;&lt;\/i&gt;\" width=\"200\" height=\"300\" data-src=\"https:\/\/www.storevan.com\/wp-content\/uploads\/2019\/10\/v-fiat-ducato-06-200x300.jpg\" data-caption=\"Fissaggio dei ripiani regolabili su furgone Fiat Ducato\" data-source=\"modula\" data-srcset=\"https:\/\/www.storevan.com\/wp-content\/uploads\/2019\/10\/v-fiat-ducato-06.jpg 534w, https:\/\/www.storevan.com\/wp-content\/uploads\/2019\/10\/v-fiat-ducato-06-200x300.jpg 200w\" data-sizes=\"(max-width: 200px) 100vw, 200px\" \/>\n\t\t<div class=\"figc\">\n\t\t\t<div class=\"figc-inner\">\n\t\t\t\t\t\t\t\t\t<div class='jtg-title'>FIAT DUCATO <i class=\"fa fa-search-plus\"><\/i><\/div>\n\t\t\t\t\t\t\t\t\t\t\t\t\t\t\t\t\t<div class=\"jtg-social\">\n\t\t\t\t\t\t\t\t\t\t\t\t\t\t\t\t\t\t\t\t\t\t\t\t\t<a class=\"modula-icon-whatsapp\"\n\t\t\t\t\t\t\t   href=\"#\"><svg aria-hidden=\"true\" focusable=\"false\" preserveAspectRatio=\"xMidYMid meet\" viewBox=\"0 0 1536 1600\"><path d=\"M985 878q13 0 97.5 44t89.5 53q2 5 2 15q0 33-17 76q-16 39-71 65.5T984 1158q-57 0-190-62q-98-45-170-118T476 793q-72-107-71-194v-8q3-91 74-158q24-22 52-22q6 0 18 1.5t19 1.5q19 0 26.5 6.5T610 448q8 20 33 88t25 75q0 21-34.5 57.5T599 715q0 7 5 15q34 73 102 137q56 53 151 101q12 7 22 7q15 0 54-48.5t52-48.5zm-203 530q127 0 243.5-50t200.5-134t134-200.5t50-243.5t-50-243.5T1226 336t-200.5-134T782 152t-243.5 50T338 336T204 536.5T154 780q0 203 120 368l-79 233l242-77q158 104 345 104zm0-1382q153 0 292.5 60T1315 247t161 240.5t60 292.5t-60 292.5t-161 240.5t-240.5 161t-292.5 60q-195 0-365-94L0 1574l136-405Q28 991 28 780q0-153 60-292.5T249 247T489.5 86T782 26z\" fill=\"currentColor\"\/><\/svg><\/a>\n\t\t\t\t\t\t\t\t\t\t\t\t\t\t\t\t\t\t\t\t\t\t\t\t\t\t\t\t\t\t\t\t\t\t\t<\/div>\n\t\t\t\t\t\t\t<\/div>\n\t\t<\/div>\n\n\t<\/div>\n\n<\/div><div class=\"modula-item modula-simple-link effect-zoe jtg-filter-all jtg-filter-\" >\n\t<div class=\"modula-item-overlay\"><\/div>\n\n\t<div class=\"modula-item-content\">\n\n\t\t\t\t\n\t\t\t\t\t<a data-image-id=\"109322\" href=\"https:\/\/www.storevan.com\/es\/equipamientos-especiales-de-furgonetas-equipadas\/maquinas-expendedoras\/equipamiento-para-el-transporte-de-bebidas-fiat-ducato\/\" aria-label=\"Open image in lightbox\" data-thumb=\"https:\/\/www.storevan.com\/wp-content\/uploads\/2019\/10\/v-fiat-ducato-04-150x150.jpg\" class=\"modula-simple-link\" class=\"tile-inner modula-item-link\"><\/a>\n\t\t\n\t\t<img class=\"pic wp-image-109322 lazyload\"  data-valign=\"middle\" data-halign=\"left\" alt=\"Allestimento su misura per Ducato\" data-full=\"https:\/\/www.storevan.com\/wp-content\/uploads\/2019\/10\/v-fiat-ducato-04.jpg\" title=\"FIAT DUCATO &lt;i class=&quot;fa fa-search-plus&quot;&gt;&lt;\/i&gt;\" width=\"200\" height=\"300\" data-src=\"https:\/\/www.storevan.com\/wp-content\/uploads\/2019\/10\/v-fiat-ducato-04-200x300.jpg\" data-caption=\"Allestimento per la manutenzione di distributori automatici\" data-source=\"modula\" data-srcset=\"https:\/\/www.storevan.com\/wp-content\/uploads\/2019\/10\/v-fiat-ducato-04.jpg 534w, https:\/\/www.storevan.com\/wp-content\/uploads\/2019\/10\/v-fiat-ducato-04-200x300.jpg 200w\" data-sizes=\"(max-width: 200px) 100vw, 200px\" \/>\n\t\t<div class=\"figc\">\n\t\t\t<div class=\"figc-inner\">\n\t\t\t\t\t\t\t\t\t<div class='jtg-title'>FIAT DUCATO <i class=\"fa fa-search-plus\"><\/i><\/div>\n\t\t\t\t\t\t\t\t\t\t\t\t\t\t\t\t\t<div class=\"jtg-social\">\n\t\t\t\t\t\t\t\t\t\t\t\t\t\t\t\t\t\t\t\t\t\t\t\t\t<a class=\"modula-icon-whatsapp\"\n\t\t\t\t\t\t\t   href=\"#\"><svg aria-hidden=\"true\" focusable=\"false\" preserveAspectRatio=\"xMidYMid meet\" viewBox=\"0 0 1536 1600\"><path d=\"M985 878q13 0 97.5 44t89.5 53q2 5 2 15q0 33-17 76q-16 39-71 65.5T984 1158q-57 0-190-62q-98-45-170-118T476 793q-72-107-71-194v-8q3-91 74-158q24-22 52-22q6 0 18 1.5t19 1.5q19 0 26.5 6.5T610 448q8 20 33 88t25 75q0 21-34.5 57.5T599 715q0 7 5 15q34 73 102 137q56 53 151 101q12 7 22 7q15 0 54-48.5t52-48.5zm-203 530q127 0 243.5-50t200.5-134t134-200.5t50-243.5t-50-243.5T1226 336t-200.5-134T782 152t-243.5 50T338 336T204 536.5T154 780q0 203 120 368l-79 233l242-77q158 104 345 104zm0-1382q153 0 292.5 60T1315 247t161 240.5t60 292.5t-60 292.5t-161 240.5t-240.5 161t-292.5 60q-195 0-365-94L0 1574l136-405Q28 991 28 780q0-153 60-292.5T249 247T489.5 86T782 26z\" fill=\"currentColor\"\/><\/svg><\/a>\n\t\t\t\t\t\t\t\t\t\t\t\t\t\t\t\t\t\t\t\t\t\t\t\t\t\t\t\t\t\t\t\t\t\t\t<\/div>\n\t\t\t\t\t\t\t<\/div>\n\t\t<\/div>\n\n\t<\/div>\n\n<\/div><div class=\"modula-item modula-simple-link effect-zoe jtg-filter-all jtg-filter-\" >\n\t<div class=\"modula-item-overlay\"><\/div>\n\n\t<div class=\"modula-item-content\">\n\n\t\t\t\t\n\t\t\t\t\t<a data-image-id=\"109316\" href=\"https:\/\/www.storevan.com\/es\/equipamientos-especiales-de-furgonetas-equipadas\/maquinas-expendedoras\/equipamiento-para-el-transporte-de-bebidas-fiat-ducato\/\" aria-label=\"Open image in lightbox\" data-thumb=\"https:\/\/www.storevan.com\/wp-content\/uploads\/2019\/10\/v-fiat-ducato-03-150x150.jpg\" class=\"modula-simple-link\" class=\"tile-inner modula-item-link\"><\/a>\n\t\t\n\t\t<img class=\"pic wp-image-109316 lazyload\"  data-valign=\"middle\" data-halign=\"left\" alt=\"Allestimento su FIAT DUCATO L2 H2 \/ L3 H2\" data-full=\"https:\/\/www.storevan.com\/wp-content\/uploads\/2019\/10\/v-fiat-ducato-03.jpg\" title=\"FIAT DUCATO &lt;i class=&quot;fa fa-search-plus&quot;&gt;&lt;\/i&gt;\" width=\"300\" height=\"213\" data-src=\"https:\/\/www.storevan.com\/wp-content\/uploads\/2019\/10\/v-fiat-ducato-03-300x213.jpg\" data-caption=\"Allestimento per Vending con ripiani su Fiat Ducato \" data-source=\"modula\" data-srcset=\"https:\/\/www.storevan.com\/wp-content\/uploads\/2019\/10\/v-fiat-ducato-03.jpg 800w, https:\/\/www.storevan.com\/wp-content\/uploads\/2019\/10\/v-fiat-ducato-03-300x213.jpg 300w, https:\/\/www.storevan.com\/wp-content\/uploads\/2019\/10\/v-fiat-ducato-03-768x544.jpg 768w\" data-sizes=\"(max-width: 300px) 100vw, 300px\" \/>\n\t\t<div class=\"figc\">\n\t\t\t<div class=\"figc-inner\">\n\t\t\t\t\t\t\t\t\t<div class='jtg-title'>FIAT DUCATO <i class=\"fa fa-search-plus\"><\/i><\/div>\n\t\t\t\t\t\t\t\t\t\t\t\t\t\t\t\t\t<div class=\"jtg-social\">\n\t\t\t\t\t\t\t\t\t\t\t\t\t\t\t\t\t\t\t\t\t\t\t\t\t<a class=\"modula-icon-whatsapp\"\n\t\t\t\t\t\t\t   href=\"#\"><svg aria-hidden=\"true\" focusable=\"false\" preserveAspectRatio=\"xMidYMid meet\" viewBox=\"0 0 1536 1600\"><path d=\"M985 878q13 0 97.5 44t89.5 53q2 5 2 15q0 33-17 76q-16 39-71 65.5T984 1158q-57 0-190-62q-98-45-170-118T476 793q-72-107-71-194v-8q3-91 74-158q24-22 52-22q6 0 18 1.5t19 1.5q19 0 26.5 6.5T610 448q8 20 33 88t25 75q0 21-34.5 57.5T599 715q0 7 5 15q34 73 102 137q56 53 151 101q12 7 22 7q15 0 54-48.5t52-48.5zm-203 530q127 0 243.5-50t200.5-134t134-200.5t50-243.5t-50-243.5T1226 336t-200.5-134T782 152t-243.5 50T338 336T204 536.5T154 780q0 203 120 368l-79 233l242-77q158 104 345 104zm0-1382q153 0 292.5 60T1315 247t161 240.5t60 292.5t-60 292.5t-161 240.5t-240.5 161t-292.5 60q-195 0-365-94L0 1574l136-405Q28 991 28 780q0-153 60-292.5T249 247T489.5 86T782 26z\" fill=\"currentColor\"\/><\/svg><\/a>\n\t\t\t\t\t\t\t\t\t\t\t\t\t\t\t\t\t\t\t\t\t\t\t\t\t\t\t\t\t\t\t\t\t\t\t<\/div>\n\t\t\t\t\t\t\t<\/div>\n\t\t<\/div>\n\n\t<\/div>\n\n<\/div><div class=\"modula-item modula-simple-link effect-zoe jtg-filter-all jtg-filter-\" >\n\t<div class=\"modula-item-overlay\"><\/div>\n\n\t<div class=\"modula-item-content\">\n\n\t\t\t\t\n\t\t\t\t\t<a data-image-id=\"109298\" href=\"https:\/\/www.storevan.com\/es\/equipamientos-especiales-de-furgonetas-equipadas\/maquinas-expendedoras\/equipamiento-para-el-transporte-de-bebidas-fiat-ducato\/\" aria-label=\"Open image in lightbox\" data-thumb=\"https:\/\/www.storevan.com\/wp-content\/uploads\/2019\/10\/v-fiat-ducato-00-150x150.jpg\" class=\"modula-simple-link\" class=\"tile-inner modula-item-link\"><\/a>\n\t\t\n\t\t<img class=\"pic wp-image-109298 lazyload\"  data-valign=\"middle\" data-halign=\"left\" alt=\"FIAT DUCATO\" data-full=\"https:\/\/www.storevan.com\/wp-content\/uploads\/2019\/10\/v-fiat-ducato-00.jpg\" title=\"FIAT DUCATO &lt;i class=&quot;fa fa-search-plus&quot;&gt;&lt;\/i&gt;\" width=\"292\" height=\"300\" data-src=\"https:\/\/www.storevan.com\/wp-content\/uploads\/2019\/10\/v-fiat-ducato-00-292x300.jpg\" data-caption=\"Ducato allestito per Vending con rivestimenti interni e ripiani regolabili\" data-source=\"modula\" data-srcset=\"https:\/\/www.storevan.com\/wp-content\/uploads\/2019\/10\/v-fiat-ducato-00.jpg 525w, https:\/\/www.storevan.com\/wp-content\/uploads\/2019\/10\/v-fiat-ducato-00-292x300.jpg 292w, https:\/\/www.storevan.com\/wp-content\/uploads\/2019\/10\/v-fiat-ducato-00-48x48.jpg 48w\" data-sizes=\"(max-width: 292px) 100vw, 292px\" \/>\n\t\t<div class=\"figc\">\n\t\t\t<div class=\"figc-inner\">\n\t\t\t\t\t\t\t\t\t<div class='jtg-title'>FIAT DUCATO <i class=\"fa fa-search-plus\"><\/i><\/div>\n\t\t\t\t\t\t\t\t\t\t\t\t\t\t\t\t\t<div class=\"jtg-social\">\n\t\t\t\t\t\t\t\t\t\t\t\t\t\t\t\t\t\t\t\t\t\t\t\t\t<a class=\"modula-icon-whatsapp\"\n\t\t\t\t\t\t\t   href=\"#\"><svg aria-hidden=\"true\" focusable=\"false\" preserveAspectRatio=\"xMidYMid meet\" viewBox=\"0 0 1536 1600\"><path d=\"M985 878q13 0 97.5 44t89.5 53q2 5 2 15q0 33-17 76q-16 39-71 65.5T984 1158q-57 0-190-62q-98-45-170-118T476 793q-72-107-71-194v-8q3-91 74-158q24-22 52-22q6 0 18 1.5t19 1.5q19 0 26.5 6.5T610 448q8 20 33 88t25 75q0 21-34.5 57.5T599 715q0 7 5 15q34 73 102 137q56 53 151 101q12 7 22 7q15 0 54-48.5t52-48.5zm-203 530q127 0 243.5-50t200.5-134t134-200.5t50-243.5t-50-243.5T1226 336t-200.5-134T782 152t-243.5 50T338 336T204 536.5T154 780q0 203 120 368l-79 233l242-77q158 104 345 104zm0-1382q153 0 292.5 60T1315 247t161 240.5t60 292.5t-60 292.5t-161 240.5t-240.5 161t-292.5 60q-195 0-365-94L0 1574l136-405Q28 991 28 780q0-153 60-292.5T249 247T489.5 86T782 26z\" fill=\"currentColor\"\/><\/svg><\/a>\n\t\t\t\t\t\t\t\t\t\t\t\t\t\t\t\t\t\t\t\t\t\t\t\t\t\t\t\t\t\t\t\t\t\t\t<\/div>\n\t\t\t\t\t\t\t<\/div>\n\t\t<\/div>\n\n\t<\/div>\n\n<\/div><div class=\"modula-item modula-simple-link effect-zoe jtg-filter-all jtg-filter-\" >\n\t<div class=\"modula-item-overlay\"><\/div>\n\n\t<div class=\"modula-item-content\">\n\n\t\t\t\t\n\t\t\t\t\t<a data-image-id=\"110011\" href=\"https:\/\/www.storevan.com\/es\/equipamientos-especiales-de-furgonetas-equipadas\/maquinas-expendedoras\/equipamiento-para-el-transporte-de-bebidas-fiat-ducato\/\" aria-label=\"Open image in lightbox\" data-thumb=\"https:\/\/www.storevan.com\/wp-content\/uploads\/2019\/10\/allestimento-autoportante-ducato-vending-150x150.jpg\" class=\"modula-simple-link\" class=\"tile-inner modula-item-link\"><\/a>\n\t\t\n\t\t<img class=\"pic wp-image-110011 lazyload\"  data-valign=\"middle\" data-halign=\"left\" alt=\"FIAT DUCATO\" data-full=\"https:\/\/www.storevan.com\/wp-content\/uploads\/2019\/10\/allestimento-autoportante-ducato-vending.jpg\" title=\"FIAT DUCATO &lt;i class=&quot;fa fa-search-plus&quot;&gt;&lt;\/i&gt;\" width=\"200\" height=\"300\" data-src=\"https:\/\/www.storevan.com\/wp-content\/uploads\/2019\/10\/allestimento-autoportante-ducato-vending-200x300.jpg\" data-caption=\"Rivestimento interno e ripiani per vending \" data-source=\"modula\" data-srcset=\"https:\/\/www.storevan.com\/wp-content\/uploads\/2019\/10\/allestimento-autoportante-ducato-vending.jpg 800w, https:\/\/www.storevan.com\/wp-content\/uploads\/2019\/10\/allestimento-autoportante-ducato-vending-200x300.jpg 200w, https:\/\/www.storevan.com\/wp-content\/uploads\/2019\/10\/allestimento-autoportante-ducato-vending-768x1152.jpg 768w, https:\/\/www.storevan.com\/wp-content\/uploads\/2019\/10\/allestimento-autoportante-ducato-vending-683x1024.jpg 683w\" data-sizes=\"(max-width: 200px) 100vw, 200px\" \/>\n\t\t<div class=\"figc\">\n\t\t\t<div class=\"figc-inner\">\n\t\t\t\t\t\t\t\t\t<div class='jtg-title'>FIAT DUCATO <i class=\"fa fa-search-plus\"><\/i><\/div>\n\t\t\t\t\t\t\t\t\t\t\t\t\t\t\t\t\t<div class=\"jtg-social\">\n\t\t\t\t\t\t\t\t\t\t\t\t\t\t\t\t\t\t\t\t\t\t\t\t\t<a class=\"modula-icon-whatsapp\"\n\t\t\t\t\t\t\t   href=\"#\"><svg aria-hidden=\"true\" focusable=\"false\" preserveAspectRatio=\"xMidYMid meet\" viewBox=\"0 0 1536 1600\"><path d=\"M985 878q13 0 97.5 44t89.5 53q2 5 2 15q0 33-17 76q-16 39-71 65.5T984 1158q-57 0-190-62q-98-45-170-118T476 793q-72-107-71-194v-8q3-91 74-158q24-22 52-22q6 0 18 1.5t19 1.5q19 0 26.5 6.5T610 448q8 20 33 88t25 75q0 21-34.5 57.5T599 715q0 7 5 15q34 73 102 137q56 53 151 101q12 7 22 7q15 0 54-48.5t52-48.5zm-203 530q127 0 243.5-50t200.5-134t134-200.5t50-243.5t-50-243.5T1226 336t-200.5-134T782 152t-243.5 50T338 336T204 536.5T154 780q0 203 120 368l-79 233l242-77q158 104 345 104zm0-1382q153 0 292.5 60T1315 247t161 240.5t60 292.5t-60 292.5t-161 240.5t-240.5 161t-292.5 60q-195 0-365-94L0 1574l136-405Q28 991 28 780q0-153 60-292.5T249 247T489.5 86T782 26z\" fill=\"currentColor\"\/><\/svg><\/a>\n\t\t\t\t\t\t\t\t\t\t\t\t\t\t\t\t\t\t\t\t\t\t\t\t\t\t\t\t\t\t\t\t\t\t\t<\/div>\n\t\t\t\t\t\t\t<\/div>\n\t\t<\/div>\n\n\t<\/div>\n\n<\/div>\t\t\n\t<\/div>\n\n\t\n\t\n\t<script type=\"application\/ld+json\">\n\t{\n\t\t\"@context\": \"http:\/\/schema.org\",\n\t\t\"@type\"   : \"ImageGallery\",\n\t\t\"id\"      : \"https:\/\/www.storevan.com\/es\/wp-json\/wp\/v2\/pages\/119433\/\",\n\t\t\"url\"     : \"https:\/\/www.storevan.com\/es\/wp-json\/wp\/v2\/pages\/119433\/\"\n\t}\n\n    <\/script>\n\n\t\n<\/div>\n<\/div>\n<div class=\"break\"><\/div>\n<hr class=\"noColor\"\/>\n<hr class=\"visible-xs\"\/>\n<hr class=\"noColor\"\/>\n<div class=\"col-xs-12 col-sm-12 col-md-9\"><style>#jtg-119691 .modula-item .jtg-social a, .lightbox-socials.jtg-social a{ color: #ffffff }#jtg-119691 .modula-item .jtg-social svg, .lightbox-socials.jtg-social svg { height: 16px; width: 16px }#jtg-119691 .modula-item .jtg-social a:not(:last-child), .lightbox-socials.jtg-social a:not(:last-child) { margin-right: 10px }#jtg-119691 .modula-item .figc {color:#000000;}#jtg-119691 .modula-item .figc .jtg-title {  font-size: 18px; }#jtg-119691 .modula-item .modula-item-content { transform: scale(1) }#jtg-119691 { width:100%;}#jtg-119691 .modula-items{height:450px;}@media screen and (max-width: 992px) {#jtg-119691 .modula-items{height:450px;}}@media screen and (max-width: 768px) {#jtg-119691 .modula-items{height:450px;}}#jtg-119691 .modula-items .figc p.description { font-size:18px; }#jtg-119691 .modula-items .figc p.description { color:#000000;}#jtg-119691 .modula-items .figc .jtg-title { color:#000000; }#jtg-119691.modula-gallery .modula-item > a, #jtg-119691.modula-gallery .modula-item, #jtg-119691.modula-gallery .modula-item-content > a:not(.modula-no-follow) { cursor:pointer; } #jtg-119691.modula-gallery .modula-item-content .modula-no-follow { cursor: default; } #jtg-119691 .modula-item .modula-item-overlay, #jtg-119691 .modula-item.effect-layla, #jtg-119691  .modula-item.effect-ruby,#jtg-119691 .modula-item.effect-bubba,#jtg-119691 .modula-item.effect-sarah,#jtg-119691 .modula-item.effect-milo,#jtg-119691 .modula-item.effect-julia,#jtg-119691 .modula-item.effect-hera,#jtg-119691 .modula-item.effect-winston,#jtg-119691 .modula-item.effect-selena,#jtg-119691 .modula-item.effect-terry,#jtg-119691 .modula-item.effect-phoebe,#jtg-119691 .modula-item.effect-apollo,#jtg-119691 .modula-item.effect-steve,#jtg-119691 .modula-item.effect-ming{ background-color:#ffffff; }#jtg-119691  .modula-item.effect-oscar { background: -webkit-linear-gradient(45deg,#ffffff 0,#9b4a1b 40%,#ffffff 100%);background: linear-gradient(45deg,#ffffff 0,#9b4a1b 40%,#ffffff 100%);}#jtg-119691  .modula-item.effect-roxy {background: -webkit-linear-gradient(45deg,#ffffff 0,#05abe0 100%);background: linear-gradient(45deg,#ffffff 0,#05abe0 100%);}#jtg-119691 .modula-item.effect-dexter {background: -webkit-linear-gradient(top,#ffffff 0,rgba(104,60,19,1) 100%); background: linear-gradient(to bottom,#ffffff 0,rgba(104,60,19,1) 100%);}#jtg-119691  .modula-item.effect-jazz {background: -webkit-linear-gradient(-45deg,#ffffff 0,#f33f58 100%);background: linear-gradient(-45deg,#ffffff 0,#f33f58 100%);}#jtg-119691 .modula-item.effect-lexi {background: -webkit-linear-gradient(-45deg,#ffffff 0,#fff 100%);background: linear-gradient(-45deg,#ffffff 0,#fff 100%);}#jtg-119691 .modula-item.effect-duke {background: -webkit-linear-gradient(-45deg,#ffffff 0,#cc6055 100%);background: linear-gradient(-45deg,#ffffff 0,#cc6055 100%);}#jtg-119691 .modula-item:hover img { opacity: 0.5; }#jtg-119691 .jtg-title {font-weight:400; }#jtg-119691 p.description {font-weight:normal; }#jtg-119691:not(.modula-loaded-scale)  .modula-item .modula-item-content { transform: scale(1) translate(0px,0px) rotate(0deg); }@keyframes modulaScaling { 0% {transform: scale(1) translate(0px,p0x) rotate(0deg);} 50%{transform: scale(1) translate(0px,0px) rotate(0deg);}100%{transform: scale(1) translate(0px,p0x) rotate(0deg);}}#jtg-119691.modula-gallery .filters a {color: #f7a600 !important;}#jtg-119691 .menu--ceres .modula_menu__item::before, #jtg-119691 .menu--ceres .modula_menu__item::after, #jtg-119691 .menu--ceres .modula_menu__link::after,#jtg-119691 .menu--ariel .modula_menu__item::before, #jtg-119691 .menu--ariel .modula_menu__item::after, #jtg-119691 .menu--ariel .modula_menu__link::after, #jtg-119691 .menu--ariel .modula_menu__link::before{background-color: #009de0 !important;}#jtg-119691.modula-gallery .filters a:hover, #jtg-119691.modula-gallery .filters li.modula_menu__item--current a {color: #009de0 !important;border-color: #009de0 !important}#jtg-119691.modula-gallery .filters li.modula_menu__item--current a:hover:before,#jtg-119691.modula-gallery .filters li.modula_menu__item--current a:hover:after,#jtg-119691.modula-gallery .filters li.modula_menu__item--current:hover:before,#jtg-119691.modula-gallery .filters li.modula_menu__item--current:hover:after { border-color:#009de0;background-color:#009de0}#jtg-119691.modula-gallery .filters li.modula_menu__item--current a:before,#jtg-119691.modula-gallery .filters li.modula_menu__item--current a:after,#jtg-119691.modula-gallery .filters li.modula_menu__item--current:before,#jtg-119691.modula-gallery .filters li.modula_menu__item--current:after{border-color:#009de0; background-color:#009de0;}#jtg-119691.modula .menu--antonio .modula_menu__item::after, #jtg-119691.modula .menu--antonio .modula_menu__item::before, #jtg-119691.modula .menu--antonio .modula_menu__link::after, #jtg-119691.modula .menu--antonio .modula_menu__link::before{background-color:#009de0;}#jtg-119691.modula .menu--caliban .modula_menu__link::before,#jtg-119691.modula .menu--caliban .modula_menu__link::after{border-color:#009de0;}#jtg-119691.modula .menu--ferdinand .modula_menu__link::before{background-color:#009de0;}#jtg-119691.modula .menu--francisco .modula_menu__link::before, #jtg-119691.modula .menu--trinculo .modula_menu__link::before{background-color:#009de0;}#jtg-119691.modula .menu--horatio .modula_menu__item a::after, #jtg-119691.modula .menu--horatio .modula_menu__item a::before, #jtg-119691.modula .menu--horatio .modula_menu__item::after, #jtg-119691.modula .menu--horatio .modula_menu__item::before{border-color:#009de0}#jtg-119691.modula .menu--invulner .modula_menu__link::before{border-color:#009de0}#jtg-119691.modula .menu--iris .modula_menu__link::after, #jtg-119691.modula .menu--iris .modula_menu__link::before{border-color:#009de0}#jtg-119691.modula .menu--juno .modula_menu__item::after,#jtg-119691.modula .menu--juno .modula_menu__item::before,#jtg-119691.modula .menu--juno .modula_menu__link::after,#jtg-119691.modula .menu--juno .modula_menu__link::before{background-color:#009de0;}#jtg-119691.modula .menu--maria .modula_menu__item::before{background-color:#009de0;}#jtg-119691.modula .menu--miranda .modula_menu__item::after,#jtg-119691.modula .menu--miranda .modula_menu__item::before,#jtg-119691.modula .menu--miranda .modula_menu__link::after,#jtg-119691.modula .menu--miranda .modula_menu__link::before{background-color:#009de0;}#jtg-119691.modula .menu--prospero .modula_menu__link::before{background-color:#009de0;}#jtg-119691.modula .menu--sebastian .modula_menu__link::after,#jtg-119691.modula .menu--sebastian .modula_menu__link::before{background-color:#009de0;}#jtg-119691.modula .menu--shylock .modula_menu__link::after{background-color:#009de0;}#jtg-119691.modula .menu--stephano .modula_menu__item::before,#jtg-119691.modula .menu--stephano .modula_menu__link::after,#jtg-119691.modula .menu--stephano .modula_menu__link::before{background-color:#009de0;}#jtg-119691.modula .menu--tantalid .modula_menu__link::after,#jtg-119691.modula .menu--tantalid .modula_menu__link::before{border-color:#009de0}#jtg-119691.modula .menu--valentine .modula_menu__item::after,#jtg-119691.modula .menu--valentine .modula_menu__item::before,#jtg-119691.modula .menu--valentine .modula_menu__link::after,#jtg-119691.modula .menu--valentine .modula_menu__link::before{background-color:#009de0;}#jtg-119691.modula .menu--viola .modula_menu__item::after,#jtg-119691.modula .menu--viola .modula_menu__item::before,#jtg-119691.modula .menu--viola .modula_menu__link::after,#jtg-119691.modula .menu--viola .modula_menu__link::before{background-color:#009de0;}#jtg-119691.modula-gallery .modula-item.effect-terry .jtg-social a:not(:last-child){margin-bottom:10px;}.modula-fancybox-container.modula-lightbox-jtg-119691 .modula-fancybox-caption .modula-fancybox-caption__body, .modula-fancybox-container.modula-lightbox-jtg-119691 .modula-fancybox-caption .modula-fancybox-caption__body p {text-align:left}html body .modula.modula-columns .modula-items.grid-gallery .modula-item.effect-under .modula-item-content { height:auto;}.jtg-title {font-family:ConduitITCPro-Black;}@media screen and (max-width:480px){#jtg-119691 .modula-item .figc .jtg-title {  font-size: 12px; }#jtg-119691 .modula-items .figc p.description { color:#000000;font-size:10px; }}<\/style>\n<!-- Gallery Container -->\n<div  id=\"jtg-119691\" class=\"modula modula-gallery modula-creative-gallery\" data-config=\"{&quot;height&quot;:450,&quot;tabletHeight&quot;:450,&quot;mobileHeight&quot;:450,&quot;desktopHeight&quot;:450,&quot;enableTwitter&quot;:false,&quot;enableWhatsapp&quot;:false,&quot;enableFacebook&quot;:true,&quot;enablePinterest&quot;:false,&quot;enableLinkedin&quot;:true,&quot;enableEmail&quot;:false,&quot;randomFactor&quot;:0.5,&quot;type&quot;:&quot;creative-gallery&quot;,&quot;columns&quot;:12,&quot;gutter&quot;:10,&quot;mobileGutter&quot;:10,&quot;tabletGutter&quot;:10,&quot;desktopGutter&quot;:10,&quot;enableResponsive&quot;:&quot;0&quot;,&quot;tabletColumns&quot;:&quot;2&quot;,&quot;mobileColumns&quot;:&quot;1&quot;,&quot;lazyLoad&quot;:&quot;1&quot;,&quot;lightboxOpts&quot;:{&quot;loop&quot;:false,&quot;arrows&quot;:true,&quot;toolbar&quot;:true,&quot;keyboard&quot;:false,&quot;wheel&quot;:false,&quot;buttons&quot;:[&quot;close&quot;],&quot;hash&quot;:false,&quot;lang&quot;:&quot;en&quot;,&quot;touch&quot;:false,&quot;protect&quot;:false,&quot;i18n&quot;:{&quot;en&quot;:{&quot;CLOSE&quot;:&quot;Close&quot;,&quot;NEXT&quot;:&quot;Next&quot;,&quot;PREV&quot;:&quot;Previous&quot;,&quot;Error&quot;:&quot;The requested content cannot be loaded. Please try again later.&quot;,&quot;PLAY_START&quot;:&quot;Start slideshow&quot;,&quot;PLAY_STOP&quot;:&quot;Pause slideshow&quot;,&quot;FULL_SCREEN&quot;:&quot;Full screen&quot;,&quot;THUMBS&quot;:&quot;Thumbnails&quot;,&quot;DOWNLOAD&quot;:&quot;Download&quot;,&quot;SHARE&quot;:&quot;Share&quot;,&quot;ZOOM&quot;:&quot;Zoom&quot;}},&quot;clickSlide&quot;:false,&quot;clickOutside&quot;:false,&quot;dblclickContent&quot;:false,&quot;dblclickSlide&quot;:false,&quot;dblclickOutside&quot;:false,&quot;baseTpl&quot;:&quot;&lt;div class=\\&quot;modula-fancybox-container modula-lightbox-jtg-119691\\&quot; role=\\&quot;dialog\\&quot; tabindex=\\&quot;-1\\&quot;&gt;&lt;div class=\\&quot;modula-fancybox-bg\\&quot;&gt;&lt;\\\/div&gt;&lt;div class=\\&quot;modula-fancybox-inner\\&quot;&gt;&lt;div class=\\&quot;modula-fancybox-infobar\\&quot;&gt;&lt;span data-fancybox-index&gt;&lt;\\\/span&gt;&nbsp;\\\/&nbsp;&lt;span data-fancybox-count&gt;&lt;\\\/span&gt;&lt;\\\/div&gt;&lt;div class=\\&quot;modula-fancybox-toolbar\\&quot;&gt;{{buttons}}&lt;\\\/div&gt;&lt;div class=\\&quot;modula-fancybox-navigation\\&quot;&gt;{{arrows}}&lt;\\\/div&gt;&lt;div class=\\&quot;modula-fancybox-stage\\&quot;&gt;&lt;\\\/div&gt;&lt;div class=\\&quot;modula-fancybox-caption\\&quot;&gt;&lt;div class=\\&quot;modula-fancybox-caption__body\\&quot;&gt;&lt;\\\/div&gt;&lt;\\\/div&gt;&lt;\\\/div&gt;&lt;\\\/div&gt;&quot;,&quot;infobar&quot;:true,&quot;animationEffect&quot;:false,&quot;animationDuration&quot;:366,&quot;transitionEffect&quot;:false,&quot;transitionDuration&quot;:366,&quot;thumbs&quot;:{&quot;autoStart&quot;:false,&quot;axis&quot;:&quot;y&quot;},&quot;preventCaptionOverlap&quot;:false},&quot;inView&quot;:false,&quot;email_subject&quot;:&quot;Check out this awesome image !!&quot;,&quot;email_message&quot;:&quot;Here is the link to the image : %%image_link%% and this is the link to the gallery : %%gallery_link%%&quot;,&quot;lightbox&quot;:&quot;fancybox&quot;,&quot;filterClick&quot;:&quot;0&quot;,&quot;dropdownFilters&quot;:&quot;0&quot;,&quot;defaultActiveFilter&quot;:&quot;all&quot;,&quot;initLightbox&quot;:&quot;modula_pro_init_lightbox&quot;,&quot;haveFilters&quot;:0,&quot;lightbox_devices&quot;:&quot;both&quot;}\">\n\n\t\n\t<!-- Items Container -->\n\t<div  class=\"modula-items\">\n\t\t<div class=\"modula-item effect-zoe jtg-filter-all jtg-filter-\" >\n\t<div class=\"modula-item-overlay\"><\/div>\n\n\t<div class=\"modula-item-content\">\n\n\t\t\t\t\n\t\t\t\t\t<a data-image-id=\"109354\" href=\"https:\/\/www.storevan.com\/wp-content\/uploads\/2019\/10\/v-volkswagen-crafter-01.jpg\" rel=\"jtg-119691\" data-caption=\"&lt;p&gt;Allestimento su  VOLKSWAGEN CRAFTER L3 H2&lt;\/p&gt;\" aria-label=\"Open image in lightbox\" data-thumb=\"https:\/\/www.storevan.com\/wp-content\/uploads\/2019\/10\/v-volkswagen-crafter-01-150x150.jpg\" class=\"tile-inner modula-item-link\"><\/a>\n\t\t\n\t\t<img class=\"pic wp-image-109354 lazyload\"  data-valign=\"middle\" data-halign=\"left\" alt=\"Vano frigorifero con ripiani per allestimento Crafter\" data-full=\"https:\/\/www.storevan.com\/wp-content\/uploads\/2019\/10\/v-volkswagen-crafter-01.jpg\" title=\"VW CRAFTER &lt;i class=&quot;fa fa-search-plus&quot;&gt;&lt;\/i&gt;\" width=\"300\" height=\"188\" data-src=\"https:\/\/www.storevan.com\/wp-content\/uploads\/2019\/10\/v-volkswagen-crafter-01-300x188.jpg\" data-caption=\"Allestimento su  VOLKSWAGEN CRAFTER L3 H2\" data-source=\"modula\" data-srcset=\"https:\/\/www.storevan.com\/wp-content\/uploads\/2019\/10\/v-volkswagen-crafter-01.jpg 800w, https:\/\/www.storevan.com\/wp-content\/uploads\/2019\/10\/v-volkswagen-crafter-01-300x188.jpg 300w, https:\/\/www.storevan.com\/wp-content\/uploads\/2019\/10\/v-volkswagen-crafter-01-768x480.jpg 768w\" data-sizes=\"(max-width: 300px) 100vw, 300px\" \/>\n\t\t<div class=\"figc\">\n\t\t\t<div class=\"figc-inner\">\n\t\t\t\t\t\t\t\t\t<div class='jtg-title'>VW CRAFTER <i class=\"fa fa-search-plus\"><\/i><\/div>\n\t\t\t\t\t\t\t\t\t\t\t\t\t\t\t<\/div>\n\t\t<\/div>\n\n\t<\/div>\n\n<\/div><div class=\"modula-item effect-zoe jtg-filter-all jtg-filter-\" >\n\t<div class=\"modula-item-overlay\"><\/div>\n\n\t<div class=\"modula-item-content\">\n\n\t\t\t\t\n\t\t\t\t\t<a data-image-id=\"109986\" href=\"https:\/\/www.storevan.com\/wp-content\/uploads\/2019\/10\/v-volkswagen-crafter-04-01.jpg\" rel=\"jtg-119691\" data-caption=\"&lt;p&gt;Allestimento con mensole regolabili su furgone  Crafter&lt;\/p&gt;\" aria-label=\"Open image in lightbox\" data-thumb=\"https:\/\/www.storevan.com\/wp-content\/uploads\/2019\/10\/v-volkswagen-crafter-04-01-150x150.jpg\" class=\"tile-inner modula-item-link\"><\/a>\n\t\t\n\t\t<img class=\"pic wp-image-109986 lazyload\"  data-valign=\"middle\" data-halign=\"left\" alt=\"Mensole regolabili per furgone Crafter\" data-full=\"https:\/\/www.storevan.com\/wp-content\/uploads\/2019\/10\/v-volkswagen-crafter-04-01.jpg\" title=\"VW CRAFTER &lt;i class=&quot;fa fa-search-plus&quot;&gt;&lt;\/i&gt;\" width=\"300\" height=\"200\" data-src=\"https:\/\/www.storevan.com\/wp-content\/uploads\/2019\/10\/v-volkswagen-crafter-04-01-300x200.jpg\" data-caption=\"Allestimento con mensole regolabili su furgone  Crafter\" data-source=\"modula\" data-srcset=\"https:\/\/www.storevan.com\/wp-content\/uploads\/2019\/10\/v-volkswagen-crafter-04-01.jpg 800w, https:\/\/www.storevan.com\/wp-content\/uploads\/2019\/10\/v-volkswagen-crafter-04-01-300x200.jpg 300w, https:\/\/www.storevan.com\/wp-content\/uploads\/2019\/10\/v-volkswagen-crafter-04-01-768x513.jpg 768w\" data-sizes=\"(max-width: 300px) 100vw, 300px\" \/>\n\t\t<div class=\"figc\">\n\t\t\t<div class=\"figc-inner\">\n\t\t\t\t\t\t\t\t\t<div class='jtg-title'>VW CRAFTER <i class=\"fa fa-search-plus\"><\/i><\/div>\n\t\t\t\t\t\t\t\t\t\t\t\t\t\t\t<\/div>\n\t\t<\/div>\n\n\t<\/div>\n\n<\/div><div class=\"modula-item effect-zoe jtg-filter-all jtg-filter-\" >\n\t<div class=\"modula-item-overlay\"><\/div>\n\n\t<div class=\"modula-item-content\">\n\n\t\t\t\t\n\t\t\t\t\t<a data-image-id=\"109980\" href=\"https:\/\/www.storevan.com\/wp-content\/uploads\/2019\/10\/v-volkswagen-crafter-03-01.jpg\" rel=\"jtg-119691\" data-caption=\"&lt;p&gt;Allestimento per vending su Volkswagen Crafter&lt;\/p&gt;\" aria-label=\"Open image in lightbox\" data-thumb=\"https:\/\/www.storevan.com\/wp-content\/uploads\/2019\/10\/v-volkswagen-crafter-03-01-150x150.jpg\" class=\"tile-inner modula-item-link\"><\/a>\n\t\t\n\t\t<img class=\"pic wp-image-109980 lazyload\"  data-valign=\"middle\" data-halign=\"left\" alt=\"Allestimento su misura per Volkswagen Crafter\" data-full=\"https:\/\/www.storevan.com\/wp-content\/uploads\/2019\/10\/v-volkswagen-crafter-03-01.jpg\" title=\"VW CRAFTER &lt;i class=&quot;fa fa-search-plus&quot;&gt;&lt;\/i&gt;\" width=\"200\" height=\"300\" data-src=\"https:\/\/www.storevan.com\/wp-content\/uploads\/2019\/10\/v-volkswagen-crafter-03-01-200x300.jpg\" data-caption=\"Allestimento per vending su Volkswagen Crafter\" data-source=\"modula\" data-srcset=\"https:\/\/www.storevan.com\/wp-content\/uploads\/2019\/10\/v-volkswagen-crafter-03-01.jpg 534w, https:\/\/www.storevan.com\/wp-content\/uploads\/2019\/10\/v-volkswagen-crafter-03-01-200x300.jpg 200w\" data-sizes=\"(max-width: 200px) 100vw, 200px\" \/>\n\t\t<div class=\"figc\">\n\t\t\t<div class=\"figc-inner\">\n\t\t\t\t\t\t\t\t\t<div class='jtg-title'>VW CRAFTER <i class=\"fa fa-search-plus\"><\/i><\/div>\n\t\t\t\t\t\t\t\t\t\t\t\t\t\t\t<\/div>\n\t\t<\/div>\n\n\t<\/div>\n\n<\/div><div class=\"modula-item effect-zoe jtg-filter-all jtg-filter-\" >\n\t<div class=\"modula-item-overlay\"><\/div>\n\n\t<div class=\"modula-item-content\">\n\n\t\t\t\t\n\t\t\t\t\t<a data-image-id=\"109348\" href=\"https:\/\/www.storevan.com\/wp-content\/uploads\/2019\/10\/v-volkswagen-crafter-00.jpg\" rel=\"jtg-119691\" data-caption=\"&lt;p&gt;Vano per frigorifero e ripiani regolabili per allestimento vending&lt;\/p&gt;\" aria-label=\"Open image in lightbox\" data-thumb=\"https:\/\/www.storevan.com\/wp-content\/uploads\/2019\/10\/v-volkswagen-crafter-00-150x150.jpg\" class=\"tile-inner modula-item-link\"><\/a>\n\t\t\n\t\t<img class=\"pic wp-image-109348 lazyload\"  data-valign=\"middle\" data-halign=\"left\" alt=\"Allestimento con vano frigorifero per Volkswagen Crafter\" data-full=\"https:\/\/www.storevan.com\/wp-content\/uploads\/2019\/10\/v-volkswagen-crafter-00.jpg\" title=\"VW CRAFTER &lt;i class=&quot;fa fa-search-plus&quot;&gt;&lt;\/i&gt;\" width=\"300\" height=\"286\" data-src=\"https:\/\/www.storevan.com\/wp-content\/uploads\/2019\/10\/v-volkswagen-crafter-00-300x286.jpg\" data-caption=\"Vano per frigorifero e ripiani regolabili per allestimento vending\" data-source=\"modula\" data-srcset=\"https:\/\/www.storevan.com\/wp-content\/uploads\/2019\/10\/v-volkswagen-crafter-00.jpg 525w, https:\/\/www.storevan.com\/wp-content\/uploads\/2019\/10\/v-volkswagen-crafter-00-300x286.jpg 300w\" data-sizes=\"(max-width: 300px) 100vw, 300px\" \/>\n\t\t<div class=\"figc\">\n\t\t\t<div class=\"figc-inner\">\n\t\t\t\t\t\t\t\t\t<div class='jtg-title'>VW CRAFTER <i class=\"fa fa-search-plus\"><\/i><\/div>\n\t\t\t\t\t\t\t\t\t\t\t\t\t\t\t<\/div>\n\t\t<\/div>\n\n\t<\/div>\n\n<\/div><div class=\"modula-item effect-zoe jtg-filter-all jtg-filter-\" >\n\t<div class=\"modula-item-overlay\"><\/div>\n\n\t<div class=\"modula-item-content\">\n\n\t\t\t\t\n\t\t\t\t\t<a data-image-id=\"109974\" href=\"https:\/\/www.storevan.com\/wp-content\/uploads\/2019\/10\/v-volkswagen-crafter-02-01.jpg\" rel=\"jtg-119691\" data-caption=\"&lt;p&gt;Ripiani regolabili per Volkswagen Crafter&lt;\/p&gt;\" aria-label=\"Open image in lightbox\" data-thumb=\"https:\/\/www.storevan.com\/wp-content\/uploads\/2019\/10\/v-volkswagen-crafter-02-01-150x150.jpg\" class=\"tile-inner modula-item-link\"><\/a>\n\t\t\n\t\t<img class=\"pic wp-image-109974 lazyload\"  data-valign=\"middle\" data-halign=\"left\" alt=\"Ripiani regolabili per Volkswagen Crafter\" data-full=\"https:\/\/www.storevan.com\/wp-content\/uploads\/2019\/10\/v-volkswagen-crafter-02-01.jpg\" title=\"VW CRAFTER &lt;i class=&quot;fa fa-search-plus&quot;&gt;&lt;\/i&gt;\" width=\"200\" height=\"300\" data-src=\"https:\/\/www.storevan.com\/wp-content\/uploads\/2019\/10\/v-volkswagen-crafter-02-01-200x300.jpg\" data-caption=\"Ripiani regolabili per Volkswagen Crafter\" data-source=\"modula\" data-srcset=\"https:\/\/www.storevan.com\/wp-content\/uploads\/2019\/10\/v-volkswagen-crafter-02-01.jpg 534w, https:\/\/www.storevan.com\/wp-content\/uploads\/2019\/10\/v-volkswagen-crafter-02-01-200x300.jpg 200w\" data-sizes=\"(max-width: 200px) 100vw, 200px\" \/>\n\t\t<div class=\"figc\">\n\t\t\t<div class=\"figc-inner\">\n\t\t\t\t\t\t\t\t\t<div class='jtg-title'>VW CRAFTER <i class=\"fa fa-search-plus\"><\/i><\/div>\n\t\t\t\t\t\t\t\t\t\t\t\t\t\t\t<\/div>\n\t\t<\/div>\n\n\t<\/div>\n\n<\/div>\t\t\n\t<\/div>\n\n\t\n\t\n\t<script type=\"application\/ld+json\">\n\t{\n\t\t\"@context\": \"http:\/\/schema.org\",\n\t\t\"@type\"   : \"ImageGallery\",\n\t\t\"id\"      : \"https:\/\/www.storevan.com\/es\/wp-json\/wp\/v2\/pages\/119433\/\",\n\t\t\"url\"     : \"https:\/\/www.storevan.com\/es\/wp-json\/wp\/v2\/pages\/119433\/\"\n\t}\n\n    <\/script>\n\n\t\n<\/div><\/div>\n<div class=\"col-xs-12 col-sm-12 col-md-3\">\n<h3 class=\"txtBlack\">DISTRIBUCI\u00d3N AUTOM\u00c1TICA CON VOLKSWAGEN CRAFTER<\/h3>\n<div class=\"borderTitleOrange\"><\/div>\n<hr class=\"noColor\"\/>\nEl equipamiento de un Volkswagen Crafter para el sector de la distribuci\u00f3n autom\u00e1tica ideado por Store Van ofrece una estructura autoportante externa, anclada aprovechando la configuraci\u00f3n realizada por el fabricante. Las repisas, de altura regulable, est\u00e1n conectadas a la estructura portante del veh\u00edculo pero desvinculadas de la mampara divisoria entre el compartimento y la carga. En un equipamiento Store Van, la seguridad del carro es fundamental: cada repisa presenta puntos de anclaje que permiten fijar la mercanc\u00eda mediante correas y otros sistemas de seguridad.<br \/>\n<a class=\"noMarg btn btn-primary\" href=\"https:\/\/www.storevan.com\/es\/equipamientos-especiales-de-furgonetas-equipadas\/maquinas-expendedoras\/equipamiento-especial-para-el-transporte-de-bebidas-volkswagen-crafter\/\" title=\"Fiat Ducato L2 H2\/L3 H3\">IR A LA FICHA<\/a>\n<\/div>\n<div class=\"break\"><\/div>\n<hr class=\"noColor\"\/>\n<hr \/>\n<div class=\"col-xs-12 col-sm-12 col-md-6\">\n<div class=\"text-center\"><a class=\"btn btn-download\" href=\"tel:+390424585455\"><i class=\"fa fa-phone\"><\/i> <span class=\"spanBtn\">LLAME AHORA<\/span><br \/>\npara cualquier informaci\u00f3n<\/a><\/div>\n<\/div>\n<div class=\"col-xs-12 col-sm-12 col-md-6\">\n<div class=\"text-center\"><a class=\"btn btn-download btnToggle\"><i class=\"fa fa-envelope\"><\/i> <span class=\"spanBtn\">ESCR\u00cdBANOS<\/span><br \/>\nle contactaremos lo antes posible<\/a><\/div>\n<\/div>\n<div class=\"break\"><\/div>\n<hr \/>\n<h3 class=\"txtGrey customblackTitleExtraSmall\" style=\"color:#000;\">\u00a1DESCUBRE LOS DETALLES DE LOS EQUIPAMIENTOS REALIZADOS!<\/h3>\n<hr class=\"noColor\"\/>\n<div class=\"col-xs-12 col-sm-6 col-md-6\">\n<ul class=\"arrow txtUp\">\n<li><a href=\"https:\/\/www.storevan.com\/allestimenti-speciali-furgoni\/rifornimento-distributori-automatici\/vending-fiat-ducato\/\">FIAT DUCATO L2 H2 \/ L3 H2<\/a><\/li>\n<li><a href=\"https:\/\/www.storevan.com\/allestimenti-speciali-furgoni\/rifornimento-distributori-automatici\/vending-volkswagen-crafter\/\">VOLKSWAGEN CRAFTER L3 H2<\/a><\/li>\n<\/ul>\n<\/div>\n<div class=\"col-xs-12 col-sm-6 col-md-6\">\n<ul class=\"arrow txtUp\">\n<li><a href=\"https:\/\/www.storevan.com\/allestimenti-speciali-furgoni\/rifornimento-distributori-automatici\/vending-opel-movano\/\">OPEL MOVANO L2 H2<\/a><\/li>\n<li><a href=\"https:\/\/www.storevan.com\/allestimenti-speciali-furgoni\/rifornimento-distributori-automatici\/vending-renault-trafic\/\">RENAULT TRAFIC L2 H1<\/a><\/li>\n<li><a href=\"https:\/\/www.storevan.com\/allestimenti-speciali-furgoni\/rifornimento-distributori-automatici\/vending-renault-trafic-glasfaserkunststoff\/\">RENAULT TRAFIC L2 H1 resina de vidrio<\/a><\/li>\n<\/ul>\n<\/div>\n<div class=\"break\"><\/div>\n<hr class=\"noColor\" \/>\n<p><a name=\"formcontatto\"><\/a><\/p>\n<div class=\"formToggle\">\n<h4 class=\"bigTxt text-center txtBkOrange\"><i class=\"fa fa-envelope pull-left\"><\/i>\u00bfQuieres saber m\u00e1s? Escr\u00edbanos, uno de nuestros asesores lo ayudar\u00e1 a encontrar su soluci\u00f3n.<\/h4>\n\n<div class=\"wpcf7 no-js\" id=\"wpcf7-f67674-o1\" lang=\"it-IT\" dir=\"ltr\">\n<div class=\"screen-reader-response\"><p role=\"status\" aria-live=\"polite\" aria-atomic=\"true\"><\/p> <ul><\/ul><\/div>\n<form action=\"\/es\/wp-json\/wp\/v2\/pages\/119433#wpcf7-f67674-o1\" method=\"post\" class=\"wpcf7-form init\" aria-label=\"Modulo di contatto\" novalidate=\"novalidate\" data-status=\"init\">\n<div style=\"display: none;\">\n<input type=\"hidden\" name=\"_wpcf7\" value=\"67674\" \/>\n<input type=\"hidden\" name=\"_wpcf7_version\" value=\"5.7.7\" \/>\n<input type=\"hidden\" name=\"_wpcf7_locale\" value=\"it_IT\" \/>\n<input type=\"hidden\" name=\"_wpcf7_unit_tag\" value=\"wpcf7-f67674-o1\" \/>\n<input type=\"hidden\" name=\"_wpcf7_container_post\" value=\"0\" \/>\n<input type=\"hidden\" name=\"_wpcf7_posted_data_hash\" value=\"\" \/>\n<input type=\"hidden\" name=\"_wpcf7_recaptcha_response\" value=\"\" \/>\n<\/div>\n<span class=\"wpcf7-form-control-wrap url\" data-name=\"url\"><input type=\"hidden\" name=\"url\" size=\"40\" class=\"wpcf7-form-control wpcf7-hidden wpcf7dtx wpcf7dtx-hidden\" aria-invalid=\"false\" value=\"maquinas-expendedoras\" autocomplete=\"off\" \/><\/span>\n<p>Complete los siguientes campos para recibir m\u00e1s informaci\u00f3n. Uno de nuestros operadores se pondr\u00e1 en contacto con usted lo antes posible (* campos obligatorios):\n<\/p>\n<div class=\"col-xs-12 col-md-6\">\n\t<p><span class='titoli'>Nombre (*)<\/span>\n\t<\/p>\n\t<p><span class=\"wpcf7-form-control-wrap\" data-name=\"your-name\"><input size=\"40\" class=\"wpcf7-form-control wpcf7-text wpcf7-validates-as-required form-control\" aria-required=\"true\" aria-invalid=\"false\" value=\"\" type=\"text\" name=\"your-name\" \/><\/span>\n\t<\/p>\n<\/div>\n<div class=\"col-xs-12 col-md-6\">\n\t<p><span class='titoli'>Apellidos (*)<\/span>\n\t<\/p>\n\t<p><span class=\"wpcf7-form-control-wrap\" data-name=\"your-last-name\"><input size=\"40\" class=\"wpcf7-form-control wpcf7-text wpcf7-validates-as-required form-control\" aria-required=\"true\" aria-invalid=\"false\" value=\"\" type=\"text\" name=\"your-last-name\" \/><\/span>\n\t<\/p>\n<\/div>\n<div class=\"col-xs-12 col-md-6\">\n\t<p><span class='titoli'>Empresa(*)<\/span>\n\t<\/p>\n\t<p><span class=\"wpcf7-form-control-wrap\" data-name=\"your-company\"><input size=\"40\" class=\"wpcf7-form-control wpcf7-text wpcf7-validates-as-required form-control\" aria-required=\"true\" aria-invalid=\"false\" value=\"\" type=\"text\" name=\"your-company\" \/><\/span>\n\t<\/p>\n<\/div>\n<div class=\"col-xs-12 col-md-6\">\n\t<p><span class='titoli'>C\u00f3d. NIF<\/span>\n\t<\/p>\n\t<p><span class=\"wpcf7-form-control-wrap\" data-name=\"p-iva\"><input size=\"40\" class=\"wpcf7-form-control wpcf7-text form-control\" aria-invalid=\"false\" value=\"\" type=\"text\" name=\"p-iva\" \/><\/span>\n\t<\/p>\n<\/div>\n<div class=\"clearboth\">\n<\/div>\n<div class=\"col-xs-12 col-md-4\">\n\t<p><span class='titoli'>C\u00f3digo Postal(*)<\/span>\n\t<\/p>\n\t<p><span class=\"wpcf7-form-control-wrap\" data-name=\"your-zip-code\"><input size=\"40\" class=\"wpcf7-form-control wpcf7-text wpcf7-validates-as-required form-control\" aria-required=\"true\" aria-invalid=\"false\" value=\"\" type=\"text\" name=\"your-zip-code\" \/><\/span>\n\t<\/p>\n<\/div>\n<div class=\"col-xs-12 col-md-4\">\n\t<p><span class='titoli'>Direcci\u00f3n (*)<\/span>\n\t<\/p>\n\t<p><span class=\"wpcf7-form-control-wrap\" data-name=\"your-address\"><input size=\"40\" class=\"wpcf7-form-control wpcf7-text wpcf7-validates-as-required form-control\" aria-required=\"true\" aria-invalid=\"false\" value=\"\" type=\"text\" name=\"your-address\" \/><\/span>\n\t<\/p>\n<\/div>\n<div class=\"col-xs-12 col-md-4\">\n\t<p><span class='titoli'>Ciudad (*)<\/span>\n\t<\/p>\n\t<p><span class=\"wpcf7-form-control-wrap\" data-name=\"your-Town\"><input size=\"40\" class=\"wpcf7-form-control wpcf7-text wpcf7-validates-as-required form-control\" aria-required=\"true\" aria-invalid=\"false\" value=\"\" type=\"text\" name=\"your-Town\" \/><\/span>\n\t<\/p>\n<\/div>\n<div class=\"clearboth\">\n<\/div>\n<div class=\"col-xs-12 col-md-6\">\n\t<p><span class='titoli'>email (*)<\/span>\n\t<\/p>\n\t<p><span class=\"wpcf7-form-control-wrap\" data-name=\"your-email\"><input size=\"40\" class=\"wpcf7-form-control wpcf7-text wpcf7-email wpcf7-validates-as-required wpcf7-validates-as-email form-control\" aria-required=\"true\" aria-invalid=\"false\" value=\"\" type=\"email\" name=\"your-email\" \/><\/span>\n\t<\/p>\n<\/div>\n<div class=\"col-xs-12 col-md-6\">\n\t<p><span class='titoli'>Tel\u00e9fono (*)<\/span>\n\t<\/p>\n\t<p><span class=\"wpcf7-form-control-wrap\" data-name=\"telefono\"><input size=\"40\" class=\"wpcf7-form-control wpcf7-text wpcf7-tel wpcf7-validates-as-required wpcf7-validates-as-tel form-control\" aria-required=\"true\" aria-invalid=\"false\" value=\"\" type=\"tel\" name=\"telefono\" \/><\/span>\n\t<\/p>\n<\/div>\n<div class=\"clearboth\">\n<\/div>\n<div class=\"col-xs-12 col-md-6\">\n\t<p><span class='titoli'>Objeto <\/span>\n\t<\/p>\n\t<p><span class=\"wpcf7-form-control-wrap\" data-name=\"oggetto\"><select class=\"wpcf7-form-control wpcf7-select wpcf7-validates-as-required\" aria-required=\"true\" aria-invalid=\"false\" name=\"oggetto\"><option value=\"Solicitud de presupuesto\">Solicitud de presupuesto<\/option><option value=\"Informaci\u00f3n t\u00e9cnica\">Informaci\u00f3n t\u00e9cnica<\/option><option value=\"Cita\">Cita<\/option><\/select><\/span>\n\t<\/p>\n<\/div>\n<div class=\"col-xs-12 col-md-6\">\n\t<p><br \/>\n<span class=\"titoli\"> <span class=\"wpcf7-form-control-wrap\" data-name=\"cliente\"><span class=\"wpcf7-form-control wpcf7-checkbox\"><span class=\"wpcf7-list-item first last\"><label><span class=\"wpcf7-list-item-label\">Soy un cliente<\/span><input type=\"checkbox\" name=\"cliente[]\" value=\"Soy un cliente\" \/><\/label><\/span><\/span><\/span><\/span>\n\t<\/p>\n<\/div>\n<div class=\"col-xs-12 col-md-12\">\n\t<p><span class='titoli'>Mensaje (*)<\/span>\n\t<\/p>\n\t<p><span class=\"wpcf7-form-control-wrap\" data-name=\"your-message\"><textarea cols=\"40\" rows=\"10\" class=\"wpcf7-form-control wpcf7-textarea wpcf7-validates-as-required form-control\" aria-required=\"true\" aria-invalid=\"false\" name=\"your-message\"><\/textarea><\/span>\n\t<\/p>\n<\/div>\n<div class=\"col-xs-12 col-md-12\">\n\t<p><small>Los datos introducidos ser\u00e1n tratados con estricta confidencialidad de acuerdo con la ley y con nuestra <a href=\"https:\/\/www.storevan.com\/es\/privacy-policy\/\">pol\u00edtica de privacidad<\/a>.<\/small>\n\t<\/p>\n\t<p><span class=\"wpcf7-form-control-wrap\" data-name=\"AccettazionePrivacy\"><span class=\"wpcf7-form-control wpcf7-acceptance\"><span class=\"wpcf7-list-item\"><input type=\"checkbox\" name=\"AccettazionePrivacy\" value=\"1\" aria-invalid=\"false\" \/><\/span><\/span><\/span> Declaro haber le\u00eddo la Informaci\u00f3n sobre la <a href=\"https:\/\/www.storevan.com\/es\/privacy-policy\/\">Privacy<\/a> y autorizo el tratamiento de mis datos personales de conformidad con aquello aqu\u00ed descrito.(*)<br \/>\n\t<span class=\"wpcf7-form-control-wrap recaptcha\" data-name=\"recaptcha\"><span data-sitekey=\"6LdfM4AUAAAAAJjsAucux5WVNA3hsk5KP0a03T_n\" class=\"wpcf7-form-control g-recaptcha wpcf7-recaptcha\"><\/span>\r\n<noscript>\r\n\t<div class=\"grecaptcha-noscript\">\r\n\t\t<iframe src=\"https:\/\/www.google.com\/recaptcha\/api\/fallback?k=6LdfM4AUAAAAAJjsAucux5WVNA3hsk5KP0a03T_n\" frameborder=\"0\" scrolling=\"no\" width=\"310\" height=\"430\">\r\n\t\t<\/iframe>\r\n\t\t<textarea name=\"g-recaptcha-response\" rows=\"3\" cols=\"40\" placeholder=\"Aqu\u00ed la respuesta de reCAPTCHA\">\r\n\t\t<\/textarea>\r\n\t<\/div>\r\n<\/noscript>\r\n<\/span>\n\t<\/p>\n<\/div>\n<hr class=\"noColor\" \/>\n<p><input class=\"wpcf7-form-control has-spinner wpcf7-submit\" type=\"submit\" value=\"Env\u00edo\" \/>\n<\/p><div class=\"wpcf7-response-output\" aria-hidden=\"true\"><\/div>\n<\/form>\n<\/div>\n\n<\/div>\n","protected":false},"excerpt":{"rendered":"<p>EQUIPAMIENTO DE FURGONETA PARA EL ABASTECIMIENTO DE M\u00c1QUINAS EXPENDEDORAS SOLUCIONES DE EQUIPAMIENTO DE FURGONETAS PARA DISTRIBUCI\u00d3N AUTOM\u00c1TICA La distribuci\u00f3n autom\u00e1tica es un sector que requiere la instalaci\u00f3n, el mantenimiento y.<\/p>\n","protected":false},"author":470,"featured_media":0,"parent":119429,"menu_order":0,"comment_status":"closed","ping_status":"closed","template":"","meta":[],"acf":[],"yoast_head":"<!-- This site is optimized with the Yoast SEO plugin v20.11 - https:\/\/yoast.com\/wordpress\/plugins\/seo\/ -->\n<title>Abastecimiento de m\u00e1quinas expendedoras<\/title>\n<meta name=\"description\" content=\"Descubre las soluciones de equipamiento para furgonetas destinadas al mantenimiento de m\u00e1quinas expendedoras. Ejemplos de equipamiento de VW Crafter y Fiat Ducato.\" \/>\n<meta name=\"robots\" content=\"index, follow, max-snippet:-1, max-image-preview:large, max-video-preview:-1\" \/>\n<link rel=\"canonical\" href=\"https:\/\/www.storevan.com\/es\/equipamientos-especiales-de-furgonetas-equipadas\/maquinas-expendedoras\/\" \/>\n<meta property=\"og:locale\" content=\"es_ES\" \/>\n<meta property=\"og:type\" content=\"article\" \/>\n<meta property=\"og:title\" content=\"Abastecimiento de m\u00e1quinas expendedoras\" \/>\n<meta property=\"og:description\" content=\"Descubre las soluciones de equipamiento para furgonetas destinadas al mantenimiento de m\u00e1quinas expendedoras. Ejemplos de equipamiento de VW Crafter y Fiat Ducato.\" \/>\n<meta property=\"og:url\" content=\"https:\/\/www.storevan.com\/es\/equipamientos-especiales-de-furgonetas-equipadas\/maquinas-expendedoras\/\" \/>\n<meta property=\"og:site_name\" content=\"Store Van\" \/>\n<meta property=\"article:modified_time\" content=\"2020-07-20T14:39:25+00:00\" \/>\n<meta property=\"og:image\" content=\"https:\/\/www.storevan.com\/wp-content\/uploads\/2019\/10\/allestimento-vending.jpg\" \/>\n<meta name=\"twitter:label1\" content=\"Tiempo de lectura\" \/>\n\t<meta name=\"twitter:data1\" content=\"2 minutos\" \/>\n<script type=\"application\/ld+json\" class=\"yoast-schema-graph\">{\"@context\":\"https:\/\/schema.org\",\"@graph\":[{\"@type\":\"WebPage\",\"@id\":\"https:\/\/www.storevan.com\/es\/equipamientos-especiales-de-furgonetas-equipadas\/maquinas-expendedoras\/\",\"url\":\"https:\/\/www.storevan.com\/es\/equipamientos-especiales-de-furgonetas-equipadas\/maquinas-expendedoras\/\",\"name\":\"Abastecimiento de m\u00e1quinas expendedoras\",\"isPartOf\":{\"@id\":\"https:\/\/www.storevan.com\/pl\/#website\"},\"datePublished\":\"2016-11-24T16:00:39+00:00\",\"dateModified\":\"2020-07-20T14:39:25+00:00\",\"description\":\"Descubre las soluciones de equipamiento para furgonetas destinadas al mantenimiento de m\u00e1quinas expendedoras. Ejemplos de equipamiento de VW Crafter y Fiat Ducato.\",\"breadcrumb\":{\"@id\":\"https:\/\/www.storevan.com\/es\/equipamientos-especiales-de-furgonetas-equipadas\/maquinas-expendedoras\/#breadcrumb\"},\"inLanguage\":\"es\",\"potentialAction\":[{\"@type\":\"ReadAction\",\"target\":[\"https:\/\/www.storevan.com\/es\/equipamientos-especiales-de-furgonetas-equipadas\/maquinas-expendedoras\/\"]}]},{\"@type\":\"BreadcrumbList\",\"@id\":\"https:\/\/www.storevan.com\/es\/equipamientos-especiales-de-furgonetas-equipadas\/maquinas-expendedoras\/#breadcrumb\",\"itemListElement\":[{\"@type\":\"ListItem\",\"position\":1,\"name\":\"Home\",\"item\":\"https:\/\/www.storevan.com\/es\/\"},{\"@type\":\"ListItem\",\"position\":2,\"name\":\"Equipamientos especiales de furgonetas equipadas\",\"item\":\"https:\/\/www.storevan.com\/es\/equipamientos-especiales-de-furgonetas-equipadas\/\"},{\"@type\":\"ListItem\",\"position\":3,\"name\":\"Abastecimiento de m\u00e1quinas expendedoras\"}]},{\"@type\":\"WebSite\",\"@id\":\"https:\/\/www.storevan.com\/pl\/#website\",\"url\":\"https:\/\/www.storevan.com\/pl\/\",\"name\":\"Store Van\",\"description\":\"Equipamientos furgonetas\",\"potentialAction\":[{\"@type\":\"SearchAction\",\"target\":{\"@type\":\"EntryPoint\",\"urlTemplate\":\"https:\/\/www.storevan.com\/pl\/?s={search_term_string}\"},\"query-input\":\"required name=search_term_string\"}],\"inLanguage\":\"es\"}]}<\/script>\n<!-- \/ Yoast SEO plugin. -->","yoast_head_json":{"title":"Abastecimiento de m\u00e1quinas expendedoras","description":"Descubre las soluciones de equipamiento para furgonetas destinadas al mantenimiento de m\u00e1quinas expendedoras. Ejemplos de equipamiento de VW Crafter y Fiat Ducato.","robots":{"index":"index","follow":"follow","max-snippet":"max-snippet:-1","max-image-preview":"max-image-preview:large","max-video-preview":"max-video-preview:-1"},"canonical":"https:\/\/www.storevan.com\/es\/equipamientos-especiales-de-furgonetas-equipadas\/maquinas-expendedoras\/","og_locale":"es_ES","og_type":"article","og_title":"Abastecimiento de m\u00e1quinas expendedoras","og_description":"Descubre las soluciones de equipamiento para furgonetas destinadas al mantenimiento de m\u00e1quinas expendedoras. Ejemplos de equipamiento de VW Crafter y Fiat Ducato.","og_url":"https:\/\/www.storevan.com\/es\/equipamientos-especiales-de-furgonetas-equipadas\/maquinas-expendedoras\/","og_site_name":"Store Van","article_modified_time":"2020-07-20T14:39:25+00:00","og_image":[{"url":"https:\/\/www.storevan.com\/wp-content\/uploads\/2019\/10\/allestimento-vending.jpg"}],"twitter_misc":{"Tiempo de lectura":"2 minutos"},"schema":{"@context":"https:\/\/schema.org","@graph":[{"@type":"WebPage","@id":"https:\/\/www.storevan.com\/es\/equipamientos-especiales-de-furgonetas-equipadas\/maquinas-expendedoras\/","url":"https:\/\/www.storevan.com\/es\/equipamientos-especiales-de-furgonetas-equipadas\/maquinas-expendedoras\/","name":"Abastecimiento de m\u00e1quinas expendedoras","isPartOf":{"@id":"https:\/\/www.storevan.com\/pl\/#website"},"datePublished":"2016-11-24T16:00:39+00:00","dateModified":"2020-07-20T14:39:25+00:00","description":"Descubre las soluciones de equipamiento para furgonetas destinadas al mantenimiento de m\u00e1quinas expendedoras. Ejemplos de equipamiento de VW Crafter y Fiat Ducato.","breadcrumb":{"@id":"https:\/\/www.storevan.com\/es\/equipamientos-especiales-de-furgonetas-equipadas\/maquinas-expendedoras\/#breadcrumb"},"inLanguage":"es","potentialAction":[{"@type":"ReadAction","target":["https:\/\/www.storevan.com\/es\/equipamientos-especiales-de-furgonetas-equipadas\/maquinas-expendedoras\/"]}]},{"@type":"BreadcrumbList","@id":"https:\/\/www.storevan.com\/es\/equipamientos-especiales-de-furgonetas-equipadas\/maquinas-expendedoras\/#breadcrumb","itemListElement":[{"@type":"ListItem","position":1,"name":"Home","item":"https:\/\/www.storevan.com\/es\/"},{"@type":"ListItem","position":2,"name":"Equipamientos especiales de furgonetas equipadas","item":"https:\/\/www.storevan.com\/es\/equipamientos-especiales-de-furgonetas-equipadas\/"},{"@type":"ListItem","position":3,"name":"Abastecimiento de m\u00e1quinas expendedoras"}]},{"@type":"WebSite","@id":"https:\/\/www.storevan.com\/pl\/#website","url":"https:\/\/www.storevan.com\/pl\/","name":"Store Van","description":"Equipamientos furgonetas","potentialAction":[{"@type":"SearchAction","target":{"@type":"EntryPoint","urlTemplate":"https:\/\/www.storevan.com\/pl\/?s={search_term_string}"},"query-input":"required name=search_term_string"}],"inLanguage":"es"}]}},"_links":{"self":[{"href":"https:\/\/www.storevan.com\/es\/wp-json\/wp\/v2\/pages\/119433"}],"collection":[{"href":"https:\/\/www.storevan.com\/es\/wp-json\/wp\/v2\/pages"}],"about":[{"href":"https:\/\/www.storevan.com\/es\/wp-json\/wp\/v2\/types\/page"}],"author":[{"embeddable":true,"href":"https:\/\/www.storevan.com\/es\/wp-json\/wp\/v2\/users\/470"}],"replies":[{"embeddable":true,"href":"https:\/\/www.storevan.com\/es\/wp-json\/wp\/v2\/comments?post=119433"}],"version-history":[{"count":6,"href":"https:\/\/www.storevan.com\/es\/wp-json\/wp\/v2\/pages\/119433\/revisions"}],"predecessor-version":[{"id":119436,"href":"https:\/\/www.storevan.com\/es\/wp-json\/wp\/v2\/pages\/119433\/revisions\/119436"}],"up":[{"embeddable":true,"href":"https:\/\/www.storevan.com\/es\/wp-json\/wp\/v2\/pages\/119429"}],"wp:attachment":[{"href":"https:\/\/www.storevan.com\/es\/wp-json\/wp\/v2\/media?parent=119433"}],"curies":[{"name":"wp","href":"https:\/\/api.w.org\/{rel}","templated":true}]}}